{"id":89356,"date":"2025-02-17T10:53:58","date_gmt":"2025-02-17T10:53:58","guid":{"rendered":"https:\/\/www.pilgrim.es\/?page_id=89356"},"modified":"2026-02-05T12:07:27","modified_gmt":"2026-02-05T12:07:27","slug":"politica-de-cancelamento","status":"publish","type":"page","link":"https:\/\/www.pilgrim.es\/pt-pt\/politica-de-cancelamento\/","title":{"rendered":"Pol\u00edtica de Cancelamento"},"content":{"rendered":"\n<section id=\"policies\">\n  <h1>Pol\u00edtica de Cancelamento<\/h1>\n\n  <p>\n    A nossa pol\u00edtica de cancelamento \u00e9 clara e simples e \u00e9 explicada abaixo.\n    Todos os cancelamentos devem ser notificados \u00e0 Pilgrim por e-mail com o\n    n\u00famero de reserva para\n    <a href=\"mailto:reservas@pilgrim.es\">reservas@pilgrim.es.<\/a>\n  <\/p>\n\n  <h2>Cancelamento da viagem completa<\/h2>\n\n  <p>\n    No caso de o cliente proceder \u00e0 anula\u00e7\u00e3o total da viagem antes da data de\n    partida, aplicam-se as seguintes disposi\u00e7\u00f5es:\n  <\/p>\n\n  <ul>\n    <li>\n      <strong>Taxas de gest\u00e3o:<\/strong> ser\u00e1 sempre cobrada a quantia de 100 \u20ac\n      por pessoa (IVA inclu\u00eddo), valor que n\u00e3o ser\u00e1 reembols\u00e1vel nem coberto por\n      qualquer seguro de cancelamento.\n    <\/li>\n\n    <li>\n      <strong>Cobertura de cancelamento contratada:<\/strong> o valor pago a\n      t\u00edtulo de cobertura de cancelamento n\u00e3o ser\u00e1 reembols\u00e1vel em nenhuma\n      circunst\u00e2ncia.\n    <\/li>\n\n    <li>\n      <p>\n        <strong>Indemniza\u00e7\u00e3o \u00e0 ag\u00eancia:<\/strong> salvo se o cliente tiver\n        contratado o servi\u00e7o \u201cCancelamento Pilgrim\u201d ou \u201cCancelamento Plus\n        Pilgrim\u201d e o motivo estiver coberto pelo mesmo, dever\u00e1 pagar \u00e0 ag\u00eancia,\n        a t\u00edtulo de indemniza\u00e7\u00e3o, os seguintes montantes calculados sobre o\n        valor total da viagem, acrescidos \u00e0s taxas de gest\u00e3o mencionadas\n        anteriormente:\n      <\/p>\n\n      <ul>\n        <li>Mais de 30 dias antes da data de partida: 5%<\/li>\n        <li>Entre 30 e 16 dias antes da data de partida: 10%<\/li>\n        <li>Entre 15 e 11 dias antes da data de partida: 30%<\/li>\n        <li>Entre 10 e 6 dias antes da data de partida: 50%<\/li>\n        <li>Dentro dos 5 dias anteriores \u00e0 data de partida: 100%<\/li>\n      <\/ul>\n    <\/li>\n\n    <li>\n      <strong>N\u00e3o comparecimento ou abandono da viagem:<\/strong> a n\u00e3o\n      apresenta\u00e7\u00e3o na data de partida, bem como a anula\u00e7\u00e3o ou abandono da viagem\n      ap\u00f3s o seu in\u00edcio, n\u00e3o dar\u00e1 direito a qualquer reembolso.\n    <\/li>\n  <\/ul>\n\n  <p>\n    O cliente \u00e9 informado da possibilidade de melhorar as condi\u00e7\u00f5es de\n    cancelamento mediante a contrata\u00e7\u00e3o das coberturas \u201cCancelamento Pilgrim\u201d ou\n    \u201cCancelamento Plus Pilgrim\u201d, cujos termos espec\u00edficos est\u00e3o detalhados na\n    se\u00e7\u00e3o correspondente.\n  <\/p>\n\n  <h2>Cancelamento de servi\u00e7os<\/h2>\n\n  <p>\n    Caso o cliente cancele apenas servi\u00e7os espec\u00edficos vinculados \u00e0 sua viagem\n    combinada, aplicam-se as seguintes condi\u00e7\u00f5es particulares, de acordo com o\n    tipo de servi\u00e7o:\n  <\/p>\n\n  <ul>\n    <li>\n      <strong>Servicios de mensajer\u00eda y traslado de mochilas:<\/strong> podem ser\n      cancelados sem custo at\u00e9 1 dia \u00fatil antes do in\u00edcio. Ap\u00f3s esse prazo, ser\u00e1\n      cobrado 100% do valor.\n    <\/li>\n\n    <li>\n      <strong>\n        Servi\u00e7os de estacionamento, massagens, passeios ou visitas guiadas:\n      <\/strong>\n      podem ser cancelados sem custo at\u00e9 2 dias \u00fateis antes do in\u00edcio. Ap\u00f3s esse\n      prazo, ser\u00e1 cobrado 100% do valor.\n    <\/li>\n\n    <li>\n      <strong>\n        Servi\u00e7os de ve\u00edculo de apoio na rota ou guia acompanhante:\n      <\/strong>\n      podem ser cancelados sem custo at\u00e9 7 dias \u00fateis antes do in\u00edcio. Ap\u00f3s esse\n      prazo, ser\u00e1 cobrado 100% do valor.\n    <\/li>\n\n    <li>\n      <p>\n        <strong>\n          Aluguel de bicicletas (servi\u00e7o confirmado e cau\u00e7\u00e3o paga):\n        <\/strong>\n      <\/p>\n\n      <ul>\n        <li>At\u00e9 31 dias antes: reembolso de 100% do valor pago<\/li>\n        <li>Entre 30 e 16 dias antes: reembolso de 50%<\/li>\n        <li>\n          Dentro dos 15 dias anteriores ao in\u00edcio: sem direito a reembolso\n        <\/li>\n      <\/ul>\n    <\/li>\n\n    <li>\n      <p>Transfers privados:<\/p>\n\n      <ul>\n        <li>\n          <strong>\n            Cancelamentos ou altera\u00e7\u00f5es com mais de 24 horas de anteced\u00eancia:\n          <\/strong>\n          reembolso de 100% do valor pago.\n        <\/li>\n\n        <li>\n          <strong>\n            Cancelamentos ou altera\u00e7\u00f5es com menos de 24 horas de anteced\u00eancia,\n            incluindo os de for\u00e7a maior:\n          <\/strong>\n          reembolso de 50% do valor pago.\n        <\/li>\n\n        <li>\n          <strong> N\u00e3o comparecimento ou atraso n\u00e3o comunicado: <\/strong>\n          sem direito a reembolso.\n        <\/li>\n\n        <li>\n          <strong> Tempo m\u00e1ximo de espera: <\/strong>1 hora em aeroportos e\n          esta\u00e7\u00f5es; 15 minutos em outros locais.\n        <\/li>\n\n        <li>\n          Em recolhas em aeroportos ou esta\u00e7\u00f5es, ultrapassado o tempo m\u00e1ximo de\n          espera e at\u00e9 4 horas ap\u00f3s a hora prevista de chegada, garante-se a\n          presta\u00e7\u00e3o do servi\u00e7o com um acr\u00e9scimo de 15% sobre a tarifa, podendo a\n          ag\u00eancia delegar a execu\u00e7\u00e3o a um fornecedor alternativo.\n        <\/li>\n      <\/ul>\n    <\/li>\n  <\/ul>\n\n  <p>\n    Qualquer cancelamento (total ou parcial) deve ser solicitado por escrito,\n    enviando um e-mail para:\n    <a href=\"mailto:reservas@pilgrim.es\">reservas@pilgrim.es<\/a>\n  <\/p>\n\n  <p>\n    Cancelamentos recebidos fora do hor\u00e1rio de expediente ser\u00e3o processados no\n    dia \u00fatil seguinte, sendo essa a data efetiva do cancelamento.\n  <\/p>\n\n<h2>Pol\u00edtica de Cancelamento para grupos<\/h2>\n\n  <h3>Grupos de entre 10 e 20 pessoas<\/h3>\n\n  <p>\n    O grupo tem a possibilidade de cancelar at\u00e9 o 30% do grupo originalmente\n    contratado sem incorrer em custos de cancelamento desde que este\n    cancelamento seja feito pelo menos 30 dias antes da sa\u00edda do grupo. Em caso\n    de cancelamento de mais do 30% do grupo ou no prazo de 30 dias antes do\n    in\u00edcio da viagem, ser\u00e1 aplicada a seguinte pol\u00edtica de cancelamento.\n  <\/p>\n\n  <p>\n    <strong>\n      Despesas de gest\u00e3o: 100\u20ac por pessoa I.V.A incluido. Este importe n\u00e3o est\u00e1\n      coberto por nenhum seguro e n\u00e3o \u00e9 reembols\u00e1vel.\n    <\/strong>\n  <\/p>\n\n  <p>\n    Caso tenha seguro de cancelamento: em nenhum caso \u00e9 reembolsado o importe\n    correspondente ao mesmo.\n  <\/p>\n\n  <p>\n    <strong>\n      Caso n\u00e3o tenha seguro de cancelamento ou o motivo de cancelamento n\u00e3o\n      esteja coberto pelo seguro ou o grupo cancele a viagem na sua totalidade,\n      o cliente dever\u00e1 indemnizar a ag\u00eancia com as seguintes quantidades\n    <\/strong>\n    (% a aplicar sobre o valor total da venda):\n  <\/p>\n\n  <ul>\n    <li>\n      5% do valor total da viagem, caso cancelar con m\u00e1is de 60 dias de\n      anteced\u00eancia.\n    <\/li>\n\n    <li>\n      30% do importe total da viagem, caso cancelar entre os 59 e os 30 dias\n      antes do in\u00edcio da viagem.\n    <\/li>\n\n    <li>\n      50% do importe total da viagem, caso cancelar entre os 29 e os 11 d\u00edas\n      antes do in\u00edcio da viagem.\n    <\/li>\n\n    <li>\n      En caso de cancelamento dentro dos 10 dias anteriores \u00e0 data de in\u00edcio da\n      viagem, o cliente n\u00e3o ter\u00e1 direito a nenhum reembolso.\n    <\/li>\n\n    <li>\n      Caso n\u00e3o apresentar-se na data de saida ou em caso de cancelamento durante\n      a viagem n\u00e3o ter\u00e1 direito a nenhum reembolso do montante pago.\n    <\/li>\n  <\/ul>\n\n  <p>\n    No caso de a reserva incluir algum tipo de servi\u00e7o com pol\u00edtica de\n    cancelamento pr\u00f3pria, este ser\u00e1 regido pela mesma.\n  <\/p>\n\n  <p>\n    No caso de aluguer de bicicletas, a pol\u00edtica de cancelamento aplic\u00e1vel \u00e9 a\n    seguinte:\n  <\/p>\n\n  <ul>\n    <li>\n      At\u00e9 60 dias antes do in\u00edcio do servi\u00e7o ser\u00e1 reembolsado o 100% do montante\n      pago.\n    <\/li>\n\n    <li>\n      Entre 59 dias e 31 dias antes del inicio del servi\u00e7o ser\u00e1 reembolsado o\n      50% do montante pago.\n    <\/li>\n\n    <li>\n      Entre 30 dias e a data de in\u00edcio do servi\u00e7o n\u00e3o ser\u00e1 efetuado nenhum\n      reembolso\n    <\/li>\n  <\/ul>\n\n  <h3>Grupos de m\u00e1is de 20 pessoas<\/h3>\n\n  <p>\n    O grupo tem a possibilidade de cancelar at\u00e9 o 30% do grupo originalmente\n    contratado sem incorrer em custos de cancelamento desde que este\n    cancelamento seja feito pelo menos 30 dias antes da sa\u00edda do grupo. Em caso\n    de cancelamento de mais do 30% do grupo ou no prazo de 30 dias antes do\n    in\u00edcio da viagem, ser\u00e1 aplicada a seguinte pol\u00edtica de cancelamento.\n  <\/p>\n\n  <p>\n    <strong>\n      Despesas de gest\u00e3o: 100\u20ac por pessoa I.V.A incluido. Este importe n\u00e3o est\u00e1\n      coberto por nenhum seguro e n\u00e3o \u00e9 reembols\u00e1vel.\n    <\/strong>\n  <\/p>\n\n  <p>\n    Caso tenha seguro de cancelamento: em nenhum caso \u00e9 reembolsado o importe\n    correspondente ao mesmo.\n  <\/p>\n\n  <p>\n    <strong>\n      Caso n\u00e3o tenha seguro de cancelamento ou o motivo de cancelamento n\u00e3o\n      esteja coberto pelo seguro ou o grupo cancele a viagem na sua totalidade,\n      o cliente dever\u00e1 indemnizar a ag\u00eancia com as seguintes quantidades\n    <\/strong>\n    (% a aplicar sobre o valor total da venda):\n  <\/p>\n\n  <ul>\n    <li>\n      5% do valor total da viagem, caso cancelar con m\u00e1is de 90 dias de\n      anteced\u00eancia.\n    <\/li>\n\n    <li>\n      30% do importe total da viagem, caso cancelar entre os 89 e os 60 dias\n      antes do in\u00edcio da viagem.\n    <\/li>\n\n    <li>\n      50% do importe total da viagem, caso cancelar entre os 59 e os 21 d\u00edas\n      antes do in\u00edcio da viagem.\n    <\/li>\n\n    <li>\n      En caso de cancelamento dentro dos 20 dias anteriores \u00e0 data de in\u00edcio da\n      viagem, o cliente n\u00e3o ter\u00e1 direito a nenhum reembolso.\n    <\/li>\n\n    <li>\n      Caso n\u00e3o apresentar-se na data de saida ou em caso de cancelamento durante\n      a viagem n\u00e3o ter\u00e1 direito a nenhum reembolso do montante pago.\n    <\/li>\n  <\/ul>\n\n  <p>\n    No caso de a reserva incluir algum tipo de servi\u00e7o com pol\u00edtica de\n    cancelamento pr\u00f3pria, este ser\u00e1 regido pela mesma.\n  <\/p>\n\n  <p>\n    No caso de aluguer de bicicletas, a pol\u00edtica de cancelamento aplic\u00e1vel \u00e9 a\n    seguinte:\n  <\/p>\n\n  <ul>\n    <li>\n      At\u00e9 90 dias antes do in\u00edcio do servi\u00e7o ser\u00e1 reembolsado o 100% do montante\n      pago.\n    <\/li>\n\n    <li>\n      Entre 89 dias e 31 dias antes del inicio del servi\u00e7o ser\u00e1 reembolsado o\n      50% do montante pago.\n    <\/li>\n\n    <li>\n      Entre 30 dias e a data de in\u00edcio do servi\u00e7o n\u00e3o ser\u00e1 efetuado nenhum\n      reembolso\n    <\/li>\n  <\/ul>\n\n  <h2>Coberturas de cancelamento<\/h2>\n\n  <h4 class=\"p-mb-4\"><strong>Cancelamento Pilgrim<\/strong><\/h4>\n\n  <p>\n    Garante o reembolso do valor pago pela viagem, exceto 100 \u20ac por pessoa, IVA\n    inclu\u00eddo, correspondentes a taxas de gest\u00e3o, e do valor pago pelo pr\u00f3prio\n    servi\u00e7o Cancelamento Pilgrim, desde que o cancelamento seja efetuado, no\n    m\u00ednimo, at\u00e9 \u00e0s 18:00 do dia \u00fatil anterior ao in\u00edcio da viagem e que o motivo\n    esteja inclu\u00eddo nas seguintes causas:\n  <\/p>\n\n  <ul>\n    <li>\n      Falecimento, doen\u00e7a ou acidente grave de: o contratante, c\u00f4njuge,\n      ascendentes ou descendentes at\u00e9 segundo grau.\n    <\/li>\n\n    <li>\n      Assunto grave que afete a resid\u00eancia (principal ou secund\u00e1ria) ou o local\n      profissional do contratante, ocorrido nas duas semanas anteriores ao\n      in\u00edcio da viagem.\n    <\/li>\n\n    <li>\n      Despedimento laboral do contratante ocorrido ap\u00f3s a contrata\u00e7\u00e3o da viagem\n      (excluem-se despedimentos disciplinares).\n    <\/li>\n\n    <li>\n      Convoca\u00e7\u00e3o como parte ou membro de j\u00fari ou testemunha em Tribunal de\n      Justi\u00e7a ap\u00f3s a contrata\u00e7\u00e3o da viagem.\n    <\/li>\n\n    <li>\n      Convoca\u00e7\u00e3o para ser membro de mesa eleitoral ap\u00f3s a contrata\u00e7\u00e3o da viagem.\n    <\/li>\n\n    <li>\n      Apresenta\u00e7\u00e3o a exames de concursos oficiais convocados por organismo\n      p\u00fablico ap\u00f3s a reserva da viagem.\n    <\/li>\n\n    <li>\n      Complica\u00e7\u00f5es na gravidez ou aborto espont\u00e2neo nos primeiros seis meses da\n      gravidez do contratante, c\u00f4njuge ou parceiro de fato.\n    <\/li>\n\n    <li>\n      Quarentena m\u00e9dica decretada pelas autoridades sanit\u00e1rias competentes ap\u00f3s\n      a assinatura da viagem, que impossibilite a realiza\u00e7\u00e3o da mesma.\n    <\/li>\n\n    <li>\n      Assinatura de documentos oficiais pelo titular da reserva nas datas da\n      viagem, exclusivamente perante a Administra\u00e7\u00e3o P\u00fablica.\n    <\/li>\n\n    <li>\n      Declara\u00e7\u00e3o oficial de zona catastr\u00f3fica no local de resid\u00eancia do\n      contratante ou destino da viagem.\n    <\/li>\n  <\/ul>\n\n  <p>\n    Em caso de cancelamento da viagem ap\u00f3s o seu in\u00edcio, n\u00e3o haver\u00e1 reembolso\n    pelos servi\u00e7os ou noites de alojamento n\u00e3o usufru\u00eddas.\n  <\/p>\n\n  <p>\n    No caso de reserva de quarto duplo ou triplo em que algum dos integrantes\n    cancele sua parte enquanto os outros seguem com a viagem, dever\u00e1 ser pago o\n    suplemento correspondente \u00e0 altera\u00e7\u00e3o do tipo de quarto.\n  <\/p>\n\n  <p>\n    Este servi\u00e7o s\u00f3 pode ser contratado no momento da confirma\u00e7\u00e3o da reserva e\n    n\u00e3o \u00e9 reembols\u00e1vel.\n  <\/p>\n\n  <h4 class=\"p-mb-4\"><strong>Cancelamento Plus Pilgrim<\/strong><\/h4>\n\n  <p>\n    Garante o reembolso do valor pago pela viagem, exceto 100 \u20ac por pessoa, IVA\n    inclu\u00eddo, correspondentes a taxas de gest\u00e3o, e do valor pago pelo servi\u00e7o\n    Cancelamento Plus Pilgrim, independentemente do motivo do cancelamento,\n    desde que seja efetuado, no m\u00ednimo, at\u00e9 \u00e0s 18:00 do dia \u00fatil anterior ao\n    in\u00edcio da viagem.\n  <\/p>\n\n  <p>\n    Al\u00e9m disso, em caso de interrup\u00e7\u00e3o da viagem ap\u00f3s o seu in\u00edcio, o\n    contratante poder\u00e1 recuperar o valor dos servi\u00e7os e noites de alojamento n\u00e3o\n    usufru\u00eddas, que possam ser canceladas sem custos pelo fornecedor, em forma\n    de voucher para uso em futuras reservas com a Pilgrim.\n  <\/p>\n\n  <p>\n    No caso de reserva de quarto duplo ou triplo em que algum dos integrantes\n    cancele sua parte enquanto os outros seguem com a viagem, dever\u00e1 ser pago o\n    suplemento correspondente \u00e0 altera\u00e7\u00e3o do tipo de quarto.\n  <\/p>\n\n  <p>\n    Este servi\u00e7o s\u00f3 pode ser contratado no momento da confirma\u00e7\u00e3o da reserva e\n    n\u00e3o \u00e9 reembols\u00e1vel.\n  <\/p>\n\n  <h2>Modifica\u00e7\u00e3o da reserva<\/h2>\n\n  <p>\n    Uma vez que o cliente tenha formalizado a reserva efetuando o pagamento\n    inicial correspondente, ser\u00e3o aplic\u00e1veis as seguintes condi\u00e7\u00f5es:\n  <\/p>\n\n  <p>\n    As despesas de gest\u00e3o a pagar em caso de solicitar uma modifica\u00e7\u00e3o que exija\n    alterar o seu itiner\u00e1rio ou as datas da viagem ser\u00e3o as seguintes:\n  <\/p>\n\n  <ul>\n    <li>25\u20ac por pessoa para reservas entre 1 e 6 noites<\/li>\n    <li>40\u20ac por pessoa para reservas entre 7 e 14 noites<\/li>\n    <li>60\u20ac por pessoa para reservas de 15 noites ou mais<\/li>\n  <\/ul>\n\n  <p>\n    O cliente pode modificar ou adicionar qualquer servi\u00e7o que n\u00e3o esteja\n    inclu\u00eddo na sua reserva at\u00e9 5 dias antes da partida.\n  <\/p>\n\n  <p>\n    Ficar\u00e3o isentas deste pagamento aquelas modifica\u00e7\u00f5es ou contrata\u00e7\u00f5es que n\u00e3o\n    exijam alterar o itiner\u00e1rio ou as datas da viagem.\n  <\/p>\n\n  <p>\n    As modifica\u00e7\u00f5es em alojamentos por vontade pr\u00f3pria, por exemplo, se desejar\n    alongar ou cortar uma etapa ou terminar o Caminho antes do previsto, n\u00e3o\n    ser\u00e3o aceites com menos de 1 dia \u00fatil de anteced\u00eancia e acarretar\u00e3o os\n    custos de modifica\u00e7\u00e3o indicados anteriormente, bem como as poss\u00edveis\n    penaliza\u00e7\u00f5es aplicadas pelos alojamentos reservados.\n  <\/p>\n\n  <p>\n    As modifica\u00e7\u00f5es que impliquem uma altera\u00e7\u00e3o no or\u00e7amento inicialmente\n    confirmado (ex.: mudan\u00e7a de temporada) implicar\u00e3o o pagamento da diferen\u00e7a\n    por parte do cliente, al\u00e9m das despesas de gest\u00e3o da modifica\u00e7\u00e3o.\n  <\/p>\n<\/section>\n\n\n\n<p><\/p>\n","protected":false},"excerpt":{"rendered":"<p>Pol\u00edtica de Cancelamento A nossa pol\u00edtica de cancelamento \u00e9 clara e simples e \u00e9 explicada abaixo. Todos os cancelamentos devem ser notificados \u00e0 Pilgrim por e-mail com o n\u00famero de reserva para reservas@pilgrim.es. Cancelamento da viagem completa No caso de o cliente proceder \u00e0 anula\u00e7\u00e3o total da viagem antes da data de partida, aplicam-se as &hellip; <\/p>\n<p class=\"read_more\"><a href=\"https:\/\/www.pilgrim.es\/pt-pt\/politica-de-cancelamento\/\">Leer m\u00e1s<\/a><\/p>\n","protected":false},"author":1,"featured_media":0,"parent":0,"menu_order":0,"comment_status":"closed","ping_status":"closed","template":"views\/template-new-web-design.blade.php","meta":{"footnotes":""},"categories":[],"tags":[],"class_list":["post-89356","page","type-page","status-publish","hentry"],"yoast_head":"<!-- This site is optimized with the Yoast SEO plugin v27.4 - https:\/\/yoast.com\/product\/yoast-seo-wordpress\/ -->\n<title>Pol\u00edtica de Cancelamento - Pilgrim<\/title>\n<meta name=\"robots\" content=\"noindex, nofollow\" \/>\n<meta property=\"og:locale\" content=\"pt_PT\" \/>\n<meta property=\"og:type\" content=\"article\" \/>\n<meta property=\"og:title\" content=\"Pol\u00edtica de Cancelamento - Pilgrim\" \/>\n<meta property=\"og:description\" content=\"Pol\u00edtica de Cancelamento A nossa pol\u00edtica de cancelamento \u00e9 clara e simples e \u00e9 explicada abaixo. Todos os cancelamentos devem ser notificados \u00e0 Pilgrim por e-mail com o n\u00famero de reserva para reservas@pilgrim.es. Cancelamento da viagem completa No caso de o cliente proceder \u00e0 anula\u00e7\u00e3o total da viagem antes da data de partida, aplicam-se as &hellip; Leer m\u00e1s\" \/>\n<meta property=\"og:url\" content=\"https:\/\/www.pilgrim.es\/pt-pt\/politica-de-cancelamento\/\" \/>\n<meta property=\"og:site_name\" content=\"Pilgrim\" \/>\n<meta property=\"article:publisher\" content=\"https:\/\/www.facebook.com\/pilgrim.es\/\" \/>\n<meta property=\"article:modified_time\" content=\"2026-02-05T12:07:27+00:00\" \/>\n<meta name=\"twitter:card\" content=\"summary_large_image\" \/>\n<meta name=\"twitter:site\" content=\"@pilgrim_es\" \/>\n<meta name=\"twitter:label1\" content=\"Tempo estimado de leitura\" \/>\n\t<meta name=\"twitter:data1\" content=\"10 minutos\" \/>\n<script type=\"application\/ld+json\" class=\"yoast-schema-graph\">{\"@context\":\"https:\\\/\\\/schema.org\",\"@graph\":[{\"@type\":\"WebPage\",\"@id\":\"https:\\\/\\\/www.pilgrim.es\\\/pt-pt\\\/politica-de-cancelamento\\\/\",\"url\":\"https:\\\/\\\/www.pilgrim.es\\\/pt-pt\\\/politica-de-cancelamento\\\/\",\"name\":\"Pol\u00edtica de Cancelamento - Pilgrim\",\"isPartOf\":{\"@id\":\"https:\\\/\\\/www.pilgrim.es\\\/pt-pt\\\/#website\"},\"datePublished\":\"2025-02-17T10:53:58+00:00\",\"dateModified\":\"2026-02-05T12:07:27+00:00\",\"breadcrumb\":{\"@id\":\"https:\\\/\\\/www.pilgrim.es\\\/pt-pt\\\/politica-de-cancelamento\\\/#breadcrumb\"},\"inLanguage\":\"pt-PT\",\"potentialAction\":[{\"@type\":\"ReadAction\",\"target\":[\"https:\\\/\\\/www.pilgrim.es\\\/pt-pt\\\/politica-de-cancelamento\\\/\"]}]},{\"@type\":\"BreadcrumbList\",\"@id\":\"https:\\\/\\\/www.pilgrim.es\\\/pt-pt\\\/politica-de-cancelamento\\\/#breadcrumb\",\"itemListElement\":[{\"@type\":\"ListItem\",\"position\":1,\"name\":\"Camino de Santiago\",\"item\":\"https:\\\/\\\/www.pilgrim.es\\\/pt-pt\\\/\"},{\"@type\":\"ListItem\",\"position\":2,\"name\":\"Pol\u00edtica de Cancelamento\"}]},{\"@type\":\"WebSite\",\"@id\":\"https:\\\/\\\/www.pilgrim.es\\\/pt-pt\\\/#website\",\"url\":\"https:\\\/\\\/www.pilgrim.es\\\/pt-pt\\\/\",\"name\":\"Pilgrim\",\"description\":\"Camino de Santiago | Caminamos Contigo\",\"publisher\":{\"@id\":\"https:\\\/\\\/www.pilgrim.es\\\/pt-pt\\\/#organization\"},\"potentialAction\":[{\"@type\":\"SearchAction\",\"target\":{\"@type\":\"EntryPoint\",\"urlTemplate\":\"https:\\\/\\\/www.pilgrim.es\\\/pt-pt\\\/?s={search_term_string}\"},\"query-input\":{\"@type\":\"PropertyValueSpecification\",\"valueRequired\":true,\"valueName\":\"search_term_string\"}}],\"inLanguage\":\"pt-PT\"},{\"@type\":\"Organization\",\"@id\":\"https:\\\/\\\/www.pilgrim.es\\\/pt-pt\\\/#organization\",\"name\":\"Pilgrim Camino de Santiago\",\"url\":\"https:\\\/\\\/www.pilgrim.es\\\/pt-pt\\\/\",\"logo\":{\"@type\":\"ImageObject\",\"inLanguage\":\"pt-PT\",\"@id\":\"https:\\\/\\\/www.pilgrim.es\\\/pt-pt\\\/#\\\/schema\\\/logo\\\/image\\\/\",\"url\":\"https:\\\/\\\/www.pilgrim.es\\\/wp-content\\\/uploads\\\/2019\\\/04\\\/logo_pilgrim.png\",\"contentUrl\":\"https:\\\/\\\/www.pilgrim.es\\\/wp-content\\\/uploads\\\/2019\\\/04\\\/logo_pilgrim.png\",\"width\":512,\"height\":512,\"caption\":\"Pilgrim Camino de Santiago\"},\"image\":{\"@id\":\"https:\\\/\\\/www.pilgrim.es\\\/pt-pt\\\/#\\\/schema\\\/logo\\\/image\\\/\"},\"sameAs\":[\"https:\\\/\\\/www.facebook.com\\\/pilgrim.es\\\/\",\"https:\\\/\\\/x.com\\\/pilgrim_es\",\"https:\\\/\\\/www.instagram.com\\\/pilgrim.es\\\/\",\"https:\\\/\\\/www.linkedin.com\\\/company\\\/pilgrim-camino-de-santiago\\\/\",\"https:\\\/\\\/www.pinterest.es\\\/pilgrimcaminodesantiago\\\/\",\"https:\\\/\\\/www.youtube.com\\\/channel\\\/UCIv2ZzFLXVqthkNF32rKedw\\\/featured\"]}]}<\/script>\n<!-- \/ Yoast SEO plugin. -->","yoast_head_json":{"title":"Pol\u00edtica de Cancelamento - Pilgrim","robots":{"index":"noindex","follow":"nofollow"},"og_locale":"pt_PT","og_type":"article","og_title":"Pol\u00edtica de Cancelamento - Pilgrim","og_description":"Pol\u00edtica de Cancelamento A nossa pol\u00edtica de cancelamento \u00e9 clara e simples e \u00e9 explicada abaixo. Todos os cancelamentos devem ser notificados \u00e0 Pilgrim por e-mail com o n\u00famero de reserva para reservas@pilgrim.es. Cancelamento da viagem completa No caso de o cliente proceder \u00e0 anula\u00e7\u00e3o total da viagem antes da data de partida, aplicam-se as &hellip; Leer m\u00e1s","og_url":"https:\/\/www.pilgrim.es\/pt-pt\/politica-de-cancelamento\/","og_site_name":"Pilgrim","article_publisher":"https:\/\/www.facebook.com\/pilgrim.es\/","article_modified_time":"2026-02-05T12:07:27+00:00","twitter_card":"summary_large_image","twitter_site":"@pilgrim_es","twitter_misc":{"Tempo estimado de leitura":"10 minutos"},"schema":{"@context":"https:\/\/schema.org","@graph":[{"@type":"WebPage","@id":"https:\/\/www.pilgrim.es\/pt-pt\/politica-de-cancelamento\/","url":"https:\/\/www.pilgrim.es\/pt-pt\/politica-de-cancelamento\/","name":"Pol\u00edtica de Cancelamento - Pilgrim","isPartOf":{"@id":"https:\/\/www.pilgrim.es\/pt-pt\/#website"},"datePublished":"2025-02-17T10:53:58+00:00","dateModified":"2026-02-05T12:07:27+00:00","breadcrumb":{"@id":"https:\/\/www.pilgrim.es\/pt-pt\/politica-de-cancelamento\/#breadcrumb"},"inLanguage":"pt-PT","potentialAction":[{"@type":"ReadAction","target":["https:\/\/www.pilgrim.es\/pt-pt\/politica-de-cancelamento\/"]}]},{"@type":"BreadcrumbList","@id":"https:\/\/www.pilgrim.es\/pt-pt\/politica-de-cancelamento\/#breadcrumb","itemListElement":[{"@type":"ListItem","position":1,"name":"Camino de Santiago","item":"https:\/\/www.pilgrim.es\/pt-pt\/"},{"@type":"ListItem","position":2,"name":"Pol\u00edtica de Cancelamento"}]},{"@type":"WebSite","@id":"https:\/\/www.pilgrim.es\/pt-pt\/#website","url":"https:\/\/www.pilgrim.es\/pt-pt\/","name":"Pilgrim","description":"Camino de Santiago | Caminamos Contigo","publisher":{"@id":"https:\/\/www.pilgrim.es\/pt-pt\/#organization"},"potentialAction":[{"@type":"SearchAction","target":{"@type":"EntryPoint","urlTemplate":"https:\/\/www.pilgrim.es\/pt-pt\/?s={search_term_string}"},"query-input":{"@type":"PropertyValueSpecification","valueRequired":true,"valueName":"search_term_string"}}],"inLanguage":"pt-PT"},{"@type":"Organization","@id":"https:\/\/www.pilgrim.es\/pt-pt\/#organization","name":"Pilgrim Camino de Santiago","url":"https:\/\/www.pilgrim.es\/pt-pt\/","logo":{"@type":"ImageObject","inLanguage":"pt-PT","@id":"https:\/\/www.pilgrim.es\/pt-pt\/#\/schema\/logo\/image\/","url":"https:\/\/www.pilgrim.es\/wp-content\/uploads\/2019\/04\/logo_pilgrim.png","contentUrl":"https:\/\/www.pilgrim.es\/wp-content\/uploads\/2019\/04\/logo_pilgrim.png","width":512,"height":512,"caption":"Pilgrim Camino de Santiago"},"image":{"@id":"https:\/\/www.pilgrim.es\/pt-pt\/#\/schema\/logo\/image\/"},"sameAs":["https:\/\/www.facebook.com\/pilgrim.es\/","https:\/\/x.com\/pilgrim_es","https:\/\/www.instagram.com\/pilgrim.es\/","https:\/\/www.linkedin.com\/company\/pilgrim-camino-de-santiago\/","https:\/\/www.pinterest.es\/pilgrimcaminodesantiago\/","https:\/\/www.youtube.com\/channel\/UCIv2ZzFLXVqthkNF32rKedw\/featured"]}]}},"_links":{"self":[{"href":"https:\/\/www.pilgrim.es\/pt-pt\/wp-json\/wp\/v2\/pages\/89356","targetHints":{"allow":["GET"]}}],"collection":[{"href":"https:\/\/www.pilgrim.es\/pt-pt\/wp-json\/wp\/v2\/pages"}],"about":[{"href":"https:\/\/www.pilgrim.es\/pt-pt\/wp-json\/wp\/v2\/types\/page"}],"author":[{"embeddable":true,"href":"https:\/\/www.pilgrim.es\/pt-pt\/wp-json\/wp\/v2\/users\/1"}],"replies":[{"embeddable":true,"href":"https:\/\/www.pilgrim.es\/pt-pt\/wp-json\/wp\/v2\/comments?post=89356"}],"version-history":[{"count":5,"href":"https:\/\/www.pilgrim.es\/pt-pt\/wp-json\/wp\/v2\/pages\/89356\/revisions"}],"predecessor-version":[{"id":140058,"href":"https:\/\/www.pilgrim.es\/pt-pt\/wp-json\/wp\/v2\/pages\/89356\/revisions\/140058"}],"wp:attachment":[{"href":"https:\/\/www.pilgrim.es\/pt-pt\/wp-json\/wp\/v2\/media?parent=89356"}],"wp:term":[{"taxonomy":"category","embeddable":true,"href":"https:\/\/www.pilgrim.es\/pt-pt\/wp-json\/wp\/v2\/categories?post=89356"},{"taxonomy":"post_tag","embeddable":true,"href":"https:\/\/www.pilgrim.es\/pt-pt\/wp-json\/wp\/v2\/tags?post=89356"}],"curies":[{"name":"wp","href":"https:\/\/api.w.org\/{rel}","templated":true}]}}