{"id":98001,"date":"2025-03-28T10:44:27","date_gmt":"2025-03-28T10:44:27","guid":{"rendered":"https:\/\/www.pilgrim.es\/?page_id=98001"},"modified":"2025-04-02T11:21:33","modified_gmt":"2025-04-02T11:21:33","slug":"sao-miguel-de-arcos","status":"publish","type":"page","link":"https:\/\/www.pilgrim.es\/it\/cammino-portoghese\/sao-miguel-de-arcos\/","title":{"rendered":"S\u00e3o Miguel de Arcos"},"content":{"rendered":"\n<section id=\"hero\">\n    <h1>S\u00e3o Miguel de Arcos<\/h1>\n    <div class=\"hero-grid\">\n        <div class=\"hero-grid__town-col\"\n            data-background=\"https:\/\/cdn.pilgrim.es\/web\/caminos\/camino-portugues\/pueblos\/sao-miguel-de-arcos\/sao-miguel-de-arcos.jpg\">\n            <div>\n                <a class=\"link-to-stage\" href=\"https:\/\/www.pilgrim.es\/it\/cammino-portoghese\/tappa-15-oporto-sao-miguel-de-arcos\/\">\n                    <p>&#8249; Ritorno al palcoscenico<\/p>\n                <\/a>\n\n                <div class=\"town-data\">\n                    <h2>S\u00e3o Miguel de Arcos<\/h2>\n                    <ul>\n                        <li>Abitanti: circa 800.<\/li>\n                        <li>Provincia: Oporto <\/li>\n                    <\/ul>\n                <\/div>\n            <\/div>\n        <\/div>\n        <div class=\"hero-grid__planner-col\"><div\r\n  class=\"p-col-span-1 p-rounded-lg p-px-5 p-h-full\"\r\n  style=\"background-image: url('https:\/\/cdn.pilgrim.es\/web\/pilgrim-planner\/bg-plugin-planificador.webp')\"\r\n  rel=\"preload\"\r\n  fetchpriority=\"high\"\r\n  >\r\n    <div class=\"p-text-center p-pt-5 p-text-white p-text-2xl p-font-semibold\">\r\n      Pianifica il tuo cammino    <\/div>\r\n    <div\r\n            id='primary-app'\r\n            data-name='banner'\r\n            data-api='https:\/\/pathfinder.pilgrim.es\/api\/pathfinder\/v2'\r\n            data-mode='normal'\r\n            data-lang='it'\r\n            data-route='1'\r\n            data-destiny='https:\/\/planificador.pilgrim.es'\r\n            data-modality='1'\r\n            data-inline=''\r\n        ><\/div><\/div><\/div>\n    <\/div>\n<\/section>\n\n<section id=\"infoTown\">\n    <div class=\"sections-town\">\n\n        <div id=\"informationSection\">\n            <div>\n                <h2 class=\"p-h2-town\">Informazioni<\/h2>\n                <hr>\n                <h3 class=\"p-h3-town\">Conoscere S\u00e3o Miguel de Arcos<\/h3>\n            <\/div>\n            <p>S\u00e3o Miguel dos Arcos \u00e8 un pittoresco comune situato nella regione nord del Portogallo, precisamente nel\n                distretto di Braga. Questo affascinante luogo unisce la bellezza naturale del suo ambiente con una ricca\n                storia culturale, rendendolo una destinazione ideale per coloro che cercano un&#8217;esperienza autentica e\n                tranquilla nel cuore della regione del Minho.<\/p>\n            <p>S\u00e3o Miguel dos Arcos \u00e8 conosciuto per le sue festivit\u00e0 religiose, in particolare la festa di S\u00e3o Miguel,\n                che si celebra in onore del patrono del paese, l&#8217;Arcangelo Michele. Queste festivit\u00e0 includono\n                processioni, musica tradizionale, balli e una vasta gamma di eventi che riuniscono abitanti e visitatori\n                in un&#8217;atmosfera festosa.<\/p>\n        <\/div>\n\n        <div id=\"locationSection\">\n            <div>\n                <h2 class=\"p-h2-town\">Posizione<\/h2>\n                <hr>\n                <h3 class=\"p-h3-town\">Come arrivare<\/h3>\n            <\/div>\n            <p>L&#8217;opzione pi\u00f9 rapida per raggiungere questa localit\u00e0 sarebbe volare a Porto, poich\u00e9 l&#8217;Aeroporto di Porto\n                \u00e8 il pi\u00f9 vicino a S\u00e3o Miguel dos Arcos. Una volta a Porto, sar\u00e0 sufficiente prendere un treno o un\n                autobus dal centro citt\u00e0 diretti a Braga, dove dovremo fare un cambio per proseguire verso S\u00e3o Miguel\n                dos Arcos.<\/p>\n\n            <p>Se scegliamo di viaggiare su strada, dovremo prendere come riferimento la partenza da Madrid, prendendo\n                la A-6 in direzione di A Coru\u00f1a. Attraverseremo il confine con il Portogallo e continueremo sulla A-3\n                fino a raggiungere Porto. Da Porto, prenderemo la A28 in direzione nord e poi la N206 fino a S\u00e3o Miguel\n                dos Arcos.<\/p>\n            <div>\n                <div>\n  <iframe loading=\"lazy\"\n    src=\"https:\/\/www.google.com\/maps\/d\/embed?mid=1voGC9mSSGr4KJcsxBWqmN7Phx100JV8&ehbc=2E312F\"\n    width=\"640\"\n    height=\"480\"\n    alt=\"Mappa di S\u00e3o Miguel de Arcos\"\n  ><\/iframe>\n<\/div>\n\n            <\/div>\n        <\/div>\n\n\n        <div id=\"toVisitSection\">\n            <div>\n                <h2 class=\"p-h2-town\">Storia \/ Cultura<\/h2>\n                <hr>\n                <h3 class=\"p-h3-town\">Cosa vedere<\/h3>\n            <\/div>\n            <div>\n                <div class=\"accordion\">\n                    <div class=\"accordion__menu\">\n                        <nav>\n\n                            <button class=\"nav-tab-accordion active\"><span>&#10093;<\/span><span> Chiesa di S\u00e3o\n                                    Miguel<\/span><\/button>\n\n                            <button class=\"nav-tab-accordion \"><span>&#10093;<\/span><span> Centro\n                                    Storico<\/span><\/button>\n\n                            <button class=\"nav-tab-accordion \"><span>&#10093;<\/span><span> Braga<\/span><\/button>\n\n                            <button class=\"nav-tab-accordion \"><span>&#10093;<\/span><span> Guimar\u00e3es<\/span><\/button>\n                        <\/nav>\n                    <\/div>\n\n\n                    <div class=\"accordion__accordion-content \">\n                        <div>\n                            <div>\n                                <h4>Chiesa di S\u00e3o Miguel<\/h4>\n                                <p>La Chiesa di S\u00e3o Miguel dos Arcos \u00e8 uno dei principali punti di interesse della\n                                    localit\u00e0. Questo edificio religioso, che d\u00e0 il nome al paese, \u00e8 una costruzione\n                                    storica con un&#8217;architettura tradizionale. La chiesa \u00e8 un simbolo importante per gli\n                                    abitanti e vanta una ricca storia legata alla devozione all&#8217;Arcangelo Michele.<\/p>\n                            <\/div>\n                            <img decoding=\"async\" src=\"https:\/\/cdn.pilgrim.es\/web\/caminos\/camino-portugues\/pueblos\/sao-miguel-de-arcos\/puntos-de-interes\/iglesia-sao-miguel-de-arcos.jpg\"\n                                alt=\"Chiesa di S\u00e3o Miguel\">\n                        <\/div>\n                    <\/div>\n\n                    <div class=\"accordion__accordion-content inactive\">\n                        <div>\n                            <div>\n                                <h4>Centro Storico<\/h4>\n                                <p>Il piccolo centro storico di S\u00e3o Miguel dos Arcos conserva molte delle\n                                    caratteristiche dei villaggi tradizionali della regione del Minho. Qui puoi\n                                    passeggiare per le sue strette strade acciottolate, ammirare le case in pietra e\n                                    osservare la vita locale nel suo contesto autentico.<\/p>\n                            <\/div>\n                            <img decoding=\"async\" src=\"https:\/\/cdn.pilgrim.es\/web\/caminos\/camino-portugues\/pueblos\/sao-miguel-de-arcos\/puntos-de-interes\/casco-antiguo-sao-miguel-de-arcos.jpg\"\n                                alt=\"Centro Storico\">\n                        <\/div>\n                    <\/div>\n\n                    <div class=\"accordion__accordion-content inactive\">\n                        <div>\n                            <div>\n                                <h4>Braga<\/h4>\n                                <p>A solo 20 minuti di auto, Braga \u00e8 una citt\u00e0 storica con molti luoghi di interesse,\n                                    come il Santuario di Bom Jesus do Monte, la Cattedrale di Braga e una straordinaria\n                                    architettura.<\/p>\n                            <\/div>\n                            <img decoding=\"async\" src=\"https:\/\/cdn.pilgrim.es\/web\/caminos\/camino-portugues\/pueblos\/sao-miguel-de-arcos\/puntos-de-interes\/braga.jpg\"\n                                alt=\"Braga\">\n                        <\/div>\n                    <\/div>\n\n                    <div class=\"accordion__accordion-content inactive\">\n                        <div>\n                            <div>\n                                <h4>Guimar\u00e3es<\/h4>\n                                <p>A circa 40 minuti di auto, \u00e8 una citt\u00e0 dichiarata Patrimonio dell&#8217;Umanit\u00e0\n                                    dall&#8217;UNESCO, conosciuta come la culla della nazione portoghese.<\/p>\n                            <\/div>\n                            <img decoding=\"async\" src=\"https:\/\/cdn.pilgrim.es\/web\/caminos\/camino-portugues\/pueblos\/sao-miguel-de-arcos\/puntos-de-interes\/guimaraes.jpg\"\n                                alt=\"Guimar\u00e3es\">\n                        <\/div>\n                    <\/div>\n\n\n\n                <\/div>\n            <\/div>\n        <\/div>\n\n\n        <div id=\"phonesSection\">\n            <div>\n                <h2 class=\"p-h3-town\">Informazioni di interesse<\/h2>\n            <\/div>\n            <div class=\"grid\">\n\n                <div class=\"phone-number-item\">\n                    <div class=\"phone-number-item__icon\"><i class=\"icon-police\"><\/i><\/div>\n                    <div class=\"phone-number-item__title\">\n                        <h3 class=\"p-font-bold\">Polizia locale<\/h3>\n                        <p><\/p>\n\n                    <\/div>\n                <\/div>\n\n                <div class=\"phone-number-item\">\n                    <div class=\"phone-number-item__icon\"><i class=\"None\"><\/i><\/div>\n                    <div class=\"phone-number-item__title\">\n                        <h3 class=\"p-font-bold\">Polizia di Pubblica Sicurezza<\/h3>\n                        <p>+351 252 648 400<\/p>\n\n                    <\/div>\n                <\/div>\n\n                <div class=\"phone-number-item\">\n                    <div class=\"phone-number-item__icon\"><i class=\"icon-firefighters\"><\/i><\/div>\n                    <div class=\"phone-number-item__title\">\n                        <h3 class=\"p-font-bold\">Vigili del fuoco<\/h3>\n                        <p>+351 252 648 300<\/p>\n\n                    <\/div>\n                <\/div>\n\n                <div class=\"phone-number-item\">\n                    <div class=\"phone-number-item__icon\"><i class=\"icon-civil-protection\"><\/i><\/div>\n                    <div class=\"phone-number-item__title\">\n                        <h3 class=\"p-font-bold\">Protezione civile<\/h3>\n                        <p>+351 21 391 39 33 (Croce Rossa Portoghese)<\/p>\n\n                    <\/div>\n                <\/div>\n\n                <div class=\"phone-number-item\">\n                    <div class=\"phone-number-item__icon\"><i class=\"icon-town-council\"><\/i><\/div>\n                    <div class=\"phone-number-item__title\">\n                        <h3 class=\"p-font-bold\">Municipio<\/h3>\n                        <p>+351 252 248 700<\/p>\n\n                    <\/div>\n                <\/div>\n\n                <div class=\"phone-number-item\">\n                    <div class=\"phone-number-item__icon\"><i class=\"icon-hospital\"><\/i><\/div>\n                    <div class=\"phone-number-item__title\">\n                        <h3 class=\"p-font-bold\">Centro sanitario<\/h3>\n                        <p>+351 252 648 600<\/p>\n\n                    <\/div>\n                <\/div>\n\n                <div class=\"phone-number-item\">\n                    <div class=\"phone-number-item__icon\"><i class=\"icon-tourism\"><\/i><\/div>\n                    <div class=\"phone-number-item__title\">\n                        <h3 class=\"p-font-bold\">Ufficio turistico<\/h3>\n                        <p>Avenida do Brasil, 100, 4480-668 Vila do Conde \/ +351 252 648 700<\/p>\n\n                    <\/div>\n                <\/div>\n\n            <\/div>\n        <\/div>\n\n        <div id=\"clientForm\">\n        <section>\n        <img decoding=\"async\" src=\"https:\/\/cdn.pilgrim.es\/web\/home\/email-contacto.png\" alt=\"contacto\">\n        <div>\n            <p>Ti inviamo la tua pianificazione<\/p>\n            <p>Forniscici i tuoi dati e ricevi la pianificazione del tuo viaggio via email <\/p>\n            <form method=\"post\" data-url=\"\/wp-admin\/admin-ajax.php\" id=\"planner--client\" class=\"flag-right form-client\">\n    <div class=\"form-data\">\n        <input name=\"form_id\" type=\"hidden\" value=\"Formulario Leads\">\n        <input name=\"type\" type=\"hidden\" value=\"planner_client\">\n        <input type=\"text\" name=\"nombre\" value=\"\" size=\"40\" class=\"form-control\" aria-required=\"true\" aria-invalid=\"false\" placeholder=\"Nome\">\n        <input type=\"email\" name=\"email\" value=\"\" size=\"40\" class=\"form-control\" aria-required=\"true\" aria-invalid=\"false\" placeholder=\"Mail\">\n        <input type=\"text\" id=\"phone-input\" name=\"tel\" value=\"\" size=\"40\" class=\"phone-input form-control\" aria-required=\"true\" aria-invalid=\"false\" placeholder=\"Telefono\">\n        <input type=\"hidden\" name=\"telefono\">\n    <\/div>\n    <div class=\"form-checkbox\">\n        <span>\n            Pilgrim Travel. S.L. informa, come previsto dal Regolamento 2016\/679, che i dati utilizzati in questo modulo verranno utilizzati sia per la risposta delle eventuali consultazioni sia per la pub-blicazione dei commenti, essendo il consenso dell'utente la base di legittimazione. Potranno esse-re esercitati i diritti in conformit\u00e0 con quanto stabilito dalla nostra             <a href=\"https:\/\/www.pilgrim.es\/it\/informativa-sulla-privacy\/\" target=\"_blank\" rel=\"noopener noreferrer nofollow\">Politica di privacy.<\/a>\n        <\/span>\n    <\/div>\n\n    <div class=\"form-submit\">\n        <button id=\"planner--client-create\" type=\"submit\">Formulario di contatto<\/button>\n        <div class=\"loadingDiv\"><i class=\"p-spinner\"><\/i><\/div>\n    <\/div>\n\n    <div class=\"contact-content-form-success\">\n        <p><i class=\"fas fa-check\"><\/i> Il modulo \u00e8 stato inviato correttamente<\/p>\n    <\/div>\n\n    <div class=\"contact-content-form-error\">\n        <span class=\"input-error\"><\/span>\n    <\/div>\n<\/form>        <\/div>\n    <\/section>\n<\/div>\n\n        <div id=\"recomendationSection\">\n            <div>\n                <h2 class=\"p-h2-town\">Consigliato<\/h2>\n                <hr>\n                <h3 class=\"p-h3-town\">Gastronomia<\/h3>\n            <\/div>\n            <p>A S\u00e3o Miguel dos Arcos e nella regione del Minho, la gastronomia \u00e8 conosciuta per piatti tradizionali\n                come\n                il baccal\u00e0 (preparato in vari modi), l&#8217;arroz de cabidela, il gustoso cozido \u00e0 portuguesa e la leggera\n                zuppa\n                di caldo verde. Altre prelibatezze tipiche includono la francesinha, il soffice p\u00e3o-de-l\u00f3 e il formaggio\n                Queijo da Serra. Inoltre, il Vinho Verde, fresco e giovane, \u00e8 una bevanda ideale da abbinare ai pasti. I\n                roj\u00f5es (maiale fritto) e l&#8217;insalata di polpo sono anche delizie locali, perfette per un&#8217;autentica\n                esperienza\n                gastronomica nella regione.<\/p>\n\n            <p> In questa zona, puoi anche gustare la sidra locale, conosciuta come &#8220;sidra de Minho.&#8221;<\/p>\n        <\/div>\n\n\n\n        <div id=\"holidaysSection\">\n            <div>\n                <h2 class=\"p-h2-town\">Consigliato<\/h2>\n                <hr>\n                <h3 class=\"p-h3-town\">Festival e pellegrinaggi<\/h3>\n            <\/div>\n            <div class=\"grid holidays-grid\">\n\n                <div>\n                    <div class=\"phone-number-item\">\n                        <div class=\"phone-number-item__icon\"><i class=\"icon-holiday\"><\/i><\/div>\n                        <div class=\"phone-number-item__title dark-text\">\n                            <p class=\"p-font-bold\">Festa locale<\/p>\n                            <p>14 settembre: Festa della Santa Croce<\/p>\n                        <\/div>\n                    <\/div>\n                <\/div>\n\n                <div>\n                    <div class=\"phone-number-item\">\n                        <div class=\"phone-number-item__icon\"><i class=\"icon-holiday\"><\/i><\/div>\n                        <div class=\"phone-number-item__title dark-text\">\n                            <p class=\"p-font-bold\">Festa locale<\/p>\n                            <p>29 settembre: Festa di S\u00e3o Miguel (Festa del Patrono)<\/p>\n                        <\/div>\n                    <\/div>\n                <\/div>\n\n            <\/div>\n        <\/div>\n\n    <\/div>\n<\/section>\n\n<div id=\"stage_list_section\"><div class=\"stage-list\">\n    <div class='stage-list__map-card'>\n        <div class='stage-list__map-card__map'>\n            <div class='stage-list__map-card__map__text'>\n                <h2> Pages <\/h2>\n                <p> A piedi<\/p>\n                <p> 0tappe<\/p>\n            <\/div>\n            <div class='stage-list__map-card__map__img'>\n                <img decoding=\"async\" src=\"\" alt=\" mapa \" \/>\n            <\/div>\n        <\/div>\n    <\/div>\n\n    <\/div>\n<\/div>\n\n\n\n<p><\/p>\n","protected":false},"excerpt":{"rendered":"<p>S\u00e3o Miguel de Arcos &#8249; Ritorno al palcoscenico S\u00e3o Miguel de Arcos Abitanti: circa 800. Provincia: Oporto Informazioni Conoscere S\u00e3o Miguel de Arcos S\u00e3o Miguel dos Arcos \u00e8 un pittoresco comune situato nella regione nord del Portogallo, precisamente nel distretto di Braga. Questo affascinante luogo unisce la bellezza naturale del suo ambiente con una ricca &hellip; <\/p>\n<p class=\"read_more\"><a href=\"https:\/\/www.pilgrim.es\/it\/cammino-portoghese\/sao-miguel-de-arcos\/\">Leer m\u00e1s<\/a><\/p>\n","protected":false},"author":4,"featured_media":0,"parent":10770,"menu_order":0,"comment_status":"closed","ping_status":"closed","template":"views\/template-new-web-design.blade.php","meta":{"footnotes":""},"categories":[],"tags":[],"class_list":["post-98001","page","type-page","status-publish","hentry"],"yoast_head":"<!-- This site is optimized with the Yoast SEO plugin v27.4 - https:\/\/yoast.com\/product\/yoast-seo-wordpress\/ -->\n<title>S\u00e3o Miguel de Arcos: Cosa vedere e dove dormire | Cammino di Santiago | Pilgrim<\/title>\n<meta name=\"description\" content=\"S\u00e3o Miguel de Arcos Scopri tutte le informazioni su dove alloggiare, come arrivare, cosa mangiare e sui principali punti di interesse delle localit\u00e0 lungo il Cammino Portoghese.\" \/>\n<meta name=\"robots\" content=\"index, follow, max-snippet:-1, max-image-preview:large, max-video-preview:-1\" \/>\n<link rel=\"canonical\" href=\"https:\/\/www.pilgrim.es\/it\/cammino-portoghese\/sao-miguel-de-arcos\/\" \/>\n<meta property=\"og:locale\" content=\"it_IT\" \/>\n<meta property=\"og:type\" content=\"article\" \/>\n<meta property=\"og:title\" content=\"S\u00e3o Miguel de Arcos: Cosa vedere e dove dormire | Cammino di Santiago | Pilgrim\" \/>\n<meta property=\"og:description\" content=\"S\u00e3o Miguel de Arcos Scopri tutte le informazioni su dove alloggiare, come arrivare, cosa mangiare e sui principali punti di interesse delle localit\u00e0 lungo il Cammino Portoghese.\" \/>\n<meta property=\"og:url\" content=\"https:\/\/www.pilgrim.es\/it\/cammino-portoghese\/sao-miguel-de-arcos\/\" \/>\n<meta property=\"og:site_name\" content=\"Pilgrim\" \/>\n<meta property=\"article:publisher\" content=\"https:\/\/www.facebook.com\/pilgrim.es\/\" \/>\n<meta property=\"article:modified_time\" content=\"2025-04-02T11:21:33+00:00\" \/>\n<meta property=\"og:image\" content=\"https:\/\/cdn.pilgrim.es\/web\/caminos\/camino-portugues\/pueblos\/sao-miguel-de-arcos\/puntos-de-interes\/iglesia-sao-miguel-de-arcos.jpg\" \/>\n<meta name=\"twitter:card\" content=\"summary_large_image\" \/>\n<meta name=\"twitter:site\" content=\"@pilgrim_es\" \/>\n<meta name=\"twitter:label1\" content=\"Tempo di lettura stimato\" \/>\n\t<meta name=\"twitter:data1\" content=\"3 minuti\" \/>\n<script type=\"application\/ld+json\" class=\"yoast-schema-graph\">{\"@context\":\"https:\\\/\\\/schema.org\",\"@graph\":[{\"@type\":\"WebPage\",\"@id\":\"https:\\\/\\\/www.pilgrim.es\\\/it\\\/cammino-portoghese\\\/sao-miguel-de-arcos\\\/\",\"url\":\"https:\\\/\\\/www.pilgrim.es\\\/it\\\/cammino-portoghese\\\/sao-miguel-de-arcos\\\/\",\"name\":\"S\u00e3o Miguel de Arcos: Cosa vedere e dove dormire | Cammino di Santiago | Pilgrim\",\"isPartOf\":{\"@id\":\"https:\\\/\\\/www.pilgrim.es\\\/it\\\/#website\"},\"primaryImageOfPage\":{\"@id\":\"https:\\\/\\\/www.pilgrim.es\\\/it\\\/cammino-portoghese\\\/sao-miguel-de-arcos\\\/#primaryimage\"},\"image\":{\"@id\":\"https:\\\/\\\/www.pilgrim.es\\\/it\\\/cammino-portoghese\\\/sao-miguel-de-arcos\\\/#primaryimage\"},\"thumbnailUrl\":\"https:\\\/\\\/cdn.pilgrim.es\\\/web\\\/caminos\\\/camino-portugues\\\/pueblos\\\/sao-miguel-de-arcos\\\/puntos-de-interes\\\/iglesia-sao-miguel-de-arcos.jpg\",\"datePublished\":\"2025-03-28T10:44:27+00:00\",\"dateModified\":\"2025-04-02T11:21:33+00:00\",\"description\":\"S\u00e3o Miguel de Arcos Scopri tutte le informazioni su dove alloggiare, come arrivare, cosa mangiare e sui principali punti di interesse delle localit\u00e0 lungo il Cammino Portoghese.\",\"breadcrumb\":{\"@id\":\"https:\\\/\\\/www.pilgrim.es\\\/it\\\/cammino-portoghese\\\/sao-miguel-de-arcos\\\/#breadcrumb\"},\"inLanguage\":\"it-IT\",\"potentialAction\":[{\"@type\":\"ReadAction\",\"target\":[\"https:\\\/\\\/www.pilgrim.es\\\/it\\\/cammino-portoghese\\\/sao-miguel-de-arcos\\\/\"]}]},{\"@type\":\"ImageObject\",\"inLanguage\":\"it-IT\",\"@id\":\"https:\\\/\\\/www.pilgrim.es\\\/it\\\/cammino-portoghese\\\/sao-miguel-de-arcos\\\/#primaryimage\",\"url\":\"https:\\\/\\\/cdn.pilgrim.es\\\/web\\\/caminos\\\/camino-portugues\\\/pueblos\\\/sao-miguel-de-arcos\\\/puntos-de-interes\\\/iglesia-sao-miguel-de-arcos.jpg\",\"contentUrl\":\"https:\\\/\\\/cdn.pilgrim.es\\\/web\\\/caminos\\\/camino-portugues\\\/pueblos\\\/sao-miguel-de-arcos\\\/puntos-de-interes\\\/iglesia-sao-miguel-de-arcos.jpg\"},{\"@type\":\"BreadcrumbList\",\"@id\":\"https:\\\/\\\/www.pilgrim.es\\\/it\\\/cammino-portoghese\\\/sao-miguel-de-arcos\\\/#breadcrumb\",\"itemListElement\":[{\"@type\":\"ListItem\",\"position\":1,\"name\":\"Camino de Santiago\",\"item\":\"https:\\\/\\\/www.pilgrim.es\\\/it\\\/\"},{\"@type\":\"ListItem\",\"position\":2,\"name\":\"Cammino Portoghese\",\"item\":\"https:\\\/\\\/www.pilgrim.es\\\/it\\\/cammino-portoghese\\\/\"},{\"@type\":\"ListItem\",\"position\":3,\"name\":\"S\u00e3o Miguel de Arcos\"}]},{\"@type\":\"WebSite\",\"@id\":\"https:\\\/\\\/www.pilgrim.es\\\/it\\\/#website\",\"url\":\"https:\\\/\\\/www.pilgrim.es\\\/it\\\/\",\"name\":\"Pilgrim\",\"description\":\"Camino de Santiago | Caminamos Contigo\",\"publisher\":{\"@id\":\"https:\\\/\\\/www.pilgrim.es\\\/it\\\/#organization\"},\"potentialAction\":[{\"@type\":\"SearchAction\",\"target\":{\"@type\":\"EntryPoint\",\"urlTemplate\":\"https:\\\/\\\/www.pilgrim.es\\\/it\\\/?s={search_term_string}\"},\"query-input\":{\"@type\":\"PropertyValueSpecification\",\"valueRequired\":true,\"valueName\":\"search_term_string\"}}],\"inLanguage\":\"it-IT\"},{\"@type\":\"Organization\",\"@id\":\"https:\\\/\\\/www.pilgrim.es\\\/it\\\/#organization\",\"name\":\"Pilgrim Camino de Santiago\",\"url\":\"https:\\\/\\\/www.pilgrim.es\\\/it\\\/\",\"logo\":{\"@type\":\"ImageObject\",\"inLanguage\":\"it-IT\",\"@id\":\"https:\\\/\\\/www.pilgrim.es\\\/it\\\/#\\\/schema\\\/logo\\\/image\\\/\",\"url\":\"https:\\\/\\\/www.pilgrim.es\\\/wp-content\\\/uploads\\\/2019\\\/04\\\/logo_pilgrim.png\",\"contentUrl\":\"https:\\\/\\\/www.pilgrim.es\\\/wp-content\\\/uploads\\\/2019\\\/04\\\/logo_pilgrim.png\",\"width\":512,\"height\":512,\"caption\":\"Pilgrim Camino de Santiago\"},\"image\":{\"@id\":\"https:\\\/\\\/www.pilgrim.es\\\/it\\\/#\\\/schema\\\/logo\\\/image\\\/\"},\"sameAs\":[\"https:\\\/\\\/www.facebook.com\\\/pilgrim.es\\\/\",\"https:\\\/\\\/x.com\\\/pilgrim_es\",\"https:\\\/\\\/www.instagram.com\\\/pilgrim.es\\\/\",\"https:\\\/\\\/www.linkedin.com\\\/company\\\/pilgrim-camino-de-santiago\\\/\",\"https:\\\/\\\/www.pinterest.es\\\/pilgrimcaminodesantiago\\\/\",\"https:\\\/\\\/www.youtube.com\\\/channel\\\/UCIv2ZzFLXVqthkNF32rKedw\\\/featured\"]}]}<\/script>\n<!-- \/ Yoast SEO plugin. -->","yoast_head_json":{"title":"S\u00e3o Miguel de Arcos: Cosa vedere e dove dormire | Cammino di Santiago | Pilgrim","description":"S\u00e3o Miguel de Arcos Scopri tutte le informazioni su dove alloggiare, come arrivare, cosa mangiare e sui principali punti di interesse delle localit\u00e0 lungo il Cammino Portoghese.","robots":{"index":"index","follow":"follow","max-snippet":"max-snippet:-1","max-image-preview":"max-image-preview:large","max-video-preview":"max-video-preview:-1"},"canonical":"https:\/\/www.pilgrim.es\/it\/cammino-portoghese\/sao-miguel-de-arcos\/","og_locale":"it_IT","og_type":"article","og_title":"S\u00e3o Miguel de Arcos: Cosa vedere e dove dormire | Cammino di Santiago | Pilgrim","og_description":"S\u00e3o Miguel de Arcos Scopri tutte le informazioni su dove alloggiare, come arrivare, cosa mangiare e sui principali punti di interesse delle localit\u00e0 lungo il Cammino Portoghese.","og_url":"https:\/\/www.pilgrim.es\/it\/cammino-portoghese\/sao-miguel-de-arcos\/","og_site_name":"Pilgrim","article_publisher":"https:\/\/www.facebook.com\/pilgrim.es\/","article_modified_time":"2025-04-02T11:21:33+00:00","og_image":[{"url":"https:\/\/cdn.pilgrim.es\/web\/caminos\/camino-portugues\/pueblos\/sao-miguel-de-arcos\/puntos-de-interes\/iglesia-sao-miguel-de-arcos.jpg","type":"","width":"","height":""}],"twitter_card":"summary_large_image","twitter_site":"@pilgrim_es","twitter_misc":{"Tempo di lettura stimato":"3 minuti"},"schema":{"@context":"https:\/\/schema.org","@graph":[{"@type":"WebPage","@id":"https:\/\/www.pilgrim.es\/it\/cammino-portoghese\/sao-miguel-de-arcos\/","url":"https:\/\/www.pilgrim.es\/it\/cammino-portoghese\/sao-miguel-de-arcos\/","name":"S\u00e3o Miguel de Arcos: Cosa vedere e dove dormire | Cammino di Santiago | Pilgrim","isPartOf":{"@id":"https:\/\/www.pilgrim.es\/it\/#website"},"primaryImageOfPage":{"@id":"https:\/\/www.pilgrim.es\/it\/cammino-portoghese\/sao-miguel-de-arcos\/#primaryimage"},"image":{"@id":"https:\/\/www.pilgrim.es\/it\/cammino-portoghese\/sao-miguel-de-arcos\/#primaryimage"},"thumbnailUrl":"https:\/\/cdn.pilgrim.es\/web\/caminos\/camino-portugues\/pueblos\/sao-miguel-de-arcos\/puntos-de-interes\/iglesia-sao-miguel-de-arcos.jpg","datePublished":"2025-03-28T10:44:27+00:00","dateModified":"2025-04-02T11:21:33+00:00","description":"S\u00e3o Miguel de Arcos Scopri tutte le informazioni su dove alloggiare, come arrivare, cosa mangiare e sui principali punti di interesse delle localit\u00e0 lungo il Cammino Portoghese.","breadcrumb":{"@id":"https:\/\/www.pilgrim.es\/it\/cammino-portoghese\/sao-miguel-de-arcos\/#breadcrumb"},"inLanguage":"it-IT","potentialAction":[{"@type":"ReadAction","target":["https:\/\/www.pilgrim.es\/it\/cammino-portoghese\/sao-miguel-de-arcos\/"]}]},{"@type":"ImageObject","inLanguage":"it-IT","@id":"https:\/\/www.pilgrim.es\/it\/cammino-portoghese\/sao-miguel-de-arcos\/#primaryimage","url":"https:\/\/cdn.pilgrim.es\/web\/caminos\/camino-portugues\/pueblos\/sao-miguel-de-arcos\/puntos-de-interes\/iglesia-sao-miguel-de-arcos.jpg","contentUrl":"https:\/\/cdn.pilgrim.es\/web\/caminos\/camino-portugues\/pueblos\/sao-miguel-de-arcos\/puntos-de-interes\/iglesia-sao-miguel-de-arcos.jpg"},{"@type":"BreadcrumbList","@id":"https:\/\/www.pilgrim.es\/it\/cammino-portoghese\/sao-miguel-de-arcos\/#breadcrumb","itemListElement":[{"@type":"ListItem","position":1,"name":"Camino de Santiago","item":"https:\/\/www.pilgrim.es\/it\/"},{"@type":"ListItem","position":2,"name":"Cammino Portoghese","item":"https:\/\/www.pilgrim.es\/it\/cammino-portoghese\/"},{"@type":"ListItem","position":3,"name":"S\u00e3o Miguel de Arcos"}]},{"@type":"WebSite","@id":"https:\/\/www.pilgrim.es\/it\/#website","url":"https:\/\/www.pilgrim.es\/it\/","name":"Pilgrim","description":"Camino de Santiago | Caminamos Contigo","publisher":{"@id":"https:\/\/www.pilgrim.es\/it\/#organization"},"potentialAction":[{"@type":"SearchAction","target":{"@type":"EntryPoint","urlTemplate":"https:\/\/www.pilgrim.es\/it\/?s={search_term_string}"},"query-input":{"@type":"PropertyValueSpecification","valueRequired":true,"valueName":"search_term_string"}}],"inLanguage":"it-IT"},{"@type":"Organization","@id":"https:\/\/www.pilgrim.es\/it\/#organization","name":"Pilgrim Camino de Santiago","url":"https:\/\/www.pilgrim.es\/it\/","logo":{"@type":"ImageObject","inLanguage":"it-IT","@id":"https:\/\/www.pilgrim.es\/it\/#\/schema\/logo\/image\/","url":"https:\/\/www.pilgrim.es\/wp-content\/uploads\/2019\/04\/logo_pilgrim.png","contentUrl":"https:\/\/www.pilgrim.es\/wp-content\/uploads\/2019\/04\/logo_pilgrim.png","width":512,"height":512,"caption":"Pilgrim Camino de Santiago"},"image":{"@id":"https:\/\/www.pilgrim.es\/it\/#\/schema\/logo\/image\/"},"sameAs":["https:\/\/www.facebook.com\/pilgrim.es\/","https:\/\/x.com\/pilgrim_es","https:\/\/www.instagram.com\/pilgrim.es\/","https:\/\/www.linkedin.com\/company\/pilgrim-camino-de-santiago\/","https:\/\/www.pinterest.es\/pilgrimcaminodesantiago\/","https:\/\/www.youtube.com\/channel\/UCIv2ZzFLXVqthkNF32rKedw\/featured"]}]}},"_links":{"self":[{"href":"https:\/\/www.pilgrim.es\/it\/wp-json\/wp\/v2\/pages\/98001","targetHints":{"allow":["GET"]}}],"collection":[{"href":"https:\/\/www.pilgrim.es\/it\/wp-json\/wp\/v2\/pages"}],"about":[{"href":"https:\/\/www.pilgrim.es\/it\/wp-json\/wp\/v2\/types\/page"}],"author":[{"embeddable":true,"href":"https:\/\/www.pilgrim.es\/it\/wp-json\/wp\/v2\/users\/4"}],"replies":[{"embeddable":true,"href":"https:\/\/www.pilgrim.es\/it\/wp-json\/wp\/v2\/comments?post=98001"}],"version-history":[{"count":13,"href":"https:\/\/www.pilgrim.es\/it\/wp-json\/wp\/v2\/pages\/98001\/revisions"}],"predecessor-version":[{"id":123405,"href":"https:\/\/www.pilgrim.es\/it\/wp-json\/wp\/v2\/pages\/98001\/revisions\/123405"}],"up":[{"embeddable":true,"href":"https:\/\/www.pilgrim.es\/it\/wp-json\/wp\/v2\/pages\/10770"}],"wp:attachment":[{"href":"https:\/\/www.pilgrim.es\/it\/wp-json\/wp\/v2\/media?parent=98001"}],"wp:term":[{"taxonomy":"category","embeddable":true,"href":"https:\/\/www.pilgrim.es\/it\/wp-json\/wp\/v2\/categories?post=98001"},{"taxonomy":"post_tag","embeddable":true,"href":"https:\/\/www.pilgrim.es\/it\/wp-json\/wp\/v2\/tags?post=98001"}],"curies":[{"name":"wp","href":"https:\/\/api.w.org\/{rel}","templated":true}]}}