{"id":91564,"date":"2025-03-17T16:17:02","date_gmt":"2025-03-17T16:17:02","guid":{"rendered":"https:\/\/www.pilgrim.es\/via-plata\/benavente\/"},"modified":"2025-10-09T12:58:01","modified_gmt":"2025-10-09T12:58:01","slug":"benavente","status":"publish","type":"page","link":"https:\/\/www.pilgrim.es\/it\/via-plata\/benavente\/","title":{"rendered":"Benavente"},"content":{"rendered":"\n<section id=\"hero\">\n\t<h1>Benavente<\/h1>\n\t<div class=\"hero-grid\">\n\t\t<div class=\"hero-grid__town-col\" data-background=\"https:\/\/cdn.pilgrim.es\/web\/caminos\/via-de-la-plata\/pueblos\/benavente.jpg\">\n\t\t\t<div>\n\t\t\t\t<a class=\"link-to-stage\" href=\"https:\/\/www.pilgrim.es\/via-plata\/etapa-24-granja-de-moreruela-benavente\/\">\n\t\t\t\t\t<p>&#8249; Ritorno al palcoscenico<\/p>\n\t\t\t\t<\/a>\n\n\t\t\t\t<div class=\"town-data\">\n\t\t\t\t\t<h2>Benavente<\/h2>\n\t\t\t\t\t<ul>\n\t\t\t\t\t\t<li>Abitanti: 18.879 aprox.<\/li>\n\t\t\t\t\t\t<li>Provincia: Zamora<\/li>\n\t\t\t\t\t<\/ul>\n\t\t\t\t<\/div>\n\t\t\t<\/div>\n\t\t<\/div>\n\t\t<div class=\"hero-grid__planner-col\"><div\r\n  class=\"p-col-span-1 p-rounded-lg p-px-5 p-h-full\"\r\n  style=\"background-image: url('https:\/\/cdn.pilgrim.es\/web\/pilgrim-planner\/bg-plugin-planificador.webp')\"\r\n  rel=\"preload\"\r\n  fetchpriority=\"high\"\r\n  >\r\n    <div class=\"p-text-center p-pt-5 p-text-white p-text-2xl p-font-semibold\">\r\n      Pianifica il tuo cammino    <\/div>\r\n    <div\r\n            id='primary-app'\r\n            data-name='banner'\r\n            data-api='https:\/\/pathfinder.pilgrim.es\/api\/pathfinder\/v2'\r\n            data-mode='normal'\r\n            data-lang='it'\r\n            data-route='1'\r\n            data-destiny='https:\/\/planificador.pilgrim.es'\r\n            data-modality='1'\r\n            data-inline=''\r\n        ><\/div><\/div><\/div>\n\t<\/div>\n<\/section>\n\n<section id=\"infoTown\">\n\t<div class=\"sections-town\">\n\n\t\t<div id=\"informationSection\">\n\t\t\t<div>\n\t\t\t\t<h2 class=\"p-h2-town\">Informazioni<\/h2>\n\t\t\t\t<hr>\n\t\t\t\t<h3 class=\"p-h3-town\">Get to know Benavente<\/h3>\n\t\t\t<\/div>\n\t\t\t<p>La citt\u00e0 di Benavente \u00e8 stata un crocevia strategico fin dall&#8217;antichit\u00e0, il Cammino d&#8217;Argento e il Cammino Mozarabico passano per la citt\u00e0, cos\u00ec che i pellegrini che si fermano qui avranno tutti i servizi di cui hanno bisogno ma, inoltre, troveranno nuovi compagni nel loro viaggio verso Santiago.<\/p> <p>Al momento, la citt\u00e0 \u00e8 ancora considerata il principale punto di comunicazione nel nord-ovest della penisola.\n\t\t<\/div>\n\n\t\t<div id=\"locationSection\">\n\t\t\t<div>\n\t\t\t\t<h2 class=\"p-h2-town\">Posizione<\/h2>\n\t\t\t\t<hr>\n\t\t\t\t<h3 class=\"p-h3-town\">Come arrivare<\/h3>\n\t\t\t<\/div>\n\t\t\t<p>Il modo principale per arrivare a Benavente \u00e8 la strada, la citt\u00e0 \u00e8 molto ben collegata con le principali citt\u00e0 spagnole, le autostrade A-66, A-6 e A-52 passano attraverso la citt\u00e0, quindi la citt\u00e0 \u00e8 direttamente collegata con Vigo, A Coru\u00f1a, Madrid, Siviglia e Gij\u00f3n.<\/p> <p>Il modo principale per arrivare a Benavente \u00e8 la strada, la citt\u00e0 \u00e8 molto ben collegata con le principali citt\u00e0 spagnole.\n\n<p>Ha anche una stazione degli autobus che offre linee regolari intorno a Benavente e ad alcune citt\u00e0 spagnole. Ma ci\u00f2 che \u00e8 veramente importante \u00e8 la stazione ferroviaria, che ha un numero molto elevato di collegamenti ferroviari con citt\u00e0 spagnole e straniere, come Svizzera, Germania, Belgio, Olanda, Francia, ecc.<\/p> <p>.\n\t\t\t<div>\n\t\t\t\t<div>\n  <iframe loading=\"lazy\"\n    src=\"https:\/\/www.google.com\/maps\/d\/embed?mid=1ZVfq6yQEIC4eTXTlbGjU9_zbL9B3HSk&amp;ehbc=2E312F\"\n    width=\"640\"\n    height=\"480\"\n    alt=\"Mapa Benavente\"\n  ><\/iframe>\n<\/div>\n\n\t\t\t<\/div>\n\t\t<\/div>\n\n\t\t\n\t\t\t<div id=\"toVisitSection\">\n\t\t\t\t<div>\n\t\t\t\t\t<h2 class=\"p-h2-town\">Storia \/ Cultura<\/h2>\n\t\t\t\t\t<hr>\n\t\t\t\t\t<h3 class=\"p-h3-town\">Cosa vedere<\/h3>\n\t\t\t\t<\/div>\n\t\t\t\t<div>\n\t\t\t\t\t<div class=\"accordion\">\n\t\t\t\t\t\t<div class=\"accordion__menu\">\n\t\t\t\t\t\t\t<nav>\n\t\t\t\t\t\t\t\t\n\t\t\t\t\t\t\t\t\t<button class=\"nav-tab-accordion active\"><span>&#10093;<\/span><span> Palacio de los Condes de Patilla<\/span><\/button>\n\t\t\t\t\t\t\t\t\n\t\t\t\t\t\t\t\t\t<button class=\"nav-tab-accordion \"><span>&#10093;<\/span><span> Torre de Caracol o Castillo de la Mota<\/span><\/button>\n\t\t\t\t\t\t\t\t\n\t\t\t\t\t\t\t\t\t<button class=\"nav-tab-accordion \"><span>&#10093;<\/span><span> Santa Mar\u00eda del Carmen de Renueva<\/span><\/button>\n\t\t\t\t\t\t\t\t\n\t\t\t\t\t\t\t\t\t<button class=\"nav-tab-accordion \"><span>&#10093;<\/span><span> Puente Medieval Sobre el Esla<\/span><\/button>\n\t\t\t\t\t\t\t\t\n\t\t\t\t\t\t\t\t\t<button class=\"nav-tab-accordion \"><span>&#10093;<\/span><span> Parque de la Pradera<\/span><\/button>\n\t\t\t\t\t\t\t\t\n\t\t\t\t\t\t\t\t\t<button class=\"nav-tab-accordion \"><span>&#10093;<\/span><span> Museo de Semana Santa<\/span><\/button>\n\t\t\t\t\t\t\t\t\n\t\t\t\t\t\t\t\t\t<button class=\"nav-tab-accordion \"><span>&#10093;<\/span><span> Monasterio Cisterciense de San Salvador<\/span><\/button>\n\t\t\t\t\t\t\t\t\n\t\t\t\t\t\t\t\t\t<button class=\"nav-tab-accordion \"><span>&#10093;<\/span><span> Plaza Mayor<\/span><\/button>\n\t\t\t\t\t\t\t\t\n\t\t\t\t\t\t\t\t\t<button class=\"nav-tab-accordion \"><span>&#10093;<\/span><span> Jardines de la Rosaleda<\/span><\/button>\n\t\t\t\t\t\t\t\t\n\t\t\t\t\t\t\t\t\t<button class=\"nav-tab-accordion \"><span>&#10093;<\/span><span> Jardines de la Mota<\/span><\/button>\n\t\t\t\t\t\t\t\t\n\t\t\t\t\t\t\t\t\t<button class=\"nav-tab-accordion \"><span>&#10093;<\/span><span> Iglesia de Santiago<\/span><\/button>\n\t\t\t\t\t\t\t\t\n\t\t\t\t\t\t\t\t\t<button class=\"nav-tab-accordion \"><span>&#10093;<\/span><span> Iglesia de Santa Mar\u00eda de Azogue<\/span><\/button>\n\t\t\t\t\t\t\t\t\n\t\t\t\t\t\t\t\t\t<button class=\"nav-tab-accordion \"><span>&#10093;<\/span><span> Iglesia de San Juan del Mercado<\/span><\/button>\n\t\t\t\t\t\t\t\t\n\t\t\t\t\t\t\t\t\t<button class=\"nav-tab-accordion \"><span>&#10093;<\/span><span> Hospital de Peregrinos de la Piedad<\/span><\/button>\n\t\t\t\t\t\t\t\t\n\t\t\t\t\t\t\t\t\t<button class=\"nav-tab-accordion \"><span>&#10093;<\/span><span> Gran Teatro Reina Sof\u00eda<\/span><\/button>\n\t\t\t\t\t\t\t\t\n\t\t\t\t\t\t\t\t\t<button class=\"nav-tab-accordion \"><span>&#10093;<\/span><span> Espada\u00f1a de la Ermita de San L\u00e1zaro<\/span><\/button>\n\t\t\t\t\t\t\t\t\n\t\t\t\t\t\t\t\t\t<button class=\"nav-tab-accordion \"><span>&#10093;<\/span><span> Centro de Interpretaci\u00f3n de los R\u00edos<\/span><\/button>\n\t\t\t\t\t\t\t\t\n\t\t\t\t\t\t\t\t\t<button class=\"nav-tab-accordion \"><span>&#10093;<\/span><span> Arco del Puente del Jard\u00edn<\/span><\/button>\n\t\t\t\t\t\t\t\t\n\t\t\t\t\t\t\t\t\t<button class=\"nav-tab-accordion \"><span>&#10093;<\/span><span> Ermita de la Soledad<\/span><\/button>\n\t\t\t\t\t\t\t\t\n\t\t\t\t\t\t\t\t\t<button class=\"nav-tab-accordion \"><span>&#10093;<\/span><span> Casa Ramos<\/span><\/button>\n\t\t\t\t\t\t\t\t\n\t\t\t\t\t\t\t\t\t<button class=\"nav-tab-accordion \"><span>&#10093;<\/span><span> Casa del Cervato<\/span><\/button>\n\t\t\t\t\t\t\t\t\n\t\t\t\t\t\t\t\t\t<button class=\"nav-tab-accordion \"><span>&#10093;<\/span><span> Casa de Soledad Gonz\u00e1lez<\/span><\/button>\n\t\t\t\t\t\t\t\t\n\t\t\t\t\t\t\t\t\t<button class=\"nav-tab-accordion \"><span>&#10093;<\/span><span> Casa de Manuel Grande<\/span><\/button>\n\t\t\t\t\t\t\t\t\n\t\t\t\t\t\t\t\t\t<button class=\"nav-tab-accordion \"><span>&#10093;<\/span><span> Casa de la Cultura de la Encomienda<\/span><\/button>\n\t\t\t\t\t\t\t\t\n\t\t\t\t\t\t\t\t\t<button class=\"nav-tab-accordion \"><span>&#10093;<\/span><span> Casa Barrios<\/span><\/button>\n\t\t\t\t\t\t\t\t\n\t\t\t\t\t\t\t\t\t<button class=\"nav-tab-accordion \"><span>&#10093;<\/span><span> Capilla San Vicente de Paul<\/span><\/button>\n\t\t\t\t\t\t\t\t\n\t\t\t\t\t\t\t<\/nav>\n\t\t\t\t\t\t<\/div>\n\n\t\t\t\t\t\t\n\t\t\t\t\t\t\t<div class=\"accordion__accordion-content \">\n\t\t\t\t\t\t\t\t<div>\n\t\t\t\t\t\t\t\t\t<div>\n\t\t\t\t\t\t\t\t\t\t<h4>Palacio de los Condes de Patilla<\/h4>\n\t\t\t\t\t\t\t\t\t\t<p>Questa magnifica casa colonica fu eretta a met\u00e0 del XIX secolo sul sito di una casa di propriet\u00e0 della famiglia Pimentel (conti di Benavente).<\/p> <p>Questa magnifica casa colonica fu costruita a met\u00e0 del XIX secolo sul sito di una casa di propriet\u00e0 della famiglia Pimentel (conti di Benavente).\n\t\t\t\t\t\t\t\t\t<\/div>\n\t\t\t\t\t\t\t\t\t<img decoding=\"async\" src=\"https:\/\/cdn.pilgrim.es\/web\/caminos\/via-de-la-plata\/pueblos\/benavente\/puntos-de-interes\/palacio-de-los-condes-de-patilla.jpg\" alt=\"Palacio de los Condes de Patilla\">\n\t\t\t\t\t\t\t\t<\/div>\n\t\t\t\t\t\t\t<\/div>\n\t\t\t\t\t\t\n\t\t\t\t\t\t\t<div class=\"accordion__accordion-content inactive\">\n\t\t\t\t\t\t\t\t<div>\n\t\t\t\t\t\t\t\t\t<div>\n\t\t\t\t\t\t\t\t\t\t<h4>Torre de Caracol o Castillo de la Mota<\/h4>\n\t\t\t\t\t\t\t\t\t\t<p>Questo magnifico castello risale a dopo il ripopolamento di Fernando II nel XII secolo. All&#8217;epoca in cui la citt\u00e0 era sotto il controllo della famiglia Pimentel, serviva come residenza dei conti. Come tutti gli edifici dell&#8217;epoca, sub\u00ec importanti modifiche fino all&#8217;inizio del XIX secolo, quando i francesi devastarono il luogo e incendiarono l&#8217;intero castello.  Infine, grazie agli sforzi dei cittadini e dello Stato, questo edificio storico \u00e8 stato restaurato e trasformato in Parador Nacional de Turismo.\n\t\t\t\t\t\t\t\t\t<\/div>\n\t\t\t\t\t\t\t\t\t<img decoding=\"async\" src=\"https:\/\/cdn.pilgrim.es\/web\/caminos\/via-de-la-plata\/pueblos\/benavente\/puntos-de-interes\/torre-de-caracol-o-castillo-de-la-mota.jpg\" alt=\"Torre de Caracol o Castillo de la Mota\">\n\t\t\t\t\t\t\t\t<\/div>\n\t\t\t\t\t\t\t<\/div>\n\t\t\t\t\t\t\n\t\t\t\t\t\t\t<div class=\"accordion__accordion-content inactive\">\n\t\t\t\t\t\t\t\t<div>\n\t\t\t\t\t\t\t\t\t<div>\n\t\t\t\t\t\t\t\t\t\t<h4>Santa Mar\u00eda del Carmen de Renueva<\/h4>\n\t\t\t\t\t\t\t\t\t\t<p>Questo bellissimo tempio di recente costruzione inizi\u00f2 a essere edificato nel 1930 sotto il mandato di Don Juli\u00e1n Fern\u00e1ndez. Solo pochi anni dopo, egli mor\u00ec, lasciando l&#8217;intero progetto fermo fino al 1965. Da quel momento, Don Jos\u00e9 Mu\u00f1oz Mi\u00f1ambres fu nominato nuovo parroco della citt\u00e0 e decise di riprendere i lavori. Tre anni dopo, la nuova chiesa fu inaugurata il 16 luglio, festa della Virgen del Carmen.\n\t\t\t\t\t\t\t\t\t<\/div>\n\t\t\t\t\t\t\t\t\t<img decoding=\"async\" src=\"https:\/\/cdn.pilgrim.es\/web\/caminos\/via-de-la-plata\/pueblos\/benavente\/puntos-de-interes\/santa-maria-del-carmen-de-renueva.jpg\" alt=\"Santa Mar\u00eda del Carmen de Renueva\">\n\t\t\t\t\t\t\t\t<\/div>\n\t\t\t\t\t\t\t<\/div>\n\t\t\t\t\t\t\n\t\t\t\t\t\t\t<div class=\"accordion__accordion-content inactive\">\n\t\t\t\t\t\t\t\t<div>\n\t\t\t\t\t\t\t\t\t<div>\n\t\t\t\t\t\t\t\t\t\t<h4>Puente Medieval Sobre el Esla<\/h4>\n\t\t\t\t\t\t\t\t\t\t<p>Questo bellissimo ponte medievale unisce le due sponde del fiume Esla. Sebbene sia stato ricostruito in numerose occasioni, conserva ancora lo stesso impianto medievale. La costruzione originale consisteva in quattro ponti con tre prati intermedi disposti in modo da proteggere il letto del fiume Esla. <\/p>\n\t\t\t\t\t\t\t\t\t<\/div>\n\t\t\t\t\t\t\t\t\t<img decoding=\"async\" src=\"https:\/\/cdn.pilgrim.es\/web\/caminos\/via-de-la-plata\/pueblos\/benavente\/puntos-de-interes\/puente-medieval-sobre-el-esla.jpg\" alt=\"Puente Medieval Sobre el Esla\">\n\t\t\t\t\t\t\t\t<\/div>\n\t\t\t\t\t\t\t<\/div>\n\t\t\t\t\t\t\n\t\t\t\t\t\t\t<div class=\"accordion__accordion-content inactive\">\n\t\t\t\t\t\t\t\t<div>\n\t\t\t\t\t\t\t\t\t<div>\n\t\t\t\t\t\t\t\t\t\t<h4>Parque de la Pradera<\/h4>\n\t\t\t\t\t\t\t\t\t\t<p>Questo magnifico spazio naturale \u00e8 ricco di piccoli ruscelli con alcuni stagni intermedi. Un po&#8217; pi\u00f9 lontano si trova il famoso &#8220;Merendero de la Fuente Mineral&#8221;, in un ambiente meraviglioso circondato da splendidi castagni. Nelle vicinanze si trovano il Parque de Entreca\u00f1os, l&#8217;Isla de las Pavas e il Merendero de la Estaci\u00f3n, tutti e tre luoghi perfetti per riposare e rilassarsi all&#8217;aria aperta.\n\t\t\t\t\t\t\t\t\t<\/div>\n\t\t\t\t\t\t\t\t\t<img decoding=\"async\" src=\"https:\/\/cdn.pilgrim.es\/web\/caminos\/via-de-la-plata\/pueblos\/benavente\/puntos-de-interes\/parque-de-la-pradera.jpg\" alt=\"Parque de la Pradera\">\n\t\t\t\t\t\t\t\t<\/div>\n\t\t\t\t\t\t\t<\/div>\n\t\t\t\t\t\t\n\t\t\t\t\t\t\t<div class=\"accordion__accordion-content inactive\">\n\t\t\t\t\t\t\t\t<div>\n\t\t\t\t\t\t\t\t\t<div>\n\t\t\t\t\t\t\t\t\t\t<h4>Museo de Semana Santa<\/h4>\n\t\t\t\t\t\t\t\t\t\t<p>Questo museo si trova nella Ermita de la Soledad. Si tratta di un edificio del XVI secolo, che inizialmente serviva come sede delle confraternite del Santo Entierro e di Santa Vera Cruz, finch\u00e9 non si decise di trasformarlo in un museo. La mostra contiene elementi che fanno parte del patrimonio della Settimana di Pasqua di Benavente.\n\t\t\t\t\t\t\t\t\t<\/div>\n\t\t\t\t\t\t\t\t\t<img decoding=\"async\" src=\"https:\/\/cdn.pilgrim.es\/web\/caminos\/via-de-la-plata\/pueblos\/benavente\/puntos-de-interes\/museo-de-semana-santa.jpg\" alt=\"Museo de Semana Santa\">\n\t\t\t\t\t\t\t\t<\/div>\n\t\t\t\t\t\t\t<\/div>\n\t\t\t\t\t\t\n\t\t\t\t\t\t\t<div class=\"accordion__accordion-content inactive\">\n\t\t\t\t\t\t\t\t<div>\n\t\t\t\t\t\t\t\t\t<div>\n\t\t\t\t\t\t\t\t\t\t<h4>Monasterio Cisterciense de San Salvador<\/h4>\n\t\t\t\t\t\t\t\t\t\t<p>Questo magnifico tempio fondato nel 1181 \u00e8 comunemente conosciuto come Monastero di Santa Colomba. Ha funzionato fino a dopo il 1976 come sede dell&#8217;Ordine cistercense di San Salvador de Benavente. Avendo subito diverse ricostruzioni nel corso degli anni, attualmente conserva solo alcuni elementi dell&#8217;edificio originale.\n\t\t\t\t\t\t\t\t\t<\/div>\n\t\t\t\t\t\t\t\t\t<img decoding=\"async\" src=\"https:\/\/cdn.pilgrim.es\/web\/caminos\/via-de-la-plata\/pueblos\/benavente\/puntos-de-interes\/monasterio-cisterciense-de-san-salvador.jpg\" alt=\"Monasterio Cisterciense de San Salvador\">\n\t\t\t\t\t\t\t\t<\/div>\n\t\t\t\t\t\t\t<\/div>\n\t\t\t\t\t\t\n\t\t\t\t\t\t\t<div class=\"accordion__accordion-content inactive\">\n\t\t\t\t\t\t\t\t<div>\n\t\t\t\t\t\t\t\t\t<div>\n\t\t\t\t\t\t\t\t\t\t<h4>Plaza Mayor<\/h4>\n\t\t\t\t\t\t\t\t\t\t<p>Questa magnifica piazza si trova nel centro della citt\u00e0. \u00c8 il punto di incontro degli abitanti di Benavente, dove si svolgono le feste e gli eventi pi\u00f9 importanti della citt\u00e0. Tra questi, la festa della Veguilla, il Toro Enmaromad e gli inizi delle feste. Inoltre, intorno ad essa si trova la zona commerciale, con molte strade pedonali e ricca di locali. <\/p>\n\t\t\t\t\t\t\t\t\t<\/div>\n\t\t\t\t\t\t\t\t\t<img decoding=\"async\" src=\"https:\/\/cdn.pilgrim.es\/web\/caminos\/via-de-la-plata\/pueblos\/benavente\/puntos-de-interes\/plaza-mayor.jpg\" alt=\"Plaza Mayor\">\n\t\t\t\t\t\t\t\t<\/div>\n\t\t\t\t\t\t\t<\/div>\n\t\t\t\t\t\t\n\t\t\t\t\t\t\t<div class=\"accordion__accordion-content inactive\">\n\t\t\t\t\t\t\t\t<div>\n\t\t\t\t\t\t\t\t\t<div>\n\t\t\t\t\t\t\t\t\t\t<h4>Jardines de la Rosaleda<\/h4>\n\t\t\t\t\t\t\t\t\t\t<p>Questo magnifico spazio naturale conosciuto come &#8220;Jardines de La Rosaleda&#8221; si trova molto vicino al Parador de Turismo della citt\u00e0. Come suggerisce il nome, \u00e8 pieno di rose e altri fiori, perfetto per passeggiare respirando tranquillit\u00e0 da tutti e quattro i lati. <\/p>\n\t\t\t\t\t\t\t\t\t<\/div>\n\t\t\t\t\t\t\t\t\t<img decoding=\"async\" src=\"https:\/\/cdn.pilgrim.es\/web\/caminos\/via-de-la-plata\/pueblos\/benavente\/puntos-de-interes\/jardines-de-la-rosaleda.jpg\" alt=\"Jardines de la Rosaleda\">\n\t\t\t\t\t\t\t\t<\/div>\n\t\t\t\t\t\t\t<\/div>\n\t\t\t\t\t\t\n\t\t\t\t\t\t\t<div class=\"accordion__accordion-content inactive\">\n\t\t\t\t\t\t\t\t<div>\n\t\t\t\t\t\t\t\t\t<div>\n\t\t\t\t\t\t\t\t\t\t<h4>Jardines de la Mota<\/h4>\n\t\t\t\t\t\t\t\t\t\t<p>Questo bellissimo giardino, frequentato da tutti i benventani, \u00e8 uno degli spazi naturali della citt\u00e0. Si chiama cos\u00ec perch\u00e9 si trova sul sito di un antico palazzo-castello. Il parco, ricco di vegetazione e sentieri, offre una bella vista sulle rive dei fiumi \u00d3rbigo ed Esla. C&#8217;\u00e8 anche un chiosco con percorsi che ricordano un labirinto. <\/p>\n\t\t\t\t\t\t\t\t\t<\/div>\n\t\t\t\t\t\t\t\t\t<img decoding=\"async\" src=\"https:\/\/cdn.pilgrim.es\/web\/caminos\/via-de-la-plata\/pueblos\/benavente\/puntos-de-interes\/jardines-de-la-mota.jpg\" alt=\"Jardines de la Mota\">\n\t\t\t\t\t\t\t\t<\/div>\n\t\t\t\t\t\t\t<\/div>\n\t\t\t\t\t\t\n\t\t\t\t\t\t\t<div class=\"accordion__accordion-content inactive\">\n\t\t\t\t\t\t\t\t<div>\n\t\t\t\t\t\t\t\t\t<div>\n\t\t\t\t\t\t\t\t\t\t<h4>Iglesia de Santiago<\/h4>\n\t\t\t\t\t\t\t\t\t\t<p>In occasione del passaggio del Cammino di Santiago attraverso la citt\u00e0 di Benavente, si decise di creare un tempio per il culto di San Giacomo, che si distingue per la sua accurata decorazione con motivi giacobei. All&#8217;interno di questo tempio troviamo bellissime vetrate decorate con cura e una scultura moderna, molto in linea con lo stile generale del tempio.\n\t\t\t\t\t\t\t\t\t<\/div>\n\t\t\t\t\t\t\t\t\t<img decoding=\"async\" src=\"https:\/\/cdn.pilgrim.es\/web\/caminos\/via-de-la-plata\/pueblos\/benavente\/puntos-de-interes\/iglesia-de-santiago.jpg\" alt=\"Iglesia de Santiago\">\n\t\t\t\t\t\t\t\t<\/div>\n\t\t\t\t\t\t\t<\/div>\n\t\t\t\t\t\t\n\t\t\t\t\t\t\t<div class=\"accordion__accordion-content inactive\">\n\t\t\t\t\t\t\t\t<div>\n\t\t\t\t\t\t\t\t\t<div>\n\t\t\t\t\t\t\t\t\t\t<h4>Iglesia de Santa Mar\u00eda de Azogue<\/h4>\n\t\t\t\t\t\t\t\t\t\t<p> \u00c8 uno dei templi pi\u00f9 importanti di Benavente ed \u00e8 senza dubbio l&#8217;immagine pi\u00f9 rappresentativa di questa citt\u00e0. Costruito nel 1180, deve il suo nome a una parola araba che significa &#8220;mercato&#8221;, poich\u00e9 questo si svilupp\u00f2 nelle vicinanze per tutto il Medioevo. Conserva ancora molti elementi dell&#8217;epoca, come la pianta, il chevet, cinque absidi semicircolari e due porte.\n\t\t\t\t\t\t\t\t\t<\/div>\n\t\t\t\t\t\t\t\t\t<img decoding=\"async\" src=\"https:\/\/cdn.pilgrim.es\/web\/caminos\/via-de-la-plata\/pueblos\/benavente\/puntos-de-interes\/iglesia-de-santa-maria-de-azogue.jpg\" alt=\"Iglesia de Santa Mar\u00eda de Azogue\">\n\t\t\t\t\t\t\t\t<\/div>\n\t\t\t\t\t\t\t<\/div>\n\t\t\t\t\t\t\n\t\t\t\t\t\t\t<div class=\"accordion__accordion-content inactive\">\n\t\t\t\t\t\t\t\t<div>\n\t\t\t\t\t\t\t\t\t<div>\n\t\t\t\t\t\t\t\t\t\t<h4>Iglesia de San Juan del Mercado<\/h4>\n\t\t\t\t\t\t\t\t\t\t<p>La costruzione di questo magnifico tempio inizi\u00f2 nel 1181 per ordine di Do\u00f1a Eldoncia e fu finanziata dall&#8217;Ordine dell&#8217;Ospedale San Juan, da cui il santo che venera. <\/p>\n\n<p>Lo stile predominante \u00e8 il romanico, strutturato in tre navate con un ampio transetto e un chevet decorato con tre piccole absidi semicircolari. Questo grande tempio non ha altro che tre imponenti portali romanici con una bella iconografia sotto un arco a sesto acuto <\/p> <p>.\n\t\t\t\t\t\t\t\t\t<\/div>\n\t\t\t\t\t\t\t\t\t<img decoding=\"async\" src=\"https:\/\/cdn.pilgrim.es\/web\/caminos\/via-de-la-plata\/pueblos\/benavente\/puntos-de-interes\/iglesia-de-san-juan-del-mercado.jpg\" alt=\"Iglesia de San Juan del Mercado\">\n\t\t\t\t\t\t\t\t<\/div>\n\t\t\t\t\t\t\t<\/div>\n\t\t\t\t\t\t\n\t\t\t\t\t\t\t<div class=\"accordion__accordion-content inactive\">\n\t\t\t\t\t\t\t\t<div>\n\t\t\t\t\t\t\t\t\t<div>\n\t\t\t\t\t\t\t\t\t\t<h4>Hospital de Peregrinos de la Piedad<\/h4>\n\t\t\t\t\t\t\t\t\t\t<p>La sua funzione principale era quella di accogliere i pellegrini del Cammino di Santiago de Compostela. Risale al XVI secolo e si distingue per il suo frontespizio rinascimentale, composto da alcuni elementi gotici come un magnifico arco semicircolare incorniciato da un alfiz con ornamenti vegetali.  Vi \u00e8 un altorilievo della Piet\u00e0, coronato dalla conchiglia giacobea. All&#8217;interno dell&#8217;ospedale si trova un cortile interno circondato da grandi finestre, attraverso il quale si accede alla cappella dell&#8217;ospedale.\n\t\t\t\t\t\t\t\t\t<\/div>\n\t\t\t\t\t\t\t\t\t<img decoding=\"async\" src=\"https:\/\/cdn.pilgrim.es\/web\/caminos\/via-de-la-plata\/pueblos\/benavente\/puntos-de-interes\/hospital-de-peregrinos-de-la-piedad.jpg\" alt=\"Hospital de Peregrinos de la Piedad\">\n\t\t\t\t\t\t\t\t<\/div>\n\t\t\t\t\t\t\t<\/div>\n\t\t\t\t\t\t\n\t\t\t\t\t\t\t<div class=\"accordion__accordion-content inactive\">\n\t\t\t\t\t\t\t\t<div>\n\t\t\t\t\t\t\t\t\t<div>\n\t\t\t\t\t\t\t\t\t\t<h4>Gran Teatro Reina Sof\u00eda<\/h4>\n\t\t\t\t\t\t\t\t\t\t<p>Si tratta di un bell&#8217;edificio eretto nel 1928 dall&#8217;architetto Antonio Garc\u00eda S\u00e1nchez-Blanco per sostituire il vecchio Teatro del Jardinillo. Una delle sue sale, nota come &#8220;Gran Teatro&#8221;, fu costruita su alcune parti di quello che un tempo era il Convento di Santo Domingo, dismesso da tempo.<\/p> <p>Si tratta di un bellissimo edificio eretto nel 1928 dall&#8217;architetto Antonio Garc\u00eda S\u00e1nchez-Blanco per sostituire il vecchio Teatro del Jardinillo.\n\t\t\t\t\t\t\t\t\t<\/div>\n\t\t\t\t\t\t\t\t\t<img decoding=\"async\" src=\"https:\/\/cdn.pilgrim.es\/web\/caminos\/via-de-la-plata\/pueblos\/benavente\/puntos-de-interes\/gran-teatro-reina-sofia.jpg\" alt=\"Gran Teatro Reina Sof\u00eda\">\n\t\t\t\t\t\t\t\t<\/div>\n\t\t\t\t\t\t\t<\/div>\n\t\t\t\t\t\t\n\t\t\t\t\t\t\t<div class=\"accordion__accordion-content inactive\">\n\t\t\t\t\t\t\t\t<div>\n\t\t\t\t\t\t\t\t\t<div>\n\t\t\t\t\t\t\t\t\t\t<h4>Espada\u00f1a de la Ermita de San L\u00e1zaro<\/h4>\n\t\t\t\t\t\t\t\t\t\t<p>Purtroppo questo \u00e8 l&#8217;unico resto che \u00e8 stato possibile recuperare dell&#8217;antico eremo di San L\u00e1zaro, popolarmente conosciuto con il nome di El Calvario. Inizialmente la sua funzione principale era quella di ospitare un antico lazzaretto o ostello, in cui venivano ospitate le persone affette da qualche malattia contagiosa.\n\t\t\t\t\t\t\t\t\t<\/div>\n\t\t\t\t\t\t\t\t\t<img decoding=\"async\" src=\"https:\/\/cdn.pilgrim.es\/web\/caminos\/via-de-la-plata\/pueblos\/benavente\/puntos-de-interes\/espadana-de-la-ermita-de-san-lazaro.jpg\" alt=\"Espada\u00f1a de la Ermita de San L\u00e1zaro\">\n\t\t\t\t\t\t\t\t<\/div>\n\t\t\t\t\t\t\t<\/div>\n\t\t\t\t\t\t\n\t\t\t\t\t\t\t<div class=\"accordion__accordion-content inactive\">\n\t\t\t\t\t\t\t\t<div>\n\t\t\t\t\t\t\t\t\t<div>\n\t\t\t\t\t\t\t\t\t\t<h4>Centro de Interpretaci\u00f3n de los R\u00edos<\/h4>\n\t\t\t\t\t\t\t\t\t\t<p>Questo innovativo centro di interpretazione \u00e8 stato inaugurato nel 2010 con l&#8217;intento di spiegare le ragioni e le caratteristiche dei corsi d&#8217;acqua della regione. L&#8217;edificio in cui si trova \u00e8 di recente costruzione ed \u00e8 suddiviso in un magnifico piano, a sua volta suddiviso in sette sale, cinque con esposizioni e due di supporto all&#8217;attivit\u00e0.\n\t\t\t\t\t\t\t\t\t<\/div>\n\t\t\t\t\t\t\t\t\t<img decoding=\"async\" src=\"https:\/\/cdn.pilgrim.es\/web\/caminos\/via-de-la-plata\/pueblos\/benavente\/puntos-de-interes\/centro-de-interpretacion-de-los-rios.jpg\" alt=\"Centro de Interpretaci\u00f3n de los R\u00edos\">\n\t\t\t\t\t\t\t\t<\/div>\n\t\t\t\t\t\t\t<\/div>\n\t\t\t\t\t\t\n\t\t\t\t\t\t\t<div class=\"accordion__accordion-content inactive\">\n\t\t\t\t\t\t\t\t<div>\n\t\t\t\t\t\t\t\t\t<div>\n\t\t\t\t\t\t\t\t\t\t<h4>Arco del Puente del Jard\u00edn<\/h4>\n\t\t\t\t\t\t\t\t\t\t<p>Si trova nel Parco Entreca\u00f1os, vicino al Canale di Sorribas.  Attualmente \u00e8 l&#8217;unico elemento ancora in piedi di quello che era un antico ponte medievale, che collegava il canale di Sorribas. Fu eretto nel XIII secolo e aveva fino a cinque arcate. <\/p>\n\t\t\t\t\t\t\t\t\t<\/div>\n\t\t\t\t\t\t\t\t\t<img decoding=\"async\" src=\"https:\/\/cdn.pilgrim.es\/web\/caminos\/via-de-la-plata\/pueblos\/benavente\/puntos-de-interes\/arco-del-puente-del-jardin.jpg\" alt=\"Arco del Puente del Jard\u00edn\">\n\t\t\t\t\t\t\t\t<\/div>\n\t\t\t\t\t\t\t<\/div>\n\t\t\t\t\t\t\n\t\t\t\t\t\t\t<div class=\"accordion__accordion-content inactive\">\n\t\t\t\t\t\t\t\t<div>\n\t\t\t\t\t\t\t\t\t<div>\n\t\t\t\t\t\t\t\t\t\t<h4>Ermita de la Soledad<\/h4>\n\t\t\t\t\t\t\t\t\t\t<p>Costruito all&#8217;inizio del XVI secolo su richiesta di Francisco Su\u00e1rez e ampliato in risposta alla crescente devozione alla Virgen de la Soledad a partire dal 1679 nella zona di Benavente. A met\u00e0 del XIX secolo sub\u00ec alcune modifiche e fu improvvisamente trasformato in un ospedale, la cui funzione era quella di fornire riparo e assistenza alle persone colpite da gravi epidemie. Il suo ultimo utilizzo fu quello di deposito delle immagini e dei carri della famosa e grandiosa Semana Santa (Settimana Santa) di Benavente. <\/p>\n\t\t\t\t\t\t\t\t\t<\/div>\n\t\t\t\t\t\t\t\t\t<img decoding=\"async\" src=\"https:\/\/cdn.pilgrim.es\/web\/caminos\/via-de-la-plata\/pueblos\/benavente\/puntos-de-interes\/ermita-de-la-soledad.jpg\" alt=\"Ermita de la Soledad\">\n\t\t\t\t\t\t\t\t<\/div>\n\t\t\t\t\t\t\t<\/div>\n\t\t\t\t\t\t\n\t\t\t\t\t\t\t<div class=\"accordion__accordion-content inactive\">\n\t\t\t\t\t\t\t\t<div>\n\t\t\t\t\t\t\t\t\t<div>\n\t\t\t\t\t\t\t\t\t\t<h4>Casa Ramos<\/h4>\n\t\t\t\t\t\t\t\t\t\t<p>Questa casa colonica \u00e8 un altro dei tanti esempi di architettura neomud\u00e9jar della zona. Fu costruita nel 1900 dall&#8217;architetto Santiago Madrigal Rodr\u00edguez ed \u00e8 conosciuta come Casa Donci. <\/p>\n\t\t\t\t\t\t\t\t\t<\/div>\n\t\t\t\t\t\t\t\t\t<img decoding=\"async\" src=\"https:\/\/cdn.pilgrim.es\/web\/caminos\/via-de-la-plata\/pueblos\/benavente\/puntos-de-interes\/casa-ramos.jpg\" alt=\"Casa Ramos\">\n\t\t\t\t\t\t\t\t<\/div>\n\t\t\t\t\t\t\t<\/div>\n\t\t\t\t\t\t\n\t\t\t\t\t\t\t<div class=\"accordion__accordion-content inactive\">\n\t\t\t\t\t\t\t\t<div>\n\t\t\t\t\t\t\t\t\t<div>\n\t\t\t\t\t\t\t\t\t\t<h4>Casa del Cervato<\/h4>\n\t\t\t\t\t\t\t\t\t\t<p>Conosciuto comunemente con il nome di Casa dei Rodr\u00edguez, questo edificio fu costruito nel corso del XIX secolo, subendo numerose modifiche a partire da quel momento. Fu costruito per ordine di Don Jos\u00e9 Rodr\u00edguez y Rodr\u00edguez per ospitare la sua famiglia. Nei piani superiori della casa, le finestre sono perfettamente centrate con pareti uniformi in mattoni. Per incorniciare le finestre \u00e8 stata utilizzata pietra nobile. <\/p>\n\t\t\t\t\t\t\t\t\t<\/div>\n\t\t\t\t\t\t\t\t\t<img decoding=\"async\" src=\"https:\/\/cdn.pilgrim.es\/web\/caminos\/via-de-la-plata\/pueblos\/benavente\/puntos-de-interes\/casa-del-cervato.jpg\" alt=\"Casa del Cervato\">\n\t\t\t\t\t\t\t\t<\/div>\n\t\t\t\t\t\t\t<\/div>\n\t\t\t\t\t\t\n\t\t\t\t\t\t\t<div class=\"accordion__accordion-content inactive\">\n\t\t\t\t\t\t\t\t<div>\n\t\t\t\t\t\t\t\t\t<div>\n\t\t\t\t\t\t\t\t\t\t<h4>Casa de Soledad Gonz\u00e1lez<\/h4>\n\t\t\t\t\t\t\t\t\t\t<p>Questa casa colonica apparteneva alla borghesia di Benaventura nei primi anni del XX secolo. Fu costruita per ordine dell&#8217;importante proprietario terriero e senatore Don Felipe Gonz\u00e1lez G\u00f3mez nel 1904. L&#8217;architetto incaricato della progettazione fu Segundo Viloria Escarda, che utilizz\u00f2 materiali come il mattone sulle facciate per porre fine all&#8217;uniformit\u00e0 dei muri. <\/p>\n\t\t\t\t\t\t\t\t\t<\/div>\n\t\t\t\t\t\t\t\t\t<img decoding=\"async\" src=\"https:\/\/cdn.pilgrim.es\/web\/caminos\/via-de-la-plata\/pueblos\/benavente\/puntos-de-interes\/casa-de-soledad-gonzalez.jpg\" alt=\"Casa de Soledad Gonz\u00e1lez\">\n\t\t\t\t\t\t\t\t<\/div>\n\t\t\t\t\t\t\t<\/div>\n\t\t\t\t\t\t\n\t\t\t\t\t\t\t<div class=\"accordion__accordion-content inactive\">\n\t\t\t\t\t\t\t\t<div>\n\t\t\t\t\t\t\t\t\t<div>\n\t\t\t\t\t\t\t\t\t\t<h4>Casa de Manuel Grande<\/h4>\n\t\t\t\t\t\t\t\t\t\t<p>Questa casa, costruita all&#8217;inizio del XX secolo, si distingue per il suo stile modernista, progettato dall&#8217;architetto Francisco Ferriol. L&#8217;angolo dell&#8217;edificio presenta un magnifico corpo di belvedere, con elementi floreali e ghirlande utilizzati in tutta l&#8217;ornamentazione, soprattutto nelle zone pi\u00f9 alte dell&#8217;edificio.\n\t\t\t\t\t\t\t\t\t<\/div>\n\t\t\t\t\t\t\t\t\t<img decoding=\"async\" src=\"https:\/\/cdn.pilgrim.es\/web\/caminos\/via-de-la-plata\/pueblos\/benavente\/puntos-de-interes\/casa-de-manuel-grande.jpg\" alt=\"Casa de Manuel Grande\">\n\t\t\t\t\t\t\t\t<\/div>\n\t\t\t\t\t\t\t<\/div>\n\t\t\t\t\t\t\n\t\t\t\t\t\t\t<div class=\"accordion__accordion-content inactive\">\n\t\t\t\t\t\t\t\t<div>\n\t\t\t\t\t\t\t\t\t<div>\n\t\t\t\t\t\t\t\t\t\t<h4>Casa de la Cultura de la Encomienda<\/h4>\n\t\t\t\t\t\t\t\t\t\t<p>Questa bella casa colonica fu progettata dall&#8217;architetto Segundo Viloria Escarda nell&#8217;ultimo periodo del XIX secolo e all&#8217;inizio del successivo. Si tratta di due strutture distinte: l&#8217;ingresso dell&#8217;edificio \u00e8 alto e stretto, mentre il suo prolungamento \u00e8 lungo e basso. \u00c8 costituito da un cancello rialzato su un bel basamento in pietra quarzite, che racchiude il cortile esterno.\n\t\t\t\t\t\t\t\t\t<\/div>\n\t\t\t\t\t\t\t\t\t<img decoding=\"async\" src=\"https:\/\/cdn.pilgrim.es\/web\/caminos\/via-de-la-plata\/pueblos\/benavente\/puntos-de-interes\/casa-de-la-cultura-de-la-encomienda.jpg\" alt=\"Casa de la Cultura de la Encomienda\">\n\t\t\t\t\t\t\t\t<\/div>\n\t\t\t\t\t\t\t<\/div>\n\t\t\t\t\t\t\n\t\t\t\t\t\t\t<div class=\"accordion__accordion-content inactive\">\n\t\t\t\t\t\t\t\t<div>\n\t\t\t\t\t\t\t\t\t<div>\n\t\t\t\t\t\t\t\t\t\t<h4>Casa Barrios<\/h4>\n\t\t\t\t\t\t\t\t\t\t<p>Questa casa colonica \u00e8 una delle costruzioni civili pi\u00f9 importanti di Benavente. Risale al 1932 e fu costruita per ospitare il grande commerciante Santiago Barrios, le cui iniziali sono incise sulla facciata. Si tratta di una tipica casa borghese, con il suo frontespizio caratterizzato da grandi balconi decorati con vistose piastrelle. <\/p>\n\t\t\t\t\t\t\t\t\t<\/div>\n\t\t\t\t\t\t\t\t\t<img decoding=\"async\" src=\"https:\/\/cdn.pilgrim.es\/web\/caminos\/via-de-la-plata\/pueblos\/benavente\/puntos-de-interes\/casa-barrios.jpg\" alt=\"Casa Barrios\">\n\t\t\t\t\t\t\t\t<\/div>\n\t\t\t\t\t\t\t<\/div>\n\t\t\t\t\t\t\n\t\t\t\t\t\t\t<div class=\"accordion__accordion-content inactive\">\n\t\t\t\t\t\t\t\t<div>\n\t\t\t\t\t\t\t\t\t<div>\n\t\t\t\t\t\t\t\t\t\t<h4>Capilla San Vicente de Paul<\/h4>\n\t\t\t\t\t\t\t\t\t\t<p>Si tratta di una bella scuola di suore la cui costruzione \u00e8 iniziata nel 1956 e che ha ottenuto la classificazione di collegio nel 1958. \u00c8 composta dall&#8217;edificio residenziale e da una piccola cappella. Nel frontespizio sono visibili tre grandi vetrate che si estendono dal primo piano al tetto.\n\t\t\t\t\t\t\t\t\t<\/div>\n\t\t\t\t\t\t\t\t\t<img decoding=\"async\" src=\"https:\/\/cdn.pilgrim.es\/web\/caminos\/via-de-la-plata\/pueblos\/benavente\/puntos-de-interes\/capilla-san-vicente-de-paul.jpg\" alt=\"Capilla San Vicente de Paul\">\n\t\t\t\t\t\t\t\t<\/div>\n\t\t\t\t\t\t\t<\/div>\n\t\t\t\t\t\t\n\t\t\t\t\t<\/div>\n\t\t\t\t<\/div>\n\t\t\t<\/div>\n\t\t\n\n\t\t<div id=\"phonesSection\">\n\t\t\t<div>\n\t\t\t\t<h2 class=\"p-h3-town\">Informazioni di interesse<\/h2>\n\t\t\t<\/div>\n\t\t\t<div class=\"grid\">\n\t\t\t\t\n\t\t\t\t\t<div class=\"phone-number-item\">\n\t\t\t\t\t\t<div class=\"phone-number-item__icon\"><i class=\"icon-police\"><\/i><\/div>\n\t\t\t\t\t\t<div class=\"phone-number-item__title\">\n\t\t\t\t\t\t\t<h3 class=\"p-font-bold\">Polizia locale<\/h3>\n\t\t\t\t\t\t\t<p>980 635 015<\/p>\n\t\t\t\t\t\t\t\n\t\t\t\t\t\t<\/div>\n\t\t\t\t\t<\/div>\n\t\t\t\t\n\t\t\t\t\t<div class=\"phone-number-item\">\n\t\t\t\t\t\t<div class=\"phone-number-item__icon\"><i class=\"icon-spanish-military-police\"><\/i><\/div>\n\t\t\t\t\t\t<div class=\"phone-number-item__title\">\n\t\t\t\t\t\t\t<h3 class=\"p-font-bold\">Guardia civile<\/h3>\n\t\t\t\t\t\t\t<p>980 631 322<\/p>\n\t\t\t\t\t\t\t\n\t\t\t\t\t\t<\/div>\n\t\t\t\t\t<\/div>\n\t\t\t\t\n\t\t\t\t\t<div class=\"phone-number-item\">\n\t\t\t\t\t\t<div class=\"phone-number-item__icon\"><i class=\"icon-firefighters\"><\/i><\/div>\n\t\t\t\t\t\t<div class=\"phone-number-item__title\">\n\t\t\t\t\t\t\t<h3 class=\"p-font-bold\">Vigili del fuoco<\/h3>\n\t\t\t\t\t\t\t<p>980 527 080<\/p>\n\t\t\t\t\t\t\t\n\t\t\t\t\t\t<\/div>\n\t\t\t\t\t<\/div>\n\t\t\t\t\n\t\t\t\t\t<div class=\"phone-number-item\">\n\t\t\t\t\t\t<div class=\"phone-number-item__icon\"><i class=\"icon-civil-protection\"><\/i><\/div>\n\t\t\t\t\t\t<div class=\"phone-number-item__title\">\n\t\t\t\t\t\t\t<h3 class=\"p-font-bold\">Protezione civile<\/h3>\n\t\t\t\t\t\t\t<p>980 637 171<\/p>\n\t\t\t\t\t\t\t\n\t\t\t\t\t\t<\/div>\n\t\t\t\t\t<\/div>\n\t\t\t\t\n\t\t\t\t\t<div class=\"phone-number-item\">\n\t\t\t\t\t\t<div class=\"phone-number-item__icon\"><i class=\"icon-town-council\"><\/i><\/div>\n\t\t\t\t\t\t<div class=\"phone-number-item__title\">\n\t\t\t\t\t\t\t<h3 class=\"p-font-bold\">Municipio<\/h3>\n\t\t\t\t\t\t\t<p>980 630 445<\/p>\n\t\t\t\t\t\t\t\n\t\t\t\t\t\t<\/div>\n\t\t\t\t\t<\/div>\n\t\t\t\t\n\t\t\t\t\t<div class=\"phone-number-item\">\n\t\t\t\t\t\t<div class=\"phone-number-item__icon\"><i class=\"icon-hospital\"><\/i><\/div>\n\t\t\t\t\t\t<div class=\"phone-number-item__title\">\n\t\t\t\t\t\t\t<h3 class=\"p-font-bold\">Centro sanitario<\/h3>\n\t\t\t\t\t\t\t<p>980 635 361 \/ 980 630 329<\/p>\n\t\t\t\t\t\t\t\n\t\t\t\t\t\t<\/div>\n\t\t\t\t\t<\/div>\n\t\t\t\t\n\t\t\t\t\t<div class=\"phone-number-item\">\n\t\t\t\t\t\t<div class=\"phone-number-item__icon\"><i class=\"icon-tourism\"><\/i><\/div>\n\t\t\t\t\t\t<div class=\"phone-number-item__title\">\n\t\t\t\t\t\t\t<h3 class=\"p-font-bold\">Ufficio turistico<\/h3>\n\t\t\t\t\t\t\t<p>980 634 211<\/p>\n\t\t\t\t\t\t\t\n\t\t\t\t\t\t\t\t<p>Plaza Mayor, 1<\/p>\n\t\t\t\t\t\t\t\n\t\t\t\t\t\t<\/div>\n\t\t\t\t\t<\/div>\n\t\t\t\t\n\t\t\t<\/div>\n\t\t<\/div>\n\n\t\t<div id=\"clientForm\">\n        <section>\n        <img decoding=\"async\" src=\"https:\/\/cdn.pilgrim.es\/web\/home\/email-contacto.png\" alt=\"contacto\">\n        <div>\n            <p>Ti inviamo la tua pianificazione<\/p>\n            <p>Forniscici i tuoi dati e ricevi la pianificazione del tuo viaggio via email <\/p>\n            <form method=\"post\" data-url=\"\/wp-admin\/admin-ajax.php\" id=\"planner--client\" class=\"flag-right form-client\">\n    <div class=\"form-data\">\n        <input name=\"form_id\" type=\"hidden\" value=\"Formulario Leads\">\n        <input name=\"type\" type=\"hidden\" value=\"planner_client\">\n        <input type=\"text\" name=\"nombre\" value=\"\" size=\"40\" class=\"form-control\" aria-required=\"true\" aria-invalid=\"false\" placeholder=\"Nome\">\n        <input type=\"email\" name=\"email\" value=\"\" size=\"40\" class=\"form-control\" aria-required=\"true\" aria-invalid=\"false\" placeholder=\"Mail\">\n        <input type=\"text\" id=\"phone-input\" name=\"tel\" value=\"\" size=\"40\" class=\"phone-input form-control\" aria-required=\"true\" aria-invalid=\"false\" placeholder=\"Telefono\">\n        <input type=\"hidden\" name=\"telefono\">\n    <\/div>\n    <div class=\"form-checkbox\">\n        <span>\n            Pilgrim Travel. S.L. informa, come previsto dal Regolamento 2016\/679, che i dati utilizzati in questo modulo verranno utilizzati sia per la risposta delle eventuali consultazioni sia per la pub-blicazione dei commenti, essendo il consenso dell'utente la base di legittimazione. Potranno esse-re esercitati i diritti in conformit\u00e0 con quanto stabilito dalla nostra             <a href=\"https:\/\/www.pilgrim.es\/it\/informativa-sulla-privacy\/\" target=\"_blank\" rel=\"noopener noreferrer nofollow\">Politica di privacy.<\/a>\n        <\/span>\n    <\/div>\n\n    <div class=\"form-submit\">\n        <button id=\"planner--client-create\" type=\"submit\">Formulario di contatto<\/button>\n        <div class=\"loadingDiv\"><i class=\"p-spinner\"><\/i><\/div>\n    <\/div>\n\n    <div class=\"contact-content-form-success\">\n        <p><i class=\"fas fa-check\"><\/i> Il modulo \u00e8 stato inviato correttamente<\/p>\n    <\/div>\n\n    <div class=\"contact-content-form-error\">\n        <span class=\"input-error\"><\/span>\n    <\/div>\n<\/form>        <\/div>\n    <\/section>\n<\/div>\n\n\t\t<div id=\"recomendationSection\">\n\t\t\t<div>\n\t\t\t\t<h2 class=\"p-h2-town\">Consigliato<\/h2>\n\t\t\t\t<hr>\n\t\t\t\t<h3 class=\"p-h3-town\">Gastronomia<\/h3>\n\t\t\t<\/div>\n\t\t\tNella gastronomia tradizionale di Benavente, i prodotti pi\u00f9 importanti sono quelli dell&#8217;orto, come i peperoni, quelli del maiale, come le salsicce, e soprattutto i formaggi.\n\nLe ricette pi\u00f9 tradizionali sono la trota del fiume Tera, l&#8217;agnello da latte arrosto, il baccal\u00e0 &#8220;a lo t\u00edo&#8221; o &#8220;a la cazuela&#8221;, i granchi e le cosce di rana. Ricordate che ogni pasto deve essere accompagnato da un buon vino, come il vino Benavente, che ha ottenuto il riconoscimento internazionale.\n\nDal punto di vista gastronomico, i piatti pi\u00f9 importanti sono i feos, le bombas, le rosquillas de trancalapuerta, i bollos de coscar\u00f3n, le rosquillas de ramo e de \u00e1ngel, la tarta del Cister e la tarta de Veguilla.\n\t\t<\/div>\n\n\n\t\t\n\t\t\t<div id=\"holidaysSection\">\n\t\t\t\t<div>\n\t\t\t\t\t<h2 class=\"p-h2-town\">Consigliato<\/h2>\n\t\t\t\t\t<hr>\n\t\t\t\t\t<h3 class=\"p-h3-town\">Festival e pellegrinaggi<\/h3>\n\t\t\t\t<\/div>\n\t\t\t\t<div class=\"grid holidays-grid\">\n\t\t\t\t\t\n\t\t\t\t\t\t<div>\n\t\t\t\t\t\t\t<div class=\"phone-number-item\">\n\t\t\t\t\t\t\t\t<div class=\"phone-number-item__icon\"><i class=\"icon-holiday\"><\/i><\/div>\n\t\t\t\t\t\t\t\t<div class=\"phone-number-item__title dark-text\">\n\t\t\t\t\t\t\t\t\t<p class=\"p-font-bold\">Vacanza locale<\/p>\n\t\t\t\t\t\t\t\t\t<p>Agosto: El mercado medieval<\/p>\n\t\t\t\t\t\t\t\t<\/div>\n\t\t\t\t\t\t\t<\/div>\n\t\t\t\t\t\t<\/div>\n\t\t\t\t\t\n\t\t\t\t\t\t<div>\n\t\t\t\t\t\t\t<div class=\"phone-number-item\">\n\t\t\t\t\t\t\t\t<div class=\"phone-number-item__icon\"><i class=\"icon-holiday\"><\/i><\/div>\n\t\t\t\t\t\t\t\t<div class=\"phone-number-item__title dark-text\">\n\t\t\t\t\t\t\t\t\t<p class=\"p-font-bold\">Vacanza locale<\/p>\n\t\t\t\t\t\t\t\t\t<p>Primer fin de semana de septiembre: La Femag<\/p>\n\t\t\t\t\t\t\t\t<\/div>\n\t\t\t\t\t\t\t<\/div>\n\t\t\t\t\t\t<\/div>\n\t\t\t\t\t\n\t\t\t\t\t\t<div>\n\t\t\t\t\t\t\t<div class=\"phone-number-item\">\n\t\t\t\t\t\t\t\t<div class=\"phone-number-item__icon\"><i class=\"icon-holiday\"><\/i><\/div>\n\t\t\t\t\t\t\t\t<div class=\"phone-number-item__title dark-text\">\n\t\t\t\t\t\t\t\t\t<p class=\"p-font-bold\">Vacanza locale<\/p>\n\t\t\t\t\t\t\t\t\t<p>El d\u00eda anterior a corpus: Fiesta del toro enmaromado<\/p>\n\t\t\t\t\t\t\t\t<\/div>\n\t\t\t\t\t\t\t<\/div>\n\t\t\t\t\t\t<\/div>\n\t\t\t\t\t\n\t\t\t\t\t\t<div>\n\t\t\t\t\t\t\t<div class=\"phone-number-item\">\n\t\t\t\t\t\t\t\t<div class=\"phone-number-item__icon\"><i class=\"icon-holiday\"><\/i><\/div>\n\t\t\t\t\t\t\t\t<div class=\"phone-number-item__title dark-text\">\n\t\t\t\t\t\t\t\t\t<p class=\"p-font-bold\">Vacanza locale<\/p>\n\t\t\t\t\t\t\t\t\t<p>A finales de septiembre: La feria del pimiento<\/p>\n\t\t\t\t\t\t\t\t<\/div>\n\t\t\t\t\t\t\t<\/div>\n\t\t\t\t\t\t<\/div>\n\t\t\t\t\t\n\t\t\t\t\t\t<div>\n\t\t\t\t\t\t\t<div class=\"phone-number-item\">\n\t\t\t\t\t\t\t\t<div class=\"phone-number-item__icon\"><i class=\"icon-holiday\"><\/i><\/div>\n\t\t\t\t\t\t\t\t<div class=\"phone-number-item__title dark-text\">\n\t\t\t\t\t\t\t\t\t<p class=\"p-font-bold\">Vacanza locale<\/p>\n\t\t\t\t\t\t\t\t\t<p>Ocho d\u00edas despu\u00e9s del d\u00eda de resurrecci\u00f3n: La fiesta de la Veguilla<\/p>\n\t\t\t\t\t\t\t\t<\/div>\n\t\t\t\t\t\t\t<\/div>\n\t\t\t\t\t\t<\/div>\n\t\t\t\t\t\n\t\t\t\t<\/div>\n\t\t\t<\/div>\n\t\t\n\t<\/div>\n<\/section>\n\n<div id=\"stage_list_section\"><div class=\"stage-list\">\n    <div class='stage-list__map-card'>\n        <div class='stage-list__map-card__map'>\n            <div class='stage-list__map-card__map__text'>\n                <h2> Pages <\/h2>\n                <p> A piedi<\/p>\n                <p> 0tappe<\/p>\n            <\/div>\n            <div class='stage-list__map-card__map__img'>\n                <img decoding=\"async\" src=\"\" alt=\" mapa \" \/>\n            <\/div>\n        <\/div>\n    <\/div>\n\n    <\/div>\n<\/div>\n","protected":false},"excerpt":{"rendered":"<p>Benavente &#8249; Ritorno al palcoscenico Benavente Abitanti: 18.879 aprox. Provincia: Zamora Informazioni Get to know Benavente La citt\u00e0 di Benavente \u00e8 stata un crocevia strategico fin dall&#8217;antichit\u00e0, il Cammino d&#8217;Argento e il Cammino Mozarabico passano per la citt\u00e0, cos\u00ec che i pellegrini che si fermano qui avranno tutti i servizi di cui hanno bisogno ma, &hellip; <\/p>\n<p class=\"read_more\"><a href=\"https:\/\/www.pilgrim.es\/it\/via-plata\/benavente\/\">Leer m\u00e1s<\/a><\/p>\n","protected":false},"author":1,"featured_media":1960,"parent":10683,"menu_order":0,"comment_status":"closed","ping_status":"closed","template":"views\/template-new-web-design.blade.php","meta":{"footnotes":""},"categories":[],"tags":[],"class_list":["post-91564","page","type-page","status-publish","has-post-thumbnail","hentry"],"yoast_head":"<!-- This site is optimized with the Yoast SEO plugin v27.4 - https:\/\/yoast.com\/product\/yoast-seo-wordpress\/ -->\n<title>Benavente: Cosa vedere e dove dormire | Cammino di Santiago | Pilgrim<\/title>\n<meta name=\"description\" content=\"Benavente Scopri tutte le informazioni su dove alloggiare, come arrivare, cosa mangiare e sui principali punti di interesse delle localit\u00e0 lungo il Via della Plata.\" \/>\n<meta name=\"robots\" content=\"index, follow, max-snippet:-1, max-image-preview:large, max-video-preview:-1\" \/>\n<link rel=\"canonical\" href=\"https:\/\/www.pilgrim.es\/it\/via-plata\/benavente\/\" \/>\n<meta property=\"og:locale\" content=\"it_IT\" \/>\n<meta property=\"og:type\" content=\"article\" \/>\n<meta property=\"og:title\" content=\"Benavente: Cosa vedere e dove dormire | Cammino di Santiago | Pilgrim\" \/>\n<meta property=\"og:description\" content=\"Benavente Scopri tutte le informazioni su dove alloggiare, come arrivare, cosa mangiare e sui principali punti di interesse delle localit\u00e0 lungo il Via della Plata.\" \/>\n<meta property=\"og:url\" content=\"https:\/\/www.pilgrim.es\/it\/via-plata\/benavente\/\" \/>\n<meta property=\"og:site_name\" content=\"Pilgrim\" \/>\n<meta property=\"article:publisher\" content=\"https:\/\/www.facebook.com\/pilgrim.es\/\" \/>\n<meta property=\"article:modified_time\" content=\"2025-10-09T12:58:01+00:00\" \/>\n<meta property=\"og:image\" content=\"https:\/\/www.pilgrim.es\/wp-content\/uploads\/2019\/02\/benavente-520x370.jpg\" \/>\n\t<meta property=\"og:image:width\" content=\"520\" \/>\n\t<meta property=\"og:image:height\" content=\"370\" \/>\n\t<meta property=\"og:image:type\" content=\"image\/jpeg\" \/>\n<meta name=\"twitter:card\" content=\"summary_large_image\" \/>\n<meta name=\"twitter:site\" content=\"@pilgrim_es\" \/>\n<meta name=\"twitter:label1\" content=\"Tempo di lettura stimato\" \/>\n\t<meta name=\"twitter:data1\" content=\"11 minuti\" \/>\n<script type=\"application\/ld+json\" class=\"yoast-schema-graph\">{\"@context\":\"https:\\\/\\\/schema.org\",\"@graph\":[{\"@type\":\"WebPage\",\"@id\":\"https:\\\/\\\/www.pilgrim.es\\\/it\\\/via-plata\\\/benavente\\\/\",\"url\":\"https:\\\/\\\/www.pilgrim.es\\\/it\\\/via-plata\\\/benavente\\\/\",\"name\":\"Benavente: Cosa vedere e dove dormire | Cammino di Santiago | Pilgrim\",\"isPartOf\":{\"@id\":\"https:\\\/\\\/www.pilgrim.es\\\/it\\\/#website\"},\"primaryImageOfPage\":{\"@id\":\"https:\\\/\\\/www.pilgrim.es\\\/it\\\/via-plata\\\/benavente\\\/#primaryimage\"},\"image\":{\"@id\":\"https:\\\/\\\/www.pilgrim.es\\\/it\\\/via-plata\\\/benavente\\\/#primaryimage\"},\"thumbnailUrl\":\"https:\\\/\\\/www.pilgrim.es\\\/wp-content\\\/uploads\\\/2019\\\/02\\\/benavente-520x370.jpg\",\"datePublished\":\"2025-03-17T16:17:02+00:00\",\"dateModified\":\"2025-10-09T12:58:01+00:00\",\"description\":\"Benavente Scopri tutte le informazioni su dove alloggiare, come arrivare, cosa mangiare e sui principali punti di interesse delle localit\u00e0 lungo il Via della Plata.\",\"breadcrumb\":{\"@id\":\"https:\\\/\\\/www.pilgrim.es\\\/it\\\/via-plata\\\/benavente\\\/#breadcrumb\"},\"inLanguage\":\"it-IT\",\"potentialAction\":[{\"@type\":\"ReadAction\",\"target\":[\"https:\\\/\\\/www.pilgrim.es\\\/it\\\/via-plata\\\/benavente\\\/\"]}]},{\"@type\":\"ImageObject\",\"inLanguage\":\"it-IT\",\"@id\":\"https:\\\/\\\/www.pilgrim.es\\\/it\\\/via-plata\\\/benavente\\\/#primaryimage\",\"url\":\"https:\\\/\\\/www.pilgrim.es\\\/wp-content\\\/uploads\\\/2019\\\/02\\\/benavente-520x370.jpg\",\"contentUrl\":\"https:\\\/\\\/www.pilgrim.es\\\/wp-content\\\/uploads\\\/2019\\\/02\\\/benavente-520x370.jpg\",\"width\":520,\"height\":370,\"caption\":\"Benavente\"},{\"@type\":\"BreadcrumbList\",\"@id\":\"https:\\\/\\\/www.pilgrim.es\\\/it\\\/via-plata\\\/benavente\\\/#breadcrumb\",\"itemListElement\":[{\"@type\":\"ListItem\",\"position\":1,\"name\":\"Camino de Santiago\",\"item\":\"https:\\\/\\\/www.pilgrim.es\\\/it\\\/\"},{\"@type\":\"ListItem\",\"position\":2,\"name\":\"V\u00eda de la Plata\",\"item\":\"https:\\\/\\\/www.pilgrim.es\\\/it\\\/via-plata\\\/\"},{\"@type\":\"ListItem\",\"position\":3,\"name\":\"Benavente\"}]},{\"@type\":\"WebSite\",\"@id\":\"https:\\\/\\\/www.pilgrim.es\\\/it\\\/#website\",\"url\":\"https:\\\/\\\/www.pilgrim.es\\\/it\\\/\",\"name\":\"Pilgrim\",\"description\":\"Camino de Santiago | Caminamos Contigo\",\"publisher\":{\"@id\":\"https:\\\/\\\/www.pilgrim.es\\\/it\\\/#organization\"},\"potentialAction\":[{\"@type\":\"SearchAction\",\"target\":{\"@type\":\"EntryPoint\",\"urlTemplate\":\"https:\\\/\\\/www.pilgrim.es\\\/it\\\/?s={search_term_string}\"},\"query-input\":{\"@type\":\"PropertyValueSpecification\",\"valueRequired\":true,\"valueName\":\"search_term_string\"}}],\"inLanguage\":\"it-IT\"},{\"@type\":\"Organization\",\"@id\":\"https:\\\/\\\/www.pilgrim.es\\\/it\\\/#organization\",\"name\":\"Pilgrim Camino de Santiago\",\"url\":\"https:\\\/\\\/www.pilgrim.es\\\/it\\\/\",\"logo\":{\"@type\":\"ImageObject\",\"inLanguage\":\"it-IT\",\"@id\":\"https:\\\/\\\/www.pilgrim.es\\\/it\\\/#\\\/schema\\\/logo\\\/image\\\/\",\"url\":\"https:\\\/\\\/www.pilgrim.es\\\/wp-content\\\/uploads\\\/2019\\\/04\\\/logo_pilgrim.png\",\"contentUrl\":\"https:\\\/\\\/www.pilgrim.es\\\/wp-content\\\/uploads\\\/2019\\\/04\\\/logo_pilgrim.png\",\"width\":512,\"height\":512,\"caption\":\"Pilgrim Camino de Santiago\"},\"image\":{\"@id\":\"https:\\\/\\\/www.pilgrim.es\\\/it\\\/#\\\/schema\\\/logo\\\/image\\\/\"},\"sameAs\":[\"https:\\\/\\\/www.facebook.com\\\/pilgrim.es\\\/\",\"https:\\\/\\\/x.com\\\/pilgrim_es\",\"https:\\\/\\\/www.instagram.com\\\/pilgrim.es\\\/\",\"https:\\\/\\\/www.linkedin.com\\\/company\\\/pilgrim-camino-de-santiago\\\/\",\"https:\\\/\\\/www.pinterest.es\\\/pilgrimcaminodesantiago\\\/\",\"https:\\\/\\\/www.youtube.com\\\/channel\\\/UCIv2ZzFLXVqthkNF32rKedw\\\/featured\"]}]}<\/script>\n<!-- \/ Yoast SEO plugin. -->","yoast_head_json":{"title":"Benavente: Cosa vedere e dove dormire | Cammino di Santiago | Pilgrim","description":"Benavente Scopri tutte le informazioni su dove alloggiare, come arrivare, cosa mangiare e sui principali punti di interesse delle localit\u00e0 lungo il Via della Plata.","robots":{"index":"index","follow":"follow","max-snippet":"max-snippet:-1","max-image-preview":"max-image-preview:large","max-video-preview":"max-video-preview:-1"},"canonical":"https:\/\/www.pilgrim.es\/it\/via-plata\/benavente\/","og_locale":"it_IT","og_type":"article","og_title":"Benavente: Cosa vedere e dove dormire | Cammino di Santiago | Pilgrim","og_description":"Benavente Scopri tutte le informazioni su dove alloggiare, come arrivare, cosa mangiare e sui principali punti di interesse delle localit\u00e0 lungo il Via della Plata.","og_url":"https:\/\/www.pilgrim.es\/it\/via-plata\/benavente\/","og_site_name":"Pilgrim","article_publisher":"https:\/\/www.facebook.com\/pilgrim.es\/","article_modified_time":"2025-10-09T12:58:01+00:00","og_image":[{"width":520,"height":370,"url":"https:\/\/www.pilgrim.es\/wp-content\/uploads\/2019\/02\/benavente-520x370.jpg","type":"image\/jpeg"}],"twitter_card":"summary_large_image","twitter_site":"@pilgrim_es","twitter_misc":{"Tempo di lettura stimato":"11 minuti"},"schema":{"@context":"https:\/\/schema.org","@graph":[{"@type":"WebPage","@id":"https:\/\/www.pilgrim.es\/it\/via-plata\/benavente\/","url":"https:\/\/www.pilgrim.es\/it\/via-plata\/benavente\/","name":"Benavente: Cosa vedere e dove dormire | Cammino di Santiago | Pilgrim","isPartOf":{"@id":"https:\/\/www.pilgrim.es\/it\/#website"},"primaryImageOfPage":{"@id":"https:\/\/www.pilgrim.es\/it\/via-plata\/benavente\/#primaryimage"},"image":{"@id":"https:\/\/www.pilgrim.es\/it\/via-plata\/benavente\/#primaryimage"},"thumbnailUrl":"https:\/\/www.pilgrim.es\/wp-content\/uploads\/2019\/02\/benavente-520x370.jpg","datePublished":"2025-03-17T16:17:02+00:00","dateModified":"2025-10-09T12:58:01+00:00","description":"Benavente Scopri tutte le informazioni su dove alloggiare, come arrivare, cosa mangiare e sui principali punti di interesse delle localit\u00e0 lungo il Via della Plata.","breadcrumb":{"@id":"https:\/\/www.pilgrim.es\/it\/via-plata\/benavente\/#breadcrumb"},"inLanguage":"it-IT","potentialAction":[{"@type":"ReadAction","target":["https:\/\/www.pilgrim.es\/it\/via-plata\/benavente\/"]}]},{"@type":"ImageObject","inLanguage":"it-IT","@id":"https:\/\/www.pilgrim.es\/it\/via-plata\/benavente\/#primaryimage","url":"https:\/\/www.pilgrim.es\/wp-content\/uploads\/2019\/02\/benavente-520x370.jpg","contentUrl":"https:\/\/www.pilgrim.es\/wp-content\/uploads\/2019\/02\/benavente-520x370.jpg","width":520,"height":370,"caption":"Benavente"},{"@type":"BreadcrumbList","@id":"https:\/\/www.pilgrim.es\/it\/via-plata\/benavente\/#breadcrumb","itemListElement":[{"@type":"ListItem","position":1,"name":"Camino de Santiago","item":"https:\/\/www.pilgrim.es\/it\/"},{"@type":"ListItem","position":2,"name":"V\u00eda de la Plata","item":"https:\/\/www.pilgrim.es\/it\/via-plata\/"},{"@type":"ListItem","position":3,"name":"Benavente"}]},{"@type":"WebSite","@id":"https:\/\/www.pilgrim.es\/it\/#website","url":"https:\/\/www.pilgrim.es\/it\/","name":"Pilgrim","description":"Camino de Santiago | Caminamos Contigo","publisher":{"@id":"https:\/\/www.pilgrim.es\/it\/#organization"},"potentialAction":[{"@type":"SearchAction","target":{"@type":"EntryPoint","urlTemplate":"https:\/\/www.pilgrim.es\/it\/?s={search_term_string}"},"query-input":{"@type":"PropertyValueSpecification","valueRequired":true,"valueName":"search_term_string"}}],"inLanguage":"it-IT"},{"@type":"Organization","@id":"https:\/\/www.pilgrim.es\/it\/#organization","name":"Pilgrim Camino de Santiago","url":"https:\/\/www.pilgrim.es\/it\/","logo":{"@type":"ImageObject","inLanguage":"it-IT","@id":"https:\/\/www.pilgrim.es\/it\/#\/schema\/logo\/image\/","url":"https:\/\/www.pilgrim.es\/wp-content\/uploads\/2019\/04\/logo_pilgrim.png","contentUrl":"https:\/\/www.pilgrim.es\/wp-content\/uploads\/2019\/04\/logo_pilgrim.png","width":512,"height":512,"caption":"Pilgrim Camino de Santiago"},"image":{"@id":"https:\/\/www.pilgrim.es\/it\/#\/schema\/logo\/image\/"},"sameAs":["https:\/\/www.facebook.com\/pilgrim.es\/","https:\/\/x.com\/pilgrim_es","https:\/\/www.instagram.com\/pilgrim.es\/","https:\/\/www.linkedin.com\/company\/pilgrim-camino-de-santiago\/","https:\/\/www.pinterest.es\/pilgrimcaminodesantiago\/","https:\/\/www.youtube.com\/channel\/UCIv2ZzFLXVqthkNF32rKedw\/featured"]}]}},"_links":{"self":[{"href":"https:\/\/www.pilgrim.es\/it\/wp-json\/wp\/v2\/pages\/91564","targetHints":{"allow":["GET"]}}],"collection":[{"href":"https:\/\/www.pilgrim.es\/it\/wp-json\/wp\/v2\/pages"}],"about":[{"href":"https:\/\/www.pilgrim.es\/it\/wp-json\/wp\/v2\/types\/page"}],"author":[{"embeddable":true,"href":"https:\/\/www.pilgrim.es\/it\/wp-json\/wp\/v2\/users\/1"}],"replies":[{"embeddable":true,"href":"https:\/\/www.pilgrim.es\/it\/wp-json\/wp\/v2\/comments?post=91564"}],"version-history":[{"count":2,"href":"https:\/\/www.pilgrim.es\/it\/wp-json\/wp\/v2\/pages\/91564\/revisions"}],"predecessor-version":[{"id":136551,"href":"https:\/\/www.pilgrim.es\/it\/wp-json\/wp\/v2\/pages\/91564\/revisions\/136551"}],"up":[{"embeddable":true,"href":"https:\/\/www.pilgrim.es\/it\/wp-json\/wp\/v2\/pages\/10683"}],"wp:featuredmedia":[{"embeddable":true,"href":"https:\/\/www.pilgrim.es\/it\/wp-json\/wp\/v2\/media\/1960"}],"wp:attachment":[{"href":"https:\/\/www.pilgrim.es\/it\/wp-json\/wp\/v2\/media?parent=91564"}],"wp:term":[{"taxonomy":"category","embeddable":true,"href":"https:\/\/www.pilgrim.es\/it\/wp-json\/wp\/v2\/categories?post=91564"},{"taxonomy":"post_tag","embeddable":true,"href":"https:\/\/www.pilgrim.es\/it\/wp-json\/wp\/v2\/tags?post=91564"}],"curies":[{"name":"wp","href":"https:\/\/api.w.org\/{rel}","templated":true}]}}