{"id":91549,"date":"2025-03-17T16:12:48","date_gmt":"2025-03-17T16:12:48","guid":{"rendered":"https:\/\/www.pilgrim.es\/via-plata\/salamanca\/"},"modified":"2025-03-17T16:12:48","modified_gmt":"2025-03-17T16:12:48","slug":"salamanca","status":"publish","type":"page","link":"https:\/\/www.pilgrim.es\/it\/via-plata\/salamanca\/","title":{"rendered":"Salamanca"},"content":{"rendered":" <section id=\"hero\">\n\t<h1>Salamanca<\/h1>\n\t<div class=\"hero-grid\">\n\t\t<div class=\"hero-grid__town-col\" data-background=\"https:\/\/cdn.pilgrim.es\/web\/caminos\/via-de-la-plata\/pueblos\/salamanca.jpg\">\n\t\t\t<div>\n\t\t\t\t<a class=\"link-to-stage\" href=\"https:\/\/www.pilgrim.es\/via-plata\/etapa-19-san-pedro-de-rozados-salamanca\/\">\n\t\t\t\t\t<p>&#8249; Ritorno al palcoscenico<\/p>\n\t\t\t\t<\/a>\n\n\t\t\t\t<div class=\"town-data\">\n\t\t\t\t\t<h2>Salamanca<\/h2>\n\t\t\t\t\t<ul>\n\t\t\t\t\t\t<li>Abitanti: 155.921 aprox.<\/li>\n\t\t\t\t\t\t<li>Provincia: Salamanca<\/li>\n\t\t\t\t\t<\/ul>\n\t\t\t\t<\/div>\n\t\t\t<\/div>\n\t\t<\/div>\n\t\t<div class=\"hero-grid__planner-col\"><div\r\n  class=\"p-col-span-1 p-rounded-lg p-px-5 p-h-full\"\r\n  style=\"background-image: url('https:\/\/cdn.pilgrim.es\/web\/pilgrim-planner\/bg-plugin-planificador.webp')\"\r\n  rel=\"preload\"\r\n  fetchpriority=\"high\"\r\n  >\r\n    <div class=\"p-text-center p-pt-5 p-text-white p-text-2xl p-font-semibold\">\r\n      Pianifica il tuo cammino    <\/div>\r\n    <div\r\n            id='primary-app'\r\n            data-name='banner'\r\n            data-api='https:\/\/pathfinder.pilgrim.es\/api\/pathfinder\/v2'\r\n            data-mode='normal'\r\n            data-lang='it'\r\n            data-route='1'\r\n            data-destiny='https:\/\/planificador.pilgrim.es'\r\n            data-modality='1'\r\n            data-inline=''\r\n        ><\/div><\/div><\/div>\n\t<\/div>\n<\/section>\n\n<section id=\"infoTown\">\n\t<div class=\"sections-town\">\n\n\t\t<div id=\"informationSection\">\n\t\t\t<div>\n\t\t\t\t<h2 class=\"p-h2-town\">Informazioni<\/h2>\n\t\t\t\t<hr>\n\t\t\t\t<h3 class=\"p-h3-town\">Get to know Salamanca<\/h3>\n\t\t\t<\/div>\n\t\t\t<p>Salamanca \u00e8 la prossima grande citt\u00e0 che il pellegrino incontrer\u00e0. Una volta arrivato, avr\u00e0 a disposizione tutti i servizi di cui pu\u00f2 avere bisogno.<\/p> <p>Vale la pena raccomandare a tutti i pellegrini di riservare del tempo per visitare l&#8217;impressionante centro storico della citt\u00e0 di Salamanca.\n\t\t<\/div>\n\n\t\t<div id=\"locationSection\">\n\t\t\t<div>\n\t\t\t\t<h2 class=\"p-h2-town\">Posizione<\/h2>\n\t\t\t\t<hr>\n\t\t\t\t<h3 class=\"p-h3-town\">Come arrivare<\/h3>\n\t\t\t<\/div>\n\t\t\t<p>La citt\u00e0 di Salamanca \u00e8 molto ben collegata. Le autostrade A-50, A-62 e A-66 raggiungono la citt\u00e0, cos\u00ec come le strade nazionali come la N-501, la N-620 e la N-630 e le strade secondarie.\n\n<p>Ha anche una stazione degli autobus, che ha numerose linee che collegano la citt\u00e0 con le citt\u00e0 vicine, le grandi citt\u00e0 e persino con la Francia.\n\n<p>La stazione ferroviaria collega la citt\u00e0 con molte citt\u00e0 spagnole, come Madrid, Barcellona, Valladolid, Burgos, Saragozza, Bilbao e citt\u00e0 straniere come Irun, Porto e Lisbona.<\/p> <p>La stazione ferroviaria si trova alla periferia della citt\u00e0.\n\n<p>Salamanca ha anche un aeroporto a 17 km dal centro della citt\u00e0, che attualmente offre solo voli charter e voli per Palma di Maiorca.<\/p> <p>L&#8217;aeroporto di Salamanca si trova nel centro della citt\u00e0.\n\t\t\t<div>\n\t\t\t\t<div>\n  <iframe loading=\"lazy\"\n    src=\"https:\/\/www.google.com\/maps\/d\/embed?mid=1dZKheGDW4Lw0yI9aP5fj9guKbj61QQs&amp;ehbc=2E312F\"\n    width=\"640\"\n    height=\"480\"\n    alt=\"Mapa Salamanca\"\n  ><\/iframe>\n<\/div>\n\n\t\t\t<\/div>\n\t\t<\/div>\n\n\t\t\n\t\t\t<div id=\"toVisitSection\">\n\t\t\t\t<div>\n\t\t\t\t\t<h2 class=\"p-h2-town\">Storia \/ Cultura<\/h2>\n\t\t\t\t\t<hr>\n\t\t\t\t\t<h3 class=\"p-h3-town\">Cosa vedere<\/h3>\n\t\t\t\t<\/div>\n\t\t\t\t<div>\n\t\t\t\t\t<div class=\"accordion\">\n\t\t\t\t\t\t<div class=\"accordion__menu\">\n\t\t\t\t\t\t\t<nav>\n\t\t\t\t\t\t\t\t\n\t\t\t\t\t\t\t\t\t<button class=\"nav-tab-accordion active\"><span>&#10093;<\/span><span> Torre del Clavero<\/span><\/button>\n\t\t\t\t\t\t\t\t\n\t\t\t\t\t\t\t\t\t<button class=\"nav-tab-accordion \"><span>&#10093;<\/span><span> Puente Romano<\/span><\/button>\n\t\t\t\t\t\t\t\t\n\t\t\t\t\t\t\t\t\t<button class=\"nav-tab-accordion \"><span>&#10093;<\/span><span> Plaza Mayor<\/span><\/button>\n\t\t\t\t\t\t\t\t\n\t\t\t\t\t\t\t\t\t<button class=\"nav-tab-accordion \"><span>&#10093;<\/span><span> Plaza de Monterrey<\/span><\/button>\n\t\t\t\t\t\t\t\t\n\t\t\t\t\t\t\t\t\t<button class=\"nav-tab-accordion \"><span>&#10093;<\/span><span> Palacio de la Salina<\/span><\/button>\n\t\t\t\t\t\t\t\t\n\t\t\t\t\t\t\t\t\t<button class=\"nav-tab-accordion \"><span>&#10093;<\/span><span> Palacio de Anaya<\/span><\/button>\n\t\t\t\t\t\t\t\t\n\t\t\t\t\t\t\t\t\t<button class=\"nav-tab-accordion \"><span>&#10093;<\/span><span> Museo de Salamanca<\/span><\/button>\n\t\t\t\t\t\t\t\t\n\t\t\t\t\t\t\t\t\t<button class=\"nav-tab-accordion \"><span>&#10093;<\/span><span> Museo Catedralicio<\/span><\/button>\n\t\t\t\t\t\t\t\t\n\t\t\t\t\t\t\t\t\t<button class=\"nav-tab-accordion \"><span>&#10093;<\/span><span> La Clerec\u00eda<\/span><\/button>\n\t\t\t\t\t\t\t\t\n\t\t\t\t\t\t\t\t\t<button class=\"nav-tab-accordion \"><span>&#10093;<\/span><span> Iglesia de Santo Tom\u00e1s Cantuariense<\/span><\/button>\n\t\t\t\t\t\t\t\t\n\t\t\t\t\t\t\t\t\t<button class=\"nav-tab-accordion \"><span>&#10093;<\/span><span> Iglesia de San Mart\u00edn<\/span><\/button>\n\t\t\t\t\t\t\t\t\n\t\t\t\t\t\t\t\t\t<button class=\"nav-tab-accordion \"><span>&#10093;<\/span><span> Iglesia de San Marcos<\/span><\/button>\n\t\t\t\t\t\t\t\t\n\t\t\t\t\t\t\t\t\t<button class=\"nav-tab-accordion \"><span>&#10093;<\/span><span> Iglesia de San Juli\u00e1n y Santa Basilisa<\/span><\/button>\n\t\t\t\t\t\t\t\t\n\t\t\t\t\t\t\t\t\t<button class=\"nav-tab-accordion \"><span>&#10093;<\/span><span> Iglesia de San Benito<\/span><\/button>\n\t\t\t\t\t\t\t\t\n\t\t\t\t\t\t\t\t\t<button class=\"nav-tab-accordion \"><span>&#10093;<\/span><span> Murallas de Salamanca<\/span><\/button>\n\t\t\t\t\t\t\t\t\n\t\t\t\t\t\t\t\t\t<button class=\"nav-tab-accordion \"><span>&#10093;<\/span><span> Fonda Veracruz<\/span><\/button>\n\t\t\t\t\t\t\t\t\n\t\t\t\t\t\t\t\t\t<button class=\"nav-tab-accordion \"><span>&#10093;<\/span><span> Edificio Hist\u00f3rico de la Universidad de Salamanca<\/span><\/button>\n\t\t\t\t\t\t\t\t\n\t\t\t\t\t\t\t\t\t<button class=\"nav-tab-accordion \"><span>&#10093;<\/span><span> Cueva de Salamanca<\/span><\/button>\n\t\t\t\t\t\t\t\t\n\t\t\t\t\t\t\t\t\t<button class=\"nav-tab-accordion \"><span>&#10093;<\/span><span> Convento de San Esteban<\/span><\/button>\n\t\t\t\t\t\t\t\t\n\t\t\t\t\t\t\t\t\t<button class=\"nav-tab-accordion \"><span>&#10093;<\/span><span> Convento de las Due\u00f1as<\/span><\/button>\n\t\t\t\t\t\t\t\t\n\t\t\t\t\t\t\t\t\t<button class=\"nav-tab-accordion \"><span>&#10093;<\/span><span> Convento de la Anunciaci\u00f3n<\/span><\/button>\n\t\t\t\t\t\t\t\t\n\t\t\t\t\t\t\t\t\t<button class=\"nav-tab-accordion \"><span>&#10093;<\/span><span> Colegio de Calatrava<\/span><\/button>\n\t\t\t\t\t\t\t\t\n\t\t\t\t\t\t\t\t\t<button class=\"nav-tab-accordion \"><span>&#10093;<\/span><span> Centro Documental de la Memoria Hist\u00f3rica<\/span><\/button>\n\t\t\t\t\t\t\t\t\n\t\t\t\t\t\t\t\t\t<button class=\"nav-tab-accordion \"><span>&#10093;<\/span><span> Catedral Vieja<\/span><\/button>\n\t\t\t\t\t\t\t\t\n\t\t\t\t\t\t\t\t\t<button class=\"nav-tab-accordion \"><span>&#10093;<\/span><span> Catedral Nueva<\/span><\/button>\n\t\t\t\t\t\t\t\t\n\t\t\t\t\t\t\t\t\t<button class=\"nav-tab-accordion \"><span>&#10093;<\/span><span> Casa-Museo de Unamuno<\/span><\/button>\n\t\t\t\t\t\t\t\t\n\t\t\t\t\t\t\t\t\t<button class=\"nav-tab-accordion \"><span>&#10093;<\/span><span> Iglesia de la Pur\u00edsima<\/span><\/button>\n\t\t\t\t\t\t\t\t\n\t\t\t\t\t\t\t\t\t<button class=\"nav-tab-accordion \"><span>&#10093;<\/span><span> Casa Lis<\/span><\/button>\n\t\t\t\t\t\t\t\t\n\t\t\t\t\t\t\t\t\t<button class=\"nav-tab-accordion \"><span>&#10093;<\/span><span> Casa de las Conchas<\/span><\/button>\n\t\t\t\t\t\t\t\t\n\t\t\t\t\t\t\t<\/nav>\n\t\t\t\t\t\t<\/div>\n\n\t\t\t\t\t\t\n\t\t\t\t\t\t\t<div class=\"accordion__accordion-content \">\n\t\t\t\t\t\t\t\t<div>\n\t\t\t\t\t\t\t\t\t<div>\n\t\t\t\t\t\t\t\t\t\t<h4>Torre del Clavero<\/h4>\n\t\t\t\t\t\t\t\t\t\t<p>Questa torre difensiva in stile gotico fu eretta intorno al XV secolo per far parte del palazzo di Don Francisco de Sotomayor. Egli era il sindaco di Calvero dell&#8217;Ordine di Calatrava, il cui compito era quello di portare i chiodi della croce di Ges\u00f9 Cristo nelle processioni.\n\n<p>\u00c8 costruito su una base quadrangolare, anche se la parte superiore dell&#8217;edificio ha una pianta ottagonale con altre torrette su ogni lato.<\/p> <p>Ha una base quadrata, anche se la parte superiore dell&#8217;edificio ha una pianta ottagonale con altre torrette su ogni lato.<\/p> <p>\u00c8 costruito su una base quadrangolare.\n\t\t\t\t\t\t\t\t\t<\/div>\n\t\t\t\t\t\t\t\t\t<img decoding=\"async\" src=\"https:\/\/cdn.pilgrim.es\/web\/caminos\/via-de-la-plata\/pueblos\/salamanca\/puntos-de-interes\/torre-del-clavero.jpg\" alt=\"Torre del Clavero\">\n\t\t\t\t\t\t\t\t<\/div>\n\t\t\t\t\t\t\t<\/div>\n\t\t\t\t\t\t\n\t\t\t\t\t\t\t<div class=\"accordion__accordion-content inactive\">\n\t\t\t\t\t\t\t\t<div>\n\t\t\t\t\t\t\t\t\t<div>\n\t\t\t\t\t\t\t\t\t\t<h4>Puente Romano<\/h4>\n\t\t\t\t\t\t\t\t\t\t<p>Il Ponte Romano di Salamanca attraversa le acque del fiume Tormes ed \u00e8 uno dei ponti meglio conservati della Via dell&#8217;Argento.\n\n<p>Anche se l&#8217;autore di questo ponte \u00e8 sconosciuto, gli esperti sostengono che potrebbe essere stato lo stesso imperatore Traiano. Si tratta di una costruzione molto robusta e, fino a poco pi\u00f9 di un secolo fa, era identificato come l&#8217;unico ponte sul fiume Tormes.<\/p> <p>Si tratta di un ponte di grande forza e, fino a poco pi\u00f9 di un secolo fa, era identificato come l&#8217;unico ponte sul fiume Tormes.\n\t\t\t\t\t\t\t\t\t<\/div>\n\t\t\t\t\t\t\t\t\t<img decoding=\"async\" src=\"https:\/\/cdn.pilgrim.es\/web\/caminos\/via-de-la-plata\/pueblos\/salamanca\/puntos-de-interes\/puente-romano.jpg\" alt=\"Puente Romano\">\n\t\t\t\t\t\t\t\t<\/div>\n\t\t\t\t\t\t\t<\/div>\n\t\t\t\t\t\t\n\t\t\t\t\t\t\t<div class=\"accordion__accordion-content inactive\">\n\t\t\t\t\t\t\t\t<div>\n\t\t\t\t\t\t\t\t\t<div>\n\t\t\t\t\t\t\t\t\t\t<h4>Plaza Mayor<\/h4>\n\t\t\t\t\t\t\t\t\t\t<p> Dichiarata Monumento Nazionale nel 1935 e Monumento Storico-Artistico nel 1973, la Plaza Mayor di Salamanca fu costruita nel corso di due decenni del XVIII secolo in stile churrigueresco.\n\t\t\t\t\t\t\t\t\t<\/div>\n\t\t\t\t\t\t\t\t\t<img decoding=\"async\" src=\"https:\/\/cdn.pilgrim.es\/web\/caminos\/via-de-la-plata\/pueblos\/salamanca\/puntos-de-interes\/plaza-mayor.jpg\" alt=\"Plaza Mayor\">\n\t\t\t\t\t\t\t\t<\/div>\n\t\t\t\t\t\t\t<\/div>\n\t\t\t\t\t\t\n\t\t\t\t\t\t\t<div class=\"accordion__accordion-content inactive\">\n\t\t\t\t\t\t\t\t<div>\n\t\t\t\t\t\t\t\t\t<div>\n\t\t\t\t\t\t\t\t\t\t<h4>Plaza de Monterrey<\/h4>\n\t\t\t\t\t\t\t\t\t\t<p> \u00c8 stata costruita nel XVI secolo ed \u00e8 considerata la pi\u00f9 famosa e copiata costruzione civile in stile rinascimentale della Spagna e dell&#8217;America Latina. Il progetto fu realizzato su disegno di Don Alonso de Z\u00fa\u00f1iga y Acevedo, terzo conte di Monterrey, seguendo i progetti di Rodrigo Gil de Honta\u00f1\u00f3n. La sua funzione principale era quella di servire da residenza secondo i canoni dello stile italiano.\n\t\t\t\t\t\t\t\t\t<\/div>\n\t\t\t\t\t\t\t\t\t<img decoding=\"async\" src=\"https:\/\/cdn.pilgrim.es\/web\/caminos\/via-de-la-plata\/pueblos\/salamanca\/puntos-de-interes\/plaza-de-monterrey.jpg\" alt=\"Plaza de Monterrey\">\n\t\t\t\t\t\t\t\t<\/div>\n\t\t\t\t\t\t\t<\/div>\n\t\t\t\t\t\t\n\t\t\t\t\t\t\t<div class=\"accordion__accordion-content inactive\">\n\t\t\t\t\t\t\t\t<div>\n\t\t\t\t\t\t\t\t\t<div>\n\t\t\t\t\t\t\t\t\t\t<h4>Palacio de la Salina<\/h4>\n\t\t\t\t\t\t\t\t\t\t<p>Conosciuto anche con il nome di Palacio Fonseca, eretto su mandato di Rodrigo de Mess\u00eda, marito di Do\u00f1a Mayor de Fonseca y Toledo. Questa propriet\u00e0 fu poi ereditata dal suo secondo figlio, Juan de Fonseca.\n\t\t\t\t\t\t\t\t\t<\/div>\n\t\t\t\t\t\t\t\t\t<img decoding=\"async\" src=\"https:\/\/cdn.pilgrim.es\/web\/caminos\/via-de-la-plata\/pueblos\/salamanca\/puntos-de-interes\/palacio-de-la-salina.jpg\" alt=\"Palacio de la Salina\">\n\t\t\t\t\t\t\t\t<\/div>\n\t\t\t\t\t\t\t<\/div>\n\t\t\t\t\t\t\n\t\t\t\t\t\t\t<div class=\"accordion__accordion-content inactive\">\n\t\t\t\t\t\t\t\t<div>\n\t\t\t\t\t\t\t\t\t<div>\n\t\t\t\t\t\t\t\t\t\t<h4>Palacio de Anaya<\/h4>\n\t\t\t\t\t\t\t\t\t\t<p>Conosciuto anche con il nome di Colegio Mayor de San Bartolom\u00e9, questo edificio neoclassico fu costruito nel 1760 per ordine di Diego de Anaya y Maldonado.<\/p> <p>L&#8217;edificio fu costruito nel 1760 per ordine di Diego de Anaya y Maldonado.\n\n<p>Oggi ospita la Facolt\u00e0 di Filologia dell&#8217;Universit\u00e0 di Salamanca. L&#8217;esterno si distingue per le quattro colonne ioniche che fiancheggiano la facciata, che termina con un frontone triangolare e una grande scalinata che conduce all&#8217;ingresso.<\/p> <p>\u00c8 un edificio di grande bellezza.\n\t\t\t\t\t\t\t\t\t<\/div>\n\t\t\t\t\t\t\t\t\t<img decoding=\"async\" src=\"https:\/\/cdn.pilgrim.es\/web\/caminos\/via-de-la-plata\/pueblos\/salamanca\/puntos-de-interes\/palacio-de-anaya.jpg\" alt=\"Palacio de Anaya\">\n\t\t\t\t\t\t\t\t<\/div>\n\t\t\t\t\t\t\t<\/div>\n\t\t\t\t\t\t\n\t\t\t\t\t\t\t<div class=\"accordion__accordion-content inactive\">\n\t\t\t\t\t\t\t\t<div>\n\t\t\t\t\t\t\t\t\t<div>\n\t\t\t\t\t\t\t\t\t\t<h4>Museo de Salamanca<\/h4>\n\t\t\t\t\t\t\t\t\t\t<p>Conosciuto anche come Museo Provinciale o Museo delle Belle Arti, ha sede dal 1948 nella Casa de los \u00c1lvarez Abarca, in via Patio de Escuelas. Questo museo \u00e8 stato creato per ospitare collezioni di archeologia, belle arti ed etnografia ed \u00e8 diviso in tre sezioni. La sezione di Belle Arti \u00e8 la pi\u00f9 ampia, mentre le sezioni archeologica ed etnografica vengono rinnovate regolarmente.\n\t\t\t\t\t\t\t\t\t<\/div>\n\t\t\t\t\t\t\t\t\t<img decoding=\"async\" src=\"https:\/\/cdn.pilgrim.es\/web\/caminos\/via-de-la-plata\/pueblos\/salamanca\/puntos-de-interes\/museo-de-salamanca.jpg\" alt=\"Museo de Salamanca\">\n\t\t\t\t\t\t\t\t<\/div>\n\t\t\t\t\t\t\t<\/div>\n\t\t\t\t\t\t\n\t\t\t\t\t\t\t<div class=\"accordion__accordion-content inactive\">\n\t\t\t\t\t\t\t\t<div>\n\t\t\t\t\t\t\t\t\t<div>\n\t\t\t\t\t\t\t\t\t\t<h4>Museo Catedralicio<\/h4>\n\t\t\t\t\t\t\t\t\t\t<p>Le Sale Capitolari del chiostro della Cattedrale Vecchia e la Cappella di Santa Catalina ospitano dal 1953 il Museo della Cattedrale di Salamanca. Questo centro culturale \u00e8 stato creato con l&#8217;obiettivo di riunire in un unico spazio tutte le opere d&#8217;arte conservate nelle due cattedrali della citt\u00e0.\n\t\t\t\t\t\t\t\t\t<\/div>\n\t\t\t\t\t\t\t\t\t<img decoding=\"async\" src=\"https:\/\/cdn.pilgrim.es\/web\/caminos\/via-de-la-plata\/pueblos\/salamanca\/puntos-de-interes\/museo-catedralicio.jpg\" alt=\"Museo Catedralicio\">\n\t\t\t\t\t\t\t\t<\/div>\n\t\t\t\t\t\t\t<\/div>\n\t\t\t\t\t\t\n\t\t\t\t\t\t\t<div class=\"accordion__accordion-content inactive\">\n\t\t\t\t\t\t\t\t<div>\n\t\t\t\t\t\t\t\t\t<div>\n\t\t\t\t\t\t\t\t\t\t<h4>La Clerec\u00eda<\/h4>\n\t\t\t\t\t\t\t\t\t\t<p>Conosciuto anche come Collegio Reale della Compagnia di Ges\u00f9, la sua costruzione inizi\u00f2 nel 1617 ad opera dell&#8217;architetto Juan G\u00f3mez de Mora e dur\u00f2 circa 150 anni. La sua funzione principale era quella di ospitare il collegio gesuita, ma dal 1940 ospita la sede della Pontificia Universit\u00e0 di Salamanca. Per quanto riguarda la sua struttura, \u00e8 divisa in tre parti: la chiesa, il collegio e la residenza. <\/p>\n\t\t\t\t\t\t\t\t\t<\/div>\n\t\t\t\t\t\t\t\t\t<img decoding=\"async\" src=\"https:\/\/cdn.pilgrim.es\/web\/caminos\/via-de-la-plata\/pueblos\/salamanca\/puntos-de-interes\/la-clerecia.jpg\" alt=\"La Clerec\u00eda\">\n\t\t\t\t\t\t\t\t<\/div>\n\t\t\t\t\t\t\t<\/div>\n\t\t\t\t\t\t\n\t\t\t\t\t\t\t<div class=\"accordion__accordion-content inactive\">\n\t\t\t\t\t\t\t\t<div>\n\t\t\t\t\t\t\t\t\t<div>\n\t\t\t\t\t\t\t\t\t\t<h4>Iglesia de Santo Tom\u00e1s Cantuariense<\/h4>\n\t\t\t\t\t\t\t\t\t\t<p>Si tratta di una chiesa del XII secolo nello stile romanico prevalente dell&#8217;epoca.  Si distingue per l&#8217;austerit\u00e0 delle sue forme e per essere la prima chiesa dedicata a San Thomas Beckett al di fuori della Gran Bretagna. \u00c8 anche famosa per essere stata la casa del drammaturgo Lucas Fern\u00e1ndez, nato nella citt\u00e0 di Salamanca e autore delle sette Farsas e delle ecloghe in stile pastorale.\n\n<p>Orario delle Messe<\/p>\n\n<p>Dal 1\u00b0 ottobre al 31 maggio festivi alle 18:00 Dal 1\u00b0 giugno al 30 settembre festivi alle 11:00<\/p> <p>Dal 1\u00b0 ottobre al 31 maggio festivi alle 18:00 Dal 1\u00b0 giugno al 30 settembre festivi alle 11:00<\/p> <p>Dal 1\u00b0 ottobre al 31 maggio festivi alle 18:00\n\n<p>INFORMAZIONI DI INTERESSE<\/p> <p>Dal 1\u00b0 ottobre al 30 settembre\n\n<p>Telefono: 923 217 106<\/p>\n\t\t\t\t\t\t\t\t\t<\/div>\n\t\t\t\t\t\t\t\t\t<img decoding=\"async\" src=\"https:\/\/cdn.pilgrim.es\/web\/caminos\/via-de-la-plata\/pueblos\/salamanca\/puntos-de-interes\/iglesia-de-santo-tomas-cantuariense.jpg\" alt=\"Iglesia de Santo Tom\u00e1s Cantuariense\">\n\t\t\t\t\t\t\t\t<\/div>\n\t\t\t\t\t\t\t<\/div>\n\t\t\t\t\t\t\n\t\t\t\t\t\t\t<div class=\"accordion__accordion-content inactive\">\n\t\t\t\t\t\t\t\t<div>\n\t\t\t\t\t\t\t\t\t<div>\n\t\t\t\t\t\t\t\t\t\t<h4>Iglesia de San Mart\u00edn<\/h4>\n\t\t\t\t\t\t\t\t\t\t<p>Si tratta di una chiesa costruita intorno al 1103 nello stile romanico di Salamanca. Il suo interno \u00e8 diviso in tre navate, di cui la centrale \u00e8 la pi\u00f9 ampia ed \u00e8 coperta da una volta a botte, mentre le navate laterali sono coperte da una volta a crociera.<\/p> <p>\u00c8 una chiesa costruita intorno al 1103 nello stile romanico di Salamanca.\n\t\t\t\t\t\t\t\t\t<\/div>\n\t\t\t\t\t\t\t\t\t<img decoding=\"async\" src=\"https:\/\/cdn.pilgrim.es\/web\/caminos\/via-de-la-plata\/pueblos\/salamanca\/puntos-de-interes\/iglesia-de-san-martin.jpg\" alt=\"Iglesia de San Mart\u00edn\">\n\t\t\t\t\t\t\t\t<\/div>\n\t\t\t\t\t\t\t<\/div>\n\t\t\t\t\t\t\n\t\t\t\t\t\t\t<div class=\"accordion__accordion-content inactive\">\n\t\t\t\t\t\t\t\t<div>\n\t\t\t\t\t\t\t\t\t<div>\n\t\t\t\t\t\t\t\t\t\t<h4>Iglesia de San Marcos<\/h4>\n\t\t\t\t\t\t\t\t\t\t<p>Si tratta di una chiesa in stile romanico costruita intorno al XII secolo a pianta completamente circolare e divisa in tre navate, di cui la centrale \u00e8 la pi\u00f9 ampia, sormontate da absidi semicircolari a gradoni. L&#8217;esterno \u00e8 caratterizzato da un campanile, anch&#8217;esso in stile barocco, e all&#8217;interno da dipinti gotici raffiguranti scene della vita della Vergine Maria.\n\n<p>Orario delle Messe <\/p>.\n\n<p>Dal 1\u00b0 settembre al 30 giugno Feriali alle 09:30, 13:00 e 20:30 Vespri alle 19:30 e 20:30 Festivi alle 09:30, 11:15, 12:30, 13:30, 19:30 e 20:30<\/p> &lt;p\n\n<p>INFORMAZIONI DI INTERESSE<\/p>\n\n<p>Telefono: 923 212 525<\/p>\n\t\t\t\t\t\t\t\t\t<\/div>\n\t\t\t\t\t\t\t\t\t<img decoding=\"async\" src=\"https:\/\/cdn.pilgrim.es\/web\/caminos\/via-de-la-plata\/pueblos\/salamanca\/puntos-de-interes\/iglesia-de-san-marcos.jpg\" alt=\"Iglesia de San Marcos\">\n\t\t\t\t\t\t\t\t<\/div>\n\t\t\t\t\t\t\t<\/div>\n\t\t\t\t\t\t\n\t\t\t\t\t\t\t<div class=\"accordion__accordion-content inactive\">\n\t\t\t\t\t\t\t\t<div>\n\t\t\t\t\t\t\t\t\t<div>\n\t\t\t\t\t\t\t\t\t\t<h4>Iglesia de San Juli\u00e1n y Santa Basilisa<\/h4>\n\t\t\t\t\t\t\t\t\t\t<p>Si tratta di una chiesa costruita all&#8217;inizio del XII secolo, in stile romanico, che ha subito numerose trasformazioni nel corso degli anni. Si distingue per ospitare la tomba del dottor Francisco Ramos del Manzano, che ebbe grande importanza come giurista della citt\u00e0, oltre ad essere professore dell&#8217;Universit\u00e0 di Salamanca e precettore di Carlo II.\n\t\t\t\t\t\t\t\t\t<\/div>\n\t\t\t\t\t\t\t\t\t<img decoding=\"async\" src=\"https:\/\/cdn.pilgrim.es\/web\/caminos\/via-de-la-plata\/pueblos\/salamanca\/puntos-de-interes\/iglesia-de-san-julian-y-santa-basilisa.jpg\" alt=\"Iglesia de San Juli\u00e1n y Santa Basilisa\">\n\t\t\t\t\t\t\t\t<\/div>\n\t\t\t\t\t\t\t<\/div>\n\t\t\t\t\t\t\n\t\t\t\t\t\t\t<div class=\"accordion__accordion-content inactive\">\n\t\t\t\t\t\t\t\t<div>\n\t\t\t\t\t\t\t\t\t<div>\n\t\t\t\t\t\t\t\t\t\t<h4>Iglesia de San Benito<\/h4>\n\t\t\t\t\t\t\t\t\t\t<p>Costruita nel 1104 nel prevalente stile romanico dell&#8217;epoca, fu poi ricostruita per ordine dell&#8217;arcivescovo Fonseca, che fu battezzato proprio in questo luogo. All&#8217;interno spiccano la facciata gotica, la pala dell&#8217;altare maggiore e il Calvario, del XVI secolo. Il suo nome deriva da una delle fazioni di nobili che per anni si contesero il potere a Salamanca. <\/p>\n\n<p>Orario<\/p>\n\n<p>Dal 1\u00b0 ottobre al 30 giugno Festivi alle 11:30, 17:45 e 21:00 2a e 4a domenica del mese alle 17:45<\/p>\n\t\t\t\t\t\t\t\t\t<\/div>\n\t\t\t\t\t\t\t\t\t<img decoding=\"async\" src=\"https:\/\/cdn.pilgrim.es\/web\/caminos\/via-de-la-plata\/pueblos\/salamanca\/puntos-de-interes\/iglesia-de-san-benito.jpg\" alt=\"Iglesia de San Benito\">\n\t\t\t\t\t\t\t\t<\/div>\n\t\t\t\t\t\t\t<\/div>\n\t\t\t\t\t\t\n\t\t\t\t\t\t\t<div class=\"accordion__accordion-content inactive\">\n\t\t\t\t\t\t\t\t<div>\n\t\t\t\t\t\t\t\t\t<div>\n\t\t\t\t\t\t\t\t\t\t<h4>Murallas de Salamanca<\/h4>\n\t\t\t\t\t\t\t\t\t\t<p>Le due cinte murarie che racchiudevano la citt\u00e0 di Salamanca hanno diversi centri nevralgici: mentre la prima aveva come centro la Cattedrale Vecchia, la seconda cinta \u00e8 il Concistoro. Dalla fine del XIX secolo, l&#8217;antica cinta muraria \u00e8 andata scomparendo a causa dell&#8217;inevitabile espansione della citt\u00e0. <\/p>\n\t\t\t\t\t\t\t\t\t<\/div>\n\t\t\t\t\t\t\t\t\t<img decoding=\"async\" src=\"https:\/\/cdn.pilgrim.es\/web\/caminos\/via-de-la-plata\/pueblos\/salamanca\/puntos-de-interes\/murallas-de-salamanca.jpg\" alt=\"Murallas de Salamanca\">\n\t\t\t\t\t\t\t\t<\/div>\n\t\t\t\t\t\t\t<\/div>\n\t\t\t\t\t\t\n\t\t\t\t\t\t\t<div class=\"accordion__accordion-content inactive\">\n\t\t\t\t\t\t\t\t<div>\n\t\t\t\t\t\t\t\t\t<div>\n\t\t\t\t\t\t\t\t\t\t<h4>Fonda Veracruz<\/h4>\n\t\t\t\t\t\t\t\t\t\t<p>Si tratta di un edificio piuttosto unico nel suo genere, che fino alla met\u00e0 del XX secolo forniva un servizio di ristorazione e di ospitalit\u00e0.  Attualmente ospita la Scuola Alberghiera di Salamanca. Si distingue per il suo cortile d&#8217;ingresso, circondato da portici e da due scale che fiancheggiano la torre da cui si accede. Oggi una moltitudine di edera ricopre l&#8217;intera facciata, conferendole un aspetto particolare. <\/p>\n\n<p>INFORMAZIONI DI INTERESSE<\/p>\n\n<p>Telefono: 923 270 314<\/p>\n\t\t\t\t\t\t\t\t\t<\/div>\n\t\t\t\t\t\t\t\t\t<img decoding=\"async\" src=\"https:\/\/cdn.pilgrim.es\/web\/caminos\/via-de-la-plata\/pueblos\/salamanca\/puntos-de-interes\/fonda-veracruz.jpg\" alt=\"Fonda Veracruz\">\n\t\t\t\t\t\t\t\t<\/div>\n\t\t\t\t\t\t\t<\/div>\n\t\t\t\t\t\t\n\t\t\t\t\t\t\t<div class=\"accordion__accordion-content inactive\">\n\t\t\t\t\t\t\t\t<div>\n\t\t\t\t\t\t\t\t\t<div>\n\t\t\t\t\t\t\t\t\t\t<h4>Edificio Hist\u00f3rico de la Universidad de Salamanca<\/h4>\n\t\t\t\t\t\t\t\t\t\t<p>Salamanca \u00e8 la pi\u00f9 antica universit\u00e0 del Paese e una delle pi\u00f9 antiche d&#8217;Europa. <\/p>\n\n<p>La facciata di questo edificio storico, di stile marcatamente gotico, \u00e8 stata scolpita direttamente nella pietra. <\/p>\n\t\t\t\t\t\t\t\t\t<\/div>\n\t\t\t\t\t\t\t\t\t<img decoding=\"async\" src=\"https:\/\/cdn.pilgrim.es\/web\/caminos\/via-de-la-plata\/pueblos\/salamanca\/puntos-de-interes\/edificio-historico-de-la-universidad-de-salamanca.jpg\" alt=\"Edificio Hist\u00f3rico de la Universidad de Salamanca\">\n\t\t\t\t\t\t\t\t<\/div>\n\t\t\t\t\t\t\t<\/div>\n\t\t\t\t\t\t\n\t\t\t\t\t\t\t<div class=\"accordion__accordion-content inactive\">\n\t\t\t\t\t\t\t\t<div>\n\t\t\t\t\t\t\t\t\t<div>\n\t\t\t\t\t\t\t\t\t\t<h4>Cueva de Salamanca<\/h4>\n\t\t\t\t\t\t\t\t\t\t<p>La grotta di Salamanca corrisponde alla cripta dell&#8217;ormai scomparso tempio di San Cebri\u00e1n, demolito nel XVI secolo. Si trova accanto alla Torre del Marchese di Villena, che nasconde una sconvolgente leggenda.<\/p> <p>La grotta di Salamanca si trova nella cripta dell&#8217;ormai scomparso tempio di San Cebri\u00e1n, demolito nel XVI secolo.\n\t\t\t\t\t\t\t\t\t<\/div>\n\t\t\t\t\t\t\t\t\t<img decoding=\"async\" src=\"https:\/\/cdn.pilgrim.es\/web\/caminos\/via-de-la-plata\/pueblos\/salamanca\/puntos-de-interes\/cueva-de-salamanca.jpg\" alt=\"Cueva de Salamanca\">\n\t\t\t\t\t\t\t\t<\/div>\n\t\t\t\t\t\t\t<\/div>\n\t\t\t\t\t\t\n\t\t\t\t\t\t\t<div class=\"accordion__accordion-content inactive\">\n\t\t\t\t\t\t\t\t<div>\n\t\t\t\t\t\t\t\t\t<div>\n\t\t\t\t\t\t\t\t\t\t<h4>Convento de San Esteban<\/h4>\n\t\t\t\t\t\t\t\t\t\t<p>Conosciuto anche come Convento dei Domenicani perch\u00e9 apparteneva a quell&#8217;ordine religioso, fu costruito nel corso del XIII secolo ma fu poi irrimediabilmente distrutto.<\/p> <p>Il convento \u00e8 conosciuto anche come Convento dei Domenicani perch\u00e9 apparteneva a quell&#8217;ordine religioso.\n\t\t\t\t\t\t\t\t\t<\/div>\n\t\t\t\t\t\t\t\t\t<img decoding=\"async\" src=\"https:\/\/cdn.pilgrim.es\/web\/caminos\/via-de-la-plata\/pueblos\/salamanca\/puntos-de-interes\/convento-de-san-esteban.jpg\" alt=\"Convento de San Esteban\">\n\t\t\t\t\t\t\t\t<\/div>\n\t\t\t\t\t\t\t<\/div>\n\t\t\t\t\t\t\n\t\t\t\t\t\t\t<div class=\"accordion__accordion-content inactive\">\n\t\t\t\t\t\t\t\t<div>\n\t\t\t\t\t\t\t\t\t<div>\n\t\t\t\t\t\t\t\t\t\t<h4>Convento de las Due\u00f1as<\/h4>\n\t\t\t\t\t\t\t\t\t\t<p>Conosciuta anche con il nome di Suore Domenicane, in quanto appartenente all&#8217;Ordine di San Domenico, fu eretta nel 1419 in stile mud\u00e9jar. Negli anni successivi sub\u00ec diversi rimaneggiamenti, modificando sostanzialmente varie parti dell&#8217;edificio. Purtroppo oggi si conservano pochi elementi originali ed \u00e8 possibile apprezzare un amalgama di stili rinascimentali, gotici e platereschi.\n\t\t\t\t\t\t\t\t\t<\/div>\n\t\t\t\t\t\t\t\t\t<img decoding=\"async\" src=\"https:\/\/cdn.pilgrim.es\/web\/caminos\/via-de-la-plata\/pueblos\/salamanca\/puntos-de-interes\/convento-de-las-duenas.jpg\" alt=\"Convento de las Due\u00f1as\">\n\t\t\t\t\t\t\t\t<\/div>\n\t\t\t\t\t\t\t<\/div>\n\t\t\t\t\t\t\n\t\t\t\t\t\t\t<div class=\"accordion__accordion-content inactive\">\n\t\t\t\t\t\t\t\t<div>\n\t\t\t\t\t\t\t\t\t<div>\n\t\t\t\t\t\t\t\t\t\t<h4>Convento de la Anunciaci\u00f3n<\/h4>\n\t\t\t\t\t\t\t\t\t\t<p>Conosciuto anche con il nome di Convento delle Orsoline, \u00e8 in funzione dall&#8217;inizio del XVI secolo. Gode di grande importanza per la citt\u00e0 in quanto \u00e8 stato il luogo di riposo eterno dell&#8217;arcivescovo de Fonseca, il suo fondatore. L&#8217;edificio \u00e8 un misto di stili gotico e rinascimentale. Inoltre, sotto il coro della chiesa si trova un piccolo ma ben curato museo. <\/p>\n\t\t\t\t\t\t\t\t\t<\/div>\n\t\t\t\t\t\t\t\t\t<img decoding=\"async\" src=\"https:\/\/cdn.pilgrim.es\/web\/caminos\/via-de-la-plata\/pueblos\/salamanca\/puntos-de-interes\/convento-de-la-anunciacion.jpg\" alt=\"Convento de la Anunciaci\u00f3n\">\n\t\t\t\t\t\t\t\t<\/div>\n\t\t\t\t\t\t\t<\/div>\n\t\t\t\t\t\t\n\t\t\t\t\t\t\t<div class=\"accordion__accordion-content inactive\">\n\t\t\t\t\t\t\t\t<div>\n\t\t\t\t\t\t\t\t\t<div>\n\t\t\t\t\t\t\t\t\t\t<h4>Colegio de Calatrava<\/h4>\n\t\t\t\t\t\t\t\t\t\t<p>Conosciuto anche come Collegio dell&#8217;Immacolata Concezione, fu costruito nel XVIII secolo dall&#8217;Ordine di Calatrava, a cui deve il suo nome. Su tutti spicca la cappella, che ospitava diversi dipinti originali di Francisco de Goya, come il quadro dell&#8217;Immacolata Concezione, fino al saccheggio da parte dei francesi, quando scomparve. Tra il 2000 e il 2003 si \u00e8 resa necessaria un&#8217;importante ristrutturazione per concentrare in un unico luogo tutte le esigenze della Diocesi.\n\t\t\t\t\t\t\t\t\t<\/div>\n\t\t\t\t\t\t\t\t\t<img decoding=\"async\" src=\"https:\/\/cdn.pilgrim.es\/web\/caminos\/via-de-la-plata\/pueblos\/salamanca\/puntos-de-interes\/colegio-de-calatrava.jpg\" alt=\"Colegio de Calatrava\">\n\t\t\t\t\t\t\t\t<\/div>\n\t\t\t\t\t\t\t<\/div>\n\t\t\t\t\t\t\n\t\t\t\t\t\t\t<div class=\"accordion__accordion-content inactive\">\n\t\t\t\t\t\t\t\t<div>\n\t\t\t\t\t\t\t\t\t<div>\n\t\t\t\t\t\t\t\t\t\t<h4>Centro Documental de la Memoria Hist\u00f3rica<\/h4>\n\t\t\t\t\t\t\t\t\t\t<p>Situato in via Gibraltar, questo museo \u00e8 stato fondato grazie all&#8217;Archivio Generale della Guerra Civile Spagnola. Il suo scopo principale \u00e8 quello di preservare la documentazione e di servire come aiuto alla ricerca e alla divulgazione. Questo Centro \u00e8 conosciuto dagli abitanti di Salamanca anche come &#8220;l&#8217;Archivio&#8221;. Durante la guerra civile spagnola serv\u00ec come sede del Comando Generale Franchista, essendo un centro indispensabile per la parte fascista per conservare tutta la documentazione e identificare cos\u00ec le persone con ideologia non legata al Regime. <\/p>\n\t\t\t\t\t\t\t\t\t<\/div>\n\t\t\t\t\t\t\t\t\t<img decoding=\"async\" src=\"https:\/\/cdn.pilgrim.es\/web\/caminos\/via-de-la-plata\/pueblos\/salamanca\/puntos-de-interes\/centro-documental-de-la-memoria-historica.jpg\" alt=\"Centro Documental de la Memoria Hist\u00f3rica\">\n\t\t\t\t\t\t\t\t<\/div>\n\t\t\t\t\t\t\t<\/div>\n\t\t\t\t\t\t\n\t\t\t\t\t\t\t<div class=\"accordion__accordion-content inactive\">\n\t\t\t\t\t\t\t\t<div>\n\t\t\t\t\t\t\t\t\t<div>\n\t\t\t\t\t\t\t\t\t\t<h4>Catedral Vieja<\/h4>\n\t\t\t\t\t\t\t\t\t\t<p>\u00c8 uno dei monumenti pi\u00f9 rinomati dell&#8217;architettura romanica spagnola. La sua costruzione inizi\u00f2 nel 1140 e dur\u00f2 poco pi\u00f9 di un secolo. La sua struttura \u00e8 suddivisa in tre navate coperte da volte a crociera, un transetto anch&#8217;esso coperto da una cupola a crociera (chiamata Torre del Gallo) e tre absidi semicircolari. All&#8217;interno spiccano le sculture medievali che decorano i capitelli e le tombe del XIII e XIV secolo. La caratteristica pi\u00f9 rilevante del suo interno \u00e8 la pala d&#8217;altare principale, composta da diverse pitture murali della met\u00e0 del XV secolo che raffigurano la vita di Cristo, e al centro ospita un&#8217;immagine della Virgen de la Vega, considerata la patrona della citt\u00e0. <\/p>\n\t\t\t\t\t\t\t\t\t<\/div>\n\t\t\t\t\t\t\t\t\t<img decoding=\"async\" src=\"https:\/\/cdn.pilgrim.es\/web\/caminos\/via-de-la-plata\/pueblos\/salamanca\/puntos-de-interes\/catedral-vieja.jpg\" alt=\"Catedral Vieja\">\n\t\t\t\t\t\t\t\t<\/div>\n\t\t\t\t\t\t\t<\/div>\n\t\t\t\t\t\t\n\t\t\t\t\t\t\t<div class=\"accordion__accordion-content inactive\">\n\t\t\t\t\t\t\t\t<div>\n\t\t\t\t\t\t\t\t\t<div>\n\t\t\t\t\t\t\t\t\t\t<h4>Catedral Nueva<\/h4>\n\t\t\t\t\t\t\t\t\t\t<p>Questa \u00e8 una delle pi\u00f9 importanti cattedrali di Salamanca. Fu costruita per sostituire la Cattedrale Vecchia, che cominciava a diventare troppo piccola. I lavori iniziarono nel 1512 ad opera dell&#8217;architetto Rodrigo Gil de Honta\u00f1\u00f3n, ma furono completati solo nel 1733. <\/p>\n\t\t\t\t\t\t\t\t\t<\/div>\n\t\t\t\t\t\t\t\t\t<img decoding=\"async\" src=\"https:\/\/cdn.pilgrim.es\/web\/caminos\/via-de-la-plata\/pueblos\/salamanca\/puntos-de-interes\/catedral-nueva.jpg\" alt=\"Catedral Nueva\">\n\t\t\t\t\t\t\t\t<\/div>\n\t\t\t\t\t\t\t<\/div>\n\t\t\t\t\t\t\n\t\t\t\t\t\t\t<div class=\"accordion__accordion-content inactive\">\n\t\t\t\t\t\t\t\t<div>\n\t\t\t\t\t\t\t\t\t<div>\n\t\t\t\t\t\t\t\t\t\t<h4>Casa-Museo de Unamuno<\/h4>\n\t\t\t\t\t\t\t\t\t\t<p>Se ci si reca in via Libreros a Salamanca si pu\u00f2 visitare la casa in cui visse lo scrittore Miguel de Unamuno durante il periodo in cui fu rettore dell&#8217;Universit\u00e0 di Salamanca. Oggi lo spazio a disposizione \u00e8 stato adattato per esporre e diffondere l&#8217;opera e gli effetti personali di questo grande scrittore. In particolare, potremo apprezzare i suoi oltre 6000 libri, analizzare la documentazione personale dell&#8217;autore e anche quella di alcuni suoi amici e colleghi. <\/p>\n\t\t\t\t\t\t\t\t\t<\/div>\n\t\t\t\t\t\t\t\t\t<img decoding=\"async\" src=\"https:\/\/cdn.pilgrim.es\/web\/caminos\/via-de-la-plata\/pueblos\/salamanca\/puntos-de-interes\/casa-museo-de-unamuno.jpg\" alt=\"Casa-Museo de Unamuno\">\n\t\t\t\t\t\t\t\t<\/div>\n\t\t\t\t\t\t\t<\/div>\n\t\t\t\t\t\t\n\t\t\t\t\t\t\t<div class=\"accordion__accordion-content inactive\">\n\t\t\t\t\t\t\t\t<div>\n\t\t\t\t\t\t\t\t\t<div>\n\t\t\t\t\t\t\t\t\t\t<h4>Iglesia de la Pur\u00edsima<\/h4>\n\t\t\t\t\t\t\t\t\t\t<p>Annessa al Convento delle Monache Agostiniane, questa chiesa fu costruita nel XVII secolo per ordine del Conte di Monterrey come dono alla figlia, appartenente all&#8217;Ordine delle Monache Agostiniane.<\/p> <p>La chiesa fu costruita nel XVII secolo per ordine del Conte di Monterrey come dono alla figlia, appartenente all&#8217;Ordine delle Monache Agostiniane.\n\n<p>Si tratta di un edificio in stile barocco molto austero, che si distingue per ospitare diverse opere dell&#8217;artista Jos\u00e9 de Ribera. La pi\u00f9 famosa \u00e8 quella che raffigura la Pur\u00edsima, considerata uno dei pi\u00f9 bei dipinti dedicati alla Vergine. L&#8217;edificio contiene anche le tombe dei suoi fondatori sull&#8217;altare principale e nel pulpito, tutte in marmo italiano. <\/p>\n\n<p>Orario della messa<\/p>\n\n<p>Dal 1\u00b0 ottobre al 30 giugno Feriali e vespri alle 19:00 Festivi alle 12:30Dal 1\u00b0 luglio al 30 settembre Feriali e vespri alle 20:00<\/p> <p>Dal 1\u00b0 luglio al 30 settembre Feriali e vespri alle 20:00<\/p> <p>Dal 1\u00b0 ottobre al 30 giugno Feriali e vespri alle 19:00 Festivi alle 12:30<\/p> &lt;p\n\n<p>INFORMAZIONI DI INTERESSE<\/p>\n\n<p>Web: www.lapurisimasalamanca.esTel\u00e9fono: 923 212 738<\/p>\n\t\t\t\t\t\t\t\t\t<\/div>\n\t\t\t\t\t\t\t\t\t<img decoding=\"async\" src=\"https:\/\/cdn.pilgrim.es\/web\/caminos\/via-de-la-plata\/pueblos\/salamanca\/puntos-de-interes\/iglesia-de-la-purisima.jpg\" alt=\"Iglesia de la Pur\u00edsima\">\n\t\t\t\t\t\t\t\t<\/div>\n\t\t\t\t\t\t\t<\/div>\n\t\t\t\t\t\t\n\t\t\t\t\t\t\t<div class=\"accordion__accordion-content inactive\">\n\t\t\t\t\t\t\t\t<div>\n\t\t\t\t\t\t\t\t\t<div>\n\t\t\t\t\t\t\t\t\t\t<h4>Casa Lis<\/h4>\n\t\t\t\t\t\t\t\t\t\t<p>\u00c8 un edificio costruito sulle antiche mura della citt\u00e0 nel 1905 dall&#8217;architetto Joaqu\u00edn Vargas Aguirre. \u00c8 considerato uno dei monumenti pi\u00f9 noti della citt\u00e0, in quanto la facciata sud \u00e8 un chiaro esempio di arte modernista, con le sue vetrate colorate che danno molta luce a tutta la casa. Dal 1995 qui si trova il Museo d&#8217;Arte Noevau e d&#8217;Arte D\u00e8co, con 19 collezioni di oggetti d&#8217;arte raccolti da Manuel Ramos Andrade. <\/p>\n\t\t\t\t\t\t\t\t\t<\/div>\n\t\t\t\t\t\t\t\t\t<img decoding=\"async\" src=\"https:\/\/cdn.pilgrim.es\/web\/caminos\/via-de-la-plata\/pueblos\/salamanca\/puntos-de-interes\/casa-lis.jpg\" alt=\"Casa Lis\">\n\t\t\t\t\t\t\t\t<\/div>\n\t\t\t\t\t\t\t<\/div>\n\t\t\t\t\t\t\n\t\t\t\t\t\t\t<div class=\"accordion__accordion-content inactive\">\n\t\t\t\t\t\t\t\t<div>\n\t\t\t\t\t\t\t\t\t<div>\n\t\t\t\t\t\t\t\t\t\t<h4>Casa de las Conchas<\/h4>\n\t\t\t\t\t\t\t\t\t\t<p>Si tratta di una grande casa in stile palazzo costruita durante il regno dei Re Cattolici da Rodrigo Arias Maldonado. \u00c8 uno degli edifici pi\u00f9 importanti di tutta la localit\u00e0 e si distingue dagli altri per le oltre 300 conchiglie incastonate nella facciata, secondo una composizione romboidale. Una leggenda sostiene che sotto una di queste conchiglie sia nascosta una leggendaria moneta d&#8217;oro. <\/p>\n\t\t\t\t\t\t\t\t\t<\/div>\n\t\t\t\t\t\t\t\t\t<img decoding=\"async\" src=\"https:\/\/cdn.pilgrim.es\/web\/caminos\/via-de-la-plata\/pueblos\/salamanca\/puntos-de-interes\/casa-de-las-conchas.jpg\" alt=\"Casa de las Conchas\">\n\t\t\t\t\t\t\t\t<\/div>\n\t\t\t\t\t\t\t<\/div>\n\t\t\t\t\t\t\n\t\t\t\t\t<\/div>\n\t\t\t\t<\/div>\n\t\t\t<\/div>\n\t\t\n\n\t\t<div id=\"phonesSection\">\n\t\t\t<div>\n\t\t\t\t<h2 class=\"p-h3-town\">Informazioni di interesse<\/h2>\n\t\t\t<\/div>\n\t\t\t<div class=\"grid\">\n\t\t\t\t\n\t\t\t\t\t<div class=\"phone-number-item\">\n\t\t\t\t\t\t<div class=\"phone-number-item__icon\"><i class=\"icon-police\"><\/i><\/div>\n\t\t\t\t\t\t<div class=\"phone-number-item__title\">\n\t\t\t\t\t\t\t<h3 class=\"p-font-bold\">Polizia locale<\/h3>\n\t\t\t\t\t\t\t<p>923 194 433<\/p>\n\t\t\t\t\t\t\t\n\t\t\t\t\t\t<\/div>\n\t\t\t\t\t<\/div>\n\t\t\t\t\n\t\t\t\t\t<div class=\"phone-number-item\">\n\t\t\t\t\t\t<div class=\"phone-number-item__icon\"><i class=\"icon-spanish-military-police\"><\/i><\/div>\n\t\t\t\t\t\t<div class=\"phone-number-item__title\">\n\t\t\t\t\t\t\t<h3 class=\"p-font-bold\">Guardia civile<\/h3>\n\t\t\t\t\t\t\t<p>923 475 500<\/p>\n\t\t\t\t\t\t\t\n\t\t\t\t\t\t<\/div>\n\t\t\t\t\t<\/div>\n\t\t\t\t\n\t\t\t\t\t<div class=\"phone-number-item\">\n\t\t\t\t\t\t<div class=\"phone-number-item__icon\"><i class=\"icon-firefighters\"><\/i><\/div>\n\t\t\t\t\t\t<div class=\"phone-number-item__title\">\n\t\t\t\t\t\t\t<h3 class=\"p-font-bold\">Vigili del fuoco<\/h3>\n\t\t\t\t\t\t\t<p>923 232 336<\/p>\n\t\t\t\t\t\t\t\n\t\t\t\t\t\t<\/div>\n\t\t\t\t\t<\/div>\n\t\t\t\t\n\t\t\t\t\t<div class=\"phone-number-item\">\n\t\t\t\t\t\t<div class=\"phone-number-item__icon\"><i class=\"icon-civil-protection\"><\/i><\/div>\n\t\t\t\t\t\t<div class=\"phone-number-item__title\">\n\t\t\t\t\t\t\t<h3 class=\"p-font-bold\">Protezione civile<\/h3>\n\t\t\t\t\t\t\t<p>923 759 000<\/p>\n\t\t\t\t\t\t\t\n\t\t\t\t\t\t<\/div>\n\t\t\t\t\t<\/div>\n\t\t\t\t\n\t\t\t\t\t<div class=\"phone-number-item\">\n\t\t\t\t\t\t<div class=\"phone-number-item__icon\"><i class=\"icon-town-council\"><\/i><\/div>\n\t\t\t\t\t\t<div class=\"phone-number-item__title\">\n\t\t\t\t\t\t\t<h3 class=\"p-font-bold\">Municipio<\/h3>\n\t\t\t\t\t\t\t<p>923 531 137<\/p>\n\t\t\t\t\t\t\t\n\t\t\t\t\t\t<\/div>\n\t\t\t\t\t<\/div>\n\t\t\t\t\n\t\t\t\t\t<div class=\"phone-number-item\">\n\t\t\t\t\t\t<div class=\"phone-number-item__icon\"><i class=\"icon-hospital\"><\/i><\/div>\n\t\t\t\t\t\t<div class=\"phone-number-item__title\">\n\t\t\t\t\t\t\t<h3 class=\"p-font-bold\">Centro sanitario<\/h3>\n\t\t\t\t\t\t\t<p>923 255 994 \/ 923 126 591<\/p>\n\t\t\t\t\t\t\t\n\t\t\t\t\t\t<\/div>\n\t\t\t\t\t<\/div>\n\t\t\t\t\n\t\t\t\t\t<div class=\"phone-number-item\">\n\t\t\t\t\t\t<div class=\"phone-number-item__icon\"><i class=\"icon-tourism\"><\/i><\/div>\n\t\t\t\t\t\t<div class=\"phone-number-item__title\">\n\t\t\t\t\t\t\t<h3 class=\"p-font-bold\">Ufficio turistico<\/h3>\n\t\t\t\t\t\t\t<p>923 218 342<\/p>\n\t\t\t\t\t\t\t\n\t\t\t\t\t\t\t\t<p>Plaza Mayor, 32<\/p>\n\t\t\t\t\t\t\t\n\t\t\t\t\t\t<\/div>\n\t\t\t\t\t<\/div>\n\t\t\t\t\n\t\t\t<\/div>\n\t\t<\/div>\n\n\t\t<div id=\"clientForm\">\n        <section>\n        <img decoding=\"async\" src=\"https:\/\/cdn.pilgrim.es\/web\/home\/email-contacto.png\" alt=\"contacto\">\n        <div>\n            <p>Ti inviamo la tua pianificazione<\/p>\n            <p>Forniscici i tuoi dati e ricevi la pianificazione del tuo viaggio via email <\/p>\n            <form method=\"post\" data-url=\"\/wp-admin\/admin-ajax.php\" id=\"planner--client\" class=\"flag-right form-client\">\n    <div class=\"form-data\">\n        <input name=\"form_id\" type=\"hidden\" value=\"Formulario Leads\">\n        <input name=\"type\" type=\"hidden\" value=\"planner_client\">\n        <input type=\"text\" name=\"nombre\" value=\"\" size=\"40\" class=\"form-control\" aria-required=\"true\" aria-invalid=\"false\" placeholder=\"Nome\">\n        <input type=\"email\" name=\"email\" value=\"\" size=\"40\" class=\"form-control\" aria-required=\"true\" aria-invalid=\"false\" placeholder=\"Mail\">\n        <input type=\"text\" id=\"phone-input\" name=\"tel\" value=\"\" size=\"40\" class=\"phone-input form-control\" aria-required=\"true\" aria-invalid=\"false\" placeholder=\"Telefono\">\n        <input type=\"hidden\" name=\"telefono\">\n    <\/div>\n    <div class=\"form-checkbox\">\n        <span>\n            Pilgrim Travel. S.L. informa, come previsto dal Regolamento 2016\/679, che i dati utilizzati in questo modulo verranno utilizzati sia per la risposta delle eventuali consultazioni sia per la pub-blicazione dei commenti, essendo il consenso dell'utente la base di legittimazione. Potranno esse-re esercitati i diritti in conformit\u00e0 con quanto stabilito dalla nostra             <a href=\"https:\/\/www.pilgrim.es\/it\/informativa-sulla-privacy\/\" target=\"_blank\" rel=\"noopener noreferrer nofollow\">Politica di privacy.<\/a>\n        <\/span>\n    <\/div>\n\n    <div class=\"form-submit\">\n        <button id=\"planner--client-create\" type=\"submit\">Formulario di contatto<\/button>\n        <div class=\"loadingDiv\"><i class=\"p-spinner\"><\/i><\/div>\n    <\/div>\n\n    <div class=\"contact-content-form-success\">\n        <p><i class=\"fas fa-check\"><\/i> Il modulo \u00e8 stato inviato correttamente<\/p>\n    <\/div>\n\n    <div class=\"contact-content-form-error\">\n        <span class=\"input-error\"><\/span>\n    <\/div>\n<\/form>        <\/div>\n    <\/section>\n<\/div>\n\n\t\t<div id=\"recomendationSection\">\n\t\t\t<div>\n\t\t\t\t<h2 class=\"p-h2-town\">Consigliato<\/h2>\n\t\t\t\t<hr>\n\t\t\t\t<h3 class=\"p-h3-town\">Gastronomia<\/h3>\n\t\t\t<\/div>\n\t\t\tLa gastronomia della citt\u00e0 di Salamanca \u00e8 caratterizzata da piatti molto tradizionali come la chanfaina, le chichas, il maialino da latte, l&#8217;hornazo e le salsicce iberiche.\n\nPer quanto riguarda la pasticceria, i piatti forti sono i chochos de yema, le perrunillas e il bollo maim\u00f3n.\n\t\t<\/div>\n\n\n\t\t\n\t\t\t<div id=\"holidaysSection\">\n\t\t\t\t<div>\n\t\t\t\t\t<h2 class=\"p-h2-town\">Consigliato<\/h2>\n\t\t\t\t\t<hr>\n\t\t\t\t\t<h3 class=\"p-h3-town\">Festival e pellegrinaggi<\/h3>\n\t\t\t\t<\/div>\n\t\t\t\t<div class=\"grid holidays-grid\">\n\t\t\t\t\t\n\t\t\t\t\t\t<div>\n\t\t\t\t\t\t\t<div class=\"phone-number-item\">\n\t\t\t\t\t\t\t\t<div class=\"phone-number-item__icon\"><i class=\"icon-holiday\"><\/i><\/div>\n\t\t\t\t\t\t\t\t<div class=\"phone-number-item__title dark-text\">\n\t\t\t\t\t\t\t\t\t<p class=\"p-font-bold\">Vacanza locale<\/p>\n\t\t\t\t\t\t\t\t\t<p>5 de febrero: Fiesta de las \u00c1guedas<\/p>\n\t\t\t\t\t\t\t\t<\/div>\n\t\t\t\t\t\t\t<\/div>\n\t\t\t\t\t\t<\/div>\n\t\t\t\t\t\n\t\t\t\t\t\t<div>\n\t\t\t\t\t\t\t<div class=\"phone-number-item\">\n\t\t\t\t\t\t\t\t<div class=\"phone-number-item__icon\"><i class=\"icon-holiday\"><\/i><\/div>\n\t\t\t\t\t\t\t\t<div class=\"phone-number-item__title dark-text\">\n\t\t\t\t\t\t\t\t\t<p class=\"p-font-bold\">Vacanza locale<\/p>\n\t\t\t\t\t\t\t\t\t<p>Semana Santa: Declarada de Inter\u00e9s Tur\u00edstico<\/p>\n\t\t\t\t\t\t\t\t<\/div>\n\t\t\t\t\t\t\t<\/div>\n\t\t\t\t\t\t<\/div>\n\t\t\t\t\t\n\t\t\t\t\t\t<div>\n\t\t\t\t\t\t\t<div class=\"phone-number-item\">\n\t\t\t\t\t\t\t\t<div class=\"phone-number-item__icon\"><i class=\"icon-holiday\"><\/i><\/div>\n\t\t\t\t\t\t\t\t<div class=\"phone-number-item__title dark-text\">\n\t\t\t\t\t\t\t\t\t<p class=\"p-font-bold\">Vacanza locale<\/p>\n\t\t\t\t\t\t\t\t\t<p>Siguiente lunes al lunes de Pascua: El lunes de aguas<\/p>\n\t\t\t\t\t\t\t\t<\/div>\n\t\t\t\t\t\t\t<\/div>\n\t\t\t\t\t\t<\/div>\n\t\t\t\t\t\n\t\t\t\t\t\t<div>\n\t\t\t\t\t\t\t<div class=\"phone-number-item\">\n\t\t\t\t\t\t\t\t<div class=\"phone-number-item__icon\"><i class=\"icon-holiday\"><\/i><\/div>\n\t\t\t\t\t\t\t\t<div class=\"phone-number-item__title dark-text\">\n\t\t\t\t\t\t\t\t\t<p class=\"p-font-bold\">Vacanza locale<\/p>\n\t\t\t\t\t\t\t\t\t<p>Del 1 al 15 de junio: El festival internacional de las Artes de Castilla y Le\u00f3n<\/p>\n\t\t\t\t\t\t\t\t<\/div>\n\t\t\t\t\t\t\t<\/div>\n\t\t\t\t\t\t<\/div>\n\t\t\t\t\t\n\t\t\t\t\t\t<div>\n\t\t\t\t\t\t\t<div class=\"phone-number-item\">\n\t\t\t\t\t\t\t\t<div class=\"phone-number-item__icon\"><i class=\"icon-holiday\"><\/i><\/div>\n\t\t\t\t\t\t\t\t<div class=\"phone-number-item__title dark-text\">\n\t\t\t\t\t\t\t\t\t<p class=\"p-font-bold\">Vacanza locale<\/p>\n\t\t\t\t\t\t\t\t\t<p>8 de septiembre: Virgen de la Vega<\/p>\n\t\t\t\t\t\t\t\t<\/div>\n\t\t\t\t\t\t\t<\/div>\n\t\t\t\t\t\t<\/div>\n\t\t\t\t\t\n\t\t\t\t\t\t<div>\n\t\t\t\t\t\t\t<div class=\"phone-number-item\">\n\t\t\t\t\t\t\t\t<div class=\"phone-number-item__icon\"><i class=\"icon-holiday\"><\/i><\/div>\n\t\t\t\t\t\t\t\t<div class=\"phone-number-item__title dark-text\">\n\t\t\t\t\t\t\t\t\t<p class=\"p-font-bold\">Vacanza locale<\/p>\n\t\t\t\t\t\t\t\t\t<p>12 de junio: Fiesta de San Juan de Sahag\u00fan<\/p>\n\t\t\t\t\t\t\t\t<\/div>\n\t\t\t\t\t\t\t<\/div>\n\t\t\t\t\t\t<\/div>\n\t\t\t\t\t\n\t\t\t\t\t\t<div>\n\t\t\t\t\t\t\t<div class=\"phone-number-item\">\n\t\t\t\t\t\t\t\t<div class=\"phone-number-item__icon\"><i class=\"icon-holiday\"><\/i><\/div>\n\t\t\t\t\t\t\t\t<div class=\"phone-number-item__title dark-text\">\n\t\t\t\t\t\t\t\t\t<p class=\"p-font-bold\">Vacanza locale<\/p>\n\t\t\t\t\t\t\t\t\t<p>31 de octubre: Fiesta de ascensi\u00f3n del Mariquelo<\/p>\n\t\t\t\t\t\t\t\t<\/div>\n\t\t\t\t\t\t\t<\/div>\n\t\t\t\t\t\t<\/div>\n\t\t\t\t\t\n\t\t\t\t\t\t<div>\n\t\t\t\t\t\t\t<div class=\"phone-number-item\">\n\t\t\t\t\t\t\t\t<div class=\"phone-number-item__icon\"><i class=\"icon-holiday\"><\/i><\/div>\n\t\t\t\t\t\t\t\t<div class=\"phone-number-item__title dark-text\">\n\t\t\t\t\t\t\t\t\t<p class=\"p-font-bold\">Vacanza locale<\/p>\n\t\t\t\t\t\t\t\t\t<p>15 de diciembre: Nochevieja universitaria<\/p>\n\t\t\t\t\t\t\t\t<\/div>\n\t\t\t\t\t\t\t<\/div>\n\t\t\t\t\t\t<\/div>\n\t\t\t\t\t\n\t\t\t\t<\/div>\n\t\t\t<\/div>\n\t\t\n\t<\/div>\n<\/section>\n\n<div id=\"stage_list_section\"><div class=\"stage-list\">\n    <div class='stage-list__map-card'>\n        <div class='stage-list__map-card__map'>\n            <div class='stage-list__map-card__map__text'>\n                <h2> Pages <\/h2>\n                <p> A piedi<\/p>\n                <p> 0tappe<\/p>\n            <\/div>\n            <div class='stage-list__map-card__map__img'>\n                <img decoding=\"async\" src=\"\" alt=\" mapa \" \/>\n            <\/div>\n        <\/div>\n    <\/div>\n\n    <\/div>\n<\/div> ","protected":false},"excerpt":{"rendered":"<p>Salamanca &#8249; Ritorno al palcoscenico Salamanca Abitanti: 155.921 aprox. Provincia: Salamanca Informazioni Get to know Salamanca Salamanca \u00e8 la prossima grande citt\u00e0 che il pellegrino incontrer\u00e0. Una volta arrivato, avr\u00e0 a disposizione tutti i servizi di cui pu\u00f2 avere bisogno. Vale la pena raccomandare a tutti i pellegrini di riservare del tempo per visitare l&#8217;impressionante &hellip; <\/p>\n<p class=\"read_more\"><a href=\"https:\/\/www.pilgrim.es\/it\/via-plata\/salamanca\/\">Leer m\u00e1s<\/a><\/p>\n","protected":false},"author":0,"featured_media":8290,"parent":10683,"menu_order":0,"comment_status":"closed","ping_status":"closed","template":"views\/template-new-web-design.blade.php","meta":{"footnotes":""},"categories":[],"tags":[],"class_list":["post-91549","page","type-page","status-publish","has-post-thumbnail","hentry"],"yoast_head":"<!-- This site is optimized with the Yoast SEO plugin v27.4 - https:\/\/yoast.com\/product\/yoast-seo-wordpress\/ -->\n<title>Salamanca: Cosa vedere e dove dormire | Cammino di Santiago | Pilgrim<\/title>\n<meta name=\"description\" content=\"Salamanca Scopri tutte le informazioni su dove alloggiare, come arrivare, cosa mangiare e sui principali punti di interesse delle localit\u00e0 lungo il Via della Plata.\" \/>\n<meta name=\"robots\" content=\"index, follow, max-snippet:-1, max-image-preview:large, max-video-preview:-1\" \/>\n<link rel=\"canonical\" href=\"https:\/\/www.pilgrim.es\/it\/via-plata\/salamanca\/\" \/>\n<meta property=\"og:locale\" content=\"it_IT\" \/>\n<meta property=\"og:type\" content=\"article\" \/>\n<meta property=\"og:title\" content=\"Salamanca: Cosa vedere e dove dormire | Cammino di Santiago | Pilgrim\" \/>\n<meta property=\"og:description\" content=\"Salamanca Scopri tutte le informazioni su dove alloggiare, come arrivare, cosa mangiare e sui principali punti di interesse delle localit\u00e0 lungo il Via della Plata.\" \/>\n<meta property=\"og:url\" content=\"https:\/\/www.pilgrim.es\/it\/via-plata\/salamanca\/\" \/>\n<meta property=\"og:site_name\" content=\"Pilgrim\" \/>\n<meta property=\"article:publisher\" content=\"https:\/\/www.facebook.com\/pilgrim.es\/\" \/>\n<meta property=\"og:image\" content=\"https:\/\/www.pilgrim.es\/wp-content\/uploads\/2019\/02\/salamanca1-520x370.jpg\" \/>\n\t<meta property=\"og:image:width\" content=\"520\" \/>\n\t<meta property=\"og:image:height\" content=\"370\" \/>\n\t<meta property=\"og:image:type\" content=\"image\/jpeg\" \/>\n<meta name=\"twitter:card\" content=\"summary_large_image\" \/>\n<meta name=\"twitter:site\" content=\"@pilgrim_es\" \/>\n<meta name=\"twitter:label1\" content=\"Tempo di lettura stimato\" \/>\n\t<meta name=\"twitter:data1\" content=\"13 minuti\" \/>\n<script type=\"application\/ld+json\" class=\"yoast-schema-graph\">{\"@context\":\"https:\\\/\\\/schema.org\",\"@graph\":[{\"@type\":\"WebPage\",\"@id\":\"https:\\\/\\\/www.pilgrim.es\\\/it\\\/via-plata\\\/salamanca\\\/\",\"url\":\"https:\\\/\\\/www.pilgrim.es\\\/it\\\/via-plata\\\/salamanca\\\/\",\"name\":\"Salamanca: Cosa vedere e dove dormire | Cammino di Santiago | Pilgrim\",\"isPartOf\":{\"@id\":\"https:\\\/\\\/www.pilgrim.es\\\/it\\\/#website\"},\"primaryImageOfPage\":{\"@id\":\"https:\\\/\\\/www.pilgrim.es\\\/it\\\/via-plata\\\/salamanca\\\/#primaryimage\"},\"image\":{\"@id\":\"https:\\\/\\\/www.pilgrim.es\\\/it\\\/via-plata\\\/salamanca\\\/#primaryimage\"},\"thumbnailUrl\":\"https:\\\/\\\/www.pilgrim.es\\\/wp-content\\\/uploads\\\/2019\\\/02\\\/salamanca1-520x370.jpg\",\"datePublished\":\"2025-03-17T16:12:48+00:00\",\"description\":\"Salamanca Scopri tutte le informazioni su dove alloggiare, come arrivare, cosa mangiare e sui principali punti di interesse delle localit\u00e0 lungo il Via della Plata.\",\"breadcrumb\":{\"@id\":\"https:\\\/\\\/www.pilgrim.es\\\/it\\\/via-plata\\\/salamanca\\\/#breadcrumb\"},\"inLanguage\":\"it-IT\",\"potentialAction\":[{\"@type\":\"ReadAction\",\"target\":[\"https:\\\/\\\/www.pilgrim.es\\\/it\\\/via-plata\\\/salamanca\\\/\"]}]},{\"@type\":\"ImageObject\",\"inLanguage\":\"it-IT\",\"@id\":\"https:\\\/\\\/www.pilgrim.es\\\/it\\\/via-plata\\\/salamanca\\\/#primaryimage\",\"url\":\"https:\\\/\\\/www.pilgrim.es\\\/wp-content\\\/uploads\\\/2019\\\/02\\\/salamanca1-520x370.jpg\",\"contentUrl\":\"https:\\\/\\\/www.pilgrim.es\\\/wp-content\\\/uploads\\\/2019\\\/02\\\/salamanca1-520x370.jpg\",\"width\":520,\"height\":370,\"caption\":\"Salamanca\"},{\"@type\":\"BreadcrumbList\",\"@id\":\"https:\\\/\\\/www.pilgrim.es\\\/it\\\/via-plata\\\/salamanca\\\/#breadcrumb\",\"itemListElement\":[{\"@type\":\"ListItem\",\"position\":1,\"name\":\"Camino de Santiago\",\"item\":\"https:\\\/\\\/www.pilgrim.es\\\/it\\\/\"},{\"@type\":\"ListItem\",\"position\":2,\"name\":\"V\u00eda de la Plata\",\"item\":\"https:\\\/\\\/www.pilgrim.es\\\/it\\\/via-plata\\\/\"},{\"@type\":\"ListItem\",\"position\":3,\"name\":\"Salamanca\"}]},{\"@type\":\"WebSite\",\"@id\":\"https:\\\/\\\/www.pilgrim.es\\\/it\\\/#website\",\"url\":\"https:\\\/\\\/www.pilgrim.es\\\/it\\\/\",\"name\":\"Pilgrim\",\"description\":\"Camino de Santiago | Caminamos Contigo\",\"publisher\":{\"@id\":\"https:\\\/\\\/www.pilgrim.es\\\/it\\\/#organization\"},\"potentialAction\":[{\"@type\":\"SearchAction\",\"target\":{\"@type\":\"EntryPoint\",\"urlTemplate\":\"https:\\\/\\\/www.pilgrim.es\\\/it\\\/?s={search_term_string}\"},\"query-input\":{\"@type\":\"PropertyValueSpecification\",\"valueRequired\":true,\"valueName\":\"search_term_string\"}}],\"inLanguage\":\"it-IT\"},{\"@type\":\"Organization\",\"@id\":\"https:\\\/\\\/www.pilgrim.es\\\/it\\\/#organization\",\"name\":\"Pilgrim Camino de Santiago\",\"url\":\"https:\\\/\\\/www.pilgrim.es\\\/it\\\/\",\"logo\":{\"@type\":\"ImageObject\",\"inLanguage\":\"it-IT\",\"@id\":\"https:\\\/\\\/www.pilgrim.es\\\/it\\\/#\\\/schema\\\/logo\\\/image\\\/\",\"url\":\"https:\\\/\\\/www.pilgrim.es\\\/wp-content\\\/uploads\\\/2019\\\/04\\\/logo_pilgrim.png\",\"contentUrl\":\"https:\\\/\\\/www.pilgrim.es\\\/wp-content\\\/uploads\\\/2019\\\/04\\\/logo_pilgrim.png\",\"width\":512,\"height\":512,\"caption\":\"Pilgrim Camino de Santiago\"},\"image\":{\"@id\":\"https:\\\/\\\/www.pilgrim.es\\\/it\\\/#\\\/schema\\\/logo\\\/image\\\/\"},\"sameAs\":[\"https:\\\/\\\/www.facebook.com\\\/pilgrim.es\\\/\",\"https:\\\/\\\/x.com\\\/pilgrim_es\",\"https:\\\/\\\/www.instagram.com\\\/pilgrim.es\\\/\",\"https:\\\/\\\/www.linkedin.com\\\/company\\\/pilgrim-camino-de-santiago\\\/\",\"https:\\\/\\\/www.pinterest.es\\\/pilgrimcaminodesantiago\\\/\",\"https:\\\/\\\/www.youtube.com\\\/channel\\\/UCIv2ZzFLXVqthkNF32rKedw\\\/featured\"]}]}<\/script>\n<!-- \/ Yoast SEO plugin. -->","yoast_head_json":{"title":"Salamanca: Cosa vedere e dove dormire | Cammino di Santiago | Pilgrim","description":"Salamanca Scopri tutte le informazioni su dove alloggiare, come arrivare, cosa mangiare e sui principali punti di interesse delle localit\u00e0 lungo il Via della Plata.","robots":{"index":"index","follow":"follow","max-snippet":"max-snippet:-1","max-image-preview":"max-image-preview:large","max-video-preview":"max-video-preview:-1"},"canonical":"https:\/\/www.pilgrim.es\/it\/via-plata\/salamanca\/","og_locale":"it_IT","og_type":"article","og_title":"Salamanca: Cosa vedere e dove dormire | Cammino di Santiago | Pilgrim","og_description":"Salamanca Scopri tutte le informazioni su dove alloggiare, come arrivare, cosa mangiare e sui principali punti di interesse delle localit\u00e0 lungo il Via della Plata.","og_url":"https:\/\/www.pilgrim.es\/it\/via-plata\/salamanca\/","og_site_name":"Pilgrim","article_publisher":"https:\/\/www.facebook.com\/pilgrim.es\/","og_image":[{"width":520,"height":370,"url":"https:\/\/www.pilgrim.es\/wp-content\/uploads\/2019\/02\/salamanca1-520x370.jpg","type":"image\/jpeg"}],"twitter_card":"summary_large_image","twitter_site":"@pilgrim_es","twitter_misc":{"Tempo di lettura stimato":"13 minuti"},"schema":{"@context":"https:\/\/schema.org","@graph":[{"@type":"WebPage","@id":"https:\/\/www.pilgrim.es\/it\/via-plata\/salamanca\/","url":"https:\/\/www.pilgrim.es\/it\/via-plata\/salamanca\/","name":"Salamanca: Cosa vedere e dove dormire | Cammino di Santiago | Pilgrim","isPartOf":{"@id":"https:\/\/www.pilgrim.es\/it\/#website"},"primaryImageOfPage":{"@id":"https:\/\/www.pilgrim.es\/it\/via-plata\/salamanca\/#primaryimage"},"image":{"@id":"https:\/\/www.pilgrim.es\/it\/via-plata\/salamanca\/#primaryimage"},"thumbnailUrl":"https:\/\/www.pilgrim.es\/wp-content\/uploads\/2019\/02\/salamanca1-520x370.jpg","datePublished":"2025-03-17T16:12:48+00:00","description":"Salamanca Scopri tutte le informazioni su dove alloggiare, come arrivare, cosa mangiare e sui principali punti di interesse delle localit\u00e0 lungo il Via della Plata.","breadcrumb":{"@id":"https:\/\/www.pilgrim.es\/it\/via-plata\/salamanca\/#breadcrumb"},"inLanguage":"it-IT","potentialAction":[{"@type":"ReadAction","target":["https:\/\/www.pilgrim.es\/it\/via-plata\/salamanca\/"]}]},{"@type":"ImageObject","inLanguage":"it-IT","@id":"https:\/\/www.pilgrim.es\/it\/via-plata\/salamanca\/#primaryimage","url":"https:\/\/www.pilgrim.es\/wp-content\/uploads\/2019\/02\/salamanca1-520x370.jpg","contentUrl":"https:\/\/www.pilgrim.es\/wp-content\/uploads\/2019\/02\/salamanca1-520x370.jpg","width":520,"height":370,"caption":"Salamanca"},{"@type":"BreadcrumbList","@id":"https:\/\/www.pilgrim.es\/it\/via-plata\/salamanca\/#breadcrumb","itemListElement":[{"@type":"ListItem","position":1,"name":"Camino de Santiago","item":"https:\/\/www.pilgrim.es\/it\/"},{"@type":"ListItem","position":2,"name":"V\u00eda de la Plata","item":"https:\/\/www.pilgrim.es\/it\/via-plata\/"},{"@type":"ListItem","position":3,"name":"Salamanca"}]},{"@type":"WebSite","@id":"https:\/\/www.pilgrim.es\/it\/#website","url":"https:\/\/www.pilgrim.es\/it\/","name":"Pilgrim","description":"Camino de Santiago | Caminamos Contigo","publisher":{"@id":"https:\/\/www.pilgrim.es\/it\/#organization"},"potentialAction":[{"@type":"SearchAction","target":{"@type":"EntryPoint","urlTemplate":"https:\/\/www.pilgrim.es\/it\/?s={search_term_string}"},"query-input":{"@type":"PropertyValueSpecification","valueRequired":true,"valueName":"search_term_string"}}],"inLanguage":"it-IT"},{"@type":"Organization","@id":"https:\/\/www.pilgrim.es\/it\/#organization","name":"Pilgrim Camino de Santiago","url":"https:\/\/www.pilgrim.es\/it\/","logo":{"@type":"ImageObject","inLanguage":"it-IT","@id":"https:\/\/www.pilgrim.es\/it\/#\/schema\/logo\/image\/","url":"https:\/\/www.pilgrim.es\/wp-content\/uploads\/2019\/04\/logo_pilgrim.png","contentUrl":"https:\/\/www.pilgrim.es\/wp-content\/uploads\/2019\/04\/logo_pilgrim.png","width":512,"height":512,"caption":"Pilgrim Camino de Santiago"},"image":{"@id":"https:\/\/www.pilgrim.es\/it\/#\/schema\/logo\/image\/"},"sameAs":["https:\/\/www.facebook.com\/pilgrim.es\/","https:\/\/x.com\/pilgrim_es","https:\/\/www.instagram.com\/pilgrim.es\/","https:\/\/www.linkedin.com\/company\/pilgrim-camino-de-santiago\/","https:\/\/www.pinterest.es\/pilgrimcaminodesantiago\/","https:\/\/www.youtube.com\/channel\/UCIv2ZzFLXVqthkNF32rKedw\/featured"]}]}},"_links":{"self":[{"href":"https:\/\/www.pilgrim.es\/it\/wp-json\/wp\/v2\/pages\/91549","targetHints":{"allow":["GET"]}}],"collection":[{"href":"https:\/\/www.pilgrim.es\/it\/wp-json\/wp\/v2\/pages"}],"about":[{"href":"https:\/\/www.pilgrim.es\/it\/wp-json\/wp\/v2\/types\/page"}],"replies":[{"embeddable":true,"href":"https:\/\/www.pilgrim.es\/it\/wp-json\/wp\/v2\/comments?post=91549"}],"version-history":[{"count":0,"href":"https:\/\/www.pilgrim.es\/it\/wp-json\/wp\/v2\/pages\/91549\/revisions"}],"up":[{"embeddable":true,"href":"https:\/\/www.pilgrim.es\/it\/wp-json\/wp\/v2\/pages\/10683"}],"wp:featuredmedia":[{"embeddable":true,"href":"https:\/\/www.pilgrim.es\/it\/wp-json\/wp\/v2\/media\/8290"}],"wp:attachment":[{"href":"https:\/\/www.pilgrim.es\/it\/wp-json\/wp\/v2\/media?parent=91549"}],"wp:term":[{"taxonomy":"category","embeddable":true,"href":"https:\/\/www.pilgrim.es\/it\/wp-json\/wp\/v2\/categories?post=91549"},{"taxonomy":"post_tag","embeddable":true,"href":"https:\/\/www.pilgrim.es\/it\/wp-json\/wp\/v2\/tags?post=91549"}],"curies":[{"name":"wp","href":"https:\/\/api.w.org\/{rel}","templated":true}]}}