{"id":91540,"date":"2025-03-17T16:10:38","date_gmt":"2025-03-17T16:10:38","guid":{"rendered":"https:\/\/www.pilgrim.es\/via-plata\/la-calzada-de-bejar\/"},"modified":"2025-03-17T16:10:38","modified_gmt":"2025-03-17T16:10:38","slug":"la-calzada-de-bejar","status":"publish","type":"page","link":"https:\/\/www.pilgrim.es\/it\/via-plata\/la-calzada-de-bejar\/","title":{"rendered":"La Calzada de B\u00e9jar"},"content":{"rendered":" <section id=\"hero\">\n\t<h1>La Calzada de B\u00e9jar<\/h1>\n\t<div class=\"hero-grid\">\n\t\t<div class=\"hero-grid__town-col\" data-background=\"https:\/\/cdn.pilgrim.es\/web\/caminos\/via-de-la-plata\/pueblos\/la-calzada-de-bejar.jpg\">\n\t\t\t<div>\n\t\t\t\t<a class=\"link-to-stage\" href=\"https:\/\/www.pilgrim.es\/via-plata\/etapa-16-aldeanueva-del-camino-la-calzada-de-bejar\/\">\n\t\t\t\t\t<p>&#8249; Ritorno al palcoscenico<\/p>\n\t\t\t\t<\/a>\n\n\t\t\t\t<div class=\"town-data\">\n\t\t\t\t\t<h2>La Calzada de B\u00e9jar<\/h2>\n\t\t\t\t\t<ul>\n\t\t\t\t\t\t<li>Abitanti: 90 aprox.<\/li>\n\t\t\t\t\t\t<li>Provincia: Salamanca<\/li>\n\t\t\t\t\t<\/ul>\n\t\t\t\t<\/div>\n\t\t\t<\/div>\n\t\t<\/div>\n\t\t<div class=\"hero-grid__planner-col\"><div\r\n  class=\"p-col-span-1 p-rounded-lg p-px-5 p-h-full\"\r\n  style=\"background-image: url('https:\/\/cdn.pilgrim.es\/web\/pilgrim-planner\/bg-plugin-planificador.webp')\"\r\n  rel=\"preload\"\r\n  fetchpriority=\"high\"\r\n  >\r\n    <div class=\"p-text-center p-pt-5 p-text-white p-text-2xl p-font-semibold\">\r\n      Pianifica il tuo cammino    <\/div>\r\n    <div\r\n            id='primary-app'\r\n            data-name='banner'\r\n            data-api='https:\/\/pathfinder.pilgrim.es\/api\/pathfinder\/v2'\r\n            data-mode='normal'\r\n            data-lang='it'\r\n            data-route='1'\r\n            data-destiny='https:\/\/planificador.pilgrim.es'\r\n            data-modality='1'\r\n            data-inline=''\r\n        ><\/div><\/div><\/div>\n\t<\/div>\n<\/section>\n\n<section id=\"infoTown\">\n\t<div class=\"sections-town\">\n\n\t\t<div id=\"informationSection\">\n\t\t\t<div>\n\t\t\t\t<h2 class=\"p-h2-town\">Informazioni<\/h2>\n\t\t\t\t<hr>\n\t\t\t\t<h3 class=\"p-h3-town\">Get to know La Calzada de B\u00e9jar<\/h3>\n\t\t\t<\/div>\n\t\t\t<p>Il comune di La Calzada de B\u00e9jar appartiene alla regione della Sierra de B\u00e9jer, che si trova nella provincia di Salamanca.<\/p> <p>Da notare che il villaggio conserva ancora il Fort\u00edn, che fu costruito per sorvegliare il passaggio di merci e persone lungo l&#8217;antica via commerciale, la Ruta de la Plata.<\/p> <p>Il forte fu costruito per sorvegliare il passaggio di merci e persone lungo l&#8217;antica via commerciale, la Ruta de la Plata.<\/p> <p>Il forte si trova nel comune di La Calzada de B\u00e9jar.\n\t\t<\/div>\n\n\t\t<div id=\"locationSection\">\n\t\t\t<div>\n\t\t\t\t<h2 class=\"p-h2-town\">Posizione<\/h2>\n\t\t\t\t<hr>\n\t\t\t\t<h3 class=\"p-h3-town\">Come arrivare<\/h3>\n\t\t\t<\/div>\n\t\t\t<p>Il modo principale per raggiungere questa cittadina \u00e8 attraverso l&#8217;autostrada A-66 e a B\u00e9jar prendere la strada SA-220, che porta al centro del paese.<\/p> <p>Il modo principale per raggiungere questa cittadina \u00e8 attraverso l&#8217;autostrada A-66 e a B\u00e9jar prendere la strada SA-220, che porta al centro del paese.\n\n<p>Per arrivare con i mezzi pubblici, il modo migliore \u00e8 prendere un autobus fino a B\u00e9jar e poi un altro autobus fino a La Calzada de Bej\u00e1r. Per arrivarci ci sono autobus da Salamanca con frequenza giornaliera e alta e da Candelario.\n\t\t\t<div>\n\t\t\t\t<div>\n  <iframe loading=\"lazy\"\n    src=\"https:\/\/www.google.com\/maps\/d\/embed?mid=1XFp7TiVRprkXlbpKVWaj7G023xgu-pk&amp;ehbc=2E312F\"\n    width=\"640\"\n    height=\"480\"\n    alt=\"Mapa La Calzada de B\u00e9jar\"\n  ><\/iframe>\n<\/div>\n\n\t\t\t<\/div>\n\t\t<\/div>\n\n\t\t\n\t\t\t<div id=\"toVisitSection\">\n\t\t\t\t<div>\n\t\t\t\t\t<h2 class=\"p-h2-town\">Storia \/ Cultura<\/h2>\n\t\t\t\t\t<hr>\n\t\t\t\t\t<h3 class=\"p-h3-town\">Cosa vedere<\/h3>\n\t\t\t\t<\/div>\n\t\t\t\t<div>\n\t\t\t\t\t<div class=\"accordion\">\n\t\t\t\t\t\t<div class=\"accordion__menu\">\n\t\t\t\t\t\t\t<nav>\n\t\t\t\t\t\t\t\t\n\t\t\t\t\t\t\t\t\t<button class=\"nav-tab-accordion active\"><span>&#10093;<\/span><span> Iglesia de Nuestra Se\u00f1ora de la Asunci\u00f3n<\/span><\/button>\n\t\t\t\t\t\t\t\t\n\t\t\t\t\t\t\t\t\t<button class=\"nav-tab-accordion \"><span>&#10093;<\/span><span> Fort\u00edn Romano<\/span><\/button>\n\t\t\t\t\t\t\t\t\n\t\t\t\t\t\t\t<\/nav>\n\t\t\t\t\t\t<\/div>\n\n\t\t\t\t\t\t\n\t\t\t\t\t\t\t<div class=\"accordion__accordion-content \">\n\t\t\t\t\t\t\t\t<div>\n\t\t\t\t\t\t\t\t\t<div>\n\t\t\t\t\t\t\t\t\t\t<h4>Iglesia de Nuestra Se\u00f1ora de la Asunci\u00f3n<\/h4>\n\t\t\t\t\t\t\t\t\t\t<p>\u00c8 un edificio di grandi proporzioni, che combina diversi stili architettonici: mud\u00e9jar, barocco, romanico e gotico. Il suo interno \u00e8 costituito da tre navate con grandi archi semicircolari. Nella navata centrale si trova l&#8217;altare principale, in stile mud\u00e9jar, la cui pala rappresenta l&#8217;Assunzione della Vergine. Ai lati si trovano diversi altari in onore dei Sacri Cuori, di Sant&#8217;Anna e del Cristo della Misericordia. Tra tutte le pale d&#8217;altare di questo tempio, spicca quella dedicata ai Martiri del XVI secolo. <\/p>\n\t\t\t\t\t\t\t\t\t<\/div>\n\t\t\t\t\t\t\t\t\t<img decoding=\"async\" src=\"https:\/\/cdn.pilgrim.es\/web\/caminos\/via-de-la-plata\/pueblos\/la-calzada-de-bejar\/puntos-de-interes\/iglesia-de-nuestra-senora-de-la-asuncion.jpg\" alt=\"Iglesia de Nuestra Se\u00f1ora de la Asunci\u00f3n\">\n\t\t\t\t\t\t\t\t<\/div>\n\t\t\t\t\t\t\t<\/div>\n\t\t\t\t\t\t\n\t\t\t\t\t\t\t<div class=\"accordion__accordion-content inactive\">\n\t\t\t\t\t\t\t\t<div>\n\t\t\t\t\t\t\t\t\t<div>\n\t\t\t\t\t\t\t\t\t\t<h4>Fort\u00edn Romano<\/h4>\n\t\t\t\t\t\t\t\t\t\t<p>Questo antico recinto fortificato si trova in posizione strategica in prossimit\u00e0 della strada romana, che domina l&#8217;intera strada e i suoi dintorni, controllando i passi dalla Meseta alle pianure dell&#8217;Estremadura.<\/p> <p>Questo antico recinto fortificato si trova in posizione strategica in prossimit\u00e0 della strada romana, che domina l&#8217;intera strada e i suoi dintorni, controllando i passi dalla Meseta alle pianure dell&#8217;Estremadura.\n\t\t\t\t\t\t\t\t\t<\/div>\n\t\t\t\t\t\t\t\t\t<img decoding=\"async\" src=\"https:\/\/cdn.pilgrim.es\/web\/caminos\/via-de-la-plata\/pueblos\/la-calzada-de-bejar\/puntos-de-interes\/fortin-romano.jpg\" alt=\"Fort\u00edn Romano\">\n\t\t\t\t\t\t\t\t<\/div>\n\t\t\t\t\t\t\t<\/div>\n\t\t\t\t\t\t\n\t\t\t\t\t<\/div>\n\t\t\t\t<\/div>\n\t\t\t<\/div>\n\t\t\n\n\t\t<div id=\"phonesSection\">\n\t\t\t<div>\n\t\t\t\t<h2 class=\"p-h3-town\">Informazioni di interesse<\/h2>\n\t\t\t<\/div>\n\t\t\t<div class=\"grid\">\n\t\t\t\t\n\t\t\t\t\t<div class=\"phone-number-item\">\n\t\t\t\t\t\t<div class=\"phone-number-item__icon\"><i class=\"icon-police\"><\/i><\/div>\n\t\t\t\t\t\t<div class=\"phone-number-item__title\">\n\t\t\t\t\t\t\t<h3 class=\"p-font-bold\">Polizia locale<\/h3>\n\t\t\t\t\t\t\t<p>112<\/p>\n\t\t\t\t\t\t\t\n\t\t\t\t\t\t<\/div>\n\t\t\t\t\t<\/div>\n\t\t\t\t\n\t\t\t\t\t<div class=\"phone-number-item\">\n\t\t\t\t\t\t<div class=\"phone-number-item__icon\"><i class=\"icon-spanish-military-police\"><\/i><\/div>\n\t\t\t\t\t\t<div class=\"phone-number-item__title\">\n\t\t\t\t\t\t\t<h3 class=\"p-font-bold\">Guardia civile<\/h3>\n\t\t\t\t\t\t\t<p>112<\/p>\n\t\t\t\t\t\t\t\n\t\t\t\t\t\t<\/div>\n\t\t\t\t\t<\/div>\n\t\t\t\t\n\t\t\t\t\t<div class=\"phone-number-item\">\n\t\t\t\t\t\t<div class=\"phone-number-item__icon\"><i class=\"icon-firefighters\"><\/i><\/div>\n\t\t\t\t\t\t<div class=\"phone-number-item__title\">\n\t\t\t\t\t\t\t<h3 class=\"p-font-bold\">Vigili del fuoco<\/h3>\n\t\t\t\t\t\t\t<p>112<\/p>\n\t\t\t\t\t\t\t\n\t\t\t\t\t\t<\/div>\n\t\t\t\t\t<\/div>\n\t\t\t\t\n\t\t\t\t\t<div class=\"phone-number-item\">\n\t\t\t\t\t\t<div class=\"phone-number-item__icon\"><i class=\"icon-civil-protection\"><\/i><\/div>\n\t\t\t\t\t\t<div class=\"phone-number-item__title\">\n\t\t\t\t\t\t\t<h3 class=\"p-font-bold\">Protezione civile<\/h3>\n\t\t\t\t\t\t\t<p>112<\/p>\n\t\t\t\t\t\t\t\n\t\t\t\t\t\t<\/div>\n\t\t\t\t\t<\/div>\n\t\t\t\t\n\t\t\t\t\t<div class=\"phone-number-item\">\n\t\t\t\t\t\t<div class=\"phone-number-item__icon\"><i class=\"icon-town-council\"><\/i><\/div>\n\t\t\t\t\t\t<div class=\"phone-number-item__title\">\n\t\t\t\t\t\t\t<h3 class=\"p-font-bold\">Municipio<\/h3>\n\t\t\t\t\t\t\t<p>923 416 501<\/p>\n\t\t\t\t\t\t\t\n\t\t\t\t\t\t<\/div>\n\t\t\t\t\t<\/div>\n\t\t\t\t\n\t\t\t\t\t<div class=\"phone-number-item\">\n\t\t\t\t\t\t<div class=\"phone-number-item__icon\"><i class=\"icon-hospital\"><\/i><\/div>\n\t\t\t\t\t\t<div class=\"phone-number-item__title\">\n\t\t\t\t\t\t\t<h3 class=\"p-font-bold\">Centro sanitario<\/h3>\n\t\t\t\t\t\t\t<p>xxx<\/p>\n\t\t\t\t\t\t\t\n\t\t\t\t\t\t<\/div>\n\t\t\t\t\t<\/div>\n\t\t\t\t\n\t\t\t<\/div>\n\t\t<\/div>\n\n\t\t<div id=\"clientForm\">\n        <section>\n        <img decoding=\"async\" src=\"https:\/\/cdn.pilgrim.es\/web\/home\/email-contacto.png\" alt=\"contacto\">\n        <div>\n            <p>Ti inviamo la tua pianificazione<\/p>\n            <p>Forniscici i tuoi dati e ricevi la pianificazione del tuo viaggio via email <\/p>\n            <form method=\"post\" data-url=\"\/wp-admin\/admin-ajax.php\" id=\"planner--client\" class=\"flag-right form-client\">\n    <div class=\"form-data\">\n        <input name=\"form_id\" type=\"hidden\" value=\"Formulario Leads\">\n        <input name=\"type\" type=\"hidden\" value=\"planner_client\">\n        <input type=\"text\" name=\"nombre\" value=\"\" size=\"40\" class=\"form-control\" aria-required=\"true\" aria-invalid=\"false\" placeholder=\"Nome\">\n        <input type=\"email\" name=\"email\" value=\"\" size=\"40\" class=\"form-control\" aria-required=\"true\" aria-invalid=\"false\" placeholder=\"Mail\">\n        <input type=\"text\" id=\"phone-input\" name=\"tel\" value=\"\" size=\"40\" class=\"phone-input form-control\" aria-required=\"true\" aria-invalid=\"false\" placeholder=\"Telefono\">\n        <input type=\"hidden\" name=\"telefono\">\n    <\/div>\n    <div class=\"form-checkbox\">\n        <span>\n            Pilgrim Travel. S.L. informa, come previsto dal Regolamento 2016\/679, che i dati utilizzati in questo modulo verranno utilizzati sia per la risposta delle eventuali consultazioni sia per la pub-blicazione dei commenti, essendo il consenso dell'utente la base di legittimazione. Potranno esse-re esercitati i diritti in conformit\u00e0 con quanto stabilito dalla nostra             <a href=\"https:\/\/www.pilgrim.es\/it\/informativa-sulla-privacy\/\" target=\"_blank\" rel=\"noopener noreferrer nofollow\">Politica di privacy.<\/a>\n        <\/span>\n    <\/div>\n\n    <div class=\"form-submit\">\n        <button id=\"planner--client-create\" type=\"submit\">Formulario di contatto<\/button>\n        <div class=\"loadingDiv\"><i class=\"p-spinner\"><\/i><\/div>\n    <\/div>\n\n    <div class=\"contact-content-form-success\">\n        <p><i class=\"fas fa-check\"><\/i> Il modulo \u00e8 stato inviato correttamente<\/p>\n    <\/div>\n\n    <div class=\"contact-content-form-error\">\n        <span class=\"input-error\"><\/span>\n    <\/div>\n<\/form>        <\/div>\n    <\/section>\n<\/div>\n\n\t\t<div id=\"recomendationSection\">\n\t\t\t<div>\n\t\t\t\t<h2 class=\"p-h2-town\">Consigliato<\/h2>\n\t\t\t\t<hr>\n\t\t\t\t<h3 class=\"p-h3-town\">Gastronomia<\/h3>\n\t\t\t<\/div>\n\t\t\tLa gastronomia de La Calzada de B\u00e9jar comprende ricette tradizionali come le patate strapazzate, il baccal\u00e0 alla Bejarana, l&#8217;agnello da latte alla B\u00e9jar, le spalle d&#8217;agnello alla Bejarana, le insalate di ceci, l&#8217;hornazo e le insalate note come El Zorongollo. Anche i limoni si distinguono per la loro alta qualit\u00e0.\n\nPer quanto riguarda la pasticceria, i piatti pi\u00f9 importanti sono gli &#8220;huesillos de B\u00e9jar&#8221; e le &#8220;perrunillas&#8221;.\n\t\t<\/div>\n\n\n\t\t\n\t\t\t<div id=\"holidaysSection\">\n\t\t\t\t<div>\n\t\t\t\t\t<h2 class=\"p-h2-town\">Consigliato<\/h2>\n\t\t\t\t\t<hr>\n\t\t\t\t\t<h3 class=\"p-h3-town\">Festival e pellegrinaggi<\/h3>\n\t\t\t\t<\/div>\n\t\t\t\t<div class=\"grid holidays-grid\">\n\t\t\t\t\t\n\t\t\t\t\t\t<div>\n\t\t\t\t\t\t\t<div class=\"phone-number-item\">\n\t\t\t\t\t\t\t\t<div class=\"phone-number-item__icon\"><i class=\"icon-holiday\"><\/i><\/div>\n\t\t\t\t\t\t\t\t<div class=\"phone-number-item__title dark-text\">\n\t\t\t\t\t\t\t\t\t<p class=\"p-font-bold\">Vacanza locale<\/p>\n\t\t\t\t\t\t\t\t\t<p>31 de agosto: Fiesta de San Ram\u00f3n Nonato<\/p>\n\t\t\t\t\t\t\t\t<\/div>\n\t\t\t\t\t\t\t<\/div>\n\t\t\t\t\t\t<\/div>\n\t\t\t\t\t\n\t\t\t\t\t\t<div>\n\t\t\t\t\t\t\t<div class=\"phone-number-item\">\n\t\t\t\t\t\t\t\t<div class=\"phone-number-item__icon\"><i class=\"icon-holiday\"><\/i><\/div>\n\t\t\t\t\t\t\t\t<div class=\"phone-number-item__title dark-text\">\n\t\t\t\t\t\t\t\t\t<p class=\"p-font-bold\">Vacanza locale<\/p>\n\t\t\t\t\t\t\t\t\t<p>14 de septiembre: Fiesta del Cristo<\/p>\n\t\t\t\t\t\t\t\t<\/div>\n\t\t\t\t\t\t\t<\/div>\n\t\t\t\t\t\t<\/div>\n\t\t\t\t\t\n\t\t\t\t<\/div>\n\t\t\t<\/div>\n\t\t\n\t<\/div>\n<\/section>\n\n<div id=\"stage_list_section\"><div class=\"stage-list\">\n    <div class='stage-list__map-card'>\n        <div class='stage-list__map-card__map'>\n            <div class='stage-list__map-card__map__text'>\n                <h2> Pages <\/h2>\n                <p> A piedi<\/p>\n                <p> 0tappe<\/p>\n            <\/div>\n            <div class='stage-list__map-card__map__img'>\n                <img decoding=\"async\" src=\"\" alt=\" mapa \" \/>\n            <\/div>\n        <\/div>\n    <\/div>\n\n    <\/div>\n<\/div> ","protected":false},"excerpt":{"rendered":"<p>La Calzada de B\u00e9jar &#8249; Ritorno al palcoscenico La Calzada de B\u00e9jar Abitanti: 90 aprox. Provincia: Salamanca Informazioni Get to know La Calzada de B\u00e9jar Il comune di La Calzada de B\u00e9jar appartiene alla regione della Sierra de B\u00e9jer, che si trova nella provincia di Salamanca. Da notare che il villaggio conserva ancora il Fort\u00edn, &hellip; <\/p>\n<p class=\"read_more\"><a href=\"https:\/\/www.pilgrim.es\/it\/via-plata\/la-calzada-de-bejar\/\">Leer m\u00e1s<\/a><\/p>\n","protected":false},"author":0,"featured_media":2230,"parent":10683,"menu_order":0,"comment_status":"closed","ping_status":"closed","template":"views\/template-new-web-design.blade.php","meta":{"footnotes":""},"categories":[],"tags":[],"class_list":["post-91540","page","type-page","status-publish","has-post-thumbnail","hentry"],"yoast_head":"<!-- This site is optimized with the Yoast SEO plugin v27.4 - https:\/\/yoast.com\/product\/yoast-seo-wordpress\/ -->\n<title>La Calzada de B\u00e9jar: Cosa vedere e dove dormire | Cammino di Santiago | Pilgrim<\/title>\n<meta name=\"description\" content=\"La Calzada de B\u00e9jar Scopri tutte le informazioni su dove alloggiare, come arrivare, cosa mangiare e sui principali punti di interesse delle localit\u00e0 lungo il Via della Plata.\" \/>\n<meta name=\"robots\" content=\"index, follow, max-snippet:-1, max-image-preview:large, max-video-preview:-1\" \/>\n<link rel=\"canonical\" href=\"https:\/\/www.pilgrim.es\/it\/via-plata\/la-calzada-de-bejar\/\" \/>\n<meta property=\"og:locale\" content=\"it_IT\" \/>\n<meta property=\"og:type\" content=\"article\" \/>\n<meta property=\"og:title\" content=\"La Calzada de B\u00e9jar: Cosa vedere e dove dormire | Cammino di Santiago | Pilgrim\" \/>\n<meta property=\"og:description\" content=\"La Calzada de B\u00e9jar Scopri tutte le informazioni su dove alloggiare, come arrivare, cosa mangiare e sui principali punti di interesse delle localit\u00e0 lungo il Via della Plata.\" \/>\n<meta property=\"og:url\" content=\"https:\/\/www.pilgrim.es\/it\/via-plata\/la-calzada-de-bejar\/\" \/>\n<meta property=\"og:site_name\" content=\"Pilgrim\" \/>\n<meta property=\"article:publisher\" content=\"https:\/\/www.facebook.com\/pilgrim.es\/\" \/>\n<meta property=\"og:image\" content=\"https:\/\/www.pilgrim.es\/wp-content\/uploads\/2019\/02\/calzada_de_bejar-mrolecn2yzya5ybeln8jem207jjtoy4kmjzm9ytkbw.jpg\" \/>\n\t<meta property=\"og:image:width\" content=\"770\" \/>\n\t<meta property=\"og:image:height\" content=\"350\" \/>\n\t<meta property=\"og:image:type\" content=\"image\/jpeg\" \/>\n<meta name=\"twitter:card\" content=\"summary_large_image\" \/>\n<meta name=\"twitter:site\" content=\"@pilgrim_es\" \/>\n<meta name=\"twitter:label1\" content=\"Tempo di lettura stimato\" \/>\n\t<meta name=\"twitter:data1\" content=\"3 minuti\" \/>\n<script type=\"application\/ld+json\" class=\"yoast-schema-graph\">{\"@context\":\"https:\\\/\\\/schema.org\",\"@graph\":[{\"@type\":\"WebPage\",\"@id\":\"https:\\\/\\\/www.pilgrim.es\\\/it\\\/via-plata\\\/la-calzada-de-bejar\\\/\",\"url\":\"https:\\\/\\\/www.pilgrim.es\\\/it\\\/via-plata\\\/la-calzada-de-bejar\\\/\",\"name\":\"La Calzada de B\u00e9jar: Cosa vedere e dove dormire | Cammino di Santiago | Pilgrim\",\"isPartOf\":{\"@id\":\"https:\\\/\\\/www.pilgrim.es\\\/it\\\/#website\"},\"primaryImageOfPage\":{\"@id\":\"https:\\\/\\\/www.pilgrim.es\\\/it\\\/via-plata\\\/la-calzada-de-bejar\\\/#primaryimage\"},\"image\":{\"@id\":\"https:\\\/\\\/www.pilgrim.es\\\/it\\\/via-plata\\\/la-calzada-de-bejar\\\/#primaryimage\"},\"thumbnailUrl\":\"https:\\\/\\\/www.pilgrim.es\\\/wp-content\\\/uploads\\\/2019\\\/02\\\/calzada_de_bejar-mrolecn2yzya5ybeln8jem207jjtoy4kmjzm9ytkbw.jpg\",\"datePublished\":\"2025-03-17T16:10:38+00:00\",\"description\":\"La Calzada de B\u00e9jar Scopri tutte le informazioni su dove alloggiare, come arrivare, cosa mangiare e sui principali punti di interesse delle localit\u00e0 lungo il Via della Plata.\",\"breadcrumb\":{\"@id\":\"https:\\\/\\\/www.pilgrim.es\\\/it\\\/via-plata\\\/la-calzada-de-bejar\\\/#breadcrumb\"},\"inLanguage\":\"it-IT\",\"potentialAction\":[{\"@type\":\"ReadAction\",\"target\":[\"https:\\\/\\\/www.pilgrim.es\\\/it\\\/via-plata\\\/la-calzada-de-bejar\\\/\"]}]},{\"@type\":\"ImageObject\",\"inLanguage\":\"it-IT\",\"@id\":\"https:\\\/\\\/www.pilgrim.es\\\/it\\\/via-plata\\\/la-calzada-de-bejar\\\/#primaryimage\",\"url\":\"https:\\\/\\\/www.pilgrim.es\\\/wp-content\\\/uploads\\\/2019\\\/02\\\/calzada_de_bejar-mrolecn2yzya5ybeln8jem207jjtoy4kmjzm9ytkbw.jpg\",\"contentUrl\":\"https:\\\/\\\/www.pilgrim.es\\\/wp-content\\\/uploads\\\/2019\\\/02\\\/calzada_de_bejar-mrolecn2yzya5ybeln8jem207jjtoy4kmjzm9ytkbw.jpg\",\"width\":770,\"height\":350,\"caption\":\"La Calzada de Be\u0301jar\"},{\"@type\":\"BreadcrumbList\",\"@id\":\"https:\\\/\\\/www.pilgrim.es\\\/it\\\/via-plata\\\/la-calzada-de-bejar\\\/#breadcrumb\",\"itemListElement\":[{\"@type\":\"ListItem\",\"position\":1,\"name\":\"Camino de Santiago\",\"item\":\"https:\\\/\\\/www.pilgrim.es\\\/it\\\/\"},{\"@type\":\"ListItem\",\"position\":2,\"name\":\"V\u00eda de la Plata\",\"item\":\"https:\\\/\\\/www.pilgrim.es\\\/it\\\/via-plata\\\/\"},{\"@type\":\"ListItem\",\"position\":3,\"name\":\"La Calzada de B\u00e9jar\"}]},{\"@type\":\"WebSite\",\"@id\":\"https:\\\/\\\/www.pilgrim.es\\\/it\\\/#website\",\"url\":\"https:\\\/\\\/www.pilgrim.es\\\/it\\\/\",\"name\":\"Pilgrim\",\"description\":\"Camino de Santiago | Caminamos Contigo\",\"publisher\":{\"@id\":\"https:\\\/\\\/www.pilgrim.es\\\/it\\\/#organization\"},\"potentialAction\":[{\"@type\":\"SearchAction\",\"target\":{\"@type\":\"EntryPoint\",\"urlTemplate\":\"https:\\\/\\\/www.pilgrim.es\\\/it\\\/?s={search_term_string}\"},\"query-input\":{\"@type\":\"PropertyValueSpecification\",\"valueRequired\":true,\"valueName\":\"search_term_string\"}}],\"inLanguage\":\"it-IT\"},{\"@type\":\"Organization\",\"@id\":\"https:\\\/\\\/www.pilgrim.es\\\/it\\\/#organization\",\"name\":\"Pilgrim Camino de Santiago\",\"url\":\"https:\\\/\\\/www.pilgrim.es\\\/it\\\/\",\"logo\":{\"@type\":\"ImageObject\",\"inLanguage\":\"it-IT\",\"@id\":\"https:\\\/\\\/www.pilgrim.es\\\/it\\\/#\\\/schema\\\/logo\\\/image\\\/\",\"url\":\"https:\\\/\\\/www.pilgrim.es\\\/wp-content\\\/uploads\\\/2019\\\/04\\\/logo_pilgrim.png\",\"contentUrl\":\"https:\\\/\\\/www.pilgrim.es\\\/wp-content\\\/uploads\\\/2019\\\/04\\\/logo_pilgrim.png\",\"width\":512,\"height\":512,\"caption\":\"Pilgrim Camino de Santiago\"},\"image\":{\"@id\":\"https:\\\/\\\/www.pilgrim.es\\\/it\\\/#\\\/schema\\\/logo\\\/image\\\/\"},\"sameAs\":[\"https:\\\/\\\/www.facebook.com\\\/pilgrim.es\\\/\",\"https:\\\/\\\/x.com\\\/pilgrim_es\",\"https:\\\/\\\/www.instagram.com\\\/pilgrim.es\\\/\",\"https:\\\/\\\/www.linkedin.com\\\/company\\\/pilgrim-camino-de-santiago\\\/\",\"https:\\\/\\\/www.pinterest.es\\\/pilgrimcaminodesantiago\\\/\",\"https:\\\/\\\/www.youtube.com\\\/channel\\\/UCIv2ZzFLXVqthkNF32rKedw\\\/featured\"]}]}<\/script>\n<!-- \/ Yoast SEO plugin. -->","yoast_head_json":{"title":"La Calzada de B\u00e9jar: Cosa vedere e dove dormire | Cammino di Santiago | Pilgrim","description":"La Calzada de B\u00e9jar Scopri tutte le informazioni su dove alloggiare, come arrivare, cosa mangiare e sui principali punti di interesse delle localit\u00e0 lungo il Via della Plata.","robots":{"index":"index","follow":"follow","max-snippet":"max-snippet:-1","max-image-preview":"max-image-preview:large","max-video-preview":"max-video-preview:-1"},"canonical":"https:\/\/www.pilgrim.es\/it\/via-plata\/la-calzada-de-bejar\/","og_locale":"it_IT","og_type":"article","og_title":"La Calzada de B\u00e9jar: Cosa vedere e dove dormire | Cammino di Santiago | Pilgrim","og_description":"La Calzada de B\u00e9jar Scopri tutte le informazioni su dove alloggiare, come arrivare, cosa mangiare e sui principali punti di interesse delle localit\u00e0 lungo il Via della Plata.","og_url":"https:\/\/www.pilgrim.es\/it\/via-plata\/la-calzada-de-bejar\/","og_site_name":"Pilgrim","article_publisher":"https:\/\/www.facebook.com\/pilgrim.es\/","og_image":[{"width":770,"height":350,"url":"https:\/\/www.pilgrim.es\/wp-content\/uploads\/2019\/02\/calzada_de_bejar-mrolecn2yzya5ybeln8jem207jjtoy4kmjzm9ytkbw.jpg","type":"image\/jpeg"}],"twitter_card":"summary_large_image","twitter_site":"@pilgrim_es","twitter_misc":{"Tempo di lettura stimato":"3 minuti"},"schema":{"@context":"https:\/\/schema.org","@graph":[{"@type":"WebPage","@id":"https:\/\/www.pilgrim.es\/it\/via-plata\/la-calzada-de-bejar\/","url":"https:\/\/www.pilgrim.es\/it\/via-plata\/la-calzada-de-bejar\/","name":"La Calzada de B\u00e9jar: Cosa vedere e dove dormire | Cammino di Santiago | Pilgrim","isPartOf":{"@id":"https:\/\/www.pilgrim.es\/it\/#website"},"primaryImageOfPage":{"@id":"https:\/\/www.pilgrim.es\/it\/via-plata\/la-calzada-de-bejar\/#primaryimage"},"image":{"@id":"https:\/\/www.pilgrim.es\/it\/via-plata\/la-calzada-de-bejar\/#primaryimage"},"thumbnailUrl":"https:\/\/www.pilgrim.es\/wp-content\/uploads\/2019\/02\/calzada_de_bejar-mrolecn2yzya5ybeln8jem207jjtoy4kmjzm9ytkbw.jpg","datePublished":"2025-03-17T16:10:38+00:00","description":"La Calzada de B\u00e9jar Scopri tutte le informazioni su dove alloggiare, come arrivare, cosa mangiare e sui principali punti di interesse delle localit\u00e0 lungo il Via della Plata.","breadcrumb":{"@id":"https:\/\/www.pilgrim.es\/it\/via-plata\/la-calzada-de-bejar\/#breadcrumb"},"inLanguage":"it-IT","potentialAction":[{"@type":"ReadAction","target":["https:\/\/www.pilgrim.es\/it\/via-plata\/la-calzada-de-bejar\/"]}]},{"@type":"ImageObject","inLanguage":"it-IT","@id":"https:\/\/www.pilgrim.es\/it\/via-plata\/la-calzada-de-bejar\/#primaryimage","url":"https:\/\/www.pilgrim.es\/wp-content\/uploads\/2019\/02\/calzada_de_bejar-mrolecn2yzya5ybeln8jem207jjtoy4kmjzm9ytkbw.jpg","contentUrl":"https:\/\/www.pilgrim.es\/wp-content\/uploads\/2019\/02\/calzada_de_bejar-mrolecn2yzya5ybeln8jem207jjtoy4kmjzm9ytkbw.jpg","width":770,"height":350,"caption":"La Calzada de Be\u0301jar"},{"@type":"BreadcrumbList","@id":"https:\/\/www.pilgrim.es\/it\/via-plata\/la-calzada-de-bejar\/#breadcrumb","itemListElement":[{"@type":"ListItem","position":1,"name":"Camino de Santiago","item":"https:\/\/www.pilgrim.es\/it\/"},{"@type":"ListItem","position":2,"name":"V\u00eda de la Plata","item":"https:\/\/www.pilgrim.es\/it\/via-plata\/"},{"@type":"ListItem","position":3,"name":"La Calzada de B\u00e9jar"}]},{"@type":"WebSite","@id":"https:\/\/www.pilgrim.es\/it\/#website","url":"https:\/\/www.pilgrim.es\/it\/","name":"Pilgrim","description":"Camino de Santiago | Caminamos Contigo","publisher":{"@id":"https:\/\/www.pilgrim.es\/it\/#organization"},"potentialAction":[{"@type":"SearchAction","target":{"@type":"EntryPoint","urlTemplate":"https:\/\/www.pilgrim.es\/it\/?s={search_term_string}"},"query-input":{"@type":"PropertyValueSpecification","valueRequired":true,"valueName":"search_term_string"}}],"inLanguage":"it-IT"},{"@type":"Organization","@id":"https:\/\/www.pilgrim.es\/it\/#organization","name":"Pilgrim Camino de Santiago","url":"https:\/\/www.pilgrim.es\/it\/","logo":{"@type":"ImageObject","inLanguage":"it-IT","@id":"https:\/\/www.pilgrim.es\/it\/#\/schema\/logo\/image\/","url":"https:\/\/www.pilgrim.es\/wp-content\/uploads\/2019\/04\/logo_pilgrim.png","contentUrl":"https:\/\/www.pilgrim.es\/wp-content\/uploads\/2019\/04\/logo_pilgrim.png","width":512,"height":512,"caption":"Pilgrim Camino de Santiago"},"image":{"@id":"https:\/\/www.pilgrim.es\/it\/#\/schema\/logo\/image\/"},"sameAs":["https:\/\/www.facebook.com\/pilgrim.es\/","https:\/\/x.com\/pilgrim_es","https:\/\/www.instagram.com\/pilgrim.es\/","https:\/\/www.linkedin.com\/company\/pilgrim-camino-de-santiago\/","https:\/\/www.pinterest.es\/pilgrimcaminodesantiago\/","https:\/\/www.youtube.com\/channel\/UCIv2ZzFLXVqthkNF32rKedw\/featured"]}]}},"_links":{"self":[{"href":"https:\/\/www.pilgrim.es\/it\/wp-json\/wp\/v2\/pages\/91540","targetHints":{"allow":["GET"]}}],"collection":[{"href":"https:\/\/www.pilgrim.es\/it\/wp-json\/wp\/v2\/pages"}],"about":[{"href":"https:\/\/www.pilgrim.es\/it\/wp-json\/wp\/v2\/types\/page"}],"replies":[{"embeddable":true,"href":"https:\/\/www.pilgrim.es\/it\/wp-json\/wp\/v2\/comments?post=91540"}],"version-history":[{"count":0,"href":"https:\/\/www.pilgrim.es\/it\/wp-json\/wp\/v2\/pages\/91540\/revisions"}],"up":[{"embeddable":true,"href":"https:\/\/www.pilgrim.es\/it\/wp-json\/wp\/v2\/pages\/10683"}],"wp:featuredmedia":[{"embeddable":true,"href":"https:\/\/www.pilgrim.es\/it\/wp-json\/wp\/v2\/media\/2230"}],"wp:attachment":[{"href":"https:\/\/www.pilgrim.es\/it\/wp-json\/wp\/v2\/media?parent=91540"}],"wp:term":[{"taxonomy":"category","embeddable":true,"href":"https:\/\/www.pilgrim.es\/it\/wp-json\/wp\/v2\/categories?post=91540"},{"taxonomy":"post_tag","embeddable":true,"href":"https:\/\/www.pilgrim.es\/it\/wp-json\/wp\/v2\/tags?post=91540"}],"curies":[{"name":"wp","href":"https:\/\/api.w.org\/{rel}","templated":true}]}}