{"id":91519,"date":"2025-03-17T16:06:55","date_gmt":"2025-03-17T16:06:55","guid":{"rendered":"https:\/\/www.pilgrim.es\/via-plata\/caceres\/"},"modified":"2025-03-17T16:06:55","modified_gmt":"2025-03-17T16:06:55","slug":"caceres","status":"publish","type":"page","link":"https:\/\/www.pilgrim.es\/it\/via-plata\/caceres\/","title":{"rendered":"C\u00e1ceres"},"content":{"rendered":" <section id=\"hero\">\n\t<h1>C\u00e1ceres<\/h1>\n\t<div class=\"hero-grid\">\n\t\t<div class=\"hero-grid__town-col\" data-background=\"https:\/\/cdn.pilgrim.es\/web\/caminos\/via-de-la-plata\/pueblos\/caceres.jpg\">\n\t\t\t<div>\n\t\t\t\t<a class=\"link-to-stage\" href=\"https:\/\/www.pilgrim.es\/via-plata\/etapa-11-alcuescar-caceres\/\">\n\t\t\t\t\t<p>&#8249; Ritorno al palcoscenico<\/p>\n\t\t\t\t<\/a>\n\n\t\t\t\t<div class=\"town-data\">\n\t\t\t\t\t<h2>C\u00e1ceres<\/h2>\n\t\t\t\t\t<ul>\n\t\t\t\t\t\t<li>Abitanti: 95.617 aprox.<\/li>\n\t\t\t\t\t\t<li>Provincia: C\u00e1ceres<\/li>\n\t\t\t\t\t<\/ul>\n\t\t\t\t<\/div>\n\t\t\t<\/div>\n\t\t<\/div>\n\t\t<div class=\"hero-grid__planner-col\"><div\r\n  class=\"p-col-span-1 p-rounded-lg p-px-5 p-h-full\"\r\n  style=\"background-image: url('https:\/\/cdn.pilgrim.es\/web\/pilgrim-planner\/bg-plugin-planificador.webp')\"\r\n  rel=\"preload\"\r\n  fetchpriority=\"high\"\r\n  >\r\n    <div class=\"p-text-center p-pt-5 p-text-white p-text-2xl p-font-semibold\">\r\n      Pianifica il tuo cammino    <\/div>\r\n    <div\r\n            id='primary-app'\r\n            data-name='banner'\r\n            data-api='https:\/\/pathfinder.pilgrim.es\/api\/pathfinder\/v2'\r\n            data-mode='normal'\r\n            data-lang='it'\r\n            data-route='1'\r\n            data-destiny='https:\/\/planificador.pilgrim.es'\r\n            data-modality='1'\r\n            data-inline=''\r\n        ><\/div><\/div><\/div>\n\t<\/div>\n<\/section>\n\n<section id=\"infoTown\">\n\t<div class=\"sections-town\">\n\n\t\t<div id=\"informationSection\">\n\t\t\t<div>\n\t\t\t\t<h2 class=\"p-h2-town\">Informazioni<\/h2>\n\t\t\t\t<hr>\n\t\t\t\t<h3 class=\"p-h3-town\">Get to know C\u00e1ceres<\/h3>\n\t\t\t<\/div>\n\t\t\t<p>La citt\u00e0 di C\u00e1ceres si trova nella comunit\u00e0 autonoma dell&#8217;Estremadura ed \u00e8 considerata la citt\u00e0 con il complesso urbano pi\u00f9 bello e ammirevole del mondo.<\/p> <p>Il suo centro storico \u00e8 uno dei pi\u00f9 completi, quindi non sorprende che sia stato dichiarato Patrimonio dell&#8217;Umanit\u00e0 dall&#8217;Unesco.<\/p> <p>La citt\u00e0 \u00e8 stata dichiarata Patrimonio dell&#8217;Umanit\u00e0 dall&#8217;Unesco.\n\t\t<\/div>\n\n\t\t<div id=\"locationSection\">\n\t\t\t<div>\n\t\t\t\t<h2 class=\"p-h2-town\">Posizione<\/h2>\n\t\t\t\t<hr>\n\t\t\t\t<h3 class=\"p-h3-town\">Come arrivare<\/h3>\n\t\t\t<\/div>\n\t\t\t<p>La citt\u00e0 di C\u00e1ceres \u00e8 perfettamente collegata, su strada \u00e8 possibile arrivare con l&#8217;autostrada A-66 che collega Siviglia a Gij\u00f3n e con la A-58 che collega Trujillo a C\u00e1ceres. \u00c8 possibile arrivare anche tramite strade secondarie come la CC-11\/N-630, la CC-21\/N-521, la CC-38, la EX-390, la EX-206 e la EX-100. Le strade secondarie sopra citate collegano la citt\u00e0 con le zone circostanti, come Casar de C\u00e1ceres, Torrej\u00f3n el Rubio, Badajoz, ecc.<\/p> <p>.\n\n<p>La stazione ferroviaria dispone inoltre di buone linee ferroviarie che collegano la citt\u00e0 con Madrid, Lisbona, Barcellona e Siviglia. In autobus \u00e8 possibile raggiungere la citt\u00e0 da diverse localit\u00e0 grazie al gran numero di linee che collegano la citt\u00e0 con Madrid, Siviglia, Salamanca, Oviedo, ecc.<\/p> <p>.\n\t\t\t<div>\n\t\t\t\t<div>\n  <iframe loading=\"lazy\"\n    src=\"https:\/\/www.google.com\/maps\/d\/embed?mid=1XahXGMBO6PnwX4M6TWEyFOypT2GQmKE&amp;ehbc=2E312F\"\n    width=\"640\"\n    height=\"480\"\n    alt=\"Mapa C\u00e1ceres\"\n  ><\/iframe>\n<\/div>\n\n\t\t\t<\/div>\n\t\t<\/div>\n\n\t\t\n\t\t\t<div id=\"toVisitSection\">\n\t\t\t\t<div>\n\t\t\t\t\t<h2 class=\"p-h2-town\">Storia \/ Cultura<\/h2>\n\t\t\t\t\t<hr>\n\t\t\t\t\t<h3 class=\"p-h3-town\">Cosa vedere<\/h3>\n\t\t\t\t<\/div>\n\t\t\t\t<div>\n\t\t\t\t\t<div class=\"accordion\">\n\t\t\t\t\t\t<div class=\"accordion__menu\">\n\t\t\t\t\t\t\t<nav>\n\t\t\t\t\t\t\t\t\n\t\t\t\t\t\t\t\t\t<button class=\"nav-tab-accordion active\"><span>&#10093;<\/span><span> Casa de los Sol\u00eds o Casa del Sol<\/span><\/button>\n\t\t\t\t\t\t\t\t\n\t\t\t\t\t\t\t\t\t<button class=\"nav-tab-accordion \"><span>&#10093;<\/span><span> Ermita de San Blas<\/span><\/button>\n\t\t\t\t\t\t\t\t\n\t\t\t\t\t\t\t\t\t<button class=\"nav-tab-accordion \"><span>&#10093;<\/span><span> Casa del Mono<\/span><\/button>\n\t\t\t\t\t\t\t\t\n\t\t\t\t\t\t\t\t\t<button class=\"nav-tab-accordion \"><span>&#10093;<\/span><span> Casa Museo \u00c1rabe Yusuf Al Burch<\/span><\/button>\n\t\t\t\t\t\t\t\t\n\t\t\t\t\t\t\t\t\t<button class=\"nav-tab-accordion \"><span>&#10093;<\/span><span> Centro de Interpretaci\u00f3n de la Torre de Bujaco<\/span><\/button>\n\t\t\t\t\t\t\t\t\n\t\t\t\t\t\t\t\t\t<button class=\"nav-tab-accordion \"><span>&#10093;<\/span><span> Concatedral de Santa Mar\u00eda<\/span><\/button>\n\t\t\t\t\t\t\t\t\n\t\t\t\t\t\t\t\t\t<button class=\"nav-tab-accordion \"><span>&#10093;<\/span><span> Convento de San Pablo<\/span><\/button>\n\t\t\t\t\t\t\t\t\n\t\t\t\t\t\t\t\t\t<button class=\"nav-tab-accordion \"><span>&#10093;<\/span><span> Ermita de la Paz<\/span><\/button>\n\t\t\t\t\t\t\t\t\n\t\t\t\t\t\t\t\t\t<button class=\"nav-tab-accordion \"><span>&#10093;<\/span><span> Foro de los Balbos<\/span><\/button>\n\t\t\t\t\t\t\t\t\n\t\t\t\t\t\t\t\t\t<button class=\"nav-tab-accordion \"><span>&#10093;<\/span><span> Iglesia de la Sagrada Familia<\/span><\/button>\n\t\t\t\t\t\t\t\t\n\t\t\t\t\t\t\t\t\t<button class=\"nav-tab-accordion \"><span>&#10093;<\/span><span> Iglesia de San Eugenio<\/span><\/button>\n\t\t\t\t\t\t\t\t\n\t\t\t\t\t\t\t\t\t<button class=\"nav-tab-accordion \"><span>&#10093;<\/span><span> Iglesia de San Francisco Javier<\/span><\/button>\n\t\t\t\t\t\t\t\t\n\t\t\t\t\t\t\t\t\t<button class=\"nav-tab-accordion \"><span>&#10093;<\/span><span> Iglesia de San Mateo<\/span><\/button>\n\t\t\t\t\t\t\t\t\n\t\t\t\t\t\t\t\t\t<button class=\"nav-tab-accordion \"><span>&#10093;<\/span><span> Iglesia de San Pedro Alc\u00e1ntara<\/span><\/button>\n\t\t\t\t\t\t\t\t\n\t\t\t\t\t\t\t\t\t<button class=\"nav-tab-accordion \"><span>&#10093;<\/span><span> Iglesia de Santiago<\/span><\/button>\n\t\t\t\t\t\t\t\t\n\t\t\t\t\t\t\t\t\t<button class=\"nav-tab-accordion \"><span>&#10093;<\/span><span> Iglesia del Beato Marcelo Spinola<\/span><\/button>\n\t\t\t\t\t\t\t\t\n\t\t\t\t\t\t\t\t\t<button class=\"nav-tab-accordion \"><span>&#10093;<\/span><span> Museo Municipal Ciudad de C\u00e1ceres<\/span><\/button>\n\t\t\t\t\t\t\t\t\n\t\t\t\t\t\t\t\t\t<button class=\"nav-tab-accordion \"><span>&#10093;<\/span><span> Palacio de Carvajal<\/span><\/button>\n\t\t\t\t\t\t\t\t\n\t\t\t\t\t\t\t\t\t<button class=\"nav-tab-accordion \"><span>&#10093;<\/span><span> Palacio de las Cig\u00fce\u00f1as<\/span><\/button>\n\t\t\t\t\t\t\t\t\n\t\t\t\t\t\t\t\t\t<button class=\"nav-tab-accordion \"><span>&#10093;<\/span><span> Palacio de los Golfines de Abajo<\/span><\/button>\n\t\t\t\t\t\t\t\t\n\t\t\t\t\t\t\t\t\t<button class=\"nav-tab-accordion \"><span>&#10093;<\/span><span> Palacio del Comendador de Alcu\u00e9scar<\/span><\/button>\n\t\t\t\t\t\t\t\t\n\t\t\t\t\t\t\t\t\t<button class=\"nav-tab-accordion \"><span>&#10093;<\/span><span> Palacio Episcopal<\/span><\/button>\n\t\t\t\t\t\t\t\t\n\t\t\t\t\t\t\t\t\t<button class=\"nav-tab-accordion \"><span>&#10093;<\/span><span> Museo de C\u00e1ceres &#8211; Palacio de las Veletas y Casa de los Caballos<\/span><\/button>\n\t\t\t\t\t\t\t\t\n\t\t\t\t\t\t\t\t\t<button class=\"nav-tab-accordion \"><span>&#10093;<\/span><span> Palacio Toledo<\/span><\/button>\n\t\t\t\t\t\t\t\t\n\t\t\t\t\t\t\t\t\t<button class=\"nav-tab-accordion \"><span>&#10093;<\/span><span> Plaza de San Jorge<\/span><\/button>\n\t\t\t\t\t\t\t\t\n\t\t\t\t\t\t\t\t\t<button class=\"nav-tab-accordion \"><span>&#10093;<\/span><span> Torre de los P\u00falpitos<\/span><\/button>\n\t\t\t\t\t\t\t\t\n\t\t\t\t\t\t\t\t\t<button class=\"nav-tab-accordion \"><span>&#10093;<\/span><span> Plaza de Toros<\/span><\/button>\n\t\t\t\t\t\t\t\t\n\t\t\t\t\t\t\t\t\t<button class=\"nav-tab-accordion \"><span>&#10093;<\/span><span> Plaza Mayor<\/span><\/button>\n\t\t\t\t\t\t\t\t\n\t\t\t\t\t\t\t\t\t<button class=\"nav-tab-accordion \"><span>&#10093;<\/span><span> Arco de la Estrella<\/span><\/button>\n\t\t\t\t\t\t\t\t\n\t\t\t\t\t\t\t<\/nav>\n\t\t\t\t\t\t<\/div>\n\n\t\t\t\t\t\t\n\t\t\t\t\t\t\t<div class=\"accordion__accordion-content \">\n\t\t\t\t\t\t\t\t<div>\n\t\t\t\t\t\t\t\t\t<div>\n\t\t\t\t\t\t\t\t\t\t<h4>Casa de los Sol\u00eds o Casa del Sol<\/h4>\n\t\t\t\t\t\t\t\t\t\t<p>La Casa del Sol o Casa de los Sol\u00eds \u00e8 una casa famosa per la sua leggenda, che narra che la famiglia Sol\u00eds ottenne il titolo di &#8220;casata&#8221; riuscendo a portare a cavallo per un solo giorno un messaggio della regina da C\u00e1ceres a Valladolid. Questo edificio del XVI secolo presenta sulla facciata una grande variet\u00e0 di elementi decorativi, come lo stemma della famiglia Sol\u00eds, l&#8217;elmo, la caditoia a tutto sesto, la porta con arco semicircolare e l&#8217;alfiz che incornicia l&#8217;insieme ornamentale. <\/p>\n\t\t\t\t\t\t\t\t\t<\/div>\n\t\t\t\t\t\t\t\t\t<img decoding=\"async\" src=\"https:\/\/cdn.pilgrim.es\/web\/caminos\/via-de-la-plata\/pueblos\/caceres\/puntos-de-interes\/casa-de-los-solis-o-casa-del-sol.jpg\" alt=\"Casa de los Sol\u00eds o Casa del Sol\">\n\t\t\t\t\t\t\t\t<\/div>\n\t\t\t\t\t\t\t<\/div>\n\t\t\t\t\t\t\n\t\t\t\t\t\t\t<div class=\"accordion__accordion-content inactive\">\n\t\t\t\t\t\t\t\t<div>\n\t\t\t\t\t\t\t\t\t<div>\n\t\t\t\t\t\t\t\t\t\t<h4>Ermita de San Blas<\/h4>\n\t\t\t\t\t\t\t\t\t\t<p>L&#8217;eremo di San Blas \u00e8 il luogo in cui si svolge la festa di San Blas, che si tiene il 31 gennaio ed \u00e8 uno dei pellegrinaggi pi\u00f9 antichi e tradizionali della citt\u00e0. La festa consiste in una macellazione tradizionale, in un pasto popolare e in diversi concorsi e spettacoli musicali. In questo giorno, i giovani si riuniscono intorno all&#8217;eremo in abiti da campuza e indossando la popolare sciarpa &#8220;anguria&#8221; o &#8220;mille colori&#8221;.\n\n<p>INFORMAZIONI DI INTERESSE<\/p>\n\n<p>Telefono: 927 224 254<\/p>\n\t\t\t\t\t\t\t\t\t<\/div>\n\t\t\t\t\t\t\t\t\t<img decoding=\"async\" src=\"https:\/\/cdn.pilgrim.es\/web\/caminos\/via-de-la-plata\/pueblos\/caceres\/puntos-de-interes\/ermita-de-san-blas.jpg\" alt=\"Ermita de San Blas\">\n\t\t\t\t\t\t\t\t<\/div>\n\t\t\t\t\t\t\t<\/div>\n\t\t\t\t\t\t\n\t\t\t\t\t\t\t<div class=\"accordion__accordion-content inactive\">\n\t\t\t\t\t\t\t\t<div>\n\t\t\t\t\t\t\t\t\t<div>\n\t\t\t\t\t\t\t\t\t\t<h4>Casa del Mono<\/h4>\n\t\t\t\t\t\t\t\t\t\t<p>La Casa delle Scimmie fu cos\u00ec chiamata perch\u00e9 il vecchio proprietario della casa, al ritorno da un lungo viaggio, port\u00f2 con s\u00e9 una scimmia e la tratt\u00f2 come se fosse una di casa: con la sua stanza, i suoi giocattoli, ecc. La famiglia ebbe un bambino, che provoc\u00f2 la gelosia della scimmia e la spinse a gettarlo dalla finestra, causandone la morte. <\/p>\n\t\t\t\t\t\t\t\t\t<\/div>\n\t\t\t\t\t\t\t\t\t<img decoding=\"async\" src=\"https:\/\/cdn.pilgrim.es\/web\/caminos\/via-de-la-plata\/pueblos\/caceres\/puntos-de-interes\/casa-del-mono.jpg\" alt=\"Casa del Mono\">\n\t\t\t\t\t\t\t\t<\/div>\n\t\t\t\t\t\t\t<\/div>\n\t\t\t\t\t\t\n\t\t\t\t\t\t\t<div class=\"accordion__accordion-content inactive\">\n\t\t\t\t\t\t\t\t<div>\n\t\t\t\t\t\t\t\t\t<div>\n\t\t\t\t\t\t\t\t\t\t<h4>Casa Museo \u00c1rabe Yusuf Al Burch<\/h4>\n\t\t\t\t\t\t\t\t\t\t<p>La Casa-Museo Araba Yusuf al Burch si trova nella zona monumentale della citt\u00e0, precisamente tra la Plaza de San Jorge e l&#8217;Arco del Cristo.<\/p> <p>La Casa-Museo Araba Yusuf al Burch si trova nella zona monumentale della citt\u00e0, precisamente tra la Plaza de San Jorge e l&#8217;Arco del Cristo.\n\n<p> \u00c8 stata fondata da Jos\u00e9 de la Torre Gentil, un uomo molto interessato alla storia e all&#8217;arte ispano-araba. Don Jos\u00e9 procedette al restauro di questa casa, di propriet\u00e0 della sua famiglia, con l&#8217;obiettivo di modernizzarla. Tuttavia, con la scoperta di vestigia romane e arabe, decise di rispettare la sua origine primitiva.\n\t\t\t\t\t\t\t\t\t<\/div>\n\t\t\t\t\t\t\t\t\t<img decoding=\"async\" src=\"https:\/\/cdn.pilgrim.es\/web\/caminos\/via-de-la-plata\/pueblos\/caceres\/puntos-de-interes\/casa-museo-arabe-yusuf-al-burch.jpg\" alt=\"Casa Museo \u00c1rabe Yusuf Al Burch\">\n\t\t\t\t\t\t\t\t<\/div>\n\t\t\t\t\t\t\t<\/div>\n\t\t\t\t\t\t\n\t\t\t\t\t\t\t<div class=\"accordion__accordion-content inactive\">\n\t\t\t\t\t\t\t\t<div>\n\t\t\t\t\t\t\t\t\t<div>\n\t\t\t\t\t\t\t\t\t\t<h4>Centro de Interpretaci\u00f3n de la Torre de Bujaco<\/h4>\n\t\t\t\t\t\t\t\t\t\t<p>La Torre del Bujaco ospita il Centro di Interpretazione delle Tre Culture, un ampio spazio attrezzato con pannelli esplicativi che permettono ai visitatori di conoscere i diversi periodi storici e i resti pi\u00f9 significativi della citt\u00e0 di C\u00e1ceres. <\/p>\n\t\t\t\t\t\t\t\t\t<\/div>\n\t\t\t\t\t\t\t\t\t<img decoding=\"async\" src=\"https:\/\/cdn.pilgrim.es\/web\/caminos\/via-de-la-plata\/pueblos\/caceres\/puntos-de-interes\/centro-de-interpretacion-de-la-torre-de-bujaco.jpg\" alt=\"Centro de Interpretaci\u00f3n de la Torre de Bujaco\">\n\t\t\t\t\t\t\t\t<\/div>\n\t\t\t\t\t\t\t<\/div>\n\t\t\t\t\t\t\n\t\t\t\t\t\t\t<div class=\"accordion__accordion-content inactive\">\n\t\t\t\t\t\t\t\t<div>\n\t\t\t\t\t\t\t\t\t<div>\n\t\t\t\t\t\t\t\t\t\t<h4>Concatedral de Santa Mar\u00eda<\/h4>\n\t\t\t\t\t\t\t\t\t\t<p>La concattedrale di Santa Mar\u00eda de C\u00e1ceres \u00e8 il tempio pi\u00f9 importante della citt\u00e0, poich\u00e9 ha ottenuto la categoria di concattedrale nella seconda met\u00e0 del XX secolo. Le sue origini risalgono ai secoli XV-XVI e ospita diversi stili architettonici.\n\t\t\t\t\t\t\t\t\t<\/div>\n\t\t\t\t\t\t\t\t\t<img decoding=\"async\" src=\"https:\/\/cdn.pilgrim.es\/web\/caminos\/via-de-la-plata\/pueblos\/caceres\/puntos-de-interes\/concatedral-de-santa-maria.jpg\" alt=\"Concatedral de Santa Mar\u00eda\">\n\t\t\t\t\t\t\t\t<\/div>\n\t\t\t\t\t\t\t<\/div>\n\t\t\t\t\t\t\n\t\t\t\t\t\t\t<div class=\"accordion__accordion-content inactive\">\n\t\t\t\t\t\t\t\t<div>\n\t\t\t\t\t\t\t\t\t<div>\n\t\t\t\t\t\t\t\t\t\t<h4>Convento de San Pablo<\/h4>\n\t\t\t\t\t\t\t\t\t\t<p>Il convento di San Pablo risale al XV secolo ed \u00e8 tuttora abitato dalla comunit\u00e0 di monache clarisse dell&#8217;Ordine francescano. Lo stile gotico \u00e8 visibile nella sua facciata. Il convento \u00e8 famoso per i dolci fatti a mano dalle suore, che sono in vendita qui.\n\t\t\t\t\t\t\t\t\t<\/div>\n\t\t\t\t\t\t\t\t\t<img decoding=\"async\" src=\"https:\/\/cdn.pilgrim.es\/web\/caminos\/via-de-la-plata\/pueblos\/caceres\/puntos-de-interes\/convento-de-san-pablo.jpg\" alt=\"Convento de San Pablo\">\n\t\t\t\t\t\t\t\t<\/div>\n\t\t\t\t\t\t\t<\/div>\n\t\t\t\t\t\t\n\t\t\t\t\t\t\t<div class=\"accordion__accordion-content inactive\">\n\t\t\t\t\t\t\t\t<div>\n\t\t\t\t\t\t\t\t\t<div>\n\t\t\t\t\t\t\t\t\t\t<h4>Ermita de la Paz<\/h4>\n\t\t\t\t\t\t\t\t\t\t<p>L&#8217;eremo di La Paz, costruito nel XVIII secolo e dedicato a San Benito, \u00e8 in stile barocco ed \u00e8 rivestito in mattoni. All&#8217;ingresso si trova un portico composto da tre archi semicircolari che poggiano sui corrispondenti pilastri in bugnato. Spicca l&#8217;inferriata del portico, risalente all&#8217;inizio della seconda met\u00e0 del XVIII secolo, su cui compare il monogramma del nome di Ges\u00f9 Cristo (IHS). L&#8217;interno ospita una pala d&#8217;altare barocca con la Vergine che tiene in braccio il Bambino Ges\u00f9. <\/p>\n\n<p>OGGI<\/p>\n\n<p>Aperta al culto. Messa la domenica alle 08:00<\/p> <p>Messa domenicale<\/p> <p>Messa domenicale alle 08:00<\/p>\n\t\t\t\t\t\t\t\t\t<\/div>\n\t\t\t\t\t\t\t\t\t<img decoding=\"async\" src=\"https:\/\/cdn.pilgrim.es\/web\/caminos\/via-de-la-plata\/pueblos\/caceres\/puntos-de-interes\/ermita-de-la-paz.jpg\" alt=\"Ermita de la Paz\">\n\t\t\t\t\t\t\t\t<\/div>\n\t\t\t\t\t\t\t<\/div>\n\t\t\t\t\t\t\n\t\t\t\t\t\t\t<div class=\"accordion__accordion-content inactive\">\n\t\t\t\t\t\t\t\t<div>\n\t\t\t\t\t\t\t\t\t<div>\n\t\t\t\t\t\t\t\t\t\t<h4>Foro de los Balbos<\/h4>\n\t\t\t\t\t\t\t\t\t\t<p>Il Foro dei Balbi, conosciuto anche come Atrio del Corregidor, \u00e8 un piccolo sito situato a sud della Plaza Mayor della citt\u00e0 e adiacente alle mura di C\u00e1ceres. In particolare, questa risorsa turistica si trova nello stesso spazio in cui sorgeva l&#8217;antica porta della colonia romana di Norba Caeserina.\n\t\t\t\t\t\t\t\t\t<\/div>\n\t\t\t\t\t\t\t\t\t<img decoding=\"async\" src=\"https:\/\/cdn.pilgrim.es\/web\/caminos\/via-de-la-plata\/pueblos\/caceres\/puntos-de-interes\/foro-de-los-balbos.jpg\" alt=\"Foro de los Balbos\">\n\t\t\t\t\t\t\t\t<\/div>\n\t\t\t\t\t\t\t<\/div>\n\t\t\t\t\t\t\n\t\t\t\t\t\t\t<div class=\"accordion__accordion-content inactive\">\n\t\t\t\t\t\t\t\t<div>\n\t\t\t\t\t\t\t\t\t<div>\n\t\t\t\t\t\t\t\t\t\t<h4>Iglesia de la Sagrada Familia<\/h4>\n\t\t\t\t\t\t\t\t\t\t<p>La Chiesa della Sagrada Familia si trova nel quartiere di San Antonio-Nuevo C\u00e1ceres e ha una pianta rettangolare, con un asse centrale diagonale. La chiesa ha un aspetto semplice, anche se colpisce l&#8217;uso del marmo bianco nel presbiterio, nell&#8217;altare, nella credenza, ecc.\n\n<p>Nella cappella si trova una grande vetrata trasparente che collega visivamente il tabernacolo con la prospettiva della chiesa della Virgen de la Monta\u00f1a.\n\n<p>Orario delle Messe<\/p> <p>Orario delle Messe<\/p> <p>.\n\n<p>Dal 1\u00b0 ottobre al 30 aprile Feriali ore 20:00 Vespri ore 20:00 Festivi ore 11:30 e 12:30Dal 1\u00b0 maggio al 30 settembre Feriali ore 20:30 Vespri ore 20:30 Festivi ore 12:30<\/p> &lt;p\n\n<p>INFORMAZIONI DI INTERESSE<\/p>\n\n<p>Telefono: 927 238 683<\/p>\n\t\t\t\t\t\t\t\t\t<\/div>\n\t\t\t\t\t\t\t\t\t<img decoding=\"async\" src=\"https:\/\/cdn.pilgrim.es\/web\/caminos\/via-de-la-plata\/pueblos\/caceres\/puntos-de-interes\/iglesia-de-la-sagrada-familia.jpg\" alt=\"Iglesia de la Sagrada Familia\">\n\t\t\t\t\t\t\t\t<\/div>\n\t\t\t\t\t\t\t<\/div>\n\t\t\t\t\t\t\n\t\t\t\t\t\t\t<div class=\"accordion__accordion-content inactive\">\n\t\t\t\t\t\t\t\t<div>\n\t\t\t\t\t\t\t\t\t<div>\n\t\t\t\t\t\t\t\t\t\t<h4>Iglesia de San Eugenio<\/h4>\n\t\t\t\t\t\t\t\t\t\t<p>La chiesa di San Eugenio si trova ad Aldea Moret, un quartiere della citt\u00e0 di C\u00e1ceres, ed \u00e8 stata progettata dall&#8217;architetto Emilio Mar\u00eda Rodr\u00edguez. Ha una pianta a croce latina con un&#8217;unica navata, divisa in tre campate e un transetto con cappelle laterali e due sacrestie.\n\t\t\t\t\t\t\t\t\t<\/div>\n\t\t\t\t\t\t\t\t\t<img decoding=\"async\" src=\"https:\/\/cdn.pilgrim.es\/web\/caminos\/via-de-la-plata\/pueblos\/caceres\/puntos-de-interes\/iglesia-de-san-eugenio.jpg\" alt=\"Iglesia de San Eugenio\">\n\t\t\t\t\t\t\t\t<\/div>\n\t\t\t\t\t\t\t<\/div>\n\t\t\t\t\t\t\n\t\t\t\t\t\t\t<div class=\"accordion__accordion-content inactive\">\n\t\t\t\t\t\t\t\t<div>\n\t\t\t\t\t\t\t\t\t<div>\n\t\t\t\t\t\t\t\t\t\t<h4>Iglesia de San Francisco Javier<\/h4>\n\t\t\t\t\t\t\t\t\t\t<p>La Chiesa di San Francisco Javier \u00e8 una combinazione degli edifici della chiesa e del collegio della Compagnia di Ges\u00f9, entrambi costruiti nel XVIII secolo. La facciata della chiesa si distingue per l&#8217;arco semicircolare e per una nicchia contenente l&#8217;immagine di San Francesco Saverio. Su ogni lato si trova una torre che termina a forma di piramide. A navata unica, presenta anche cappelle laterali. La pala dell&#8217;altare principale si distingue per le colonne corinzie e per l&#8217;immagine del &#8220;Miracolo del Granchio&#8221;. <\/p>\n\t\t\t\t\t\t\t\t\t<\/div>\n\t\t\t\t\t\t\t\t\t<img decoding=\"async\" src=\"https:\/\/cdn.pilgrim.es\/web\/caminos\/via-de-la-plata\/pueblos\/caceres\/puntos-de-interes\/iglesia-de-san-francisco-javier.jpg\" alt=\"Iglesia de San Francisco Javier\">\n\t\t\t\t\t\t\t\t<\/div>\n\t\t\t\t\t\t\t<\/div>\n\t\t\t\t\t\t\n\t\t\t\t\t\t\t<div class=\"accordion__accordion-content inactive\">\n\t\t\t\t\t\t\t\t<div>\n\t\t\t\t\t\t\t\t\t<div>\n\t\t\t\t\t\t\t\t\t\t<h4>Iglesia de San Mateo<\/h4>\n\t\t\t\t\t\t\t\t\t\t<p>La Chiesa di San Mateo \u00e8 un tempio la cui costruzione inizi\u00f2 nel XVI secolo ma fu completata solo quasi tre secoli dopo. Da notare la decorazione plateresca della facciata e la pala d&#8217;altare principale, realizzata in legno di pino nel 1766. La sacrestia della chiesa si trova all&#8217;interno della cappella della famiglia Sande, che presenta un interno in stile gotico coperto da una volta a stella costolonata. <\/p>\n\n<p>Orario delle Messe <\/p> <p>Orario delle Messe <\/p> <p>.\n\n<p>Sabato alle 20:00Domenica alle 12:00 e alle 20:00Aperto solo durante il culto<\/p>.\n\n<p>INFORMAZIONI DI INTERESSE<\/p>\n\n<p>Telefono: 927 245 754<\/p>\n\t\t\t\t\t\t\t\t\t<\/div>\n\t\t\t\t\t\t\t\t\t<img decoding=\"async\" src=\"https:\/\/cdn.pilgrim.es\/web\/caminos\/via-de-la-plata\/pueblos\/caceres\/puntos-de-interes\/iglesia-de-san-mateo.jpg\" alt=\"Iglesia de San Mateo\">\n\t\t\t\t\t\t\t\t<\/div>\n\t\t\t\t\t\t\t<\/div>\n\t\t\t\t\t\t\n\t\t\t\t\t\t\t<div class=\"accordion__accordion-content inactive\">\n\t\t\t\t\t\t\t\t<div>\n\t\t\t\t\t\t\t\t\t<div>\n\t\t\t\t\t\t\t\t\t\t<h4>Iglesia de San Pedro Alc\u00e1ntara<\/h4>\n\t\t\t\t\t\t\t\t\t\t<p>La chiesa di San Pedro de Alc\u00e1ntara risale al XVIII secolo ed \u00e8 stata costruita nel luogo in cui, in un&#8217;altra epoca, si trovava la casa natale del santo, che era nato nella citt\u00e0. Questo santo fu il patrono di Alc\u00e1ntara, nonch\u00e9 fondatore di molti altri conventi e confessore di Santa Teresa di Ges\u00f9.\n\n<p>Orario delle Messe<\/p>\n\n<p>dal 1\u00b0 ottobre al 30 aprile Feriali alle 19:30 Vespri alle 19:30 Festivi alle 11:00 e alle 12:00 <\/p> <p>dal 1\u00b0 maggio al 30 settembre Feriali alle 20:30 Vespri alle 20:30 Festivi alle 11:00 e alle 12:30 <\/p> <p>dal 1\u00b0 maggio al 30 aprile Feriali alle 20:30 Vespri alle 20:30 Festivi alle 11:00 e alle 12:30 <\/p> <p>dal 1\u00b0 maggio al 30 settembre Feriali alle 20:30 Vespri alle 20:30\n\n<p>INFORMAZIONI DI INTERESSE<\/p>\n\n<p>Telefono: 927 220 548<\/p>\n\t\t\t\t\t\t\t\t\t<\/div>\n\t\t\t\t\t\t\t\t\t<img decoding=\"async\" src=\"https:\/\/cdn.pilgrim.es\/web\/caminos\/via-de-la-plata\/pueblos\/caceres\/puntos-de-interes\/iglesia-de-san-pedro-alcantara.jpg\" alt=\"Iglesia de San Pedro Alc\u00e1ntara\">\n\t\t\t\t\t\t\t\t<\/div>\n\t\t\t\t\t\t\t<\/div>\n\t\t\t\t\t\t\n\t\t\t\t\t\t\t<div class=\"accordion__accordion-content inactive\">\n\t\t\t\t\t\t\t\t<div>\n\t\t\t\t\t\t\t\t\t<div>\n\t\t\t\t\t\t\t\t\t\t<h4>Iglesia de Santiago<\/h4>\n\t\t\t\t\t\t\t\t\t\t<p>La Chiesa di Santiago fu costruita a Caleros, al di fuori della cinta muraria. Questa chiesa si distingue per i suoi portali in stile gotico con archivolti, incorniciati da alfiz. L&#8217;interno della chiesa \u00e8 a navata unica con volta a crociera e un ampio coro.\n\n<p>Si distingue la pala d&#8217;altare principale del XVI secolo, opera di Alonso de Berruguete. Spiccano anche le immagini di Nuestra Se\u00f1ora de la Esclarecida, Cristo de los Milagros e Jes\u00fas Nazareno, risalenti al XVII secolo.\n\n<p>Orario delle Messe<\/p>\n\n<p>Dal 1\u00b0 ottobre al 30 aprile Feriali ore 19:30 Vespri ore 19:30 Festivi ore 10:30 e 12:30Dal 1\u00b0 maggio al 30 settembre Feriali ore 20:30 Vespri ore 20:00 Festivi ore 10:30 e 12:00<\/p> <p>Dal 1\u00b0 maggio al 30 settembre Feriali ore 20:30 Vespri ore 20:00 Festivi ore 10:30 e 12:00<\/p> <p>Dal 1\u00b0 ottobre al 30 aprile Feriali ore 19:30 Vespri ore 19:30 Festivi ore 10:30 e 12:30\n\n<p>INFORMAZIONI DI INTERESSE<\/p>\n\n<p>Telefono: 927 249 677<\/p>\n\t\t\t\t\t\t\t\t\t<\/div>\n\t\t\t\t\t\t\t\t\t<img decoding=\"async\" src=\"https:\/\/cdn.pilgrim.es\/web\/caminos\/via-de-la-plata\/pueblos\/caceres\/puntos-de-interes\/iglesia-de-santiago.jpg\" alt=\"Iglesia de Santiago\">\n\t\t\t\t\t\t\t\t<\/div>\n\t\t\t\t\t\t\t<\/div>\n\t\t\t\t\t\t\n\t\t\t\t\t\t\t<div class=\"accordion__accordion-content inactive\">\n\t\t\t\t\t\t\t\t<div>\n\t\t\t\t\t\t\t\t\t<div>\n\t\t\t\t\t\t\t\t\t\t<h4>Iglesia del Beato Marcelo Spinola<\/h4>\n\t\t\t\t\t\t\t\t\t\t<p>La Chiesa del Beato Marcelo Spinola, inaugurata nell&#8217;estate del 2003, \u00e8 un tempio dallo stile moderno e innovativo. Si tratta di una cappella destinata a cerimonie con un numero ridotto di persone, con sacrestia, oratorio, coro, sale per bambini, quattro sale per riunioni e un&#8217;ampia sala per eventi vari, come festival di canti o proiezioni video.\n\n<p>Orario della messa<\/p>\n\n<p>Dal 1\u00b0 ottobre al 30 aprile Feriali alle 19:00 Vespri alle 19:00 Festivi alle 11:30, 12:30 e 19:00Dal 1\u00b0 maggio al 30 settembre Feriali alle 20:00 Vespri alle 20:00 Festivi alle 20:00<\/p> <p>Dal 1\u00b0 maggio al 30 settembre Feriali alle 20:00 Vespri alle 20:00 Festivi alle 20:00<\/p> <p>Dal 1\u00b0 ottobre al 30 aprile Feriali alle 19:00 Vespri alle 19:00 Festivi alle 19:00\n\n<p>INFORMAZIONI DI INTERESSE<\/p>\n\n<p>Telefono: 927 232 345<\/p>\n\t\t\t\t\t\t\t\t\t<\/div>\n\t\t\t\t\t\t\t\t\t<img decoding=\"async\" src=\"https:\/\/cdn.pilgrim.es\/web\/caminos\/via-de-la-plata\/pueblos\/caceres\/puntos-de-interes\/iglesia-del-beato-marcelo-spinola.jpg\" alt=\"Iglesia del Beato Marcelo Spinola\">\n\t\t\t\t\t\t\t\t<\/div>\n\t\t\t\t\t\t\t<\/div>\n\t\t\t\t\t\t\n\t\t\t\t\t\t\t<div class=\"accordion__accordion-content inactive\">\n\t\t\t\t\t\t\t\t<div>\n\t\t\t\t\t\t\t\t\t<div>\n\t\t\t\t\t\t\t\t\t\t<h4>Museo Municipal Ciudad de C\u00e1ceres<\/h4>\n\t\t\t\t\t\t\t\t\t\t<p>Questo museo municipale si trova nella Citt\u00e0 Monumentale e fa parte della cinta muraria che circonda la Citt\u00e0 Vecchia. Si pu\u00f2 accedere all&#8217;edificio da due punti, uno \u00e8 la Plaza de Publio Hurtado e l&#8217;altro l&#8217;Adarve de Santa Ana.\n\t\t\t\t\t\t\t\t\t<\/div>\n\t\t\t\t\t\t\t\t\t<img decoding=\"async\" src=\"https:\/\/cdn.pilgrim.es\/web\/caminos\/via-de-la-plata\/pueblos\/caceres\/puntos-de-interes\/museo-municipal-ciudad-de-caceres.jpg\" alt=\"Museo Municipal Ciudad de C\u00e1ceres\">\n\t\t\t\t\t\t\t\t<\/div>\n\t\t\t\t\t\t\t<\/div>\n\t\t\t\t\t\t\n\t\t\t\t\t\t\t<div class=\"accordion__accordion-content inactive\">\n\t\t\t\t\t\t\t\t<div>\n\t\t\t\t\t\t\t\t\t<div>\n\t\t\t\t\t\t\t\t\t\t<h4>Palacio de Carvajal<\/h4>\n\t\t\t\t\t\t\t\t\t\t<p>Il palazzo di Carvajal risale al periodo compreso tra il XV e il XVI secolo e si trova in Calle Amargura. Il palazzo combina elementi architettonici gotici e rinascimentali e possiede un bellissimo giardino. La facciata principale dell&#8217;edificio, realizzata in muratura di granito, presenta un&#8217;eccezionale facciata con un arco semicircolare e ampi voussoir. Sopra di essa si trova lo stemma della famiglia Carvajal, incorniciato da un alfiz e da un balcone che forma l&#8217;angolo dell&#8217;edificio con un arco a sesto acuto. <\/p>\n\t\t\t\t\t\t\t\t\t<\/div>\n\t\t\t\t\t\t\t\t\t<img decoding=\"async\" src=\"https:\/\/cdn.pilgrim.es\/web\/caminos\/via-de-la-plata\/pueblos\/caceres\/puntos-de-interes\/palacio-de-carvajal.jpg\" alt=\"Palacio de Carvajal\">\n\t\t\t\t\t\t\t\t<\/div>\n\t\t\t\t\t\t\t<\/div>\n\t\t\t\t\t\t\n\t\t\t\t\t\t\t<div class=\"accordion__accordion-content inactive\">\n\t\t\t\t\t\t\t\t<div>\n\t\t\t\t\t\t\t\t\t<div>\n\t\t\t\t\t\t\t\t\t\t<h4>Palacio de las Cig\u00fce\u00f1as<\/h4>\n\t\t\t\t\t\t\t\t\t\t<p>Il Palacio de las Cig\u00fce\u00f1as, chiamato anche Palazzo del Capitano Diego de Ovando, ha una torre caratteristica, poich\u00e9 \u00e8 pi\u00f9 alta degli altri palazzi della citt\u00e0. Questo perch\u00e9, quando la regina Isabella la Cattolica decise di eliminare la cima di tutte le torri della citt\u00e0, fece un&#8217;eccezione per questa, dato che il costruttore era un membro del suo Consiglio Reale. <\/p>\n\n<p>INFORMAZIONI DI INTERESSE<\/p> <p>Informazioni di interesse<\/p> <p>Info.\n\n<p>Telefono: 927 629 760<\/p>\n\t\t\t\t\t\t\t\t\t<\/div>\n\t\t\t\t\t\t\t\t\t<img decoding=\"async\" src=\"https:\/\/cdn.pilgrim.es\/web\/caminos\/via-de-la-plata\/pueblos\/caceres\/puntos-de-interes\/palacio-de-las-ciguenas.jpg\" alt=\"Palacio de las Cig\u00fce\u00f1as\">\n\t\t\t\t\t\t\t\t<\/div>\n\t\t\t\t\t\t\t<\/div>\n\t\t\t\t\t\t\n\t\t\t\t\t\t\t<div class=\"accordion__accordion-content inactive\">\n\t\t\t\t\t\t\t\t<div>\n\t\t\t\t\t\t\t\t\t<div>\n\t\t\t\t\t\t\t\t\t\t<h4>Palacio de los Golfines de Abajo<\/h4>\n\t\t\t\t\t\t\t\t\t\t<p>Il Palacio de los Golfines de Abajo \u00e8 l&#8217;edificio pi\u00f9 grande della citt\u00e0 in quanto occupa lo spazio di venti case, motivo per cui ospita diversi stili costruttivi come il gotico, il rinascimentale e il plateresco. Sulla facciata principale si trova una finestra binata con un arco semicircolare e un montante di marmo con un capitello ionico su cui poggia lo stemma dei Re Cattolici. Sotto la stessa finestra si trova lo stemma dei Golfini affiancato da due angeli e un aureo. <\/p>\n\n<p>OGGI<\/p>\n\n<p>Da maggio a settembre da marted\u00ec a sabato alle 10:00, 11:00, 12:00, 13:00, 17:00, 18:00 e 19:00 domenica alle 10:00, 11:00, 12:00 e 13:00 luned\u00ec chiuso tranne i giorni festivi da ottobre ad aprile da marted\u00ec a sabato alle 10:00, 11:00, 12:00, 13:00:00, 11:00, 12:00, 13:00, 16:30, 17:30 e 18:30Domenica alle 10:00, 11:00, 12:00 e 13:00Luned\u00ec chiuso, eccetto i giorni festiviTutte le visite sono guidate<\/p>\n\n<p>INFORMAZIONI DI INTERESSE<\/p>\n\n<p>Web: www.palaciogolfinesdeabajo.comE-mail: info@palaciogolfinesdeabajo.comTel\u00e9fono: 927 218 051<\/p>\n\t\t\t\t\t\t\t\t\t<\/div>\n\t\t\t\t\t\t\t\t\t<img decoding=\"async\" src=\"https:\/\/cdn.pilgrim.es\/web\/caminos\/via-de-la-plata\/pueblos\/caceres\/puntos-de-interes\/palacio-de-los-golfines-de-abajo.jpg\" alt=\"Palacio de los Golfines de Abajo\">\n\t\t\t\t\t\t\t\t<\/div>\n\t\t\t\t\t\t\t<\/div>\n\t\t\t\t\t\t\n\t\t\t\t\t\t\t<div class=\"accordion__accordion-content inactive\">\n\t\t\t\t\t\t\t\t<div>\n\t\t\t\t\t\t\t\t\t<div>\n\t\t\t\t\t\t\t\t\t\t<h4>Palacio del Comendador de Alcu\u00e9scar<\/h4>\n\t\t\t\t\t\t\t\t\t\t<p>Il Palacio del Comendador de Alcu\u00e9scar, noto anche come Palacio de Torreorgaz, presenta una miscela di stili architettonici diversi, dal gotico che si nota nelle porte, nelle finestre e nella torre stessa, alla facciata del XVIII secolo. <\/p> <p>Il Palacio del Comendador de Alcu\u00e9scar, noto anche come Palacio de Torreorgaz, presenta una miscela di stili architettonici diversi, dal gotico che si nota nelle porte, nelle finestre e nella torre stessa, alla facciata del XVIII secolo.\n\t\t\t\t\t\t\t\t\t<\/div>\n\t\t\t\t\t\t\t\t\t<img decoding=\"async\" src=\"https:\/\/cdn.pilgrim.es\/web\/caminos\/via-de-la-plata\/pueblos\/caceres\/puntos-de-interes\/palacio-del-comendador-de-alcuescar.jpg\" alt=\"Palacio del Comendador de Alcu\u00e9scar\">\n\t\t\t\t\t\t\t\t<\/div>\n\t\t\t\t\t\t\t<\/div>\n\t\t\t\t\t\t\n\t\t\t\t\t\t\t<div class=\"accordion__accordion-content inactive\">\n\t\t\t\t\t\t\t\t<div>\n\t\t\t\t\t\t\t\t\t<div>\n\t\t\t\t\t\t\t\t\t\t<h4>Palacio Episcopal<\/h4>\n\t\t\t\t\t\t\t\t\t\t<p>Il Palazzo episcopale \u00e8 un elegante palazzo della fine del XVI secolo ricostruito per ordine di Pedro Garc\u00eda de Galarza. La sua facciata presenta un portale ad arco semicircolare fiancheggiato da due medaglioni con immagini di due indiani d&#8217;America. Inoltre, presenta due facciate laterali, una delle quali proviene dall&#8217;antico seminario di San Pedro.\n\n<p>INFORMAZIONI DI INTERESSE<\/p>.\n\n<p>Telefono: 927 255 800<\/p> <p>Telefono: 927 255 800<\/p>\n\t\t\t\t\t\t\t\t\t<\/div>\n\t\t\t\t\t\t\t\t\t<img decoding=\"async\" src=\"https:\/\/cdn.pilgrim.es\/web\/caminos\/via-de-la-plata\/pueblos\/caceres\/puntos-de-interes\/palacio-episcopal.jpg\" alt=\"Palacio Episcopal\">\n\t\t\t\t\t\t\t\t<\/div>\n\t\t\t\t\t\t\t<\/div>\n\t\t\t\t\t\t\n\t\t\t\t\t\t\t<div class=\"accordion__accordion-content inactive\">\n\t\t\t\t\t\t\t\t<div>\n\t\t\t\t\t\t\t\t\t<div>\n\t\t\t\t\t\t\t\t\t\t<h4>Museo de C\u00e1ceres &#8211; Palacio de las Veletas y Casa de los Caballos<\/h4>\n\t\t\t\t\t\t\t\t\t\t<p>Il palazzo dei Veletas e la Casa de los Caballos ospitano oggi il Museo di C\u00e1ceres, dove i visitatori possono ammirare una collezione che spazia dalla Preistoria al periodo visigoto, una collezione di etnologia, una cisterna ispano-araba e una collezione di Belle Arti contenente altre opere provenienti dal Museo del Prado.<\/p> <p>Il Museo di C\u00e1ceres si trova nel palazzo dei Veletas e nella Casa de los Caballos.\n\t\t\t\t\t\t\t\t\t<\/div>\n\t\t\t\t\t\t\t\t\t<img decoding=\"async\" src=\"https:\/\/cdn.pilgrim.es\/web\/caminos\/via-de-la-plata\/pueblos\/caceres\/puntos-de-interes\/museo-de-caceres-palacio-de-las-veletas-y-casa-de-los-caballos.jpg\" alt=\"Museo de C\u00e1ceres - Palacio de las Veletas y Casa de los Caballos\">\n\t\t\t\t\t\t\t\t<\/div>\n\t\t\t\t\t\t\t<\/div>\n\t\t\t\t\t\t\n\t\t\t\t\t\t\t<div class=\"accordion__accordion-content inactive\">\n\t\t\t\t\t\t\t\t<div>\n\t\t\t\t\t\t\t\t\t<div>\n\t\t\t\t\t\t\t\t\t\t<h4>Palacio Toledo<\/h4>\n\t\t\t\t\t\t\t\t\t\t<p>Il Palazzo Toledo-Moctezuma \u00e8 un grande palazzo iniziato tra il XIV e il XV secolo, sebbene abbia subito numerose aggiunte due secoli dopo. All&#8217;esterno si possono notare la muratura, i mattoni e i conci di granito, nonch\u00e9 il tetto a cupola. All&#8217;interno, le sale principesche si distinguono per la loro decorazione con affreschi che raffigurano scene di diversi imperatori romani, busti di re messicani e persino paesaggi di citt\u00e0 europee.\n\n<p>INFORMAZIONI DI INTERESSE<\/p> <p>Informazioni di interesse<\/p> <p>Informazioni interessanti\n\n<p>Telefono: 927 005 400<\/p>\n\t\t\t\t\t\t\t\t\t<\/div>\n\t\t\t\t\t\t\t\t\t<img decoding=\"async\" src=\"https:\/\/cdn.pilgrim.es\/web\/caminos\/via-de-la-plata\/pueblos\/caceres\/puntos-de-interes\/palacio-toledo.jpg\" alt=\"Palacio Toledo\">\n\t\t\t\t\t\t\t\t<\/div>\n\t\t\t\t\t\t\t<\/div>\n\t\t\t\t\t\t\n\t\t\t\t\t\t\t<div class=\"accordion__accordion-content inactive\">\n\t\t\t\t\t\t\t\t<div>\n\t\t\t\t\t\t\t\t\t<div>\n\t\t\t\t\t\t\t\t\t\t<h4>Plaza de San Jorge<\/h4>\n\t\t\t\t\t\t\t\t\t\t<p>Piazza San Giorgio si trova nel cuore della Citt\u00e0 Monumentale e fu costruita nella seconda met\u00e0 del XX secolo. La statua di San Giorgio, realizzata dall&#8217;artista Jes\u00fas Rodr\u00edguez Aranda, domina l&#8217;intera piazza, poich\u00e9 si trova nella parte centrale della stessa.<\/p> <p>La statua di San Giorgio \u00e8 la pi\u00f9 importante della piazza e fu costruita nella seconda met\u00e0 del XX secolo.\n\n<p>Nelle immediate vicinanze della piazza, nella parte pi\u00f9 alta, si trovano la chiesa di San Francisco Javier e il Colegio de la Compa\u00f1\u00eda de Jes\u00fas. Meritano una visita anche le collezioni esposte presso la Fondazione Mercedes Calles e Carlos Ballestero.\n\t\t\t\t\t\t\t\t\t<\/div>\n\t\t\t\t\t\t\t\t\t<img decoding=\"async\" src=\"https:\/\/cdn.pilgrim.es\/web\/caminos\/via-de-la-plata\/pueblos\/caceres\/puntos-de-interes\/plaza-de-san-jorge.jpg\" alt=\"Plaza de San Jorge\">\n\t\t\t\t\t\t\t\t<\/div>\n\t\t\t\t\t\t\t<\/div>\n\t\t\t\t\t\t\n\t\t\t\t\t\t\t<div class=\"accordion__accordion-content inactive\">\n\t\t\t\t\t\t\t\t<div>\n\t\t\t\t\t\t\t\t\t<div>\n\t\t\t\t\t\t\t\t\t\t<h4>Torre de los P\u00falpitos<\/h4>\n\t\t\t\t\t\t\t\t\t\t<p>La Torre dei Pulpiti fu eretta dopo la conquista della citt\u00e0 da parte del Regno di Le\u00f3n. Il monumento \u00e8 alto sedici metri ed \u00e8 stato costruito in pietra bugnata, a differenza delle altre torri di origine araba, costruite in muratura. Questo intervento ha conferito alla Torre de los P\u00falpitos un aspetto estetico diverso dalla norma. <\/p>\n\n<p>Questa torre, situata nella Plaza Mayor, comunicava, tramite un ponte ad arco, con il Palazzo di Mayaralgo, che permetteva ai residenti di vedere gli eventi che si svolgevano nella Plaza Mayor.  <\/p>\n\t\t\t\t\t\t\t\t\t<\/div>\n\t\t\t\t\t\t\t\t\t<img decoding=\"async\" src=\"https:\/\/cdn.pilgrim.es\/web\/caminos\/via-de-la-plata\/pueblos\/caceres\/puntos-de-interes\/torre-de-los-pulpitos.jpg\" alt=\"Torre de los P\u00falpitos\">\n\t\t\t\t\t\t\t\t<\/div>\n\t\t\t\t\t\t\t<\/div>\n\t\t\t\t\t\t\n\t\t\t\t\t\t\t<div class=\"accordion__accordion-content inactive\">\n\t\t\t\t\t\t\t\t<div>\n\t\t\t\t\t\t\t\t\t<div>\n\t\t\t\t\t\t\t\t\t\t<h4>Plaza de Toros<\/h4>\n\t\t\t\t\t\t\t\t\t\t<p>L&#8217;arena \u00e8 una delle pi\u00f9 antiche della Spagna e fu costruita nel 1846. Questa arena di seconda classe ha una capacit\u00e0 massima di 7.000 spettatori e, oltre agli eventi di corrida, ospita anche concerti di musica.<\/p> <p>L&#8217;arena ha una capacit\u00e0 di 7.000 spettatori.\n\t\t\t\t\t\t\t\t\t<\/div>\n\t\t\t\t\t\t\t\t\t<img decoding=\"async\" src=\"https:\/\/cdn.pilgrim.es\/web\/caminos\/via-de-la-plata\/pueblos\/caceres\/puntos-de-interes\/plaza-de-toros.jpg\" alt=\"Plaza de Toros\">\n\t\t\t\t\t\t\t\t<\/div>\n\t\t\t\t\t\t\t<\/div>\n\t\t\t\t\t\t\n\t\t\t\t\t\t\t<div class=\"accordion__accordion-content inactive\">\n\t\t\t\t\t\t\t\t<div>\n\t\t\t\t\t\t\t\t\t<div>\n\t\t\t\t\t\t\t\t\t\t<h4>Plaza Mayor<\/h4>\n\t\t\t\t\t\t\t\t\t\t<p>La Plaza Mayor di C\u00e1ceres \u00e8 stata ed \u00e8 per eccellenza il luogo di incontro dei suoi abitanti fin dall&#8217;antichit\u00e0. Nel corso del tempo, questa piazza \u00e8 stata utilizzata per diversi scopi: la fiera, il mercato, cos\u00ec come i tornei, le processioni pasquali e le marce militari si svolgevano qui.\n\n<p>Questo spazio \u00e8 presieduto dall&#8217;edificio del Municipio e nelle sue vicinanze sorgono alcuni importanti monumenti, tra cui la Torre de la Hierba, la Torre de los P\u00falpitos e la Torre de Bujaco.<\/p> <p>Questo spazio \u00e8 presieduto dall&#8217;edificio del Municipio e nelle sue vicinanze sorgono alcuni importanti monumenti, tra cui la Torre de la Hierba, la Torre de los P\u00falpitos e la Torre de Bujaco.\n\t\t\t\t\t\t\t\t\t<\/div>\n\t\t\t\t\t\t\t\t\t<img decoding=\"async\" src=\"https:\/\/cdn.pilgrim.es\/web\/caminos\/via-de-la-plata\/pueblos\/caceres\/puntos-de-interes\/plaza-mayor.jpg\" alt=\"Plaza Mayor\">\n\t\t\t\t\t\t\t\t<\/div>\n\t\t\t\t\t\t\t<\/div>\n\t\t\t\t\t\t\n\t\t\t\t\t\t\t<div class=\"accordion__accordion-content inactive\">\n\t\t\t\t\t\t\t\t<div>\n\t\t\t\t\t\t\t\t\t<div>\n\t\t\t\t\t\t\t\t\t\t<h4>Arco de la Estrella<\/h4>\n\t\t\t\t\t\t\t\t\t\t<p>L&#8217;Arco de la Estrella (Arco della Stella) risale al XVIII secolo, opera di Manuel de Larra. Questo monumento ospita in cima l&#8217;immagine della Virgen de la Estrella, da cui il nome, e collega la Plaza Mayor con la Plaza de Santa Mar\u00eda.<\/p> <p>L&#8217;Arco della Stella risale al XVIII secolo, opera di Manuel de Larra.\n\t\t\t\t\t\t\t\t\t<\/div>\n\t\t\t\t\t\t\t\t\t<img decoding=\"async\" src=\"https:\/\/cdn.pilgrim.es\/web\/caminos\/via-de-la-plata\/pueblos\/caceres\/puntos-de-interes\/arco-de-la-estrella.jpg\" alt=\"Arco de la Estrella\">\n\t\t\t\t\t\t\t\t<\/div>\n\t\t\t\t\t\t\t<\/div>\n\t\t\t\t\t\t\n\t\t\t\t\t<\/div>\n\t\t\t\t<\/div>\n\t\t\t<\/div>\n\t\t\n\n\t\t<div id=\"phonesSection\">\n\t\t\t<div>\n\t\t\t\t<h2 class=\"p-h3-town\">Informazioni di interesse<\/h2>\n\t\t\t<\/div>\n\t\t\t<div class=\"grid\">\n\t\t\t\t\n\t\t\t\t\t<div class=\"phone-number-item\">\n\t\t\t\t\t\t<div class=\"phone-number-item__icon\"><i class=\"icon-police\"><\/i><\/div>\n\t\t\t\t\t\t<div class=\"phone-number-item__title\">\n\t\t\t\t\t\t\t<h3 class=\"p-font-bold\">Polizia locale<\/h3>\n\t\t\t\t\t\t\t<p>927 255 769<\/p>\n\t\t\t\t\t\t\t\n\t\t\t\t\t\t<\/div>\n\t\t\t\t\t<\/div>\n\t\t\t\t\n\t\t\t\t\t<div class=\"phone-number-item\">\n\t\t\t\t\t\t<div class=\"phone-number-item__icon\"><i class=\"icon-spanish-military-police\"><\/i><\/div>\n\t\t\t\t\t\t<div class=\"phone-number-item__title\">\n\t\t\t\t\t\t\t<h3 class=\"p-font-bold\">Guardia civile<\/h3>\n\t\t\t\t\t\t\t<p>927 242 750<\/p>\n\t\t\t\t\t\t\t\n\t\t\t\t\t\t<\/div>\n\t\t\t\t\t<\/div>\n\t\t\t\t\n\t\t\t\t\t<div class=\"phone-number-item\">\n\t\t\t\t\t\t<div class=\"phone-number-item__icon\"><i class=\"icon-firefighters\"><\/i><\/div>\n\t\t\t\t\t\t<div class=\"phone-number-item__title\">\n\t\t\t\t\t\t\t<h3 class=\"p-font-bold\">Vigili del fuoco<\/h3>\n\t\t\t\t\t\t\t<p>927 224 080<\/p>\n\t\t\t\t\t\t\t\n\t\t\t\t\t\t<\/div>\n\t\t\t\t\t<\/div>\n\t\t\t\t\n\t\t\t\t\t<div class=\"phone-number-item\">\n\t\t\t\t\t\t<div class=\"phone-number-item__icon\"><i class=\"icon-civil-protection\"><\/i><\/div>\n\t\t\t\t\t\t<div class=\"phone-number-item__title\">\n\t\t\t\t\t\t\t<h3 class=\"p-font-bold\">Protezione civile<\/h3>\n\t\t\t\t\t\t\t<p>927 214 900<\/p>\n\t\t\t\t\t\t\t\n\t\t\t\t\t\t<\/div>\n\t\t\t\t\t<\/div>\n\t\t\t\t\n\t\t\t\t\t<div class=\"phone-number-item\">\n\t\t\t\t\t\t<div class=\"phone-number-item__icon\"><i class=\"icon-town-council\"><\/i><\/div>\n\t\t\t\t\t\t<div class=\"phone-number-item__title\">\n\t\t\t\t\t\t\t<h3 class=\"p-font-bold\">Municipio<\/h3>\n\t\t\t\t\t\t\t<p>927 255 765<\/p>\n\t\t\t\t\t\t\t\n\t\t\t\t\t\t<\/div>\n\t\t\t\t\t<\/div>\n\t\t\t\t\n\t\t\t\t\t<div class=\"phone-number-item\">\n\t\t\t\t\t\t<div class=\"phone-number-item__icon\"><i class=\"icon-hospital\"><\/i><\/div>\n\t\t\t\t\t\t<div class=\"phone-number-item__title\">\n\t\t\t\t\t\t\t<h3 class=\"p-font-bold\">Centro sanitario<\/h3>\n\t\t\t\t\t\t\t<p>927 213 730<\/p>\n\t\t\t\t\t\t\t\n\t\t\t\t\t\t<\/div>\n\t\t\t\t\t<\/div>\n\t\t\t\t\n\t\t\t\t\t<div class=\"phone-number-item\">\n\t\t\t\t\t\t<div class=\"phone-number-item__icon\"><i class=\"icon-tourism\"><\/i><\/div>\n\t\t\t\t\t\t<div class=\"phone-number-item__title\">\n\t\t\t\t\t\t\t<h3 class=\"p-font-bold\">Ufficio turistico<\/h3>\n\t\t\t\t\t\t\t<p>927 247 172<\/p>\n\t\t\t\t\t\t\t\n\t\t\t\t\t\t\t\t<p>C\/Plaza de las Claras, s\/n<\/p>\n\t\t\t\t\t\t\t\n\t\t\t\t\t\t<\/div>\n\t\t\t\t\t<\/div>\n\t\t\t\t\n\t\t\t<\/div>\n\t\t<\/div>\n\n\t\t<div id=\"clientForm\">\n        <section>\n        <img decoding=\"async\" src=\"https:\/\/cdn.pilgrim.es\/web\/home\/email-contacto.png\" alt=\"contacto\">\n        <div>\n            <p>Ti inviamo la tua pianificazione<\/p>\n            <p>Forniscici i tuoi dati e ricevi la pianificazione del tuo viaggio via email <\/p>\n            <form method=\"post\" data-url=\"\/wp-admin\/admin-ajax.php\" id=\"planner--client\" class=\"flag-right form-client\">\n    <div class=\"form-data\">\n        <input name=\"form_id\" type=\"hidden\" value=\"Formulario Leads\">\n        <input name=\"type\" type=\"hidden\" value=\"planner_client\">\n        <input type=\"text\" name=\"nombre\" value=\"\" size=\"40\" class=\"form-control\" aria-required=\"true\" aria-invalid=\"false\" placeholder=\"Nome\">\n        <input type=\"email\" name=\"email\" value=\"\" size=\"40\" class=\"form-control\" aria-required=\"true\" aria-invalid=\"false\" placeholder=\"Mail\">\n        <input type=\"text\" id=\"phone-input\" name=\"tel\" value=\"\" size=\"40\" class=\"phone-input form-control\" aria-required=\"true\" aria-invalid=\"false\" placeholder=\"Telefono\">\n        <input type=\"hidden\" name=\"telefono\">\n    <\/div>\n    <div class=\"form-checkbox\">\n        <span>\n            Pilgrim Travel. S.L. informa, come previsto dal Regolamento 2016\/679, che i dati utilizzati in questo modulo verranno utilizzati sia per la risposta delle eventuali consultazioni sia per la pub-blicazione dei commenti, essendo il consenso dell'utente la base di legittimazione. Potranno esse-re esercitati i diritti in conformit\u00e0 con quanto stabilito dalla nostra             <a href=\"https:\/\/www.pilgrim.es\/it\/informativa-sulla-privacy\/\" target=\"_blank\" rel=\"noopener noreferrer nofollow\">Politica di privacy.<\/a>\n        <\/span>\n    <\/div>\n\n    <div class=\"form-submit\">\n        <button id=\"planner--client-create\" type=\"submit\">Formulario di contatto<\/button>\n        <div class=\"loadingDiv\"><i class=\"p-spinner\"><\/i><\/div>\n    <\/div>\n\n    <div class=\"contact-content-form-success\">\n        <p><i class=\"fas fa-check\"><\/i> Il modulo \u00e8 stato inviato correttamente<\/p>\n    <\/div>\n\n    <div class=\"contact-content-form-error\">\n        <span class=\"input-error\"><\/span>\n    <\/div>\n<\/form>        <\/div>\n    <\/section>\n<\/div>\n\n\t\t<div id=\"recomendationSection\">\n\t\t\t<div>\n\t\t\t\t<h2 class=\"p-h2-town\">Consigliato<\/h2>\n\t\t\t\t<hr>\n\t\t\t\t<h3 class=\"p-h3-town\">Gastronomia<\/h3>\n\t\t\t<\/div>\n\t\t\tLa gastronomia di C\u00e1ceres si basa principalmente su prodotti a denominazione d&#8217;origine, come la carne di maiale, vitello e agnello iberici, o su prodotti di base come l&#8217;olio e la paprika.\n\nAlcune delle ricette pi\u00f9 tradizionali della citt\u00e0 sono la chanfaina, il gazpacho, le migas, le patate marinate con tinca e le calderetas.\n\nDa non perdere sono il formaggio locale e la torta de Casar, che hanno una propria denominazione d&#8217;origine e sono uno dei pochi prodotti che vengono ancora realizzati con metodi tradizionali.\n\nLa pasticceria tradizionale di C\u00e1ceres comprende floretas, pesti\u00f1os, perrunillas, huesos de Santo (ossa di santo), miele e ciliegie.\n\t\t<\/div>\n\n\n\t\t\n\t\t\t<div id=\"holidaysSection\">\n\t\t\t\t<div>\n\t\t\t\t\t<h2 class=\"p-h2-town\">Consigliato<\/h2>\n\t\t\t\t\t<hr>\n\t\t\t\t\t<h3 class=\"p-h3-town\">Festival e pellegrinaggi<\/h3>\n\t\t\t\t<\/div>\n\t\t\t\t<div class=\"grid holidays-grid\">\n\t\t\t\t\t\n\t\t\t\t\t\t<div>\n\t\t\t\t\t\t\t<div class=\"phone-number-item\">\n\t\t\t\t\t\t\t\t<div class=\"phone-number-item__icon\"><i class=\"icon-holiday\"><\/i><\/div>\n\t\t\t\t\t\t\t\t<div class=\"phone-number-item__title dark-text\">\n\t\t\t\t\t\t\t\t\t<p class=\"p-font-bold\">Vacanza locale<\/p>\n\t\t\t\t\t\t\t\t\t<p>23 de abril: Fiesta de San Jorge<\/p>\n\t\t\t\t\t\t\t\t<\/div>\n\t\t\t\t\t\t\t<\/div>\n\t\t\t\t\t\t<\/div>\n\t\t\t\t\t\n\t\t\t\t\t\t<div>\n\t\t\t\t\t\t\t<div class=\"phone-number-item\">\n\t\t\t\t\t\t\t\t<div class=\"phone-number-item__icon\"><i class=\"icon-holiday\"><\/i><\/div>\n\t\t\t\t\t\t\t\t<div class=\"phone-number-item__title dark-text\">\n\t\t\t\t\t\t\t\t\t<p class=\"p-font-bold\">Vacanza locale<\/p>\n\t\t\t\t\t\t\t\t\t<p>Mayo: Festival de m\u00fasica WOMAD<\/p>\n\t\t\t\t\t\t\t\t<\/div>\n\t\t\t\t\t\t\t<\/div>\n\t\t\t\t\t\t<\/div>\n\t\t\t\t\t\n\t\t\t\t\t\t<div>\n\t\t\t\t\t\t\t<div class=\"phone-number-item\">\n\t\t\t\t\t\t\t\t<div class=\"phone-number-item__icon\"><i class=\"icon-holiday\"><\/i><\/div>\n\t\t\t\t\t\t\t\t<div class=\"phone-number-item__title dark-text\">\n\t\t\t\t\t\t\t\t\t<p class=\"p-font-bold\">Vacanza locale<\/p>\n\t\t\t\t\t\t\t\t\t<p>Septiembre: Festival C\u00e1ceres Pop-Art<\/p>\n\t\t\t\t\t\t\t\t<\/div>\n\t\t\t\t\t\t\t<\/div>\n\t\t\t\t\t\t<\/div>\n\t\t\t\t\t\n\t\t\t\t\t\t<div>\n\t\t\t\t\t\t\t<div class=\"phone-number-item\">\n\t\t\t\t\t\t\t\t<div class=\"phone-number-item__icon\"><i class=\"icon-holiday\"><\/i><\/div>\n\t\t\t\t\t\t\t\t<div class=\"phone-number-item__title dark-text\">\n\t\t\t\t\t\t\t\t\t<p class=\"p-font-bold\">Vacanza locale<\/p>\n\t\t\t\t\t\t\t\t\t<p>Septiembre: Festival Aldea de la Amex<\/p>\n\t\t\t\t\t\t\t\t<\/div>\n\t\t\t\t\t\t\t<\/div>\n\t\t\t\t\t\t<\/div>\n\t\t\t\t\t\n\t\t\t\t\t\t<div>\n\t\t\t\t\t\t\t<div class=\"phone-number-item\">\n\t\t\t\t\t\t\t\t<div class=\"phone-number-item__icon\"><i class=\"icon-holiday\"><\/i><\/div>\n\t\t\t\t\t\t\t\t<div class=\"phone-number-item__title dark-text\">\n\t\t\t\t\t\t\t\t\t<p class=\"p-font-bold\">Vacanza locale<\/p>\n\t\t\t\t\t\t\t\t\t<p>El primer fin de semana de julio: Festival Oeste<\/p>\n\t\t\t\t\t\t\t\t<\/div>\n\t\t\t\t\t\t\t<\/div>\n\t\t\t\t\t\t<\/div>\n\t\t\t\t\t\n\t\t\t\t\t\t<div>\n\t\t\t\t\t\t\t<div class=\"phone-number-item\">\n\t\t\t\t\t\t\t\t<div class=\"phone-number-item__icon\"><i class=\"icon-holiday\"><\/i><\/div>\n\t\t\t\t\t\t\t\t<div class=\"phone-number-item__title dark-text\">\n\t\t\t\t\t\t\t\t\t<p class=\"p-font-bold\">Vacanza locale<\/p>\n\t\t\t\t\t\t\t\t\t<p>Septiembre: Festival de M\u00fasica Antigua Iberoamericana<\/p>\n\t\t\t\t\t\t\t\t<\/div>\n\t\t\t\t\t\t\t<\/div>\n\t\t\t\t\t\t<\/div>\n\t\t\t\t\t\n\t\t\t\t\t\t<div>\n\t\t\t\t\t\t\t<div class=\"phone-number-item\">\n\t\t\t\t\t\t\t\t<div class=\"phone-number-item__icon\"><i class=\"icon-holiday\"><\/i><\/div>\n\t\t\t\t\t\t\t\t<div class=\"phone-number-item__title dark-text\">\n\t\t\t\t\t\t\t\t\t<p class=\"p-font-bold\">Vacanza locale<\/p>\n\t\t\t\t\t\t\t\t\t<p>Julio: Festival folcl\u00f3rico internacional de Pueblos del Mundo<\/p>\n\t\t\t\t\t\t\t\t<\/div>\n\t\t\t\t\t\t\t<\/div>\n\t\t\t\t\t\t<\/div>\n\t\t\t\t\t\n\t\t\t\t\t\t<div>\n\t\t\t\t\t\t\t<div class=\"phone-number-item\">\n\t\t\t\t\t\t\t\t<div class=\"phone-number-item__icon\"><i class=\"icon-holiday\"><\/i><\/div>\n\t\t\t\t\t\t\t\t<div class=\"phone-number-item__title dark-text\">\n\t\t\t\t\t\t\t\t\t<p class=\"p-font-bold\">Vacanza locale<\/p>\n\t\t\t\t\t\t\t\t\t<p>Septiembre: Festival C\u00e1ceres, Irish Fleadh, m\u00fasica tradicional irlandesa y celta<\/p>\n\t\t\t\t\t\t\t\t<\/div>\n\t\t\t\t\t\t\t<\/div>\n\t\t\t\t\t\t<\/div>\n\t\t\t\t\t\n\t\t\t\t\t\t<div>\n\t\t\t\t\t\t\t<div class=\"phone-number-item\">\n\t\t\t\t\t\t\t\t<div class=\"phone-number-item__icon\"><i class=\"icon-holiday\"><\/i><\/div>\n\t\t\t\t\t\t\t\t<div class=\"phone-number-item__title dark-text\">\n\t\t\t\t\t\t\t\t\t<p class=\"p-font-bold\">Vacanza locale<\/p>\n\t\t\t\t\t\t\t\t\t<p>Julio: Festival de m\u00fasica negra<\/p>\n\t\t\t\t\t\t\t\t<\/div>\n\t\t\t\t\t\t\t<\/div>\n\t\t\t\t\t\t<\/div>\n\t\t\t\t\t\n\t\t\t\t\t\t<div>\n\t\t\t\t\t\t\t<div class=\"phone-number-item\">\n\t\t\t\t\t\t\t\t<div class=\"phone-number-item__icon\"><i class=\"icon-holiday\"><\/i><\/div>\n\t\t\t\t\t\t\t\t<div class=\"phone-number-item__title dark-text\">\n\t\t\t\t\t\t\t\t\t<p class=\"p-font-bold\">Vacanza locale<\/p>\n\t\t\t\t\t\t\t\t\t<p>Mayo: Feria de Mayo<\/p>\n\t\t\t\t\t\t\t\t<\/div>\n\t\t\t\t\t\t\t<\/div>\n\t\t\t\t\t\t<\/div>\n\t\t\t\t\t\n\t\t\t\t\t\t<div>\n\t\t\t\t\t\t\t<div class=\"phone-number-item\">\n\t\t\t\t\t\t\t\t<div class=\"phone-number-item__icon\"><i class=\"icon-holiday\"><\/i><\/div>\n\t\t\t\t\t\t\t\t<div class=\"phone-number-item__title dark-text\">\n\t\t\t\t\t\t\t\t\t<p class=\"p-font-bold\">Vacanza locale<\/p>\n\t\t\t\t\t\t\t\t\t<p>1 de mayo: Romer\u00eda de Santiago de Venc\u00e1liz<\/p>\n\t\t\t\t\t\t\t\t<\/div>\n\t\t\t\t\t\t\t<\/div>\n\t\t\t\t\t\t<\/div>\n\t\t\t\t\t\n\t\t\t\t\t\t<div>\n\t\t\t\t\t\t\t<div class=\"phone-number-item\">\n\t\t\t\t\t\t\t\t<div class=\"phone-number-item__icon\"><i class=\"icon-holiday\"><\/i><\/div>\n\t\t\t\t\t\t\t\t<div class=\"phone-number-item__title dark-text\">\n\t\t\t\t\t\t\t\t\t<p class=\"p-font-bold\">Vacanza locale<\/p>\n\t\t\t\t\t\t\t\t\t<p>Febrero: Fiesta de las Candelas y de San Blas<\/p>\n\t\t\t\t\t\t\t\t<\/div>\n\t\t\t\t\t\t\t<\/div>\n\t\t\t\t\t\t<\/div>\n\t\t\t\t\t\n\t\t\t\t\t\t<div>\n\t\t\t\t\t\t\t<div class=\"phone-number-item\">\n\t\t\t\t\t\t\t\t<div class=\"phone-number-item__icon\"><i class=\"icon-holiday\"><\/i><\/div>\n\t\t\t\t\t\t\t\t<div class=\"phone-number-item__title dark-text\">\n\t\t\t\t\t\t\t\t\t<p class=\"p-font-bold\">Vacanza locale<\/p>\n\t\t\t\t\t\t\t\t\t<p>El segundo domingo de mayo: Fiesta de Santa Luc\u00eda<\/p>\n\t\t\t\t\t\t\t\t<\/div>\n\t\t\t\t\t\t\t<\/div>\n\t\t\t\t\t\t<\/div>\n\t\t\t\t\t\n\t\t\t\t\t\t<div>\n\t\t\t\t\t\t\t<div class=\"phone-number-item\">\n\t\t\t\t\t\t\t\t<div class=\"phone-number-item__icon\"><i class=\"icon-holiday\"><\/i><\/div>\n\t\t\t\t\t\t\t\t<div class=\"phone-number-item__title dark-text\">\n\t\t\t\t\t\t\t\t\t<p class=\"p-font-bold\">Vacanza locale<\/p>\n\t\t\t\t\t\t\t\t\t<p>Semana Santa: Semana Santa Cacere\u00f1a<\/p>\n\t\t\t\t\t\t\t\t<\/div>\n\t\t\t\t\t\t\t<\/div>\n\t\t\t\t\t\t<\/div>\n\t\t\t\t\t\n\t\t\t\t\t\t<div>\n\t\t\t\t\t\t\t<div class=\"phone-number-item\">\n\t\t\t\t\t\t\t\t<div class=\"phone-number-item__icon\"><i class=\"icon-holiday\"><\/i><\/div>\n\t\t\t\t\t\t\t\t<div class=\"phone-number-item__title dark-text\">\n\t\t\t\t\t\t\t\t\t<p class=\"p-font-bold\">Vacanza locale<\/p>\n\t\t\t\t\t\t\t\t\t<p>El primer domingo de mayo: Fiesta de Nuestra Se\u00f1ora de la Monta\u00f1a<\/p>\n\t\t\t\t\t\t\t\t<\/div>\n\t\t\t\t\t\t\t<\/div>\n\t\t\t\t\t\t<\/div>\n\t\t\t\t\t\n\t\t\t\t\t\t<div>\n\t\t\t\t\t\t\t<div class=\"phone-number-item\">\n\t\t\t\t\t\t\t\t<div class=\"phone-number-item__icon\"><i class=\"icon-holiday\"><\/i><\/div>\n\t\t\t\t\t\t\t\t<div class=\"phone-number-item__title dark-text\">\n\t\t\t\t\t\t\t\t\t<p class=\"p-font-bold\">Vacanza locale<\/p>\n\t\t\t\t\t\t\t\t\t<p>El domingo m\u00e1s cercano al 20 de enero: Romer\u00eda de los Santos M\u00e1rtires San Fabi\u00e1n y San Sebasti\u00e1n<\/p>\n\t\t\t\t\t\t\t\t<\/div>\n\t\t\t\t\t\t\t<\/div>\n\t\t\t\t\t\t<\/div>\n\t\t\t\t\t\n\t\t\t\t<\/div>\n\t\t\t<\/div>\n\t\t\n\t<\/div>\n<\/section>\n\n<div id=\"stage_list_section\"><div class=\"stage-list\">\n    <div class='stage-list__map-card'>\n        <div class='stage-list__map-card__map'>\n            <div class='stage-list__map-card__map__text'>\n                <h2> Pages <\/h2>\n                <p> A piedi<\/p>\n                <p> 0tappe<\/p>\n            <\/div>\n            <div class='stage-list__map-card__map__img'>\n                <img decoding=\"async\" src=\"\" alt=\" mapa \" \/>\n            <\/div>\n        <\/div>\n    <\/div>\n\n    <\/div>\n<\/div> ","protected":false},"excerpt":{"rendered":"<p>C\u00e1ceres &#8249; Ritorno al palcoscenico C\u00e1ceres Abitanti: 95.617 aprox. Provincia: C\u00e1ceres Informazioni Get to know C\u00e1ceres La citt\u00e0 di C\u00e1ceres si trova nella comunit\u00e0 autonoma dell&#8217;Estremadura ed \u00e8 considerata la citt\u00e0 con il complesso urbano pi\u00f9 bello e ammirevole del mondo. Il suo centro storico \u00e8 uno dei pi\u00f9 completi, quindi non sorprende che sia &hellip; <\/p>\n<p class=\"read_more\"><a href=\"https:\/\/www.pilgrim.es\/it\/via-plata\/caceres\/\">Leer m\u00e1s<\/a><\/p>\n","protected":false},"author":0,"featured_media":2140,"parent":10683,"menu_order":0,"comment_status":"closed","ping_status":"closed","template":"views\/template-new-web-design.blade.php","meta":{"footnotes":""},"categories":[],"tags":[],"class_list":["post-91519","page","type-page","status-publish","has-post-thumbnail","hentry"],"yoast_head":"<!-- This site is optimized with the Yoast SEO plugin v27.4 - https:\/\/yoast.com\/product\/yoast-seo-wordpress\/ -->\n<title>C\u00e1ceres: Cosa vedere e dove dormire | Cammino di Santiago | Pilgrim<\/title>\n<meta name=\"description\" content=\"C\u00e1ceres Scopri tutte le informazioni su dove alloggiare, come arrivare, cosa mangiare e sui principali punti di interesse delle localit\u00e0 lungo il Via della Plata.\" \/>\n<meta name=\"robots\" content=\"index, follow, max-snippet:-1, max-image-preview:large, max-video-preview:-1\" \/>\n<link rel=\"canonical\" href=\"https:\/\/www.pilgrim.es\/it\/via-plata\/caceres\/\" \/>\n<meta property=\"og:locale\" content=\"it_IT\" \/>\n<meta property=\"og:type\" content=\"article\" \/>\n<meta property=\"og:title\" content=\"C\u00e1ceres: Cosa vedere e dove dormire | Cammino di Santiago | Pilgrim\" \/>\n<meta property=\"og:description\" content=\"C\u00e1ceres Scopri tutte le informazioni su dove alloggiare, come arrivare, cosa mangiare e sui principali punti di interesse delle localit\u00e0 lungo il Via della Plata.\" \/>\n<meta property=\"og:url\" content=\"https:\/\/www.pilgrim.es\/it\/via-plata\/caceres\/\" \/>\n<meta property=\"og:site_name\" content=\"Pilgrim\" \/>\n<meta property=\"article:publisher\" content=\"https:\/\/www.facebook.com\/pilgrim.es\/\" \/>\n<meta property=\"og:image\" content=\"https:\/\/www.pilgrim.es\/wp-content\/uploads\/2019\/02\/caceres-520x370.jpg\" \/>\n\t<meta property=\"og:image:width\" content=\"520\" \/>\n\t<meta property=\"og:image:height\" content=\"370\" \/>\n\t<meta property=\"og:image:type\" content=\"image\/jpeg\" \/>\n<meta name=\"twitter:card\" content=\"summary_large_image\" \/>\n<meta name=\"twitter:site\" content=\"@pilgrim_es\" \/>\n<meta name=\"twitter:label1\" content=\"Tempo di lettura stimato\" \/>\n\t<meta name=\"twitter:data1\" content=\"15 minuti\" \/>\n<script type=\"application\/ld+json\" class=\"yoast-schema-graph\">{\"@context\":\"https:\\\/\\\/schema.org\",\"@graph\":[{\"@type\":\"WebPage\",\"@id\":\"https:\\\/\\\/www.pilgrim.es\\\/it\\\/via-plata\\\/caceres\\\/\",\"url\":\"https:\\\/\\\/www.pilgrim.es\\\/it\\\/via-plata\\\/caceres\\\/\",\"name\":\"C\u00e1ceres: Cosa vedere e dove dormire | Cammino di Santiago | Pilgrim\",\"isPartOf\":{\"@id\":\"https:\\\/\\\/www.pilgrim.es\\\/it\\\/#website\"},\"primaryImageOfPage\":{\"@id\":\"https:\\\/\\\/www.pilgrim.es\\\/it\\\/via-plata\\\/caceres\\\/#primaryimage\"},\"image\":{\"@id\":\"https:\\\/\\\/www.pilgrim.es\\\/it\\\/via-plata\\\/caceres\\\/#primaryimage\"},\"thumbnailUrl\":\"https:\\\/\\\/www.pilgrim.es\\\/wp-content\\\/uploads\\\/2019\\\/02\\\/caceres-520x370.jpg\",\"datePublished\":\"2025-03-17T16:06:55+00:00\",\"description\":\"C\u00e1ceres Scopri tutte le informazioni su dove alloggiare, come arrivare, cosa mangiare e sui principali punti di interesse delle localit\u00e0 lungo il Via della Plata.\",\"breadcrumb\":{\"@id\":\"https:\\\/\\\/www.pilgrim.es\\\/it\\\/via-plata\\\/caceres\\\/#breadcrumb\"},\"inLanguage\":\"it-IT\",\"potentialAction\":[{\"@type\":\"ReadAction\",\"target\":[\"https:\\\/\\\/www.pilgrim.es\\\/it\\\/via-plata\\\/caceres\\\/\"]}]},{\"@type\":\"ImageObject\",\"inLanguage\":\"it-IT\",\"@id\":\"https:\\\/\\\/www.pilgrim.es\\\/it\\\/via-plata\\\/caceres\\\/#primaryimage\",\"url\":\"https:\\\/\\\/www.pilgrim.es\\\/wp-content\\\/uploads\\\/2019\\\/02\\\/caceres-520x370.jpg\",\"contentUrl\":\"https:\\\/\\\/www.pilgrim.es\\\/wp-content\\\/uploads\\\/2019\\\/02\\\/caceres-520x370.jpg\",\"width\":520,\"height\":370,\"caption\":\"C\u00e1ceres\"},{\"@type\":\"BreadcrumbList\",\"@id\":\"https:\\\/\\\/www.pilgrim.es\\\/it\\\/via-plata\\\/caceres\\\/#breadcrumb\",\"itemListElement\":[{\"@type\":\"ListItem\",\"position\":1,\"name\":\"Camino de Santiago\",\"item\":\"https:\\\/\\\/www.pilgrim.es\\\/it\\\/\"},{\"@type\":\"ListItem\",\"position\":2,\"name\":\"V\u00eda de la Plata\",\"item\":\"https:\\\/\\\/www.pilgrim.es\\\/it\\\/via-plata\\\/\"},{\"@type\":\"ListItem\",\"position\":3,\"name\":\"C\u00e1ceres\"}]},{\"@type\":\"WebSite\",\"@id\":\"https:\\\/\\\/www.pilgrim.es\\\/it\\\/#website\",\"url\":\"https:\\\/\\\/www.pilgrim.es\\\/it\\\/\",\"name\":\"Pilgrim\",\"description\":\"Camino de Santiago | Caminamos Contigo\",\"publisher\":{\"@id\":\"https:\\\/\\\/www.pilgrim.es\\\/it\\\/#organization\"},\"potentialAction\":[{\"@type\":\"SearchAction\",\"target\":{\"@type\":\"EntryPoint\",\"urlTemplate\":\"https:\\\/\\\/www.pilgrim.es\\\/it\\\/?s={search_term_string}\"},\"query-input\":{\"@type\":\"PropertyValueSpecification\",\"valueRequired\":true,\"valueName\":\"search_term_string\"}}],\"inLanguage\":\"it-IT\"},{\"@type\":\"Organization\",\"@id\":\"https:\\\/\\\/www.pilgrim.es\\\/it\\\/#organization\",\"name\":\"Pilgrim Camino de Santiago\",\"url\":\"https:\\\/\\\/www.pilgrim.es\\\/it\\\/\",\"logo\":{\"@type\":\"ImageObject\",\"inLanguage\":\"it-IT\",\"@id\":\"https:\\\/\\\/www.pilgrim.es\\\/it\\\/#\\\/schema\\\/logo\\\/image\\\/\",\"url\":\"https:\\\/\\\/www.pilgrim.es\\\/wp-content\\\/uploads\\\/2019\\\/04\\\/logo_pilgrim.png\",\"contentUrl\":\"https:\\\/\\\/www.pilgrim.es\\\/wp-content\\\/uploads\\\/2019\\\/04\\\/logo_pilgrim.png\",\"width\":512,\"height\":512,\"caption\":\"Pilgrim Camino de Santiago\"},\"image\":{\"@id\":\"https:\\\/\\\/www.pilgrim.es\\\/it\\\/#\\\/schema\\\/logo\\\/image\\\/\"},\"sameAs\":[\"https:\\\/\\\/www.facebook.com\\\/pilgrim.es\\\/\",\"https:\\\/\\\/x.com\\\/pilgrim_es\",\"https:\\\/\\\/www.instagram.com\\\/pilgrim.es\\\/\",\"https:\\\/\\\/www.linkedin.com\\\/company\\\/pilgrim-camino-de-santiago\\\/\",\"https:\\\/\\\/www.pinterest.es\\\/pilgrimcaminodesantiago\\\/\",\"https:\\\/\\\/www.youtube.com\\\/channel\\\/UCIv2ZzFLXVqthkNF32rKedw\\\/featured\"]}]}<\/script>\n<!-- \/ Yoast SEO plugin. -->","yoast_head_json":{"title":"C\u00e1ceres: Cosa vedere e dove dormire | Cammino di Santiago | Pilgrim","description":"C\u00e1ceres Scopri tutte le informazioni su dove alloggiare, come arrivare, cosa mangiare e sui principali punti di interesse delle localit\u00e0 lungo il Via della Plata.","robots":{"index":"index","follow":"follow","max-snippet":"max-snippet:-1","max-image-preview":"max-image-preview:large","max-video-preview":"max-video-preview:-1"},"canonical":"https:\/\/www.pilgrim.es\/it\/via-plata\/caceres\/","og_locale":"it_IT","og_type":"article","og_title":"C\u00e1ceres: Cosa vedere e dove dormire | Cammino di Santiago | Pilgrim","og_description":"C\u00e1ceres Scopri tutte le informazioni su dove alloggiare, come arrivare, cosa mangiare e sui principali punti di interesse delle localit\u00e0 lungo il Via della Plata.","og_url":"https:\/\/www.pilgrim.es\/it\/via-plata\/caceres\/","og_site_name":"Pilgrim","article_publisher":"https:\/\/www.facebook.com\/pilgrim.es\/","og_image":[{"width":520,"height":370,"url":"https:\/\/www.pilgrim.es\/wp-content\/uploads\/2019\/02\/caceres-520x370.jpg","type":"image\/jpeg"}],"twitter_card":"summary_large_image","twitter_site":"@pilgrim_es","twitter_misc":{"Tempo di lettura stimato":"15 minuti"},"schema":{"@context":"https:\/\/schema.org","@graph":[{"@type":"WebPage","@id":"https:\/\/www.pilgrim.es\/it\/via-plata\/caceres\/","url":"https:\/\/www.pilgrim.es\/it\/via-plata\/caceres\/","name":"C\u00e1ceres: Cosa vedere e dove dormire | Cammino di Santiago | Pilgrim","isPartOf":{"@id":"https:\/\/www.pilgrim.es\/it\/#website"},"primaryImageOfPage":{"@id":"https:\/\/www.pilgrim.es\/it\/via-plata\/caceres\/#primaryimage"},"image":{"@id":"https:\/\/www.pilgrim.es\/it\/via-plata\/caceres\/#primaryimage"},"thumbnailUrl":"https:\/\/www.pilgrim.es\/wp-content\/uploads\/2019\/02\/caceres-520x370.jpg","datePublished":"2025-03-17T16:06:55+00:00","description":"C\u00e1ceres Scopri tutte le informazioni su dove alloggiare, come arrivare, cosa mangiare e sui principali punti di interesse delle localit\u00e0 lungo il Via della Plata.","breadcrumb":{"@id":"https:\/\/www.pilgrim.es\/it\/via-plata\/caceres\/#breadcrumb"},"inLanguage":"it-IT","potentialAction":[{"@type":"ReadAction","target":["https:\/\/www.pilgrim.es\/it\/via-plata\/caceres\/"]}]},{"@type":"ImageObject","inLanguage":"it-IT","@id":"https:\/\/www.pilgrim.es\/it\/via-plata\/caceres\/#primaryimage","url":"https:\/\/www.pilgrim.es\/wp-content\/uploads\/2019\/02\/caceres-520x370.jpg","contentUrl":"https:\/\/www.pilgrim.es\/wp-content\/uploads\/2019\/02\/caceres-520x370.jpg","width":520,"height":370,"caption":"C\u00e1ceres"},{"@type":"BreadcrumbList","@id":"https:\/\/www.pilgrim.es\/it\/via-plata\/caceres\/#breadcrumb","itemListElement":[{"@type":"ListItem","position":1,"name":"Camino de Santiago","item":"https:\/\/www.pilgrim.es\/it\/"},{"@type":"ListItem","position":2,"name":"V\u00eda de la Plata","item":"https:\/\/www.pilgrim.es\/it\/via-plata\/"},{"@type":"ListItem","position":3,"name":"C\u00e1ceres"}]},{"@type":"WebSite","@id":"https:\/\/www.pilgrim.es\/it\/#website","url":"https:\/\/www.pilgrim.es\/it\/","name":"Pilgrim","description":"Camino de Santiago | Caminamos Contigo","publisher":{"@id":"https:\/\/www.pilgrim.es\/it\/#organization"},"potentialAction":[{"@type":"SearchAction","target":{"@type":"EntryPoint","urlTemplate":"https:\/\/www.pilgrim.es\/it\/?s={search_term_string}"},"query-input":{"@type":"PropertyValueSpecification","valueRequired":true,"valueName":"search_term_string"}}],"inLanguage":"it-IT"},{"@type":"Organization","@id":"https:\/\/www.pilgrim.es\/it\/#organization","name":"Pilgrim Camino de Santiago","url":"https:\/\/www.pilgrim.es\/it\/","logo":{"@type":"ImageObject","inLanguage":"it-IT","@id":"https:\/\/www.pilgrim.es\/it\/#\/schema\/logo\/image\/","url":"https:\/\/www.pilgrim.es\/wp-content\/uploads\/2019\/04\/logo_pilgrim.png","contentUrl":"https:\/\/www.pilgrim.es\/wp-content\/uploads\/2019\/04\/logo_pilgrim.png","width":512,"height":512,"caption":"Pilgrim Camino de Santiago"},"image":{"@id":"https:\/\/www.pilgrim.es\/it\/#\/schema\/logo\/image\/"},"sameAs":["https:\/\/www.facebook.com\/pilgrim.es\/","https:\/\/x.com\/pilgrim_es","https:\/\/www.instagram.com\/pilgrim.es\/","https:\/\/www.linkedin.com\/company\/pilgrim-camino-de-santiago\/","https:\/\/www.pinterest.es\/pilgrimcaminodesantiago\/","https:\/\/www.youtube.com\/channel\/UCIv2ZzFLXVqthkNF32rKedw\/featured"]}]}},"_links":{"self":[{"href":"https:\/\/www.pilgrim.es\/it\/wp-json\/wp\/v2\/pages\/91519","targetHints":{"allow":["GET"]}}],"collection":[{"href":"https:\/\/www.pilgrim.es\/it\/wp-json\/wp\/v2\/pages"}],"about":[{"href":"https:\/\/www.pilgrim.es\/it\/wp-json\/wp\/v2\/types\/page"}],"replies":[{"embeddable":true,"href":"https:\/\/www.pilgrim.es\/it\/wp-json\/wp\/v2\/comments?post=91519"}],"version-history":[{"count":0,"href":"https:\/\/www.pilgrim.es\/it\/wp-json\/wp\/v2\/pages\/91519\/revisions"}],"up":[{"embeddable":true,"href":"https:\/\/www.pilgrim.es\/it\/wp-json\/wp\/v2\/pages\/10683"}],"wp:featuredmedia":[{"embeddable":true,"href":"https:\/\/www.pilgrim.es\/it\/wp-json\/wp\/v2\/media\/2140"}],"wp:attachment":[{"href":"https:\/\/www.pilgrim.es\/it\/wp-json\/wp\/v2\/media?parent=91519"}],"wp:term":[{"taxonomy":"category","embeddable":true,"href":"https:\/\/www.pilgrim.es\/it\/wp-json\/wp\/v2\/categories?post=91519"},{"taxonomy":"post_tag","embeddable":true,"href":"https:\/\/www.pilgrim.es\/it\/wp-json\/wp\/v2\/tags?post=91519"}],"curies":[{"name":"wp","href":"https:\/\/api.w.org\/{rel}","templated":true}]}}