{"id":91513,"date":"2025-03-17T16:04:27","date_gmt":"2025-03-17T16:04:27","guid":{"rendered":"https:\/\/www.pilgrim.es\/via-plata\/merida\/"},"modified":"2025-03-17T16:04:27","modified_gmt":"2025-03-17T16:04:27","slug":"merida","status":"publish","type":"page","link":"https:\/\/www.pilgrim.es\/it\/via-plata\/merida\/","title":{"rendered":"M\u00e9rida"},"content":{"rendered":" <section id=\"hero\">\n\t<h1>M\u00e9rida<\/h1>\n\t<div class=\"hero-grid\">\n\t\t<div class=\"hero-grid__town-col\" data-background=\"https:\/\/cdn.pilgrim.es\/web\/caminos\/via-de-la-plata\/pueblos\/merida.jpg\">\n\t\t\t<div>\n\t\t\t\t<a class=\"link-to-stage\" href=\"https:\/\/www.pilgrim.es\/via-plata\/etapa-9-torremejia-merida\/\">\n\t\t\t\t\t<p>&#8249; Ritorno al palcoscenico<\/p>\n\t\t\t\t<\/a>\n\n\t\t\t\t<div class=\"town-data\">\n\t\t\t\t\t<h2>M\u00e9rida<\/h2>\n\t\t\t\t\t<ul>\n\t\t\t\t\t\t<li>Abitanti: 58.985 aprox.<\/li>\n\t\t\t\t\t\t<li>Provincia: Badajoz<\/li>\n\t\t\t\t\t<\/ul>\n\t\t\t\t<\/div>\n\t\t\t<\/div>\n\t\t<\/div>\n\t\t<div class=\"hero-grid__planner-col\"><div\r\n  class=\"p-col-span-1 p-rounded-lg p-px-5 p-h-full\"\r\n  style=\"background-image: url('https:\/\/cdn.pilgrim.es\/web\/pilgrim-planner\/bg-plugin-planificador.webp')\"\r\n  rel=\"preload\"\r\n  fetchpriority=\"high\"\r\n  >\r\n    <div class=\"p-text-center p-pt-5 p-text-white p-text-2xl p-font-semibold\">\r\n      Pianifica il tuo cammino    <\/div>\r\n    <div\r\n            id='primary-app'\r\n            data-name='banner'\r\n            data-api='https:\/\/pathfinder.pilgrim.es\/api\/pathfinder\/v2'\r\n            data-mode='normal'\r\n            data-lang='it'\r\n            data-route='1'\r\n            data-destiny='https:\/\/planificador.pilgrim.es'\r\n            data-modality='1'\r\n            data-inline=''\r\n        ><\/div><\/div><\/div>\n\t<\/div>\n<\/section>\n\n<section id=\"infoTown\">\n\t<div class=\"sections-town\">\n\n\t\t<div id=\"informationSection\">\n\t\t\t<div>\n\t\t\t\t<h2 class=\"p-h2-town\">Informazioni<\/h2>\n\t\t\t\t<hr>\n\t\t\t\t<h3 class=\"p-h3-town\">Get to know M\u00e9rida<\/h3>\n\t\t\t<\/div>\n\t\t\t<p>La citt\u00e0 di M\u00e9rida fu fondata dai Romani e divenne la citt\u00e0 pi\u00f9 importante dell&#8217;Hispania e anche la capitale del Regno Visigoto. Fu anche la citt\u00e0 di insediamento dei musulmani.<\/p> <p>Con tanta storia nelle sue strade, non sorprende che il suo sito archeologico sia stato dichiarato Patrimonio dell&#8217;Umanit\u00e0 dall&#8217;UNESCO.<\/p> <p>Con tanta storia nelle sue strade, non sorprende che il suo sito archeologico sia stato dichiarato Patrimonio dell&#8217;Umanit\u00e0 dall&#8217;UNESCO.\n\t\t<\/div>\n\n\t\t<div id=\"locationSection\">\n\t\t\t<div>\n\t\t\t\t<h2 class=\"p-h2-town\">Posizione<\/h2>\n\t\t\t\t<hr>\n\t\t\t\t<h3 class=\"p-h3-town\">Come arrivare<\/h3>\n\t\t\t<\/div>\n\t\t\t<p>Il modo pi\u00f9 semplice per raggiungere la citt\u00e0 di M\u00e9rida \u00e8 la strada. Ci sono diverse strade importanti che passano per la citt\u00e0 e quindi ne facilitano l&#8217;accesso, come l&#8217;autostrada A-5 che collega Madrid a Lisbona, la A-66 che collega Gij\u00f3n a Siviglia e la strada nazionale N-430 che collega Valencia e Badajoz. Dispone inoltre di strade secondarie che consentono l&#8217;accesso a citt\u00e0 vicine come Badajoz, Alange, Don \u00c1lvaro, ecc.<\/p> <p>.\n\n<p>Merida dispone anche di una stazione ferroviaria, con linee che collegano la citt\u00e0 con Ciudad Real, Siviglia e Madrid, tra le altre, e di una stazione degli autobus che offre linee giornaliere verso la periferia della citt\u00e0 e verso varie localit\u00e0 della penisola.\n\t\t\t<div>\n\t\t\t\t<div>\n  <iframe loading=\"lazy\"\n    src=\"https:\/\/www.google.com\/maps\/d\/embed?mid=15vg353PURoDi-qoUvu8-2eW93GdxJTs&amp;ehbc=2E312F\"\n    width=\"640\"\n    height=\"480\"\n    alt=\"Mapa M\u00e9rida\"\n  ><\/iframe>\n<\/div>\n\n\t\t\t<\/div>\n\t\t<\/div>\n\n\t\t\n\t\t\t<div id=\"toVisitSection\">\n\t\t\t\t<div>\n\t\t\t\t\t<h2 class=\"p-h2-town\">Storia \/ Cultura<\/h2>\n\t\t\t\t\t<hr>\n\t\t\t\t\t<h3 class=\"p-h3-town\">Cosa vedere<\/h3>\n\t\t\t\t<\/div>\n\t\t\t\t<div>\n\t\t\t\t\t<div class=\"accordion\">\n\t\t\t\t\t\t<div class=\"accordion__menu\">\n\t\t\t\t\t\t\t<nav>\n\t\t\t\t\t\t\t\t\n\t\t\t\t\t\t\t\t\t<button class=\"nav-tab-accordion active\"><span>&#10093;<\/span><span> Acueducto de los Milagros<\/span><\/button>\n\t\t\t\t\t\t\t\t\n\t\t\t\t\t\t\t\t\t<button class=\"nav-tab-accordion \"><span>&#10093;<\/span><span> Acueducto y Termas de San L\u00e1zaro<\/span><\/button>\n\t\t\t\t\t\t\t\t\n\t\t\t\t\t\t\t\t\t<button class=\"nav-tab-accordion \"><span>&#10093;<\/span><span> Alcazaba \u00c1rabe<\/span><\/button>\n\t\t\t\t\t\t\t\t\n\t\t\t\t\t\t\t\t\t<button class=\"nav-tab-accordion \"><span>&#10093;<\/span><span> Anfiteatro<\/span><\/button>\n\t\t\t\t\t\t\t\t\n\t\t\t\t\t\t\t\t\t<button class=\"nav-tab-accordion \"><span>&#10093;<\/span><span> Arco de Trajano<\/span><\/button>\n\t\t\t\t\t\t\t\t\n\t\t\t\t\t\t\t\t\t<button class=\"nav-tab-accordion \"><span>&#10093;<\/span><span> Bas\u00edlica de Santa Eulalia<\/span><\/button>\n\t\t\t\t\t\t\t\t\n\t\t\t\t\t\t\t\t\t<button class=\"nav-tab-accordion \"><span>&#10093;<\/span><span> Casa del Mitreo<\/span><\/button>\n\t\t\t\t\t\t\t\t\n\t\t\t\t\t\t\t\t\t<button class=\"nav-tab-accordion \"><span>&#10093;<\/span><span> Castellum Aquae<\/span><\/button>\n\t\t\t\t\t\t\t\t\n\t\t\t\t\t\t\t\t\t<button class=\"nav-tab-accordion \"><span>&#10093;<\/span><span> Circo Romano<\/span><\/button>\n\t\t\t\t\t\t\t\t\n\t\t\t\t\t\t\t\t\t<button class=\"nav-tab-accordion \"><span>&#10093;<\/span><span> Columbarios<\/span><\/button>\n\t\t\t\t\t\t\t\t\n\t\t\t\t\t\t\t\t\t<button class=\"nav-tab-accordion \"><span>&#10093;<\/span><span> Concatedral de Santa Mar\u00eda<\/span><\/button>\n\t\t\t\t\t\t\t\t\n\t\t\t\t\t\t\t\t\t<button class=\"nav-tab-accordion \"><span>&#10093;<\/span><span> Conventual Santiaguista<\/span><\/button>\n\t\t\t\t\t\t\t\t\n\t\t\t\t\t\t\t\t\t<button class=\"nav-tab-accordion \"><span>&#10093;<\/span><span> Ermita de Nuestra Se\u00f1ora de la Antigua<\/span><\/button>\n\t\t\t\t\t\t\t\t\n\t\t\t\t\t\t\t\t\t<button class=\"nav-tab-accordion \"><span>&#10093;<\/span><span> Iglesia de Santa Clara<\/span><\/button>\n\t\t\t\t\t\t\t\t\n\t\t\t\t\t\t\t\t\t<button class=\"nav-tab-accordion \"><span>&#10093;<\/span><span> Iglesia del Carmen<\/span><\/button>\n\t\t\t\t\t\t\t\t\n\t\t\t\t\t\t\t\t\t<button class=\"nav-tab-accordion \"><span>&#10093;<\/span><span> Museo Abierto de M\u00e9rida<\/span><\/button>\n\t\t\t\t\t\t\t\t\n\t\t\t\t\t\t\t\t\t<button class=\"nav-tab-accordion \"><span>&#10093;<\/span><span> Museo Nacional de Arte Romano<\/span><\/button>\n\t\t\t\t\t\t\t\t\n\t\t\t\t\t\t\t\t\t<button class=\"nav-tab-accordion \"><span>&#10093;<\/span><span> Plaza de Espa\u00f1a<\/span><\/button>\n\t\t\t\t\t\t\t\t\n\t\t\t\t\t\t\t\t\t<button class=\"nav-tab-accordion \"><span>&#10093;<\/span><span> Plaza de Toros<\/span><\/button>\n\t\t\t\t\t\t\t\t\n\t\t\t\t\t\t\t\t\t<button class=\"nav-tab-accordion \"><span>&#10093;<\/span><span> P\u00f3rtico del Foro<\/span><\/button>\n\t\t\t\t\t\t\t\t\n\t\t\t\t\t\t\t\t\t<button class=\"nav-tab-accordion \"><span>&#10093;<\/span><span> Puente Lusitania<\/span><\/button>\n\t\t\t\t\t\t\t\t\n\t\t\t\t\t\t\t\t\t<button class=\"nav-tab-accordion \"><span>&#10093;<\/span><span> Puente Romano<\/span><\/button>\n\t\t\t\t\t\t\t\t\n\t\t\t\t\t\t\t\t\t<button class=\"nav-tab-accordion \"><span>&#10093;<\/span><span> Puente sobre el Albarregas<\/span><\/button>\n\t\t\t\t\t\t\t\t\n\t\t\t\t\t\t\t\t\t<button class=\"nav-tab-accordion \"><span>&#10093;<\/span><span> Teatro Romano<\/span><\/button>\n\t\t\t\t\t\t\t\t\n\t\t\t\t\t\t\t\t\t<button class=\"nav-tab-accordion \"><span>&#10093;<\/span><span> Templo de Diana<\/span><\/button>\n\t\t\t\t\t\t\t\t\n\t\t\t\t\t\t\t\t\t<button class=\"nav-tab-accordion \"><span>&#10093;<\/span><span> Termas \/ Pozo de Nieve<\/span><\/button>\n\t\t\t\t\t\t\t\t\n\t\t\t\t\t\t\t\t\t<button class=\"nav-tab-accordion \"><span>&#10093;<\/span><span> Termas de la Calle Pontezuelas y la Zona Arqueol\u00f3gica de las Siete Siellas<\/span><\/button>\n\t\t\t\t\t\t\t\t\n\t\t\t\t\t\t\t\t\t<button class=\"nav-tab-accordion \"><span>&#10093;<\/span><span> Xenodochium<\/span><\/button>\n\t\t\t\t\t\t\t\t\n\t\t\t\t\t\t\t\t\t<button class=\"nav-tab-accordion \"><span>&#10093;<\/span><span> Zona Arqueol\u00f3gica de Morer\u00edas<\/span><\/button>\n\t\t\t\t\t\t\t\t\n\t\t\t\t\t\t\t\t\t<button class=\"nav-tab-accordion \"><span>&#10093;<\/span><span> Bas\u00edlica de Santa Eulalia\/Templo de Marte<\/span><\/button>\n\t\t\t\t\t\t\t\t\n\t\t\t\t\t\t\t<\/nav>\n\t\t\t\t\t\t<\/div>\n\n\t\t\t\t\t\t\n\t\t\t\t\t\t\t<div class=\"accordion__accordion-content \">\n\t\t\t\t\t\t\t\t<div>\n\t\t\t\t\t\t\t\t\t<div>\n\t\t\t\t\t\t\t\t\t\t<h4>Acueducto de los Milagros<\/h4>\n\t\t\t\t\t\t\t\t\t\t<p>Si tratta di un grande acquedotto utilizzato in epoca romana per trasportare l&#8217;acqua dal serbatoio noto come Charca de la Albuera alla citt\u00e0. Questa costruzione \u00e8 conosciuta come &#8220;Los Milagros&#8221; (I Miracoli), poich\u00e9 ha suscitato grande stupore nella popolazione locale grazie alla sua monumentalit\u00e0 e alla sua buona conservazione. \u00c8 lunga 800 metri e alta in alcuni casi 27 metri. Spicca il punto in cui scorre il torrente Albarregas con un bellissimo arco realizzato con conci di granito. <\/p>\n\n<p>INFORMAZIONI DI INTERESSE<\/p>\n\n<p>Web: www.turismomerida.org\/es\/que-ver\/acueducto-de-los-milagrosTel\u00e9fono: 673 456 891<\/p> <p>Web: www.turismomerida.org\/es\/que-ver\/acueducto-de-los-milagrosTel\u00e9fono: 673 456 891<\/p>\n\t\t\t\t\t\t\t\t\t<\/div>\n\t\t\t\t\t\t\t\t\t<img decoding=\"async\" src=\"https:\/\/cdn.pilgrim.es\/web\/caminos\/via-de-la-plata\/pueblos\/merida\/puntos-de-interes\/acueducto-de-los-milagros.jpg\" alt=\"Acueducto de los Milagros\">\n\t\t\t\t\t\t\t\t<\/div>\n\t\t\t\t\t\t\t<\/div>\n\t\t\t\t\t\t\n\t\t\t\t\t\t\t<div class=\"accordion__accordion-content inactive\">\n\t\t\t\t\t\t\t\t<div>\n\t\t\t\t\t\t\t\t\t<div>\n\t\t\t\t\t\t\t\t\t\t<h4>Acueducto y Termas de San L\u00e1zaro<\/h4>\n\t\t\t\t\t\t\t\t\t\t<p> Si tratta di un acquedotto che raccoglieva l&#8217;acqua delle Albarregas e che fu completamente ricostruito nel XVI secolo. \u00c8 lungo pi\u00f9 di un chilometro e mezzo, anche se rimangono solo le vaschette di alcuni bacini e alcune arcate semicircolari. Ai piedi di questi archi si trova la strada romana che conduceva a C\u00f3rdoba. <\/p>\n\n<p>INFORMAZIONI D&#8217;INTERESSE<\/p> <p>Informazioni d&#8217;interesse<\/p> <p>Vedi anche\n\n<p>Sito web: www.turismomerida.org\/que-ver\/acueducto-y-termas-de-san-lazaro<\/p>\n\t\t\t\t\t\t\t\t\t<\/div>\n\t\t\t\t\t\t\t\t\t<img decoding=\"async\" src=\"https:\/\/cdn.pilgrim.es\/web\/caminos\/via-de-la-plata\/pueblos\/merida\/puntos-de-interes\/acueducto-y-termas-de-san-lazaro.jpg\" alt=\"Acueducto y Termas de San L\u00e1zaro\">\n\t\t\t\t\t\t\t\t<\/div>\n\t\t\t\t\t\t\t<\/div>\n\t\t\t\t\t\t\n\t\t\t\t\t\t\t<div class=\"accordion__accordion-content inactive\">\n\t\t\t\t\t\t\t\t<div>\n\t\t\t\t\t\t\t\t\t<div>\n\t\t\t\t\t\t\t\t\t\t<h4>Alcazaba \u00c1rabe<\/h4>\n\t\t\t\t\t\t\t\t\t\t<p>Si tratta di una grande fortezza musulmana costruita nell&#8217;anno 835 d.C. che serviva a molteplici scopi, tra cui la sede degli uffici amministrativi omayyadi e la residenza del governatore locale, come filtro di accesso alla citt\u00e0 dopo aver attraversato il ponte romano e come rifugio per la minoranza araba durante le lotte locali.<\/p> <p>Si tratta di una fortezza costruita nell&#8217;anno 835 d.C. che serviva a molteplici scopi, tra cui la sede degli uffici amministrativi omayyadi e la residenza del governatore locale, come filtro di accesso alla citt\u00e0 dopo aver attraversato il ponte romano e come rifugio per la minoranza araba durante le lotte locali.\n\t\t\t\t\t\t\t\t\t<\/div>\n\t\t\t\t\t\t\t\t\t<img decoding=\"async\" src=\"https:\/\/cdn.pilgrim.es\/web\/caminos\/via-de-la-plata\/pueblos\/merida\/puntos-de-interes\/alcazaba-arabe.jpg\" alt=\"Alcazaba \u00c1rabe\">\n\t\t\t\t\t\t\t\t<\/div>\n\t\t\t\t\t\t\t<\/div>\n\t\t\t\t\t\t\n\t\t\t\t\t\t\t<div class=\"accordion__accordion-content inactive\">\n\t\t\t\t\t\t\t\t<div>\n\t\t\t\t\t\t\t\t\t<div>\n\t\t\t\t\t\t\t\t\t\t<h4>Anfiteatro<\/h4>\n\t\t\t\t\t\t\t\t\t\t<p>Datato all&#8217;VIII secolo a.C., era un edificio costruito per servire da palcoscenico a spettacoli come giochi gladiatori, cacce alle belve, combattimenti tra animali selvatici&#8230; e ospitava circa 16.000 spettatori. Si trova nella stessa area del Teatro Romano, sebbene sia separato da esso da una strada rialzata. <\/p>\n\t\t\t\t\t\t\t\t\t<\/div>\n\t\t\t\t\t\t\t\t\t<img decoding=\"async\" src=\"https:\/\/cdn.pilgrim.es\/web\/caminos\/via-de-la-plata\/pueblos\/merida\/puntos-de-interes\/anfiteatro.jpg\" alt=\"Anfiteatro\">\n\t\t\t\t\t\t\t\t<\/div>\n\t\t\t\t\t\t\t<\/div>\n\t\t\t\t\t\t\n\t\t\t\t\t\t\t<div class=\"accordion__accordion-content inactive\">\n\t\t\t\t\t\t\t\t<div>\n\t\t\t\t\t\t\t\t\t<div>\n\t\t\t\t\t\t\t\t\t\t<h4>Arco de Trajano<\/h4>\n\t\t\t\t\t\t\t\t\t\t<p>Si tratta dell&#8217;ingresso principale di un grande tempio di culto imperiale, parte del foro provinciale. La sua struttura si basa su un arco semicircolare che si innalza per 15 metri dalla sommit\u00e0 dei pilastri ed \u00e8 realizzato con conci di granito ricoperti da lastre di marmo. Sul pavimento dell&#8217;arco sono ancora visibili i cardini delle porte che chiudevano questo monumentale portale. <\/p>\n\n<p>INFORMAZIONI DI INTERESSE<\/p> <p>Informazioni di interesse<\/p> <p>Informazioni di interesse\n\n<p>Web: www.turismomerida.org\/que-ver\/arco-de-trajano<\/p>\n\t\t\t\t\t\t\t\t\t<\/div>\n\t\t\t\t\t\t\t\t\t<img decoding=\"async\" src=\"https:\/\/cdn.pilgrim.es\/web\/caminos\/via-de-la-plata\/pueblos\/merida\/puntos-de-interes\/arco-de-trajano.jpg\" alt=\"Arco de Trajano\">\n\t\t\t\t\t\t\t\t<\/div>\n\t\t\t\t\t\t\t<\/div>\n\t\t\t\t\t\t\n\t\t\t\t\t\t\t<div class=\"accordion__accordion-content inactive\">\n\t\t\t\t\t\t\t\t<div>\n\t\t\t\t\t\t\t\t\t<div>\n\t\t\t\t\t\t\t\t\t\t<h4>Bas\u00edlica de Santa Eulalia<\/h4>\n\t\t\t\t\t\t\t\t\t\t<p>Eulalia era una bambina di Emerita che fu martirizzata al tempo delle persecuzioni, ordinate dall&#8217;imperatore Diocleziano, intorno al 303 e 305 d.C.<\/p> <p>Eulalia era una bambina di Emerita che fu martirizzata al tempo delle persecuzioni, ordinate dall&#8217;imperatore Diocleziano, intorno al 303 e 305 d.C.<p>.\n\t\t\t\t\t\t\t\t\t<\/div>\n\t\t\t\t\t\t\t\t\t<img decoding=\"async\" src=\"https:\/\/cdn.pilgrim.es\/web\/caminos\/via-de-la-plata\/pueblos\/merida\/puntos-de-interes\/basilica-de-santa-eulalia.jpg\" alt=\"Bas\u00edlica de Santa Eulalia\">\n\t\t\t\t\t\t\t\t<\/div>\n\t\t\t\t\t\t\t<\/div>\n\t\t\t\t\t\t\n\t\t\t\t\t\t\t<div class=\"accordion__accordion-content inactive\">\n\t\t\t\t\t\t\t\t<div>\n\t\t\t\t\t\t\t\t\t<div>\n\t\t\t\t\t\t\t\t\t\t<h4>Casa del Mitreo<\/h4>\n\t\t\t\t\t\t\t\t\t\t<p>Si tratta di un edificio risalente alla fine del I e all&#8217;inizio del II secolo d.C., disposto intorno a tre cortili. Il primo dei cortili, a cui si accede tramite una scala, \u00e8 un atrio colonnato che ospita una fontana per la raccolta dell&#8217;acqua. Da questo atrio si accede a diversi ambienti con uno zoccolo in muratura, mentre il resto della facciata \u00e8 costituito da muri in terra battuta. <\/p>\n\t\t\t\t\t\t\t\t\t<\/div>\n\t\t\t\t\t\t\t\t\t<img decoding=\"async\" src=\"https:\/\/cdn.pilgrim.es\/web\/caminos\/via-de-la-plata\/pueblos\/merida\/puntos-de-interes\/casa-del-mitreo.jpg\" alt=\"Casa del Mitreo\">\n\t\t\t\t\t\t\t\t<\/div>\n\t\t\t\t\t\t\t<\/div>\n\t\t\t\t\t\t\n\t\t\t\t\t\t\t<div class=\"accordion__accordion-content inactive\">\n\t\t\t\t\t\t\t\t<div>\n\t\t\t\t\t\t\t\t\t<div>\n\t\t\t\t\t\t\t\t\t\t<h4>Castellum Aquae<\/h4>\n\t\t\t\t\t\t\t\t\t\t<p>Si tratta di una struttura interamente realizzata in cemento e conci di epoca romana. Originariamente era annessa all&#8217;eremitaggio Ermita del Calvario fino alla sua demolizione. Quando \u00e8 stata demolita, ha messo a nudo la torre da cui veniva portata l&#8217;acqua del serbatoio di Proserpina nella zona nord di M\u00e9rida. <\/p>\n\n<p>INFORMAZIONI DI INTERESSE<\/p> <p>Informazioni di interesse<\/p> <p>Informazioni di interesse\n\n<p>Web: www.turismomerida.org\/que-ver\/castellum-aquae<\/p>\n\t\t\t\t\t\t\t\t\t<\/div>\n\t\t\t\t\t\t\t\t\t<img decoding=\"async\" src=\"https:\/\/cdn.pilgrim.es\/web\/caminos\/via-de-la-plata\/pueblos\/merida\/puntos-de-interes\/castellum-aquae.jpg\" alt=\"Castellum Aquae\">\n\t\t\t\t\t\t\t\t<\/div>\n\t\t\t\t\t\t\t<\/div>\n\t\t\t\t\t\t\n\t\t\t\t\t\t\t<div class=\"accordion__accordion-content inactive\">\n\t\t\t\t\t\t\t\t<div>\n\t\t\t\t\t\t\t\t\t<div>\n\t\t\t\t\t\t\t\t\t\t<h4>Circo Romano<\/h4>\n\t\t\t\t\t\t\t\t\t\t<p> \u00c8 uno dei circhi meglio conservati dell&#8217;impero, nonch\u00e9 uno dei pi\u00f9 grandi, con i suoi 403 metri di lunghezza e 96,5 metri di larghezza; pu\u00f2 ospitare fino a 30.000 spettatori. Fu costruito durante la dinastia giulio-claudia, ma non fu datato fino alla sua ultima modifica nel IV secolo d.C..\n\t\t\t\t\t\t\t\t\t<\/div>\n\t\t\t\t\t\t\t\t\t<img decoding=\"async\" src=\"https:\/\/cdn.pilgrim.es\/web\/caminos\/via-de-la-plata\/pueblos\/merida\/puntos-de-interes\/circo-romano.jpg\" alt=\"Circo Romano\">\n\t\t\t\t\t\t\t\t<\/div>\n\t\t\t\t\t\t\t<\/div>\n\t\t\t\t\t\t\n\t\t\t\t\t\t\t<div class=\"accordion__accordion-content inactive\">\n\t\t\t\t\t\t\t\t<div>\n\t\t\t\t\t\t\t\t\t<div>\n\t\t\t\t\t\t\t\t\t\t<h4>Columbarios<\/h4>\n\t\t\t\t\t\t\t\t\t\t<p>Si tratta di uno spazio all&#8217;aperto, del I secolo d.C., in cui si possono osservare i diversi tipi di riti funebri nel corso della storia e, sullo sfondo, si trovano due edifici in cui venivano depositate le urne cinerarie delle famiglie Voconius e Julius.<\/p> <p>Si tratta di uno spazio all&#8217;aperto in cui si possono osservare i diversi tipi di riti funebri nel corso della storia e, sullo sfondo, si trovano due edifici in cui venivano depositate le urne cinerarie delle famiglie Voconius e Julius.<\/p> <p>Si trovano nello stesso edificio.\n\t\t\t\t\t\t\t\t\t<\/div>\n\t\t\t\t\t\t\t\t\t<img decoding=\"async\" src=\"https:\/\/cdn.pilgrim.es\/web\/caminos\/via-de-la-plata\/pueblos\/merida\/puntos-de-interes\/columbarios.jpg\" alt=\"Columbarios\">\n\t\t\t\t\t\t\t\t<\/div>\n\t\t\t\t\t\t\t<\/div>\n\t\t\t\t\t\t\n\t\t\t\t\t\t\t<div class=\"accordion__accordion-content inactive\">\n\t\t\t\t\t\t\t\t<div>\n\t\t\t\t\t\t\t\t\t<div>\n\t\t\t\t\t\t\t\t\t\t<h4>Concatedral de Santa Mar\u00eda<\/h4>\n\t\t\t\t\t\t\t\t\t\t<p>Questo edificio \u00e8 il pi\u00f9 antico di tutti quelli disposti intorno a Plaza de Espa\u00f1a. Il ritrovamento di alcuni pezzi di origine visigota fa pensare che in questo luogo si trovasse la Cattedrale di Santa Mar\u00eda de Jerusal\u00e9n, con il suo battistero, il palazzo vescovile e l&#8217;atrio che li collegava. Ci\u00f2 che si sa con certezza \u00e8 che, dopo la Riconquista, in questo sito fu eretto un eremo, che si sarebbe gradualmente ampliato nel tempo.<\/p> <p>Quello che si sa con certezza \u00e8 che, dopo la Riconquista, in questo sito fu eretto un eremo, che si sarebbe gradualmente ampliato nel tempo.\n\t\t\t\t\t\t\t\t\t<\/div>\n\t\t\t\t\t\t\t\t\t<img decoding=\"async\" src=\"https:\/\/cdn.pilgrim.es\/web\/caminos\/via-de-la-plata\/pueblos\/merida\/puntos-de-interes\/concatedral-de-santa-maria.jpg\" alt=\"Concatedral de Santa Mar\u00eda\">\n\t\t\t\t\t\t\t\t<\/div>\n\t\t\t\t\t\t\t<\/div>\n\t\t\t\t\t\t\n\t\t\t\t\t\t\t<div class=\"accordion__accordion-content inactive\">\n\t\t\t\t\t\t\t\t<div>\n\t\t\t\t\t\t\t\t\t<div>\n\t\t\t\t\t\t\t\t\t\t<h4>Conventual Santiaguista<\/h4>\n\t\t\t\t\t\t\t\t\t\t<p>Il convento di Santiaguista fu costruito come residenza del priorato, alla periferia della cittadella. Ci\u00f2 avvenne dopo la riconquista della citt\u00e0 nel 1230, quando M\u00e9rida fu sottoposta alla giurisdizione dell&#8217;Ordine di Santiago. A quel tempo, la casa del priorato si trovava nel convento di San Marcos, a Le\u00f3n, ma a met\u00e0 del XVI secolo le regole del Concilio di Trento stabilirono che i capi ecclesiastici dovevano vivere nelle terre sotto la loro giurisdizione.\n\n<p>Questo edificio \u00e8 oggi la Presidenza del Governo dell&#8217;Estremadura.\n\n<p>INFORMAZIONI DI INTERESSE<\/p> <p>Informazioni di interesse<\/p> <p>L&#8217;edificio \u00e8 oggi sede della Presidenza del Governo dell&#8217;Estremadura.\n\n<p>Web: www.turismomerida.org\/que-ver\/conventual-santiaguista<\/p>\n\t\t\t\t\t\t\t\t\t<\/div>\n\t\t\t\t\t\t\t\t\t<img decoding=\"async\" src=\"https:\/\/cdn.pilgrim.es\/web\/caminos\/via-de-la-plata\/pueblos\/merida\/puntos-de-interes\/conventual-santiaguista.jpg\" alt=\"Conventual Santiaguista\">\n\t\t\t\t\t\t\t\t<\/div>\n\t\t\t\t\t\t\t<\/div>\n\t\t\t\t\t\t\n\t\t\t\t\t\t\t<div class=\"accordion__accordion-content inactive\">\n\t\t\t\t\t\t\t\t<div>\n\t\t\t\t\t\t\t\t\t<div>\n\t\t\t\t\t\t\t\t\t\t<h4>Ermita de Nuestra Se\u00f1ora de la Antigua<\/h4>\n\t\t\t\t\t\t\t\t\t\t<p>Questo eremo in stile gotico \u00e8 documentato intorno alla fine del XV secolo. Questo tempio rurale, isolato dal centro abitato, \u00e8 costituito da un&#8217;unica navata con volta a crociera e abside. Una delle facciate della cappella \u00e8 in stile rinascimentale, mentre l&#8217;altra \u00e8 in stile manieristico. <\/p>\n\t\t\t\t\t\t\t\t\t<\/div>\n\t\t\t\t\t\t\t\t\t<img decoding=\"async\" src=\"https:\/\/cdn.pilgrim.es\/web\/caminos\/via-de-la-plata\/pueblos\/merida\/puntos-de-interes\/ermita-de-nuestra-senora-de-la-antigua.jpg\" alt=\"Ermita de Nuestra Se\u00f1ora de la Antigua\">\n\t\t\t\t\t\t\t\t<\/div>\n\t\t\t\t\t\t\t<\/div>\n\t\t\t\t\t\t\n\t\t\t\t\t\t\t<div class=\"accordion__accordion-content inactive\">\n\t\t\t\t\t\t\t\t<div>\n\t\t\t\t\t\t\t\t\t<div>\n\t\t\t\t\t\t\t\t\t\t<h4>Iglesia de Santa Clara<\/h4>\n\t\t\t\t\t\t\t\t\t\t<p>Questo convento, opera di Lope S\u00e1nchez de Triana, fu completato solo nel XVII secolo. Nel XIX secolo, con le confische che si verificarono, l&#8217;edificio divenne propriet\u00e0 privata e la chiesa di Santa Clara fu utilizzata per lungo tempo come magazzino, scuola, teatro e museo, funzione quest&#8217;ultima che svolge ancora oggi, ospitando anche la sede della Collezione Visigota.\n\t\t\t\t\t\t\t\t\t<\/div>\n\t\t\t\t\t\t\t\t\t<img decoding=\"async\" src=\"https:\/\/cdn.pilgrim.es\/web\/caminos\/via-de-la-plata\/pueblos\/merida\/puntos-de-interes\/iglesia-de-santa-clara.jpg\" alt=\"Iglesia de Santa Clara\">\n\t\t\t\t\t\t\t\t<\/div>\n\t\t\t\t\t\t\t<\/div>\n\t\t\t\t\t\t\n\t\t\t\t\t\t\t<div class=\"accordion__accordion-content inactive\">\n\t\t\t\t\t\t\t\t<div>\n\t\t\t\t\t\t\t\t\t<div>\n\t\t\t\t\t\t\t\t\t\t<h4>Iglesia del Carmen<\/h4>\n\t\t\t\t\t\t\t\t\t\t<p>L&#8217;ex convento dei Francescani Scalzi ospita oggi una chiesa in venerazione della Virgen del Carmen. Si tratta di un tempio gotico dalla struttura semplice ma solida, la cui caratteristica principale \u00e8 la facciata, decorata con gli stemmi dell&#8217;ordine monastico e della citt\u00e0 di M\u00e9rida. L&#8217;interno del tempio si distingue per la sua piccola cappella, uno spazio di grande attrazione architettonica.<\/p> <p>Ha una piccola cappella, uno spazio di grande attrazione architettonica.\n\n<p>INFORMAZIONI DI INTERESSE<\/p> <p>Informazioni di interesse<\/p> <p>Informazioni di interesse\n\n<p>Sito web: www.turismomerida.org\/que-ver\/iglesia-del-carmen<\/p>\n\t\t\t\t\t\t\t\t\t<\/div>\n\t\t\t\t\t\t\t\t\t<img decoding=\"async\" src=\"https:\/\/cdn.pilgrim.es\/web\/caminos\/via-de-la-plata\/pueblos\/merida\/puntos-de-interes\/iglesia-del-carmen.jpg\" alt=\"Iglesia del Carmen\">\n\t\t\t\t\t\t\t\t<\/div>\n\t\t\t\t\t\t\t<\/div>\n\t\t\t\t\t\t\n\t\t\t\t\t\t\t<div class=\"accordion__accordion-content inactive\">\n\t\t\t\t\t\t\t\t<div>\n\t\t\t\t\t\t\t\t\t<div>\n\t\t\t\t\t\t\t\t\t\t<h4>Museo Abierto de M\u00e9rida<\/h4>\n\t\t\t\t\t\t\t\t\t\t<p>Il Museo Abierto de M\u00e9rida, situato in un edificio inaugurato nel 2007, ospita due collezioni di grande valore: la Collezione Preistorica, nota come Praem\u00e9rita, e la Collezione Geologica, nota come Geoem\u00e9rita.<\/p> <p>Il Museo \u00e8 situato in un edificio inaugurato nel 2007, e ospita due collezioni di grande valore: la Collezione Preistorica, nota come Praem\u00e9rita, e la Collezione Geologica, nota come Geoem\u00e9rita.\n\t\t\t\t\t\t\t\t\t<\/div>\n\t\t\t\t\t\t\t\t\t<img decoding=\"async\" src=\"https:\/\/cdn.pilgrim.es\/web\/caminos\/via-de-la-plata\/pueblos\/merida\/puntos-de-interes\/museo-abierto-de-merida.jpg\" alt=\"Museo Abierto de M\u00e9rida\">\n\t\t\t\t\t\t\t\t<\/div>\n\t\t\t\t\t\t\t<\/div>\n\t\t\t\t\t\t\n\t\t\t\t\t\t\t<div class=\"accordion__accordion-content inactive\">\n\t\t\t\t\t\t\t\t<div>\n\t\t\t\t\t\t\t\t\t<div>\n\t\t\t\t\t\t\t\t\t\t<h4>Museo Nacional de Arte Romano<\/h4>\n\t\t\t\t\t\t\t\t\t\t<p>L&#8217;edificio che ospita il Museo Nazionale d&#8217;Arte Romana fu costruito dall&#8217;architetto Rafael Moneo Vall\u00e9s e si distingue per le sue grandi proporzioni. Durante la sua costruzione, l&#8217;architetto navarrese ha cercato di ricreare gli edifici tardo-romanici delle Terme di Diocleziano a Roma o il mausoleo di Gordiano a Salonicco, utilizzando mattoni, cemento e un gran numero di archi semicircolari in questo edificio.\n\t\t\t\t\t\t\t\t\t<\/div>\n\t\t\t\t\t\t\t\t\t<img decoding=\"async\" src=\"https:\/\/cdn.pilgrim.es\/web\/caminos\/via-de-la-plata\/pueblos\/merida\/puntos-de-interes\/museo-nacional-de-arte-romano.jpg\" alt=\"Museo Nacional de Arte Romano\">\n\t\t\t\t\t\t\t\t<\/div>\n\t\t\t\t\t\t\t<\/div>\n\t\t\t\t\t\t\n\t\t\t\t\t\t\t<div class=\"accordion__accordion-content inactive\">\n\t\t\t\t\t\t\t\t<div>\n\t\t\t\t\t\t\t\t\t<div>\n\t\t\t\t\t\t\t\t\t\t<h4>Plaza de Espa\u00f1a<\/h4>\n\t\t\t\t\t\t\t\t\t\t<p>Fin dal suo insediamento all&#8217;epoca dei Re Cattolici, la Plaza de Espa\u00f1a ha ospitato il mercato della citt\u00e0 e, proprio qui, era anche il luogo in cui si trovavano le fontanelle. Questa piazza \u00e8 stata anche testimone della celebrazione di altri eventi come, ad esempio, l&#8217;arena per le corride e il palcoscenico per gli spettacoli teatrali.<\/p> <p>La piazza era anche il luogo in cui si trovavano le fontane dell&#8217;acqua potabile.\n\t\t\t\t\t\t\t\t\t<\/div>\n\t\t\t\t\t\t\t\t\t<img decoding=\"async\" src=\"https:\/\/cdn.pilgrim.es\/web\/caminos\/via-de-la-plata\/pueblos\/merida\/puntos-de-interes\/plaza-de-espana.jpg\" alt=\"Plaza de Espa\u00f1a\">\n\t\t\t\t\t\t\t\t<\/div>\n\t\t\t\t\t\t\t<\/div>\n\t\t\t\t\t\t\n\t\t\t\t\t\t\t<div class=\"accordion__accordion-content inactive\">\n\t\t\t\t\t\t\t\t<div>\n\t\t\t\t\t\t\t\t\t<div>\n\t\t\t\t\t\t\t\t\t\t<h4>Plaza de Toros<\/h4>\n\t\t\t\t\t\t\t\t\t\t<p>Situata nella via Oviedo della citt\u00e0, pi\u00f9 precisamente su quello che \u00e8 conosciuto come Cerro de San Alb\u00edn, l&#8217;arena di M\u00e9rida fu inaugurata nel 1914 e, esteticamente, si pu\u00f2 notare che l&#8217;architetto che l&#8217;ha progettata ha combinato lo stile neo-mud\u00e9jar con il ferro.\n\n<p>Questa arena, che ha una capacit\u00e0 di 8.700 persone, \u00e8 divisa in tre piani, che si distinguono perfettamente per il fatto che ogni piano ha diversi tipi di finestre, in cui si trovano le tribune e i posti a sedere.<\/p> <p>L&#8217;arena ha una capacit\u00e0 di 8.700 persone.\n\n<p>INFORMAZIONI DI INTERESSE<\/p>\n\n<p>Telefono: 924 380 100 (Municipio di M\u00e9rida)<\/p> <p>Telefono: 924 380 100 (Comune di M\u00e9rida)<\/p> &lt;p\n\t\t\t\t\t\t\t\t\t<\/div>\n\t\t\t\t\t\t\t\t\t<img decoding=\"async\" src=\"https:\/\/cdn.pilgrim.es\/web\/caminos\/via-de-la-plata\/pueblos\/merida\/puntos-de-interes\/plaza-de-toros.jpg\" alt=\"Plaza de Toros\">\n\t\t\t\t\t\t\t\t<\/div>\n\t\t\t\t\t\t\t<\/div>\n\t\t\t\t\t\t\n\t\t\t\t\t\t\t<div class=\"accordion__accordion-content inactive\">\n\t\t\t\t\t\t\t\t<div>\n\t\t\t\t\t\t\t\t\t<div>\n\t\t\t\t\t\t\t\t\t\t<h4>P\u00f3rtico del Foro<\/h4>\n\t\t\t\t\t\t\t\t\t\t<p>Questa \u00e8 una parte del monumentale portico d&#8217;ingresso al Foro di Merida, costruito alla met\u00e0 del I secolo. Era interamente rivestito di marmo e presenta trabeazioni sostenute da grandi colonne in stile corinzio. Su queste colonne si trova anche un attico decorato con metope formate dalle teste di Giove-Amun, Medusa e una cariatide che trasporta crateri. Le pareti di cinta contengono nicchie su cui sono state collocate le statue della famiglia imperiale e delle divinit\u00e0 e dei miti associati a Roma. <\/p>\n\n<p>INFORMAZIONI DI INTERESSE<\/p>\n\n<p>Sito web: www.turismomerida.org\/que-ver\/portico-del-foro<\/p>\n\t\t\t\t\t\t\t\t\t<\/div>\n\t\t\t\t\t\t\t\t\t<img decoding=\"async\" src=\"https:\/\/cdn.pilgrim.es\/web\/caminos\/via-de-la-plata\/pueblos\/merida\/puntos-de-interes\/portico-del-foro.jpg\" alt=\"P\u00f3rtico del Foro\">\n\t\t\t\t\t\t\t\t<\/div>\n\t\t\t\t\t\t\t<\/div>\n\t\t\t\t\t\t\n\t\t\t\t\t\t\t<div class=\"accordion__accordion-content inactive\">\n\t\t\t\t\t\t\t\t<div>\n\t\t\t\t\t\t\t\t\t<div>\n\t\t\t\t\t\t\t\t\t\t<h4>Puente Lusitania<\/h4>\n\t\t\t\t\t\t\t\t\t\t<p>Realizzato dall&#8217;ingegnere e architetto Santiago Calatrava, questo ponte \u00e8 stato inaugurato nel 1991 e si trova sul fiume Guadiana, nella zona del Paseo de Roma. La costruzione di questo ponte \u00e8 stata resa necessaria dalla necessit\u00e0 di procedere alla pedonalizzazione dell&#8217;antico ponte romano, che si stava deteriorando a causa del costante traffico di veicoli.\n\t\t\t\t\t\t\t\t\t<\/div>\n\t\t\t\t\t\t\t\t\t<img decoding=\"async\" src=\"https:\/\/cdn.pilgrim.es\/web\/caminos\/via-de-la-plata\/pueblos\/merida\/puntos-de-interes\/puente-lusitania.jpg\" alt=\"Puente Lusitania\">\n\t\t\t\t\t\t\t\t<\/div>\n\t\t\t\t\t\t\t<\/div>\n\t\t\t\t\t\t\n\t\t\t\t\t\t\t<div class=\"accordion__accordion-content inactive\">\n\t\t\t\t\t\t\t\t<div>\n\t\t\t\t\t\t\t\t\t<div>\n\t\t\t\t\t\t\t\t\t\t<h4>Puente Romano<\/h4>\n\t\t\t\t\t\t\t\t\t\t<p>Questo ponte fu costruito in epoca romana e attraversa il fiume Guadiana, considerato uno dei ponti pi\u00f9 lunghi dell&#8217;antichit\u00e0. Per quanto riguarda la sua struttura, \u00e8 interamente in calcestruzzo rivestito di conci di granito sparsi lungo sessanta archi semicircolari, che raggiungono un&#8217;altezza di dodici metri nei punti pi\u00f9 alti. Gi\u00e0 allora, per ridurre la resistenza alla corrente, venivano costruite sezioni perforate con archi come sfioratori. <\/p>\n\n<p>INFORMAZIONI DI INTERESSE<\/p> <p>Informazioni di interesse<\/p> <p>Informazioni interessanti\n\n<p>Sito web: www.turismomerida.org\/que-ver\/puente-romano<\/p>\n\t\t\t\t\t\t\t\t\t<\/div>\n\t\t\t\t\t\t\t\t\t<img decoding=\"async\" src=\"https:\/\/cdn.pilgrim.es\/web\/caminos\/via-de-la-plata\/pueblos\/merida\/puntos-de-interes\/puente-romano.jpg\" alt=\"Puente Romano\">\n\t\t\t\t\t\t\t\t<\/div>\n\t\t\t\t\t\t\t<\/div>\n\t\t\t\t\t\t\n\t\t\t\t\t\t\t<div class=\"accordion__accordion-content inactive\">\n\t\t\t\t\t\t\t\t<div>\n\t\t\t\t\t\t\t\t\t<div>\n\t\t\t\t\t\t\t\t\t\t<h4>Puente sobre el Albarregas<\/h4>\n\t\t\t\t\t\t\t\t\t\t<p>Si tratta di un ponte lungo 145 metri e largo 8, sul quale confluiva la strada principale di accesso alla citt\u00e0, nonch\u00e9 il punto di uscita per Astorga lungo la V\u00eda de la Plata. Si trova sopra il fiume Albarregas, accanto all&#8217;acquedotto di Los Milagros. Per quanto riguarda la sua struttura, \u00e8 costituita da quattro archi semicircolari, tutti costruiti con conci ammortizzati. Il parapetto (pavimentazione rialzata) non risale all&#8217;epoca romana e si pensa che sia stato costruito con la prima strada di C\u00e1ceres nel 1863.\n\n<p>INFORMAZIONI DI INTERESSE<\/p> <p>Informazioni di interesse<\/p> <p>Informazioni di interesse\n\n<p>Web: www.turismomerida.org\/que-ver\/puente-sobre-el-albarregas<\/p>\n\t\t\t\t\t\t\t\t\t<\/div>\n\t\t\t\t\t\t\t\t\t<img decoding=\"async\" src=\"https:\/\/cdn.pilgrim.es\/web\/caminos\/via-de-la-plata\/pueblos\/merida\/puntos-de-interes\/puente-sobre-el-albarregas.jpg\" alt=\"Puente sobre el Albarregas\">\n\t\t\t\t\t\t\t\t<\/div>\n\t\t\t\t\t\t\t<\/div>\n\t\t\t\t\t\t\n\t\t\t\t\t\t\t<div class=\"accordion__accordion-content inactive\">\n\t\t\t\t\t\t\t\t<div>\n\t\t\t\t\t\t\t\t\t<div>\n\t\t\t\t\t\t\t\t\t\t<h4>Teatro Romano<\/h4>\n\t\t\t\t\t\t\t\t\t\t<p>Si tratta di un grande teatro romano risalente al 16-15 a.C., costruito sul fianco di una collina con materiali in muratura di cemento. Questo teatro ospitava 6.000 spettatori seduti dall&#8217;alto verso il basso in base al loro rango sociale in tre settori di gradinate: caveas summa, media e ima, separati a loro volta da navate e barriere.<\/p> <p>Il teatro fu costruito sul fianco di una collina con materiali murari in conci di cemento.\n\t\t\t\t\t\t\t\t\t<\/div>\n\t\t\t\t\t\t\t\t\t<img decoding=\"async\" src=\"https:\/\/cdn.pilgrim.es\/web\/caminos\/via-de-la-plata\/pueblos\/merida\/puntos-de-interes\/teatro-romano.jpg\" alt=\"Teatro Romano\">\n\t\t\t\t\t\t\t\t<\/div>\n\t\t\t\t\t\t\t<\/div>\n\t\t\t\t\t\t\n\t\t\t\t\t\t\t<div class=\"accordion__accordion-content inactive\">\n\t\t\t\t\t\t\t\t<div>\n\t\t\t\t\t\t\t\t\t<div>\n\t\t\t\t\t\t\t\t\t\t<h4>Templo de Diana<\/h4>\n\t\t\t\t\t\t\t\t\t\t<p>Si tratta di un antico tempio di culto di epoca imperiale. Ha una pianta rettangolare e poggia su un podio di granito. Di particolare rilievo \u00e8 il colonnato che circonda l&#8217;intero tempio, nonch\u00e9 la scalinata che vi sale, di cui rimane solo la sottostruttura. <\/p>\n\n<p>INFORMAZIONI DI INTERESSE<\/p>.\n\n<p>Web: www.turismomerida.org\/que-ver\/templo-de-diana<\/p>\n\t\t\t\t\t\t\t\t\t<\/div>\n\t\t\t\t\t\t\t\t\t<img decoding=\"async\" src=\"https:\/\/cdn.pilgrim.es\/web\/caminos\/via-de-la-plata\/pueblos\/merida\/puntos-de-interes\/templo-de-diana.jpg\" alt=\"Templo de Diana\">\n\t\t\t\t\t\t\t\t<\/div>\n\t\t\t\t\t\t\t<\/div>\n\t\t\t\t\t\t\n\t\t\t\t\t\t\t<div class=\"accordion__accordion-content inactive\">\n\t\t\t\t\t\t\t\t<div>\n\t\t\t\t\t\t\t\t\t<div>\n\t\t\t\t\t\t\t\t\t\t<h4>Termas \/ Pozo de Nieve<\/h4>\n\t\t\t\t\t\t\t\t\t\t<p>Si tratta di una scoperta del 1920 che, grazie agli studi archeologici, suggerisce che si trattava di un pozzo in cui conservare la neve nella camera circolare inferiore, costruita in epoca alto-imperiale. Le stanze del piano superiore avrebbero avuto un uso termale e sarebbero state costruite nel III o IV secolo d.C..\n\n<p>INFORMAZIONI DI INTERESSE<\/p> <p>Informazioni di interesse<\/p> <p>Informazioni sul sito\n\n<p>Sito web: www.turismomerida.org\/que-ver\/termas-pozo-de-nieve<\/p>\n\t\t\t\t\t\t\t\t\t<\/div>\n\t\t\t\t\t\t\t\t\t<img decoding=\"async\" src=\"https:\/\/cdn.pilgrim.es\/web\/caminos\/via-de-la-plata\/pueblos\/merida\/puntos-de-interes\/termas-pozo-de-nieve.jpg\" alt=\"Termas \/ Pozo de Nieve\">\n\t\t\t\t\t\t\t\t<\/div>\n\t\t\t\t\t\t\t<\/div>\n\t\t\t\t\t\t\n\t\t\t\t\t\t\t<div class=\"accordion__accordion-content inactive\">\n\t\t\t\t\t\t\t\t<div>\n\t\t\t\t\t\t\t\t\t<div>\n\t\t\t\t\t\t\t\t\t\t<h4>Termas de la Calle Pontezuelas y la Zona Arqueol\u00f3gica de las Siete Siellas<\/h4>\n\t\t\t\t\t\t\t\t\t\t<p>Sono i resti di abitazioni costruite nel I secolo e di un complesso termale quasi interamente conservato. In questo complesso si possono vedere i bagni con acqua calda, fredda e tiepida, nonch\u00e9 gli spogliatoi con pavimenti in marmo. Accanto a questo complesso si trovano una sala per gli esercizi fisici e una piscina. Tutti questi ambienti sono stati utilizzati fino al V secolo d.C..\n\t\t\t\t\t\t\t\t\t<\/div>\n\t\t\t\t\t\t\t\t\t<img decoding=\"async\" src=\"https:\/\/cdn.pilgrim.es\/web\/caminos\/via-de-la-plata\/pueblos\/merida\/puntos-de-interes\/termas-de-la-calle-pontezuelas-y-la-zona-arqueologica-de-las-siete-siellas.jpg\" alt=\"Termas de la Calle Pontezuelas y la Zona Arqueol\u00f3gica de las Siete Siellas\">\n\t\t\t\t\t\t\t\t<\/div>\n\t\t\t\t\t\t\t<\/div>\n\t\t\t\t\t\t\n\t\t\t\t\t\t\t<div class=\"accordion__accordion-content inactive\">\n\t\t\t\t\t\t\t\t<div>\n\t\t\t\t\t\t\t\t\t<div>\n\t\t\t\t\t\t\t\t\t\t<h4>Xenodochium<\/h4>\n\t\t\t\t\t\t\t\t\t\t<p>Era un antico ospedale costruito dal vescovo Masona per curare e ospitare i malati poveri e i pellegrini che giungevano in citt\u00e0 per ammirare la tomba della martire Eulalia.<\/p> <p>Era un antico ospedale costruito dal vescovo Masona per curare e ospitare i malati poveri e i pellegrini che giungevano in citt\u00e0 per ammirare la tomba della martire Eulalia.\n\t\t\t\t\t\t\t\t\t<\/div>\n\t\t\t\t\t\t\t\t\t<img decoding=\"async\" src=\"https:\/\/cdn.pilgrim.es\/web\/caminos\/via-de-la-plata\/pueblos\/merida\/puntos-de-interes\/xenodochium.jpg\" alt=\"Xenodochium\">\n\t\t\t\t\t\t\t\t<\/div>\n\t\t\t\t\t\t\t<\/div>\n\t\t\t\t\t\t\n\t\t\t\t\t\t\t<div class=\"accordion__accordion-content inactive\">\n\t\t\t\t\t\t\t\t<div>\n\t\t\t\t\t\t\t\t\t<div>\n\t\t\t\t\t\t\t\t\t\t<h4>Zona Arqueol\u00f3gica de Morer\u00edas<\/h4>\n\t\t\t\t\t\t\t\t\t\t<p>Si tratta di un lotto di circa 14 m2 di quello che un tempo era uno dei pi\u00f9 grandi insediamenti urbani della penisola. A Morer\u00edas si \u00e8 conservato il tratto pi\u00f9 lungo delle mura romane, con una larghezza di quasi tre metri e un&#8217;altezza di otto metri. <\/p>\n\t\t\t\t\t\t\t\t\t<\/div>\n\t\t\t\t\t\t\t\t\t<img decoding=\"async\" src=\"https:\/\/cdn.pilgrim.es\/web\/caminos\/via-de-la-plata\/pueblos\/merida\/puntos-de-interes\/zona-arqueologica-de-morerias.jpg\" alt=\"Zona Arqueol\u00f3gica de Morer\u00edas\">\n\t\t\t\t\t\t\t\t<\/div>\n\t\t\t\t\t\t\t<\/div>\n\t\t\t\t\t\t\n\t\t\t\t\t\t\t<div class=\"accordion__accordion-content inactive\">\n\t\t\t\t\t\t\t\t<div>\n\t\t\t\t\t\t\t\t\t<div>\n\t\t\t\t\t\t\t\t\t\t<h4>Bas\u00edlica de Santa Eulalia\/Templo de Marte<\/h4>\n\t\t\t\t\t\t\t\t\t\t<p>Conosciuto anche come &#8220;El Hornito&#8221;, si trova di fronte alla Basilica di Santa Eulalia e fu costruito con lo scopo di essere un oratorio dedicato a Santa Eulalia. Per quanto riguarda la sua struttura, l&#8217;esterno presenta un portico ricoperto di pezzi di marmo. L&#8217;iscrizione frontale, originariamente in lettere dorate, elogia Vetilla, moglie di Paculo, che pag\u00f2 i lavori. Per quanto riguarda la decorazione, si distingue per la sua meticolosit\u00e0 quando \u00e8 scolpita con una serie di trofei di guerra come corazze, stemmi, spade, ecc.<\/p> <p>.\n\n<p>INFORMAZIONI DI INTERESSE<\/p>\n\n<p>Web: www.turismomerida.org\/que-ver\/basilica-de-santa-eulalia-templo-de-marte<\/p>\n\t\t\t\t\t\t\t\t\t<\/div>\n\t\t\t\t\t\t\t\t\t<img decoding=\"async\" src=\"https:\/\/cdn.pilgrim.es\/web\/caminos\/via-de-la-plata\/pueblos\/merida\/puntos-de-interes\/basilica-de-santa-eulaliatemplo-de-marte.jpg\" alt=\"Bas\u00edlica de Santa Eulalia\/Templo de Marte\">\n\t\t\t\t\t\t\t\t<\/div>\n\t\t\t\t\t\t\t<\/div>\n\t\t\t\t\t\t\n\t\t\t\t\t<\/div>\n\t\t\t\t<\/div>\n\t\t\t<\/div>\n\t\t\n\n\t\t<div id=\"phonesSection\">\n\t\t\t<div>\n\t\t\t\t<h2 class=\"p-h3-town\">Informazioni di interesse<\/h2>\n\t\t\t<\/div>\n\t\t\t<div class=\"grid\">\n\t\t\t\t\n\t\t\t\t\t<div class=\"phone-number-item\">\n\t\t\t\t\t\t<div class=\"phone-number-item__icon\"><i class=\"icon-police\"><\/i><\/div>\n\t\t\t\t\t\t<div class=\"phone-number-item__title\">\n\t\t\t\t\t\t\t<h3 class=\"p-font-bold\">Polizia locale<\/h3>\n\t\t\t\t\t\t\t<p>924 380 138<\/p>\n\t\t\t\t\t\t\t\n\t\t\t\t\t\t<\/div>\n\t\t\t\t\t<\/div>\n\t\t\t\t\n\t\t\t\t\t<div class=\"phone-number-item\">\n\t\t\t\t\t\t<div class=\"phone-number-item__icon\"><i class=\"icon-spanish-military-police\"><\/i><\/div>\n\t\t\t\t\t\t<div class=\"phone-number-item__title\">\n\t\t\t\t\t\t\t<h3 class=\"p-font-bold\">Guardia civile<\/h3>\n\t\t\t\t\t\t\t<p>924 371 120<\/p>\n\t\t\t\t\t\t\t\n\t\t\t\t\t\t<\/div>\n\t\t\t\t\t<\/div>\n\t\t\t\t\n\t\t\t\t\t<div class=\"phone-number-item\">\n\t\t\t\t\t\t<div class=\"phone-number-item__icon\"><i class=\"icon-firefighters\"><\/i><\/div>\n\t\t\t\t\t\t<div class=\"phone-number-item__title\">\n\t\t\t\t\t\t\t<h3 class=\"p-font-bold\">Vigili del fuoco<\/h3>\n\t\t\t\t\t\t\t<p>924 372 861<\/p>\n\t\t\t\t\t\t\t\n\t\t\t\t\t\t<\/div>\n\t\t\t\t\t<\/div>\n\t\t\t\t\n\t\t\t\t\t<div class=\"phone-number-item\">\n\t\t\t\t\t\t<div class=\"phone-number-item__icon\"><i class=\"icon-civil-protection\"><\/i><\/div>\n\t\t\t\t\t\t<div class=\"phone-number-item__title\">\n\t\t\t\t\t\t\t<h3 class=\"p-font-bold\">Protezione civile<\/h3>\n\t\t\t\t\t\t\t<p>924 876 336<\/p>\n\t\t\t\t\t\t\t\n\t\t\t\t\t\t<\/div>\n\t\t\t\t\t<\/div>\n\t\t\t\t\n\t\t\t\t\t<div class=\"phone-number-item\">\n\t\t\t\t\t\t<div class=\"phone-number-item__icon\"><i class=\"icon-town-council\"><\/i><\/div>\n\t\t\t\t\t\t<div class=\"phone-number-item__title\">\n\t\t\t\t\t\t\t<h3 class=\"p-font-bold\">Municipio<\/h3>\n\t\t\t\t\t\t\t<p>924 380 100<\/p>\n\t\t\t\t\t\t\t\n\t\t\t\t\t\t<\/div>\n\t\t\t\t\t<\/div>\n\t\t\t\t\n\t\t\t\t\t<div class=\"phone-number-item\">\n\t\t\t\t\t\t<div class=\"phone-number-item__icon\"><i class=\"icon-hospital\"><\/i><\/div>\n\t\t\t\t\t\t<div class=\"phone-number-item__title\">\n\t\t\t\t\t\t\t<h3 class=\"p-font-bold\">Centro sanitario<\/h3>\n\t\t\t\t\t\t\t<p>924 381 000<\/p>\n\t\t\t\t\t\t\t\n\t\t\t\t\t\t<\/div>\n\t\t\t\t\t<\/div>\n\t\t\t\t\n\t\t\t\t\t<div class=\"phone-number-item\">\n\t\t\t\t\t\t<div class=\"phone-number-item__icon\"><i class=\"icon-tourism\"><\/i><\/div>\n\t\t\t\t\t\t<div class=\"phone-number-item__title\">\n\t\t\t\t\t\t\t<h3 class=\"p-font-bold\">Ufficio turistico<\/h3>\n\t\t\t\t\t\t\t<p><\/p>\n\t\t\t\t\t\t\t\n\t\t\t\t\t\t<\/div>\n\t\t\t\t\t<\/div>\n\t\t\t\t\n\t\t\t<\/div>\n\t\t<\/div>\n\n\t\t<div id=\"clientForm\">\n        <section>\n        <img decoding=\"async\" src=\"https:\/\/cdn.pilgrim.es\/web\/home\/email-contacto.png\" alt=\"contacto\">\n        <div>\n            <p>Ti inviamo la tua pianificazione<\/p>\n            <p>Forniscici i tuoi dati e ricevi la pianificazione del tuo viaggio via email <\/p>\n            <form method=\"post\" data-url=\"\/wp-admin\/admin-ajax.php\" id=\"planner--client\" class=\"flag-right form-client\">\n    <div class=\"form-data\">\n        <input name=\"form_id\" type=\"hidden\" value=\"Formulario Leads\">\n        <input name=\"type\" type=\"hidden\" value=\"planner_client\">\n        <input type=\"text\" name=\"nombre\" value=\"\" size=\"40\" class=\"form-control\" aria-required=\"true\" aria-invalid=\"false\" placeholder=\"Nome\">\n        <input type=\"email\" name=\"email\" value=\"\" size=\"40\" class=\"form-control\" aria-required=\"true\" aria-invalid=\"false\" placeholder=\"Mail\">\n        <input type=\"text\" id=\"phone-input\" name=\"tel\" value=\"\" size=\"40\" class=\"phone-input form-control\" aria-required=\"true\" aria-invalid=\"false\" placeholder=\"Telefono\">\n        <input type=\"hidden\" name=\"telefono\">\n    <\/div>\n    <div class=\"form-checkbox\">\n        <span>\n            Pilgrim Travel. S.L. informa, come previsto dal Regolamento 2016\/679, che i dati utilizzati in questo modulo verranno utilizzati sia per la risposta delle eventuali consultazioni sia per la pub-blicazione dei commenti, essendo il consenso dell'utente la base di legittimazione. Potranno esse-re esercitati i diritti in conformit\u00e0 con quanto stabilito dalla nostra             <a href=\"https:\/\/www.pilgrim.es\/it\/informativa-sulla-privacy\/\" target=\"_blank\" rel=\"noopener noreferrer nofollow\">Politica di privacy.<\/a>\n        <\/span>\n    <\/div>\n\n    <div class=\"form-submit\">\n        <button id=\"planner--client-create\" type=\"submit\">Formulario di contatto<\/button>\n        <div class=\"loadingDiv\"><i class=\"p-spinner\"><\/i><\/div>\n    <\/div>\n\n    <div class=\"contact-content-form-success\">\n        <p><i class=\"fas fa-check\"><\/i> Il modulo \u00e8 stato inviato correttamente<\/p>\n    <\/div>\n\n    <div class=\"contact-content-form-error\">\n        <span class=\"input-error\"><\/span>\n    <\/div>\n<\/form>        <\/div>\n    <\/section>\n<\/div>\n\n\t\t<div id=\"recomendationSection\">\n\t\t\t<div>\n\t\t\t\t<h2 class=\"p-h2-town\">Consigliato<\/h2>\n\t\t\t\t<hr>\n\t\t\t\t<h3 class=\"p-h3-town\">Gastronomia<\/h3>\n\t\t\t<\/div>\n\t\t\tLa gastronomia emeritense \u00e8 caratterizzata da piatti semplici e prevalentemente freddi, con gazpachos (zuppe fredde), ajo blanco (aglio bianco) e insalate ben assortite che valorizzano tutti i prodotti della terra. I piatti caldi comprendono brodi, creme di verdure, legumi stufati, patate rebuj\u00f3n, ratatouille di verdure e uova strapazzate agli asparagi.\n\nLe carni che spiccano sono generalmente quelle di selvaggina come il coniglio e l&#8217;agnello in umido, anche se non possiamo dimenticare l&#8217;importanza del maiale e dei suoi derivati come il prosciutto, la lonza, i chorizos, i salchichones, ecc.\n\nI pesci pi\u00f9 tipici della zona sono la trota, la tinca e la carpa, sempre accompagnati da verdure. Non dimenticate di accompagnare il pasto con un buon vino della Ribera del Guadiana.\n\t\t<\/div>\n\n\n\t\t\n\t\t\t<div id=\"holidaysSection\">\n\t\t\t\t<div>\n\t\t\t\t\t<h2 class=\"p-h2-town\">Consigliato<\/h2>\n\t\t\t\t\t<hr>\n\t\t\t\t\t<h3 class=\"p-h3-town\">Festival e pellegrinaggi<\/h3>\n\t\t\t\t<\/div>\n\t\t\t\t<div class=\"grid holidays-grid\">\n\t\t\t\t\t\n\t\t\t\t\t\t<div>\n\t\t\t\t\t\t\t<div class=\"phone-number-item\">\n\t\t\t\t\t\t\t\t<div class=\"phone-number-item__icon\"><i class=\"icon-holiday\"><\/i><\/div>\n\t\t\t\t\t\t\t\t<div class=\"phone-number-item__title dark-text\">\n\t\t\t\t\t\t\t\t\t<p class=\"p-font-bold\">Vacanza locale<\/p>\n\t\t\t\t\t\t\t\t\t<p>Julio y agosto: Fiesta del teatro cl\u00e1sico<\/p>\n\t\t\t\t\t\t\t\t<\/div>\n\t\t\t\t\t\t\t<\/div>\n\t\t\t\t\t\t<\/div>\n\t\t\t\t\t\n\t\t\t\t\t\t<div>\n\t\t\t\t\t\t\t<div class=\"phone-number-item\">\n\t\t\t\t\t\t\t\t<div class=\"phone-number-item__icon\"><i class=\"icon-holiday\"><\/i><\/div>\n\t\t\t\t\t\t\t\t<div class=\"phone-number-item__title dark-text\">\n\t\t\t\t\t\t\t\t\t<p class=\"p-font-bold\">Vacanza locale<\/p>\n\t\t\t\t\t\t\t\t\t<p>Febrero y marzo: Los carnavales romanos<\/p>\n\t\t\t\t\t\t\t\t<\/div>\n\t\t\t\t\t\t\t<\/div>\n\t\t\t\t\t\t<\/div>\n\t\t\t\t\t\n\t\t\t\t\t\t<div>\n\t\t\t\t\t\t\t<div class=\"phone-number-item\">\n\t\t\t\t\t\t\t\t<div class=\"phone-number-item__icon\"><i class=\"icon-holiday\"><\/i><\/div>\n\t\t\t\t\t\t\t\t<div class=\"phone-number-item__title dark-text\">\n\t\t\t\t\t\t\t\t\t<p class=\"p-font-bold\">Vacanza locale<\/p>\n\t\t\t\t\t\t\t\t\t<p>A principios de septiembre: Feria grande de M\u00e9rida<\/p>\n\t\t\t\t\t\t\t\t<\/div>\n\t\t\t\t\t\t\t<\/div>\n\t\t\t\t\t\t<\/div>\n\t\t\t\t\t\n\t\t\t\t\t\t<div>\n\t\t\t\t\t\t\t<div class=\"phone-number-item\">\n\t\t\t\t\t\t\t\t<div class=\"phone-number-item__icon\"><i class=\"icon-holiday\"><\/i><\/div>\n\t\t\t\t\t\t\t\t<div class=\"phone-number-item__title dark-text\">\n\t\t\t\t\t\t\t\t\t<p class=\"p-font-bold\">Vacanza locale<\/p>\n\t\t\t\t\t\t\t\t\t<p>Semana Santa: Fiesta de Inter\u00e9s Tur\u00edstico Nacional<\/p>\n\t\t\t\t\t\t\t\t<\/div>\n\t\t\t\t\t\t\t<\/div>\n\t\t\t\t\t\t<\/div>\n\t\t\t\t\t\n\t\t\t\t\t\t<div>\n\t\t\t\t\t\t\t<div class=\"phone-number-item\">\n\t\t\t\t\t\t\t\t<div class=\"phone-number-item__icon\"><i class=\"icon-holiday\"><\/i><\/div>\n\t\t\t\t\t\t\t\t<div class=\"phone-number-item__title dark-text\">\n\t\t\t\t\t\t\t\t\t<p class=\"p-font-bold\">Vacanza locale<\/p>\n\t\t\t\t\t\t\t\t\t<p>Entre abril y mayo: Festival grecolatino juvenil<\/p>\n\t\t\t\t\t\t\t\t<\/div>\n\t\t\t\t\t\t\t<\/div>\n\t\t\t\t\t\t<\/div>\n\t\t\t\t\t\n\t\t\t\t\t\t<div>\n\t\t\t\t\t\t\t<div class=\"phone-number-item\">\n\t\t\t\t\t\t\t\t<div class=\"phone-number-item__icon\"><i class=\"icon-holiday\"><\/i><\/div>\n\t\t\t\t\t\t\t\t<div class=\"phone-number-item__title dark-text\">\n\t\t\t\t\t\t\t\t\t<p class=\"p-font-bold\">Vacanza locale<\/p>\n\t\t\t\t\t\t\t\t\t<p>A finales de noviembre: Festival de cine in\u00e9dito<\/p>\n\t\t\t\t\t\t\t\t<\/div>\n\t\t\t\t\t\t\t<\/div>\n\t\t\t\t\t\t<\/div>\n\t\t\t\t\t\n\t\t\t\t\t\t<div>\n\t\t\t\t\t\t\t<div class=\"phone-number-item\">\n\t\t\t\t\t\t\t\t<div class=\"phone-number-item__icon\"><i class=\"icon-holiday\"><\/i><\/div>\n\t\t\t\t\t\t\t\t<div class=\"phone-number-item__title dark-text\">\n\t\t\t\t\t\t\t\t\t<p class=\"p-font-bold\">Vacanza locale<\/p>\n\t\t\t\t\t\t\t\t\t<p>Del 9 al 12 de octubre: Feria chica de los gitanos<\/p>\n\t\t\t\t\t\t\t\t<\/div>\n\t\t\t\t\t\t\t<\/div>\n\t\t\t\t\t\t<\/div>\n\t\t\t\t\t\n\t\t\t\t\t\t<div>\n\t\t\t\t\t\t\t<div class=\"phone-number-item\">\n\t\t\t\t\t\t\t\t<div class=\"phone-number-item__icon\"><i class=\"icon-holiday\"><\/i><\/div>\n\t\t\t\t\t\t\t\t<div class=\"phone-number-item__title dark-text\">\n\t\t\t\t\t\t\t\t\t<p class=\"p-font-bold\">Vacanza locale<\/p>\n\t\t\t\t\t\t\t\t\t<p>10 de diciembre: M\u00e1rtir Santa Eulalia de M\u00e9rida<\/p>\n\t\t\t\t\t\t\t\t<\/div>\n\t\t\t\t\t\t\t<\/div>\n\t\t\t\t\t\t<\/div>\n\t\t\t\t\t\n\t\t\t\t<\/div>\n\t\t\t<\/div>\n\t\t\n\t<\/div>\n<\/section>\n\n<div id=\"stage_list_section\"><div class=\"stage-list\">\n    <div class='stage-list__map-card'>\n        <div class='stage-list__map-card__map'>\n            <div class='stage-list__map-card__map__text'>\n                <h2> Pages <\/h2>\n                <p> A piedi<\/p>\n                <p> 0tappe<\/p>\n            <\/div>\n            <div class='stage-list__map-card__map__img'>\n                <img decoding=\"async\" src=\"\" alt=\" mapa \" \/>\n            <\/div>\n        <\/div>\n    <\/div>\n\n    <\/div>\n<\/div> ","protected":false},"excerpt":{"rendered":"<p>M\u00e9rida &#8249; Ritorno al palcoscenico M\u00e9rida Abitanti: 58.985 aprox. Provincia: Badajoz Informazioni Get to know M\u00e9rida La citt\u00e0 di M\u00e9rida fu fondata dai Romani e divenne la citt\u00e0 pi\u00f9 importante dell&#8217;Hispania e anche la capitale del Regno Visigoto. Fu anche la citt\u00e0 di insediamento dei musulmani. Con tanta storia nelle sue strade, non sorprende che &hellip; <\/p>\n<p class=\"read_more\"><a href=\"https:\/\/www.pilgrim.es\/it\/via-plata\/merida\/\">Leer m\u00e1s<\/a><\/p>\n","protected":false},"author":0,"featured_media":6340,"parent":10683,"menu_order":0,"comment_status":"closed","ping_status":"closed","template":"views\/template-new-web-design.blade.php","meta":{"footnotes":""},"categories":[],"tags":[],"class_list":["post-91513","page","type-page","status-publish","has-post-thumbnail","hentry"],"yoast_head":"<!-- This site is optimized with the Yoast SEO plugin v27.4 - https:\/\/yoast.com\/product\/yoast-seo-wordpress\/ -->\n<title>M\u00e9rida: Cosa vedere e dove dormire | Cammino di Santiago | Pilgrim<\/title>\n<meta name=\"description\" content=\"M\u00e9rida Scopri tutte le informazioni su dove alloggiare, come arrivare, cosa mangiare e sui principali punti di interesse delle localit\u00e0 lungo il Via della Plata.\" \/>\n<meta name=\"robots\" content=\"index, follow, max-snippet:-1, max-image-preview:large, max-video-preview:-1\" \/>\n<link rel=\"canonical\" href=\"https:\/\/www.pilgrim.es\/it\/via-plata\/merida\/\" \/>\n<meta property=\"og:locale\" content=\"it_IT\" \/>\n<meta property=\"og:type\" content=\"article\" \/>\n<meta property=\"og:title\" content=\"M\u00e9rida: Cosa vedere e dove dormire | Cammino di Santiago | Pilgrim\" \/>\n<meta property=\"og:description\" content=\"M\u00e9rida Scopri tutte le informazioni su dove alloggiare, come arrivare, cosa mangiare e sui principali punti di interesse delle localit\u00e0 lungo il Via della Plata.\" \/>\n<meta property=\"og:url\" content=\"https:\/\/www.pilgrim.es\/it\/via-plata\/merida\/\" \/>\n<meta property=\"og:site_name\" content=\"Pilgrim\" \/>\n<meta property=\"article:publisher\" content=\"https:\/\/www.facebook.com\/pilgrim.es\/\" \/>\n<meta property=\"og:image\" content=\"https:\/\/www.pilgrim.es\/wp-content\/uploads\/2019\/02\/merida.jpg\" \/>\n\t<meta property=\"og:image:width\" content=\"520\" \/>\n\t<meta property=\"og:image:height\" content=\"370\" \/>\n\t<meta property=\"og:image:type\" content=\"image\/jpeg\" \/>\n<meta name=\"twitter:card\" content=\"summary_large_image\" \/>\n<meta name=\"twitter:site\" content=\"@pilgrim_es\" \/>\n<meta name=\"twitter:label1\" content=\"Tempo di lettura stimato\" \/>\n\t<meta name=\"twitter:data1\" content=\"14 minuti\" \/>\n<script type=\"application\/ld+json\" class=\"yoast-schema-graph\">{\"@context\":\"https:\\\/\\\/schema.org\",\"@graph\":[{\"@type\":\"WebPage\",\"@id\":\"https:\\\/\\\/www.pilgrim.es\\\/it\\\/via-plata\\\/merida\\\/\",\"url\":\"https:\\\/\\\/www.pilgrim.es\\\/it\\\/via-plata\\\/merida\\\/\",\"name\":\"M\u00e9rida: Cosa vedere e dove dormire | Cammino di Santiago | Pilgrim\",\"isPartOf\":{\"@id\":\"https:\\\/\\\/www.pilgrim.es\\\/it\\\/#website\"},\"primaryImageOfPage\":{\"@id\":\"https:\\\/\\\/www.pilgrim.es\\\/it\\\/via-plata\\\/merida\\\/#primaryimage\"},\"image\":{\"@id\":\"https:\\\/\\\/www.pilgrim.es\\\/it\\\/via-plata\\\/merida\\\/#primaryimage\"},\"thumbnailUrl\":\"https:\\\/\\\/www.pilgrim.es\\\/wp-content\\\/uploads\\\/2019\\\/02\\\/merida.jpg\",\"datePublished\":\"2025-03-17T16:04:27+00:00\",\"description\":\"M\u00e9rida Scopri tutte le informazioni su dove alloggiare, come arrivare, cosa mangiare e sui principali punti di interesse delle localit\u00e0 lungo il Via della Plata.\",\"breadcrumb\":{\"@id\":\"https:\\\/\\\/www.pilgrim.es\\\/it\\\/via-plata\\\/merida\\\/#breadcrumb\"},\"inLanguage\":\"it-IT\",\"potentialAction\":[{\"@type\":\"ReadAction\",\"target\":[\"https:\\\/\\\/www.pilgrim.es\\\/it\\\/via-plata\\\/merida\\\/\"]}]},{\"@type\":\"ImageObject\",\"inLanguage\":\"it-IT\",\"@id\":\"https:\\\/\\\/www.pilgrim.es\\\/it\\\/via-plata\\\/merida\\\/#primaryimage\",\"url\":\"https:\\\/\\\/www.pilgrim.es\\\/wp-content\\\/uploads\\\/2019\\\/02\\\/merida.jpg\",\"contentUrl\":\"https:\\\/\\\/www.pilgrim.es\\\/wp-content\\\/uploads\\\/2019\\\/02\\\/merida.jpg\",\"width\":520,\"height\":370,\"caption\":\"M\u00e9rida\"},{\"@type\":\"BreadcrumbList\",\"@id\":\"https:\\\/\\\/www.pilgrim.es\\\/it\\\/via-plata\\\/merida\\\/#breadcrumb\",\"itemListElement\":[{\"@type\":\"ListItem\",\"position\":1,\"name\":\"Camino de Santiago\",\"item\":\"https:\\\/\\\/www.pilgrim.es\\\/it\\\/\"},{\"@type\":\"ListItem\",\"position\":2,\"name\":\"V\u00eda de la Plata\",\"item\":\"https:\\\/\\\/www.pilgrim.es\\\/it\\\/via-plata\\\/\"},{\"@type\":\"ListItem\",\"position\":3,\"name\":\"M\u00e9rida\"}]},{\"@type\":\"WebSite\",\"@id\":\"https:\\\/\\\/www.pilgrim.es\\\/it\\\/#website\",\"url\":\"https:\\\/\\\/www.pilgrim.es\\\/it\\\/\",\"name\":\"Pilgrim\",\"description\":\"Camino de Santiago | Caminamos Contigo\",\"publisher\":{\"@id\":\"https:\\\/\\\/www.pilgrim.es\\\/it\\\/#organization\"},\"potentialAction\":[{\"@type\":\"SearchAction\",\"target\":{\"@type\":\"EntryPoint\",\"urlTemplate\":\"https:\\\/\\\/www.pilgrim.es\\\/it\\\/?s={search_term_string}\"},\"query-input\":{\"@type\":\"PropertyValueSpecification\",\"valueRequired\":true,\"valueName\":\"search_term_string\"}}],\"inLanguage\":\"it-IT\"},{\"@type\":\"Organization\",\"@id\":\"https:\\\/\\\/www.pilgrim.es\\\/it\\\/#organization\",\"name\":\"Pilgrim Camino de Santiago\",\"url\":\"https:\\\/\\\/www.pilgrim.es\\\/it\\\/\",\"logo\":{\"@type\":\"ImageObject\",\"inLanguage\":\"it-IT\",\"@id\":\"https:\\\/\\\/www.pilgrim.es\\\/it\\\/#\\\/schema\\\/logo\\\/image\\\/\",\"url\":\"https:\\\/\\\/www.pilgrim.es\\\/wp-content\\\/uploads\\\/2019\\\/04\\\/logo_pilgrim.png\",\"contentUrl\":\"https:\\\/\\\/www.pilgrim.es\\\/wp-content\\\/uploads\\\/2019\\\/04\\\/logo_pilgrim.png\",\"width\":512,\"height\":512,\"caption\":\"Pilgrim Camino de Santiago\"},\"image\":{\"@id\":\"https:\\\/\\\/www.pilgrim.es\\\/it\\\/#\\\/schema\\\/logo\\\/image\\\/\"},\"sameAs\":[\"https:\\\/\\\/www.facebook.com\\\/pilgrim.es\\\/\",\"https:\\\/\\\/x.com\\\/pilgrim_es\",\"https:\\\/\\\/www.instagram.com\\\/pilgrim.es\\\/\",\"https:\\\/\\\/www.linkedin.com\\\/company\\\/pilgrim-camino-de-santiago\\\/\",\"https:\\\/\\\/www.pinterest.es\\\/pilgrimcaminodesantiago\\\/\",\"https:\\\/\\\/www.youtube.com\\\/channel\\\/UCIv2ZzFLXVqthkNF32rKedw\\\/featured\"]}]}<\/script>\n<!-- \/ Yoast SEO plugin. -->","yoast_head_json":{"title":"M\u00e9rida: Cosa vedere e dove dormire | Cammino di Santiago | Pilgrim","description":"M\u00e9rida Scopri tutte le informazioni su dove alloggiare, come arrivare, cosa mangiare e sui principali punti di interesse delle localit\u00e0 lungo il Via della Plata.","robots":{"index":"index","follow":"follow","max-snippet":"max-snippet:-1","max-image-preview":"max-image-preview:large","max-video-preview":"max-video-preview:-1"},"canonical":"https:\/\/www.pilgrim.es\/it\/via-plata\/merida\/","og_locale":"it_IT","og_type":"article","og_title":"M\u00e9rida: Cosa vedere e dove dormire | Cammino di Santiago | Pilgrim","og_description":"M\u00e9rida Scopri tutte le informazioni su dove alloggiare, come arrivare, cosa mangiare e sui principali punti di interesse delle localit\u00e0 lungo il Via della Plata.","og_url":"https:\/\/www.pilgrim.es\/it\/via-plata\/merida\/","og_site_name":"Pilgrim","article_publisher":"https:\/\/www.facebook.com\/pilgrim.es\/","og_image":[{"width":520,"height":370,"url":"https:\/\/www.pilgrim.es\/wp-content\/uploads\/2019\/02\/merida.jpg","type":"image\/jpeg"}],"twitter_card":"summary_large_image","twitter_site":"@pilgrim_es","twitter_misc":{"Tempo di lettura stimato":"14 minuti"},"schema":{"@context":"https:\/\/schema.org","@graph":[{"@type":"WebPage","@id":"https:\/\/www.pilgrim.es\/it\/via-plata\/merida\/","url":"https:\/\/www.pilgrim.es\/it\/via-plata\/merida\/","name":"M\u00e9rida: Cosa vedere e dove dormire | Cammino di Santiago | Pilgrim","isPartOf":{"@id":"https:\/\/www.pilgrim.es\/it\/#website"},"primaryImageOfPage":{"@id":"https:\/\/www.pilgrim.es\/it\/via-plata\/merida\/#primaryimage"},"image":{"@id":"https:\/\/www.pilgrim.es\/it\/via-plata\/merida\/#primaryimage"},"thumbnailUrl":"https:\/\/www.pilgrim.es\/wp-content\/uploads\/2019\/02\/merida.jpg","datePublished":"2025-03-17T16:04:27+00:00","description":"M\u00e9rida Scopri tutte le informazioni su dove alloggiare, come arrivare, cosa mangiare e sui principali punti di interesse delle localit\u00e0 lungo il Via della Plata.","breadcrumb":{"@id":"https:\/\/www.pilgrim.es\/it\/via-plata\/merida\/#breadcrumb"},"inLanguage":"it-IT","potentialAction":[{"@type":"ReadAction","target":["https:\/\/www.pilgrim.es\/it\/via-plata\/merida\/"]}]},{"@type":"ImageObject","inLanguage":"it-IT","@id":"https:\/\/www.pilgrim.es\/it\/via-plata\/merida\/#primaryimage","url":"https:\/\/www.pilgrim.es\/wp-content\/uploads\/2019\/02\/merida.jpg","contentUrl":"https:\/\/www.pilgrim.es\/wp-content\/uploads\/2019\/02\/merida.jpg","width":520,"height":370,"caption":"M\u00e9rida"},{"@type":"BreadcrumbList","@id":"https:\/\/www.pilgrim.es\/it\/via-plata\/merida\/#breadcrumb","itemListElement":[{"@type":"ListItem","position":1,"name":"Camino de Santiago","item":"https:\/\/www.pilgrim.es\/it\/"},{"@type":"ListItem","position":2,"name":"V\u00eda de la Plata","item":"https:\/\/www.pilgrim.es\/it\/via-plata\/"},{"@type":"ListItem","position":3,"name":"M\u00e9rida"}]},{"@type":"WebSite","@id":"https:\/\/www.pilgrim.es\/it\/#website","url":"https:\/\/www.pilgrim.es\/it\/","name":"Pilgrim","description":"Camino de Santiago | Caminamos Contigo","publisher":{"@id":"https:\/\/www.pilgrim.es\/it\/#organization"},"potentialAction":[{"@type":"SearchAction","target":{"@type":"EntryPoint","urlTemplate":"https:\/\/www.pilgrim.es\/it\/?s={search_term_string}"},"query-input":{"@type":"PropertyValueSpecification","valueRequired":true,"valueName":"search_term_string"}}],"inLanguage":"it-IT"},{"@type":"Organization","@id":"https:\/\/www.pilgrim.es\/it\/#organization","name":"Pilgrim Camino de Santiago","url":"https:\/\/www.pilgrim.es\/it\/","logo":{"@type":"ImageObject","inLanguage":"it-IT","@id":"https:\/\/www.pilgrim.es\/it\/#\/schema\/logo\/image\/","url":"https:\/\/www.pilgrim.es\/wp-content\/uploads\/2019\/04\/logo_pilgrim.png","contentUrl":"https:\/\/www.pilgrim.es\/wp-content\/uploads\/2019\/04\/logo_pilgrim.png","width":512,"height":512,"caption":"Pilgrim Camino de Santiago"},"image":{"@id":"https:\/\/www.pilgrim.es\/it\/#\/schema\/logo\/image\/"},"sameAs":["https:\/\/www.facebook.com\/pilgrim.es\/","https:\/\/x.com\/pilgrim_es","https:\/\/www.instagram.com\/pilgrim.es\/","https:\/\/www.linkedin.com\/company\/pilgrim-camino-de-santiago\/","https:\/\/www.pinterest.es\/pilgrimcaminodesantiago\/","https:\/\/www.youtube.com\/channel\/UCIv2ZzFLXVqthkNF32rKedw\/featured"]}]}},"_links":{"self":[{"href":"https:\/\/www.pilgrim.es\/it\/wp-json\/wp\/v2\/pages\/91513","targetHints":{"allow":["GET"]}}],"collection":[{"href":"https:\/\/www.pilgrim.es\/it\/wp-json\/wp\/v2\/pages"}],"about":[{"href":"https:\/\/www.pilgrim.es\/it\/wp-json\/wp\/v2\/types\/page"}],"replies":[{"embeddable":true,"href":"https:\/\/www.pilgrim.es\/it\/wp-json\/wp\/v2\/comments?post=91513"}],"version-history":[{"count":0,"href":"https:\/\/www.pilgrim.es\/it\/wp-json\/wp\/v2\/pages\/91513\/revisions"}],"up":[{"embeddable":true,"href":"https:\/\/www.pilgrim.es\/it\/wp-json\/wp\/v2\/pages\/10683"}],"wp:featuredmedia":[{"embeddable":true,"href":"https:\/\/www.pilgrim.es\/it\/wp-json\/wp\/v2\/media\/6340"}],"wp:attachment":[{"href":"https:\/\/www.pilgrim.es\/it\/wp-json\/wp\/v2\/media?parent=91513"}],"wp:term":[{"taxonomy":"category","embeddable":true,"href":"https:\/\/www.pilgrim.es\/it\/wp-json\/wp\/v2\/categories?post=91513"},{"taxonomy":"post_tag","embeddable":true,"href":"https:\/\/www.pilgrim.es\/it\/wp-json\/wp\/v2\/tags?post=91513"}],"curies":[{"name":"wp","href":"https:\/\/api.w.org\/{rel}","templated":true}]}}