{"id":91481,"date":"2025-03-17T15:39:53","date_gmt":"2025-03-17T15:39:53","guid":{"rendered":"https:\/\/www.pilgrim.es\/via-plata\/sevilla\/"},"modified":"2025-03-17T15:39:53","modified_gmt":"2025-03-17T15:39:53","slug":"sevilla","status":"publish","type":"page","link":"https:\/\/www.pilgrim.es\/it\/via-plata\/sevilla\/","title":{"rendered":"Sevilla"},"content":{"rendered":" <section id=\"hero\">\n\t<h1>Sevilla<\/h1>\n\t<div class=\"hero-grid\">\n\t\t<div class=\"hero-grid__town-col\" data-background=\"https:\/\/cdn.pilgrim.es\/web\/caminos\/via-de-la-plata\/pueblos\/sevilla.jpg\">\n\t\t\t<div>\n\t\t\t\t<a class=\"link-to-stage\" href=\"https:\/\/www.pilgrim.es\/via-plata\/etapa-1-sevilla-guillena\/\">\n\t\t\t\t\t<p>&#8249; Ritorno al palcoscenico<\/p>\n\t\t\t\t<\/a>\n\n\t\t\t\t<div class=\"town-data\">\n\t\t\t\t\t<h2>Sevilla<\/h2>\n\t\t\t\t\t<ul>\n\t\t\t\t\t\t<li>Abitanti: 693.878 aprox.<\/li>\n\t\t\t\t\t\t<li>Provincia: Sevilla<\/li>\n\t\t\t\t\t<\/ul>\n\t\t\t\t<\/div>\n\t\t\t<\/div>\n\t\t<\/div>\n\t\t<div class=\"hero-grid__planner-col\"><div\r\n  class=\"p-col-span-1 p-rounded-lg p-px-5 p-h-full\"\r\n  style=\"background-image: url('https:\/\/cdn.pilgrim.es\/web\/pilgrim-planner\/bg-plugin-planificador.webp')\"\r\n  rel=\"preload\"\r\n  fetchpriority=\"high\"\r\n  >\r\n    <div class=\"p-text-center p-pt-5 p-text-white p-text-2xl p-font-semibold\">\r\n      Pianifica il tuo cammino    <\/div>\r\n    <div\r\n            id='primary-app'\r\n            data-name='banner'\r\n            data-api='https:\/\/pathfinder.pilgrim.es\/api\/pathfinder\/v2'\r\n            data-mode='normal'\r\n            data-lang='it'\r\n            data-route='1'\r\n            data-destiny='https:\/\/planificador.pilgrim.es'\r\n            data-modality='1'\r\n            data-inline=''\r\n        ><\/div><\/div><\/div>\n\t<\/div>\n<\/section>\n\n<section id=\"infoTown\">\n\t<div class=\"sections-town\">\n\n\t\t<div id=\"informationSection\">\n\t\t\t<div>\n\t\t\t\t<h2 class=\"p-h2-town\">Informazioni<\/h2>\n\t\t\t\t<hr>\n\t\t\t\t<h3 class=\"p-h3-town\">Get to know Sevilla<\/h3>\n\t\t\t<\/div>\n\t\t\t<p>La citt\u00e0 di Siviglia ha il centro storico pi\u00f9 grande della Spagna ed \u00e8 uno dei tre pi\u00f9 grandi d&#8217;Europa.<\/p> <p>Vale anche la pena di notare che questa citt\u00e0 ha l&#8217;unico porto marittimo interno, questo perch\u00e9 il fiume Guadalquivir \u00e8 completamente navigabile per gli 80 km che lo separano dall&#8217;Oceano Atlantico.<\/p> <p>Sevilla \u00e8 la terza citt\u00e0 pi\u00f9 visitata della Spagna.<\/p> <p>\n\t\t<\/div>\n\n\t\t<div id=\"locationSection\">\n\t\t\t<div>\n\t\t\t\t<h2 class=\"p-h2-town\">Posizione<\/h2>\n\t\t\t\t<hr>\n\t\t\t\t<h3 class=\"p-h3-town\">Come arrivare<\/h3>\n\t\t\t<\/div>\n\t\t\t<p>Il modo pi\u00f9 semplice per arrivare a Siviglia \u00e8 per strada, \u00e8 una citt\u00e0 molto ben collegata alle principali citt\u00e0 grazie alle seguenti strade: la E-5 e la AP-4, l&#8217;autostrada del sud che collega Dos Hermanas e Puerto Real, la A-4, che collega Madrid con Dos Hermanas, la A-66 o la E-803 che collegano Gij\u00f3n con Siviglia, la A-1 e la A-49 che collegano Siviglia con il confine con il Portogallo e la A-92 che collega Almer\u00eda con Siviglia.<\/p> &lt;p\n\n<p>\u00c8 possibile raggiungere la citt\u00e0 anche con i mezzi pubblici, in quanto dispone di tutte le opzioni possibili. Sia per il treno o l&#8217;AVE che per gli autobus, ci sono linee giornaliere che collegano la maggior parte delle citt\u00e0 e dei paesi spagnoli.\n\n<p> Anche l&#8217;aeroporto \u00e8 ben servito da voli nazionali e internazionali. Si trova a circa 10 km a nord della citt\u00e0, ma ci sono autobus che permettono di raggiungere il centro citt\u00e0 in modo facile e veloce.\n\t\t\t<div>\n\t\t\t\t<div>\n  <iframe loading=\"lazy\"\n    src=\"https:\/\/www.google.com\/maps\/d\/embed?mid=1IYY1Gwf7WIX_9HmzUwvj2v5b7ehd5bc&amp;ehbc=2E312F\"\n    width=\"640\"\n    height=\"480\"\n    alt=\"Mapa Sevilla\"\n  ><\/iframe>\n<\/div>\n\n\t\t\t<\/div>\n\t\t<\/div>\n\n\t\t\n\t\t\t<div id=\"toVisitSection\">\n\t\t\t\t<div>\n\t\t\t\t\t<h2 class=\"p-h2-town\">Storia \/ Cultura<\/h2>\n\t\t\t\t\t<hr>\n\t\t\t\t\t<h3 class=\"p-h3-town\">Cosa vedere<\/h3>\n\t\t\t\t<\/div>\n\t\t\t\t<div>\n\t\t\t\t\t<div class=\"accordion\">\n\t\t\t\t\t\t<div class=\"accordion__menu\">\n\t\t\t\t\t\t\t<nav>\n\t\t\t\t\t\t\t\t\n\t\t\t\t\t\t\t\t\t<button class=\"nav-tab-accordion active\"><span>&#10093;<\/span><span> Barrio de Santa Cruz<\/span><\/button>\n\t\t\t\t\t\t\t\t\n\t\t\t\t\t\t\t\t\t<button class=\"nav-tab-accordion \"><span>&#10093;<\/span><span> Capilla de los Marineros (Hermandad Esperanza Triana)<\/span><\/button>\n\t\t\t\t\t\t\t\t\n\t\t\t\t\t\t\t\t\t<button class=\"nav-tab-accordion \"><span>&#10093;<\/span><span> Capilla de San Jos\u00e9<\/span><\/button>\n\t\t\t\t\t\t\t\t\n\t\t\t\t\t\t\t\t\t<button class=\"nav-tab-accordion \"><span>&#10093;<\/span><span> Casa de los Pilatos<\/span><\/button>\n\t\t\t\t\t\t\t\t\n\t\t\t\t\t\t\t\t\t<button class=\"nav-tab-accordion \"><span>&#10093;<\/span><span> Casa de las Salinas<\/span><\/button>\n\t\t\t\t\t\t\t\t\n\t\t\t\t\t\t\t\t\t<button class=\"nav-tab-accordion \"><span>&#10093;<\/span><span> Catedral de Santa Mar\u00eda<\/span><\/button>\n\t\t\t\t\t\t\t\t\n\t\t\t\t\t\t\t\t\t<button class=\"nav-tab-accordion \"><span>&#10093;<\/span><span> Edificio del Archivo de Indias<\/span><\/button>\n\t\t\t\t\t\t\t\t\n\t\t\t\t\t\t\t\t\t<button class=\"nav-tab-accordion \"><span>&#10093;<\/span><span> Hospital de la Caridad<\/span><\/button>\n\t\t\t\t\t\t\t\t\n\t\t\t\t\t\t\t\t\t<button class=\"nav-tab-accordion \"><span>&#10093;<\/span><span> Hospital de las Cinco Llagas<\/span><\/button>\n\t\t\t\t\t\t\t\t\n\t\t\t\t\t\t\t\t\t<button class=\"nav-tab-accordion \"><span>&#10093;<\/span><span> Iglesia de la Magdalena<\/span><\/button>\n\t\t\t\t\t\t\t\t\n\t\t\t\t\t\t\t\t\t<button class=\"nav-tab-accordion \"><span>&#10093;<\/span><span> Iglesia del Divino Salvador<\/span><\/button>\n\t\t\t\t\t\t\t\t\n\t\t\t\t\t\t\t\t\t<button class=\"nav-tab-accordion \"><span>&#10093;<\/span><span> Las Setas o Metropol Parasol<\/span><\/button>\n\t\t\t\t\t\t\t\t\n\t\t\t\t\t\t\t\t\t<button class=\"nav-tab-accordion \"><span>&#10093;<\/span><span> La Giralda<\/span><\/button>\n\t\t\t\t\t\t\t\t\n\t\t\t\t\t\t\t\t\t<button class=\"nav-tab-accordion \"><span>&#10093;<\/span><span> Mercado Triana<\/span><\/button>\n\t\t\t\t\t\t\t\t\n\t\t\t\t\t\t\t\t\t<button class=\"nav-tab-accordion \"><span>&#10093;<\/span><span> Plaza de Toros la Maestranza<\/span><\/button>\n\t\t\t\t\t\t\t\t\n\t\t\t\t\t\t\t\t\t<button class=\"nav-tab-accordion \"><span>&#10093;<\/span><span> Museo de Bellas Artes<\/span><\/button>\n\t\t\t\t\t\t\t\t\n\t\t\t\t\t\t\t\t\t<button class=\"nav-tab-accordion \"><span>&#10093;<\/span><span> Museo del Baile Flamenco<\/span><\/button>\n\t\t\t\t\t\t\t\t\n\t\t\t\t\t\t\t\t\t<button class=\"nav-tab-accordion \"><span>&#10093;<\/span><span> Museo &#8211; Palacio de la Condesa de Lebrija<\/span><\/button>\n\t\t\t\t\t\t\t\t\n\t\t\t\t\t\t\t\t\t<button class=\"nav-tab-accordion \"><span>&#10093;<\/span><span> Palacio de San Telmo<\/span><\/button>\n\t\t\t\t\t\t\t\t\n\t\t\t\t\t\t\t\t\t<button class=\"nav-tab-accordion \"><span>&#10093;<\/span><span> Patio de Banderas<\/span><\/button>\n\t\t\t\t\t\t\t\t\n\t\t\t\t\t\t\t\t\t<button class=\"nav-tab-accordion \"><span>&#10093;<\/span><span> Plaza de Am\u00e9rica<\/span><\/button>\n\t\t\t\t\t\t\t\t\n\t\t\t\t\t\t\t\t\t<button class=\"nav-tab-accordion \"><span>&#10093;<\/span><span> Plaza de Espa\u00f1a<\/span><\/button>\n\t\t\t\t\t\t\t\t\n\t\t\t\t\t\t\t\t\t<button class=\"nav-tab-accordion \"><span>&#10093;<\/span><span> Plaza Nueva<\/span><\/button>\n\t\t\t\t\t\t\t\t\n\t\t\t\t\t\t\t\t\t<button class=\"nav-tab-accordion \"><span>&#10093;<\/span><span> Plaza San Francisco<\/span><\/button>\n\t\t\t\t\t\t\t\t\n\t\t\t\t\t\t\t\t\t<button class=\"nav-tab-accordion \"><span>&#10093;<\/span><span> Puente Isabel II<\/span><\/button>\n\t\t\t\t\t\t\t\t\n\t\t\t\t\t\t\t\t\t<button class=\"nav-tab-accordion \"><span>&#10093;<\/span><span> Real Alc\u00e1zar<\/span><\/button>\n\t\t\t\t\t\t\t\t\n\t\t\t\t\t\t\t\t\t<button class=\"nav-tab-accordion \"><span>&#10093;<\/span><span> Real F\u00e1brica de Tabaco<\/span><\/button>\n\t\t\t\t\t\t\t\t\n\t\t\t\t\t\t\t\t\t<button class=\"nav-tab-accordion \"><span>&#10093;<\/span><span> Torre de los Perdigones<\/span><\/button>\n\t\t\t\t\t\t\t\t\n\t\t\t\t\t\t\t\t\t<button class=\"nav-tab-accordion \"><span>&#10093;<\/span><span> Torre del Oro<\/span><\/button>\n\t\t\t\t\t\t\t\t\n\t\t\t\t\t\t\t<\/nav>\n\t\t\t\t\t\t<\/div>\n\n\t\t\t\t\t\t\n\t\t\t\t\t\t\t<div class=\"accordion__accordion-content \">\n\t\t\t\t\t\t\t\t<div>\n\t\t\t\t\t\t\t\t\t<div>\n\t\t\t\t\t\t\t\t\t\t<h4>Barrio de Santa Cruz<\/h4>\n\t\t\t\t\t\t\t\t\t\t<p>Il quartiere di Santa Cruz \u00e8 una delle zone pi\u00f9 folcloristiche e frequentate di Siviglia per diversi motivi. Uno di questi \u00e8 che in questo quartiere i visitatori possono rivivere la tradizione sivigliana grazie alle sue pittoresche e strette strade, alle case aristocratiche che ancora vi sorgono, agli immensi cortili pieni di fiori, al mormorio delle sue fontane e al profumo dei fiori d&#8217;arancio.\n\t\t\t\t\t\t\t\t\t<\/div>\n\t\t\t\t\t\t\t\t\t<img decoding=\"async\" src=\"https:\/\/cdn.pilgrim.es\/web\/caminos\/via-de-la-plata\/pueblos\/sevilla\/puntos-de-interes\/barrio-de-santa-cruz.jpg\" alt=\"Barrio de Santa Cruz\">\n\t\t\t\t\t\t\t\t<\/div>\n\t\t\t\t\t\t\t<\/div>\n\t\t\t\t\t\t\n\t\t\t\t\t\t\t<div class=\"accordion__accordion-content inactive\">\n\t\t\t\t\t\t\t\t<div>\n\t\t\t\t\t\t\t\t\t<div>\n\t\t\t\t\t\t\t\t\t\t<h4>Capilla de los Marineros (Hermandad Esperanza Triana)<\/h4>\n\t\t\t\t\t\t\t\t\t\t<p>Questa cappella, situata in Calle Pureza nel quartiere di Triana, ospita la sede della Hermandad de la Esperanza de Triana. Fu costruita nel 1759 e, dopo l&#8217;invasione francese, fu trasformata in magazzino e divenne anche un tempio anglicano e un teatro.<\/p> <p>La cappella fu costruita nell&#8217;anno 1759.\n\t\t\t\t\t\t\t\t\t<\/div>\n\t\t\t\t\t\t\t\t\t<img decoding=\"async\" src=\"https:\/\/cdn.pilgrim.es\/web\/caminos\/via-de-la-plata\/pueblos\/sevilla\/puntos-de-interes\/capilla-de-los-marineros-hermandad-esperanza-triana.jpg\" alt=\"Capilla de los Marineros (Hermandad Esperanza Triana)\">\n\t\t\t\t\t\t\t\t<\/div>\n\t\t\t\t\t\t\t<\/div>\n\t\t\t\t\t\t\n\t\t\t\t\t\t\t<div class=\"accordion__accordion-content inactive\">\n\t\t\t\t\t\t\t\t<div>\n\t\t\t\t\t\t\t\t\t<div>\n\t\t\t\t\t\t\t\t\t\t<h4>Capilla de San Jos\u00e9<\/h4>\n\t\t\t\t\t\t\t\t\t\t<p>La cappella di San Jos\u00e9 si trova nel centro storico della citt\u00e0 di Siviglia, pi\u00f9 precisamente in Calle Jovellanos, e fu costruita in due fasi tra il 1699 e il 1766. Dichiarata Bene di Interesse Culturale, \u00e8 uno dei templi pi\u00f9 preziosi della citt\u00e0 e il suo aspetto estetico \u00e8 dovuto all&#8217;opera di due maestri, Pedro Romero, il cui lavoro si svolge nel nucleo centrale della navata della chiesa, ed Esteban Walls, che si occup\u00f2 della cappella principale e del portale ai piedi.<\/p> <p>La cappella fu costruita in due fasi, tra il 1699 e il 1766.\n\t\t\t\t\t\t\t\t\t<\/div>\n\t\t\t\t\t\t\t\t\t<img decoding=\"async\" src=\"https:\/\/cdn.pilgrim.es\/web\/caminos\/via-de-la-plata\/pueblos\/sevilla\/puntos-de-interes\/capilla-de-san-jose.jpg\" alt=\"Capilla de San Jos\u00e9\">\n\t\t\t\t\t\t\t\t<\/div>\n\t\t\t\t\t\t\t<\/div>\n\t\t\t\t\t\t\n\t\t\t\t\t\t\t<div class=\"accordion__accordion-content inactive\">\n\t\t\t\t\t\t\t\t<div>\n\t\t\t\t\t\t\t\t\t<div>\n\t\t\t\t\t\t\t\t\t\t<h4>Casa de los Pilatos<\/h4>\n\t\t\t\t\t\t\t\t\t\t<p>\u00c8 un palazzo andaluso, situato in Plaza de Pilatos, nel centro storico di Siviglia, costruito tra il XV e il XVI secolo. \u00c8 considerato il complesso residenziale pi\u00f9 sfarzoso della citt\u00e0.  <\/p>\n\n<p>L&#8217;edificio combina gli stili gotico mud\u00e9jar, rinascimentale e romanico. Fu costruito per ordine di Pedro Enr\u00edquez de Qui\u00f1ones e di sua moglie Catalina de Ribera, entrambi fondatori della Casa di Alcal\u00e1.\n\t\t\t\t\t\t\t\t\t<\/div>\n\t\t\t\t\t\t\t\t\t<img decoding=\"async\" src=\"https:\/\/cdn.pilgrim.es\/web\/caminos\/via-de-la-plata\/pueblos\/sevilla\/puntos-de-interes\/casa-de-los-pilatos.jpg\" alt=\"Casa de los Pilatos\">\n\t\t\t\t\t\t\t\t<\/div>\n\t\t\t\t\t\t\t<\/div>\n\t\t\t\t\t\t\n\t\t\t\t\t\t\t<div class=\"accordion__accordion-content inactive\">\n\t\t\t\t\t\t\t\t<div>\n\t\t\t\t\t\t\t\t\t<div>\n\t\t\t\t\t\t\t\t\t\t<h4>Casa de las Salinas<\/h4>\n\t\t\t\t\t\t\t\t\t\t<p>Questa casa si trova nel centro storico di Siviglia, molto vicino alla Cattedrale, e combina gli stili gotico e mud\u00e9jar. La casa apparteneva originariamente a Baltasar Ja\u00e9n, che ne fu il primo proprietario. Tuttavia, all&#8217;inizio del XX secolo, divenne propriet\u00e0 della casata Salinas, per cui la casa \u00e8 stata sottoposta a un&#8217;importante ristrutturazione per ripristinare il suo aspetto originale. <\/p>\n\t\t\t\t\t\t\t\t\t<\/div>\n\t\t\t\t\t\t\t\t\t<img decoding=\"async\" src=\"https:\/\/cdn.pilgrim.es\/web\/caminos\/via-de-la-plata\/pueblos\/sevilla\/puntos-de-interes\/casa-de-las-salinas.jpg\" alt=\"Casa de las Salinas\">\n\t\t\t\t\t\t\t\t<\/div>\n\t\t\t\t\t\t\t<\/div>\n\t\t\t\t\t\t\n\t\t\t\t\t\t\t<div class=\"accordion__accordion-content inactive\">\n\t\t\t\t\t\t\t\t<div>\n\t\t\t\t\t\t\t\t\t<div>\n\t\t\t\t\t\t\t\t\t\t<h4>Catedral de Santa Mar\u00eda<\/h4>\n\t\t\t\t\t\t\t\t\t\t<p>Per le sue dimensioni, \u00e8 la cattedrale cattolica pi\u00f9 grande del mondo e la terza chiesa cristiana pi\u00f9 grande dopo San Pietro (Roma) e San Paolo (Londra), conosciuta anche come Cattedrale di Santa Mar\u00eda de la Sede, che in origine era l&#8217;edificio dell&#8217;aljama o Grande Moschea dal momento della conquista della citt\u00e0 nel 1248. Per questo motivo, quando divenne una cattedrale cattolica, il suo orientamento dovette essere cambiato da sud a est, con la cappella principale rivolta verso l&#8217;esterno.\n\t\t\t\t\t\t\t\t\t<\/div>\n\t\t\t\t\t\t\t\t\t<img decoding=\"async\" src=\"https:\/\/cdn.pilgrim.es\/web\/caminos\/via-de-la-plata\/pueblos\/sevilla\/puntos-de-interes\/catedral-de-santa-maria.jpg\" alt=\"Catedral de Santa Mar\u00eda\">\n\t\t\t\t\t\t\t\t<\/div>\n\t\t\t\t\t\t\t<\/div>\n\t\t\t\t\t\t\n\t\t\t\t\t\t\t<div class=\"accordion__accordion-content inactive\">\n\t\t\t\t\t\t\t\t<div>\n\t\t\t\t\t\t\t\t\t<div>\n\t\t\t\t\t\t\t\t\t\t<h4>Edificio del Archivo de Indias<\/h4>\n\t\t\t\t\t\t\t\t\t\t<p>L&#8217;edificio che ospita l&#8217;Archivio delle Indie, creato nel 1785 con lo scopo di raccogliere in un unico luogo tutta la documentazione amministrativa relativa alle colonie spagnole e dichiarato Patrimonio dell&#8217;Umanit\u00e0 dall&#8217;UNESCO, ha una pianta quadrangolare e un cortile centrale ed \u00e8 composto, all&#8217;esterno, da mattoni rossi ed elementi in pietra. Alto due piani, ha un cortile centrale molto ampio e costruito in pietra, sui cui pilastri sono costruiti gli archi e la scala principale dell&#8217;edificio, opera di Lucas Cintora.\n\t\t\t\t\t\t\t\t\t<\/div>\n\t\t\t\t\t\t\t\t\t<img decoding=\"async\" src=\"https:\/\/cdn.pilgrim.es\/web\/caminos\/via-de-la-plata\/pueblos\/sevilla\/puntos-de-interes\/edificio-del-archivo-de-indias.jpg\" alt=\"Edificio del Archivo de Indias\">\n\t\t\t\t\t\t\t\t<\/div>\n\t\t\t\t\t\t\t<\/div>\n\t\t\t\t\t\t\n\t\t\t\t\t\t\t<div class=\"accordion__accordion-content inactive\">\n\t\t\t\t\t\t\t\t<div>\n\t\t\t\t\t\t\t\t\t<div>\n\t\t\t\t\t\t\t\t\t\t<h4>Hospital de la Caridad<\/h4>\n\t\t\t\t\t\t\t\t\t\t<p>Questo ospedale ospita la Hermandad de la Caridad (Confraternita della Carit\u00e0), fondata a met\u00e0 del XV secolo e dedicata alla cura dei malati senza tetto e alla sepoltura di annegati e giustiziati. Le tre stanze che si possono vedere nell&#8217;ospedale furono allestite utilizzando i resti delle navate dei Cantieri Reali di Siviglia, costruiti durante il regno di Alfonso X. <\/p> <p>Le tre stanze dell&#8217;ospedale furono costruite utilizzando i resti delle navate dei Cantieri Reali di Siviglia, costruiti durante il regno di Alfonso X.<p>.\n\t\t\t\t\t\t\t\t\t<\/div>\n\t\t\t\t\t\t\t\t\t<img decoding=\"async\" src=\"https:\/\/cdn.pilgrim.es\/web\/caminos\/via-de-la-plata\/pueblos\/sevilla\/puntos-de-interes\/hospital-de-la-caridad.jpg\" alt=\"Hospital de la Caridad\">\n\t\t\t\t\t\t\t\t<\/div>\n\t\t\t\t\t\t\t<\/div>\n\t\t\t\t\t\t\n\t\t\t\t\t\t\t<div class=\"accordion__accordion-content inactive\">\n\t\t\t\t\t\t\t\t<div>\n\t\t\t\t\t\t\t\t\t<div>\n\t\t\t\t\t\t\t\t\t\t<h4>Hospital de las Cinco Llagas<\/h4>\n\t\t\t\t\t\t\t\t\t\t<p>Questo edificio, che ospita la sede del Parlamento dell&#8217;Andalusia, inizi\u00f2 a essere costruito intorno al 1546 su richiesta di Don Fadrique Enr\u00edquez de Ribera, morto nel 1539. L&#8217;Hospital de las Cinco Llagas, noto anche come Hospital de la Sangre, fu progettato da Mart\u00edn de Gainza, che coordin\u00f2 i lavori fino alla sua morte, avvenuta nel 1556.\n\t\t\t\t\t\t\t\t\t<\/div>\n\t\t\t\t\t\t\t\t\t<img decoding=\"async\" src=\"https:\/\/cdn.pilgrim.es\/web\/caminos\/via-de-la-plata\/pueblos\/sevilla\/puntos-de-interes\/hospital-de-las-cinco-llagas.jpg\" alt=\"Hospital de las Cinco Llagas\">\n\t\t\t\t\t\t\t\t<\/div>\n\t\t\t\t\t\t\t<\/div>\n\t\t\t\t\t\t\n\t\t\t\t\t\t\t<div class=\"accordion__accordion-content inactive\">\n\t\t\t\t\t\t\t\t<div>\n\t\t\t\t\t\t\t\t\t<div>\n\t\t\t\t\t\t\t\t\t\t<h4>Iglesia de la Magdalena<\/h4>\n\t\t\t\t\t\t\t\t\t\t<p>Durante l&#8217;invasione francese, la chiesa di Santa Maria Magdalena, di stile gotico-mudejar, fu demolita, cos\u00ec la parrocchia fu trasferita in quella dello scomparso convento di San Pablo el Real nell&#8217;anno 1840. Di questo edificio spicca la facciata, su cui spicca una lapide che ricorda la consacrazione di Fray Bartolom\u00e9 de las Casas a vescovo del Chiapas, intorno al 1544.\n\t\t\t\t\t\t\t\t\t<\/div>\n\t\t\t\t\t\t\t\t\t<img decoding=\"async\" src=\"https:\/\/cdn.pilgrim.es\/web\/caminos\/via-de-la-plata\/pueblos\/sevilla\/puntos-de-interes\/iglesia-de-la-magdalena.jpg\" alt=\"Iglesia de la Magdalena\">\n\t\t\t\t\t\t\t\t<\/div>\n\t\t\t\t\t\t\t<\/div>\n\t\t\t\t\t\t\n\t\t\t\t\t\t\t<div class=\"accordion__accordion-content inactive\">\n\t\t\t\t\t\t\t\t<div>\n\t\t\t\t\t\t\t\t\t<div>\n\t\t\t\t\t\t\t\t\t\t<h4>Iglesia del Divino Salvador<\/h4>\n\t\t\t\t\t\t\t\t\t\t<p>\u00c8 un tempio cattolico che venera Nostro Signore San Salvatore ed \u00e8 considerata la chiesa pi\u00f9 grande della citt\u00e0, seconda solo alla Cattedrale. <\/p>\n\n<p>La costruzione inizi\u00f2 nel 1674 ad opera dell&#8217;architetto Esteban Garc\u00eda, sul sito di un&#8217;antica moschea, e fu completata nel 1712 dall&#8217;architetto Leonardo de Figueroa, per poi essere restaurata tra il 2003 e il 2008.<\/p> <p>La chiesa fu costruita nel 1674 dall&#8217;architetto Esteban Garc\u00eda, sul sito di un&#8217;antica moschea, e fu completata nel 1712 dall&#8217;architetto Leonardo de Figueroa, per poi essere restaurata tra il 2003 e il 2008.\n\t\t\t\t\t\t\t\t\t<\/div>\n\t\t\t\t\t\t\t\t\t<img decoding=\"async\" src=\"https:\/\/cdn.pilgrim.es\/web\/caminos\/via-de-la-plata\/pueblos\/sevilla\/puntos-de-interes\/iglesia-del-divino-salvador.jpg\" alt=\"Iglesia del Divino Salvador\">\n\t\t\t\t\t\t\t\t<\/div>\n\t\t\t\t\t\t\t<\/div>\n\t\t\t\t\t\t\n\t\t\t\t\t\t\t<div class=\"accordion__accordion-content inactive\">\n\t\t\t\t\t\t\t\t<div>\n\t\t\t\t\t\t\t\t\t<div>\n\t\t\t\t\t\t\t\t\t\t<h4>Las Setas o Metropol Parasol<\/h4>\n\t\t\t\t\t\t\t\t\t\t<p>Conosciuta anche come Setas de la Encarnaci\u00f3n, \u00e8 una struttura in legno sostenuta da due colonne di cemento su cui si trovano gli ascensori per il punto panoramico. La sua struttura si basa su sei ombrelloni a forma di fungo di grandi proporzioni disposti su cinque livelli. <\/p>\n\t\t\t\t\t\t\t\t\t<\/div>\n\t\t\t\t\t\t\t\t\t<img decoding=\"async\" src=\"https:\/\/cdn.pilgrim.es\/web\/caminos\/via-de-la-plata\/pueblos\/sevilla\/puntos-de-interes\/las-setas-o-metropol-parasol.jpg\" alt=\"Las Setas o Metropol Parasol\">\n\t\t\t\t\t\t\t\t<\/div>\n\t\t\t\t\t\t\t<\/div>\n\t\t\t\t\t\t\n\t\t\t\t\t\t\t<div class=\"accordion__accordion-content inactive\">\n\t\t\t\t\t\t\t\t<div>\n\t\t\t\t\t\t\t\t\t<div>\n\t\t\t\t\t\t\t\t\t\t<h4>La Giralda<\/h4>\n\t\t\t\t\t\t\t\t\t\t<p>Questo \u00e8 il campanile della Cattedrale di Siviglia. Un tempo era considerata la torre pi\u00f9 alta del mondo con i suoi 97,5 metri di altezza e nel 1987 \u00e8 stata dichiarata Patrimonio dell&#8217;Umanit\u00e0. <\/p>\n\n<p>La torre \u00e8 divisa in due sezioni diverse: la prima, in stile musulmano, i cui lavori iniziarono nel 1184; la seconda, del XVI secolo e in stile cristiano, termina nel campanile. <\/p>\n\t\t\t\t\t\t\t\t\t<\/div>\n\t\t\t\t\t\t\t\t\t<img decoding=\"async\" src=\"https:\/\/cdn.pilgrim.es\/web\/caminos\/via-de-la-plata\/pueblos\/sevilla\/puntos-de-interes\/la-giralda.jpg\" alt=\"La Giralda\">\n\t\t\t\t\t\t\t\t<\/div>\n\t\t\t\t\t\t\t<\/div>\n\t\t\t\t\t\t\n\t\t\t\t\t\t\t<div class=\"accordion__accordion-content inactive\">\n\t\t\t\t\t\t\t\t<div>\n\t\t\t\t\t\t\t\t\t<div>\n\t\t\t\t\t\t\t\t\t\t<h4>Mercado Triana<\/h4>\n\t\t\t\t\t\t\t\t\t\t<p>Questo \u00e8 il mercato dell&#8217;omonimo quartiere, costruito sui resti del castello di San Jorge. Nel 2001 \u00e8 stato inaugurato il nuovo e attuale mercato, ristrutturato in occasione dell&#8217;Esposizione Universale di Siviglia del 1992. Fino ad allora era conosciuto come Plaza de Abastos.\n\n<p>Orario di apertura del mercato<\/p>\n\n<p>Luned\u00ec a sabato dalle 09:00 alle 15:00<\/p> <p>Luned\u00ec a sabato dalle 09:00 alle 15:00<\/p>\n\n<p>Orario di apertura del restauro<\/p>\n\n<p>Luned\u00ec a sabato aperto dalle 10:00 alle 24:00 Domenica e festivi dalle 12:00 alle 17:00<\/p> <p>Sabato a sabato aperto dalle 10:00 alle 24:00 Domenica e festivi dalle 12:00 alle 17:00<\/p>\n\t\t\t\t\t\t\t\t\t<\/div>\n\t\t\t\t\t\t\t\t\t<img decoding=\"async\" src=\"https:\/\/cdn.pilgrim.es\/web\/caminos\/via-de-la-plata\/pueblos\/sevilla\/puntos-de-interes\/mercado-triana.jpg\" alt=\"Mercado Triana\">\n\t\t\t\t\t\t\t\t<\/div>\n\t\t\t\t\t\t\t<\/div>\n\t\t\t\t\t\t\n\t\t\t\t\t\t\t<div class=\"accordion__accordion-content inactive\">\n\t\t\t\t\t\t\t\t<div>\n\t\t\t\t\t\t\t\t\t<div>\n\t\t\t\t\t\t\t\t\t\t<h4>Plaza de Toros la Maestranza<\/h4>\n\t\t\t\t\t\t\t\t\t\t<p>Dichiarata Bene di Interesse Culturale nel 1984, \u00e8 la pi\u00f9 antica arena di Spagna dove si svolgono le corride durante la Feria de Abril di Siviglia. <\/p>\n\t\t\t\t\t\t\t\t\t<\/div>\n\t\t\t\t\t\t\t\t\t<img decoding=\"async\" src=\"https:\/\/cdn.pilgrim.es\/web\/caminos\/via-de-la-plata\/pueblos\/sevilla\/puntos-de-interes\/plaza-de-toros-la-maestranza.jpg\" alt=\"Plaza de Toros la Maestranza\">\n\t\t\t\t\t\t\t\t<\/div>\n\t\t\t\t\t\t\t<\/div>\n\t\t\t\t\t\t\n\t\t\t\t\t\t\t<div class=\"accordion__accordion-content inactive\">\n\t\t\t\t\t\t\t\t<div>\n\t\t\t\t\t\t\t\t\t<div>\n\t\t\t\t\t\t\t\t\t\t<h4>Museo de Bellas Artes<\/h4>\n\t\t\t\t\t\t\t\t\t\t<p>Questo museo fu inaugurato nel 1841 ed espone opere di Zurbar\u00e1n, Murillo e Vald\u00e9s Leal, famosi pittori barocchi sivigliani. Dalla data della sua inaugurazione \u00e8 stato ristrutturato in tre occasioni: nel 1868 e nel 1898, quando sono stati restaurati gli archi e le pareti del primo piano, tra il 1942 e il 1945, quando la sacrestia \u00e8 stata trasformata nel Patio de las Conchas e tra il 1985 e il 1993, quando \u00e8 stata ristrutturata con l&#8217;obiettivo di diventare la sede del museo. <\/p>\n\t\t\t\t\t\t\t\t\t<\/div>\n\t\t\t\t\t\t\t\t\t<img decoding=\"async\" src=\"https:\/\/cdn.pilgrim.es\/web\/caminos\/via-de-la-plata\/pueblos\/sevilla\/puntos-de-interes\/museo-de-bellas-artes.jpg\" alt=\"Museo de Bellas Artes\">\n\t\t\t\t\t\t\t\t<\/div>\n\t\t\t\t\t\t\t<\/div>\n\t\t\t\t\t\t\n\t\t\t\t\t\t\t<div class=\"accordion__accordion-content inactive\">\n\t\t\t\t\t\t\t\t<div>\n\t\t\t\t\t\t\t\t\t<div>\n\t\t\t\t\t\t\t\t\t\t<h4>Museo del Baile Flamenco<\/h4>\n\t\t\t\t\t\t\t\t\t\t<p>Si tratta di un museo dedicato alla danza flamenca, cos\u00ec conosciuta e rappresentativa di tutta l&#8217;Andalusia. Inaugurato nel 2006, il suo obiettivo \u00e8 quello di mostrare l&#8217;evoluzione e la tradizione della cultura del ballo, suddividendo l&#8217;esposizione in quattro piani. <\/p>\n\t\t\t\t\t\t\t\t\t<\/div>\n\t\t\t\t\t\t\t\t\t<img decoding=\"async\" src=\"https:\/\/cdn.pilgrim.es\/web\/caminos\/via-de-la-plata\/pueblos\/sevilla\/puntos-de-interes\/museo-del-baile-flamenco.jpg\" alt=\"Museo del Baile Flamenco\">\n\t\t\t\t\t\t\t\t<\/div>\n\t\t\t\t\t\t\t<\/div>\n\t\t\t\t\t\t\n\t\t\t\t\t\t\t<div class=\"accordion__accordion-content inactive\">\n\t\t\t\t\t\t\t\t<div>\n\t\t\t\t\t\t\t\t\t<div>\n\t\t\t\t\t\t\t\t\t\t<h4>Museo &#8211; Palacio de la Condesa de Lebrija<\/h4>\n\t\t\t\t\t\t\t\t\t\t<p>Questo edificio del XVI secolo si distingue per i mosaici romani che si trovano nella pavimentazione del piano terra e nelle piastrelle di tutta la casa. La casa \u00e8 divisa in due piani con un portale in marmo in due parti affiancato da due pilastri. <\/p>\n\t\t\t\t\t\t\t\t\t<\/div>\n\t\t\t\t\t\t\t\t\t<img decoding=\"async\" src=\"https:\/\/cdn.pilgrim.es\/web\/caminos\/via-de-la-plata\/pueblos\/sevilla\/puntos-de-interes\/museo-palacio-de-la-condesa-de-lebrija.jpg\" alt=\"Museo - Palacio de la Condesa de Lebrija\">\n\t\t\t\t\t\t\t\t<\/div>\n\t\t\t\t\t\t\t<\/div>\n\t\t\t\t\t\t\n\t\t\t\t\t\t\t<div class=\"accordion__accordion-content inactive\">\n\t\t\t\t\t\t\t\t<div>\n\t\t\t\t\t\t\t\t\t<div>\n\t\t\t\t\t\t\t\t\t\t<h4>Palacio de San Telmo<\/h4>\n\t\t\t\t\t\t\t\t\t\t<p>Si tratta di un palazzo la cui costruzione inizi\u00f2 nel 1682 e il cui scopo era quello di ospitare il collegio-seminario dell&#8217;Universit\u00e0 dei Mercanti, un&#8217;istituzione che cercava di accogliere e formare gli orfani dei marinai. <\/p>\n\t\t\t\t\t\t\t\t\t<\/div>\n\t\t\t\t\t\t\t\t\t<img decoding=\"async\" src=\"https:\/\/cdn.pilgrim.es\/web\/caminos\/via-de-la-plata\/pueblos\/sevilla\/puntos-de-interes\/palacio-de-san-telmo.jpg\" alt=\"Palacio de San Telmo\">\n\t\t\t\t\t\t\t\t<\/div>\n\t\t\t\t\t\t\t<\/div>\n\t\t\t\t\t\t\n\t\t\t\t\t\t\t<div class=\"accordion__accordion-content inactive\">\n\t\t\t\t\t\t\t\t<div>\n\t\t\t\t\t\t\t\t\t<div>\n\t\t\t\t\t\t\t\t\t\t<h4>Patio de Banderas<\/h4>\n\t\t\t\t\t\t\t\t\t\t<p>Si tratta di uno spazio costruito nel 1729 come armeria, integrato nei Reales Alc\u00e1zares.<\/p> <p>Si tratta di uno spazio costruito nel 1729 come armeria, integrato nei Reales Alc\u00e1zares.\n\n<p>Nel corso degli anni, al centro furono collocate panchine e una fontana, tutte circondate da alberi; nel 1857 queste panchine furono smantellate e sostituite da aranci. Nel 1929, la parte centrale fu completamente ristrutturata, ricostruendo la fontana e aggiungendo un&#8217;area pavimentata intorno ad essa.\n\n<p>INFORMAZIONI D&#8217;INTERESSE<\/p> <p>INFORMAZIONI SULLA FONTANA<\/p> <p>Informazioni interessanti\n\n<p>Telefono: 954 502 324<\/p>\n\n<p> <\/p> &lt;p\n\t\t\t\t\t\t\t\t\t<\/div>\n\t\t\t\t\t\t\t\t\t<img decoding=\"async\" src=\"https:\/\/cdn.pilgrim.es\/web\/caminos\/via-de-la-plata\/pueblos\/sevilla\/puntos-de-interes\/patio-de-banderas.jpg\" alt=\"Patio de Banderas\">\n\t\t\t\t\t\t\t\t<\/div>\n\t\t\t\t\t\t\t<\/div>\n\t\t\t\t\t\t\n\t\t\t\t\t\t\t<div class=\"accordion__accordion-content inactive\">\n\t\t\t\t\t\t\t\t<div>\n\t\t\t\t\t\t\t\t\t<div>\n\t\t\t\t\t\t\t\t\t\t<h4>Plaza de Am\u00e9rica<\/h4>\n\t\t\t\t\t\t\t\t\t\t<p>Situato nel Parco Maria Luisa, \u00e8 circondato dal Museo delle Arti e dei Costumi Popolari, dal Museo Archeologico e dal Padiglione Reale. Tutti questi edifici sono avvolti da un gruppo di colonne collegate da catene con globi di luce. <\/p>\n\t\t\t\t\t\t\t\t\t<\/div>\n\t\t\t\t\t\t\t\t\t<img decoding=\"async\" src=\"https:\/\/cdn.pilgrim.es\/web\/caminos\/via-de-la-plata\/pueblos\/sevilla\/puntos-de-interes\/plaza-de-america.jpg\" alt=\"Plaza de Am\u00e9rica\">\n\t\t\t\t\t\t\t\t<\/div>\n\t\t\t\t\t\t\t<\/div>\n\t\t\t\t\t\t\n\t\t\t\t\t\t\t<div class=\"accordion__accordion-content inactive\">\n\t\t\t\t\t\t\t\t<div>\n\t\t\t\t\t\t\t\t\t<div>\n\t\t\t\t\t\t\t\t\t\t<h4>Plaza de Espa\u00f1a<\/h4>\n\t\t\t\t\t\t\t\t\t\t<p>Si tratta di una cornice in stile regionalista costruita nel 1929. Spiccano le panchine che rappresentano tutte le province spagnole e i busti e\/o monumenti in onore di illustri spagnoli sulle sue pareti. La piazza si estende su una superficie totale di 50.000 m2 ed \u00e8 circondata da un grande edificio centrale.\n\t\t\t\t\t\t\t\t\t<\/div>\n\t\t\t\t\t\t\t\t\t<img decoding=\"async\" src=\"https:\/\/cdn.pilgrim.es\/web\/caminos\/via-de-la-plata\/pueblos\/sevilla\/puntos-de-interes\/plaza-de-espana.jpg\" alt=\"Plaza de Espa\u00f1a\">\n\t\t\t\t\t\t\t\t<\/div>\n\t\t\t\t\t\t\t<\/div>\n\t\t\t\t\t\t\n\t\t\t\t\t\t\t<div class=\"accordion__accordion-content inactive\">\n\t\t\t\t\t\t\t\t<div>\n\t\t\t\t\t\t\t\t\t<div>\n\t\t\t\t\t\t\t\t\t\t<h4>Plaza Nueva<\/h4>\n\t\t\t\t\t\t\t\t\t\t<p>Questa piazza si trova nel centro storico di Siviglia e si estende su una superficie di circa 14.000 m2 . Fu costruita tra il 1848 e il 1857 e al suo centro si trovava un grande palco per la musica, poi scomparso. <\/p>\n\t\t\t\t\t\t\t\t\t<\/div>\n\t\t\t\t\t\t\t\t\t<img decoding=\"async\" src=\"https:\/\/cdn.pilgrim.es\/web\/caminos\/via-de-la-plata\/pueblos\/sevilla\/puntos-de-interes\/plaza-nueva.jpg\" alt=\"Plaza Nueva\">\n\t\t\t\t\t\t\t\t<\/div>\n\t\t\t\t\t\t\t<\/div>\n\t\t\t\t\t\t\n\t\t\t\t\t\t\t<div class=\"accordion__accordion-content inactive\">\n\t\t\t\t\t\t\t\t<div>\n\t\t\t\t\t\t\t\t\t<div>\n\t\t\t\t\t\t\t\t\t\t<h4>Plaza San Francisco<\/h4>\n\t\t\t\t\t\t\t\t\t\t<p>Si tratta di una piazza costruita nel XVI secolo nel cuore della citt\u00e0 dove si trovavano i principali poteri civili e dove si svolgevano gli atti di fede della Santa Inquisizione, le feste della corrida e dei tori, le processioni di Pasqua e del Corpus Domini&#8230; <\/p> <p>Si tratta di una piazza costruita nel XVI secolo e situata nel cuore della citt\u00e0.\n\n<p>Dal XIX secolo in poi inizi\u00f2 a subire una serie di cambiamenti di nomenclatura, diventando &#8220;Plaza de la Constituci\u00f3n&#8221;, &#8220;Plaza de Fernando VII&#8221;, &#8220;Plaza del Rey&#8221;&#8230; fino a quando, nel 1980, fu chiamata &#8220;Plaza de San Francisco&#8221;<\/p> <p>Piazza San Francisco&#8221;<\/p> <p>&#8230;.\n\t\t\t\t\t\t\t\t\t<\/div>\n\t\t\t\t\t\t\t\t\t<img decoding=\"async\" src=\"https:\/\/cdn.pilgrim.es\/web\/caminos\/via-de-la-plata\/pueblos\/sevilla\/puntos-de-interes\/plaza-san-francisco.jpg\" alt=\"Plaza San Francisco\">\n\t\t\t\t\t\t\t\t<\/div>\n\t\t\t\t\t\t\t<\/div>\n\t\t\t\t\t\t\n\t\t\t\t\t\t\t<div class=\"accordion__accordion-content inactive\">\n\t\t\t\t\t\t\t\t<div>\n\t\t\t\t\t\t\t\t\t<div>\n\t\t\t\t\t\t\t\t\t\t<h4>Puente Isabel II<\/h4>\n\t\t\t\t\t\t\t\t\t\t<p>Si tratta di un ponte risalente all&#8217;845, dichiarato Monumento Storico Nazionale nel 1976, costruito sul ponte noto come ponte delle barche, in quanto aveva tredici barche legate insieme con catene su cui poggiavano robuste assi di legno. Il progetto di questo secondo ponte era lo stesso del Ponte del Carrousel di Parigi.\n\t\t\t\t\t\t\t\t\t<\/div>\n\t\t\t\t\t\t\t\t\t<img decoding=\"async\" src=\"https:\/\/cdn.pilgrim.es\/web\/caminos\/via-de-la-plata\/pueblos\/sevilla\/puntos-de-interes\/puente-isabel-ii.jpg\" alt=\"Puente Isabel II\">\n\t\t\t\t\t\t\t\t<\/div>\n\t\t\t\t\t\t\t<\/div>\n\t\t\t\t\t\t\n\t\t\t\t\t\t\t<div class=\"accordion__accordion-content inactive\">\n\t\t\t\t\t\t\t\t<div>\n\t\t\t\t\t\t\t\t\t<div>\n\t\t\t\t\t\t\t\t\t\t<h4>Real Alc\u00e1zar<\/h4>\n\t\t\t\t\t\t\t\t\t\t<p>Si tratta di un palazzo fortificato considerato uno dei pi\u00f9 caratteristici della Spagna e dichiarato Patrimonio dell&#8217;Umanit\u00e0 dall&#8217;UNESCO nel 1987. <\/p>\n\n<p> I lavori per la costruzione dei noti Reales Alc\u00e1zares di Siviglia iniziarono nel 713 e consistevano in diversi recinti come la Casa de los Pr\u00edncipes (Casa dei Principi): un gruppo di abitazioni costruite nel IX secolo. Il primo ampliamento fu realizzato tra l&#8217;XI e il XII secolo, fortificando e aggiungendo numerosi ambienti come l&#8217;Alcazar e altri cortili e palazzi. Dopo la Riconquista della citt\u00e0, questo complesso inizi\u00f2 ad essere utilizzato come alloggio per i monarchi che si susseguirono, motivo per cui Alfonso X il Saggio decise di realizzare le prime riforme, introducendo tre saloni gotici. <\/p>\n\n<p>\u00c8 pi\u00f9 tardi, nel 1364, che Pietro I il Crudele decise di costruire il primo palazzo di un re castigliano dall&#8217;aspetto mud\u00e9jar non protetto dalle mura di un castello, tra cui la Cappella gotica, l&#8217;abside, il Patio de la Monter\u00eda e i Grutescos nei giardini.  <\/p>\n\t\t\t\t\t\t\t\t\t<\/div>\n\t\t\t\t\t\t\t\t\t<img decoding=\"async\" src=\"https:\/\/cdn.pilgrim.es\/web\/caminos\/via-de-la-plata\/pueblos\/sevilla\/puntos-de-interes\/real-alcazar.jpg\" alt=\"Real Alc\u00e1zar\">\n\t\t\t\t\t\t\t\t<\/div>\n\t\t\t\t\t\t\t<\/div>\n\t\t\t\t\t\t\n\t\t\t\t\t\t\t<div class=\"accordion__accordion-content inactive\">\n\t\t\t\t\t\t\t\t<div>\n\t\t\t\t\t\t\t\t\t<div>\n\t\t\t\t\t\t\t\t\t\t<h4>Real F\u00e1brica de Tabaco<\/h4>\n\t\t\t\t\t\t\t\t\t\t<p>Si tratta di un edificio considerato la prima fabbrica di tabacco sorta in Europa, costruito con materiale lapideo nel XVIII secolo. Si estende su una delle aree pi\u00f9 grandi della Spagna, subito dopo l&#8217;Escorial. Lo stile rinascimentale \u00e8 quello che spicca nel suo schema generale, anche se si possono notare resti herreriani nella pianta, nei cortili e in alcuni dettagli della facciata. <\/p>\n\t\t\t\t\t\t\t\t\t<\/div>\n\t\t\t\t\t\t\t\t\t<img decoding=\"async\" src=\"https:\/\/cdn.pilgrim.es\/web\/caminos\/via-de-la-plata\/pueblos\/sevilla\/puntos-de-interes\/real-fabrica-de-tabaco.jpg\" alt=\"Real F\u00e1brica de Tabaco\">\n\t\t\t\t\t\t\t\t<\/div>\n\t\t\t\t\t\t\t<\/div>\n\t\t\t\t\t\t\n\t\t\t\t\t\t\t<div class=\"accordion__accordion-content inactive\">\n\t\t\t\t\t\t\t\t<div>\n\t\t\t\t\t\t\t\t\t<div>\n\t\t\t\t\t\t\t\t\t\t<h4>Torre de los Perdigones<\/h4>\n\t\t\t\t\t\t\t\t\t\t<p>Si tratta di una torre che faceva parte dell&#8217;antica &#8220;F\u00e1brica de Perdigones&#8221; (fabbrica di pellet) che produceva pellet, proiettili e lastre di zinco per creare vasche da bagno in zinco. \u00c8 stata restaurata per l&#8217;ultima volta nel 2007 e inaugurata come &#8220;Camera Obscura&#8221; da cui osservare la citt\u00e0 da un&#8217;altezza di 45 metri. <\/p>\n\t\t\t\t\t\t\t\t\t<\/div>\n\t\t\t\t\t\t\t\t\t<img decoding=\"async\" src=\"https:\/\/cdn.pilgrim.es\/web\/caminos\/via-de-la-plata\/pueblos\/sevilla\/puntos-de-interes\/torre-de-los-perdigones.jpg\" alt=\"Torre de los Perdigones\">\n\t\t\t\t\t\t\t\t<\/div>\n\t\t\t\t\t\t\t<\/div>\n\t\t\t\t\t\t\n\t\t\t\t\t\t\t<div class=\"accordion__accordion-content inactive\">\n\t\t\t\t\t\t\t\t<div>\n\t\t\t\t\t\t\t\t\t<div>\n\t\t\t\t\t\t\t\t\t\t<h4>Torre del Oro<\/h4>\n\t\t\t\t\t\t\t\t\t\t<p>Questa caratteristica torre difensiva si erge in un contesto idilliaco, proprio sulla riva sinistra del fiume Guadalquivir e sorvegliata dalla &#8220;cattedrale della corrida&#8221;. Faceva parte di un bastione difensivo molto pi\u00f9 grande, con la possibilit\u00e0 che fosse collegato al resto della fortificazione da un arco, facilitando cos\u00ec l&#8217;isolamento di questa zona con la distruzione del collegamento in caso di invasione o attacco. <\/p>\n\n<p>Per quanto riguarda la sua struttura, raggiunge un&#8217;altezza di circa trentasei metri ed \u00e8 divisa in tre parti o corpi. La pi\u00f9 antica, risalente agli inizi del XIII secolo, fu costruita per ordine del governatore della citt\u00e0 con una forma poligonale a dodici lati. La seconda parte di questa singolare torre fu eretta circa un secolo dopo, per ordine di Pedro I il Crudele, ha una forma dodecagonale ed \u00e8 stata dichiarata Monumento Storico-Artistico dagli anni &#8217;30 del Novecento. Il terzo e ultimo corpo \u00e8 invece di forma cilindrica. \u00c8 stato progettato da Sebasti\u00e1n Van der Borcht, un architetto militare spagnolo che ha progettato altri edifici unici a Siviglia, come la Real Casa de la Moneda (Zecca Reale). Attualmente ospita la sede del Museo Navale di Siviglia.\n\n<p>OGGI<\/p>\n\n<p>Luned\u00ec a venerd\u00ec dalle 09:30 alle 18:45 Sabato e domenica dalle 10:30 alle 18:45Chiuso nei giorni festivi.\n\n<p>Tasse<\/p>\n\n<p>Ingresso generale: 3 \u20ac Studenti e anziani: 1,50 \u20ac Ogni luned\u00ec: ingresso gratuito<\/p> <p>Ingresso gratuito.\n\n<p>INFORMAZIONI DI INTERESSE<\/p>\n\n<p>Telefono: 954 222 419<\/p> <p>Telefono: 954 222 419<\/p>\n\t\t\t\t\t\t\t\t\t<\/div>\n\t\t\t\t\t\t\t\t\t<img decoding=\"async\" src=\"https:\/\/cdn.pilgrim.es\/web\/caminos\/via-de-la-plata\/pueblos\/sevilla\/puntos-de-interes\/torre-del-oro.jpg\" alt=\"Torre del Oro\">\n\t\t\t\t\t\t\t\t<\/div>\n\t\t\t\t\t\t\t<\/div>\n\t\t\t\t\t\t\n\t\t\t\t\t<\/div>\n\t\t\t\t<\/div>\n\t\t\t<\/div>\n\t\t\n\n\t\t<div id=\"phonesSection\">\n\t\t\t<div>\n\t\t\t\t<h2 class=\"p-h3-town\">Informazioni di interesse<\/h2>\n\t\t\t<\/div>\n\t\t\t<div class=\"grid\">\n\t\t\t\t\n\t\t\t\t\t<div class=\"phone-number-item\">\n\t\t\t\t\t\t<div class=\"phone-number-item__icon\"><i class=\"icon-police\"><\/i><\/div>\n\t\t\t\t\t\t<div class=\"phone-number-item__title\">\n\t\t\t\t\t\t\t<h3 class=\"p-font-bold\">Polizia locale<\/h3>\n\t\t\t\t\t\t\t<p>955 471 199 \/ 954 618 501<\/p>\n\t\t\t\t\t\t\t\n\t\t\t\t\t\t<\/div>\n\t\t\t\t\t<\/div>\n\t\t\t\t\n\t\t\t\t\t<div class=\"phone-number-item\">\n\t\t\t\t\t\t<div class=\"phone-number-item__icon\"><i class=\"icon-spanish-military-police\"><\/i><\/div>\n\t\t\t\t\t\t<div class=\"phone-number-item__title\">\n\t\t\t\t\t\t\t<h3 class=\"p-font-bold\">Guardia civile<\/h3>\n\t\t\t\t\t\t\t<p>954 889 901 \/ 954 231 902<\/p>\n\t\t\t\t\t\t\t\n\t\t\t\t\t\t<\/div>\n\t\t\t\t\t<\/div>\n\t\t\t\t\n\t\t\t\t\t<div class=\"phone-number-item\">\n\t\t\t\t\t\t<div class=\"phone-number-item__icon\"><i class=\"icon-firefighters\"><\/i><\/div>\n\t\t\t\t\t\t<div class=\"phone-number-item__title\">\n\t\t\t\t\t\t\t<h3 class=\"p-font-bold\">Vigili del fuoco<\/h3>\n\t\t\t\t\t\t\t<p>954 751 112<\/p>\n\t\t\t\t\t\t\t\n\t\t\t\t\t\t<\/div>\n\t\t\t\t\t<\/div>\n\t\t\t\t\n\t\t\t\t\t<div class=\"phone-number-item\">\n\t\t\t\t\t\t<div class=\"phone-number-item__icon\"><i class=\"icon-civil-protection\"><\/i><\/div>\n\t\t\t\t\t\t<div class=\"phone-number-item__title\">\n\t\t\t\t\t\t\t<h3 class=\"p-font-bold\">Protezione civile<\/h3>\n\t\t\t\t\t\t\t<p>955 473 896<\/p>\n\t\t\t\t\t\t\t\n\t\t\t\t\t\t<\/div>\n\t\t\t\t\t<\/div>\n\t\t\t\t\n\t\t\t\t\t<div class=\"phone-number-item\">\n\t\t\t\t\t\t<div class=\"phone-number-item__icon\"><i class=\"icon-town-council\"><\/i><\/div>\n\t\t\t\t\t\t<div class=\"phone-number-item__title\">\n\t\t\t\t\t\t\t<h3 class=\"p-font-bold\">Municipio<\/h3>\n\t\t\t\t\t\t\t<p>954 229 681<\/p>\n\t\t\t\t\t\t\t\n\t\t\t\t\t\t<\/div>\n\t\t\t\t\t<\/div>\n\t\t\t\t\n\t\t\t\t\t<div class=\"phone-number-item\">\n\t\t\t\t\t\t<div class=\"phone-number-item__icon\"><i class=\"icon-hospital\"><\/i><\/div>\n\t\t\t\t\t\t<div class=\"phone-number-item__title\">\n\t\t\t\t\t\t\t<h3 class=\"p-font-bold\">Centro sanitario<\/h3>\n\t\t\t\t\t\t\t<p>954 786 814 \/ 954 994 182<\/p>\n\t\t\t\t\t\t\t\n\t\t\t\t\t\t<\/div>\n\t\t\t\t\t<\/div>\n\t\t\t\t\n\t\t\t\t\t<div class=\"phone-number-item\">\n\t\t\t\t\t\t<div class=\"phone-number-item__icon\"><i class=\"icon-tourism\"><\/i><\/div>\n\t\t\t\t\t\t<div class=\"phone-number-item__title\">\n\t\t\t\t\t\t\t<h3 class=\"p-font-bold\">Ufficio turistico<\/h3>\n\t\t\t\t\t\t\t<p><\/p>\n\t\t\t\t\t\t\t\n\t\t\t\t\t\t<\/div>\n\t\t\t\t\t<\/div>\n\t\t\t\t\n\t\t\t<\/div>\n\t\t<\/div>\n\n\t\t<div id=\"clientForm\">\n        <section>\n        <img decoding=\"async\" src=\"https:\/\/cdn.pilgrim.es\/web\/home\/email-contacto.png\" alt=\"contacto\">\n        <div>\n            <p>Ti inviamo la tua pianificazione<\/p>\n            <p>Forniscici i tuoi dati e ricevi la pianificazione del tuo viaggio via email <\/p>\n            <form method=\"post\" data-url=\"\/wp-admin\/admin-ajax.php\" id=\"planner--client\" class=\"flag-right form-client\">\n    <div class=\"form-data\">\n        <input name=\"form_id\" type=\"hidden\" value=\"Formulario Leads\">\n        <input name=\"type\" type=\"hidden\" value=\"planner_client\">\n        <input type=\"text\" name=\"nombre\" value=\"\" size=\"40\" class=\"form-control\" aria-required=\"true\" aria-invalid=\"false\" placeholder=\"Nome\">\n        <input type=\"email\" name=\"email\" value=\"\" size=\"40\" class=\"form-control\" aria-required=\"true\" aria-invalid=\"false\" placeholder=\"Mail\">\n        <input type=\"text\" id=\"phone-input\" name=\"tel\" value=\"\" size=\"40\" class=\"phone-input form-control\" aria-required=\"true\" aria-invalid=\"false\" placeholder=\"Telefono\">\n        <input type=\"hidden\" name=\"telefono\">\n    <\/div>\n    <div class=\"form-checkbox\">\n        <span>\n            Pilgrim Travel. S.L. informa, come previsto dal Regolamento 2016\/679, che i dati utilizzati in questo modulo verranno utilizzati sia per la risposta delle eventuali consultazioni sia per la pub-blicazione dei commenti, essendo il consenso dell'utente la base di legittimazione. Potranno esse-re esercitati i diritti in conformit\u00e0 con quanto stabilito dalla nostra             <a href=\"https:\/\/www.pilgrim.es\/it\/informativa-sulla-privacy\/\" target=\"_blank\" rel=\"noopener noreferrer nofollow\">Politica di privacy.<\/a>\n        <\/span>\n    <\/div>\n\n    <div class=\"form-submit\">\n        <button id=\"planner--client-create\" type=\"submit\">Formulario di contatto<\/button>\n        <div class=\"loadingDiv\"><i class=\"p-spinner\"><\/i><\/div>\n    <\/div>\n\n    <div class=\"contact-content-form-success\">\n        <p><i class=\"fas fa-check\"><\/i> Il modulo \u00e8 stato inviato correttamente<\/p>\n    <\/div>\n\n    <div class=\"contact-content-form-error\">\n        <span class=\"input-error\"><\/span>\n    <\/div>\n<\/form>        <\/div>\n    <\/section>\n<\/div>\n\n\t\t<div id=\"recomendationSection\">\n\t\t\t<div>\n\t\t\t\t<h2 class=\"p-h2-town\">Consigliato<\/h2>\n\t\t\t\t<hr>\n\t\t\t\t<h3 class=\"p-h3-town\">Gastronomia<\/h3>\n\t\t\t<\/div>\n\t\t\tNella citt\u00e0 di Siviglia la gastronomia \u00e8 strettamente legata alla dieta mediterranea. Spiccano ricette come &#8220;cocido a la sevillana&#8221;, &#8220;huevos a la macarena&#8221;, &#8220;ternera a la sevillana&#8221;, &#8220;callos a la andaluza&#8221;, &#8220;fritanga de sangre&#8221;, &#8220;caldereta de cordero&#8221;, &#8220;huevos a la flamenca&#8221;, &#8220;patatas al mont\u00f3n&#8221; e &#8220;gazpacho andaluz&#8221;.\n\nNella zona le olive sono pi\u00f9 importanti di qualsiasi altro prodotto, motivo per cui le tapas di olive sono cos\u00ec tipiche nei ristoranti e nei bar. Ci\u00f2 \u00e8 dovuto al fatto che una delle risorse culinarie pi\u00f9 abbondanti sono gli uliveti, sebbene abbondino anche aranceti e mandorleti.\n\nIn termini di pasticceria, i dolci pi\u00f9 popolari sono le tortas de aceite (torte all&#8217;olio d&#8217;oliva), i polvorones, i cortadillos ripieni di cabello de \u00e1ngel, le pi\u00f1onates, i roscos de vino, gli alfajores, le yemas de san Leandro, i mostachones de Utrera e le pole\u00e1s.\n\t\t<\/div>\n\n\n\t\t\n\t\t\t<div id=\"holidaysSection\">\n\t\t\t\t<div>\n\t\t\t\t\t<h2 class=\"p-h2-town\">Consigliato<\/h2>\n\t\t\t\t\t<hr>\n\t\t\t\t\t<h3 class=\"p-h3-town\">Festival e pellegrinaggi<\/h3>\n\t\t\t\t<\/div>\n\t\t\t\t<div class=\"grid holidays-grid\">\n\t\t\t\t\t\n\t\t\t\t\t\t<div>\n\t\t\t\t\t\t\t<div class=\"phone-number-item\">\n\t\t\t\t\t\t\t\t<div class=\"phone-number-item__icon\"><i class=\"icon-holiday\"><\/i><\/div>\n\t\t\t\t\t\t\t\t<div class=\"phone-number-item__title dark-text\">\n\t\t\t\t\t\t\t\t\t<p class=\"p-font-bold\">Vacanza locale<\/p>\n\t\t\t\t\t\t\t\t\t<p>12 al 17 de abril: Feria de Abril<\/p>\n\t\t\t\t\t\t\t\t<\/div>\n\t\t\t\t\t\t\t<\/div>\n\t\t\t\t\t\t<\/div>\n\t\t\t\t\t\n\t\t\t\t\t\t<div>\n\t\t\t\t\t\t\t<div class=\"phone-number-item\">\n\t\t\t\t\t\t\t\t<div class=\"phone-number-item__icon\"><i class=\"icon-holiday\"><\/i><\/div>\n\t\t\t\t\t\t\t\t<div class=\"phone-number-item__title dark-text\">\n\t\t\t\t\t\t\t\t\t<p class=\"p-font-bold\">Vacanza locale<\/p>\n\t\t\t\t\t\t\t\t\t<p>Semana Santa: Actos religiosos<\/p>\n\t\t\t\t\t\t\t\t<\/div>\n\t\t\t\t\t\t\t<\/div>\n\t\t\t\t\t\t<\/div>\n\t\t\t\t\t\n\t\t\t\t\t\t<div>\n\t\t\t\t\t\t\t<div class=\"phone-number-item\">\n\t\t\t\t\t\t\t\t<div class=\"phone-number-item__icon\"><i class=\"icon-holiday\"><\/i><\/div>\n\t\t\t\t\t\t\t\t<div class=\"phone-number-item__title dark-text\">\n\t\t\t\t\t\t\t\t\t<p class=\"p-font-bold\">Vacanza locale<\/p>\n\t\t\t\t\t\t\t\t\t<p>5 al 12 de junio: Festividad del Corpus<\/p>\n\t\t\t\t\t\t\t\t<\/div>\n\t\t\t\t\t\t\t<\/div>\n\t\t\t\t\t\t<\/div>\n\t\t\t\t\t\n\t\t\t\t\t\t<div>\n\t\t\t\t\t\t\t<div class=\"phone-number-item\">\n\t\t\t\t\t\t\t\t<div class=\"phone-number-item__icon\"><i class=\"icon-holiday\"><\/i><\/div>\n\t\t\t\t\t\t\t\t<div class=\"phone-number-item__title dark-text\">\n\t\t\t\t\t\t\t\t\t<p class=\"p-font-bold\">Vacanza locale<\/p>\n\t\t\t\t\t\t\t\t\t<p>Del 12 al 14 de Octubre: Encuentro de las Casas Regionales<\/p>\n\t\t\t\t\t\t\t\t<\/div>\n\t\t\t\t\t\t\t<\/div>\n\t\t\t\t\t\t<\/div>\n\t\t\t\t\t\n\t\t\t\t<\/div>\n\t\t\t<\/div>\n\t\t\n\t<\/div>\n<\/section>\n\n<div id=\"stage_list_section\"><div class=\"stage-list\">\n    <div class='stage-list__map-card'>\n        <div class='stage-list__map-card__map'>\n            <div class='stage-list__map-card__map__text'>\n                <h2> Pages <\/h2>\n                <p> A piedi<\/p>\n                <p> 0tappe<\/p>\n            <\/div>\n            <div class='stage-list__map-card__map__img'>\n                <img decoding=\"async\" src=\"\" alt=\" mapa \" \/>\n            <\/div>\n        <\/div>\n    <\/div>\n\n    <\/div>\n<\/div> ","protected":false},"excerpt":{"rendered":"<p>Sevilla &#8249; Ritorno al palcoscenico Sevilla Abitanti: 693.878 aprox. Provincia: Sevilla Informazioni Get to know Sevilla La citt\u00e0 di Siviglia ha il centro storico pi\u00f9 grande della Spagna ed \u00e8 uno dei tre pi\u00f9 grandi d&#8217;Europa. Vale anche la pena di notare che questa citt\u00e0 ha l&#8217;unico porto marittimo interno, questo perch\u00e9 il fiume Guadalquivir &hellip; <\/p>\n<p class=\"read_more\"><a href=\"https:\/\/www.pilgrim.es\/it\/via-plata\/sevilla\/\">Leer m\u00e1s<\/a><\/p>\n","protected":false},"author":0,"featured_media":9315,"parent":10683,"menu_order":0,"comment_status":"closed","ping_status":"closed","template":"views\/template-new-web-design.blade.php","meta":{"footnotes":""},"categories":[],"tags":[],"class_list":["post-91481","page","type-page","status-publish","has-post-thumbnail","hentry"],"yoast_head":"<!-- This site is optimized with the Yoast SEO plugin v27.4 - https:\/\/yoast.com\/product\/yoast-seo-wordpress\/ -->\n<title>Sevilla: Cosa vedere e dove dormire | Cammino di Santiago | Pilgrim<\/title>\n<meta name=\"description\" content=\"Sevilla Scopri tutte le informazioni su dove alloggiare, come arrivare, cosa mangiare e sui principali punti di interesse delle localit\u00e0 lungo il Via della Plata.\" \/>\n<meta name=\"robots\" content=\"index, follow, max-snippet:-1, max-image-preview:large, max-video-preview:-1\" \/>\n<link rel=\"canonical\" href=\"https:\/\/www.pilgrim.es\/it\/via-plata\/sevilla\/\" \/>\n<meta property=\"og:locale\" content=\"it_IT\" \/>\n<meta property=\"og:type\" content=\"article\" \/>\n<meta property=\"og:title\" content=\"Sevilla: Cosa vedere e dove dormire | Cammino di Santiago | Pilgrim\" \/>\n<meta property=\"og:description\" content=\"Sevilla Scopri tutte le informazioni su dove alloggiare, come arrivare, cosa mangiare e sui principali punti di interesse delle localit\u00e0 lungo il Via della Plata.\" \/>\n<meta property=\"og:url\" content=\"https:\/\/www.pilgrim.es\/it\/via-plata\/sevilla\/\" \/>\n<meta property=\"og:site_name\" content=\"Pilgrim\" \/>\n<meta property=\"article:publisher\" content=\"https:\/\/www.facebook.com\/pilgrim.es\/\" \/>\n<meta property=\"og:image\" content=\"https:\/\/www.pilgrim.es\/wp-content\/uploads\/2019\/02\/SEVILLA-520x370.png\" \/>\n\t<meta property=\"og:image:width\" content=\"520\" \/>\n\t<meta property=\"og:image:height\" content=\"370\" \/>\n\t<meta property=\"og:image:type\" content=\"image\/png\" \/>\n<meta name=\"twitter:card\" content=\"summary_large_image\" \/>\n<meta name=\"twitter:site\" content=\"@pilgrim_es\" \/>\n<meta name=\"twitter:label1\" content=\"Tempo di lettura stimato\" \/>\n\t<meta name=\"twitter:data1\" content=\"13 minuti\" \/>\n<script type=\"application\/ld+json\" class=\"yoast-schema-graph\">{\"@context\":\"https:\\\/\\\/schema.org\",\"@graph\":[{\"@type\":\"WebPage\",\"@id\":\"https:\\\/\\\/www.pilgrim.es\\\/it\\\/via-plata\\\/sevilla\\\/\",\"url\":\"https:\\\/\\\/www.pilgrim.es\\\/it\\\/via-plata\\\/sevilla\\\/\",\"name\":\"Sevilla: Cosa vedere e dove dormire | Cammino di Santiago | Pilgrim\",\"isPartOf\":{\"@id\":\"https:\\\/\\\/www.pilgrim.es\\\/it\\\/#website\"},\"primaryImageOfPage\":{\"@id\":\"https:\\\/\\\/www.pilgrim.es\\\/it\\\/via-plata\\\/sevilla\\\/#primaryimage\"},\"image\":{\"@id\":\"https:\\\/\\\/www.pilgrim.es\\\/it\\\/via-plata\\\/sevilla\\\/#primaryimage\"},\"thumbnailUrl\":\"https:\\\/\\\/www.pilgrim.es\\\/wp-content\\\/uploads\\\/2019\\\/02\\\/SEVILLA-520x370.png\",\"datePublished\":\"2025-03-17T15:39:53+00:00\",\"description\":\"Sevilla Scopri tutte le informazioni su dove alloggiare, come arrivare, cosa mangiare e sui principali punti di interesse delle localit\u00e0 lungo il Via della Plata.\",\"breadcrumb\":{\"@id\":\"https:\\\/\\\/www.pilgrim.es\\\/it\\\/via-plata\\\/sevilla\\\/#breadcrumb\"},\"inLanguage\":\"it-IT\",\"potentialAction\":[{\"@type\":\"ReadAction\",\"target\":[\"https:\\\/\\\/www.pilgrim.es\\\/it\\\/via-plata\\\/sevilla\\\/\"]}]},{\"@type\":\"ImageObject\",\"inLanguage\":\"it-IT\",\"@id\":\"https:\\\/\\\/www.pilgrim.es\\\/it\\\/via-plata\\\/sevilla\\\/#primaryimage\",\"url\":\"https:\\\/\\\/www.pilgrim.es\\\/wp-content\\\/uploads\\\/2019\\\/02\\\/SEVILLA-520x370.png\",\"contentUrl\":\"https:\\\/\\\/www.pilgrim.es\\\/wp-content\\\/uploads\\\/2019\\\/02\\\/SEVILLA-520x370.png\",\"width\":520,\"height\":370,\"caption\":\"Sevilla\"},{\"@type\":\"BreadcrumbList\",\"@id\":\"https:\\\/\\\/www.pilgrim.es\\\/it\\\/via-plata\\\/sevilla\\\/#breadcrumb\",\"itemListElement\":[{\"@type\":\"ListItem\",\"position\":1,\"name\":\"Camino de Santiago\",\"item\":\"https:\\\/\\\/www.pilgrim.es\\\/it\\\/\"},{\"@type\":\"ListItem\",\"position\":2,\"name\":\"V\u00eda de la Plata\",\"item\":\"https:\\\/\\\/www.pilgrim.es\\\/it\\\/via-plata\\\/\"},{\"@type\":\"ListItem\",\"position\":3,\"name\":\"Sevilla\"}]},{\"@type\":\"WebSite\",\"@id\":\"https:\\\/\\\/www.pilgrim.es\\\/it\\\/#website\",\"url\":\"https:\\\/\\\/www.pilgrim.es\\\/it\\\/\",\"name\":\"Pilgrim\",\"description\":\"Camino de Santiago | Caminamos Contigo\",\"publisher\":{\"@id\":\"https:\\\/\\\/www.pilgrim.es\\\/it\\\/#organization\"},\"potentialAction\":[{\"@type\":\"SearchAction\",\"target\":{\"@type\":\"EntryPoint\",\"urlTemplate\":\"https:\\\/\\\/www.pilgrim.es\\\/it\\\/?s={search_term_string}\"},\"query-input\":{\"@type\":\"PropertyValueSpecification\",\"valueRequired\":true,\"valueName\":\"search_term_string\"}}],\"inLanguage\":\"it-IT\"},{\"@type\":\"Organization\",\"@id\":\"https:\\\/\\\/www.pilgrim.es\\\/it\\\/#organization\",\"name\":\"Pilgrim Camino de Santiago\",\"url\":\"https:\\\/\\\/www.pilgrim.es\\\/it\\\/\",\"logo\":{\"@type\":\"ImageObject\",\"inLanguage\":\"it-IT\",\"@id\":\"https:\\\/\\\/www.pilgrim.es\\\/it\\\/#\\\/schema\\\/logo\\\/image\\\/\",\"url\":\"https:\\\/\\\/www.pilgrim.es\\\/wp-content\\\/uploads\\\/2019\\\/04\\\/logo_pilgrim.png\",\"contentUrl\":\"https:\\\/\\\/www.pilgrim.es\\\/wp-content\\\/uploads\\\/2019\\\/04\\\/logo_pilgrim.png\",\"width\":512,\"height\":512,\"caption\":\"Pilgrim Camino de Santiago\"},\"image\":{\"@id\":\"https:\\\/\\\/www.pilgrim.es\\\/it\\\/#\\\/schema\\\/logo\\\/image\\\/\"},\"sameAs\":[\"https:\\\/\\\/www.facebook.com\\\/pilgrim.es\\\/\",\"https:\\\/\\\/x.com\\\/pilgrim_es\",\"https:\\\/\\\/www.instagram.com\\\/pilgrim.es\\\/\",\"https:\\\/\\\/www.linkedin.com\\\/company\\\/pilgrim-camino-de-santiago\\\/\",\"https:\\\/\\\/www.pinterest.es\\\/pilgrimcaminodesantiago\\\/\",\"https:\\\/\\\/www.youtube.com\\\/channel\\\/UCIv2ZzFLXVqthkNF32rKedw\\\/featured\"]}]}<\/script>\n<!-- \/ Yoast SEO plugin. -->","yoast_head_json":{"title":"Sevilla: Cosa vedere e dove dormire | Cammino di Santiago | Pilgrim","description":"Sevilla Scopri tutte le informazioni su dove alloggiare, come arrivare, cosa mangiare e sui principali punti di interesse delle localit\u00e0 lungo il Via della Plata.","robots":{"index":"index","follow":"follow","max-snippet":"max-snippet:-1","max-image-preview":"max-image-preview:large","max-video-preview":"max-video-preview:-1"},"canonical":"https:\/\/www.pilgrim.es\/it\/via-plata\/sevilla\/","og_locale":"it_IT","og_type":"article","og_title":"Sevilla: Cosa vedere e dove dormire | Cammino di Santiago | Pilgrim","og_description":"Sevilla Scopri tutte le informazioni su dove alloggiare, come arrivare, cosa mangiare e sui principali punti di interesse delle localit\u00e0 lungo il Via della Plata.","og_url":"https:\/\/www.pilgrim.es\/it\/via-plata\/sevilla\/","og_site_name":"Pilgrim","article_publisher":"https:\/\/www.facebook.com\/pilgrim.es\/","og_image":[{"width":520,"height":370,"url":"https:\/\/www.pilgrim.es\/wp-content\/uploads\/2019\/02\/SEVILLA-520x370.png","type":"image\/png"}],"twitter_card":"summary_large_image","twitter_site":"@pilgrim_es","twitter_misc":{"Tempo di lettura stimato":"13 minuti"},"schema":{"@context":"https:\/\/schema.org","@graph":[{"@type":"WebPage","@id":"https:\/\/www.pilgrim.es\/it\/via-plata\/sevilla\/","url":"https:\/\/www.pilgrim.es\/it\/via-plata\/sevilla\/","name":"Sevilla: Cosa vedere e dove dormire | Cammino di Santiago | Pilgrim","isPartOf":{"@id":"https:\/\/www.pilgrim.es\/it\/#website"},"primaryImageOfPage":{"@id":"https:\/\/www.pilgrim.es\/it\/via-plata\/sevilla\/#primaryimage"},"image":{"@id":"https:\/\/www.pilgrim.es\/it\/via-plata\/sevilla\/#primaryimage"},"thumbnailUrl":"https:\/\/www.pilgrim.es\/wp-content\/uploads\/2019\/02\/SEVILLA-520x370.png","datePublished":"2025-03-17T15:39:53+00:00","description":"Sevilla Scopri tutte le informazioni su dove alloggiare, come arrivare, cosa mangiare e sui principali punti di interesse delle localit\u00e0 lungo il Via della Plata.","breadcrumb":{"@id":"https:\/\/www.pilgrim.es\/it\/via-plata\/sevilla\/#breadcrumb"},"inLanguage":"it-IT","potentialAction":[{"@type":"ReadAction","target":["https:\/\/www.pilgrim.es\/it\/via-plata\/sevilla\/"]}]},{"@type":"ImageObject","inLanguage":"it-IT","@id":"https:\/\/www.pilgrim.es\/it\/via-plata\/sevilla\/#primaryimage","url":"https:\/\/www.pilgrim.es\/wp-content\/uploads\/2019\/02\/SEVILLA-520x370.png","contentUrl":"https:\/\/www.pilgrim.es\/wp-content\/uploads\/2019\/02\/SEVILLA-520x370.png","width":520,"height":370,"caption":"Sevilla"},{"@type":"BreadcrumbList","@id":"https:\/\/www.pilgrim.es\/it\/via-plata\/sevilla\/#breadcrumb","itemListElement":[{"@type":"ListItem","position":1,"name":"Camino de Santiago","item":"https:\/\/www.pilgrim.es\/it\/"},{"@type":"ListItem","position":2,"name":"V\u00eda de la Plata","item":"https:\/\/www.pilgrim.es\/it\/via-plata\/"},{"@type":"ListItem","position":3,"name":"Sevilla"}]},{"@type":"WebSite","@id":"https:\/\/www.pilgrim.es\/it\/#website","url":"https:\/\/www.pilgrim.es\/it\/","name":"Pilgrim","description":"Camino de Santiago | Caminamos Contigo","publisher":{"@id":"https:\/\/www.pilgrim.es\/it\/#organization"},"potentialAction":[{"@type":"SearchAction","target":{"@type":"EntryPoint","urlTemplate":"https:\/\/www.pilgrim.es\/it\/?s={search_term_string}"},"query-input":{"@type":"PropertyValueSpecification","valueRequired":true,"valueName":"search_term_string"}}],"inLanguage":"it-IT"},{"@type":"Organization","@id":"https:\/\/www.pilgrim.es\/it\/#organization","name":"Pilgrim Camino de Santiago","url":"https:\/\/www.pilgrim.es\/it\/","logo":{"@type":"ImageObject","inLanguage":"it-IT","@id":"https:\/\/www.pilgrim.es\/it\/#\/schema\/logo\/image\/","url":"https:\/\/www.pilgrim.es\/wp-content\/uploads\/2019\/04\/logo_pilgrim.png","contentUrl":"https:\/\/www.pilgrim.es\/wp-content\/uploads\/2019\/04\/logo_pilgrim.png","width":512,"height":512,"caption":"Pilgrim Camino de Santiago"},"image":{"@id":"https:\/\/www.pilgrim.es\/it\/#\/schema\/logo\/image\/"},"sameAs":["https:\/\/www.facebook.com\/pilgrim.es\/","https:\/\/x.com\/pilgrim_es","https:\/\/www.instagram.com\/pilgrim.es\/","https:\/\/www.linkedin.com\/company\/pilgrim-camino-de-santiago\/","https:\/\/www.pinterest.es\/pilgrimcaminodesantiago\/","https:\/\/www.youtube.com\/channel\/UCIv2ZzFLXVqthkNF32rKedw\/featured"]}]}},"_links":{"self":[{"href":"https:\/\/www.pilgrim.es\/it\/wp-json\/wp\/v2\/pages\/91481","targetHints":{"allow":["GET"]}}],"collection":[{"href":"https:\/\/www.pilgrim.es\/it\/wp-json\/wp\/v2\/pages"}],"about":[{"href":"https:\/\/www.pilgrim.es\/it\/wp-json\/wp\/v2\/types\/page"}],"replies":[{"embeddable":true,"href":"https:\/\/www.pilgrim.es\/it\/wp-json\/wp\/v2\/comments?post=91481"}],"version-history":[{"count":0,"href":"https:\/\/www.pilgrim.es\/it\/wp-json\/wp\/v2\/pages\/91481\/revisions"}],"up":[{"embeddable":true,"href":"https:\/\/www.pilgrim.es\/it\/wp-json\/wp\/v2\/pages\/10683"}],"wp:featuredmedia":[{"embeddable":true,"href":"https:\/\/www.pilgrim.es\/it\/wp-json\/wp\/v2\/media\/9315"}],"wp:attachment":[{"href":"https:\/\/www.pilgrim.es\/it\/wp-json\/wp\/v2\/media?parent=91481"}],"wp:term":[{"taxonomy":"category","embeddable":true,"href":"https:\/\/www.pilgrim.es\/it\/wp-json\/wp\/v2\/categories?post=91481"},{"taxonomy":"post_tag","embeddable":true,"href":"https:\/\/www.pilgrim.es\/it\/wp-json\/wp\/v2\/tags?post=91481"}],"curies":[{"name":"wp","href":"https:\/\/api.w.org\/{rel}","templated":true}]}}