{"id":91469,"date":"2025-03-17T15:35:20","date_gmt":"2025-03-17T15:35:20","guid":{"rendered":"https:\/\/www.pilgrim.es\/cammino-sanabrese\/ourense\/"},"modified":"2025-03-17T15:35:20","modified_gmt":"2025-03-17T15:35:20","slug":"ourense","status":"publish","type":"page","link":"https:\/\/www.pilgrim.es\/it\/cammino-sanabrese\/ourense\/","title":{"rendered":"Ourense"},"content":{"rendered":" <section id=\"hero\">\n\t<h1>Ourense<\/h1>\n\t<div class=\"hero-grid\">\n\t\t<div class=\"hero-grid__town-col\" data-background=\"https:\/\/cdn.pilgrim.es\/web\/caminos\/camino-sanabres\/pueblos\/ourense.jpg\">\n\t\t\t<div>\n\t\t\t\t<a class=\"link-to-stage\" href=\"https:\/\/www.pilgrim.es\/camino-sanabres\/etapa-9-xunqueira-de-ambia-ourense\/\">\n\t\t\t\t\t<p>&#8249; Ritorno al palcoscenico<\/p>\n\t\t\t\t<\/a>\n\n\t\t\t\t<div class=\"town-data\">\n\t\t\t\t\t<h2>Ourense<\/h2>\n\t\t\t\t\t<ul>\n\t\t\t\t\t\t<li>Abitanti: 106.321 aprox.<\/li>\n\t\t\t\t\t\t<li>Provincia: Ourense<\/li>\n\t\t\t\t\t<\/ul>\n\t\t\t\t<\/div>\n\t\t\t<\/div>\n\t\t<\/div>\n\t\t<div class=\"hero-grid__planner-col\"><div\r\n  class=\"p-col-span-1 p-rounded-lg p-px-5 p-h-full\"\r\n  style=\"background-image: url('https:\/\/cdn.pilgrim.es\/web\/pilgrim-planner\/bg-plugin-planificador.webp')\"\r\n  rel=\"preload\"\r\n  fetchpriority=\"high\"\r\n  >\r\n    <div class=\"p-text-center p-pt-5 p-text-white p-text-2xl p-font-semibold\">\r\n      Pianifica il tuo cammino    <\/div>\r\n    <div\r\n            id='primary-app'\r\n            data-name='banner'\r\n            data-api='https:\/\/pathfinder.pilgrim.es\/api\/pathfinder\/v2'\r\n            data-mode='normal'\r\n            data-lang='it'\r\n            data-route='1'\r\n            data-destiny='https:\/\/planificador.pilgrim.es'\r\n            data-modality='1'\r\n            data-inline=''\r\n        ><\/div><\/div><\/div>\n\t<\/div>\n<\/section>\n\n<section id=\"infoTown\">\n\t<div class=\"sections-town\">\n\n\t\t<div id=\"informationSection\">\n\t\t\t<div>\n\t\t\t\t<h2 class=\"p-h2-town\">Informazioni<\/h2>\n\t\t\t\t<hr>\n\t\t\t\t<h3 class=\"p-h3-town\">Get to know Ourense<\/h3>\n\t\t\t<\/div>\n\t\t\t<p>La citt\u00e0 di Ourense \u00e8 la terza pi\u00f9 grande della Comunit\u00e0 galiziana, dopo A Coru\u00f1a e Vigo. In questa variante del Cammino di Santiago \u00e8 l&#8217;unica citt\u00e0 che i pellegrini troveranno prima dell&#8217;arrivo.<\/p> <p>A questo punto della tappa, i pellegrini troveranno tutti i servizi di cui hanno bisogno. Inoltre, dovrebbero trovare il tempo per passeggiare nel meraviglioso centro storico di Ourense.\n\t\t<\/div>\n\n\t\t<div id=\"locationSection\">\n\t\t\t<div>\n\t\t\t\t<h2 class=\"p-h2-town\">Posizione<\/h2>\n\t\t\t\t<hr>\n\t\t\t\t<h3 class=\"p-h3-town\">Come arrivare<\/h3>\n\t\t\t<\/div>\n\t\t\t<p>Il modo principale per raggiungere la citt\u00e0 di Ourense \u00e8 la strada: si pu\u00f2 arrivare con l&#8217;autostrada A-52 che collega O Porri\u00f1o con Madrid grazie al collegamento con la A-6 a Benavente. L&#8217;autostrada AP-53 collega Ourense a Santiago de Compostela e grazie al collegamento con l&#8217;AP-9 si possono raggiungere rapidamente A Coru\u00f1a e Ferrol. Esistono anche strade secondarie che facilitano l&#8217;accesso da Ponferrada attraverso la N-120, la OU-536 che collega con Puebla de Trives e la OU-540 che collega Orense con Celanova.\n\n<p>C&#8217;\u00e8 una stazione ferroviaria che collega la citt\u00e0 con La Coru\u00f1a, Zamora, Madrid, Vigo, Barcellona, Bilbao e la Francia. \u00c8 anche possibile raggiungere la citt\u00e0 in autobus, ci sono linee che collegano Orense con Bilbao, Tordesillas, Granada, Murc\u00eda, Ponferrada, Salamanca, Saragozza, Alicante Salou, Oviedo e Madrid.\n\t\t\t<div>\n\t\t\t\t<div>\n  <iframe loading=\"lazy\"\n    src=\"https:\/\/www.google.com\/maps\/d\/embed?mid=1q2bJReYwOEnr-KmTGIA9mPIUEikLEGw&amp;ehbc=2E312F\"\n    width=\"640\"\n    height=\"480\"\n    alt=\"Mapa Ourense\"\n  ><\/iframe>\n<\/div>\n\n\t\t\t<\/div>\n\t\t<\/div>\n\n\t\t\n\t\t\t<div id=\"toVisitSection\">\n\t\t\t\t<div>\n\t\t\t\t\t<h2 class=\"p-h2-town\">Storia \/ Cultura<\/h2>\n\t\t\t\t\t<hr>\n\t\t\t\t\t<h3 class=\"p-h3-town\">Cosa vedere<\/h3>\n\t\t\t\t<\/div>\n\t\t\t\t<div>\n\t\t\t\t\t<div class=\"accordion\">\n\t\t\t\t\t\t<div class=\"accordion__menu\">\n\t\t\t\t\t\t\t<nav>\n\t\t\t\t\t\t\t\t\n\t\t\t\t\t\t\t\t\t<button class=\"nav-tab-accordion active\"><span>&#10093;<\/span><span> Santuario de Nuestra Se\u00f1ora de los Milagros<\/span><\/button>\n\t\t\t\t\t\t\t\t\n\t\t\t\t\t\t\t\t\t<button class=\"nav-tab-accordion \"><span>&#10093;<\/span><span> Santuario de Nuestra Se\u00f1ora de las Ermitas<\/span><\/button>\n\t\t\t\t\t\t\t\t\n\t\t\t\t\t\t\t\t\t<button class=\"nav-tab-accordion \"><span>&#10093;<\/span><span> Puentes de Ourense<\/span><\/button>\n\t\t\t\t\t\t\t\t\n\t\t\t\t\t\t\t\t\t<button class=\"nav-tab-accordion \"><span>&#10093;<\/span><span> Puente Lo\u00f1a<\/span><\/button>\n\t\t\t\t\t\t\t\t\n\t\t\t\t\t\t\t\t\t<button class=\"nav-tab-accordion \"><span>&#10093;<\/span><span> Plaza Mayor<\/span><\/button>\n\t\t\t\t\t\t\t\t\n\t\t\t\t\t\t\t\t\t<button class=\"nav-tab-accordion \"><span>&#10093;<\/span><span> Liceo de Ourense<\/span><\/button>\n\t\t\t\t\t\t\t\t\n\t\t\t\t\t\t\t\t\t<button class=\"nav-tab-accordion \"><span>&#10093;<\/span><span> Outariz<\/span><\/button>\n\t\t\t\t\t\t\t\t\n\t\t\t\t\t\t\t\t\t<button class=\"nav-tab-accordion \"><span>&#10093;<\/span><span> Iglesia de Santa Mar\u00eda Nai<\/span><\/button>\n\t\t\t\t\t\t\t\t\n\t\t\t\t\t\t\t\t\t<button class=\"nav-tab-accordion \"><span>&#10093;<\/span><span> Iglesia de Santo Domingo<\/span><\/button>\n\t\t\t\t\t\t\t\t\n\t\t\t\t\t\t\t\t\t<button class=\"nav-tab-accordion \"><span>&#10093;<\/span><span> Iglesia de Santa F\u00e1tima<\/span><\/button>\n\t\t\t\t\t\t\t\t\n\t\t\t\t\t\t\t\t\t<button class=\"nav-tab-accordion \"><span>&#10093;<\/span><span> Iglesia de Santa Eufemia<\/span><\/button>\n\t\t\t\t\t\t\t\t\n\t\t\t\t\t\t\t\t\t<button class=\"nav-tab-accordion \"><span>&#10093;<\/span><span> Iglesia de la Sant\u00edsima Trinidad<\/span><\/button>\n\t\t\t\t\t\t\t\t\n\t\t\t\t\t\t\t\t\t<button class=\"nav-tab-accordion \"><span>&#10093;<\/span><span> Iglesia de San Francisco<\/span><\/button>\n\t\t\t\t\t\t\t\t\n\t\t\t\t\t\t\t\t\t<button class=\"nav-tab-accordion \"><span>&#10093;<\/span><span> Catedral de San Marti\u00f1o<\/span><\/button>\n\t\t\t\t\t\t\t\t\n\t\t\t\t\t\t\t\t\t<button class=\"nav-tab-accordion \"><span>&#10093;<\/span><span> As Burgas<\/span><\/button>\n\t\t\t\t\t\t\t\t\n\t\t\t\t\t\t\t\t\t<button class=\"nav-tab-accordion \"><span>&#10093;<\/span><span> Palacio Episcopal y Museo Arqueol\u00f3gico<\/span><\/button>\n\t\t\t\t\t\t\t\t\n\t\t\t\t\t\t\t\t\t<button class=\"nav-tab-accordion \"><span>&#10093;<\/span><span> Alameda de Ourense<\/span><\/button>\n\t\t\t\t\t\t\t\t\n\t\t\t\t\t\t\t\t\t<button class=\"nav-tab-accordion \"><span>&#10093;<\/span><span> A Chavasqueira<\/span><\/button>\n\t\t\t\t\t\t\t\t\n\t\t\t\t\t\t\t<\/nav>\n\t\t\t\t\t\t<\/div>\n\n\t\t\t\t\t\t\n\t\t\t\t\t\t\t<div class=\"accordion__accordion-content \">\n\t\t\t\t\t\t\t\t<div>\n\t\t\t\t\t\t\t\t\t<div>\n\t\t\t\t\t\t\t\t\t\t<h4>Santuario de Nuestra Se\u00f1ora de los Milagros<\/h4>\n\t\t\t\t\t\t\t\t\t\t<p>Il Santuario di Nuestra Se\u00f1ora de los Milagros \u00e8 presieduto da una Via Crucis del XVIII secolo, costruita con solo 6 cappelle sulle 14 previste. Questa costruzione non pot\u00e9 essere terminata per problemi di finanziamento. <\/p>\n\n<p>INFORMAZIONI DI INTERESSE<\/p>\n\n<p>Web: www.santuariomilagros.com E-mail: info@santuariomilagros.com Telefono: 988 463 176<\/p> <p>Telefono: 988 463 176<\/p> <p>Tutte le informazioni sono disponibili sul seguente sito web\n\t\t\t\t\t\t\t\t\t<\/div>\n\t\t\t\t\t\t\t\t\t<img decoding=\"async\" src=\"https:\/\/cdn.pilgrim.es\/web\/caminos\/camino-sanabres\/pueblos\/ourense\/puntos-de-interes\/santuario-de-nuestra-senora-de-los-milagros.jpg\" alt=\"Santuario de Nuestra Se\u00f1ora de los Milagros\">\n\t\t\t\t\t\t\t\t<\/div>\n\t\t\t\t\t\t\t<\/div>\n\t\t\t\t\t\t\n\t\t\t\t\t\t\t<div class=\"accordion__accordion-content inactive\">\n\t\t\t\t\t\t\t\t<div>\n\t\t\t\t\t\t\t\t\t<div>\n\t\t\t\t\t\t\t\t\t\t<h4>Santuario de Nuestra Se\u00f1ora de las Ermitas<\/h4>\n\t\t\t\t\t\t\t\t\t\t<p>Il Santuario di Nuestra Se\u00f1ora de Las Ermitas fu costruito nel primo decennio del XVIII secolo da Juan Mart\u00ednez Pita. La Via Crucis eretta di fronte risale al 1730 ed \u00e8 composta da 14 cappelle con 62 statue. <\/p>\n\t\t\t\t\t\t\t\t\t<\/div>\n\t\t\t\t\t\t\t\t\t<img decoding=\"async\" src=\"https:\/\/cdn.pilgrim.es\/web\/caminos\/camino-sanabres\/pueblos\/ourense\/puntos-de-interes\/santuario-de-nuestra-senora-de-las-ermitas.jpg\" alt=\"Santuario de Nuestra Se\u00f1ora de las Ermitas\">\n\t\t\t\t\t\t\t\t<\/div>\n\t\t\t\t\t\t\t<\/div>\n\t\t\t\t\t\t\n\t\t\t\t\t\t\t<div class=\"accordion__accordion-content inactive\">\n\t\t\t\t\t\t\t\t<div>\n\t\t\t\t\t\t\t\t\t<div>\n\t\t\t\t\t\t\t\t\t\t<h4>Puentes de Ourense<\/h4>\n\t\t\t\t\t\t\t\t\t\t<p>La citt\u00e0 di Ourense ospita un gran numero di ponti che attraversano il Mi\u00f1o per accedere al suo centro. Sia di origine romana che moderna.\n\t\t\t\t\t\t\t\t\t<\/div>\n\t\t\t\t\t\t\t\t\t<img decoding=\"async\" src=\"https:\/\/cdn.pilgrim.es\/web\/caminos\/camino-sanabres\/pueblos\/ourense\/puntos-de-interes\/puentes-de-ourense.jpg\" alt=\"Puentes de Ourense\">\n\t\t\t\t\t\t\t\t<\/div>\n\t\t\t\t\t\t\t<\/div>\n\t\t\t\t\t\t\n\t\t\t\t\t\t\t<div class=\"accordion__accordion-content inactive\">\n\t\t\t\t\t\t\t\t<div>\n\t\t\t\t\t\t\t\t\t<div>\n\t\t\t\t\t\t\t\t\t\t<h4>Puente Lo\u00f1a<\/h4>\n\t\t\t\t\t\t\t\t\t\t<p>Il Ponte della Lo\u00f1a si trova sull&#8217;antica strada che collega la citt\u00e0 di Ourense a Peares, che \u00e8 stata ricostruita in numerose occasioni, pur mantenendo la sua struttura originale, ed \u00e8 attualmente utilizzato per accedere a una zona di bagni termali.<\/p> <p>Il Ponte della Lo\u00f1a si trova sull&#8217;antica strada che collega la citt\u00e0 di Ourense a Peares, che \u00e8 stata ricostruita in numerose occasioni, pur mantenendo la sua struttura originale, ed \u00e8 attualmente utilizzato per accedere a una zona di bagni termali.\n\t\t\t\t\t\t\t\t\t<\/div>\n\t\t\t\t\t\t\t\t\t<img decoding=\"async\" src=\"https:\/\/cdn.pilgrim.es\/web\/caminos\/camino-sanabres\/pueblos\/ourense\/puntos-de-interes\/puente-lona.jpg\" alt=\"Puente Lo\u00f1a\">\n\t\t\t\t\t\t\t\t<\/div>\n\t\t\t\t\t\t\t<\/div>\n\t\t\t\t\t\t\n\t\t\t\t\t\t\t<div class=\"accordion__accordion-content inactive\">\n\t\t\t\t\t\t\t\t<div>\n\t\t\t\t\t\t\t\t\t<div>\n\t\t\t\t\t\t\t\t\t\t<h4>Plaza Mayor<\/h4>\n\t\t\t\t\t\t\t\t\t\t<p>La piazza principale di Ourense si trova nei dintorni di Burgas. \u00c8 una piazza di grandi proporzioni, circondata da antiche case ed edifici emblematici risalenti al periodo compreso tra il XVIII e il XIX secolo. L&#8217;edificio che spicca maggiormente \u00e8 il Municipio di Queralt, che presiede la piazza e risale al XIX secolo. <\/p>\n\t\t\t\t\t\t\t\t\t<\/div>\n\t\t\t\t\t\t\t\t\t<img decoding=\"async\" src=\"https:\/\/cdn.pilgrim.es\/web\/caminos\/camino-sanabres\/pueblos\/ourense\/puntos-de-interes\/plaza-mayor.jpg\" alt=\"Plaza Mayor\">\n\t\t\t\t\t\t\t\t<\/div>\n\t\t\t\t\t\t\t<\/div>\n\t\t\t\t\t\t\n\t\t\t\t\t\t\t<div class=\"accordion__accordion-content inactive\">\n\t\t\t\t\t\t\t\t<div>\n\t\t\t\t\t\t\t\t\t<div>\n\t\t\t\t\t\t\t\t\t\t<h4>Liceo de Ourense<\/h4>\n\t\t\t\t\t\t\t\t\t\t<p>Il Pazo Oca Valladares-Liceo si caratterizza per il suo stile gotico-rinascimentale. La sua costruzione inizi\u00f2 nel 1522 ma fu completata solo nel 1583, grazie ad \u00c1lvaro de Oca y Deza. Questo monumento \u00e8 stato costruito interamente con pietre provenienti dai dintorni di Ourense ed \u00e8 suddiviso in due piani. L&#8217;edificio rimase vuoto durante il XIX secolo fino a quando, nel 1870, divenne la sede del Liceo Recreo de Artesanos de Ourense. Qui si riunirono artisti come Lamas Carvajal, Curros Enriquez, Isaac Alb\u00e9niz, tra gli altri.\n\t\t\t\t\t\t\t\t\t<\/div>\n\t\t\t\t\t\t\t\t\t<img decoding=\"async\" src=\"https:\/\/cdn.pilgrim.es\/web\/caminos\/camino-sanabres\/pueblos\/ourense\/puntos-de-interes\/liceo-de-ourense.jpg\" alt=\"Liceo de Ourense\">\n\t\t\t\t\t\t\t\t<\/div>\n\t\t\t\t\t\t\t<\/div>\n\t\t\t\t\t\t\n\t\t\t\t\t\t\t<div class=\"accordion__accordion-content inactive\">\n\t\t\t\t\t\t\t\t<div>\n\t\t\t\t\t\t\t\t\t<div>\n\t\t\t\t\t\t\t\t\t\t<h4>Outariz<\/h4>\n\t\t\t\t\t\t\t\t\t\t<p>Le terme di Outariz si trovano sulle rive del fiume Mi\u00f1o, che attraversa la citt\u00e0 di Orense, e sono situate all&#8217;interno di un recinto privato presieduto da un edificio in legno che ospita una serie di strutture dedicate all&#8217;idromassaggio, alla sauna e a un&#8217;ampia variet\u00e0 di trattamenti, come la cioccoterapia, la bellezza, le alghe, ecc.<\/p> <p>Le terme di Outariz si trovano sulle rive del fiume Mi\u00f1o, che attraversa la citt\u00e0 di Orense.\n\t\t\t\t\t\t\t\t\t<\/div>\n\t\t\t\t\t\t\t\t\t<img decoding=\"async\" src=\"https:\/\/cdn.pilgrim.es\/web\/caminos\/camino-sanabres\/pueblos\/ourense\/puntos-de-interes\/outariz.jpg\" alt=\"Outariz\">\n\t\t\t\t\t\t\t\t<\/div>\n\t\t\t\t\t\t\t<\/div>\n\t\t\t\t\t\t\n\t\t\t\t\t\t\t<div class=\"accordion__accordion-content inactive\">\n\t\t\t\t\t\t\t\t<div>\n\t\t\t\t\t\t\t\t\t<div>\n\t\t\t\t\t\t\t\t\t\t<h4>Iglesia de Santa Mar\u00eda Nai<\/h4>\n\t\t\t\t\t\t\t\t\t\t<p>La Chiesa di Santa Maria Nai \u00e8 una delle pi\u00f9 antiche della citt\u00e0 e, sebbene non si conosca la data esatta della sua costruzione, dagli elementi architettonici si pu\u00f2 dedurre che risalga all&#8217;incirca al IV secolo. <\/p>\n\t\t\t\t\t\t\t\t\t<\/div>\n\t\t\t\t\t\t\t\t\t<img decoding=\"async\" src=\"https:\/\/cdn.pilgrim.es\/web\/caminos\/camino-sanabres\/pueblos\/ourense\/puntos-de-interes\/iglesia-de-santa-maria-nai.jpg\" alt=\"Iglesia de Santa Mar\u00eda Nai\">\n\t\t\t\t\t\t\t\t<\/div>\n\t\t\t\t\t\t\t<\/div>\n\t\t\t\t\t\t\n\t\t\t\t\t\t\t<div class=\"accordion__accordion-content inactive\">\n\t\t\t\t\t\t\t\t<div>\n\t\t\t\t\t\t\t\t\t<div>\n\t\t\t\t\t\t\t\t\t\t<h4>Iglesia de Santo Domingo<\/h4>\n\t\t\t\t\t\t\t\t\t\t<p>La Chiesa di Santo Domingo si trova accanto al Convento, formando un complesso costruito a met\u00e0 del XVII secolo grazie ai contributi finanziari di Domingo Rodr\u00edguez de Ara\u00fajo, che don\u00f2 questo complesso all&#8217;Ordine Domenicano. <\/p>\n\t\t\t\t\t\t\t\t\t<\/div>\n\t\t\t\t\t\t\t\t\t<img decoding=\"async\" src=\"https:\/\/cdn.pilgrim.es\/web\/caminos\/camino-sanabres\/pueblos\/ourense\/puntos-de-interes\/iglesia-de-santo-domingo.jpg\" alt=\"Iglesia de Santo Domingo\">\n\t\t\t\t\t\t\t\t<\/div>\n\t\t\t\t\t\t\t<\/div>\n\t\t\t\t\t\t\n\t\t\t\t\t\t\t<div class=\"accordion__accordion-content inactive\">\n\t\t\t\t\t\t\t\t<div>\n\t\t\t\t\t\t\t\t\t<div>\n\t\t\t\t\t\t\t\t\t\t<h4>Iglesia de Santa F\u00e1tima<\/h4>\n\t\t\t\t\t\t\t\t\t\t<p>La chiesa di Santa Fatima ha sulla facciata un&#8217;immagine in pietra della Vergine Maria, che viene venerata. Questa immagine \u00e8 alta quattro metri ed \u00e8 opera dello scultore Failde. <\/p>\n\n<p>L&#8217;interno presenta un gran numero di dettagli ornamentali, come le panche in legno di castagno su cui \u00e8 inciso l&#8217;anagramma della Vergine. Alle estremit\u00e0 sono scolpite grandi aquile, l&#8217;intero insieme \u00e8 opera dei fratelli N\u00fa\u00f1ez. <\/p>\n\t\t\t\t\t\t\t\t\t<\/div>\n\t\t\t\t\t\t\t\t\t<img decoding=\"async\" src=\"https:\/\/cdn.pilgrim.es\/web\/caminos\/camino-sanabres\/pueblos\/ourense\/puntos-de-interes\/iglesia-de-santa-fatima.jpg\" alt=\"Iglesia de Santa F\u00e1tima\">\n\t\t\t\t\t\t\t\t<\/div>\n\t\t\t\t\t\t\t<\/div>\n\t\t\t\t\t\t\n\t\t\t\t\t\t\t<div class=\"accordion__accordion-content inactive\">\n\t\t\t\t\t\t\t\t<div>\n\t\t\t\t\t\t\t\t\t<div>\n\t\t\t\t\t\t\t\t\t\t<h4>Iglesia de Santa Eufemia<\/h4>\n\t\t\t\t\t\t\t\t\t\t<p>La chiesa barocca di Santa Eufemia ha richiesto 100 anni di lavoro, ma nonostante ci\u00f2 mostra una grande coerenza stilistica. La sua struttura non \u00e8 completa, poich\u00e9 nel 1989 \u00e8 stata eretta solo una delle sue torri, mentre l&#8217;altra \u00e8 ancora incompiuta. <\/p>\n\t\t\t\t\t\t\t\t\t<\/div>\n\t\t\t\t\t\t\t\t\t<img decoding=\"async\" src=\"https:\/\/cdn.pilgrim.es\/web\/caminos\/camino-sanabres\/pueblos\/ourense\/puntos-de-interes\/iglesia-de-santa-eufemia.jpg\" alt=\"Iglesia de Santa Eufemia\">\n\t\t\t\t\t\t\t\t<\/div>\n\t\t\t\t\t\t\t<\/div>\n\t\t\t\t\t\t\n\t\t\t\t\t\t\t<div class=\"accordion__accordion-content inactive\">\n\t\t\t\t\t\t\t\t<div>\n\t\t\t\t\t\t\t\t\t<div>\n\t\t\t\t\t\t\t\t\t\t<h4>Iglesia de la Sant\u00edsima Trinidad<\/h4>\n\t\t\t\t\t\t\t\t\t\t<p>La Chiesa della Santissima Trinit\u00e0 \u00e8 la pi\u00f9 antica della citt\u00e0, anche se della sua costruzione originaria rimangono solo alcuni dettagli romanici. Pi\u00f9 tardi, tra il XV e il XVI secolo, fu aggiunto lo stemma gotico-fiammingo. <\/p>\n\n<p>Uno degli scopi di questa chiesa era quello di ospitare i pellegrini che giungevano nella zona, motivo per cui sul portale laterale \u00e8 incisa una conchiglia, simbolo del pellegrinaggio a Santiago de Compostela. <\/p>\n\n<p>Orario della messa <\/p> <p>Orario della messa <\/p> <p>.\n\n<p>Da settembre a giugno Feriali alle 08:30, 10:00, 12:00 e 19:30 Domenica alle 10:00, 11:00, 12:00, 13:00 e 19:30Luglio e agosto Feriali alle 08:30, 12:00 e 19:30 Domenica alle 10:00, 11:00, 12:00 e 19:30<\/p> <p>Domenica alle 10:00, 11:00, 12:00 e 19:30<\/p> <p>Domenica alle 10:00, 11:00, 12:00 e 19:30.\n\n<p>INFORMAZIONI DI INTERESSE<\/p>\n\n<p>Telefono: 988 235 306<\/p>\n\t\t\t\t\t\t\t\t\t<\/div>\n\t\t\t\t\t\t\t\t\t<img decoding=\"async\" src=\"https:\/\/cdn.pilgrim.es\/web\/caminos\/camino-sanabres\/pueblos\/ourense\/puntos-de-interes\/iglesia-de-la-santisima-trinidad.jpg\" alt=\"Iglesia de la Sant\u00edsima Trinidad\">\n\t\t\t\t\t\t\t\t<\/div>\n\t\t\t\t\t\t\t<\/div>\n\t\t\t\t\t\t\n\t\t\t\t\t\t\t<div class=\"accordion__accordion-content inactive\">\n\t\t\t\t\t\t\t\t<div>\n\t\t\t\t\t\t\t\t\t<div>\n\t\t\t\t\t\t\t\t\t\t<h4>Iglesia de San Francisco<\/h4>\n\t\t\t\t\t\t\t\t\t\t<p>La chiesa di San Francisco fu costruita nel XIV secolo alla periferia della citt\u00e0 e della sua struttura originale rimane solo il chiostro in stile gotico. In seguito, la chiesa fu trasferita nel parco di San L\u00e1zaro, per cui oggi il chiostro e la chiesa sono separati.<\/p> <p>La chiesa fu costruita nel XIV secolo alla periferia della citt\u00e0 e della sua struttura originale rimane solo il chiostro gotico.\n\t\t\t\t\t\t\t\t\t<\/div>\n\t\t\t\t\t\t\t\t\t<img decoding=\"async\" src=\"https:\/\/cdn.pilgrim.es\/web\/caminos\/camino-sanabres\/pueblos\/ourense\/puntos-de-interes\/iglesia-de-san-francisco.jpg\" alt=\"Iglesia de San Francisco\">\n\t\t\t\t\t\t\t\t<\/div>\n\t\t\t\t\t\t\t<\/div>\n\t\t\t\t\t\t\n\t\t\t\t\t\t\t<div class=\"accordion__accordion-content inactive\">\n\t\t\t\t\t\t\t\t<div>\n\t\t\t\t\t\t\t\t\t<div>\n\t\t\t\t\t\t\t\t\t\t<h4>Catedral de San Marti\u00f1o<\/h4>\n\t\t\t\t\t\t\t\t\t\t<p>La Cattedrale di San Marti\u00f1o fa risalire il suo altare principale al 1188, quindi \u00e8 di stile romanico di transizione e mostra molte somiglianze con la Cattedrale di Santiago de Compostela, in quanto anche questa \u00e8 considerata una chiesa di pellegrinaggio. <\/p>\n\t\t\t\t\t\t\t\t\t<\/div>\n\t\t\t\t\t\t\t\t\t<img decoding=\"async\" src=\"https:\/\/cdn.pilgrim.es\/web\/caminos\/camino-sanabres\/pueblos\/ourense\/puntos-de-interes\/catedral-de-san-martino.jpg\" alt=\"Catedral de San Marti\u00f1o\">\n\t\t\t\t\t\t\t\t<\/div>\n\t\t\t\t\t\t\t<\/div>\n\t\t\t\t\t\t\n\t\t\t\t\t\t\t<div class=\"accordion__accordion-content inactive\">\n\t\t\t\t\t\t\t\t<div>\n\t\t\t\t\t\t\t\t\t<div>\n\t\t\t\t\t\t\t\t\t\t<h4>As Burgas<\/h4>\n\t\t\t\t\t\t\t\t\t\t<p>A Burgas si trova un insieme di sorgenti dichiarate Sito Storico-Artistico nel 1975, attraverso le quali sgorgano acque termali alle quali vengono attribuite propriet\u00e0 curative, soprattutto per guarire le patologie della pelle. Per questo motivo le Ourense sono conosciute come la risorsa turistica pi\u00f9 simbolica e visitata della citt\u00e0.\n\t\t\t\t\t\t\t\t\t<\/div>\n\t\t\t\t\t\t\t\t\t<img decoding=\"async\" src=\"https:\/\/cdn.pilgrim.es\/web\/caminos\/camino-sanabres\/pueblos\/ourense\/puntos-de-interes\/as-burgas.jpg\" alt=\"As Burgas\">\n\t\t\t\t\t\t\t\t<\/div>\n\t\t\t\t\t\t\t<\/div>\n\t\t\t\t\t\t\n\t\t\t\t\t\t\t<div class=\"accordion__accordion-content inactive\">\n\t\t\t\t\t\t\t\t<div>\n\t\t\t\t\t\t\t\t\t<div>\n\t\t\t\t\t\t\t\t\t\t<h4>Palacio Episcopal y Museo Arqueol\u00f3gico<\/h4>\n\t\t\t\t\t\t\t\t\t\t<p>Il Museo Archeologico di Ourense si trova nell&#8217;edificio del Palazzo Episcopale, dichiarato Monumento Storico-Artistico nel 1931. La struttura che si pu\u00f2 ammirare oggi fu eretta nel XII secolo e presenta una facciata romanica, incorporando successivamente elementi gotici come la Torre di Santa Maria. Furono aggiunte anche parti rinascimentali, come la galleria del giardino, e alcune barocche, come il portale principale. <\/p>\n\n<p>OGGI<\/p>\n\n<p>Sala d&#8217;Inverno San Francisco. Antologia della scultura Da marted\u00ec a sabato dalle 09:30 alle 14:30 e dalle 16:00 alle 21:00 Domenica dalle 09:30 alle 14:30Edificio Santa Mar\u00eda de Europa. Biblioteca e area tecnica dal luned\u00ec al venerd\u00ec dalle 09:30 alle 14:00 e dalle 16:00 alle 20:00<\/p> <p>Domenica dalle 09:30 alle 14:00 e dalle 16:00 alle 20:00\n\n<p>Estate San Francisco Hall. Antologia di sculture Da marted\u00ec a sabato dalle 09:30 alle 14:30 e dalle 15:00 alle 21:00 Domenica dalle 09:30 alle 14:30Edificio Santa Mar\u00eda de Europa. Biblioteca e area tecnica da luned\u00ec a venerd\u00ec dalle 09:00 alle 14:30<\/p>\n\n<p>Chiuso il luned\u00ec e i giorni festivi<\/p>\n\n<p>TARIFFA<\/p>\n\n<p>Ingresso gratuito<\/p>\n\n<p>INFORMAZIONI DI INTERESSE<\/p>\n\n<p>Web: museos.xunta.gal\/it\/arqueoloxico-ourenseTelefono: 988 788 439<\/p>\n\t\t\t\t\t\t\t\t\t<\/div>\n\t\t\t\t\t\t\t\t\t<img decoding=\"async\" src=\"https:\/\/cdn.pilgrim.es\/web\/caminos\/camino-sanabres\/pueblos\/ourense\/puntos-de-interes\/palacio-episcopal-y-museo-arqueologico.jpg\" alt=\"Palacio Episcopal y Museo Arqueol\u00f3gico\">\n\t\t\t\t\t\t\t\t<\/div>\n\t\t\t\t\t\t\t<\/div>\n\t\t\t\t\t\t\n\t\t\t\t\t\t\t<div class=\"accordion__accordion-content inactive\">\n\t\t\t\t\t\t\t\t<div>\n\t\t\t\t\t\t\t\t\t<div>\n\t\t\t\t\t\t\t\t\t\t<h4>Alameda de Ourense<\/h4>\n\t\t\t\t\t\t\t\t\t\t<p>L&#8217;Alameda de Ourense, nota anche come Horta do Concello per essere il luogo dove si tenevano le riunioni di quartiere, si trova a pochi metri dalla Plaza Mayor e dal Municipio.<\/p> <p>L&#8217;Alameda de Ourense, nota anche come Horta do Concello per essere il luogo dove si tenevano le riunioni di quartiere, si trova a pochi metri dalla Plaza Mayor e dal Municipio.\n\t\t\t\t\t\t\t\t\t<\/div>\n\t\t\t\t\t\t\t\t\t<img decoding=\"async\" src=\"https:\/\/cdn.pilgrim.es\/web\/caminos\/camino-sanabres\/pueblos\/ourense\/puntos-de-interes\/alameda-de-ourense.jpg\" alt=\"Alameda de Ourense\">\n\t\t\t\t\t\t\t\t<\/div>\n\t\t\t\t\t\t\t<\/div>\n\t\t\t\t\t\t\n\t\t\t\t\t\t\t<div class=\"accordion__accordion-content inactive\">\n\t\t\t\t\t\t\t\t<div>\n\t\t\t\t\t\t\t\t\t<div>\n\t\t\t\t\t\t\t\t\t\t<h4>A Chavasqueira<\/h4>\n\t\t\t\t\t\t\t\t\t\t<p>Las Termas de A Chavasqueira \u00e8 un complesso situato alla periferia di Ourense, dove possiamo trovare strutture adeguate per offrire diversi trattamenti rilassanti ed estetici, nonch\u00e9 un circuito termale con diverse piscine, saune, ecc. Questo recinto \u00e8 ad uso privato, pertanto \u00e8 necessario prenotare e pagare per l&#8217;utilizzo dello stesso.\n\t\t\t\t\t\t\t\t\t<\/div>\n\t\t\t\t\t\t\t\t\t<img decoding=\"async\" src=\"https:\/\/cdn.pilgrim.es\/web\/caminos\/camino-sanabres\/pueblos\/ourense\/puntos-de-interes\/a-chavasqueira.jpg\" alt=\"A Chavasqueira\">\n\t\t\t\t\t\t\t\t<\/div>\n\t\t\t\t\t\t\t<\/div>\n\t\t\t\t\t\t\n\t\t\t\t\t<\/div>\n\t\t\t\t<\/div>\n\t\t\t<\/div>\n\t\t\n\n\t\t<div id=\"phonesSection\">\n\t\t\t<div>\n\t\t\t\t<h2 class=\"p-h3-town\">Informazioni di interesse<\/h2>\n\t\t\t<\/div>\n\t\t\t<div class=\"grid\">\n\t\t\t\t\n\t\t\t\t\t<div class=\"phone-number-item\">\n\t\t\t\t\t\t<div class=\"phone-number-item__icon\"><i class=\"icon-police\"><\/i><\/div>\n\t\t\t\t\t\t<div class=\"phone-number-item__title\">\n\t\t\t\t\t\t\t<h3 class=\"p-font-bold\">Polizia locale<\/h3>\n\t\t\t\t\t\t\t<p>988 288 138<\/p>\n\t\t\t\t\t\t\t\n\t\t\t\t\t\t<\/div>\n\t\t\t\t\t<\/div>\n\t\t\t\t\n\t\t\t\t\t<div class=\"phone-number-item\">\n\t\t\t\t\t\t<div class=\"phone-number-item__icon\"><i class=\"icon-spanish-military-police\"><\/i><\/div>\n\t\t\t\t\t\t<div class=\"phone-number-item__title\">\n\t\t\t\t\t\t\t<h3 class=\"p-font-bold\">Guardia civile<\/h3>\n\t\t\t\t\t\t\t<p>988 235 353<\/p>\n\t\t\t\t\t\t\t\n\t\t\t\t\t\t<\/div>\n\t\t\t\t\t<\/div>\n\t\t\t\t\n\t\t\t\t\t<div class=\"phone-number-item\">\n\t\t\t\t\t\t<div class=\"phone-number-item__icon\"><i class=\"icon-firefighters\"><\/i><\/div>\n\t\t\t\t\t\t<div class=\"phone-number-item__title\">\n\t\t\t\t\t\t\t<h3 class=\"p-font-bold\">Vigili del fuoco<\/h3>\n\t\t\t\t\t\t\t<p>988 370 000<\/p>\n\t\t\t\t\t\t\t\n\t\t\t\t\t\t<\/div>\n\t\t\t\t\t<\/div>\n\t\t\t\t\n\t\t\t\t\t<div class=\"phone-number-item\">\n\t\t\t\t\t\t<div class=\"phone-number-item__icon\"><i class=\"icon-civil-protection\"><\/i><\/div>\n\t\t\t\t\t\t<div class=\"phone-number-item__title\">\n\t\t\t\t\t\t\t<h3 class=\"p-font-bold\">Protezione civile<\/h3>\n\t\t\t\t\t\t\t<p>988 210 931<\/p>\n\t\t\t\t\t\t\t\n\t\t\t\t\t\t<\/div>\n\t\t\t\t\t<\/div>\n\t\t\t\t\n\t\t\t\t\t<div class=\"phone-number-item\">\n\t\t\t\t\t\t<div class=\"phone-number-item__icon\"><i class=\"icon-town-council\"><\/i><\/div>\n\t\t\t\t\t\t<div class=\"phone-number-item__title\">\n\t\t\t\t\t\t\t<h3 class=\"p-font-bold\">Municipio<\/h3>\n\t\t\t\t\t\t\t<p>988 388 100<\/p>\n\t\t\t\t\t\t\t\n\t\t\t\t\t\t<\/div>\n\t\t\t\t\t<\/div>\n\t\t\t\t\n\t\t\t\t\t<div class=\"phone-number-item\">\n\t\t\t\t\t\t<div class=\"phone-number-item__icon\"><i class=\"icon-hospital\"><\/i><\/div>\n\t\t\t\t\t\t<div class=\"phone-number-item__title\">\n\t\t\t\t\t\t\t<h3 class=\"p-font-bold\">Centro sanitario<\/h3>\n\t\t\t\t\t\t\t<p>988 385 499<\/p>\n\t\t\t\t\t\t\t\n\t\t\t\t\t\t<\/div>\n\t\t\t\t\t<\/div>\n\t\t\t\t\n\t\t\t\t\t<div class=\"phone-number-item\">\n\t\t\t\t\t\t<div class=\"phone-number-item__icon\"><i class=\"icon-tourism\"><\/i><\/div>\n\t\t\t\t\t\t<div class=\"phone-number-item__title\">\n\t\t\t\t\t\t\t<h3 class=\"p-font-bold\">Ufficio turistico<\/h3>\n\t\t\t\t\t\t\t<p>988 366 064<\/p>\n\t\t\t\t\t\t\t\n\t\t\t\t\t\t\t\t<p>Calle Isabel La Cat\u00f3lica, 2<\/p>\n\t\t\t\t\t\t\t\n\t\t\t\t\t\t<\/div>\n\t\t\t\t\t<\/div>\n\t\t\t\t\n\t\t\t<\/div>\n\t\t<\/div>\n\n\t\t<div id=\"clientForm\">\n        <section>\n        <img decoding=\"async\" src=\"https:\/\/cdn.pilgrim.es\/web\/home\/email-contacto.png\" alt=\"contacto\">\n        <div>\n            <p>Ti inviamo la tua pianificazione<\/p>\n            <p>Forniscici i tuoi dati e ricevi la pianificazione del tuo viaggio via email <\/p>\n            <form method=\"post\" data-url=\"\/wp-admin\/admin-ajax.php\" id=\"planner--client\" class=\"flag-right form-client\">\n    <div class=\"form-data\">\n        <input name=\"form_id\" type=\"hidden\" value=\"Formulario Leads\">\n        <input name=\"type\" type=\"hidden\" value=\"planner_client\">\n        <input type=\"text\" name=\"nombre\" value=\"\" size=\"40\" class=\"form-control\" aria-required=\"true\" aria-invalid=\"false\" placeholder=\"Nome\">\n        <input type=\"email\" name=\"email\" value=\"\" size=\"40\" class=\"form-control\" aria-required=\"true\" aria-invalid=\"false\" placeholder=\"Mail\">\n        <input type=\"text\" id=\"phone-input\" name=\"tel\" value=\"\" size=\"40\" class=\"phone-input form-control\" aria-required=\"true\" aria-invalid=\"false\" placeholder=\"Telefono\">\n        <input type=\"hidden\" name=\"telefono\">\n    <\/div>\n    <div class=\"form-checkbox\">\n        <span>\n            Pilgrim Travel. S.L. informa, come previsto dal Regolamento 2016\/679, che i dati utilizzati in questo modulo verranno utilizzati sia per la risposta delle eventuali consultazioni sia per la pub-blicazione dei commenti, essendo il consenso dell'utente la base di legittimazione. Potranno esse-re esercitati i diritti in conformit\u00e0 con quanto stabilito dalla nostra             <a href=\"https:\/\/www.pilgrim.es\/it\/informativa-sulla-privacy\/\" target=\"_blank\" rel=\"noopener noreferrer nofollow\">Politica di privacy.<\/a>\n        <\/span>\n    <\/div>\n\n    <div class=\"form-submit\">\n        <button id=\"planner--client-create\" type=\"submit\">Formulario di contatto<\/button>\n        <div class=\"loadingDiv\"><i class=\"p-spinner\"><\/i><\/div>\n    <\/div>\n\n    <div class=\"contact-content-form-success\">\n        <p><i class=\"fas fa-check\"><\/i> Il modulo \u00e8 stato inviato correttamente<\/p>\n    <\/div>\n\n    <div class=\"contact-content-form-error\">\n        <span class=\"input-error\"><\/span>\n    <\/div>\n<\/form>        <\/div>\n    <\/section>\n<\/div>\n\n\t\t<div id=\"recomendationSection\">\n\t\t\t<div>\n\t\t\t\t<h2 class=\"p-h2-town\">Consigliato<\/h2>\n\t\t\t\t<hr>\n\t\t\t\t<h3 class=\"p-h3-town\">Gastronomia<\/h3>\n\t\t\t<\/div>\n\t\t\tNella gastronomia tipica di Ourense spiccano prodotti come l&#8217;empanada, la spalla di maiale con cime di rapa, l&#8217;orecchio, il prosciutto, il polpo, la cachucha, i morunos, il capriolo, il cervo e lo stufato galiziano. Tra i prodotti locali spiccano anche le patate e le castagne.\n\nNon dimenticate di accompagnare i vostri pasti con alcuni dei vini locali, con le seguenti denominazioni di origine: Ribeiro, Ribeira Sacra, Monterrei e Valdeorras.\n\nPer quanto riguarda i prodotti dolciari, spiccano la bica, i dolci di mandorle, le canne ripiene e i marron glace.\n\t\t<\/div>\n\n\n\t\t\n\t\t\t<div id=\"holidaysSection\">\n\t\t\t\t<div>\n\t\t\t\t\t<h2 class=\"p-h2-town\">Consigliato<\/h2>\n\t\t\t\t\t<hr>\n\t\t\t\t\t<h3 class=\"p-h3-town\">Festival e pellegrinaggi<\/h3>\n\t\t\t\t<\/div>\n\t\t\t\t<div class=\"grid holidays-grid\">\n\t\t\t\t\t\n\t\t\t\t\t\t<div>\n\t\t\t\t\t\t\t<div class=\"phone-number-item\">\n\t\t\t\t\t\t\t\t<div class=\"phone-number-item__icon\"><i class=\"icon-holiday\"><\/i><\/div>\n\t\t\t\t\t\t\t\t<div class=\"phone-number-item__title dark-text\">\n\t\t\t\t\t\t\t\t\t<p class=\"p-font-bold\">Vacanza locale<\/p>\n\t\t\t\t\t\t\t\t\t<p>13 de mayo: Fiesta de F\u00e1tima<\/p>\n\t\t\t\t\t\t\t\t<\/div>\n\t\t\t\t\t\t\t<\/div>\n\t\t\t\t\t\t<\/div>\n\t\t\t\t\t\n\t\t\t\t\t\t<div>\n\t\t\t\t\t\t\t<div class=\"phone-number-item\">\n\t\t\t\t\t\t\t\t<div class=\"phone-number-item__icon\"><i class=\"icon-holiday\"><\/i><\/div>\n\t\t\t\t\t\t\t\t<div class=\"phone-number-item__title dark-text\">\n\t\t\t\t\t\t\t\t\t<p class=\"p-font-bold\">Vacanza locale<\/p>\n\t\t\t\t\t\t\t\t\t<p>25 de julio: Fiesta de Santiago Ap\u00f3stol<\/p>\n\t\t\t\t\t\t\t\t<\/div>\n\t\t\t\t\t\t\t<\/div>\n\t\t\t\t\t\t<\/div>\n\t\t\t\t\t\n\t\t\t\t\t\t<div>\n\t\t\t\t\t\t\t<div class=\"phone-number-item\">\n\t\t\t\t\t\t\t\t<div class=\"phone-number-item__icon\"><i class=\"icon-holiday\"><\/i><\/div>\n\t\t\t\t\t\t\t\t<div class=\"phone-number-item__title dark-text\">\n\t\t\t\t\t\t\t\t\t<p class=\"p-font-bold\">Vacanza locale<\/p>\n\t\t\t\t\t\t\t\t\t<p>8 de septiembre: Fiesta de los Remedios<\/p>\n\t\t\t\t\t\t\t\t<\/div>\n\t\t\t\t\t\t\t<\/div>\n\t\t\t\t\t\t<\/div>\n\t\t\t\t\t\n\t\t\t\t\t\t<div>\n\t\t\t\t\t\t\t<div class=\"phone-number-item\">\n\t\t\t\t\t\t\t\t<div class=\"phone-number-item__icon\"><i class=\"icon-holiday\"><\/i><\/div>\n\t\t\t\t\t\t\t\t<div class=\"phone-number-item__title dark-text\">\n\t\t\t\t\t\t\t\t\t<p class=\"p-font-bold\">Vacanza locale<\/p>\n\t\t\t\t\t\t\t\t\t<p>A mediados de junio: Fiestas del Corpus Christi<\/p>\n\t\t\t\t\t\t\t\t<\/div>\n\t\t\t\t\t\t\t<\/div>\n\t\t\t\t\t\t<\/div>\n\t\t\t\t\t\n\t\t\t\t\t\t<div>\n\t\t\t\t\t\t\t<div class=\"phone-number-item\">\n\t\t\t\t\t\t\t\t<div class=\"phone-number-item__icon\"><i class=\"icon-holiday\"><\/i><\/div>\n\t\t\t\t\t\t\t\t<div class=\"phone-number-item__title dark-text\">\n\t\t\t\t\t\t\t\t\t<p class=\"p-font-bold\">Vacanza locale<\/p>\n\t\t\t\t\t\t\t\t\t<p>A principios de mayo: Fiesta de los Mayos o fiesta de las flores<\/p>\n\t\t\t\t\t\t\t\t<\/div>\n\t\t\t\t\t\t\t<\/div>\n\t\t\t\t\t\t<\/div>\n\t\t\t\t\t\n\t\t\t\t\t\t<div>\n\t\t\t\t\t\t\t<div class=\"phone-number-item\">\n\t\t\t\t\t\t\t\t<div class=\"phone-number-item__icon\"><i class=\"icon-holiday\"><\/i><\/div>\n\t\t\t\t\t\t\t\t<div class=\"phone-number-item__title dark-text\">\n\t\t\t\t\t\t\t\t\t<p class=\"p-font-bold\">Vacanza locale<\/p>\n\t\t\t\t\t\t\t\t\t<p>11 de noviembre: Fiesta de San Mart\u00edn de Tours y el magosto<\/p>\n\t\t\t\t\t\t\t\t<\/div>\n\t\t\t\t\t\t\t<\/div>\n\t\t\t\t\t\t<\/div>\n\t\t\t\t\t\n\t\t\t\t<\/div>\n\t\t\t<\/div>\n\t\t\n\t<\/div>\n<\/section>\n\n<div id=\"stage_list_section\"><div class=\"stage-list\">\n    <div class='stage-list__map-card'>\n        <div class='stage-list__map-card__map'>\n            <div class='stage-list__map-card__map__text'>\n                <h2> Pages <\/h2>\n                <p> A piedi<\/p>\n                <p> 0tappe<\/p>\n            <\/div>\n            <div class='stage-list__map-card__map__img'>\n                <img decoding=\"async\" src=\"\" alt=\" mapa \" \/>\n            <\/div>\n        <\/div>\n    <\/div>\n\n    <\/div>\n<\/div> ","protected":false},"excerpt":{"rendered":"<p>Ourense &#8249; Ritorno al palcoscenico Ourense Abitanti: 106.321 aprox. Provincia: Ourense Informazioni Get to know Ourense La citt\u00e0 di Ourense \u00e8 la terza pi\u00f9 grande della Comunit\u00e0 galiziana, dopo A Coru\u00f1a e Vigo. In questa variante del Cammino di Santiago \u00e8 l&#8217;unica citt\u00e0 che i pellegrini troveranno prima dell&#8217;arrivo. A questo punto della tappa, i &hellip; <\/p>\n<p class=\"read_more\"><a href=\"https:\/\/www.pilgrim.es\/it\/cammino-sanabrese\/ourense\/\">Leer m\u00e1s<\/a><\/p>\n","protected":false},"author":0,"featured_media":6860,"parent":10847,"menu_order":0,"comment_status":"closed","ping_status":"closed","template":"views\/template-new-web-design.blade.php","meta":{"footnotes":""},"categories":[],"tags":[],"class_list":["post-91469","page","type-page","status-publish","has-post-thumbnail","hentry"],"yoast_head":"<!-- This site is optimized with the Yoast SEO plugin v27.4 - https:\/\/yoast.com\/product\/yoast-seo-wordpress\/ -->\n<title>Ourense: Cosa vedere e dove dormire | Cammino di Santiago | Pilgrim<\/title>\n<meta name=\"description\" content=\"Ourense Scopri tutte le informazioni su dove alloggiare, come arrivare, cosa mangiare e sui principali punti di interesse delle localit\u00e0 lungo il Cammino Sanabr\u00e9s.\" \/>\n<meta name=\"robots\" content=\"index, follow, max-snippet:-1, max-image-preview:large, max-video-preview:-1\" \/>\n<link rel=\"canonical\" href=\"https:\/\/www.pilgrim.es\/it\/cammino-sanabrese\/ourense\/\" \/>\n<meta property=\"og:locale\" content=\"it_IT\" \/>\n<meta property=\"og:type\" content=\"article\" \/>\n<meta property=\"og:title\" content=\"Ourense: Cosa vedere e dove dormire | Cammino di Santiago | Pilgrim\" \/>\n<meta property=\"og:description\" content=\"Ourense Scopri tutte le informazioni su dove alloggiare, come arrivare, cosa mangiare e sui principali punti di interesse delle localit\u00e0 lungo il Cammino Sanabr\u00e9s.\" \/>\n<meta property=\"og:url\" content=\"https:\/\/www.pilgrim.es\/it\/cammino-sanabrese\/ourense\/\" \/>\n<meta property=\"og:site_name\" content=\"Pilgrim\" \/>\n<meta property=\"article:publisher\" content=\"https:\/\/www.facebook.com\/pilgrim.es\/\" \/>\n<meta property=\"og:image\" content=\"https:\/\/www.pilgrim.es\/wp-content\/uploads\/2019\/02\/ourense2-520x370.jpg\" \/>\n\t<meta property=\"og:image:width\" content=\"520\" \/>\n\t<meta property=\"og:image:height\" content=\"370\" \/>\n\t<meta property=\"og:image:type\" content=\"image\/jpeg\" \/>\n<meta name=\"twitter:card\" content=\"summary_large_image\" \/>\n<meta name=\"twitter:site\" content=\"@pilgrim_es\" \/>\n<meta name=\"twitter:label1\" content=\"Tempo di lettura stimato\" \/>\n\t<meta name=\"twitter:data1\" content=\"8 minuti\" \/>\n<script type=\"application\/ld+json\" class=\"yoast-schema-graph\">{\"@context\":\"https:\\\/\\\/schema.org\",\"@graph\":[{\"@type\":\"WebPage\",\"@id\":\"https:\\\/\\\/www.pilgrim.es\\\/it\\\/cammino-sanabrese\\\/ourense\\\/\",\"url\":\"https:\\\/\\\/www.pilgrim.es\\\/it\\\/cammino-sanabrese\\\/ourense\\\/\",\"name\":\"Ourense: Cosa vedere e dove dormire | Cammino di Santiago | Pilgrim\",\"isPartOf\":{\"@id\":\"https:\\\/\\\/www.pilgrim.es\\\/it\\\/#website\"},\"primaryImageOfPage\":{\"@id\":\"https:\\\/\\\/www.pilgrim.es\\\/it\\\/cammino-sanabrese\\\/ourense\\\/#primaryimage\"},\"image\":{\"@id\":\"https:\\\/\\\/www.pilgrim.es\\\/it\\\/cammino-sanabrese\\\/ourense\\\/#primaryimage\"},\"thumbnailUrl\":\"https:\\\/\\\/www.pilgrim.es\\\/wp-content\\\/uploads\\\/2019\\\/02\\\/ourense2-520x370.jpg\",\"datePublished\":\"2025-03-17T15:35:20+00:00\",\"description\":\"Ourense Scopri tutte le informazioni su dove alloggiare, come arrivare, cosa mangiare e sui principali punti di interesse delle localit\u00e0 lungo il Cammino Sanabr\u00e9s.\",\"breadcrumb\":{\"@id\":\"https:\\\/\\\/www.pilgrim.es\\\/it\\\/cammino-sanabrese\\\/ourense\\\/#breadcrumb\"},\"inLanguage\":\"it-IT\",\"potentialAction\":[{\"@type\":\"ReadAction\",\"target\":[\"https:\\\/\\\/www.pilgrim.es\\\/it\\\/cammino-sanabrese\\\/ourense\\\/\"]}]},{\"@type\":\"ImageObject\",\"inLanguage\":\"it-IT\",\"@id\":\"https:\\\/\\\/www.pilgrim.es\\\/it\\\/cammino-sanabrese\\\/ourense\\\/#primaryimage\",\"url\":\"https:\\\/\\\/www.pilgrim.es\\\/wp-content\\\/uploads\\\/2019\\\/02\\\/ourense2-520x370.jpg\",\"contentUrl\":\"https:\\\/\\\/www.pilgrim.es\\\/wp-content\\\/uploads\\\/2019\\\/02\\\/ourense2-520x370.jpg\",\"width\":520,\"height\":370,\"caption\":\"Ourense\"},{\"@type\":\"BreadcrumbList\",\"@id\":\"https:\\\/\\\/www.pilgrim.es\\\/it\\\/cammino-sanabrese\\\/ourense\\\/#breadcrumb\",\"itemListElement\":[{\"@type\":\"ListItem\",\"position\":1,\"name\":\"Camino de Santiago\",\"item\":\"https:\\\/\\\/www.pilgrim.es\\\/it\\\/\"},{\"@type\":\"ListItem\",\"position\":2,\"name\":\"Cammino Sanabr\u00e9s\",\"item\":\"https:\\\/\\\/www.pilgrim.es\\\/it\\\/cammino-sanabrese\\\/\"},{\"@type\":\"ListItem\",\"position\":3,\"name\":\"Ourense\"}]},{\"@type\":\"WebSite\",\"@id\":\"https:\\\/\\\/www.pilgrim.es\\\/it\\\/#website\",\"url\":\"https:\\\/\\\/www.pilgrim.es\\\/it\\\/\",\"name\":\"Pilgrim\",\"description\":\"Camino de Santiago | Caminamos Contigo\",\"publisher\":{\"@id\":\"https:\\\/\\\/www.pilgrim.es\\\/it\\\/#organization\"},\"potentialAction\":[{\"@type\":\"SearchAction\",\"target\":{\"@type\":\"EntryPoint\",\"urlTemplate\":\"https:\\\/\\\/www.pilgrim.es\\\/it\\\/?s={search_term_string}\"},\"query-input\":{\"@type\":\"PropertyValueSpecification\",\"valueRequired\":true,\"valueName\":\"search_term_string\"}}],\"inLanguage\":\"it-IT\"},{\"@type\":\"Organization\",\"@id\":\"https:\\\/\\\/www.pilgrim.es\\\/it\\\/#organization\",\"name\":\"Pilgrim Camino de Santiago\",\"url\":\"https:\\\/\\\/www.pilgrim.es\\\/it\\\/\",\"logo\":{\"@type\":\"ImageObject\",\"inLanguage\":\"it-IT\",\"@id\":\"https:\\\/\\\/www.pilgrim.es\\\/it\\\/#\\\/schema\\\/logo\\\/image\\\/\",\"url\":\"https:\\\/\\\/www.pilgrim.es\\\/wp-content\\\/uploads\\\/2019\\\/04\\\/logo_pilgrim.png\",\"contentUrl\":\"https:\\\/\\\/www.pilgrim.es\\\/wp-content\\\/uploads\\\/2019\\\/04\\\/logo_pilgrim.png\",\"width\":512,\"height\":512,\"caption\":\"Pilgrim Camino de Santiago\"},\"image\":{\"@id\":\"https:\\\/\\\/www.pilgrim.es\\\/it\\\/#\\\/schema\\\/logo\\\/image\\\/\"},\"sameAs\":[\"https:\\\/\\\/www.facebook.com\\\/pilgrim.es\\\/\",\"https:\\\/\\\/x.com\\\/pilgrim_es\",\"https:\\\/\\\/www.instagram.com\\\/pilgrim.es\\\/\",\"https:\\\/\\\/www.linkedin.com\\\/company\\\/pilgrim-camino-de-santiago\\\/\",\"https:\\\/\\\/www.pinterest.es\\\/pilgrimcaminodesantiago\\\/\",\"https:\\\/\\\/www.youtube.com\\\/channel\\\/UCIv2ZzFLXVqthkNF32rKedw\\\/featured\"]}]}<\/script>\n<!-- \/ Yoast SEO plugin. -->","yoast_head_json":{"title":"Ourense: Cosa vedere e dove dormire | Cammino di Santiago | Pilgrim","description":"Ourense Scopri tutte le informazioni su dove alloggiare, come arrivare, cosa mangiare e sui principali punti di interesse delle localit\u00e0 lungo il Cammino Sanabr\u00e9s.","robots":{"index":"index","follow":"follow","max-snippet":"max-snippet:-1","max-image-preview":"max-image-preview:large","max-video-preview":"max-video-preview:-1"},"canonical":"https:\/\/www.pilgrim.es\/it\/cammino-sanabrese\/ourense\/","og_locale":"it_IT","og_type":"article","og_title":"Ourense: Cosa vedere e dove dormire | Cammino di Santiago | Pilgrim","og_description":"Ourense Scopri tutte le informazioni su dove alloggiare, come arrivare, cosa mangiare e sui principali punti di interesse delle localit\u00e0 lungo il Cammino Sanabr\u00e9s.","og_url":"https:\/\/www.pilgrim.es\/it\/cammino-sanabrese\/ourense\/","og_site_name":"Pilgrim","article_publisher":"https:\/\/www.facebook.com\/pilgrim.es\/","og_image":[{"width":520,"height":370,"url":"https:\/\/www.pilgrim.es\/wp-content\/uploads\/2019\/02\/ourense2-520x370.jpg","type":"image\/jpeg"}],"twitter_card":"summary_large_image","twitter_site":"@pilgrim_es","twitter_misc":{"Tempo di lettura stimato":"8 minuti"},"schema":{"@context":"https:\/\/schema.org","@graph":[{"@type":"WebPage","@id":"https:\/\/www.pilgrim.es\/it\/cammino-sanabrese\/ourense\/","url":"https:\/\/www.pilgrim.es\/it\/cammino-sanabrese\/ourense\/","name":"Ourense: Cosa vedere e dove dormire | Cammino di Santiago | Pilgrim","isPartOf":{"@id":"https:\/\/www.pilgrim.es\/it\/#website"},"primaryImageOfPage":{"@id":"https:\/\/www.pilgrim.es\/it\/cammino-sanabrese\/ourense\/#primaryimage"},"image":{"@id":"https:\/\/www.pilgrim.es\/it\/cammino-sanabrese\/ourense\/#primaryimage"},"thumbnailUrl":"https:\/\/www.pilgrim.es\/wp-content\/uploads\/2019\/02\/ourense2-520x370.jpg","datePublished":"2025-03-17T15:35:20+00:00","description":"Ourense Scopri tutte le informazioni su dove alloggiare, come arrivare, cosa mangiare e sui principali punti di interesse delle localit\u00e0 lungo il Cammino Sanabr\u00e9s.","breadcrumb":{"@id":"https:\/\/www.pilgrim.es\/it\/cammino-sanabrese\/ourense\/#breadcrumb"},"inLanguage":"it-IT","potentialAction":[{"@type":"ReadAction","target":["https:\/\/www.pilgrim.es\/it\/cammino-sanabrese\/ourense\/"]}]},{"@type":"ImageObject","inLanguage":"it-IT","@id":"https:\/\/www.pilgrim.es\/it\/cammino-sanabrese\/ourense\/#primaryimage","url":"https:\/\/www.pilgrim.es\/wp-content\/uploads\/2019\/02\/ourense2-520x370.jpg","contentUrl":"https:\/\/www.pilgrim.es\/wp-content\/uploads\/2019\/02\/ourense2-520x370.jpg","width":520,"height":370,"caption":"Ourense"},{"@type":"BreadcrumbList","@id":"https:\/\/www.pilgrim.es\/it\/cammino-sanabrese\/ourense\/#breadcrumb","itemListElement":[{"@type":"ListItem","position":1,"name":"Camino de Santiago","item":"https:\/\/www.pilgrim.es\/it\/"},{"@type":"ListItem","position":2,"name":"Cammino Sanabr\u00e9s","item":"https:\/\/www.pilgrim.es\/it\/cammino-sanabrese\/"},{"@type":"ListItem","position":3,"name":"Ourense"}]},{"@type":"WebSite","@id":"https:\/\/www.pilgrim.es\/it\/#website","url":"https:\/\/www.pilgrim.es\/it\/","name":"Pilgrim","description":"Camino de Santiago | Caminamos Contigo","publisher":{"@id":"https:\/\/www.pilgrim.es\/it\/#organization"},"potentialAction":[{"@type":"SearchAction","target":{"@type":"EntryPoint","urlTemplate":"https:\/\/www.pilgrim.es\/it\/?s={search_term_string}"},"query-input":{"@type":"PropertyValueSpecification","valueRequired":true,"valueName":"search_term_string"}}],"inLanguage":"it-IT"},{"@type":"Organization","@id":"https:\/\/www.pilgrim.es\/it\/#organization","name":"Pilgrim Camino de Santiago","url":"https:\/\/www.pilgrim.es\/it\/","logo":{"@type":"ImageObject","inLanguage":"it-IT","@id":"https:\/\/www.pilgrim.es\/it\/#\/schema\/logo\/image\/","url":"https:\/\/www.pilgrim.es\/wp-content\/uploads\/2019\/04\/logo_pilgrim.png","contentUrl":"https:\/\/www.pilgrim.es\/wp-content\/uploads\/2019\/04\/logo_pilgrim.png","width":512,"height":512,"caption":"Pilgrim Camino de Santiago"},"image":{"@id":"https:\/\/www.pilgrim.es\/it\/#\/schema\/logo\/image\/"},"sameAs":["https:\/\/www.facebook.com\/pilgrim.es\/","https:\/\/x.com\/pilgrim_es","https:\/\/www.instagram.com\/pilgrim.es\/","https:\/\/www.linkedin.com\/company\/pilgrim-camino-de-santiago\/","https:\/\/www.pinterest.es\/pilgrimcaminodesantiago\/","https:\/\/www.youtube.com\/channel\/UCIv2ZzFLXVqthkNF32rKedw\/featured"]}]}},"_links":{"self":[{"href":"https:\/\/www.pilgrim.es\/it\/wp-json\/wp\/v2\/pages\/91469","targetHints":{"allow":["GET"]}}],"collection":[{"href":"https:\/\/www.pilgrim.es\/it\/wp-json\/wp\/v2\/pages"}],"about":[{"href":"https:\/\/www.pilgrim.es\/it\/wp-json\/wp\/v2\/types\/page"}],"replies":[{"embeddable":true,"href":"https:\/\/www.pilgrim.es\/it\/wp-json\/wp\/v2\/comments?post=91469"}],"version-history":[{"count":0,"href":"https:\/\/www.pilgrim.es\/it\/wp-json\/wp\/v2\/pages\/91469\/revisions"}],"up":[{"embeddable":true,"href":"https:\/\/www.pilgrim.es\/it\/wp-json\/wp\/v2\/pages\/10847"}],"wp:featuredmedia":[{"embeddable":true,"href":"https:\/\/www.pilgrim.es\/it\/wp-json\/wp\/v2\/media\/6860"}],"wp:attachment":[{"href":"https:\/\/www.pilgrim.es\/it\/wp-json\/wp\/v2\/media?parent=91469"}],"wp:term":[{"taxonomy":"category","embeddable":true,"href":"https:\/\/www.pilgrim.es\/it\/wp-json\/wp\/v2\/categories?post=91469"},{"taxonomy":"post_tag","embeddable":true,"href":"https:\/\/www.pilgrim.es\/it\/wp-json\/wp\/v2\/tags?post=91469"}],"curies":[{"name":"wp","href":"https:\/\/api.w.org\/{rel}","templated":true}]}}