{"id":91388,"date":"2025-03-17T15:21:58","date_gmt":"2025-03-17T15:21:58","guid":{"rendered":"https:\/\/www.pilgrim.es\/cammino-inverno\/quiroga\/"},"modified":"2025-03-17T15:21:58","modified_gmt":"2025-03-17T15:21:58","slug":"quiroga","status":"publish","type":"page","link":"https:\/\/www.pilgrim.es\/it\/cammino-inverno\/quiroga\/","title":{"rendered":"Quiroga"},"content":{"rendered":" <section id=\"hero\">\n\t<h1>Quiroga<\/h1>\n\t<div class=\"hero-grid\">\n\t\t<div class=\"hero-grid__town-col\" data-background=\"https:\/\/cdn.pilgrim.es\/web\/caminos\/camino-invierno\/pueblos\/quiroga.jpg\">\n\t\t\t<div>\n\t\t\t\t<a class=\"link-to-stage\" href=\"https:\/\/www.pilgrim.es\/camino-invierno\/etapa-4-a-rua-de-valdeorras-quiroga\/\">\n\t\t\t\t\t<p>&#8249; Ritorno al palcoscenico<\/p>\n\t\t\t\t<\/a>\n\n\t\t\t\t<div class=\"town-data\">\n\t\t\t\t\t<h2>Quiroga<\/h2>\n\t\t\t\t\t<ul>\n\t\t\t\t\t\t<li>Abitanti: 3.501 aprox.<\/li>\n\t\t\t\t\t\t<li>Provincia: Lugo<\/li>\n\t\t\t\t\t<\/ul>\n\t\t\t\t<\/div>\n\t\t\t<\/div>\n\t\t<\/div>\n\t\t<div class=\"hero-grid__planner-col\"><div\r\n  class=\"p-col-span-1 p-rounded-lg p-px-5 p-h-full\"\r\n  style=\"background-image: url('https:\/\/cdn.pilgrim.es\/web\/pilgrim-planner\/bg-plugin-planificador.webp')\"\r\n  rel=\"preload\"\r\n  fetchpriority=\"high\"\r\n  >\r\n    <div class=\"p-text-center p-pt-5 p-text-white p-text-2xl p-font-semibold\">\r\n      Pianifica il tuo cammino    <\/div>\r\n    <div\r\n            id='primary-app'\r\n            data-name='banner'\r\n            data-api='https:\/\/pathfinder.pilgrim.es\/api\/pathfinder\/v2'\r\n            data-mode='normal'\r\n            data-lang='it'\r\n            data-route='1'\r\n            data-destiny='https:\/\/planificador.pilgrim.es'\r\n            data-modality='1'\r\n            data-inline=''\r\n        ><\/div><\/div><\/div>\n\t<\/div>\n<\/section>\n\n<section id=\"infoTown\">\n\t<div class=\"sections-town\">\n\n\t\t<div id=\"informationSection\">\n\t\t\t<div>\n\t\t\t\t<h2 class=\"p-h2-town\">Informazioni<\/h2>\n\t\t\t\t<hr>\n\t\t\t\t<h3 class=\"p-h3-town\">Get to know Quiroga<\/h3>\n\t\t\t<\/div>\n\t\t\t<p>Il comune di Quiroga possiede un patrimonio artistico vasto e prezioso. Ci\u00f2 \u00e8 dovuto al susseguirsi di insediamenti romani e successivi alla ricerca dell&#8217;oro, motivo per cui \u00e8 molto frequente trovare castelli, fortezze e altri resti romani.<\/p> <p>Inoltre, grazie al suo clima caratteristico, la zona si distingue per la produzione di ottimi vini con una propria denominazione d&#8217;origine, la Ribeira Sacra.<\/p> <p>\n\t\t<\/div>\n\n\t\t<div id=\"locationSection\">\n\t\t\t<div>\n\t\t\t\t<h2 class=\"p-h2-town\">Posizione<\/h2>\n\t\t\t\t<hr>\n\t\t\t\t<h3 class=\"p-h3-town\">Come arrivare<\/h3>\n\t\t\t<\/div>\n\t\t\t<p>Il modo principale per raggiungere il comune di Quiroga \u00e8 per strada: attraverso la strada nazionale N-120, che collega Vigo a Logro\u00f1o. Un&#8217;altra opzione \u00e8 la N-VI, con l&#8217;uscita Pedrafita de O Cebreiro e poi con strade secondarie.\n\n<p>\u00c8 anche possibile arrivare in treno grazie alla linea che collega A Coru\u00f1a con Palencia, la cui fermata non si trova nel villaggio, ma nel vicino comune di Ribas do Sil, a 1,5 km da Quiroga.<\/p> &lt;p\n\t\t\t<div>\n\t\t\t\t<div>\n  <iframe loading=\"lazy\"\n    src=\"https:\/\/www.google.com\/maps\/d\/embed?mid=1kLwhmcErXSWCPKN_ptaEu-4aWz7argo&amp;ehbc=2E312F\"\n    width=\"640\"\n    height=\"480\"\n    alt=\"Mapa Quiroga\"\n  ><\/iframe>\n<\/div>\n\n\t\t\t<\/div>\n\t\t<\/div>\n\n\t\t\n\t\t\t<div id=\"toVisitSection\">\n\t\t\t\t<div>\n\t\t\t\t\t<h2 class=\"p-h2-town\">Storia \/ Cultura<\/h2>\n\t\t\t\t\t<hr>\n\t\t\t\t\t<h3 class=\"p-h3-town\">Cosa vedere<\/h3>\n\t\t\t\t<\/div>\n\t\t\t\t<div>\n\t\t\t\t\t<div class=\"accordion\">\n\t\t\t\t\t\t<div class=\"accordion__menu\">\n\t\t\t\t\t\t\t<nav>\n\t\t\t\t\t\t\t\t\n\t\t\t\t\t\t\t\t\t<button class=\"nav-tab-accordion active\"><span>&#10093;<\/span><span> Iglesia de la Ermida<\/span><\/button>\n\t\t\t\t\t\t\t\t\n\t\t\t\t\t\t\t\t\t<button class=\"nav-tab-accordion \"><span>&#10093;<\/span><span> Museo Etnogr\u00e1fico<\/span><\/button>\n\t\t\t\t\t\t\t\t\n\t\t\t\t\t\t\t\t\t<button class=\"nav-tab-accordion \"><span>&#10093;<\/span><span> Museo Geol\u00f3gico<\/span><\/button>\n\t\t\t\t\t\t\t\t\n\t\t\t\t\t\t\t\t\t<button class=\"nav-tab-accordion \"><span>&#10093;<\/span><span> Serra do Courel<\/span><\/button>\n\t\t\t\t\t\t\t\t\n\t\t\t\t\t\t\t<\/nav>\n\t\t\t\t\t\t<\/div>\n\n\t\t\t\t\t\t\n\t\t\t\t\t\t\t<div class=\"accordion__accordion-content \">\n\t\t\t\t\t\t\t\t<div>\n\t\t\t\t\t\t\t\t\t<div>\n\t\t\t\t\t\t\t\t\t\t<h4>Iglesia de la Ermida<\/h4>\n\t\t\t\t\t\t\t\t\t\t<p>La chiesa di Santa Mar\u00eda de la Ermida si trova al centro del Cammino di Santiago attraverso Quiroga. La sua costruzione originale risale al XVII secolo, anche se ha subito numerosi ampliamenti successivi, come la navata laterale, completamente ricostruita nel 1733. L&#8217;intera chiesa \u00e8 in muratura e coperta da un tetto di ardesia. <\/p>\n\n<p>Al suo interno ospita una grande pala d&#8217;altare situata sopra l&#8217;altare principale in cui si venerano Nostra Signora de La Hermida, San Roque, l&#8217;Immacolata Concezione, San Antonio de Padua&#8230;, oltre ad altre immagini sparse per la chiesa, come il Cristo reclinato. Vale la pena ricordare che questa chiesa \u00e8 stata riconosciuta grazie al crisma situato sopra l&#8217;altare, che risale alla fine del IV secolo e che rappresenta al centro scene di Cristo circondate da un gran numero di grandi perle. Oggi questo crisma \u00e8 custodito nel Museo diocesano di Lugo.\n\t\t\t\t\t\t\t\t\t<\/div>\n\t\t\t\t\t\t\t\t\t<img decoding=\"async\" src=\"https:\/\/cdn.pilgrim.es\/web\/caminos\/camino-invierno\/pueblos\/quiroga\/puntos-de-interes\/iglesia-de-la-ermida.jpg\" alt=\"Iglesia de la Ermida\">\n\t\t\t\t\t\t\t\t<\/div>\n\t\t\t\t\t\t\t<\/div>\n\t\t\t\t\t\t\n\t\t\t\t\t\t\t<div class=\"accordion__accordion-content inactive\">\n\t\t\t\t\t\t\t\t<div>\n\t\t\t\t\t\t\t\t\t<div>\n\t\t\t\t\t\t\t\t\t\t<h4>Museo Etnogr\u00e1fico<\/h4>\n\t\t\t\t\t\t\t\t\t\t<p>Il Museo Etnografico \u00e8 un curioso polo museale attivo dal 2003. Al suo interno si trova una grande esposizione suddivisa in sale, ognuna con un focus diverso, con l&#8217;obiettivo di mostrare il grande patrimonio culturale degli usi e costumi dell&#8217;agricoltura: la lunga tradizione del vino, dell&#8217;apicoltura, della produzione di oli buoni, delle castagne e delle miniere.\n\n<p>SALA<\/p>\n\n<p>Estate dal luned\u00ec al venerd\u00ec dalle 10:00 alle 13:00 Sabato dalle 12:00 alle 13:00Inverno dal luned\u00ec al venerd\u00ec dalle 13:00 alle 14:00 Sabato dalle 12:00 alle 13:00Orario speciale 24, 25, 26 e 27 marzo dalle 11:30 alle 13:30 e dalle 17:00 alle 19:00<\/p> <p>Orario speciale 24, 25, 26 e 27 marzo dalle 11:30 alle 13:30 e dalle 17:00 alle 19:00<\/p>\n\n<p>INFORMAZIONI DI INTERESSE<\/p>\n\n<p>E-mail: concello.quiroga@eidolocal.es \/ culturaquiroga2@gmail.comTel\u00e9fono: 982 435 125, 982 428 001<\/p>\n\t\t\t\t\t\t\t\t\t<\/div>\n\t\t\t\t\t\t\t\t\t<img decoding=\"async\" src=\"https:\/\/cdn.pilgrim.es\/web\/caminos\/camino-invierno\/pueblos\/quiroga\/puntos-de-interes\/museo-etnografico.jpg\" alt=\"Museo Etnogr\u00e1fico\">\n\t\t\t\t\t\t\t\t<\/div>\n\t\t\t\t\t\t\t<\/div>\n\t\t\t\t\t\t\n\t\t\t\t\t\t\t<div class=\"accordion__accordion-content inactive\">\n\t\t\t\t\t\t\t\t<div>\n\t\t\t\t\t\t\t\t\t<div>\n\t\t\t\t\t\t\t\t\t\t<h4>Museo Geol\u00f3gico<\/h4>\n\t\t\t\t\t\t\t\t\t\t<p>Il Museo Geologico di Quiroga \u00e8 circondato da paesaggi impressionanti come la Serra do Courel, il Montefurado o le valli dei fiumi Lor e Sold\u00f3n. Per questo motivo l&#8217;edificio museale \u00e8 suddiviso in cinque sale tematiche che spiegano tutto, dalla formazione del territorio in Galizia alla storia della pietra e dell&#8217;estrazione mineraria.\n\n<p>OGGI<\/p>\n\n<p>Estate dal luned\u00ec al venerd\u00ec dalle 10:00 alle 13:00 Sabato dalle 11:00 alle 12:00 Inverno dal luned\u00ec al venerd\u00ec dalle 11:30 alle 13:00 Sabato, domenica e festivi dalle 11:00 alle 12:00 Apertura straordinaria il 24, 25, 26 e 27 marzo dalle 11:30 alle 13:30 e dalle 17:00 alle 19:00<\/p>\n\n<p>TARIFFA<\/p>\n\n<p>Ingresso generale 1\u20ac<\/p>\n\n<p>INFORMAZIONI DI INTERESSE<\/p>\n\n<p>E-mail: concello.quiroga@eidolocal.es \/ culturaquiroga2@gmail.com<\/p>\n\t\t\t\t\t\t\t\t\t<\/div>\n\t\t\t\t\t\t\t\t\t<img decoding=\"async\" src=\"https:\/\/cdn.pilgrim.es\/web\/caminos\/camino-invierno\/pueblos\/quiroga\/puntos-de-interes\/museo-geologico.jpg\" alt=\"Museo Geol\u00f3gico\">\n\t\t\t\t\t\t\t\t<\/div>\n\t\t\t\t\t\t\t<\/div>\n\t\t\t\t\t\t\n\t\t\t\t\t\t\t<div class=\"accordion__accordion-content inactive\">\n\t\t\t\t\t\t\t\t<div>\n\t\t\t\t\t\t\t\t\t<div>\n\t\t\t\t\t\t\t\t\t\t<h4>Serra do Courel<\/h4>\n\t\t\t\t\t\t\t\t\t\t<p>La Serra do Courel (Sierra del Caurel) \u00e8 un vasto territorio montuoso della provincia di Lugo. \u00c8 un&#8217;area di grande importanza naturale con un impressionante valore ecologico e paesaggistico.  Una delle cime pi\u00f9 alte raggiunge i 1.654 metri con il Pico Formigueiros.\n\n<p>Si distingue per gli incredibili contrasti climatici nelle montagne e nelle valli, essendo una miscela di due dei climi pi\u00f9 rappresentativi del Paese, quello atlantico e quello mediterraneo. <\/p>\n\n<p>Grazie a ci\u00f2, \u00e8 un luogo in cui si trova una delle pi\u00f9 varie faune della Galizia. Spiccano soprattutto i nobili castagneti e le dehesas nelle zone pi\u00f9 basse delle valli, mentre nelle zone pi\u00f9 alte si trovano bellissime querce, faggi, faggi e betulle.\n\t\t\t\t\t\t\t\t\t<\/div>\n\t\t\t\t\t\t\t\t\t<img decoding=\"async\" src=\"https:\/\/cdn.pilgrim.es\/web\/caminos\/camino-invierno\/pueblos\/quiroga\/puntos-de-interes\/serra-do-courel.jpg\" alt=\"Serra do Courel\">\n\t\t\t\t\t\t\t\t<\/div>\n\t\t\t\t\t\t\t<\/div>\n\t\t\t\t\t\t\n\t\t\t\t\t<\/div>\n\t\t\t\t<\/div>\n\t\t\t<\/div>\n\t\t\n\n\t\t<div id=\"phonesSection\">\n\t\t\t<div>\n\t\t\t\t<h2 class=\"p-h3-town\">Informazioni di interesse<\/h2>\n\t\t\t<\/div>\n\t\t\t<div class=\"grid\">\n\t\t\t\t\n\t\t\t\t\t<div class=\"phone-number-item\">\n\t\t\t\t\t\t<div class=\"phone-number-item__icon\"><i class=\"icon-police\"><\/i><\/div>\n\t\t\t\t\t\t<div class=\"phone-number-item__title\">\n\t\t\t\t\t\t\t<h3 class=\"p-font-bold\">Polizia locale<\/h3>\n\t\t\t\t\t\t\t<p>649 819 052<\/p>\n\t\t\t\t\t\t\t\n\t\t\t\t\t\t<\/div>\n\t\t\t\t\t<\/div>\n\t\t\t\t\n\t\t\t\t\t<div class=\"phone-number-item\">\n\t\t\t\t\t\t<div class=\"phone-number-item__icon\"><i class=\"icon-spanish-military-police\"><\/i><\/div>\n\t\t\t\t\t\t<div class=\"phone-number-item__title\">\n\t\t\t\t\t\t\t<h3 class=\"p-font-bold\">Guardia civile<\/h3>\n\t\t\t\t\t\t\t<p>982 428 150<\/p>\n\t\t\t\t\t\t\t\n\t\t\t\t\t\t<\/div>\n\t\t\t\t\t<\/div>\n\t\t\t\t\n\t\t\t\t\t<div class=\"phone-number-item\">\n\t\t\t\t\t\t<div class=\"phone-number-item__icon\"><i class=\"icon-firefighters\"><\/i><\/div>\n\t\t\t\t\t\t<div class=\"phone-number-item__title\">\n\t\t\t\t\t\t\t<h3 class=\"p-font-bold\">Vigili del fuoco<\/h3>\n\t\t\t\t\t\t\t<p>112<\/p>\n\t\t\t\t\t\t\t\n\t\t\t\t\t\t<\/div>\n\t\t\t\t\t<\/div>\n\t\t\t\t\n\t\t\t\t\t<div class=\"phone-number-item\">\n\t\t\t\t\t\t<div class=\"phone-number-item__icon\"><i class=\"icon-civil-protection\"><\/i><\/div>\n\t\t\t\t\t\t<div class=\"phone-number-item__title\">\n\t\t\t\t\t\t\t<h3 class=\"p-font-bold\">Protezione civile<\/h3>\n\t\t\t\t\t\t\t<p>982 428 001<\/p>\n\t\t\t\t\t\t\t\n\t\t\t\t\t\t<\/div>\n\t\t\t\t\t<\/div>\n\t\t\t\t\n\t\t\t\t\t<div class=\"phone-number-item\">\n\t\t\t\t\t\t<div class=\"phone-number-item__icon\"><i class=\"icon-town-council\"><\/i><\/div>\n\t\t\t\t\t\t<div class=\"phone-number-item__title\">\n\t\t\t\t\t\t\t<h3 class=\"p-font-bold\">Municipio<\/h3>\n\t\t\t\t\t\t\t<p>982 428 001<\/p>\n\t\t\t\t\t\t\t\n\t\t\t\t\t\t<\/div>\n\t\t\t\t\t<\/div>\n\t\t\t\t\n\t\t\t\t\t<div class=\"phone-number-item\">\n\t\t\t\t\t\t<div class=\"phone-number-item__icon\"><i class=\"icon-hospital\"><\/i><\/div>\n\t\t\t\t\t\t<div class=\"phone-number-item__title\">\n\t\t\t\t\t\t\t<h3 class=\"p-font-bold\">Centro sanitario<\/h3>\n\t\t\t\t\t\t\t<p>982 435 200<\/p>\n\t\t\t\t\t\t\t\n\t\t\t\t\t\t<\/div>\n\t\t\t\t\t<\/div>\n\t\t\t\t\n\t\t\t\t\t<div class=\"phone-number-item\">\n\t\t\t\t\t\t<div class=\"phone-number-item__icon\"><i class=\"icon-tourism\"><\/i><\/div>\n\t\t\t\t\t\t<div class=\"phone-number-item__title\">\n\t\t\t\t\t\t\t<h3 class=\"p-font-bold\">Ufficio turistico<\/h3>\n\t\t\t\t\t\t\t<p>982 435 125<\/p>\n\t\t\t\t\t\t\t\n\t\t\t\t\t\t\t\t<p>C\/ Real, s\/n<\/p>\n\t\t\t\t\t\t\t\n\t\t\t\t\t\t<\/div>\n\t\t\t\t\t<\/div>\n\t\t\t\t\n\t\t\t<\/div>\n\t\t<\/div>\n\n\t\t<div id=\"clientForm\">\n        <section>\n        <img decoding=\"async\" src=\"https:\/\/cdn.pilgrim.es\/web\/home\/email-contacto.png\" alt=\"contacto\">\n        <div>\n            <p>Ti inviamo la tua pianificazione<\/p>\n            <p>Forniscici i tuoi dati e ricevi la pianificazione del tuo viaggio via email <\/p>\n            <form method=\"post\" data-url=\"\/wp-admin\/admin-ajax.php\" id=\"planner--client\" class=\"flag-right form-client\">\n    <div class=\"form-data\">\n        <input name=\"form_id\" type=\"hidden\" value=\"Formulario Leads\">\n        <input name=\"type\" type=\"hidden\" value=\"planner_client\">\n        <input type=\"text\" name=\"nombre\" value=\"\" size=\"40\" class=\"form-control\" aria-required=\"true\" aria-invalid=\"false\" placeholder=\"Nome\">\n        <input type=\"email\" name=\"email\" value=\"\" size=\"40\" class=\"form-control\" aria-required=\"true\" aria-invalid=\"false\" placeholder=\"Mail\">\n        <input type=\"text\" id=\"phone-input\" name=\"tel\" value=\"\" size=\"40\" class=\"phone-input form-control\" aria-required=\"true\" aria-invalid=\"false\" placeholder=\"Telefono\">\n        <input type=\"hidden\" name=\"telefono\">\n    <\/div>\n    <div class=\"form-checkbox\">\n        <span>\n            Pilgrim Travel. S.L. informa, come previsto dal Regolamento 2016\/679, che i dati utilizzati in questo modulo verranno utilizzati sia per la risposta delle eventuali consultazioni sia per la pub-blicazione dei commenti, essendo il consenso dell'utente la base di legittimazione. Potranno esse-re esercitati i diritti in conformit\u00e0 con quanto stabilito dalla nostra             <a href=\"https:\/\/www.pilgrim.es\/it\/informativa-sulla-privacy\/\" target=\"_blank\" rel=\"noopener noreferrer nofollow\">Politica di privacy.<\/a>\n        <\/span>\n    <\/div>\n\n    <div class=\"form-submit\">\n        <button id=\"planner--client-create\" type=\"submit\">Formulario di contatto<\/button>\n        <div class=\"loadingDiv\"><i class=\"p-spinner\"><\/i><\/div>\n    <\/div>\n\n    <div class=\"contact-content-form-success\">\n        <p><i class=\"fas fa-check\"><\/i> Il modulo \u00e8 stato inviato correttamente<\/p>\n    <\/div>\n\n    <div class=\"contact-content-form-error\">\n        <span class=\"input-error\"><\/span>\n    <\/div>\n<\/form>        <\/div>\n    <\/section>\n<\/div>\n\n\t\t<div id=\"recomendationSection\">\n\t\t\t<div>\n\t\t\t\t<h2 class=\"p-h2-town\">Consigliato<\/h2>\n\t\t\t\t<hr>\n\t\t\t\t<h3 class=\"p-h3-town\">Gastronomia<\/h3>\n\t\t\t<\/div>\n\t\t\tA Quiroga, al di sopra di tutti gli altri ingredienti, spiccano l&#8217;olio e il vino a Denominazione di Origine Ribeira Sacra, molto conosciuto in una delle sue due versioni, la Menc\u00eda (vino rosso) e il godello (vino bianco).\n\nNon si pu\u00f2 lasciare Quiroga senza aver provato i prodotti tipici della regione, come le anguille e le trote. Per accompagnarli, bisogna sempre provare un raxo o un pasticcio di chorizo locale e il pane Escair\u00f3n. Inoltre, con il vino, una buona scelta \u00e8 sempre quella di carne di maiale, di vitello galiziano o di manzo di prima qualit\u00e0, come quelli allevati nella regione di Ribeira Sacra.\n\t\t<\/div>\n\n\n\t\t\n\t\t\t<div id=\"holidaysSection\">\n\t\t\t\t<div>\n\t\t\t\t\t<h2 class=\"p-h2-town\">Consigliato<\/h2>\n\t\t\t\t\t<hr>\n\t\t\t\t\t<h3 class=\"p-h3-town\">Festival e pellegrinaggi<\/h3>\n\t\t\t\t<\/div>\n\t\t\t\t<div class=\"grid holidays-grid\">\n\t\t\t\t\t\n\t\t\t\t\t\t<div>\n\t\t\t\t\t\t\t<div class=\"phone-number-item\">\n\t\t\t\t\t\t\t\t<div class=\"phone-number-item__icon\"><i class=\"icon-holiday\"><\/i><\/div>\n\t\t\t\t\t\t\t\t<div class=\"phone-number-item__title dark-text\">\n\t\t\t\t\t\t\t\t\t<p class=\"p-font-bold\">Vacanza locale<\/p>\n\t\t\t\t\t\t\t\t\t<p>Abril: Fiesta del Vino<\/p>\n\t\t\t\t\t\t\t\t<\/div>\n\t\t\t\t\t\t\t<\/div>\n\t\t\t\t\t\t<\/div>\n\t\t\t\t\t\n\t\t\t\t\t\t<div>\n\t\t\t\t\t\t\t<div class=\"phone-number-item\">\n\t\t\t\t\t\t\t\t<div class=\"phone-number-item__icon\"><i class=\"icon-holiday\"><\/i><\/div>\n\t\t\t\t\t\t\t\t<div class=\"phone-number-item__title dark-text\">\n\t\t\t\t\t\t\t\t\t<p class=\"p-font-bold\">Vacanza locale<\/p>\n\t\t\t\t\t\t\t\t\t<p>Agosto: Semana de la Miel<\/p>\n\t\t\t\t\t\t\t\t<\/div>\n\t\t\t\t\t\t\t<\/div>\n\t\t\t\t\t\t<\/div>\n\t\t\t\t\t\n\t\t\t\t\t\t<div>\n\t\t\t\t\t\t\t<div class=\"phone-number-item\">\n\t\t\t\t\t\t\t\t<div class=\"phone-number-item__icon\"><i class=\"icon-holiday\"><\/i><\/div>\n\t\t\t\t\t\t\t\t<div class=\"phone-number-item__title dark-text\">\n\t\t\t\t\t\t\t\t\t<p class=\"p-font-bold\">Vacanza locale<\/p>\n\t\t\t\t\t\t\t\t\t<p>A Principios de Agosto: Festival Folkl\u00f3rico<\/p>\n\t\t\t\t\t\t\t\t<\/div>\n\t\t\t\t\t\t\t<\/div>\n\t\t\t\t\t\t<\/div>\n\t\t\t\t\t\n\t\t\t\t\t\t<div>\n\t\t\t\t\t\t\t<div class=\"phone-number-item\">\n\t\t\t\t\t\t\t\t<div class=\"phone-number-item__icon\"><i class=\"icon-holiday\"><\/i><\/div>\n\t\t\t\t\t\t\t\t<div class=\"phone-number-item__title dark-text\">\n\t\t\t\t\t\t\t\t\t<p class=\"p-font-bold\">Vacanza locale<\/p>\n\t\t\t\t\t\t\t\t\t<p>A mediados de noviembre: San Marti\u00f1o y el magosto<\/p>\n\t\t\t\t\t\t\t\t<\/div>\n\t\t\t\t\t\t\t<\/div>\n\t\t\t\t\t\t<\/div>\n\t\t\t\t\t\n\t\t\t\t\t\t<div>\n\t\t\t\t\t\t\t<div class=\"phone-number-item\">\n\t\t\t\t\t\t\t\t<div class=\"phone-number-item__icon\"><i class=\"icon-holiday\"><\/i><\/div>\n\t\t\t\t\t\t\t\t<div class=\"phone-number-item__title dark-text\">\n\t\t\t\t\t\t\t\t\t<p class=\"p-font-bold\">Vacanza locale<\/p>\n\t\t\t\t\t\t\t\t\t<p>A principios de Septiembre: Fiesta de Nuestra Se\u00f1ora de los Remedios<\/p>\n\t\t\t\t\t\t\t\t<\/div>\n\t\t\t\t\t\t\t<\/div>\n\t\t\t\t\t\t<\/div>\n\t\t\t\t\t\n\t\t\t\t<\/div>\n\t\t\t<\/div>\n\t\t\n\t<\/div>\n<\/section>\n\n<div id=\"stage_list_section\"><div class=\"stage-list\">\n    <div class='stage-list__map-card'>\n        <div class='stage-list__map-card__map'>\n            <div class='stage-list__map-card__map__text'>\n                <h2> Pages <\/h2>\n                <p> A piedi<\/p>\n                <p> 0tappe<\/p>\n            <\/div>\n            <div class='stage-list__map-card__map__img'>\n                <img decoding=\"async\" src=\"\" alt=\" mapa \" \/>\n            <\/div>\n        <\/div>\n    <\/div>\n\n    <\/div>\n<\/div> ","protected":false},"excerpt":{"rendered":"<p>Quiroga &#8249; Ritorno al palcoscenico Quiroga Abitanti: 3.501 aprox. Provincia: Lugo Informazioni Get to know Quiroga Il comune di Quiroga possiede un patrimonio artistico vasto e prezioso. Ci\u00f2 \u00e8 dovuto al susseguirsi di insediamenti romani e successivi alla ricerca dell&#8217;oro, motivo per cui \u00e8 molto frequente trovare castelli, fortezze e altri resti romani. Inoltre, grazie &hellip; <\/p>\n<p class=\"read_more\"><a href=\"https:\/\/www.pilgrim.es\/it\/cammino-inverno\/quiroga\/\">Leer m\u00e1s<\/a><\/p>\n","protected":false},"author":0,"featured_media":8020,"parent":10859,"menu_order":0,"comment_status":"closed","ping_status":"closed","template":"views\/template-new-web-design.blade.php","meta":{"footnotes":""},"categories":[],"tags":[],"class_list":["post-91388","page","type-page","status-publish","has-post-thumbnail","hentry"],"yoast_head":"<!-- This site is optimized with the Yoast SEO plugin v27.4 - https:\/\/yoast.com\/product\/yoast-seo-wordpress\/ -->\n<title>Quiroga: Cosa vedere e dove dormire | Cammino di Santiago | Pilgrim<\/title>\n<meta name=\"description\" content=\"Quiroga Scopri tutte le informazioni su dove alloggiare, come arrivare, cosa mangiare e sui principali punti di interesse delle localit\u00e0 lungo il Cammino Invernale.\" \/>\n<meta name=\"robots\" content=\"index, follow, max-snippet:-1, max-image-preview:large, max-video-preview:-1\" \/>\n<link rel=\"canonical\" href=\"https:\/\/www.pilgrim.es\/it\/cammino-inverno\/quiroga\/\" \/>\n<meta property=\"og:locale\" content=\"it_IT\" \/>\n<meta property=\"og:type\" content=\"article\" \/>\n<meta property=\"og:title\" content=\"Quiroga: Cosa vedere e dove dormire | Cammino di Santiago | Pilgrim\" \/>\n<meta property=\"og:description\" content=\"Quiroga Scopri tutte le informazioni su dove alloggiare, come arrivare, cosa mangiare e sui principali punti di interesse delle localit\u00e0 lungo il Cammino Invernale.\" \/>\n<meta property=\"og:url\" content=\"https:\/\/www.pilgrim.es\/it\/cammino-inverno\/quiroga\/\" \/>\n<meta property=\"og:site_name\" content=\"Pilgrim\" \/>\n<meta property=\"article:publisher\" content=\"https:\/\/www.facebook.com\/pilgrim.es\/\" \/>\n<meta property=\"og:image\" content=\"https:\/\/www.pilgrim.es\/wp-content\/uploads\/2019\/02\/quiroga.jpg\" \/>\n\t<meta property=\"og:image:width\" content=\"500\" \/>\n\t<meta property=\"og:image:height\" content=\"375\" \/>\n\t<meta property=\"og:image:type\" content=\"image\/jpeg\" \/>\n<meta name=\"twitter:card\" content=\"summary_large_image\" \/>\n<meta name=\"twitter:site\" content=\"@pilgrim_es\" \/>\n<meta name=\"twitter:label1\" content=\"Tempo di lettura stimato\" \/>\n\t<meta name=\"twitter:data1\" content=\"4 minuti\" \/>\n<script type=\"application\/ld+json\" class=\"yoast-schema-graph\">{\"@context\":\"https:\\\/\\\/schema.org\",\"@graph\":[{\"@type\":\"WebPage\",\"@id\":\"https:\\\/\\\/www.pilgrim.es\\\/it\\\/cammino-inverno\\\/quiroga\\\/\",\"url\":\"https:\\\/\\\/www.pilgrim.es\\\/it\\\/cammino-inverno\\\/quiroga\\\/\",\"name\":\"Quiroga: Cosa vedere e dove dormire | Cammino di Santiago | Pilgrim\",\"isPartOf\":{\"@id\":\"https:\\\/\\\/www.pilgrim.es\\\/it\\\/#website\"},\"primaryImageOfPage\":{\"@id\":\"https:\\\/\\\/www.pilgrim.es\\\/it\\\/cammino-inverno\\\/quiroga\\\/#primaryimage\"},\"image\":{\"@id\":\"https:\\\/\\\/www.pilgrim.es\\\/it\\\/cammino-inverno\\\/quiroga\\\/#primaryimage\"},\"thumbnailUrl\":\"https:\\\/\\\/www.pilgrim.es\\\/wp-content\\\/uploads\\\/2019\\\/02\\\/quiroga.jpg\",\"datePublished\":\"2025-03-17T15:21:58+00:00\",\"description\":\"Quiroga Scopri tutte le informazioni su dove alloggiare, come arrivare, cosa mangiare e sui principali punti di interesse delle localit\u00e0 lungo il Cammino Invernale.\",\"breadcrumb\":{\"@id\":\"https:\\\/\\\/www.pilgrim.es\\\/it\\\/cammino-inverno\\\/quiroga\\\/#breadcrumb\"},\"inLanguage\":\"it-IT\",\"potentialAction\":[{\"@type\":\"ReadAction\",\"target\":[\"https:\\\/\\\/www.pilgrim.es\\\/it\\\/cammino-inverno\\\/quiroga\\\/\"]}]},{\"@type\":\"ImageObject\",\"inLanguage\":\"it-IT\",\"@id\":\"https:\\\/\\\/www.pilgrim.es\\\/it\\\/cammino-inverno\\\/quiroga\\\/#primaryimage\",\"url\":\"https:\\\/\\\/www.pilgrim.es\\\/wp-content\\\/uploads\\\/2019\\\/02\\\/quiroga.jpg\",\"contentUrl\":\"https:\\\/\\\/www.pilgrim.es\\\/wp-content\\\/uploads\\\/2019\\\/02\\\/quiroga.jpg\",\"width\":500,\"height\":375,\"caption\":\"Quiroga\"},{\"@type\":\"BreadcrumbList\",\"@id\":\"https:\\\/\\\/www.pilgrim.es\\\/it\\\/cammino-inverno\\\/quiroga\\\/#breadcrumb\",\"itemListElement\":[{\"@type\":\"ListItem\",\"position\":1,\"name\":\"Camino de Santiago\",\"item\":\"https:\\\/\\\/www.pilgrim.es\\\/it\\\/\"},{\"@type\":\"ListItem\",\"position\":2,\"name\":\"Cammino d&#8217;Inverno\",\"item\":\"https:\\\/\\\/www.pilgrim.es\\\/it\\\/cammino-inverno\\\/\"},{\"@type\":\"ListItem\",\"position\":3,\"name\":\"Quiroga\"}]},{\"@type\":\"WebSite\",\"@id\":\"https:\\\/\\\/www.pilgrim.es\\\/it\\\/#website\",\"url\":\"https:\\\/\\\/www.pilgrim.es\\\/it\\\/\",\"name\":\"Pilgrim\",\"description\":\"Camino de Santiago | Caminamos Contigo\",\"publisher\":{\"@id\":\"https:\\\/\\\/www.pilgrim.es\\\/it\\\/#organization\"},\"potentialAction\":[{\"@type\":\"SearchAction\",\"target\":{\"@type\":\"EntryPoint\",\"urlTemplate\":\"https:\\\/\\\/www.pilgrim.es\\\/it\\\/?s={search_term_string}\"},\"query-input\":{\"@type\":\"PropertyValueSpecification\",\"valueRequired\":true,\"valueName\":\"search_term_string\"}}],\"inLanguage\":\"it-IT\"},{\"@type\":\"Organization\",\"@id\":\"https:\\\/\\\/www.pilgrim.es\\\/it\\\/#organization\",\"name\":\"Pilgrim Camino de Santiago\",\"url\":\"https:\\\/\\\/www.pilgrim.es\\\/it\\\/\",\"logo\":{\"@type\":\"ImageObject\",\"inLanguage\":\"it-IT\",\"@id\":\"https:\\\/\\\/www.pilgrim.es\\\/it\\\/#\\\/schema\\\/logo\\\/image\\\/\",\"url\":\"https:\\\/\\\/www.pilgrim.es\\\/wp-content\\\/uploads\\\/2019\\\/04\\\/logo_pilgrim.png\",\"contentUrl\":\"https:\\\/\\\/www.pilgrim.es\\\/wp-content\\\/uploads\\\/2019\\\/04\\\/logo_pilgrim.png\",\"width\":512,\"height\":512,\"caption\":\"Pilgrim Camino de Santiago\"},\"image\":{\"@id\":\"https:\\\/\\\/www.pilgrim.es\\\/it\\\/#\\\/schema\\\/logo\\\/image\\\/\"},\"sameAs\":[\"https:\\\/\\\/www.facebook.com\\\/pilgrim.es\\\/\",\"https:\\\/\\\/x.com\\\/pilgrim_es\",\"https:\\\/\\\/www.instagram.com\\\/pilgrim.es\\\/\",\"https:\\\/\\\/www.linkedin.com\\\/company\\\/pilgrim-camino-de-santiago\\\/\",\"https:\\\/\\\/www.pinterest.es\\\/pilgrimcaminodesantiago\\\/\",\"https:\\\/\\\/www.youtube.com\\\/channel\\\/UCIv2ZzFLXVqthkNF32rKedw\\\/featured\"]}]}<\/script>\n<!-- \/ Yoast SEO plugin. -->","yoast_head_json":{"title":"Quiroga: Cosa vedere e dove dormire | Cammino di Santiago | Pilgrim","description":"Quiroga Scopri tutte le informazioni su dove alloggiare, come arrivare, cosa mangiare e sui principali punti di interesse delle localit\u00e0 lungo il Cammino Invernale.","robots":{"index":"index","follow":"follow","max-snippet":"max-snippet:-1","max-image-preview":"max-image-preview:large","max-video-preview":"max-video-preview:-1"},"canonical":"https:\/\/www.pilgrim.es\/it\/cammino-inverno\/quiroga\/","og_locale":"it_IT","og_type":"article","og_title":"Quiroga: Cosa vedere e dove dormire | Cammino di Santiago | Pilgrim","og_description":"Quiroga Scopri tutte le informazioni su dove alloggiare, come arrivare, cosa mangiare e sui principali punti di interesse delle localit\u00e0 lungo il Cammino Invernale.","og_url":"https:\/\/www.pilgrim.es\/it\/cammino-inverno\/quiroga\/","og_site_name":"Pilgrim","article_publisher":"https:\/\/www.facebook.com\/pilgrim.es\/","og_image":[{"width":500,"height":375,"url":"https:\/\/www.pilgrim.es\/wp-content\/uploads\/2019\/02\/quiroga.jpg","type":"image\/jpeg"}],"twitter_card":"summary_large_image","twitter_site":"@pilgrim_es","twitter_misc":{"Tempo di lettura stimato":"4 minuti"},"schema":{"@context":"https:\/\/schema.org","@graph":[{"@type":"WebPage","@id":"https:\/\/www.pilgrim.es\/it\/cammino-inverno\/quiroga\/","url":"https:\/\/www.pilgrim.es\/it\/cammino-inverno\/quiroga\/","name":"Quiroga: Cosa vedere e dove dormire | Cammino di Santiago | Pilgrim","isPartOf":{"@id":"https:\/\/www.pilgrim.es\/it\/#website"},"primaryImageOfPage":{"@id":"https:\/\/www.pilgrim.es\/it\/cammino-inverno\/quiroga\/#primaryimage"},"image":{"@id":"https:\/\/www.pilgrim.es\/it\/cammino-inverno\/quiroga\/#primaryimage"},"thumbnailUrl":"https:\/\/www.pilgrim.es\/wp-content\/uploads\/2019\/02\/quiroga.jpg","datePublished":"2025-03-17T15:21:58+00:00","description":"Quiroga Scopri tutte le informazioni su dove alloggiare, come arrivare, cosa mangiare e sui principali punti di interesse delle localit\u00e0 lungo il Cammino Invernale.","breadcrumb":{"@id":"https:\/\/www.pilgrim.es\/it\/cammino-inverno\/quiroga\/#breadcrumb"},"inLanguage":"it-IT","potentialAction":[{"@type":"ReadAction","target":["https:\/\/www.pilgrim.es\/it\/cammino-inverno\/quiroga\/"]}]},{"@type":"ImageObject","inLanguage":"it-IT","@id":"https:\/\/www.pilgrim.es\/it\/cammino-inverno\/quiroga\/#primaryimage","url":"https:\/\/www.pilgrim.es\/wp-content\/uploads\/2019\/02\/quiroga.jpg","contentUrl":"https:\/\/www.pilgrim.es\/wp-content\/uploads\/2019\/02\/quiroga.jpg","width":500,"height":375,"caption":"Quiroga"},{"@type":"BreadcrumbList","@id":"https:\/\/www.pilgrim.es\/it\/cammino-inverno\/quiroga\/#breadcrumb","itemListElement":[{"@type":"ListItem","position":1,"name":"Camino de Santiago","item":"https:\/\/www.pilgrim.es\/it\/"},{"@type":"ListItem","position":2,"name":"Cammino d&#8217;Inverno","item":"https:\/\/www.pilgrim.es\/it\/cammino-inverno\/"},{"@type":"ListItem","position":3,"name":"Quiroga"}]},{"@type":"WebSite","@id":"https:\/\/www.pilgrim.es\/it\/#website","url":"https:\/\/www.pilgrim.es\/it\/","name":"Pilgrim","description":"Camino de Santiago | Caminamos Contigo","publisher":{"@id":"https:\/\/www.pilgrim.es\/it\/#organization"},"potentialAction":[{"@type":"SearchAction","target":{"@type":"EntryPoint","urlTemplate":"https:\/\/www.pilgrim.es\/it\/?s={search_term_string}"},"query-input":{"@type":"PropertyValueSpecification","valueRequired":true,"valueName":"search_term_string"}}],"inLanguage":"it-IT"},{"@type":"Organization","@id":"https:\/\/www.pilgrim.es\/it\/#organization","name":"Pilgrim Camino de Santiago","url":"https:\/\/www.pilgrim.es\/it\/","logo":{"@type":"ImageObject","inLanguage":"it-IT","@id":"https:\/\/www.pilgrim.es\/it\/#\/schema\/logo\/image\/","url":"https:\/\/www.pilgrim.es\/wp-content\/uploads\/2019\/04\/logo_pilgrim.png","contentUrl":"https:\/\/www.pilgrim.es\/wp-content\/uploads\/2019\/04\/logo_pilgrim.png","width":512,"height":512,"caption":"Pilgrim Camino de Santiago"},"image":{"@id":"https:\/\/www.pilgrim.es\/it\/#\/schema\/logo\/image\/"},"sameAs":["https:\/\/www.facebook.com\/pilgrim.es\/","https:\/\/x.com\/pilgrim_es","https:\/\/www.instagram.com\/pilgrim.es\/","https:\/\/www.linkedin.com\/company\/pilgrim-camino-de-santiago\/","https:\/\/www.pinterest.es\/pilgrimcaminodesantiago\/","https:\/\/www.youtube.com\/channel\/UCIv2ZzFLXVqthkNF32rKedw\/featured"]}]}},"_links":{"self":[{"href":"https:\/\/www.pilgrim.es\/it\/wp-json\/wp\/v2\/pages\/91388","targetHints":{"allow":["GET"]}}],"collection":[{"href":"https:\/\/www.pilgrim.es\/it\/wp-json\/wp\/v2\/pages"}],"about":[{"href":"https:\/\/www.pilgrim.es\/it\/wp-json\/wp\/v2\/types\/page"}],"replies":[{"embeddable":true,"href":"https:\/\/www.pilgrim.es\/it\/wp-json\/wp\/v2\/comments?post=91388"}],"version-history":[{"count":0,"href":"https:\/\/www.pilgrim.es\/it\/wp-json\/wp\/v2\/pages\/91388\/revisions"}],"up":[{"embeddable":true,"href":"https:\/\/www.pilgrim.es\/it\/wp-json\/wp\/v2\/pages\/10859"}],"wp:featuredmedia":[{"embeddable":true,"href":"https:\/\/www.pilgrim.es\/it\/wp-json\/wp\/v2\/media\/8020"}],"wp:attachment":[{"href":"https:\/\/www.pilgrim.es\/it\/wp-json\/wp\/v2\/media?parent=91388"}],"wp:term":[{"taxonomy":"category","embeddable":true,"href":"https:\/\/www.pilgrim.es\/it\/wp-json\/wp\/v2\/categories?post=91388"},{"taxonomy":"post_tag","embeddable":true,"href":"https:\/\/www.pilgrim.es\/it\/wp-json\/wp\/v2\/tags?post=91388"}],"curies":[{"name":"wp","href":"https:\/\/api.w.org\/{rel}","templated":true}]}}