{"id":91382,"date":"2025-03-17T15:20:49","date_gmt":"2025-03-17T15:20:49","guid":{"rendered":"https:\/\/www.pilgrim.es\/cammino-inverno\/o-barco-de-valdeorras\/"},"modified":"2025-03-17T15:20:49","modified_gmt":"2025-03-17T15:20:49","slug":"o-barco-de-valdeorras","status":"publish","type":"page","link":"https:\/\/www.pilgrim.es\/it\/cammino-inverno\/o-barco-de-valdeorras\/","title":{"rendered":"O Barco de Valdeorras"},"content":{"rendered":" <section id=\"hero\">\n\t<h1>O Barco de Valdeorras<\/h1>\n\t<div class=\"hero-grid\">\n\t\t<div class=\"hero-grid__town-col\" data-background=\"https:\/\/cdn.pilgrim.es\/web\/caminos\/camino-invierno\/pueblos\/o-barco-de-valdeorras.jpg\">\n\t\t\t<div>\n\t\t\t\t<a class=\"link-to-stage\" href=\"https:\/\/www.pilgrim.es\/camino-invierno\/etapa-2-las-medulas-o-barco-de-valdeorras\/\">\n\t\t\t\t\t<p>&#8249; Ritorno al palcoscenico<\/p>\n\t\t\t\t<\/a>\n\n\t\t\t\t<div class=\"town-data\">\n\t\t\t\t\t<h2>O Barco de Valdeorras<\/h2>\n\t\t\t\t\t<ul>\n\t\t\t\t\t\t<li>Abitanti: 13.785 aprox.<\/li>\n\t\t\t\t\t\t<li>Provincia: Ourense<\/li>\n\t\t\t\t\t<\/ul>\n\t\t\t\t<\/div>\n\t\t\t<\/div>\n\t\t<\/div>\n\t\t<div class=\"hero-grid__planner-col\"><div\r\n  class=\"p-col-span-1 p-rounded-lg p-px-5 p-h-full\"\r\n  style=\"background-image: url('https:\/\/cdn.pilgrim.es\/web\/pilgrim-planner\/bg-plugin-planificador.webp')\"\r\n  rel=\"preload\"\r\n  fetchpriority=\"high\"\r\n  >\r\n    <div class=\"p-text-center p-pt-5 p-text-white p-text-2xl p-font-semibold\">\r\n      Pianifica il tuo cammino    <\/div>\r\n    <div\r\n            id='primary-app'\r\n            data-name='banner'\r\n            data-api='https:\/\/pathfinder.pilgrim.es\/api\/pathfinder\/v2'\r\n            data-mode='normal'\r\n            data-lang='it'\r\n            data-route='1'\r\n            data-destiny='https:\/\/planificador.pilgrim.es'\r\n            data-modality='1'\r\n            data-inline=''\r\n        ><\/div><\/div><\/div>\n\t<\/div>\n<\/section>\n\n<section id=\"infoTown\">\n\t<div class=\"sections-town\">\n\n\t\t<div id=\"informationSection\">\n\t\t\t<div>\n\t\t\t\t<h2 class=\"p-h2-town\">Informazioni<\/h2>\n\t\t\t\t<hr>\n\t\t\t\t<h3 class=\"p-h3-town\">Get to know O Barco de Valdeorras<\/h3>\n\t\t\t<\/div>\n\t\t\t<p>Si ritiene che questa famosa localit\u00e0 della Galizia sia stata popolata fin dall&#8217;epoca primitiva. Ci sono petroglifi e insediamenti castre\u00f1o e si pensa che il suo nome attuale derivi da una popolazione che viveva in queste terre centinaia di anni fa, i Gegurros, derivando il nome da val-de-giorres.<\/p> <p> D&#8217;altra parte, essendo situata tra le montagne, accanto al fiume Sil, il nome di O Barco, potrebbe avere radici celtiche, da barc\/barg, che significa concavit\u00e0.<\/p> <p>\n\t\t<\/div>\n\n\t\t<div id=\"locationSection\">\n\t\t\t<div>\n\t\t\t\t<h2 class=\"p-h2-town\">Posizione<\/h2>\n\t\t\t\t<hr>\n\t\t\t\t<h3 class=\"p-h3-town\">Come arrivare<\/h3>\n\t\t\t<\/div>\n\t\t\t<p>Per arrivare a O Barco de Valdeorras, il modo migliore \u00e8 prendere l&#8217;autostrada A-6 a Ponferrada e abbandonarla per immettersi nella strada nazionale N-536. Un&#8217;altra opzione \u00e8 l&#8217;autostrada A-52; andare a A Guidi\u00f1a e collegarsi con la strada OU-533 per R\u00faa e prendere la N-120 per O Barco.<\/p> <p>Un&#8217;altra opzione \u00e8 l&#8217;autostrada A-52; andare a A Guidi\u00f1a e collegarsi con la strada OU-533 per R\u00faa e prendere la N-120 per O Barco.\n\n<p>La citt\u00e0 \u00e8 collegata anche in treno da Ourense o Ponferrada. \u00c8 possibile arrivare in autobus da Madrid, Ponferrada, Ourense, Santiago, ecc.<\/p> <p>In autobus da Madrid, Ponferrada, Ourense, Santiago, ecc.\n\t\t\t<div>\n\t\t\t\t<div>\n  <iframe loading=\"lazy\"\n    src=\"https:\/\/www.google.com\/maps\/d\/embed?mid=14mqy8S5lIIyLAFBcsaXofNx0aoDoKGI&amp;ehbc=2E312F\"\n    width=\"640\"\n    height=\"480\"\n    alt=\"Mapa O Barco de Valdeorras\"\n  ><\/iframe>\n<\/div>\n\n\t\t\t<\/div>\n\t\t<\/div>\n\n\t\t\n\t\t\t<div id=\"toVisitSection\">\n\t\t\t\t<div>\n\t\t\t\t\t<h2 class=\"p-h2-town\">Storia \/ Cultura<\/h2>\n\t\t\t\t\t<hr>\n\t\t\t\t\t<h3 class=\"p-h3-town\">Cosa vedere<\/h3>\n\t\t\t\t<\/div>\n\t\t\t\t<div>\n\t\t\t\t\t<div class=\"accordion\">\n\t\t\t\t\t\t<div class=\"accordion__menu\">\n\t\t\t\t\t\t\t<nav>\n\t\t\t\t\t\t\t\t\n\t\t\t\t\t\t\t\t\t<button class=\"nav-tab-accordion active\"><span>&#10093;<\/span><span> La Villa del Castro<\/span><\/button>\n\t\t\t\t\t\t\t\t\n\t\t\t\t\t\t\t\t\t<button class=\"nav-tab-accordion \"><span>&#10093;<\/span><span> Torre y Fortaleza de O Castro<\/span><\/button>\n\t\t\t\t\t\t\t\t\n\t\t\t\t\t\t\t\t\t<button class=\"nav-tab-accordion \"><span>&#10093;<\/span><span> Monasterio de Xagoaza<\/span><\/button>\n\t\t\t\t\t\t\t\t\n\t\t\t\t\t\t\t\t\t<button class=\"nav-tab-accordion \"><span>&#10093;<\/span><span> O Teixadal<\/span><\/button>\n\t\t\t\t\t\t\t\t\n\t\t\t\t\t\t\t\t\t<button class=\"nav-tab-accordion \"><span>&#10093;<\/span><span> Iglesia de San Mauro<\/span><\/button>\n\t\t\t\t\t\t\t\t\n\t\t\t\t\t\t\t\t\t<button class=\"nav-tab-accordion \"><span>&#10093;<\/span><span> Espacios Naturales<\/span><\/button>\n\t\t\t\t\t\t\t\t\n\t\t\t\t\t\t\t<\/nav>\n\t\t\t\t\t\t<\/div>\n\n\t\t\t\t\t\t\n\t\t\t\t\t\t\t<div class=\"accordion__accordion-content \">\n\t\t\t\t\t\t\t\t<div>\n\t\t\t\t\t\t\t\t\t<div>\n\t\t\t\t\t\t\t\t\t\t<h4>La Villa del Castro<\/h4>\n\t\t\t\t\t\t\t\t\t\t<p>A La Villa del Castro si trovano alcune tracce dell&#8217;antica fortezza della stirpe dei Castro, Pimentel e Sarmiento (noti anche come Conti di Ribadavia).<\/p> <p>A La Villa del Castro si trovano alcune tracce dell&#8217;antica fortezza della stirpe dei Castro, Pimentel e Sarmiento.\n\n<p>Un altro punto di forza \u00e8 la chiesa parrocchiale, la casa Carballo ma, soprattutto, il Pazo de Fl\u00f3rez. Questo maniero risale al 1630 e si distingue dal resto degli edifici per la sua facciata con sei archi in pietra intarsiata.\n\n<p>INFORMAZIONI DI INTERESSE<\/p> <p>Informazioni di interesse<\/p> <p>Informazioni interessanti\n\n<p>E-mail: info@pazodocastro.com Web: pazodocastro.com Telefono: 988 347 423<\/p> <p>Chiamateci al: 988 347 423<\/p> <p>.\n\t\t\t\t\t\t\t\t\t<\/div>\n\t\t\t\t\t\t\t\t\t<img decoding=\"async\" src=\"https:\/\/cdn.pilgrim.es\/web\/caminos\/camino-invierno\/pueblos\/o-barco-de-valdeorras\/puntos-de-interes\/la-villa-del-castro.jpg\" alt=\"La Villa del Castro\">\n\t\t\t\t\t\t\t\t<\/div>\n\t\t\t\t\t\t\t<\/div>\n\t\t\t\t\t\t\n\t\t\t\t\t\t\t<div class=\"accordion__accordion-content inactive\">\n\t\t\t\t\t\t\t\t<div>\n\t\t\t\t\t\t\t\t\t<div>\n\t\t\t\t\t\t\t\t\t\t<h4>Torre y Fortaleza de O Castro<\/h4>\n\t\t\t\t\t\t\t\t\t\t<p>La Torre e la Fortezza di O Castro sono ben note in tutta la regione di Valdeorras e detengono la distinzione di Bien de Inter\u00e9s Cultural (BIC) dal 1994.<\/p> <p>La Torre e la Fortezza di O Castro sono ben note in tutta la regione di Valdeorras e detengono la distinzione di Bien de Inter\u00e9s Cultural (BIC) dal 1994.\n\n<p>Si tratta di un edificio medievale risalente al XIV secolo, ma la costruzione attuale differisce dall&#8217;originale, poich\u00e9 sub\u00ec diverse distruzioni nell&#8217;ultimo periodo del XV secolo. Fu ricostruito e ristrutturato anni dopo e, nel XVIII secolo, inizi\u00f2 a essere utilizzato come prigione. Ma una volta sospese le signorie nel XIX secolo, fu abbandonato e, a poco a poco, la sua conservazione si deterior\u00f2.\n\n<p>Anni dopo, la torre fu recuperata e, successivamente, la ristrutturazione del complesso fu completata con una moderna scala in ferro con pianerottoli che fungono da punto di osservazione.\n\t\t\t\t\t\t\t\t\t<\/div>\n\t\t\t\t\t\t\t\t\t<img decoding=\"async\" src=\"https:\/\/cdn.pilgrim.es\/web\/caminos\/camino-invierno\/pueblos\/o-barco-de-valdeorras\/puntos-de-interes\/torre-y-fortaleza-de-o-castro.jpg\" alt=\"Torre y Fortaleza de O Castro\">\n\t\t\t\t\t\t\t\t<\/div>\n\t\t\t\t\t\t\t<\/div>\n\t\t\t\t\t\t\n\t\t\t\t\t\t\t<div class=\"accordion__accordion-content inactive\">\n\t\t\t\t\t\t\t\t<div>\n\t\t\t\t\t\t\t\t\t<div>\n\t\t\t\t\t\t\t\t\t\t<h4>Monasterio de Xagoaza<\/h4>\n\t\t\t\t\t\t\t\t\t\t<p>La chiesa di San Miguel fu costruita nel XII secolo in stile romanico, come si pu\u00f2 notare dalle finestre e dall&#8217;abside. All&#8217;interno troviamo una croce maltese, il che significa che il tempio era gestito dall&#8217;Ordine di San Xoan di Gerusalemme.\n\n<p>La costruzione del monastero risale al XVIII secolo. Oggi questo spazio \u00e8 utilizzato come cantina e vi si producono vini godello.\n\n<p>INFORMAZIONI DI INTERESSE<\/p>\n\n<p>Telefono: 988 325 309<\/p>\n\t\t\t\t\t\t\t\t\t<\/div>\n\t\t\t\t\t\t\t\t\t<img decoding=\"async\" src=\"https:\/\/cdn.pilgrim.es\/web\/caminos\/camino-invierno\/pueblos\/o-barco-de-valdeorras\/puntos-de-interes\/monasterio-de-xagoaza.jpg\" alt=\"Monasterio de Xagoaza\">\n\t\t\t\t\t\t\t\t<\/div>\n\t\t\t\t\t\t\t<\/div>\n\t\t\t\t\t\t\n\t\t\t\t\t\t\t<div class=\"accordion__accordion-content inactive\">\n\t\t\t\t\t\t\t\t<div>\n\t\t\t\t\t\t\t\t\t<div>\n\t\t\t\t\t\t\t\t\t\t<h4>O Teixadal<\/h4>\n\t\t\t\t\t\t\t\t\t\t<p>O Teixadal \u00e8 una magnifica area naturale che \u00e8 stata dichiarata una delle pi\u00f9 importanti d&#8217;Europa. Molti degli alberi sacri che si trovano qui hanno pi\u00f9 di 2.000 anni e alcuni di essi sono situati in alto nelle montagne di Trevinca, a un&#8217;altitudine di oltre 2.000 metri.<\/p> <p>O Teixadal \u00e8 una magnifica area naturale che \u00e8 stata dichiarata una delle pi\u00f9 importanti d&#8217;Europa.\n\t\t\t\t\t\t\t\t\t<\/div>\n\t\t\t\t\t\t\t\t\t<img decoding=\"async\" src=\"https:\/\/cdn.pilgrim.es\/web\/caminos\/camino-invierno\/pueblos\/o-barco-de-valdeorras\/puntos-de-interes\/o-teixadal.jpg\" alt=\"O Teixadal\">\n\t\t\t\t\t\t\t\t<\/div>\n\t\t\t\t\t\t\t<\/div>\n\t\t\t\t\t\t\n\t\t\t\t\t\t\t<div class=\"accordion__accordion-content inactive\">\n\t\t\t\t\t\t\t\t<div>\n\t\t\t\t\t\t\t\t\t<div>\n\t\t\t\t\t\t\t\t\t\t<h4>Iglesia de San Mauro<\/h4>\n\t\t\t\t\t\t\t\t\t\t<p>La chiesa parrocchiale di San Mauro si trova nella piazza principale del centro di O Barco de Valdeorras. A prima vista presenta elementi tipici dello stile tardo-gotico, visibili sia sulla facciata che nelle finestre.\n\n<p>La facciata dell&#8217;edificio mostra una chiara sobriet\u00e0, in cui spicca la decorazione del portico d&#8217;ingresso, disposto con elementi di stile neoclassico.<\/p> <p>La facciata dell&#8217;edificio mostra una chiara sobriet\u00e0, in cui spicca la decorazione del portico d&#8217;ingresso, disposto con elementi di stile neoclassico.\n\n<p>Orario della messa<\/p>\n\n<p>Inverno Feriali e vespri alle 19:00 Festivi alle 09:30Estate Feriali e vespri alle 20:00 Festivi alle 09:30<\/p> <p>Estate\n\n<p>INFORMAZIONI DI INTERESSE<\/p>\n\n<p>E-mail: rodrgueztoms@gmail.comTel\u00e9fono: 988 321 448<\/p>\n\t\t\t\t\t\t\t\t\t<\/div>\n\t\t\t\t\t\t\t\t\t<img decoding=\"async\" src=\"https:\/\/cdn.pilgrim.es\/web\/caminos\/camino-invierno\/pueblos\/o-barco-de-valdeorras\/puntos-de-interes\/iglesia-de-san-mauro.jpg\" alt=\"Iglesia de San Mauro\">\n\t\t\t\t\t\t\t\t<\/div>\n\t\t\t\t\t\t\t<\/div>\n\t\t\t\t\t\t\n\t\t\t\t\t\t\t<div class=\"accordion__accordion-content inactive\">\n\t\t\t\t\t\t\t\t<div>\n\t\t\t\t\t\t\t\t\t<div>\n\t\t\t\t\t\t\t\t\t\t<h4>Espacios Naturales<\/h4>\n\t\t\t\t\t\t\t\t\t\t<p>Valdeorras ha un&#8217;attrazione paesaggistica molto interessante grazie ai vigneti sulle colline e ai boschetti di castagni centenari, soprattutto in autunno, quando i boschi si tingono di diverse sfumature di marrone e arancione.<\/p> <p>Valdeorras ha un&#8217;attrazione paesaggistica molto interessante grazie ai vigneti sulle colline e ai boschetti di castagni centenari, soprattutto in autunno, quando i boschi si tingono di diverse sfumature di marrone e arancione.\n\n<p>Tra i suoi spazi naturali c&#8217;\u00e8 il Parco Naturale della Sierra de la Encina de la Lastra, dichiarato Zona di Protezione Speciale per gli Uccelli (ZPS). Presenta un&#8217;immensa flora mediterranea, formazioni calcaree e una grande variet\u00e0 di uccelli.\n\n<p>Non possiamo dimenticare il Massiccio della Trevinca, con cime che superano i 200 metri di altezza, all&#8217;interno del quale si trova un bellissimo boschetto di alberi, El Teixadal de Casaio, affascinanti fiumi come Xares o Pastora, rilassanti lagune e molte tracce di antiche glaciazioni.\n\t\t\t\t\t\t\t\t\t<\/div>\n\t\t\t\t\t\t\t\t\t<img decoding=\"async\" src=\"https:\/\/cdn.pilgrim.es\/web\/caminos\/camino-invierno\/pueblos\/o-barco-de-valdeorras\/puntos-de-interes\/espacios-naturales.jpg\" alt=\"Espacios Naturales\">\n\t\t\t\t\t\t\t\t<\/div>\n\t\t\t\t\t\t\t<\/div>\n\t\t\t\t\t\t\n\t\t\t\t\t<\/div>\n\t\t\t\t<\/div>\n\t\t\t<\/div>\n\t\t\n\n\t\t<div id=\"phonesSection\">\n\t\t\t<div>\n\t\t\t\t<h2 class=\"p-h3-town\">Informazioni di interesse<\/h2>\n\t\t\t<\/div>\n\t\t\t<div class=\"grid\">\n\t\t\t\t\n\t\t\t\t\t<div class=\"phone-number-item\">\n\t\t\t\t\t\t<div class=\"phone-number-item__icon\"><i class=\"icon-police\"><\/i><\/div>\n\t\t\t\t\t\t<div class=\"phone-number-item__title\">\n\t\t\t\t\t\t\t<h3 class=\"p-font-bold\">Polizia locale<\/h3>\n\t\t\t\t\t\t\t<p>988 322 939<\/p>\n\t\t\t\t\t\t\t\n\t\t\t\t\t\t<\/div>\n\t\t\t\t\t<\/div>\n\t\t\t\t\n\t\t\t\t\t<div class=\"phone-number-item\">\n\t\t\t\t\t\t<div class=\"phone-number-item__icon\"><i class=\"icon-spanish-military-police\"><\/i><\/div>\n\t\t\t\t\t\t<div class=\"phone-number-item__title\">\n\t\t\t\t\t\t\t<h3 class=\"p-font-bold\">Guardia civile<\/h3>\n\t\t\t\t\t\t\t<p>988 320 381<\/p>\n\t\t\t\t\t\t\t\n\t\t\t\t\t\t<\/div>\n\t\t\t\t\t<\/div>\n\t\t\t\t\n\t\t\t\t\t<div class=\"phone-number-item\">\n\t\t\t\t\t\t<div class=\"phone-number-item__icon\"><i class=\"icon-firefighters\"><\/i><\/div>\n\t\t\t\t\t\t<div class=\"phone-number-item__title\">\n\t\t\t\t\t\t\t<h3 class=\"p-font-bold\">Vigili del fuoco<\/h3>\n\t\t\t\t\t\t\t<p>112<\/p>\n\t\t\t\t\t\t\t\n\t\t\t\t\t\t<\/div>\n\t\t\t\t\t<\/div>\n\t\t\t\t\n\t\t\t\t\t<div class=\"phone-number-item\">\n\t\t\t\t\t\t<div class=\"phone-number-item__icon\"><i class=\"icon-civil-protection\"><\/i><\/div>\n\t\t\t\t\t\t<div class=\"phone-number-item__title\">\n\t\t\t\t\t\t\t<h3 class=\"p-font-bold\">Protezione civile<\/h3>\n\t\t\t\t\t\t\t<p>616 402 882<\/p>\n\t\t\t\t\t\t\t\n\t\t\t\t\t\t<\/div>\n\t\t\t\t\t<\/div>\n\t\t\t\t\n\t\t\t\t\t<div class=\"phone-number-item\">\n\t\t\t\t\t\t<div class=\"phone-number-item__icon\"><i class=\"icon-town-council\"><\/i><\/div>\n\t\t\t\t\t\t<div class=\"phone-number-item__title\">\n\t\t\t\t\t\t\t<h3 class=\"p-font-bold\">Municipio<\/h3>\n\t\t\t\t\t\t\t<p>988 832 010<\/p>\n\t\t\t\t\t\t\t\n\t\t\t\t\t\t<\/div>\n\t\t\t\t\t<\/div>\n\t\t\t\t\n\t\t\t\t\t<div class=\"phone-number-item\">\n\t\t\t\t\t\t<div class=\"phone-number-item__icon\"><i class=\"icon-hospital\"><\/i><\/div>\n\t\t\t\t\t\t<div class=\"phone-number-item__title\">\n\t\t\t\t\t\t\t<h3 class=\"p-font-bold\">Centro sanitario<\/h3>\n\t\t\t\t\t\t\t<p>988 325 794<\/p>\n\t\t\t\t\t\t\t\n\t\t\t\t\t\t<\/div>\n\t\t\t\t\t<\/div>\n\t\t\t\t\n\t\t\t\t\t<div class=\"phone-number-item\">\n\t\t\t\t\t\t<div class=\"phone-number-item__icon\"><i class=\"icon-tourism\"><\/i><\/div>\n\t\t\t\t\t\t<div class=\"phone-number-item__title\">\n\t\t\t\t\t\t\t<h3 class=\"p-font-bold\">Ufficio turistico<\/h3>\n\t\t\t\t\t\t\t<p>988 347 425<\/p>\n\t\t\t\t\t\t\t\n\t\t\t\t\t\t\t\t<p>R\u00faa a Veigui\u00f1a, 5<\/p>\n\t\t\t\t\t\t\t\n\t\t\t\t\t\t<\/div>\n\t\t\t\t\t<\/div>\n\t\t\t\t\n\t\t\t<\/div>\n\t\t<\/div>\n\n\t\t<div id=\"clientForm\">\n        <section>\n        <img decoding=\"async\" src=\"https:\/\/cdn.pilgrim.es\/web\/home\/email-contacto.png\" alt=\"contacto\">\n        <div>\n            <p>Ti inviamo la tua pianificazione<\/p>\n            <p>Forniscici i tuoi dati e ricevi la pianificazione del tuo viaggio via email <\/p>\n            <form method=\"post\" data-url=\"\/wp-admin\/admin-ajax.php\" id=\"planner--client\" class=\"flag-right form-client\">\n    <div class=\"form-data\">\n        <input name=\"form_id\" type=\"hidden\" value=\"Formulario Leads\">\n        <input name=\"type\" type=\"hidden\" value=\"planner_client\">\n        <input type=\"text\" name=\"nombre\" value=\"\" size=\"40\" class=\"form-control\" aria-required=\"true\" aria-invalid=\"false\" placeholder=\"Nome\">\n        <input type=\"email\" name=\"email\" value=\"\" size=\"40\" class=\"form-control\" aria-required=\"true\" aria-invalid=\"false\" placeholder=\"Mail\">\n        <input type=\"text\" id=\"phone-input\" name=\"tel\" value=\"\" size=\"40\" class=\"phone-input form-control\" aria-required=\"true\" aria-invalid=\"false\" placeholder=\"Telefono\">\n        <input type=\"hidden\" name=\"telefono\">\n    <\/div>\n    <div class=\"form-checkbox\">\n        <span>\n            Pilgrim Travel. S.L. informa, come previsto dal Regolamento 2016\/679, che i dati utilizzati in questo modulo verranno utilizzati sia per la risposta delle eventuali consultazioni sia per la pub-blicazione dei commenti, essendo il consenso dell'utente la base di legittimazione. Potranno esse-re esercitati i diritti in conformit\u00e0 con quanto stabilito dalla nostra             <a href=\"https:\/\/www.pilgrim.es\/it\/informativa-sulla-privacy\/\" target=\"_blank\" rel=\"noopener noreferrer nofollow\">Politica di privacy.<\/a>\n        <\/span>\n    <\/div>\n\n    <div class=\"form-submit\">\n        <button id=\"planner--client-create\" type=\"submit\">Formulario di contatto<\/button>\n        <div class=\"loadingDiv\"><i class=\"p-spinner\"><\/i><\/div>\n    <\/div>\n\n    <div class=\"contact-content-form-success\">\n        <p><i class=\"fas fa-check\"><\/i> Il modulo \u00e8 stato inviato correttamente<\/p>\n    <\/div>\n\n    <div class=\"contact-content-form-error\">\n        <span class=\"input-error\"><\/span>\n    <\/div>\n<\/form>        <\/div>\n    <\/section>\n<\/div>\n\n\t\t<div id=\"recomendationSection\">\n\t\t\t<div>\n\t\t\t\t<h2 class=\"p-h2-town\">Consigliato<\/h2>\n\t\t\t\t<hr>\n\t\t\t\t<h3 class=\"p-h3-town\">Gastronomia<\/h3>\n\t\t\t<\/div>\n\t\t\tLa gastronomia di O Barco de Valdeorras \u00e8 famosa in tutta la Spagna per i suoi vini a Denominazione di Origine. I vini bianchi hanno molta personalit\u00e0 e aromi insuperabili, i rossi sono prodotti con le migliori uve della regione e i rosati hanno un colore e un profumo che ricordano i frutti di bosco, le ciliegie e le fragole.\n\nLa carne di maiale e i suoi derivati, come salsicce, androllas e botelo, il pasticcio di anguilla, il polpo e il capretto arrosto. Per quanto riguarda la pasticceria, sono particolarmente degni di nota i roscones e le torte rix\u00f3ns.\n\t\t<\/div>\n\n\n\t\t\n\t\t\t<div id=\"holidaysSection\">\n\t\t\t\t<div>\n\t\t\t\t\t<h2 class=\"p-h2-town\">Consigliato<\/h2>\n\t\t\t\t\t<hr>\n\t\t\t\t\t<h3 class=\"p-h3-town\">Festival e pellegrinaggi<\/h3>\n\t\t\t\t<\/div>\n\t\t\t\t<div class=\"grid holidays-grid\">\n\t\t\t\t\t\n\t\t\t\t\t\t<div>\n\t\t\t\t\t\t\t<div class=\"phone-number-item\">\n\t\t\t\t\t\t\t\t<div class=\"phone-number-item__icon\"><i class=\"icon-holiday\"><\/i><\/div>\n\t\t\t\t\t\t\t\t<div class=\"phone-number-item__title dark-text\">\n\t\t\t\t\t\t\t\t\t<p class=\"p-font-bold\">Vacanza locale<\/p>\n\t\t\t\t\t\t\t\t\t<p>Carnaval: Diversas actividades<\/p>\n\t\t\t\t\t\t\t\t<\/div>\n\t\t\t\t\t\t\t<\/div>\n\t\t\t\t\t\t<\/div>\n\t\t\t\t\t\n\t\t\t\t\t\t<div>\n\t\t\t\t\t\t\t<div class=\"phone-number-item\">\n\t\t\t\t\t\t\t\t<div class=\"phone-number-item__icon\"><i class=\"icon-holiday\"><\/i><\/div>\n\t\t\t\t\t\t\t\t<div class=\"phone-number-item__title dark-text\">\n\t\t\t\t\t\t\t\t\t<p class=\"p-font-bold\">Vacanza locale<\/p>\n\t\t\t\t\t\t\t\t\t<p>El d\u00eda 6 de cada mes: Feria de Viloira<\/p>\n\t\t\t\t\t\t\t\t<\/div>\n\t\t\t\t\t\t\t<\/div>\n\t\t\t\t\t\t<\/div>\n\t\t\t\t\t\n\t\t\t\t\t\t<div>\n\t\t\t\t\t\t\t<div class=\"phone-number-item\">\n\t\t\t\t\t\t\t\t<div class=\"phone-number-item__icon\"><i class=\"icon-holiday\"><\/i><\/div>\n\t\t\t\t\t\t\t\t<div class=\"phone-number-item__title dark-text\">\n\t\t\t\t\t\t\t\t\t<p class=\"p-font-bold\">Vacanza locale<\/p>\n\t\t\t\t\t\t\t\t\t<p>14 de Septiembre: Festas do Cristo y el famoso descenso del r\u00edo Sil<\/p>\n\t\t\t\t\t\t\t\t<\/div>\n\t\t\t\t\t\t\t<\/div>\n\t\t\t\t\t\t<\/div>\n\t\t\t\t\t\n\t\t\t\t<\/div>\n\t\t\t<\/div>\n\t\t\n\t<\/div>\n<\/section>\n\n<div id=\"stage_list_section\"><div class=\"stage-list\">\n    <div class='stage-list__map-card'>\n        <div class='stage-list__map-card__map'>\n            <div class='stage-list__map-card__map__text'>\n                <h2> Pages <\/h2>\n                <p> A piedi<\/p>\n                <p> 0tappe<\/p>\n            <\/div>\n            <div class='stage-list__map-card__map__img'>\n                <img decoding=\"async\" src=\"\" alt=\" mapa \" \/>\n            <\/div>\n        <\/div>\n    <\/div>\n\n    <\/div>\n<\/div> ","protected":false},"excerpt":{"rendered":"<p>O Barco de Valdeorras &#8249; Ritorno al palcoscenico O Barco de Valdeorras Abitanti: 13.785 aprox. Provincia: Ourense Informazioni Get to know O Barco de Valdeorras Si ritiene che questa famosa localit\u00e0 della Galizia sia stata popolata fin dall&#8217;epoca primitiva. Ci sono petroglifi e insediamenti castre\u00f1o e si pensa che il suo nome attuale derivi da &hellip; <\/p>\n<p class=\"read_more\"><a href=\"https:\/\/www.pilgrim.es\/it\/cammino-inverno\/o-barco-de-valdeorras\/\">Leer m\u00e1s<\/a><\/p>\n","protected":false},"author":0,"featured_media":305,"parent":10859,"menu_order":0,"comment_status":"closed","ping_status":"closed","template":"views\/template-new-web-design.blade.php","meta":{"footnotes":""},"categories":[],"tags":[],"class_list":["post-91382","page","type-page","status-publish","has-post-thumbnail","hentry"],"yoast_head":"<!-- This site is optimized with the Yoast SEO plugin v27.4 - https:\/\/yoast.com\/product\/yoast-seo-wordpress\/ -->\n<title>O Barco de Valdeorras: Cosa vedere e dove dormire | Cammino di Santiago | Pilgrim<\/title>\n<meta name=\"description\" content=\"O Barco de Valdeorras Scopri tutte le informazioni su dove alloggiare, come arrivare, cosa mangiare e sui principali punti di interesse delle localit\u00e0 lungo il Cammino Invernale.\" \/>\n<meta name=\"robots\" content=\"index, follow, max-snippet:-1, max-image-preview:large, max-video-preview:-1\" \/>\n<link rel=\"canonical\" href=\"https:\/\/www.pilgrim.es\/it\/cammino-inverno\/o-barco-de-valdeorras\/\" \/>\n<meta property=\"og:locale\" content=\"it_IT\" \/>\n<meta property=\"og:type\" content=\"article\" \/>\n<meta property=\"og:title\" content=\"O Barco de Valdeorras: Cosa vedere e dove dormire | Cammino di Santiago | Pilgrim\" \/>\n<meta property=\"og:description\" content=\"O Barco de Valdeorras Scopri tutte le informazioni su dove alloggiare, come arrivare, cosa mangiare e sui principali punti di interesse delle localit\u00e0 lungo il Cammino Invernale.\" \/>\n<meta property=\"og:url\" content=\"https:\/\/www.pilgrim.es\/it\/cammino-inverno\/o-barco-de-valdeorras\/\" \/>\n<meta property=\"og:site_name\" content=\"Pilgrim\" \/>\n<meta property=\"article:publisher\" content=\"https:\/\/www.facebook.com\/pilgrim.es\/\" \/>\n<meta property=\"og:image\" content=\"https:\/\/www.pilgrim.es\/wp-content\/uploads\/2019\/02\/72547092-e1515750998424-nk9a17qzlpu3olfyrbcfo2uymsc694xbhhaufl5sto.jpg\" \/>\n\t<meta property=\"og:image:width\" content=\"770\" \/>\n\t<meta property=\"og:image:height\" content=\"350\" \/>\n\t<meta property=\"og:image:type\" content=\"image\/jpeg\" \/>\n<meta name=\"twitter:card\" content=\"summary_large_image\" \/>\n<meta name=\"twitter:site\" content=\"@pilgrim_es\" \/>\n<meta name=\"twitter:label1\" content=\"Tempo di lettura stimato\" \/>\n\t<meta name=\"twitter:data1\" content=\"5 minuti\" \/>\n<script type=\"application\/ld+json\" class=\"yoast-schema-graph\">{\"@context\":\"https:\\\/\\\/schema.org\",\"@graph\":[{\"@type\":\"WebPage\",\"@id\":\"https:\\\/\\\/www.pilgrim.es\\\/it\\\/cammino-inverno\\\/o-barco-de-valdeorras\\\/\",\"url\":\"https:\\\/\\\/www.pilgrim.es\\\/it\\\/cammino-inverno\\\/o-barco-de-valdeorras\\\/\",\"name\":\"O Barco de Valdeorras: Cosa vedere e dove dormire | Cammino di Santiago | Pilgrim\",\"isPartOf\":{\"@id\":\"https:\\\/\\\/www.pilgrim.es\\\/it\\\/#website\"},\"primaryImageOfPage\":{\"@id\":\"https:\\\/\\\/www.pilgrim.es\\\/it\\\/cammino-inverno\\\/o-barco-de-valdeorras\\\/#primaryimage\"},\"image\":{\"@id\":\"https:\\\/\\\/www.pilgrim.es\\\/it\\\/cammino-inverno\\\/o-barco-de-valdeorras\\\/#primaryimage\"},\"thumbnailUrl\":\"https:\\\/\\\/www.pilgrim.es\\\/wp-content\\\/uploads\\\/2019\\\/02\\\/72547092-e1515750998424-nk9a17qzlpu3olfyrbcfo2uymsc694xbhhaufl5sto.jpg\",\"datePublished\":\"2025-03-17T15:20:49+00:00\",\"description\":\"O Barco de Valdeorras Scopri tutte le informazioni su dove alloggiare, come arrivare, cosa mangiare e sui principali punti di interesse delle localit\u00e0 lungo il Cammino Invernale.\",\"breadcrumb\":{\"@id\":\"https:\\\/\\\/www.pilgrim.es\\\/it\\\/cammino-inverno\\\/o-barco-de-valdeorras\\\/#breadcrumb\"},\"inLanguage\":\"it-IT\",\"potentialAction\":[{\"@type\":\"ReadAction\",\"target\":[\"https:\\\/\\\/www.pilgrim.es\\\/it\\\/cammino-inverno\\\/o-barco-de-valdeorras\\\/\"]}]},{\"@type\":\"ImageObject\",\"inLanguage\":\"it-IT\",\"@id\":\"https:\\\/\\\/www.pilgrim.es\\\/it\\\/cammino-inverno\\\/o-barco-de-valdeorras\\\/#primaryimage\",\"url\":\"https:\\\/\\\/www.pilgrim.es\\\/wp-content\\\/uploads\\\/2019\\\/02\\\/72547092-e1515750998424-nk9a17qzlpu3olfyrbcfo2uymsc694xbhhaufl5sto.jpg\",\"contentUrl\":\"https:\\\/\\\/www.pilgrim.es\\\/wp-content\\\/uploads\\\/2019\\\/02\\\/72547092-e1515750998424-nk9a17qzlpu3olfyrbcfo2uymsc694xbhhaufl5sto.jpg\",\"width\":770,\"height\":350,\"caption\":\"O Barco de Valdeorras\"},{\"@type\":\"BreadcrumbList\",\"@id\":\"https:\\\/\\\/www.pilgrim.es\\\/it\\\/cammino-inverno\\\/o-barco-de-valdeorras\\\/#breadcrumb\",\"itemListElement\":[{\"@type\":\"ListItem\",\"position\":1,\"name\":\"Camino de Santiago\",\"item\":\"https:\\\/\\\/www.pilgrim.es\\\/it\\\/\"},{\"@type\":\"ListItem\",\"position\":2,\"name\":\"Cammino d&#8217;Inverno\",\"item\":\"https:\\\/\\\/www.pilgrim.es\\\/it\\\/cammino-inverno\\\/\"},{\"@type\":\"ListItem\",\"position\":3,\"name\":\"O Barco de Valdeorras\"}]},{\"@type\":\"WebSite\",\"@id\":\"https:\\\/\\\/www.pilgrim.es\\\/it\\\/#website\",\"url\":\"https:\\\/\\\/www.pilgrim.es\\\/it\\\/\",\"name\":\"Pilgrim\",\"description\":\"Camino de Santiago | Caminamos Contigo\",\"publisher\":{\"@id\":\"https:\\\/\\\/www.pilgrim.es\\\/it\\\/#organization\"},\"potentialAction\":[{\"@type\":\"SearchAction\",\"target\":{\"@type\":\"EntryPoint\",\"urlTemplate\":\"https:\\\/\\\/www.pilgrim.es\\\/it\\\/?s={search_term_string}\"},\"query-input\":{\"@type\":\"PropertyValueSpecification\",\"valueRequired\":true,\"valueName\":\"search_term_string\"}}],\"inLanguage\":\"it-IT\"},{\"@type\":\"Organization\",\"@id\":\"https:\\\/\\\/www.pilgrim.es\\\/it\\\/#organization\",\"name\":\"Pilgrim Camino de Santiago\",\"url\":\"https:\\\/\\\/www.pilgrim.es\\\/it\\\/\",\"logo\":{\"@type\":\"ImageObject\",\"inLanguage\":\"it-IT\",\"@id\":\"https:\\\/\\\/www.pilgrim.es\\\/it\\\/#\\\/schema\\\/logo\\\/image\\\/\",\"url\":\"https:\\\/\\\/www.pilgrim.es\\\/wp-content\\\/uploads\\\/2019\\\/04\\\/logo_pilgrim.png\",\"contentUrl\":\"https:\\\/\\\/www.pilgrim.es\\\/wp-content\\\/uploads\\\/2019\\\/04\\\/logo_pilgrim.png\",\"width\":512,\"height\":512,\"caption\":\"Pilgrim Camino de Santiago\"},\"image\":{\"@id\":\"https:\\\/\\\/www.pilgrim.es\\\/it\\\/#\\\/schema\\\/logo\\\/image\\\/\"},\"sameAs\":[\"https:\\\/\\\/www.facebook.com\\\/pilgrim.es\\\/\",\"https:\\\/\\\/x.com\\\/pilgrim_es\",\"https:\\\/\\\/www.instagram.com\\\/pilgrim.es\\\/\",\"https:\\\/\\\/www.linkedin.com\\\/company\\\/pilgrim-camino-de-santiago\\\/\",\"https:\\\/\\\/www.pinterest.es\\\/pilgrimcaminodesantiago\\\/\",\"https:\\\/\\\/www.youtube.com\\\/channel\\\/UCIv2ZzFLXVqthkNF32rKedw\\\/featured\"]}]}<\/script>\n<!-- \/ Yoast SEO plugin. -->","yoast_head_json":{"title":"O Barco de Valdeorras: Cosa vedere e dove dormire | Cammino di Santiago | Pilgrim","description":"O Barco de Valdeorras Scopri tutte le informazioni su dove alloggiare, come arrivare, cosa mangiare e sui principali punti di interesse delle localit\u00e0 lungo il Cammino Invernale.","robots":{"index":"index","follow":"follow","max-snippet":"max-snippet:-1","max-image-preview":"max-image-preview:large","max-video-preview":"max-video-preview:-1"},"canonical":"https:\/\/www.pilgrim.es\/it\/cammino-inverno\/o-barco-de-valdeorras\/","og_locale":"it_IT","og_type":"article","og_title":"O Barco de Valdeorras: Cosa vedere e dove dormire | Cammino di Santiago | Pilgrim","og_description":"O Barco de Valdeorras Scopri tutte le informazioni su dove alloggiare, come arrivare, cosa mangiare e sui principali punti di interesse delle localit\u00e0 lungo il Cammino Invernale.","og_url":"https:\/\/www.pilgrim.es\/it\/cammino-inverno\/o-barco-de-valdeorras\/","og_site_name":"Pilgrim","article_publisher":"https:\/\/www.facebook.com\/pilgrim.es\/","og_image":[{"width":770,"height":350,"url":"https:\/\/www.pilgrim.es\/wp-content\/uploads\/2019\/02\/72547092-e1515750998424-nk9a17qzlpu3olfyrbcfo2uymsc694xbhhaufl5sto.jpg","type":"image\/jpeg"}],"twitter_card":"summary_large_image","twitter_site":"@pilgrim_es","twitter_misc":{"Tempo di lettura stimato":"5 minuti"},"schema":{"@context":"https:\/\/schema.org","@graph":[{"@type":"WebPage","@id":"https:\/\/www.pilgrim.es\/it\/cammino-inverno\/o-barco-de-valdeorras\/","url":"https:\/\/www.pilgrim.es\/it\/cammino-inverno\/o-barco-de-valdeorras\/","name":"O Barco de Valdeorras: Cosa vedere e dove dormire | Cammino di Santiago | Pilgrim","isPartOf":{"@id":"https:\/\/www.pilgrim.es\/it\/#website"},"primaryImageOfPage":{"@id":"https:\/\/www.pilgrim.es\/it\/cammino-inverno\/o-barco-de-valdeorras\/#primaryimage"},"image":{"@id":"https:\/\/www.pilgrim.es\/it\/cammino-inverno\/o-barco-de-valdeorras\/#primaryimage"},"thumbnailUrl":"https:\/\/www.pilgrim.es\/wp-content\/uploads\/2019\/02\/72547092-e1515750998424-nk9a17qzlpu3olfyrbcfo2uymsc694xbhhaufl5sto.jpg","datePublished":"2025-03-17T15:20:49+00:00","description":"O Barco de Valdeorras Scopri tutte le informazioni su dove alloggiare, come arrivare, cosa mangiare e sui principali punti di interesse delle localit\u00e0 lungo il Cammino Invernale.","breadcrumb":{"@id":"https:\/\/www.pilgrim.es\/it\/cammino-inverno\/o-barco-de-valdeorras\/#breadcrumb"},"inLanguage":"it-IT","potentialAction":[{"@type":"ReadAction","target":["https:\/\/www.pilgrim.es\/it\/cammino-inverno\/o-barco-de-valdeorras\/"]}]},{"@type":"ImageObject","inLanguage":"it-IT","@id":"https:\/\/www.pilgrim.es\/it\/cammino-inverno\/o-barco-de-valdeorras\/#primaryimage","url":"https:\/\/www.pilgrim.es\/wp-content\/uploads\/2019\/02\/72547092-e1515750998424-nk9a17qzlpu3olfyrbcfo2uymsc694xbhhaufl5sto.jpg","contentUrl":"https:\/\/www.pilgrim.es\/wp-content\/uploads\/2019\/02\/72547092-e1515750998424-nk9a17qzlpu3olfyrbcfo2uymsc694xbhhaufl5sto.jpg","width":770,"height":350,"caption":"O Barco de Valdeorras"},{"@type":"BreadcrumbList","@id":"https:\/\/www.pilgrim.es\/it\/cammino-inverno\/o-barco-de-valdeorras\/#breadcrumb","itemListElement":[{"@type":"ListItem","position":1,"name":"Camino de Santiago","item":"https:\/\/www.pilgrim.es\/it\/"},{"@type":"ListItem","position":2,"name":"Cammino d&#8217;Inverno","item":"https:\/\/www.pilgrim.es\/it\/cammino-inverno\/"},{"@type":"ListItem","position":3,"name":"O Barco de Valdeorras"}]},{"@type":"WebSite","@id":"https:\/\/www.pilgrim.es\/it\/#website","url":"https:\/\/www.pilgrim.es\/it\/","name":"Pilgrim","description":"Camino de Santiago | Caminamos Contigo","publisher":{"@id":"https:\/\/www.pilgrim.es\/it\/#organization"},"potentialAction":[{"@type":"SearchAction","target":{"@type":"EntryPoint","urlTemplate":"https:\/\/www.pilgrim.es\/it\/?s={search_term_string}"},"query-input":{"@type":"PropertyValueSpecification","valueRequired":true,"valueName":"search_term_string"}}],"inLanguage":"it-IT"},{"@type":"Organization","@id":"https:\/\/www.pilgrim.es\/it\/#organization","name":"Pilgrim Camino de Santiago","url":"https:\/\/www.pilgrim.es\/it\/","logo":{"@type":"ImageObject","inLanguage":"it-IT","@id":"https:\/\/www.pilgrim.es\/it\/#\/schema\/logo\/image\/","url":"https:\/\/www.pilgrim.es\/wp-content\/uploads\/2019\/04\/logo_pilgrim.png","contentUrl":"https:\/\/www.pilgrim.es\/wp-content\/uploads\/2019\/04\/logo_pilgrim.png","width":512,"height":512,"caption":"Pilgrim Camino de Santiago"},"image":{"@id":"https:\/\/www.pilgrim.es\/it\/#\/schema\/logo\/image\/"},"sameAs":["https:\/\/www.facebook.com\/pilgrim.es\/","https:\/\/x.com\/pilgrim_es","https:\/\/www.instagram.com\/pilgrim.es\/","https:\/\/www.linkedin.com\/company\/pilgrim-camino-de-santiago\/","https:\/\/www.pinterest.es\/pilgrimcaminodesantiago\/","https:\/\/www.youtube.com\/channel\/UCIv2ZzFLXVqthkNF32rKedw\/featured"]}]}},"_links":{"self":[{"href":"https:\/\/www.pilgrim.es\/it\/wp-json\/wp\/v2\/pages\/91382","targetHints":{"allow":["GET"]}}],"collection":[{"href":"https:\/\/www.pilgrim.es\/it\/wp-json\/wp\/v2\/pages"}],"about":[{"href":"https:\/\/www.pilgrim.es\/it\/wp-json\/wp\/v2\/types\/page"}],"replies":[{"embeddable":true,"href":"https:\/\/www.pilgrim.es\/it\/wp-json\/wp\/v2\/comments?post=91382"}],"version-history":[{"count":0,"href":"https:\/\/www.pilgrim.es\/it\/wp-json\/wp\/v2\/pages\/91382\/revisions"}],"up":[{"embeddable":true,"href":"https:\/\/www.pilgrim.es\/it\/wp-json\/wp\/v2\/pages\/10859"}],"wp:featuredmedia":[{"embeddable":true,"href":"https:\/\/www.pilgrim.es\/it\/wp-json\/wp\/v2\/media\/305"}],"wp:attachment":[{"href":"https:\/\/www.pilgrim.es\/it\/wp-json\/wp\/v2\/media?parent=91382"}],"wp:term":[{"taxonomy":"category","embeddable":true,"href":"https:\/\/www.pilgrim.es\/it\/wp-json\/wp\/v2\/categories?post=91382"},{"taxonomy":"post_tag","embeddable":true,"href":"https:\/\/www.pilgrim.es\/it\/wp-json\/wp\/v2\/tags?post=91382"}],"curies":[{"name":"wp","href":"https:\/\/api.w.org\/{rel}","templated":true}]}}