{"id":91355,"date":"2025-03-17T15:08:56","date_gmt":"2025-03-17T15:08:56","guid":{"rendered":"https:\/\/www.pilgrim.es\/cammino-inglese\/ferrol\/"},"modified":"2025-03-17T15:08:56","modified_gmt":"2025-03-17T15:08:56","slug":"ferrol","status":"publish","type":"page","link":"https:\/\/www.pilgrim.es\/it\/cammino-inglese\/ferrol\/","title":{"rendered":"Ferrol"},"content":{"rendered":" <section id=\"hero\">\n\t<h1>Ferrol<\/h1>\n\t<div class=\"hero-grid\">\n\t\t<div class=\"hero-grid__town-col\" data-background=\"https:\/\/cdn.pilgrim.es\/web\/caminos\/camino-ingles\/pueblos\/ferrol.jpg\">\n\t\t\t<div>\n\t\t\t\t<a class=\"link-to-stage\" href=\"https:\/\/www.pilgrim.es\/camino-ingles\/etapa-1-ferrol-neda\/\">\n\t\t\t\t\t<p>&#8249; Ritorno al palcoscenico<\/p>\n\t\t\t\t<\/a>\n\n\t\t\t\t<div class=\"town-data\">\n\t\t\t\t\t<h2>Ferrol<\/h2>\n\t\t\t\t\t<ul>\n\t\t\t\t\t\t<li>Abitanti: 69.452 aprox.<\/li>\n\t\t\t\t\t\t<li>Provincia: A Coru\u00f1a<\/li>\n\t\t\t\t\t<\/ul>\n\t\t\t\t<\/div>\n\t\t\t<\/div>\n\t\t<\/div>\n\t\t<div class=\"hero-grid__planner-col\"><div\r\n  class=\"p-col-span-1 p-rounded-lg p-px-5 p-h-full\"\r\n  style=\"background-image: url('https:\/\/cdn.pilgrim.es\/web\/pilgrim-planner\/bg-plugin-planificador.webp')\"\r\n  rel=\"preload\"\r\n  fetchpriority=\"high\"\r\n  >\r\n    <div class=\"p-text-center p-pt-5 p-text-white p-text-2xl p-font-semibold\">\r\n      Pianifica il tuo cammino    <\/div>\r\n    <div\r\n            id='primary-app'\r\n            data-name='banner'\r\n            data-api='https:\/\/pathfinder.pilgrim.es\/api\/pathfinder\/v2'\r\n            data-mode='normal'\r\n            data-lang='it'\r\n            data-route='1'\r\n            data-destiny='https:\/\/planificador.pilgrim.es'\r\n            data-modality='1'\r\n            data-inline=''\r\n        ><\/div><\/div><\/div>\n\t<\/div>\n<\/section>\n\n<section id=\"infoTown\">\n\t<div class=\"sections-town\">\n\n\t\t<div id=\"informationSection\">\n\t\t\t<div>\n\t\t\t\t<h2 class=\"p-h2-town\">Informazioni<\/h2>\n\t\t\t\t<hr>\n\t\t\t\t<h3 class=\"p-h3-town\">Get to know Ferrol<\/h3>\n\t\t\t<\/div>\n\t\t\t<p>Il comune di Ferrol \u00e8 sempre stato strettamente legato al mare, ma ha anche una stretta relazione con il Cammino di Santiago, essendo il punto di arrivo di molti pellegrini in barca per intraprendere il viaggio verso l&#8217;Apostolo.<\/p> <p>Questa citt\u00e0 \u00e8 la prima tappa del Cammino Inglese.\n\t\t<\/div>\n\n\t\t<div id=\"locationSection\">\n\t\t\t<div>\n\t\t\t\t<h2 class=\"p-h2-town\">Posizione<\/h2>\n\t\t\t\t<hr>\n\t\t\t\t<h3 class=\"p-h3-town\">Come arrivare<\/h3>\n\t\t\t<\/div>\n\t\t\t<p>Il modo pi\u00f9 semplice per arrivare a Ferrol \u00e8 su strada, il comune \u00e8 servito dall&#8217;autostrada AP-9 che collega con Vigo, dall&#8217;autostrada AG-64 che collega con Villalba e dalla strada nazionale N-651.\n\n<p>\u00c8 possibile raggiungere la citt\u00e0 anche in treno e in autobus: ci sono linee ferroviarie giornaliere per Bilbao, Madrid, Barcellona, A Coru\u00f1a e dintorni. Le linee di autobus esistenti consentono di raggiungere A Coru\u00f1a, Santiago, Pontevedra, Fisterra, Ourense, Vigo, Cambados, Madrid, Gij\u00f3n, Bilbao, Ir\u00fan, Ponferrada, Astorga, Benavente, Zamora, Salamanca, Siviglia, Portogallo, Germania, Belgio, Francia e Svizzera. Questi servizi sono forniti da Castromil-Monbus, Arriva e Alsa.\n\t\t\t<div>\n\t\t\t\t<div>\n  <iframe loading=\"lazy\"\n    src=\"https:\/\/www.google.com\/maps\/d\/embed?mid=1gcb8Dy-taCq3_ypaLu1qp4qmMohpnU0&amp;ehbc=2E312F\"\n    width=\"640\"\n    height=\"480\"\n    alt=\"Mapa Ferrol\"\n  ><\/iframe>\n<\/div>\n\n\t\t\t<\/div>\n\t\t<\/div>\n\n\t\t\n\t\t\t<div id=\"toVisitSection\">\n\t\t\t\t<div>\n\t\t\t\t\t<h2 class=\"p-h2-town\">Storia \/ Cultura<\/h2>\n\t\t\t\t\t<hr>\n\t\t\t\t\t<h3 class=\"p-h3-town\">Cosa vedere<\/h3>\n\t\t\t\t<\/div>\n\t\t\t\t<div>\n\t\t\t\t\t<div class=\"accordion\">\n\t\t\t\t\t\t<div class=\"accordion__menu\">\n\t\t\t\t\t\t\t<nav>\n\t\t\t\t\t\t\t\t\n\t\t\t\t\t\t\t\t\t<button class=\"nav-tab-accordion active\"><span>&#10093;<\/span><span> Puerta del Dique<\/span><\/button>\n\t\t\t\t\t\t\t\t\n\t\t\t\t\t\t\t\t\t<button class=\"nav-tab-accordion \"><span>&#10093;<\/span><span> Playa de Santa Comba<\/span><\/button>\n\t\t\t\t\t\t\t\t\n\t\t\t\t\t\t\t\t\t<button class=\"nav-tab-accordion \"><span>&#10093;<\/span><span> Playa de San Jorge<\/span><\/button>\n\t\t\t\t\t\t\t\t\n\t\t\t\t\t\t\t\t\t<button class=\"nav-tab-accordion \"><span>&#10093;<\/span><span> Playa de Ponzos<\/span><\/button>\n\t\t\t\t\t\t\t\t\n\t\t\t\t\t\t\t\t\t<button class=\"nav-tab-accordion \"><span>&#10093;<\/span><span> Playa de Esmelle<\/span><\/button>\n\t\t\t\t\t\t\t\t\n\t\t\t\t\t\t\t\t\t<button class=\"nav-tab-accordion \"><span>&#10093;<\/span><span> Playa de Doni\u00f1os<\/span><\/button>\n\t\t\t\t\t\t\t\t\n\t\t\t\t\t\t\t\t\t<button class=\"nav-tab-accordion \"><span>&#10093;<\/span><span> Hospital de la Caridad<\/span><\/button>\n\t\t\t\t\t\t\t\t\n\t\t\t\t\t\t\t\t\t<button class=\"nav-tab-accordion \"><span>&#10093;<\/span><span> Playa de A Fragata<\/span><\/button>\n\t\t\t\t\t\t\t\t\n\t\t\t\t\t\t\t\t\t<button class=\"nav-tab-accordion \"><span>&#10093;<\/span><span> Sala de Armas del Arsenal Militar<\/span><\/button>\n\t\t\t\t\t\t\t\t\n\t\t\t\t\t\t\t\t\t<button class=\"nav-tab-accordion \"><span>&#10093;<\/span><span> Parque Reina Sof\u00eda y Museo de Aquaciencia<\/span><\/button>\n\t\t\t\t\t\t\t\t\n\t\t\t\t\t\t\t\t\t<button class=\"nav-tab-accordion \"><span>&#10093;<\/span><span> Palacio de la Capitan\u00eda General<\/span><\/button>\n\t\t\t\t\t\t\t\t\n\t\t\t\t\t\t\t\t\t<button class=\"nav-tab-accordion \"><span>&#10093;<\/span><span> Nuestra Se\u00f1ora del Socorro<\/span><\/button>\n\t\t\t\t\t\t\t\t\n\t\t\t\t\t\t\t\t\t<button class=\"nav-tab-accordion \"><span>&#10093;<\/span><span> Museo Naval<\/span><\/button>\n\t\t\t\t\t\t\t\t\n\t\t\t\t\t\t\t\t\t<button class=\"nav-tab-accordion \"><span>&#10093;<\/span><span> Museo de la Sociedad Gallega de Historia Natural<\/span><\/button>\n\t\t\t\t\t\t\t\t\n\t\t\t\t\t\t\t\t\t<button class=\"nav-tab-accordion \"><span>&#10093;<\/span><span> Iglesia de San Francisco<\/span><\/button>\n\t\t\t\t\t\t\t\t\n\t\t\t\t\t\t\t\t\t<button class=\"nav-tab-accordion \"><span>&#10093;<\/span><span> Fuente de San Roque<\/span><\/button>\n\t\t\t\t\t\t\t\t\n\t\t\t\t\t\t\t\t\t<button class=\"nav-tab-accordion \"><span>&#10093;<\/span><span> Fortaleza de San Felipe<\/span><\/button>\n\t\t\t\t\t\t\t\t\n\t\t\t\t\t\t\t\t\t<button class=\"nav-tab-accordion \"><span>&#10093;<\/span><span> Faro Cabo Prior<\/span><\/button>\n\t\t\t\t\t\t\t\t\n\t\t\t\t\t\t\t\t\t<button class=\"nav-tab-accordion \"><span>&#10093;<\/span><span> Faro Cabo Priori\u00f1o<\/span><\/button>\n\t\t\t\t\t\t\t\t\n\t\t\t\t\t\t\t\t\t<button class=\"nav-tab-accordion \"><span>&#10093;<\/span><span> Exponav<\/span><\/button>\n\t\t\t\t\t\t\t\t\n\t\t\t\t\t\t\t\t\t<button class=\"nav-tab-accordion \"><span>&#10093;<\/span><span> Ermita de Santa Comba<\/span><\/button>\n\t\t\t\t\t\t\t\t\n\t\t\t\t\t\t\t\t\t<button class=\"nav-tab-accordion \"><span>&#10093;<\/span><span> Ermita de Chamorro<\/span><\/button>\n\t\t\t\t\t\t\t\t\n\t\t\t\t\t\t\t\t\t<button class=\"nav-tab-accordion \"><span>&#10093;<\/span><span> Meninas de Canido<\/span><\/button>\n\t\t\t\t\t\t\t\t\n\t\t\t\t\t\t\t\t\t<button class=\"nav-tab-accordion \"><span>&#10093;<\/span><span> D\u00e1rsena de Curuxeiras<\/span><\/button>\n\t\t\t\t\t\t\t\t\n\t\t\t\t\t\t\t\t\t<button class=\"nav-tab-accordion \"><span>&#10093;<\/span><span> Concatedral de San Juli\u00e1n<\/span><\/button>\n\t\t\t\t\t\t\t\t\n\t\t\t\t\t\t\t\t\t<button class=\"nav-tab-accordion \"><span>&#10093;<\/span><span> Cant\u00f3n de Mol\u00edns<\/span><\/button>\n\t\t\t\t\t\t\t\t\n\t\t\t\t\t\t\t\t\t<button class=\"nav-tab-accordion \"><span>&#10093;<\/span><span> Bater\u00edas Militares Cabo Prior<\/span><\/button>\n\t\t\t\t\t\t\t\t\n\t\t\t\t\t\t\t\t\t<button class=\"nav-tab-accordion \"><span>&#10093;<\/span><span> Barrio de la Magdalena<\/span><\/button>\n\t\t\t\t\t\t\t\t\n\t\t\t\t\t\t\t\t\t<button class=\"nav-tab-accordion \"><span>&#10093;<\/span><span> Baluarte de San Juan<\/span><\/button>\n\t\t\t\t\t\t\t\t\n\t\t\t\t\t\t\t\t\t<button class=\"nav-tab-accordion \"><span>&#10093;<\/span><span> Jardines de Herrera y de San Francisco<\/span><\/button>\n\t\t\t\t\t\t\t\t\n\t\t\t\t\t\t\t\t\t<button class=\"nav-tab-accordion \"><span>&#10093;<\/span><span> Ferrol Vello<\/span><\/button>\n\t\t\t\t\t\t\t\t\n\t\t\t\t\t\t\t\t\t<button class=\"nav-tab-accordion \"><span>&#10093;<\/span><span> Barrio Esteiro<\/span><\/button>\n\t\t\t\t\t\t\t\t\n\t\t\t\t\t\t\t\t\t<button class=\"nav-tab-accordion \"><span>&#10093;<\/span><span> Plaza de Espa\u00f1a<\/span><\/button>\n\t\t\t\t\t\t\t\t\n\t\t\t\t\t\t\t\t\t<button class=\"nav-tab-accordion \"><span>&#10093;<\/span><span> Plaza de Armas y Palacio Consistorial<\/span><\/button>\n\t\t\t\t\t\t\t\t\n\t\t\t\t\t\t\t\t\t<button class=\"nav-tab-accordion \"><span>&#10093;<\/span><span> Plaza de Amboage<\/span><\/button>\n\t\t\t\t\t\t\t\t\n\t\t\t\t\t\t\t\t\t<button class=\"nav-tab-accordion \"><span>&#10093;<\/span><span> Iglesia de las Angustias<\/span><\/button>\n\t\t\t\t\t\t\t\t\n\t\t\t\t\t\t\t\t\t<button class=\"nav-tab-accordion \"><span>&#10093;<\/span><span> Teatro de Jofre<\/span><\/button>\n\t\t\t\t\t\t\t\t\n\t\t\t\t\t\t\t<\/nav>\n\t\t\t\t\t\t<\/div>\n\n\t\t\t\t\t\t\n\t\t\t\t\t\t\t<div class=\"accordion__accordion-content \">\n\t\t\t\t\t\t\t\t<div>\n\t\t\t\t\t\t\t\t\t<div>\n\t\t\t\t\t\t\t\t\t\t<h4>Puerta del Dique<\/h4>\n\t\t\t\t\t\t\t\t\t\t<p>Questa nota entrata dell&#8217;Arsenale Militare di Ferrol \u00e8 in stile neoclassico e fu costruita e progettata nel 1765 da Juli\u00e1n S\u00e1nchez Bort, un architetto a cui si devono numerose opere e costruzioni in tutta la citt\u00e0. <\/p>\n\t\t\t\t\t\t\t\t\t<\/div>\n\t\t\t\t\t\t\t\t\t<img decoding=\"async\" src=\"https:\/\/cdn.pilgrim.es\/web\/caminos\/camino-ingles\/pueblos\/ferrol\/puntos-de-interes\/puerta-del-dique.jpg\" alt=\"Puerta del Dique\">\n\t\t\t\t\t\t\t\t<\/div>\n\t\t\t\t\t\t\t<\/div>\n\t\t\t\t\t\t\n\t\t\t\t\t\t\t<div class=\"accordion__accordion-content inactive\">\n\t\t\t\t\t\t\t\t<div>\n\t\t\t\t\t\t\t\t\t<div>\n\t\t\t\t\t\t\t\t\t\t<h4>Playa de Santa Comba<\/h4>\n\t\t\t\t\t\t\t\t\t\t<p>\u00c8 una delle spiagge pi\u00f9 affascinanti del comune. Lunga poco meno di 1.500 metri, \u00e8 circondata da una natura incontaminata che le conferisce un&#8217;aura unica. La sabbia \u00e8 finissima e soffice, tanto che camminare a piedi nudi da un capo all&#8217;altro della spiaggia \u00e8 un&#8217;esperienza impareggiabile. <\/p>\n\n<p>A un&#8217;estremit\u00e0 di questa zona sabbiosa si trova l&#8217;omonimo eremo, raggiungibile solo con la bassa marea.<\/p> <p>A un&#8217;estremit\u00e0 della spiaggia si trova l&#8217;omonimo eremo, raggiungibile solo con la bassa marea.\n\t\t\t\t\t\t\t\t\t<\/div>\n\t\t\t\t\t\t\t\t\t<img decoding=\"async\" src=\"https:\/\/cdn.pilgrim.es\/web\/caminos\/camino-ingles\/pueblos\/ferrol\/puntos-de-interes\/playa-de-santa-comba.jpg\" alt=\"Playa de Santa Comba\">\n\t\t\t\t\t\t\t\t<\/div>\n\t\t\t\t\t\t\t<\/div>\n\t\t\t\t\t\t\n\t\t\t\t\t\t\t<div class=\"accordion__accordion-content inactive\">\n\t\t\t\t\t\t\t\t<div>\n\t\t\t\t\t\t\t\t\t<div>\n\t\t\t\t\t\t\t\t\t\t<h4>Playa de San Jorge<\/h4>\n\t\t\t\t\t\t\t\t\t\t<p>Si trova a circa dieci chilometri dal centro della citt\u00e0 ed \u00e8 la spiaggia pi\u00f9 grande del comune. Rispetto all&#8217;altra spiaggia principale di Ferrol, Doni\u00f1os, questa non \u00e8 cos\u00ec frequentata, il che la rende perfetta per rilassarsi e fare una lunga passeggiata lungo la riva. <\/p>\n\n<p> \u00c8 lunga 2100 metri e larga 100, il che aumenta esponenzialmente lo spazio disponibile quando la marea si ritira. Caratteristica di questa zona sabbiosa sono le dune piene di vegetazione autoctona, alcune delle quali sono protette dall&#8217;ambiente per la loro scarsit\u00e0 e ricchezza ambientale. <\/p>\n\t\t\t\t\t\t\t\t\t<\/div>\n\t\t\t\t\t\t\t\t\t<img decoding=\"async\" src=\"https:\/\/cdn.pilgrim.es\/web\/caminos\/camino-ingles\/pueblos\/ferrol\/puntos-de-interes\/playa-de-san-jorge.jpg\" alt=\"Playa de San Jorge\">\n\t\t\t\t\t\t\t\t<\/div>\n\t\t\t\t\t\t\t<\/div>\n\t\t\t\t\t\t\n\t\t\t\t\t\t\t<div class=\"accordion__accordion-content inactive\">\n\t\t\t\t\t\t\t\t<div>\n\t\t\t\t\t\t\t\t\t<div>\n\t\t\t\t\t\t\t\t\t\t<h4>Playa de Ponzos<\/h4>\n\t\t\t\t\t\t\t\t\t\t<p>Questa spiaggia rustica \u00e8 lunga 1400 metri e larga 55 metri. Per la sua posizione \u00e8 solitamente molto ventilata, quindi non \u00e8 solitamente affollata ed \u00e8 una delle preferite dagli amanti del kitesurf e del windsurf.  \u00c8 anche famosa nella zona per essere una delle poche spiagge per nudisti ancora conservate in citt\u00e0, essendo riservata una parte a questo scopo. <\/p>\n\t\t\t\t\t\t\t\t\t<\/div>\n\t\t\t\t\t\t\t\t\t<img decoding=\"async\" src=\"https:\/\/cdn.pilgrim.es\/web\/caminos\/camino-ingles\/pueblos\/ferrol\/puntos-de-interes\/playa-de-ponzos.jpg\" alt=\"Playa de Ponzos\">\n\t\t\t\t\t\t\t\t<\/div>\n\t\t\t\t\t\t\t<\/div>\n\t\t\t\t\t\t\n\t\t\t\t\t\t\t<div class=\"accordion__accordion-content inactive\">\n\t\t\t\t\t\t\t\t<div>\n\t\t\t\t\t\t\t\t\t<div>\n\t\t\t\t\t\t\t\t\t\t<h4>Playa de Esmelle<\/h4>\n\t\t\t\t\t\t\t\t\t\t<p>Questa zona sabbiosa \u00e8 la continuazione della spiaggia di San Jorge, separata solo da un piccolo torrente, O Xuncal. \u00c8 facilmente accessibile grazie a un vicino parcheggio sterrato e a una lunga passerella di legno che facilita la discesa alla spiaggia. <\/p>\n\n<p> \u00c8 un po&#8217; pi\u00f9 piccola della precedente, essendo lunga solo 300 metri e larga 100 metri. Essendo semiprotetta dall&#8217;Atlantico, di solito \u00e8 meno ventosa delle spiagge vicine. <\/p>\n\t\t\t\t\t\t\t\t\t<\/div>\n\t\t\t\t\t\t\t\t\t<img decoding=\"async\" src=\"https:\/\/cdn.pilgrim.es\/web\/caminos\/camino-ingles\/pueblos\/ferrol\/puntos-de-interes\/playa-de-esmelle.jpg\" alt=\"Playa de Esmelle\">\n\t\t\t\t\t\t\t\t<\/div>\n\t\t\t\t\t\t\t<\/div>\n\t\t\t\t\t\t\n\t\t\t\t\t\t\t<div class=\"accordion__accordion-content inactive\">\n\t\t\t\t\t\t\t\t<div>\n\t\t\t\t\t\t\t\t\t<div>\n\t\t\t\t\t\t\t\t\t\t<h4>Playa de Doni\u00f1os<\/h4>\n\t\t\t\t\t\t\t\t\t\t<p>Su un punto alto della palude si trova il monumento in onore dello sportivo Adolfo Ros, che nel 1984 perse la vita salvando alcuni bagnanti in difficolt\u00e0 nello stesso luogo. Da allora viene onorato sia sulla spiaggia stessa sia nella mezza maratona o &#8220;volta \u00e1 r\u00eda&#8221; che si svolge ogni anno nella zona di Ferrolterra.\n\n<p>Con quasi due chilometri di lunghezza, \u00e8 una delle spiagge preferite dai surfisti, che condividono lo spazio disponibile con il resto dei bagnanti.\n\t\t\t\t\t\t\t\t\t<\/div>\n\t\t\t\t\t\t\t\t\t<img decoding=\"async\" src=\"https:\/\/cdn.pilgrim.es\/web\/caminos\/camino-ingles\/pueblos\/ferrol\/puntos-de-interes\/playa-de-doninos.jpg\" alt=\"Playa de Doni\u00f1os\">\n\t\t\t\t\t\t\t\t<\/div>\n\t\t\t\t\t\t\t<\/div>\n\t\t\t\t\t\t\n\t\t\t\t\t\t\t<div class=\"accordion__accordion-content inactive\">\n\t\t\t\t\t\t\t\t<div>\n\t\t\t\t\t\t\t\t\t<div>\n\t\t\t\t\t\t\t\t\t\t<h4>Hospital de la Caridad<\/h4>\n\t\t\t\t\t\t\t\t\t\t<p>Questo ex ospedale di beneficenza fu progettato da Dionisio S\u00e1nchez de Aguilera e costruito nel 1783 grazie alle donazioni disinteressate di vicini e alti funzionari. <\/p>\n\t\t\t\t\t\t\t\t\t<\/div>\n\t\t\t\t\t\t\t\t\t<img decoding=\"async\" src=\"https:\/\/cdn.pilgrim.es\/web\/caminos\/camino-ingles\/pueblos\/ferrol\/puntos-de-interes\/hospital-de-la-caridad.jpg\" alt=\"Hospital de la Caridad\">\n\t\t\t\t\t\t\t\t<\/div>\n\t\t\t\t\t\t\t<\/div>\n\t\t\t\t\t\t\n\t\t\t\t\t\t\t<div class=\"accordion__accordion-content inactive\">\n\t\t\t\t\t\t\t\t<div>\n\t\t\t\t\t\t\t\t\t<div>\n\t\t\t\t\t\t\t\t\t\t<h4>Playa de A Fragata<\/h4>\n\t\t\t\t\t\t\t\t\t\t<p>Questa piccola ma bellissima area sabbiosa \u00e8 lunga solo 200 metri e larga 50 metri.<\/p> <p>Questa piccola ma bellissima area sabbiosa \u00e8 lunga solo 200 metri e larga 50 metri.\n\n<p>\u00c8 una spiaggia molto popolare tra gli abitanti del luogo e i vicini, poich\u00e9 dispone di ottime strutture. Grazie alla sua posizione geografica, di solito ci sono molte onde, motivo per cui molti sportivi vengono su queste spiagge per praticare sport acquatici come il kayak, il windsurf, il surf&#8230; <\/p> <p>.\n\t\t\t\t\t\t\t\t\t<\/div>\n\t\t\t\t\t\t\t\t\t<img decoding=\"async\" src=\"https:\/\/cdn.pilgrim.es\/web\/caminos\/camino-ingles\/pueblos\/ferrol\/puntos-de-interes\/playa-de-a-fragata.jpg\" alt=\"Playa de A Fragata\">\n\t\t\t\t\t\t\t\t<\/div>\n\t\t\t\t\t\t\t<\/div>\n\t\t\t\t\t\t\n\t\t\t\t\t\t\t<div class=\"accordion__accordion-content inactive\">\n\t\t\t\t\t\t\t\t<div>\n\t\t\t\t\t\t\t\t\t<div>\n\t\t\t\t\t\t\t\t\t\t<h4>Sala de Armas del Arsenal Militar<\/h4>\n\t\t\t\t\t\t\t\t\t\t<p>La sala d&#8217;armi dell&#8217;Arsenale di Ferrol ospita un insieme storico-artistico di incredibile valore. L&#8217;edificio, situato accanto ai magazzini porticati, \u00e8 stato progettato seguendo lo stile urbano della citt\u00e0. Vale la pena notare l&#8217;esistenza di un chiaro schema che si ripete in tutte queste costruzioni, sia nella piazza che nell&#8217;edificio stesso. <\/p>\n\n<p>L&#8217;edificio in s\u00e9 ha l&#8217;aspetto di un palazzo ed \u00e8 difficile immaginare che sia stato costruito come magazzino; era destinato a enfatizzare e sottintendere la grande potenza militare di cui godeva la citt\u00e0 all&#8217;epoca.\n\t\t\t\t\t\t\t\t\t<\/div>\n\t\t\t\t\t\t\t\t\t<img decoding=\"async\" src=\"https:\/\/cdn.pilgrim.es\/web\/caminos\/camino-ingles\/pueblos\/ferrol\/puntos-de-interes\/sala-de-armas-del-arsenal-militar.jpg\" alt=\"Sala de Armas del Arsenal Militar\">\n\t\t\t\t\t\t\t\t<\/div>\n\t\t\t\t\t\t\t<\/div>\n\t\t\t\t\t\t\n\t\t\t\t\t\t\t<div class=\"accordion__accordion-content inactive\">\n\t\t\t\t\t\t\t\t<div>\n\t\t\t\t\t\t\t\t\t<div>\n\t\t\t\t\t\t\t\t\t\t<h4>Parque Reina Sof\u00eda y Museo de Aquaciencia<\/h4>\n\t\t\t\t\t\t\t\t\t\t<p>Questo bellissimo parco \u00e8 stato il polmone verde della citt\u00e0 fin dalla sua nascita. Spicca la piazza conosciuta come &#8220;pista da ballo&#8221;, dove si tengono concerti all&#8217;aperto durante le principali festivit\u00e0 di Ferrol.  Tra la vegetazione dei giardini si trova la Fontana di Wallace, acquistata a Parigi nel 1889, e diversi busti e sculture.\n\t\t\t\t\t\t\t\t\t<\/div>\n\t\t\t\t\t\t\t\t\t<img decoding=\"async\" src=\"https:\/\/cdn.pilgrim.es\/web\/caminos\/camino-ingles\/pueblos\/ferrol\/puntos-de-interes\/parque-reina-sofia-y-museo-de-aquaciencia.jpg\" alt=\"Parque Reina Sof\u00eda y Museo de Aquaciencia\">\n\t\t\t\t\t\t\t\t<\/div>\n\t\t\t\t\t\t\t<\/div>\n\t\t\t\t\t\t\n\t\t\t\t\t\t\t<div class=\"accordion__accordion-content inactive\">\n\t\t\t\t\t\t\t\t<div>\n\t\t\t\t\t\t\t\t\t<div>\n\t\t\t\t\t\t\t\t\t\t<h4>Palacio de la Capitan\u00eda General<\/h4>\n\t\t\t\t\t\t\t\t\t\t<p>Questo edificio con un certo carattere palaziale fu inizialmente progettato come sede del Capitanato Generale del Dipartimento Marittimo, e la sua costruzione coincise con quella dei cantieri navali della citt\u00e0 e dell&#8217;arsenale stesso. <\/p>\n\t\t\t\t\t\t\t\t\t<\/div>\n\t\t\t\t\t\t\t\t\t<img decoding=\"async\" src=\"https:\/\/cdn.pilgrim.es\/web\/caminos\/camino-ingles\/pueblos\/ferrol\/puntos-de-interes\/palacio-de-la-capitania-general.jpg\" alt=\"Palacio de la Capitan\u00eda General\">\n\t\t\t\t\t\t\t\t<\/div>\n\t\t\t\t\t\t\t<\/div>\n\t\t\t\t\t\t\n\t\t\t\t\t\t\t<div class=\"accordion__accordion-content inactive\">\n\t\t\t\t\t\t\t\t<div>\n\t\t\t\t\t\t\t\t\t<div>\n\t\t\t\t\t\t\t\t\t\t<h4>Nuestra Se\u00f1ora del Socorro<\/h4>\n\t\t\t\t\t\t\t\t\t\t<p>La costruzione di questa cappella neoclassica situata sulla banchina di Ferrol inizi\u00f2 nel XVIII secolo e i lavori si protrassero fino all&#8217;inizio del XIX secolo. Si distingue per la sua pala d&#8217;altare principale del 1813 e per le immagini di Cristo Navigatore e della Vergine del Soccorso. \u00c8 la cappella di riferimento per i marinai, da cui partono importanti processioni durante la Settimana Santa.\n\n<p>Orario delle Messe<\/p>\n\n<p>Dal 1\u00b0 settembre al 30 giugno Feriali ore 19:00 Vespri ore 19:00 Festivi ore 11:00 e 12:30<\/p> <p>Orario della Messa<\/p> <p>Dal 1\u00b0 settembre al 30 giugno Feriali ore 19:00 Vespri ore 19:00 Festivi ore 11:00 e 12:30<\/p> &lt;p\n\n<p>INFORMAZIONI DI INTERESSE<\/p> <p>Dal 1\u00b0 settembre al 30 giugno\n\n<p>Telefono: 981 358 227<\/p>\n\t\t\t\t\t\t\t\t\t<\/div>\n\t\t\t\t\t\t\t\t\t<img decoding=\"async\" src=\"https:\/\/cdn.pilgrim.es\/web\/caminos\/camino-ingles\/pueblos\/ferrol\/puntos-de-interes\/nuestra-senora-del-socorro.jpg\" alt=\"Nuestra Se\u00f1ora del Socorro\">\n\t\t\t\t\t\t\t\t<\/div>\n\t\t\t\t\t\t\t<\/div>\n\t\t\t\t\t\t\n\t\t\t\t\t\t\t<div class=\"accordion__accordion-content inactive\">\n\t\t\t\t\t\t\t\t<div>\n\t\t\t\t\t\t\t\t\t<div>\n\t\t\t\t\t\t\t\t\t\t<h4>Museo Naval<\/h4>\n\t\t\t\t\t\t\t\t\t\t<p> \u00c8 stato inaugurato nel 1986 e si trova nella base navale della citt\u00e0. Si trova nell&#8217;antico edificio che ospitava la Caserma dei Prigionieri (San Campio), costruita nel 1765, proprio accanto al museo EXPONAV e di fronte al Cant\u00f3n de Mol\u00edns. <\/p>\n\t\t\t\t\t\t\t\t\t<\/div>\n\t\t\t\t\t\t\t\t\t<img decoding=\"async\" src=\"https:\/\/cdn.pilgrim.es\/web\/caminos\/camino-ingles\/pueblos\/ferrol\/puntos-de-interes\/museo-naval.jpg\" alt=\"Museo Naval\">\n\t\t\t\t\t\t\t\t<\/div>\n\t\t\t\t\t\t\t<\/div>\n\t\t\t\t\t\t\n\t\t\t\t\t\t\t<div class=\"accordion__accordion-content inactive\">\n\t\t\t\t\t\t\t\t<div>\n\t\t\t\t\t\t\t\t\t<div>\n\t\t\t\t\t\t\t\t\t\t<h4>Museo de la Sociedad Gallega de Historia Natural<\/h4>\n\t\t\t\t\t\t\t\t\t\t<p>Questo museo unico nel suo genere \u00e8 ospitato dal 2011 in un ex edificio militare. Il suo obiettivo \u00e8 quello di sensibilizzare l&#8217;opinione pubblica sull&#8217;importanza di preservare gli ecosistemi, con particolare attenzione ai cetacei marini.\n\t\t\t\t\t\t\t\t\t<\/div>\n\t\t\t\t\t\t\t\t\t<img decoding=\"async\" src=\"https:\/\/cdn.pilgrim.es\/web\/caminos\/camino-ingles\/pueblos\/ferrol\/puntos-de-interes\/museo-de-la-sociedad-gallega-de-historia-natural.jpg\" alt=\"Museo de la Sociedad Gallega de Historia Natural\">\n\t\t\t\t\t\t\t\t<\/div>\n\t\t\t\t\t\t\t<\/div>\n\t\t\t\t\t\t\n\t\t\t\t\t\t\t<div class=\"accordion__accordion-content inactive\">\n\t\t\t\t\t\t\t\t<div>\n\t\t\t\t\t\t\t\t\t<div>\n\t\t\t\t\t\t\t\t\t\t<h4>Iglesia de San Francisco<\/h4>\n\t\t\t\t\t\t\t\t\t\t<p>\u00c8 una chiesa militare e dipende dall&#8217;arcivescovado castrense, che ha sede a Madrid. Questo bellissimo e singolare edificio neoclassico fu costruito come tempio nel 1757 sul sito del convento di San Francisco, da cui il nome attuale. Spicca la pala d&#8217;altare del famoso scultore Xos\u00e9 Ferreiro.\n\n<p>Orario della messa<\/p>\n\n<p>Dal 15 settembre al 31 maggio Feriali alle 11:30, 19:00 Vespri alle 19:00 Festivi alle 11:00 e alle 12:00 Dal 1\u00b0 giugno al 14 settembre Feriali alle 11:30 e alle 20:30 Vespri alle 20:30 Festivi alle 12:00 e alle 20:30<\/p> &lt;p\n\n<p>INFORMAZIONI DI INTERESSE<\/p>\n\n<p>E-mail: jvalzar@et.mde.es Telefono: 981 358 038<\/p>\n\t\t\t\t\t\t\t\t\t<\/div>\n\t\t\t\t\t\t\t\t\t<img decoding=\"async\" src=\"https:\/\/cdn.pilgrim.es\/web\/caminos\/camino-ingles\/pueblos\/ferrol\/puntos-de-interes\/iglesia-de-san-francisco.jpg\" alt=\"Iglesia de San Francisco\">\n\t\t\t\t\t\t\t\t<\/div>\n\t\t\t\t\t\t\t<\/div>\n\t\t\t\t\t\t\n\t\t\t\t\t\t\t<div class=\"accordion__accordion-content inactive\">\n\t\t\t\t\t\t\t\t<div>\n\t\t\t\t\t\t\t\t\t<div>\n\t\t\t\t\t\t\t\t\t\t<h4>Fuente de San Roque<\/h4>\n\t\t\t\t\t\t\t\t\t\t<p>Questa bella fontana del 1784 fu opera di Francisco Solini, Juan Andr\u00e9s Pardi\u00f1as e dello scultore Carlos de Porto.<\/p> <p>La fontana fu progettata da Francisco Solini, Juan Andr\u00e9s Pardi\u00f1as e dallo scultore Carlos de Porto.\n\t\t\t\t\t\t\t\t\t<\/div>\n\t\t\t\t\t\t\t\t\t<img decoding=\"async\" src=\"https:\/\/cdn.pilgrim.es\/web\/caminos\/camino-ingles\/pueblos\/ferrol\/puntos-de-interes\/fuente-de-san-roque.jpg\" alt=\"Fuente de San Roque\">\n\t\t\t\t\t\t\t\t<\/div>\n\t\t\t\t\t\t\t<\/div>\n\t\t\t\t\t\t\n\t\t\t\t\t\t\t<div class=\"accordion__accordion-content inactive\">\n\t\t\t\t\t\t\t\t<div>\n\t\t\t\t\t\t\t\t\t<div>\n\t\t\t\t\t\t\t\t\t\t<h4>Fortaleza de San Felipe<\/h4>\n\t\t\t\t\t\t\t\t\t\t<p>Costruito nel 1557 su mandato di Filippo II, da cui prende il nome, fu ristrutturato a pi\u00f9 riprese per migliorare la difesa dell&#8217;estuario. Tra il 1731 e il 1755 furono apportate notevoli migliorie, tra cui la costruzione di un cornicione, del fossato e della porta principale.<\/p> <p>Costruito nel 1557 sotto il mandato di Filippo II, da cui prende il nome.\n\t\t\t\t\t\t\t\t\t<\/div>\n\t\t\t\t\t\t\t\t\t<img decoding=\"async\" src=\"https:\/\/cdn.pilgrim.es\/web\/caminos\/camino-ingles\/pueblos\/ferrol\/puntos-de-interes\/fortaleza-de-san-felipe.jpg\" alt=\"Fortaleza de San Felipe\">\n\t\t\t\t\t\t\t\t<\/div>\n\t\t\t\t\t\t\t<\/div>\n\t\t\t\t\t\t\n\t\t\t\t\t\t\t<div class=\"accordion__accordion-content inactive\">\n\t\t\t\t\t\t\t\t<div>\n\t\t\t\t\t\t\t\t\t<div>\n\t\t\t\t\t\t\t\t\t\t<h4>Faro Cabo Prior<\/h4>\n\t\t\t\t\t\t\t\t\t\t<p> \u00c8 il luogo scelto da molti amanti della natura per osservare la migrazione di numerose specie di uccelli marini. Le viste sono spettacolari, con il vicino faro di A Frouxeira, nella citt\u00e0 di Valdovi\u00f1o, visibile dal punto di osservazione, e nelle giornate limpide si pu\u00f2 persino scorgere la grande Torre di Ercole di A Coru\u00f1a e la citt\u00e0 stessa. <\/p>\n\t\t\t\t\t\t\t\t\t<\/div>\n\t\t\t\t\t\t\t\t\t<img decoding=\"async\" src=\"https:\/\/cdn.pilgrim.es\/web\/caminos\/camino-ingles\/pueblos\/ferrol\/puntos-de-interes\/faro-cabo-prior.jpg\" alt=\"Faro Cabo Prior\">\n\t\t\t\t\t\t\t\t<\/div>\n\t\t\t\t\t\t\t<\/div>\n\t\t\t\t\t\t\n\t\t\t\t\t\t\t<div class=\"accordion__accordion-content inactive\">\n\t\t\t\t\t\t\t\t<div>\n\t\t\t\t\t\t\t\t\t<div>\n\t\t\t\t\t\t\t\t\t\t<h4>Faro Cabo Priori\u00f1o<\/h4>\n\t\t\t\t\t\t\t\t\t\t<p>Come il faro di Capo Prior, dal XIX secolo illumina le imbarcazioni che entrano nell&#8217;estuario di Ferrol dal Golfo di \u00c1rtabro. Si tratta quindi di un&#8217;area di grande importanza storica e strategica, dove si trova un centro di interpretazione della zona, che comprende le batterie militari e l&#8217;intera area del porto esterno recentemente creato. Inoltre, sono stati installati un belvedere e un osservatorio ornitologico. <\/p>\n\t\t\t\t\t\t\t\t\t<\/div>\n\t\t\t\t\t\t\t\t\t<img decoding=\"async\" src=\"https:\/\/cdn.pilgrim.es\/web\/caminos\/camino-ingles\/pueblos\/ferrol\/puntos-de-interes\/faro-cabo-priorino.jpg\" alt=\"Faro Cabo Priori\u00f1o\">\n\t\t\t\t\t\t\t\t<\/div>\n\t\t\t\t\t\t\t<\/div>\n\t\t\t\t\t\t\n\t\t\t\t\t\t\t<div class=\"accordion__accordion-content inactive\">\n\t\t\t\t\t\t\t\t<div>\n\t\t\t\t\t\t\t\t\t<div>\n\t\t\t\t\t\t\t\t\t\t<h4>Exponav<\/h4>\n\t\t\t\t\t\t\t\t\t\t<p>L&#8217;Esposizione Nazionale della Cantieristica, inaugurata nel 2008, \u00e8 il principale museo marittimo della Spagna e uno dei pi\u00f9 completi in questo campo in Europa. \u00c8 interamente dedicato alla costruzione navale nel mondo, con particolare attenzione alle peculiarit\u00e0 della Spagna e di Ferrolterra.\n\t\t\t\t\t\t\t\t\t<\/div>\n\t\t\t\t\t\t\t\t\t<img decoding=\"async\" src=\"https:\/\/cdn.pilgrim.es\/web\/caminos\/camino-ingles\/pueblos\/ferrol\/puntos-de-interes\/exponav.jpg\" alt=\"Exponav\">\n\t\t\t\t\t\t\t\t<\/div>\n\t\t\t\t\t\t\t<\/div>\n\t\t\t\t\t\t\n\t\t\t\t\t\t\t<div class=\"accordion__accordion-content inactive\">\n\t\t\t\t\t\t\t\t<div>\n\t\t\t\t\t\t\t\t\t<div>\n\t\t\t\t\t\t\t\t\t\t<h4>Ermita de Santa Comba<\/h4>\n\t\t\t\t\t\t\t\t\t\t<p> Si sa che esiste dal 1110. Da allora ha subito diversi rimaneggiamenti nel corso dei secoli fino a raggiungere la configurazione attuale. Ha una sola navata con un semplice campanile e un tetto a capanna, e l&#8217;accesso alla cappella \u00e8 possibile solo con la bassa marea.\n\t\t\t\t\t\t\t\t\t<\/div>\n\t\t\t\t\t\t\t\t\t<img decoding=\"async\" src=\"https:\/\/cdn.pilgrim.es\/web\/caminos\/camino-ingles\/pueblos\/ferrol\/puntos-de-interes\/ermita-de-santa-comba.jpg\" alt=\"Ermita de Santa Comba\">\n\t\t\t\t\t\t\t\t<\/div>\n\t\t\t\t\t\t\t<\/div>\n\t\t\t\t\t\t\n\t\t\t\t\t\t\t<div class=\"accordion__accordion-content inactive\">\n\t\t\t\t\t\t\t\t<div>\n\t\t\t\t\t\t\t\t\t<div>\n\t\t\t\t\t\t\t\t\t\t<h4>Ermita de Chamorro<\/h4>\n\t\t\t\t\t\t\t\t\t\t<p>Si racconta che nel XVII secolo, mentre un pescatore cercava la sua barca dispersa in mare, questa cominci\u00f2 ad agitarsi e la barca quasi affond\u00f2. Il pescatore grid\u00f2 al cielo: &#8220;Fermati, Morro&#8221;, un grido che fu ascoltato dalla Vergine e che salv\u00f2 il pescatore dall&#8217;annegamento.\n\t\t\t\t\t\t\t\t\t<\/div>\n\t\t\t\t\t\t\t\t\t<img decoding=\"async\" src=\"https:\/\/cdn.pilgrim.es\/web\/caminos\/camino-ingles\/pueblos\/ferrol\/puntos-de-interes\/ermita-de-chamorro.jpg\" alt=\"Ermita de Chamorro\">\n\t\t\t\t\t\t\t\t<\/div>\n\t\t\t\t\t\t\t<\/div>\n\t\t\t\t\t\t\n\t\t\t\t\t\t\t<div class=\"accordion__accordion-content inactive\">\n\t\t\t\t\t\t\t\t<div>\n\t\t\t\t\t\t\t\t\t<div>\n\t\t\t\t\t\t\t\t\t\t<h4>Meninas de Canido<\/h4>\n\t\t\t\t\t\t\t\t\t\t<p>Se si passeggia per il quartiere alto di Canido, si trovano curiosi dipinti che rappresentano le famose Meninas di Vel\u00e1zquez sulle facciate di quasi tutti gli edifici. <\/p>\n\t\t\t\t\t\t\t\t\t<\/div>\n\t\t\t\t\t\t\t\t\t<img decoding=\"async\" src=\"https:\/\/cdn.pilgrim.es\/web\/caminos\/camino-ingles\/pueblos\/ferrol\/puntos-de-interes\/meninas-de-canido.jpg\" alt=\"Meninas de Canido\">\n\t\t\t\t\t\t\t\t<\/div>\n\t\t\t\t\t\t\t<\/div>\n\t\t\t\t\t\t\n\t\t\t\t\t\t\t<div class=\"accordion__accordion-content inactive\">\n\t\t\t\t\t\t\t\t<div>\n\t\t\t\t\t\t\t\t\t<div>\n\t\t\t\t\t\t\t\t\t\t<h4>D\u00e1rsena de Curuxeiras<\/h4>\n\t\t\t\t\t\t\t\t\t\t<p>Il molo di Curuxeiras \u00e8 accompagnato da una splendida passeggiata con palme e dai noti giardini Ranita, un&#8217;area ricca di terrazze e ristoranti dove rilassarsi godendo del panorama.<\/p> <p>Il molo di Curuxeiras \u00e8 accompagnato da una splendida passeggiata con palme e dai noti giardini Ranita, un&#8217;area ricca di terrazze e ristoranti dove rilassarsi godendo del panorama.\n\t\t\t\t\t\t\t\t\t<\/div>\n\t\t\t\t\t\t\t\t\t<img decoding=\"async\" src=\"https:\/\/cdn.pilgrim.es\/web\/caminos\/camino-ingles\/pueblos\/ferrol\/puntos-de-interes\/darsena-de-curuxeiras.jpg\" alt=\"D\u00e1rsena de Curuxeiras\">\n\t\t\t\t\t\t\t\t<\/div>\n\t\t\t\t\t\t\t<\/div>\n\t\t\t\t\t\t\n\t\t\t\t\t\t\t<div class=\"accordion__accordion-content inactive\">\n\t\t\t\t\t\t\t\t<div>\n\t\t\t\t\t\t\t\t\t<div>\n\t\t\t\t\t\t\t\t\t\t<h4>Concatedral de San Juli\u00e1n<\/h4>\n\t\t\t\t\t\t\t\t\t\t<p>In realt\u00e0 si tratta di una concattedrale, in quanto condivide il titolo di cattedrale con quella di Mondo\u00f1edo. <\/p>\n\n<p>Questo tempio risale all&#8217;ultimo terzo del XVIII secolo ed \u00e8 opera di Juli\u00e1n S\u00e1nchez Bort, che si bas\u00f2 sui progetti della chiesa di San Andr\u00e9s Avelino a Roma. La facciata principale \u00e8 costituita da due corpi sovrapposti che terminano in un frontone triangolare su cui si erge una croce.<\/p> <p>La facciata principale \u00e8 costituita da due corpi sovrapposti che terminano in un frontone triangolare su cui si erge una croce.\n\t\t\t\t\t\t\t\t\t<\/div>\n\t\t\t\t\t\t\t\t\t<img decoding=\"async\" src=\"https:\/\/cdn.pilgrim.es\/web\/caminos\/camino-ingles\/pueblos\/ferrol\/puntos-de-interes\/concatedral-de-san-julian.jpg\" alt=\"Concatedral de San Juli\u00e1n\">\n\t\t\t\t\t\t\t\t<\/div>\n\t\t\t\t\t\t\t<\/div>\n\t\t\t\t\t\t\n\t\t\t\t\t\t\t<div class=\"accordion__accordion-content inactive\">\n\t\t\t\t\t\t\t\t<div>\n\t\t\t\t\t\t\t\t\t<div>\n\t\t\t\t\t\t\t\t\t\t<h4>Cant\u00f3n de Mol\u00edns<\/h4>\n\t\t\t\t\t\t\t\t\t\t<p>Questa storica alameda \u00e8 considerata uno dei primi spazi verdi della Galizia. Fu costruita durante il XVIII secolo, un&#8217;epoca in cui le spedizioni scientifiche miravano a trovare nuove specie di alberi per abbellire i giardini delle citt\u00e0. L&#8217;alameda copriva un&#8217;area molto pi\u00f9 ampia di quella attuale, ma \u00e8 stata gradualmente inghiottita dalla citt\u00e0.\n\t\t\t\t\t\t\t\t\t<\/div>\n\t\t\t\t\t\t\t\t\t<img decoding=\"async\" src=\"https:\/\/cdn.pilgrim.es\/web\/caminos\/camino-ingles\/pueblos\/ferrol\/puntos-de-interes\/canton-de-molins.jpg\" alt=\"Cant\u00f3n de Mol\u00edns\">\n\t\t\t\t\t\t\t\t<\/div>\n\t\t\t\t\t\t\t<\/div>\n\t\t\t\t\t\t\n\t\t\t\t\t\t\t<div class=\"accordion__accordion-content inactive\">\n\t\t\t\t\t\t\t\t<div>\n\t\t\t\t\t\t\t\t\t<div>\n\t\t\t\t\t\t\t\t\t\t<h4>Bater\u00edas Militares Cabo Prior<\/h4>\n\t\t\t\t\t\t\t\t\t\t<p>I resti delle batterie militari di Cabo Prior si trovano nella nota zona di Covas. Tuttavia, questi non sono gli unici resti di questo tipo di edifici nella zona, e ce ne sono molti, la maggior parte dei quali in stato di rovina, lungo tutta la costa del Golfo \u00c1rtabro di Ferrol. <\/p>\n\t\t\t\t\t\t\t\t\t<\/div>\n\t\t\t\t\t\t\t\t\t<img decoding=\"async\" src=\"https:\/\/cdn.pilgrim.es\/web\/caminos\/camino-ingles\/pueblos\/ferrol\/puntos-de-interes\/baterias-militares-cabo-prior.jpg\" alt=\"Bater\u00edas Militares Cabo Prior\">\n\t\t\t\t\t\t\t\t<\/div>\n\t\t\t\t\t\t\t<\/div>\n\t\t\t\t\t\t\n\t\t\t\t\t\t\t<div class=\"accordion__accordion-content inactive\">\n\t\t\t\t\t\t\t\t<div>\n\t\t\t\t\t\t\t\t\t<div>\n\t\t\t\t\t\t\t\t\t\t<h4>Barrio de la Magdalena<\/h4>\n\t\t\t\t\t\t\t\t\t\t<p>Ha una chiara disposizione a griglia, essendo stato progettato nel 1763 con l&#8217;intenzione di essere lo scenario di processioni civili e parate militari<\/p> <p>.\n\t\t\t\t\t\t\t\t\t<\/div>\n\t\t\t\t\t\t\t\t\t<img decoding=\"async\" src=\"https:\/\/cdn.pilgrim.es\/web\/caminos\/camino-ingles\/pueblos\/ferrol\/puntos-de-interes\/barrio-de-la-magdalena.jpg\" alt=\"Barrio de la Magdalena\">\n\t\t\t\t\t\t\t\t<\/div>\n\t\t\t\t\t\t\t<\/div>\n\t\t\t\t\t\t\n\t\t\t\t\t\t\t<div class=\"accordion__accordion-content inactive\">\n\t\t\t\t\t\t\t\t<div>\n\t\t\t\t\t\t\t\t\t<div>\n\t\t\t\t\t\t\t\t\t\t<h4>Baluarte de San Juan<\/h4>\n\t\t\t\t\t\t\t\t\t\t<p>Questa costruzione difensiva del XVIII secolo faceva parte della citt\u00e0 murata e si trovava in una zona elevata, perfetta per sorvegliare l&#8217;ingresso all&#8217;estuario di Ferrol e difendersi da eventuali incursioni nemiche. Si trova nel quartiere di Canido, con una vista eccezionale sull&#8217;estuario e sul porto della citt\u00e0, ed \u00e8 quindi attualmente utilizzata come punto di osservazione e area ricreativa.\n\t\t\t\t\t\t\t\t\t<\/div>\n\t\t\t\t\t\t\t\t\t<img decoding=\"async\" src=\"https:\/\/cdn.pilgrim.es\/web\/caminos\/camino-ingles\/pueblos\/ferrol\/puntos-de-interes\/baluarte-de-san-juan.jpg\" alt=\"Baluarte de San Juan\">\n\t\t\t\t\t\t\t\t<\/div>\n\t\t\t\t\t\t\t<\/div>\n\t\t\t\t\t\t\n\t\t\t\t\t\t\t<div class=\"accordion__accordion-content inactive\">\n\t\t\t\t\t\t\t\t<div>\n\t\t\t\t\t\t\t\t\t<div>\n\t\t\t\t\t\t\t\t\t\t<h4>Jardines de Herrera y de San Francisco<\/h4>\n\t\t\t\t\t\t\t\t\t\t<p>Questi bellissimi giardini si trovano su un&#8217;altura, all&#8217;interno di un bastione difensivo e sono di propriet\u00e0 della Marina Militare spagnola, anche se sono di uso e godimento pubblico. Servono anche come punto di osservazione, da cui si pu\u00f2 godere di una vista spettacolare sull&#8217;estuario e sulle installazioni dell&#8217;Arsenale Militare. <\/p>\n\t\t\t\t\t\t\t\t\t<\/div>\n\t\t\t\t\t\t\t\t\t<img decoding=\"async\" src=\"https:\/\/cdn.pilgrim.es\/web\/caminos\/camino-ingles\/pueblos\/ferrol\/puntos-de-interes\/jardines-de-herrera-y-de-san-francisco.jpg\" alt=\"Jardines de Herrera y de San Francisco\">\n\t\t\t\t\t\t\t\t<\/div>\n\t\t\t\t\t\t\t<\/div>\n\t\t\t\t\t\t\n\t\t\t\t\t\t\t<div class=\"accordion__accordion-content inactive\">\n\t\t\t\t\t\t\t\t<div>\n\t\t\t\t\t\t\t\t\t<div>\n\t\t\t\t\t\t\t\t\t\t<h4>Ferrol Vello<\/h4>\n\t\t\t\t\t\t\t\t\t\t<p>Questa \u00e8 la parte pi\u00f9 antica della citt\u00e0 di Ferrol, che in origine costituiva una giurisdizione condivisa tra le famiglie nobili di Andrade e Lemos. \u00c8 qui che \u00e8 nata questa citt\u00e0 di mare, in particolare da un insediamento costiero di epoca tardo-medievale. A poco a poco, la fisionomia di questo quartiere cambi\u00f2, trasformandolo in una citt\u00e0 marinara che, secoli dopo, sarebbe diventata una base essenziale per la Marina spagnola.\n\t\t\t\t\t\t\t\t\t<\/div>\n\t\t\t\t\t\t\t\t\t<img decoding=\"async\" src=\"https:\/\/cdn.pilgrim.es\/web\/caminos\/camino-ingles\/pueblos\/ferrol\/puntos-de-interes\/ferrol-vello.jpg\" alt=\"Ferrol Vello\">\n\t\t\t\t\t\t\t\t<\/div>\n\t\t\t\t\t\t\t<\/div>\n\t\t\t\t\t\t\n\t\t\t\t\t\t\t<div class=\"accordion__accordion-content inactive\">\n\t\t\t\t\t\t\t\t<div>\n\t\t\t\t\t\t\t\t\t<div>\n\t\t\t\t\t\t\t\t\t\t<h4>Barrio Esteiro<\/h4>\n\t\t\t\t\t\t\t\t\t\t<p>Tradizionalmente un quartiere operaio, Esteiro \u00e8 un&#8217;area creata da e per i cantieri navali di Ferrol. Le prime case furono costruite sopra l&#8217;antico villaggio all&#8217;inizio del XVIII secolo per dare alloggio alle migliaia di lavoratori che giungevano nella citt\u00e0 dipartimentale in cerca di un posto di lavoro nell&#8217;appena creata Empresa Nacional Baz\u00e1n. Inizialmente furono costruiti gli edifici della via San Carlos, seguiti dalle vie limitrofe di San Fernando e San Pedro, sempre seguendo lo schema a griglia tipico dell&#8217;Illuminismo. <\/p>\n\t\t\t\t\t\t\t\t\t<\/div>\n\t\t\t\t\t\t\t\t\t<img decoding=\"async\" src=\"https:\/\/cdn.pilgrim.es\/web\/caminos\/camino-ingles\/pueblos\/ferrol\/puntos-de-interes\/barrio-esteiro.jpg\" alt=\"Barrio Esteiro\">\n\t\t\t\t\t\t\t\t<\/div>\n\t\t\t\t\t\t\t<\/div>\n\t\t\t\t\t\t\n\t\t\t\t\t\t\t<div class=\"accordion__accordion-content inactive\">\n\t\t\t\t\t\t\t\t<div>\n\t\t\t\t\t\t\t\t\t<div>\n\t\t\t\t\t\t\t\t\t\t<h4>Plaza de Espa\u00f1a<\/h4>\n\t\t\t\t\t\t\t\t\t\t<p>Solo pochi frutteti e campi coltivati occupavano lo spazio che oggi copre la Plaza de Espa\u00f1a, il tradizionale ingresso al centro della citt\u00e0 nel noto quartiere di Recimil. Tra queste due aree si conserva ancora una delle antiche porte delle mura che circondavano la citt\u00e0. <\/p>\n\t\t\t\t\t\t\t\t\t<\/div>\n\t\t\t\t\t\t\t\t\t<img decoding=\"async\" src=\"https:\/\/cdn.pilgrim.es\/web\/caminos\/camino-ingles\/pueblos\/ferrol\/puntos-de-interes\/plaza-de-espana.jpg\" alt=\"Plaza de Espa\u00f1a\">\n\t\t\t\t\t\t\t\t<\/div>\n\t\t\t\t\t\t\t<\/div>\n\t\t\t\t\t\t\n\t\t\t\t\t\t\t<div class=\"accordion__accordion-content inactive\">\n\t\t\t\t\t\t\t\t<div>\n\t\t\t\t\t\t\t\t\t<div>\n\t\t\t\t\t\t\t\t\t\t<h4>Plaza de Armas y Palacio Consistorial<\/h4>\n\t\t\t\t\t\t\t\t\t\t<p>La nota Plaza de Armas di Ferrol \u00e8 la sede del municipio della citt\u00e0 dipartimentale. Fu costruita all&#8217;inizio del XIX secolo, pochi anni dopo la famosa battaglia di Bri\u00f3n, e qualche anno dopo fu ribattezzata Plaza de la Churruca, in onore del marinaio spagnolo che guid\u00f2 la nave Juan Nepomuceno nella battaglia di Trafalgar. In onore di questa importante figura, al centro della piazza fu installato un grande obelisco, che attualmente possiamo ammirare nei giardini Herrera.  <\/p>\n\t\t\t\t\t\t\t\t\t<\/div>\n\t\t\t\t\t\t\t\t\t<img decoding=\"async\" src=\"https:\/\/cdn.pilgrim.es\/web\/caminos\/camino-ingles\/pueblos\/ferrol\/puntos-de-interes\/plaza-de-armas-y-palacio-consistorial.jpg\" alt=\"Plaza de Armas y Palacio Consistorial\">\n\t\t\t\t\t\t\t\t<\/div>\n\t\t\t\t\t\t\t<\/div>\n\t\t\t\t\t\t\n\t\t\t\t\t\t\t<div class=\"accordion__accordion-content inactive\">\n\t\t\t\t\t\t\t\t<div>\n\t\t\t\t\t\t\t\t\t<div>\n\t\t\t\t\t\t\t\t\t\t<h4>Plaza de Amboage<\/h4>\n\t\t\t\t\t\t\t\t\t\t<p>Questa piazza deve il suo nome al Marchese di Amboage, Ram\u00f3n Pla y Monge, un ferrarese emigrato a Cuba che si diceva fosse proprietario di una compagnia di navigazione che trafficava schiavi. Una volta morto e nominato marchese, si decise di collocare una statua in suo onore nella Plaza de Dolores di Ferrol, precisamente nel 1896, quando fu cambiato anche il nome della piazza. <\/p>\n\t\t\t\t\t\t\t\t\t<\/div>\n\t\t\t\t\t\t\t\t\t<img decoding=\"async\" src=\"https:\/\/cdn.pilgrim.es\/web\/caminos\/camino-ingles\/pueblos\/ferrol\/puntos-de-interes\/plaza-de-amboage.jpg\" alt=\"Plaza de Amboage\">\n\t\t\t\t\t\t\t\t<\/div>\n\t\t\t\t\t\t\t<\/div>\n\t\t\t\t\t\t\n\t\t\t\t\t\t\t<div class=\"accordion__accordion-content inactive\">\n\t\t\t\t\t\t\t\t<div>\n\t\t\t\t\t\t\t\t\t<div>\n\t\t\t\t\t\t\t\t\t\t<h4>Iglesia de las Angustias<\/h4>\n\t\t\t\t\t\t\t\t\t\t<p>Questa chiesa fu costruita grazie all&#8217;omonima confraternita fondata nel 1768. Il motivo era che lo spazio della vicina cappella di San Roque cominciava a diventare troppo piccolo, dato che all&#8217;epoca era in costruzione anche la concattedrale di San Juli\u00e1n. Per questo motivo, grazie ai vari contributi dei fedeli e della diocesi, si decise di costruire questo nuovo tempio in onore di Las Angustias. Si ritiene che l&#8217;immagine della Vergine sia stata trasferita dalla cappella di San Amaro, nel quartiere di Recimil, e riformata in diverse occasioni. Questo monumento dioclezianeo presenta la Vergine Maria con il figlio morto in braccio. <\/p>\n\t\t\t\t\t\t\t\t\t<\/div>\n\t\t\t\t\t\t\t\t\t<img decoding=\"async\" src=\"https:\/\/cdn.pilgrim.es\/web\/caminos\/camino-ingles\/pueblos\/ferrol\/puntos-de-interes\/iglesia-de-las-angustias.jpg\" alt=\"Iglesia de las Angustias\">\n\t\t\t\t\t\t\t\t<\/div>\n\t\t\t\t\t\t\t<\/div>\n\t\t\t\t\t\t\n\t\t\t\t\t\t\t<div class=\"accordion__accordion-content inactive\">\n\t\t\t\t\t\t\t\t<div>\n\t\t\t\t\t\t\t\t\t<div>\n\t\t\t\t\t\t\t\t\t\t<h4>Teatro de Jofre<\/h4>\n\t\t\t\t\t\t\t\t\t\t<p>Questo spettacolare teatro del 1871 fu inizialmente progettato da Faustino Dom\u00ednguez, ma a causa di problemi di finanziamento delle casse pubbliche dovette essere rivisto e ampliato per diversi anni. Eusebio Lucini ridusse le dimensioni dell&#8217;edificio per poter finalmente realizzare i lavori tanto attesi, conferendo a tutte le sue sale una disposizione molto particolare. <\/p>\n\t\t\t\t\t\t\t\t\t<\/div>\n\t\t\t\t\t\t\t\t\t<img decoding=\"async\" src=\"https:\/\/cdn.pilgrim.es\/web\/caminos\/camino-ingles\/pueblos\/ferrol\/puntos-de-interes\/teatro-de-jofre.jpg\" alt=\"Teatro de Jofre\">\n\t\t\t\t\t\t\t\t<\/div>\n\t\t\t\t\t\t\t<\/div>\n\t\t\t\t\t\t\n\t\t\t\t\t<\/div>\n\t\t\t\t<\/div>\n\t\t\t<\/div>\n\t\t\n\n\t\t<div id=\"phonesSection\">\n\t\t\t<div>\n\t\t\t\t<h2 class=\"p-h3-town\">Informazioni di interesse<\/h2>\n\t\t\t<\/div>\n\t\t\t<div class=\"grid\">\n\t\t\t\t\n\t\t\t\t\t<div class=\"phone-number-item\">\n\t\t\t\t\t\t<div class=\"phone-number-item__icon\"><i class=\"icon-police\"><\/i><\/div>\n\t\t\t\t\t\t<div class=\"phone-number-item__title\">\n\t\t\t\t\t\t\t<h3 class=\"p-font-bold\">Polizia locale<\/h3>\n\t\t\t\t\t\t\t<p>981 333 800<\/p>\n\t\t\t\t\t\t\t\n\t\t\t\t\t\t<\/div>\n\t\t\t\t\t<\/div>\n\t\t\t\t\n\t\t\t\t\t<div class=\"phone-number-item\">\n\t\t\t\t\t\t<div class=\"phone-number-item__icon\"><i class=\"icon-spanish-military-police\"><\/i><\/div>\n\t\t\t\t\t\t<div class=\"phone-number-item__title\">\n\t\t\t\t\t\t\t<h3 class=\"p-font-bold\">Guardia civile<\/h3>\n\t\t\t\t\t\t\t<p>981 314 403<\/p>\n\t\t\t\t\t\t\t\n\t\t\t\t\t\t<\/div>\n\t\t\t\t\t<\/div>\n\t\t\t\t\n\t\t\t\t\t<div class=\"phone-number-item\">\n\t\t\t\t\t\t<div class=\"phone-number-item__icon\"><i class=\"icon-firefighters\"><\/i><\/div>\n\t\t\t\t\t\t<div class=\"phone-number-item__title\">\n\t\t\t\t\t\t\t<h3 class=\"p-font-bold\">Vigili del fuoco<\/h3>\n\t\t\t\t\t\t\t<p>981 944 080<\/p>\n\t\t\t\t\t\t\t\n\t\t\t\t\t\t<\/div>\n\t\t\t\t\t<\/div>\n\t\t\t\t\n\t\t\t\t\t<div class=\"phone-number-item\">\n\t\t\t\t\t\t<div class=\"phone-number-item__icon\"><i class=\"icon-civil-protection\"><\/i><\/div>\n\t\t\t\t\t\t<div class=\"phone-number-item__title\">\n\t\t\t\t\t\t\t<h3 class=\"p-font-bold\">Protezione civile<\/h3>\n\t\t\t\t\t\t\t<p>981 390 000<\/p>\n\t\t\t\t\t\t\t\n\t\t\t\t\t\t<\/div>\n\t\t\t\t\t<\/div>\n\t\t\t\t\n\t\t\t\t\t<div class=\"phone-number-item\">\n\t\t\t\t\t\t<div class=\"phone-number-item__icon\"><i class=\"icon-town-council\"><\/i><\/div>\n\t\t\t\t\t\t<div class=\"phone-number-item__title\">\n\t\t\t\t\t\t\t<h3 class=\"p-font-bold\">Municipio<\/h3>\n\t\t\t\t\t\t\t<p>982 320 001<\/p>\n\t\t\t\t\t\t\t\n\t\t\t\t\t\t<\/div>\n\t\t\t\t\t<\/div>\n\t\t\t\t\n\t\t\t\t\t<div class=\"phone-number-item\">\n\t\t\t\t\t\t<div class=\"phone-number-item__icon\"><i class=\"icon-hospital\"><\/i><\/div>\n\t\t\t\t\t\t<div class=\"phone-number-item__title\">\n\t\t\t\t\t\t\t<h3 class=\"p-font-bold\">Centro sanitario<\/h3>\n\t\t\t\t\t\t\t<p>981 334 040<\/p>\n\t\t\t\t\t\t\t\n\t\t\t\t\t\t<\/div>\n\t\t\t\t\t<\/div>\n\t\t\t\t\n\t\t\t\t\t<div class=\"phone-number-item\">\n\t\t\t\t\t\t<div class=\"phone-number-item__icon\"><i class=\"icon-tourism\"><\/i><\/div>\n\t\t\t\t\t\t<div class=\"phone-number-item__title\">\n\t\t\t\t\t\t\t<h3 class=\"p-font-bold\">Ufficio turistico<\/h3>\n\t\t\t\t\t\t\t<p>619 177 402<\/p>\n\t\t\t\t\t\t\t\n\t\t\t\t\t\t\t\t<p>Plaza de Espa\u00f1a, s\/n<\/p>\n\t\t\t\t\t\t\t\n\t\t\t\t\t\t<\/div>\n\t\t\t\t\t<\/div>\n\t\t\t\t\n\t\t\t<\/div>\n\t\t<\/div>\n\n\t\t<div id=\"clientForm\">\n        <section>\n        <img decoding=\"async\" src=\"https:\/\/cdn.pilgrim.es\/web\/home\/email-contacto.png\" alt=\"contacto\">\n        <div>\n            <p>Ti inviamo la tua pianificazione<\/p>\n            <p>Forniscici i tuoi dati e ricevi la pianificazione del tuo viaggio via email <\/p>\n            <form method=\"post\" data-url=\"\/wp-admin\/admin-ajax.php\" id=\"planner--client\" class=\"flag-right form-client\">\n    <div class=\"form-data\">\n        <input name=\"form_id\" type=\"hidden\" value=\"Formulario Leads\">\n        <input name=\"type\" type=\"hidden\" value=\"planner_client\">\n        <input type=\"text\" name=\"nombre\" value=\"\" size=\"40\" class=\"form-control\" aria-required=\"true\" aria-invalid=\"false\" placeholder=\"Nome\">\n        <input type=\"email\" name=\"email\" value=\"\" size=\"40\" class=\"form-control\" aria-required=\"true\" aria-invalid=\"false\" placeholder=\"Mail\">\n        <input type=\"text\" id=\"phone-input\" name=\"tel\" value=\"\" size=\"40\" class=\"phone-input form-control\" aria-required=\"true\" aria-invalid=\"false\" placeholder=\"Telefono\">\n        <input type=\"hidden\" name=\"telefono\">\n    <\/div>\n    <div class=\"form-checkbox\">\n        <span>\n            Pilgrim Travel. S.L. informa, come previsto dal Regolamento 2016\/679, che i dati utilizzati in questo modulo verranno utilizzati sia per la risposta delle eventuali consultazioni sia per la pub-blicazione dei commenti, essendo il consenso dell'utente la base di legittimazione. Potranno esse-re esercitati i diritti in conformit\u00e0 con quanto stabilito dalla nostra             <a href=\"https:\/\/www.pilgrim.es\/it\/informativa-sulla-privacy\/\" target=\"_blank\" rel=\"noopener noreferrer nofollow\">Politica di privacy.<\/a>\n        <\/span>\n    <\/div>\n\n    <div class=\"form-submit\">\n        <button id=\"planner--client-create\" type=\"submit\">Formulario di contatto<\/button>\n        <div class=\"loadingDiv\"><i class=\"p-spinner\"><\/i><\/div>\n    <\/div>\n\n    <div class=\"contact-content-form-success\">\n        <p><i class=\"fas fa-check\"><\/i> Il modulo \u00e8 stato inviato correttamente<\/p>\n    <\/div>\n\n    <div class=\"contact-content-form-error\">\n        <span class=\"input-error\"><\/span>\n    <\/div>\n<\/form>        <\/div>\n    <\/section>\n<\/div>\n\n\t\t<div id=\"recomendationSection\">\n\t\t\t<div>\n\t\t\t\t<h2 class=\"p-h2-town\">Consigliato<\/h2>\n\t\t\t\t<hr>\n\t\t\t\t<h3 class=\"p-h3-town\">Gastronomia<\/h3>\n\t\t\t<\/div>\n\t\t\tNel comune di Ferrol spiccano i &#8220;chicharrones&#8221; o &#8220;rox\u00f3ns&#8221; (cotenne di maiale) grazie al particolare modo di prepararli. Ma ci sono anche prodotti tipici galiziani come il cocido (stufato), il lac\u00f3n con grelos (spalla di maiale con cime di rapa), le empanadas (torte) e il pulpo &#8220;a feira&#8221; (polpo).\n\nUna menzione speciale meritano il pesce e i frutti di mare locali, tra cui il nasello, il rombo, il branzino, la cernia, la sogliola, il calamaro, la seppia, il granchio, i cirripedi, le vongole, le ostriche, le granseole, l&#8217;aragosta, ecc.\n\nPer il dessert sono assolutamente da provare i bicos, dolci a forma di cuore, la torta di Ferrol, conosciuta anche come Casti\u00f1eira, il budino di riso, i dolci all&#8217;anice e le cocadas.\n\t\t<\/div>\n\n\n\t\t\n\t\t\t<div id=\"holidaysSection\">\n\t\t\t\t<div>\n\t\t\t\t\t<h2 class=\"p-h2-town\">Consigliato<\/h2>\n\t\t\t\t\t<hr>\n\t\t\t\t\t<h3 class=\"p-h3-town\">Festival e pellegrinaggi<\/h3>\n\t\t\t\t<\/div>\n\t\t\t\t<div class=\"grid holidays-grid\">\n\t\t\t\t\t\n\t\t\t\t\t\t<div>\n\t\t\t\t\t\t\t<div class=\"phone-number-item\">\n\t\t\t\t\t\t\t\t<div class=\"phone-number-item__icon\"><i class=\"icon-holiday\"><\/i><\/div>\n\t\t\t\t\t\t\t\t<div class=\"phone-number-item__title dark-text\">\n\t\t\t\t\t\t\t\t\t<p class=\"p-font-bold\">Vacanza locale<\/p>\n\t\t\t\t\t\t\t\t\t<p>7 de enero: San Xiao<\/p>\n\t\t\t\t\t\t\t\t<\/div>\n\t\t\t\t\t\t\t<\/div>\n\t\t\t\t\t\t<\/div>\n\t\t\t\t\t\n\t\t\t\t\t\t<div>\n\t\t\t\t\t\t\t<div class=\"phone-number-item\">\n\t\t\t\t\t\t\t\t<div class=\"phone-number-item__icon\"><i class=\"icon-holiday\"><\/i><\/div>\n\t\t\t\t\t\t\t\t<div class=\"phone-number-item__title dark-text\">\n\t\t\t\t\t\t\t\t\t<p class=\"p-font-bold\">Vacanza locale<\/p>\n\t\t\t\t\t\t\t\t\t<p>Primera quincena de julio: Feria de muestras<\/p>\n\t\t\t\t\t\t\t\t<\/div>\n\t\t\t\t\t\t\t<\/div>\n\t\t\t\t\t\t<\/div>\n\t\t\t\t\t\n\t\t\t\t\t\t<div>\n\t\t\t\t\t\t\t<div class=\"phone-number-item\">\n\t\t\t\t\t\t\t\t<div class=\"phone-number-item__icon\"><i class=\"icon-holiday\"><\/i><\/div>\n\t\t\t\t\t\t\t\t<div class=\"phone-number-item__title dark-text\">\n\t\t\t\t\t\t\t\t\t<p class=\"p-font-bold\">Vacanza locale<\/p>\n\t\t\t\t\t\t\t\t\t<p>Agosto: Feria de artesan\u00eda, gastronom\u00eda y espect\u00e1culos de \u00e9poca<\/p>\n\t\t\t\t\t\t\t\t<\/div>\n\t\t\t\t\t\t\t<\/div>\n\t\t\t\t\t\t<\/div>\n\t\t\t\t\t\n\t\t\t\t\t\t<div>\n\t\t\t\t\t\t\t<div class=\"phone-number-item\">\n\t\t\t\t\t\t\t\t<div class=\"phone-number-item__icon\"><i class=\"icon-holiday\"><\/i><\/div>\n\t\t\t\t\t\t\t\t<div class=\"phone-number-item__title dark-text\">\n\t\t\t\t\t\t\t\t\t<p class=\"p-font-bold\">Vacanza locale<\/p>\n\t\t\t\t\t\t\t\t\t<p>Lunes de pascua: Virgen de Chamorro o Virgen del Nord\u00e9s<\/p>\n\t\t\t\t\t\t\t\t<\/div>\n\t\t\t\t\t\t\t<\/div>\n\t\t\t\t\t\t<\/div>\n\t\t\t\t\t\n\t\t\t\t\t\t<div>\n\t\t\t\t\t\t\t<div class=\"phone-number-item\">\n\t\t\t\t\t\t\t\t<div class=\"phone-number-item__icon\"><i class=\"icon-holiday\"><\/i><\/div>\n\t\t\t\t\t\t\t\t<div class=\"phone-number-item__title dark-text\">\n\t\t\t\t\t\t\t\t\t<p class=\"p-font-bold\">Vacanza locale<\/p>\n\t\t\t\t\t\t\t\t\t<p>18 al 19 de marzo: D\u00eda de las Pepitas<\/p>\n\t\t\t\t\t\t\t\t<\/div>\n\t\t\t\t\t\t\t<\/div>\n\t\t\t\t\t\t<\/div>\n\t\t\t\t\t\n\t\t\t\t\t\t<div>\n\t\t\t\t\t\t\t<div class=\"phone-number-item\">\n\t\t\t\t\t\t\t\t<div class=\"phone-number-item__icon\"><i class=\"icon-holiday\"><\/i><\/div>\n\t\t\t\t\t\t\t\t<div class=\"phone-number-item__title dark-text\">\n\t\t\t\t\t\t\t\t\t<p class=\"p-font-bold\">Vacanza locale<\/p>\n\t\t\t\t\t\t\t\t\t<p>La \u00faltima semana de agosto: Fuegos de San Ram\u00f3n<\/p>\n\t\t\t\t\t\t\t\t<\/div>\n\t\t\t\t\t\t\t<\/div>\n\t\t\t\t\t\t<\/div>\n\t\t\t\t\t\n\t\t\t\t\t\t<div>\n\t\t\t\t\t\t\t<div class=\"phone-number-item\">\n\t\t\t\t\t\t\t\t<div class=\"phone-number-item__icon\"><i class=\"icon-holiday\"><\/i><\/div>\n\t\t\t\t\t\t\t\t<div class=\"phone-number-item__title dark-text\">\n\t\t\t\t\t\t\t\t\t<p class=\"p-font-bold\">Vacanza locale<\/p>\n\t\t\t\t\t\t\t\t\t<p>El domingo m\u00e1s pr\u00f3ximo al 25 de agosto: Batalla de Bri\u00f3n<\/p>\n\t\t\t\t\t\t\t\t<\/div>\n\t\t\t\t\t\t\t<\/div>\n\t\t\t\t\t\t<\/div>\n\t\t\t\t\t\n\t\t\t\t\t\t<div>\n\t\t\t\t\t\t\t<div class=\"phone-number-item\">\n\t\t\t\t\t\t\t\t<div class=\"phone-number-item__icon\"><i class=\"icon-holiday\"><\/i><\/div>\n\t\t\t\t\t\t\t\t<div class=\"phone-number-item__title dark-text\">\n\t\t\t\t\t\t\t\t\t<p class=\"p-font-bold\">Vacanza locale<\/p>\n\t\t\t\t\t\t\t\t\t<p>Semana Santa: La semana santa ferrolana<\/p>\n\t\t\t\t\t\t\t\t<\/div>\n\t\t\t\t\t\t\t<\/div>\n\t\t\t\t\t\t<\/div>\n\t\t\t\t\t\n\t\t\t\t<\/div>\n\t\t\t<\/div>\n\t\t\n\t<\/div>\n<\/section>\n\n<div id=\"stage_list_section\"><div class=\"stage-list\">\n    <div class='stage-list__map-card'>\n        <div class='stage-list__map-card__map'>\n            <div class='stage-list__map-card__map__text'>\n                <h2> Pages <\/h2>\n                <p> A piedi<\/p>\n                <p> 0tappe<\/p>\n            <\/div>\n            <div class='stage-list__map-card__map__img'>\n                <img decoding=\"async\" src=\"\" alt=\" mapa \" \/>\n            <\/div>\n        <\/div>\n    <\/div>\n\n    <\/div>\n<\/div> ","protected":false},"excerpt":{"rendered":"<p>Ferrol &#8249; Ritorno al palcoscenico Ferrol Abitanti: 69.452 aprox. Provincia: A Coru\u00f1a Informazioni Get to know Ferrol Il comune di Ferrol \u00e8 sempre stato strettamente legato al mare, ma ha anche una stretta relazione con il Cammino di Santiago, essendo il punto di arrivo di molti pellegrini in barca per intraprendere il viaggio verso l&#8217;Apostolo. &hellip; <\/p>\n<p class=\"read_more\"><a href=\"https:\/\/www.pilgrim.es\/it\/cammino-inglese\/ferrol\/\">Leer m\u00e1s<\/a><\/p>\n","protected":false},"author":0,"featured_media":4475,"parent":10850,"menu_order":0,"comment_status":"closed","ping_status":"closed","template":"views\/template-new-web-design.blade.php","meta":{"footnotes":""},"categories":[],"tags":[],"class_list":["post-91355","page","type-page","status-publish","has-post-thumbnail","hentry"],"yoast_head":"<!-- This site is optimized with the Yoast SEO plugin v27.4 - https:\/\/yoast.com\/product\/yoast-seo-wordpress\/ -->\n<title>Ferrol: Cosa vedere e dove dormire | Cammino di Santiago | Pilgrim<\/title>\n<meta name=\"description\" content=\"Ferrol Scopri tutte le informazioni su dove alloggiare, come arrivare, cosa mangiare e sui principali punti di interesse delle localit\u00e0 lungo il Cammino Inglese.\" \/>\n<meta name=\"robots\" content=\"index, follow, max-snippet:-1, max-image-preview:large, max-video-preview:-1\" \/>\n<link rel=\"canonical\" href=\"https:\/\/www.pilgrim.es\/it\/cammino-inglese\/ferrol\/\" \/>\n<meta property=\"og:locale\" content=\"it_IT\" \/>\n<meta property=\"og:type\" content=\"article\" \/>\n<meta property=\"og:title\" content=\"Ferrol: Cosa vedere e dove dormire | Cammino di Santiago | Pilgrim\" \/>\n<meta property=\"og:description\" content=\"Ferrol Scopri tutte le informazioni su dove alloggiare, come arrivare, cosa mangiare e sui principali punti di interesse delle localit\u00e0 lungo il Cammino Inglese.\" \/>\n<meta property=\"og:url\" content=\"https:\/\/www.pilgrim.es\/it\/cammino-inglese\/ferrol\/\" \/>\n<meta property=\"og:site_name\" content=\"Pilgrim\" \/>\n<meta property=\"article:publisher\" content=\"https:\/\/www.facebook.com\/pilgrim.es\/\" \/>\n<meta property=\"og:image\" content=\"https:\/\/www.pilgrim.es\/wp-content\/uploads\/2019\/02\/ferrol1-mrs54dpelib3cbf7c633hbdf84g4v1zhgosh3t9yy4.jpg\" \/>\n\t<meta property=\"og:image:width\" content=\"770\" \/>\n\t<meta property=\"og:image:height\" content=\"350\" \/>\n\t<meta property=\"og:image:type\" content=\"image\/jpeg\" \/>\n<meta name=\"twitter:card\" content=\"summary_large_image\" \/>\n<meta name=\"twitter:site\" content=\"@pilgrim_es\" \/>\n<meta name=\"twitter:label1\" content=\"Tempo di lettura stimato\" \/>\n\t<meta name=\"twitter:data1\" content=\"14 minuti\" \/>\n<script type=\"application\/ld+json\" class=\"yoast-schema-graph\">{\"@context\":\"https:\\\/\\\/schema.org\",\"@graph\":[{\"@type\":\"WebPage\",\"@id\":\"https:\\\/\\\/www.pilgrim.es\\\/it\\\/cammino-inglese\\\/ferrol\\\/\",\"url\":\"https:\\\/\\\/www.pilgrim.es\\\/it\\\/cammino-inglese\\\/ferrol\\\/\",\"name\":\"Ferrol: Cosa vedere e dove dormire | Cammino di Santiago | Pilgrim\",\"isPartOf\":{\"@id\":\"https:\\\/\\\/www.pilgrim.es\\\/it\\\/#website\"},\"primaryImageOfPage\":{\"@id\":\"https:\\\/\\\/www.pilgrim.es\\\/it\\\/cammino-inglese\\\/ferrol\\\/#primaryimage\"},\"image\":{\"@id\":\"https:\\\/\\\/www.pilgrim.es\\\/it\\\/cammino-inglese\\\/ferrol\\\/#primaryimage\"},\"thumbnailUrl\":\"https:\\\/\\\/www.pilgrim.es\\\/wp-content\\\/uploads\\\/2019\\\/02\\\/ferrol1-mrs54dpelib3cbf7c633hbdf84g4v1zhgosh3t9yy4.jpg\",\"datePublished\":\"2025-03-17T15:08:56+00:00\",\"description\":\"Ferrol Scopri tutte le informazioni su dove alloggiare, come arrivare, cosa mangiare e sui principali punti di interesse delle localit\u00e0 lungo il Cammino Inglese.\",\"breadcrumb\":{\"@id\":\"https:\\\/\\\/www.pilgrim.es\\\/it\\\/cammino-inglese\\\/ferrol\\\/#breadcrumb\"},\"inLanguage\":\"it-IT\",\"potentialAction\":[{\"@type\":\"ReadAction\",\"target\":[\"https:\\\/\\\/www.pilgrim.es\\\/it\\\/cammino-inglese\\\/ferrol\\\/\"]}]},{\"@type\":\"ImageObject\",\"inLanguage\":\"it-IT\",\"@id\":\"https:\\\/\\\/www.pilgrim.es\\\/it\\\/cammino-inglese\\\/ferrol\\\/#primaryimage\",\"url\":\"https:\\\/\\\/www.pilgrim.es\\\/wp-content\\\/uploads\\\/2019\\\/02\\\/ferrol1-mrs54dpelib3cbf7c633hbdf84g4v1zhgosh3t9yy4.jpg\",\"contentUrl\":\"https:\\\/\\\/www.pilgrim.es\\\/wp-content\\\/uploads\\\/2019\\\/02\\\/ferrol1-mrs54dpelib3cbf7c633hbdf84g4v1zhgosh3t9yy4.jpg\",\"width\":770,\"height\":350,\"caption\":\"Ferrol\"},{\"@type\":\"BreadcrumbList\",\"@id\":\"https:\\\/\\\/www.pilgrim.es\\\/it\\\/cammino-inglese\\\/ferrol\\\/#breadcrumb\",\"itemListElement\":[{\"@type\":\"ListItem\",\"position\":1,\"name\":\"Camino de Santiago\",\"item\":\"https:\\\/\\\/www.pilgrim.es\\\/it\\\/\"},{\"@type\":\"ListItem\",\"position\":2,\"name\":\"Cammino Inglese\",\"item\":\"https:\\\/\\\/www.pilgrim.es\\\/it\\\/cammino-inglese\\\/\"},{\"@type\":\"ListItem\",\"position\":3,\"name\":\"Ferrol\"}]},{\"@type\":\"WebSite\",\"@id\":\"https:\\\/\\\/www.pilgrim.es\\\/it\\\/#website\",\"url\":\"https:\\\/\\\/www.pilgrim.es\\\/it\\\/\",\"name\":\"Pilgrim\",\"description\":\"Camino de Santiago | Caminamos Contigo\",\"publisher\":{\"@id\":\"https:\\\/\\\/www.pilgrim.es\\\/it\\\/#organization\"},\"potentialAction\":[{\"@type\":\"SearchAction\",\"target\":{\"@type\":\"EntryPoint\",\"urlTemplate\":\"https:\\\/\\\/www.pilgrim.es\\\/it\\\/?s={search_term_string}\"},\"query-input\":{\"@type\":\"PropertyValueSpecification\",\"valueRequired\":true,\"valueName\":\"search_term_string\"}}],\"inLanguage\":\"it-IT\"},{\"@type\":\"Organization\",\"@id\":\"https:\\\/\\\/www.pilgrim.es\\\/it\\\/#organization\",\"name\":\"Pilgrim Camino de Santiago\",\"url\":\"https:\\\/\\\/www.pilgrim.es\\\/it\\\/\",\"logo\":{\"@type\":\"ImageObject\",\"inLanguage\":\"it-IT\",\"@id\":\"https:\\\/\\\/www.pilgrim.es\\\/it\\\/#\\\/schema\\\/logo\\\/image\\\/\",\"url\":\"https:\\\/\\\/www.pilgrim.es\\\/wp-content\\\/uploads\\\/2019\\\/04\\\/logo_pilgrim.png\",\"contentUrl\":\"https:\\\/\\\/www.pilgrim.es\\\/wp-content\\\/uploads\\\/2019\\\/04\\\/logo_pilgrim.png\",\"width\":512,\"height\":512,\"caption\":\"Pilgrim Camino de Santiago\"},\"image\":{\"@id\":\"https:\\\/\\\/www.pilgrim.es\\\/it\\\/#\\\/schema\\\/logo\\\/image\\\/\"},\"sameAs\":[\"https:\\\/\\\/www.facebook.com\\\/pilgrim.es\\\/\",\"https:\\\/\\\/x.com\\\/pilgrim_es\",\"https:\\\/\\\/www.instagram.com\\\/pilgrim.es\\\/\",\"https:\\\/\\\/www.linkedin.com\\\/company\\\/pilgrim-camino-de-santiago\\\/\",\"https:\\\/\\\/www.pinterest.es\\\/pilgrimcaminodesantiago\\\/\",\"https:\\\/\\\/www.youtube.com\\\/channel\\\/UCIv2ZzFLXVqthkNF32rKedw\\\/featured\"]}]}<\/script>\n<!-- \/ Yoast SEO plugin. -->","yoast_head_json":{"title":"Ferrol: Cosa vedere e dove dormire | Cammino di Santiago | Pilgrim","description":"Ferrol Scopri tutte le informazioni su dove alloggiare, come arrivare, cosa mangiare e sui principali punti di interesse delle localit\u00e0 lungo il Cammino Inglese.","robots":{"index":"index","follow":"follow","max-snippet":"max-snippet:-1","max-image-preview":"max-image-preview:large","max-video-preview":"max-video-preview:-1"},"canonical":"https:\/\/www.pilgrim.es\/it\/cammino-inglese\/ferrol\/","og_locale":"it_IT","og_type":"article","og_title":"Ferrol: Cosa vedere e dove dormire | Cammino di Santiago | Pilgrim","og_description":"Ferrol Scopri tutte le informazioni su dove alloggiare, come arrivare, cosa mangiare e sui principali punti di interesse delle localit\u00e0 lungo il Cammino Inglese.","og_url":"https:\/\/www.pilgrim.es\/it\/cammino-inglese\/ferrol\/","og_site_name":"Pilgrim","article_publisher":"https:\/\/www.facebook.com\/pilgrim.es\/","og_image":[{"width":770,"height":350,"url":"https:\/\/www.pilgrim.es\/wp-content\/uploads\/2019\/02\/ferrol1-mrs54dpelib3cbf7c633hbdf84g4v1zhgosh3t9yy4.jpg","type":"image\/jpeg"}],"twitter_card":"summary_large_image","twitter_site":"@pilgrim_es","twitter_misc":{"Tempo di lettura stimato":"14 minuti"},"schema":{"@context":"https:\/\/schema.org","@graph":[{"@type":"WebPage","@id":"https:\/\/www.pilgrim.es\/it\/cammino-inglese\/ferrol\/","url":"https:\/\/www.pilgrim.es\/it\/cammino-inglese\/ferrol\/","name":"Ferrol: Cosa vedere e dove dormire | Cammino di Santiago | Pilgrim","isPartOf":{"@id":"https:\/\/www.pilgrim.es\/it\/#website"},"primaryImageOfPage":{"@id":"https:\/\/www.pilgrim.es\/it\/cammino-inglese\/ferrol\/#primaryimage"},"image":{"@id":"https:\/\/www.pilgrim.es\/it\/cammino-inglese\/ferrol\/#primaryimage"},"thumbnailUrl":"https:\/\/www.pilgrim.es\/wp-content\/uploads\/2019\/02\/ferrol1-mrs54dpelib3cbf7c633hbdf84g4v1zhgosh3t9yy4.jpg","datePublished":"2025-03-17T15:08:56+00:00","description":"Ferrol Scopri tutte le informazioni su dove alloggiare, come arrivare, cosa mangiare e sui principali punti di interesse delle localit\u00e0 lungo il Cammino Inglese.","breadcrumb":{"@id":"https:\/\/www.pilgrim.es\/it\/cammino-inglese\/ferrol\/#breadcrumb"},"inLanguage":"it-IT","potentialAction":[{"@type":"ReadAction","target":["https:\/\/www.pilgrim.es\/it\/cammino-inglese\/ferrol\/"]}]},{"@type":"ImageObject","inLanguage":"it-IT","@id":"https:\/\/www.pilgrim.es\/it\/cammino-inglese\/ferrol\/#primaryimage","url":"https:\/\/www.pilgrim.es\/wp-content\/uploads\/2019\/02\/ferrol1-mrs54dpelib3cbf7c633hbdf84g4v1zhgosh3t9yy4.jpg","contentUrl":"https:\/\/www.pilgrim.es\/wp-content\/uploads\/2019\/02\/ferrol1-mrs54dpelib3cbf7c633hbdf84g4v1zhgosh3t9yy4.jpg","width":770,"height":350,"caption":"Ferrol"},{"@type":"BreadcrumbList","@id":"https:\/\/www.pilgrim.es\/it\/cammino-inglese\/ferrol\/#breadcrumb","itemListElement":[{"@type":"ListItem","position":1,"name":"Camino de Santiago","item":"https:\/\/www.pilgrim.es\/it\/"},{"@type":"ListItem","position":2,"name":"Cammino Inglese","item":"https:\/\/www.pilgrim.es\/it\/cammino-inglese\/"},{"@type":"ListItem","position":3,"name":"Ferrol"}]},{"@type":"WebSite","@id":"https:\/\/www.pilgrim.es\/it\/#website","url":"https:\/\/www.pilgrim.es\/it\/","name":"Pilgrim","description":"Camino de Santiago | Caminamos Contigo","publisher":{"@id":"https:\/\/www.pilgrim.es\/it\/#organization"},"potentialAction":[{"@type":"SearchAction","target":{"@type":"EntryPoint","urlTemplate":"https:\/\/www.pilgrim.es\/it\/?s={search_term_string}"},"query-input":{"@type":"PropertyValueSpecification","valueRequired":true,"valueName":"search_term_string"}}],"inLanguage":"it-IT"},{"@type":"Organization","@id":"https:\/\/www.pilgrim.es\/it\/#organization","name":"Pilgrim Camino de Santiago","url":"https:\/\/www.pilgrim.es\/it\/","logo":{"@type":"ImageObject","inLanguage":"it-IT","@id":"https:\/\/www.pilgrim.es\/it\/#\/schema\/logo\/image\/","url":"https:\/\/www.pilgrim.es\/wp-content\/uploads\/2019\/04\/logo_pilgrim.png","contentUrl":"https:\/\/www.pilgrim.es\/wp-content\/uploads\/2019\/04\/logo_pilgrim.png","width":512,"height":512,"caption":"Pilgrim Camino de Santiago"},"image":{"@id":"https:\/\/www.pilgrim.es\/it\/#\/schema\/logo\/image\/"},"sameAs":["https:\/\/www.facebook.com\/pilgrim.es\/","https:\/\/x.com\/pilgrim_es","https:\/\/www.instagram.com\/pilgrim.es\/","https:\/\/www.linkedin.com\/company\/pilgrim-camino-de-santiago\/","https:\/\/www.pinterest.es\/pilgrimcaminodesantiago\/","https:\/\/www.youtube.com\/channel\/UCIv2ZzFLXVqthkNF32rKedw\/featured"]}]}},"_links":{"self":[{"href":"https:\/\/www.pilgrim.es\/it\/wp-json\/wp\/v2\/pages\/91355","targetHints":{"allow":["GET"]}}],"collection":[{"href":"https:\/\/www.pilgrim.es\/it\/wp-json\/wp\/v2\/pages"}],"about":[{"href":"https:\/\/www.pilgrim.es\/it\/wp-json\/wp\/v2\/types\/page"}],"replies":[{"embeddable":true,"href":"https:\/\/www.pilgrim.es\/it\/wp-json\/wp\/v2\/comments?post=91355"}],"version-history":[{"count":0,"href":"https:\/\/www.pilgrim.es\/it\/wp-json\/wp\/v2\/pages\/91355\/revisions"}],"up":[{"embeddable":true,"href":"https:\/\/www.pilgrim.es\/it\/wp-json\/wp\/v2\/pages\/10850"}],"wp:featuredmedia":[{"embeddable":true,"href":"https:\/\/www.pilgrim.es\/it\/wp-json\/wp\/v2\/media\/4475"}],"wp:attachment":[{"href":"https:\/\/www.pilgrim.es\/it\/wp-json\/wp\/v2\/media?parent=91355"}],"wp:term":[{"taxonomy":"category","embeddable":true,"href":"https:\/\/www.pilgrim.es\/it\/wp-json\/wp\/v2\/categories?post=91355"},{"taxonomy":"post_tag","embeddable":true,"href":"https:\/\/www.pilgrim.es\/it\/wp-json\/wp\/v2\/tags?post=91355"}],"curies":[{"name":"wp","href":"https:\/\/api.w.org\/{rel}","templated":true}]}}