{"id":91318,"date":"2025-03-17T15:01:06","date_gmt":"2025-03-17T15:01:06","guid":{"rendered":"https:\/\/www.pilgrim.es\/cammino-nord\/ribadeo\/"},"modified":"2025-03-17T15:01:06","modified_gmt":"2025-03-17T15:01:06","slug":"ribadeo","status":"publish","type":"page","link":"https:\/\/www.pilgrim.es\/it\/cammino-nord\/ribadeo\/","title":{"rendered":"Ribadeo"},"content":{"rendered":" <section id=\"hero\">\n\t<h1>Ribadeo<\/h1>\n\t<div class=\"hero-grid\">\n\t\t<div class=\"hero-grid__town-col\" data-background=\"https:\/\/cdn.pilgrim.es\/web\/caminos\/camino-norte\/pueblos\/ribadeo.jpg\">\n\t\t\t<div>\n\t\t\t\t<a class=\"link-to-stage\" href=\"https:\/\/www.pilgrim.es\/camino-norte\/etapa-27-la-caridad-ribadeo\/\">\n\t\t\t\t\t<p>&#8249; Ritorno al palcoscenico<\/p>\n\t\t\t\t<\/a>\n\n\t\t\t\t<div class=\"town-data\">\n\t\t\t\t\t<h2>Ribadeo<\/h2>\n\t\t\t\t\t<ul>\n\t\t\t\t\t\t<li>Abitanti: 9.929 aprox.<\/li>\n\t\t\t\t\t\t<li>Provincia: Lugo<\/li>\n\t\t\t\t\t<\/ul>\n\t\t\t\t<\/div>\n\t\t\t<\/div>\n\t\t<\/div>\n\t\t<div class=\"hero-grid__planner-col\"><div\r\n  class=\"p-col-span-1 p-rounded-lg p-px-5 p-h-full\"\r\n  style=\"background-image: url('https:\/\/cdn.pilgrim.es\/web\/pilgrim-planner\/bg-plugin-planificador.webp')\"\r\n  rel=\"preload\"\r\n  fetchpriority=\"high\"\r\n  >\r\n    <div class=\"p-text-center p-pt-5 p-text-white p-text-2xl p-font-semibold\">\r\n      Pianifica il tuo cammino    <\/div>\r\n    <div\r\n            id='primary-app'\r\n            data-name='banner'\r\n            data-api='https:\/\/pathfinder.pilgrim.es\/api\/pathfinder\/v2'\r\n            data-mode='normal'\r\n            data-lang='it'\r\n            data-route='1'\r\n            data-destiny='https:\/\/planificador.pilgrim.es'\r\n            data-modality='1'\r\n            data-inline=''\r\n        ><\/div><\/div><\/div>\n\t<\/div>\n<\/section>\n\n<section id=\"infoTown\">\n\t<div class=\"sections-town\">\n\n\t\t<div id=\"informationSection\">\n\t\t\t<div>\n\t\t\t\t<h2 class=\"p-h2-town\">Informazioni<\/h2>\n\t\t\t\t<hr>\n\t\t\t\t<h3 class=\"p-h3-town\">Get to know Ribadeo<\/h3>\n\t\t\t<\/div>\n\t\t\t<p>Il comune di Ribadeo \u00e8 il confine naturale con la vicina comunit\u00e0 autonoma, le Asturie, questo punto \u00e8 una grande attrazione turistica grazie all&#8217;Alaya naturale che presenta questa citt\u00e0.<\/p> <p>\u00c8 sempre stato un punto strategico sia per il lavoro commerciale nel porto che per lo sbarco dei pellegrini, anche se \u00e8 anche possibile raggiungere il comune senza essere via mare, attualmente c&#8217;\u00e8 un ponte sopraelevato che permette ai pellegrini di camminare e godere anche della vista.<\/p> &lt;p\n\t\t<\/div>\n\n\t\t<div id=\"locationSection\">\n\t\t\t<div>\n\t\t\t\t<h2 class=\"p-h2-town\">Posizione<\/h2>\n\t\t\t\t<hr>\n\t\t\t\t<h3 class=\"p-h3-town\">Come arrivare<\/h3>\n\t\t\t<\/div>\n\t\t\t<p>La citt\u00e0 di Ribadeo \u00e8 molto ben collegata con la penisola tramite i trasporti pubblici; la sua stazione degli autobus, grazie alle compagnie Arriva e Alsa, collega questa piccola citt\u00e0 con quasi tutta la Spagna. Va notato che le linee pi\u00f9 frequenti operano in Galizia, sulla costa cantabrica e a Madrid.\n\n<p>Non avendo una stazione ferroviaria, se c&#8217;\u00e8 una linea ferroviaria che ferma a Ribadeo \u00e8 la linea Ferrol-Gijon, grazie alla quale la citt\u00e0 \u00e8 collegata a tutta la costa di Lugo, alle Asturie e ai Paesi Baschi.<\/p> &lt;p\n\n<p>La possibilit\u00e0 di raggiungere Ribadeo in auto \u00e8 possibile anche grazie all&#8217;autostrada A-8 che collega la costa di Lugo con tutta la costa cantabrica; inoltre, passando per Ribadeo, la A-8 ha una deviazione per collegarsi con la A-6, la strada che collega A Coru\u00f1a con Madrid. Anche strade nazionali come la N-642 e la N-640 conducono alla citt\u00e0, rendendola facilmente raggiungibile da molti punti.\n\t\t\t<div>\n\t\t\t\t<div>\n  <iframe loading=\"lazy\"\n    src=\"https:\/\/www.google.com\/maps\/d\/embed?mid=1GZggAaZpAyn1hz8H0RGxnihVGrDlNAU&amp;ehbc=2E312F\"\n    width=\"640\"\n    height=\"480\"\n    alt=\"Mapa Ribadeo\"\n  ><\/iframe>\n<\/div>\n\n\t\t\t<\/div>\n\t\t<\/div>\n\n\t\t\n\t\t\t<div id=\"toVisitSection\">\n\t\t\t\t<div>\n\t\t\t\t\t<h2 class=\"p-h2-town\">Storia \/ Cultura<\/h2>\n\t\t\t\t\t<hr>\n\t\t\t\t\t<h3 class=\"p-h3-town\">Cosa vedere<\/h3>\n\t\t\t\t<\/div>\n\t\t\t\t<div>\n\t\t\t\t\t<div class=\"accordion\">\n\t\t\t\t\t\t<div class=\"accordion__menu\">\n\t\t\t\t\t\t\t<nav>\n\t\t\t\t\t\t\t\t\n\t\t\t\t\t\t\t\t\t<button class=\"nav-tab-accordion active\"><span>&#10093;<\/span><span> Capilla de la Virgen del Camino<\/span><\/button>\n\t\t\t\t\t\t\t\t\n\t\t\t\t\t\t\t\t\t<button class=\"nav-tab-accordion \"><span>&#10093;<\/span><span> Capilla de San Francisco<\/span><\/button>\n\t\t\t\t\t\t\t\t\n\t\t\t\t\t\t\t\t\t<button class=\"nav-tab-accordion \"><span>&#10093;<\/span><span> Capilla de San Roque<\/span><\/button>\n\t\t\t\t\t\t\t\t\n\t\t\t\t\t\t\t\t\t<button class=\"nav-tab-accordion \"><span>&#10093;<\/span><span> Casa Acevedo<\/span><\/button>\n\t\t\t\t\t\t\t\t\n\t\t\t\t\t\t\t\t\t<button class=\"nav-tab-accordion \"><span>&#10093;<\/span><span> Casa de Sela y Jard\u00edn de los Indianos<\/span><\/button>\n\t\t\t\t\t\t\t\t\n\t\t\t\t\t\t\t\t\t<button class=\"nav-tab-accordion \"><span>&#10093;<\/span><span> Casas Indianas<\/span><\/button>\n\t\t\t\t\t\t\t\t\n\t\t\t\t\t\t\t\t\t<button class=\"nav-tab-accordion \"><span>&#10093;<\/span><span> Casco histo\u0301rico<\/span><\/button>\n\t\t\t\t\t\t\t\t\n\t\t\t\t\t\t\t\t\t<button class=\"nav-tab-accordion \"><span>&#10093;<\/span><span> Convento de Santa Clara<\/span><\/button>\n\t\t\t\t\t\t\t\t\n\t\t\t\t\t\t\t\t\t<button class=\"nav-tab-accordion \"><span>&#10093;<\/span><span> Cuartel viejo<\/span><\/button>\n\t\t\t\t\t\t\t\t\n\t\t\t\t\t\t\t\t\t<button class=\"nav-tab-accordion \"><span>&#10093;<\/span><span> Puente de los Santos<\/span><\/button>\n\t\t\t\t\t\t\t\t\n\t\t\t\t\t\t\t\t\t<button class=\"nav-tab-accordion \"><span>&#10093;<\/span><span> Puerto de Porcilla\u0301n<\/span><\/button>\n\t\t\t\t\t\t\t\t\n\t\t\t\t\t\t\t\t\t<button class=\"nav-tab-accordion \"><span>&#10093;<\/span><span> Fuerte de San Damia\u0301n<\/span><\/button>\n\t\t\t\t\t\t\t\t\n\t\t\t\t\t\t\t\t\t<button class=\"nav-tab-accordion \"><span>&#10093;<\/span><span> Granja escuela Pedro Murias<\/span><\/button>\n\t\t\t\t\t\t\t\t\n\t\t\t\t\t\t\t\t\t<button class=\"nav-tab-accordion \"><span>&#10093;<\/span><span> Las Fuentes<\/span><\/button>\n\t\t\t\t\t\t\t\t\n\t\t\t\t\t\t\t\t\t<button class=\"nav-tab-accordion \"><span>&#10093;<\/span><span> Molino de As Acen\u0303as<\/span><\/button>\n\t\t\t\t\t\t\t\t\n\t\t\t\t\t\t\t\t\t<button class=\"nav-tab-accordion \"><span>&#10093;<\/span><span> Parque de O Cargadoiro<\/span><\/button>\n\t\t\t\t\t\t\t\t\n\t\t\t\t\t\t\t\t\t<button class=\"nav-tab-accordion \"><span>&#10093;<\/span><span> Pazo de Cedofeita<\/span><\/button>\n\t\t\t\t\t\t\t\t\n\t\t\t\t\t\t\t\t\t<button class=\"nav-tab-accordion \"><span>&#10093;<\/span><span> Playa de las Catedrales<\/span><\/button>\n\t\t\t\t\t\t\t\t\n\t\t\t\t\t\t\t\t\t<button class=\"nav-tab-accordion \"><span>&#10093;<\/span><span> Plaza de Abastos<\/span><\/button>\n\t\t\t\t\t\t\t\t\n\t\t\t\t\t\t\t\t\t<button class=\"nav-tab-accordion \"><span>&#10093;<\/span><span> Puerto de Rinlo<\/span><\/button>\n\t\t\t\t\t\t\t\t\n\t\t\t\t\t\t\t\t\t<button class=\"nav-tab-accordion \"><span>&#10093;<\/span><span> Ri\u0301a de Ribadeo<\/span><\/button>\n\t\t\t\t\t\t\t\t\n\t\t\t\t\t\t\t\t\t<button class=\"nav-tab-accordion \"><span>&#10093;<\/span><span> Deposito paelolitico de Louseda<\/span><\/button>\n\t\t\t\t\t\t\t\t\n\t\t\t\t\t\t\t\t\t<button class=\"nav-tab-accordion \"><span>&#10093;<\/span><span> Casa del o\u0301ptico<\/span><\/button>\n\t\t\t\t\t\t\t\t\n\t\t\t\t\t\t\t\t\t<button class=\"nav-tab-accordion \"><span>&#10093;<\/span><span> Santuario de Nuestra Sen\u0303ora de las Virtudes<\/span><\/button>\n\t\t\t\t\t\t\t\t\n\t\t\t\t\t\t\t\t\t<button class=\"nav-tab-accordion \"><span>&#10093;<\/span><span> Torre de los Moreno<\/span><\/button>\n\t\t\t\t\t\t\t\t\n\t\t\t\t\t\t\t\t\t<button class=\"nav-tab-accordion \"><span>&#10093;<\/span><span> Iglesia de Santa Mari\u0301a del Campo<\/span><\/button>\n\t\t\t\t\t\t\t\t\n\t\t\t\t\t\t\t\t\t<button class=\"nav-tab-accordion \"><span>&#10093;<\/span><span> Plaza de Espan\u0303a<\/span><\/button>\n\t\t\t\t\t\t\t\t\n\t\t\t\t\t\t\t\t\t<button class=\"nav-tab-accordion \"><span>&#10093;<\/span><span> Zona especial de proteccio\u0301n de aves<\/span><\/button>\n\t\t\t\t\t\t\t\t\n\t\t\t\t\t\t\t\t\t<button class=\"nav-tab-accordion \"><span>&#10093;<\/span><span> Ascensor Panora\u0301mico<\/span><\/button>\n\t\t\t\t\t\t\t\t\n\t\t\t\t\t\t\t\t\t<button class=\"nav-tab-accordion \"><span>&#10093;<\/span><span> Capilla de la Trinidad<\/span><\/button>\n\t\t\t\t\t\t\t\t\n\t\t\t\t\t\t\t<\/nav>\n\t\t\t\t\t\t<\/div>\n\n\t\t\t\t\t\t\n\t\t\t\t\t\t\t<div class=\"accordion__accordion-content \">\n\t\t\t\t\t\t\t\t<div>\n\t\t\t\t\t\t\t\t\t<div>\n\t\t\t\t\t\t\t\t\t\t<h4>Capilla de la Virgen del Camino<\/h4>\n\t\t\t\t\t\t\t\t\t\t<p>La cappella della Trinidad o Atalaya si trova su un tumulo che domina l&#8217;ingresso dell&#8217;estuario ed \u00e8 una delle chiese pi\u00f9 antiche di Ribadeo. \u00c8 una delle chiese pi\u00f9 antiche di Ribadeo, dove si riunivano le corporazioni e si tenevano i consigli aperti.\n\n<p>Nel corso degli anni ha subito diverse modifiche, ma ha conservato, ad esempio, il portone gotico del XIV secolo, con uno stemma in pietra di Ribadeo e un campanile a vela. Ha una navata centrale, un arco trionfale e un presbiterio, oltre a tre pale d&#8217;altare all&#8217;interno, tra cui una pala barocca e un bacino d&#8217;acqua montato.\n\n<p>Nei suoi dintorni si trova il noto belvedere Mirador de la Atalaya, a cui si accede grazie all&#8217;ascensore panoramico caratteristico della citt\u00e0. Questo belvedere, oltre a offrire una vista impressionante dell&#8217;estuario e dei suoi dintorni, \u00e8 caratterizzato da diversi cannoni difensivi che ricordano come questa zona fosse una delle pi\u00f9 strategiche per la protezione della citt\u00e0 di Ribadeo. <\/p>\n\t\t\t\t\t\t\t\t\t<\/div>\n\t\t\t\t\t\t\t\t\t<img decoding=\"async\" src=\"https:\/\/cdn.pilgrim.es\/web\/caminos\/camino-norte\/pueblos\/ribadeo\/puntos-de-interes\/capilla-de-la-virgen-del-camino.jpg\" alt=\"Capilla de la Virgen del Camino\">\n\t\t\t\t\t\t\t\t<\/div>\n\t\t\t\t\t\t\t<\/div>\n\t\t\t\t\t\t\n\t\t\t\t\t\t\t<div class=\"accordion__accordion-content inactive\">\n\t\t\t\t\t\t\t\t<div>\n\t\t\t\t\t\t\t\t\t<div>\n\t\t\t\t\t\t\t\t\t\t<h4>Capilla de San Francisco<\/h4>\n\t\t\t\t\t\t\t\t\t\t<p>La Cappella di San Francesco si trova nel cuore delle strade di Ribadeo, annessa a un edificio residenziale noto come Casa Bustelo. <\/p>\n\n<p> \u00c8 stata costruita nel 1870 ed \u00e8 interamente realizzata in muratura di pietra. La sua facciata si distingue per le piccole aperture che formano un insieme di sei finestre e un&#8217;apertura pi\u00f9 grande che costituisce la porta d&#8217;ingresso, tutte sormontate da archi semicircolari. Vale la pena ricordare che in cima alla facciata si trova un piccolo campanile che ospita una campana.\n\n<p>L&#8217;altare maggiore si distingue dall&#8217;interno, che risale all&#8217;inizio del XVIII secolo, essendo stato costruito anni prima della cappella in cui si trova.<\/p> <p>L&#8217;altare maggiore risale all&#8217;inizio del XVIII secolo, essendo stato costruito anni prima della cappella in cui si trova.\n\t\t\t\t\t\t\t\t\t<\/div>\n\t\t\t\t\t\t\t\t\t<img decoding=\"async\" src=\"https:\/\/cdn.pilgrim.es\/web\/caminos\/camino-norte\/pueblos\/ribadeo\/puntos-de-interes\/capilla-de-san-francisco.jpg\" alt=\"Capilla de San Francisco\">\n\t\t\t\t\t\t\t\t<\/div>\n\t\t\t\t\t\t\t<\/div>\n\t\t\t\t\t\t\n\t\t\t\t\t\t\t<div class=\"accordion__accordion-content inactive\">\n\t\t\t\t\t\t\t\t<div>\n\t\t\t\t\t\t\t\t\t<div>\n\t\t\t\t\t\t\t\t\t\t<h4>Capilla de San Roque<\/h4>\n\t\t\t\t\t\t\t\t\t\t<p>La cappella di San Roque \u00e8 un tempio del XVI secolo dedicato a San Roque, che sub\u00ec numerosi ampliamenti, il pi\u00f9 importante dei quali nel XVIII secolo, quando fu costruita la sua grande pala d&#8217;altare, presieduta dal Santo accompagnato da San Sebasti\u00e1n, San Domingo e Santo Tom\u00e1s de Aquino, tra gli altri.<\/p> <p>La cappella di San Roque fu costruita nel XVI secolo e dedicata a San Roque, che sub\u00ec numerosi ampliamenti, il pi\u00f9 importante dei quali nel XVIII secolo, quando fu costruita la sua grande pala d&#8217;altare.\n\t\t\t\t\t\t\t\t\t<\/div>\n\t\t\t\t\t\t\t\t\t<img decoding=\"async\" src=\"https:\/\/cdn.pilgrim.es\/web\/caminos\/camino-norte\/pueblos\/ribadeo\/puntos-de-interes\/capilla-de-san-roque.jpg\" alt=\"Capilla de San Roque\">\n\t\t\t\t\t\t\t\t<\/div>\n\t\t\t\t\t\t\t<\/div>\n\t\t\t\t\t\t\n\t\t\t\t\t\t\t<div class=\"accordion__accordion-content inactive\">\n\t\t\t\t\t\t\t\t<div>\n\t\t\t\t\t\t\t\t\t<div>\n\t\t\t\t\t\t\t\t\t\t<h4>Casa Acevedo<\/h4>\n\t\t\t\t\t\t\t\t\t\t<p>La casa Acevedo \u00e8 l&#8217;unione di due case risalenti agli inizi del XX secolo. L&#8217;edificio principale \u00e8 composto da due blocchi, uno dei quali ha un piano terra e un piano terra, mentre l&#8217;altro ha un piano aggiuntivo. Spicca la facciata, che, rivestita di cemento, d\u00e0 l&#8217;impressione di essere in pietra.\n\t\t\t\t\t\t\t\t\t<\/div>\n\t\t\t\t\t\t\t\t\t<img decoding=\"async\" src=\"https:\/\/cdn.pilgrim.es\/web\/caminos\/camino-norte\/pueblos\/ribadeo\/puntos-de-interes\/casa-acevedo.jpg\" alt=\"Casa Acevedo\">\n\t\t\t\t\t\t\t\t<\/div>\n\t\t\t\t\t\t\t<\/div>\n\t\t\t\t\t\t\n\t\t\t\t\t\t\t<div class=\"accordion__accordion-content inactive\">\n\t\t\t\t\t\t\t\t<div>\n\t\t\t\t\t\t\t\t\t<div>\n\t\t\t\t\t\t\t\t\t\t<h4>Casa de Sela y Jard\u00edn de los Indianos<\/h4>\n\t\t\t\t\t\t\t\t\t\t<p>La casa di Sela \u00e8 considerata uno degli edifici indiani pi\u00f9 antichi di Ribadeo, risalente alla seconda met\u00e0 del XIX secolo. Si distingue per l&#8217;ampio volume, la mancanza di decorazioni e la costruzione in pietra e granito del XVIII e XIX secolo.\n\n<p>Il Giardino o Parco Indianos \u00e8 stato creato per onorare la memoria degli emigranti di Ribadeo e presenta arbusti tipici della Galizia e dell&#8217;America: araucarie, magnolie e piante da fiore.<\/p> <p>Il Giardino o Parco Indianos \u00e8 stato creato per onorare la memoria degli emigranti di Ribadeo e presenta arbusti tipici della Galizia e dell&#8217;America: araucarie, magnolie e piante da fiore.\n\t\t\t\t\t\t\t\t\t<\/div>\n\t\t\t\t\t\t\t\t\t<img decoding=\"async\" src=\"https:\/\/cdn.pilgrim.es\/web\/caminos\/camino-norte\/pueblos\/ribadeo\/puntos-de-interes\/casa-de-sela-y-jardin-de-los-indianos.jpg\" alt=\"Casa de Sela y Jard\u00edn de los Indianos\">\n\t\t\t\t\t\t\t\t<\/div>\n\t\t\t\t\t\t\t<\/div>\n\t\t\t\t\t\t\n\t\t\t\t\t\t\t<div class=\"accordion__accordion-content inactive\">\n\t\t\t\t\t\t\t\t<div>\n\t\t\t\t\t\t\t\t\t<div>\n\t\t\t\t\t\t\t\t\t\t<h4>Casas Indianas<\/h4>\n\t\t\t\t\t\t\t\t\t\t<p>Molti degli abitanti di Ribadeo emigrati in America non tornarono in patria. Tuttavia, molti altri tornarono, dopo aver avuto successo con le loro attivit\u00e0 dall&#8217;altra parte dell&#8217;Atlantico e, per dimostrare agli altri abitanti di Ribadeo che avevano raggiunto una grande fortuna e avevano avuto successo in America, erano soliti comprare orologi d&#8217;oro o le auto pi\u00f9 lussuose. Tuttavia, un altro modo per dimostrare la propria ricchezza era quello di costruire una casa grandiosa. Anche altri emigranti dimostrarono grande gentilezza e generosit\u00e0 verso la citt\u00e0, fornendo una serie di strutture che migliorarono la vita dei Ribadensi.\n\n<p>Cos\u00ec, come segno della fortuna ottenuta dagli emigranti di Ribad\u00f3, la citt\u00e0 ha una grande eredit\u00e0 indiana di pi\u00f9 di 27 case, scuole, un cimitero, ecc.<\/p> <p>.\n\t\t\t\t\t\t\t\t\t<\/div>\n\t\t\t\t\t\t\t\t\t<img decoding=\"async\" src=\"https:\/\/cdn.pilgrim.es\/web\/caminos\/camino-norte\/pueblos\/ribadeo\/puntos-de-interes\/casas-indianas.jpg\" alt=\"Casas Indianas\">\n\t\t\t\t\t\t\t\t<\/div>\n\t\t\t\t\t\t\t<\/div>\n\t\t\t\t\t\t\n\t\t\t\t\t\t\t<div class=\"accordion__accordion-content inactive\">\n\t\t\t\t\t\t\t\t<div>\n\t\t\t\t\t\t\t\t\t<div>\n\t\t\t\t\t\t\t\t\t\t<h4>Casco histo\u0301rico<\/h4>\n\t\t\t\t\t\t\t\t\t\t<p>Il quartiere storico di Ribadeo \u00e8 stato nominato Bene di Interesse Culturale nel 2004. Tra i suoi edifici e spazi pi\u00f9 singolari, spiccano la settecentesca Aduana Vieja e il Castello di San Dami\u00e1n, il novecentesco O Cargadoiro e la Plaza del Campo, attorno alla quale si ergono il neoclassico Pazo de Ib\u00e1\u00f1ez, la Torre de los Morenos, il Convento di Santa Clara e la Chiesa parrocchiale di Santa Mar\u00eda del Campo.\n\n<\/p> <p>Si pu\u00f2 godere del centro storico attraverso percorsi come l&#8217;Itinerario Urbano degli Indianos o apprezzare le diverse attivit\u00e0 commerciali della citt\u00e0 e la gastronomia attraverso tapas o piatti tipici.\n\t\t\t\t\t\t\t\t\t<\/div>\n\t\t\t\t\t\t\t\t\t<img decoding=\"async\" src=\"https:\/\/cdn.pilgrim.es\/web\/caminos\/camino-norte\/pueblos\/ribadeo\/puntos-de-interes\/casco-historico.jpg\" alt=\"Casco histo\u0301rico\">\n\t\t\t\t\t\t\t\t<\/div>\n\t\t\t\t\t\t\t<\/div>\n\t\t\t\t\t\t\n\t\t\t\t\t\t\t<div class=\"accordion__accordion-content inactive\">\n\t\t\t\t\t\t\t\t<div>\n\t\t\t\t\t\t\t\t\t<div>\n\t\t\t\t\t\t\t\t\t\t<h4>Convento de Santa Clara<\/h4>\n\t\t\t\t\t\t\t\t\t\t<p>Si tratta di un complesso architettonico la cui prima funzione fu quella di beaterio, fondato nel XIII secolo. Nel XVI secolo fu completamente distrutto da un incendio, ma \u00e8 nella seconda met\u00e0 del Cinquecento che fu costruita una piccola cappella.\n\n<p>All&#8217;inizio del XIX secolo, a causa della guerra d&#8217;indipendenza e dell&#8217;occupazione da parte delle truppe napoleoniche, fu gravemente danneggiato e pochi anni dopo divenne un ospedale militare e successivamente un ostello per malati. <\/p>\n\n<p>Oggi il convento \u00e8 costituito da una chiesa a navata unica con un arco di trionfo che si collega al presbiterio. Il chiostro centrale, risalente al XVIII secolo, forma un quadrato con archi semicircolari e una torre quadrata con un campanile in cima.<\/p> <p>L&#8217;edificio principale del convento ha una pianta quadrata che termina con un campanile.\n\t\t\t\t\t\t\t\t\t<\/div>\n\t\t\t\t\t\t\t\t\t<img decoding=\"async\" src=\"https:\/\/cdn.pilgrim.es\/web\/caminos\/camino-norte\/pueblos\/ribadeo\/puntos-de-interes\/convento-de-santa-clara.jpg\" alt=\"Convento de Santa Clara\">\n\t\t\t\t\t\t\t\t<\/div>\n\t\t\t\t\t\t\t<\/div>\n\t\t\t\t\t\t\n\t\t\t\t\t\t\t<div class=\"accordion__accordion-content inactive\">\n\t\t\t\t\t\t\t\t<div>\n\t\t\t\t\t\t\t\t\t<div>\n\t\t\t\t\t\t\t\t\t\t<h4>Cuartel viejo<\/h4>\n\t\t\t\t\t\t\t\t\t\t<p>Questo edificio fu adibito a caserma dopo essere stato un&#8217;abitazione indiana, da cui il nome attuale.<\/p> <p>Questo edificio fu adibito a caserma dopo essere stato un&#8217;abitazione indiana, da cui il nome attuale.\n\n<p>Questa casa-torre \u00e8 nota soprattutto per le sue dimensioni, con la funzionalit\u00e0 del corpo principale dell&#8217;edificio, un ottaedro a tre piani, che spicca dalla sua forma architettonica. All&#8217;esterno, sono degni di nota la balaustra che corona la facciata principale e il lato destro con l&#8217;uso di legno in rilievo. L&#8217;estetica esterna dell&#8217;edificio \u00e8 attualmente in fase di miglioramento.\n\t\t\t\t\t\t\t\t\t<\/div>\n\t\t\t\t\t\t\t\t\t<img decoding=\"async\" src=\"https:\/\/cdn.pilgrim.es\/web\/caminos\/camino-norte\/pueblos\/ribadeo\/puntos-de-interes\/cuartel-viejo.jpg\" alt=\"Cuartel viejo\">\n\t\t\t\t\t\t\t\t<\/div>\n\t\t\t\t\t\t\t<\/div>\n\t\t\t\t\t\t\n\t\t\t\t\t\t\t<div class=\"accordion__accordion-content inactive\">\n\t\t\t\t\t\t\t\t<div>\n\t\t\t\t\t\t\t\t\t<div>\n\t\t\t\t\t\t\t\t\t\t<h4>Puente de los Santos<\/h4>\n\t\t\t\t\t\t\t\t\t\t<p>Il ponte di Los Santos collega le regioni della Galizia e delle Asturie ed \u00e8 stato costruito nel 1987, ma nel 2008 \u00e8 stato ricostruito per far posto all&#8217;autostrada cantabrica.<\/p> <p>Il ponte \u00e8 stato costruito nel 1987, ma nel 2008 \u00e8 stato ricostruito per far posto all&#8217;autostrada cantabrica.\n\n<p>Ha quattro carreggiate e due marciapiedi, da cui gli escursionisti possono osservare le meravigliose viste sull&#8217;estuario.\n\t\t\t\t\t\t\t\t\t<\/div>\n\t\t\t\t\t\t\t\t\t<img decoding=\"async\" src=\"https:\/\/cdn.pilgrim.es\/web\/caminos\/camino-norte\/pueblos\/ribadeo\/puntos-de-interes\/puente-de-los-santos.jpg\" alt=\"Puente de los Santos\">\n\t\t\t\t\t\t\t\t<\/div>\n\t\t\t\t\t\t\t<\/div>\n\t\t\t\t\t\t\n\t\t\t\t\t\t\t<div class=\"accordion__accordion-content inactive\">\n\t\t\t\t\t\t\t\t<div>\n\t\t\t\t\t\t\t\t\t<div>\n\t\t\t\t\t\t\t\t\t\t<h4>Puerto de Porcilla\u0301n<\/h4>\n\t\t\t\t\t\t\t\t\t\t<p>Il porto di Porcill\u00e1n unisce la tradizione della pesca all&#8217;importanza degli sport acquatici e delle attivit\u00e0 turistiche offerte dal luogo. La primitiva banchina si \u00e8 sviluppata a partire dal XIX secolo, con l&#8217;arrivo delle imbarcazioni provenienti dalle Asturie. <\/p>\n\n<p>A Porcill\u00e1n si trova la Porta di Santo Domingo, che onora il santo che intraprese la crociata contro gli Albigesi.\n\t\t\t\t\t\t\t\t\t<\/div>\n\t\t\t\t\t\t\t\t\t<img decoding=\"async\" src=\"https:\/\/cdn.pilgrim.es\/web\/caminos\/camino-norte\/pueblos\/ribadeo\/puntos-de-interes\/puerto-de-porcillan.png\" alt=\"Puerto de Porcilla\u0301n\">\n\t\t\t\t\t\t\t\t<\/div>\n\t\t\t\t\t\t\t<\/div>\n\t\t\t\t\t\t\n\t\t\t\t\t\t\t<div class=\"accordion__accordion-content inactive\">\n\t\t\t\t\t\t\t\t<div>\n\t\t\t\t\t\t\t\t\t<div>\n\t\t\t\t\t\t\t\t\t\t<h4>Fuerte de San Damia\u0301n<\/h4>\n\t\t\t\t\t\t\t\t\t\t<p>Il Forte di San Dami\u00e1n \u00e8 il miglior esempio di architettura militare di Ribadeo. Il forte fu costruito dal marchese di Cerralbo nella prima met\u00e0 del XVII secolo e il suo scopo era quello di proteggere l&#8217;ingresso all&#8217;estuario.\n\n<p>Nei primi anni del XVIII secolo fu distrutto da un attacco inglese e ricostruito nella seconda met\u00e0 del XVIII secolo, ma ebbe la sfortuna di cadere nuovamente in rovina nel 1809. <\/p>\n\n<p>In tempi successivi pass\u00f2 nelle mani del municipio per il restauro, che ne conserv\u00f2 alcuni elementi caratteristici come il muro esterno. Oggi ospita una sala espositiva comunale.\n\t\t\t\t\t\t\t\t\t<\/div>\n\t\t\t\t\t\t\t\t\t<img decoding=\"async\" src=\"https:\/\/cdn.pilgrim.es\/web\/caminos\/camino-norte\/pueblos\/ribadeo\/puntos-de-interes\/fuerte-de-san-damian.png\" alt=\"Fuerte de San Damia\u0301n\">\n\t\t\t\t\t\t\t\t<\/div>\n\t\t\t\t\t\t\t<\/div>\n\t\t\t\t\t\t\n\t\t\t\t\t\t\t<div class=\"accordion__accordion-content inactive\">\n\t\t\t\t\t\t\t\t<div>\n\t\t\t\t\t\t\t\t\t<div>\n\t\t\t\t\t\t\t\t\t\t<h4>Granja escuela Pedro Murias<\/h4>\n\t\t\t\t\t\t\t\t\t\t<p>La fattoria-scuola Pedro Murias funziona come scuola di formazione agricola. Di grandi proporzioni, ha due piani con un attico e due ali. In questo edificio si possono osservare l&#8217;eredit\u00e0 indiana e la tipica architettura razionalista.\n\t\t\t\t\t\t\t\t\t<\/div>\n\t\t\t\t\t\t\t\t\t<img decoding=\"async\" src=\"https:\/\/cdn.pilgrim.es\/web\/caminos\/camino-norte\/pueblos\/ribadeo\/puntos-de-interes\/granja-escuela-pedro-murias.jpg\" alt=\"Granja escuela Pedro Murias\">\n\t\t\t\t\t\t\t\t<\/div>\n\t\t\t\t\t\t\t<\/div>\n\t\t\t\t\t\t\n\t\t\t\t\t\t\t<div class=\"accordion__accordion-content inactive\">\n\t\t\t\t\t\t\t\t<div>\n\t\t\t\t\t\t\t\t\t<div>\n\t\t\t\t\t\t\t\t\t\t<h4>Las Fuentes<\/h4>\n\t\t\t\t\t\t\t\t\t\t<p>Le fontane erano un tempo un luogo di convivenza e di contatto con gli altri vicini. Ribadeo conta pi\u00f9 di 124 fontane sparse per la citt\u00e0. Tuttavia, quelle che spiccano maggiormente sono le seguenti:<\/p> <p>Le fontane di Ribadeo sono le seguenti:<\/p> <p>Fontane di Ribadeo\n\n<p>FONTANA DELLE QUATTRO FONTANE DI FERNANDO O SANTO<\/p>\n\n<p>Questa fontana, costruita nella seconda met\u00e0 del secolo con una base circolare in pietra, si trova nel centro della citt\u00e0, nella piazza della Traves\u00eda de Fernando El Santo. Al centro della fontana si trova una colonna sormontata da un pinnacolo da cui emergono le quattro canne.\n\n<p>FONTANA DEL CAMPO DEL CRISTO<\/p>\n\n<p>Questa fontana si trova nella parrocchia di Rinlo (San Pedro) ed \u00e8 una costruzione molto semplice a carattere comunale, appartenente quindi al genere delle fontane di miniera o di sorgente, cio\u00e8 un deposito costruito scavando nel terreno in cui si accumula l&#8217;acqua di una sorgente. L&#8217;acqua sgorga da un tubo di pietra in leggera pendenza.\n\t\t\t\t\t\t\t\t\t<\/div>\n\t\t\t\t\t\t\t\t\t<img decoding=\"async\" src=\"https:\/\/cdn.pilgrim.es\/web\/caminos\/camino-norte\/pueblos\/ribadeo\/puntos-de-interes\/las-fuentes.jpg\" alt=\"Las Fuentes\">\n\t\t\t\t\t\t\t\t<\/div>\n\t\t\t\t\t\t\t<\/div>\n\t\t\t\t\t\t\n\t\t\t\t\t\t\t<div class=\"accordion__accordion-content inactive\">\n\t\t\t\t\t\t\t\t<div>\n\t\t\t\t\t\t\t\t\t<div>\n\t\t\t\t\t\t\t\t\t\t<h4>Molino de As Acen\u0303as<\/h4>\n\t\t\t\t\t\t\t\t\t\t<p>Si tratta di un mulino a marea che si trova nell&#8217;insenatura di As Ace\u00f1as, nella parrocchia di Ove. Sebbene non sia documentato, si ritiene che abbia 500 o 600 anni.\n\n<p>Il mulino ha un muro che serve a trattenere il mare, che non chiude completamente l&#8217;insenatura. <\/p>\n\t\t\t\t\t\t\t\t\t<\/div>\n\t\t\t\t\t\t\t\t\t<img decoding=\"async\" src=\"https:\/\/cdn.pilgrim.es\/web\/caminos\/camino-norte\/pueblos\/ribadeo\/puntos-de-interes\/molino-de-as-acenas.png\" alt=\"Molino de As Acen\u0303as\">\n\t\t\t\t\t\t\t\t<\/div>\n\t\t\t\t\t\t\t<\/div>\n\t\t\t\t\t\t\n\t\t\t\t\t\t\t<div class=\"accordion__accordion-content inactive\">\n\t\t\t\t\t\t\t\t<div>\n\t\t\t\t\t\t\t\t\t<div>\n\t\t\t\t\t\t\t\t\t\t<h4>Parque de O Cargadoiro<\/h4>\n\t\t\t\t\t\t\t\t\t\t<p>Il parco etnografico di O Cargadoiro ricorda il carico delle merci, il luogo di scarico del treno che portava il minerale. Si tratta di una vecchia passerella che fungeva da piattaforma di carico in un complesso industriale minerario, basato sull&#8217;estrazione del ferro. <\/p>\n\n<p>Cos\u00ec, le merci del treno venivano trasferite alle navi per mezzo di una gru, facilitando il commercio con le grandi navi ed evitando che queste entrassero nell&#8217;estuario.\n\n<p>Questo complesso industriale minerario fu inaugurato nel 1903, e a partire dal 1927 il treno inizi\u00f2 a essere utilizzato per il trasporto di passeggeri, fino a quando fu chiuso per sempre nel 1966, quando furono tolte le rotaie.\n\t\t\t\t\t\t\t\t\t<\/div>\n\t\t\t\t\t\t\t\t\t<img decoding=\"async\" src=\"https:\/\/cdn.pilgrim.es\/web\/caminos\/camino-norte\/pueblos\/ribadeo\/puntos-de-interes\/parque-de-o-cargadoiro.jpg\" alt=\"Parque de O Cargadoiro\">\n\t\t\t\t\t\t\t\t<\/div>\n\t\t\t\t\t\t\t<\/div>\n\t\t\t\t\t\t\n\t\t\t\t\t\t\t<div class=\"accordion__accordion-content inactive\">\n\t\t\t\t\t\t\t\t<div>\n\t\t\t\t\t\t\t\t\t<div>\n\t\t\t\t\t\t\t\t\t\t<h4>Pazo de Cedofeita<\/h4>\n\t\t\t\t\t\t\t\t\t\t<p>Questo maniero in stile medievale fu costruito da Lope Garc\u00eda de Cedofeita tra la fine del XV secolo e l&#8217;inizio del XVI secolo ed \u00e8 una propriet\u00e0 privata non visitabile.\n\n<p> Ha una pianta rettangolare con due piani e due torri, una su uno degli angoli e un&#8217;altra pi\u00f9 piccola accanto. Ha due piani nello spazio principale e tre nelle torri. Sulla facciata principale \u00e8 visibile lo stemma della famiglia, realizzato su legno. La costruzione \u00e8 completata da un granaio, una colombaia circolare, un mulino e una piccola cappella in stile rococ\u00f2, con un campanile a una navata, un recinto murato, una zona di semina e un giardino.\n\t\t\t\t\t\t\t\t\t<\/div>\n\t\t\t\t\t\t\t\t\t<img decoding=\"async\" src=\"https:\/\/cdn.pilgrim.es\/web\/caminos\/camino-norte\/pueblos\/ribadeo\/puntos-de-interes\/pazo-de-cedofeita.jpg\" alt=\"Pazo de Cedofeita\">\n\t\t\t\t\t\t\t\t<\/div>\n\t\t\t\t\t\t\t<\/div>\n\t\t\t\t\t\t\n\t\t\t\t\t\t\t<div class=\"accordion__accordion-content inactive\">\n\t\t\t\t\t\t\t\t<div>\n\t\t\t\t\t\t\t\t\t<div>\n\t\t\t\t\t\t\t\t\t\t<h4>Playa de las Catedrales<\/h4>\n\t\t\t\t\t\t\t\t\t\t<p>Il suo nome originario era Praia de Augasantas, per la presenza di una sorgente di acque medicinali dalle propriet\u00e0, secondo gli abitanti del luogo, miracolose. Oggi \u00e8 conosciuta come Praia de As Catedrais, poich\u00e9 le sue formazioni rocciose ricordano i contrafforti delle spettacolari cattedrali gotiche, rendendo questo ambiente un curioso esempio di architettura gotica naturale. <\/p>\n\n<p>Questa spiaggia \u00e8 stata dichiarata Monumento Naturale nel 2005 ed \u00e8 anche una delle ZEC (Zone Speciali di Conservazione) della Rete Natura 2000, una Zona di Protezione Speciale per i Valori Naturali, nonch\u00e9 una Riserva della Biosfera dal 2007.  Come se non bastasse, ha e rinnova ogni anno la Bandiera Blu e la Q di Qualit\u00e0 Turistica.\n\t\t\t\t\t\t\t\t\t<\/div>\n\t\t\t\t\t\t\t\t\t<img decoding=\"async\" src=\"https:\/\/cdn.pilgrim.es\/web\/caminos\/camino-norte\/pueblos\/ribadeo\/puntos-de-interes\/playa-de-las-catedrales.png\" alt=\"Playa de las Catedrales\">\n\t\t\t\t\t\t\t\t<\/div>\n\t\t\t\t\t\t\t<\/div>\n\t\t\t\t\t\t\n\t\t\t\t\t\t\t<div class=\"accordion__accordion-content inactive\">\n\t\t\t\t\t\t\t\t<div>\n\t\t\t\t\t\t\t\t\t<div>\n\t\t\t\t\t\t\t\t\t\t<h4>Plaza de Abastos<\/h4>\n\t\t\t\t\t\t\t\t\t\t<p>Questo grande edificio, inaugurato nel 1925, fu donato alla citt\u00e0 di Ribadeo da Don Ram\u00f3n Gonz\u00e1lez Fern\u00e1ndez, un indiano che incoraggi\u00f2 altre iniziative nella citt\u00e0, come la Biblioteca e l&#8217;Ateneo. <\/p>\n\n<p>L&#8217;architettura della Plaza de Abastos si distingue per le lastre di ferro e cemento, materiali molto utilizzati nei primi decenni del XX secolo e che conferivano eleganza a edifici importanti.<\/p> <p>L&#8217;edificio fu costruito all&#8217;inizio del XX secolo.\n\n<p>Ogni mercoled\u00ec intorno all&#8217;edificio si svolge il mercato di Ribadeo, una tradizione che si ripete fin dal Medioevo. <\/p>\n\t\t\t\t\t\t\t\t\t<\/div>\n\t\t\t\t\t\t\t\t\t<img decoding=\"async\" src=\"https:\/\/cdn.pilgrim.es\/web\/caminos\/camino-norte\/pueblos\/ribadeo\/puntos-de-interes\/plaza-de-abastos.jpg\" alt=\"Plaza de Abastos\">\n\t\t\t\t\t\t\t\t<\/div>\n\t\t\t\t\t\t\t<\/div>\n\t\t\t\t\t\t\n\t\t\t\t\t\t\t<div class=\"accordion__accordion-content inactive\">\n\t\t\t\t\t\t\t\t<div>\n\t\t\t\t\t\t\t\t\t<div>\n\t\t\t\t\t\t\t\t\t\t<h4>Puerto de Rinlo<\/h4>\n\t\t\t\t\t\t\t\t\t\t<p>Il porto peschereccio di Rinlo \u00e8 stato costruito nella cala di Areosa, dove si trova la sede della pi\u00f9 antica corporazione di pescatori della Spagna. <\/p>\n\n<p> Intorno al porto di Rinlo c&#8217;\u00e8 un gruppo di case di pescatori, situate in strade strette per non essere colpite da forti tempeste. Inoltre, a Rinlo, intorno al 1904, inizi\u00f2 a funzionare una cetaria naturale dedicata alla coltivazione di aragoste e granseole, costruita in una zona della costa dove una parte del mare entra nelle rocce e forma una piccola piscina naturale. Anni dopo, iniziarono l&#8217;attivit\u00e0 gli altri due cetari che Rinlo possiede.\n\t\t\t\t\t\t\t\t\t<\/div>\n\t\t\t\t\t\t\t\t\t<img decoding=\"async\" src=\"https:\/\/cdn.pilgrim.es\/web\/caminos\/camino-norte\/pueblos\/ribadeo\/puntos-de-interes\/puerto-de-rinlo.png\" alt=\"Puerto de Rinlo\">\n\t\t\t\t\t\t\t\t<\/div>\n\t\t\t\t\t\t\t<\/div>\n\t\t\t\t\t\t\n\t\t\t\t\t\t\t<div class=\"accordion__accordion-content inactive\">\n\t\t\t\t\t\t\t\t<div>\n\t\t\t\t\t\t\t\t\t<div>\n\t\t\t\t\t\t\t\t\t\t<h4>Ri\u0301a de Ribadeo<\/h4>\n\t\t\t\t\t\t\t\t\t\t<p>L&#8217;estuario di Ribadeo \u00e8 la risorsa turistica naturale che segna il confine tra la Comunit\u00e0 delle Asturie e la comunit\u00e0 galiziana.<\/p> <p>L&#8217;estuario di Ribadeo \u00e8 la risorsa turistica naturale che segna il confine tra la Comunit\u00e0 delle Asturie e la comunit\u00e0 galiziana.\n\n<p>Questo ambiente di grande bellezza naturale permette ai visitatori di esplorare la sua diversit\u00e0 biologica e la sua natura, soprattutto agli amanti dell&#8217;ornitologia, ma \u00e8 anche un luogo ideale per gli sport acquatici. <\/p>\n\n<p>L&#8217;estuario \u00e8 incluso nella Rete Natura 2000 e in precedenza era stato dichiarato Zona Umida di Importanza Internazionale, inclusa nella Convenzione di Ramsar (un accordo che protegge gli habitat degli uccelli acquatici). \u00c8 stato inoltre dichiarato Riserva della Biosfera (2007).\n\n<p>Nell&#8217;estuario si svolgono attualmente tutti i tipi di attivit\u00e0: pesca, molluschicoltura, commercio marittimo, nautica, attivit\u00e0 ludiche e ricreative, ornitologia, ecc.<\/p> &lt;p\n\t\t\t\t\t\t\t\t\t<\/div>\n\t\t\t\t\t\t\t\t\t<img decoding=\"async\" src=\"https:\/\/cdn.pilgrim.es\/web\/caminos\/camino-norte\/pueblos\/ribadeo\/puntos-de-interes\/ria-de-ribadeo.jpg\" alt=\"Ri\u0301a de Ribadeo\">\n\t\t\t\t\t\t\t\t<\/div>\n\t\t\t\t\t\t\t<\/div>\n\t\t\t\t\t\t\n\t\t\t\t\t\t\t<div class=\"accordion__accordion-content inactive\">\n\t\t\t\t\t\t\t\t<div>\n\t\t\t\t\t\t\t\t\t<div>\n\t\t\t\t\t\t\t\t\t\t<h4>Deposito paelolitico de Louseda<\/h4>\n\t\t\t\t\t\t\t\t\t\t<p>Situati nel nord della Galizia, sono considerati uno dei pi\u00f9 importanti depositi paleolitici della costa cantabrica, risalenti a circa 300.000 anni a.C..\n\n<p>La maggior parte di essi sono utensili ricavati dalle pietre e dai sassi dell&#8217;estuario utilizzati per il trattamento delle pelli animali.<\/p> <p>La maggior parte di essi sono utensili ricavati dalle pietre e dai sassi dell&#8217;estuario utilizzati per il trattamento delle pelli animali.\n\n<p>Al momento, nel Museo di Preistoria e Archeologia di Vilalba \u00e8 presente un&#8217;esposizione di pi\u00f9 di 300 utensili.<\/p> <p>Il museo ha un&#8217;esposizione di pi\u00f9 di 300 utensili nel Museo di Preistoria e Archeologia di Vilalba.\n\t\t\t\t\t\t\t\t\t<\/div>\n\t\t\t\t\t\t\t\t\t<img decoding=\"async\" src=\"https:\/\/cdn.pilgrim.es\/web\/caminos\/camino-norte\/pueblos\/ribadeo\/puntos-de-interes\/deposito-paelolitico-de-louseda.png\" alt=\"Deposito paelolitico de Louseda\">\n\t\t\t\t\t\t\t\t<\/div>\n\t\t\t\t\t\t\t<\/div>\n\t\t\t\t\t\t\n\t\t\t\t\t\t\t<div class=\"accordion__accordion-content inactive\">\n\t\t\t\t\t\t\t\t<div>\n\t\t\t\t\t\t\t\t\t<div>\n\t\t\t\t\t\t\t\t\t\t<h4>Casa del o\u0301ptico<\/h4>\n\t\t\t\t\t\t\t\t\t\t<p>Casa dell&#8217;ottico Pedro Garc\u00eda, questo edificio fu eretto all&#8217;inizio del XX secolo nello stile indiano della zona. \u00c8 coronato da un belvedere legato ai mercanti e agli armatori dei secoli XVIII e XIX. Nel suo giardino si trova ancora un&#8217;acacia di un secolo, oltre alla tipica palma dei giardini indiani.\n\t\t\t\t\t\t\t\t\t<\/div>\n\t\t\t\t\t\t\t\t\t<img decoding=\"async\" src=\"https:\/\/cdn.pilgrim.es\/web\/caminos\/camino-norte\/pueblos\/ribadeo\/puntos-de-interes\/casa-del-optico.png\" alt=\"Casa del o\u0301ptico\">\n\t\t\t\t\t\t\t\t<\/div>\n\t\t\t\t\t\t\t<\/div>\n\t\t\t\t\t\t\n\t\t\t\t\t\t\t<div class=\"accordion__accordion-content inactive\">\n\t\t\t\t\t\t\t\t<div>\n\t\t\t\t\t\t\t\t\t<div>\n\t\t\t\t\t\t\t\t\t\t<h4>Santuario de Nuestra Sen\u0303ora de las Virtudes<\/h4>\n\t\t\t\t\t\t\t\t\t\t<p>Questo tempio si trova in localit\u00e0 A Ponte (Arante), nei dintorni del Cammino di Santiago del Nord. \u00c8 un santuario molto lodato e amato dai fedeli per la sua vergine, che si dice sia miracolosa. Il tempio risale alla fine del XIV secolo, anche se ha subito una riforma nei secoli successivi. <\/p>\n\n<p>Questo santuario ha un&#8217;unica navata, un arco trionfale a sesto acuto e un presbiterio in legno, quest&#8217;ultimo \u00e8 il luogo in cui si trovano i campioni del punto di partenza della volta. Questo tempio ha un&#8217;unica navata, un arco trionfale a sesto acuto e un presbiterio in legno; in quest&#8217;ultimo si trovano campioni dell&#8217;inizio della volta. Sull&#8217;altare si trova una pala rinascimentale con immagini di Nuestra Se\u00f1ora de las Virtudes e Santiago Matamoros, mentre la pala principale \u00e8 in stile barocco.\n\t\t\t\t\t\t\t\t\t<\/div>\n\t\t\t\t\t\t\t\t\t<img decoding=\"async\" src=\"https:\/\/cdn.pilgrim.es\/web\/caminos\/camino-norte\/pueblos\/ribadeo\/puntos-de-interes\/santuario-de-nuestra-senora-de-las-virtudes.jpg\" alt=\"Santuario de Nuestra Sen\u0303ora de las Virtudes\">\n\t\t\t\t\t\t\t\t<\/div>\n\t\t\t\t\t\t\t<\/div>\n\t\t\t\t\t\t\n\t\t\t\t\t\t\t<div class=\"accordion__accordion-content inactive\">\n\t\t\t\t\t\t\t\t<div>\n\t\t\t\t\t\t\t\t\t<div>\n\t\t\t\t\t\t\t\t\t\t<h4>Torre de los Moreno<\/h4>\n\t\t\t\t\t\t\t\t\t\t<p>La Torre Moreno si trova in Plaza de Espa\u00f1a e in via Ib\u00e1\u00f1ez ed \u00e8 considerata Bene di Interesse Culturale dal 1997. Nel luogo in cui si trova attualmente questa torre, si trovava la Fortezza, dove iniziava la cinta muraria e aveva una controporta a poca distanza.<\/p> <p>La torre si trova in Plaza de Espa\u00f1a e in via Ib\u00e1\u00f1ez.\n\t\t\t\t\t\t\t\t\t<\/div>\n\t\t\t\t\t\t\t\t\t<img decoding=\"async\" src=\"https:\/\/cdn.pilgrim.es\/web\/caminos\/camino-norte\/pueblos\/ribadeo\/puntos-de-interes\/torre-de-los-moreno.png\" alt=\"Torre de los Moreno\">\n\t\t\t\t\t\t\t\t<\/div>\n\t\t\t\t\t\t\t<\/div>\n\t\t\t\t\t\t\n\t\t\t\t\t\t\t<div class=\"accordion__accordion-content inactive\">\n\t\t\t\t\t\t\t\t<div>\n\t\t\t\t\t\t\t\t\t<div>\n\t\t\t\t\t\t\t\t\t\t<h4>Iglesia de Santa Mari\u0301a del Campo<\/h4>\n\t\t\t\t\t\t\t\t\t\t<p>La cappella maggiore, insieme ad altre due cappelle absidali, al transetto e ad altre due cappelle aperte, costituisce questo tempio a navata centrale coperta da una semplice volta a crociera, con un portone gotico del XIV secolo con capitelli con ornamenti vegetali, un finestrone e una torre neogotica.<\/p> <p>La cappella maggiore ha una navata centrale coperta da una semplice volta a crociera, un portone gotico del XIV secolo con capitelli con ornamenti vegetali, un finestrone e una torre neogotica.<\/p> <p>La cappella maggiore ha un finestrone e una torre neogotica.\n\n<p>Nata come convento, nel 1835 divenne la chiesa parrocchiale che \u00e8 tuttora, ma nel corso degli anni ha subito varie modifiche. Il muro attuale \u00e8 stato costruito all&#8217;inizio del XX secolo sopra il precedente campanile, che \u00e8 stato demolito. Tra le modifiche citate vi \u00e8 l&#8217;ampliamento della chiesa con l&#8217;aggiunta del portico e del coro, mentre sono stati mantenuti l&#8217;impianto generale dell&#8217;antico convento, l&#8217;arco del presbiterio e le lastre.\n\t\t\t\t\t\t\t\t\t<\/div>\n\t\t\t\t\t\t\t\t\t<img decoding=\"async\" src=\"https:\/\/cdn.pilgrim.es\/web\/caminos\/camino-norte\/pueblos\/ribadeo\/puntos-de-interes\/iglesia-de-santa-maria-del-campo.jpg\" alt=\"Iglesia de Santa Mari\u0301a del Campo\">\n\t\t\t\t\t\t\t\t<\/div>\n\t\t\t\t\t\t\t<\/div>\n\t\t\t\t\t\t\n\t\t\t\t\t\t\t<div class=\"accordion__accordion-content inactive\">\n\t\t\t\t\t\t\t\t<div>\n\t\t\t\t\t\t\t\t\t<div>\n\t\t\t\t\t\t\t\t\t\t<h4>Plaza de Espan\u0303a<\/h4>\n\t\t\t\t\t\t\t\t\t\t<p>La Plaza de Espa\u00f1a si trova proprio nel centro della citt\u00e0, anche se in passato era situata in periferia, accanto alle mura medievali. Lungo questa piazza, il visitatore pu\u00f2 contemplare altre costruzioni molto curiose che aiutano a fare un viaggio nella storia di Ribadeo, come le dimore nobiliari, il maniero di Ib\u00e1\u00f1ez (attualmente sede municipale), le facciate moderniste, la Torre Moreno, l&#8217;Alf\u00e1ndega o l&#8217;Ufficio del Turismo. <\/p>\n\n<p>Al centro della piazza si trova un&#8217;area paesaggistica con alcune sculture in omaggio ai due figli illustri di Ribadeo: Jos\u00e9 Ma Alonso Trelles y Jar\u00e9n (El Viejo Pancho) e Dionisio Gamallo Fierros.\n\t\t\t\t\t\t\t\t\t<\/div>\n\t\t\t\t\t\t\t\t\t<img decoding=\"async\" src=\"https:\/\/cdn.pilgrim.es\/web\/caminos\/camino-norte\/pueblos\/ribadeo\/puntos-de-interes\/plaza-de-espana.jpg\" alt=\"Plaza de Espan\u0303a\">\n\t\t\t\t\t\t\t\t<\/div>\n\t\t\t\t\t\t\t<\/div>\n\t\t\t\t\t\t\n\t\t\t\t\t\t\t<div class=\"accordion__accordion-content inactive\">\n\t\t\t\t\t\t\t\t<div>\n\t\t\t\t\t\t\t\t\t<div>\n\t\t\t\t\t\t\t\t\t\t<h4>Zona especial de proteccio\u0301n de aves<\/h4>\n\t\t\t\t\t\t\t\t\t\t<p>L&#8217;area di protezione degli uccelli copre lo spazio formato dal fiume Eo e dall&#8217;estuario. Questo ambiente costituisce una vasta area con condizioni climatiche ideali e ottimali per la presenza di numerose specie di uccelli, peculiarit\u00e0 per la quale \u00e8 stata dichiarata Zona di Protezione Speciale per gli Uccelli (ZPS) nel 1989.\n\n<p>Questa ZPS copre un&#8217;area di quasi 2.000 ettari, due terzi dei quali corrispondono alle Asturie e il resto alla Galizia.\n\n<p>L&#8217;estuario di Ribadeo \u00e8 stato scelto perch\u00e9 \u00e8 un&#8217;importante area di sosta per numerose specie migratorie, soprattutto anatre e trampolieri, come il grande cormorano, l&#8217;airone cenerino, l&#8217;airone cinerino, il codone nero, il gallinaceo nero, ecc.<\/p> <p>.\n\t\t\t\t\t\t\t\t\t<\/div>\n\t\t\t\t\t\t\t\t\t<img decoding=\"async\" src=\"https:\/\/cdn.pilgrim.es\/web\/caminos\/camino-norte\/pueblos\/ribadeo\/puntos-de-interes\/zona-especial-de-proteccion-de-aves.png\" alt=\"Zona especial de proteccio\u0301n de aves\">\n\t\t\t\t\t\t\t\t<\/div>\n\t\t\t\t\t\t\t<\/div>\n\t\t\t\t\t\t\n\t\t\t\t\t\t\t<div class=\"accordion__accordion-content inactive\">\n\t\t\t\t\t\t\t\t<div>\n\t\t\t\t\t\t\t\t\t<div>\n\t\t\t\t\t\t\t\t\t\t<h4>Ascensor Panora\u0301mico<\/h4>\n\t\t\t\t\t\t\t\t\t\t<p>Si tratta di un ascensore in acciaio e vetro con una capacit\u00e0 di 16 persone, il cui scopo \u00e8 collegare il molo con la citt\u00e0 vecchia per evitare un dislivello di oltre venti metri. Dall&#8217;interno si gode di una meravigliosa vista sull&#8217;estuario.<\/p> <p>Si tratta di un ascensore in acciaio e vetro con una cavit\u00e0 per 16 persone.\n\t\t\t\t\t\t\t\t\t<\/div>\n\t\t\t\t\t\t\t\t\t<img decoding=\"async\" src=\"https:\/\/cdn.pilgrim.es\/web\/caminos\/camino-norte\/pueblos\/ribadeo\/puntos-de-interes\/ascensor-panoramico.jpg\" alt=\"Ascensor Panora\u0301mico\">\n\t\t\t\t\t\t\t\t<\/div>\n\t\t\t\t\t\t\t<\/div>\n\t\t\t\t\t\t\n\t\t\t\t\t\t\t<div class=\"accordion__accordion-content inactive\">\n\t\t\t\t\t\t\t\t<div>\n\t\t\t\t\t\t\t\t\t<div>\n\t\t\t\t\t\t\t\t\t\t<h4>Capilla de la Trinidad<\/h4>\n\t\t\t\t\t\t\t\t\t\t<p>La cappella della Trinidad o Atalaya si trova su un tumulo che domina l&#8217;ingresso dell&#8217;estuario ed \u00e8 una delle chiese pi\u00f9 antiche di Ribadeo. \u00c8 una delle chiese pi\u00f9 antiche di Ribadeo, dove si riunivano le corporazioni e si tenevano i consigli aperti.\n\n<p>Nel corso degli anni ha subito diverse modifiche, ma ha conservato, ad esempio, il portone gotico del XIV secolo, con uno stemma in pietra di Ribadeo e un campanile a vela. Ha una navata centrale, un arco trionfale e un presbiterio, oltre a tre pale d&#8217;altare all&#8217;interno, tra cui una pala barocca e un bacino d&#8217;acqua montato.\n\n<p>Nei suoi dintorni si trova il noto belvedere Mirador de la Atalaya, a cui si accede grazie all&#8217;ascensore panoramico caratteristico della citt\u00e0. Questo belvedere, oltre a offrire una vista impressionante dell&#8217;estuario e dei suoi dintorni, \u00e8 caratterizzato da diversi cannoni difensivi che ricordano come questa zona fosse una delle pi\u00f9 strategiche per la protezione della citt\u00e0 di Ribadeo. <\/p>\n\t\t\t\t\t\t\t\t\t<\/div>\n\t\t\t\t\t\t\t\t\t<img decoding=\"async\" src=\"https:\/\/cdn.pilgrim.es\/web\/caminos\/camino-norte\/pueblos\/ribadeo\/puntos-de-interes\/capilla-de-la-trinidad.jpg\" alt=\"Capilla de la Trinidad\">\n\t\t\t\t\t\t\t\t<\/div>\n\t\t\t\t\t\t\t<\/div>\n\t\t\t\t\t\t\n\t\t\t\t\t<\/div>\n\t\t\t\t<\/div>\n\t\t\t<\/div>\n\t\t\n\n\t\t<div id=\"phonesSection\">\n\t\t\t<div>\n\t\t\t\t<h2 class=\"p-h3-town\">Informazioni di interesse<\/h2>\n\t\t\t<\/div>\n\t\t\t<div class=\"grid\">\n\t\t\t\t\n\t\t\t\t\t<div class=\"phone-number-item\">\n\t\t\t\t\t\t<div class=\"phone-number-item__icon\"><i class=\"icon-police\"><\/i><\/div>\n\t\t\t\t\t\t<div class=\"phone-number-item__title\">\n\t\t\t\t\t\t\t<h3 class=\"p-font-bold\">Polizia locale<\/h3>\n\t\t\t\t\t\t\t<p>689 550 055<\/p>\n\t\t\t\t\t\t\t\n\t\t\t\t\t\t<\/div>\n\t\t\t\t\t<\/div>\n\t\t\t\t\n\t\t\t\t\t<div class=\"phone-number-item\">\n\t\t\t\t\t\t<div class=\"phone-number-item__icon\"><i class=\"icon-spanish-military-police\"><\/i><\/div>\n\t\t\t\t\t\t<div class=\"phone-number-item__title\">\n\t\t\t\t\t\t\t<h3 class=\"p-font-bold\">Guardia civile<\/h3>\n\t\t\t\t\t\t\t<p>982 128 048<\/p>\n\t\t\t\t\t\t\t\n\t\t\t\t\t\t<\/div>\n\t\t\t\t\t<\/div>\n\t\t\t\t\n\t\t\t\t\t<div class=\"phone-number-item\">\n\t\t\t\t\t\t<div class=\"phone-number-item__icon\"><i class=\"icon-firefighters\"><\/i><\/div>\n\t\t\t\t\t\t<div class=\"phone-number-item__title\">\n\t\t\t\t\t\t\t<h3 class=\"p-font-bold\">Vigili del fuoco<\/h3>\n\t\t\t\t\t\t\t<p>112<\/p>\n\t\t\t\t\t\t\t\n\t\t\t\t\t\t<\/div>\n\t\t\t\t\t<\/div>\n\t\t\t\t\n\t\t\t\t\t<div class=\"phone-number-item\">\n\t\t\t\t\t\t<div class=\"phone-number-item__icon\"><i class=\"icon-civil-protection\"><\/i><\/div>\n\t\t\t\t\t\t<div class=\"phone-number-item__title\">\n\t\t\t\t\t\t\t<h3 class=\"p-font-bold\">Protezione civile<\/h3>\n\t\t\t\t\t\t\t<p>659 942 159<\/p>\n\t\t\t\t\t\t\t\n\t\t\t\t\t\t<\/div>\n\t\t\t\t\t<\/div>\n\t\t\t\t\n\t\t\t\t\t<div class=\"phone-number-item\">\n\t\t\t\t\t\t<div class=\"phone-number-item__icon\"><i class=\"icon-town-council\"><\/i><\/div>\n\t\t\t\t\t\t<div class=\"phone-number-item__title\">\n\t\t\t\t\t\t\t<h3 class=\"p-font-bold\">Municipio<\/h3>\n\t\t\t\t\t\t\t<p>982 128 650<\/p>\n\t\t\t\t\t\t\t\n\t\t\t\t\t\t<\/div>\n\t\t\t\t\t<\/div>\n\t\t\t\t\n\t\t\t\t\t<div class=\"phone-number-item\">\n\t\t\t\t\t\t<div class=\"phone-number-item__icon\"><i class=\"icon-hospital\"><\/i><\/div>\n\t\t\t\t\t\t<div class=\"phone-number-item__title\">\n\t\t\t\t\t\t\t<h3 class=\"p-font-bold\">Centro sanitario<\/h3>\n\t\t\t\t\t\t\t<p>982 128 569<\/p>\n\t\t\t\t\t\t\t\n\t\t\t\t\t\t<\/div>\n\t\t\t\t\t<\/div>\n\t\t\t\t\n\t\t\t\t\t<div class=\"phone-number-item\">\n\t\t\t\t\t\t<div class=\"phone-number-item__icon\"><i class=\"icon-tourism\"><\/i><\/div>\n\t\t\t\t\t\t<div class=\"phone-number-item__title\">\n\t\t\t\t\t\t\t<h3 class=\"p-font-bold\">Ufficio turistico<\/h3>\n\t\t\t\t\t\t\t<p>982 128 689<\/p>\n\t\t\t\t\t\t\t\n\t\t\t\t\t\t\t\t<p>R\u00faa Dionisio Gamallo Fierros, 7<\/p>\n\t\t\t\t\t\t\t\n\t\t\t\t\t\t<\/div>\n\t\t\t\t\t<\/div>\n\t\t\t\t\n\t\t\t<\/div>\n\t\t<\/div>\n\n\t\t<div id=\"clientForm\">\n        <section>\n        <img decoding=\"async\" src=\"https:\/\/cdn.pilgrim.es\/web\/home\/email-contacto.png\" alt=\"contacto\">\n        <div>\n            <p>Ti inviamo la tua pianificazione<\/p>\n            <p>Forniscici i tuoi dati e ricevi la pianificazione del tuo viaggio via email <\/p>\n            <form method=\"post\" data-url=\"\/wp-admin\/admin-ajax.php\" id=\"planner--client\" class=\"flag-right form-client\">\n    <div class=\"form-data\">\n        <input name=\"form_id\" type=\"hidden\" value=\"Formulario Leads\">\n        <input name=\"type\" type=\"hidden\" value=\"planner_client\">\n        <input type=\"text\" name=\"nombre\" value=\"\" size=\"40\" class=\"form-control\" aria-required=\"true\" aria-invalid=\"false\" placeholder=\"Nome\">\n        <input type=\"email\" name=\"email\" value=\"\" size=\"40\" class=\"form-control\" aria-required=\"true\" aria-invalid=\"false\" placeholder=\"Mail\">\n        <input type=\"text\" id=\"phone-input\" name=\"tel\" value=\"\" size=\"40\" class=\"phone-input form-control\" aria-required=\"true\" aria-invalid=\"false\" placeholder=\"Telefono\">\n        <input type=\"hidden\" name=\"telefono\">\n    <\/div>\n    <div class=\"form-checkbox\">\n        <span>\n            Pilgrim Travel. S.L. informa, come previsto dal Regolamento 2016\/679, che i dati utilizzati in questo modulo verranno utilizzati sia per la risposta delle eventuali consultazioni sia per la pub-blicazione dei commenti, essendo il consenso dell'utente la base di legittimazione. Potranno esse-re esercitati i diritti in conformit\u00e0 con quanto stabilito dalla nostra             <a href=\"https:\/\/www.pilgrim.es\/it\/informativa-sulla-privacy\/\" target=\"_blank\" rel=\"noopener noreferrer nofollow\">Politica di privacy.<\/a>\n        <\/span>\n    <\/div>\n\n    <div class=\"form-submit\">\n        <button id=\"planner--client-create\" type=\"submit\">Formulario di contatto<\/button>\n        <div class=\"loadingDiv\"><i class=\"p-spinner\"><\/i><\/div>\n    <\/div>\n\n    <div class=\"contact-content-form-success\">\n        <p><i class=\"fas fa-check\"><\/i> Il modulo \u00e8 stato inviato correttamente<\/p>\n    <\/div>\n\n    <div class=\"contact-content-form-error\">\n        <span class=\"input-error\"><\/span>\n    <\/div>\n<\/form>        <\/div>\n    <\/section>\n<\/div>\n\n\t\t<div id=\"recomendationSection\">\n\t\t\t<div>\n\t\t\t\t<h2 class=\"p-h2-town\">Consigliato<\/h2>\n\t\t\t\t<hr>\n\t\t\t\t<h3 class=\"p-h3-town\">Gastronomia<\/h3>\n\t\t\t<\/div>\n\t\t\tLa gastronomia della Lugo Mari\u00f1a si caratterizza soprattutto per l&#8217;alta qualit\u00e0 del pesce e dei frutti di mare, tra cui spiccano polpi, cannolicchi, cernie, orate, calamari e snook. Tutti i frutti di mare vengono serviti accompagnati da prodotti locali, in particolare il tortino di scorfano.\n\nDa segnalare anche i formaggi e i dolci di Clarisas, la torta de Santiago e il cioccolato fondente.\n\t\t<\/div>\n\n\n\t\t\n\t\t\t<div id=\"holidaysSection\">\n\t\t\t\t<div>\n\t\t\t\t\t<h2 class=\"p-h2-town\">Consigliato<\/h2>\n\t\t\t\t\t<hr>\n\t\t\t\t\t<h3 class=\"p-h3-town\">Festival e pellegrinaggi<\/h3>\n\t\t\t\t<\/div>\n\t\t\t\t<div class=\"grid holidays-grid\">\n\t\t\t\t\t\n\t\t\t\t\t\t<div>\n\t\t\t\t\t\t\t<div class=\"phone-number-item\">\n\t\t\t\t\t\t\t\t<div class=\"phone-number-item__icon\"><i class=\"icon-holiday\"><\/i><\/div>\n\t\t\t\t\t\t\t\t<div class=\"phone-number-item__title dark-text\">\n\t\t\t\t\t\t\t\t\t<p class=\"p-font-bold\">Vacanza locale<\/p>\n\t\t\t\t\t\t\t\t\t<p>Julio y agosto: Fiesta del percebe<\/p>\n\t\t\t\t\t\t\t\t<\/div>\n\t\t\t\t\t\t\t<\/div>\n\t\t\t\t\t\t<\/div>\n\t\t\t\t\t\n\t\t\t\t\t\t<div>\n\t\t\t\t\t\t\t<div class=\"phone-number-item\">\n\t\t\t\t\t\t\t\t<div class=\"phone-number-item__icon\"><i class=\"icon-holiday\"><\/i><\/div>\n\t\t\t\t\t\t\t\t<div class=\"phone-number-item__title dark-text\">\n\t\t\t\t\t\t\t\t\t<p class=\"p-font-bold\">Vacanza locale<\/p>\n\t\t\t\t\t\t\t\t\t<p>Primer fin de semana de agosto: D\u00eda de la Gaita y A Gira<\/p>\n\t\t\t\t\t\t\t\t<\/div>\n\t\t\t\t\t\t\t<\/div>\n\t\t\t\t\t\t<\/div>\n\t\t\t\t\t\n\t\t\t\t\t\t<div>\n\t\t\t\t\t\t\t<div class=\"phone-number-item\">\n\t\t\t\t\t\t\t\t<div class=\"phone-number-item__icon\"><i class=\"icon-holiday\"><\/i><\/div>\n\t\t\t\t\t\t\t\t<div class=\"phone-number-item__title dark-text\">\n\t\t\t\t\t\t\t\t\t<p class=\"p-font-bold\">Vacanza locale<\/p>\n\t\t\t\t\t\t\t\t\t<p>20 al 24 de agosto: Festival internacional de m\u00fasica cl\u00e1sica<\/p>\n\t\t\t\t\t\t\t\t<\/div>\n\t\t\t\t\t\t\t<\/div>\n\t\t\t\t\t\t<\/div>\n\t\t\t\t\t\n\t\t\t\t\t\t<div>\n\t\t\t\t\t\t\t<div class=\"phone-number-item\">\n\t\t\t\t\t\t\t\t<div class=\"phone-number-item__icon\"><i class=\"icon-holiday\"><\/i><\/div>\n\t\t\t\t\t\t\t\t<div class=\"phone-number-item__title dark-text\">\n\t\t\t\t\t\t\t\t\t<p class=\"p-font-bold\">Vacanza locale<\/p>\n\t\t\t\t\t\t\t\t\t<p>28 al 8 de septiembre: Fiestas de Santa Mar\u00eda do Campo<\/p>\n\t\t\t\t\t\t\t\t<\/div>\n\t\t\t\t\t\t\t<\/div>\n\t\t\t\t\t\t<\/div>\n\t\t\t\t\t\n\t\t\t\t\t\t<div>\n\t\t\t\t\t\t\t<div class=\"phone-number-item\">\n\t\t\t\t\t\t\t\t<div class=\"phone-number-item__icon\"><i class=\"icon-holiday\"><\/i><\/div>\n\t\t\t\t\t\t\t\t<div class=\"phone-number-item__title dark-text\">\n\t\t\t\t\t\t\t\t\t<p class=\"p-font-bold\">Vacanza locale<\/p>\n\t\t\t\t\t\t\t\t\t<p>16 de julio: Virgen del Carmen<\/p>\n\t\t\t\t\t\t\t\t<\/div>\n\t\t\t\t\t\t\t<\/div>\n\t\t\t\t\t\t<\/div>\n\t\t\t\t\t\n\t\t\t\t\t\t<div>\n\t\t\t\t\t\t\t<div class=\"phone-number-item\">\n\t\t\t\t\t\t\t\t<div class=\"phone-number-item__icon\"><i class=\"icon-holiday\"><\/i><\/div>\n\t\t\t\t\t\t\t\t<div class=\"phone-number-item__title dark-text\">\n\t\t\t\t\t\t\t\t\t<p class=\"p-font-bold\">Vacanza locale<\/p>\n\t\t\t\t\t\t\t\t\t<p>10 al 12 de julio: Fiesta Ribadeo Indiano<\/p>\n\t\t\t\t\t\t\t\t<\/div>\n\t\t\t\t\t\t\t<\/div>\n\t\t\t\t\t\t<\/div>\n\t\t\t\t\t\n\t\t\t\t\t\t<div>\n\t\t\t\t\t\t\t<div class=\"phone-number-item\">\n\t\t\t\t\t\t\t\t<div class=\"phone-number-item__icon\"><i class=\"icon-holiday\"><\/i><\/div>\n\t\t\t\t\t\t\t\t<div class=\"phone-number-item__title dark-text\">\n\t\t\t\t\t\t\t\t\t<p class=\"p-font-bold\">Vacanza locale<\/p>\n\t\t\t\t\t\t\t\t\t<p>Agosto: Fiesta de la carne \u00f3 caldeiro<\/p>\n\t\t\t\t\t\t\t\t<\/div>\n\t\t\t\t\t\t\t<\/div>\n\t\t\t\t\t\t<\/div>\n\t\t\t\t\t\n\t\t\t\t\t\t<div>\n\t\t\t\t\t\t\t<div class=\"phone-number-item\">\n\t\t\t\t\t\t\t\t<div class=\"phone-number-item__icon\"><i class=\"icon-holiday\"><\/i><\/div>\n\t\t\t\t\t\t\t\t<div class=\"phone-number-item__title dark-text\">\n\t\t\t\t\t\t\t\t\t<p class=\"p-font-bold\">Vacanza locale<\/p>\n\t\t\t\t\t\t\t\t\t<p>27 de septiembre: Feria de los productos de la huerta<\/p>\n\t\t\t\t\t\t\t\t<\/div>\n\t\t\t\t\t\t\t<\/div>\n\t\t\t\t\t\t<\/div>\n\t\t\t\t\t\n\t\t\t\t\t\t<div>\n\t\t\t\t\t\t\t<div class=\"phone-number-item\">\n\t\t\t\t\t\t\t\t<div class=\"phone-number-item__icon\"><i class=\"icon-holiday\"><\/i><\/div>\n\t\t\t\t\t\t\t\t<div class=\"phone-number-item__title dark-text\">\n\t\t\t\t\t\t\t\t\t<p class=\"p-font-bold\">Vacanza locale<\/p>\n\t\t\t\t\t\t\t\t\t<p>3 de mayo: Jornada gastron\u00f3mica de la zorza con patatas y huevos estrellados<\/p>\n\t\t\t\t\t\t\t\t<\/div>\n\t\t\t\t\t\t\t<\/div>\n\t\t\t\t\t\t<\/div>\n\t\t\t\t\t\n\t\t\t\t<\/div>\n\t\t\t<\/div>\n\t\t\n\t<\/div>\n<\/section>\n\n<div id=\"stage_list_section\"><div class=\"stage-list\">\n    <div class='stage-list__map-card'>\n        <div class='stage-list__map-card__map'>\n            <div class='stage-list__map-card__map__text'>\n                <h2> Pages <\/h2>\n                <p> A piedi<\/p>\n                <p> 0tappe<\/p>\n            <\/div>\n            <div class='stage-list__map-card__map__img'>\n                <img decoding=\"async\" src=\"\" alt=\" mapa \" \/>\n            <\/div>\n        <\/div>\n    <\/div>\n\n    <\/div>\n<\/div> ","protected":false},"excerpt":{"rendered":"<p>Ribadeo &#8249; Ritorno al palcoscenico Ribadeo Abitanti: 9.929 aprox. Provincia: Lugo Informazioni Get to know Ribadeo Il comune di Ribadeo \u00e8 il confine naturale con la vicina comunit\u00e0 autonoma, le Asturie, questo punto \u00e8 una grande attrazione turistica grazie all&#8217;Alaya naturale che presenta questa citt\u00e0. \u00c8 sempre stato un punto strategico sia per il lavoro &hellip; <\/p>\n<p class=\"read_more\"><a href=\"https:\/\/www.pilgrim.es\/it\/cammino-nord\/ribadeo\/\">Leer m\u00e1s<\/a><\/p>\n","protected":false},"author":0,"featured_media":8130,"parent":10817,"menu_order":0,"comment_status":"closed","ping_status":"closed","template":"views\/template-new-web-design.blade.php","meta":{"footnotes":""},"categories":[],"tags":[],"class_list":["post-91318","page","type-page","status-publish","has-post-thumbnail","hentry"],"yoast_head":"<!-- This site is optimized with the Yoast SEO plugin v27.4 - https:\/\/yoast.com\/product\/yoast-seo-wordpress\/ -->\n<title>Ribadeo: Cosa vedere e dove dormire | Cammino di Santiago | Pilgrim<\/title>\n<meta name=\"description\" content=\"Ribadeo Scopri tutte le informazioni su dove alloggiare, come arrivare, cosa mangiare e sui principali punti di interesse delle localit\u00e0 lungo il Cammino del Nord.\" \/>\n<meta name=\"robots\" content=\"index, follow, max-snippet:-1, max-image-preview:large, max-video-preview:-1\" \/>\n<link rel=\"canonical\" href=\"https:\/\/www.pilgrim.es\/it\/cammino-nord\/ribadeo\/\" \/>\n<meta property=\"og:locale\" content=\"it_IT\" \/>\n<meta property=\"og:type\" content=\"article\" \/>\n<meta property=\"og:title\" content=\"Ribadeo: Cosa vedere e dove dormire | Cammino di Santiago | Pilgrim\" \/>\n<meta property=\"og:description\" content=\"Ribadeo Scopri tutte le informazioni su dove alloggiare, come arrivare, cosa mangiare e sui principali punti di interesse delle localit\u00e0 lungo il Cammino del Nord.\" \/>\n<meta property=\"og:url\" content=\"https:\/\/www.pilgrim.es\/it\/cammino-nord\/ribadeo\/\" \/>\n<meta property=\"og:site_name\" content=\"Pilgrim\" \/>\n<meta property=\"article:publisher\" content=\"https:\/\/www.facebook.com\/pilgrim.es\/\" \/>\n<meta property=\"og:image\" content=\"https:\/\/www.pilgrim.es\/wp-content\/uploads\/2019\/02\/ribadeo2.jpg\" \/>\n\t<meta property=\"og:image:width\" content=\"1024\" \/>\n\t<meta property=\"og:image:height\" content=\"695\" \/>\n\t<meta property=\"og:image:type\" content=\"image\/jpeg\" \/>\n<meta name=\"twitter:card\" content=\"summary_large_image\" \/>\n<meta name=\"twitter:site\" content=\"@pilgrim_es\" \/>\n<meta name=\"twitter:label1\" content=\"Tempo di lettura stimato\" \/>\n\t<meta name=\"twitter:data1\" content=\"18 minuti\" \/>\n<script type=\"application\/ld+json\" class=\"yoast-schema-graph\">{\"@context\":\"https:\\\/\\\/schema.org\",\"@graph\":[{\"@type\":\"WebPage\",\"@id\":\"https:\\\/\\\/www.pilgrim.es\\\/it\\\/cammino-nord\\\/ribadeo\\\/\",\"url\":\"https:\\\/\\\/www.pilgrim.es\\\/it\\\/cammino-nord\\\/ribadeo\\\/\",\"name\":\"Ribadeo: Cosa vedere e dove dormire | Cammino di Santiago | Pilgrim\",\"isPartOf\":{\"@id\":\"https:\\\/\\\/www.pilgrim.es\\\/it\\\/#website\"},\"primaryImageOfPage\":{\"@id\":\"https:\\\/\\\/www.pilgrim.es\\\/it\\\/cammino-nord\\\/ribadeo\\\/#primaryimage\"},\"image\":{\"@id\":\"https:\\\/\\\/www.pilgrim.es\\\/it\\\/cammino-nord\\\/ribadeo\\\/#primaryimage\"},\"thumbnailUrl\":\"https:\\\/\\\/www.pilgrim.es\\\/wp-content\\\/uploads\\\/2019\\\/02\\\/ribadeo2.jpg\",\"datePublished\":\"2025-03-17T15:01:06+00:00\",\"description\":\"Ribadeo Scopri tutte le informazioni su dove alloggiare, come arrivare, cosa mangiare e sui principali punti di interesse delle localit\u00e0 lungo il Cammino del Nord.\",\"breadcrumb\":{\"@id\":\"https:\\\/\\\/www.pilgrim.es\\\/it\\\/cammino-nord\\\/ribadeo\\\/#breadcrumb\"},\"inLanguage\":\"it-IT\",\"potentialAction\":[{\"@type\":\"ReadAction\",\"target\":[\"https:\\\/\\\/www.pilgrim.es\\\/it\\\/cammino-nord\\\/ribadeo\\\/\"]}]},{\"@type\":\"ImageObject\",\"inLanguage\":\"it-IT\",\"@id\":\"https:\\\/\\\/www.pilgrim.es\\\/it\\\/cammino-nord\\\/ribadeo\\\/#primaryimage\",\"url\":\"https:\\\/\\\/www.pilgrim.es\\\/wp-content\\\/uploads\\\/2019\\\/02\\\/ribadeo2.jpg\",\"contentUrl\":\"https:\\\/\\\/www.pilgrim.es\\\/wp-content\\\/uploads\\\/2019\\\/02\\\/ribadeo2.jpg\",\"width\":1024,\"height\":695,\"caption\":\"Ribadeo\"},{\"@type\":\"BreadcrumbList\",\"@id\":\"https:\\\/\\\/www.pilgrim.es\\\/it\\\/cammino-nord\\\/ribadeo\\\/#breadcrumb\",\"itemListElement\":[{\"@type\":\"ListItem\",\"position\":1,\"name\":\"Camino de Santiago\",\"item\":\"https:\\\/\\\/www.pilgrim.es\\\/it\\\/\"},{\"@type\":\"ListItem\",\"position\":2,\"name\":\"Cammino del Nord\",\"item\":\"https:\\\/\\\/www.pilgrim.es\\\/it\\\/cammino-nord\\\/\"},{\"@type\":\"ListItem\",\"position\":3,\"name\":\"Ribadeo\"}]},{\"@type\":\"WebSite\",\"@id\":\"https:\\\/\\\/www.pilgrim.es\\\/it\\\/#website\",\"url\":\"https:\\\/\\\/www.pilgrim.es\\\/it\\\/\",\"name\":\"Pilgrim\",\"description\":\"Camino de Santiago | Caminamos Contigo\",\"publisher\":{\"@id\":\"https:\\\/\\\/www.pilgrim.es\\\/it\\\/#organization\"},\"potentialAction\":[{\"@type\":\"SearchAction\",\"target\":{\"@type\":\"EntryPoint\",\"urlTemplate\":\"https:\\\/\\\/www.pilgrim.es\\\/it\\\/?s={search_term_string}\"},\"query-input\":{\"@type\":\"PropertyValueSpecification\",\"valueRequired\":true,\"valueName\":\"search_term_string\"}}],\"inLanguage\":\"it-IT\"},{\"@type\":\"Organization\",\"@id\":\"https:\\\/\\\/www.pilgrim.es\\\/it\\\/#organization\",\"name\":\"Pilgrim Camino de Santiago\",\"url\":\"https:\\\/\\\/www.pilgrim.es\\\/it\\\/\",\"logo\":{\"@type\":\"ImageObject\",\"inLanguage\":\"it-IT\",\"@id\":\"https:\\\/\\\/www.pilgrim.es\\\/it\\\/#\\\/schema\\\/logo\\\/image\\\/\",\"url\":\"https:\\\/\\\/www.pilgrim.es\\\/wp-content\\\/uploads\\\/2019\\\/04\\\/logo_pilgrim.png\",\"contentUrl\":\"https:\\\/\\\/www.pilgrim.es\\\/wp-content\\\/uploads\\\/2019\\\/04\\\/logo_pilgrim.png\",\"width\":512,\"height\":512,\"caption\":\"Pilgrim Camino de Santiago\"},\"image\":{\"@id\":\"https:\\\/\\\/www.pilgrim.es\\\/it\\\/#\\\/schema\\\/logo\\\/image\\\/\"},\"sameAs\":[\"https:\\\/\\\/www.facebook.com\\\/pilgrim.es\\\/\",\"https:\\\/\\\/x.com\\\/pilgrim_es\",\"https:\\\/\\\/www.instagram.com\\\/pilgrim.es\\\/\",\"https:\\\/\\\/www.linkedin.com\\\/company\\\/pilgrim-camino-de-santiago\\\/\",\"https:\\\/\\\/www.pinterest.es\\\/pilgrimcaminodesantiago\\\/\",\"https:\\\/\\\/www.youtube.com\\\/channel\\\/UCIv2ZzFLXVqthkNF32rKedw\\\/featured\"]}]}<\/script>\n<!-- \/ Yoast SEO plugin. -->","yoast_head_json":{"title":"Ribadeo: Cosa vedere e dove dormire | Cammino di Santiago | Pilgrim","description":"Ribadeo Scopri tutte le informazioni su dove alloggiare, come arrivare, cosa mangiare e sui principali punti di interesse delle localit\u00e0 lungo il Cammino del Nord.","robots":{"index":"index","follow":"follow","max-snippet":"max-snippet:-1","max-image-preview":"max-image-preview:large","max-video-preview":"max-video-preview:-1"},"canonical":"https:\/\/www.pilgrim.es\/it\/cammino-nord\/ribadeo\/","og_locale":"it_IT","og_type":"article","og_title":"Ribadeo: Cosa vedere e dove dormire | Cammino di Santiago | Pilgrim","og_description":"Ribadeo Scopri tutte le informazioni su dove alloggiare, come arrivare, cosa mangiare e sui principali punti di interesse delle localit\u00e0 lungo il Cammino del Nord.","og_url":"https:\/\/www.pilgrim.es\/it\/cammino-nord\/ribadeo\/","og_site_name":"Pilgrim","article_publisher":"https:\/\/www.facebook.com\/pilgrim.es\/","og_image":[{"width":1024,"height":695,"url":"https:\/\/www.pilgrim.es\/wp-content\/uploads\/2019\/02\/ribadeo2.jpg","type":"image\/jpeg"}],"twitter_card":"summary_large_image","twitter_site":"@pilgrim_es","twitter_misc":{"Tempo di lettura stimato":"18 minuti"},"schema":{"@context":"https:\/\/schema.org","@graph":[{"@type":"WebPage","@id":"https:\/\/www.pilgrim.es\/it\/cammino-nord\/ribadeo\/","url":"https:\/\/www.pilgrim.es\/it\/cammino-nord\/ribadeo\/","name":"Ribadeo: Cosa vedere e dove dormire | Cammino di Santiago | Pilgrim","isPartOf":{"@id":"https:\/\/www.pilgrim.es\/it\/#website"},"primaryImageOfPage":{"@id":"https:\/\/www.pilgrim.es\/it\/cammino-nord\/ribadeo\/#primaryimage"},"image":{"@id":"https:\/\/www.pilgrim.es\/it\/cammino-nord\/ribadeo\/#primaryimage"},"thumbnailUrl":"https:\/\/www.pilgrim.es\/wp-content\/uploads\/2019\/02\/ribadeo2.jpg","datePublished":"2025-03-17T15:01:06+00:00","description":"Ribadeo Scopri tutte le informazioni su dove alloggiare, come arrivare, cosa mangiare e sui principali punti di interesse delle localit\u00e0 lungo il Cammino del Nord.","breadcrumb":{"@id":"https:\/\/www.pilgrim.es\/it\/cammino-nord\/ribadeo\/#breadcrumb"},"inLanguage":"it-IT","potentialAction":[{"@type":"ReadAction","target":["https:\/\/www.pilgrim.es\/it\/cammino-nord\/ribadeo\/"]}]},{"@type":"ImageObject","inLanguage":"it-IT","@id":"https:\/\/www.pilgrim.es\/it\/cammino-nord\/ribadeo\/#primaryimage","url":"https:\/\/www.pilgrim.es\/wp-content\/uploads\/2019\/02\/ribadeo2.jpg","contentUrl":"https:\/\/www.pilgrim.es\/wp-content\/uploads\/2019\/02\/ribadeo2.jpg","width":1024,"height":695,"caption":"Ribadeo"},{"@type":"BreadcrumbList","@id":"https:\/\/www.pilgrim.es\/it\/cammino-nord\/ribadeo\/#breadcrumb","itemListElement":[{"@type":"ListItem","position":1,"name":"Camino de Santiago","item":"https:\/\/www.pilgrim.es\/it\/"},{"@type":"ListItem","position":2,"name":"Cammino del Nord","item":"https:\/\/www.pilgrim.es\/it\/cammino-nord\/"},{"@type":"ListItem","position":3,"name":"Ribadeo"}]},{"@type":"WebSite","@id":"https:\/\/www.pilgrim.es\/it\/#website","url":"https:\/\/www.pilgrim.es\/it\/","name":"Pilgrim","description":"Camino de Santiago | Caminamos Contigo","publisher":{"@id":"https:\/\/www.pilgrim.es\/it\/#organization"},"potentialAction":[{"@type":"SearchAction","target":{"@type":"EntryPoint","urlTemplate":"https:\/\/www.pilgrim.es\/it\/?s={search_term_string}"},"query-input":{"@type":"PropertyValueSpecification","valueRequired":true,"valueName":"search_term_string"}}],"inLanguage":"it-IT"},{"@type":"Organization","@id":"https:\/\/www.pilgrim.es\/it\/#organization","name":"Pilgrim Camino de Santiago","url":"https:\/\/www.pilgrim.es\/it\/","logo":{"@type":"ImageObject","inLanguage":"it-IT","@id":"https:\/\/www.pilgrim.es\/it\/#\/schema\/logo\/image\/","url":"https:\/\/www.pilgrim.es\/wp-content\/uploads\/2019\/04\/logo_pilgrim.png","contentUrl":"https:\/\/www.pilgrim.es\/wp-content\/uploads\/2019\/04\/logo_pilgrim.png","width":512,"height":512,"caption":"Pilgrim Camino de Santiago"},"image":{"@id":"https:\/\/www.pilgrim.es\/it\/#\/schema\/logo\/image\/"},"sameAs":["https:\/\/www.facebook.com\/pilgrim.es\/","https:\/\/x.com\/pilgrim_es","https:\/\/www.instagram.com\/pilgrim.es\/","https:\/\/www.linkedin.com\/company\/pilgrim-camino-de-santiago\/","https:\/\/www.pinterest.es\/pilgrimcaminodesantiago\/","https:\/\/www.youtube.com\/channel\/UCIv2ZzFLXVqthkNF32rKedw\/featured"]}]}},"_links":{"self":[{"href":"https:\/\/www.pilgrim.es\/it\/wp-json\/wp\/v2\/pages\/91318","targetHints":{"allow":["GET"]}}],"collection":[{"href":"https:\/\/www.pilgrim.es\/it\/wp-json\/wp\/v2\/pages"}],"about":[{"href":"https:\/\/www.pilgrim.es\/it\/wp-json\/wp\/v2\/types\/page"}],"replies":[{"embeddable":true,"href":"https:\/\/www.pilgrim.es\/it\/wp-json\/wp\/v2\/comments?post=91318"}],"version-history":[{"count":0,"href":"https:\/\/www.pilgrim.es\/it\/wp-json\/wp\/v2\/pages\/91318\/revisions"}],"up":[{"embeddable":true,"href":"https:\/\/www.pilgrim.es\/it\/wp-json\/wp\/v2\/pages\/10817"}],"wp:featuredmedia":[{"embeddable":true,"href":"https:\/\/www.pilgrim.es\/it\/wp-json\/wp\/v2\/media\/8130"}],"wp:attachment":[{"href":"https:\/\/www.pilgrim.es\/it\/wp-json\/wp\/v2\/media?parent=91318"}],"wp:term":[{"taxonomy":"category","embeddable":true,"href":"https:\/\/www.pilgrim.es\/it\/wp-json\/wp\/v2\/categories?post=91318"},{"taxonomy":"post_tag","embeddable":true,"href":"https:\/\/www.pilgrim.es\/it\/wp-json\/wp\/v2\/tags?post=91318"}],"curies":[{"name":"wp","href":"https:\/\/api.w.org\/{rel}","templated":true}]}}