{"id":91312,"date":"2025-03-17T14:58:14","date_gmt":"2025-03-17T14:58:14","guid":{"rendered":"https:\/\/www.pilgrim.es\/cammino-nord\/luarca\/"},"modified":"2025-03-17T14:58:14","modified_gmt":"2025-03-17T14:58:14","slug":"luarca","status":"publish","type":"page","link":"https:\/\/www.pilgrim.es\/it\/cammino-nord\/luarca\/","title":{"rendered":"Luarca"},"content":{"rendered":" <section id=\"hero\">\n\t<h1>Luarca<\/h1>\n\t<div class=\"hero-grid\">\n\t\t<div class=\"hero-grid__town-col\" data-background=\"https:\/\/cdn.pilgrim.es\/web\/caminos\/camino-norte\/pueblos\/luarca.jpg\">\n\t\t\t<div>\n\t\t\t\t<a class=\"link-to-stage\" href=\"https:\/\/www.pilgrim.es\/camino-norte\/etapa-25-cadavedo-luarca\/\">\n\t\t\t\t\t<p>&#8249; Ritorno al palcoscenico<\/p>\n\t\t\t\t<\/a>\n\n\t\t\t\t<div class=\"town-data\">\n\t\t\t\t\t<h2>Luarca<\/h2>\n\t\t\t\t\t<ul>\n\t\t\t\t\t\t<li>Abitanti: 4.118 aprox.<\/li>\n\t\t\t\t\t\t<li>Provincia: Asturias<\/li>\n\t\t\t\t\t<\/ul>\n\t\t\t\t<\/div>\n\t\t\t<\/div>\n\t\t<\/div>\n\t\t<div class=\"hero-grid__planner-col\"><div\r\n  class=\"p-col-span-1 p-rounded-lg p-px-5 p-h-full\"\r\n  style=\"background-image: url('https:\/\/cdn.pilgrim.es\/web\/pilgrim-planner\/bg-plugin-planificador.webp')\"\r\n  rel=\"preload\"\r\n  fetchpriority=\"high\"\r\n  >\r\n    <div class=\"p-text-center p-pt-5 p-text-white p-text-2xl p-font-semibold\">\r\n      Pianifica il tuo cammino    <\/div>\r\n    <div\r\n            id='primary-app'\r\n            data-name='banner'\r\n            data-api='https:\/\/pathfinder.pilgrim.es\/api\/pathfinder\/v2'\r\n            data-mode='normal'\r\n            data-lang='it'\r\n            data-route='1'\r\n            data-destiny='https:\/\/planificador.pilgrim.es'\r\n            data-modality='1'\r\n            data-inline=''\r\n        ><\/div><\/div><\/div>\n\t<\/div>\n<\/section>\n\n<section id=\"infoTown\">\n\t<div class=\"sections-town\">\n\n\t\t<div id=\"informationSection\">\n\t\t\t<div>\n\t\t\t\t<h2 class=\"p-h2-town\">Informazioni<\/h2>\n\t\t\t\t<hr>\n\t\t\t\t<h3 class=\"p-h3-town\">Get to know Luarca<\/h3>\n\t\t\t<\/div>\n\t\t\t<p>Luarca \u00e8 un piccolo villaggio del comune di Vald\u00e9s, la cui principale attivit\u00e0 economica \u00e8 la pesca, anche se oggi \u00e8 strettamente legata al Cammino di Santiago.<\/p> <p>Questo villaggio \u00e8 entrato di recente nella selezione dei 20 villaggi pi\u00f9 belli della Spagna, per cui il pellegrino che trascorre la notte a Luarca deve ammirarne attentamente ogni angolo.<\/p> &lt;p\n\t\t<\/div>\n\n\t\t<div id=\"locationSection\">\n\t\t\t<div>\n\t\t\t\t<h2 class=\"p-h2-town\">Posizione<\/h2>\n\t\t\t\t<hr>\n\t\t\t\t<h3 class=\"p-h3-town\">Come arrivare<\/h3>\n\t\t\t<\/div>\n\t\t\t<p>La citt\u00e0 di Luarca \u00e8 raggiungibile solo attraverso la strada nazionale N-634 e la superstrada A-8, entrambe le strade che collegano la Galizia ai Paesi Baschi, quindi l&#8217;accesso \u00e8 facile.<\/p> <p>L&#8217;accesso alla citt\u00e0 di Luarca \u00e8 facile.\n\n<p>Con i mezzi pubblici si pu\u00f2 arrivare grazie alla compagnia ALSA che offre linee di autobus che collegano la citt\u00e0 con il resto delle Asturie e delle citt\u00e0 spagnole. Per arrivare in treno c&#8217;\u00e8 una linea ferroviaria che collega Ferrol a Oviedo, con fermata in paese.\n\t\t\t<div>\n\t\t\t\t<div>\n  <iframe loading=\"lazy\"\n    src=\"https:\/\/www.google.com\/maps\/d\/embed?mid=1vtkH6ozrX3lYE23-AUMBbahHEAGBbRs&amp;ehbc=2E312F\"\n    width=\"640\"\n    height=\"480\"\n    alt=\"Mapa Luarca\"\n  ><\/iframe>\n<\/div>\n\n\t\t\t<\/div>\n\t\t<\/div>\n\n\t\t\n\t\t\t<div id=\"toVisitSection\">\n\t\t\t\t<div>\n\t\t\t\t\t<h2 class=\"p-h2-town\">Storia \/ Cultura<\/h2>\n\t\t\t\t\t<hr>\n\t\t\t\t\t<h3 class=\"p-h3-town\">Cosa vedere<\/h3>\n\t\t\t\t<\/div>\n\t\t\t\t<div>\n\t\t\t\t\t<div class=\"accordion\">\n\t\t\t\t\t\t<div class=\"accordion__menu\">\n\t\t\t\t\t\t\t<nav>\n\t\t\t\t\t\t\t\t\n\t\t\t\t\t\t\t\t\t<button class=\"nav-tab-accordion active\"><span>&#10093;<\/span><span> Centro de Interpretacio\u0301n de Hoces del Esva<\/span><\/button>\n\t\t\t\t\t\t\t\t\n\t\t\t\t\t\t\t\t\t<button class=\"nav-tab-accordion \"><span>&#10093;<\/span><span> CEPESMA<\/span><\/button>\n\t\t\t\t\t\t\t\t\n\t\t\t\t\t\t\t\t\t<button class=\"nav-tab-accordion \"><span>&#10093;<\/span><span> Circulo Liceo<\/span><\/button>\n\t\t\t\t\t\t\t\t\n\t\t\t\t\t\t\t\t\t<button class=\"nav-tab-accordion \"><span>&#10093;<\/span><span> Iglesia de Santa Eulalia<\/span><\/button>\n\t\t\t\t\t\t\t\t\n\t\t\t\t\t\t\t\t\t<button class=\"nav-tab-accordion \"><span>&#10093;<\/span><span> Mesa de mareantes<\/span><\/button>\n\t\t\t\t\t\t\t\t\n\t\t\t\t\t\t\t\t\t<button class=\"nav-tab-accordion \"><span>&#10093;<\/span><span> Mirador de la Funiar<\/span><\/button>\n\t\t\t\t\t\t\t\t\n\t\t\t\t\t\t\t\t\t<button class=\"nav-tab-accordion \"><span>&#10093;<\/span><span> Mirador del Chano<\/span><\/button>\n\t\t\t\t\t\t\t\t\n\t\t\t\t\t\t\t\t\t<button class=\"nav-tab-accordion \"><span>&#10093;<\/span><span> Museo rural etnogra\u0301fico<\/span><\/button>\n\t\t\t\t\t\t\t\t\n\t\t\t\t\t\t\t\t\t<button class=\"nav-tab-accordion \"><span>&#10093;<\/span><span> Palacio del Marque\u0301s de Ferrera<\/span><\/button>\n\t\t\t\t\t\t\t\t\n\t\t\t\t\t\t\t\t\t<button class=\"nav-tab-accordion \"><span>&#10093;<\/span><span> Playa de Salinas<\/span><\/button>\n\t\t\t\t\t\t\t\t\n\t\t\t\t\t\t\t\t\t<button class=\"nav-tab-accordion \"><span>&#10093;<\/span><span> Parque de la Vida<\/span><\/button>\n\t\t\t\t\t\t\t\t\n\t\t\t\t\t\t\t\t\t<button class=\"nav-tab-accordion \"><span>&#10093;<\/span><span> Playa de Luarca<\/span><\/button>\n\t\t\t\t\t\t\t\t\n\t\t\t\t\t\t\t\t\t<button class=\"nav-tab-accordion \"><span>&#10093;<\/span><span> Playa de Portizuelo<\/span><\/button>\n\t\t\t\t\t\t\t\t\n\t\t\t\t\t\t\t\t\t<button class=\"nav-tab-accordion \"><span>&#10093;<\/span><span> Playa de Quintana<\/span><\/button>\n\t\t\t\t\t\t\t\t\n\t\t\t\t\t\t\t\t\t<button class=\"nav-tab-accordion \"><span>&#10093;<\/span><span> Playa de Toura\u0301n<\/span><\/button>\n\t\t\t\t\t\t\t\t\n\t\t\t\t\t\t\t\t\t<button class=\"nav-tab-accordion \"><span>&#10093;<\/span><span> Villa Argentina<\/span><\/button>\n\t\t\t\t\t\t\t\t\n\t\t\t\t\t\t\t\t\t<button class=\"nav-tab-accordion \"><span>&#10093;<\/span><span> Faro<\/span><\/button>\n\t\t\t\t\t\t\t\t\n\t\t\t\t\t\t\t\t\t<button class=\"nav-tab-accordion \"><span>&#10093;<\/span><span> Villa Barrera<\/span><\/button>\n\t\t\t\t\t\t\t\t\n\t\t\t\t\t\t\t\t\t<button class=\"nav-tab-accordion \"><span>&#10093;<\/span><span> Villa Carmen<\/span><\/button>\n\t\t\t\t\t\t\t\t\n\t\t\t\t\t\t\t\t\t<button class=\"nav-tab-accordion \"><span>&#10093;<\/span><span> Villa Cristina<\/span><\/button>\n\t\t\t\t\t\t\t\t\n\t\t\t\t\t\t\t\t\t<button class=\"nav-tab-accordion \"><span>&#10093;<\/span><span> Villa Excelsior<\/span><\/button>\n\t\t\t\t\t\t\t\t\n\t\t\t\t\t\t\t\t\t<button class=\"nav-tab-accordion \"><span>&#10093;<\/span><span> Ayuntamiento<\/span><\/button>\n\t\t\t\t\t\t\t\t\n\t\t\t\t\t\t\t\t\t<button class=\"nav-tab-accordion \"><span>&#10093;<\/span><span> Atalaya y cementerio<\/span><\/button>\n\t\t\t\t\t\t\t\t\n\t\t\t\t\t\t\t<\/nav>\n\t\t\t\t\t\t<\/div>\n\n\t\t\t\t\t\t\n\t\t\t\t\t\t\t<div class=\"accordion__accordion-content \">\n\t\t\t\t\t\t\t\t<div>\n\t\t\t\t\t\t\t\t\t<div>\n\t\t\t\t\t\t\t\t\t\t<h4>Centro de Interpretacio\u0301n de Hoces del Esva<\/h4>\n\t\t\t\t\t\t\t\t\t\t<p>Il Centro di Interpretazione si propone di far scoprire ai visitatori il bacino dell&#8217;Esva, nonch\u00e9 le ricchezze naturali e artistiche della Valle di Paredes, attraverso diversi supporti audiovisivi, alcuni dei quali interattivi. <\/p>\n\n<p>Il centro \u00e8 dedicato alla lontra, poich\u00e9 l&#8217;Esva \u00e8 uno dei fiumi in Europa con il maggior numero di lontre. L&#8217;edificio si sviluppa su due piani: al piano terra i visitatori possono assistere a una proiezione sulla storia della valle. Inoltre, in questo stesso spazio \u00e8 possibile fare un tour delle citt\u00e0 attraversate dal fiume Esva, grazie a un simulatore di volo 3D.\n\t\t\t\t\t\t\t\t\t<\/div>\n\t\t\t\t\t\t\t\t\t<img decoding=\"async\" src=\"https:\/\/cdn.pilgrim.es\/web\/caminos\/camino-norte\/pueblos\/luarca\/puntos-de-interes\/centro-de-interpretacion-de-hoces-del-esva.jpg\" alt=\"Centro de Interpretacio\u0301n de Hoces del Esva\">\n\t\t\t\t\t\t\t\t<\/div>\n\t\t\t\t\t\t\t<\/div>\n\t\t\t\t\t\t\n\t\t\t\t\t\t\t<div class=\"accordion__accordion-content inactive\">\n\t\t\t\t\t\t\t\t<div>\n\t\t\t\t\t\t\t\t\t<div>\n\t\t\t\t\t\t\t\t\t\t<h4>CEPESMA<\/h4>\n\t\t\t\t\t\t\t\t\t\t<p>CEPESMA \u00e8 un&#8217;aula di mare che presenta otto specie molto particolari di calamari lunghi fino a tredici metri. Per questo motivo, questa mostra \u00e8 considerata una delle pi\u00f9 importanti del mondo marino in Spagna. <\/p>\n\n<p>CEPESMA ha l&#8217;obiettivo di sensibilizzare i visitatori alla tutela e alla conservazione della biodiversit\u00e0 marina.\n\n<p>L&#8217;aula marina espone pi\u00f9 di 700 specie che coesistono nei nostri mari, come tartarughe, molluschi, invertebrati, uccelli marini, ecc. \u00c8 senza dubbio una visita ideale per conoscere la vita marina dei nostri mari.\n\t\t\t\t\t\t\t\t\t<\/div>\n\t\t\t\t\t\t\t\t\t<img decoding=\"async\" src=\"https:\/\/cdn.pilgrim.es\/web\/caminos\/camino-norte\/pueblos\/luarca\/puntos-de-interes\/cepesma.jpg\" alt=\"CEPESMA\">\n\t\t\t\t\t\t\t\t<\/div>\n\t\t\t\t\t\t\t<\/div>\n\t\t\t\t\t\t\n\t\t\t\t\t\t\t<div class=\"accordion__accordion-content inactive\">\n\t\t\t\t\t\t\t\t<div>\n\t\t\t\t\t\t\t\t\t<div>\n\t\t\t\t\t\t\t\t\t\t<h4>Circulo Liceo<\/h4>\n\t\t\t\t\t\t\t\t\t\t<p>Il casin\u00f2 fu costruito all&#8217;inizio del XX secolo da Manuel del Busto. Questo edificio era un tempo utilizzato per attivit\u00e0 ricreative e sociali, come riunioni e altre attivit\u00e0 di svago che erano adatte solo agli uomini, poich\u00e9 le donne potevano entrare nel C\u00edrculo Liceo solo per determinati eventi come i balli.<\/p> <p>Il casin\u00f2 fu costruito all&#8217;inizio del XX secolo da Manuel del Busto.\n\n<p>La caratteristica principale dell&#8217;edificio \u00e8 la decorazione della facciata, in particolare le aperture originali.\n\n<p>Si pu\u00f2 sottolineare la decorazione della facciata con aperture originali e targhe con rilievi a forma di fiori, tipiche dello stile modernista. Tuttavia, le aperture del tetto e le loro cornici appartengono allo stile secessionista (modello viennese). Degno di nota \u00e8 anche il corpo annesso con tetto a terrazza.<\/p> <p>L&#8217;edificio \u00e8 stato costruito secondo lo stile viennese.\n\t\t\t\t\t\t\t\t\t<\/div>\n\t\t\t\t\t\t\t\t\t<img decoding=\"async\" src=\"https:\/\/cdn.pilgrim.es\/web\/caminos\/camino-norte\/pueblos\/luarca\/puntos-de-interes\/circulo-liceo.jpg\" alt=\"Circulo Liceo\">\n\t\t\t\t\t\t\t\t<\/div>\n\t\t\t\t\t\t\t<\/div>\n\t\t\t\t\t\t\n\t\t\t\t\t\t\t<div class=\"accordion__accordion-content inactive\">\n\t\t\t\t\t\t\t\t<div>\n\t\t\t\t\t\t\t\t\t<div>\n\t\t\t\t\t\t\t\t\t\t<h4>Iglesia de Santa Eulalia<\/h4>\n\t\t\t\t\t\t\t\t\t\t<p>La chiesa parrocchiale di Santa Eulalia risale alla prima met\u00e0 del XII secolo e ha quindi origini medievali. L&#8217;edificio originale fu distrutto alla fine del XIX secolo per costruire la chiesa che si trova oggi nello stesso luogo. <\/p>\n\n<p>La chiesa ha una pianta rettangolare e tre navate. Queste navate e l&#8217;abside sono coperte da volte a crociera e il transetto della navata centrale termina con una cupola, sostenuta da pennacchi. All&#8217;interno della chiesa si trovano anche dieci aperture che garantiscono l&#8217;illuminazione naturale.<\/p> <p>All&#8217;interno della chiesa si trovano dieci aperture che garantiscono l&#8217;illuminazione naturale.\n\t\t\t\t\t\t\t\t\t<\/div>\n\t\t\t\t\t\t\t\t\t<img decoding=\"async\" src=\"https:\/\/cdn.pilgrim.es\/web\/caminos\/camino-norte\/pueblos\/luarca\/puntos-de-interes\/iglesia-de-santa-eulalia.jpg\" alt=\"Iglesia de Santa Eulalia\">\n\t\t\t\t\t\t\t\t<\/div>\n\t\t\t\t\t\t\t<\/div>\n\t\t\t\t\t\t\n\t\t\t\t\t\t\t<div class=\"accordion__accordion-content inactive\">\n\t\t\t\t\t\t\t\t<div>\n\t\t\t\t\t\t\t\t\t<div>\n\t\t\t\t\t\t\t\t\t\t<h4>Mesa de mareantes<\/h4>\n\t\t\t\t\t\t\t\t\t\t<p>Si tratta di un recinto costruito all&#8217;inizio della seconda met\u00e0 del XX secolo sui resti di un&#8217;antica fortezza del XVI secolo con un tratto di mura. Il complesso presenta un tavolo di ardesia dietro il quale si trova una tela semicircolare dipinta da Goico Aguirre che raffigura una riunione di capitani di nave del XV secolo. Spiccano i versi in memoria delle vittime del mare e la figura di un cannone e di un&#8217;ancora.\n\t\t\t\t\t\t\t\t\t<\/div>\n\t\t\t\t\t\t\t\t\t<img decoding=\"async\" src=\"https:\/\/cdn.pilgrim.es\/web\/caminos\/camino-norte\/pueblos\/luarca\/puntos-de-interes\/mesa-de-mareantes.jpg\" alt=\"Mesa de mareantes\">\n\t\t\t\t\t\t\t\t<\/div>\n\t\t\t\t\t\t\t<\/div>\n\t\t\t\t\t\t\n\t\t\t\t\t\t\t<div class=\"accordion__accordion-content inactive\">\n\t\t\t\t\t\t\t\t<div>\n\t\t\t\t\t\t\t\t\t<div>\n\t\t\t\t\t\t\t\t\t\t<h4>Mirador de la Funiar<\/h4>\n\t\t\t\t\t\t\t\t\t\t<p>Il Mirador de la Funiar \u00e8 un punto panoramico da cui si pu\u00f2 vedere praticamente tutta la citt\u00e0 di Luarca, raggiungibile a piedi dal quartiere di Villar e anche in auto da Almu\u00f1a. <\/p>\n\n<p> \u00c8 perfetto per godersi l&#8217;impressionante vista al tramonto o per mangiare e riposare, dato che dispone di panchine.\n\t\t\t\t\t\t\t\t\t<\/div>\n\t\t\t\t\t\t\t\t\t<img decoding=\"async\" src=\"https:\/\/cdn.pilgrim.es\/web\/caminos\/camino-norte\/pueblos\/luarca\/puntos-de-interes\/mirador-de-la-funiar.jpg\" alt=\"Mirador de la Funiar\">\n\t\t\t\t\t\t\t\t<\/div>\n\t\t\t\t\t\t\t<\/div>\n\t\t\t\t\t\t\n\t\t\t\t\t\t\t<div class=\"accordion__accordion-content inactive\">\n\t\t\t\t\t\t\t\t<div>\n\t\t\t\t\t\t\t\t\t<div>\n\t\t\t\t\t\t\t\t\t\t<h4>Mirador del Chano<\/h4>\n\t\t\t\t\t\t\t\t\t\t<p>Ad ovest di Luarca si trova questo belvedere, noto come Mirador del Chano, da cui si pu\u00f2 godere di una vista su numerose spiagge, sul porto o sulla zona del centro cittadino, oltre che sull&#8217;eremo di San Roque che si trova lungo il percorso. Ha la possibilit\u00e0 di accesso sia pedonale che veicolare.\n\t\t\t\t\t\t\t\t\t<\/div>\n\t\t\t\t\t\t\t\t\t<img decoding=\"async\" src=\"https:\/\/cdn.pilgrim.es\/web\/caminos\/camino-norte\/pueblos\/luarca\/puntos-de-interes\/mirador-del-chano.jpg\" alt=\"Mirador del Chano\">\n\t\t\t\t\t\t\t\t<\/div>\n\t\t\t\t\t\t\t<\/div>\n\t\t\t\t\t\t\n\t\t\t\t\t\t\t<div class=\"accordion__accordion-content inactive\">\n\t\t\t\t\t\t\t\t<div>\n\t\t\t\t\t\t\t\t\t<div>\n\t\t\t\t\t\t\t\t\t\t<h4>Museo rural etnogra\u0301fico<\/h4>\n\t\t\t\t\t\t\t\t\t\t<p>Il Museo Etnografico Rurale si trova a San Mart\u00edn, a meno di due chilometri da Luarca. Si tratta di un museo con 1.300 pezzi, tra cui attrezzi agricoli e contadini, esposti in dodici spazi aperti al pubblico.\n\t\t\t\t\t\t\t\t\t<\/div>\n\t\t\t\t\t\t\t\t\t<img decoding=\"async\" src=\"https:\/\/cdn.pilgrim.es\/web\/caminos\/camino-norte\/pueblos\/luarca\/puntos-de-interes\/museo-rural-etnografico.jpg\" alt=\"Museo rural etnogra\u0301fico\">\n\t\t\t\t\t\t\t\t<\/div>\n\t\t\t\t\t\t\t<\/div>\n\t\t\t\t\t\t\n\t\t\t\t\t\t\t<div class=\"accordion__accordion-content inactive\">\n\t\t\t\t\t\t\t\t<div>\n\t\t\t\t\t\t\t\t\t<div>\n\t\t\t\t\t\t\t\t\t\t<h4>Palacio del Marque\u0301s de Ferrera<\/h4>\n\t\t\t\t\t\t\t\t\t\t<p>Conosciuto anche come Palacio de La Moral, si trova in via Olavarrieta, conosciuta dai locali come Los Escalerones, dove passava il cammino di Santiago. Il complesso \u00e8 stato dichiarato Bene di Interesse Culturale, con la categoria di Monumento Storico-Artistico.\n\n<p>Il palazzo presenta i resti di una torre, due ali a forma di L, una cappella e delle scuderie.<\/p> <p>Il palazzo presenta i resti di una torre, due ali a forma di L, una cappella e delle scuderie.\n\n<p>La torre, che risale al XIII secolo, \u00e8 la parte pi\u00f9 antica del palazzo. La torre, risalente al XIII secolo, \u00e8 la parte pi\u00f9 antica del palazzo, ma oggi \u00e8 solo un altro elemento dell&#8217;edificio, in quanto la sua altezza \u00e8 stata ridotta.<\/p> <p>La torre, risalente al XIII secolo, \u00e8 la parte pi\u00f9 antica del palazzo.\n\n<p>Il palazzo \u00e8 diviso in due volumi di epoche diverse, collegati tra loro da una sala sorretta da un arco a campana.<\/p> <p>Il palazzo \u00e8 diviso in due volumi di epoche diverse, collegati tra loro da una sala sorretta da un arco a campana.\n\n<p>L&#8217;edificio ospita attualmente, in una parte, la Casa della Cultura di Luarca e, nell&#8217;altra, la Stazione di Polizia.<\/p> <p>Il palazzo \u00e8 diviso in due volumi di epoche diverse, collegati tra loro da una sala sorretta da un arco a campana.\n\t\t\t\t\t\t\t\t\t<\/div>\n\t\t\t\t\t\t\t\t\t<img decoding=\"async\" src=\"https:\/\/cdn.pilgrim.es\/web\/caminos\/camino-norte\/pueblos\/luarca\/puntos-de-interes\/palacio-del-marques-de-ferrera.jpg\" alt=\"Palacio del Marque\u0301s de Ferrera\">\n\t\t\t\t\t\t\t\t<\/div>\n\t\t\t\t\t\t\t<\/div>\n\t\t\t\t\t\t\n\t\t\t\t\t\t\t<div class=\"accordion__accordion-content inactive\">\n\t\t\t\t\t\t\t\t<div>\n\t\t\t\t\t\t\t\t\t<div>\n\t\t\t\t\t\t\t\t\t\t<h4>Playa de Salinas<\/h4>\n\t\t\t\t\t\t\t\t\t\t<p>Questa spiaggia, insieme alla prima e alla seconda spiaggia di Luarca, costituisce il gruppo di spiagge dell&#8217;attraente localit\u00e0 di Luarca. Si tratta di una spiaggia molto pulita, dotata di tutti i tipi di servizi e molto frequentata durante i mesi estivi. <\/p>\n\n<p>Questa zona sabbiosa \u00e8 accessibile attraverso il lungomare, che inizia dalla seconda spiaggia di Luarca, e quindi non \u00e8 raggiungibile in auto.\n\t\t\t\t\t\t\t\t\t<\/div>\n\t\t\t\t\t\t\t\t\t<img decoding=\"async\" src=\"https:\/\/cdn.pilgrim.es\/web\/caminos\/camino-norte\/pueblos\/luarca\/puntos-de-interes\/playa-de-salinas.jpg\" alt=\"Playa de Salinas\">\n\t\t\t\t\t\t\t\t<\/div>\n\t\t\t\t\t\t\t<\/div>\n\t\t\t\t\t\t\n\t\t\t\t\t\t\t<div class=\"accordion__accordion-content inactive\">\n\t\t\t\t\t\t\t\t<div>\n\t\t\t\t\t\t\t\t\t<div>\n\t\t\t\t\t\t\t\t\t\t<h4>Parque de la Vida<\/h4>\n\t\t\t\t\t\t\t\t\t\t<p>Il Parco della Vita si trova su un terreno di 32.000 m2 e ha un percorso di circa un chilometro in cui \u00e8 possibile passeggiare e vedere le unit\u00e0 di misurazione del clima e due stazioni meteorologiche. Il parco \u00e8 suddiviso nelle seguenti aree:<\/p> &lt;p\n\t\t\t\t\t\t\t\t\t<\/div>\n\t\t\t\t\t\t\t\t\t<img decoding=\"async\" src=\"https:\/\/cdn.pilgrim.es\/web\/caminos\/camino-norte\/pueblos\/luarca\/puntos-de-interes\/parque-de-la-vida.jpg\" alt=\"Parque de la Vida\">\n\t\t\t\t\t\t\t\t<\/div>\n\t\t\t\t\t\t\t<\/div>\n\t\t\t\t\t\t\n\t\t\t\t\t\t\t<div class=\"accordion__accordion-content inactive\">\n\t\t\t\t\t\t\t\t<div>\n\t\t\t\t\t\t\t\t\t<div>\n\t\t\t\t\t\t\t\t\t\t<h4>Playa de Luarca<\/h4>\n\t\t\t\t\t\t\t\t\t\t<p>Le due spiagge di Luarca sono riparate dalla forza del mare da diverse barriere, il che significa che le due formano un&#8217;unica area sabbiosa, molto frequentata nei mesi estivi.<\/p> <p>Le due spiagge di Luarca sono riparate dalla forza del mare da diverse barriere, il che significa che le due formano un&#8217;unica area sabbiosa, molto frequentata nei mesi estivi.\n\n<p>Questa zona sabbiosa \u00e8 completamente urbana, anche se conserva una grande attrattiva naturale. Per questo motivo, l&#8217;accesso alle spiagge pu\u00f2 avvenire in auto o a piedi. Si tratta di un ambiente urbano privilegiato che permette al visitatore di osservare il collegamento del porto di pesca e della marina con il mare.\n\t\t\t\t\t\t\t\t\t<\/div>\n\t\t\t\t\t\t\t\t\t<img decoding=\"async\" src=\"https:\/\/cdn.pilgrim.es\/web\/caminos\/camino-norte\/pueblos\/luarca\/puntos-de-interes\/playa-de-luarca.jpg\" alt=\"Playa de Luarca\">\n\t\t\t\t\t\t\t\t<\/div>\n\t\t\t\t\t\t\t<\/div>\n\t\t\t\t\t\t\n\t\t\t\t\t\t\t<div class=\"accordion__accordion-content inactive\">\n\t\t\t\t\t\t\t\t<div>\n\t\t\t\t\t\t\t\t\t<div>\n\t\t\t\t\t\t\t\t\t\t<h4>Playa de Portizuelo<\/h4>\n\t\t\t\t\t\t\t\t\t\t<p>La spiaggia di Portizuelo \u00e8 una spiaggia sabbiosa e ghiaiosa formata da massi che si trova all&#8217;interno del Paesaggio Protetto della Costa Occidentale. Questa spiaggia si distingue per essere stata, in passato, il luogo di incontro delle &#8220;maruyas&#8221;, le donne del villaggio che facevano il bagno in mare vestite con i loro abiti. Inoltre, la zona sabbiosa \u00e8 anche molto famosa tra i pittori, in quanto ospita la cosiddetta &#8220;Pietra dell&#8217;olio&#8221;.\n\t\t\t\t\t\t\t\t\t<\/div>\n\t\t\t\t\t\t\t\t\t<img decoding=\"async\" src=\"https:\/\/cdn.pilgrim.es\/web\/caminos\/camino-norte\/pueblos\/luarca\/puntos-de-interes\/playa-de-portizuelo.jpg\" alt=\"Playa de Portizuelo\">\n\t\t\t\t\t\t\t\t<\/div>\n\t\t\t\t\t\t\t<\/div>\n\t\t\t\t\t\t\n\t\t\t\t\t\t\t<div class=\"accordion__accordion-content inactive\">\n\t\t\t\t\t\t\t\t<div>\n\t\t\t\t\t\t\t\t\t<div>\n\t\t\t\t\t\t\t\t\t\t<h4>Playa de Quintana<\/h4>\n\t\t\t\t\t\t\t\t\t\t<p>La spiaggia di Quintana si trova all&#8217;interno del Paesaggio Protetto della Costa Occidentale, in un luogo di grande attrazione naturale. Ha una lunghezza di circa un chilometro, con un grande interesse per la pesca e un facile accesso.\n\t\t\t\t\t\t\t\t\t<\/div>\n\t\t\t\t\t\t\t\t\t<img decoding=\"async\" src=\"https:\/\/cdn.pilgrim.es\/web\/caminos\/camino-norte\/pueblos\/luarca\/puntos-de-interes\/playa-de-quintana.jpg\" alt=\"Playa de Quintana\">\n\t\t\t\t\t\t\t\t<\/div>\n\t\t\t\t\t\t\t<\/div>\n\t\t\t\t\t\t\n\t\t\t\t\t\t\t<div class=\"accordion__accordion-content inactive\">\n\t\t\t\t\t\t\t\t<div>\n\t\t\t\t\t\t\t\t\t<div>\n\t\t\t\t\t\t\t\t\t\t<h4>Playa de Toura\u0301n<\/h4>\n\t\t\t\t\t\t\t\t\t\t<p>La spiaggia di Tour\u00e1n si trova all&#8217;interno del Paesaggio Protetto della Costa Occidentale e si trova in un&#8217;insenatura molto vicina alla citt\u00e0 di Luarca.<\/p> <p>La spiaggia di Tour\u00e1n si trova all&#8217;interno del Paesaggio Protetto della Costa Occidentale e si trova in un&#8217;insenatura molto vicina alla citt\u00e0 di Luarca.\n\n<p>La zona sabbiosa, insieme alla foce del fiume, all&#8217;isolotto e alle scogliere, formano uno scenario di grande bellezza paesaggistica, raggiungibile in auto fino al campeggio, anche se si consiglia di percorrere il resto del tragitto a piedi a causa del cattivo stato della strada.<\/p> <p>La spiaggia si trova in un&#8217;insenatura molto vicina alla citt\u00e0 di Luarca.\n\t\t\t\t\t\t\t\t\t<\/div>\n\t\t\t\t\t\t\t\t\t<img decoding=\"async\" src=\"https:\/\/cdn.pilgrim.es\/web\/caminos\/camino-norte\/pueblos\/luarca\/puntos-de-interes\/playa-de-touran.jpg\" alt=\"Playa de Toura\u0301n\">\n\t\t\t\t\t\t\t\t<\/div>\n\t\t\t\t\t\t\t<\/div>\n\t\t\t\t\t\t\n\t\t\t\t\t\t\t<div class=\"accordion__accordion-content inactive\">\n\t\t\t\t\t\t\t\t<div>\n\t\t\t\t\t\t\t\t\t<div>\n\t\t\t\t\t\t\t\t\t\t<h4>Villa Argentina<\/h4>\n\t\t\t\t\t\t\t\t\t\t<p>Villa Argentina fu commissionata da Manuel Garc\u00eda Fern\u00e1ndez ed \u00e8 un&#8217;elegante villa costruita con angoli in granito che, a loro volta, delimitano le doppie finestre. La parte pi\u00f9 centrale della facciata \u00e8 leggermente rialzata e termina con una gronda a frontone, delimitata da una palmetta a forma di acroterio. L&#8217;elemento di spicco dell&#8217;insieme \u00e8 la galleria vetrata che sovrasta la porta principale. La galleria \u00e8 sostenuta da quattro colonne in ferro.\n\t\t\t\t\t\t\t\t\t<\/div>\n\t\t\t\t\t\t\t\t\t<img decoding=\"async\" src=\"https:\/\/cdn.pilgrim.es\/web\/caminos\/camino-norte\/pueblos\/luarca\/puntos-de-interes\/villa-argentina.jpg\" alt=\"Villa Argentina\">\n\t\t\t\t\t\t\t\t<\/div>\n\t\t\t\t\t\t\t<\/div>\n\t\t\t\t\t\t\n\t\t\t\t\t\t\t<div class=\"accordion__accordion-content inactive\">\n\t\t\t\t\t\t\t\t<div>\n\t\t\t\t\t\t\t\t\t<div>\n\t\t\t\t\t\t\t\t\t\t<h4>Faro<\/h4>\n\t\t\t\t\t\t\t\t\t\t<p>Si tratta di un edificio risalente alla seconda met\u00e0 del XIX secolo, composto dalla casa del guardiano del faro e da una torre.<\/p> <p>\u00c8 stato costruito nella seconda met\u00e0 del XIX secolo.\n\t\t\t\t\t\t\t\t\t<\/div>\n\t\t\t\t\t\t\t\t\t<img decoding=\"async\" src=\"https:\/\/cdn.pilgrim.es\/web\/caminos\/camino-norte\/pueblos\/luarca\/puntos-de-interes\/faro.jpg\" alt=\"Faro\">\n\t\t\t\t\t\t\t\t<\/div>\n\t\t\t\t\t\t\t<\/div>\n\t\t\t\t\t\t\n\t\t\t\t\t\t\t<div class=\"accordion__accordion-content inactive\">\n\t\t\t\t\t\t\t\t<div>\n\t\t\t\t\t\t\t\t\t<div>\n\t\t\t\t\t\t\t\t\t\t<h4>Villa Barrera<\/h4>\n\t\t\t\t\t\t\t\t\t\t<p>Villa Barrera era una grande casa commissionata da Jos\u00e9 Garc\u00eda Fern\u00e1ndez ma costruita da Juan Miguel de la Guardia. L&#8217;edificio si distingue per la sua orizzontalit\u00e0 e per la sua divisione in un seminterrato e in un piano principale. Si distingue anche per la combinazione di due facciate simmetriche in stile classicista con altre due in stile gotico, creando un edificio unico. <\/p>\n\t\t\t\t\t\t\t\t\t<\/div>\n\t\t\t\t\t\t\t\t\t<img decoding=\"async\" src=\"https:\/\/cdn.pilgrim.es\/web\/caminos\/camino-norte\/pueblos\/luarca\/puntos-de-interes\/villa-barrera.jpg\" alt=\"Villa Barrera\">\n\t\t\t\t\t\t\t\t<\/div>\n\t\t\t\t\t\t\t<\/div>\n\t\t\t\t\t\t\n\t\t\t\t\t\t\t<div class=\"accordion__accordion-content inactive\">\n\t\t\t\t\t\t\t\t<div>\n\t\t\t\t\t\t\t\t\t<div>\n\t\t\t\t\t\t\t\t\t\t<h4>Villa Carmen<\/h4>\n\t\t\t\t\t\t\t\t\t\t<p>Villa Carmen \u00e8 una propriet\u00e0 costruita alla fine del XIX secolo da Juan Miguel de La Guardia e appartenuta alla famiglia Olavarrieta fino al 1905, quando divenne propriet\u00e0 della famiglia Ochoa de Albornoz, la casa dove nacque il famoso Severo Ochoa. Questa nuova dimora fu chiamata Villa Carmen in onore di Carmen de Albornoz Limiana, sua madre.\n\n<p>Questa villa \u00e8 a forma di H e ha tre corpi, uno centrale con un tetto a galleria vetrata a struttura geometrica, che \u00e8 il punto culminante della dimora, e anche con dipinti murali sul soffitto. I due corpi laterali sono a forma di torre e sono sormontati da un timpano. <\/p>\n\t\t\t\t\t\t\t\t\t<\/div>\n\t\t\t\t\t\t\t\t\t<img decoding=\"async\" src=\"https:\/\/cdn.pilgrim.es\/web\/caminos\/camino-norte\/pueblos\/luarca\/puntos-de-interes\/villa-carmen.jpg\" alt=\"Villa Carmen\">\n\t\t\t\t\t\t\t\t<\/div>\n\t\t\t\t\t\t\t<\/div>\n\t\t\t\t\t\t\n\t\t\t\t\t\t\t<div class=\"accordion__accordion-content inactive\">\n\t\t\t\t\t\t\t\t<div>\n\t\t\t\t\t\t\t\t\t<div>\n\t\t\t\t\t\t\t\t\t\t<h4>Villa Cristina<\/h4>\n\t\t\t\t\t\t\t\t\t\t<p>Villa Cristina \u00e8 un edificio in stile neorinascimentale costruito alla fine del XIX secolo. L&#8217;edificio ha una pianta quadrangolare con tre sezioni e una struttura a forma di H. La porta d&#8217;ingresso \u00e8 al centro della facciata, formata da due colonne attaccate con volute e architrave decorato. La porta d&#8217;ingresso si trova al centro della facciata, formata da due colonne attaccate con volute e un architrave decorato. L&#8217;edificio dispone anche di una casa per la servit\u00f9 e di un garage, situato in un&#8217;area della tenuta. <\/p>\n\t\t\t\t\t\t\t\t\t<\/div>\n\t\t\t\t\t\t\t\t\t<img decoding=\"async\" src=\"https:\/\/cdn.pilgrim.es\/web\/caminos\/camino-norte\/pueblos\/luarca\/puntos-de-interes\/villa-cristina.jpg\" alt=\"Villa Cristina\">\n\t\t\t\t\t\t\t\t<\/div>\n\t\t\t\t\t\t\t<\/div>\n\t\t\t\t\t\t\n\t\t\t\t\t\t\t<div class=\"accordion__accordion-content inactive\">\n\t\t\t\t\t\t\t\t<div>\n\t\t\t\t\t\t\t\t\t<div>\n\t\t\t\t\t\t\t\t\t\t<h4>Villa Excelsior<\/h4>\n\t\t\t\t\t\t\t\t\t\t<p>Villa Excelsior \u00e8 una grande casa costruita all&#8217;inizio del XX secolo da Manuel de Busto. La sua pianta \u00e8 lunga trenta metri e larga venti, con una struttura rettangolare. \u00c8 composta da tre corpi irregolari che formano una costruzione asimmetrica. All&#8217;angolo dell&#8217;edificio si erge l&#8217;imponente torre coperta da una cupola di tegole verdi.\n\t\t\t\t\t\t\t\t\t<\/div>\n\t\t\t\t\t\t\t\t\t<img decoding=\"async\" src=\"https:\/\/cdn.pilgrim.es\/web\/caminos\/camino-norte\/pueblos\/luarca\/puntos-de-interes\/villa-excelsior.jpg\" alt=\"Villa Excelsior\">\n\t\t\t\t\t\t\t\t<\/div>\n\t\t\t\t\t\t\t<\/div>\n\t\t\t\t\t\t\n\t\t\t\t\t\t\t<div class=\"accordion__accordion-content inactive\">\n\t\t\t\t\t\t\t\t<div>\n\t\t\t\t\t\t\t\t\t<div>\n\t\t\t\t\t\t\t\t\t\t<h4>Ayuntamiento<\/h4>\n\t\t\t\t\t\t\t\t\t\t<p>Entrambe sono situate su un tumulo che fungeva da bastione difensivo contro gli attacchi dal mare. Fu costruito per la prima volta nel XIII secolo, anche se in seguito sub\u00ec numerose modifiche, soprattutto nel XVIII secolo. La facciata presenta un portale principale con arco a campana e bordi grigio chiaro e contorni neri. Sopra questa facciata si trova il campanile con due pilastri e una piccola volta semicircolare in cui si trovano la campana e il frontone trasversale. <\/p>\n\n<p>Si tratta di un edificio in legno con un piano in vetro e un rosone circolare, oltre a un tetto a capanna. Il campanile ha accesso alla parte superiore per mezzo di una bella scala a chiocciola.<\/p> <p>Il campanile \u00e8 un edificio in legno con tetto in vetro e rosone circolare.\n\t\t\t\t\t\t\t\t\t<\/div>\n\t\t\t\t\t\t\t\t\t<img decoding=\"async\" src=\"https:\/\/cdn.pilgrim.es\/web\/caminos\/camino-norte\/pueblos\/luarca\/puntos-de-interes\/ayuntamiento.jpg\" alt=\"Ayuntamiento\">\n\t\t\t\t\t\t\t\t<\/div>\n\t\t\t\t\t\t\t<\/div>\n\t\t\t\t\t\t\n\t\t\t\t\t\t\t<div class=\"accordion__accordion-content inactive\">\n\t\t\t\t\t\t\t\t<div>\n\t\t\t\t\t\t\t\t\t<div>\n\t\t\t\t\t\t\t\t\t\t<h4>Atalaya y cementerio<\/h4>\n\t\t\t\t\t\t\t\t\t\t<p>Entrambe sono situate su un tumulo che fungeva da bastione difensivo contro gli attacchi dal mare. Fu costruito per la prima volta nel XIII secolo, anche se in seguito sub\u00ec numerose modifiche, soprattutto nel XVIII secolo. La facciata presenta un portale principale con arco a campana e bordi grigio chiaro e contorni neri. Sopra questa facciata si trova il campanile con due pilastri e una piccola volta semicircolare in cui si trovano la campana e il frontone trasversale. <\/p>\n\n<p>Si tratta di un edificio in legno con un piano in vetro e un rosone circolare, oltre a un tetto a capanna. Il campanile ha accesso alla parte superiore tramite una bella scala a chiocciola.<\/p> <p>Il campanile \u00e8 un edificio in legno con tetto in vetro e rosone circolare.\n\t\t\t\t\t\t\t\t\t<\/div>\n\t\t\t\t\t\t\t\t\t<img decoding=\"async\" src=\"https:\/\/cdn.pilgrim.es\/web\/caminos\/camino-norte\/pueblos\/luarca\/puntos-de-interes\/atalaya-y-cementerio.jpg\" alt=\"Atalaya y cementerio\">\n\t\t\t\t\t\t\t\t<\/div>\n\t\t\t\t\t\t\t<\/div>\n\t\t\t\t\t\t\n\t\t\t\t\t<\/div>\n\t\t\t\t<\/div>\n\t\t\t<\/div>\n\t\t\n\n\t\t<div id=\"phonesSection\">\n\t\t\t<div>\n\t\t\t\t<h2 class=\"p-h3-town\">Informazioni di interesse<\/h2>\n\t\t\t<\/div>\n\t\t\t<div class=\"grid\">\n\t\t\t\t\n\t\t\t\t\t<div class=\"phone-number-item\">\n\t\t\t\t\t\t<div class=\"phone-number-item__icon\"><i class=\"icon-police\"><\/i><\/div>\n\t\t\t\t\t\t<div class=\"phone-number-item__title\">\n\t\t\t\t\t\t\t<h3 class=\"p-font-bold\">Polizia locale<\/h3>\n\t\t\t\t\t\t\t<p>985 470 708<\/p>\n\t\t\t\t\t\t\t\n\t\t\t\t\t\t<\/div>\n\t\t\t\t\t<\/div>\n\t\t\t\t\n\t\t\t\t\t<div class=\"phone-number-item\">\n\t\t\t\t\t\t<div class=\"phone-number-item__icon\"><i class=\"icon-spanish-military-police\"><\/i><\/div>\n\t\t\t\t\t\t<div class=\"phone-number-item__title\">\n\t\t\t\t\t\t\t<h3 class=\"p-font-bold\">Guardia civile<\/h3>\n\t\t\t\t\t\t\t<p>985 640 565<\/p>\n\t\t\t\t\t\t\t\n\t\t\t\t\t\t<\/div>\n\t\t\t\t\t<\/div>\n\t\t\t\t\n\t\t\t\t\t<div class=\"phone-number-item\">\n\t\t\t\t\t\t<div class=\"phone-number-item__icon\"><i class=\"icon-firefighters\"><\/i><\/div>\n\t\t\t\t\t\t<div class=\"phone-number-item__title\">\n\t\t\t\t\t\t\t<h3 class=\"p-font-bold\">Vigili del fuoco<\/h3>\n\t\t\t\t\t\t\t<p>985 640 680<\/p>\n\t\t\t\t\t\t\t\n\t\t\t\t\t\t<\/div>\n\t\t\t\t\t<\/div>\n\t\t\t\t\n\t\t\t\t\t<div class=\"phone-number-item\">\n\t\t\t\t\t\t<div class=\"phone-number-item__icon\"><i class=\"icon-civil-protection\"><\/i><\/div>\n\t\t\t\t\t\t<div class=\"phone-number-item__title\">\n\t\t\t\t\t\t\t<h3 class=\"p-font-bold\">Protezione civile<\/h3>\n\t\t\t\t\t\t\t<p>659 942 158<\/p>\n\t\t\t\t\t\t\t\n\t\t\t\t\t\t<\/div>\n\t\t\t\t\t<\/div>\n\t\t\t\t\n\t\t\t\t\t<div class=\"phone-number-item\">\n\t\t\t\t\t\t<div class=\"phone-number-item__icon\"><i class=\"icon-town-council\"><\/i><\/div>\n\t\t\t\t\t\t<div class=\"phone-number-item__title\">\n\t\t\t\t\t\t\t<h3 class=\"p-font-bold\">Municipio<\/h3>\n\t\t\t\t\t\t\t<p>985 640 085<\/p>\n\t\t\t\t\t\t\t\n\t\t\t\t\t\t<\/div>\n\t\t\t\t\t<\/div>\n\t\t\t\t\n\t\t\t\t\t<div class=\"phone-number-item\">\n\t\t\t\t\t\t<div class=\"phone-number-item__icon\"><i class=\"icon-hospital\"><\/i><\/div>\n\t\t\t\t\t\t<div class=\"phone-number-item__title\">\n\t\t\t\t\t\t\t<h3 class=\"p-font-bold\">Centro sanitario<\/h3>\n\t\t\t\t\t\t\t<p>985 641 699<\/p>\n\t\t\t\t\t\t\t\n\t\t\t\t\t\t<\/div>\n\t\t\t\t\t<\/div>\n\t\t\t\t\n\t\t\t\t\t<div class=\"phone-number-item\">\n\t\t\t\t\t\t<div class=\"phone-number-item__icon\"><i class=\"icon-tourism\"><\/i><\/div>\n\t\t\t\t\t\t<div class=\"phone-number-item__title\">\n\t\t\t\t\t\t\t<h3 class=\"p-font-bold\">Ufficio turistico<\/h3>\n\t\t\t\t\t\t\t<p>985 640 083<\/p>\n\t\t\t\t\t\t\t\n\t\t\t\t\t\t\t\t<p>Plaza Alfonso X el Sabio s\/n (Palacio del Marqu\u00e9s de Gamoneda)<\/p>\n\t\t\t\t\t\t\t\n\t\t\t\t\t\t<\/div>\n\t\t\t\t\t<\/div>\n\t\t\t\t\n\t\t\t<\/div>\n\t\t<\/div>\n\n\t\t<div id=\"clientForm\">\n        <section>\n        <img decoding=\"async\" src=\"https:\/\/cdn.pilgrim.es\/web\/home\/email-contacto.png\" alt=\"contacto\">\n        <div>\n            <p>Ti inviamo la tua pianificazione<\/p>\n            <p>Forniscici i tuoi dati e ricevi la pianificazione del tuo viaggio via email <\/p>\n            <form method=\"post\" data-url=\"\/wp-admin\/admin-ajax.php\" id=\"planner--client\" class=\"flag-right form-client\">\n    <div class=\"form-data\">\n        <input name=\"form_id\" type=\"hidden\" value=\"Formulario Leads\">\n        <input name=\"type\" type=\"hidden\" value=\"planner_client\">\n        <input type=\"text\" name=\"nombre\" value=\"\" size=\"40\" class=\"form-control\" aria-required=\"true\" aria-invalid=\"false\" placeholder=\"Nome\">\n        <input type=\"email\" name=\"email\" value=\"\" size=\"40\" class=\"form-control\" aria-required=\"true\" aria-invalid=\"false\" placeholder=\"Mail\">\n        <input type=\"text\" id=\"phone-input\" name=\"tel\" value=\"\" size=\"40\" class=\"phone-input form-control\" aria-required=\"true\" aria-invalid=\"false\" placeholder=\"Telefono\">\n        <input type=\"hidden\" name=\"telefono\">\n    <\/div>\n    <div class=\"form-checkbox\">\n        <span>\n            Pilgrim Travel. S.L. informa, come previsto dal Regolamento 2016\/679, che i dati utilizzati in questo modulo verranno utilizzati sia per la risposta delle eventuali consultazioni sia per la pub-blicazione dei commenti, essendo il consenso dell'utente la base di legittimazione. Potranno esse-re esercitati i diritti in conformit\u00e0 con quanto stabilito dalla nostra             <a href=\"https:\/\/www.pilgrim.es\/it\/informativa-sulla-privacy\/\" target=\"_blank\" rel=\"noopener noreferrer nofollow\">Politica di privacy.<\/a>\n        <\/span>\n    <\/div>\n\n    <div class=\"form-submit\">\n        <button id=\"planner--client-create\" type=\"submit\">Formulario di contatto<\/button>\n        <div class=\"loadingDiv\"><i class=\"p-spinner\"><\/i><\/div>\n    <\/div>\n\n    <div class=\"contact-content-form-success\">\n        <p><i class=\"fas fa-check\"><\/i> Il modulo \u00e8 stato inviato correttamente<\/p>\n    <\/div>\n\n    <div class=\"contact-content-form-error\">\n        <span class=\"input-error\"><\/span>\n    <\/div>\n<\/form>        <\/div>\n    <\/section>\n<\/div>\n\n\t\t<div id=\"recomendationSection\">\n\t\t\t<div>\n\t\t\t\t<h2 class=\"p-h2-town\">Consigliato<\/h2>\n\t\t\t\t<hr>\n\t\t\t\t<h3 class=\"p-h3-town\">Gastronomia<\/h3>\n\t\t\t<\/div>\n\t\t\tLa gastronomia di Luarca \u00e8 influenzata dalla gastronomia asturiana in generale, anche se ha sempre mantenuto le ricette tradizionali tipiche della zona, come la zuppa di pixin di Luarca, il grongo alla luarcense, gli stufati di pesce e frutti di mare, lo stufato di cavolo, lo stufato di fagioli, l&#8217;involtino di bonito, il calamaro nel suo inchiostro, l&#8217;elver, lo sgombro o i pasticci di controfiletto.\n\nDa segnalare anche le patate con salsiccia chorizo, la trippa o qualsiasi pesce o frutto di mare proveniente dalle acque pulite della zona.\n\t\t<\/div>\n\n\n\t\t\n\t\t\t<div id=\"holidaysSection\">\n\t\t\t\t<div>\n\t\t\t\t\t<h2 class=\"p-h2-town\">Consigliato<\/h2>\n\t\t\t\t\t<hr>\n\t\t\t\t\t<h3 class=\"p-h3-town\">Festival e pellegrinaggi<\/h3>\n\t\t\t\t<\/div>\n\t\t\t\t<div class=\"grid holidays-grid\">\n\t\t\t\t\t\n\t\t\t\t\t\t<div>\n\t\t\t\t\t\t\t<div class=\"phone-number-item\">\n\t\t\t\t\t\t\t\t<div class=\"phone-number-item__icon\"><i class=\"icon-holiday\"><\/i><\/div>\n\t\t\t\t\t\t\t\t<div class=\"phone-number-item__title dark-text\">\n\t\t\t\t\t\t\t\t\t<p class=\"p-font-bold\">Vacanza locale<\/p>\n\t\t\t\t\t\t\t\t\t<p>15 de agosto: Rosario<\/p>\n\t\t\t\t\t\t\t\t<\/div>\n\t\t\t\t\t\t\t<\/div>\n\t\t\t\t\t\t<\/div>\n\t\t\t\t\t\n\t\t\t\t\t\t<div>\n\t\t\t\t\t\t\t<div class=\"phone-number-item\">\n\t\t\t\t\t\t\t\t<div class=\"phone-number-item__icon\"><i class=\"icon-holiday\"><\/i><\/div>\n\t\t\t\t\t\t\t\t<div class=\"phone-number-item__title dark-text\">\n\t\t\t\t\t\t\t\t\t<p class=\"p-font-bold\">Vacanza locale<\/p>\n\t\t\t\t\t\t\t\t\t<p>22 de agosto: Fiesta de San Timoteo<\/p>\n\t\t\t\t\t\t\t\t<\/div>\n\t\t\t\t\t\t\t<\/div>\n\t\t\t\t\t\t<\/div>\n\t\t\t\t\t\n\t\t\t\t\t\t<div>\n\t\t\t\t\t\t\t<div class=\"phone-number-item\">\n\t\t\t\t\t\t\t\t<div class=\"phone-number-item__icon\"><i class=\"icon-holiday\"><\/i><\/div>\n\t\t\t\t\t\t\t\t<div class=\"phone-number-item__title dark-text\">\n\t\t\t\t\t\t\t\t\t<p class=\"p-font-bold\">Vacanza locale<\/p>\n\t\t\t\t\t\t\t\t\t<p>Finales de agosto: Fiesta de la Regalina<\/p>\n\t\t\t\t\t\t\t\t<\/div>\n\t\t\t\t\t\t\t<\/div>\n\t\t\t\t\t\t<\/div>\n\t\t\t\t\t\n\t\t\t\t\t\t<div>\n\t\t\t\t\t\t\t<div class=\"phone-number-item\">\n\t\t\t\t\t\t\t\t<div class=\"phone-number-item__icon\"><i class=\"icon-holiday\"><\/i><\/div>\n\t\t\t\t\t\t\t\t<div class=\"phone-number-item__title dark-text\">\n\t\t\t\t\t\t\t\t\t<p class=\"p-font-bold\">Vacanza locale<\/p>\n\t\t\t\t\t\t\t\t\t<p>\u00daltimo domingo de julio: Fiesta de la Vaqueirada<\/p>\n\t\t\t\t\t\t\t\t<\/div>\n\t\t\t\t\t\t\t<\/div>\n\t\t\t\t\t\t<\/div>\n\t\t\t\t\t\n\t\t\t\t<\/div>\n\t\t\t<\/div>\n\t\t\n\t<\/div>\n<\/section>\n\n<div id=\"stage_list_section\"><div class=\"stage-list\">\n    <div class='stage-list__map-card'>\n        <div class='stage-list__map-card__map'>\n            <div class='stage-list__map-card__map__text'>\n                <h2> Pages <\/h2>\n                <p> A piedi<\/p>\n                <p> 0tappe<\/p>\n            <\/div>\n            <div class='stage-list__map-card__map__img'>\n                <img decoding=\"async\" src=\"\" alt=\" mapa \" \/>\n            <\/div>\n        <\/div>\n    <\/div>\n\n    <\/div>\n<\/div> ","protected":false},"excerpt":{"rendered":"<p>Luarca &#8249; Ritorno al palcoscenico Luarca Abitanti: 4.118 aprox. Provincia: Asturias Informazioni Get to know Luarca Luarca \u00e8 un piccolo villaggio del comune di Vald\u00e9s, la cui principale attivit\u00e0 economica \u00e8 la pesca, anche se oggi \u00e8 strettamente legata al Cammino di Santiago. Questo villaggio \u00e8 entrato di recente nella selezione dei 20 villaggi pi\u00f9 &hellip; <\/p>\n<p class=\"read_more\"><a href=\"https:\/\/www.pilgrim.es\/it\/cammino-nord\/luarca\/\">Leer m\u00e1s<\/a><\/p>\n","protected":false},"author":0,"featured_media":7835,"parent":10817,"menu_order":0,"comment_status":"closed","ping_status":"closed","template":"views\/template-new-web-design.blade.php","meta":{"footnotes":""},"categories":[],"tags":[],"class_list":["post-91312","page","type-page","status-publish","has-post-thumbnail","hentry"],"yoast_head":"<!-- This site is optimized with the Yoast SEO plugin v27.4 - https:\/\/yoast.com\/product\/yoast-seo-wordpress\/ -->\n<title>Luarca: Cosa vedere e dove dormire | Cammino di Santiago | Pilgrim<\/title>\n<meta name=\"description\" content=\"Luarca Scopri tutte le informazioni su dove alloggiare, come arrivare, cosa mangiare e sui principali punti di interesse delle localit\u00e0 lungo il Cammino del Nord.\" \/>\n<meta name=\"robots\" content=\"index, follow, max-snippet:-1, max-image-preview:large, max-video-preview:-1\" \/>\n<link rel=\"canonical\" href=\"https:\/\/www.pilgrim.es\/it\/cammino-nord\/luarca\/\" \/>\n<meta property=\"og:locale\" content=\"it_IT\" \/>\n<meta property=\"og:type\" content=\"article\" \/>\n<meta property=\"og:title\" content=\"Luarca: Cosa vedere e dove dormire | Cammino di Santiago | Pilgrim\" \/>\n<meta property=\"og:description\" content=\"Luarca Scopri tutte le informazioni su dove alloggiare, come arrivare, cosa mangiare e sui principali punti di interesse delle localit\u00e0 lungo il Cammino del Nord.\" \/>\n<meta property=\"og:url\" content=\"https:\/\/www.pilgrim.es\/it\/cammino-nord\/luarca\/\" \/>\n<meta property=\"og:site_name\" content=\"Pilgrim\" \/>\n<meta property=\"article:publisher\" content=\"https:\/\/www.facebook.com\/pilgrim.es\/\" \/>\n<meta property=\"og:image\" content=\"https:\/\/www.pilgrim.es\/wp-content\/uploads\/2019\/02\/puerto-de-luarca.jpg\" \/>\n\t<meta property=\"og:image:width\" content=\"1280\" \/>\n\t<meta property=\"og:image:height\" content=\"720\" \/>\n\t<meta property=\"og:image:type\" content=\"image\/jpeg\" \/>\n<meta name=\"twitter:card\" content=\"summary_large_image\" \/>\n<meta name=\"twitter:site\" content=\"@pilgrim_es\" \/>\n<meta name=\"twitter:label1\" content=\"Tempo di lettura stimato\" \/>\n\t<meta name=\"twitter:data1\" content=\"12 minuti\" \/>\n<script type=\"application\/ld+json\" class=\"yoast-schema-graph\">{\"@context\":\"https:\\\/\\\/schema.org\",\"@graph\":[{\"@type\":\"WebPage\",\"@id\":\"https:\\\/\\\/www.pilgrim.es\\\/it\\\/cammino-nord\\\/luarca\\\/\",\"url\":\"https:\\\/\\\/www.pilgrim.es\\\/it\\\/cammino-nord\\\/luarca\\\/\",\"name\":\"Luarca: Cosa vedere e dove dormire | Cammino di Santiago | Pilgrim\",\"isPartOf\":{\"@id\":\"https:\\\/\\\/www.pilgrim.es\\\/it\\\/#website\"},\"primaryImageOfPage\":{\"@id\":\"https:\\\/\\\/www.pilgrim.es\\\/it\\\/cammino-nord\\\/luarca\\\/#primaryimage\"},\"image\":{\"@id\":\"https:\\\/\\\/www.pilgrim.es\\\/it\\\/cammino-nord\\\/luarca\\\/#primaryimage\"},\"thumbnailUrl\":\"https:\\\/\\\/www.pilgrim.es\\\/wp-content\\\/uploads\\\/2019\\\/02\\\/puerto-de-luarca.jpg\",\"datePublished\":\"2025-03-17T14:58:14+00:00\",\"description\":\"Luarca Scopri tutte le informazioni su dove alloggiare, come arrivare, cosa mangiare e sui principali punti di interesse delle localit\u00e0 lungo il Cammino del Nord.\",\"breadcrumb\":{\"@id\":\"https:\\\/\\\/www.pilgrim.es\\\/it\\\/cammino-nord\\\/luarca\\\/#breadcrumb\"},\"inLanguage\":\"it-IT\",\"potentialAction\":[{\"@type\":\"ReadAction\",\"target\":[\"https:\\\/\\\/www.pilgrim.es\\\/it\\\/cammino-nord\\\/luarca\\\/\"]}]},{\"@type\":\"ImageObject\",\"inLanguage\":\"it-IT\",\"@id\":\"https:\\\/\\\/www.pilgrim.es\\\/it\\\/cammino-nord\\\/luarca\\\/#primaryimage\",\"url\":\"https:\\\/\\\/www.pilgrim.es\\\/wp-content\\\/uploads\\\/2019\\\/02\\\/puerto-de-luarca.jpg\",\"contentUrl\":\"https:\\\/\\\/www.pilgrim.es\\\/wp-content\\\/uploads\\\/2019\\\/02\\\/puerto-de-luarca.jpg\",\"width\":1280,\"height\":720,\"caption\":\"Luarca\"},{\"@type\":\"BreadcrumbList\",\"@id\":\"https:\\\/\\\/www.pilgrim.es\\\/it\\\/cammino-nord\\\/luarca\\\/#breadcrumb\",\"itemListElement\":[{\"@type\":\"ListItem\",\"position\":1,\"name\":\"Camino de Santiago\",\"item\":\"https:\\\/\\\/www.pilgrim.es\\\/it\\\/\"},{\"@type\":\"ListItem\",\"position\":2,\"name\":\"Cammino del Nord\",\"item\":\"https:\\\/\\\/www.pilgrim.es\\\/it\\\/cammino-nord\\\/\"},{\"@type\":\"ListItem\",\"position\":3,\"name\":\"Luarca\"}]},{\"@type\":\"WebSite\",\"@id\":\"https:\\\/\\\/www.pilgrim.es\\\/it\\\/#website\",\"url\":\"https:\\\/\\\/www.pilgrim.es\\\/it\\\/\",\"name\":\"Pilgrim\",\"description\":\"Camino de Santiago | Caminamos Contigo\",\"publisher\":{\"@id\":\"https:\\\/\\\/www.pilgrim.es\\\/it\\\/#organization\"},\"potentialAction\":[{\"@type\":\"SearchAction\",\"target\":{\"@type\":\"EntryPoint\",\"urlTemplate\":\"https:\\\/\\\/www.pilgrim.es\\\/it\\\/?s={search_term_string}\"},\"query-input\":{\"@type\":\"PropertyValueSpecification\",\"valueRequired\":true,\"valueName\":\"search_term_string\"}}],\"inLanguage\":\"it-IT\"},{\"@type\":\"Organization\",\"@id\":\"https:\\\/\\\/www.pilgrim.es\\\/it\\\/#organization\",\"name\":\"Pilgrim Camino de Santiago\",\"url\":\"https:\\\/\\\/www.pilgrim.es\\\/it\\\/\",\"logo\":{\"@type\":\"ImageObject\",\"inLanguage\":\"it-IT\",\"@id\":\"https:\\\/\\\/www.pilgrim.es\\\/it\\\/#\\\/schema\\\/logo\\\/image\\\/\",\"url\":\"https:\\\/\\\/www.pilgrim.es\\\/wp-content\\\/uploads\\\/2019\\\/04\\\/logo_pilgrim.png\",\"contentUrl\":\"https:\\\/\\\/www.pilgrim.es\\\/wp-content\\\/uploads\\\/2019\\\/04\\\/logo_pilgrim.png\",\"width\":512,\"height\":512,\"caption\":\"Pilgrim Camino de Santiago\"},\"image\":{\"@id\":\"https:\\\/\\\/www.pilgrim.es\\\/it\\\/#\\\/schema\\\/logo\\\/image\\\/\"},\"sameAs\":[\"https:\\\/\\\/www.facebook.com\\\/pilgrim.es\\\/\",\"https:\\\/\\\/x.com\\\/pilgrim_es\",\"https:\\\/\\\/www.instagram.com\\\/pilgrim.es\\\/\",\"https:\\\/\\\/www.linkedin.com\\\/company\\\/pilgrim-camino-de-santiago\\\/\",\"https:\\\/\\\/www.pinterest.es\\\/pilgrimcaminodesantiago\\\/\",\"https:\\\/\\\/www.youtube.com\\\/channel\\\/UCIv2ZzFLXVqthkNF32rKedw\\\/featured\"]}]}<\/script>\n<!-- \/ Yoast SEO plugin. -->","yoast_head_json":{"title":"Luarca: Cosa vedere e dove dormire | Cammino di Santiago | Pilgrim","description":"Luarca Scopri tutte le informazioni su dove alloggiare, come arrivare, cosa mangiare e sui principali punti di interesse delle localit\u00e0 lungo il Cammino del Nord.","robots":{"index":"index","follow":"follow","max-snippet":"max-snippet:-1","max-image-preview":"max-image-preview:large","max-video-preview":"max-video-preview:-1"},"canonical":"https:\/\/www.pilgrim.es\/it\/cammino-nord\/luarca\/","og_locale":"it_IT","og_type":"article","og_title":"Luarca: Cosa vedere e dove dormire | Cammino di Santiago | Pilgrim","og_description":"Luarca Scopri tutte le informazioni su dove alloggiare, come arrivare, cosa mangiare e sui principali punti di interesse delle localit\u00e0 lungo il Cammino del Nord.","og_url":"https:\/\/www.pilgrim.es\/it\/cammino-nord\/luarca\/","og_site_name":"Pilgrim","article_publisher":"https:\/\/www.facebook.com\/pilgrim.es\/","og_image":[{"width":1280,"height":720,"url":"https:\/\/www.pilgrim.es\/wp-content\/uploads\/2019\/02\/puerto-de-luarca.jpg","type":"image\/jpeg"}],"twitter_card":"summary_large_image","twitter_site":"@pilgrim_es","twitter_misc":{"Tempo di lettura stimato":"12 minuti"},"schema":{"@context":"https:\/\/schema.org","@graph":[{"@type":"WebPage","@id":"https:\/\/www.pilgrim.es\/it\/cammino-nord\/luarca\/","url":"https:\/\/www.pilgrim.es\/it\/cammino-nord\/luarca\/","name":"Luarca: Cosa vedere e dove dormire | Cammino di Santiago | Pilgrim","isPartOf":{"@id":"https:\/\/www.pilgrim.es\/it\/#website"},"primaryImageOfPage":{"@id":"https:\/\/www.pilgrim.es\/it\/cammino-nord\/luarca\/#primaryimage"},"image":{"@id":"https:\/\/www.pilgrim.es\/it\/cammino-nord\/luarca\/#primaryimage"},"thumbnailUrl":"https:\/\/www.pilgrim.es\/wp-content\/uploads\/2019\/02\/puerto-de-luarca.jpg","datePublished":"2025-03-17T14:58:14+00:00","description":"Luarca Scopri tutte le informazioni su dove alloggiare, come arrivare, cosa mangiare e sui principali punti di interesse delle localit\u00e0 lungo il Cammino del Nord.","breadcrumb":{"@id":"https:\/\/www.pilgrim.es\/it\/cammino-nord\/luarca\/#breadcrumb"},"inLanguage":"it-IT","potentialAction":[{"@type":"ReadAction","target":["https:\/\/www.pilgrim.es\/it\/cammino-nord\/luarca\/"]}]},{"@type":"ImageObject","inLanguage":"it-IT","@id":"https:\/\/www.pilgrim.es\/it\/cammino-nord\/luarca\/#primaryimage","url":"https:\/\/www.pilgrim.es\/wp-content\/uploads\/2019\/02\/puerto-de-luarca.jpg","contentUrl":"https:\/\/www.pilgrim.es\/wp-content\/uploads\/2019\/02\/puerto-de-luarca.jpg","width":1280,"height":720,"caption":"Luarca"},{"@type":"BreadcrumbList","@id":"https:\/\/www.pilgrim.es\/it\/cammino-nord\/luarca\/#breadcrumb","itemListElement":[{"@type":"ListItem","position":1,"name":"Camino de Santiago","item":"https:\/\/www.pilgrim.es\/it\/"},{"@type":"ListItem","position":2,"name":"Cammino del Nord","item":"https:\/\/www.pilgrim.es\/it\/cammino-nord\/"},{"@type":"ListItem","position":3,"name":"Luarca"}]},{"@type":"WebSite","@id":"https:\/\/www.pilgrim.es\/it\/#website","url":"https:\/\/www.pilgrim.es\/it\/","name":"Pilgrim","description":"Camino de Santiago | Caminamos Contigo","publisher":{"@id":"https:\/\/www.pilgrim.es\/it\/#organization"},"potentialAction":[{"@type":"SearchAction","target":{"@type":"EntryPoint","urlTemplate":"https:\/\/www.pilgrim.es\/it\/?s={search_term_string}"},"query-input":{"@type":"PropertyValueSpecification","valueRequired":true,"valueName":"search_term_string"}}],"inLanguage":"it-IT"},{"@type":"Organization","@id":"https:\/\/www.pilgrim.es\/it\/#organization","name":"Pilgrim Camino de Santiago","url":"https:\/\/www.pilgrim.es\/it\/","logo":{"@type":"ImageObject","inLanguage":"it-IT","@id":"https:\/\/www.pilgrim.es\/it\/#\/schema\/logo\/image\/","url":"https:\/\/www.pilgrim.es\/wp-content\/uploads\/2019\/04\/logo_pilgrim.png","contentUrl":"https:\/\/www.pilgrim.es\/wp-content\/uploads\/2019\/04\/logo_pilgrim.png","width":512,"height":512,"caption":"Pilgrim Camino de Santiago"},"image":{"@id":"https:\/\/www.pilgrim.es\/it\/#\/schema\/logo\/image\/"},"sameAs":["https:\/\/www.facebook.com\/pilgrim.es\/","https:\/\/x.com\/pilgrim_es","https:\/\/www.instagram.com\/pilgrim.es\/","https:\/\/www.linkedin.com\/company\/pilgrim-camino-de-santiago\/","https:\/\/www.pinterest.es\/pilgrimcaminodesantiago\/","https:\/\/www.youtube.com\/channel\/UCIv2ZzFLXVqthkNF32rKedw\/featured"]}]}},"_links":{"self":[{"href":"https:\/\/www.pilgrim.es\/it\/wp-json\/wp\/v2\/pages\/91312","targetHints":{"allow":["GET"]}}],"collection":[{"href":"https:\/\/www.pilgrim.es\/it\/wp-json\/wp\/v2\/pages"}],"about":[{"href":"https:\/\/www.pilgrim.es\/it\/wp-json\/wp\/v2\/types\/page"}],"replies":[{"embeddable":true,"href":"https:\/\/www.pilgrim.es\/it\/wp-json\/wp\/v2\/comments?post=91312"}],"version-history":[{"count":0,"href":"https:\/\/www.pilgrim.es\/it\/wp-json\/wp\/v2\/pages\/91312\/revisions"}],"up":[{"embeddable":true,"href":"https:\/\/www.pilgrim.es\/it\/wp-json\/wp\/v2\/pages\/10817"}],"wp:featuredmedia":[{"embeddable":true,"href":"https:\/\/www.pilgrim.es\/it\/wp-json\/wp\/v2\/media\/7835"}],"wp:attachment":[{"href":"https:\/\/www.pilgrim.es\/it\/wp-json\/wp\/v2\/media?parent=91312"}],"wp:term":[{"taxonomy":"category","embeddable":true,"href":"https:\/\/www.pilgrim.es\/it\/wp-json\/wp\/v2\/categories?post=91312"},{"taxonomy":"post_tag","embeddable":true,"href":"https:\/\/www.pilgrim.es\/it\/wp-json\/wp\/v2\/tags?post=91312"}],"curies":[{"name":"wp","href":"https:\/\/api.w.org\/{rel}","templated":true}]}}