{"id":91300,"date":"2025-03-17T14:55:55","date_gmt":"2025-03-17T14:55:55","guid":{"rendered":"https:\/\/www.pilgrim.es\/cammino-nord\/aviles\/"},"modified":"2025-03-17T14:55:55","modified_gmt":"2025-03-17T14:55:55","slug":"aviles","status":"publish","type":"page","link":"https:\/\/www.pilgrim.es\/it\/cammino-nord\/aviles\/","title":{"rendered":"Avil\u00e9s"},"content":{"rendered":" <section id=\"hero\">\n\t<h1>Avil\u00e9s<\/h1>\n\t<div class=\"hero-grid\">\n\t\t<div class=\"hero-grid__town-col\" data-background=\"https:\/\/cdn.pilgrim.es\/web\/caminos\/camino-norte\/pueblos\/aviles.jpg\">\n\t\t\t<div>\n\t\t\t\t<a class=\"link-to-stage\" href=\"https:\/\/www.pilgrim.es\/camino-norte\/etapa-21-gijon-aviles\/\">\n\t\t\t\t\t<p>&#8249; Ritorno al palcoscenico<\/p>\n\t\t\t\t<\/a>\n\n\t\t\t\t<div class=\"town-data\">\n\t\t\t\t\t<h2>Avil\u00e9s<\/h2>\n\t\t\t\t\t<ul>\n\t\t\t\t\t\t<li>Abitanti: 81.659 aprox.<\/li>\n\t\t\t\t\t\t<li>Provincia: Asturias<\/li>\n\t\t\t\t\t<\/ul>\n\t\t\t\t<\/div>\n\t\t\t<\/div>\n\t\t<\/div>\n\t\t<div class=\"hero-grid__planner-col\"><div\r\n  class=\"p-col-span-1 p-rounded-lg p-px-5 p-h-full\"\r\n  style=\"background-image: url('https:\/\/cdn.pilgrim.es\/web\/pilgrim-planner\/bg-plugin-planificador.webp')\"\r\n  rel=\"preload\"\r\n  fetchpriority=\"high\"\r\n  >\r\n    <div class=\"p-text-center p-pt-5 p-text-white p-text-2xl p-font-semibold\">\r\n      Pianifica il tuo cammino    <\/div>\r\n    <div\r\n            id='primary-app'\r\n            data-name='banner'\r\n            data-api='https:\/\/pathfinder.pilgrim.es\/api\/pathfinder\/v2'\r\n            data-mode='normal'\r\n            data-lang='it'\r\n            data-route='1'\r\n            data-destiny='https:\/\/planificador.pilgrim.es'\r\n            data-modality='1'\r\n            data-inline=''\r\n        ><\/div><\/div><\/div>\n\t<\/div>\n<\/section>\n\n<section id=\"infoTown\">\n\t<div class=\"sections-town\">\n\n\t\t<div id=\"informationSection\">\n\t\t\t<div>\n\t\t\t\t<h2 class=\"p-h2-town\">Informazioni<\/h2>\n\t\t\t\t<hr>\n\t\t\t\t<h3 class=\"p-h3-town\">Get to know Avil\u00e9s<\/h3>\n\t\t\t<\/div>\n\t\t\t<p>La citt\u00e0 di Avil\u00e9s si trova su entrambe le sponde dell&#8217;omonimo fiume. \u00c8 sede del secondo porto commerciale pi\u00f9 importante della comunit\u00e0 autonoma e del primo porto peschereccio, motivo per cui vanta una grande tradizione di pesca e anche una forte storia legata al settore industriale, in particolare all&#8217;industria siderurgica.<\/p> <p>I pellegrini che hanno deciso di seguire il Camino del Norte troveranno tutto ci\u00f2 che desiderano e di cui hanno bisogno in questa grande citt\u00e0 cosmopolita.\n\t\t<\/div>\n\n\t\t<div id=\"locationSection\">\n\t\t\t<div>\n\t\t\t\t<h2 class=\"p-h2-town\">Posizione<\/h2>\n\t\t\t\t<hr>\n\t\t\t\t<h3 class=\"p-h3-town\">Come arrivare<\/h3>\n\t\t\t<\/div>\n\t\t\t<p>La citt\u00e0 di Avil\u00e9s \u00e8 servita da due importanti arterie stradali, la A-8, l&#8217;autostrada cantabrica, e la AI-81, l&#8217;autostrada Ruta de la Plata, che collega la citt\u00e0 con la met\u00e0 settentrionale della penisola e con il sud della penisola. Ci sono anche strade come la N-632, la AS-17, la AS-19, la AS-237, la AS-238 e la CV-2.\n\n<p>In citt\u00e0 si trovano una stazione ferroviaria e una stazione degli autobus che offrono linee regolari per Oviedo, San Juan de Nieva, Guij\u00f3n, Cudillero e altri centri asturiani e nazionali.\n\t\t\t<div>\n\t\t\t\t<div>\n  <iframe loading=\"lazy\"\n    src=\"https:\/\/www.google.com\/maps\/d\/embed?mid=1SMWKvhIVqKo9v9LiEzY3YTlyyTH7rUE&amp;ehbc=2E312F\"\n    width=\"640\"\n    height=\"480\"\n    alt=\"Mapa Avil\u00e9s\"\n  ><\/iframe>\n<\/div>\n\n\t\t\t<\/div>\n\t\t<\/div>\n\n\t\t\n\t\t\t<div id=\"toVisitSection\">\n\t\t\t\t<div>\n\t\t\t\t\t<h2 class=\"p-h2-town\">Storia \/ Cultura<\/h2>\n\t\t\t\t\t<hr>\n\t\t\t\t\t<h3 class=\"p-h3-town\">Cosa vedere<\/h3>\n\t\t\t\t<\/div>\n\t\t\t\t<div>\n\t\t\t\t\t<div class=\"accordion\">\n\t\t\t\t\t\t<div class=\"accordion__menu\">\n\t\t\t\t\t\t\t<nav>\n\t\t\t\t\t\t\t\t\n\t\t\t\t\t\t\t\t\t<button class=\"nav-tab-accordion active\"><span>&#10093;<\/span><span> Capilla de Santa Maria de las Alas<\/span><\/button>\n\t\t\t\t\t\t\t\t\n\t\t\t\t\t\t\t\t\t<button class=\"nav-tab-accordion \"><span>&#10093;<\/span><span> Casco Histo\u0301rico<\/span><\/button>\n\t\t\t\t\t\t\t\t\n\t\t\t\t\t\t\t\t\t<button class=\"nav-tab-accordion \"><span>&#10093;<\/span><span> Factoria Cultural<\/span><\/button>\n\t\t\t\t\t\t\t\t\n\t\t\t\t\t\t\t\t\t<button class=\"nav-tab-accordion \"><span>&#10093;<\/span><span> Faro de San Juan<\/span><\/button>\n\t\t\t\t\t\t\t\t\n\t\t\t\t\t\t\t\t\t<button class=\"nav-tab-accordion \"><span>&#10093;<\/span><span> Fuente de los can\u0303os de San Francisco<\/span><\/button>\n\t\t\t\t\t\t\t\t\n\t\t\t\t\t\t\t\t\t<button class=\"nav-tab-accordion \"><span>&#10093;<\/span><span> Iglesia de los Padres Franciscanos<\/span><\/button>\n\t\t\t\t\t\t\t\t\n\t\t\t\t\t\t\t\t\t<button class=\"nav-tab-accordion \"><span>&#10093;<\/span><span> Iglesia de San Nicola\u0301s de Bari<\/span><\/button>\n\t\t\t\t\t\t\t\t\n\t\t\t\t\t\t\t\t\t<button class=\"nav-tab-accordion \"><span>&#10093;<\/span><span> Iglesia de Santa Maria Magdalena de los Corros<\/span><\/button>\n\t\t\t\t\t\t\t\t\n\t\t\t\t\t\t\t\t\t<button class=\"nav-tab-accordion \"><span>&#10093;<\/span><span> Iglesia de Santo Tom\u00e1s de Canterbury<\/span><\/button>\n\t\t\t\t\t\t\t\t\n\t\t\t\t\t\t\t\t\t<button class=\"nav-tab-accordion \"><span>&#10093;<\/span><span> Iglesia vieja de Sabugo<\/span><\/button>\n\t\t\t\t\t\t\t\t\n\t\t\t\t\t\t\t\t\t<button class=\"nav-tab-accordion \"><span>&#10093;<\/span><span> Museo Alfercam<\/span><\/button>\n\t\t\t\t\t\t\t\t\n\t\t\t\t\t\t\t\t\t<button class=\"nav-tab-accordion \"><span>&#10093;<\/span><span> Museo de la historia urbana<\/span><\/button>\n\t\t\t\t\t\t\t\t\n\t\t\t\t\t\t\t\t\t<button class=\"nav-tab-accordion \"><span>&#10093;<\/span><span> Palacio de Balsera<\/span><\/button>\n\t\t\t\t\t\t\t\t\n\t\t\t\t\t\t\t\t\t<button class=\"nav-tab-accordion \"><span>&#10093;<\/span><span> Palacio de Camposagrado<\/span><\/button>\n\t\t\t\t\t\t\t\t\n\t\t\t\t\t\t\t\t\t<button class=\"nav-tab-accordion \"><span>&#10093;<\/span><span> Palacio de Ferrera<\/span><\/button>\n\t\t\t\t\t\t\t\t\n\t\t\t\t\t\t\t\t\t<button class=\"nav-tab-accordion \"><span>&#10093;<\/span><span> Palacio de Llano Ponte<\/span><\/button>\n\t\t\t\t\t\t\t\t\n\t\t\t\t\t\t\t\t\t<button class=\"nav-tab-accordion \"><span>&#10093;<\/span><span> Palacio de Valdecarzana<\/span><\/button>\n\t\t\t\t\t\t\t\t\n\t\t\t\t\t\t\t\t\t<button class=\"nav-tab-accordion \"><span>&#10093;<\/span><span> Palacio municipal<\/span><\/button>\n\t\t\t\t\t\t\t\t\n\t\t\t\t\t\t\t\t\t<button class=\"nav-tab-accordion \"><span>&#10093;<\/span><span> Parque del Muelle<\/span><\/button>\n\t\t\t\t\t\t\t\t\n\t\t\t\t\t\t\t\t\t<button class=\"nav-tab-accordion \"><span>&#10093;<\/span><span> Parque Ferrera<\/span><\/button>\n\t\t\t\t\t\t\t\t\n\t\t\t\t\t\t\t\t\t<button class=\"nav-tab-accordion \"><span>&#10093;<\/span><span> Plaza Mayor<\/span><\/button>\n\t\t\t\t\t\t\t\t\n\t\t\t\t\t\t\t\t\t<button class=\"nav-tab-accordion \"><span>&#10093;<\/span><span> Centro Cultural Internacional<\/span><\/button>\n\t\t\t\t\t\t\t\t\n\t\t\t\t\t\t\t\t\t<button class=\"nav-tab-accordion \"><span>&#10093;<\/span><span> Teatro palacio Valde\u0301s<\/span><\/button>\n\t\t\t\t\t\t\t\t\n\t\t\t\t\t\t\t<\/nav>\n\t\t\t\t\t\t<\/div>\n\n\t\t\t\t\t\t\n\t\t\t\t\t\t\t<div class=\"accordion__accordion-content \">\n\t\t\t\t\t\t\t\t<div>\n\t\t\t\t\t\t\t\t\t<div>\n\t\t\t\t\t\t\t\t\t\t<h4>Capilla de Santa Maria de las Alas<\/h4>\n\t\t\t\t\t\t\t\t\t\t<p>La cappella di Santa Mar\u00eda de las Alas \u00e8 uno dei migliori esempi di stile gotico del XIII secolo nelle Asturie e la sua funzione aveva a che fare con le sepolture, cio\u00e8 \u00e8 un monumento funerario che in tempi passati veniva utilizzato per seppellire le persone. Per questo motivo, quattro tombe ad arco si trovano nelle pareti nord e sud e altre quattro sul pavimento.\n\n<p>Questa cappella \u00e8 disposta a pianta quadrata ed \u00e8 composta da muri in bugnato. Il portale esterno della cappella ha un arco a doppia ghiera leggermente a sesto acuto, sostenuto da quattro stipiti con quattro fusti e capitelli decorati con teste umane. La cappella presenta danni alla parete sud-occidentale, dovuti a costruzioni successive.\n\n<p> All&#8217;interno spicca la volta a forma ogivale, da cui sporgono quattro mensole decorate con teste umane.\n\t\t\t\t\t\t\t\t\t<\/div>\n\t\t\t\t\t\t\t\t\t<img decoding=\"async\" src=\"https:\/\/cdn.pilgrim.es\/web\/caminos\/camino-norte\/pueblos\/aviles\/puntos-de-interes\/capilla-de-santa-maria-de-las-alas.jpg\" alt=\"Capilla de Santa Maria de las Alas\">\n\t\t\t\t\t\t\t\t<\/div>\n\t\t\t\t\t\t\t<\/div>\n\t\t\t\t\t\t\n\t\t\t\t\t\t\t<div class=\"accordion__accordion-content inactive\">\n\t\t\t\t\t\t\t\t<div>\n\t\t\t\t\t\t\t\t\t<div>\n\t\t\t\t\t\t\t\t\t\t<h4>Casco Histo\u0301rico<\/h4>\n\t\t\t\t\t\t\t\t\t\t<p>L&#8217;intera zona \u00e8 stata dichiarata Sito Storico-Artistico negli anni &#8217;50, in quanto ospita alcuni dei monumenti pi\u00f9 importanti, sia civili che religiosi, della citt\u00e0. Vanta il secondo quartiere storico meglio conservato della comunit\u00e0 asturiana, dietro solo a quello di Oviedo. Da segnalare i resti dell&#8217;antica cinta muraria che circondava la citt\u00e0 e diversi palazzi e case signorili, come il Palacio Ferrera, il Palacio de Camposagrado e il Palacio de Valdecarzana, tra gli altri. Per quanto riguarda i monumenti religiosi, ospita la cappella di Los Alas, la chiesa di San Nicol\u00e1s de Bari e la chiesa di Sabugo, tra le tante. Si distingue anche per le sue innumerevoli piazze, fontane e strade lastricate e asfaltate; luoghi perfetti per immergersi nella storia di questa magnifica citt\u00e0. <\/p>\n\t\t\t\t\t\t\t\t\t<\/div>\n\t\t\t\t\t\t\t\t\t<img decoding=\"async\" src=\"https:\/\/cdn.pilgrim.es\/web\/caminos\/camino-norte\/pueblos\/aviles\/puntos-de-interes\/casco-historico.jpg\" alt=\"Casco Histo\u0301rico\">\n\t\t\t\t\t\t\t\t<\/div>\n\t\t\t\t\t\t\t<\/div>\n\t\t\t\t\t\t\n\t\t\t\t\t\t\t<div class=\"accordion__accordion-content inactive\">\n\t\t\t\t\t\t\t\t<div>\n\t\t\t\t\t\t\t\t\t<div>\n\t\t\t\t\t\t\t\t\t\t<h4>Factoria Cultural<\/h4>\n\t\t\t\t\t\t\t\t\t\t<p>La Fabbrica Culturale di Avil\u00e9s si trova nell&#8217;antico edificio che, in passato, ospitava una vecchia fabbrica di camicie. \u00c8 stata inaugurata nel 2010 ed \u00e8 suddivisa in quattro piani, dove si trovano la biblioteca per gli studenti del centro, il magazzino, due spogliatoi, due aule informatiche, quattro aule per i laboratori di ceramica, un&#8217;aula dedicata alla pittura, un&#8217;aula per apprendere le abilit\u00e0 di legatoria, pelletteria e vetro e un&#8217;altra aula per l&#8217;incisione.\n\n<p>L&#8217;interno dell&#8217;edificio ospita anche la Scuola Comunale di Ceramica e l&#8217;Universit\u00e0 Popolare. Ogni anno, quindi, questo centro ospita la Fiera della Ceramica, alla quale partecipano numerosi artisti ceramisti di diversa provenienza, e la Notte Bianca, che ha lo scopo di far partecipare attivamente i cittadini al programma di attivit\u00e0 (mostre, laboratori, concerti, ecc.)<\/p> <p>Il centro \u00e8 anche sede della Fiera della Ceramica, alla quale partecipano numerosi artisti ceramisti di diversa provenienza e della Notte Bianca, che ha lo scopo di far partecipare attivamente i cittadini al programma di attivit\u00e0 che vi si svolgono (mostre, laboratori, concerti, ecc.)<\/p> <p>.\n\t\t\t\t\t\t\t\t\t<\/div>\n\t\t\t\t\t\t\t\t\t<img decoding=\"async\" src=\"https:\/\/cdn.pilgrim.es\/web\/caminos\/camino-norte\/pueblos\/aviles\/puntos-de-interes\/factoria-cultural.jpg\" alt=\"Factoria Cultural\">\n\t\t\t\t\t\t\t\t<\/div>\n\t\t\t\t\t\t\t<\/div>\n\t\t\t\t\t\t\n\t\t\t\t\t\t\t<div class=\"accordion__accordion-content inactive\">\n\t\t\t\t\t\t\t\t<div>\n\t\t\t\t\t\t\t\t\t<div>\n\t\t\t\t\t\t\t\t\t\t<h4>Faro de San Juan<\/h4>\n\t\t\t\t\t\t\t\t\t\t<p>Conosciuto anche come faro di San Juan, si trova nel mezzo dell&#8217;estuario di Avil\u00e9s, precisamente alla &#8220;Punta del Castillo&#8221;. La sua costruzione risale alla met\u00e0 del XIX secolo, e in un primo momento si era pensato di collocarlo nella vicina punta Horcada, ma poich\u00e9 era cos\u00ec esposto alle continue tempeste che colpiscono queste coste, si decise infine di collocarlo in quest&#8217;altra zona. <\/p>\n\n<p>Oltre alla sua funzione principale di guida delle imbarcazioni, grazie alla sua posizione strategica, \u00e8 un punto di osservazione eccezionale su tutto l&#8217;estuario di Avil\u00e9s, con un piccolo giardino che lo delimita e molto vicino a un&#8217;antica batteria militare.\n\t\t\t\t\t\t\t\t\t<\/div>\n\t\t\t\t\t\t\t\t\t<img decoding=\"async\" src=\"https:\/\/cdn.pilgrim.es\/web\/caminos\/camino-norte\/pueblos\/aviles\/puntos-de-interes\/faro-de-san-juan.jpg\" alt=\"Faro de San Juan\">\n\t\t\t\t\t\t\t\t<\/div>\n\t\t\t\t\t\t\t<\/div>\n\t\t\t\t\t\t\n\t\t\t\t\t\t\t<div class=\"accordion__accordion-content inactive\">\n\t\t\t\t\t\t\t\t<div>\n\t\t\t\t\t\t\t\t\t<div>\n\t\t\t\t\t\t\t\t\t\t<h4>Fuente de los can\u0303os de San Francisco<\/h4>\n\t\t\t\t\t\t\t\t\t\t<p>Il Ca\u00f1os de San Francisco \u00e8 una delle fontane pi\u00f9 singolari della zona, poich\u00e9 \u00e8 costituito da un fronte da cui fuoriescono sei rubinetti a forma di testa umana, da cui l&#8217;acqua sgorga in una vasca rettangolare. <\/p>\n\n<p>Degni di nota sono anche i tre stemmi presenti sulla facciata della fontana, due dei quali di Avil\u00e9s e l&#8217;altro dello stemma reale.\n\t\t\t\t\t\t\t\t\t<\/div>\n\t\t\t\t\t\t\t\t\t<img decoding=\"async\" src=\"https:\/\/cdn.pilgrim.es\/web\/caminos\/camino-norte\/pueblos\/aviles\/puntos-de-interes\/fuente-de-los-canos-de-san-francisco.jpg\" alt=\"Fuente de los can\u0303os de San Francisco\">\n\t\t\t\t\t\t\t\t<\/div>\n\t\t\t\t\t\t\t<\/div>\n\t\t\t\t\t\t\n\t\t\t\t\t\t\t<div class=\"accordion__accordion-content inactive\">\n\t\t\t\t\t\t\t\t<div>\n\t\t\t\t\t\t\t\t\t<div>\n\t\t\t\t\t\t\t\t\t\t<h4>Iglesia de los Padres Franciscanos<\/h4>\n\t\t\t\t\t\t\t\t\t\t<p>Chiesa dedicata a San Antonio di Padova e costruita nel XII secolo in stile romanico. Da notare l&#8217;abbondante decorazione di capitelli, mensole e metope e la scena del peccato originale scolpita su uno dei capitelli. All&#8217;interno si trova la tomba di Pedro Men\u00e9ndez, fondatore della pi\u00f9 antica citt\u00e0 degli Stati Uniti d&#8217;America: Sant&#8217;Agostino (Florida).\n\t\t\t\t\t\t\t\t\t<\/div>\n\t\t\t\t\t\t\t\t\t<img decoding=\"async\" src=\"https:\/\/cdn.pilgrim.es\/web\/caminos\/camino-norte\/pueblos\/aviles\/puntos-de-interes\/iglesia-de-los-padres-franciscanos.jpg\" alt=\"Iglesia de los Padres Franciscanos\">\n\t\t\t\t\t\t\t\t<\/div>\n\t\t\t\t\t\t\t<\/div>\n\t\t\t\t\t\t\n\t\t\t\t\t\t\t<div class=\"accordion__accordion-content inactive\">\n\t\t\t\t\t\t\t\t<div>\n\t\t\t\t\t\t\t\t\t<div>\n\t\t\t\t\t\t\t\t\t\t<h4>Iglesia de San Nicola\u0301s de Bari<\/h4>\n\t\t\t\t\t\t\t\t\t\t<p>La chiesa di San Nicol\u00e1s de Bari \u00e8 attualmente la sede dei Padri Francescani, ma fu originariamente costruita per soddisfare le esigenze della popolazione di Aviles tra il XII e il XIII secolo. A questo periodo risalgono il portale occidentale, la sua finestra e la parete frontale. La finestra forma due archivolti semicircolari e presenta una calotta di polvere, ma la decorazione dei capitelli delle colonne \u00e8 appena riconoscibile. <\/p>\n\n<p>Questa chiesa ha subito numerose modifiche e aggiunte successive, come la Cappella delle Ali o la Cappella di Pedro Sol\u00eds.<\/p> <p>Questa chiesa ha subito numerose modifiche e aggiunte successive, come la Cappella delle Ali o la Cappella di Pedro Sol\u00eds.\n\n<p>L&#8217;ingresso principale di questo tempio si trova sulla facciata occidentale, che presenta un corpo sporgente con un tetto di tegole sostenuto da mensole e dal quale spicca la figura di un felino con gli artigli tesi. Anche questa facciata presenta tre archivolti semicircolari protetti da un parapolvere a scacchiera. Di questi archivolti, quelli esterni sono sostenuti da colonne con capitelli, mentre quello interno \u00e8 sostenuto da stipiti. I capitelli del portale sono decorati a sinistra con il Peccato originale e a destra con due uccelli che si fronteggiano.\n\t\t\t\t\t\t\t\t\t<\/div>\n\t\t\t\t\t\t\t\t\t<img decoding=\"async\" src=\"https:\/\/cdn.pilgrim.es\/web\/caminos\/camino-norte\/pueblos\/aviles\/puntos-de-interes\/iglesia-de-san-nicolas-de-bari.jpg\" alt=\"Iglesia de San Nicola\u0301s de Bari\">\n\t\t\t\t\t\t\t\t<\/div>\n\t\t\t\t\t\t\t<\/div>\n\t\t\t\t\t\t\n\t\t\t\t\t\t\t<div class=\"accordion__accordion-content inactive\">\n\t\t\t\t\t\t\t\t<div>\n\t\t\t\t\t\t\t\t\t<div>\n\t\t\t\t\t\t\t\t\t\t<h4>Iglesia de Santa Maria Magdalena de los Corros<\/h4>\n\t\t\t\t\t\t\t\t\t\t<p>La chiesa di Santa Mar\u00eda Magdalena de los Corros fu costruita tra la fine del XII secolo e l&#8217;inizio del XIII secolo, anche se delle sue origini rimangono solo il portale occidentale e l&#8217;arco trionfale. In origine era una piccola chiesa con una sola navata e un presbiterio rettilineo. <\/p>\n\n<p>L&#8217;arco trionfale della chiesa \u00e8 piuttosto sobrio e presenta due archivolti semicircolari senza alcuna decorazione, le sue imposte sono lisce e la decorazione dei capitelli \u00e8 composta da motivi vegetali. Il portale occidentale, invece, \u00e8 molto pi\u00f9 elaborato, con due archivolti semicircolari protetti da un intonaco decorato a scacchiera e semicircolare. Il primo archivolto presenta una filettatura con un motivo a zigzag, mentre il secondo ha una successione di cerchi e una modanatura concava con piccoli trifogli e una modanatura semicircolare all&#8217;intradosso. <\/p>\n\t\t\t\t\t\t\t\t\t<\/div>\n\t\t\t\t\t\t\t\t\t<img decoding=\"async\" src=\"https:\/\/cdn.pilgrim.es\/web\/caminos\/camino-norte\/pueblos\/aviles\/puntos-de-interes\/iglesia-de-santa-maria-magdalena-de-los-corros.jpg\" alt=\"Iglesia de Santa Maria Magdalena de los Corros\">\n\t\t\t\t\t\t\t\t<\/div>\n\t\t\t\t\t\t\t<\/div>\n\t\t\t\t\t\t\n\t\t\t\t\t\t\t<div class=\"accordion__accordion-content inactive\">\n\t\t\t\t\t\t\t\t<div>\n\t\t\t\t\t\t\t\t\t<div>\n\t\t\t\t\t\t\t\t\t\t<h4>Iglesia de Santo Tom\u00e1s de Canterbury<\/h4>\n\t\t\t\t\t\t\t\t\t\t<p>La chiesa di Santo Tom\u00e1s de Cantorbery, nota anche come chiesa nuova di Sabugo, ha una navata unica distribuita su una pianta basilicale con un coro semicircolare. <\/p>\n\n<p>La facciata principale si distingue per il prospetto con quattro archivolti con modanature e beccatelli appena decorati che poggiano su colonne sormontate da quattro capitelli per lato con intagli in cui si combinano le decorazioni. Ai lati della chiesa si trova anche un portale formato da tre archi semicircolari e capitelli con decorazioni vegetali e animali.\n\n<p>L&#8217;interno presenta un coro rialzato e due cappelle sul lato del Vangelo. Attualmente \u00e8 coperto da una volta a lunetta nella navata centrale e da una volta a crociera nel presbiterio. <\/p>\n\t\t\t\t\t\t\t\t\t<\/div>\n\t\t\t\t\t\t\t\t\t<img decoding=\"async\" src=\"https:\/\/cdn.pilgrim.es\/web\/caminos\/camino-norte\/pueblos\/aviles\/puntos-de-interes\/iglesia-de-santo-tomas-de-canterbury.jpg\" alt=\"Iglesia de Santo Tom\u00e1s de Canterbury\">\n\t\t\t\t\t\t\t\t<\/div>\n\t\t\t\t\t\t\t<\/div>\n\t\t\t\t\t\t\n\t\t\t\t\t\t\t<div class=\"accordion__accordion-content inactive\">\n\t\t\t\t\t\t\t\t<div>\n\t\t\t\t\t\t\t\t\t<div>\n\t\t\t\t\t\t\t\t\t\t<h4>Iglesia vieja de Sabugo<\/h4>\n\t\t\t\t\t\t\t\t\t\t<p>La Chiesa Vecchia di Sabugo \u00e8 considerata uno dei principali segni di identit\u00e0 della citt\u00e0 di Avil\u00e9s in quanto, oltre a trovarsi nella parte antica della citt\u00e0, conserva la navata unica e l&#8217;abside semicircolare delle sue origini nel XIII secolo.\n\n<p>Successivamente, questa chiesa \u00e8 stata modificata e ampliata nei secoli XVII-XVIII, aprendo grandi aperture e rialzando il prospetto e il tetto con murature e conci. Da segnalare il portale sud, formato da un corpo sporgente dell&#8217;edificio e coperto da un tetto di tegole sorretto da mensole, e il portale ovest, che ospita l&#8217;ingresso principale della chiesa, formato da quattro archivolti sorretti da colonne e capitelli decorati con animali e piante. <\/p>\n\t\t\t\t\t\t\t\t\t<\/div>\n\t\t\t\t\t\t\t\t\t<img decoding=\"async\" src=\"https:\/\/cdn.pilgrim.es\/web\/caminos\/camino-norte\/pueblos\/aviles\/puntos-de-interes\/iglesia-vieja-de-sabugo.jpg\" alt=\"Iglesia vieja de Sabugo\">\n\t\t\t\t\t\t\t\t<\/div>\n\t\t\t\t\t\t\t<\/div>\n\t\t\t\t\t\t\n\t\t\t\t\t\t\t<div class=\"accordion__accordion-content inactive\">\n\t\t\t\t\t\t\t\t<div>\n\t\t\t\t\t\t\t\t\t<div>\n\t\t\t\t\t\t\t\t\t\t<h4>Museo Alfercam<\/h4>\n\t\t\t\t\t\t\t\t\t\t<p>Il Museo Alfercam \u00e8 uno spazio interattivo che permette di scoprire i diversi tipi di musica etnica attraverso le cuffie fornite all&#8217;ingresso, e di ascoltare anche i suoni dei veicoli da guerra. <\/p>\n\n<p>\u00c8 diviso in due parti, l&#8217;area automobilistica, dove i visitatori possono vedere auto e moto del secolo scorso, e l&#8217;area musicale con circa 500 strumenti.\n\n<p>Orario<\/p>\n\n<p>Luned\u00ec a domenica dalle 11:00 alle 14:00 e dalle 16:00 alle 20:00<\/p> <p>Luned\u00ec a domenica dalle 11:00 alle 14:00 e dalle 16:00 alle 20:00<\/p>\n\n<p>INFORMAZIONI DI INTERESSE<\/p>\n\n<p>Web: www.museoalfercam.com Telefono: 984 839 115<\/p>\n\t\t\t\t\t\t\t\t\t<\/div>\n\t\t\t\t\t\t\t\t\t<img decoding=\"async\" src=\"https:\/\/cdn.pilgrim.es\/web\/caminos\/camino-norte\/pueblos\/aviles\/puntos-de-interes\/museo-alfercam.jpg\" alt=\"Museo Alfercam\">\n\t\t\t\t\t\t\t\t<\/div>\n\t\t\t\t\t\t\t<\/div>\n\t\t\t\t\t\t\n\t\t\t\t\t\t\t<div class=\"accordion__accordion-content inactive\">\n\t\t\t\t\t\t\t\t<div>\n\t\t\t\t\t\t\t\t\t<div>\n\t\t\t\t\t\t\t\t\t\t<h4>Museo de la historia urbana<\/h4>\n\t\t\t\t\t\t\t\t\t\t<p>Il Museo di Storia Urbana si trova nel centro storico della citt\u00e0 di Avil\u00e9s, precisamente nella via La Ferrer\u00eda, di fronte alla chiesa di San Nicol\u00e1s de Bari e al Centro Culturale Internazionale Oscar Niemeyer.<\/p> <p>Il Museo di Storia Urbana si trova nel centro storico della citt\u00e0 di Avil\u00e9s, precisamente nella via La Ferrer\u00eda, di fronte alla chiesa di San Nicol\u00e1s de Bari e al Centro Culturale Internazionale Oscar Niemeyer.\n\n<p>Il museo offre un curioso circuito che inizia raccontando la storia dell&#8217;evoluzione di Avil\u00e9s, collegandosi alla sala in cui viene spiegata la situazione attuale attraverso una grande finestra. Da questa finestra si pu\u00f2 vedere l&#8217;opera di Oscar Niemeyer, l&#8217;unica che ha realizzato in Spagna.\n\t\t\t\t\t\t\t\t\t<\/div>\n\t\t\t\t\t\t\t\t\t<img decoding=\"async\" src=\"https:\/\/cdn.pilgrim.es\/web\/caminos\/camino-norte\/pueblos\/aviles\/puntos-de-interes\/museo-de-la-historia-urbana.jpg\" alt=\"Museo de la historia urbana\">\n\t\t\t\t\t\t\t\t<\/div>\n\t\t\t\t\t\t\t<\/div>\n\t\t\t\t\t\t\n\t\t\t\t\t\t\t<div class=\"accordion__accordion-content inactive\">\n\t\t\t\t\t\t\t\t<div>\n\t\t\t\t\t\t\t\t\t<div>\n\t\t\t\t\t\t\t\t\t\t<h4>Palacio de Balsera<\/h4>\n\t\t\t\t\t\t\t\t\t\t<p>Il Palazzo Balsera, dichiarato Bene di Interesse Culturale nel 1991, si trova nella citt\u00e0 di Avil\u00e9s e fu costruito nel primo decennio del XX secolo su richiesta di Victoriano Fern\u00e1ndez Balsera, un ricco commerciante della citt\u00e0. <\/p>\n\n<p>L&#8217;esterno del palazzo combina stili modernisti ed eclettici ed \u00e8 decorato in modo esuberante. La sua pianta \u00e8 un insieme di volumi a diverse altezze e l&#8217;interno del palazzo \u00e8 in ottime condizioni.\n\n<p>Il palazzo ospita attualmente la sede del Conservatorio municipale di musica Juli\u00e1n Orb\u00f3n. <\/p>\n\t\t\t\t\t\t\t\t\t<\/div>\n\t\t\t\t\t\t\t\t\t<img decoding=\"async\" src=\"https:\/\/cdn.pilgrim.es\/web\/caminos\/camino-norte\/pueblos\/aviles\/puntos-de-interes\/palacio-de-balsera.jpg\" alt=\"Palacio de Balsera\">\n\t\t\t\t\t\t\t\t<\/div>\n\t\t\t\t\t\t\t<\/div>\n\t\t\t\t\t\t\n\t\t\t\t\t\t\t<div class=\"accordion__accordion-content inactive\">\n\t\t\t\t\t\t\t\t<div>\n\t\t\t\t\t\t\t\t\t<div>\n\t\t\t\t\t\t\t\t\t\t<h4>Palacio de Camposagrado<\/h4>\n\t\t\t\t\t\t\t\t\t\t<p>Il Palazzo Camposagrado \u00e8 un edificio palaziale in stile barocco di cui si sono conservate due delle facciate principali pi\u00f9 antiche del XVII secolo. Il complesso in generale ha un carattere difensivo e si sviluppa su tre piani: il piano inferiore \u00e8 chiuso da piccole feritoie, il piano intermedio ha ampie gallerie con archi segmentali sostenuti da colonne toscane e il terzo piano \u00e8 un&#8217;aggiunta del XIX secolo.<\/p> <p>Il palazzo si sviluppa su tre piani: il piano terra \u00e8 chiuso da piccole feritoie, il piano intermedio ha ampie gallerie con archi segmentali sostenuti da colonne toscane e il terzo piano \u00e8 un&#8217;aggiunta del XIX secolo.\n\n<p>La facciata, realizzata dall&#8217;architetto Francisco Men\u00e9ndez Camina alla fine del XVII secolo, si distingue per la sobriet\u00e0 dell&#8217;ornamento, da cui sporgono due torri, e l&#8217;interno presenta una monumentale scalinata in pietra da cui si accede attualmente alla Scuola d&#8217;Arte del Principato delle Asturie.<\/p> <p>L&#8217;edificio fu costruito dall&#8217;architetto Francisco Men\u00e9ndez Camina alla fine del XVII secolo, con un ornamento sobrio da cui sporgono due torri.\n\n<p>INFORMAZIONI DI INTERESSE<\/p> <p>Informazioni di interesse<\/p> <p>Informazioni interessanti\n\n<p>Numero di telefono: 984 836 725<\/p>\n\t\t\t\t\t\t\t\t\t<\/div>\n\t\t\t\t\t\t\t\t\t<img decoding=\"async\" src=\"https:\/\/cdn.pilgrim.es\/web\/caminos\/camino-norte\/pueblos\/aviles\/puntos-de-interes\/palacio-de-camposagrado.jpg\" alt=\"Palacio de Camposagrado\">\n\t\t\t\t\t\t\t\t<\/div>\n\t\t\t\t\t\t\t<\/div>\n\t\t\t\t\t\t\n\t\t\t\t\t\t\t<div class=\"accordion__accordion-content inactive\">\n\t\t\t\t\t\t\t\t<div>\n\t\t\t\t\t\t\t\t\t<div>\n\t\t\t\t\t\t\t\t\t\t<h4>Palacio de Ferrera<\/h4>\n\t\t\t\t\t\t\t\t\t\t<p>Il Palazzo Ferrera \u00e8 uno degli edifici barocchi pi\u00f9 antichi della citt\u00e0 di Avil\u00e9s. Risale al 1974 e fu la residenza del Marchese di Ferrera e dei suoi parenti pi\u00f9 stretti. Oggi, dopo una completa ristrutturazione, \u00e8 utilizzato come hotel a cinque stelle dalla catena NH Hoteles.\n\t\t\t\t\t\t\t\t\t<\/div>\n\t\t\t\t\t\t\t\t\t<img decoding=\"async\" src=\"https:\/\/cdn.pilgrim.es\/web\/caminos\/camino-norte\/pueblos\/aviles\/puntos-de-interes\/palacio-de-ferrera.jpg\" alt=\"Palacio de Ferrera\">\n\t\t\t\t\t\t\t\t<\/div>\n\t\t\t\t\t\t\t<\/div>\n\t\t\t\t\t\t\n\t\t\t\t\t\t\t<div class=\"accordion__accordion-content inactive\">\n\t\t\t\t\t\t\t\t<div>\n\t\t\t\t\t\t\t\t\t<div>\n\t\t\t\t\t\t\t\t\t\t<h4>Palacio de Llano Ponte<\/h4>\n\t\t\t\t\t\t\t\t\t\t<p>La casa-palazzo di Llano Ponte fu costruita su richiesta di Rodrigo Garc\u00eda Pumarino all&#8217;inizio del XVIII secolo dagli architetti Francisco Men\u00e9ndez Camina e Domingo Su\u00e1rez Solar. Dopo essere stato utilizzato come abitazione, divenne un convento, una scuola e persino un cinema fino al 2013. <\/p>\n\n<p>Da notare che all&#8217;esterno di questo edificio ci sono cinque serie verticali di arcate che formano i portici del piano terra, su cui poggiano i balconi del piano superiore. Le estremit\u00e0 dell&#8217;edificio sono delimitate da lesene incassate decorate con motivi vegetali e con lo stemma della famiglia.  <\/p>\n\t\t\t\t\t\t\t\t\t<\/div>\n\t\t\t\t\t\t\t\t\t<img decoding=\"async\" src=\"https:\/\/cdn.pilgrim.es\/web\/caminos\/camino-norte\/pueblos\/aviles\/puntos-de-interes\/palacio-de-llano-ponte.jpg\" alt=\"Palacio de Llano Ponte\">\n\t\t\t\t\t\t\t\t<\/div>\n\t\t\t\t\t\t\t<\/div>\n\t\t\t\t\t\t\n\t\t\t\t\t\t\t<div class=\"accordion__accordion-content inactive\">\n\t\t\t\t\t\t\t\t<div>\n\t\t\t\t\t\t\t\t\t<div>\n\t\t\t\t\t\t\t\t\t\t<h4>Palacio de Valdecarzana<\/h4>\n\t\t\t\t\t\t\t\t\t\t<p>Il Palazzo di Valdecarzana \u00e8 un edificio palaziale del XIV secolo, il pi\u00f9 antico di Avil\u00e9s, l&#8217;unico centro gotico non religioso e l&#8217;unico esempio di architettura borghese della citt\u00e0. <\/p>\n\n<p>Oggi dell&#8217;edificio originale rimane solo la facciata principale, divisa in due piani: il piano inferiore, adibito a locali commerciali, e il piano superiore, adibito ad abitazione. <\/p>\n\n<p>La leggenda di questa casa narra che Pietro I il Crudele vi trascorse la notte quando liber\u00f2 Avil\u00e9s dall&#8217;assedio del fratello bastardo nel 1352.\n\n<p>INFORMAZIONI DI INTERESSE<\/p> <p>Informazioni di interesse<\/p> <p>La casa si trova nel centro di Avil\u00e9s.\n\n<p>Telefono: 985 544 325<\/p>\n\t\t\t\t\t\t\t\t\t<\/div>\n\t\t\t\t\t\t\t\t\t<img decoding=\"async\" src=\"https:\/\/cdn.pilgrim.es\/web\/caminos\/camino-norte\/pueblos\/aviles\/puntos-de-interes\/palacio-de-valdecarzana.jpg\" alt=\"Palacio de Valdecarzana\">\n\t\t\t\t\t\t\t\t<\/div>\n\t\t\t\t\t\t\t<\/div>\n\t\t\t\t\t\t\n\t\t\t\t\t\t\t<div class=\"accordion__accordion-content inactive\">\n\t\t\t\t\t\t\t\t<div>\n\t\t\t\t\t\t\t\t\t<div>\n\t\t\t\t\t\t\t\t\t\t<h4>Palacio municipal<\/h4>\n\t\t\t\t\t\t\t\t\t\t<p>Il Palazzo Municipale \u00e8 un edificio che ospita il Municipio di Avil\u00e9s e i cui lavori iniziarono nel 1670 e furono completati sette anni dopo. Il progetto fu commissionato all&#8217;architetto Juan de Estrada. <\/p>\n\n<p>Tradizionalmente, questo edificio non era attaccato alle mura, ma col tempo inizi\u00f2 ad essere ampliato fino ad unirsi ad esse. In questa composizione spicca la facciata a due piani, separati da un&#8217;imposta. Il piano inferiore ospita una successione di undici archi che creano le arcate e sostengono il piano superiore, creando i balconi.\n\t\t\t\t\t\t\t\t\t<\/div>\n\t\t\t\t\t\t\t\t\t<img decoding=\"async\" src=\"https:\/\/cdn.pilgrim.es\/web\/caminos\/camino-norte\/pueblos\/aviles\/puntos-de-interes\/palacio-municipal.jpg\" alt=\"Palacio municipal\">\n\t\t\t\t\t\t\t\t<\/div>\n\t\t\t\t\t\t\t<\/div>\n\t\t\t\t\t\t\n\t\t\t\t\t\t\t<div class=\"accordion__accordion-content inactive\">\n\t\t\t\t\t\t\t\t<div>\n\t\t\t\t\t\t\t\t\t<div>\n\t\t\t\t\t\t\t\t\t\t<h4>Parque del Muelle<\/h4>\n\t\t\t\t\t\t\t\t\t\t<p> Un tempo qui si trovava la darsena e il porto commerciale della citt\u00e0, che godeva di una vivace attivit\u00e0. Oggi quest&#8217;area verde si distingue per l&#8217;impressionante collezione di sculture acquisite dall&#8217;amministrazione comunale alla fine del XIX secolo. Sono tutte repliche di alcune sculture greche conservate al Museo del Louvre di Parigi, che rappresentano tra l&#8217;altro le divinit\u00e0 Artemide, Afrodite o le Allegorie. <\/p>\n\t\t\t\t\t\t\t\t\t<\/div>\n\t\t\t\t\t\t\t\t\t<img decoding=\"async\" src=\"https:\/\/cdn.pilgrim.es\/web\/caminos\/camino-norte\/pueblos\/aviles\/puntos-de-interes\/parque-del-muelle.jpg\" alt=\"Parque del Muelle\">\n\t\t\t\t\t\t\t\t<\/div>\n\t\t\t\t\t\t\t<\/div>\n\t\t\t\t\t\t\n\t\t\t\t\t\t\t<div class=\"accordion__accordion-content inactive\">\n\t\t\t\t\t\t\t\t<div>\n\t\t\t\t\t\t\t\t\t<div>\n\t\t\t\t\t\t\t\t\t\t<h4>Parque Ferrera<\/h4>\n\t\t\t\t\t\t\t\t\t\t<p>Questo spazio alberato con ampi sentieri fu creato per servire come luogo di ricreazione e svago per i nobili della citt\u00e0, in particolare per coloro che vivevano nel palazzo Ferrera. Ispirato ai tipici parchi inglesi, \u00e8 di uso pubblico dal XX secolo, dopo anni di trattative tra i vecchi proprietari e l&#8217;amministrazione comunale. Inizialmente, l&#8217;area pi\u00f9 vicina al palazzo, nota come giardino alla francese, era riservata all&#8217;uso e al godimento della marchesa, in quanto vi si trovava uno splendido faggio rosso a cui era molto affezionata. <\/p>\n\n<p>Tutti gli abitanti di Avila possono ora godere della moltitudine di specie arboree, dei sentieri, dell&#8217;arredo urbano, del chiosco e della casa della cultura comunale che ospita. <\/p>\n\t\t\t\t\t\t\t\t\t<\/div>\n\t\t\t\t\t\t\t\t\t<img decoding=\"async\" src=\"https:\/\/cdn.pilgrim.es\/web\/caminos\/camino-norte\/pueblos\/aviles\/puntos-de-interes\/parque-ferrera.jpg\" alt=\"Parque Ferrera\">\n\t\t\t\t\t\t\t\t<\/div>\n\t\t\t\t\t\t\t<\/div>\n\t\t\t\t\t\t\n\t\t\t\t\t\t\t<div class=\"accordion__accordion-content inactive\">\n\t\t\t\t\t\t\t\t<div>\n\t\t\t\t\t\t\t\t\t<div>\n\t\t\t\t\t\t\t\t\t\t<h4>Plaza Mayor<\/h4>\n\t\t\t\t\t\t\t\t\t\t<p>La Plaza Mayor \u00e8 una piazza di forma irregolare con il monumentale edificio del Municipio e, di fronte, un altro edificio dall&#8217;aspetto antico che oggi ospita un hotel di lusso.\n\t\t\t\t\t\t\t\t\t<\/div>\n\t\t\t\t\t\t\t\t\t<img decoding=\"async\" src=\"https:\/\/cdn.pilgrim.es\/web\/caminos\/camino-norte\/pueblos\/aviles\/puntos-de-interes\/plaza-mayor.jpg\" alt=\"Plaza Mayor\">\n\t\t\t\t\t\t\t\t<\/div>\n\t\t\t\t\t\t\t<\/div>\n\t\t\t\t\t\t\n\t\t\t\t\t\t\t<div class=\"accordion__accordion-content inactive\">\n\t\t\t\t\t\t\t\t<div>\n\t\t\t\t\t\t\t\t\t<div>\n\t\t\t\t\t\t\t\t\t\t<h4>Centro Cultural Internacional<\/h4>\n\t\t\t\t\t\t\t\t\t\t<p>Il Centro Culturale Internazionale Oscar Niemeyer \u00e8 ospitato in un edificio progettato dal famoso architetto brasiliano in Spagna e si trova in una posizione privilegiata tra l&#8217;estuario e il centro storico della citt\u00e0 di Avil\u00e9s. <\/p>\n\n<p>Il sito \u00e8 composto da quattro edifici collegati da una grandiosa piazza, ed \u00e8 qui che i visitatori hanno la possibilit\u00e0 di ammirare un&#8217;atmosfera originale e allo stesso tempo speciale che mostra i segni di identit\u00e0 propri dell&#8217;autore: la scala degli edifici, l&#8217;estensione visiva dello spazio, il colore bianco dei soffitti che simula l&#8217;orizzonte e i diversi modi di disegnare una linea curva.\n\t\t\t\t\t\t\t\t\t<\/div>\n\t\t\t\t\t\t\t\t\t<img decoding=\"async\" src=\"https:\/\/cdn.pilgrim.es\/web\/caminos\/camino-norte\/pueblos\/aviles\/puntos-de-interes\/centro-cultural-internacional.jpg\" alt=\"Centro Cultural Internacional\">\n\t\t\t\t\t\t\t\t<\/div>\n\t\t\t\t\t\t\t<\/div>\n\t\t\t\t\t\t\n\t\t\t\t\t\t\t<div class=\"accordion__accordion-content inactive\">\n\t\t\t\t\t\t\t\t<div>\n\t\t\t\t\t\t\t\t\t<div>\n\t\t\t\t\t\t\t\t\t\t<h4>Teatro palacio Valde\u0301s<\/h4>\n\t\t\t\t\t\t\t\t\t\t<p>Il teatro Palacio Vald\u00e9s \u00e8 stato costruito da Manuel del Busto e dichiarato Bene di Interesse Culturale con la categoria di Monumento nel 1982, per essere una delle pi\u00f9 importanti opere di architettura del primo Novecento.<\/p> <p>Il teatro Palacio Vald\u00e9s \u00e8 stato costruito da Manuel del Busto e dichiarato Bene di Interesse Culturale con la categoria di Monumento nel 1982, per essere una delle pi\u00f9 importanti opere di architettura del primo Novecento.\n\n<p> \u00c8 quindi il teatro pi\u00f9 significativo e prezioso della citt\u00e0 di Avil\u00e9s e si trova accanto a importanti edifici come l&#8217;Auditorium della Casa della Cultura e la sede dei programmi &#8220;EscenAvil\u00e9s&#8221;. <\/p>\n\t\t\t\t\t\t\t\t\t<\/div>\n\t\t\t\t\t\t\t\t\t<img decoding=\"async\" src=\"https:\/\/cdn.pilgrim.es\/web\/caminos\/camino-norte\/pueblos\/aviles\/puntos-de-interes\/teatro-palacio-valdes.jpg\" alt=\"Teatro palacio Valde\u0301s\">\n\t\t\t\t\t\t\t\t<\/div>\n\t\t\t\t\t\t\t<\/div>\n\t\t\t\t\t\t\n\t\t\t\t\t<\/div>\n\t\t\t\t<\/div>\n\t\t\t<\/div>\n\t\t\n\n\t\t<div id=\"phonesSection\">\n\t\t\t<div>\n\t\t\t\t<h2 class=\"p-h3-town\">Informazioni di interesse<\/h2>\n\t\t\t<\/div>\n\t\t\t<div class=\"grid\">\n\t\t\t\t\n\t\t\t\t\t<div class=\"phone-number-item\">\n\t\t\t\t\t\t<div class=\"phone-number-item__icon\"><i class=\"icon-police\"><\/i><\/div>\n\t\t\t\t\t\t<div class=\"phone-number-item__title\">\n\t\t\t\t\t\t\t<h3 class=\"p-font-bold\">Polizia locale<\/h3>\n\t\t\t\t\t\t\t<p>985 525 410<\/p>\n\t\t\t\t\t\t\t\n\t\t\t\t\t\t<\/div>\n\t\t\t\t\t<\/div>\n\t\t\t\t\n\t\t\t\t\t<div class=\"phone-number-item\">\n\t\t\t\t\t\t<div class=\"phone-number-item__icon\"><i class=\"icon-spanish-military-police\"><\/i><\/div>\n\t\t\t\t\t\t<div class=\"phone-number-item__title\">\n\t\t\t\t\t\t\t<h3 class=\"p-font-bold\">Guardia civile<\/h3>\n\t\t\t\t\t\t\t<p>985 570 200<\/p>\n\t\t\t\t\t\t\t\n\t\t\t\t\t\t<\/div>\n\t\t\t\t\t<\/div>\n\t\t\t\t\n\t\t\t\t\t<div class=\"phone-number-item\">\n\t\t\t\t\t\t<div class=\"phone-number-item__icon\"><i class=\"icon-firefighters\"><\/i><\/div>\n\t\t\t\t\t\t<div class=\"phone-number-item__title\">\n\t\t\t\t\t\t\t<h3 class=\"p-font-bold\">Vigili del fuoco<\/h3>\n\t\t\t\t\t\t\t<p>985 511 858<\/p>\n\t\t\t\t\t\t\t\n\t\t\t\t\t\t<\/div>\n\t\t\t\t\t<\/div>\n\t\t\t\t\n\t\t\t\t\t<div class=\"phone-number-item\">\n\t\t\t\t\t\t<div class=\"phone-number-item__icon\"><i class=\"icon-civil-protection\"><\/i><\/div>\n\t\t\t\t\t\t<div class=\"phone-number-item__title\">\n\t\t\t\t\t\t\t<h3 class=\"p-font-bold\">Protezione civile<\/h3>\n\t\t\t\t\t\t\t<p>112<\/p>\n\t\t\t\t\t\t\t\n\t\t\t\t\t\t<\/div>\n\t\t\t\t\t<\/div>\n\t\t\t\t\n\t\t\t\t\t<div class=\"phone-number-item\">\n\t\t\t\t\t\t<div class=\"phone-number-item__icon\"><i class=\"icon-town-council\"><\/i><\/div>\n\t\t\t\t\t\t<div class=\"phone-number-item__title\">\n\t\t\t\t\t\t\t<h3 class=\"p-font-bold\">Municipio<\/h3>\n\t\t\t\t\t\t\t<p>985 122 100<\/p>\n\t\t\t\t\t\t\t\n\t\t\t\t\t\t<\/div>\n\t\t\t\t\t<\/div>\n\t\t\t\t\n\t\t\t\t\t<div class=\"phone-number-item\">\n\t\t\t\t\t\t<div class=\"phone-number-item__icon\"><i class=\"icon-hospital\"><\/i><\/div>\n\t\t\t\t\t\t<div class=\"phone-number-item__title\">\n\t\t\t\t\t\t\t<h3 class=\"p-font-bold\">Centro sanitario<\/h3>\n\t\t\t\t\t\t\t<p>985 563 954<\/p>\n\t\t\t\t\t\t\t\n\t\t\t\t\t\t<\/div>\n\t\t\t\t\t<\/div>\n\t\t\t\t\n\t\t\t\t\t<div class=\"phone-number-item\">\n\t\t\t\t\t\t<div class=\"phone-number-item__icon\"><i class=\"icon-tourism\"><\/i><\/div>\n\t\t\t\t\t\t<div class=\"phone-number-item__title\">\n\t\t\t\t\t\t\t<h3 class=\"p-font-bold\">Ufficio turistico<\/h3>\n\t\t\t\t\t\t\t<p>985 544 625<\/p>\n\t\t\t\t\t\t\t\n\t\t\t\t\t\t\t\t<p>Calle de Ruiz G\u00f3mez, 21<\/p>\n\t\t\t\t\t\t\t\n\t\t\t\t\t\t<\/div>\n\t\t\t\t\t<\/div>\n\t\t\t\t\n\t\t\t<\/div>\n\t\t<\/div>\n\n\t\t<div id=\"clientForm\">\n        <section>\n        <img decoding=\"async\" src=\"https:\/\/cdn.pilgrim.es\/web\/home\/email-contacto.png\" alt=\"contacto\">\n        <div>\n            <p>Ti inviamo la tua pianificazione<\/p>\n            <p>Forniscici i tuoi dati e ricevi la pianificazione del tuo viaggio via email <\/p>\n            <form method=\"post\" data-url=\"\/wp-admin\/admin-ajax.php\" id=\"planner--client\" class=\"flag-right form-client\">\n    <div class=\"form-data\">\n        <input name=\"form_id\" type=\"hidden\" value=\"Formulario Leads\">\n        <input name=\"type\" type=\"hidden\" value=\"planner_client\">\n        <input type=\"text\" name=\"nombre\" value=\"\" size=\"40\" class=\"form-control\" aria-required=\"true\" aria-invalid=\"false\" placeholder=\"Nome\">\n        <input type=\"email\" name=\"email\" value=\"\" size=\"40\" class=\"form-control\" aria-required=\"true\" aria-invalid=\"false\" placeholder=\"Mail\">\n        <input type=\"text\" id=\"phone-input\" name=\"tel\" value=\"\" size=\"40\" class=\"phone-input form-control\" aria-required=\"true\" aria-invalid=\"false\" placeholder=\"Telefono\">\n        <input type=\"hidden\" name=\"telefono\">\n    <\/div>\n    <div class=\"form-checkbox\">\n        <span>\n            Pilgrim Travel. S.L. informa, come previsto dal Regolamento 2016\/679, che i dati utilizzati in questo modulo verranno utilizzati sia per la risposta delle eventuali consultazioni sia per la pub-blicazione dei commenti, essendo il consenso dell'utente la base di legittimazione. Potranno esse-re esercitati i diritti in conformit\u00e0 con quanto stabilito dalla nostra             <a href=\"https:\/\/www.pilgrim.es\/it\/informativa-sulla-privacy\/\" target=\"_blank\" rel=\"noopener noreferrer nofollow\">Politica di privacy.<\/a>\n        <\/span>\n    <\/div>\n\n    <div class=\"form-submit\">\n        <button id=\"planner--client-create\" type=\"submit\">Formulario di contatto<\/button>\n        <div class=\"loadingDiv\"><i class=\"p-spinner\"><\/i><\/div>\n    <\/div>\n\n    <div class=\"contact-content-form-success\">\n        <p><i class=\"fas fa-check\"><\/i> Il modulo \u00e8 stato inviato correttamente<\/p>\n    <\/div>\n\n    <div class=\"contact-content-form-error\">\n        <span class=\"input-error\"><\/span>\n    <\/div>\n<\/form>        <\/div>\n    <\/section>\n<\/div>\n\n\t\t<div id=\"recomendationSection\">\n\t\t\t<div>\n\t\t\t\t<h2 class=\"p-h2-town\">Consigliato<\/h2>\n\t\t\t\t<hr>\n\t\t\t\t<h3 class=\"p-h3-town\">Gastronomia<\/h3>\n\t\t\t<\/div>\n\t\t\tLa gastronomia di Avil\u00e9s \u00e8 molto simile a quella del resto della provincia: i piatti pi\u00f9 importanti sono la fabada (stufato), la trippa, la selvaggina, il pesce, i frutti di mare, il riso, il coniglio con le lumache, la lepre con i gurullos, le migas con i pezzetti, la salsiccia di maiale, le pentole gitane di zucca, gli stufati di grano, il grano con le fave e le lumache, il frat\u00e1 e lo zampone di maiale.\n\nNella pasticceria di Avil\u00e9s spicca El Bollo, un dolce a forma di quadrifoglio molto rappresentativo della citt\u00e0, ma tradizionali sono anche gli scogli di salina, i colosinos, i conos de Avil\u00e9s, i Niemerynos, la Tarta Pumariega, le Mara\u00f1ueas, le tortas de mosto e il merlit\u00f3n.\n\t\t<\/div>\n\n\n\t\t\n\t\t\t<div id=\"holidaysSection\">\n\t\t\t\t<div>\n\t\t\t\t\t<h2 class=\"p-h2-town\">Consigliato<\/h2>\n\t\t\t\t\t<hr>\n\t\t\t\t\t<h3 class=\"p-h3-town\">Festival e pellegrinaggi<\/h3>\n\t\t\t\t<\/div>\n\t\t\t\t<div class=\"grid holidays-grid\">\n\t\t\t\t\t\n\t\t\t\t\t\t<div>\n\t\t\t\t\t\t\t<div class=\"phone-number-item\">\n\t\t\t\t\t\t\t\t<div class=\"phone-number-item__icon\"><i class=\"icon-holiday\"><\/i><\/div>\n\t\t\t\t\t\t\t\t<div class=\"phone-number-item__title dark-text\">\n\t\t\t\t\t\t\t\t\t<p class=\"p-font-bold\">Vacanza locale<\/p>\n\t\t\t\t\t\t\t\t\t<p>16 de julio: Fiestas del Carmen<\/p>\n\t\t\t\t\t\t\t\t<\/div>\n\t\t\t\t\t\t\t<\/div>\n\t\t\t\t\t\t<\/div>\n\t\t\t\t\t\n\t\t\t\t\t\t<div>\n\t\t\t\t\t\t\t<div class=\"phone-number-item\">\n\t\t\t\t\t\t\t\t<div class=\"phone-number-item__icon\"><i class=\"icon-holiday\"><\/i><\/div>\n\t\t\t\t\t\t\t\t<div class=\"phone-number-item__title dark-text\">\n\t\t\t\t\t\t\t\t\t<p class=\"p-font-bold\">Vacanza locale<\/p>\n\t\t\t\t\t\t\t\t\t<p>Primer viernes de agosto: Arrozada<\/p>\n\t\t\t\t\t\t\t\t<\/div>\n\t\t\t\t\t\t\t<\/div>\n\t\t\t\t\t\t<\/div>\n\t\t\t\t\t\n\t\t\t\t\t\t<div>\n\t\t\t\t\t\t\t<div class=\"phone-number-item\">\n\t\t\t\t\t\t\t\t<div class=\"phone-number-item__icon\"><i class=\"icon-holiday\"><\/i><\/div>\n\t\t\t\t\t\t\t\t<div class=\"phone-number-item__title dark-text\">\n\t\t\t\t\t\t\t\t\t<p class=\"p-font-bold\">Vacanza locale<\/p>\n\t\t\t\t\t\t\t\t\t<p>28 de agosto: Fiestas de San Agust\u00edn<\/p>\n\t\t\t\t\t\t\t\t<\/div>\n\t\t\t\t\t\t\t<\/div>\n\t\t\t\t\t\t<\/div>\n\t\t\t\t\t\n\t\t\t\t\t\t<div>\n\t\t\t\t\t\t\t<div class=\"phone-number-item\">\n\t\t\t\t\t\t\t\t<div class=\"phone-number-item__icon\"><i class=\"icon-holiday\"><\/i><\/div>\n\t\t\t\t\t\t\t\t<div class=\"phone-number-item__title dark-text\">\n\t\t\t\t\t\t\t\t\t<p class=\"p-font-bold\">Vacanza locale<\/p>\n\t\t\t\t\t\t\t\t\t<p>26 de julio: La danza prima de Santa Ana<\/p>\n\t\t\t\t\t\t\t\t<\/div>\n\t\t\t\t\t\t\t<\/div>\n\t\t\t\t\t\t<\/div>\n\t\t\t\t\t\n\t\t\t\t\t\t<div>\n\t\t\t\t\t\t\t<div class=\"phone-number-item\">\n\t\t\t\t\t\t\t\t<div class=\"phone-number-item__icon\"><i class=\"icon-holiday\"><\/i><\/div>\n\t\t\t\t\t\t\t\t<div class=\"phone-number-item__title dark-text\">\n\t\t\t\t\t\t\t\t\t<p class=\"p-font-bold\">Vacanza locale<\/p>\n\t\t\t\t\t\t\t\t\t<p>Del 21 al 27 de agosto: Festival de la cerveza<\/p>\n\t\t\t\t\t\t\t\t<\/div>\n\t\t\t\t\t\t\t<\/div>\n\t\t\t\t\t\t<\/div>\n\t\t\t\t\t\n\t\t\t\t\t\t<div>\n\t\t\t\t\t\t\t<div class=\"phone-number-item\">\n\t\t\t\t\t\t\t\t<div class=\"phone-number-item__icon\"><i class=\"icon-holiday\"><\/i><\/div>\n\t\t\t\t\t\t\t\t<div class=\"phone-number-item__title dark-text\">\n\t\t\t\t\t\t\t\t\t<p class=\"p-font-bold\">Vacanza locale<\/p>\n\t\t\t\t\t\t\t\t\t<p>Carnaval: Fiesta de inter\u00e9s nacional<\/p>\n\t\t\t\t\t\t\t\t<\/div>\n\t\t\t\t\t\t\t<\/div>\n\t\t\t\t\t\t<\/div>\n\t\t\t\t\t\n\t\t\t\t\t\t<div>\n\t\t\t\t\t\t\t<div class=\"phone-number-item\">\n\t\t\t\t\t\t\t\t<div class=\"phone-number-item__icon\"><i class=\"icon-holiday\"><\/i><\/div>\n\t\t\t\t\t\t\t\t<div class=\"phone-number-item__title dark-text\">\n\t\t\t\t\t\t\t\t\t<p class=\"p-font-bold\">Vacanza locale<\/p>\n\t\t\t\t\t\t\t\t\t<p>Domingo y el lunes de pascua: Fiesta de El Bollo<\/p>\n\t\t\t\t\t\t\t\t<\/div>\n\t\t\t\t\t\t\t<\/div>\n\t\t\t\t\t\t<\/div>\n\t\t\t\t\t\n\t\t\t\t\t\t<div>\n\t\t\t\t\t\t\t<div class=\"phone-number-item\">\n\t\t\t\t\t\t\t\t<div class=\"phone-number-item__icon\"><i class=\"icon-holiday\"><\/i><\/div>\n\t\t\t\t\t\t\t\t<div class=\"phone-number-item__title dark-text\">\n\t\t\t\t\t\t\t\t\t<p class=\"p-font-bold\">Vacanza locale<\/p>\n\t\t\t\t\t\t\t\t\t<p>22 de julio: Nuestra Se\u00f1ora de la Magdalena<\/p>\n\t\t\t\t\t\t\t\t<\/div>\n\t\t\t\t\t\t\t<\/div>\n\t\t\t\t\t\t<\/div>\n\t\t\t\t\t\n\t\t\t\t\t\t<div>\n\t\t\t\t\t\t\t<div class=\"phone-number-item\">\n\t\t\t\t\t\t\t\t<div class=\"phone-number-item__icon\"><i class=\"icon-holiday\"><\/i><\/div>\n\t\t\t\t\t\t\t\t<div class=\"phone-number-item__title dark-text\">\n\t\t\t\t\t\t\t\t\t<p class=\"p-font-bold\">Vacanza locale<\/p>\n\t\t\t\t\t\t\t\t\t<p>Segunda quincena de julio: Festival interc\u00e9ltico<\/p>\n\t\t\t\t\t\t\t\t<\/div>\n\t\t\t\t\t\t\t<\/div>\n\t\t\t\t\t\t<\/div>\n\t\t\t\t\t\n\t\t\t\t\t\t<div>\n\t\t\t\t\t\t\t<div class=\"phone-number-item\">\n\t\t\t\t\t\t\t\t<div class=\"phone-number-item__icon\"><i class=\"icon-holiday\"><\/i><\/div>\n\t\t\t\t\t\t\t\t<div class=\"phone-number-item__title dark-text\">\n\t\t\t\t\t\t\t\t\t<p class=\"p-font-bold\">Vacanza locale<\/p>\n\t\t\t\t\t\t\t\t\t<p>8 de septiembre: Fiestas de la Virgen de Covadonga<\/p>\n\t\t\t\t\t\t\t\t<\/div>\n\t\t\t\t\t\t\t<\/div>\n\t\t\t\t\t\t<\/div>\n\t\t\t\t\t\n\t\t\t\t\t\t<div>\n\t\t\t\t\t\t\t<div class=\"phone-number-item\">\n\t\t\t\t\t\t\t\t<div class=\"phone-number-item__icon\"><i class=\"icon-holiday\"><\/i><\/div>\n\t\t\t\t\t\t\t\t<div class=\"phone-number-item__title dark-text\">\n\t\t\t\t\t\t\t\t\t<p class=\"p-font-bold\">Vacanza locale<\/p>\n\t\t\t\t\t\t\t\t\t<p>Martes despu\u00e9s del s\u00e9ptimo domingo de pascua: Fiesta del Puchero en Villalegre<\/p>\n\t\t\t\t\t\t\t\t<\/div>\n\t\t\t\t\t\t\t<\/div>\n\t\t\t\t\t\t<\/div>\n\t\t\t\t\t\n\t\t\t\t\t\t<div>\n\t\t\t\t\t\t\t<div class=\"phone-number-item\">\n\t\t\t\t\t\t\t\t<div class=\"phone-number-item__icon\"><i class=\"icon-holiday\"><\/i><\/div>\n\t\t\t\t\t\t\t\t<div class=\"phone-number-item__title dark-text\">\n\t\t\t\t\t\t\t\t\t<p class=\"p-font-bold\">Vacanza locale<\/p>\n\t\t\t\t\t\t\t\t\t<p>Junio: Avil\u00e9s Acci\u00f3n<\/p>\n\t\t\t\t\t\t\t\t<\/div>\n\t\t\t\t\t\t\t<\/div>\n\t\t\t\t\t\t<\/div>\n\t\t\t\t\t\n\t\t\t\t\t\t<div>\n\t\t\t\t\t\t\t<div class=\"phone-number-item\">\n\t\t\t\t\t\t\t\t<div class=\"phone-number-item__icon\"><i class=\"icon-holiday\"><\/i><\/div>\n\t\t\t\t\t\t\t\t<div class=\"phone-number-item__title dark-text\">\n\t\t\t\t\t\t\t\t\t<p class=\"p-font-bold\">Vacanza locale<\/p>\n\t\t\t\t\t\t\t\t\t<p>\u00daltima semana de julio y la primera de septiembre: El festival de ciencia ficci\u00f3n, terror y fantas\u00eda<\/p>\n\t\t\t\t\t\t\t\t<\/div>\n\t\t\t\t\t\t\t<\/div>\n\t\t\t\t\t\t<\/div>\n\t\t\t\t\t\n\t\t\t\t<\/div>\n\t\t\t<\/div>\n\t\t\n\t<\/div>\n<\/section>\n\n<div id=\"stage_list_section\"><div class=\"stage-list\">\n    <div class='stage-list__map-card'>\n        <div class='stage-list__map-card__map'>\n            <div class='stage-list__map-card__map__text'>\n                <h2> Pages <\/h2>\n                <p> A piedi<\/p>\n                <p> 0tappe<\/p>\n            <\/div>\n            <div class='stage-list__map-card__map__img'>\n                <img decoding=\"async\" src=\"\" alt=\" mapa \" \/>\n            <\/div>\n        <\/div>\n    <\/div>\n\n    <\/div>\n<\/div> ","protected":false},"excerpt":{"rendered":"<p>Avil\u00e9s &#8249; Ritorno al palcoscenico Avil\u00e9s Abitanti: 81.659 aprox. Provincia: Asturias Informazioni Get to know Avil\u00e9s La citt\u00e0 di Avil\u00e9s si trova su entrambe le sponde dell&#8217;omonimo fiume. \u00c8 sede del secondo porto commerciale pi\u00f9 importante della comunit\u00e0 autonoma e del primo porto peschereccio, motivo per cui vanta una grande tradizione di pesca e anche &hellip; <\/p>\n<p class=\"read_more\"><a href=\"https:\/\/www.pilgrim.es\/it\/cammino-nord\/aviles\/\">Leer m\u00e1s<\/a><\/p>\n","protected":false},"author":0,"featured_media":1805,"parent":10817,"menu_order":0,"comment_status":"closed","ping_status":"closed","template":"views\/template-new-web-design.blade.php","meta":{"footnotes":""},"categories":[],"tags":[],"class_list":["post-91300","page","type-page","status-publish","has-post-thumbnail","hentry"],"yoast_head":"<!-- This site is optimized with the Yoast SEO plugin v27.4 - https:\/\/yoast.com\/product\/yoast-seo-wordpress\/ -->\n<title>Avil\u00e9s: Cosa vedere e dove dormire | Cammino di Santiago | Pilgrim<\/title>\n<meta name=\"description\" content=\"Avil\u00e9s Scopri tutte le informazioni su dove alloggiare, come arrivare, cosa mangiare e sui principali punti di interesse delle localit\u00e0 lungo il Cammino del Nord.\" \/>\n<meta name=\"robots\" content=\"index, follow, max-snippet:-1, max-image-preview:large, max-video-preview:-1\" \/>\n<link rel=\"canonical\" href=\"https:\/\/www.pilgrim.es\/it\/cammino-nord\/aviles\/\" \/>\n<meta property=\"og:locale\" content=\"it_IT\" \/>\n<meta property=\"og:type\" content=\"article\" \/>\n<meta property=\"og:title\" content=\"Avil\u00e9s: Cosa vedere e dove dormire | Cammino di Santiago | Pilgrim\" \/>\n<meta property=\"og:description\" content=\"Avil\u00e9s Scopri tutte le informazioni su dove alloggiare, come arrivare, cosa mangiare e sui principali punti di interesse delle localit\u00e0 lungo il Cammino del Nord.\" \/>\n<meta property=\"og:url\" content=\"https:\/\/www.pilgrim.es\/it\/cammino-nord\/aviles\/\" \/>\n<meta property=\"og:site_name\" content=\"Pilgrim\" \/>\n<meta property=\"article:publisher\" content=\"https:\/\/www.facebook.com\/pilgrim.es\/\" \/>\n<meta property=\"og:image\" content=\"https:\/\/www.pilgrim.es\/wp-content\/uploads\/2019\/02\/aviles1.jpg\" \/>\n\t<meta property=\"og:image:width\" content=\"900\" \/>\n\t<meta property=\"og:image:height\" content=\"612\" \/>\n\t<meta property=\"og:image:type\" content=\"image\/jpeg\" \/>\n<meta name=\"twitter:card\" content=\"summary_large_image\" \/>\n<meta name=\"twitter:site\" content=\"@pilgrim_es\" \/>\n<meta name=\"twitter:label1\" content=\"Tempo di lettura stimato\" \/>\n\t<meta name=\"twitter:data1\" content=\"15 minuti\" \/>\n<script type=\"application\/ld+json\" class=\"yoast-schema-graph\">{\"@context\":\"https:\\\/\\\/schema.org\",\"@graph\":[{\"@type\":\"WebPage\",\"@id\":\"https:\\\/\\\/www.pilgrim.es\\\/it\\\/cammino-nord\\\/aviles\\\/\",\"url\":\"https:\\\/\\\/www.pilgrim.es\\\/it\\\/cammino-nord\\\/aviles\\\/\",\"name\":\"Avil\u00e9s: Cosa vedere e dove dormire | Cammino di Santiago | Pilgrim\",\"isPartOf\":{\"@id\":\"https:\\\/\\\/www.pilgrim.es\\\/it\\\/#website\"},\"primaryImageOfPage\":{\"@id\":\"https:\\\/\\\/www.pilgrim.es\\\/it\\\/cammino-nord\\\/aviles\\\/#primaryimage\"},\"image\":{\"@id\":\"https:\\\/\\\/www.pilgrim.es\\\/it\\\/cammino-nord\\\/aviles\\\/#primaryimage\"},\"thumbnailUrl\":\"https:\\\/\\\/www.pilgrim.es\\\/wp-content\\\/uploads\\\/2019\\\/02\\\/aviles1.jpg\",\"datePublished\":\"2025-03-17T14:55:55+00:00\",\"description\":\"Avil\u00e9s Scopri tutte le informazioni su dove alloggiare, come arrivare, cosa mangiare e sui principali punti di interesse delle localit\u00e0 lungo il Cammino del Nord.\",\"breadcrumb\":{\"@id\":\"https:\\\/\\\/www.pilgrim.es\\\/it\\\/cammino-nord\\\/aviles\\\/#breadcrumb\"},\"inLanguage\":\"it-IT\",\"potentialAction\":[{\"@type\":\"ReadAction\",\"target\":[\"https:\\\/\\\/www.pilgrim.es\\\/it\\\/cammino-nord\\\/aviles\\\/\"]}]},{\"@type\":\"ImageObject\",\"inLanguage\":\"it-IT\",\"@id\":\"https:\\\/\\\/www.pilgrim.es\\\/it\\\/cammino-nord\\\/aviles\\\/#primaryimage\",\"url\":\"https:\\\/\\\/www.pilgrim.es\\\/wp-content\\\/uploads\\\/2019\\\/02\\\/aviles1.jpg\",\"contentUrl\":\"https:\\\/\\\/www.pilgrim.es\\\/wp-content\\\/uploads\\\/2019\\\/02\\\/aviles1.jpg\",\"width\":900,\"height\":612,\"caption\":\"Avil\u00e9s\"},{\"@type\":\"BreadcrumbList\",\"@id\":\"https:\\\/\\\/www.pilgrim.es\\\/it\\\/cammino-nord\\\/aviles\\\/#breadcrumb\",\"itemListElement\":[{\"@type\":\"ListItem\",\"position\":1,\"name\":\"Camino de Santiago\",\"item\":\"https:\\\/\\\/www.pilgrim.es\\\/it\\\/\"},{\"@type\":\"ListItem\",\"position\":2,\"name\":\"Cammino del Nord\",\"item\":\"https:\\\/\\\/www.pilgrim.es\\\/it\\\/cammino-nord\\\/\"},{\"@type\":\"ListItem\",\"position\":3,\"name\":\"Avil\u00e9s\"}]},{\"@type\":\"WebSite\",\"@id\":\"https:\\\/\\\/www.pilgrim.es\\\/it\\\/#website\",\"url\":\"https:\\\/\\\/www.pilgrim.es\\\/it\\\/\",\"name\":\"Pilgrim\",\"description\":\"Camino de Santiago | Caminamos Contigo\",\"publisher\":{\"@id\":\"https:\\\/\\\/www.pilgrim.es\\\/it\\\/#organization\"},\"potentialAction\":[{\"@type\":\"SearchAction\",\"target\":{\"@type\":\"EntryPoint\",\"urlTemplate\":\"https:\\\/\\\/www.pilgrim.es\\\/it\\\/?s={search_term_string}\"},\"query-input\":{\"@type\":\"PropertyValueSpecification\",\"valueRequired\":true,\"valueName\":\"search_term_string\"}}],\"inLanguage\":\"it-IT\"},{\"@type\":\"Organization\",\"@id\":\"https:\\\/\\\/www.pilgrim.es\\\/it\\\/#organization\",\"name\":\"Pilgrim Camino de Santiago\",\"url\":\"https:\\\/\\\/www.pilgrim.es\\\/it\\\/\",\"logo\":{\"@type\":\"ImageObject\",\"inLanguage\":\"it-IT\",\"@id\":\"https:\\\/\\\/www.pilgrim.es\\\/it\\\/#\\\/schema\\\/logo\\\/image\\\/\",\"url\":\"https:\\\/\\\/www.pilgrim.es\\\/wp-content\\\/uploads\\\/2019\\\/04\\\/logo_pilgrim.png\",\"contentUrl\":\"https:\\\/\\\/www.pilgrim.es\\\/wp-content\\\/uploads\\\/2019\\\/04\\\/logo_pilgrim.png\",\"width\":512,\"height\":512,\"caption\":\"Pilgrim Camino de Santiago\"},\"image\":{\"@id\":\"https:\\\/\\\/www.pilgrim.es\\\/it\\\/#\\\/schema\\\/logo\\\/image\\\/\"},\"sameAs\":[\"https:\\\/\\\/www.facebook.com\\\/pilgrim.es\\\/\",\"https:\\\/\\\/x.com\\\/pilgrim_es\",\"https:\\\/\\\/www.instagram.com\\\/pilgrim.es\\\/\",\"https:\\\/\\\/www.linkedin.com\\\/company\\\/pilgrim-camino-de-santiago\\\/\",\"https:\\\/\\\/www.pinterest.es\\\/pilgrimcaminodesantiago\\\/\",\"https:\\\/\\\/www.youtube.com\\\/channel\\\/UCIv2ZzFLXVqthkNF32rKedw\\\/featured\"]}]}<\/script>\n<!-- \/ Yoast SEO plugin. -->","yoast_head_json":{"title":"Avil\u00e9s: Cosa vedere e dove dormire | Cammino di Santiago | Pilgrim","description":"Avil\u00e9s Scopri tutte le informazioni su dove alloggiare, come arrivare, cosa mangiare e sui principali punti di interesse delle localit\u00e0 lungo il Cammino del Nord.","robots":{"index":"index","follow":"follow","max-snippet":"max-snippet:-1","max-image-preview":"max-image-preview:large","max-video-preview":"max-video-preview:-1"},"canonical":"https:\/\/www.pilgrim.es\/it\/cammino-nord\/aviles\/","og_locale":"it_IT","og_type":"article","og_title":"Avil\u00e9s: Cosa vedere e dove dormire | Cammino di Santiago | Pilgrim","og_description":"Avil\u00e9s Scopri tutte le informazioni su dove alloggiare, come arrivare, cosa mangiare e sui principali punti di interesse delle localit\u00e0 lungo il Cammino del Nord.","og_url":"https:\/\/www.pilgrim.es\/it\/cammino-nord\/aviles\/","og_site_name":"Pilgrim","article_publisher":"https:\/\/www.facebook.com\/pilgrim.es\/","og_image":[{"width":900,"height":612,"url":"https:\/\/www.pilgrim.es\/wp-content\/uploads\/2019\/02\/aviles1.jpg","type":"image\/jpeg"}],"twitter_card":"summary_large_image","twitter_site":"@pilgrim_es","twitter_misc":{"Tempo di lettura stimato":"15 minuti"},"schema":{"@context":"https:\/\/schema.org","@graph":[{"@type":"WebPage","@id":"https:\/\/www.pilgrim.es\/it\/cammino-nord\/aviles\/","url":"https:\/\/www.pilgrim.es\/it\/cammino-nord\/aviles\/","name":"Avil\u00e9s: Cosa vedere e dove dormire | Cammino di Santiago | Pilgrim","isPartOf":{"@id":"https:\/\/www.pilgrim.es\/it\/#website"},"primaryImageOfPage":{"@id":"https:\/\/www.pilgrim.es\/it\/cammino-nord\/aviles\/#primaryimage"},"image":{"@id":"https:\/\/www.pilgrim.es\/it\/cammino-nord\/aviles\/#primaryimage"},"thumbnailUrl":"https:\/\/www.pilgrim.es\/wp-content\/uploads\/2019\/02\/aviles1.jpg","datePublished":"2025-03-17T14:55:55+00:00","description":"Avil\u00e9s Scopri tutte le informazioni su dove alloggiare, come arrivare, cosa mangiare e sui principali punti di interesse delle localit\u00e0 lungo il Cammino del Nord.","breadcrumb":{"@id":"https:\/\/www.pilgrim.es\/it\/cammino-nord\/aviles\/#breadcrumb"},"inLanguage":"it-IT","potentialAction":[{"@type":"ReadAction","target":["https:\/\/www.pilgrim.es\/it\/cammino-nord\/aviles\/"]}]},{"@type":"ImageObject","inLanguage":"it-IT","@id":"https:\/\/www.pilgrim.es\/it\/cammino-nord\/aviles\/#primaryimage","url":"https:\/\/www.pilgrim.es\/wp-content\/uploads\/2019\/02\/aviles1.jpg","contentUrl":"https:\/\/www.pilgrim.es\/wp-content\/uploads\/2019\/02\/aviles1.jpg","width":900,"height":612,"caption":"Avil\u00e9s"},{"@type":"BreadcrumbList","@id":"https:\/\/www.pilgrim.es\/it\/cammino-nord\/aviles\/#breadcrumb","itemListElement":[{"@type":"ListItem","position":1,"name":"Camino de Santiago","item":"https:\/\/www.pilgrim.es\/it\/"},{"@type":"ListItem","position":2,"name":"Cammino del Nord","item":"https:\/\/www.pilgrim.es\/it\/cammino-nord\/"},{"@type":"ListItem","position":3,"name":"Avil\u00e9s"}]},{"@type":"WebSite","@id":"https:\/\/www.pilgrim.es\/it\/#website","url":"https:\/\/www.pilgrim.es\/it\/","name":"Pilgrim","description":"Camino de Santiago | Caminamos Contigo","publisher":{"@id":"https:\/\/www.pilgrim.es\/it\/#organization"},"potentialAction":[{"@type":"SearchAction","target":{"@type":"EntryPoint","urlTemplate":"https:\/\/www.pilgrim.es\/it\/?s={search_term_string}"},"query-input":{"@type":"PropertyValueSpecification","valueRequired":true,"valueName":"search_term_string"}}],"inLanguage":"it-IT"},{"@type":"Organization","@id":"https:\/\/www.pilgrim.es\/it\/#organization","name":"Pilgrim Camino de Santiago","url":"https:\/\/www.pilgrim.es\/it\/","logo":{"@type":"ImageObject","inLanguage":"it-IT","@id":"https:\/\/www.pilgrim.es\/it\/#\/schema\/logo\/image\/","url":"https:\/\/www.pilgrim.es\/wp-content\/uploads\/2019\/04\/logo_pilgrim.png","contentUrl":"https:\/\/www.pilgrim.es\/wp-content\/uploads\/2019\/04\/logo_pilgrim.png","width":512,"height":512,"caption":"Pilgrim Camino de Santiago"},"image":{"@id":"https:\/\/www.pilgrim.es\/it\/#\/schema\/logo\/image\/"},"sameAs":["https:\/\/www.facebook.com\/pilgrim.es\/","https:\/\/x.com\/pilgrim_es","https:\/\/www.instagram.com\/pilgrim.es\/","https:\/\/www.linkedin.com\/company\/pilgrim-camino-de-santiago\/","https:\/\/www.pinterest.es\/pilgrimcaminodesantiago\/","https:\/\/www.youtube.com\/channel\/UCIv2ZzFLXVqthkNF32rKedw\/featured"]}]}},"_links":{"self":[{"href":"https:\/\/www.pilgrim.es\/it\/wp-json\/wp\/v2\/pages\/91300","targetHints":{"allow":["GET"]}}],"collection":[{"href":"https:\/\/www.pilgrim.es\/it\/wp-json\/wp\/v2\/pages"}],"about":[{"href":"https:\/\/www.pilgrim.es\/it\/wp-json\/wp\/v2\/types\/page"}],"replies":[{"embeddable":true,"href":"https:\/\/www.pilgrim.es\/it\/wp-json\/wp\/v2\/comments?post=91300"}],"version-history":[{"count":0,"href":"https:\/\/www.pilgrim.es\/it\/wp-json\/wp\/v2\/pages\/91300\/revisions"}],"up":[{"embeddable":true,"href":"https:\/\/www.pilgrim.es\/it\/wp-json\/wp\/v2\/pages\/10817"}],"wp:featuredmedia":[{"embeddable":true,"href":"https:\/\/www.pilgrim.es\/it\/wp-json\/wp\/v2\/media\/1805"}],"wp:attachment":[{"href":"https:\/\/www.pilgrim.es\/it\/wp-json\/wp\/v2\/media?parent=91300"}],"wp:term":[{"taxonomy":"category","embeddable":true,"href":"https:\/\/www.pilgrim.es\/it\/wp-json\/wp\/v2\/categories?post=91300"},{"taxonomy":"post_tag","embeddable":true,"href":"https:\/\/www.pilgrim.es\/it\/wp-json\/wp\/v2\/tags?post=91300"}],"curies":[{"name":"wp","href":"https:\/\/api.w.org\/{rel}","templated":true}]}}