{"id":91297,"date":"2025-03-17T14:54:22","date_gmt":"2025-03-17T14:54:22","guid":{"rendered":"https:\/\/www.pilgrim.es\/cammino-nord\/gijon\/"},"modified":"2026-04-24T07:45:08","modified_gmt":"2026-04-24T07:45:08","slug":"gijon","status":"publish","type":"page","link":"https:\/\/www.pilgrim.es\/it\/cammino-nord\/gijon\/","title":{"rendered":"Gij\u00f3n"},"content":{"rendered":"\n<section id=\"hero\">\n\t<h1>Gij\u00f3n<\/h1>\n\t<div class=\"hero-grid\">\n\t\t<div class=\"hero-grid__town-col\" data-background=\"https:\/\/cdn.pilgrim.es\/web\/caminos\/camino-norte\/pueblos\/gijon.jpg\">\n\t\t\t<div>\n\t\t\t\t<a class=\"link-to-stage\" href=\"https:\/\/www.pilgrim.es\/camino-norte\/etapa-19-colunga-villaviciosa\/\">\n\t\t\t\t\t<p>&#8249; Ritorno al palcoscenico<\/p>\n\t\t\t\t<\/a>\n\n\t\t\t\t<div class=\"town-data\">\n\t\t\t\t\t<h2>Gij\u00f3n<\/h2>\n\t\t\t\t\t<ul>\n\t\t\t\t\t\t<li>Abitanti: 274.290 aprox.<\/li>\n\t\t\t\t\t\t<li>Provincia: Asturias<\/li>\n\t\t\t\t\t<\/ul>\n\t\t\t\t<\/div>\n\t\t\t<\/div>\n\t\t<\/div>\n\t\t<div class=\"hero-grid__planner-col\"><div\r\n  class=\"p-col-span-1 p-rounded-lg p-px-5 p-h-full\"\r\n  style=\"background-image: url('https:\/\/cdn.pilgrim.es\/web\/pilgrim-planner\/bg-plugin-planificador.webp')\"\r\n  rel=\"preload\"\r\n  fetchpriority=\"high\"\r\n  >\r\n    <div class=\"p-text-center p-pt-5 p-text-white p-text-2xl p-font-semibold\">\r\n      Pianifica il tuo cammino    <\/div>\r\n    <div\r\n            id='primary-app'\r\n            data-name='banner'\r\n            data-api='https:\/\/pathfinder.pilgrim.es\/api\/pathfinder\/v2'\r\n            data-mode='normal'\r\n            data-lang='it'\r\n            data-route='1'\r\n            data-destiny='https:\/\/planificador.pilgrim.es'\r\n            data-modality='1'\r\n            data-inline=''\r\n        ><\/div><\/div><\/div>\n\t<\/div>\n<\/section>\n\n<section id=\"infoTown\">\n\t<div class=\"sections-town\">\n\n\t\t<div id=\"informationSection\">\n\t\t\t<div>\n\t\t\t\t<h2 class=\"p-h2-town\">Informazioni<\/h2>\n\t\t\t\t<hr>\n\t\t\t\t<h3 class=\"p-h3-town\">Get to know Gij\u00f3n<\/h3>\n\t\t\t<\/div>\n\t\t\t<p>Gij\u00f3n \u00e8 una citt\u00e0 costiera nel nord della Spagna dove il Mar Cantabrico e la tradizione jacobea si intrecciano, poich\u00e9 si trova lungo il Cammino del Nord, uno dei suoi itinerari storici pi\u00f9 affascinanti. Pellegrini da tutto il mondo percorrono questa fascia costiera, trovando a Gij\u00f3n un luogo di riposo con un ricco patrimonio marittimo, culturale e gastronomico. Il suo lungomare, il suo centro storico e la sua atmosfera accogliente rendono la citt\u00e0 una tappa speciale dell\u2019esperienza del Cammino, dove tradizione, ospitalit\u00e0 e paesaggio si uniscono.\n\t\t<\/div>\n\n\t\t<div id=\"locationSection\">\n\t\t\t<div>\n\t\t\t\t<h2 class=\"p-h2-town\">Posizione<\/h2>\n\t\t\t\t<hr>\n\t\t\t\t<h3 class=\"p-h3-town\">Come arrivare<\/h3>\n\t\t\t<\/div>\n\t\t\t<p>La citt\u00e0 di Gij\u00f3n ha una posizione strategica, \u00e8 servita dalle principali strade che permettono la comunicazione stradale nella met\u00e0 settentrionale della penisola, come l&#8217;autostrada A-8, la A-66, la GJ-81, la AS-I e la AS-II. Inoltre, ci sono anche altre strade come la N-630 e la N-634 o la AS-19, la AS-264, la AS-248 e la AS-266.\n\n<p>La citt\u00e0 dispone di una stazione degli autobus e di una stazione ferroviaria, che offrono entrambe linee giornaliere verso le principali citt\u00e0 ma anche verso la periferia. Le linee principali sono quelle per Oviedo, Avil\u00e9s, Madrid e Gij\u00f3n.\n\t\t\t<div>\n\t\t\t\t<div>\n  <iframe loading=\"lazy\"\n    src=\"https:\/\/www.google.com\/maps\/d\/embed?mid=15TbEbt-3yNykJUDMXmH7slKp1v-1DLQ&amp;ehbc=2E312F\"\n    width=\"640\"\n    height=\"480\"\n    alt=\"Mapa Gij\u00f3n\"\n  ><\/iframe>\n<\/div>\n\n\t\t\t<\/div>\n\t\t<\/div>\n\n\t\t\n\t\t\t<div id=\"toVisitSection\">\n\t\t\t\t<div>\n\t\t\t\t\t<h2 class=\"p-h2-town\">Storia \/ Cultura<\/h2>\n\t\t\t\t\t<hr>\n\t\t\t\t\t<h3 class=\"p-h3-town\">Cosa vedere<\/h3>\n\t\t\t\t<\/div>\n\t\t\t\t<div>\n\t\t\t\t\t<div class=\"accordion\">\n\t\t\t\t\t\t<div class=\"accordion__menu\">\n\t\t\t\t\t\t\t<nav>\n\t\t\t\t\t\t\t\t\n\t\t\t\t\t\t\t\t\t<button class=\"nav-tab-accordion active\"><span>&#10093;<\/span><span> Capilla de San Lorenzo<\/span><\/button>\n\t\t\t\t\t\t\t\t\n\t\t\t\t\t\t\t\t\t<button class=\"nav-tab-accordion \"><span>&#10093;<\/span><span> Casino de Asturias<\/span><\/button>\n\t\t\t\t\t\t\t\t\n\t\t\t\t\t\t\t\t\t<button class=\"nav-tab-accordion \"><span>&#10093;<\/span><span> Centro de Interpretacio\u0301n de la Naturaleza<\/span><\/button>\n\t\t\t\t\t\t\t\t\n\t\t\t\t\t\t\t\t\t<button class=\"nav-tab-accordion \"><span>&#10093;<\/span><span> Centro de Interpretacio\u0301n del Cine<\/span><\/button>\n\t\t\t\t\t\t\t\t\n\t\t\t\t\t\t\t\t\t<button class=\"nav-tab-accordion \"><span>&#10093;<\/span><span> Centro de Experimentaci\u00f3n Pesquera<\/span><\/button>\n\t\t\t\t\t\t\t\t\n\t\t\t\t\t\t\t\t\t<button class=\"nav-tab-accordion \"><span>&#10093;<\/span><span> Cerro de Santa Catalina<\/span><\/button>\n\t\t\t\t\t\t\t\t\n\t\t\t\t\t\t\t\t\t<button class=\"nav-tab-accordion \"><span>&#10093;<\/span><span> Iglesia de San Jose\u0301<\/span><\/button>\n\t\t\t\t\t\t\t\t\n\t\t\t\t\t\t\t\t\t<button class=\"nav-tab-accordion \"><span>&#10093;<\/span><span> Iglesia de San Lorenzo<\/span><\/button>\n\t\t\t\t\t\t\t\t\n\t\t\t\t\t\t\t\t\t<button class=\"nav-tab-accordion \"><span>&#10093;<\/span><span> Iglesia de San Pedro<\/span><\/button>\n\t\t\t\t\t\t\t\t\n\t\t\t\t\t\t\t\t\t<button class=\"nav-tab-accordion \"><span>&#10093;<\/span><span> Jardi\u0301n Bota\u0301nico Atla\u0301ntico<\/span><\/button>\n\t\t\t\t\t\t\t\t\n\t\t\t\t\t\t\t\t\t<button class=\"nav-tab-accordion \"><span>&#10093;<\/span><span> Museo casa Jovellanos<\/span><\/button>\n\t\t\t\t\t\t\t\t\n\t\t\t\t\t\t\t\t\t<button class=\"nav-tab-accordion \"><span>&#10093;<\/span><span> Museo del Ferrocarril<\/span><\/button>\n\t\t\t\t\t\t\t\t\n\t\t\t\t\t\t\t\t\t<button class=\"nav-tab-accordion \"><span>&#10093;<\/span><span> Museo del pueblo de Asturias<\/span><\/button>\n\t\t\t\t\t\t\t\t\n\t\t\t\t\t\t\t\t\t<button class=\"nav-tab-accordion \"><span>&#10093;<\/span><span> Museo Evaristo Valle<\/span><\/button>\n\t\t\t\t\t\t\t\t\n\t\t\t\t\t\t\t\t\t<button class=\"nav-tab-accordion \"><span>&#10093;<\/span><span> Museo internacional de la gaita<\/span><\/button>\n\t\t\t\t\t\t\t\t\n\t\t\t\t\t\t\t\t\t<button class=\"nav-tab-accordion \"><span>&#10093;<\/span><span> Museo torre del reloj<\/span><\/button>\n\t\t\t\t\t\t\t\t\n\t\t\t\t\t\t\t\t\t<button class=\"nav-tab-accordion \"><span>&#10093;<\/span><span> Palacio de Revillagigedo<\/span><\/button>\n\t\t\t\t\t\t\t\t\n\t\t\t\t\t\t\t\t\t<button class=\"nav-tab-accordion \"><span>&#10093;<\/span><span> Parque arqueolo\u0301gico de la Campa<\/span><\/button>\n\t\t\t\t\t\t\t\t\n\t\t\t\t\t\t\t\t\t<button class=\"nav-tab-accordion \"><span>&#10093;<\/span><span> Parque de Isabel La Cato\u0301lica<\/span><\/button>\n\t\t\t\t\t\t\t\t\n\t\t\t\t\t\t\t\t\t<button class=\"nav-tab-accordion \"><span>&#10093;<\/span><span> Playas<\/span><\/button>\n\t\t\t\t\t\t\t\t\n\t\t\t\t\t\t\t\t\t<button class=\"nav-tab-accordion \"><span>&#10093;<\/span><span> Santuario de Nuestra Sen\u0303ora de Contrueces<\/span><\/button>\n\t\t\t\t\t\t\t\t\n\t\t\t\t\t\t\t\t\t<button class=\"nav-tab-accordion \"><span>&#10093;<\/span><span> Universidad Laboral<\/span><\/button>\n\t\t\t\t\t\t\t\t\n\t\t\t\t\t\t\t\t\t<button class=\"nav-tab-accordion \"><span>&#10093;<\/span><span> Teatro Jovellanos<\/span><\/button>\n\t\t\t\t\t\t\t\t\n\t\t\t\t\t\t\t\t\t<button class=\"nav-tab-accordion \"><span>&#10093;<\/span><span> Termas romanas de campo Valde\u0301s<\/span><\/button>\n\t\t\t\t\t\t\t\t\n\t\t\t\t\t\t\t\t\t<button class=\"nav-tab-accordion \"><span>&#10093;<\/span><span> Aquarium<\/span><\/button>\n\t\t\t\t\t\t\t\t\n\t\t\t\t\t\t\t\t\t<button class=\"nav-tab-accordion \"><span>&#10093;<\/span><span> Basilica del Sagrado Corazo\u0301n<\/span><\/button>\n\t\t\t\t\t\t\t\t\n\t\t\t\t\t\t\t<\/nav>\n\t\t\t\t\t\t<\/div>\n\n\t\t\t\t\t\t\n\t\t\t\t\t\t\t<div class=\"accordion__accordion-content \">\n\t\t\t\t\t\t\t\t<div>\n\t\t\t\t\t\t\t\t\t<div>\n\t\t\t\t\t\t\t\t\t\t<h4>Capilla de San Lorenzo<\/h4>\n\t\t\t\t\t\t\t\t\t\t<p>La Cappella di San Lorenzo, situata nel centro di Gij\u00f3n, \u00e8 nota per ospitare una grande sala espositiva costruita con conci di arenaria. \u00c8 aperta tutto l&#8217;anno e ospita diverse mostre ed eventi culturali. Da segnalare il portale formato da un arco semicircolare che termina con un frontone curvo e il campanile ornato da pinnacoli e sfere piramidali.\n\t\t\t\t\t\t\t\t\t<\/div>\n\t\t\t\t\t\t\t\t\t<img decoding=\"async\" src=\"https:\/\/cdn.pilgrim.es\/web\/caminos\/camino-norte\/pueblos\/gijon\/puntos-de-interes\/capilla-de-san-lorenzo.jpg\" alt=\"Capilla de San Lorenzo\">\n\t\t\t\t\t\t\t\t<\/div>\n\t\t\t\t\t\t\t<\/div>\n\t\t\t\t\t\t\n\t\t\t\t\t\t\t<div class=\"accordion__accordion-content inactive\">\n\t\t\t\t\t\t\t\t<div>\n\t\t\t\t\t\t\t\t\t<div>\n\t\t\t\t\t\t\t\t\t\t<h4>Casino de Asturias<\/h4>\n\t\t\t\t\t\t\t\t\t\t<p>Il Casin\u00f2 delle Asturie \u00e8 un edificio monumentale situato nel centro della citt\u00e0 di Gij\u00f3n. \u00c8 un centro di divertimento e svago dove i visitatori possono godere di un&#8217;ampia variet\u00e0 di attivit\u00e0 per il tempo libero: giochi d&#8217;azzardo, sale espositive, una sala riunioni della settima arte, un&#8217;area ricreativa all&#8217;avanguardia e una sala per le feste. Tutte queste attivit\u00e0 possono essere completate da un&#8217;offerta gastronomica esclusiva. <\/p>\n\n<\/p> <p>Inoltre, gli interni dell&#8217;edificio sono decorati con opere di Dal\u00ed e dipinti di Mir\u00f3, oltre ad altre preziose opere d&#8217;arte.\n\t\t\t\t\t\t\t\t\t<\/div>\n\t\t\t\t\t\t\t\t\t<img decoding=\"async\" src=\"https:\/\/cdn.pilgrim.es\/web\/caminos\/camino-norte\/pueblos\/gijon\/puntos-de-interes\/casino-de-asturias.jpg\" alt=\"Casino de Asturias\">\n\t\t\t\t\t\t\t\t<\/div>\n\t\t\t\t\t\t\t<\/div>\n\t\t\t\t\t\t\n\t\t\t\t\t\t\t<div class=\"accordion__accordion-content inactive\">\n\t\t\t\t\t\t\t\t<div>\n\t\t\t\t\t\t\t\t\t<div>\n\t\t\t\t\t\t\t\t\t\t<h4>Centro de Interpretacio\u0301n de la Naturaleza<\/h4>\n\t\t\t\t\t\t\t\t\t\t<p>Il Centro di Interpretazione Naturalistica Monte Deva \u00e8 un museo inaugurato nel 2002 grazie al restauro della casa padronale in cui si trova. Lo scopo di questo spazio \u00e8 quello di offrire attivit\u00e0 legate all&#8217;ambiente. <\/p>\n\n<\/p> <p>A tal fine, l&#8217;edificio ospita diversi ambienti, tra cui un centro di accoglienza per i visitatori, una biblioteca, una sala espositiva, una sala polivalente e una sala riunioni.\n\t\t\t\t\t\t\t\t\t<\/div>\n\t\t\t\t\t\t\t\t\t<img decoding=\"async\" src=\"https:\/\/cdn.pilgrim.es\/web\/caminos\/camino-norte\/pueblos\/gijon\/puntos-de-interes\/centro-de-interpretacion-de-la-naturaleza.jpg\" alt=\"Centro de Interpretacio\u0301n de la Naturaleza\">\n\t\t\t\t\t\t\t\t<\/div>\n\t\t\t\t\t\t\t<\/div>\n\t\t\t\t\t\t\n\t\t\t\t\t\t\t<div class=\"accordion__accordion-content inactive\">\n\t\t\t\t\t\t\t\t<div>\n\t\t\t\t\t\t\t\t\t<div>\n\t\t\t\t\t\t\t\t\t\t<h4>Centro de Interpretacio\u0301n del Cine<\/h4>\n\t\t\t\t\t\t\t\t\t\t<p>Il Centro di Interpretazione del Cinema delle Asturie si trova al quarto piano del Casin\u00f2 di Gij\u00f3n e offre un viaggio nella storia del cinema delle Asturie presentando i suoi personaggi e le sue opere pi\u00f9 rappresentative.<\/p> <p>Il Centro di Interpretazione del Cinema delle Asturie si trova al quarto piano del Casin\u00f2 di Gij\u00f3n e offre un viaggio nella storia del cinema delle Asturie presentando i suoi personaggi e le sue opere pi\u00f9 rappresentative.\n\n<p>Per far conoscere questo percorso, nella sua sala audiovisivi e conferenze si svolgono ogni anno attivit\u00e0 diverse come cicli di film, presentazioni di libri, conferenze di professionisti del mondo audiovisivo e recital musicali. Dispone inoltre di uno spazio per mostre temporanee composto da un&#8217;area didattica, il cinema stesso, l&#8217;area audio, la logistica e una biblioteca.\n\t\t\t\t\t\t\t\t\t<\/div>\n\t\t\t\t\t\t\t\t\t<img decoding=\"async\" src=\"https:\/\/cdn.pilgrim.es\/web\/caminos\/camino-norte\/pueblos\/gijon\/puntos-de-interes\/centro-de-interpretacion-del-cine.jpg\" alt=\"Centro de Interpretacio\u0301n del Cine\">\n\t\t\t\t\t\t\t\t<\/div>\n\t\t\t\t\t\t\t<\/div>\n\t\t\t\t\t\t\n\t\t\t\t\t\t\t<div class=\"accordion__accordion-content inactive\">\n\t\t\t\t\t\t\t\t<div>\n\t\t\t\t\t\t\t\t\t<div>\n\t\t\t\t\t\t\t\t\t\t<h4>Centro de Experimentaci\u00f3n Pesquera<\/h4>\n\t\t\t\t\t\t\t\t\t\t<p>Il Centro di Sperimentazione della Pesca \u00e8 un museo inaugurato nel 1985 con l&#8217;obiettivo di diffondere materiale relativo alla pesca e al mondo marino delle Asturie. Tra questi materiali \u00e8 possibile trovare anche animali vertebrati e invertebrati e sezioni specializzate in crostacei, pesci, cefalopodi e malacologia. <\/p>\n\n<\/p> <p>Ha anche una sala dedicata esclusivamente alla storia e alle barche da pesca.\n\t\t\t\t\t\t\t\t\t<\/div>\n\t\t\t\t\t\t\t\t\t<img decoding=\"async\" src=\"https:\/\/cdn.pilgrim.es\/web\/caminos\/camino-norte\/pueblos\/gijon\/puntos-de-interes\/centro-de-experimentacion-pesquera.jpg\" alt=\"Centro de Experimentaci\u00f3n Pesquera\">\n\t\t\t\t\t\t\t\t<\/div>\n\t\t\t\t\t\t\t<\/div>\n\t\t\t\t\t\t\n\t\t\t\t\t\t\t<div class=\"accordion__accordion-content inactive\">\n\t\t\t\t\t\t\t\t<div>\n\t\t\t\t\t\t\t\t\t<div>\n\t\t\t\t\t\t\t\t\t\t<h4>Cerro de Santa Catalina<\/h4>\n\t\t\t\t\t\t\t\t\t\t<p>Il Cerro de Santa Catalina \u00e8 un parco coronato principalmente da due sculture: sulla cima si trova la scultura nota come &#8220;Elogio del Horizonte&#8221;, di Chillida, e a uno degli ingressi del parco si trova la scultura &#8220;Nordeste&#8221;, di Joaqu\u00edn Vaquero Turcios.<\/p> <p>La scultura &#8220;Nordeste&#8221;, di Joaqu\u00edn Vaquero Turcios si trova a uno degli ingressi del parco.\n\t\t\t\t\t\t\t\t\t<\/div>\n\t\t\t\t\t\t\t\t\t<img decoding=\"async\" src=\"https:\/\/cdn.pilgrim.es\/web\/caminos\/camino-norte\/pueblos\/gijon\/puntos-de-interes\/cerro-de-santa-catalina.jpg\" alt=\"Cerro de Santa Catalina\">\n\t\t\t\t\t\t\t\t<\/div>\n\t\t\t\t\t\t\t<\/div>\n\t\t\t\t\t\t\n\t\t\t\t\t\t\t<div class=\"accordion__accordion-content inactive\">\n\t\t\t\t\t\t\t\t<div>\n\t\t\t\t\t\t\t\t\t<div>\n\t\t\t\t\t\t\t\t\t\t<h4>Iglesia de San Jose\u0301<\/h4>\n\t\t\t\t\t\t\t\t\t\t<p>La Chiesa di San Jos\u00e9 \u00e8 il risultato della ristrutturazione di un antico tempio della fine del XIX secolo, opera dell&#8217;architetto Nicol\u00e1s Garc\u00eda Rivero. Questa chiesa \u00e8 a tre navate, di cui la centrale \u00e8 la pi\u00f9 lunga, ed \u00e8 composta da portico, transetto, presbiterio e dalle navate laterali sopra menzionate. <\/p>\n\n<p>Il transetto \u00e8 coperto da una grande cupola circolare e sulle navate posteriori si trova una tribuna protetta da una cancellata in ferro battuto e da elementi in bronzo. La facciata principale \u00e8 strutturata in una sezione centrale a tre piani che termina con un frontone affiancato da due torri che terminano con una cupola.<\/p> <p>La facciata principale dell&#8217;edificio presenta una sezione centrale a tre piani che termina con un frontone affiancato da due torri che terminano con una cupola.\n\t\t\t\t\t\t\t\t\t<\/div>\n\t\t\t\t\t\t\t\t\t<img decoding=\"async\" src=\"https:\/\/cdn.pilgrim.es\/web\/caminos\/camino-norte\/pueblos\/gijon\/puntos-de-interes\/iglesia-de-san-jose.jpg\" alt=\"Iglesia de San Jose\u0301\">\n\t\t\t\t\t\t\t\t<\/div>\n\t\t\t\t\t\t\t<\/div>\n\t\t\t\t\t\t\n\t\t\t\t\t\t\t<div class=\"accordion__accordion-content inactive\">\n\t\t\t\t\t\t\t\t<div>\n\t\t\t\t\t\t\t\t\t<div>\n\t\t\t\t\t\t\t\t\t\t<h4>Iglesia de San Lorenzo<\/h4>\n\t\t\t\t\t\t\t\t\t\t<p>La chiesa di San Lorenzo, con caratteristiche gotiche tardo-medievali, fu costruita nel 1896 e nel 1901 da Luis Bellido y Gonz\u00e1lez e presenta un&#8217;abbondanza di vetrate, forme ogivali e pinnacoli. La sua struttura \u00e8 distribuita intorno a una pianta a croce latina sormontata da un chevet piatto. <\/p>\n\n<p>La facciata si distingue per la mancanza di aperture che caratterizzano lo stile gotico e presenta un portico tradizionale con timpano e rosone centrale; l&#8217;intero complesso \u00e8 fiancheggiato da due torri con archi triforati che terminano in pinnacoli. All&#8217;interno spicca l&#8217;immagine della Vergine con Cristo risorto, opera di Joaqu\u00edn Rubio Cam\u00edn.\n\t\t\t\t\t\t\t\t\t<\/div>\n\t\t\t\t\t\t\t\t\t<img decoding=\"async\" src=\"https:\/\/cdn.pilgrim.es\/web\/caminos\/camino-norte\/pueblos\/gijon\/puntos-de-interes\/iglesia-de-san-lorenzo.jpg\" alt=\"Iglesia de San Lorenzo\">\n\t\t\t\t\t\t\t\t<\/div>\n\t\t\t\t\t\t\t<\/div>\n\t\t\t\t\t\t\n\t\t\t\t\t\t\t<div class=\"accordion__accordion-content inactive\">\n\t\t\t\t\t\t\t\t<div>\n\t\t\t\t\t\t\t\t\t<div>\n\t\t\t\t\t\t\t\t\t\t<h4>Iglesia de San Pedro<\/h4>\n\t\t\t\t\t\t\t\t\t\t<p>La Chiesa di San Pedro fu costruita a met\u00e0 del XX secolo, precisamente negli anni &#8217;50, da Francisco e Federico Somolinos sui resti di un antico tempio del XV secolo. <\/p>\n\n<p>Questo edificio \u00e8 noto per essere in stile preromanico asturiano grazie alle sue volte sovrapposte perpendicolarmente, ai contrafforti, al transetto rialzato e agli elementi decorativi come il reticolato, il sogueado delle colonne e le finestre triforate.<\/p> <p>La chiesa fu costruita a met\u00e0 del XX secolo da Francisco e Federico Somolinos sui resti di un&#8217;antica chiesa del XV secolo.\n\t\t\t\t\t\t\t\t\t<\/div>\n\t\t\t\t\t\t\t\t\t<img decoding=\"async\" src=\"https:\/\/cdn.pilgrim.es\/web\/caminos\/camino-norte\/pueblos\/gijon\/puntos-de-interes\/iglesia-de-san-pedro.jpg\" alt=\"Iglesia de San Pedro\">\n\t\t\t\t\t\t\t\t<\/div>\n\t\t\t\t\t\t\t<\/div>\n\t\t\t\t\t\t\n\t\t\t\t\t\t\t<div class=\"accordion__accordion-content inactive\">\n\t\t\t\t\t\t\t\t<div>\n\t\t\t\t\t\t\t\t\t<div>\n\t\t\t\t\t\t\t\t\t\t<h4>Jardi\u0301n Bota\u0301nico Atla\u0301ntico<\/h4>\n\t\t\t\t\t\t\t\t\t\t<p>Il Giardino Botanico Atlantico si trova a circa tre chilometri dal centro di Gij\u00f3n e nelle vicinanze della Universidad Laboral.<\/p> <p>Il Giardino Botanico Atlantico si trova a circa tre chilometri dal centro di Gij\u00f3n e nelle vicinanze della Universidad Laboral.\n\n<p>Si estende su una superficie di circa 25 ettari e ospita circa 30.000 piante di 2.000 specie diverse, suddivise in base all&#8217;ambiente di appartenenza. <\/p>\n\n<p>Cos\u00ec possiamo vedere che il giardino \u00e8 distribuito in quattro ambienti: il Cantabrico, la fabbrica di ortaggi, uno spazio dedicato al Giardino Storico dell&#8217;Isola e l&#8217;itinerario Atlantico.\n\t\t\t\t\t\t\t\t\t<\/div>\n\t\t\t\t\t\t\t\t\t<img decoding=\"async\" src=\"https:\/\/cdn.pilgrim.es\/web\/caminos\/camino-norte\/pueblos\/gijon\/puntos-de-interes\/jardin-botanico-atlantico.jpg\" alt=\"Jardi\u0301n Bota\u0301nico Atla\u0301ntico\">\n\t\t\t\t\t\t\t\t<\/div>\n\t\t\t\t\t\t\t<\/div>\n\t\t\t\t\t\t\n\t\t\t\t\t\t\t<div class=\"accordion__accordion-content inactive\">\n\t\t\t\t\t\t\t\t<div>\n\t\t\t\t\t\t\t\t\t<div>\n\t\t\t\t\t\t\t\t\t\t<h4>Museo casa Jovellanos<\/h4>\n\t\t\t\t\t\t\t\t\t\t<p>Il Museo Casa Natale Jovellanos \u00e8 stato inaugurato nel 1971, presentando la collezione artistica gi\u00e0 esposta al piano terra dell&#8217;ex Istituto Jovellanos. Da allora, l&#8217;obiettivo del museo \u00e8 stato quello di mostrare alla societ\u00e0 la documentazione, la ricerca, la conservazione, l&#8217;educazione e la diffusione delle sue collezioni.\n\n<p>Le due sale dedicate alla divulgazione della vita e dell&#8217;opera di Jovellanos sono integrate da un grande percorso di arte asturiana del XIX e XX secolo e da una peculiare rappresentazione delle pi\u00f9 importanti scuole europee del XVII e XVIII secolo, tra le quali spiccano la scuola fiamminga e quella olandese.\n\t\t\t\t\t\t\t\t\t<\/div>\n\t\t\t\t\t\t\t\t\t<img decoding=\"async\" src=\"https:\/\/cdn.pilgrim.es\/web\/caminos\/camino-norte\/pueblos\/gijon\/puntos-de-interes\/museo-casa-jovellanos.jpg\" alt=\"Museo casa Jovellanos\">\n\t\t\t\t\t\t\t\t<\/div>\n\t\t\t\t\t\t\t<\/div>\n\t\t\t\t\t\t\n\t\t\t\t\t\t\t<div class=\"accordion__accordion-content inactive\">\n\t\t\t\t\t\t\t\t<div>\n\t\t\t\t\t\t\t\t\t<div>\n\t\t\t\t\t\t\t\t\t\t<h4>Museo del Ferrocarril<\/h4>\n\t\t\t\t\t\t\t\t\t\t<p>Il Museo Ferroviario delle Asturie \u00e8 stato creato con l&#8217;obiettivo di ospitare e diffondere il materiale ferroviario attraverso diverse esposizioni permanenti. Queste esposizioni mostrano il passato, il presente e il futuro dei diversi processi ferroviari in termini di tecnologia, costi, sviluppo come mezzo di trasporto, costumi e comportamenti sociali.\n\t\t\t\t\t\t\t\t\t<\/div>\n\t\t\t\t\t\t\t\t\t<img decoding=\"async\" src=\"https:\/\/cdn.pilgrim.es\/web\/caminos\/camino-norte\/pueblos\/gijon\/puntos-de-interes\/museo-del-ferrocarril.jpg\" alt=\"Museo del Ferrocarril\">\n\t\t\t\t\t\t\t\t<\/div>\n\t\t\t\t\t\t\t<\/div>\n\t\t\t\t\t\t\n\t\t\t\t\t\t\t<div class=\"accordion__accordion-content inactive\">\n\t\t\t\t\t\t\t\t<div>\n\t\t\t\t\t\t\t\t\t<div>\n\t\t\t\t\t\t\t\t\t\t<h4>Museo del pueblo de Asturias<\/h4>\n\t\t\t\t\t\t\t\t\t\t<p>Il Museo del Popolo delle Asturie \u00e8 stato inaugurato nel 1968 con l&#8217;obiettivo di conservare e diffondere la memoria del popolo asturiano. Ospita ampie collezioni di fotografia, etnologia, strumenti musicali, leggende, racconti e canzoni delle Asturie.\n\n<p>Per la sua divulgazione, il museo ospita varie conferenze, mostre, seminari, concerti e laboratori didattici. Il museo fa anche parte della Rete di Archivi e Ricercatori di Scrittura Popolare, un&#8217;organizzazione che si occupa dello studio e della conservazione della memoria scritta di qualsiasi persona.\n\t\t\t\t\t\t\t\t\t<\/div>\n\t\t\t\t\t\t\t\t\t<img decoding=\"async\" src=\"https:\/\/cdn.pilgrim.es\/web\/caminos\/camino-norte\/pueblos\/gijon\/puntos-de-interes\/museo-del-pueblo-de-asturias.jpg\" alt=\"Museo del pueblo de Asturias\">\n\t\t\t\t\t\t\t\t<\/div>\n\t\t\t\t\t\t\t<\/div>\n\t\t\t\t\t\t\n\t\t\t\t\t\t\t<div class=\"accordion__accordion-content inactive\">\n\t\t\t\t\t\t\t\t<div>\n\t\t\t\t\t\t\t\t\t<div>\n\t\t\t\t\t\t\t\t\t\t<h4>Museo Evaristo Valle<\/h4>\n\t\t\t\t\t\t\t\t\t\t<p>Il Museo Evaristo Valle \u00e8 stato fondato nel 1981 come Fondazione Culturale da Mar\u00eda Rodr\u00edguez del Valle, nipote del pittore Evaristo Valle. Mar\u00eda, dopo la morte dell&#8217;artista nel 1951, ha conservato i suoi oggetti personali e le sue opere e oggi questi gioielli sono raccolti in questo museo. <\/p>\n\n<p>In questo spazio sono esposte in modo permanente pi\u00f9 di cento opere dell&#8217;artista, disposte cronologicamente, per tema o per tecnica, permettendo al visitatore di ammirare la sua grande arte pittorica e disegnativa. Il museo ospita anche una collezione di conchiglie che l&#8217;artista ha ereditato dal padre.  <\/p>\n\t\t\t\t\t\t\t\t\t<\/div>\n\t\t\t\t\t\t\t\t\t<img decoding=\"async\" src=\"https:\/\/cdn.pilgrim.es\/web\/caminos\/camino-norte\/pueblos\/gijon\/puntos-de-interes\/museo-evaristo-valle.jpg\" alt=\"Museo Evaristo Valle\">\n\t\t\t\t\t\t\t\t<\/div>\n\t\t\t\t\t\t\t<\/div>\n\t\t\t\t\t\t\n\t\t\t\t\t\t\t<div class=\"accordion__accordion-content inactive\">\n\t\t\t\t\t\t\t\t<div>\n\t\t\t\t\t\t\t\t\t<div>\n\t\t\t\t\t\t\t\t\t\t<h4>Museo internacional de la gaita<\/h4>\n\t\t\t\t\t\t\t\t\t\t<p>Il Museo Internazionale della Zampogna \u00e8 stato inaugurato nel 1966 con l&#8217;obiettivo di presentare la diversit\u00e0 delle cornamuse utilizzate nel mondo, nonch\u00e9 le loro melodie, danze e tradizioni. Attualmente il museo della zampogna fa parte del Mus\u00e9u del Pueblu d&#8217;Asturies e la sua collezione \u00e8 presentata in quattro sale: <\/p>\n\t\t\t\t\t\t\t\t\t<\/div>\n\t\t\t\t\t\t\t\t\t<img decoding=\"async\" src=\"https:\/\/cdn.pilgrim.es\/web\/caminos\/camino-norte\/pueblos\/gijon\/puntos-de-interes\/museo-internacional-de-la-gaita.jpg\" alt=\"Museo internacional de la gaita\">\n\t\t\t\t\t\t\t\t<\/div>\n\t\t\t\t\t\t\t<\/div>\n\t\t\t\t\t\t\n\t\t\t\t\t\t\t<div class=\"accordion__accordion-content inactive\">\n\t\t\t\t\t\t\t\t<div>\n\t\t\t\t\t\t\t\t\t<div>\n\t\t\t\t\t\t\t\t\t\t<h4>Museo torre del reloj<\/h4>\n\t\t\t\t\t\t\t\t\t\t<p>Il Museo della Torre dell&#8217;Orologio fu costruito nel 1572 sui resti di un antico muro romano. Questa torre fu originariamente la sede del municipio di Gij\u00f3n fino a quando, nel 1909, divenne un edificio carcerario e nel 1911, a causa del suo abbandono, fu demolita e successivamente ricostruita nel 1989. <\/p>\n\n<p> Attualmente ospita l&#8217;Archivio Municipale di Gij\u00f3n e offre, attraverso la sua esposizione permanente, un viaggio nella storia della citt\u00e0. L&#8217;esposizione ospita una raccolta di dati storici e archeologici sull&#8217;evoluzione della citt\u00e0 dall&#8217;epoca preromana ai giorni nostri.\n\t\t\t\t\t\t\t\t\t<\/div>\n\t\t\t\t\t\t\t\t\t<img decoding=\"async\" src=\"https:\/\/cdn.pilgrim.es\/web\/caminos\/camino-norte\/pueblos\/gijon\/puntos-de-interes\/museo-torre-del-reloj.jpg\" alt=\"Museo torre del reloj\">\n\t\t\t\t\t\t\t\t<\/div>\n\t\t\t\t\t\t\t<\/div>\n\t\t\t\t\t\t\n\t\t\t\t\t\t\t<div class=\"accordion__accordion-content inactive\">\n\t\t\t\t\t\t\t\t<div>\n\t\t\t\t\t\t\t\t\t<div>\n\t\t\t\t\t\t\t\t\t\t<h4>Palacio de Revillagigedo<\/h4>\n\t\t\t\t\t\t\t\t\t\t<p>Il Palazzo Revillagigedo si trova nel quartiere di Cimadevilla, nella parte meridionale della collina di Santa Catalina, e fu commissionato da Carlos Miguel Ram\u00edrez de Jove, Primo Marchese di San Esteban del Mar nel 1704. L&#8217;edificio, in stile barocco, rappresenta perfettamente l&#8217;architettura palaziale del XVIII secolo.\n\n<p>Le torri fortificate del palazzo hanno un&#8217;austerit\u00e0 medievale e contrastano nettamente con gli ornamenti in stile barocco dei tre piani dell&#8217;edificio. Al primo piano del palazzo c&#8217;\u00e8 una galleria porticata, al secondo piano ci sono colonne ioniche e al terzo piano colonne tuscaniche.<\/p> <p>Le torri fortificate del palazzo sono di grande austerit\u00e0 medievale e contrastano nettamente con l&#8217;ornamentazione barocca dei tre piani dell&#8217;edificio.\n\t\t\t\t\t\t\t\t\t<\/div>\n\t\t\t\t\t\t\t\t\t<img decoding=\"async\" src=\"https:\/\/cdn.pilgrim.es\/web\/caminos\/camino-norte\/pueblos\/gijon\/puntos-de-interes\/palacio-de-revillagigedo.jpg\" alt=\"Palacio de Revillagigedo\">\n\t\t\t\t\t\t\t\t<\/div>\n\t\t\t\t\t\t\t<\/div>\n\t\t\t\t\t\t\n\t\t\t\t\t\t\t<div class=\"accordion__accordion-content inactive\">\n\t\t\t\t\t\t\t\t<div>\n\t\t\t\t\t\t\t\t\t<div>\n\t\t\t\t\t\t\t\t\t\t<h4>Parque arqueolo\u0301gico de la Campa<\/h4>\n\t\t\t\t\t\t\t\t\t\t<p>Il Parco archeologico-naturale di Campa Torres si trova in un sito a ovest di Capo Torres, a circa sette chilometri dal centro di Gij\u00f3n. Questo sito fornisce informazioni sulla preistoria delle Asturie e sulle origini di Gij\u00f3n.\n\n<p>Questo spazio ha l&#8217;obiettivo di proteggere, conservare e valorizzare i resti che vi si trovano, nonch\u00e9 di sensibilizzare i visitatori sulla necessit\u00e0 di proteggere il patrimonio storico. <\/p>\n\n<p>Le strutture del parco sono suddivise in tre edifici: la reception, il museo e il faro. Inoltre, il parco dispone di un itinerario archeologico, di un osservatorio ornitologico e di un punto di osservazione che offre una splendida vista panoramica su Gij\u00f3n e El Musel. <\/p>\n\t\t\t\t\t\t\t\t\t<\/div>\n\t\t\t\t\t\t\t\t\t<img decoding=\"async\" src=\"https:\/\/cdn.pilgrim.es\/web\/caminos\/camino-norte\/pueblos\/gijon\/puntos-de-interes\/parque-arqueologico-de-la-campa.jpg\" alt=\"Parque arqueolo\u0301gico de la Campa\">\n\t\t\t\t\t\t\t\t<\/div>\n\t\t\t\t\t\t\t<\/div>\n\t\t\t\t\t\t\n\t\t\t\t\t\t\t<div class=\"accordion__accordion-content inactive\">\n\t\t\t\t\t\t\t\t<div>\n\t\t\t\t\t\t\t\t\t<div>\n\t\t\t\t\t\t\t\t\t\t<h4>Parque de Isabel La Cato\u0301lica<\/h4>\n\t\t\t\t\t\t\t\t\t\t<p>Il Parco Isabel la Cat\u00f3lica \u00e8 dal 1941 la pi\u00f9 grande area verde della citt\u00e0 di Gij\u00f3n, con una superficie di circa 151.857 metri quadrati. Ospita diverse specie vegetali e animali: alberi, uccelli selvatici, oche, cigni e pavoni. <\/p>\n\n<p>Inoltre, il parco presenta alcuni laghi al suo interno e altre aree di interesse come l&#8217;area giochi per bambini o il prato, che si trova molto vicino all&#8217;Avenida de Castilla. <\/p>\n\n<p>In questo spazio, i visitatori possono anche ammirare un&#8217;ampia variet\u00e0 di sculture legate alla mitologia, alla storia e alle personalit\u00e0 della citt\u00e0. In tutto il parco sono presenti panchine in pietra e ferro risalenti agli anni Venti per il riposo dei visitatori. <\/p>\n\t\t\t\t\t\t\t\t\t<\/div>\n\t\t\t\t\t\t\t\t\t<img decoding=\"async\" src=\"https:\/\/cdn.pilgrim.es\/web\/caminos\/camino-norte\/pueblos\/gijon\/puntos-de-interes\/parque-de-isabel-la-catolica.jpg\" alt=\"Parque de Isabel La Cato\u0301lica\">\n\t\t\t\t\t\t\t\t<\/div>\n\t\t\t\t\t\t\t<\/div>\n\t\t\t\t\t\t\n\t\t\t\t\t\t\t<div class=\"accordion__accordion-content inactive\">\n\t\t\t\t\t\t\t\t<div>\n\t\t\t\t\t\t\t\t\t<div>\n\t\t\t\t\t\t\t\t\t\t<h4>Playas<\/h4>\n\t\t\t\t\t\t\t\t\t\t<p>SPIAGGIA DI SAN LORENZO<\/p> <p>SPIAGGIA DI SAN LORENZO<\/p> <p>SPIAGGIA DI SAN LORENZO<\/p> &lt;p\n\n<p>Questa spiaggia urbana \u00e8 la pi\u00f9 grande della citt\u00e0 di Gij\u00f3n e la pi\u00f9 frequentata in tutte e quattro le stagioni dell&#8217;anno. Ha una forma a conchiglia ed \u00e8 delimitata da un lungomare di quasi tre chilometri, che di solito \u00e8 molto frequentato a qualsiasi ora.\n\n<p>\u00c8 molto facile accedere alla spiaggia, grazie alla sua posizione nel centro della citt\u00e0. Inoltre, l&#8217;area sabbiosa dispone di un&#8217;ampia variet\u00e0 di servizi e strutture ed \u00e8 il luogo ideale per praticare diversi sport acquatici.\n\n<\/p> <p> <\/p> &lt;p\n\n<p>SPIAGGIA PONIENTE<\/p> <p>SPIAGGIA PONIENTE<\/p> <p>SPIAGGIA PONIENTE\n\n<p>Questa zona urbana di sabbia, molto riparata e recuperata negli anni &#8217;90, si trova proprio accanto alla Marina di Gij\u00f3n. Grazie alla sua posizione, questa spiaggia dispone di tutti i tipi di servizi e strutture, nonch\u00e9 di un lungomare di circa 500 metri di lunghezza. \u00c8 anche un&#8217;ottima spiaggia per gli sport acquatici e dispone di rampe accessibili alle persone con mobilit\u00e0 ridotta.\n\t\t\t\t\t\t\t\t\t<\/div>\n\t\t\t\t\t\t\t\t\t<img decoding=\"async\" src=\"https:\/\/cdn.pilgrim.es\/web\/caminos\/camino-norte\/pueblos\/gijon\/puntos-de-interes\/playas.jpg\" alt=\"Playas\">\n\t\t\t\t\t\t\t\t<\/div>\n\t\t\t\t\t\t\t<\/div>\n\t\t\t\t\t\t\n\t\t\t\t\t\t\t<div class=\"accordion__accordion-content inactive\">\n\t\t\t\t\t\t\t\t<div>\n\t\t\t\t\t\t\t\t\t<div>\n\t\t\t\t\t\t\t\t\t\t<h4>Santuario de Nuestra Sen\u0303ora de Contrueces<\/h4>\n\t\t\t\t\t\t\t\t\t\t<p>Il Santuario di Nuestra Se\u00f1ora de Contrueces fu costruito sul sito di un antico tempio risalente al X secolo e distrutto nel XVI secolo. Da allora iniziarono i lavori di ricostruzione che lo trasformarono nel tempio che si pu\u00f2 ammirare oggi. <\/p>\n\n<p>I lavori furono progettati dall&#8217;architetto Gonzalo de G\u00fcemes Bracamonte e proseguiti da Fernando de la Huerta fino al completamento del complesso nel 1660.\n\n<p>Questo santuario, insieme al Sacro Cuore, fu uno dei pochi ad essere rispettato durante la barbarie della Guerra Civile.\n\t\t\t\t\t\t\t\t\t<\/div>\n\t\t\t\t\t\t\t\t\t<img decoding=\"async\" src=\"https:\/\/cdn.pilgrim.es\/web\/caminos\/camino-norte\/pueblos\/gijon\/puntos-de-interes\/santuario-de-nuestra-senora-de-contrueces.jpg\" alt=\"Santuario de Nuestra Sen\u0303ora de Contrueces\">\n\t\t\t\t\t\t\t\t<\/div>\n\t\t\t\t\t\t\t<\/div>\n\t\t\t\t\t\t\n\t\t\t\t\t\t\t<div class=\"accordion__accordion-content inactive\">\n\t\t\t\t\t\t\t\t<div>\n\t\t\t\t\t\t\t\t\t<div>\n\t\t\t\t\t\t\t\t\t\t<h4>Universidad Laboral<\/h4>\n\t\t\t\t\t\t\t\t\t\t<p>L&#8217;edificio dell&#8217;Universidad Laboral di Gij\u00f3n fu costruito dall&#8217;architetto Luis Moya con l&#8217;intento di ospitare l&#8217;Orfanotrofio dei Minatori, formando cos\u00ec una citt\u00e0 perfetta, simbolo del &#8220;nuovo ordine&#8221;. <\/p>\n\n<p>La facciata principale \u00e8 asimmetrica e mostra l&#8217;influenza della Scuola di Chicago. Il portale d&#8217;ingresso \u00e8 posto sotto una torretta, sul modello di Roma e dell&#8217;Europa medievale. Superato l&#8217;atrio, si arriva alla Piazza Centrale di 8.300 metri quadrati. Il teatro, per la sua arte, pu\u00f2 ospitare 1.654 persone, mentre la cappella paleocristiana pu\u00f2 ospitare tutti i residenti dell&#8217;Universit\u00e0.<\/p> <p>Il teatro, per la sua arte, pu\u00f2 ospitare 1.654 persone.\n\t\t\t\t\t\t\t\t\t<\/div>\n\t\t\t\t\t\t\t\t\t<img decoding=\"async\" src=\"https:\/\/cdn.pilgrim.es\/web\/caminos\/camino-norte\/pueblos\/gijon\/puntos-de-interes\/universidad-laboral.jpg\" alt=\"Universidad Laboral\">\n\t\t\t\t\t\t\t\t<\/div>\n\t\t\t\t\t\t\t<\/div>\n\t\t\t\t\t\t\n\t\t\t\t\t\t\t<div class=\"accordion__accordion-content inactive\">\n\t\t\t\t\t\t\t\t<div>\n\t\t\t\t\t\t\t\t\t<div>\n\t\t\t\t\t\t\t\t\t\t<h4>Teatro Jovellanos<\/h4>\n\t\t\t\t\t\t\t\t\t\t<p>Il Teatro Municipale Jovellanos si trova nel centro della citt\u00e0 di Gij\u00f3n, pi\u00f9 precisamente sul Paseo de Bego\u00f1a. Inaugurato nel luglio del 1889, ha un palcoscenico largo circa undici metri e lungo nove, in grado di ospitare fino a un&#8217;orchestra sinfonica. <\/p>\n\n<p>Questo grande spazio ricreativo offre un&#8217;ampia variet\u00e0 di attivit\u00e0 culturali, come spettacoli teatrali, esibizioni di danza, opera, concerti, monologhi e spettacoli di cabaret. <\/p>\n\t\t\t\t\t\t\t\t\t<\/div>\n\t\t\t\t\t\t\t\t\t<img decoding=\"async\" src=\"https:\/\/cdn.pilgrim.es\/web\/caminos\/camino-norte\/pueblos\/gijon\/puntos-de-interes\/teatro-jovellanos.jpg\" alt=\"Teatro Jovellanos\">\n\t\t\t\t\t\t\t\t<\/div>\n\t\t\t\t\t\t\t<\/div>\n\t\t\t\t\t\t\n\t\t\t\t\t\t\t<div class=\"accordion__accordion-content inactive\">\n\t\t\t\t\t\t\t\t<div>\n\t\t\t\t\t\t\t\t\t<div>\n\t\t\t\t\t\t\t\t\t\t<h4>Termas romanas de campo Valde\u0301s<\/h4>\n\t\t\t\t\t\t\t\t\t\t<p>Il museo delle Terme Romane di Campo Vald\u00e9s si trova molto vicino alla costa, nello specifico si trova nella parte vecchia della citt\u00e0 ed \u00e8 stato inaugurato nel 1995. Lo scopo di questo museo \u00e8 quello di proteggere, conservare, ricercare e diffondere i resti archeologici che sono stati recuperati.\n\n<p>La visita \u00e8 divisa in due aree, la prima parte del percorso utilizza modelli, pannelli informativi e proiezioni per presentare la storia e il funzionamento delle terme in epoca romana. Nella seconda parte, invece, il visitatore pu\u00f2 ammirare i resti archeologici attraverso una passerella che simula la circolazione interna delle terme romane. <\/p>\n\n<p>Accanto ai resti si possono vedere anche altri strumenti e utensili che probabilmente venivano utilizzati nella vita quotidiana e che rivelano le antiche tecniche di costruzione. <\/p>\n\t\t\t\t\t\t\t\t\t<\/div>\n\t\t\t\t\t\t\t\t\t<img decoding=\"async\" src=\"https:\/\/cdn.pilgrim.es\/web\/caminos\/camino-norte\/pueblos\/gijon\/puntos-de-interes\/termas-romanas-de-campo-valdes.jpg\" alt=\"Termas romanas de campo Valde\u0301s\">\n\t\t\t\t\t\t\t\t<\/div>\n\t\t\t\t\t\t\t<\/div>\n\t\t\t\t\t\t\n\t\t\t\t\t\t\t<div class=\"accordion__accordion-content inactive\">\n\t\t\t\t\t\t\t\t<div>\n\t\t\t\t\t\t\t\t\t<div>\n\t\t\t\t\t\t\t\t\t\t<h4>Aquarium<\/h4>\n\t\t\t\t\t\t\t\t\t\t<p>L&#8217;Acquario di Gij\u00f3n offre ai visitatori un tour di oltre sessanta tipi di vasche per pesci d&#8217;acqua dolce e salata, che permettono di conoscere la fauna e la flora marina presenti nei mari di tutto il mondo. <\/p>\n\n<p>Ha una capacit\u00e0 di circa 2.000 metri cubi d&#8217;acqua che permette ai visitatori di scoprire la vita marina dei fiumi delle Asturie, della Costa Cantabrica, del Mar dei Caraibi, degli Oceani Pacifico e Indiano, del Mar Rosso, dell&#8217;Oceano Indiano Africano, dell&#8217;Oceano Atlantico Meridionale e dell&#8217;Oceano Atlantico Subtropicale. Inoltre, le strutture comprendono un negozio, un ristorante e una caffetteria, nonch\u00e9 un&#8217;aula didattica.\n\t\t\t\t\t\t\t\t\t<\/div>\n\t\t\t\t\t\t\t\t\t<img decoding=\"async\" src=\"https:\/\/cdn.pilgrim.es\/web\/caminos\/camino-norte\/pueblos\/gijon\/puntos-de-interes\/aquarium.jpg\" alt=\"Aquarium\">\n\t\t\t\t\t\t\t\t<\/div>\n\t\t\t\t\t\t\t<\/div>\n\t\t\t\t\t\t\n\t\t\t\t\t\t\t<div class=\"accordion__accordion-content inactive\">\n\t\t\t\t\t\t\t\t<div>\n\t\t\t\t\t\t\t\t\t<div>\n\t\t\t\t\t\t\t\t\t\t<h4>Basilica del Sagrado Corazo\u0301n<\/h4>\n\t\t\t\t\t\t\t\t\t\t<p>Il Tempio del Sacro Cuore \u00e8 stato denominato &#8220;Basilica&#8221; nel 2003, precedentemente noto come &#8220;La Iglesiona&#8221;, costruito tra il 1918 e il 1922 da Rubio Bellver.<\/p> <p>Il Tempio del Sacro Cuore \u00e8 stato denominato &#8220;Basilica&#8221; nel 2003, precedentemente noto come &#8220;La Iglesiona&#8221;, costruito tra il 1918 e il 1922 da Rubio Bellver.\n\n<p>Lo scopo principale di questa chiesa era quello di fornire un rifugio ai padri gesuiti, motivo per cui l&#8217;architetto ricorse a soluzioni simili alle opere di Gaud\u00ed, che si possono notare nelle sezioni paraboliche della volta e negli archi polilobati del presbiterio. <\/p>\n\n<p>Di particolare rilievo sono gli elementi della facciata principale, come il rosone centrale, il timpano e le torri laterali, che offrono alle torri un grande contrasto di luci e ombre in stile espressionista.  <\/p>\n\t\t\t\t\t\t\t\t\t<\/div>\n\t\t\t\t\t\t\t\t\t<img decoding=\"async\" src=\"https:\/\/cdn.pilgrim.es\/web\/caminos\/camino-norte\/pueblos\/gijon\/puntos-de-interes\/basilica-del-sagrado-corazon.jpg\" alt=\"Basilica del Sagrado Corazo\u0301n\">\n\t\t\t\t\t\t\t\t<\/div>\n\t\t\t\t\t\t\t<\/div>\n\t\t\t\t\t\t\n\t\t\t\t\t<\/div>\n\t\t\t\t<\/div>\n\t\t\t<\/div>\n\t\t\n\n\t\t<div id=\"phonesSection\">\n\t\t\t<div>\n\t\t\t\t<h2 class=\"p-h3-town\">Informazioni di interesse<\/h2>\n\t\t\t<\/div>\n\t\t\t<div class=\"grid\">\n\t\t\t\t\n\t\t\t\t\t<div class=\"phone-number-item\">\n\t\t\t\t\t\t<div class=\"phone-number-item__icon\"><i class=\"icon-police\"><\/i><\/div>\n\t\t\t\t\t\t<div class=\"phone-number-item__title\">\n\t\t\t\t\t\t\t<h3 class=\"p-font-bold\">Polizia locale<\/h3>\n\t\t\t\t\t\t\t<p>985 181 100<\/p>\n\t\t\t\t\t\t\t\n\t\t\t\t\t\t<\/div>\n\t\t\t\t\t<\/div>\n\t\t\t\t\n\t\t\t\t\t<div class=\"phone-number-item\">\n\t\t\t\t\t\t<div class=\"phone-number-item__icon\"><i class=\"icon-spanish-military-police\"><\/i><\/div>\n\t\t\t\t\t\t<div class=\"phone-number-item__title\">\n\t\t\t\t\t\t\t<h3 class=\"p-font-bold\">Guardia civile<\/h3>\n\t\t\t\t\t\t\t<p>985 385 800<\/p>\n\t\t\t\t\t\t\t\n\t\t\t\t\t\t<\/div>\n\t\t\t\t\t<\/div>\n\t\t\t\t\n\t\t\t\t\t<div class=\"phone-number-item\">\n\t\t\t\t\t\t<div class=\"phone-number-item__icon\"><i class=\"icon-firefighters\"><\/i><\/div>\n\t\t\t\t\t\t<div class=\"phone-number-item__title\">\n\t\t\t\t\t\t\t<h3 class=\"p-font-bold\">Vigili del fuoco<\/h3>\n\t\t\t\t\t\t\t<p>985 181 440<\/p>\n\t\t\t\t\t\t\t\n\t\t\t\t\t\t<\/div>\n\t\t\t\t\t<\/div>\n\t\t\t\t\n\t\t\t\t\t<div class=\"phone-number-item\">\n\t\t\t\t\t\t<div class=\"phone-number-item__icon\"><i class=\"icon-civil-protection\"><\/i><\/div>\n\t\t\t\t\t\t<div class=\"phone-number-item__title\">\n\t\t\t\t\t\t\t<h3 class=\"p-font-bold\">Protezione civile<\/h3>\n\t\t\t\t\t\t\t<p>985 181 965<\/p>\n\t\t\t\t\t\t\t\n\t\t\t\t\t\t<\/div>\n\t\t\t\t\t<\/div>\n\t\t\t\t\n\t\t\t\t\t<div class=\"phone-number-item\">\n\t\t\t\t\t\t<div class=\"phone-number-item__icon\"><i class=\"icon-town-council\"><\/i><\/div>\n\t\t\t\t\t\t<div class=\"phone-number-item__title\">\n\t\t\t\t\t\t\t<h3 class=\"p-font-bold\">Municipio<\/h3>\n\t\t\t\t\t\t\t<p>985 181 111<\/p>\n\t\t\t\t\t\t\t\n\t\t\t\t\t\t<\/div>\n\t\t\t\t\t<\/div>\n\t\t\t\t\n\t\t\t\t\t<div class=\"phone-number-item\">\n\t\t\t\t\t\t<div class=\"phone-number-item__icon\"><i class=\"icon-hospital\"><\/i><\/div>\n\t\t\t\t\t\t<div class=\"phone-number-item__title\">\n\t\t\t\t\t\t\t<h3 class=\"p-font-bold\">Centro sanitario<\/h3>\n\t\t\t\t\t\t\t<p>985 143 030 \/ 985 134 400<\/p>\n\t\t\t\t\t\t\t\n\t\t\t\t\t\t<\/div>\n\t\t\t\t\t<\/div>\n\t\t\t\t\n\t\t\t\t\t<div class=\"phone-number-item\">\n\t\t\t\t\t\t<div class=\"phone-number-item__icon\"><i class=\"icon-tourism\"><\/i><\/div>\n\t\t\t\t\t\t<div class=\"phone-number-item__title\">\n\t\t\t\t\t\t\t<h3 class=\"p-font-bold\">Ufficio turistico<\/h3>\n\t\t\t\t\t\t\t<p>Espig\u00f3n Central de Fomento C\/ Rodriguez San Pedro, s\/n; Tel\u00e9fono: 985 341 771; Horario: abre todo el a\u00f1o de 10:00 a 14:30 y de 16:30 a 19:30<\/p>\n\t\t\t\t\t\t\t\n\t\t\t\t\t\t<\/div>\n\t\t\t\t\t<\/div>\n\t\t\t\t\n\t\t\t<\/div>\n\t\t<\/div>\n\n\t\t<div id=\"clientForm\">\n        <section>\n        <img decoding=\"async\" src=\"https:\/\/cdn.pilgrim.es\/web\/home\/email-contacto.png\" alt=\"contacto\">\n        <div>\n            <p>Ti inviamo la tua pianificazione<\/p>\n            <p>Forniscici i tuoi dati e ricevi la pianificazione del tuo viaggio via email <\/p>\n            <form method=\"post\" data-url=\"\/wp-admin\/admin-ajax.php\" id=\"planner--client\" class=\"flag-right form-client\">\n    <div class=\"form-data\">\n        <input name=\"form_id\" type=\"hidden\" value=\"Formulario Leads\">\n        <input name=\"type\" type=\"hidden\" value=\"planner_client\">\n        <input type=\"text\" name=\"nombre\" value=\"\" size=\"40\" class=\"form-control\" aria-required=\"true\" aria-invalid=\"false\" placeholder=\"Nome\">\n        <input type=\"email\" name=\"email\" value=\"\" size=\"40\" class=\"form-control\" aria-required=\"true\" aria-invalid=\"false\" placeholder=\"Mail\">\n        <input type=\"text\" id=\"phone-input\" name=\"tel\" value=\"\" size=\"40\" class=\"phone-input form-control\" aria-required=\"true\" aria-invalid=\"false\" placeholder=\"Telefono\">\n        <input type=\"hidden\" name=\"telefono\">\n    <\/div>\n    <div class=\"form-checkbox\">\n        <span>\n            Pilgrim Travel. S.L. informa, come previsto dal Regolamento 2016\/679, che i dati utilizzati in questo modulo verranno utilizzati sia per la risposta delle eventuali consultazioni sia per la pub-blicazione dei commenti, essendo il consenso dell'utente la base di legittimazione. Potranno esse-re esercitati i diritti in conformit\u00e0 con quanto stabilito dalla nostra             <a href=\"https:\/\/www.pilgrim.es\/it\/informativa-sulla-privacy\/\" target=\"_blank\" rel=\"noopener noreferrer nofollow\">Politica di privacy.<\/a>\n        <\/span>\n    <\/div>\n\n    <div class=\"form-submit\">\n        <button id=\"planner--client-create\" type=\"submit\">Formulario di contatto<\/button>\n        <div class=\"loadingDiv\"><i class=\"p-spinner\"><\/i><\/div>\n    <\/div>\n\n    <div class=\"contact-content-form-success\">\n        <p><i class=\"fas fa-check\"><\/i> Il modulo \u00e8 stato inviato correttamente<\/p>\n    <\/div>\n\n    <div class=\"contact-content-form-error\">\n        <span class=\"input-error\"><\/span>\n    <\/div>\n<\/form>        <\/div>\n    <\/section>\n<\/div>\n\n\t\t<div id=\"recomendationSection\">\n\t\t\t<div>\n\t\t\t\t<h2 class=\"p-h2-town\">Consigliato<\/h2>\n\t\t\t\t<hr>\n\t\t\t\t<h3 class=\"p-h3-town\">Gastronomia<\/h3>\n\t\t\t<\/div>\n\t\t\tLa gastronomia di Gij\u00f3n \u00e8 molto simile a quella del resto della comunit\u00e0 autonoma: in citt\u00e0 spiccano le fabes (fagioli) con chorizo, il sanguinaccio e il lac\u00f3n (spalla di maiale), oltre a piatti pi\u00f9 marinari con vongole, granseola e selvaggina. Poi c&#8217;\u00e8 l&#8217;orata sul dorso, le chopas a la sidra, la ventresca de bonito, gli oricios, il vitello stufato, il pitu de caleya, i choricillos a la sidra, l&#8217;empanada e la tortilla. Ogni pasto nelle Asturie dovrebbe essere accompagnato da un buon sidro, non dimenticate di chiederlo.\n\nPer quanto riguarda la pasticceria, spiccano il budino di riso, la torta charlota, il biscotto di Gij\u00f3n, i bonbon al sidro e le piccole principesse sulla spiaggia.\n\t\t<\/div>\n\n\n\t\t\n\t\t\t<div id=\"holidaysSection\">\n\t\t\t\t<div>\n\t\t\t\t\t<h2 class=\"p-h2-town\">Consigliato<\/h2>\n\t\t\t\t\t<hr>\n\t\t\t\t\t<h3 class=\"p-h3-town\">Festival e pellegrinaggi<\/h3>\n\t\t\t\t<\/div>\n\t\t\t\t<div class=\"grid holidays-grid\">\n\t\t\t\t\t\n\t\t\t\t\t\t<div>\n\t\t\t\t\t\t\t<div class=\"phone-number-item\">\n\t\t\t\t\t\t\t\t<div class=\"phone-number-item__icon\"><i class=\"icon-holiday\"><\/i><\/div>\n\t\t\t\t\t\t\t\t<div class=\"phone-number-item__title dark-text\">\n\t\t\t\t\t\t\t\t\t<p class=\"p-font-bold\">Vacanza locale<\/p>\n\t\t\t\t\t\t\t\t\t<p>29 de junio: Fiestas de San Pedro<\/p>\n\t\t\t\t\t\t\t\t<\/div>\n\t\t\t\t\t\t\t<\/div>\n\t\t\t\t\t\t<\/div>\n\t\t\t\t\t\n\t\t\t\t\t\t<div>\n\t\t\t\t\t\t\t<div class=\"phone-number-item\">\n\t\t\t\t\t\t\t\t<div class=\"phone-number-item__icon\"><i class=\"icon-holiday\"><\/i><\/div>\n\t\t\t\t\t\t\t\t<div class=\"phone-number-item__title dark-text\">\n\t\t\t\t\t\t\t\t\t<p class=\"p-font-bold\">Vacanza locale<\/p>\n\t\t\t\t\t\t\t\t\t<p>10 d\u00edas de julio: Semana Negra<\/p>\n\t\t\t\t\t\t\t\t<\/div>\n\t\t\t\t\t\t\t<\/div>\n\t\t\t\t\t\t<\/div>\n\t\t\t\t\t\n\t\t\t\t\t\t<div>\n\t\t\t\t\t\t\t<div class=\"phone-number-item\">\n\t\t\t\t\t\t\t\t<div class=\"phone-number-item__icon\"><i class=\"icon-holiday\"><\/i><\/div>\n\t\t\t\t\t\t\t\t<div class=\"phone-number-item__title dark-text\">\n\t\t\t\t\t\t\t\t\t<p class=\"p-font-bold\">Vacanza locale<\/p>\n\t\t\t\t\t\t\t\t\t<p>El \u00faltimo fin de semana de agosto: Fiestas de la sidra<\/p>\n\t\t\t\t\t\t\t\t<\/div>\n\t\t\t\t\t\t\t<\/div>\n\t\t\t\t\t\t<\/div>\n\t\t\t\t\t\n\t\t\t\t\t\t<div>\n\t\t\t\t\t\t\t<div class=\"phone-number-item\">\n\t\t\t\t\t\t\t\t<div class=\"phone-number-item__icon\"><i class=\"icon-holiday\"><\/i><\/div>\n\t\t\t\t\t\t\t\t<div class=\"phone-number-item__title dark-text\">\n\t\t\t\t\t\t\t\t\t<p class=\"p-font-bold\">Vacanza locale<\/p>\n\t\t\t\t\t\t\t\t\t<p>Febrero: El Antroxi o fiestas de carnaval<\/p>\n\t\t\t\t\t\t\t\t<\/div>\n\t\t\t\t\t\t\t<\/div>\n\t\t\t\t\t\t<\/div>\n\t\t\t\t\t\n\t\t\t\t\t\t<div>\n\t\t\t\t\t\t\t<div class=\"phone-number-item\">\n\t\t\t\t\t\t\t\t<div class=\"phone-number-item__icon\"><i class=\"icon-holiday\"><\/i><\/div>\n\t\t\t\t\t\t\t\t<div class=\"phone-number-item__title dark-text\">\n\t\t\t\t\t\t\t\t\t<p class=\"p-font-bold\">Vacanza locale<\/p>\n\t\t\t\t\t\t\t\t\t<p>El primer domingo de agosto: D\u00eda de Asturias en Gij\u00f3n<\/p>\n\t\t\t\t\t\t\t\t<\/div>\n\t\t\t\t\t\t\t<\/div>\n\t\t\t\t\t\t<\/div>\n\t\t\t\t\t\n\t\t\t\t\t\t<div>\n\t\t\t\t\t\t\t<div class=\"phone-number-item\">\n\t\t\t\t\t\t\t\t<div class=\"phone-number-item__icon\"><i class=\"icon-holiday\"><\/i><\/div>\n\t\t\t\t\t\t\t\t<div class=\"phone-number-item__title dark-text\">\n\t\t\t\t\t\t\t\t\t<p class=\"p-font-bold\">Vacanza locale<\/p>\n\t\t\t\t\t\t\t\t\t<p>Dos primeras semanas de agosto: Fiestas de San Lorenzo<\/p>\n\t\t\t\t\t\t\t\t<\/div>\n\t\t\t\t\t\t\t<\/div>\n\t\t\t\t\t\t<\/div>\n\t\t\t\t\t\n\t\t\t\t\t\t<div>\n\t\t\t\t\t\t\t<div class=\"phone-number-item\">\n\t\t\t\t\t\t\t\t<div class=\"phone-number-item__icon\"><i class=\"icon-holiday\"><\/i><\/div>\n\t\t\t\t\t\t\t\t<div class=\"phone-number-item__title dark-text\">\n\t\t\t\t\t\t\t\t\t<p class=\"p-font-bold\">Vacanza locale<\/p>\n\t\t\t\t\t\t\t\t\t<p>9 de Agosto: Semana grande<\/p>\n\t\t\t\t\t\t\t\t<\/div>\n\t\t\t\t\t\t\t<\/div>\n\t\t\t\t\t\t<\/div>\n\t\t\t\t\t\n\t\t\t\t<\/div>\n\t\t\t<\/div>\n\t\t\n\t<\/div>\n<\/section>\n\n<div id=\"stage_list_section\"><div class=\"stage-list\">\n    <div class='stage-list__map-card'>\n        <div class='stage-list__map-card__map'>\n            <div class='stage-list__map-card__map__text'>\n                <h2> Pages <\/h2>\n                <p> A piedi<\/p>\n                <p> 0tappe<\/p>\n            <\/div>\n            <div class='stage-list__map-card__map__img'>\n                <img decoding=\"async\" src=\"\" alt=\" mapa \" \/>\n            <\/div>\n        <\/div>\n    <\/div>\n\n    <\/div>\n<\/div>\n","protected":false},"excerpt":{"rendered":"<p>Gij\u00f3n &#8249; Ritorno al palcoscenico Gij\u00f3n Abitanti: 274.290 aprox. Provincia: Asturias Informazioni Get to know Gij\u00f3n Gij\u00f3n \u00e8 una citt\u00e0 costiera nel nord della Spagna dove il Mar Cantabrico e la tradizione jacobea si intrecciano, poich\u00e9 si trova lungo il Cammino del Nord, uno dei suoi itinerari storici pi\u00f9 affascinanti. Pellegrini da tutto il mondo &hellip; <\/p>\n<p class=\"read_more\"><a href=\"https:\/\/www.pilgrim.es\/it\/cammino-nord\/gijon\/\">Leer m\u00e1s<\/a><\/p>\n","protected":false},"author":16,"featured_media":4655,"parent":10817,"menu_order":0,"comment_status":"closed","ping_status":"closed","template":"views\/template-new-web-design.blade.php","meta":{"footnotes":""},"categories":[],"tags":[],"class_list":["post-91297","page","type-page","status-publish","has-post-thumbnail","hentry"],"yoast_head":"<!-- This site is optimized with the Yoast SEO plugin v27.4 - https:\/\/yoast.com\/product\/yoast-seo-wordpress\/ -->\n<title>Gij\u00f3n: Cosa vedere e dove dormire | Cammino di Santiago | Pilgrim<\/title>\n<meta name=\"description\" content=\"Gij\u00f3n Scopri tutte le informazioni su dove alloggiare, come arrivare, cosa mangiare e sui principali punti di interesse delle localit\u00e0 lungo il Cammino del Nord.\" \/>\n<meta name=\"robots\" content=\"index, follow, max-snippet:-1, max-image-preview:large, max-video-preview:-1\" \/>\n<link rel=\"canonical\" href=\"https:\/\/www.pilgrim.es\/it\/cammino-nord\/gijon\/\" \/>\n<meta property=\"og:locale\" content=\"it_IT\" \/>\n<meta property=\"og:type\" content=\"article\" \/>\n<meta property=\"og:title\" content=\"Gij\u00f3n: Cosa vedere e dove dormire | Cammino di Santiago | Pilgrim\" \/>\n<meta property=\"og:description\" content=\"Gij\u00f3n Scopri tutte le informazioni su dove alloggiare, come arrivare, cosa mangiare e sui principali punti di interesse delle localit\u00e0 lungo il Cammino del Nord.\" \/>\n<meta property=\"og:url\" content=\"https:\/\/www.pilgrim.es\/it\/cammino-nord\/gijon\/\" \/>\n<meta property=\"og:site_name\" content=\"Pilgrim\" \/>\n<meta property=\"article:publisher\" content=\"https:\/\/www.facebook.com\/pilgrim.es\/\" \/>\n<meta property=\"article:modified_time\" content=\"2026-04-24T07:45:08+00:00\" \/>\n<meta property=\"og:image\" content=\"https:\/\/www.pilgrim.es\/wp-content\/uploads\/2019\/02\/gijon1-520x370.jpg\" \/>\n\t<meta property=\"og:image:width\" content=\"520\" \/>\n\t<meta property=\"og:image:height\" content=\"370\" \/>\n\t<meta property=\"og:image:type\" content=\"image\/jpeg\" \/>\n<meta name=\"twitter:card\" content=\"summary_large_image\" \/>\n<meta name=\"twitter:site\" content=\"@pilgrim_es\" \/>\n<meta name=\"twitter:label1\" content=\"Tempo di lettura stimato\" \/>\n\t<meta name=\"twitter:data1\" content=\"15 minuti\" \/>\n<script type=\"application\/ld+json\" class=\"yoast-schema-graph\">{\"@context\":\"https:\\\/\\\/schema.org\",\"@graph\":[{\"@type\":\"WebPage\",\"@id\":\"https:\\\/\\\/www.pilgrim.es\\\/it\\\/cammino-nord\\\/gijon\\\/\",\"url\":\"https:\\\/\\\/www.pilgrim.es\\\/it\\\/cammino-nord\\\/gijon\\\/\",\"name\":\"Gij\u00f3n: Cosa vedere e dove dormire | Cammino di Santiago | Pilgrim\",\"isPartOf\":{\"@id\":\"https:\\\/\\\/www.pilgrim.es\\\/it\\\/#website\"},\"primaryImageOfPage\":{\"@id\":\"https:\\\/\\\/www.pilgrim.es\\\/it\\\/cammino-nord\\\/gijon\\\/#primaryimage\"},\"image\":{\"@id\":\"https:\\\/\\\/www.pilgrim.es\\\/it\\\/cammino-nord\\\/gijon\\\/#primaryimage\"},\"thumbnailUrl\":\"https:\\\/\\\/www.pilgrim.es\\\/wp-content\\\/uploads\\\/2019\\\/02\\\/gijon1-520x370.jpg\",\"datePublished\":\"2025-03-17T14:54:22+00:00\",\"dateModified\":\"2026-04-24T07:45:08+00:00\",\"description\":\"Gij\u00f3n Scopri tutte le informazioni su dove alloggiare, come arrivare, cosa mangiare e sui principali punti di interesse delle localit\u00e0 lungo il Cammino del Nord.\",\"breadcrumb\":{\"@id\":\"https:\\\/\\\/www.pilgrim.es\\\/it\\\/cammino-nord\\\/gijon\\\/#breadcrumb\"},\"inLanguage\":\"it-IT\",\"potentialAction\":[{\"@type\":\"ReadAction\",\"target\":[\"https:\\\/\\\/www.pilgrim.es\\\/it\\\/cammino-nord\\\/gijon\\\/\"]}]},{\"@type\":\"ImageObject\",\"inLanguage\":\"it-IT\",\"@id\":\"https:\\\/\\\/www.pilgrim.es\\\/it\\\/cammino-nord\\\/gijon\\\/#primaryimage\",\"url\":\"https:\\\/\\\/www.pilgrim.es\\\/wp-content\\\/uploads\\\/2019\\\/02\\\/gijon1-520x370.jpg\",\"contentUrl\":\"https:\\\/\\\/www.pilgrim.es\\\/wp-content\\\/uploads\\\/2019\\\/02\\\/gijon1-520x370.jpg\",\"width\":520,\"height\":370,\"caption\":\"Gij\u00f3n\"},{\"@type\":\"BreadcrumbList\",\"@id\":\"https:\\\/\\\/www.pilgrim.es\\\/it\\\/cammino-nord\\\/gijon\\\/#breadcrumb\",\"itemListElement\":[{\"@type\":\"ListItem\",\"position\":1,\"name\":\"Camino de Santiago\",\"item\":\"https:\\\/\\\/www.pilgrim.es\\\/it\\\/\"},{\"@type\":\"ListItem\",\"position\":2,\"name\":\"Cammino del Nord\",\"item\":\"https:\\\/\\\/www.pilgrim.es\\\/it\\\/cammino-nord\\\/\"},{\"@type\":\"ListItem\",\"position\":3,\"name\":\"Gij\u00f3n\"}]},{\"@type\":\"WebSite\",\"@id\":\"https:\\\/\\\/www.pilgrim.es\\\/it\\\/#website\",\"url\":\"https:\\\/\\\/www.pilgrim.es\\\/it\\\/\",\"name\":\"Pilgrim\",\"description\":\"Camino de Santiago | Caminamos Contigo\",\"publisher\":{\"@id\":\"https:\\\/\\\/www.pilgrim.es\\\/it\\\/#organization\"},\"potentialAction\":[{\"@type\":\"SearchAction\",\"target\":{\"@type\":\"EntryPoint\",\"urlTemplate\":\"https:\\\/\\\/www.pilgrim.es\\\/it\\\/?s={search_term_string}\"},\"query-input\":{\"@type\":\"PropertyValueSpecification\",\"valueRequired\":true,\"valueName\":\"search_term_string\"}}],\"inLanguage\":\"it-IT\"},{\"@type\":\"Organization\",\"@id\":\"https:\\\/\\\/www.pilgrim.es\\\/it\\\/#organization\",\"name\":\"Pilgrim Camino de Santiago\",\"url\":\"https:\\\/\\\/www.pilgrim.es\\\/it\\\/\",\"logo\":{\"@type\":\"ImageObject\",\"inLanguage\":\"it-IT\",\"@id\":\"https:\\\/\\\/www.pilgrim.es\\\/it\\\/#\\\/schema\\\/logo\\\/image\\\/\",\"url\":\"https:\\\/\\\/www.pilgrim.es\\\/wp-content\\\/uploads\\\/2019\\\/04\\\/logo_pilgrim.png\",\"contentUrl\":\"https:\\\/\\\/www.pilgrim.es\\\/wp-content\\\/uploads\\\/2019\\\/04\\\/logo_pilgrim.png\",\"width\":512,\"height\":512,\"caption\":\"Pilgrim Camino de Santiago\"},\"image\":{\"@id\":\"https:\\\/\\\/www.pilgrim.es\\\/it\\\/#\\\/schema\\\/logo\\\/image\\\/\"},\"sameAs\":[\"https:\\\/\\\/www.facebook.com\\\/pilgrim.es\\\/\",\"https:\\\/\\\/x.com\\\/pilgrim_es\",\"https:\\\/\\\/www.instagram.com\\\/pilgrim.es\\\/\",\"https:\\\/\\\/www.linkedin.com\\\/company\\\/pilgrim-camino-de-santiago\\\/\",\"https:\\\/\\\/www.pinterest.es\\\/pilgrimcaminodesantiago\\\/\",\"https:\\\/\\\/www.youtube.com\\\/channel\\\/UCIv2ZzFLXVqthkNF32rKedw\\\/featured\"]}]}<\/script>\n<!-- \/ Yoast SEO plugin. -->","yoast_head_json":{"title":"Gij\u00f3n: Cosa vedere e dove dormire | Cammino di Santiago | Pilgrim","description":"Gij\u00f3n Scopri tutte le informazioni su dove alloggiare, come arrivare, cosa mangiare e sui principali punti di interesse delle localit\u00e0 lungo il Cammino del Nord.","robots":{"index":"index","follow":"follow","max-snippet":"max-snippet:-1","max-image-preview":"max-image-preview:large","max-video-preview":"max-video-preview:-1"},"canonical":"https:\/\/www.pilgrim.es\/it\/cammino-nord\/gijon\/","og_locale":"it_IT","og_type":"article","og_title":"Gij\u00f3n: Cosa vedere e dove dormire | Cammino di Santiago | Pilgrim","og_description":"Gij\u00f3n Scopri tutte le informazioni su dove alloggiare, come arrivare, cosa mangiare e sui principali punti di interesse delle localit\u00e0 lungo il Cammino del Nord.","og_url":"https:\/\/www.pilgrim.es\/it\/cammino-nord\/gijon\/","og_site_name":"Pilgrim","article_publisher":"https:\/\/www.facebook.com\/pilgrim.es\/","article_modified_time":"2026-04-24T07:45:08+00:00","og_image":[{"width":520,"height":370,"url":"https:\/\/www.pilgrim.es\/wp-content\/uploads\/2019\/02\/gijon1-520x370.jpg","type":"image\/jpeg"}],"twitter_card":"summary_large_image","twitter_site":"@pilgrim_es","twitter_misc":{"Tempo di lettura stimato":"15 minuti"},"schema":{"@context":"https:\/\/schema.org","@graph":[{"@type":"WebPage","@id":"https:\/\/www.pilgrim.es\/it\/cammino-nord\/gijon\/","url":"https:\/\/www.pilgrim.es\/it\/cammino-nord\/gijon\/","name":"Gij\u00f3n: Cosa vedere e dove dormire | Cammino di Santiago | Pilgrim","isPartOf":{"@id":"https:\/\/www.pilgrim.es\/it\/#website"},"primaryImageOfPage":{"@id":"https:\/\/www.pilgrim.es\/it\/cammino-nord\/gijon\/#primaryimage"},"image":{"@id":"https:\/\/www.pilgrim.es\/it\/cammino-nord\/gijon\/#primaryimage"},"thumbnailUrl":"https:\/\/www.pilgrim.es\/wp-content\/uploads\/2019\/02\/gijon1-520x370.jpg","datePublished":"2025-03-17T14:54:22+00:00","dateModified":"2026-04-24T07:45:08+00:00","description":"Gij\u00f3n Scopri tutte le informazioni su dove alloggiare, come arrivare, cosa mangiare e sui principali punti di interesse delle localit\u00e0 lungo il Cammino del Nord.","breadcrumb":{"@id":"https:\/\/www.pilgrim.es\/it\/cammino-nord\/gijon\/#breadcrumb"},"inLanguage":"it-IT","potentialAction":[{"@type":"ReadAction","target":["https:\/\/www.pilgrim.es\/it\/cammino-nord\/gijon\/"]}]},{"@type":"ImageObject","inLanguage":"it-IT","@id":"https:\/\/www.pilgrim.es\/it\/cammino-nord\/gijon\/#primaryimage","url":"https:\/\/www.pilgrim.es\/wp-content\/uploads\/2019\/02\/gijon1-520x370.jpg","contentUrl":"https:\/\/www.pilgrim.es\/wp-content\/uploads\/2019\/02\/gijon1-520x370.jpg","width":520,"height":370,"caption":"Gij\u00f3n"},{"@type":"BreadcrumbList","@id":"https:\/\/www.pilgrim.es\/it\/cammino-nord\/gijon\/#breadcrumb","itemListElement":[{"@type":"ListItem","position":1,"name":"Camino de Santiago","item":"https:\/\/www.pilgrim.es\/it\/"},{"@type":"ListItem","position":2,"name":"Cammino del Nord","item":"https:\/\/www.pilgrim.es\/it\/cammino-nord\/"},{"@type":"ListItem","position":3,"name":"Gij\u00f3n"}]},{"@type":"WebSite","@id":"https:\/\/www.pilgrim.es\/it\/#website","url":"https:\/\/www.pilgrim.es\/it\/","name":"Pilgrim","description":"Camino de Santiago | Caminamos Contigo","publisher":{"@id":"https:\/\/www.pilgrim.es\/it\/#organization"},"potentialAction":[{"@type":"SearchAction","target":{"@type":"EntryPoint","urlTemplate":"https:\/\/www.pilgrim.es\/it\/?s={search_term_string}"},"query-input":{"@type":"PropertyValueSpecification","valueRequired":true,"valueName":"search_term_string"}}],"inLanguage":"it-IT"},{"@type":"Organization","@id":"https:\/\/www.pilgrim.es\/it\/#organization","name":"Pilgrim Camino de Santiago","url":"https:\/\/www.pilgrim.es\/it\/","logo":{"@type":"ImageObject","inLanguage":"it-IT","@id":"https:\/\/www.pilgrim.es\/it\/#\/schema\/logo\/image\/","url":"https:\/\/www.pilgrim.es\/wp-content\/uploads\/2019\/04\/logo_pilgrim.png","contentUrl":"https:\/\/www.pilgrim.es\/wp-content\/uploads\/2019\/04\/logo_pilgrim.png","width":512,"height":512,"caption":"Pilgrim Camino de Santiago"},"image":{"@id":"https:\/\/www.pilgrim.es\/it\/#\/schema\/logo\/image\/"},"sameAs":["https:\/\/www.facebook.com\/pilgrim.es\/","https:\/\/x.com\/pilgrim_es","https:\/\/www.instagram.com\/pilgrim.es\/","https:\/\/www.linkedin.com\/company\/pilgrim-camino-de-santiago\/","https:\/\/www.pinterest.es\/pilgrimcaminodesantiago\/","https:\/\/www.youtube.com\/channel\/UCIv2ZzFLXVqthkNF32rKedw\/featured"]}]}},"_links":{"self":[{"href":"https:\/\/www.pilgrim.es\/it\/wp-json\/wp\/v2\/pages\/91297","targetHints":{"allow":["GET"]}}],"collection":[{"href":"https:\/\/www.pilgrim.es\/it\/wp-json\/wp\/v2\/pages"}],"about":[{"href":"https:\/\/www.pilgrim.es\/it\/wp-json\/wp\/v2\/types\/page"}],"author":[{"embeddable":true,"href":"https:\/\/www.pilgrim.es\/it\/wp-json\/wp\/v2\/users\/16"}],"replies":[{"embeddable":true,"href":"https:\/\/www.pilgrim.es\/it\/wp-json\/wp\/v2\/comments?post=91297"}],"version-history":[{"count":1,"href":"https:\/\/www.pilgrim.es\/it\/wp-json\/wp\/v2\/pages\/91297\/revisions"}],"predecessor-version":[{"id":140556,"href":"https:\/\/www.pilgrim.es\/it\/wp-json\/wp\/v2\/pages\/91297\/revisions\/140556"}],"up":[{"embeddable":true,"href":"https:\/\/www.pilgrim.es\/it\/wp-json\/wp\/v2\/pages\/10817"}],"wp:featuredmedia":[{"embeddable":true,"href":"https:\/\/www.pilgrim.es\/it\/wp-json\/wp\/v2\/media\/4655"}],"wp:attachment":[{"href":"https:\/\/www.pilgrim.es\/it\/wp-json\/wp\/v2\/media?parent=91297"}],"wp:term":[{"taxonomy":"category","embeddable":true,"href":"https:\/\/www.pilgrim.es\/it\/wp-json\/wp\/v2\/categories?post=91297"},{"taxonomy":"post_tag","embeddable":true,"href":"https:\/\/www.pilgrim.es\/it\/wp-json\/wp\/v2\/tags?post=91297"}],"curies":[{"name":"wp","href":"https:\/\/api.w.org\/{rel}","templated":true}]}}