{"id":91288,"date":"2025-03-17T14:50:59","date_gmt":"2025-03-17T14:50:59","guid":{"rendered":"https:\/\/www.pilgrim.es\/cammino-nord\/llanes\/"},"modified":"2025-03-17T14:50:59","modified_gmt":"2025-03-17T14:50:59","slug":"llanes","status":"publish","type":"page","link":"https:\/\/www.pilgrim.es\/it\/cammino-nord\/llanes\/","title":{"rendered":"Llanes"},"content":{"rendered":" <section id=\"hero\">\n\t<h1>Llanes<\/h1>\n\t<div class=\"hero-grid\">\n\t\t<div class=\"hero-grid__town-col\" data-background=\"https:\/\/cdn.pilgrim.es\/web\/caminos\/camino-norte\/pueblos\/llanes.jpg\">\n\t\t\t<div>\n\t\t\t\t<a class=\"link-to-stage\" href=\"https:\/\/www.pilgrim.es\/camino-norte\/etapa-16-colombres-llanes\/\">\n\t\t\t\t\t<p>&#8249; Ritorno al palcoscenico<\/p>\n\t\t\t\t<\/a>\n\n\t\t\t\t<div class=\"town-data\">\n\t\t\t\t\t<h2>Llanes<\/h2>\n\t\t\t\t\t<ul>\n\t\t\t\t\t\t<li>Abitanti: 13.960 aprox.<\/li>\n\t\t\t\t\t\t<li>Provincia: Asturias<\/li>\n\t\t\t\t\t<\/ul>\n\t\t\t\t<\/div>\n\t\t\t<\/div>\n\t\t<\/div>\n\t\t<div class=\"hero-grid__planner-col\"><div\r\n  class=\"p-col-span-1 p-rounded-lg p-px-5 p-h-full\"\r\n  style=\"background-image: url('https:\/\/cdn.pilgrim.es\/web\/pilgrim-planner\/bg-plugin-planificador.webp')\"\r\n  rel=\"preload\"\r\n  fetchpriority=\"high\"\r\n  >\r\n    <div class=\"p-text-center p-pt-5 p-text-white p-text-2xl p-font-semibold\">\r\n      Pianifica il tuo cammino    <\/div>\r\n    <div\r\n            id='primary-app'\r\n            data-name='banner'\r\n            data-api='https:\/\/pathfinder.pilgrim.es\/api\/pathfinder\/v2'\r\n            data-mode='normal'\r\n            data-lang='it'\r\n            data-route='1'\r\n            data-destiny='https:\/\/planificador.pilgrim.es'\r\n            data-modality='1'\r\n            data-inline=''\r\n        ><\/div><\/div><\/div>\n\t<\/div>\n<\/section>\n\n<section id=\"infoTown\">\n\t<div class=\"sections-town\">\n\n\t\t<div id=\"informationSection\">\n\t\t\t<div>\n\t\t\t\t<h2 class=\"p-h2-town\">Informazioni<\/h2>\n\t\t\t\t<hr>\n\t\t\t\t<h3 class=\"p-h3-town\">Get to know Llanes<\/h3>\n\t\t\t<\/div>\n\t\t\t<p>La citt\u00e0 di Llanes \u00e8 un tipico villaggio di pescatori, anche se oggi vive in gran parte di turismo.<\/p> <p>Grazie al fatto che il mare penetra in molte zone della citt\u00e0, formando paesaggi idilliaci in ogni angolo, la citt\u00e0 nel suo complesso \u00e8 una grande attrazione turistica.<\/p> <p>La citt\u00e0 \u00e8 una grande attrazione turistica.<\/p> <p>Grazie al fatto che il mare penetra in molte zone della citt\u00e0, formando paesaggi idilliaci in ogni angolo, la citt\u00e0 nel suo complesso \u00e8 una grande attrazione turistica.\n\t\t<\/div>\n\n\t\t<div id=\"locationSection\">\n\t\t\t<div>\n\t\t\t\t<h2 class=\"p-h2-town\">Posizione<\/h2>\n\t\t\t\t<hr>\n\t\t\t\t<h3 class=\"p-h3-town\">Come arrivare<\/h3>\n\t\t\t<\/div>\n\t\t\t<p>La citt\u00e0 di Llanes \u00e8 molto facile da raggiungere in quanto il percorso della pi\u00f9 importante autostrada e della pi\u00f9 importante strada nazionale del nord passa attraverso il comune, la A-8, che collega la Galizia con i Paesi Baschi, e la N-634, che segue lo stesso percorso ma con un tracciato diverso in alcuni punti.\n\n<p>\u00c8 possibile arrivarci anche con i mezzi pubblici, c&#8217;\u00e8 una stazione degli autobus con destinazioni come Bilbao, Oviedo e Santander, oltre a linee brevi per i villaggi circostanti.  \u00c8 presente anche una stazione ferroviaria che offre linee per Oviedo, Gij\u00f3n, Santander, Bilbao e Ir\u00fan.\n\t\t\t<div>\n\t\t\t\t<div>\n  <iframe loading=\"lazy\"\n    src=\"https:\/\/www.google.com\/maps\/d\/embed?mid=1MOKsrLoZqmMDcyErkaqIoVvM1qO0PUw&amp;ehbc=2E312F\"\n    width=\"640\"\n    height=\"480\"\n    alt=\"Mapa Llanes\"\n  ><\/iframe>\n<\/div>\n\n\t\t\t<\/div>\n\t\t<\/div>\n\n\t\t\n\t\t\t<div id=\"toVisitSection\">\n\t\t\t\t<div>\n\t\t\t\t\t<h2 class=\"p-h2-town\">Storia \/ Cultura<\/h2>\n\t\t\t\t\t<hr>\n\t\t\t\t\t<h3 class=\"p-h3-town\">Cosa vedere<\/h3>\n\t\t\t\t<\/div>\n\t\t\t\t<div>\n\t\t\t\t\t<div class=\"accordion\">\n\t\t\t\t\t\t<div class=\"accordion__menu\">\n\t\t\t\t\t\t\t<nav>\n\t\t\t\t\t\t\t\t\n\t\t\t\t\t\t\t\t\t<button class=\"nav-tab-accordion active\"><span>&#10093;<\/span><span> Basilica de Santa Mari\u0301a de Concejo<\/span><\/button>\n\t\t\t\t\t\t\t\t\n\t\t\t\t\t\t\t\t\t<button class=\"nav-tab-accordion \"><span>&#10093;<\/span><span> Capilla de la Magdalena<\/span><\/button>\n\t\t\t\t\t\t\t\t\n\t\t\t\t\t\t\t\t\t<button class=\"nav-tab-accordion \"><span>&#10093;<\/span><span> Casa de los Leones<\/span><\/button>\n\t\t\t\t\t\t\t\t\n\t\t\t\t\t\t\t\t\t<button class=\"nav-tab-accordion \"><span>&#10093;<\/span><span> Casa de Rivero<\/span><\/button>\n\t\t\t\t\t\t\t\t\n\t\t\t\t\t\t\t\t\t<button class=\"nav-tab-accordion \"><span>&#10093;<\/span><span> Casino<\/span><\/button>\n\t\t\t\t\t\t\t\t\n\t\t\t\t\t\t\t\t\t<button class=\"nav-tab-accordion \"><span>&#10093;<\/span><span> Convento de las monjas Agustinas Recoletas<\/span><\/button>\n\t\t\t\t\t\t\t\t\n\t\t\t\t\t\t\t\t\t<button class=\"nav-tab-accordion \"><span>&#10093;<\/span><span> Cueva Bolado<\/span><\/button>\n\t\t\t\t\t\t\t\t\n\t\t\t\t\t\t\t\t\t<button class=\"nav-tab-accordion \"><span>&#10093;<\/span><span> Puerto Pesquero<\/span><\/button>\n\t\t\t\t\t\t\t\t\n\t\t\t\t\t\t\t\t\t<button class=\"nav-tab-accordion \"><span>&#10093;<\/span><span> Ermita de Cristo del Camino<\/span><\/button>\n\t\t\t\t\t\t\t\t\n\t\t\t\t\t\t\t\t\t<button class=\"nav-tab-accordion \"><span>&#10093;<\/span><span> Faro<\/span><\/button>\n\t\t\t\t\t\t\t\t\n\t\t\t\t\t\t\t\t\t<button class=\"nav-tab-accordion \"><span>&#10093;<\/span><span> Casa de la Cultura<\/span><\/button>\n\t\t\t\t\t\t\t\t\n\t\t\t\t\t\t\t\t\t<button class=\"nav-tab-accordion \"><span>&#10093;<\/span><span> La Rula<\/span><\/button>\n\t\t\t\t\t\t\t\t\n\t\t\t\t\t\t\t\t\t<button class=\"nav-tab-accordion \"><span>&#10093;<\/span><span> Monasterio de San Salvador<\/span><\/button>\n\t\t\t\t\t\t\t\t\n\t\t\t\t\t\t\t\t\t<button class=\"nav-tab-accordion \"><span>&#10093;<\/span><span> Monumento de Egidio Gavito Bustamante<\/span><\/button>\n\t\t\t\t\t\t\t\t\n\t\t\t\t\t\t\t\t\t<button class=\"nav-tab-accordion \"><span>&#10093;<\/span><span> Muralla de Llanes<\/span><\/button>\n\t\t\t\t\t\t\t\t\n\t\t\t\t\t\t\t\t\t<button class=\"nav-tab-accordion \"><span>&#10093;<\/span><span> Palacete del Conde de la Vega del Sella<\/span><\/button>\n\t\t\t\t\t\t\t\t\n\t\t\t\t\t\t\t\t\t<button class=\"nav-tab-accordion \"><span>&#10093;<\/span><span> Palacio de los Duques de Estrada<\/span><\/button>\n\t\t\t\t\t\t\t\t\n\t\t\t\t\t\t\t\t\t<button class=\"nav-tab-accordion \"><span>&#10093;<\/span><span> Torrexo\u0301n de la Posada<\/span><\/button>\n\t\t\t\t\t\t\t\t\n\t\t\t\t\t\t\t<\/nav>\n\t\t\t\t\t\t<\/div>\n\n\t\t\t\t\t\t\n\t\t\t\t\t\t\t<div class=\"accordion__accordion-content \">\n\t\t\t\t\t\t\t\t<div>\n\t\t\t\t\t\t\t\t\t<div>\n\t\t\t\t\t\t\t\t\t\t<h4>Basilica de Santa Mari\u0301a de Concejo<\/h4>\n\t\t\t\t\t\t\t\t\t\t<p>La basilica medievale di Santa Mar\u00eda de Concejo in stile gotico e con una delle facciate in stile romanico presenta due teorie sulla possibile data di costruzione, la prima dimostra che l&#8217;esistenza di una finestra bipartita, posta nella facciata occidentale della chiesa, \u00e8 una prova inconfutabile dell&#8217;inizio della costruzione intorno al XIII o XIV secolo.<\/p> <p>La prima dimostra che l&#8217;esistenza di una finestra bipartita, posta nella facciata occidentale della chiesa, \u00e8 una prova inconfutabile dell&#8217;inizio della costruzione intorno al XIII o XIV secolo.\n\n<p>La seconda teoria costruttiva rivela che la basilica \u00e8 quella che indica che corrisponde a un unico periodo, che sarebbe stata costruita alla fine dell&#8217;ultima met\u00e0 del XV secolo e che fu consacrata nel 1480, sebbene i lavori non fossero ancora terminati.<\/p> &lt;p\n\t\t\t\t\t\t\t\t\t<\/div>\n\t\t\t\t\t\t\t\t\t<img decoding=\"async\" src=\"https:\/\/cdn.pilgrim.es\/web\/caminos\/camino-norte\/pueblos\/llanes\/puntos-de-interes\/basilica-de-santa-maria-de-concejo.jpg\" alt=\"Basilica de Santa Mari\u0301a de Concejo\">\n\t\t\t\t\t\t\t\t<\/div>\n\t\t\t\t\t\t\t<\/div>\n\t\t\t\t\t\t\n\t\t\t\t\t\t\t<div class=\"accordion__accordion-content inactive\">\n\t\t\t\t\t\t\t\t<div>\n\t\t\t\t\t\t\t\t\t<div>\n\t\t\t\t\t\t\t\t\t\t<h4>Capilla de la Magdalena<\/h4>\n\t\t\t\t\t\t\t\t\t\t<p>La Cappella della Magdalena, situata nel centro storico di Llanes, \u00e8 uno dei punti di riferimento religiosi e festivi dell&#8217;estate del villaggio di pescatori. Grazie ad essa, gli abitanti del luogo celebrano la Magdalena, una festa dichiarata di interesse turistico. <\/p>\n\n<p>La chiesa fu costruita nel XIII secolo su un progetto precedente e fu ricostruita in diverse occasioni, mantenendo la sua navata unica con un portale a sesto acuto. <\/p>\n\t\t\t\t\t\t\t\t\t<\/div>\n\t\t\t\t\t\t\t\t\t<img decoding=\"async\" src=\"https:\/\/cdn.pilgrim.es\/web\/caminos\/camino-norte\/pueblos\/llanes\/puntos-de-interes\/capilla-de-la-magdalena.jpg\" alt=\"Capilla de la Magdalena\">\n\t\t\t\t\t\t\t\t<\/div>\n\t\t\t\t\t\t\t<\/div>\n\t\t\t\t\t\t\n\t\t\t\t\t\t\t<div class=\"accordion__accordion-content inactive\">\n\t\t\t\t\t\t\t\t<div>\n\t\t\t\t\t\t\t\t\t<div>\n\t\t\t\t\t\t\t\t\t\t<h4>Casa de los Leones<\/h4>\n\t\t\t\t\t\t\t\t\t\t<p>La Casa de los Leones, conosciuta anche come Villa Flora, fu costruita nel 1906 da Manuel Garc\u00eda. Egli emigr\u00f2 a Puebla, in Messico, per lavorare nel settore tessile. L\u00ec spos\u00f2 Flor Valladie, motivo per cui la casa \u00e8 nota anche come Villa Flora.\n\n<p>La struttura dell&#8217;edificio \u00e8 costituita da un unico volume a due piani e tre sottotetti. La facciata principale presenta un portico e una scala con un leone di pietra su ciascun lato. Per questo motivo questa casa indiana \u00e8 nota anche come Casa de los Leones (Casa dei Leoni).  <\/p>\n\t\t\t\t\t\t\t\t\t<\/div>\n\t\t\t\t\t\t\t\t\t<img decoding=\"async\" src=\"https:\/\/cdn.pilgrim.es\/web\/caminos\/camino-norte\/pueblos\/llanes\/puntos-de-interes\/casa-de-los-leones.jpg\" alt=\"Casa de los Leones\">\n\t\t\t\t\t\t\t\t<\/div>\n\t\t\t\t\t\t\t<\/div>\n\t\t\t\t\t\t\n\t\t\t\t\t\t\t<div class=\"accordion__accordion-content inactive\">\n\t\t\t\t\t\t\t\t<div>\n\t\t\t\t\t\t\t\t\t<div>\n\t\t\t\t\t\t\t\t\t\t<h4>Casa de Rivero<\/h4>\n\t\t\t\t\t\t\t\t\t\t<p>La Casa de Rivero, in stile medievale, fu costruita nel 1656, anche se l&#8217;ultimo piano fu aggiunto, insieme ai balconi e alle altre porte di accesso, nel XVIII secolo. L&#8217;esterno presenta una porta semicircolare a un&#8217;estremit\u00e0 della facciata e lo stemma della famiglia.\n\n<p>Questo complesso storico \u00e8 stato costruito con una muratura a bugnato irregolare, ad eccezione degli angoli e delle aperture. La Casa Rivero \u00e8 separata in due parti, entrambe unite da un vicolo. Nella parte principale si trovano le cucine, le cantine e la cappella del palazzo.\n\t\t\t\t\t\t\t\t\t<\/div>\n\t\t\t\t\t\t\t\t\t<img decoding=\"async\" src=\"https:\/\/cdn.pilgrim.es\/web\/caminos\/camino-norte\/pueblos\/llanes\/puntos-de-interes\/casa-de-rivero.jpg\" alt=\"Casa de Rivero\">\n\t\t\t\t\t\t\t\t<\/div>\n\t\t\t\t\t\t\t<\/div>\n\t\t\t\t\t\t\n\t\t\t\t\t\t\t<div class=\"accordion__accordion-content inactive\">\n\t\t\t\t\t\t\t\t<div>\n\t\t\t\t\t\t\t\t\t<div>\n\t\t\t\t\t\t\t\t\t\t<h4>Casino<\/h4>\n\t\t\t\t\t\t\t\t\t\t<p>Il Casin\u00f2 di Llanes fu costruito nel 1909 da Juan \u00c1lvarez Mendoza ed \u00e8 attualmente considerato uno degli edifici pi\u00f9 emblematici della citt\u00e0. Questo edificio colorato \u00e8 affiancato da una torre medievale e dal municipio. <\/p>\n\n<p>Oggi questo edificio \u00e8 utilizzato per attivit\u00e0 ricreative e di svago. <\/p>\n\n<p>INFORMAZIONI DI INTERESSE<\/p> <p>Informazioni di interesse<\/p> <p>Informazioni di interesse\n\n<p>Telefono: 985 403 329<\/p> <p>Telefono: 985 403 329<\/p>\n\t\t\t\t\t\t\t\t\t<\/div>\n\t\t\t\t\t\t\t\t\t<img decoding=\"async\" src=\"https:\/\/cdn.pilgrim.es\/web\/caminos\/camino-norte\/pueblos\/llanes\/puntos-de-interes\/casino.jpg\" alt=\"Casino\">\n\t\t\t\t\t\t\t\t<\/div>\n\t\t\t\t\t\t\t<\/div>\n\t\t\t\t\t\t\n\t\t\t\t\t\t\t<div class=\"accordion__accordion-content inactive\">\n\t\t\t\t\t\t\t\t<div>\n\t\t\t\t\t\t\t\t\t<div>\n\t\t\t\t\t\t\t\t\t\t<h4>Convento de las monjas Agustinas Recoletas<\/h4>\n\t\t\t\t\t\t\t\t\t\t<p>Il convento delle Monache Agostiniane Recollette fu costruito fuori dalla citt\u00e0 di Llanes. A met\u00e0 della costruzione, intorno al 1666, l&#8217;architetto che lo aveva progettato mor\u00ec e i lavori dovettero essere ampliati.<\/p> <p>Il convento fu costruito fuori dalle mura della citt\u00e0 di Llanes.\n\n<p>Una volta terminati i lavori, fu utilizzato per vari scopi: all&#8217;inizio del XIX secolo fu occupato dalle truppe francesi e, dopo il disimpegno, l&#8217;edificio ospit\u00f2 il Collegio Encarnaci\u00f3n, attraverso il quale passarono molti personaggi illustri di Llanes.\n\t\t\t\t\t\t\t\t\t<\/div>\n\t\t\t\t\t\t\t\t\t<img decoding=\"async\" src=\"https:\/\/cdn.pilgrim.es\/web\/caminos\/camino-norte\/pueblos\/llanes\/puntos-de-interes\/convento-de-las-monjas-agustinas-recoletas.jpg\" alt=\"Convento de las monjas Agustinas Recoletas\">\n\t\t\t\t\t\t\t\t<\/div>\n\t\t\t\t\t\t\t<\/div>\n\t\t\t\t\t\t\n\t\t\t\t\t\t\t<div class=\"accordion__accordion-content inactive\">\n\t\t\t\t\t\t\t\t<div>\n\t\t\t\t\t\t\t\t\t<div>\n\t\t\t\t\t\t\t\t\t\t<h4>Cueva Bolado<\/h4>\n\t\t\t\t\t\t\t\t\t\t<p>La Grotta del Bolado \u00e8 una grotta di facile accesso e con un percorso semplice che presenta una grande variet\u00e0 di cristalli. All&#8217;interno della grotta, oltre ai cristalli, si trovano anche pitture di interesse archeologico, come il disegno di un toro.\n\t\t\t\t\t\t\t\t\t<\/div>\n\t\t\t\t\t\t\t\t\t<img decoding=\"async\" src=\"https:\/\/cdn.pilgrim.es\/web\/caminos\/camino-norte\/pueblos\/llanes\/puntos-de-interes\/cueva-bolado.jpg\" alt=\"Cueva Bolado\">\n\t\t\t\t\t\t\t\t<\/div>\n\t\t\t\t\t\t\t<\/div>\n\t\t\t\t\t\t\n\t\t\t\t\t\t\t<div class=\"accordion__accordion-content inactive\">\n\t\t\t\t\t\t\t\t<div>\n\t\t\t\t\t\t\t\t\t<div>\n\t\t\t\t\t\t\t\t\t\t<h4>Puerto Pesquero<\/h4>\n\t\t\t\t\t\t\t\t\t\t<p>Il porto di pesca e la marina di Llanes sono stati costruiti nel 1991 con l&#8217;intento di riunire il settore della pesca e quello turistico nella stessa area portuale. A questo scopo \u00e8 stato costruito il nuovo frangiflutti, affiancato da due grandi blocchi di cemento, che lo proteggono dalle diverse condizioni meteorologiche durante tutto l&#8217;anno.\n\n<p>La larghezza del porto varia tra i 35 e i 65 metri, mentre il punto pi\u00f9 stretto \u00e8 di 8 metri. <\/p>\n\t\t\t\t\t\t\t\t\t<\/div>\n\t\t\t\t\t\t\t\t\t<img decoding=\"async\" src=\"https:\/\/cdn.pilgrim.es\/web\/caminos\/camino-norte\/pueblos\/llanes\/puntos-de-interes\/puerto-pesquero.jpg\" alt=\"Puerto Pesquero\">\n\t\t\t\t\t\t\t\t<\/div>\n\t\t\t\t\t\t\t<\/div>\n\t\t\t\t\t\t\n\t\t\t\t\t\t\t<div class=\"accordion__accordion-content inactive\">\n\t\t\t\t\t\t\t\t<div>\n\t\t\t\t\t\t\t\t\t<div>\n\t\t\t\t\t\t\t\t\t\t<h4>Ermita de Cristo del Camino<\/h4>\n\t\t\t\t\t\t\t\t\t\t<p>La Cappella del Cristo del Camino si trova al centro del Cammino di Santiago che attraversa la citt\u00e0 di Llanes, come suggerisce il nome. Fu costruita nel 1595 da Pedro S\u00e1nchez de Llanes, anche se fu poi ricostruita dopo aver subito diversi incendi. Questo piccolo eremo \u00e8 attualmente in disuso, ma \u00e8 un luogo popolare per i pellegrini e i visitatori che vogliono rilassarsi nei dintorni.\n\t\t\t\t\t\t\t\t\t<\/div>\n\t\t\t\t\t\t\t\t\t<img decoding=\"async\" src=\"https:\/\/cdn.pilgrim.es\/web\/caminos\/camino-norte\/pueblos\/llanes\/puntos-de-interes\/ermita-de-cristo-del-camino.jpg\" alt=\"Ermita de Cristo del Camino\">\n\t\t\t\t\t\t\t\t<\/div>\n\t\t\t\t\t\t\t<\/div>\n\t\t\t\t\t\t\n\t\t\t\t\t\t\t<div class=\"accordion__accordion-content inactive\">\n\t\t\t\t\t\t\t\t<div>\n\t\t\t\t\t\t\t\t\t<div>\n\t\t\t\t\t\t\t\t\t\t<h4>Faro<\/h4>\n\t\t\t\t\t\t\t\t\t\t<p>Il faro di Llanes si trova sulla Punta de San Ant\u00f3n dalla fine del XIX secolo, anche se fu elettrificato solo nel 1920. La sua struttura \u00e8 di forma ottagonale e si distingue per il suo colore bianco, visibile da lontano.\n\n<p>Accanto ad esso si trova la caratteristica casa del faro. Da qui si gode di una meravigliosa vista sulla spiaggia urbana di Puerto Chico.<\/p> <p>La casa del faro si trova accanto al faro.\n\n<p>INFORMAZIONI DI INTERESSE<\/p> <p>Informazioni di interesse<\/p> <p>Informazioni di interesse\n\n<p>Telefono: 985 400 222<\/p> <p>Telefono: 985 400 222<\/p>\n\t\t\t\t\t\t\t\t\t<\/div>\n\t\t\t\t\t\t\t\t\t<img decoding=\"async\" src=\"https:\/\/cdn.pilgrim.es\/web\/caminos\/camino-norte\/pueblos\/llanes\/puntos-de-interes\/faro.jpg\" alt=\"Faro\">\n\t\t\t\t\t\t\t\t<\/div>\n\t\t\t\t\t\t\t<\/div>\n\t\t\t\t\t\t\n\t\t\t\t\t\t\t<div class=\"accordion__accordion-content inactive\">\n\t\t\t\t\t\t\t\t<div>\n\t\t\t\t\t\t\t\t\t<div>\n\t\t\t\t\t\t\t\t\t\t<h4>Casa de la Cultura<\/h4>\n\t\t\t\t\t\t\t\t\t\t<p>L&#8217;attuale Casa della Cultura di Llanes era la residenza principale del politico Jos\u00e9 Posada Herrera; solo nel 1987 le attivit\u00e0 culturali furono trasferite in questo edificio. Oggi la casa ospita concerti, corsi, laboratori, mostre, ecc. <\/p>\n\t\t\t\t\t\t\t\t\t<\/div>\n\t\t\t\t\t\t\t\t\t<img decoding=\"async\" src=\"https:\/\/cdn.pilgrim.es\/web\/caminos\/camino-norte\/pueblos\/llanes\/puntos-de-interes\/casa-de-la-cultura.jpg\" alt=\"Casa de la Cultura\">\n\t\t\t\t\t\t\t\t<\/div>\n\t\t\t\t\t\t\t<\/div>\n\t\t\t\t\t\t\n\t\t\t\t\t\t\t<div class=\"accordion__accordion-content inactive\">\n\t\t\t\t\t\t\t\t<div>\n\t\t\t\t\t\t\t\t\t<div>\n\t\t\t\t\t\t\t\t\t\t<h4>La Rula<\/h4>\n\t\t\t\t\t\t\t\t\t\t<p>La Rula \u00e8 un sistema di aste di pesce in cui i prezzi vengono intonati a un prezzo basso e il primo che fa un&#8217;offerta se la aggiudica. Per le sue dimensioni, la Rula \u00e8 il nome dato all&#8217;edificio che occupa il mercato del pesce di Llanes, situato nel cuore del porto peschereccio e considerato il pi\u00f9 importante punto di vendita e distribuzione del pesce nella parte orientale delle Asturie. Da questo edificio si godono viste impressionanti.\n\n<p>Attualmente, all&#8217;interno delle strutture dell&#8217;antico mercato del pesce si trova l&#8217;ufficio turistico della citt\u00e0.\n\n<p>Orologi<\/p>\n\n<p>Tutti i giorni dalle 10:00 alle 14:00 e dalle 16:00 alle 20:00<\/p> <p>Tutti i giorni dalle 10:00 alle 14:00 e dalle 16:00 alle 20:00<\/p>\n\n<p>INFORMAZIONI DI INTERESSE<\/p>\n\n<p>Telefono: 985 400 164<\/p>\n\t\t\t\t\t\t\t\t\t<\/div>\n\t\t\t\t\t\t\t\t\t<img decoding=\"async\" src=\"https:\/\/cdn.pilgrim.es\/web\/caminos\/camino-norte\/pueblos\/llanes\/puntos-de-interes\/la-rula.jpg\" alt=\"La Rula\">\n\t\t\t\t\t\t\t\t<\/div>\n\t\t\t\t\t\t\t<\/div>\n\t\t\t\t\t\t\n\t\t\t\t\t\t\t<div class=\"accordion__accordion-content inactive\">\n\t\t\t\t\t\t\t\t<div>\n\t\t\t\t\t\t\t\t\t<div>\n\t\t\t\t\t\t\t\t\t\t<h4>Monasterio de San Salvador<\/h4>\n\t\t\t\t\t\t\t\t\t\t<p> Del monastero di San Salvador de Celorio non rimane quasi nulla. Tuttavia, aveva una targa commemorativa che ricordava Alfonso Su\u00e1rez e sua moglie Cristilde come fondatori del monastero nel 1107. <\/p>\n\n<p>Oggi sono visibili solo i resti medievali della torre del presbiterio e di una porta ai piedi della chiesa, risalenti alla seconda met\u00e0 del XII secolo e al XIII secolo. La torre del presbiterio \u00e8 a pianta quadrata, mentre il portale presenta segni tipici dello stile tardo romanico.\n\t\t\t\t\t\t\t\t\t<\/div>\n\t\t\t\t\t\t\t\t\t<img decoding=\"async\" src=\"https:\/\/cdn.pilgrim.es\/web\/caminos\/camino-norte\/pueblos\/llanes\/puntos-de-interes\/monasterio-de-san-salvador.jpg\" alt=\"Monasterio de San Salvador\">\n\t\t\t\t\t\t\t\t<\/div>\n\t\t\t\t\t\t\t<\/div>\n\t\t\t\t\t\t\n\t\t\t\t\t\t\t<div class=\"accordion__accordion-content inactive\">\n\t\t\t\t\t\t\t\t<div>\n\t\t\t\t\t\t\t\t\t<div>\n\t\t\t\t\t\t\t\t\t\t<h4>Monumento de Egidio Gavito Bustamante<\/h4>\n\t\t\t\t\t\t\t\t\t\t<p>Il Monumento a Egidio Gavito Bustamante \u00e8 un&#8217;opera scultorea inaugurata nel 1911 nella citt\u00e0 di Poo. Il basamento su cui poggia la statua \u00e8 opera dell&#8217;architetto Manuel del Busto. <\/p>\n\n<p>L&#8217;opera, fusa in bronzo, fu realizzata dallo scultore Sebasti\u00e1n Miranda, dimostrando cos\u00ec il suo stile, che sar\u00e0 presente per tutta la sua carriera.\n\n<p>Gavito, ex sindaco di Llanes e filantropo, \u00e8 seduto in una posizione rilassata, che trasmette al visitatore un senso di emozione e vicinanza.\n\t\t\t\t\t\t\t\t\t<\/div>\n\t\t\t\t\t\t\t\t\t<img decoding=\"async\" src=\"https:\/\/cdn.pilgrim.es\/web\/caminos\/camino-norte\/pueblos\/llanes\/puntos-de-interes\/monumento-de-egidio-gavito-bustamante.jpg\" alt=\"Monumento de Egidio Gavito Bustamante\">\n\t\t\t\t\t\t\t\t<\/div>\n\t\t\t\t\t\t\t<\/div>\n\t\t\t\t\t\t\n\t\t\t\t\t\t\t<div class=\"accordion__accordion-content inactive\">\n\t\t\t\t\t\t\t\t<div>\n\t\t\t\t\t\t\t\t\t<div>\n\t\t\t\t\t\t\t\t\t\t<h4>Muralla de Llanes<\/h4>\n\t\t\t\t\t\t\t\t\t\t<p>La cinta muraria di Llanes, in stile medievale, inizi\u00f2 a essere costruita nel 1270 e i lavori proseguirono fino al XV secolo, per poi essere ristrutturata in numerose occasioni.<\/p> <p>La cinta muraria fu costruita nel XV secolo e successivamente ristrutturata in numerose occasioni.\n\n<p>Sono stati conservati circa trecento metri del lato nord delle mura e la torre sul lato sud, dove si trova l&#8217;Ufficio del Turismo della citt\u00e0. Quello che si \u00e8 conservato non \u00e8 un terzo di quello che copriva in origine, pari a 900 metri quadrati con una larghezza del muro di un metro e mezzo.\n\t\t\t\t\t\t\t\t\t<\/div>\n\t\t\t\t\t\t\t\t\t<img decoding=\"async\" src=\"https:\/\/cdn.pilgrim.es\/web\/caminos\/camino-norte\/pueblos\/llanes\/puntos-de-interes\/muralla-de-llanes.jpg\" alt=\"Muralla de Llanes\">\n\t\t\t\t\t\t\t\t<\/div>\n\t\t\t\t\t\t\t<\/div>\n\t\t\t\t\t\t\n\t\t\t\t\t\t\t<div class=\"accordion__accordion-content inactive\">\n\t\t\t\t\t\t\t\t<div>\n\t\t\t\t\t\t\t\t\t<div>\n\t\t\t\t\t\t\t\t\t\t<h4>Palacete del Conde de la Vega del Sella<\/h4>\n\t\t\t\t\t\t\t\t\t\t<p>Il palazzo del conte di Vega del Sella fu costruito tra il XVII e il XVIII secolo, anche se sub\u00ec alcuni rimaneggiamenti nei duecento anni successivi. Della costruzione originaria \u00e8 ancora visibile la torre della famiglia Aguilar de San Jorge, di cui si conservano le mura di origine medievale.\n\n<p>La facciata del palazzo ha un semplice aspetto modernista, dovuto alla disposizione simmetrica delle sue aperture. Sulla facciata sono visibili gli emblemi della casata, che contemplano un&#8217;aquila bicipite coronata, che corrisponde alle armi del Duca, da quando Fern\u00e1n Duque de Estrada Equino ottenne il titolo di Conte di Vega del Sella nel 1647; il pi\u00f9 famoso tra i detentori del titolo fu suo figlio Ricardo Duque de Estrada y Mart\u00ednez de Moren (1870-1941).<\/p> <p>\n\t\t\t\t\t\t\t\t\t<\/div>\n\t\t\t\t\t\t\t\t\t<img decoding=\"async\" src=\"https:\/\/cdn.pilgrim.es\/web\/caminos\/camino-norte\/pueblos\/llanes\/puntos-de-interes\/palacete-del-conde-de-la-vega-del-sella.jpg\" alt=\"Palacete del Conde de la Vega del Sella\">\n\t\t\t\t\t\t\t\t<\/div>\n\t\t\t\t\t\t\t<\/div>\n\t\t\t\t\t\t\n\t\t\t\t\t\t\t<div class=\"accordion__accordion-content inactive\">\n\t\t\t\t\t\t\t\t<div>\n\t\t\t\t\t\t\t\t\t<div>\n\t\t\t\t\t\t\t\t\t\t<h4>Palacio de los Duques de Estrada<\/h4>\n\t\t\t\t\t\t\t\t\t\t<p>Il Palazzo dei Duchi di Estrada fu di propriet\u00e0 dei Duchi di Estrada fino a quando non fu lasciato vuoto nel XIX secolo. L&#8217;attuale stato di abbandono dell&#8217;edificio \u00e8 dovuto agli attacchi subiti durante l&#8217;invasione napoleonica, sotto il comando del generale Bonet, nel 1809.\n\n<p>Le facciate dell&#8217;edificio sono apparentemente molto diverse, poich\u00e9 mentre la facciata principale \u00e8 esageratamente austera, la facciata est \u00e8 decorata con archi. Un elemento architettonico degno di nota sulla facciata sud dell&#8217;edificio \u00e8 il portico laterale.  <\/p>\n\t\t\t\t\t\t\t\t\t<\/div>\n\t\t\t\t\t\t\t\t\t<img decoding=\"async\" src=\"https:\/\/cdn.pilgrim.es\/web\/caminos\/camino-norte\/pueblos\/llanes\/puntos-de-interes\/palacio-de-los-duques-de-estrada.jpg\" alt=\"Palacio de los Duques de Estrada\">\n\t\t\t\t\t\t\t\t<\/div>\n\t\t\t\t\t\t\t<\/div>\n\t\t\t\t\t\t\n\t\t\t\t\t\t\t<div class=\"accordion__accordion-content inactive\">\n\t\t\t\t\t\t\t\t<div>\n\t\t\t\t\t\t\t\t\t<div>\n\t\t\t\t\t\t\t\t\t\t<h4>Torrexo\u0301n de la Posada<\/h4>\n\t\t\t\t\t\t\t\t\t\t<p>Il Torrex\u00f3n de la Posada si trova nella tenuta dove sorge il palazzo della famiglia Posada Cort\u00e9s. Si tratta di una casa-fortezza costruita tra il XIV e il XV secolo, con una pianta rettangolare e un arco semicircolare come accesso all&#8217;interno. Alcuni autori suggeriscono che il Torrex\u00f3n sia un appezzamento di terreno che originariamente apparteneva alla famiglia Posada. <\/p>\n\n<p>I lati dell&#8217;edificio sono molto compatti, con il lato nord che presenta il maggior numero di aperture; al piano superiore del lato nord si trovano tre aperture gotiche, chiuse in alto da archi a sesto acuto.<\/p> <p>Il Torrex\u00f3n presenta un gran numero di aperture.\n\t\t\t\t\t\t\t\t\t<\/div>\n\t\t\t\t\t\t\t\t\t<img decoding=\"async\" src=\"https:\/\/cdn.pilgrim.es\/web\/caminos\/camino-norte\/pueblos\/llanes\/puntos-de-interes\/torrexon-de-la-posada.jpg\" alt=\"Torrexo\u0301n de la Posada\">\n\t\t\t\t\t\t\t\t<\/div>\n\t\t\t\t\t\t\t<\/div>\n\t\t\t\t\t\t\n\t\t\t\t\t<\/div>\n\t\t\t\t<\/div>\n\t\t\t<\/div>\n\t\t\n\n\t\t<div id=\"phonesSection\">\n\t\t\t<div>\n\t\t\t\t<h2 class=\"p-h3-town\">Informazioni di interesse<\/h2>\n\t\t\t<\/div>\n\t\t\t<div class=\"grid\">\n\t\t\t\t\n\t\t\t\t\t<div class=\"phone-number-item\">\n\t\t\t\t\t\t<div class=\"phone-number-item__icon\"><i class=\"icon-police\"><\/i><\/div>\n\t\t\t\t\t\t<div class=\"phone-number-item__title\">\n\t\t\t\t\t\t\t<h3 class=\"p-font-bold\">Polizia locale<\/h3>\n\t\t\t\t\t\t\t<p>985 401 887<\/p>\n\t\t\t\t\t\t\t\n\t\t\t\t\t\t<\/div>\n\t\t\t\t\t<\/div>\n\t\t\t\t\n\t\t\t\t\t<div class=\"phone-number-item\">\n\t\t\t\t\t\t<div class=\"phone-number-item__icon\"><i class=\"icon-spanish-military-police\"><\/i><\/div>\n\t\t\t\t\t\t<div class=\"phone-number-item__title\">\n\t\t\t\t\t\t\t<h3 class=\"p-font-bold\">Guardia civile<\/h3>\n\t\t\t\t\t\t\t<p>985 400 070<\/p>\n\t\t\t\t\t\t\t\n\t\t\t\t\t\t<\/div>\n\t\t\t\t\t<\/div>\n\t\t\t\t\n\t\t\t\t\t<div class=\"phone-number-item\">\n\t\t\t\t\t\t<div class=\"phone-number-item__icon\"><i class=\"icon-firefighters\"><\/i><\/div>\n\t\t\t\t\t\t<div class=\"phone-number-item__title\">\n\t\t\t\t\t\t\t<h3 class=\"p-font-bold\">Vigili del fuoco<\/h3>\n\t\t\t\t\t\t\t<p>985 400 513<\/p>\n\t\t\t\t\t\t\t\n\t\t\t\t\t\t<\/div>\n\t\t\t\t\t<\/div>\n\t\t\t\t\n\t\t\t\t\t<div class=\"phone-number-item\">\n\t\t\t\t\t\t<div class=\"phone-number-item__icon\"><i class=\"icon-civil-protection\"><\/i><\/div>\n\t\t\t\t\t\t<div class=\"phone-number-item__title\">\n\t\t\t\t\t\t\t<h3 class=\"p-font-bold\">Protezione civile<\/h3>\n\t\t\t\t\t\t\t<p>649 395 899<\/p>\n\t\t\t\t\t\t\t\n\t\t\t\t\t\t<\/div>\n\t\t\t\t\t<\/div>\n\t\t\t\t\n\t\t\t\t\t<div class=\"phone-number-item\">\n\t\t\t\t\t\t<div class=\"phone-number-item__icon\"><i class=\"icon-town-council\"><\/i><\/div>\n\t\t\t\t\t\t<div class=\"phone-number-item__title\">\n\t\t\t\t\t\t\t<h3 class=\"p-font-bold\">Municipio<\/h3>\n\t\t\t\t\t\t\t<p>985 400 102<\/p>\n\t\t\t\t\t\t\t\n\t\t\t\t\t\t<\/div>\n\t\t\t\t\t<\/div>\n\t\t\t\t\n\t\t\t\t\t<div class=\"phone-number-item\">\n\t\t\t\t\t\t<div class=\"phone-number-item__icon\"><i class=\"icon-hospital\"><\/i><\/div>\n\t\t\t\t\t\t<div class=\"phone-number-item__title\">\n\t\t\t\t\t\t\t<h3 class=\"p-font-bold\">Centro sanitario<\/h3>\n\t\t\t\t\t\t\t<p>985 403 615<\/p>\n\t\t\t\t\t\t\t\n\t\t\t\t\t\t<\/div>\n\t\t\t\t\t<\/div>\n\t\t\t\t\n\t\t\t\t\t<div class=\"phone-number-item\">\n\t\t\t\t\t\t<div class=\"phone-number-item__icon\"><i class=\"icon-tourism\"><\/i><\/div>\n\t\t\t\t\t\t<div class=\"phone-number-item__title\">\n\t\t\t\t\t\t\t<h3 class=\"p-font-bold\">Ufficio turistico<\/h3>\n\t\t\t\t\t\t\t<p>985 400 164<\/p>\n\t\t\t\t\t\t\t\n\t\t\t\t\t\t\t\t<p>Antigua Lonja, Marqu\u00e9s de Canillejas, 1<\/p>\n\t\t\t\t\t\t\t\n\t\t\t\t\t\t<\/div>\n\t\t\t\t\t<\/div>\n\t\t\t\t\n\t\t\t<\/div>\n\t\t<\/div>\n\n\t\t<div id=\"clientForm\">\n        <section>\n        <img decoding=\"async\" src=\"https:\/\/cdn.pilgrim.es\/web\/home\/email-contacto.png\" alt=\"contacto\">\n        <div>\n            <p>Ti inviamo la tua pianificazione<\/p>\n            <p>Forniscici i tuoi dati e ricevi la pianificazione del tuo viaggio via email <\/p>\n            <form method=\"post\" data-url=\"\/wp-admin\/admin-ajax.php\" id=\"planner--client\" class=\"flag-right form-client\">\n    <div class=\"form-data\">\n        <input name=\"form_id\" type=\"hidden\" value=\"Formulario Leads\">\n        <input name=\"type\" type=\"hidden\" value=\"planner_client\">\n        <input type=\"text\" name=\"nombre\" value=\"\" size=\"40\" class=\"form-control\" aria-required=\"true\" aria-invalid=\"false\" placeholder=\"Nome\">\n        <input type=\"email\" name=\"email\" value=\"\" size=\"40\" class=\"form-control\" aria-required=\"true\" aria-invalid=\"false\" placeholder=\"Mail\">\n        <input type=\"text\" id=\"phone-input\" name=\"tel\" value=\"\" size=\"40\" class=\"phone-input form-control\" aria-required=\"true\" aria-invalid=\"false\" placeholder=\"Telefono\">\n        <input type=\"hidden\" name=\"telefono\">\n    <\/div>\n    <div class=\"form-checkbox\">\n        <span>\n            Pilgrim Travel. S.L. informa, come previsto dal Regolamento 2016\/679, che i dati utilizzati in questo modulo verranno utilizzati sia per la risposta delle eventuali consultazioni sia per la pub-blicazione dei commenti, essendo il consenso dell'utente la base di legittimazione. Potranno esse-re esercitati i diritti in conformit\u00e0 con quanto stabilito dalla nostra             <a href=\"https:\/\/www.pilgrim.es\/it\/informativa-sulla-privacy\/\" target=\"_blank\" rel=\"noopener noreferrer nofollow\">Politica di privacy.<\/a>\n        <\/span>\n    <\/div>\n\n    <div class=\"form-submit\">\n        <button id=\"planner--client-create\" type=\"submit\">Formulario di contatto<\/button>\n        <div class=\"loadingDiv\"><i class=\"p-spinner\"><\/i><\/div>\n    <\/div>\n\n    <div class=\"contact-content-form-success\">\n        <p><i class=\"fas fa-check\"><\/i> Il modulo \u00e8 stato inviato correttamente<\/p>\n    <\/div>\n\n    <div class=\"contact-content-form-error\">\n        <span class=\"input-error\"><\/span>\n    <\/div>\n<\/form>        <\/div>\n    <\/section>\n<\/div>\n\n\t\t<div id=\"recomendationSection\">\n\t\t\t<div>\n\t\t\t\t<h2 class=\"p-h2-town\">Consigliato<\/h2>\n\t\t\t\t<hr>\n\t\t\t\t<h3 class=\"p-h3-town\">Gastronomia<\/h3>\n\t\t\t<\/div>\n\t\t\tLa gastronomia di Llanes \u00e8 influenzata dai prodotti del mare, come andarici, granseole, gamberoni, aragoste, triglie, scorfani, rane pescatrici, orate, spigole, bonito, acciughe, calamari e alici. Tutti questi pesci sono tradizionalmente serviti alla griglia o al forno, cos\u00ec come in stufati o zuppe di pesce.\n\nAltri prodotti locali di spicco sono le verdine e i fagioli, tra gli altri, e le ricette pi\u00f9 tradizionali sono la famosa fabada asturiana, il compango stufato con carne o frutti di mare, le tortos con formaggio cabrales o uova fritte, la borona pre\u00f1ada ripiena di chorizo, le costine o qualsiasi altra cosa vi venga in mente.\n\nPer quanto riguarda la carne, spiccano il cinghiale, il capriolo, la pecora e la capra. Non dimenticate di mangiare sempre con un buon sidro asturiano.\n\nI dolci tradizionali della citt\u00e0 includono frixuelos, casadielles, budino di riso, gelato di Pe\u00f1asanta, millefoglie di noci o nocciole e cioccolatini di Llanes.\n\t\t<\/div>\n\n\n\t\t\n\t\t\t<div id=\"holidaysSection\">\n\t\t\t\t<div>\n\t\t\t\t\t<h2 class=\"p-h2-town\">Consigliato<\/h2>\n\t\t\t\t\t<hr>\n\t\t\t\t\t<h3 class=\"p-h3-town\">Festival e pellegrinaggi<\/h3>\n\t\t\t\t<\/div>\n\t\t\t\t<div class=\"grid holidays-grid\">\n\t\t\t\t\t\n\t\t\t\t\t\t<div>\n\t\t\t\t\t\t\t<div class=\"phone-number-item\">\n\t\t\t\t\t\t\t\t<div class=\"phone-number-item__icon\"><i class=\"icon-holiday\"><\/i><\/div>\n\t\t\t\t\t\t\t\t<div class=\"phone-number-item__title dark-text\">\n\t\t\t\t\t\t\t\t\t<p class=\"p-font-bold\">Vacanza locale<\/p>\n\t\t\t\t\t\t\t\t\t<p>Agosto: Fiesta de San Roque<\/p>\n\t\t\t\t\t\t\t\t<\/div>\n\t\t\t\t\t\t\t<\/div>\n\t\t\t\t\t\t<\/div>\n\t\t\t\t\t\n\t\t\t\t\t\t<div>\n\t\t\t\t\t\t\t<div class=\"phone-number-item\">\n\t\t\t\t\t\t\t\t<div class=\"phone-number-item__icon\"><i class=\"icon-holiday\"><\/i><\/div>\n\t\t\t\t\t\t\t\t<div class=\"phone-number-item__title dark-text\">\n\t\t\t\t\t\t\t\t\t<p class=\"p-font-bold\">Vacanza locale<\/p>\n\t\t\t\t\t\t\t\t\t<p>Septiembre: Fiesta de la Gu\u00eda.<\/p>\n\t\t\t\t\t\t\t\t<\/div>\n\t\t\t\t\t\t\t<\/div>\n\t\t\t\t\t\t<\/div>\n\t\t\t\t\t\n\t\t\t\t\t\t<div>\n\t\t\t\t\t\t\t<div class=\"phone-number-item\">\n\t\t\t\t\t\t\t\t<div class=\"phone-number-item__icon\"><i class=\"icon-holiday\"><\/i><\/div>\n\t\t\t\t\t\t\t\t<div class=\"phone-number-item__title dark-text\">\n\t\t\t\t\t\t\t\t\t<p class=\"p-font-bold\">Vacanza locale<\/p>\n\t\t\t\t\t\t\t\t\t<p>26 de julio: Fiesta de Santa Ana<\/p>\n\t\t\t\t\t\t\t\t<\/div>\n\t\t\t\t\t\t\t<\/div>\n\t\t\t\t\t\t<\/div>\n\t\t\t\t\t\n\t\t\t\t\t\t<div>\n\t\t\t\t\t\t\t<div class=\"phone-number-item\">\n\t\t\t\t\t\t\t\t<div class=\"phone-number-item__icon\"><i class=\"icon-holiday\"><\/i><\/div>\n\t\t\t\t\t\t\t\t<div class=\"phone-number-item__title dark-text\">\n\t\t\t\t\t\t\t\t\t<p class=\"p-font-bold\">Vacanza locale<\/p>\n\t\t\t\t\t\t\t\t\t<p>24 de junio: San Juan<\/p>\n\t\t\t\t\t\t\t\t<\/div>\n\t\t\t\t\t\t\t<\/div>\n\t\t\t\t\t\t<\/div>\n\t\t\t\t\t\n\t\t\t\t\t\t<div>\n\t\t\t\t\t\t\t<div class=\"phone-number-item\">\n\t\t\t\t\t\t\t\t<div class=\"phone-number-item__icon\"><i class=\"icon-holiday\"><\/i><\/div>\n\t\t\t\t\t\t\t\t<div class=\"phone-number-item__title dark-text\">\n\t\t\t\t\t\t\t\t\t<p class=\"p-font-bold\">Vacanza locale<\/p>\n\t\t\t\t\t\t\t\t\t<p>La tercera semana de agosto: Noche de Brujas<\/p>\n\t\t\t\t\t\t\t\t<\/div>\n\t\t\t\t\t\t\t<\/div>\n\t\t\t\t\t\t<\/div>\n\t\t\t\t\t\n\t\t\t\t\t\t<div>\n\t\t\t\t\t\t\t<div class=\"phone-number-item\">\n\t\t\t\t\t\t\t\t<div class=\"phone-number-item__icon\"><i class=\"icon-holiday\"><\/i><\/div>\n\t\t\t\t\t\t\t\t<div class=\"phone-number-item__title dark-text\">\n\t\t\t\t\t\t\t\t\t<p class=\"p-font-bold\">Vacanza locale<\/p>\n\t\t\t\t\t\t\t\t\t<p>15 de agosto: Fiesta de Nuestra Se\u00f1ora del Conseyu<\/p>\n\t\t\t\t\t\t\t\t<\/div>\n\t\t\t\t\t\t\t<\/div>\n\t\t\t\t\t\t<\/div>\n\t\t\t\t\t\n\t\t\t\t\t\t<div>\n\t\t\t\t\t\t\t<div class=\"phone-number-item\">\n\t\t\t\t\t\t\t\t<div class=\"phone-number-item__icon\"><i class=\"icon-holiday\"><\/i><\/div>\n\t\t\t\t\t\t\t\t<div class=\"phone-number-item__title dark-text\">\n\t\t\t\t\t\t\t\t\t<p class=\"p-font-bold\">Vacanza locale<\/p>\n\t\t\t\t\t\t\t\t\t<p>Julio: Fiesta de la Magdalena<\/p>\n\t\t\t\t\t\t\t\t<\/div>\n\t\t\t\t\t\t\t<\/div>\n\t\t\t\t\t\t<\/div>\n\t\t\t\t\t\n\t\t\t\t<\/div>\n\t\t\t<\/div>\n\t\t\n\t<\/div>\n<\/section>\n\n<div id=\"stage_list_section\"><div class=\"stage-list\">\n    <div class='stage-list__map-card'>\n        <div class='stage-list__map-card__map'>\n            <div class='stage-list__map-card__map__text'>\n                <h2> Pages <\/h2>\n                <p> A piedi<\/p>\n                <p> 0tappe<\/p>\n            <\/div>\n            <div class='stage-list__map-card__map__img'>\n                <img decoding=\"async\" src=\"\" alt=\" mapa \" \/>\n            <\/div>\n        <\/div>\n    <\/div>\n\n    <\/div>\n<\/div> ","protected":false},"excerpt":{"rendered":"<p>Llanes &#8249; Ritorno al palcoscenico Llanes Abitanti: 13.960 aprox. Provincia: Asturias Informazioni Get to know Llanes La citt\u00e0 di Llanes \u00e8 un tipico villaggio di pescatori, anche se oggi vive in gran parte di turismo. Grazie al fatto che il mare penetra in molte zone della citt\u00e0, formando paesaggi idilliaci in ogni angolo, la citt\u00e0 &hellip; <\/p>\n<p class=\"read_more\"><a href=\"https:\/\/www.pilgrim.es\/it\/cammino-nord\/llanes\/\">Leer m\u00e1s<\/a><\/p>\n","protected":false},"author":0,"featured_media":6115,"parent":10817,"menu_order":0,"comment_status":"closed","ping_status":"closed","template":"views\/template-new-web-design.blade.php","meta":{"footnotes":""},"categories":[],"tags":[],"class_list":["post-91288","page","type-page","status-publish","has-post-thumbnail","hentry"],"yoast_head":"<!-- This site is optimized with the Yoast SEO plugin v27.4 - https:\/\/yoast.com\/product\/yoast-seo-wordpress\/ -->\n<title>Llanes: Cosa vedere e dove dormire | Cammino di Santiago | Pilgrim<\/title>\n<meta name=\"description\" content=\"Llanes Scopri tutte le informazioni su dove alloggiare, come arrivare, cosa mangiare e sui principali punti di interesse delle localit\u00e0 lungo il Cammino del Nord.\" \/>\n<meta name=\"robots\" content=\"index, follow, max-snippet:-1, max-image-preview:large, max-video-preview:-1\" \/>\n<link rel=\"canonical\" href=\"https:\/\/www.pilgrim.es\/it\/cammino-nord\/llanes\/\" \/>\n<meta property=\"og:locale\" content=\"it_IT\" \/>\n<meta property=\"og:type\" content=\"article\" \/>\n<meta property=\"og:title\" content=\"Llanes: Cosa vedere e dove dormire | Cammino di Santiago | Pilgrim\" \/>\n<meta property=\"og:description\" content=\"Llanes Scopri tutte le informazioni su dove alloggiare, come arrivare, cosa mangiare e sui principali punti di interesse delle localit\u00e0 lungo il Cammino del Nord.\" \/>\n<meta property=\"og:url\" content=\"https:\/\/www.pilgrim.es\/it\/cammino-nord\/llanes\/\" \/>\n<meta property=\"og:site_name\" content=\"Pilgrim\" \/>\n<meta property=\"article:publisher\" content=\"https:\/\/www.facebook.com\/pilgrim.es\/\" \/>\n<meta property=\"og:image\" content=\"https:\/\/www.pilgrim.es\/wp-content\/uploads\/2019\/02\/llanes1.jpg\" \/>\n\t<meta property=\"og:image:width\" content=\"800\" \/>\n\t<meta property=\"og:image:height\" content=\"400\" \/>\n\t<meta property=\"og:image:type\" content=\"image\/jpeg\" \/>\n<meta name=\"twitter:card\" content=\"summary_large_image\" \/>\n<meta name=\"twitter:site\" content=\"@pilgrim_es\" \/>\n<meta name=\"twitter:label1\" content=\"Tempo di lettura stimato\" \/>\n\t<meta name=\"twitter:data1\" content=\"10 minuti\" \/>\n<script type=\"application\/ld+json\" class=\"yoast-schema-graph\">{\"@context\":\"https:\\\/\\\/schema.org\",\"@graph\":[{\"@type\":\"WebPage\",\"@id\":\"https:\\\/\\\/www.pilgrim.es\\\/it\\\/cammino-nord\\\/llanes\\\/\",\"url\":\"https:\\\/\\\/www.pilgrim.es\\\/it\\\/cammino-nord\\\/llanes\\\/\",\"name\":\"Llanes: Cosa vedere e dove dormire | Cammino di Santiago | Pilgrim\",\"isPartOf\":{\"@id\":\"https:\\\/\\\/www.pilgrim.es\\\/it\\\/#website\"},\"primaryImageOfPage\":{\"@id\":\"https:\\\/\\\/www.pilgrim.es\\\/it\\\/cammino-nord\\\/llanes\\\/#primaryimage\"},\"image\":{\"@id\":\"https:\\\/\\\/www.pilgrim.es\\\/it\\\/cammino-nord\\\/llanes\\\/#primaryimage\"},\"thumbnailUrl\":\"https:\\\/\\\/www.pilgrim.es\\\/wp-content\\\/uploads\\\/2019\\\/02\\\/llanes1.jpg\",\"datePublished\":\"2025-03-17T14:50:59+00:00\",\"description\":\"Llanes Scopri tutte le informazioni su dove alloggiare, come arrivare, cosa mangiare e sui principali punti di interesse delle localit\u00e0 lungo il Cammino del Nord.\",\"breadcrumb\":{\"@id\":\"https:\\\/\\\/www.pilgrim.es\\\/it\\\/cammino-nord\\\/llanes\\\/#breadcrumb\"},\"inLanguage\":\"it-IT\",\"potentialAction\":[{\"@type\":\"ReadAction\",\"target\":[\"https:\\\/\\\/www.pilgrim.es\\\/it\\\/cammino-nord\\\/llanes\\\/\"]}]},{\"@type\":\"ImageObject\",\"inLanguage\":\"it-IT\",\"@id\":\"https:\\\/\\\/www.pilgrim.es\\\/it\\\/cammino-nord\\\/llanes\\\/#primaryimage\",\"url\":\"https:\\\/\\\/www.pilgrim.es\\\/wp-content\\\/uploads\\\/2019\\\/02\\\/llanes1.jpg\",\"contentUrl\":\"https:\\\/\\\/www.pilgrim.es\\\/wp-content\\\/uploads\\\/2019\\\/02\\\/llanes1.jpg\",\"width\":800,\"height\":400,\"caption\":\"Llanes\"},{\"@type\":\"BreadcrumbList\",\"@id\":\"https:\\\/\\\/www.pilgrim.es\\\/it\\\/cammino-nord\\\/llanes\\\/#breadcrumb\",\"itemListElement\":[{\"@type\":\"ListItem\",\"position\":1,\"name\":\"Camino de Santiago\",\"item\":\"https:\\\/\\\/www.pilgrim.es\\\/it\\\/\"},{\"@type\":\"ListItem\",\"position\":2,\"name\":\"Cammino del Nord\",\"item\":\"https:\\\/\\\/www.pilgrim.es\\\/it\\\/cammino-nord\\\/\"},{\"@type\":\"ListItem\",\"position\":3,\"name\":\"Llanes\"}]},{\"@type\":\"WebSite\",\"@id\":\"https:\\\/\\\/www.pilgrim.es\\\/it\\\/#website\",\"url\":\"https:\\\/\\\/www.pilgrim.es\\\/it\\\/\",\"name\":\"Pilgrim\",\"description\":\"Camino de Santiago | Caminamos Contigo\",\"publisher\":{\"@id\":\"https:\\\/\\\/www.pilgrim.es\\\/it\\\/#organization\"},\"potentialAction\":[{\"@type\":\"SearchAction\",\"target\":{\"@type\":\"EntryPoint\",\"urlTemplate\":\"https:\\\/\\\/www.pilgrim.es\\\/it\\\/?s={search_term_string}\"},\"query-input\":{\"@type\":\"PropertyValueSpecification\",\"valueRequired\":true,\"valueName\":\"search_term_string\"}}],\"inLanguage\":\"it-IT\"},{\"@type\":\"Organization\",\"@id\":\"https:\\\/\\\/www.pilgrim.es\\\/it\\\/#organization\",\"name\":\"Pilgrim Camino de Santiago\",\"url\":\"https:\\\/\\\/www.pilgrim.es\\\/it\\\/\",\"logo\":{\"@type\":\"ImageObject\",\"inLanguage\":\"it-IT\",\"@id\":\"https:\\\/\\\/www.pilgrim.es\\\/it\\\/#\\\/schema\\\/logo\\\/image\\\/\",\"url\":\"https:\\\/\\\/www.pilgrim.es\\\/wp-content\\\/uploads\\\/2019\\\/04\\\/logo_pilgrim.png\",\"contentUrl\":\"https:\\\/\\\/www.pilgrim.es\\\/wp-content\\\/uploads\\\/2019\\\/04\\\/logo_pilgrim.png\",\"width\":512,\"height\":512,\"caption\":\"Pilgrim Camino de Santiago\"},\"image\":{\"@id\":\"https:\\\/\\\/www.pilgrim.es\\\/it\\\/#\\\/schema\\\/logo\\\/image\\\/\"},\"sameAs\":[\"https:\\\/\\\/www.facebook.com\\\/pilgrim.es\\\/\",\"https:\\\/\\\/x.com\\\/pilgrim_es\",\"https:\\\/\\\/www.instagram.com\\\/pilgrim.es\\\/\",\"https:\\\/\\\/www.linkedin.com\\\/company\\\/pilgrim-camino-de-santiago\\\/\",\"https:\\\/\\\/www.pinterest.es\\\/pilgrimcaminodesantiago\\\/\",\"https:\\\/\\\/www.youtube.com\\\/channel\\\/UCIv2ZzFLXVqthkNF32rKedw\\\/featured\"]}]}<\/script>\n<!-- \/ Yoast SEO plugin. -->","yoast_head_json":{"title":"Llanes: Cosa vedere e dove dormire | Cammino di Santiago | Pilgrim","description":"Llanes Scopri tutte le informazioni su dove alloggiare, come arrivare, cosa mangiare e sui principali punti di interesse delle localit\u00e0 lungo il Cammino del Nord.","robots":{"index":"index","follow":"follow","max-snippet":"max-snippet:-1","max-image-preview":"max-image-preview:large","max-video-preview":"max-video-preview:-1"},"canonical":"https:\/\/www.pilgrim.es\/it\/cammino-nord\/llanes\/","og_locale":"it_IT","og_type":"article","og_title":"Llanes: Cosa vedere e dove dormire | Cammino di Santiago | Pilgrim","og_description":"Llanes Scopri tutte le informazioni su dove alloggiare, come arrivare, cosa mangiare e sui principali punti di interesse delle localit\u00e0 lungo il Cammino del Nord.","og_url":"https:\/\/www.pilgrim.es\/it\/cammino-nord\/llanes\/","og_site_name":"Pilgrim","article_publisher":"https:\/\/www.facebook.com\/pilgrim.es\/","og_image":[{"width":800,"height":400,"url":"https:\/\/www.pilgrim.es\/wp-content\/uploads\/2019\/02\/llanes1.jpg","type":"image\/jpeg"}],"twitter_card":"summary_large_image","twitter_site":"@pilgrim_es","twitter_misc":{"Tempo di lettura stimato":"10 minuti"},"schema":{"@context":"https:\/\/schema.org","@graph":[{"@type":"WebPage","@id":"https:\/\/www.pilgrim.es\/it\/cammino-nord\/llanes\/","url":"https:\/\/www.pilgrim.es\/it\/cammino-nord\/llanes\/","name":"Llanes: Cosa vedere e dove dormire | Cammino di Santiago | Pilgrim","isPartOf":{"@id":"https:\/\/www.pilgrim.es\/it\/#website"},"primaryImageOfPage":{"@id":"https:\/\/www.pilgrim.es\/it\/cammino-nord\/llanes\/#primaryimage"},"image":{"@id":"https:\/\/www.pilgrim.es\/it\/cammino-nord\/llanes\/#primaryimage"},"thumbnailUrl":"https:\/\/www.pilgrim.es\/wp-content\/uploads\/2019\/02\/llanes1.jpg","datePublished":"2025-03-17T14:50:59+00:00","description":"Llanes Scopri tutte le informazioni su dove alloggiare, come arrivare, cosa mangiare e sui principali punti di interesse delle localit\u00e0 lungo il Cammino del Nord.","breadcrumb":{"@id":"https:\/\/www.pilgrim.es\/it\/cammino-nord\/llanes\/#breadcrumb"},"inLanguage":"it-IT","potentialAction":[{"@type":"ReadAction","target":["https:\/\/www.pilgrim.es\/it\/cammino-nord\/llanes\/"]}]},{"@type":"ImageObject","inLanguage":"it-IT","@id":"https:\/\/www.pilgrim.es\/it\/cammino-nord\/llanes\/#primaryimage","url":"https:\/\/www.pilgrim.es\/wp-content\/uploads\/2019\/02\/llanes1.jpg","contentUrl":"https:\/\/www.pilgrim.es\/wp-content\/uploads\/2019\/02\/llanes1.jpg","width":800,"height":400,"caption":"Llanes"},{"@type":"BreadcrumbList","@id":"https:\/\/www.pilgrim.es\/it\/cammino-nord\/llanes\/#breadcrumb","itemListElement":[{"@type":"ListItem","position":1,"name":"Camino de Santiago","item":"https:\/\/www.pilgrim.es\/it\/"},{"@type":"ListItem","position":2,"name":"Cammino del Nord","item":"https:\/\/www.pilgrim.es\/it\/cammino-nord\/"},{"@type":"ListItem","position":3,"name":"Llanes"}]},{"@type":"WebSite","@id":"https:\/\/www.pilgrim.es\/it\/#website","url":"https:\/\/www.pilgrim.es\/it\/","name":"Pilgrim","description":"Camino de Santiago | Caminamos Contigo","publisher":{"@id":"https:\/\/www.pilgrim.es\/it\/#organization"},"potentialAction":[{"@type":"SearchAction","target":{"@type":"EntryPoint","urlTemplate":"https:\/\/www.pilgrim.es\/it\/?s={search_term_string}"},"query-input":{"@type":"PropertyValueSpecification","valueRequired":true,"valueName":"search_term_string"}}],"inLanguage":"it-IT"},{"@type":"Organization","@id":"https:\/\/www.pilgrim.es\/it\/#organization","name":"Pilgrim Camino de Santiago","url":"https:\/\/www.pilgrim.es\/it\/","logo":{"@type":"ImageObject","inLanguage":"it-IT","@id":"https:\/\/www.pilgrim.es\/it\/#\/schema\/logo\/image\/","url":"https:\/\/www.pilgrim.es\/wp-content\/uploads\/2019\/04\/logo_pilgrim.png","contentUrl":"https:\/\/www.pilgrim.es\/wp-content\/uploads\/2019\/04\/logo_pilgrim.png","width":512,"height":512,"caption":"Pilgrim Camino de Santiago"},"image":{"@id":"https:\/\/www.pilgrim.es\/it\/#\/schema\/logo\/image\/"},"sameAs":["https:\/\/www.facebook.com\/pilgrim.es\/","https:\/\/x.com\/pilgrim_es","https:\/\/www.instagram.com\/pilgrim.es\/","https:\/\/www.linkedin.com\/company\/pilgrim-camino-de-santiago\/","https:\/\/www.pinterest.es\/pilgrimcaminodesantiago\/","https:\/\/www.youtube.com\/channel\/UCIv2ZzFLXVqthkNF32rKedw\/featured"]}]}},"_links":{"self":[{"href":"https:\/\/www.pilgrim.es\/it\/wp-json\/wp\/v2\/pages\/91288","targetHints":{"allow":["GET"]}}],"collection":[{"href":"https:\/\/www.pilgrim.es\/it\/wp-json\/wp\/v2\/pages"}],"about":[{"href":"https:\/\/www.pilgrim.es\/it\/wp-json\/wp\/v2\/types\/page"}],"replies":[{"embeddable":true,"href":"https:\/\/www.pilgrim.es\/it\/wp-json\/wp\/v2\/comments?post=91288"}],"version-history":[{"count":0,"href":"https:\/\/www.pilgrim.es\/it\/wp-json\/wp\/v2\/pages\/91288\/revisions"}],"up":[{"embeddable":true,"href":"https:\/\/www.pilgrim.es\/it\/wp-json\/wp\/v2\/pages\/10817"}],"wp:featuredmedia":[{"embeddable":true,"href":"https:\/\/www.pilgrim.es\/it\/wp-json\/wp\/v2\/media\/6115"}],"wp:attachment":[{"href":"https:\/\/www.pilgrim.es\/it\/wp-json\/wp\/v2\/media?parent=91288"}],"wp:term":[{"taxonomy":"category","embeddable":true,"href":"https:\/\/www.pilgrim.es\/it\/wp-json\/wp\/v2\/categories?post=91288"},{"taxonomy":"post_tag","embeddable":true,"href":"https:\/\/www.pilgrim.es\/it\/wp-json\/wp\/v2\/tags?post=91288"}],"curies":[{"name":"wp","href":"https:\/\/api.w.org\/{rel}","templated":true}]}}