{"id":91275,"date":"2025-03-17T14:46:49","date_gmt":"2025-03-17T14:46:49","guid":{"rendered":"https:\/\/www.pilgrim.es\/cammino-nord\/santander\/"},"modified":"2025-03-17T14:46:49","modified_gmt":"2025-03-17T14:46:49","slug":"santander","status":"publish","type":"page","link":"https:\/\/www.pilgrim.es\/it\/cammino-nord\/santander\/","title":{"rendered":"Santander"},"content":{"rendered":" <section id=\"hero\">\n\t<h1>Santander<\/h1>\n\t<div class=\"hero-grid\">\n\t\t<div class=\"hero-grid__town-col\" data-background=\"https:\/\/cdn.pilgrim.es\/web\/caminos\/camino-norte\/pueblos\/santander.jpg\">\n\t\t\t<div>\n\t\t\t\t<a class=\"link-to-stage\" href=\"https:\/\/www.pilgrim.es\/camino-norte\/etapa-12-guemes-santander\/\">\n\t\t\t\t\t<p>&#8249; Ritorno al palcoscenico<\/p>\n\t\t\t\t<\/a>\n\n\t\t\t\t<div class=\"town-data\">\n\t\t\t\t\t<h2>Santander<\/h2>\n\t\t\t\t\t<ul>\n\t\t\t\t\t\t<li>Abitanti: 173.957 aprox.<\/li>\n\t\t\t\t\t\t<li>Provincia: Cantabria<\/li>\n\t\t\t\t\t<\/ul>\n\t\t\t\t<\/div>\n\t\t\t<\/div>\n\t\t<\/div>\n\t\t<div class=\"hero-grid__planner-col\"><div\r\n  class=\"p-col-span-1 p-rounded-lg p-px-5 p-h-full\"\r\n  style=\"background-image: url('https:\/\/cdn.pilgrim.es\/web\/pilgrim-planner\/bg-plugin-planificador.webp')\"\r\n  rel=\"preload\"\r\n  fetchpriority=\"high\"\r\n  >\r\n    <div class=\"p-text-center p-pt-5 p-text-white p-text-2xl p-font-semibold\">\r\n      Pianifica il tuo cammino    <\/div>\r\n    <div\r\n            id='primary-app'\r\n            data-name='banner'\r\n            data-api='https:\/\/pathfinder.pilgrim.es\/api\/pathfinder\/v2'\r\n            data-mode='normal'\r\n            data-lang='it'\r\n            data-route='1'\r\n            data-destiny='https:\/\/planificador.pilgrim.es'\r\n            data-modality='1'\r\n            data-inline=''\r\n        ><\/div><\/div><\/div>\n\t<\/div>\n<\/section>\n\n<section id=\"infoTown\">\n\t<div class=\"sections-town\">\n\n\t\t<div id=\"informationSection\">\n\t\t\t<div>\n\t\t\t\t<h2 class=\"p-h2-town\">Informazioni<\/h2>\n\t\t\t\t<hr>\n\t\t\t\t<h3 class=\"p-h3-town\">Get to know Santander<\/h3>\n\t\t\t<\/div>\n\t\t\t<p>La citt\u00e0 di Santander \u00e8 una delle citt\u00e0 pi\u00f9 grandi della Spagna. Vale la pena ricordare che, oltre ad avere la met\u00e0 degli abitanti dell&#8217;intera provincia di Cantabria, in estate la sua popolazione raddoppia grazie all&#8217;influenza del turismo.<\/p> <p>Si raccomanda ai pellegrini di prendersi del tempo per passeggiare tra le sue strade e scoprire la variegata gastronomia della citt\u00e0.<\/p> <p>\n\t\t<\/div>\n\n\t\t<div id=\"locationSection\">\n\t\t\t<div>\n\t\t\t\t<h2 class=\"p-h2-town\">Posizione<\/h2>\n\t\t\t\t<hr>\n\t\t\t\t<h3 class=\"p-h3-town\">Come arrivare<\/h3>\n\t\t\t<\/div>\n\t\t\t<p>La citt\u00e0 di Santander \u00e8 perfettamente collegata con il mondo esterno, con strade principali come la A-67 che collega Santander con Venta de Ba\u00f1os, la S-10 che collega con San Salvador, la S-20 che collega Bezana con La Albericia, la S-30 che collega Cacicedo con La Albericia e la A-8 che collega A Coru\u00f1a con tutto il nord della penisola. <\/p>\n\n<p>Ha anche trasporti marittimi, anche se c&#8217;\u00e8 solo una linea che collega Santander con la citt\u00e0 britannica di Plymouth. La citt\u00e0 ha anche un aeroporto a circa 5 km di distanza, che offre voli regolari per Madrid, Parigi, Barcellona, Bruxelles, Londra, Bergamo, Palma di Maiorca, Beauvais, Roma, Siviglia, Tenerife, Valencia, Alicante, Venezia e Minorca<\/p> <p>.\n\n<p>La stazione degli autobus dispone di un&#8217;ampia rete di linee che permettono di raggiungere qualsiasi punto, alcune citt\u00e0 raggiungibili sono: Alicante, Barcellona, Bilbao, Burgos, C\u00e1ceres, Cartagena, La Coru\u00f1a, Elche, Gij\u00f3n, Ir\u00fan, Le\u00f3n, Logro\u00f1o, Lugo, Madrid, M\u00e9rida, Murcia, Oviedo, Palencia, Pontevedra, Salamanca, Santiago, San Sebasti\u00e1n, Sevilla, Tarragona, Valencia, Valladolid, Vigo, Vitoria, Zaragoza, Bruxelles, Bordeaux, Ginevra, Lione, Parigi e Zurigo.\n\n<p>Per quanto riguarda la stazione ferroviaria, dispone di diverse linee regolari con destinazioni come Reinosa, Madrid, Palencia, Valladolid, Albacete, Alicante, Avila, Bilbao e Oviedo.\n\t\t\t<div>\n\t\t\t\t<div>\n  <iframe loading=\"lazy\"\n    src=\"https:\/\/www.google.com\/maps\/d\/embed?mid=1NiAkM_S6-j_y-Ceb78AqORCzzJYoI6M&amp;ehbc=2E312F\"\n    width=\"640\"\n    height=\"480\"\n    alt=\"Mapa Santander\"\n  ><\/iframe>\n<\/div>\n\n\t\t\t<\/div>\n\t\t<\/div>\n\n\t\t\n\t\t\t<div id=\"toVisitSection\">\n\t\t\t\t<div>\n\t\t\t\t\t<h2 class=\"p-h2-town\">Storia \/ Cultura<\/h2>\n\t\t\t\t\t<hr>\n\t\t\t\t\t<h3 class=\"p-h3-town\">Cosa vedere<\/h3>\n\t\t\t\t<\/div>\n\t\t\t\t<div>\n\t\t\t\t\t<div class=\"accordion\">\n\t\t\t\t\t\t<div class=\"accordion__menu\">\n\t\t\t\t\t\t\t<nav>\n\t\t\t\t\t\t\t\t\n\t\t\t\t\t\t\t\t\t<button class=\"nav-tab-accordion active\"><span>&#10093;<\/span><span> Catedral de Nuestra Sen\u0303ora de la Asuncio\u0301n<\/span><\/button>\n\t\t\t\t\t\t\t\t\n\t\t\t\t\t\t\t\t\t<button class=\"nav-tab-accordion \"><span>&#10093;<\/span><span> Cementerio Protestante<\/span><\/button>\n\t\t\t\t\t\t\t\t\n\t\t\t\t\t\t\t\t\t<button class=\"nav-tab-accordion \"><span>&#10093;<\/span><span> Centro de arte Faro Cabo Mayor<\/span><\/button>\n\t\t\t\t\t\t\t\t\n\t\t\t\t\t\t\t\t\t<button class=\"nav-tab-accordion \"><span>&#10093;<\/span><span> Centro de Interpretacio\u0301n de la historia de la ciudad<\/span><\/button>\n\t\t\t\t\t\t\t\t\n\t\t\t\t\t\t\t\t\t<button class=\"nav-tab-accordion \"><span>&#10093;<\/span><span> Dique de Gamazo<\/span><\/button>\n\t\t\t\t\t\t\t\t\n\t\t\t\t\t\t\t\t\t<button class=\"nav-tab-accordion \"><span>&#10093;<\/span><span> Faro de Cabo Mayor<\/span><\/button>\n\t\t\t\t\t\t\t\t\n\t\t\t\t\t\t\t\t\t<button class=\"nav-tab-accordion \"><span>&#10093;<\/span><span> Funicular del Rio de la Pila<\/span><\/button>\n\t\t\t\t\t\t\t\t\n\t\t\t\t\t\t\t\t\t<button class=\"nav-tab-accordion \"><span>&#10093;<\/span><span> Gran Casino<\/span><\/button>\n\t\t\t\t\t\t\t\t\n\t\t\t\t\t\t\t\t\t<button class=\"nav-tab-accordion \"><span>&#10093;<\/span><span> Hospital de San Rafael<\/span><\/button>\n\t\t\t\t\t\t\t\t\n\t\t\t\t\t\t\t\t\t<button class=\"nav-tab-accordion \"><span>&#10093;<\/span><span> Hotel Real<\/span><\/button>\n\t\t\t\t\t\t\t\t\n\t\t\t\t\t\t\t\t\t<button class=\"nav-tab-accordion \"><span>&#10093;<\/span><span> Iglesia de la Anunciacio\u0301n<\/span><\/button>\n\t\t\t\t\t\t\t\t\n\t\t\t\t\t\t\t\t\t<button class=\"nav-tab-accordion \"><span>&#10093;<\/span><span> Iglesia de la Virgen del Faro<\/span><\/button>\n\t\t\t\t\t\t\t\t\n\t\t\t\t\t\t\t\t\t<button class=\"nav-tab-accordion \"><span>&#10093;<\/span><span> Iglesia de Nuestra Sen\u0303ora de la Visitacio\u0301n<\/span><\/button>\n\t\t\t\t\t\t\t\t\n\t\t\t\t\t\t\t\t\t<button class=\"nav-tab-accordion \"><span>&#10093;<\/span><span> Iglesia de San Francisco<\/span><\/button>\n\t\t\t\t\t\t\t\t\n\t\t\t\t\t\t\t\t\t<button class=\"nav-tab-accordion \"><span>&#10093;<\/span><span> Iglesia de Santa Lucia<\/span><\/button>\n\t\t\t\t\t\t\t\t\n\t\t\t\t\t\t\t\t\t<button class=\"nav-tab-accordion \"><span>&#10093;<\/span><span> Museo Mari\u0301timo del Canta\u0301brico<\/span><\/button>\n\t\t\t\t\t\t\t\t\n\t\t\t\t\t\t\t\t\t<button class=\"nav-tab-accordion \"><span>&#10093;<\/span><span> Jardines de Piqui\u0301o<\/span><\/button>\n\t\t\t\t\t\t\t\t\n\t\t\t\t\t\t\t\t\t<button class=\"nav-tab-accordion \"><span>&#10093;<\/span><span> La locomotora Pe\u00f1acastillo y la locomotora Revilla<\/span><\/button>\n\t\t\t\t\t\t\t\t\n\t\t\t\t\t\t\t\t\t<button class=\"nav-tab-accordion \"><span>&#10093;<\/span><span> Mercado del Este<\/span><\/button>\n\t\t\t\t\t\t\t\t\n\t\t\t\t\t\t\t\t\t<button class=\"nav-tab-accordion \"><span>&#10093;<\/span><span> Museo de Arte Moderno<\/span><\/button>\n\t\t\t\t\t\t\t\t\n\t\t\t\t\t\t\t\t\t<button class=\"nav-tab-accordion \"><span>&#10093;<\/span><span> Museo de Prehistoria y arqueologi\u0301a<\/span><\/button>\n\t\t\t\t\t\t\t\t\n\t\t\t\t\t\t\t\t\t<button class=\"nav-tab-accordion \"><span>&#10093;<\/span><span> Centro de Interpretacio\u0301n de la Muralla<\/span><\/button>\n\t\t\t\t\t\t\t\t\n\t\t\t\t\t\t\t\t\t<button class=\"nav-tab-accordion \"><span>&#10093;<\/span><span> Museo del agua<\/span><\/button>\n\t\t\t\t\t\t\t\t\n\t\t\t\t\t\t\t\t\t<button class=\"nav-tab-accordion \"><span>&#10093;<\/span><span> Palacio de la Riva<\/span><\/button>\n\t\t\t\t\t\t\t\t\n\t\t\t\t\t\t\t\t\t<button class=\"nav-tab-accordion \"><span>&#10093;<\/span><span> Palacio y jardines de la Magdalena<\/span><\/button>\n\t\t\t\t\t\t\t\t\n\t\t\t\t\t\t\t\t\t<button class=\"nav-tab-accordion \"><span>&#10093;<\/span><span> Playa del Sardinero<\/span><\/button>\n\t\t\t\t\t\t\t\t\n\t\t\t\t\t\t\t\t\t<button class=\"nav-tab-accordion \"><span>&#10093;<\/span><span> Bateria de San Pedro<\/span><\/button>\n\t\t\t\t\t\t\t\t\n\t\t\t\t\t\t\t\t\t<button class=\"nav-tab-accordion \"><span>&#10093;<\/span><span> Castillo de la Corbanera<\/span><\/button>\n\t\t\t\t\t\t\t\t\n\t\t\t\t\t\t\t<\/nav>\n\t\t\t\t\t\t<\/div>\n\n\t\t\t\t\t\t\n\t\t\t\t\t\t\t<div class=\"accordion__accordion-content \">\n\t\t\t\t\t\t\t\t<div>\n\t\t\t\t\t\t\t\t\t<div>\n\t\t\t\t\t\t\t\t\t\t<h4>Catedral de Nuestra Sen\u0303ora de la Asuncio\u0301n<\/h4>\n\t\t\t\t\t\t\t\t\t\t<p>La Cattedrale di Nuestra Se\u00f1ora de la Asunci\u00f3n \u00e8 un edificio classificato come cattedrale dal 1754 e dichiarato Bene di Interesse Culturale nel 1931. \u00c8 un edificio emblematico la cui costruzione risale al XIV secolo. A partire dal XVI e XVII secolo furono attuate diverse riforme. Ma queste riforme durarono solo fino al 1941, quando un incendio invase Santander. Fu allora che al presbiterio fu aggiunto un transetto, al centro del quale fu eretta una cupola ottagonale su trombe a forma di gallone. Le navate laterali si estendono fino a un deambulatorio gotico che circonda il presbiterio e l&#8217;altare e comprende due cappelle in onore della Virgen de las Batallas e di San Mat\u00edas.\n\t\t\t\t\t\t\t\t\t<\/div>\n\t\t\t\t\t\t\t\t\t<img decoding=\"async\" src=\"https:\/\/cdn.pilgrim.es\/web\/caminos\/camino-norte\/pueblos\/santander\/puntos-de-interes\/catedral-de-nuestra-senora-de-la-asuncion.jpg\" alt=\"Catedral de Nuestra Sen\u0303ora de la Asuncio\u0301n\">\n\t\t\t\t\t\t\t\t<\/div>\n\t\t\t\t\t\t\t<\/div>\n\t\t\t\t\t\t\n\t\t\t\t\t\t\t<div class=\"accordion__accordion-content inactive\">\n\t\t\t\t\t\t\t\t<div>\n\t\t\t\t\t\t\t\t\t<div>\n\t\t\t\t\t\t\t\t\t\t<h4>Cementerio Protestante<\/h4>\n\t\t\t\t\t\t\t\t\t\t<p>Il cimitero protestante fu costruito alla periferia di Santander, precisamente nel quartiere di Cazo\u00f1a. Questo cimitero fu creato per servire come luogo di sepoltura per gli inglesi che lavoravano in citt\u00e0 come ingegneri, tecnici e commercianti, poich\u00e9 erano protestanti e non potevano essere sepolti in un cimitero cattolico perch\u00e9 considerato &#8220;terra sacra&#8221;.\n\t\t\t\t\t\t\t\t\t<\/div>\n\t\t\t\t\t\t\t\t\t<img decoding=\"async\" src=\"https:\/\/cdn.pilgrim.es\/web\/caminos\/camino-norte\/pueblos\/santander\/puntos-de-interes\/cementerio-protestante.jpg\" alt=\"Cementerio Protestante\">\n\t\t\t\t\t\t\t\t<\/div>\n\t\t\t\t\t\t\t<\/div>\n\t\t\t\t\t\t\n\t\t\t\t\t\t\t<div class=\"accordion__accordion-content inactive\">\n\t\t\t\t\t\t\t\t<div>\n\t\t\t\t\t\t\t\t\t<div>\n\t\t\t\t\t\t\t\t\t\t<h4>Centro de arte Faro Cabo Mayor<\/h4>\n\t\t\t\t\t\t\t\t\t\t<p>Il Centro d&#8217;Arte del Faro di Cabo Mayor nasce come progetto culturale dell&#8217;Autorit\u00e0 Portuale della citt\u00e0 di Santander grazie a un accordo stipulato con la famiglia Sanz-Vilar. Lo scopo di questo centro \u00e8 quello di permettere ai visitatori di godere delle installazioni del Faro di Cabo e delle collezioni di arte e oggetti legati al mare che vi sono esposti, tutti realizzati dagli artisti Eduardo Sanz e Isabel Villar.\n\t\t\t\t\t\t\t\t\t<\/div>\n\t\t\t\t\t\t\t\t\t<img decoding=\"async\" src=\"https:\/\/cdn.pilgrim.es\/web\/caminos\/camino-norte\/pueblos\/santander\/puntos-de-interes\/centro-de-arte-faro-cabo-mayor.jpg\" alt=\"Centro de arte Faro Cabo Mayor\">\n\t\t\t\t\t\t\t\t<\/div>\n\t\t\t\t\t\t\t<\/div>\n\t\t\t\t\t\t\n\t\t\t\t\t\t\t<div class=\"accordion__accordion-content inactive\">\n\t\t\t\t\t\t\t\t<div>\n\t\t\t\t\t\t\t\t\t<div>\n\t\t\t\t\t\t\t\t\t\t<h4>Centro de Interpretacio\u0301n de la historia de la ciudad<\/h4>\n\t\t\t\t\t\t\t\t\t\t<p>Questo centro di interpretazione \u00e8 costituito principalmente dalla Cattedrale dell&#8217;Assunzione, dalla Chiesa di Cristo, dal Chiostro e dalla Torre del Campanile, tutti dichiarati Monumenti Nazionali nel 1931. Da qui si pu\u00f2 visitare la sala della torre, dove si possono ammirare libri corali, dipinti, pergamene, pezzi ornamentali, resti archeologici, ecc. La visita a questo spazio offre anche la possibilit\u00e0 di godere di una spettacolare vista panoramica della citt\u00e0 dalla cima del campanile.\n\n<p>TARIFA<\/p>\n\n<p>Ingresso gratuito<\/p> <p>Pagamento<\/p> <p>Ingresso gratuito<\/p> <p>Pagamento<\/p> <p>Pagamento<\/p> &lt;p\n\n<p>INFORMAZIONI DI INTERESSE<\/p>\n\n<p>Telefono: 942 203 000<\/p>\n\t\t\t\t\t\t\t\t\t<\/div>\n\t\t\t\t\t\t\t\t\t<img decoding=\"async\" src=\"https:\/\/cdn.pilgrim.es\/web\/caminos\/camino-norte\/pueblos\/santander\/puntos-de-interes\/centro-de-interpretacion-de-la-historia-de-la-ciudad.jpg\" alt=\"Centro de Interpretacio\u0301n de la historia de la ciudad\">\n\t\t\t\t\t\t\t\t<\/div>\n\t\t\t\t\t\t\t<\/div>\n\t\t\t\t\t\t\n\t\t\t\t\t\t\t<div class=\"accordion__accordion-content inactive\">\n\t\t\t\t\t\t\t\t<div>\n\t\t\t\t\t\t\t\t\t<div>\n\t\t\t\t\t\t\t\t\t\t<h4>Dique de Gamazo<\/h4>\n\t\t\t\t\t\t\t\t\t\t<p>La diga di Gamazo, con una superficie di 3.382 m2 a pianta rettangolare, ha una forma semicircolare ed \u00e8 stata dichiarata Bene di Interesse Culturale nel 2001. Dispone di una rimessa per i motori e di un cancello di accesso forgiato nel 1907 in stile modernista. La sua costruzione rappresent\u00f2 una sfida per lo sviluppo tecnico dell&#8217;epoca a causa dei numerosi ostacoli strutturali e finanziari che dovettero essere superati.\n\t\t\t\t\t\t\t\t\t<\/div>\n\t\t\t\t\t\t\t\t\t<img decoding=\"async\" src=\"https:\/\/cdn.pilgrim.es\/web\/caminos\/camino-norte\/pueblos\/santander\/puntos-de-interes\/dique-de-gamazo.jpg\" alt=\"Dique de Gamazo\">\n\t\t\t\t\t\t\t\t<\/div>\n\t\t\t\t\t\t\t<\/div>\n\t\t\t\t\t\t\n\t\t\t\t\t\t\t<div class=\"accordion__accordion-content inactive\">\n\t\t\t\t\t\t\t\t<div>\n\t\t\t\t\t\t\t\t\t<div>\n\t\t\t\t\t\t\t\t\t\t<h4>Faro de Cabo Mayor<\/h4>\n\t\t\t\t\t\t\t\t\t\t<p>Questo faro si trova all&#8217;estremit\u00e0 nord-occidentale di Santander, a presidiare l&#8217;ingresso alla baia della citt\u00e0, ed \u00e8 senza dubbio una delle opere pi\u00f9 rappresentative di Santander.<\/p> <p>Questo faro si trova all&#8217;estremit\u00e0 nord-occidentale di Santander, a presidiare l&#8217;ingresso alla baia della citt\u00e0.\n\n<p>Lo spazio in cui si trova il faro forma un&#8217;area di grande lunghezza in cui spiccano i promontori di Cabo Mayor e Cabo Menor. La configurazione di quest&#8217;area \u00e8 segnata da spiagge, scogliere e un rilievo piuttosto accidentato.\n\n<p>Le aree di Cabo Mayor e Cabo Menor hanno una grande variet\u00e0 di funzioni e usi: come guida per le imbarcazioni grazie al faro, come enclave difensiva, come ippodromo, campeggio, parco pubblico, campo da golf, ecc.<\/p> <p>Le aree di Cabo Mayor e Cabo Menor hanno una grande variet\u00e0 di funzioni e usi.\n\n<p>INFORMAZIONI DI INTERESSE<\/p>\n\n<p>Telefono: 942 203 648<\/p>\n\t\t\t\t\t\t\t\t\t<\/div>\n\t\t\t\t\t\t\t\t\t<img decoding=\"async\" src=\"https:\/\/cdn.pilgrim.es\/web\/caminos\/camino-norte\/pueblos\/santander\/puntos-de-interes\/faro-de-cabo-mayor.jpg\" alt=\"Faro de Cabo Mayor\">\n\t\t\t\t\t\t\t\t<\/div>\n\t\t\t\t\t\t\t<\/div>\n\t\t\t\t\t\t\n\t\t\t\t\t\t\t<div class=\"accordion__accordion-content inactive\">\n\t\t\t\t\t\t\t\t<div>\n\t\t\t\t\t\t\t\t\t<div>\n\t\t\t\t\t\t\t\t\t\t<h4>Funicular del Rio de la Pila<\/h4>\n\t\t\t\t\t\t\t\t\t\t<p>La Funicolare del R\u00edo de la Pila \u00e8 stata inaugurata nel 2008 e ha un percorso di 78 metri con quattro fermate: R\u00edo de la Pila, via San Sebasti\u00e1n, Prado San Roque e campo di calcio El Regimiento. Funziona dalle 06:00 alle 00:00 e pu\u00f2 ospitare 20 persone. Il suo utilizzo \u00e8 gratuito.<\/p> <p>\n\t\t\t\t\t\t\t\t\t<\/div>\n\t\t\t\t\t\t\t\t\t<img decoding=\"async\" src=\"https:\/\/cdn.pilgrim.es\/web\/caminos\/camino-norte\/pueblos\/santander\/puntos-de-interes\/funicular-del-rio-de-la-pila.jpg\" alt=\"Funicular del Rio de la Pila\">\n\t\t\t\t\t\t\t\t<\/div>\n\t\t\t\t\t\t\t<\/div>\n\t\t\t\t\t\t\n\t\t\t\t\t\t\t<div class=\"accordion__accordion-content inactive\">\n\t\t\t\t\t\t\t\t<div>\n\t\t\t\t\t\t\t\t\t<div>\n\t\t\t\t\t\t\t\t\t\t<h4>Gran Casino<\/h4>\n\t\t\t\t\t\t\t\t\t\t<p>E il Gran Casin\u00f2 fu costruito e inaugurato nel 1916 sul sito di un vecchio casin\u00f2 creato nel 1870, che fu frequentato da personalit\u00e0 come Amadeo de Saboya, Alfonso XIII, Victoria Eugenia, ecc. L&#8217;attuale casin\u00f2, tuttavia, inizi\u00f2 a combinare la roulette e il baccarat con balli, cotillons, spettacoli teatrali, opera, ecc. Oggi dispone di una sala giochi e di una sala slot machine, di un ristorante, di tre sale da pranzo, di due bar, di una caffetteria e di una sala per le feste, oltre che di una sala espositiva.\n\n<p>OGGI<\/p>\n\n<p>Sala giochi dalle 20:00 alle 04:00Sala macchine dalle 14:00 alle 04:00<\/p> <p>Sala giochi dalle 20:00 alle 04:00<\/p> <p>Sala macchine dalle 14:00 alle 04:00.\n\n<p>INFORMAZIONI DI INTERESSE<\/p>\n\n<p>E-mail: mkg.casardinero@grupocomar.comTel\u00e9fono: 942 276 054<\/p>\n\t\t\t\t\t\t\t\t\t<\/div>\n\t\t\t\t\t\t\t\t\t<img decoding=\"async\" src=\"https:\/\/cdn.pilgrim.es\/web\/caminos\/camino-norte\/pueblos\/santander\/puntos-de-interes\/gran-casino.jpg\" alt=\"Gran Casino\">\n\t\t\t\t\t\t\t\t<\/div>\n\t\t\t\t\t\t\t<\/div>\n\t\t\t\t\t\t\n\t\t\t\t\t\t\t<div class=\"accordion__accordion-content inactive\">\n\t\t\t\t\t\t\t\t<div>\n\t\t\t\t\t\t\t\t\t<div>\n\t\t\t\t\t\t\t\t\t\t<h4>Hospital de San Rafael<\/h4>\n\t\t\t\t\t\t\t\t\t\t<p>L&#8217;Hospital de San Rafael \u00e8 uno degli edifici pi\u00f9 antichi di Santander ancora in uso. Fondato nel 1791, ha subito numerose modifiche negli anni successivi, dando vita a una costruzione classicista con una pianta quadrangolare e un cortile centrale. Il piano terra interno di questo edificio presenta arcate con archi e lesene, mentre il piano superiore ha aperture architravate di varie dimensioni. La facciata principale \u00e8 costruita in muratura a bugnato con nove archi che formano un colonnato.\n\t\t\t\t\t\t\t\t\t<\/div>\n\t\t\t\t\t\t\t\t\t<img decoding=\"async\" src=\"https:\/\/cdn.pilgrim.es\/web\/caminos\/camino-norte\/pueblos\/santander\/puntos-de-interes\/hospital-de-san-rafael.jpg\" alt=\"Hospital de San Rafael\">\n\t\t\t\t\t\t\t\t<\/div>\n\t\t\t\t\t\t\t<\/div>\n\t\t\t\t\t\t\n\t\t\t\t\t\t\t<div class=\"accordion__accordion-content inactive\">\n\t\t\t\t\t\t\t\t<div>\n\t\t\t\t\t\t\t\t\t<div>\n\t\t\t\t\t\t\t\t\t\t<h4>Hotel Real<\/h4>\n\t\t\t\t\t\t\t\t\t\t<p>Il lussuoso Hotel Real, parte della catena Eurostars, si trova proprio di fronte alla spiaggia Playa de los Peligros e a pochi minuti a piedi dal Palacio de la Magdalena che, grazie alla sua tradizione, stile, posizione e prestigio, ha contribuito ad accrescere il valore di eccellenza della citt\u00e0 di Santander. <\/p>\n\n<p>L&#8217;Hotel Real fu costruito dall&#8217;architetto Gonz\u00e1lez Riancho e inaugurato nel 1917. L&#8217;edificio combina stili modernisti ed eclettici e colpisce sia per la sua spettacolare terrazza che per il bianco delle sue facciate. \u00c8 anche uno degli hotel pi\u00f9 lussuosi della Spagna e dispone di una thalasso di circa 1.400 metri quadrati al suo interno.\n\t\t\t\t\t\t\t\t\t<\/div>\n\t\t\t\t\t\t\t\t\t<img decoding=\"async\" src=\"https:\/\/cdn.pilgrim.es\/web\/caminos\/camino-norte\/pueblos\/santander\/puntos-de-interes\/hotel-real.jpg\" alt=\"Hotel Real\">\n\t\t\t\t\t\t\t\t<\/div>\n\t\t\t\t\t\t\t<\/div>\n\t\t\t\t\t\t\n\t\t\t\t\t\t\t<div class=\"accordion__accordion-content inactive\">\n\t\t\t\t\t\t\t\t<div>\n\t\t\t\t\t\t\t\t\t<div>\n\t\t\t\t\t\t\t\t\t\t<h4>Iglesia de la Anunciacio\u0301n<\/h4>\n\t\t\t\t\t\t\t\t\t\t<p>La Chiesa dell&#8217;Annunciazione \u00e8 un tempio in stile rinascimentale costruito nel 1607 e dichiarato Bene di Interesse Culturale nel 1993. Ha un&#8217;unica navata e un&#8217;abside rettangolare con cappelle laterali collegate da archi semicircolari. La facciata presenta un corpo centrale pi\u00f9 alto a cui sono collegati due corpi laterali pi\u00f9 stretti e pi\u00f9 bassi, uniti ad esso da un tramezzo in pietra. La facciata \u00e8 composta da tre sezioni, due pi\u00f9 strette e basse e una principale dove si trova il portale, con un&#8217;apertura d&#8217;ingresso semicircolare incorniciata da doppie lesene e con un frontone spaccato per accogliere la nicchia con l&#8217;immagine della Vergine. Il primo piano del corpo centrale \u00e8 occupato da una grande finestra rettangolare architravata circondata da due grandi stemmi barocchi del XVIII secolo.<\/p> <p>Il primo piano del corpo centrale \u00e8 occupato da una grande finestra rettangolare architravata circondata da due grandi stemmi barocchi del XVIII secolo.\n\t\t\t\t\t\t\t\t\t<\/div>\n\t\t\t\t\t\t\t\t\t<img decoding=\"async\" src=\"https:\/\/cdn.pilgrim.es\/web\/caminos\/camino-norte\/pueblos\/santander\/puntos-de-interes\/iglesia-de-la-anunciacion.jpg\" alt=\"Iglesia de la Anunciacio\u0301n\">\n\t\t\t\t\t\t\t\t<\/div>\n\t\t\t\t\t\t\t<\/div>\n\t\t\t\t\t\t\n\t\t\t\t\t\t\t<div class=\"accordion__accordion-content inactive\">\n\t\t\t\t\t\t\t\t<div>\n\t\t\t\t\t\t\t\t\t<div>\n\t\t\t\t\t\t\t\t\t\t<h4>Iglesia de la Virgen del Faro<\/h4>\n\t\t\t\t\t\t\t\t\t\t<p>La chiesa della Virgen del Faro, opera dell&#8217;architetto Jaime Carceller, presenta una grande singolarit\u00e0 architettonica in quanto la sua volta in cemento funge da tetto. Fu fondata e aperta al culto nel 1969. Tuttavia, nel 1990, il tempio fu chiuso per problemi alla sua struttura, per poi essere riaperto nel 2009. <\/p>\n\n<p>L&#8217;interno della chiesa \u00e8 notevole per ospitare la figura del Cristo crocifisso, opera dello scultore Jes\u00fas Otero.<\/p> <p>L&#8217;interno della chiesa \u00e8 notevole per ospitare la figura del Cristo crocifisso, opera dello scultore Jes\u00fas Otero.\n\n<p>Orario della messa<\/p>\n\n<p>Tutto l&#8217;annoMarted\u00ec e gioved\u00ec alle ore 19:00Festivi alle ore 11:00<\/p> <p>Luned\u00ec e gioved\u00ec alle ore 19:00Festivi alle ore 11:00<\/p>\n\t\t\t\t\t\t\t\t\t<\/div>\n\t\t\t\t\t\t\t\t\t<img decoding=\"async\" src=\"https:\/\/cdn.pilgrim.es\/web\/caminos\/camino-norte\/pueblos\/santander\/puntos-de-interes\/iglesia-de-la-virgen-del-faro.jpg\" alt=\"Iglesia de la Virgen del Faro\">\n\t\t\t\t\t\t\t\t<\/div>\n\t\t\t\t\t\t\t<\/div>\n\t\t\t\t\t\t\n\t\t\t\t\t\t\t<div class=\"accordion__accordion-content inactive\">\n\t\t\t\t\t\t\t\t<div>\n\t\t\t\t\t\t\t\t\t<div>\n\t\t\t\t\t\t\t\t\t\t<h4>Iglesia de Nuestra Sen\u0303ora de la Visitacio\u0301n<\/h4>\n\t\t\t\t\t\t\t\t\t\t<p>La Chiesa di Nuestra Se\u00f1ora de la Visitaci\u00f3n \u00e8 una chiesa neogotica annessa all&#8217;omonimo convento, risalente al XIX secolo e a navata unica. Il tempio, che si trova in via Camilo Alonso Vega, fu costruito dall&#8217;architetto Joaqu\u00edn Rucoba e la sua facciata presenta un portico a cinque archi, grandi finestre, pinnacoli e un campanile con due torri laterali pi\u00f9 piccole.\n\n<p>Orario di apertura<\/p>\n\n<p>Settimanale alle 09:30 e alle 19:30Serale alle 19:30Festivo alle 09:30, 11:00, 12:30 e 19:30<\/p> <p>Messe alle 09:30, 11:00, 12:30 e 19:30<\/p> <p>Messe alle 09:30, 11:00, 12:30 e 19:30.\n\n<p>INFORMAZIONI DI INTERESSE<\/p>\n\n<p>Telefono: 942 336 690<\/p>\n\t\t\t\t\t\t\t\t\t<\/div>\n\t\t\t\t\t\t\t\t\t<img decoding=\"async\" src=\"https:\/\/cdn.pilgrim.es\/web\/caminos\/camino-norte\/pueblos\/santander\/puntos-de-interes\/iglesia-de-nuestra-senora-de-la-visitacion.jpg\" alt=\"Iglesia de Nuestra Sen\u0303ora de la Visitacio\u0301n\">\n\t\t\t\t\t\t\t\t<\/div>\n\t\t\t\t\t\t\t<\/div>\n\t\t\t\t\t\t\n\t\t\t\t\t\t\t<div class=\"accordion__accordion-content inactive\">\n\t\t\t\t\t\t\t\t<div>\n\t\t\t\t\t\t\t\t\t<div>\n\t\t\t\t\t\t\t\t\t\t<h4>Iglesia de San Francisco<\/h4>\n\t\t\t\t\t\t\t\t\t\t<p>La Chiesa di San Francisco \u00e8 un tempio cattolico progettato da Javier Gonz\u00e1lez Riancho a met\u00e0 del XX secolo, e fu poi inaugurato nel 1953. La sua facciata \u00e8 composta da un portico classico che \u00e8 esente dallo stesso con una balaustra sostenuta da colonne con capitelli dorici e un frontone triangolare nel corpo superiore ornato da pinnacoli. Questa chiesa ha anche una torre con campanile a volta ottagonale.\n\n<p>Orario delle Messe <\/p> <p>Orario delle Messe<\/p> <p>.\n\n<p>Tutto l&#8217;anno Feriali alle 09:30, 12:00 e 19:30 Vespri alle 19:30 Festivi alle 09:30, 11:30, 12:30 e 19:30<\/p> <p>Le messe si tengono alle 09:30, 11:30, 12:30 e 19:30.\n\n<p>INFORMAZIONI DI INTERESSE<\/p>\n\n<p>Numero di telefono: 942 035 323<\/p>\n\t\t\t\t\t\t\t\t\t<\/div>\n\t\t\t\t\t\t\t\t\t<img decoding=\"async\" src=\"https:\/\/cdn.pilgrim.es\/web\/caminos\/camino-norte\/pueblos\/santander\/puntos-de-interes\/iglesia-de-san-francisco.jpg\" alt=\"Iglesia de San Francisco\">\n\t\t\t\t\t\t\t\t<\/div>\n\t\t\t\t\t\t\t<\/div>\n\t\t\t\t\t\t\n\t\t\t\t\t\t\t<div class=\"accordion__accordion-content inactive\">\n\t\t\t\t\t\t\t\t<div>\n\t\t\t\t\t\t\t\t\t<div>\n\t\t\t\t\t\t\t\t\t\t<h4>Iglesia de Santa Lucia<\/h4>\n\t\t\t\t\t\t\t\t\t\t<p>La Chiesa di Santa Luc\u00eda \u00e8 una chiesa eclettica in stile neorinascimentale, dichiarata Bene di Interesse Culturale nel 1987. Costruita da A. Zabaleta nel 1868, ha una pianta rettangolare a navata unica con cappelle laterali che si aprono su arcate sostenute da pilastri, un transetto con bracci corti e un&#8217;abside semicircolare. Spicca il suo portico monumentale, a cui si accede da una grande scalinata con grandi colonne ioniche. <\/p>\n\n<p>All&#8217;interno della chiesa sono ancora conservate alcune opere d&#8217;arte, come l&#8217;intaglio in stile gotico della Vergine con il Bambino, un dipinto raffigurante Santa Lucia e una Vergine delle Vittorie.<\/p> <p>All&#8217;interno della chiesa sono ancora conservate alcune opere d&#8217;arte, come l&#8217;intaglio in stile gotico della Vergine con il Bambino, un dipinto raffigurante Santa Lucia e una Vergine delle Vittorie.\n\n<p>Orario della messa<\/p>\n\n<p>Feriali alle 09:30, alle 12:00 e alle 20:00Serali alle 12:00 e alle 20:00Festivi alle 09:00, alle 11:00, alle 12:00, alle 13:00 e alle 18:45<\/p> <p>Feriali alle 09:00, alle 11:00, alle 12:00, alle 13:00 e alle 18:45<\/p> <p>Festivi alle 09:30, alle 12:00 e alle 20:00.\n\n<p>INFORMAZIONI DI INTERESSE<\/p>\n\n<p>Telefono: 942 211 723<\/p>\n\t\t\t\t\t\t\t\t\t<\/div>\n\t\t\t\t\t\t\t\t\t<img decoding=\"async\" src=\"https:\/\/cdn.pilgrim.es\/web\/caminos\/camino-norte\/pueblos\/santander\/puntos-de-interes\/iglesia-de-santa-lucia.jpg\" alt=\"Iglesia de Santa Lucia\">\n\t\t\t\t\t\t\t\t<\/div>\n\t\t\t\t\t\t\t<\/div>\n\t\t\t\t\t\t\n\t\t\t\t\t\t\t<div class=\"accordion__accordion-content inactive\">\n\t\t\t\t\t\t\t\t<div>\n\t\t\t\t\t\t\t\t\t<div>\n\t\t\t\t\t\t\t\t\t\t<h4>Museo Mari\u0301timo del Canta\u0301brico<\/h4>\n\t\t\t\t\t\t\t\t\t\t<p>Il Museo del Mare Cantabrico si trova in via San Mart\u00edn de Abajo e le sue origini risalgono al 1886, quando fu creato il Museo-Aquarium, promosso dallo scienziato e ricercatore Augusto Gonz\u00e1lez de Linares. L&#8217;attuale sede del museo \u00e8 stata inaugurata nel 1981.\n\n<p>Lo spazio museale \u00e8 suddiviso in quattro sezioni: Biologia marina e acquari, Etnografia della pesca, Storia marittima e Tecniche di costruzione navale e di navigazione.\n\t\t\t\t\t\t\t\t\t<\/div>\n\t\t\t\t\t\t\t\t\t<img decoding=\"async\" src=\"https:\/\/cdn.pilgrim.es\/web\/caminos\/camino-norte\/pueblos\/santander\/puntos-de-interes\/museo-maritimo-del-cantabrico.jpg\" alt=\"Museo Mari\u0301timo del Canta\u0301brico\">\n\t\t\t\t\t\t\t\t<\/div>\n\t\t\t\t\t\t\t<\/div>\n\t\t\t\t\t\t\n\t\t\t\t\t\t\t<div class=\"accordion__accordion-content inactive\">\n\t\t\t\t\t\t\t\t<div>\n\t\t\t\t\t\t\t\t\t<div>\n\t\t\t\t\t\t\t\t\t\t<h4>Jardines de Piqui\u0301o<\/h4>\n\t\t\t\t\t\t\t\t\t\t<p>I Giardini del Piqu\u00edo sono uno degli spazi verdi pi\u00f9 spettacolari della citt\u00e0, situati nella Plaza de las Brisas. Sono stati progettati dall&#8217;architetto Ramiro Sainz Mart\u00ednez nel 1925 e hanno una superficie di circa 7000 metri quadrati. In quest&#8217;area si possono contemplare diverse specie arboree, come palme, eucalipti, yucche, ecc. Da questi giardini, situati su una collina, si gode di un&#8217;incredibile vista sulla spiaggia del Sardinero. <\/p>\n\t\t\t\t\t\t\t\t\t<\/div>\n\t\t\t\t\t\t\t\t\t<img decoding=\"async\" src=\"https:\/\/cdn.pilgrim.es\/web\/caminos\/camino-norte\/pueblos\/santander\/puntos-de-interes\/jardines-de-piquio.jpg\" alt=\"Jardines de Piqui\u0301o\">\n\t\t\t\t\t\t\t\t<\/div>\n\t\t\t\t\t\t\t<\/div>\n\t\t\t\t\t\t\n\t\t\t\t\t\t\t<div class=\"accordion__accordion-content inactive\">\n\t\t\t\t\t\t\t\t<div>\n\t\t\t\t\t\t\t\t\t<div>\n\t\t\t\t\t\t\t\t\t\t<h4>La locomotora Pe\u00f1acastillo y la locomotora Revilla<\/h4>\n\t\t\t\t\t\t\t\t\t\t<p>Entrambe le locomotive, di Pe\u00f1acastillo e Revilla, si trovano nel Museo della Ferrovia Cantabrica, fondato dall&#8217;Associazione degli Amici della Ferrovia Cantabrica, ed entrambe sono state realizzate da Krauss. In particolare, la locomotiva di Pe\u00f1acastillo \u00e8 diventata storica, \u00e8 stata costruita in Germania nel 1912 ed \u00e8 del tipo 030T. D&#8217;altra parte, anche la locomotiva Revilla fa parte del patrimonio tecnico-scientifico della regione, in quanto \u00e8 stata costruita nel 1907 in Germania ed \u00e8 del tipo 020WT.\n\t\t\t\t\t\t\t\t\t<\/div>\n\t\t\t\t\t\t\t\t\t<img decoding=\"async\" src=\"https:\/\/cdn.pilgrim.es\/web\/caminos\/camino-norte\/pueblos\/santander\/puntos-de-interes\/la-locomotora-penacastillo-y-la-locomotora-revilla.jpg\" alt=\"La locomotora Pe\u00f1acastillo y la locomotora Revilla\">\n\t\t\t\t\t\t\t\t<\/div>\n\t\t\t\t\t\t\t<\/div>\n\t\t\t\t\t\t\n\t\t\t\t\t\t\t<div class=\"accordion__accordion-content inactive\">\n\t\t\t\t\t\t\t\t<div>\n\t\t\t\t\t\t\t\t\t<div>\n\t\t\t\t\t\t\t\t\t\t<h4>Mercado del Este<\/h4>\n\t\t\t\t\t\t\t\t\t\t<p>Il Mercato Orientale \u00e8 un mercato costruito tra il 1839 e il 1842 che occupa due degli isolati dell&#8217;Ensanche de Santander ed \u00e8 stato proclamato Bene di Interesse Culturale nel 1986. \u00c8 considerato uno dei primi esempi di gallerie costruite per uso commerciale perch\u00e9 \u00e8 disposto come una rete di strade disposte a griglia sotto forma di strade coperte.\n\n<p>Nel 2000, il Mercato \u00e8 stato demolito e ricostruito (conservando pochi elementi originali). Oggi ospita diverse attivit\u00e0 commerciali legate al settore dei servizi. Oltre a un ufficio di informazioni turistiche, ci sono alcuni caff\u00e8, negozi di vario genere (articoli da regalo, fioristi, prodotti di gastronomia, ecc.) e il Museo di Preistoria e Archeologia della Cantabria. <\/p>\n\t\t\t\t\t\t\t\t\t<\/div>\n\t\t\t\t\t\t\t\t\t<img decoding=\"async\" src=\"https:\/\/cdn.pilgrim.es\/web\/caminos\/camino-norte\/pueblos\/santander\/puntos-de-interes\/mercado-del-este.jpg\" alt=\"Mercado del Este\">\n\t\t\t\t\t\t\t\t<\/div>\n\t\t\t\t\t\t\t<\/div>\n\t\t\t\t\t\t\n\t\t\t\t\t\t\t<div class=\"accordion__accordion-content inactive\">\n\t\t\t\t\t\t\t\t<div>\n\t\t\t\t\t\t\t\t\t<div>\n\t\t\t\t\t\t\t\t\t\t<h4>Museo de Arte Moderno<\/h4>\n\t\t\t\t\t\t\t\t\t\t<p>Il MAS, fondato nel 1908, \u00e8 nato come museo generalista ed \u00e8 proseguito come museo d&#8217;arte regionale. Oggi \u00e8 un museo d&#8217;arte contemporanea con una proiezione internazionale la cui missione \u00e8 quella di diffondere le pi\u00f9 recenti correnti di pensiero, specializzandosi nell&#8217;arte moderna e contemporanea.\n\n<p>Ha un&#8217;esposizione permanente che comprende sculture, opere sonore, dipinti, video, installazioni&#8230; Oltre a un gran numero di esposizioni temporanee ogni anno.<\/p> <p>\n\t\t\t\t\t\t\t\t\t<\/div>\n\t\t\t\t\t\t\t\t\t<img decoding=\"async\" src=\"https:\/\/cdn.pilgrim.es\/web\/caminos\/camino-norte\/pueblos\/santander\/puntos-de-interes\/museo-de-arte-moderno.jpg\" alt=\"Museo de Arte Moderno\">\n\t\t\t\t\t\t\t\t<\/div>\n\t\t\t\t\t\t\t<\/div>\n\t\t\t\t\t\t\n\t\t\t\t\t\t\t<div class=\"accordion__accordion-content inactive\">\n\t\t\t\t\t\t\t\t<div>\n\t\t\t\t\t\t\t\t\t<div>\n\t\t\t\t\t\t\t\t\t\t<h4>Museo de Prehistoria y arqueologi\u0301a<\/h4>\n\t\t\t\t\t\t\t\t\t\t<p>Situato al piano terra del Mercato Orientale di Santander, il Mercato della Preistoria e dell&#8217;Archeologia ha una superficie di quasi 2.000 m2. Dichiarato Bene di Interesse Culturale, \u00e8 stato ristrutturato nel 1998. Questo museo presenta un&#8217;esposizione che mira a spiegare i diversi modi di vita nella Preistoria e nella Storia della Cantabria. Ospita una grande quantit\u00e0 di supporti audiovisivi e interattivi, poster digitali, scenografie&#8230; <\/p> <p>.\n\t\t\t\t\t\t\t\t\t<\/div>\n\t\t\t\t\t\t\t\t\t<img decoding=\"async\" src=\"https:\/\/cdn.pilgrim.es\/web\/caminos\/camino-norte\/pueblos\/santander\/puntos-de-interes\/museo-de-prehistoria-y-arqueologia.jpg\" alt=\"Museo de Prehistoria y arqueologi\u0301a\">\n\t\t\t\t\t\t\t\t<\/div>\n\t\t\t\t\t\t\t<\/div>\n\t\t\t\t\t\t\n\t\t\t\t\t\t\t<div class=\"accordion__accordion-content inactive\">\n\t\t\t\t\t\t\t\t<div>\n\t\t\t\t\t\t\t\t\t<div>\n\t\t\t\t\t\t\t\t\t\t<h4>Centro de Interpretacio\u0301n de la Muralla<\/h4>\n\t\t\t\t\t\t\t\t\t\t<p>Il Centro di Interpretazione delle Mura ha lo scopo di mostrare l&#8217;ultimo tratto delle mura forali di Santander. Spiega l&#8217;evoluzione della citt\u00e0 attraverso i resti archeologici rinvenuti nella zona: ceramiche, strade piastrellate e strutture di antiche torri appartenute alle famiglie pi\u00f9 ricche della citt\u00e0.\n\n<\/p> <p> <\/p> <p>.\n\n<p>Orario di visita<\/p> <p>Orario di visita<\/p> <p>.\n\n<p>Marted\u00ec alle 19:00Mercoled\u00ec, gioved\u00ec, venerd\u00ec e sabato alle 11:00, 12:00 e 19:00Domenica alle 11:00 e 12:00Luned\u00ec (chiuso)<\/p> <p>Marted\u00ec alle 19:00Mercoled\u00ec, gioved\u00ec, venerd\u00ec e sabato alle 11:00, 12:00 e 19:00Domenica alle 11:00 e 12:00Luned\u00ec (chiuso)<\/p> &lt;p\n\n<p>INFORMAZIONI DI INTERESSE<\/p>\n\n<p>E-mail: turismo@santander.es<\/p>\n\t\t\t\t\t\t\t\t\t<\/div>\n\t\t\t\t\t\t\t\t\t<img decoding=\"async\" src=\"https:\/\/cdn.pilgrim.es\/web\/caminos\/camino-norte\/pueblos\/santander\/puntos-de-interes\/centro-de-interpretacion-de-la-muralla.jpg\" alt=\"Centro de Interpretacio\u0301n de la Muralla\">\n\t\t\t\t\t\t\t\t<\/div>\n\t\t\t\t\t\t\t<\/div>\n\t\t\t\t\t\t\n\t\t\t\t\t\t\t<div class=\"accordion__accordion-content inactive\">\n\t\t\t\t\t\t\t\t<div>\n\t\t\t\t\t\t\t\t\t<div>\n\t\t\t\t\t\t\t\t\t\t<h4>Museo del agua<\/h4>\n\t\t\t\t\t\t\t\t\t\t<p>Il Museo dell&#8217;Acqua, situato a Pronillo (Santander), illustra la storia dell&#8217;approvvigionamento idrico della citt\u00e0 dal 1874 a oggi. Inoltre, il museo invita a scoprire come si svolge il ciclo dell&#8217;acqua, dal momento in cui viene ottenuta dalle montagne dell&#8217;interno di Santander fino a quando viene restituita al Mar Cantabrico.\n\t\t\t\t\t\t\t\t\t<\/div>\n\t\t\t\t\t\t\t\t\t<img decoding=\"async\" src=\"https:\/\/cdn.pilgrim.es\/web\/caminos\/camino-norte\/pueblos\/santander\/puntos-de-interes\/museo-del-agua.jpg\" alt=\"Museo del agua\">\n\t\t\t\t\t\t\t\t<\/div>\n\t\t\t\t\t\t\t<\/div>\n\t\t\t\t\t\t\n\t\t\t\t\t\t\t<div class=\"accordion__accordion-content inactive\">\n\t\t\t\t\t\t\t\t<div>\n\t\t\t\t\t\t\t\t\t<div>\n\t\t\t\t\t\t\t\t\t\t<h4>Palacio de la Riva<\/h4>\n\t\t\t\t\t\t\t\t\t\t<p>Il Palacio de la Riva \u00e8 stato dichiarato Bene di Interesse Culturale ed \u00e8 costituito da un complesso che comprende la torre, le mura e il monumento della casa nobiliare. Fernando de la Riva ristruttur\u00f2 l&#8217;edificio a met\u00e0 del XVI secolo collegando la torre medievale a un corpo orizzontale di due piani con una facciata aperta con un portico di due archi segmentali divisi da una colonna centrale decorata con un capitello corinzio.\n\n<p>Oggi \u00e8 la sede della Fundaci\u00f3n Santander Creativa.\n\t\t\t\t\t\t\t\t\t<\/div>\n\t\t\t\t\t\t\t\t\t<img decoding=\"async\" src=\"https:\/\/cdn.pilgrim.es\/web\/caminos\/camino-norte\/pueblos\/santander\/puntos-de-interes\/palacio-de-la-riva.jpg\" alt=\"Palacio de la Riva\">\n\t\t\t\t\t\t\t\t<\/div>\n\t\t\t\t\t\t\t<\/div>\n\t\t\t\t\t\t\n\t\t\t\t\t\t\t<div class=\"accordion__accordion-content inactive\">\n\t\t\t\t\t\t\t\t<div>\n\t\t\t\t\t\t\t\t\t<div>\n\t\t\t\t\t\t\t\t\t\t<h4>Palacio y jardines de la Magdalena<\/h4>\n\t\t\t\t\t\t\t\t\t\t<p>Situato nella Penisola della Magdalena, il Palazzo e i suoi giardini furono costruiti con l&#8217;obiettivo di essere utilizzati da Alfonso XIII e i lavori iniziarono nel 1909 e furono completati nel 1911. L&#8217;edificio del palazzo ha due ingressi principali, quello settentrionale con un portico e quello meridionale con una scalinata. Le diverse parti del palazzo, compresa la torre, presentano numerose aperture che portano la luce all&#8217;interno dell&#8217;edificio. All&#8217;interno spiccano lo scalone principale e la sala in stile adamitico. \u00c8 decorato con una collezione di mobili, fotografie e dipinti dell&#8217;epoca, tra cui artisti come Sorolla, Sotomayor&#8230;<\/p> <p>\u00c8 decorato con una collezione di mobili, fotografie e dipinti dell&#8217;epoca.\n\n<p>OGGI:<\/p>\n\n<p>Dal luned\u00ec al venerd\u00ec dalle 12:00 alle 13:00 e dalle 16:00 alle 17:00<\/p> <p>Dal luned\u00ec al venerd\u00ec dalle 12:00 alle 13:00 e dalle 16:00 alle 17:00<\/p>\n\t\t\t\t\t\t\t\t\t<\/div>\n\t\t\t\t\t\t\t\t\t<img decoding=\"async\" src=\"https:\/\/cdn.pilgrim.es\/web\/caminos\/camino-norte\/pueblos\/santander\/puntos-de-interes\/palacio-y-jardines-de-la-magdalena.jpg\" alt=\"Palacio y jardines de la Magdalena\">\n\t\t\t\t\t\t\t\t<\/div>\n\t\t\t\t\t\t\t<\/div>\n\t\t\t\t\t\t\n\t\t\t\t\t\t\t<div class=\"accordion__accordion-content inactive\">\n\t\t\t\t\t\t\t\t<div>\n\t\t\t\t\t\t\t\t\t<div>\n\t\t\t\t\t\t\t\t\t\t<h4>Playa del Sardinero<\/h4>\n\t\t\t\t\t\t\t\t\t\t<p>La spiaggia del Sardinero \u00e8 considerata la pi\u00f9 conosciuta della Comunit\u00e0 di Cantabria, in quanto dispone di una moltitudine di servizi e di una Bandiera Blu. \u00c8 lunga circa 330 metri, anche se \u00e8 considerata una spiaggia urbana.\n\t\t\t\t\t\t\t\t\t<\/div>\n\t\t\t\t\t\t\t\t\t<img decoding=\"async\" src=\"https:\/\/cdn.pilgrim.es\/web\/caminos\/camino-norte\/pueblos\/santander\/puntos-de-interes\/playa-del-sardinero.jpg\" alt=\"Playa del Sardinero\">\n\t\t\t\t\t\t\t\t<\/div>\n\t\t\t\t\t\t\t<\/div>\n\t\t\t\t\t\t\n\t\t\t\t\t\t\t<div class=\"accordion__accordion-content inactive\">\n\t\t\t\t\t\t\t\t<div>\n\t\t\t\t\t\t\t\t\t<div>\n\t\t\t\t\t\t\t\t\t\t<h4>Bateria de San Pedro<\/h4>\n\t\t\t\t\t\t\t\t\t\t<p>La batteria di San Pedro del Mar fu costruita intorno all&#8217;omonima cappella nel 1763 e fu progettata da Joaqu\u00edn del Pino. Nel 1807 la batteria d&#8217;artiglieria sub\u00ec una ristrutturazione e successivamente, intorno al 1874, a causa delle guerre carliste, la batteria fu collegata per mezzo di trincee alle fontane della Cabanera e ad altri luoghi che chiudevano l&#8217;istmo della citt\u00e0.<\/p> <p>La Batteria di San Pedro del Mar fu costruita intorno all&#8217;eremo omonimo, nel 1763, e fu progettata da Joaqu\u00edn del Pino.\n\t\t\t\t\t\t\t\t\t<\/div>\n\t\t\t\t\t\t\t\t\t<img decoding=\"async\" src=\"https:\/\/cdn.pilgrim.es\/web\/caminos\/camino-norte\/pueblos\/santander\/puntos-de-interes\/bateria-de-san-pedro.jpg\" alt=\"Bateria de San Pedro\">\n\t\t\t\t\t\t\t\t<\/div>\n\t\t\t\t\t\t\t<\/div>\n\t\t\t\t\t\t\n\t\t\t\t\t\t\t<div class=\"accordion__accordion-content inactive\">\n\t\t\t\t\t\t\t\t<div>\n\t\t\t\t\t\t\t\t\t<div>\n\t\t\t\t\t\t\t\t\t\t<h4>Castillo de la Corbanera<\/h4>\n\t\t\t\t\t\t\t\t\t\t<p>Il Castello di Corbanera \u00e8 un&#8217;antica fortificazione costruita nel 1847 con lo scopo di combattere e proteggere la citt\u00e0 dalle guerre carliste. \u00c8 costituito da una torre principale situata al centro, circondata da un muro circolare sostenuto da quattro torri posizionate strategicamente ai punti cardinali. Il muro ha un diametro di 50 metri ed \u00e8 stato costruito in muratura con malta.\n\t\t\t\t\t\t\t\t\t<\/div>\n\t\t\t\t\t\t\t\t\t<img decoding=\"async\" src=\"https:\/\/cdn.pilgrim.es\/web\/caminos\/camino-norte\/pueblos\/santander\/puntos-de-interes\/castillo-de-la-corbanera.jpg\" alt=\"Castillo de la Corbanera\">\n\t\t\t\t\t\t\t\t<\/div>\n\t\t\t\t\t\t\t<\/div>\n\t\t\t\t\t\t\n\t\t\t\t\t<\/div>\n\t\t\t\t<\/div>\n\t\t\t<\/div>\n\t\t\n\n\t\t<div id=\"phonesSection\">\n\t\t\t<div>\n\t\t\t\t<h2 class=\"p-h3-town\">Informazioni di interesse<\/h2>\n\t\t\t<\/div>\n\t\t\t<div class=\"grid\">\n\t\t\t\t\n\t\t\t\t\t<div class=\"phone-number-item\">\n\t\t\t\t\t\t<div class=\"phone-number-item__icon\"><i class=\"icon-police\"><\/i><\/div>\n\t\t\t\t\t\t<div class=\"phone-number-item__title\">\n\t\t\t\t\t\t\t<h3 class=\"p-font-bold\">Polizia locale<\/h3>\n\t\t\t\t\t\t\t<p>942 200 615<\/p>\n\t\t\t\t\t\t\t\n\t\t\t\t\t\t<\/div>\n\t\t\t\t\t<\/div>\n\t\t\t\t\n\t\t\t\t\t<div class=\"phone-number-item\">\n\t\t\t\t\t\t<div class=\"phone-number-item__icon\"><i class=\"icon-spanish-military-police\"><\/i><\/div>\n\t\t\t\t\t\t<div class=\"phone-number-item__title\">\n\t\t\t\t\t\t\t<h3 class=\"p-font-bold\">Guardia civile<\/h3>\n\t\t\t\t\t\t\t<p>942 211 117<\/p>\n\t\t\t\t\t\t\t\n\t\t\t\t\t\t<\/div>\n\t\t\t\t\t<\/div>\n\t\t\t\t\n\t\t\t\t\t<div class=\"phone-number-item\">\n\t\t\t\t\t\t<div class=\"phone-number-item__icon\"><i class=\"icon-firefighters\"><\/i><\/div>\n\t\t\t\t\t\t<div class=\"phone-number-item__title\">\n\t\t\t\t\t\t\t<h3 class=\"p-font-bold\">Vigili del fuoco<\/h3>\n\t\t\t\t\t\t\t<p>942 200 828<\/p>\n\t\t\t\t\t\t\t\n\t\t\t\t\t\t<\/div>\n\t\t\t\t\t<\/div>\n\t\t\t\t\n\t\t\t\t\t<div class=\"phone-number-item\">\n\t\t\t\t\t\t<div class=\"phone-number-item__icon\"><i class=\"icon-civil-protection\"><\/i><\/div>\n\t\t\t\t\t\t<div class=\"phone-number-item__title\">\n\t\t\t\t\t\t\t<h3 class=\"p-font-bold\">Protezione civile<\/h3>\n\t\t\t\t\t\t\t<p>942 999 125<\/p>\n\t\t\t\t\t\t\t\n\t\t\t\t\t\t<\/div>\n\t\t\t\t\t<\/div>\n\t\t\t\t\n\t\t\t\t\t<div class=\"phone-number-item\">\n\t\t\t\t\t\t<div class=\"phone-number-item__icon\"><i class=\"icon-town-council\"><\/i><\/div>\n\t\t\t\t\t\t<div class=\"phone-number-item__title\">\n\t\t\t\t\t\t\t<h3 class=\"p-font-bold\">Municipio<\/h3>\n\t\t\t\t\t\t\t<p>942 200 600<\/p>\n\t\t\t\t\t\t\t\n\t\t\t\t\t\t<\/div>\n\t\t\t\t\t<\/div>\n\t\t\t\t\n\t\t\t\t\t<div class=\"phone-number-item\">\n\t\t\t\t\t\t<div class=\"phone-number-item__icon\"><i class=\"icon-hospital\"><\/i><\/div>\n\t\t\t\t\t\t<div class=\"phone-number-item__title\">\n\t\t\t\t\t\t\t<h3 class=\"p-font-bold\">Centro sanitario<\/h3>\n\t\t\t\t\t\t\t<p>942 202 770 \/ 942 612 914<\/p>\n\t\t\t\t\t\t\t\n\t\t\t\t\t\t<\/div>\n\t\t\t\t\t<\/div>\n\t\t\t\t\n\t\t\t\t\t<div class=\"phone-number-item\">\n\t\t\t\t\t\t<div class=\"phone-number-item__icon\"><i class=\"icon-tourism\"><\/i><\/div>\n\t\t\t\t\t\t<div class=\"phone-number-item__title\">\n\t\t\t\t\t\t\t<h3 class=\"p-font-bold\">Ufficio turistico<\/h3>\n\t\t\t\t\t\t\t<p>942 310 708; Horario: todos los d\u00edas de 09:00 a 21:00<\/p>\n\t\t\t\t\t\t\t\n\t\t\t\t\t\t<\/div>\n\t\t\t\t\t<\/div>\n\t\t\t\t\n\t\t\t<\/div>\n\t\t<\/div>\n\n\t\t<div id=\"clientForm\">\n        <section>\n        <img decoding=\"async\" src=\"https:\/\/cdn.pilgrim.es\/web\/home\/email-contacto.png\" alt=\"contacto\">\n        <div>\n            <p>Ti inviamo la tua pianificazione<\/p>\n            <p>Forniscici i tuoi dati e ricevi la pianificazione del tuo viaggio via email <\/p>\n            <form method=\"post\" data-url=\"\/wp-admin\/admin-ajax.php\" id=\"planner--client\" class=\"flag-right form-client\">\n    <div class=\"form-data\">\n        <input name=\"form_id\" type=\"hidden\" value=\"Formulario Leads\">\n        <input name=\"type\" type=\"hidden\" value=\"planner_client\">\n        <input type=\"text\" name=\"nombre\" value=\"\" size=\"40\" class=\"form-control\" aria-required=\"true\" aria-invalid=\"false\" placeholder=\"Nome\">\n        <input type=\"email\" name=\"email\" value=\"\" size=\"40\" class=\"form-control\" aria-required=\"true\" aria-invalid=\"false\" placeholder=\"Mail\">\n        <input type=\"text\" id=\"phone-input\" name=\"tel\" value=\"\" size=\"40\" class=\"phone-input form-control\" aria-required=\"true\" aria-invalid=\"false\" placeholder=\"Telefono\">\n        <input type=\"hidden\" name=\"telefono\">\n    <\/div>\n    <div class=\"form-checkbox\">\n        <span>\n            Pilgrim Travel. S.L. informa, come previsto dal Regolamento 2016\/679, che i dati utilizzati in questo modulo verranno utilizzati sia per la risposta delle eventuali consultazioni sia per la pub-blicazione dei commenti, essendo il consenso dell'utente la base di legittimazione. Potranno esse-re esercitati i diritti in conformit\u00e0 con quanto stabilito dalla nostra             <a href=\"https:\/\/www.pilgrim.es\/it\/informativa-sulla-privacy\/\" target=\"_blank\" rel=\"noopener noreferrer nofollow\">Politica di privacy.<\/a>\n        <\/span>\n    <\/div>\n\n    <div class=\"form-submit\">\n        <button id=\"planner--client-create\" type=\"submit\">Formulario di contatto<\/button>\n        <div class=\"loadingDiv\"><i class=\"p-spinner\"><\/i><\/div>\n    <\/div>\n\n    <div class=\"contact-content-form-success\">\n        <p><i class=\"fas fa-check\"><\/i> Il modulo \u00e8 stato inviato correttamente<\/p>\n    <\/div>\n\n    <div class=\"contact-content-form-error\">\n        <span class=\"input-error\"><\/span>\n    <\/div>\n<\/form>        <\/div>\n    <\/section>\n<\/div>\n\n\t\t<div id=\"recomendationSection\">\n\t\t\t<div>\n\t\t\t\t<h2 class=\"p-h2-town\">Consigliato<\/h2>\n\t\t\t\t<hr>\n\t\t\t\t<h3 class=\"p-h3-town\">Gastronomia<\/h3>\n\t\t\t<\/div>\n\t\t\tLa gastronomia tradizionale di Santander comprende amayuelas, morgueras, panchos, triglie, bocartes, branzini, sardine, calamari, chachones, vongole, bonito, acciughe e orate.\n\nNella sezione carne spiccano il manzo, il vitello, il vitello di un anno, la giovenca e il bue, ma va detto che le ricette pi\u00f9 tradizionali sono per lo pi\u00f9 a base di pesce o frutti di mare, rabas, rosquillas dobles, branzino, sardine e morguera. Anche il Cocido monta\u00f1\u00e9s \u00e8 molto tipico.\n\t\t<\/div>\n\n\n\t\t\n\t\t\t<div id=\"holidaysSection\">\n\t\t\t\t<div>\n\t\t\t\t\t<h2 class=\"p-h2-town\">Consigliato<\/h2>\n\t\t\t\t\t<hr>\n\t\t\t\t\t<h3 class=\"p-h3-town\">Festival e pellegrinaggi<\/h3>\n\t\t\t\t<\/div>\n\t\t\t\t<div class=\"grid holidays-grid\">\n\t\t\t\t\t\n\t\t\t\t\t\t<div>\n\t\t\t\t\t\t\t<div class=\"phone-number-item\">\n\t\t\t\t\t\t\t\t<div class=\"phone-number-item__icon\"><i class=\"icon-holiday\"><\/i><\/div>\n\t\t\t\t\t\t\t\t<div class=\"phone-number-item__title dark-text\">\n\t\t\t\t\t\t\t\t\t<p class=\"p-font-bold\">Vacanza locale<\/p>\n\t\t\t\t\t\t\t\t\t<p>24 de junio: San Juan<\/p>\n\t\t\t\t\t\t\t\t<\/div>\n\t\t\t\t\t\t\t<\/div>\n\t\t\t\t\t\t<\/div>\n\t\t\t\t\t\n\t\t\t\t\t\t<div>\n\t\t\t\t\t\t\t<div class=\"phone-number-item\">\n\t\t\t\t\t\t\t\t<div class=\"phone-number-item__icon\"><i class=\"icon-holiday\"><\/i><\/div>\n\t\t\t\t\t\t\t\t<div class=\"phone-number-item__title dark-text\">\n\t\t\t\t\t\t\t\t\t<p class=\"p-font-bold\">Vacanza locale<\/p>\n\t\t\t\t\t\t\t\t\t<p>25 de julio: Fiesta de Santiago Ap\u00f3stol<\/p>\n\t\t\t\t\t\t\t\t<\/div>\n\t\t\t\t\t\t\t<\/div>\n\t\t\t\t\t\t<\/div>\n\t\t\t\t\t\n\t\t\t\t\t\t<div>\n\t\t\t\t\t\t\t<div class=\"phone-number-item\">\n\t\t\t\t\t\t\t\t<div class=\"phone-number-item__icon\"><i class=\"icon-holiday\"><\/i><\/div>\n\t\t\t\t\t\t\t\t<div class=\"phone-number-item__title dark-text\">\n\t\t\t\t\t\t\t\t\t<p class=\"p-font-bold\">Vacanza locale<\/p>\n\t\t\t\t\t\t\t\t\t<p>30 de agosto: Fiesta de los Santos M\u00e1rtires<\/p>\n\t\t\t\t\t\t\t\t<\/div>\n\t\t\t\t\t\t\t<\/div>\n\t\t\t\t\t\t<\/div>\n\t\t\t\t\t\n\t\t\t\t\t\t<div>\n\t\t\t\t\t\t\t<div class=\"phone-number-item\">\n\t\t\t\t\t\t\t\t<div class=\"phone-number-item__icon\"><i class=\"icon-holiday\"><\/i><\/div>\n\t\t\t\t\t\t\t\t<div class=\"phone-number-item__title dark-text\">\n\t\t\t\t\t\t\t\t\t<p class=\"p-font-bold\">Vacanza locale<\/p>\n\t\t\t\t\t\t\t\t\t<p>Lunes de pentecost\u00e9s: Fiesta de la Virgen del Mar<\/p>\n\t\t\t\t\t\t\t\t<\/div>\n\t\t\t\t\t\t\t<\/div>\n\t\t\t\t\t\t<\/div>\n\t\t\t\t\t\n\t\t\t\t\t\t<div>\n\t\t\t\t\t\t\t<div class=\"phone-number-item\">\n\t\t\t\t\t\t\t\t<div class=\"phone-number-item__icon\"><i class=\"icon-holiday\"><\/i><\/div>\n\t\t\t\t\t\t\t\t<div class=\"phone-number-item__title dark-text\">\n\t\t\t\t\t\t\t\t\t<p class=\"p-font-bold\">Vacanza locale<\/p>\n\t\t\t\t\t\t\t\t\t<p>Primer domingo de junio: D\u00eda infantil<\/p>\n\t\t\t\t\t\t\t\t<\/div>\n\t\t\t\t\t\t\t<\/div>\n\t\t\t\t\t\t<\/div>\n\t\t\t\t\t\n\t\t\t\t\t\t<div>\n\t\t\t\t\t\t\t<div class=\"phone-number-item\">\n\t\t\t\t\t\t\t\t<div class=\"phone-number-item__icon\"><i class=\"icon-holiday\"><\/i><\/div>\n\t\t\t\t\t\t\t\t<div class=\"phone-number-item__title dark-text\">\n\t\t\t\t\t\t\t\t\t<p class=\"p-font-bold\">Vacanza locale<\/p>\n\t\t\t\t\t\t\t\t\t<p>30 de agosto al 2 de septiembre: Festival del mar<\/p>\n\t\t\t\t\t\t\t\t<\/div>\n\t\t\t\t\t\t\t<\/div>\n\t\t\t\t\t\t<\/div>\n\t\t\t\t\t\n\t\t\t\t\t\t<div>\n\t\t\t\t\t\t\t<div class=\"phone-number-item\">\n\t\t\t\t\t\t\t\t<div class=\"phone-number-item__icon\"><i class=\"icon-holiday\"><\/i><\/div>\n\t\t\t\t\t\t\t\t<div class=\"phone-number-item__title dark-text\">\n\t\t\t\t\t\t\t\t\t<p class=\"p-font-bold\">Vacanza locale<\/p>\n\t\t\t\t\t\t\t\t\t<p>15 de septiembre: Fiesta de la Virgen de la Bien Aparecida<\/p>\n\t\t\t\t\t\t\t\t<\/div>\n\t\t\t\t\t\t\t<\/div>\n\t\t\t\t\t\t<\/div>\n\t\t\t\t\t\n\t\t\t\t<\/div>\n\t\t\t<\/div>\n\t\t\n\t<\/div>\n<\/section>\n\n<div id=\"stage_list_section\"><div class=\"stage-list\">\n    <div class='stage-list__map-card'>\n        <div class='stage-list__map-card__map'>\n            <div class='stage-list__map-card__map__text'>\n                <h2> Pages <\/h2>\n                <p> A piedi<\/p>\n                <p> 0tappe<\/p>\n            <\/div>\n            <div class='stage-list__map-card__map__img'>\n                <img decoding=\"async\" src=\"\" alt=\" mapa \" \/>\n            <\/div>\n        <\/div>\n    <\/div>\n\n    <\/div>\n<\/div> ","protected":false},"excerpt":{"rendered":"<p>Santander &#8249; Ritorno al palcoscenico Santander Abitanti: 173.957 aprox. Provincia: Cantabria Informazioni Get to know Santander La citt\u00e0 di Santander \u00e8 una delle citt\u00e0 pi\u00f9 grandi della Spagna. Vale la pena ricordare che, oltre ad avere la met\u00e0 degli abitanti dell&#8217;intera provincia di Cantabria, in estate la sua popolazione raddoppia grazie all&#8217;influenza del turismo. Si &hellip; <\/p>\n<p class=\"read_more\"><a href=\"https:\/\/www.pilgrim.es\/it\/cammino-nord\/santander\/\">Leer m\u00e1s<\/a><\/p>\n","protected":false},"author":0,"featured_media":8445,"parent":10817,"menu_order":0,"comment_status":"closed","ping_status":"closed","template":"views\/template-new-web-design.blade.php","meta":{"footnotes":""},"categories":[],"tags":[],"class_list":["post-91275","page","type-page","status-publish","has-post-thumbnail","hentry"],"yoast_head":"<!-- This site is optimized with the Yoast SEO plugin v27.4 - https:\/\/yoast.com\/product\/yoast-seo-wordpress\/ -->\n<title>Santander: Cosa vedere e dove dormire | Cammino di Santiago | Pilgrim<\/title>\n<meta name=\"description\" content=\"Santander Scopri tutte le informazioni su dove alloggiare, come arrivare, cosa mangiare e sui principali punti di interesse delle localit\u00e0 lungo il Cammino del Nord.\" \/>\n<meta name=\"robots\" content=\"index, follow, max-snippet:-1, max-image-preview:large, max-video-preview:-1\" \/>\n<link rel=\"canonical\" href=\"https:\/\/www.pilgrim.es\/it\/cammino-nord\/santander\/\" \/>\n<meta property=\"og:locale\" content=\"it_IT\" \/>\n<meta property=\"og:type\" content=\"article\" \/>\n<meta property=\"og:title\" content=\"Santander: Cosa vedere e dove dormire | Cammino di Santiago | Pilgrim\" \/>\n<meta property=\"og:description\" content=\"Santander Scopri tutte le informazioni su dove alloggiare, come arrivare, cosa mangiare e sui principali punti di interesse delle localit\u00e0 lungo il Cammino del Nord.\" \/>\n<meta property=\"og:url\" content=\"https:\/\/www.pilgrim.es\/it\/cammino-nord\/santander\/\" \/>\n<meta property=\"og:site_name\" content=\"Pilgrim\" \/>\n<meta property=\"article:publisher\" content=\"https:\/\/www.facebook.com\/pilgrim.es\/\" \/>\n<meta property=\"og:image\" content=\"https:\/\/www.pilgrim.es\/wp-content\/uploads\/2019\/02\/santander1.jpg\" \/>\n\t<meta property=\"og:image:width\" content=\"1024\" \/>\n\t<meta property=\"og:image:height\" content=\"721\" \/>\n\t<meta property=\"og:image:type\" content=\"image\/jpeg\" \/>\n<meta name=\"twitter:card\" content=\"summary_large_image\" \/>\n<meta name=\"twitter:site\" content=\"@pilgrim_es\" \/>\n<meta name=\"twitter:label1\" content=\"Tempo di lettura stimato\" \/>\n\t<meta name=\"twitter:data1\" content=\"16 minuti\" \/>\n<script type=\"application\/ld+json\" class=\"yoast-schema-graph\">{\"@context\":\"https:\\\/\\\/schema.org\",\"@graph\":[{\"@type\":\"WebPage\",\"@id\":\"https:\\\/\\\/www.pilgrim.es\\\/it\\\/cammino-nord\\\/santander\\\/\",\"url\":\"https:\\\/\\\/www.pilgrim.es\\\/it\\\/cammino-nord\\\/santander\\\/\",\"name\":\"Santander: Cosa vedere e dove dormire | Cammino di Santiago | Pilgrim\",\"isPartOf\":{\"@id\":\"https:\\\/\\\/www.pilgrim.es\\\/it\\\/#website\"},\"primaryImageOfPage\":{\"@id\":\"https:\\\/\\\/www.pilgrim.es\\\/it\\\/cammino-nord\\\/santander\\\/#primaryimage\"},\"image\":{\"@id\":\"https:\\\/\\\/www.pilgrim.es\\\/it\\\/cammino-nord\\\/santander\\\/#primaryimage\"},\"thumbnailUrl\":\"https:\\\/\\\/www.pilgrim.es\\\/wp-content\\\/uploads\\\/2019\\\/02\\\/santander1.jpg\",\"datePublished\":\"2025-03-17T14:46:49+00:00\",\"description\":\"Santander Scopri tutte le informazioni su dove alloggiare, come arrivare, cosa mangiare e sui principali punti di interesse delle localit\u00e0 lungo il Cammino del Nord.\",\"breadcrumb\":{\"@id\":\"https:\\\/\\\/www.pilgrim.es\\\/it\\\/cammino-nord\\\/santander\\\/#breadcrumb\"},\"inLanguage\":\"it-IT\",\"potentialAction\":[{\"@type\":\"ReadAction\",\"target\":[\"https:\\\/\\\/www.pilgrim.es\\\/it\\\/cammino-nord\\\/santander\\\/\"]}]},{\"@type\":\"ImageObject\",\"inLanguage\":\"it-IT\",\"@id\":\"https:\\\/\\\/www.pilgrim.es\\\/it\\\/cammino-nord\\\/santander\\\/#primaryimage\",\"url\":\"https:\\\/\\\/www.pilgrim.es\\\/wp-content\\\/uploads\\\/2019\\\/02\\\/santander1.jpg\",\"contentUrl\":\"https:\\\/\\\/www.pilgrim.es\\\/wp-content\\\/uploads\\\/2019\\\/02\\\/santander1.jpg\",\"width\":1024,\"height\":721,\"caption\":\"Santander\"},{\"@type\":\"BreadcrumbList\",\"@id\":\"https:\\\/\\\/www.pilgrim.es\\\/it\\\/cammino-nord\\\/santander\\\/#breadcrumb\",\"itemListElement\":[{\"@type\":\"ListItem\",\"position\":1,\"name\":\"Camino de Santiago\",\"item\":\"https:\\\/\\\/www.pilgrim.es\\\/it\\\/\"},{\"@type\":\"ListItem\",\"position\":2,\"name\":\"Cammino del Nord\",\"item\":\"https:\\\/\\\/www.pilgrim.es\\\/it\\\/cammino-nord\\\/\"},{\"@type\":\"ListItem\",\"position\":3,\"name\":\"Santander\"}]},{\"@type\":\"WebSite\",\"@id\":\"https:\\\/\\\/www.pilgrim.es\\\/it\\\/#website\",\"url\":\"https:\\\/\\\/www.pilgrim.es\\\/it\\\/\",\"name\":\"Pilgrim\",\"description\":\"Camino de Santiago | Caminamos Contigo\",\"publisher\":{\"@id\":\"https:\\\/\\\/www.pilgrim.es\\\/it\\\/#organization\"},\"potentialAction\":[{\"@type\":\"SearchAction\",\"target\":{\"@type\":\"EntryPoint\",\"urlTemplate\":\"https:\\\/\\\/www.pilgrim.es\\\/it\\\/?s={search_term_string}\"},\"query-input\":{\"@type\":\"PropertyValueSpecification\",\"valueRequired\":true,\"valueName\":\"search_term_string\"}}],\"inLanguage\":\"it-IT\"},{\"@type\":\"Organization\",\"@id\":\"https:\\\/\\\/www.pilgrim.es\\\/it\\\/#organization\",\"name\":\"Pilgrim Camino de Santiago\",\"url\":\"https:\\\/\\\/www.pilgrim.es\\\/it\\\/\",\"logo\":{\"@type\":\"ImageObject\",\"inLanguage\":\"it-IT\",\"@id\":\"https:\\\/\\\/www.pilgrim.es\\\/it\\\/#\\\/schema\\\/logo\\\/image\\\/\",\"url\":\"https:\\\/\\\/www.pilgrim.es\\\/wp-content\\\/uploads\\\/2019\\\/04\\\/logo_pilgrim.png\",\"contentUrl\":\"https:\\\/\\\/www.pilgrim.es\\\/wp-content\\\/uploads\\\/2019\\\/04\\\/logo_pilgrim.png\",\"width\":512,\"height\":512,\"caption\":\"Pilgrim Camino de Santiago\"},\"image\":{\"@id\":\"https:\\\/\\\/www.pilgrim.es\\\/it\\\/#\\\/schema\\\/logo\\\/image\\\/\"},\"sameAs\":[\"https:\\\/\\\/www.facebook.com\\\/pilgrim.es\\\/\",\"https:\\\/\\\/x.com\\\/pilgrim_es\",\"https:\\\/\\\/www.instagram.com\\\/pilgrim.es\\\/\",\"https:\\\/\\\/www.linkedin.com\\\/company\\\/pilgrim-camino-de-santiago\\\/\",\"https:\\\/\\\/www.pinterest.es\\\/pilgrimcaminodesantiago\\\/\",\"https:\\\/\\\/www.youtube.com\\\/channel\\\/UCIv2ZzFLXVqthkNF32rKedw\\\/featured\"]}]}<\/script>\n<!-- \/ Yoast SEO plugin. -->","yoast_head_json":{"title":"Santander: Cosa vedere e dove dormire | Cammino di Santiago | Pilgrim","description":"Santander Scopri tutte le informazioni su dove alloggiare, come arrivare, cosa mangiare e sui principali punti di interesse delle localit\u00e0 lungo il Cammino del Nord.","robots":{"index":"index","follow":"follow","max-snippet":"max-snippet:-1","max-image-preview":"max-image-preview:large","max-video-preview":"max-video-preview:-1"},"canonical":"https:\/\/www.pilgrim.es\/it\/cammino-nord\/santander\/","og_locale":"it_IT","og_type":"article","og_title":"Santander: Cosa vedere e dove dormire | Cammino di Santiago | Pilgrim","og_description":"Santander Scopri tutte le informazioni su dove alloggiare, come arrivare, cosa mangiare e sui principali punti di interesse delle localit\u00e0 lungo il Cammino del Nord.","og_url":"https:\/\/www.pilgrim.es\/it\/cammino-nord\/santander\/","og_site_name":"Pilgrim","article_publisher":"https:\/\/www.facebook.com\/pilgrim.es\/","og_image":[{"width":1024,"height":721,"url":"https:\/\/www.pilgrim.es\/wp-content\/uploads\/2019\/02\/santander1.jpg","type":"image\/jpeg"}],"twitter_card":"summary_large_image","twitter_site":"@pilgrim_es","twitter_misc":{"Tempo di lettura stimato":"16 minuti"},"schema":{"@context":"https:\/\/schema.org","@graph":[{"@type":"WebPage","@id":"https:\/\/www.pilgrim.es\/it\/cammino-nord\/santander\/","url":"https:\/\/www.pilgrim.es\/it\/cammino-nord\/santander\/","name":"Santander: Cosa vedere e dove dormire | Cammino di Santiago | Pilgrim","isPartOf":{"@id":"https:\/\/www.pilgrim.es\/it\/#website"},"primaryImageOfPage":{"@id":"https:\/\/www.pilgrim.es\/it\/cammino-nord\/santander\/#primaryimage"},"image":{"@id":"https:\/\/www.pilgrim.es\/it\/cammino-nord\/santander\/#primaryimage"},"thumbnailUrl":"https:\/\/www.pilgrim.es\/wp-content\/uploads\/2019\/02\/santander1.jpg","datePublished":"2025-03-17T14:46:49+00:00","description":"Santander Scopri tutte le informazioni su dove alloggiare, come arrivare, cosa mangiare e sui principali punti di interesse delle localit\u00e0 lungo il Cammino del Nord.","breadcrumb":{"@id":"https:\/\/www.pilgrim.es\/it\/cammino-nord\/santander\/#breadcrumb"},"inLanguage":"it-IT","potentialAction":[{"@type":"ReadAction","target":["https:\/\/www.pilgrim.es\/it\/cammino-nord\/santander\/"]}]},{"@type":"ImageObject","inLanguage":"it-IT","@id":"https:\/\/www.pilgrim.es\/it\/cammino-nord\/santander\/#primaryimage","url":"https:\/\/www.pilgrim.es\/wp-content\/uploads\/2019\/02\/santander1.jpg","contentUrl":"https:\/\/www.pilgrim.es\/wp-content\/uploads\/2019\/02\/santander1.jpg","width":1024,"height":721,"caption":"Santander"},{"@type":"BreadcrumbList","@id":"https:\/\/www.pilgrim.es\/it\/cammino-nord\/santander\/#breadcrumb","itemListElement":[{"@type":"ListItem","position":1,"name":"Camino de Santiago","item":"https:\/\/www.pilgrim.es\/it\/"},{"@type":"ListItem","position":2,"name":"Cammino del Nord","item":"https:\/\/www.pilgrim.es\/it\/cammino-nord\/"},{"@type":"ListItem","position":3,"name":"Santander"}]},{"@type":"WebSite","@id":"https:\/\/www.pilgrim.es\/it\/#website","url":"https:\/\/www.pilgrim.es\/it\/","name":"Pilgrim","description":"Camino de Santiago | Caminamos Contigo","publisher":{"@id":"https:\/\/www.pilgrim.es\/it\/#organization"},"potentialAction":[{"@type":"SearchAction","target":{"@type":"EntryPoint","urlTemplate":"https:\/\/www.pilgrim.es\/it\/?s={search_term_string}"},"query-input":{"@type":"PropertyValueSpecification","valueRequired":true,"valueName":"search_term_string"}}],"inLanguage":"it-IT"},{"@type":"Organization","@id":"https:\/\/www.pilgrim.es\/it\/#organization","name":"Pilgrim Camino de Santiago","url":"https:\/\/www.pilgrim.es\/it\/","logo":{"@type":"ImageObject","inLanguage":"it-IT","@id":"https:\/\/www.pilgrim.es\/it\/#\/schema\/logo\/image\/","url":"https:\/\/www.pilgrim.es\/wp-content\/uploads\/2019\/04\/logo_pilgrim.png","contentUrl":"https:\/\/www.pilgrim.es\/wp-content\/uploads\/2019\/04\/logo_pilgrim.png","width":512,"height":512,"caption":"Pilgrim Camino de Santiago"},"image":{"@id":"https:\/\/www.pilgrim.es\/it\/#\/schema\/logo\/image\/"},"sameAs":["https:\/\/www.facebook.com\/pilgrim.es\/","https:\/\/x.com\/pilgrim_es","https:\/\/www.instagram.com\/pilgrim.es\/","https:\/\/www.linkedin.com\/company\/pilgrim-camino-de-santiago\/","https:\/\/www.pinterest.es\/pilgrimcaminodesantiago\/","https:\/\/www.youtube.com\/channel\/UCIv2ZzFLXVqthkNF32rKedw\/featured"]}]}},"_links":{"self":[{"href":"https:\/\/www.pilgrim.es\/it\/wp-json\/wp\/v2\/pages\/91275","targetHints":{"allow":["GET"]}}],"collection":[{"href":"https:\/\/www.pilgrim.es\/it\/wp-json\/wp\/v2\/pages"}],"about":[{"href":"https:\/\/www.pilgrim.es\/it\/wp-json\/wp\/v2\/types\/page"}],"replies":[{"embeddable":true,"href":"https:\/\/www.pilgrim.es\/it\/wp-json\/wp\/v2\/comments?post=91275"}],"version-history":[{"count":0,"href":"https:\/\/www.pilgrim.es\/it\/wp-json\/wp\/v2\/pages\/91275\/revisions"}],"up":[{"embeddable":true,"href":"https:\/\/www.pilgrim.es\/it\/wp-json\/wp\/v2\/pages\/10817"}],"wp:featuredmedia":[{"embeddable":true,"href":"https:\/\/www.pilgrim.es\/it\/wp-json\/wp\/v2\/media\/8445"}],"wp:attachment":[{"href":"https:\/\/www.pilgrim.es\/it\/wp-json\/wp\/v2\/media?parent=91275"}],"wp:term":[{"taxonomy":"category","embeddable":true,"href":"https:\/\/www.pilgrim.es\/it\/wp-json\/wp\/v2\/categories?post=91275"},{"taxonomy":"post_tag","embeddable":true,"href":"https:\/\/www.pilgrim.es\/it\/wp-json\/wp\/v2\/tags?post=91275"}],"curies":[{"name":"wp","href":"https:\/\/api.w.org\/{rel}","templated":true}]}}