{"id":91257,"date":"2025-03-17T14:40:48","date_gmt":"2025-03-17T14:40:48","guid":{"rendered":"https:\/\/www.pilgrim.es\/cammino-nord\/bilbao\/"},"modified":"2025-03-17T14:40:48","modified_gmt":"2025-03-17T14:40:48","slug":"bilbao","status":"publish","type":"page","link":"https:\/\/www.pilgrim.es\/it\/cammino-nord\/bilbao\/","title":{"rendered":"Bilbao"},"content":{"rendered":" <section id=\"hero\">\n\t<h1>Bilbao<\/h1>\n\t<div class=\"hero-grid\">\n\t\t<div class=\"hero-grid__town-col\" data-background=\"https:\/\/cdn.pilgrim.es\/web\/caminos\/camino-norte\/pueblos\/bilbao.jpg\">\n\t\t\t<div>\n\t\t\t\t<a class=\"link-to-stage\" href=\"https:\/\/www.pilgrim.es\/camino-norte\/etapa-7-lezama-bilbao\/\">\n\t\t\t\t\t<p>&#8249; Ritorno al palcoscenico<\/p>\n\t\t\t\t<\/a>\n\n\t\t\t\t<div class=\"town-data\">\n\t\t\t\t\t<h2>Bilbao<\/h2>\n\t\t\t\t\t<ul>\n\t\t\t\t\t\t<li>Abitanti: 345.151 aprox.<\/li>\n\t\t\t\t\t\t<li>Provincia: Bizkaia<\/li>\n\t\t\t\t\t<\/ul>\n\t\t\t\t<\/div>\n\t\t\t<\/div>\n\t\t<\/div>\n\t\t<div class=\"hero-grid__planner-col\"><div\r\n  class=\"p-col-span-1 p-rounded-lg p-px-5 p-h-full\"\r\n  style=\"background-image: url('https:\/\/cdn.pilgrim.es\/web\/pilgrim-planner\/bg-plugin-planificador.webp')\"\r\n  rel=\"preload\"\r\n  fetchpriority=\"high\"\r\n  >\r\n    <div class=\"p-text-center p-pt-5 p-text-white p-text-2xl p-font-semibold\">\r\n      Pianifica il tuo cammino    <\/div>\r\n    <div\r\n            id='primary-app'\r\n            data-name='banner'\r\n            data-api='https:\/\/pathfinder.pilgrim.es\/api\/pathfinder\/v2'\r\n            data-mode='normal'\r\n            data-lang='it'\r\n            data-route='1'\r\n            data-destiny='https:\/\/planificador.pilgrim.es'\r\n            data-modality='1'\r\n            data-inline=''\r\n        ><\/div><\/div><\/div>\n\t<\/div>\n<\/section>\n\n<section id=\"infoTown\">\n\t<div class=\"sections-town\">\n\n\t\t<div id=\"informationSection\">\n\t\t\t<div>\n\t\t\t\t<h2 class=\"p-h2-town\">Informazioni<\/h2>\n\t\t\t\t<hr>\n\t\t\t\t<h3 class=\"p-h3-town\">Get to know Bilbao<\/h3>\n\t\t\t<\/div>\n\t\t\t<p>Bilbao \u00e8 la prossima citt\u00e0 che i pellegrini incontreranno sul cammino di Santiago. Oltre ad essere la citt\u00e0 pi\u00f9 popolata della comunit\u00e0 autonoma, \u00e8 stata premiata dalla fondazione britannica &#8220;The City Mayors&#8221;, grazie alla trasformazione urbana che ha subito dal 1990.<\/p> <p>In questa citt\u00e0 si pu\u00f2 godere di un vasto patrimonio storico, di un&#8217;ampia variet\u00e0 di risorse turistiche e di una grande variet\u00e0 gastronomica.\n\t\t<\/div>\n\n\t\t<div id=\"locationSection\">\n\t\t\t<div>\n\t\t\t\t<h2 class=\"p-h2-town\">Posizione<\/h2>\n\t\t\t\t<hr>\n\t\t\t\t<h3 class=\"p-h3-town\">Come arrivare<\/h3>\n\t\t\t<\/div>\n\t\t\t<p>Grazie alle autostrade A-8 e AP-8, la citt\u00e0 \u00e8 perfettamente collegata al nord del Paese, in quanto queste strade collegano Ir\u00fan con Lugo, la AP-68 collega Arag\u00f3n con i Paesi Baschi e le strade nazionali N-634 e N-637 collegano San Sebasti\u00e1n con Santiago de Compostela.\n\n<p>L&#8217;opzione dell&#8217;autobus vi permetter\u00e0 di raggiungere comodamente la citt\u00e0. Si pu\u00f2 arrivare da \u00c1vila, Gipuzkoa, Madrid, Barcellona, Salamanca, San Sebasti\u00e1n, Oviedo, Avil\u00e9s, tra le altre citt\u00e0 e diversi punti internazionali grazie alle compagnie Alsa, Pesa, IRB Castro, Bilman Bus, Vibasa, Secorbus, ecc.<\/p> <p>.\n\n<p>La citt\u00e0 dispone anche di una stazione ferroviaria che offre linee per Muskiz, Santurtzi, Ordu\u00f1a, Castej\u00f3n, Madrid, Santander, Le\u00f3n, tra le altre localit\u00e0.<\/p> <p>La citt\u00e0 dispone anche di una stazione ferroviaria che offre linee per Muskiz, Santurtzi, Ordu\u00f1a, Castej\u00f3n, Madrid, Santander, Le\u00f3n, tra le altre localit\u00e0.\n\n<p>L&#8217;aeroporto della citt\u00e0 si trova a 12 km dalla citt\u00e0 e offre voli regolari operati da un totale di 20 compagnie aeree.<\/p> <p>L&#8217;aeroporto della citt\u00e0 si trova a 12 km dalla citt\u00e0 e offre voli regolari operati da un totale di 20 compagnie aeree.<\/p> <p>L&#8217;aeroporto si trova a 12 km dalla citt\u00e0.\n\t\t\t<div>\n\t\t\t\t<div>\n  <iframe loading=\"lazy\"\n    src=\"https:\/\/www.google.com\/maps\/d\/embed?mid=1xKJ11JTsSv3BnwGfEpBZJW5FMawUKxA&amp;ehbc=2E312F\"\n    width=\"640\"\n    height=\"480\"\n    alt=\"Mapa Bilbao\"\n  ><\/iframe>\n<\/div>\n\n\t\t\t<\/div>\n\t\t<\/div>\n\n\t\t\n\t\t\t<div id=\"toVisitSection\">\n\t\t\t\t<div>\n\t\t\t\t\t<h2 class=\"p-h2-town\">Storia \/ Cultura<\/h2>\n\t\t\t\t\t<hr>\n\t\t\t\t\t<h3 class=\"p-h3-town\">Cosa vedere<\/h3>\n\t\t\t\t<\/div>\n\t\t\t\t<div>\n\t\t\t\t\t<div class=\"accordion\">\n\t\t\t\t\t\t<div class=\"accordion__menu\">\n\t\t\t\t\t\t\t<nav>\n\t\t\t\t\t\t\t\t\n\t\t\t\t\t\t\t\t\t<button class=\"nav-tab-accordion active\"><span>&#10093;<\/span><span> Casas Americanas<\/span><\/button>\n\t\t\t\t\t\t\t\t\n\t\t\t\t\t\t\t\t\t<button class=\"nav-tab-accordion \"><span>&#10093;<\/span><span> Casilda de Iturrizar<\/span><\/button>\n\t\t\t\t\t\t\t\t\n\t\t\t\t\t\t\t\t\t<button class=\"nav-tab-accordion \"><span>&#10093;<\/span><span> Catedral de Santiago<\/span><\/button>\n\t\t\t\t\t\t\t\t\n\t\t\t\t\t\t\t\t\t<button class=\"nav-tab-accordion \"><span>&#10093;<\/span><span> Chalet Allende<\/span><\/button>\n\t\t\t\t\t\t\t\t\n\t\t\t\t\t\t\t\t\t<button class=\"nav-tab-accordion \"><span>&#10093;<\/span><span> Edificio de la Sociedad Bilba\u00edna<\/span><\/button>\n\t\t\t\t\t\t\t\t\n\t\t\t\t\t\t\t\t\t<button class=\"nav-tab-accordion \"><span>&#10093;<\/span><span> Puente de Vizcaya<\/span><\/button>\n\t\t\t\t\t\t\t\t\n\t\t\t\t\t\t\t\t\t<button class=\"nav-tab-accordion \"><span>&#10093;<\/span><span> Estaci\u00f3n Atxuri<\/span><\/button>\n\t\t\t\t\t\t\t\t\n\t\t\t\t\t\t\t\t\t<button class=\"nav-tab-accordion \"><span>&#10093;<\/span><span> Estaci\u00f3n de La Concordia<\/span><\/button>\n\t\t\t\t\t\t\t\t\n\t\t\t\t\t\t\t\t\t<button class=\"nav-tab-accordion \"><span>&#10093;<\/span><span> Sede del banco BBVA<\/span><\/button>\n\t\t\t\t\t\t\t\t\n\t\t\t\t\t\t\t\t\t<button class=\"nav-tab-accordion \"><span>&#10093;<\/span><span> Hotel Carlton<\/span><\/button>\n\t\t\t\t\t\t\t\t\n\t\t\t\t\t\t\t\t\t<button class=\"nav-tab-accordion \"><span>&#10093;<\/span><span> Iglesia del Sagrado Coraz\u00f3n<\/span><\/button>\n\t\t\t\t\t\t\t\t\n\t\t\t\t\t\t\t\t\t<button class=\"nav-tab-accordion \"><span>&#10093;<\/span><span> Iglesia San Vicente M\u00e1rtir de Abando<\/span><\/button>\n\t\t\t\t\t\t\t\t\n\t\t\t\t\t\t\t\t\t<button class=\"nav-tab-accordion \"><span>&#10093;<\/span><span> Museo Guggenheim<\/span><\/button>\n\t\t\t\t\t\t\t\t\n\t\t\t\t\t\t\t\t\t<button class=\"nav-tab-accordion \"><span>&#10093;<\/span><span> Bas\u00edlica de la Virgen Bego\u00f1a<\/span><\/button>\n\t\t\t\t\t\t\t\t\n\t\t\t\t\t\t\t\t\t<button class=\"nav-tab-accordion \"><span>&#10093;<\/span><span> Palacio Ch\u00e1varri<\/span><\/button>\n\t\t\t\t\t\t\t\t\n\t\t\t\t\t\t\t\t\t<button class=\"nav-tab-accordion \"><span>&#10093;<\/span><span> Palacio Euskalduna<\/span><\/button>\n\t\t\t\t\t\t\t\t\n\t\t\t\t\t\t\t\t\t<button class=\"nav-tab-accordion \"><span>&#10093;<\/span><span> Palacio Foral<\/span><\/button>\n\t\t\t\t\t\t\t\t\n\t\t\t\t\t\t\t\t\t<button class=\"nav-tab-accordion \"><span>&#10093;<\/span><span> Palacio Gort\u00e1zar<\/span><\/button>\n\t\t\t\t\t\t\t\t\n\t\t\t\t\t\t\t\t\t<button class=\"nav-tab-accordion \"><span>&#10093;<\/span><span> Palacio Olabarri<\/span><\/button>\n\t\t\t\t\t\t\t\t\n\t\t\t\t\t\t\t\t\t<button class=\"nav-tab-accordion \"><span>&#10093;<\/span><span> Plaza Nueva<\/span><\/button>\n\t\t\t\t\t\t\t\t\n\t\t\t\t\t\t\t\t\t<button class=\"nav-tab-accordion \"><span>&#10093;<\/span><span> Rascacielos de la calle Bail\u00e9n<\/span><\/button>\n\t\t\t\t\t\t\t\t\n\t\t\t\t\t\t\t\t\t<button class=\"nav-tab-accordion \"><span>&#10093;<\/span><span> Kiosko Arenal<\/span><\/button>\n\t\t\t\t\t\t\t\t\n\t\t\t\t\t\t\t\t\t<button class=\"nav-tab-accordion \"><span>&#10093;<\/span><span> Iglesia de San Ant\u00f3n<\/span><\/button>\n\t\t\t\t\t\t\t\t\n\t\t\t\t\t\t\t\t\t<button class=\"nav-tab-accordion \"><span>&#10093;<\/span><span> Teatro Campos El\u00edseos<\/span><\/button>\n\t\t\t\t\t\t\t\t\n\t\t\t\t\t\t\t\t\t<button class=\"nav-tab-accordion \"><span>&#10093;<\/span><span> Estaci\u00f3n Abando<\/span><\/button>\n\t\t\t\t\t\t\t\t\n\t\t\t\t\t\t\t\t\t<button class=\"nav-tab-accordion \"><span>&#10093;<\/span><span> Universidad de Deusto<\/span><\/button>\n\t\t\t\t\t\t\t\t\n\t\t\t\t\t\t\t\t\t<button class=\"nav-tab-accordion \"><span>&#10093;<\/span><span> Casa Lezama<\/span><\/button>\n\t\t\t\t\t\t\t\t\n\t\t\t\t\t\t\t\t\t<button class=\"nav-tab-accordion \"><span>&#10093;<\/span><span> Casa Montero<\/span><\/button>\n\t\t\t\t\t\t\t\t\n\t\t\t\t\t\t\t<\/nav>\n\t\t\t\t\t\t<\/div>\n\n\t\t\t\t\t\t\n\t\t\t\t\t\t\t<div class=\"accordion__accordion-content \">\n\t\t\t\t\t\t\t\t<div>\n\t\t\t\t\t\t\t\t\t<div>\n\t\t\t\t\t\t\t\t\t\t<h4>Casas Americanas<\/h4>\n\t\t\t\t\t\t\t\t\t\t<p>Si tratta di un complesso di case popolari costruito nel 1964 da tre giovani architetti: Rufino Basa\u00f1ez, E. Argarate e J. Larrea. Le &#8220;case americane&#8221; si distinguono per la qualit\u00e0 architettonica, l&#8217;originalit\u00e0 e l&#8217;innovazione e sono suddivise in tre blocchi che combinano la composizione volumetrica, le abitazioni duplex e l&#8217;uso del colore. L&#8217;insieme si riempie di pienezza con la scultorea scala esterna che d\u00e0 significato all&#8217;intera facciata.\n\t\t\t\t\t\t\t\t\t<\/div>\n\t\t\t\t\t\t\t\t\t<img decoding=\"async\" src=\"https:\/\/cdn.pilgrim.es\/web\/caminos\/camino-norte\/pueblos\/bilbao\/puntos-de-interes\/casas-americanas.jpg\" alt=\"Casas Americanas\">\n\t\t\t\t\t\t\t\t<\/div>\n\t\t\t\t\t\t\t<\/div>\n\t\t\t\t\t\t\n\t\t\t\t\t\t\t<div class=\"accordion__accordion-content inactive\">\n\t\t\t\t\t\t\t\t<div>\n\t\t\t\t\t\t\t\t\t<div>\n\t\t\t\t\t\t\t\t\t\t<h4>Casilda de Iturrizar<\/h4>\n\t\t\t\t\t\t\t\t\t\t<p>Il parco, noto come Casilda de Iturrizar, fu inaugurato nel 1920 dopo che Do\u00f1a Casilda don\u00f2 il terreno al Comune di Bilbao, motivo per cui uno dei monumenti eretti nel parco \u00e8 in suo onore. Si tratta di un busto in bronzo della suddetta patrona che poggia su una colonna splendidamente ornata al centro del laghetto sul Paseo de la P\u00e9rgola, opera di Agust\u00edn Querol.\n\t\t\t\t\t\t\t\t\t<\/div>\n\t\t\t\t\t\t\t\t\t<img decoding=\"async\" src=\"https:\/\/cdn.pilgrim.es\/web\/caminos\/camino-norte\/pueblos\/bilbao\/puntos-de-interes\/casilda-de-iturrizar.jpg\" alt=\"Casilda de Iturrizar\">\n\t\t\t\t\t\t\t\t<\/div>\n\t\t\t\t\t\t\t<\/div>\n\t\t\t\t\t\t\n\t\t\t\t\t\t\t<div class=\"accordion__accordion-content inactive\">\n\t\t\t\t\t\t\t\t<div>\n\t\t\t\t\t\t\t\t\t<div>\n\t\t\t\t\t\t\t\t\t\t<h4>Catedral de Santiago<\/h4>\n\t\t\t\t\t\t\t\t\t\t<p>La Cattedrale di Santiago di Bilbao \u00e8 un tempio costruito nel XV secolo in stile gotico, ad eccezione della facciata e della torre, che sono in stile neogotico. In seguito ha subito numerose ricostruzioni, l&#8217;ultima delle quali nel 2000. Al suo interno si trova un piccolo chiostro gotico, una porta d&#8217;ingresso chiamata Puerta de los Peregrinos (Porta dei Pellegrini) e una torre, oltre a 26 altari. <\/p>\n\n<p>OGGI<\/p>\n\n<p>Luned\u00ec a sabato dalle 11:00 alle 13:00 e dalle 17:00 alle 19:30Domenica e festivi dalle 11:00 alle 12:00<\/p> <p>Sabato a sabato dalle 11:00 alle 13:00 e dalle 17:00 alle 19:30.\n\n<p>INFORMAZIONI DI INTERESSE<\/p>\n\n<p>E-mail: catedraldebilbao@gmail.comTel\u00e9fono: 944 153 627<\/p>\n\t\t\t\t\t\t\t\t\t<\/div>\n\t\t\t\t\t\t\t\t\t<img decoding=\"async\" src=\"https:\/\/cdn.pilgrim.es\/web\/caminos\/camino-norte\/pueblos\/bilbao\/puntos-de-interes\/catedral-de-santiago.jpg\" alt=\"Catedral de Santiago\">\n\t\t\t\t\t\t\t\t<\/div>\n\t\t\t\t\t\t\t<\/div>\n\t\t\t\t\t\t\n\t\t\t\t\t\t\t<div class=\"accordion__accordion-content inactive\">\n\t\t\t\t\t\t\t\t<div>\n\t\t\t\t\t\t\t\t\t<div>\n\t\t\t\t\t\t\t\t\t\t<h4>Chalet Allende<\/h4>\n\t\t\t\t\t\t\t\t\t\t<p>Lo Chalet Allende, risalente agli anni Dieci del Novecento, fu costruito dall&#8217;architetto Leonardo Rucabado su richiesta di Luis Allende ed \u00e8 l&#8217;unico esempio rimasto delle lussuose case borghesi costruite nella zona residenziale di Indautxu. Si tratta di una casa tradizionale in stile montano che combina pietra e mattoni con un&#8217;intelaiatura in legno. Si distingue per le sue trappole, gli speroni e la torre d&#8217;angolo.<\/p> <p>\u00c8 una casa tradizionale in stile montano che combina pietra e mattoni con un&#8217;intelaiatura in legno.\n\t\t\t\t\t\t\t\t\t<\/div>\n\t\t\t\t\t\t\t\t\t<img decoding=\"async\" src=\"https:\/\/cdn.pilgrim.es\/web\/caminos\/camino-norte\/pueblos\/bilbao\/puntos-de-interes\/chalet-allende.jpg\" alt=\"Chalet Allende\">\n\t\t\t\t\t\t\t\t<\/div>\n\t\t\t\t\t\t\t<\/div>\n\t\t\t\t\t\t\n\t\t\t\t\t\t\t<div class=\"accordion__accordion-content inactive\">\n\t\t\t\t\t\t\t\t<div>\n\t\t\t\t\t\t\t\t\t<div>\n\t\t\t\t\t\t\t\t\t\t<h4>Edificio de la Sociedad Bilba\u00edna<\/h4>\n\t\t\t\t\t\t\t\t\t\t<p>L&#8217;edificio della Sociedad Bilba\u00edna, dichiarato Bene di Interesse Culturale, ospita un club sportivo di influenza inglese, fondato nel 1839. \u00c8 un club maschile e solo gli uomini possono diventarne membri. Tuttavia, all&#8217;interno dell&#8217;edificio ci sono altre sale dedicate al tempo libero, come i ristoranti, a cui pu\u00f2 accedere chiunque, indipendentemente dal sesso. L&#8217;edificio ospita anche una biblioteca-emeroteca privata, una delle pi\u00f9 importanti della Spagna, con oltre 40.000 volumi.\n\n<p>INFORMAZIONI DI INTERESSE<\/p> <p>Informazioni di interesse<\/p> <p>Informazioni interessanti\n\n<p>Web: www.sociedadbilbaina.com E-mail: info@sociedadbilbaina.comTel\u00e9fono: 944 230 00<\/p> <p>Web: www.sociedadbilbaina.com E-mail: info@sociedadbilbaina.comTel\u00e9fono: 944 230 00<\/p>\n\t\t\t\t\t\t\t\t\t<\/div>\n\t\t\t\t\t\t\t\t\t<img decoding=\"async\" src=\"https:\/\/cdn.pilgrim.es\/web\/caminos\/camino-norte\/pueblos\/bilbao\/puntos-de-interes\/edificio-de-la-sociedad-bilbaina.jpg\" alt=\"Edificio de la Sociedad Bilba\u00edna\">\n\t\t\t\t\t\t\t\t<\/div>\n\t\t\t\t\t\t\t<\/div>\n\t\t\t\t\t\t\n\t\t\t\t\t\t\t<div class=\"accordion__accordion-content inactive\">\n\t\t\t\t\t\t\t\t<div>\n\t\t\t\t\t\t\t\t\t<div>\n\t\t\t\t\t\t\t\t\t\t<h4>Puente de Vizcaya<\/h4>\n\t\t\t\t\t\t\t\t\t\t<p>Il Ponte di Bizkaia, noto anche come Ponte sospeso, fu progettato da Alberto Palacio y Elissague e inaugurato il 28 luglio 1893. Dichiarato Patrimonio dell&#8217;Umanit\u00e0 dall&#8217;UNESCO nel 2006, il Ponte di Bizkaia \u00e8 stato il primo ponte per traghetti ad essere costruito con una struttura metallica.\n\n<p>Il Ponte Pendente ha una struttura composta da quattro torri di ferro alte 61 metri, collegate tra loro da una traversa alta 160 metri, situata a 45 metri sul livello del mare. \u00c8 anche il punto di congiunzione tra Portugalete e Getxo, dove l&#8217;estuario di Bilbao si allarga per unirsi al mare, e si distingue per essere stato dipinto con il &#8220;Vena Rojo Somorrostro&#8221;, un colore che richiama l&#8217;industria mineraria della zona.\n\t\t\t\t\t\t\t\t\t<\/div>\n\t\t\t\t\t\t\t\t\t<img decoding=\"async\" src=\"https:\/\/cdn.pilgrim.es\/web\/caminos\/camino-norte\/pueblos\/bilbao\/puntos-de-interes\/puente-de-vizcaya.jpg\" alt=\"Puente de Vizcaya\">\n\t\t\t\t\t\t\t\t<\/div>\n\t\t\t\t\t\t\t<\/div>\n\t\t\t\t\t\t\n\t\t\t\t\t\t\t<div class=\"accordion__accordion-content inactive\">\n\t\t\t\t\t\t\t\t<div>\n\t\t\t\t\t\t\t\t\t<div>\n\t\t\t\t\t\t\t\t\t\t<h4>Estaci\u00f3n Atxuri<\/h4>\n\t\t\t\t\t\t\t\t\t\t<p>La stazione di Atxuri, inaugurata nel 1912, fu costruita dall&#8217;architetto Manuel Mar\u00eda de Smith. A differenza di altre stazioni ferroviarie pi\u00f9 industrializzate, questa ha un&#8217;architettura nuova e originale, che combina gli stili montano e basco.\n\n<p>All&#8217;ingresso della stazione, il visitatore pu\u00f2 vedere diversi stemmi appartenenti alle tre province dei Paesi Baschi: Bizkaia, Gipuzkoa e Alava, oltre alle catene appartenenti allo stemma della Navarra. Questo fatto \u00e8 dovuto al fatto che la societ\u00e0 che gestiva la stazione di Atxuri, chiamata Ferrocarriles Vascongados, aveva l&#8217;intenzione di acquisire anche il Ferrocarril Vasco-Navarro, cosa che alla fine non \u00e8 stata realizzata.\n\t\t\t\t\t\t\t\t\t<\/div>\n\t\t\t\t\t\t\t\t\t<img decoding=\"async\" src=\"https:\/\/cdn.pilgrim.es\/web\/caminos\/camino-norte\/pueblos\/bilbao\/puntos-de-interes\/estacion-atxuri.jpg\" alt=\"Estaci\u00f3n Atxuri\">\n\t\t\t\t\t\t\t\t<\/div>\n\t\t\t\t\t\t\t<\/div>\n\t\t\t\t\t\t\n\t\t\t\t\t\t\t<div class=\"accordion__accordion-content inactive\">\n\t\t\t\t\t\t\t\t<div>\n\t\t\t\t\t\t\t\t\t<div>\n\t\t\t\t\t\t\t\t\t\t<h4>Estaci\u00f3n de La Concordia<\/h4>\n\t\t\t\t\t\t\t\t\t\t<p>La stazione Concordia fu inaugurata nel 1902 ed \u00e8 situata parallelamente all&#8217;estuario. Questa stazione, che collega Santander a Bilbao, si distingue per la sua facciata, che presenta un certo stile incentrato sul romanticismo, abbandonando lo stereotipo industriale delle altre stazioni della citt\u00e0 di Bilbao.\n\n<p>Il resto dell&#8217;edificio ha uno stile modernista caratterizzato da elementi come la ceramica, il ferro battuto e il vetro. Inoltre, dalla stazione si pu\u00f2 godere di meravigliose viste panoramiche sull&#8217;estuario, che la rendono uno dei migliori punti di osservazione della citt\u00e0.\n\n<p>INFORMAZIONI DI INTERESSE<\/p>\n\n<p>Telefono: 944 250 615<\/p>\n\n<p> <\/p> &lt;p\n\t\t\t\t\t\t\t\t\t<\/div>\n\t\t\t\t\t\t\t\t\t<img decoding=\"async\" src=\"https:\/\/cdn.pilgrim.es\/web\/caminos\/camino-norte\/pueblos\/bilbao\/puntos-de-interes\/estacion-de-la-concordia.jpg\" alt=\"Estaci\u00f3n de La Concordia\">\n\t\t\t\t\t\t\t\t<\/div>\n\t\t\t\t\t\t\t<\/div>\n\t\t\t\t\t\t\n\t\t\t\t\t\t\t<div class=\"accordion__accordion-content inactive\">\n\t\t\t\t\t\t\t\t<div>\n\t\t\t\t\t\t\t\t\t<div>\n\t\t\t\t\t\t\t\t\t\t<h4>Sede del banco BBVA<\/h4>\n\t\t\t\t\t\t\t\t\t\t<p>L&#8217;edificio che attualmente ospita la BBVA Bank era l&#8217;antico Banco de Comercio de Bilbao, costruito nel 1912 da Pedro Guim\u00f3n. Si trova sulla Gran V\u00eda D. Diego L\u00f3pez de Haro e presenta un chiaro stile classico. L&#8217;edificio ha tre facciate, due delle quali, sulla Gran V\u00eda e sull&#8217;Alameda, presentano colonne corinzie. L&#8217;edificio presenta un padiglione in onore del dio Mercurio.\n\t\t\t\t\t\t\t\t\t<\/div>\n\t\t\t\t\t\t\t\t\t<img decoding=\"async\" src=\"https:\/\/cdn.pilgrim.es\/web\/caminos\/camino-norte\/pueblos\/bilbao\/puntos-de-interes\/sede-del-banco-bbva.jpg\" alt=\"Sede del banco BBVA\">\n\t\t\t\t\t\t\t\t<\/div>\n\t\t\t\t\t\t\t<\/div>\n\t\t\t\t\t\t\n\t\t\t\t\t\t\t<div class=\"accordion__accordion-content inactive\">\n\t\t\t\t\t\t\t\t<div>\n\t\t\t\t\t\t\t\t\t<div>\n\t\t\t\t\t\t\t\t\t\t<h4>Hotel Carlton<\/h4>\n\t\t\t\t\t\t\t\t\t\t<p>Il rinomato Hotel Carlton, \u00e8 costituito da un edificio storico costruito nel 1926 e dichiarato monumento architettonico, storico, artistico e culturale grazie alla sua maestosit\u00e0. Oggi \u00e8 stato completamente ristrutturato e curato. Spicca la sua facciata che si affaccia su tre strade.\n\n<p>INFORMAZIONI DI INTERESSE<\/p>\n\n<p>Telefono: 944 162 200<\/p> <p>Telefono: 944 162 200<\/p>\n\t\t\t\t\t\t\t\t\t<\/div>\n\t\t\t\t\t\t\t\t\t<img decoding=\"async\" src=\"https:\/\/cdn.pilgrim.es\/web\/caminos\/camino-norte\/pueblos\/bilbao\/puntos-de-interes\/hotel-carlton.jpg\" alt=\"Hotel Carlton\">\n\t\t\t\t\t\t\t\t<\/div>\n\t\t\t\t\t\t\t<\/div>\n\t\t\t\t\t\t\n\t\t\t\t\t\t\t<div class=\"accordion__accordion-content inactive\">\n\t\t\t\t\t\t\t\t<div>\n\t\t\t\t\t\t\t\t\t<div>\n\t\t\t\t\t\t\t\t\t\t<h4>Iglesia del Sagrado Coraz\u00f3n<\/h4>\n\t\t\t\t\t\t\t\t\t\t<p> Opera di Jos\u00e9 Mar\u00eda Basterra, \u00e8 una chiesa in stile neogotico costruita in mattoni e pietra alla fine del XIX secolo e decorata all&#8217;interno con ornamenti bizantini. Alla fine del secolo scorso i pinnacoli originali delle torri furono rimossi a causa del rischio di crollo e la spettacolare facciata fu ripulita. Oggi ospita la sede della Compagnia di Ges\u00f9.\n\n<p>Orario delle Messe<\/p>\n\n<p>Dal 16 settembre al 30 giugno Feriali: 07:15, 09:00, 12:00 Vespri: 12:00, 19:00, 20:00 Festivi: 09:00, 12:00, 13:00, 19:00, 20:00:Dal 1\u00b0 luglio al 15 settembre Feriali: 07:15, 09:00, 12:00 Serale: 12:00, 20:00 (bilingue) Festivi: 09:00, 12:00, 13:00, 19:00, 20:00<\/p> <p>\n\n<p>INFORMAZIONI DI INTERESSE<\/p>\n\n<p>Telefono: 944 154 022<\/p>\n\t\t\t\t\t\t\t\t\t<\/div>\n\t\t\t\t\t\t\t\t\t<img decoding=\"async\" src=\"https:\/\/cdn.pilgrim.es\/web\/caminos\/camino-norte\/pueblos\/bilbao\/puntos-de-interes\/iglesia-del-sagrado-corazon.jpg\" alt=\"Iglesia del Sagrado Coraz\u00f3n\">\n\t\t\t\t\t\t\t\t<\/div>\n\t\t\t\t\t\t\t<\/div>\n\t\t\t\t\t\t\n\t\t\t\t\t\t\t<div class=\"accordion__accordion-content inactive\">\n\t\t\t\t\t\t\t\t<div>\n\t\t\t\t\t\t\t\t\t<div>\n\t\t\t\t\t\t\t\t\t\t<h4>Iglesia San Vicente M\u00e1rtir de Abando<\/h4>\n\t\t\t\t\t\t\t\t\t\t<p>La Chiesa di San Vicente M\u00e1rtir ad Abando \u00e8 una chiesa gotica basca costruita nel XVI secolo che si distingue per la sua particolare facciata in stile rinascimentale. Al suo interno \u00e8 sepolto lo scrittore Antonio Trueba, sulla cui lapide si possono leggere gli ultimi versi del poeta: &#8220;Dicono che il cigno canta quando muore, e oggi il mio dolore \u00e8 cos\u00ec mortale che forse \u00e8 quello del cigno nella mia gola&#8221;.\n\n<p>Dal 12 settembre al 30 giugno Feriali: 11:00, 18:00 Serali: 13:00, 18:00 Festivi: 11:00, 12:00, 13:00, 18:00<\/p>\n\n<p>Dal 12 settembre al 30 giugno Feriali: 11:00, 18:00 Serali: 18:00 Festivi: 11:00, 12:00, 18:00<\/p>\n\n<p>INFORMAZIONI DI INTERESSE<\/p>\n\n<p>Telefono: 944 231 296<\/p>\n\t\t\t\t\t\t\t\t\t<\/div>\n\t\t\t\t\t\t\t\t\t<img decoding=\"async\" src=\"https:\/\/cdn.pilgrim.es\/web\/caminos\/camino-norte\/pueblos\/bilbao\/puntos-de-interes\/iglesia-san-vicente-martir-de-abando.jpg\" alt=\"Iglesia San Vicente M\u00e1rtir de Abando\">\n\t\t\t\t\t\t\t\t<\/div>\n\t\t\t\t\t\t\t<\/div>\n\t\t\t\t\t\t\n\t\t\t\t\t\t\t<div class=\"accordion__accordion-content inactive\">\n\t\t\t\t\t\t\t\t<div>\n\t\t\t\t\t\t\t\t\t<div>\n\t\t\t\t\t\t\t\t\t\t<h4>Museo Guggenheim<\/h4>\n\t\t\t\t\t\t\t\t\t\t<p>Il Museo Guggenheim, inaugurato nel 1997, \u00e8 considerato l&#8217;edificio pi\u00f9 bello della seconda met\u00e0 del XX secolo. Il museo \u00e8 stato progettato dall&#8217;architetto americano Frank Gehry che, dopo aver visitato Bilbao, aveva un&#8217;idea chiara di dove volesse collocare il museo. Il sito dell&#8217;edificio sarebbe stato il terreno dell&#8217;ex Compa\u00f1\u00eda de Maderas, in particolare il museo sarebbe stato situato sul lato sinistro dell&#8217;estuario. Secondo l&#8217;architetto, la struttura e il design del museo rappresentano una nave ancorata sulle rive del fiume Nervi\u00f3n. <\/p>\n\n<p>Il museo si trova sulla passeggiata Abandoibarra, presieduta da due grandi sculture. La prima \u00e8 la scultura di un ragno, opera di Louise Borgoise, e la seconda \u00e8 un cane floreale alto dodici metri, opera di Jeff Koons.\n\t\t\t\t\t\t\t\t\t<\/div>\n\t\t\t\t\t\t\t\t\t<img decoding=\"async\" src=\"https:\/\/cdn.pilgrim.es\/web\/caminos\/camino-norte\/pueblos\/bilbao\/puntos-de-interes\/museo-guggenheim.jpg\" alt=\"Museo Guggenheim\">\n\t\t\t\t\t\t\t\t<\/div>\n\t\t\t\t\t\t\t<\/div>\n\t\t\t\t\t\t\n\t\t\t\t\t\t\t<div class=\"accordion__accordion-content inactive\">\n\t\t\t\t\t\t\t\t<div>\n\t\t\t\t\t\t\t\t\t<div>\n\t\t\t\t\t\t\t\t\t\t<h4>Bas\u00edlica de la Virgen Bego\u00f1a<\/h4>\n\t\t\t\t\t\t\t\t\t\t<p>Costruita in stile gotico all&#8217;inizio del XVI secolo da Sancho Mart\u00ednez de Arego, la Basilica della Vergine di Bego\u00f1a \u00e8 un tempio basilicale a tre navate, senza transetto, coperto da volte a crociera. L&#8217;attuale facciata e la torre furono realizzate da Jos\u00e9 Mar\u00eda Basterra tra il 1902 e il 1907, cos\u00ec come la sacrestia, ristrutturata tra il 1900 e il 1903. Un restauro realizzato tra il 1993 e il 1994 ha permesso di ripristinare la muratura e di rinnovare l&#8217;orologio, il carillon e le campane. Si distingue per l&#8217;immagine interna della Vergine di Bego\u00f1a, detta anche &#8220;Amatxo&#8221;. Migliaia di pellegrini del Camino si recano in questa basilica.\n\n<p>Orari<\/p>\n\n<p>Luned\u00ec a sabato dalle 10:30 alle 13:30 e dalle 17:30 alle 20:30Domenica aperta durante le messe<\/p> <p>Domenica<\/p> <p>Sabato dalle 10:30 alle 13:30 e dalle 17:30 alle 20:30\n\n<p>INFORMAZIONI DI INTERESSE<\/p>\n\n<p>Telefono: 944 127 091<\/p> <p>Luned\u00ec a sabato: dalle 10:30 alle 13:30 e dalle 17:30 alle 20:30.\n\t\t\t\t\t\t\t\t\t<\/div>\n\t\t\t\t\t\t\t\t\t<img decoding=\"async\" src=\"https:\/\/cdn.pilgrim.es\/web\/caminos\/camino-norte\/pueblos\/bilbao\/puntos-de-interes\/basilica-de-la-virgen-begona.jpg\" alt=\"Bas\u00edlica de la Virgen Bego\u00f1a\">\n\t\t\t\t\t\t\t\t<\/div>\n\t\t\t\t\t\t\t<\/div>\n\t\t\t\t\t\t\n\t\t\t\t\t\t\t<div class=\"accordion__accordion-content inactive\">\n\t\t\t\t\t\t\t\t<div>\n\t\t\t\t\t\t\t\t\t<div>\n\t\t\t\t\t\t\t\t\t\t<h4>Palacio Ch\u00e1varri<\/h4>\n\t\t\t\t\t\t\t\t\t\t<p>Il Palazzo Ch\u00e1varri fu progettato dall&#8217;architetto Paul Hankar nel 1889 e oggi ospita la sede della Delegazione del Governo di Vizcaya. <\/p>\n\n<p>Questo palazzo era la residenza dell&#8217;uomo d&#8217;affari V\u00edctor Ch\u00e1varri, marchese di Triano, ed \u00e8 uno degli edifici pi\u00f9 emblematici della citt\u00e0 di Bilbao.\n\n<p>Le caratteristiche principali del palazzo sono la sua facciata, molto insolita, con una curiosa combinazione di colori e finestre disposte in modo diverso. Ha anche un fantastico tetto.\n\n<p>OGGI<\/p>\n\n<p>Luned\u00ec a gioved\u00ec dalle 09:00 alle 14:00 e dalle 16:30 alle 18.30Venerd\u00ec dalle 09:00 alle 14:00 <\/p> <p>Venerd\u00ec dalle 09:00 alle 14:00<\/p> <p>Venerd\u00ec dalle 09:00 alle 14:00<\/p> &lt;p\n\t\t\t\t\t\t\t\t\t<\/div>\n\t\t\t\t\t\t\t\t\t<img decoding=\"async\" src=\"https:\/\/cdn.pilgrim.es\/web\/caminos\/camino-norte\/pueblos\/bilbao\/puntos-de-interes\/palacio-chavarri.jpg\" alt=\"Palacio Ch\u00e1varri\">\n\t\t\t\t\t\t\t\t<\/div>\n\t\t\t\t\t\t\t<\/div>\n\t\t\t\t\t\t\n\t\t\t\t\t\t\t<div class=\"accordion__accordion-content inactive\">\n\t\t\t\t\t\t\t\t<div>\n\t\t\t\t\t\t\t\t\t<div>\n\t\t\t\t\t\t\t\t\t\t<h4>Palacio Euskalduna<\/h4>\n\t\t\t\t\t\t\t\t\t\t<p>Il Palazzo Euskalduna \u00e8 uno dei principali simboli della Bilbao del XXI secolo, costruito nel 1999 da Federico Soriano e Dolores Palacios. Essi hanno voluto dargli l&#8217;immagine di una nave che emerge dal molo dove si trovava il cantiere navale di Euskalduna. Il palazzo ha vinto il Premio Enric Miralles 2001 alla VI Biennale di Architettura spagnola.\n\n<p>Ogni anno offre numerose attivit\u00e0 economico-commerciali, istituzionali, sociali e culturali. Ospita la Stagione Lirica ABAO, una delle pi\u00f9 importanti e prestigiose della Spagna e dell&#8217;Europa, ed \u00e8 anche sede dell&#8217;Orkestra Sinfonikoa di Bilbao, una magnifica istituzione musicale che ha tenuto il suo primo concerto nel 1922.\n\n<p>SCHEMA DI VISITA GUIDATA<\/p>\n\n<p>Sabato: 12:00 Se il gruppo di visitatori supera le 30 persone, si terr\u00e0 un&#8217;altra visita guidata alle 13:00<\/p>\n\n<p>INFORMAZIONI DI INTERESSE<\/p>\n\n<p>Web: www.euskalduna.eusE-mail: info@euskalduna.eusTel\u00e9fono: 944 035 000<\/p>\n\t\t\t\t\t\t\t\t\t<\/div>\n\t\t\t\t\t\t\t\t\t<img decoding=\"async\" src=\"https:\/\/cdn.pilgrim.es\/web\/caminos\/camino-norte\/pueblos\/bilbao\/puntos-de-interes\/palacio-euskalduna.jpg\" alt=\"Palacio Euskalduna\">\n\t\t\t\t\t\t\t\t<\/div>\n\t\t\t\t\t\t\t<\/div>\n\t\t\t\t\t\t\n\t\t\t\t\t\t\t<div class=\"accordion__accordion-content inactive\">\n\t\t\t\t\t\t\t\t<div>\n\t\t\t\t\t\t\t\t\t<div>\n\t\t\t\t\t\t\t\t\t\t<h4>Palacio Foral<\/h4>\n\t\t\t\t\t\t\t\t\t\t<p>Il Palacio Foral di Bilbao fu costruito nel 1900 in uno stile eclettico, barocco e medievale, dall&#8217;architetto Luis Aladr\u00e9n. Questo edificio riflette la mentalit\u00e0 borghese di voler sottolineare il proprio potere con edifici solidi e maestosi. Le sue sale sono riccamente decorate e contengono un&#8217;interessante collezione di opere d&#8217;arte.\n\n<p>OGGI<\/p>\n\n<p>Dal luned\u00ec al venerd\u00ec alle 10.30, 11.30, 12.30, 17.00 e 17.45. Non \u00e8 possibile visitarlo nei giorni festivi e nei fine settimana.  Luglio e agosto solo al mattino.\n\n<p>INFORMAZIONI DI INTERESSE<\/p>\n\n<p>Numero di telefono: 944 068 000<\/p>\n\t\t\t\t\t\t\t\t\t<\/div>\n\t\t\t\t\t\t\t\t\t<img decoding=\"async\" src=\"https:\/\/cdn.pilgrim.es\/web\/caminos\/camino-norte\/pueblos\/bilbao\/puntos-de-interes\/palacio-foral.jpg\" alt=\"Palacio Foral\">\n\t\t\t\t\t\t\t\t<\/div>\n\t\t\t\t\t\t\t<\/div>\n\t\t\t\t\t\t\n\t\t\t\t\t\t\t<div class=\"accordion__accordion-content inactive\">\n\t\t\t\t\t\t\t\t<div>\n\t\t\t\t\t\t\t\t\t<div>\n\t\t\t\t\t\t\t\t\t\t<h4>Palacio Gort\u00e1zar<\/h4>\n\t\t\t\t\t\t\t\t\t\t<p>Il Palazzo Gort\u00e1zar, in stile barocco, si trova accanto alla Plaza Nueva e risale al XVIII secolo. Questo edificio fu commissionato da Domingo Mart\u00edn de Gort\u00e1zar y Guendica su una parte della propriet\u00e0 in cui vivevano i suoi genitori, e sulla sua facciata spicca lo stemma della famiglia. <\/p>\n\n<p>Secondo le cronache dell&#8217;epoca, i Gort\u00e1zar, come molte altre famiglie ricche di Bilbao, modernizzarono il loro palazzo, trasformando la loro zona residenziale in una delle aree pi\u00f9 lussuose della citt\u00e0 dell&#8217;epoca.\n\t\t\t\t\t\t\t\t\t<\/div>\n\t\t\t\t\t\t\t\t\t<img decoding=\"async\" src=\"https:\/\/cdn.pilgrim.es\/web\/caminos\/camino-norte\/pueblos\/bilbao\/puntos-de-interes\/palacio-gortazar.jpg\" alt=\"Palacio Gort\u00e1zar\">\n\t\t\t\t\t\t\t\t<\/div>\n\t\t\t\t\t\t\t<\/div>\n\t\t\t\t\t\t\n\t\t\t\t\t\t\t<div class=\"accordion__accordion-content inactive\">\n\t\t\t\t\t\t\t\t<div>\n\t\t\t\t\t\t\t\t\t<div>\n\t\t\t\t\t\t\t\t\t\t<h4>Palacio Olabarri<\/h4>\n\t\t\t\t\t\t\t\t\t\t<p>Il Palazzo Olabarri, progettato dall&#8217;architetto Juli\u00e1n de Zubizarreta nel 1894, \u00e8 uno dei pochi esempi oggi visibili dei piccoli palazzi costruiti nella zona di Campo Volat\u00edn tra la fine del XIX secolo e l&#8217;inizio del XX. Il palazzo fu costruito per ospitare Jos\u00e9 Mar\u00eda de Olabarri, un&#8217;importante figura imprenditoriale dell&#8217;epoca, e oggi \u00e8 la sede dell&#8217;Autorit\u00e0 Portuale di Bilbao.\n\n<p>In termini di architettura, il palazzo mostra chiari segni di influenze inglesi e francesi.\n\t\t\t\t\t\t\t\t\t<\/div>\n\t\t\t\t\t\t\t\t\t<img decoding=\"async\" src=\"https:\/\/cdn.pilgrim.es\/web\/caminos\/camino-norte\/pueblos\/bilbao\/puntos-de-interes\/palacio-olabarri.jpg\" alt=\"Palacio Olabarri\">\n\t\t\t\t\t\t\t\t<\/div>\n\t\t\t\t\t\t\t<\/div>\n\t\t\t\t\t\t\n\t\t\t\t\t\t\t<div class=\"accordion__accordion-content inactive\">\n\t\t\t\t\t\t\t\t<div>\n\t\t\t\t\t\t\t\t\t<div>\n\t\t\t\t\t\t\t\t\t\t<h4>Plaza Nueva<\/h4>\n\t\t\t\t\t\t\t\t\t\t<p>Questa piazza, caratterizzata da valori architettonici neoclassici, fu inaugurata nel 1851, dopo un periodo di costruzione molto lungo e complicato durato sessantacinque anni. La piazza offre una grande atmosfera urbana a qualsiasi ora del giorno, poich\u00e9 \u00e8 circondata da una grande variet\u00e0 di ristoranti e bar che la rendono vivace tutto il giorno.<\/p> <p>La piazza offre una grande variet\u00e0 di ristoranti e bar che la rendono vivace tutto il giorno.\n\n<p>La domenica, inoltre, nella Plaza Nueva si tiene un mercato a cui partecipano persone di ogni tipo, compresi i collezionisti.\n\t\t\t\t\t\t\t\t\t<\/div>\n\t\t\t\t\t\t\t\t\t<img decoding=\"async\" src=\"https:\/\/cdn.pilgrim.es\/web\/caminos\/camino-norte\/pueblos\/bilbao\/puntos-de-interes\/plaza-nueva.jpg\" alt=\"Plaza Nueva\">\n\t\t\t\t\t\t\t\t<\/div>\n\t\t\t\t\t\t\t<\/div>\n\t\t\t\t\t\t\n\t\t\t\t\t\t\t<div class=\"accordion__accordion-content inactive\">\n\t\t\t\t\t\t\t\t<div>\n\t\t\t\t\t\t\t\t\t<div>\n\t\t\t\t\t\t\t\t\t\t<h4>Rascacielos de la calle Bail\u00e9n<\/h4>\n\t\t\t\t\t\t\t\t\t\t<p>Il grattacielo di via Bail\u00e9n \u00e8 di grande valore, in quanto \u00e8 stato il primo edificio di Bilbao a superare i quaranta metri di altezza. L&#8217;edificio fu progettato da Manuel I. Gal\u00edndez intorno al 1946 come un gruppo di uffici in due corpi diversi, uno pi\u00f9 basso che si collega agli edifici storici della Naja e uno pi\u00f9 alto che costituisce l&#8217;elemento di coronamento del complesso. La facciata del grattacielo si distingue per il suo razionalismo, trascurando qualsiasi motivo ornamentale o superfluo.\n\t\t\t\t\t\t\t\t\t<\/div>\n\t\t\t\t\t\t\t\t\t<img decoding=\"async\" src=\"https:\/\/cdn.pilgrim.es\/web\/caminos\/camino-norte\/pueblos\/bilbao\/puntos-de-interes\/rascacielos-de-la-calle-bailen.jpg\" alt=\"Rascacielos de la calle Bail\u00e9n\">\n\t\t\t\t\t\t\t\t<\/div>\n\t\t\t\t\t\t\t<\/div>\n\t\t\t\t\t\t\n\t\t\t\t\t\t\t<div class=\"accordion__accordion-content inactive\">\n\t\t\t\t\t\t\t\t<div>\n\t\t\t\t\t\t\t\t\t<div>\n\t\t\t\t\t\t\t\t\t\t<h4>Kiosko Arenal<\/h4>\n\t\t\t\t\t\t\t\t\t\t<p>Questa opera, ispirata alla forma di una conchiglia e situata nel centro storico di Bilbao, \u00e8 stata progettata dall&#8217;architetto Pedro Ispizua, originario di Bermeo. Nel Kiosko Arenal, di forma circolare e con tetto a sbalzo, sono visibili i segni grafici dell&#8217;autore, amante del disegno artistico. L&#8217;opera mostra un grande espressionismo e qui si tengono eventi privati, concerti, ecc.\n\t\t\t\t\t\t\t\t\t<\/div>\n\t\t\t\t\t\t\t\t\t<img decoding=\"async\" src=\"https:\/\/cdn.pilgrim.es\/web\/caminos\/camino-norte\/pueblos\/bilbao\/puntos-de-interes\/kiosko-arenal.jpg\" alt=\"Kiosko Arenal\">\n\t\t\t\t\t\t\t\t<\/div>\n\t\t\t\t\t\t\t<\/div>\n\t\t\t\t\t\t\n\t\t\t\t\t\t\t<div class=\"accordion__accordion-content inactive\">\n\t\t\t\t\t\t\t\t<div>\n\t\t\t\t\t\t\t\t\t<div>\n\t\t\t\t\t\t\t\t\t\t<h4>Iglesia de San Ant\u00f3n<\/h4>\n\t\t\t\t\t\t\t\t\t\t<p>La Chiesa di San Ant\u00f3n \u00e8 considerata una delle chiese pi\u00f9 caratteristiche della citt\u00e0, tanto da essere raffigurata, insieme al ponte che l&#8217;accompagna, nello stemma cittadino. L&#8217;attuale chiesa fu costruita tra il 1546 e il 1548 sul sito di una chiesa primitiva ed \u00e8 interamente in stile gotico, ad eccezione della facciata rinascimentale e del campanile barocco. All&#8217;interno si possono ammirare opere di Luisa Paret, Manuel Losada e persino la pala d&#8217;altare plateresca di Beaugrant. Resti della chiesa primitiva si trovano nella parte dell&#8217;altare e nel presbiterio.\n\n<p>OGGI<\/p>\n\n<p>Luned\u00ec a venerd\u00ec dalle 18:30 alle 20:30<\/p> <p>Luned\u00ec a venerd\u00ec dalle 18:30 alle 20:30<\/p>\n\t\t\t\t\t\t\t\t\t<\/div>\n\t\t\t\t\t\t\t\t\t<img decoding=\"async\" src=\"https:\/\/cdn.pilgrim.es\/web\/caminos\/camino-norte\/pueblos\/bilbao\/puntos-de-interes\/iglesia-de-san-anton.jpg\" alt=\"Iglesia de San Ant\u00f3n\">\n\t\t\t\t\t\t\t\t<\/div>\n\t\t\t\t\t\t\t<\/div>\n\t\t\t\t\t\t\n\t\t\t\t\t\t\t<div class=\"accordion__accordion-content inactive\">\n\t\t\t\t\t\t\t\t<div>\n\t\t\t\t\t\t\t\t\t<div>\n\t\t\t\t\t\t\t\t\t\t<h4>Teatro Campos El\u00edseos<\/h4>\n\t\t\t\t\t\t\t\t\t\t<p>\u00c8 un edificio modernista classificato come Monumento Storico-Artistico e progettato dall&#8217;architetto Alfredo Acebal nel 1902. Si distingue soprattutto per la sua facciata in stile Art Nouveau, progettata dal decoratore franco-basco Jean Batiste Darroguy. Sottoposto a un processo di restauro nel 2010, oggi ospita 800 locali con caratteristiche tecniche e scenografiche all&#8217;avanguardia.\n\n<p>OGGI<\/p>\n\n<p>Da marted\u00ec a gioved\u00ec dalle 17:00 alle 20:0 Venerd\u00ec dalle 17:00 alle 20:00 Luned\u00ec, sabato e domenica chiuso<\/p> <p>Sabato e domenica chiuso<\/p> <p>Venerd\u00ec dalle 17:00 alle 20:0\n\t\t\t\t\t\t\t\t\t<\/div>\n\t\t\t\t\t\t\t\t\t<img decoding=\"async\" src=\"https:\/\/cdn.pilgrim.es\/web\/caminos\/camino-norte\/pueblos\/bilbao\/puntos-de-interes\/teatro-campos-eliseos.jpg\" alt=\"Teatro Campos El\u00edseos\">\n\t\t\t\t\t\t\t\t<\/div>\n\t\t\t\t\t\t\t<\/div>\n\t\t\t\t\t\t\n\t\t\t\t\t\t\t<div class=\"accordion__accordion-content inactive\">\n\t\t\t\t\t\t\t\t<div>\n\t\t\t\t\t\t\t\t\t<div>\n\t\t\t\t\t\t\t\t\t\t<h4>Estaci\u00f3n Abando<\/h4>\n\t\t\t\t\t\t\t\t\t\t<p>La stazione di Abando, conosciuta anche come Estaci\u00f3n del Norte, si trova a un&#8217;estremit\u00e0 della Plaza Circular ed \u00e8 considerata il principale nodo di trasporto della citt\u00e0. L&#8217;interno dell&#8217;edificio si distingue per le grandiose vetrate che alludono alla vita e ai costumi tradizionali della citt\u00e0, con riferimenti al ponte di San Ant\u00f3n, all&#8217;industria siderurgica, allo sport, ecc.<\/p> <p>.\n\n<p>OGGI<\/p>\n\n<p>Dalle 04:45 alle 00:00, tranne il venerd\u00ec sera, il sabato, la domenica e i giorni festivi, quando \u00e8 aperto dalle 04:45 alle 00:30<\/p>\n\t\t\t\t\t\t\t\t\t<\/div>\n\t\t\t\t\t\t\t\t\t<img decoding=\"async\" src=\"https:\/\/cdn.pilgrim.es\/web\/caminos\/camino-norte\/pueblos\/bilbao\/puntos-de-interes\/estacion-abando.jpg\" alt=\"Estaci\u00f3n Abando\">\n\t\t\t\t\t\t\t\t<\/div>\n\t\t\t\t\t\t\t<\/div>\n\t\t\t\t\t\t\n\t\t\t\t\t\t\t<div class=\"accordion__accordion-content inactive\">\n\t\t\t\t\t\t\t\t<div>\n\t\t\t\t\t\t\t\t\t<div>\n\t\t\t\t\t\t\t\t\t\t<h4>Universidad de Deusto<\/h4>\n\t\t\t\t\t\t\t\t\t\t<p>L&#8217;Universit\u00e0 di Deusto fu costruita nel 1886 dalla Compagnia di Ges\u00f9 e all&#8217;epoca era uno degli edifici pi\u00f9 grandi della citt\u00e0. Fu costruita su progetto dell&#8217;architetto Francisco de Cubas e nel 1916 fu inaugurata l&#8217;Universit\u00e0 Commerciale. Oggi la sua facciata in stile eclettico domina l&#8217;estuario.\n\n<p>INFORMAZIONI DI INTERESSE<\/p>\n\n<p>Web: www.deusto.esTel\u00e9fono: 944 139 000<\/p> <p>Sito web: www.deusto.esTel\u00e9fono: 944 139 000<\/p>\n\t\t\t\t\t\t\t\t\t<\/div>\n\t\t\t\t\t\t\t\t\t<img decoding=\"async\" src=\"https:\/\/cdn.pilgrim.es\/web\/caminos\/camino-norte\/pueblos\/bilbao\/puntos-de-interes\/universidad-de-deusto.jpg\" alt=\"Universidad de Deusto\">\n\t\t\t\t\t\t\t\t<\/div>\n\t\t\t\t\t\t\t<\/div>\n\t\t\t\t\t\t\n\t\t\t\t\t\t\t<div class=\"accordion__accordion-content inactive\">\n\t\t\t\t\t\t\t\t<div>\n\t\t\t\t\t\t\t\t\t<div>\n\t\t\t\t\t\t\t\t\t\t<h4>Casa Lezama<\/h4>\n\t\t\t\t\t\t\t\t\t\t<p>La Casa Lezama, progettata da Ricardo Bastida e Jos\u00e9 Mar\u00eda Basterra, fu costruita nel 1922 ed \u00e8 uno degli esempi di come la borghesia cittadina opt\u00f2 per la costruzione di case collettive nella nuova espansione urbana che emerse all&#8217;inizio del XX secolo.<\/p> <p>La Casa Lezama fu costruita nel 1922 ed \u00e8 uno degli esempi di come la borghesia cittadina opt\u00f2 per la costruzione di case collettive nella nuova espansione urbana che emerse all&#8217;inizio del XX secolo.\n\t\t\t\t\t\t\t\t\t<\/div>\n\t\t\t\t\t\t\t\t\t<img decoding=\"async\" src=\"https:\/\/cdn.pilgrim.es\/web\/caminos\/camino-norte\/pueblos\/bilbao\/puntos-de-interes\/casa-lezama.jpg\" alt=\"Casa Lezama\">\n\t\t\t\t\t\t\t\t<\/div>\n\t\t\t\t\t\t\t<\/div>\n\t\t\t\t\t\t\n\t\t\t\t\t\t\t<div class=\"accordion__accordion-content inactive\">\n\t\t\t\t\t\t\t\t<div>\n\t\t\t\t\t\t\t\t\t<div>\n\t\t\t\t\t\t\t\t\t\t<h4>Casa Montero<\/h4>\n\t\t\t\t\t\t\t\t\t\t<p>La Casa Montero \u00e8 l&#8217;unico esempio di modernismo nella citt\u00e0 di Bilbao e la sua destinazione d&#8217;uso \u00e8 limitata alle abitazioni. Si trova in Calle Alameda Recalde ed \u00e8 nota tra gli abitanti del luogo come La Casa Gaud\u00ed, poich\u00e9 il suo aspetto ricorda molto gli edifici progettati dal famoso architetto catalano. Fu costruita nel 1904 dall&#8217;architetto Luis Aladr\u00e9n ed \u00e8 stata dichiarata Monumento Storico-Artistico.\n\n<p>La casa si distingue per l&#8217;abbondanza di ornamenti nei bovindi e nei balconi.\n\t\t\t\t\t\t\t\t\t<\/div>\n\t\t\t\t\t\t\t\t\t<img decoding=\"async\" src=\"https:\/\/cdn.pilgrim.es\/web\/caminos\/camino-norte\/pueblos\/bilbao\/puntos-de-interes\/casa-montero.jpg\" alt=\"Casa Montero\">\n\t\t\t\t\t\t\t\t<\/div>\n\t\t\t\t\t\t\t<\/div>\n\t\t\t\t\t\t\n\t\t\t\t\t<\/div>\n\t\t\t\t<\/div>\n\t\t\t<\/div>\n\t\t\n\n\t\t<div id=\"phonesSection\">\n\t\t\t<div>\n\t\t\t\t<h2 class=\"p-h3-town\">Informazioni di interesse<\/h2>\n\t\t\t<\/div>\n\t\t\t<div class=\"grid\">\n\t\t\t\t\n\t\t\t\t\t<div class=\"phone-number-item\">\n\t\t\t\t\t\t<div class=\"phone-number-item__icon\"><i class=\"icon-police\"><\/i><\/div>\n\t\t\t\t\t\t<div class=\"phone-number-item__title\">\n\t\t\t\t\t\t\t<h3 class=\"p-font-bold\">Polizia locale<\/h3>\n\t\t\t\t\t\t\t<p>944 205 000<\/p>\n\t\t\t\t\t\t\t\n\t\t\t\t\t\t<\/div>\n\t\t\t\t\t<\/div>\n\t\t\t\t\n\t\t\t\t\t<div class=\"phone-number-item\">\n\t\t\t\t\t\t<div class=\"phone-number-item__icon\"><i class=\"icon-spanish-military-police\"><\/i><\/div>\n\t\t\t\t\t\t<div class=\"phone-number-item__title\">\n\t\t\t\t\t\t\t<h3 class=\"p-font-bold\">Guardia civile<\/h3>\n\t\t\t\t\t\t\t<p>944 253 410<\/p>\n\t\t\t\t\t\t\t\n\t\t\t\t\t\t<\/div>\n\t\t\t\t\t<\/div>\n\t\t\t\t\n\t\t\t\t\t<div class=\"phone-number-item\">\n\t\t\t\t\t\t<div class=\"phone-number-item__icon\"><i class=\"icon-firefighters\"><\/i><\/div>\n\t\t\t\t\t\t<div class=\"phone-number-item__title\">\n\t\t\t\t\t\t\t<h3 class=\"p-font-bold\">Vigili del fuoco<\/h3>\n\t\t\t\t\t\t\t<p>944 203 137<\/p>\n\t\t\t\t\t\t\t\n\t\t\t\t\t\t<\/div>\n\t\t\t\t\t<\/div>\n\t\t\t\t\n\t\t\t\t\t<div class=\"phone-number-item\">\n\t\t\t\t\t\t<div class=\"phone-number-item__icon\"><i class=\"icon-civil-protection\"><\/i><\/div>\n\t\t\t\t\t\t<div class=\"phone-number-item__title\">\n\t\t\t\t\t\t\t<h3 class=\"p-font-bold\">Protezione civile<\/h3>\n\t\t\t\t\t\t\t<p>944 204 200<\/p>\n\t\t\t\t\t\t\t\n\t\t\t\t\t\t<\/div>\n\t\t\t\t\t<\/div>\n\t\t\t\t\n\t\t\t\t\t<div class=\"phone-number-item\">\n\t\t\t\t\t\t<div class=\"phone-number-item__icon\"><i class=\"icon-town-council\"><\/i><\/div>\n\t\t\t\t\t\t<div class=\"phone-number-item__title\">\n\t\t\t\t\t\t\t<h3 class=\"p-font-bold\">Municipio<\/h3>\n\t\t\t\t\t\t\t<p>944 204 200<\/p>\n\t\t\t\t\t\t\t\n\t\t\t\t\t\t<\/div>\n\t\t\t\t\t<\/div>\n\t\t\t\t\n\t\t\t\t\t<div class=\"phone-number-item\">\n\t\t\t\t\t\t<div class=\"phone-number-item__icon\"><i class=\"icon-hospital\"><\/i><\/div>\n\t\t\t\t\t\t<div class=\"phone-number-item__title\">\n\t\t\t\t\t\t\t<h3 class=\"p-font-bold\">Centro sanitario<\/h3>\n\t\t\t\t\t\t\t<p>944 007 760 \/ 944 007 445<\/p>\n\t\t\t\t\t\t\t\n\t\t\t\t\t\t<\/div>\n\t\t\t\t\t<\/div>\n\t\t\t\t\n\t\t\t\t\t<div class=\"phone-number-item\">\n\t\t\t\t\t\t<div class=\"phone-number-item__icon\"><i class=\"icon-tourism\"><\/i><\/div>\n\t\t\t\t\t\t<div class=\"phone-number-item__title\">\n\t\t\t\t\t\t\t<h3 class=\"p-font-bold\">Ufficio turistico<\/h3>\n\t\t\t\t\t\t\t<p>944 795 760<\/p>\n\t\t\t\t\t\t\t\n\t\t\t\t\t\t\t\t<p>Plaza Circular, 1<\/p>\n\t\t\t\t\t\t\t\n\t\t\t\t\t\t<\/div>\n\t\t\t\t\t<\/div>\n\t\t\t\t\n\t\t\t<\/div>\n\t\t<\/div>\n\n\t\t<div id=\"clientForm\">\n        <section>\n        <img decoding=\"async\" src=\"https:\/\/cdn.pilgrim.es\/web\/home\/email-contacto.png\" alt=\"contacto\">\n        <div>\n            <p>Ti inviamo la tua pianificazione<\/p>\n            <p>Forniscici i tuoi dati e ricevi la pianificazione del tuo viaggio via email <\/p>\n            <form method=\"post\" data-url=\"\/wp-admin\/admin-ajax.php\" id=\"planner--client\" class=\"flag-right form-client\">\n    <div class=\"form-data\">\n        <input name=\"form_id\" type=\"hidden\" value=\"Formulario Leads\">\n        <input name=\"type\" type=\"hidden\" value=\"planner_client\">\n        <input type=\"text\" name=\"nombre\" value=\"\" size=\"40\" class=\"form-control\" aria-required=\"true\" aria-invalid=\"false\" placeholder=\"Nome\">\n        <input type=\"email\" name=\"email\" value=\"\" size=\"40\" class=\"form-control\" aria-required=\"true\" aria-invalid=\"false\" placeholder=\"Mail\">\n        <input type=\"text\" id=\"phone-input\" name=\"tel\" value=\"\" size=\"40\" class=\"phone-input form-control\" aria-required=\"true\" aria-invalid=\"false\" placeholder=\"Telefono\">\n        <input type=\"hidden\" name=\"telefono\">\n    <\/div>\n    <div class=\"form-checkbox\">\n        <span>\n            Pilgrim Travel. S.L. informa, come previsto dal Regolamento 2016\/679, che i dati utilizzati in questo modulo verranno utilizzati sia per la risposta delle eventuali consultazioni sia per la pub-blicazione dei commenti, essendo il consenso dell'utente la base di legittimazione. Potranno esse-re esercitati i diritti in conformit\u00e0 con quanto stabilito dalla nostra             <a href=\"https:\/\/www.pilgrim.es\/it\/informativa-sulla-privacy\/\" target=\"_blank\" rel=\"noopener noreferrer nofollow\">Politica di privacy.<\/a>\n        <\/span>\n    <\/div>\n\n    <div class=\"form-submit\">\n        <button id=\"planner--client-create\" type=\"submit\">Formulario di contatto<\/button>\n        <div class=\"loadingDiv\"><i class=\"p-spinner\"><\/i><\/div>\n    <\/div>\n\n    <div class=\"contact-content-form-success\">\n        <p><i class=\"fas fa-check\"><\/i> Il modulo \u00e8 stato inviato correttamente<\/p>\n    <\/div>\n\n    <div class=\"contact-content-form-error\">\n        <span class=\"input-error\"><\/span>\n    <\/div>\n<\/form>        <\/div>\n    <\/section>\n<\/div>\n\n\t\t<div id=\"recomendationSection\">\n\t\t\t<div>\n\t\t\t\t<h2 class=\"p-h2-town\">Consigliato<\/h2>\n\t\t\t\t<hr>\n\t\t\t\t<h3 class=\"p-h3-town\">Gastronomia<\/h3>\n\t\t\t<\/div>\n\t\t\tLa gastronomia di Bilbao comprende prodotti come la pancetta, il sanguinaccio, l&#8217;orata, l&#8217;alice, i carghi, il cavolfiore, i porri, i funghi, le pernici, la beccaccia, il cinghiale, i piselli, le fave, le acciughe del Cantabrico, il sidro, la cagliata e i formaggi.\n\nUna menzione particolare meritano i prodotti pi\u00f9 ricchi d&#8217;estate, come tonno bianco, tonno rosso, sardine, calamari, peperoni e pomodori.\n\nLe ricette pi\u00f9 tradizionali sono il baccal\u00e0 pil pil, il baccal\u00e0 di Biscaglia, il nasello in salsa verde, i calamaretti nel proprio inchiostro e la grande variet\u00e0 di pinchos (tapas) che si possono gustare per le strade della citt\u00e0.\n\nInfine, vi consigliamo di provare la famosa acqua della citt\u00e0, ma non aspettatevi quella che conoscete come acqua, vi serviranno una famosa cava. Dovreste anche provare il vino Txakoli, che ha una propria denominazione d&#8217;origine.\n\nPer quanto riguarda la gastronomia, spiccano i canutillos de Bilbao, una pasta ripiena di crema e zucchero.\n\t\t<\/div>\n\n\n\t\t\n\t\t\t<div id=\"holidaysSection\">\n\t\t\t\t<div>\n\t\t\t\t\t<h2 class=\"p-h2-town\">Consigliato<\/h2>\n\t\t\t\t\t<hr>\n\t\t\t\t\t<h3 class=\"p-h3-town\">Festival e pellegrinaggi<\/h3>\n\t\t\t\t<\/div>\n\t\t\t\t<div class=\"grid holidays-grid\">\n\t\t\t\t\t\n\t\t\t\t\t\t<div>\n\t\t\t\t\t\t\t<div class=\"phone-number-item\">\n\t\t\t\t\t\t\t\t<div class=\"phone-number-item__icon\"><i class=\"icon-holiday\"><\/i><\/div>\n\t\t\t\t\t\t\t\t<div class=\"phone-number-item__title dark-text\">\n\t\t\t\t\t\t\t\t\t<p class=\"p-font-bold\">Vacanza locale<\/p>\n\t\t\t\t\t\t\t\t\t<p>23 de diciembre: Olentzero<\/p>\n\t\t\t\t\t\t\t\t<\/div>\n\t\t\t\t\t\t\t<\/div>\n\t\t\t\t\t\t<\/div>\n\t\t\t\t\t\n\t\t\t\t\t\t<div>\n\t\t\t\t\t\t\t<div class=\"phone-number-item\">\n\t\t\t\t\t\t\t\t<div class=\"phone-number-item__icon\"><i class=\"icon-holiday\"><\/i><\/div>\n\t\t\t\t\t\t\t\t<div class=\"phone-number-item__title dark-text\">\n\t\t\t\t\t\t\t\t\t<p class=\"p-font-bold\">Vacanza locale<\/p>\n\t\t\t\t\t\t\t\t\t<p>21 de Diciembre: D\u00eda de Santo Tom\u00e1s<\/p>\n\t\t\t\t\t\t\t\t<\/div>\n\t\t\t\t\t\t\t<\/div>\n\t\t\t\t\t\t<\/div>\n\t\t\t\t\t\n\t\t\t\t\t\t<div>\n\t\t\t\t\t\t\t<div class=\"phone-number-item\">\n\t\t\t\t\t\t\t\t<div class=\"phone-number-item__icon\"><i class=\"icon-holiday\"><\/i><\/div>\n\t\t\t\t\t\t\t\t<div class=\"phone-number-item__title dark-text\">\n\t\t\t\t\t\t\t\t\t<p class=\"p-font-bold\">Vacanza locale<\/p>\n\t\t\t\t\t\t\t\t\t<p>5 de febrero: Festividad de Santa \u00c1gueda<\/p>\n\t\t\t\t\t\t\t\t<\/div>\n\t\t\t\t\t\t\t<\/div>\n\t\t\t\t\t\t<\/div>\n\t\t\t\t\t\n\t\t\t\t\t\t<div>\n\t\t\t\t\t\t\t<div class=\"phone-number-item\">\n\t\t\t\t\t\t\t\t<div class=\"phone-number-item__icon\"><i class=\"icon-holiday\"><\/i><\/div>\n\t\t\t\t\t\t\t\t<div class=\"phone-number-item__title dark-text\">\n\t\t\t\t\t\t\t\t\t<p class=\"p-font-bold\">Vacanza locale<\/p>\n\t\t\t\t\t\t\t\t\t<p>11 de octubre: Fiesta de Nuestra se\u00f1ora de Bego\u00f1a<\/p>\n\t\t\t\t\t\t\t\t<\/div>\n\t\t\t\t\t\t\t<\/div>\n\t\t\t\t\t\t<\/div>\n\t\t\t\t\t\n\t\t\t\t\t\t<div>\n\t\t\t\t\t\t\t<div class=\"phone-number-item\">\n\t\t\t\t\t\t\t\t<div class=\"phone-number-item__icon\"><i class=\"icon-holiday\"><\/i><\/div>\n\t\t\t\t\t\t\t\t<div class=\"phone-number-item__title dark-text\">\n\t\t\t\t\t\t\t\t\t<p class=\"p-font-bold\">Vacanza locale<\/p>\n\t\t\t\t\t\t\t\t\t<p>Agosto: Fiestas de San Roque<\/p>\n\t\t\t\t\t\t\t\t<\/div>\n\t\t\t\t\t\t\t<\/div>\n\t\t\t\t\t\t<\/div>\n\t\t\t\t\t\n\t\t\t\t\t\t<div>\n\t\t\t\t\t\t\t<div class=\"phone-number-item\">\n\t\t\t\t\t\t\t\t<div class=\"phone-number-item__icon\"><i class=\"icon-holiday\"><\/i><\/div>\n\t\t\t\t\t\t\t\t<div class=\"phone-number-item__title dark-text\">\n\t\t\t\t\t\t\t\t\t<p class=\"p-font-bold\">Vacanza locale<\/p>\n\t\t\t\t\t\t\t\t\t<p>Julio: Fiestas del Carmen<\/p>\n\t\t\t\t\t\t\t\t<\/div>\n\t\t\t\t\t\t\t<\/div>\n\t\t\t\t\t\t<\/div>\n\t\t\t\t\t\n\t\t\t\t\t\t<div>\n\t\t\t\t\t\t\t<div class=\"phone-number-item\">\n\t\t\t\t\t\t\t\t<div class=\"phone-number-item__icon\"><i class=\"icon-holiday\"><\/i><\/div>\n\t\t\t\t\t\t\t\t<div class=\"phone-number-item__title dark-text\">\n\t\t\t\t\t\t\t\t\t<p class=\"p-font-bold\">Vacanza locale<\/p>\n\t\t\t\t\t\t\t\t\t<p>Julio: Fiestas de San Ignacio y de Santiago<\/p>\n\t\t\t\t\t\t\t\t<\/div>\n\t\t\t\t\t\t\t<\/div>\n\t\t\t\t\t\t<\/div>\n\t\t\t\t\t\n\t\t\t\t\t\t<div>\n\t\t\t\t\t\t\t<div class=\"phone-number-item\">\n\t\t\t\t\t\t\t\t<div class=\"phone-number-item__icon\"><i class=\"icon-holiday\"><\/i><\/div>\n\t\t\t\t\t\t\t\t<div class=\"phone-number-item__title dark-text\">\n\t\t\t\t\t\t\t\t\t<p class=\"p-font-bold\">Vacanza locale<\/p>\n\t\t\t\t\t\t\t\t\t<p>Alrededor del 22 de agosto: Semana grande de Bilbao<\/p>\n\t\t\t\t\t\t\t\t<\/div>\n\t\t\t\t\t\t\t<\/div>\n\t\t\t\t\t\t<\/div>\n\t\t\t\t\t\n\t\t\t\t<\/div>\n\t\t\t<\/div>\n\t\t\n\t<\/div>\n<\/section>\n\n<div id=\"stage_list_section\"><div class=\"stage-list\">\n    <div class='stage-list__map-card'>\n        <div class='stage-list__map-card__map'>\n            <div class='stage-list__map-card__map__text'>\n                <h2> Pages <\/h2>\n                <p> A piedi<\/p>\n                <p> 0tappe<\/p>\n            <\/div>\n            <div class='stage-list__map-card__map__img'>\n                <img decoding=\"async\" src=\"\" alt=\" mapa \" \/>\n            <\/div>\n        <\/div>\n    <\/div>\n\n    <\/div>\n<\/div> ","protected":false},"excerpt":{"rendered":"<p>Bilbao &#8249; Ritorno al palcoscenico Bilbao Abitanti: 345.151 aprox. Provincia: Bizkaia Informazioni Get to know Bilbao Bilbao \u00e8 la prossima citt\u00e0 che i pellegrini incontreranno sul cammino di Santiago. Oltre ad essere la citt\u00e0 pi\u00f9 popolata della comunit\u00e0 autonoma, \u00e8 stata premiata dalla fondazione britannica &#8220;The City Mayors&#8221;, grazie alla trasformazione urbana che ha subito &hellip; <\/p>\n<p class=\"read_more\"><a href=\"https:\/\/www.pilgrim.es\/it\/cammino-nord\/bilbao\/\">Leer m\u00e1s<\/a><\/p>\n","protected":false},"author":0,"featured_media":5120,"parent":10817,"menu_order":0,"comment_status":"closed","ping_status":"closed","template":"views\/template-new-web-design.blade.php","meta":{"footnotes":""},"categories":[],"tags":[],"class_list":["post-91257","page","type-page","status-publish","has-post-thumbnail","hentry"],"yoast_head":"<!-- This site is optimized with the Yoast SEO plugin v27.4 - https:\/\/yoast.com\/product\/yoast-seo-wordpress\/ -->\n<title>Bilbao: Cosa vedere e dove dormire | Cammino di Santiago | Pilgrim<\/title>\n<meta name=\"description\" content=\"Bilbao Scopri tutte le informazioni su dove alloggiare, come arrivare, cosa mangiare e sui principali punti di interesse delle localit\u00e0 lungo il Cammino del Nord.\" \/>\n<meta name=\"robots\" content=\"index, follow, max-snippet:-1, max-image-preview:large, max-video-preview:-1\" \/>\n<link rel=\"canonical\" href=\"https:\/\/www.pilgrim.es\/it\/cammino-nord\/bilbao\/\" \/>\n<meta property=\"og:locale\" content=\"it_IT\" \/>\n<meta property=\"og:type\" content=\"article\" \/>\n<meta property=\"og:title\" content=\"Bilbao: Cosa vedere e dove dormire | Cammino di Santiago | Pilgrim\" \/>\n<meta property=\"og:description\" content=\"Bilbao Scopri tutte le informazioni su dove alloggiare, come arrivare, cosa mangiare e sui principali punti di interesse delle localit\u00e0 lungo il Cammino del Nord.\" \/>\n<meta property=\"og:url\" content=\"https:\/\/www.pilgrim.es\/it\/cammino-nord\/bilbao\/\" \/>\n<meta property=\"og:site_name\" content=\"Pilgrim\" \/>\n<meta property=\"article:publisher\" content=\"https:\/\/www.facebook.com\/pilgrim.es\/\" \/>\n<meta property=\"og:image\" content=\"https:\/\/www.pilgrim.es\/wp-content\/uploads\/2019\/02\/Guggenheim.jpg\" \/>\n\t<meta property=\"og:image:width\" content=\"1620\" \/>\n\t<meta property=\"og:image:height\" content=\"1080\" \/>\n\t<meta property=\"og:image:type\" content=\"image\/jpeg\" \/>\n<meta name=\"twitter:card\" content=\"summary_large_image\" \/>\n<meta name=\"twitter:site\" content=\"@pilgrim_es\" \/>\n<meta name=\"twitter:label1\" content=\"Tempo di lettura stimato\" \/>\n\t<meta name=\"twitter:data1\" content=\"15 minuti\" \/>\n<script type=\"application\/ld+json\" class=\"yoast-schema-graph\">{\"@context\":\"https:\\\/\\\/schema.org\",\"@graph\":[{\"@type\":\"WebPage\",\"@id\":\"https:\\\/\\\/www.pilgrim.es\\\/it\\\/cammino-nord\\\/bilbao\\\/\",\"url\":\"https:\\\/\\\/www.pilgrim.es\\\/it\\\/cammino-nord\\\/bilbao\\\/\",\"name\":\"Bilbao: Cosa vedere e dove dormire | Cammino di Santiago | Pilgrim\",\"isPartOf\":{\"@id\":\"https:\\\/\\\/www.pilgrim.es\\\/it\\\/#website\"},\"primaryImageOfPage\":{\"@id\":\"https:\\\/\\\/www.pilgrim.es\\\/it\\\/cammino-nord\\\/bilbao\\\/#primaryimage\"},\"image\":{\"@id\":\"https:\\\/\\\/www.pilgrim.es\\\/it\\\/cammino-nord\\\/bilbao\\\/#primaryimage\"},\"thumbnailUrl\":\"https:\\\/\\\/www.pilgrim.es\\\/wp-content\\\/uploads\\\/2019\\\/02\\\/Guggenheim.jpg\",\"datePublished\":\"2025-03-17T14:40:48+00:00\",\"description\":\"Bilbao Scopri tutte le informazioni su dove alloggiare, come arrivare, cosa mangiare e sui principali punti di interesse delle localit\u00e0 lungo il Cammino del Nord.\",\"breadcrumb\":{\"@id\":\"https:\\\/\\\/www.pilgrim.es\\\/it\\\/cammino-nord\\\/bilbao\\\/#breadcrumb\"},\"inLanguage\":\"it-IT\",\"potentialAction\":[{\"@type\":\"ReadAction\",\"target\":[\"https:\\\/\\\/www.pilgrim.es\\\/it\\\/cammino-nord\\\/bilbao\\\/\"]}]},{\"@type\":\"ImageObject\",\"inLanguage\":\"it-IT\",\"@id\":\"https:\\\/\\\/www.pilgrim.es\\\/it\\\/cammino-nord\\\/bilbao\\\/#primaryimage\",\"url\":\"https:\\\/\\\/www.pilgrim.es\\\/wp-content\\\/uploads\\\/2019\\\/02\\\/Guggenheim.jpg\",\"contentUrl\":\"https:\\\/\\\/www.pilgrim.es\\\/wp-content\\\/uploads\\\/2019\\\/02\\\/Guggenheim.jpg\",\"width\":1620,\"height\":1080,\"caption\":\"Bilbao\"},{\"@type\":\"BreadcrumbList\",\"@id\":\"https:\\\/\\\/www.pilgrim.es\\\/it\\\/cammino-nord\\\/bilbao\\\/#breadcrumb\",\"itemListElement\":[{\"@type\":\"ListItem\",\"position\":1,\"name\":\"Camino de Santiago\",\"item\":\"https:\\\/\\\/www.pilgrim.es\\\/it\\\/\"},{\"@type\":\"ListItem\",\"position\":2,\"name\":\"Cammino del Nord\",\"item\":\"https:\\\/\\\/www.pilgrim.es\\\/it\\\/cammino-nord\\\/\"},{\"@type\":\"ListItem\",\"position\":3,\"name\":\"Bilbao\"}]},{\"@type\":\"WebSite\",\"@id\":\"https:\\\/\\\/www.pilgrim.es\\\/it\\\/#website\",\"url\":\"https:\\\/\\\/www.pilgrim.es\\\/it\\\/\",\"name\":\"Pilgrim\",\"description\":\"Camino de Santiago | Caminamos Contigo\",\"publisher\":{\"@id\":\"https:\\\/\\\/www.pilgrim.es\\\/it\\\/#organization\"},\"potentialAction\":[{\"@type\":\"SearchAction\",\"target\":{\"@type\":\"EntryPoint\",\"urlTemplate\":\"https:\\\/\\\/www.pilgrim.es\\\/it\\\/?s={search_term_string}\"},\"query-input\":{\"@type\":\"PropertyValueSpecification\",\"valueRequired\":true,\"valueName\":\"search_term_string\"}}],\"inLanguage\":\"it-IT\"},{\"@type\":\"Organization\",\"@id\":\"https:\\\/\\\/www.pilgrim.es\\\/it\\\/#organization\",\"name\":\"Pilgrim Camino de Santiago\",\"url\":\"https:\\\/\\\/www.pilgrim.es\\\/it\\\/\",\"logo\":{\"@type\":\"ImageObject\",\"inLanguage\":\"it-IT\",\"@id\":\"https:\\\/\\\/www.pilgrim.es\\\/it\\\/#\\\/schema\\\/logo\\\/image\\\/\",\"url\":\"https:\\\/\\\/www.pilgrim.es\\\/wp-content\\\/uploads\\\/2019\\\/04\\\/logo_pilgrim.png\",\"contentUrl\":\"https:\\\/\\\/www.pilgrim.es\\\/wp-content\\\/uploads\\\/2019\\\/04\\\/logo_pilgrim.png\",\"width\":512,\"height\":512,\"caption\":\"Pilgrim Camino de Santiago\"},\"image\":{\"@id\":\"https:\\\/\\\/www.pilgrim.es\\\/it\\\/#\\\/schema\\\/logo\\\/image\\\/\"},\"sameAs\":[\"https:\\\/\\\/www.facebook.com\\\/pilgrim.es\\\/\",\"https:\\\/\\\/x.com\\\/pilgrim_es\",\"https:\\\/\\\/www.instagram.com\\\/pilgrim.es\\\/\",\"https:\\\/\\\/www.linkedin.com\\\/company\\\/pilgrim-camino-de-santiago\\\/\",\"https:\\\/\\\/www.pinterest.es\\\/pilgrimcaminodesantiago\\\/\",\"https:\\\/\\\/www.youtube.com\\\/channel\\\/UCIv2ZzFLXVqthkNF32rKedw\\\/featured\"]}]}<\/script>\n<!-- \/ Yoast SEO plugin. -->","yoast_head_json":{"title":"Bilbao: Cosa vedere e dove dormire | Cammino di Santiago | Pilgrim","description":"Bilbao Scopri tutte le informazioni su dove alloggiare, come arrivare, cosa mangiare e sui principali punti di interesse delle localit\u00e0 lungo il Cammino del Nord.","robots":{"index":"index","follow":"follow","max-snippet":"max-snippet:-1","max-image-preview":"max-image-preview:large","max-video-preview":"max-video-preview:-1"},"canonical":"https:\/\/www.pilgrim.es\/it\/cammino-nord\/bilbao\/","og_locale":"it_IT","og_type":"article","og_title":"Bilbao: Cosa vedere e dove dormire | Cammino di Santiago | Pilgrim","og_description":"Bilbao Scopri tutte le informazioni su dove alloggiare, come arrivare, cosa mangiare e sui principali punti di interesse delle localit\u00e0 lungo il Cammino del Nord.","og_url":"https:\/\/www.pilgrim.es\/it\/cammino-nord\/bilbao\/","og_site_name":"Pilgrim","article_publisher":"https:\/\/www.facebook.com\/pilgrim.es\/","og_image":[{"width":1620,"height":1080,"url":"https:\/\/www.pilgrim.es\/wp-content\/uploads\/2019\/02\/Guggenheim.jpg","type":"image\/jpeg"}],"twitter_card":"summary_large_image","twitter_site":"@pilgrim_es","twitter_misc":{"Tempo di lettura stimato":"15 minuti"},"schema":{"@context":"https:\/\/schema.org","@graph":[{"@type":"WebPage","@id":"https:\/\/www.pilgrim.es\/it\/cammino-nord\/bilbao\/","url":"https:\/\/www.pilgrim.es\/it\/cammino-nord\/bilbao\/","name":"Bilbao: Cosa vedere e dove dormire | Cammino di Santiago | Pilgrim","isPartOf":{"@id":"https:\/\/www.pilgrim.es\/it\/#website"},"primaryImageOfPage":{"@id":"https:\/\/www.pilgrim.es\/it\/cammino-nord\/bilbao\/#primaryimage"},"image":{"@id":"https:\/\/www.pilgrim.es\/it\/cammino-nord\/bilbao\/#primaryimage"},"thumbnailUrl":"https:\/\/www.pilgrim.es\/wp-content\/uploads\/2019\/02\/Guggenheim.jpg","datePublished":"2025-03-17T14:40:48+00:00","description":"Bilbao Scopri tutte le informazioni su dove alloggiare, come arrivare, cosa mangiare e sui principali punti di interesse delle localit\u00e0 lungo il Cammino del Nord.","breadcrumb":{"@id":"https:\/\/www.pilgrim.es\/it\/cammino-nord\/bilbao\/#breadcrumb"},"inLanguage":"it-IT","potentialAction":[{"@type":"ReadAction","target":["https:\/\/www.pilgrim.es\/it\/cammino-nord\/bilbao\/"]}]},{"@type":"ImageObject","inLanguage":"it-IT","@id":"https:\/\/www.pilgrim.es\/it\/cammino-nord\/bilbao\/#primaryimage","url":"https:\/\/www.pilgrim.es\/wp-content\/uploads\/2019\/02\/Guggenheim.jpg","contentUrl":"https:\/\/www.pilgrim.es\/wp-content\/uploads\/2019\/02\/Guggenheim.jpg","width":1620,"height":1080,"caption":"Bilbao"},{"@type":"BreadcrumbList","@id":"https:\/\/www.pilgrim.es\/it\/cammino-nord\/bilbao\/#breadcrumb","itemListElement":[{"@type":"ListItem","position":1,"name":"Camino de Santiago","item":"https:\/\/www.pilgrim.es\/it\/"},{"@type":"ListItem","position":2,"name":"Cammino del Nord","item":"https:\/\/www.pilgrim.es\/it\/cammino-nord\/"},{"@type":"ListItem","position":3,"name":"Bilbao"}]},{"@type":"WebSite","@id":"https:\/\/www.pilgrim.es\/it\/#website","url":"https:\/\/www.pilgrim.es\/it\/","name":"Pilgrim","description":"Camino de Santiago | Caminamos Contigo","publisher":{"@id":"https:\/\/www.pilgrim.es\/it\/#organization"},"potentialAction":[{"@type":"SearchAction","target":{"@type":"EntryPoint","urlTemplate":"https:\/\/www.pilgrim.es\/it\/?s={search_term_string}"},"query-input":{"@type":"PropertyValueSpecification","valueRequired":true,"valueName":"search_term_string"}}],"inLanguage":"it-IT"},{"@type":"Organization","@id":"https:\/\/www.pilgrim.es\/it\/#organization","name":"Pilgrim Camino de Santiago","url":"https:\/\/www.pilgrim.es\/it\/","logo":{"@type":"ImageObject","inLanguage":"it-IT","@id":"https:\/\/www.pilgrim.es\/it\/#\/schema\/logo\/image\/","url":"https:\/\/www.pilgrim.es\/wp-content\/uploads\/2019\/04\/logo_pilgrim.png","contentUrl":"https:\/\/www.pilgrim.es\/wp-content\/uploads\/2019\/04\/logo_pilgrim.png","width":512,"height":512,"caption":"Pilgrim Camino de Santiago"},"image":{"@id":"https:\/\/www.pilgrim.es\/it\/#\/schema\/logo\/image\/"},"sameAs":["https:\/\/www.facebook.com\/pilgrim.es\/","https:\/\/x.com\/pilgrim_es","https:\/\/www.instagram.com\/pilgrim.es\/","https:\/\/www.linkedin.com\/company\/pilgrim-camino-de-santiago\/","https:\/\/www.pinterest.es\/pilgrimcaminodesantiago\/","https:\/\/www.youtube.com\/channel\/UCIv2ZzFLXVqthkNF32rKedw\/featured"]}]}},"_links":{"self":[{"href":"https:\/\/www.pilgrim.es\/it\/wp-json\/wp\/v2\/pages\/91257","targetHints":{"allow":["GET"]}}],"collection":[{"href":"https:\/\/www.pilgrim.es\/it\/wp-json\/wp\/v2\/pages"}],"about":[{"href":"https:\/\/www.pilgrim.es\/it\/wp-json\/wp\/v2\/types\/page"}],"replies":[{"embeddable":true,"href":"https:\/\/www.pilgrim.es\/it\/wp-json\/wp\/v2\/comments?post=91257"}],"version-history":[{"count":0,"href":"https:\/\/www.pilgrim.es\/it\/wp-json\/wp\/v2\/pages\/91257\/revisions"}],"up":[{"embeddable":true,"href":"https:\/\/www.pilgrim.es\/it\/wp-json\/wp\/v2\/pages\/10817"}],"wp:featuredmedia":[{"embeddable":true,"href":"https:\/\/www.pilgrim.es\/it\/wp-json\/wp\/v2\/media\/5120"}],"wp:attachment":[{"href":"https:\/\/www.pilgrim.es\/it\/wp-json\/wp\/v2\/media?parent=91257"}],"wp:term":[{"taxonomy":"category","embeddable":true,"href":"https:\/\/www.pilgrim.es\/it\/wp-json\/wp\/v2\/categories?post=91257"},{"taxonomy":"post_tag","embeddable":true,"href":"https:\/\/www.pilgrim.es\/it\/wp-json\/wp\/v2\/tags?post=91257"}],"curies":[{"name":"wp","href":"https:\/\/api.w.org\/{rel}","templated":true}]}}