{"id":91242,"date":"2025-03-17T14:36:23","date_gmt":"2025-03-17T14:36:23","guid":{"rendered":"https:\/\/www.pilgrim.es\/cammino-nord\/san-sebastian\/"},"modified":"2025-03-17T14:36:23","modified_gmt":"2025-03-17T14:36:23","slug":"san-sebastian","status":"publish","type":"page","link":"https:\/\/www.pilgrim.es\/it\/cammino-nord\/san-sebastian\/","title":{"rendered":"San Sebasti\u00e1n"},"content":{"rendered":" <section id=\"hero\">\n\t<h1>San Sebasti\u00e1n<\/h1>\n\t<div class=\"hero-grid\">\n\t\t<div class=\"hero-grid__town-col\" data-background=\"https:\/\/cdn.pilgrim.es\/web\/caminos\/camino-norte\/pueblos\/san-sebastian.jpg\">\n\t\t\t<div>\n\t\t\t\t<a class=\"link-to-stage\" href=\"https:\/\/www.pilgrim.es\/camino-norte\/etapa-1-irun-san-sebastian\/\">\n\t\t\t\t\t<p>&#8249; Ritorno al palcoscenico<\/p>\n\t\t\t\t<\/a>\n\n\t\t\t\t<div class=\"town-data\">\n\t\t\t\t\t<h2>San Sebasti\u00e1n<\/h2>\n\t\t\t\t\t<ul>\n\t\t\t\t\t\t<li>Abitanti: 186.095 aprox.<\/li>\n\t\t\t\t\t\t<li>Provincia: Guip\u00fazcoa<\/li>\n\t\t\t\t\t<\/ul>\n\t\t\t\t<\/div>\n\t\t\t<\/div>\n\t\t<\/div>\n\t\t<div class=\"hero-grid__planner-col\"><div\r\n  class=\"p-col-span-1 p-rounded-lg p-px-5 p-h-full\"\r\n  style=\"background-image: url('https:\/\/cdn.pilgrim.es\/web\/pilgrim-planner\/bg-plugin-planificador.webp')\"\r\n  rel=\"preload\"\r\n  fetchpriority=\"high\"\r\n  >\r\n    <div class=\"p-text-center p-pt-5 p-text-white p-text-2xl p-font-semibold\">\r\n      Pianifica il tuo cammino    <\/div>\r\n    <div\r\n            id='primary-app'\r\n            data-name='banner'\r\n            data-api='https:\/\/pathfinder.pilgrim.es\/api\/pathfinder\/v2'\r\n            data-mode='normal'\r\n            data-lang='it'\r\n            data-route='1'\r\n            data-destiny='https:\/\/planificador.pilgrim.es'\r\n            data-modality='1'\r\n            data-inline=''\r\n        ><\/div><\/div><\/div>\n\t<\/div>\n<\/section>\n\n<section id=\"infoTown\">\n\t<div class=\"sections-town\">\n\n\t\t<div id=\"informationSection\">\n\t\t\t<div>\n\t\t\t\t<h2 class=\"p-h2-town\">Informazioni<\/h2>\n\t\t\t\t<hr>\n\t\t\t\t<h3 class=\"p-h3-town\">Get to know San Sebasti\u00e1n<\/h3>\n\t\t\t<\/div>\n\t\t\t<p>San Sebastian o anche conosciuta come Donostia, nome ufficiale nella lingua della comunit\u00e0 autonoma a cui appartiene, \u00e8 la prossima citt\u00e0 che i pellegrini incontreranno nel loro Cammino Giacobeo.<\/p> <p>\u00c8 una citt\u00e0 ricca di storia e con un elevato patrimonio culturale che si mescola alle sue innumerevoli risorse turistiche e a un&#8217;ampia offerta gastronomica.\n\t\t<\/div>\n\n\t\t<div id=\"locationSection\">\n\t\t\t<div>\n\t\t\t\t<h2 class=\"p-h2-town\">Posizione<\/h2>\n\t\t\t\t<hr>\n\t\t\t\t<h3 class=\"p-h3-town\">Come arrivare<\/h3>\n\t\t\t<\/div>\n\t\t\t<p>La citt\u00e0 di San Sebastian \u00e8 servita dalle seguenti strade regionali GI-11, GI-21, GI-41, GI-20, GI-40 e da due principali autostrade, la AP-1 e la AP-8.\n\n<p>Ritornare in citt\u00e0 in autobus \u00e8 un&#8217;opzione altamente consigliata, ci sono numerose linee che collegano la citt\u00e0 di San Sebastian con il resto della comunit\u00e0 autonoma e, inoltre, la stazione di Amara offre linee internazionali e nazionali per le principali citt\u00e0.\n\n<p>La stazione ferroviaria offre anche linee giornaliere per le citt\u00e0 dei Paesi Baschi e altre, come la linea giornaliera per Madrid, tra le altre.\n\n<p>L&#8217;aeroporto della citt\u00e0 offre voli giornalieri per Madrid e Barcellona, e nella stagione estiva aumenta la sua offerta, ad esempio per Malaga e Palma di Maiorca.\n\t\t\t<div>\n\t\t\t\t<div>\n  <iframe loading=\"lazy\"\n    src=\"https:\/\/www.google.com\/maps\/d\/embed?mid=1laM659RUIMMETXh1lGjbHg-exPTcDVs&amp;ehbc=2E312F\"\n    width=\"640\"\n    height=\"480\"\n    alt=\"Mapa San Sebasti\u00e1n\"\n  ><\/iframe>\n<\/div>\n\n\t\t\t<\/div>\n\t\t<\/div>\n\n\t\t\n\t\t\t<div id=\"toVisitSection\">\n\t\t\t\t<div>\n\t\t\t\t\t<h2 class=\"p-h2-town\">Storia \/ Cultura<\/h2>\n\t\t\t\t\t<hr>\n\t\t\t\t\t<h3 class=\"p-h3-town\">Cosa vedere<\/h3>\n\t\t\t\t<\/div>\n\t\t\t\t<div>\n\t\t\t\t\t<div class=\"accordion\">\n\t\t\t\t\t\t<div class=\"accordion__menu\">\n\t\t\t\t\t\t\t<nav>\n\t\t\t\t\t\t\t\t\n\t\t\t\t\t\t\t\t\t<button class=\"nav-tab-accordion active\"><span>&#10093;<\/span><span> Castillo de la Mota<\/span><\/button>\n\t\t\t\t\t\t\t\t\n\t\t\t\t\t\t\t\t\t<button class=\"nav-tab-accordion \"><span>&#10093;<\/span><span> Diputaci\u00f3n Foral de Guipuzkoa<\/span><\/button>\n\t\t\t\t\t\t\t\t\n\t\t\t\t\t\t\t\t\t<button class=\"nav-tab-accordion \"><span>&#10093;<\/span><span> El Paseo Nuevo<\/span><\/button>\n\t\t\t\t\t\t\t\t\n\t\t\t\t\t\t\t\t\t<button class=\"nav-tab-accordion \"><span>&#10093;<\/span><span> Estaci\u00f3n Funicular<\/span><\/button>\n\t\t\t\t\t\t\t\t\n\t\t\t\t\t\t\t\t\t<button class=\"nav-tab-accordion \"><span>&#10093;<\/span><span> Hotel Maria Cristina<\/span><\/button>\n\t\t\t\t\t\t\t\t\n\t\t\t\t\t\t\t\t\t<button class=\"nav-tab-accordion \"><span>&#10093;<\/span><span> Iglesia de San Vicente<\/span><\/button>\n\t\t\t\t\t\t\t\t\n\t\t\t\t\t\t\t\t\t<button class=\"nav-tab-accordion \"><span>&#10093;<\/span><span> Isla de Santa Clara<\/span><\/button>\n\t\t\t\t\t\t\t\t\n\t\t\t\t\t\t\t\t\t<button class=\"nav-tab-accordion \"><span>&#10093;<\/span><span> Los Cubos de Kursaal<\/span><\/button>\n\t\t\t\t\t\t\t\t\n\t\t\t\t\t\t\t\t\t<button class=\"nav-tab-accordion \"><span>&#10093;<\/span><span> Museo de Ciencia Eureka<\/span><\/button>\n\t\t\t\t\t\t\t\t\n\t\t\t\t\t\t\t\t\t<button class=\"nav-tab-accordion \"><span>&#10093;<\/span><span> Palacio de Aiete<\/span><\/button>\n\t\t\t\t\t\t\t\t\n\t\t\t\t\t\t\t\t\t<button class=\"nav-tab-accordion \"><span>&#10093;<\/span><span> Palacio de Miramar y jardines<\/span><\/button>\n\t\t\t\t\t\t\t\t\n\t\t\t\t\t\t\t\t\t<button class=\"nav-tab-accordion \"><span>&#10093;<\/span><span> Palacio del Duque de Mandas<\/span><\/button>\n\t\t\t\t\t\t\t\t\n\t\t\t\t\t\t\t\t\t<button class=\"nav-tab-accordion \"><span>&#10093;<\/span><span> Parque de Atracciones del Monte Igueldo<\/span><\/button>\n\t\t\t\t\t\t\t\t\n\t\t\t\t\t\t\t\t\t<button class=\"nav-tab-accordion \"><span>&#10093;<\/span><span> Museo Cemento Rezola<\/span><\/button>\n\t\t\t\t\t\t\t\t\n\t\t\t\t\t\t\t\t\t<button class=\"nav-tab-accordion \"><span>&#10093;<\/span><span> Playa de La Concha<\/span><\/button>\n\t\t\t\t\t\t\t\t\n\t\t\t\t\t\t\t\t\t<button class=\"nav-tab-accordion \"><span>&#10093;<\/span><span> Puente de Mar\u00eda Cristina<\/span><\/button>\n\t\t\t\t\t\t\t\t\n\t\t\t\t\t\t\t\t\t<button class=\"nav-tab-accordion \"><span>&#10093;<\/span><span> Tabakalera<\/span><\/button>\n\t\t\t\t\t\t\t\t\n\t\t\t\t\t\t\t\t\t<button class=\"nav-tab-accordion \"><span>&#10093;<\/span><span> Biblioteca Koldo Mitxelena<\/span><\/button>\n\t\t\t\t\t\t\t\t\n\t\t\t\t\t\t\t\t\t<button class=\"nav-tab-accordion \"><span>&#10093;<\/span><span> La Perla<\/span><\/button>\n\t\t\t\t\t\t\t\t\n\t\t\t\t\t\t\t\t\t<button class=\"nav-tab-accordion \"><span>&#10093;<\/span><span> Catedral del Buen Pastor<\/span><\/button>\n\t\t\t\t\t\t\t\t\n\t\t\t\t\t\t\t\t\t<button class=\"nav-tab-accordion \"><span>&#10093;<\/span><span> Peine del Viento<\/span><\/button>\n\t\t\t\t\t\t\t\t\n\t\t\t\t\t\t\t\t\t<button class=\"nav-tab-accordion \"><span>&#10093;<\/span><span> Teatro Victoria Eugenia<\/span><\/button>\n\t\t\t\t\t\t\t\t\n\t\t\t\t\t\t\t\t\t<button class=\"nav-tab-accordion \"><span>&#10093;<\/span><span> Museo Chillida<\/span><\/button>\n\t\t\t\t\t\t\t\t\n\t\t\t\t\t\t\t\t\t<button class=\"nav-tab-accordion \"><span>&#10093;<\/span><span> Plaza de la Constituci\u00f3n<\/span><\/button>\n\t\t\t\t\t\t\t\t\n\t\t\t\t\t\t\t\t\t<button class=\"nav-tab-accordion \"><span>&#10093;<\/span><span> Lourdes Txiki<\/span><\/button>\n\t\t\t\t\t\t\t\t\n\t\t\t\t\t\t\t\t\t<button class=\"nav-tab-accordion \"><span>&#10093;<\/span><span> Aquarium<\/span><\/button>\n\t\t\t\t\t\t\t\t\n\t\t\t\t\t\t\t\t\t<button class=\"nav-tab-accordion \"><span>&#10093;<\/span><span> Bas\u00edlica de Santa Mar\u00eda del Coro<\/span><\/button>\n\t\t\t\t\t\t\t\t\n\t\t\t\t\t\t\t<\/nav>\n\t\t\t\t\t\t<\/div>\n\n\t\t\t\t\t\t\n\t\t\t\t\t\t\t<div class=\"accordion__accordion-content \">\n\t\t\t\t\t\t\t\t<div>\n\t\t\t\t\t\t\t\t\t<div>\n\t\t\t\t\t\t\t\t\t\t<h4>Castillo de la Mota<\/h4>\n\t\t\t\t\t\t\t\t\t\t<p>Il Castello di Santa Cruz de la Mota fu costruito nel XII secolo sul Monte Urgull dal re Sancho el Mayor di Navarra. Nel corso degli anni e delle guerre successive, dovette essere continuamente ricostruito e grazie a ci\u00f2, all&#8217;interno si conservano ancora tre cappelle, di cui una dedicata al Cristo de la Mota e un&#8217;imponente statua del Sacro Cuore del 1950.<\/p> <p>Il castello \u00e8 ancora oggi in piedi.\n\n<p>Orario<\/p>\n\n<p>Luned\u00ec a domenica dalle 10:00 alle 19:00<\/p> <p>Luned\u00ec a domenica dalle 10:00 alle 19:00<\/p>\n\t\t\t\t\t\t\t\t\t<\/div>\n\t\t\t\t\t\t\t\t\t<img decoding=\"async\" src=\"https:\/\/cdn.pilgrim.es\/web\/caminos\/camino-norte\/pueblos\/san-sebastian\/puntos-de-interes\/castillo-de-la-mota.jpg\" alt=\"Castillo de la Mota\">\n\t\t\t\t\t\t\t\t<\/div>\n\t\t\t\t\t\t\t<\/div>\n\t\t\t\t\t\t\n\t\t\t\t\t\t\t<div class=\"accordion__accordion-content inactive\">\n\t\t\t\t\t\t\t\t<div>\n\t\t\t\t\t\t\t\t\t<div>\n\t\t\t\t\t\t\t\t\t\t<h4>Diputaci\u00f3n Foral de Guipuzkoa<\/h4>\n\t\t\t\t\t\t\t\t\t\t<p>Il Consiglio Provinciale di Gipuzkoa ha sede in un edificio diviso in tre, costruito nel 1885 da Jos\u00e9 Goicoa, anche se ogni ala \u00e8 opera di un professionista diverso. Ram\u00f3n M\u00fagica era responsabile dell&#8217;ala destra, Manuel de Urcola dell&#8217;ala sinistra e Lorenzo de Arteaga e Manuel de Urcola del corpo centrale. Inizialmente ospitava l&#8217;Amministrazione statale e il Palazzo della Provincia.\n\n<p>Nello stesso anno di costruzione, un incendio distrusse l&#8217;edificio, salvando solo le facciate e le fondamenta. Gli architetti Luis Aladr\u00e9n e Adolfo Morales furono incaricati di riabilitare l&#8217;edificio, rispettando l&#8217;idea originale di Goicoa. Il nuovo edificio fu completato nel 1890. <\/p>\n\n<p>OGGI<\/p>\n\n<p>Luned\u00ec a gioved\u00ec dalle 08:30 alle 19:00 Venerd\u00ec dalle 08:30 alle 15:00 In agosto, da luned\u00ec a venerd\u00ec dalle 08:30 alle 15:00<\/p> <p>Luned\u00ec a venerd\u00ec dalle 08:30 alle 15:00<\/p> <p>Venerd\u00ec dalle 08:30 alle 15:00<\/p> &lt;p\n\n<p>INFORMAZIONI DI INTERESSE<\/p>\n\n<p>Web: www.gipuzkoa.eus\/esTel\u00e9fono: +34 943 112 111<\/p>\n\t\t\t\t\t\t\t\t\t<\/div>\n\t\t\t\t\t\t\t\t\t<img decoding=\"async\" src=\"https:\/\/cdn.pilgrim.es\/web\/caminos\/camino-norte\/pueblos\/san-sebastian\/puntos-de-interes\/diputacion-foral-de-guipuzkoa.jpg\" alt=\"Diputaci\u00f3n Foral de Guipuzkoa\">\n\t\t\t\t\t\t\t\t<\/div>\n\t\t\t\t\t\t\t<\/div>\n\t\t\t\t\t\t\n\t\t\t\t\t\t\t<div class=\"accordion__accordion-content inactive\">\n\t\t\t\t\t\t\t\t<div>\n\t\t\t\t\t\t\t\t\t<div>\n\t\t\t\t\t\t\t\t\t\t<h4>El Paseo Nuevo<\/h4>\n\t\t\t\t\t\t\t\t\t\t<p>Il Paseo Nuevo fu inaugurato nel 1916 e si snoda intorno al Monte Urgull, dal porto a Calle Salamanca. La cosa pi\u00f9 caratteristica e bella che troverete, oltre alle splendide viste, \u00e8 l&#8217;immagine creata dalle onde che si infrangono sul lungomare stesso.<\/p> <p>Il Paseo Nuevo \u00e8 il pi\u00f9 bel lungomare della citt\u00e0.\n\t\t\t\t\t\t\t\t\t<\/div>\n\t\t\t\t\t\t\t\t\t<img decoding=\"async\" src=\"https:\/\/cdn.pilgrim.es\/web\/caminos\/camino-norte\/pueblos\/san-sebastian\/puntos-de-interes\/el-paseo-nuevo.jpg\" alt=\"El Paseo Nuevo\">\n\t\t\t\t\t\t\t\t<\/div>\n\t\t\t\t\t\t\t<\/div>\n\t\t\t\t\t\t\n\t\t\t\t\t\t\t<div class=\"accordion__accordion-content inactive\">\n\t\t\t\t\t\t\t\t<div>\n\t\t\t\t\t\t\t\t\t<div>\n\t\t\t\t\t\t\t\t\t\t<h4>Estaci\u00f3n Funicular<\/h4>\n\t\t\t\t\t\t\t\t\t\t<p>La Funicolare \u00e8 il modo migliore per accedere al complesso turistico del Monte Igueldo e godersi il panorama sorvolando la citt\u00e0. Con sorpresa di molti, questa funicolare, inaugurata nel 1912, \u00e8 ancora oggi in funzione con le stesse attrezzature e gli stessi veicoli di allora.\n\n<p>Orario<\/p>\n\n<p>Inverno: Fine settimana e giorni festivi dalle 11:30 alle 14:00 e dalle 16:00 alle 19:00 Primavera: Fine settimana e giorni festivi dalle 11:00 alle 14:00 e dalle 16:00 alle 20:30 Estate: Giorni feriali: dalle 11:00 alle 14:00 e dalle 15:30 alle 20:30:00 e dalle 15:30 alle 20:15 Fine settimana e giorni festivi dalle 11:00 alle 14:00 e dalle 15:30 alle 20:45 Grande settimana: fino alle 23:30 Autunno: fine settimana e giorni festivi dalle 11:30 alle 14:00 e dalle 16:00 alle 20:00<\/p>&gt;\n\n<p>INFORMAZIONI DI INTERESSE: <\/p>\n\n<p>Telefono: +34 943 21 05 64<\/p>\n\t\t\t\t\t\t\t\t\t<\/div>\n\t\t\t\t\t\t\t\t\t<img decoding=\"async\" src=\"https:\/\/cdn.pilgrim.es\/web\/caminos\/camino-norte\/pueblos\/san-sebastian\/puntos-de-interes\/estacion-funicular.jpg\" alt=\"Estaci\u00f3n Funicular\">\n\t\t\t\t\t\t\t\t<\/div>\n\t\t\t\t\t\t\t<\/div>\n\t\t\t\t\t\t\n\t\t\t\t\t\t\t<div class=\"accordion__accordion-content inactive\">\n\t\t\t\t\t\t\t\t<div>\n\t\t\t\t\t\t\t\t\t<div>\n\t\t\t\t\t\t\t\t\t\t<h4>Hotel Maria Cristina<\/h4>\n\t\t\t\t\t\t\t\t\t\t<p>L&#8217;Hotel Mar\u00eda Cristina, costruito nel 1920 da Charles Mewes, con 136 camere, divenne rapidamente il punto d&#8217;incontro di reali e aristocratici per godersi il sole e fare il bagno nelle acque della spiaggia di La Concha. <\/p>\n\n<p>Questo edificio \u00e8 considerato il gioiello di San Sebastian in quanto ospita molte celebrit\u00e0 di tutto il mondo come Woody Allen, Brad Pitt e Julia Roberts durante il Festival del Cinema di San Sebastian.<\/p> <p>L&#8217;hotel ha ospitato molte delle celebrit\u00e0 pi\u00f9 famose del mondo come Woody Allen, Brad Pitt e Julia Roberts.\n\t\t\t\t\t\t\t\t\t<\/div>\n\t\t\t\t\t\t\t\t\t<img decoding=\"async\" src=\"https:\/\/cdn.pilgrim.es\/web\/caminos\/camino-norte\/pueblos\/san-sebastian\/puntos-de-interes\/hotel-maria-cristina.jpg\" alt=\"Hotel Maria Cristina\">\n\t\t\t\t\t\t\t\t<\/div>\n\t\t\t\t\t\t\t<\/div>\n\t\t\t\t\t\t\n\t\t\t\t\t\t\t<div class=\"accordion__accordion-content inactive\">\n\t\t\t\t\t\t\t\t<div>\n\t\t\t\t\t\t\t\t\t<div>\n\t\t\t\t\t\t\t\t\t\t<h4>Iglesia de San Vicente<\/h4>\n\t\t\t\t\t\t\t\t\t\t<p>La Chiesa di San Vicente, in stile gotico basco, \u00e8 la pi\u00f9 antica della citt\u00e0, costruita nel XVI secolo e dichiarata Bene di Interesse Culturale nel 1984. Nel corso del tempo ha subito numerose modifiche e aggiunte, come il portico barocco, la sacrestia, la scala del coro, il battistero sulla facciata orientale, l&#8217;atrio e la porta meridionale. Inoltre, sono stati aggiunti quattro rosoni alle facciate. <\/p>\n\n<p>L&#8217;interno ha una pianta a tre navate, di cui la centrale \u00e8 la pi\u00f9 alta, e un&#8217;abside ottagonale coperta da volte a vela sostenute all&#8217;interno da colonne circolari con colonnine annesse e sorrette da contrafforti. L&#8217;elemento di spicco della decorazione interna \u00e8 la pala d&#8217;altare principale, considerata una delle pi\u00f9 belle del periodo romano. <\/p>\n\n<p>Le persone che venivano battezzate nella chiesa di San Vicente sono conosciute come &#8220;koxkeros&#8221;, grazie alle pietre sporgenti del tempio che in basco sono chiamate &#8220;koxka&#8221;.<\/p> <p>La pala d&#8217;altare principale della chiesa \u00e8 considerata una delle pi\u00f9 belle del periodo romanico.\n\n<p>Orari<\/p>\n\n<p>Luned\u00ec a venerd\u00ec dalle 09:00 alle 13:00 e dalle 17:00 alle 20:00<\/p> <p>Luned\u00ec a venerd\u00ec dalle 09:00 alle 13:00 e dalle 17:00 alle 20:00<\/p>\n\n<p>INFORMAZIONI DI INTERESSE<\/p>\n\n<p>Telefono: +34 943 433 596<\/p>\n\t\t\t\t\t\t\t\t\t<\/div>\n\t\t\t\t\t\t\t\t\t<img decoding=\"async\" src=\"https:\/\/cdn.pilgrim.es\/web\/caminos\/camino-norte\/pueblos\/san-sebastian\/puntos-de-interes\/iglesia-de-san-vicente.jpg\" alt=\"Iglesia de San Vicente\">\n\t\t\t\t\t\t\t\t<\/div>\n\t\t\t\t\t\t\t<\/div>\n\t\t\t\t\t\t\n\t\t\t\t\t\t\t<div class=\"accordion__accordion-content inactive\">\n\t\t\t\t\t\t\t\t<div>\n\t\t\t\t\t\t\t\t\t<div>\n\t\t\t\t\t\t\t\t\t\t<h4>Isla de Santa Clara<\/h4>\n\t\t\t\t\t\t\t\t\t\t<p>L&#8217;isola di Santa Clara si trova nel cuore della baia di La Concha, che ospita, tra gli altri, la lucertola. Questo corpo ospita un molo e una piccola spiaggia che, nonostante sia lunga solo 30 metri, dispone di un servizio di salvataggio, docce e persino un bar. L&#8217;unico edificio presente \u00e8 il faro che si trova sulla sua sommit\u00e0. <\/p>\n\n<p>In estate \u00e8 collegata al porto di San Sebasti\u00e1n da un servizio regolare di battelli ogni mezz&#8217;ora.\n\t\t\t\t\t\t\t\t\t<\/div>\n\t\t\t\t\t\t\t\t\t<img decoding=\"async\" src=\"https:\/\/cdn.pilgrim.es\/web\/caminos\/camino-norte\/pueblos\/san-sebastian\/puntos-de-interes\/isla-de-santa-clara.jpg\" alt=\"Isla de Santa Clara\">\n\t\t\t\t\t\t\t\t<\/div>\n\t\t\t\t\t\t\t<\/div>\n\t\t\t\t\t\t\n\t\t\t\t\t\t\t<div class=\"accordion__accordion-content inactive\">\n\t\t\t\t\t\t\t\t<div>\n\t\t\t\t\t\t\t\t\t<div>\n\t\t\t\t\t\t\t\t\t\t<h4>Los Cubos de Kursaal<\/h4>\n\t\t\t\t\t\t\t\t\t\t<p>Il Kursaal Cubes \u00e8 uno straordinario edificio progettato dal noto architetto Rafael Moneo. La struttura presenta due cubi di vetro che cercano di preservare la geografia e di evidenziare l&#8217;armonia tra il mondo artificiale e quello naturale.\n\n<p>Questo palazzo \u00e8 stato insignito del premio Mies van der Rohe per l&#8217;architettura contemporanea ed \u00e8 il risultato di un progetto che Donostia e Gipuzkoa sognavano per poter ospitare qualsiasi tipo di evento in questo imponente centro congressi.<\/p> <p>Il palazzo \u00e8 il risultato di un progetto che Donostia e Gipuzkoa sognavano per poter ospitare qualsiasi tipo di evento in questo imponente centro congressi.\n\t\t\t\t\t\t\t\t\t<\/div>\n\t\t\t\t\t\t\t\t\t<img decoding=\"async\" src=\"https:\/\/cdn.pilgrim.es\/web\/caminos\/camino-norte\/pueblos\/san-sebastian\/puntos-de-interes\/los-cubos-de-kursaal.jpg\" alt=\"Los Cubos de Kursaal\">\n\t\t\t\t\t\t\t\t<\/div>\n\t\t\t\t\t\t\t<\/div>\n\t\t\t\t\t\t\n\t\t\t\t\t\t\t<div class=\"accordion__accordion-content inactive\">\n\t\t\t\t\t\t\t\t<div>\n\t\t\t\t\t\t\t\t\t<div>\n\t\t\t\t\t\t\t\t\t\t<h4>Museo de Ciencia Eureka<\/h4>\n\t\t\t\t\t\t\t\t\t\t<p>L&#8217;Eureka Science Museum si propone di integrare il mondo della scienza e della tecnologia, accessibile a un pubblico di tutte le et\u00e0, con una serie di attivit\u00e0 stimolanti. <\/p>\n\n<p>Questo centro ospita la mostra permanente HIPATIA, che conta pi\u00f9 di centosessanta moduli interattivi distribuiti in otto sale tematiche. Degno di nota \u00e8 anche il suo planetario, dove viene mostrata l&#8217;astronomia e vengono effettuate proiezioni cinematografiche immersive. <\/p>\n\n<p>All&#8217;interno si trovano anche un pendolo di Foucault e una serie di animazioni, spettacoli e simulatori di montagne russe. Nei giardini esterni \u00e8 possibile ammirare una serie di modelli di edifici del patrimonio di Gipuzkoa, oltre a un mini giardino botanico.\n\n<p>Orario di apertura del museo: dalle 10:00 alle 20:00 Orario di apertura dei simulatori: dalle 12:00 alle 14:00 e dalle 16:00 alle 20:00 Orario di apertura della sala Animalia: dalle 12:00 alle 14:00 e dalle 16:00 alle 20:00<\/p>\n\n<p>INFORMAZIONI DI INTERESSE<\/p>\n\n<p>Telefono: +34 943 012 478<\/p>\n\t\t\t\t\t\t\t\t\t<\/div>\n\t\t\t\t\t\t\t\t\t<img decoding=\"async\" src=\"https:\/\/cdn.pilgrim.es\/web\/caminos\/camino-norte\/pueblos\/san-sebastian\/puntos-de-interes\/museo-de-ciencia-eureka.jpg\" alt=\"Museo de Ciencia Eureka\">\n\t\t\t\t\t\t\t\t<\/div>\n\t\t\t\t\t\t\t<\/div>\n\t\t\t\t\t\t\n\t\t\t\t\t\t\t<div class=\"accordion__accordion-content inactive\">\n\t\t\t\t\t\t\t\t<div>\n\t\t\t\t\t\t\t\t\t<div>\n\t\t\t\t\t\t\t\t\t\t<h4>Palacio de Aiete<\/h4>\n\t\t\t\t\t\t\t\t\t\t<p>Il Palacio de Aiete \u00e8 un bellissimo complesso residenziale dichiarato Bene di Interesse Culturale costituito dal palazzo e dai suoi giardini, costruito su richiesta del Duca e della Duchessa di Bail\u00e9n nel 1878 dall&#8217;architetto Adolfo Ombrecht. <\/p>\n\n<p>Attualmente, all&#8217;interno del palazzo si trova la Casa della Pace e dei Diritti Umani, mentre nella parte settentrionale dei giardini \u00e8 stato eretto un nuovo edificio per ospitare la Casa della Cultura. <\/p>\n\t\t\t\t\t\t\t\t\t<\/div>\n\t\t\t\t\t\t\t\t\t<img decoding=\"async\" src=\"https:\/\/cdn.pilgrim.es\/web\/caminos\/camino-norte\/pueblos\/san-sebastian\/puntos-de-interes\/palacio-de-aiete.jpg\" alt=\"Palacio de Aiete\">\n\t\t\t\t\t\t\t\t<\/div>\n\t\t\t\t\t\t\t<\/div>\n\t\t\t\t\t\t\n\t\t\t\t\t\t\t<div class=\"accordion__accordion-content inactive\">\n\t\t\t\t\t\t\t\t<div>\n\t\t\t\t\t\t\t\t\t<div>\n\t\t\t\t\t\t\t\t\t\t<h4>Palacio de Miramar y jardines<\/h4>\n\t\t\t\t\t\t\t\t\t\t<p>Il Miramar Palace, in stile cottage inglese Queen Anne, si affaccia sulle spiagge della Baia di Santa Clara e dell&#8217;Isola di Santa Clara ed era il luogo di villeggiatura estiva della famiglia reale.\n\n<p> \u00c8 costruito in mattoni, pietra arenaria e legno a mezza altezza ed \u00e8 circondato da ampi giardini progettati da Pierre Ducasse.  Attualmente ospita i corsi estivi dell&#8217;Universit\u00e0 dei Paesi Baschi ed \u00e8 la sede del Centro Superiore di Musica dei Paesi Baschi.<\/p> <p>\u00c8 anche la sede dell&#8217;Universit\u00e0 dei Paesi Baschi.\n\n<p>OGGI<\/p>\n\n<p>Luned\u00ec a sabato, dalle 09:00 alle 13:30 e dalle 15:30 alle 19:00 Domenica e festivi, dalle 10:00 alle 14:00<\/p> <p>Sabato a sabato, dalle 09:00 alle 13:30 e dalle 15:30 alle 19:00 Domenica e festivi, dalle 10:00 alle 14:00<\/p>\n\n<p>INFORMAZIONI DI INTERESSE<\/p>\n\n<p>Telefono: +34 943 219 022<\/p>\n\t\t\t\t\t\t\t\t\t<\/div>\n\t\t\t\t\t\t\t\t\t<img decoding=\"async\" src=\"https:\/\/cdn.pilgrim.es\/web\/caminos\/camino-norte\/pueblos\/san-sebastian\/puntos-de-interes\/palacio-de-miramar-y-jardines.jpg\" alt=\"Palacio de Miramar y jardines\">\n\t\t\t\t\t\t\t\t<\/div>\n\t\t\t\t\t\t\t<\/div>\n\t\t\t\t\t\t\n\t\t\t\t\t\t\t<div class=\"accordion__accordion-content inactive\">\n\t\t\t\t\t\t\t\t<div>\n\t\t\t\t\t\t\t\t\t<div>\n\t\t\t\t\t\t\t\t\t\t<h4>Palacio del Duque de Mandas<\/h4>\n\t\t\t\t\t\t\t\t\t\t<p>Il Palazzo del Duca di Mandas si trova nel parco di Cristina Enea ed era la residenza principale del Duca di Mandas, ma oggi ospita la sede del Centro Risorse Ambientali. Vale la pena di notare che sia la ristrutturazione della facciata che quella degli interni hanno suscitato molte polemiche.\n\n<p>OGGI<\/p>\n\n<p>Luned\u00ec a sabato dalle 09:30 alle 13:30 Domenica e festivi dalle 10:00 alle 14:00<\/p> <p>Luned\u00ec a sabato dalle 09:30 alle 13:30 Domenica e festivi dalle 10:00 alle 14:00<\/p>\n\t\t\t\t\t\t\t\t\t<\/div>\n\t\t\t\t\t\t\t\t\t<img decoding=\"async\" src=\"https:\/\/cdn.pilgrim.es\/web\/caminos\/camino-norte\/pueblos\/san-sebastian\/puntos-de-interes\/palacio-del-duque-de-mandas.jpg\" alt=\"Palacio del Duque de Mandas\">\n\t\t\t\t\t\t\t\t<\/div>\n\t\t\t\t\t\t\t<\/div>\n\t\t\t\t\t\t\n\t\t\t\t\t\t\t<div class=\"accordion__accordion-content inactive\">\n\t\t\t\t\t\t\t\t<div>\n\t\t\t\t\t\t\t\t\t<div>\n\t\t\t\t\t\t\t\t\t\t<h4>Parque de Atracciones del Monte Igueldo<\/h4>\n\t\t\t\t\t\t\t\t\t\t<p>Il Parco divertimenti Monte Igueldo si trova sul Paseo del Faro a San Sebastian e dispone di una funicolare che sale fino a La Farola, per cui si pu\u00f2 anche salire su una qualsiasi delle sue attrazioni: il labirinto, la giostra, le montagne russe, gli autoscontri, ecc. Si pu\u00f2 anche salire sul dorso di un pony, entrare nella Casa dell&#8217;Orrore o divertirsi sui trampolini. <\/p>\n\n<p>Oltre a tutte queste attrazioni, i pi\u00f9 piccoli possono partecipare ai numerosi giochi di abilit\u00e0: camion telecomandati, pista da bowling, corsa delle tartarughe, tiro western, ecc.<\/p> <p>.\n\n<p>Orario di apertura<\/p>\n\n<p>Inverno: Fine settimana e giorni festivi dalle 11:30 alle 14:00 e dalle 16:00 alle 19:00 Primavera: Fine settimana e giorni festivi dalle 11:00 alle 14:00 e dalle 16:00 alle 20:30 Estate: Giorni feriali: dalle 11:00 alle 14:00:Fine settimana e festivi: dalle 11:00 alle 14:00 e dalle 15:30 alle 20:45 Grande settimana: fino alle 23:30 Autunno: Fine settimana e festivi: dalle 11:30 alle 14:00 e dalle 16:00 alle 20:00<\/p>\n\n<p>INFORMAZIONI DI INTERESSE<\/p>\n\n<p>Telefono: +34 943 210 564 Web: www.monteigueldo.es<\/p>\n\t\t\t\t\t\t\t\t\t<\/div>\n\t\t\t\t\t\t\t\t\t<img decoding=\"async\" src=\"https:\/\/cdn.pilgrim.es\/web\/caminos\/camino-norte\/pueblos\/san-sebastian\/puntos-de-interes\/parque-de-atracciones-del-monte-igueldo.jpg\" alt=\"Parque de Atracciones del Monte Igueldo\">\n\t\t\t\t\t\t\t\t<\/div>\n\t\t\t\t\t\t\t<\/div>\n\t\t\t\t\t\t\n\t\t\t\t\t\t\t<div class=\"accordion__accordion-content inactive\">\n\t\t\t\t\t\t\t\t<div>\n\t\t\t\t\t\t\t\t\t<div>\n\t\t\t\t\t\t\t\t\t\t<h4>Museo Cemento Rezola<\/h4>\n\t\t\t\t\t\t\t\t\t\t<p>Il Museo del Cemento Rezola \u00e8 ospitato in un edificio che fino al 2000 era un cementificio. Quando l&#8217;edificio \u00e8 stato ristrutturato per diventare un museo, la struttura originaria \u00e8 stata conservata, cos\u00ec che ancora oggi presenta una facciata completamente rivestita di malta cementizia e le tre sale interne dove sono stati installati l&#8217;auditorium per ospitare conferenze e incontri, la sala espositiva permanente che offre un tour del mondo del cemento e l&#8217;area espositiva temporanea al centro dell&#8217;edificio.\n\n<p>Oltre a spiegare lo scopo e gli usi del cemento, questo museo vuole anche rendere omaggio ai fondatori della fabbrica e rendere omaggio agli uomini e alle donne che hanno contribuito a rendere questa azienda una delle pi\u00f9 importanti del Paese nel settore.<\/p> &lt;p\n\n<p>Orario dal marted\u00ec al sabato: dalle 10:00 alle 14:00 <\/p>\n\n<p>INFORMAZIONI DI INTERESSE<\/p>\n\n<p>Telefono: +34 943 364 192 Email: info@museumcementorezola.org Web: http:\/\/museumcementorezola.org\/es\/<\/p> <p>Web: http:\/\/museumcementorezola.org\/es\/<\/p>\n\t\t\t\t\t\t\t\t\t<\/div>\n\t\t\t\t\t\t\t\t\t<img decoding=\"async\" src=\"https:\/\/cdn.pilgrim.es\/web\/caminos\/camino-norte\/pueblos\/san-sebastian\/puntos-de-interes\/museo-cemento-rezola.jpg\" alt=\"Museo Cemento Rezola\">\n\t\t\t\t\t\t\t\t<\/div>\n\t\t\t\t\t\t\t<\/div>\n\t\t\t\t\t\t\n\t\t\t\t\t\t\t<div class=\"accordion__accordion-content inactive\">\n\t\t\t\t\t\t\t\t<div>\n\t\t\t\t\t\t\t\t\t<div>\n\t\t\t\t\t\t\t\t\t\t<h4>Playa de La Concha<\/h4>\n\t\t\t\t\t\t\t\t\t\t<p>La spiaggia della Concha \u00e8 l&#8217;immagine principale di San Sebastian, oltre ad essere la pi\u00f9 bella, \u00e8 la pi\u00f9 centrale della citt\u00e0 e si estende per un chilometro e mezzo di sabbia bianca. Non solo \u00e8 la migliore spiaggia del Golfo di Biscaglia, ma \u00e8 anche considerata una delle migliori spiagge urbane d&#8217;Europa. <\/p>\n\n<p> Lungo tutta la baia spiccano diversi elementi come la ringhiera di La Concha per i suoi ornamenti, i lampioni che fungono da premi nel Festival del Cinema, la zona &#8220;Los Relojes&#8221;, la zona di La Perla, ecc. Ma ci\u00f2 che spicca maggiormente \u00e8 l&#8217;isola di Santa Clara, situata al centro della baia.\n\t\t\t\t\t\t\t\t\t<\/div>\n\t\t\t\t\t\t\t\t\t<img decoding=\"async\" src=\"https:\/\/cdn.pilgrim.es\/web\/caminos\/camino-norte\/pueblos\/san-sebastian\/puntos-de-interes\/playa-de-la-concha.jpg\" alt=\"Playa de La Concha\">\n\t\t\t\t\t\t\t\t<\/div>\n\t\t\t\t\t\t\t<\/div>\n\t\t\t\t\t\t\n\t\t\t\t\t\t\t<div class=\"accordion__accordion-content inactive\">\n\t\t\t\t\t\t\t\t<div>\n\t\t\t\t\t\t\t\t\t<div>\n\t\t\t\t\t\t\t\t\t\t<h4>Puente de Mar\u00eda Cristina<\/h4>\n\t\t\t\t\t\t\t\t\t\t<p>Il Ponte Maria Cristina collega le due sponde del fiume e presenta quattro obelischi monumentali ad entrambe le entrate, coronati da gruppi scultorei. Prima dell&#8217;inaugurazione dell&#8217;attuale ponte, avvenuta il 20 gennaio 1905, esisteva una passerella provvisoria in legno. Questa data coincide con la festa di San Sebastiano. <\/p>\n\t\t\t\t\t\t\t\t\t<\/div>\n\t\t\t\t\t\t\t\t\t<img decoding=\"async\" src=\"https:\/\/cdn.pilgrim.es\/web\/caminos\/camino-norte\/pueblos\/san-sebastian\/puntos-de-interes\/puente-de-maria-cristina.jpg\" alt=\"Puente de Mar\u00eda Cristina\">\n\t\t\t\t\t\t\t\t<\/div>\n\t\t\t\t\t\t\t<\/div>\n\t\t\t\t\t\t\n\t\t\t\t\t\t\t<div class=\"accordion__accordion-content inactive\">\n\t\t\t\t\t\t\t\t<div>\n\t\t\t\t\t\t\t\t\t<div>\n\t\t\t\t\t\t\t\t\t\t<h4>Tabakalera<\/h4>\n\t\t\t\t\t\t\t\t\t\t<p>La Tabakalera \u00e8 un edificio cos\u00ec chiamato perch\u00e9 ha ospitato la fabbrica di tabacco di Donostia dal 1913 al 2003. Da quell&#8217;anno il Comune di San Sebastian, il Consiglio Provinciale di Gipuzkoa e il Governo Basco sono diventati proprietari dell&#8217;edificio e lo hanno trasformato nell&#8217;attuale centro culturale internazionale.<\/p> <p>La Tabakalera \u00e8 il centro culturale pi\u00f9 importante di San Sebastian.\n\n<p>Dal 2011 al 2015, questo edificio \u00e8 stato sottoposto a continui lavori di ristrutturazione per diventare un centro di cultura contemporanea. A tal fine, l&#8217;edificio \u00e8 stato aperto alla citt\u00e0 rimuovendo le recinzioni e i muri di cinta ed \u00e8 stato creato un prisma di vetro per rendere l&#8217;edificio pi\u00f9 luminoso e visibile. <\/p>\n\t\t\t\t\t\t\t\t\t<\/div>\n\t\t\t\t\t\t\t\t\t<img decoding=\"async\" src=\"https:\/\/cdn.pilgrim.es\/web\/caminos\/camino-norte\/pueblos\/san-sebastian\/puntos-de-interes\/tabakalera.jpg\" alt=\"Tabakalera\">\n\t\t\t\t\t\t\t\t<\/div>\n\t\t\t\t\t\t\t<\/div>\n\t\t\t\t\t\t\n\t\t\t\t\t\t\t<div class=\"accordion__accordion-content inactive\">\n\t\t\t\t\t\t\t\t<div>\n\t\t\t\t\t\t\t\t\t<div>\n\t\t\t\t\t\t\t\t\t\t<h4>Biblioteca Koldo Mitxelena<\/h4>\n\t\t\t\t\t\t\t\t\t\t<p>Il Koldo Mitxelena Kulturunea \u00e8 un edificio che ospita la sede della biblioteca del Consiglio Provinciale di Gipuzkoa. Attualmente \u00e8 considerata una delle migliori biblioteche di scienze umane e di cultura basca, che si divide in due sale espositive, la prima incentrata sulle arti visive e la seconda \u00e8 uno spazio polivalente dove si possono trovare mostre incentrate su temi di attualit\u00e0.\n\n<p>OGGI<\/p>\n\n<p>Luned\u00ec a venerd\u00ec dalle 08:30 alle 20:30 Sabato dalle 08:30 alle 14:00 Domenica: chiuso<\/p> <p>Sabato dalle 08:30 alle 14:00 Domenica: chiuso<\/p> <p>Sabato dalle 08:30 alle 20:30\n\n<p>INFORMAZIONI DI INTERESSE<\/p>\n\n<p>Telefono: +34 943 112 760 Web: www.kmliburutegia.net\/?lng=es<\/p>\n\t\t\t\t\t\t\t\t\t<\/div>\n\t\t\t\t\t\t\t\t\t<img decoding=\"async\" src=\"https:\/\/cdn.pilgrim.es\/web\/caminos\/camino-norte\/pueblos\/san-sebastian\/puntos-de-interes\/biblioteca-koldo-mitxelena.jpg\" alt=\"Biblioteca Koldo Mitxelena\">\n\t\t\t\t\t\t\t\t<\/div>\n\t\t\t\t\t\t\t<\/div>\n\t\t\t\t\t\t\n\t\t\t\t\t\t\t<div class=\"accordion__accordion-content inactive\">\n\t\t\t\t\t\t\t\t<div>\n\t\t\t\t\t\t\t\t\t<div>\n\t\t\t\t\t\t\t\t\t\t<h4>La Perla<\/h4>\n\t\t\t\t\t\t\t\t\t\t<p>La Perla si trova sulla spiaggia di La Concha ed \u00e8 uno degli edifici pi\u00f9 simbolici di San Sebastian, appartenente alla &#8220;Belle \u00c9poque&#8221;. L&#8217;edificio era originariamente in legno fino al 1912, quando fu sostituito e ristrutturato per dargli l&#8217;aspetto che vediamo oggi.\n\n<p>Questo edificio era la residenza estiva della famiglia reale pi\u00f9 di un secolo fa. Oggi l&#8217;edificio ospita un centro Thalasso-Sport che, utilizzando l&#8217;acqua del mare, offre trattamenti terapeutici al suo interno.\n\t\t\t\t\t\t\t\t\t<\/div>\n\t\t\t\t\t\t\t\t\t<img decoding=\"async\" src=\"https:\/\/cdn.pilgrim.es\/web\/caminos\/camino-norte\/pueblos\/san-sebastian\/puntos-de-interes\/la-perla.jpg\" alt=\"La Perla\">\n\t\t\t\t\t\t\t\t<\/div>\n\t\t\t\t\t\t\t<\/div>\n\t\t\t\t\t\t\n\t\t\t\t\t\t\t<div class=\"accordion__accordion-content inactive\">\n\t\t\t\t\t\t\t\t<div>\n\t\t\t\t\t\t\t\t\t<div>\n\t\t\t\t\t\t\t\t\t\t<h4>Catedral del Buen Pastor<\/h4>\n\t\t\t\t\t\t\t\t\t\t<p>La Cattedrale del Buon Pastore di San Sebastian si trova nel cuore dell&#8217;Ensanche de Amara dal 1897, quando fu inaugurata. Fu costruita da Manuel Echave sul modello delle cattedrali gotiche tedesche, anche se nel corso degli anni ha subito numerose ricostruzioni. <\/p>\n\n<p>Per quanto riguarda la sua struttura, si sviluppa su una pianta a croce latina divisa in tre navate sormontate da un presbiterio. In cima alle navate spiccano le molteplici vetrate di Juan Bautista, che rappresentano i Dodici Apostoli in compagnia di Ges\u00f9 e Maria. <\/p>\n\t\t\t\t\t\t\t\t\t<\/div>\n\t\t\t\t\t\t\t\t\t<img decoding=\"async\" src=\"https:\/\/cdn.pilgrim.es\/web\/caminos\/camino-norte\/pueblos\/san-sebastian\/puntos-de-interes\/catedral-del-buen-pastor.jpg\" alt=\"Catedral del Buen Pastor\">\n\t\t\t\t\t\t\t\t<\/div>\n\t\t\t\t\t\t\t<\/div>\n\t\t\t\t\t\t\n\t\t\t\t\t\t\t<div class=\"accordion__accordion-content inactive\">\n\t\t\t\t\t\t\t\t<div>\n\t\t\t\t\t\t\t\t\t<div>\n\t\t\t\t\t\t\t\t\t\t<h4>Peine del Viento<\/h4>\n\t\t\t\t\t\t\t\t\t\t<p>Il Pettine del Vento del 1977 \u00e8 una delle opere pi\u00f9 famose di Eduardo Chillida, composta da terrazze di granito rosa e tre pezzi di acciaio che sovrastano le zone sassose del mare. <\/p>\n\n<p>La cosa pi\u00f9 spettacolare di questa costruzione \u00e8 che grazie al suo sistema di tubi, l&#8217;aria spinta dalle onde del mare sale in superficie emettendo un suono molto particolare, oltre a espellere l&#8217;acqua spruzzata, da cui il nome.<\/p> <p>Pettine del vento.\n\t\t\t\t\t\t\t\t\t<\/div>\n\t\t\t\t\t\t\t\t\t<img decoding=\"async\" src=\"https:\/\/cdn.pilgrim.es\/web\/caminos\/camino-norte\/pueblos\/san-sebastian\/puntos-de-interes\/peine-del-viento.jpg\" alt=\"Peine del Viento\">\n\t\t\t\t\t\t\t\t<\/div>\n\t\t\t\t\t\t\t<\/div>\n\t\t\t\t\t\t\n\t\t\t\t\t\t\t<div class=\"accordion__accordion-content inactive\">\n\t\t\t\t\t\t\t\t<div>\n\t\t\t\t\t\t\t\t\t<div>\n\t\t\t\t\t\t\t\t\t\t<h4>Teatro Victoria Eugenia<\/h4>\n\t\t\t\t\t\t\t\t\t\t<p>Il Teatro Victoria Eugenia \u00e8 ospitato in un edificio del 1912 che ospita i principali eventi culturali della citt\u00e0. Ha una capienza di 910 persone nella sala principale e dispone di altre sale polivalenti legate alle arti dello spettacolo. <\/p>\n\n<p>Da notare che questo teatro \u00e8 stato costruito contemporaneamente all&#8217;Hotel Mar\u00eda Cristina e ai giardini dell&#8217;Okendo, dando vita a uno spazio pubblico monumentale. Il lotto del teatro \u00e8 di forma rettangolare e si estende su 2.460 m2.\n\n<p>OGGI<\/p>\n\n<p>Luned\u00ec a domenica: dalle 11:30 alle 13:30 e dalle 17:00 alle 20:00<\/p> <p>Luned\u00ec a domenica: dalle 11:30 alle 13:30 e dalle 17:00 alle 20:00<\/p>\n\n<p>INFORMAZIONI DI INTERESSE<\/p>\n\n<p>Telefono: +34 943 48 11 60 E-mail: victoria_eugenia@donostia.eus Web: http:\/\/www.victoriaeugenia.com\/<\/p>\n\t\t\t\t\t\t\t\t\t<\/div>\n\t\t\t\t\t\t\t\t\t<img decoding=\"async\" src=\"https:\/\/cdn.pilgrim.es\/web\/caminos\/camino-norte\/pueblos\/san-sebastian\/puntos-de-interes\/teatro-victoria-eugenia.jpg\" alt=\"Teatro Victoria Eugenia\">\n\t\t\t\t\t\t\t\t<\/div>\n\t\t\t\t\t\t\t<\/div>\n\t\t\t\t\t\t\n\t\t\t\t\t\t\t<div class=\"accordion__accordion-content inactive\">\n\t\t\t\t\t\t\t\t<div>\n\t\t\t\t\t\t\t\t\t<div>\n\t\t\t\t\t\t\t\t\t\t<h4>Museo Chillida<\/h4>\n\t\t\t\t\t\t\t\t\t\t<p>Il Museo Chillida-Leku \u00e8 stato creato da Eduardo Chillida e da sua moglie Pilar Belzunce con l&#8217;obiettivo di esporre le loro sculture. Si trova nella tenuta di Zabalaga, dove si trova una casa colonica che \u00e8 stata poi convertita in museo. Questo museo, sia all&#8217;interno che all&#8217;esterno, mostra l&#8217;evoluzione e la carriera dell&#8217;autore nell&#8217;arco di 50 anni, suddividendo la collezione in tre aree definite:<\/p> <p>\n\n<p>Attualmente, dopo 10 anni di esistenza, il museo \u00e8 chiuso al pubblico.\n\t\t\t\t\t\t\t\t\t<\/div>\n\t\t\t\t\t\t\t\t\t<img decoding=\"async\" src=\"https:\/\/cdn.pilgrim.es\/web\/caminos\/camino-norte\/pueblos\/san-sebastian\/puntos-de-interes\/museo-chillida.jpg\" alt=\"Museo Chillida\">\n\t\t\t\t\t\t\t\t<\/div>\n\t\t\t\t\t\t\t<\/div>\n\t\t\t\t\t\t\n\t\t\t\t\t\t\t<div class=\"accordion__accordion-content inactive\">\n\t\t\t\t\t\t\t\t<div>\n\t\t\t\t\t\t\t\t\t<div>\n\t\t\t\t\t\t\t\t\t\t<h4>Plaza de la Constituci\u00f3n<\/h4>\n\t\t\t\t\t\t\t\t\t\t<p>La Plaza de la Constituci\u00f3n si trova nel centro storico della citt\u00e0 di San Sebasti\u00e1n. Fino alla prima met\u00e0 del XX secolo, questa piazza era conosciuta come &#8220;Plaza del Ayuntamiento&#8221; (Piazza del Municipio), in quanto sede del Municipio. <\/p>\n\n<p>Oggi questa piazza \u00e8 testimone di molte delle feste pi\u00f9 importanti della citt\u00e0, come l&#8217;alzabandiera e l&#8217;ammaina bandiera del 20 gennaio, la fiera del giorno di Santo Tom\u00e1s&#8230; <\/p> <p>La piazza \u00e8 anche il luogo delle feste pi\u00f9 importanti della citt\u00e0, come l&#8217;alzabandiera e l&#8217;ammaina bandiera del 20 gennaio, la fiera del giorno di Santo Tom\u00e1s, ecc.\n\n<p>Vale la pena ricordare che prima di diventare un&#8217;arena, veniva utilizzata come arena per i tori, caratteristica che si pu\u00f2 notare nei numeri sui balconi degli edifici circostanti.\n\t\t\t\t\t\t\t\t\t<\/div>\n\t\t\t\t\t\t\t\t\t<img decoding=\"async\" src=\"https:\/\/cdn.pilgrim.es\/web\/caminos\/camino-norte\/pueblos\/san-sebastian\/puntos-de-interes\/plaza-de-la-constitucion.jpg\" alt=\"Plaza de la Constituci\u00f3n\">\n\t\t\t\t\t\t\t\t<\/div>\n\t\t\t\t\t\t\t<\/div>\n\t\t\t\t\t\t\n\t\t\t\t\t\t\t<div class=\"accordion__accordion-content inactive\">\n\t\t\t\t\t\t\t\t<div>\n\t\t\t\t\t\t\t\t\t<div>\n\t\t\t\t\t\t\t\t\t\t<h4>Lourdes Txiki<\/h4>\n\t\t\t\t\t\t\t\t\t\t<p>La sua storia risale al 1903, quando una congregazione di frati domenicani fugg\u00ec dalla Francia e si stabil\u00ec in citt\u00e0 in una tenuta chiamata &#8220;La mallorquina&#8221;. Un anno dopo, questo gruppo costru\u00ec una replica delle grotte di Lourdes, che divenne nota come Lourdes Txiki. <\/p>\n\n<p>La struttura che vediamo oggi risale al 1933, quando una congregazione di cappuccini ristruttur\u00f2 la grotta. Ogni 11 febbraio si celebra una messa in suo onore, in coincidenza con la festa di Lourdes.\n\t\t\t\t\t\t\t\t\t<\/div>\n\t\t\t\t\t\t\t\t\t<img decoding=\"async\" src=\"https:\/\/cdn.pilgrim.es\/web\/caminos\/camino-norte\/pueblos\/san-sebastian\/puntos-de-interes\/lourdes-txiki.jpg\" alt=\"Lourdes Txiki\">\n\t\t\t\t\t\t\t\t<\/div>\n\t\t\t\t\t\t\t<\/div>\n\t\t\t\t\t\t\n\t\t\t\t\t\t\t<div class=\"accordion__accordion-content inactive\">\n\t\t\t\t\t\t\t\t<div>\n\t\t\t\t\t\t\t\t\t<div>\n\t\t\t\t\t\t\t\t\t\t<h4>Aquarium<\/h4>\n\t\t\t\t\t\t\t\t\t\t<p>L&#8217;Acquario si trova all&#8217;interno di un edificio costruito nel 1928 e suddiviso in due piani completamente dedicati alla flora e alla fauna marina di Gipuzkoa. I punti salienti di questa collezione sono lo scheletro di una balena destra, il tunnel a 360 gradi e le specie tropicali che si possono osservare qui.\n\n<p>Oltre ad essere un acquario, questo spazio \u00e8 anche un museo, per cui ospita una mostra che illustra argomenti legati al mare, come il commercio marittimo, la pesca, i balenieri baschi, ecc.<\/p> <p>.\n\t\t\t\t\t\t\t\t\t<\/div>\n\t\t\t\t\t\t\t\t\t<img decoding=\"async\" src=\"https:\/\/cdn.pilgrim.es\/web\/caminos\/camino-norte\/pueblos\/san-sebastian\/puntos-de-interes\/aquarium.jpg\" alt=\"Aquarium\">\n\t\t\t\t\t\t\t\t<\/div>\n\t\t\t\t\t\t\t<\/div>\n\t\t\t\t\t\t\n\t\t\t\t\t\t\t<div class=\"accordion__accordion-content inactive\">\n\t\t\t\t\t\t\t\t<div>\n\t\t\t\t\t\t\t\t\t<div>\n\t\t\t\t\t\t\t\t\t\t<h4>Bas\u00edlica de Santa Mar\u00eda del Coro<\/h4>\n\t\t\t\t\t\t\t\t\t\t<p>La Basilica di Santa Maria fu costruita nel XVIII secolo e si distingue per la sua facciata barocca con elementi churriguereschi, gotici e neoclassici. Su questa facciata si trova una grande scultura di San Sebastiano Martire e all&#8217;interno della chiesa si trovano sculture di rilievo come quella situata nella via centrale della Pala d&#8217;Altare Maggiore che venera la Vergine del Coro.\n\n<p>Orario delle Messe<\/p>\n\n<p>Dal luned\u00ec al sabato alle ore 09:00, 11:00 e 19:30 Domenica e festivi alle ore 09:00, 10:00, 11:00, 12:00, 13:00 e 20:00<\/p> <p>Dal luned\u00ec al sabato alle ore 09:00, 11:00, 12:00, 13:00 e 20:00<\/p>\n\t\t\t\t\t\t\t\t\t<\/div>\n\t\t\t\t\t\t\t\t\t<img decoding=\"async\" src=\"https:\/\/cdn.pilgrim.es\/web\/caminos\/camino-norte\/pueblos\/san-sebastian\/puntos-de-interes\/basilica-de-santa-maria-del-coro.jpg\" alt=\"Bas\u00edlica de Santa Mar\u00eda del Coro\">\n\t\t\t\t\t\t\t\t<\/div>\n\t\t\t\t\t\t\t<\/div>\n\t\t\t\t\t\t\n\t\t\t\t\t<\/div>\n\t\t\t\t<\/div>\n\t\t\t<\/div>\n\t\t\n\n\t\t<div id=\"phonesSection\">\n\t\t\t<div>\n\t\t\t\t<h2 class=\"p-h3-town\">Informazioni di interesse<\/h2>\n\t\t\t<\/div>\n\t\t\t<div class=\"grid\">\n\t\t\t\t\n\t\t\t\t\t<div class=\"phone-number-item\">\n\t\t\t\t\t\t<div class=\"phone-number-item__icon\"><i class=\"icon-police\"><\/i><\/div>\n\t\t\t\t\t\t<div class=\"phone-number-item__title\">\n\t\t\t\t\t\t\t<h3 class=\"p-font-bold\">Polizia locale<\/h3>\n\t\t\t\t\t\t\t<p>943 481 320<\/p>\n\t\t\t\t\t\t\t\n\t\t\t\t\t\t<\/div>\n\t\t\t\t\t<\/div>\n\t\t\t\t\n\t\t\t\t\t<div class=\"phone-number-item\">\n\t\t\t\t\t\t<div class=\"phone-number-item__icon\"><i class=\"icon-spanish-military-police\"><\/i><\/div>\n\t\t\t\t\t\t<div class=\"phone-number-item__title\">\n\t\t\t\t\t\t\t<h3 class=\"p-font-bold\">Guardia civile<\/h3>\n\t\t\t\t\t\t\t<p>943 276 661<\/p>\n\t\t\t\t\t\t\t\n\t\t\t\t\t\t<\/div>\n\t\t\t\t\t<\/div>\n\t\t\t\t\n\t\t\t\t\t<div class=\"phone-number-item\">\n\t\t\t\t\t\t<div class=\"phone-number-item__icon\"><i class=\"icon-firefighters\"><\/i><\/div>\n\t\t\t\t\t\t<div class=\"phone-number-item__title\">\n\t\t\t\t\t\t\t<h3 class=\"p-font-bold\">Vigili del fuoco<\/h3>\n\t\t\t\t\t\t\t<p>943 464 609<\/p>\n\t\t\t\t\t\t\t\n\t\t\t\t\t\t<\/div>\n\t\t\t\t\t<\/div>\n\t\t\t\t\n\t\t\t\t\t<div class=\"phone-number-item\">\n\t\t\t\t\t\t<div class=\"phone-number-item__icon\"><i class=\"icon-civil-protection\"><\/i><\/div>\n\t\t\t\t\t\t<div class=\"phone-number-item__title\">\n\t\t\t\t\t\t\t<h3 class=\"p-font-bold\">Protezione civile<\/h3>\n\t\t\t\t\t\t\t<p>943 469 991<\/p>\n\t\t\t\t\t\t\t\n\t\t\t\t\t\t<\/div>\n\t\t\t\t\t<\/div>\n\t\t\t\t\n\t\t\t\t\t<div class=\"phone-number-item\">\n\t\t\t\t\t\t<div class=\"phone-number-item__icon\"><i class=\"icon-town-council\"><\/i><\/div>\n\t\t\t\t\t\t<div class=\"phone-number-item__title\">\n\t\t\t\t\t\t\t<h3 class=\"p-font-bold\">Municipio<\/h3>\n\t\t\t\t\t\t\t<p>943 481 000<\/p>\n\t\t\t\t\t\t\t\n\t\t\t\t\t\t<\/div>\n\t\t\t\t\t<\/div>\n\t\t\t\t\n\t\t\t\t\t<div class=\"phone-number-item\">\n\t\t\t\t\t\t<div class=\"phone-number-item__icon\"><i class=\"icon-hospital\"><\/i><\/div>\n\t\t\t\t\t\t<div class=\"phone-number-item__title\">\n\t\t\t\t\t\t\t<h3 class=\"p-font-bold\">Centro sanitario<\/h3>\n\t\t\t\t\t\t\t<p>943 007 909<\/p>\n\t\t\t\t\t\t\t\n\t\t\t\t\t\t<\/div>\n\t\t\t\t\t<\/div>\n\t\t\t\t\n\t\t\t\t\t<div class=\"phone-number-item\">\n\t\t\t\t\t\t<div class=\"phone-number-item__icon\"><i class=\"icon-tourism\"><\/i><\/div>\n\t\t\t\t\t\t<div class=\"phone-number-item__title\">\n\t\t\t\t\t\t\t<h3 class=\"p-font-bold\">Ufficio turistico<\/h3>\n\t\t\t\t\t\t\t<p>943 48 11 66<\/p>\n\t\t\t\t\t\t\t\n\t\t\t\t\t\t\t\t<p>Boulevard, 8<\/p>\n\t\t\t\t\t\t\t\n\t\t\t\t\t\t<\/div>\n\t\t\t\t\t<\/div>\n\t\t\t\t\n\t\t\t<\/div>\n\t\t<\/div>\n\n\t\t<div id=\"clientForm\">\n        <section>\n        <img decoding=\"async\" src=\"https:\/\/cdn.pilgrim.es\/web\/home\/email-contacto.png\" alt=\"contacto\">\n        <div>\n            <p>Ti inviamo la tua pianificazione<\/p>\n            <p>Forniscici i tuoi dati e ricevi la pianificazione del tuo viaggio via email <\/p>\n            <form method=\"post\" data-url=\"\/wp-admin\/admin-ajax.php\" id=\"planner--client\" class=\"flag-right form-client\">\n    <div class=\"form-data\">\n        <input name=\"form_id\" type=\"hidden\" value=\"Formulario Leads\">\n        <input name=\"type\" type=\"hidden\" value=\"planner_client\">\n        <input type=\"text\" name=\"nombre\" value=\"\" size=\"40\" class=\"form-control\" aria-required=\"true\" aria-invalid=\"false\" placeholder=\"Nome\">\n        <input type=\"email\" name=\"email\" value=\"\" size=\"40\" class=\"form-control\" aria-required=\"true\" aria-invalid=\"false\" placeholder=\"Mail\">\n        <input type=\"text\" id=\"phone-input\" name=\"tel\" value=\"\" size=\"40\" class=\"phone-input form-control\" aria-required=\"true\" aria-invalid=\"false\" placeholder=\"Telefono\">\n        <input type=\"hidden\" name=\"telefono\">\n    <\/div>\n    <div class=\"form-checkbox\">\n        <span>\n            Pilgrim Travel. S.L. informa, come previsto dal Regolamento 2016\/679, che i dati utilizzati in questo modulo verranno utilizzati sia per la risposta delle eventuali consultazioni sia per la pub-blicazione dei commenti, essendo il consenso dell'utente la base di legittimazione. Potranno esse-re esercitati i diritti in conformit\u00e0 con quanto stabilito dalla nostra             <a href=\"https:\/\/www.pilgrim.es\/it\/informativa-sulla-privacy\/\" target=\"_blank\" rel=\"noopener noreferrer nofollow\">Politica di privacy.<\/a>\n        <\/span>\n    <\/div>\n\n    <div class=\"form-submit\">\n        <button id=\"planner--client-create\" type=\"submit\">Formulario di contatto<\/button>\n        <div class=\"loadingDiv\"><i class=\"p-spinner\"><\/i><\/div>\n    <\/div>\n\n    <div class=\"contact-content-form-success\">\n        <p><i class=\"fas fa-check\"><\/i> Il modulo \u00e8 stato inviato correttamente<\/p>\n    <\/div>\n\n    <div class=\"contact-content-form-error\">\n        <span class=\"input-error\"><\/span>\n    <\/div>\n<\/form>        <\/div>\n    <\/section>\n<\/div>\n\n\t\t<div id=\"recomendationSection\">\n\t\t\t<div>\n\t\t\t\t<h2 class=\"p-h2-town\">Consigliato<\/h2>\n\t\t\t\t<hr>\n\t\t\t\t<h3 class=\"p-h3-town\">Gastronomia<\/h3>\n\t\t\t<\/div>\n\t\t\tI prodotti che spiccano sono gli asparagi, i pomodori, i funghi, i peperoncini, i fagioli, il Txangurro, il prosciutto crudo iberico, il sanguinaccio, il cavolo, la cenere, il perretxikos, i peperoni, le varine, le sardine, il berdel, l&#8217;elvers e le carni di selvaggina.\n\nLe ricette pi\u00f9 tradizionali sono la granceola al forno, le kokotxas di nasello in salsa verde, la koxkera o nasello alla Donostia, le vongole in salsa di frutti di mare, i calamaretti nel proprio inchiostro, l&#8217;orata arrosto e le alici di Aguinaga.\n\nOgni pasto deve essere accompagnato da un buon sidro o dal Txakol\u00ed, tanto famoso nella zona.\n\nI dolci comprendono la cagliata di latte di pecora, le mele in composta o al forno, le noci con il formaggio o in Intxaursalsa e le castagne.\n\t\t<\/div>\n\n\n\t\t\n\t\t\t<div id=\"holidaysSection\">\n\t\t\t\t<div>\n\t\t\t\t\t<h2 class=\"p-h2-town\">Consigliato<\/h2>\n\t\t\t\t\t<hr>\n\t\t\t\t\t<h3 class=\"p-h3-town\">Festival e pellegrinaggi<\/h3>\n\t\t\t\t<\/div>\n\t\t\t\t<div class=\"grid holidays-grid\">\n\t\t\t\t\t\n\t\t\t\t\t\t<div>\n\t\t\t\t\t\t\t<div class=\"phone-number-item\">\n\t\t\t\t\t\t\t\t<div class=\"phone-number-item__icon\"><i class=\"icon-holiday\"><\/i><\/div>\n\t\t\t\t\t\t\t\t<div class=\"phone-number-item__title dark-text\">\n\t\t\t\t\t\t\t\t\t<p class=\"p-font-bold\">Vacanza locale<\/p>\n\t\t\t\t\t\t\t\t\t<p>Julio: Festival de Jazz<\/p>\n\t\t\t\t\t\t\t\t<\/div>\n\t\t\t\t\t\t\t<\/div>\n\t\t\t\t\t\t<\/div>\n\t\t\t\t\t\n\t\t\t\t\t\t<div>\n\t\t\t\t\t\t\t<div class=\"phone-number-item\">\n\t\t\t\t\t\t\t\t<div class=\"phone-number-item__icon\"><i class=\"icon-holiday\"><\/i><\/div>\n\t\t\t\t\t\t\t\t<div class=\"phone-number-item__title dark-text\">\n\t\t\t\t\t\t\t\t\t<p class=\"p-font-bold\">Vacanza locale<\/p>\n\t\t\t\t\t\t\t\t\t<p>16 al 24 de septiembre: Festival de cine<\/p>\n\t\t\t\t\t\t\t\t<\/div>\n\t\t\t\t\t\t\t<\/div>\n\t\t\t\t\t\t<\/div>\n\t\t\t\t\t\n\t\t\t\t\t\t<div>\n\t\t\t\t\t\t\t<div class=\"phone-number-item\">\n\t\t\t\t\t\t\t\t<div class=\"phone-number-item__icon\"><i class=\"icon-holiday\"><\/i><\/div>\n\t\t\t\t\t\t\t\t<div class=\"phone-number-item__title dark-text\">\n\t\t\t\t\t\t\t\t\t<p class=\"p-font-bold\">Vacanza locale<\/p>\n\t\t\t\t\t\t\t\t\t<p>Mediados de septiembre: Festival internacional de cine<\/p>\n\t\t\t\t\t\t\t\t<\/div>\n\t\t\t\t\t\t\t<\/div>\n\t\t\t\t\t\t<\/div>\n\t\t\t\t\t\n\t\t\t\t\t\t<div>\n\t\t\t\t\t\t\t<div class=\"phone-number-item\">\n\t\t\t\t\t\t\t\t<div class=\"phone-number-item__icon\"><i class=\"icon-holiday\"><\/i><\/div>\n\t\t\t\t\t\t\t\t<div class=\"phone-number-item__title dark-text\">\n\t\t\t\t\t\t\t\t\t<p class=\"p-font-bold\">Vacanza locale<\/p>\n\t\t\t\t\t\t\t\t\t<p>20 de octubre al 4 de noviembre: Semana del cine fant\u00e1stico y de terror<\/p>\n\t\t\t\t\t\t\t\t<\/div>\n\t\t\t\t\t\t\t<\/div>\n\t\t\t\t\t\t<\/div>\n\t\t\t\t\t\n\t\t\t\t\t\t<div>\n\t\t\t\t\t\t\t<div class=\"phone-number-item\">\n\t\t\t\t\t\t\t\t<div class=\"phone-number-item__icon\"><i class=\"icon-holiday\"><\/i><\/div>\n\t\t\t\t\t\t\t\t<div class=\"phone-number-item__title dark-text\">\n\t\t\t\t\t\t\t\t\t<p class=\"p-font-bold\">Vacanza locale<\/p>\n\t\t\t\t\t\t\t\t\t<p>Agosto: Concurso y festival internacional de fuegos artificiales<\/p>\n\t\t\t\t\t\t\t\t<\/div>\n\t\t\t\t\t\t\t<\/div>\n\t\t\t\t\t\t<\/div>\n\t\t\t\t\t\n\t\t\t\t\t\t<div>\n\t\t\t\t\t\t\t<div class=\"phone-number-item\">\n\t\t\t\t\t\t\t\t<div class=\"phone-number-item__icon\"><i class=\"icon-holiday\"><\/i><\/div>\n\t\t\t\t\t\t\t\t<div class=\"phone-number-item__title dark-text\">\n\t\t\t\t\t\t\t\t\t<p class=\"p-font-bold\">Vacanza locale<\/p>\n\t\t\t\t\t\t\t\t\t<p>21 de diciembre: Santo Tom\u00e1s<\/p>\n\t\t\t\t\t\t\t\t<\/div>\n\t\t\t\t\t\t\t<\/div>\n\t\t\t\t\t\t<\/div>\n\t\t\t\t\t\n\t\t\t\t\t\t<div>\n\t\t\t\t\t\t\t<div class=\"phone-number-item\">\n\t\t\t\t\t\t\t\t<div class=\"phone-number-item__icon\"><i class=\"icon-holiday\"><\/i><\/div>\n\t\t\t\t\t\t\t\t<div class=\"phone-number-item__title dark-text\">\n\t\t\t\t\t\t\t\t\t<p class=\"p-font-bold\">Vacanza locale<\/p>\n\t\t\t\t\t\t\t\t\t<p>20 de enero: Festividad de Tamborrada<\/p>\n\t\t\t\t\t\t\t\t<\/div>\n\t\t\t\t\t\t\t<\/div>\n\t\t\t\t\t\t<\/div>\n\t\t\t\t\t\n\t\t\t\t\t\t<div>\n\t\t\t\t\t\t\t<div class=\"phone-number-item\">\n\t\t\t\t\t\t\t\t<div class=\"phone-number-item__icon\"><i class=\"icon-holiday\"><\/i><\/div>\n\t\t\t\t\t\t\t\t<div class=\"phone-number-item__title dark-text\">\n\t\t\t\t\t\t\t\t\t<p class=\"p-font-bold\">Vacanza locale<\/p>\n\t\t\t\t\t\t\t\t\t<p>15 de agosto: Semana grande donostiarra<\/p>\n\t\t\t\t\t\t\t\t<\/div>\n\t\t\t\t\t\t\t<\/div>\n\t\t\t\t\t\t<\/div>\n\t\t\t\t\t\n\t\t\t\t\t\t<div>\n\t\t\t\t\t\t\t<div class=\"phone-number-item\">\n\t\t\t\t\t\t\t\t<div class=\"phone-number-item__icon\"><i class=\"icon-holiday\"><\/i><\/div>\n\t\t\t\t\t\t\t\t<div class=\"phone-number-item__title dark-text\">\n\t\t\t\t\t\t\t\t\t<p class=\"p-font-bold\">Vacanza locale<\/p>\n\t\t\t\t\t\t\t\t\t<p>Finales de agosto y principios de septiembre: Euskal Jaiak<\/p>\n\t\t\t\t\t\t\t\t<\/div>\n\t\t\t\t\t\t\t<\/div>\n\t\t\t\t\t\t<\/div>\n\t\t\t\t\t\n\t\t\t\t\t\t<div>\n\t\t\t\t\t\t\t<div class=\"phone-number-item\">\n\t\t\t\t\t\t\t\t<div class=\"phone-number-item__icon\"><i class=\"icon-holiday\"><\/i><\/div>\n\t\t\t\t\t\t\t\t<div class=\"phone-number-item__title dark-text\">\n\t\t\t\t\t\t\t\t\t<p class=\"p-font-bold\">Vacanza locale<\/p>\n\t\t\t\t\t\t\t\t\t<p>S\u00e1bado m\u00e1s pr\u00f3ximo a la Virgen de la Candelaria: Fiesta de los Caldereros y la de I\u00f1udes eta Artzaiak<\/p>\n\t\t\t\t\t\t\t\t<\/div>\n\t\t\t\t\t\t\t<\/div>\n\t\t\t\t\t\t<\/div>\n\t\t\t\t\t\n\t\t\t\t<\/div>\n\t\t\t<\/div>\n\t\t\n\t<\/div>\n<\/section>\n\n<div id=\"stage_list_section\"><div class=\"stage-list\">\n    <div class='stage-list__map-card'>\n        <div class='stage-list__map-card__map'>\n            <div class='stage-list__map-card__map__text'>\n                <h2> Pages <\/h2>\n                <p> A piedi<\/p>\n                <p> 0tappe<\/p>\n            <\/div>\n            <div class='stage-list__map-card__map__img'>\n                <img decoding=\"async\" src=\"\" alt=\" mapa \" \/>\n            <\/div>\n        <\/div>\n    <\/div>\n\n    <\/div>\n<\/div> ","protected":false},"excerpt":{"rendered":"<p>San Sebasti\u00e1n &#8249; Ritorno al palcoscenico San Sebasti\u00e1n Abitanti: 186.095 aprox. Provincia: Guip\u00fazcoa Informazioni Get to know San Sebasti\u00e1n San Sebastian o anche conosciuta come Donostia, nome ufficiale nella lingua della comunit\u00e0 autonoma a cui appartiene, \u00e8 la prossima citt\u00e0 che i pellegrini incontreranno nel loro Cammino Giacobeo. \u00c8 una citt\u00e0 ricca di storia e &hellip; <\/p>\n<p class=\"read_more\"><a href=\"https:\/\/www.pilgrim.es\/it\/cammino-nord\/san-sebastian\/\">Leer m\u00e1s<\/a><\/p>\n","protected":false},"author":0,"featured_media":8355,"parent":10817,"menu_order":0,"comment_status":"closed","ping_status":"closed","template":"views\/template-new-web-design.blade.php","meta":{"footnotes":""},"categories":[],"tags":[],"class_list":["post-91242","page","type-page","status-publish","has-post-thumbnail","hentry"],"yoast_head":"<!-- This site is optimized with the Yoast SEO plugin v27.4 - https:\/\/yoast.com\/product\/yoast-seo-wordpress\/ -->\n<title>San Sebasti\u00e1n: Cosa vedere e dove dormire | Cammino di Santiago | Pilgrim<\/title>\n<meta name=\"description\" content=\"San Sebasti\u00e1n Scopri tutte le informazioni su dove alloggiare, come arrivare, cosa mangiare e sui principali punti di interesse delle localit\u00e0 lungo il Cammino del Nord.\" \/>\n<meta name=\"robots\" content=\"index, follow, max-snippet:-1, max-image-preview:large, max-video-preview:-1\" \/>\n<link rel=\"canonical\" href=\"https:\/\/www.pilgrim.es\/it\/cammino-nord\/san-sebastian\/\" \/>\n<meta property=\"og:locale\" content=\"it_IT\" \/>\n<meta property=\"og:type\" content=\"article\" \/>\n<meta property=\"og:title\" content=\"San Sebasti\u00e1n: Cosa vedere e dove dormire | Cammino di Santiago | Pilgrim\" \/>\n<meta property=\"og:description\" content=\"San Sebasti\u00e1n Scopri tutte le informazioni su dove alloggiare, come arrivare, cosa mangiare e sui principali punti di interesse delle localit\u00e0 lungo il Cammino del Nord.\" \/>\n<meta property=\"og:url\" content=\"https:\/\/www.pilgrim.es\/it\/cammino-nord\/san-sebastian\/\" \/>\n<meta property=\"og:site_name\" content=\"Pilgrim\" \/>\n<meta property=\"article:publisher\" content=\"https:\/\/www.facebook.com\/pilgrim.es\/\" \/>\n<meta property=\"og:image\" content=\"https:\/\/www.pilgrim.es\/wp-content\/uploads\/2019\/02\/san_sebastian.jpg\" \/>\n\t<meta property=\"og:image:width\" content=\"520\" \/>\n\t<meta property=\"og:image:height\" content=\"370\" \/>\n\t<meta property=\"og:image:type\" content=\"image\/jpeg\" \/>\n<meta name=\"twitter:card\" content=\"summary_large_image\" \/>\n<meta name=\"twitter:site\" content=\"@pilgrim_es\" \/>\n<meta name=\"twitter:label1\" content=\"Tempo di lettura stimato\" \/>\n\t<meta name=\"twitter:data1\" content=\"16 minuti\" \/>\n<script type=\"application\/ld+json\" class=\"yoast-schema-graph\">{\"@context\":\"https:\\\/\\\/schema.org\",\"@graph\":[{\"@type\":\"WebPage\",\"@id\":\"https:\\\/\\\/www.pilgrim.es\\\/it\\\/cammino-nord\\\/san-sebastian\\\/\",\"url\":\"https:\\\/\\\/www.pilgrim.es\\\/it\\\/cammino-nord\\\/san-sebastian\\\/\",\"name\":\"San Sebasti\u00e1n: Cosa vedere e dove dormire | Cammino di Santiago | Pilgrim\",\"isPartOf\":{\"@id\":\"https:\\\/\\\/www.pilgrim.es\\\/it\\\/#website\"},\"primaryImageOfPage\":{\"@id\":\"https:\\\/\\\/www.pilgrim.es\\\/it\\\/cammino-nord\\\/san-sebastian\\\/#primaryimage\"},\"image\":{\"@id\":\"https:\\\/\\\/www.pilgrim.es\\\/it\\\/cammino-nord\\\/san-sebastian\\\/#primaryimage\"},\"thumbnailUrl\":\"https:\\\/\\\/www.pilgrim.es\\\/wp-content\\\/uploads\\\/2019\\\/02\\\/san_sebastian.jpg\",\"datePublished\":\"2025-03-17T14:36:23+00:00\",\"description\":\"San Sebasti\u00e1n Scopri tutte le informazioni su dove alloggiare, come arrivare, cosa mangiare e sui principali punti di interesse delle localit\u00e0 lungo il Cammino del Nord.\",\"breadcrumb\":{\"@id\":\"https:\\\/\\\/www.pilgrim.es\\\/it\\\/cammino-nord\\\/san-sebastian\\\/#breadcrumb\"},\"inLanguage\":\"it-IT\",\"potentialAction\":[{\"@type\":\"ReadAction\",\"target\":[\"https:\\\/\\\/www.pilgrim.es\\\/it\\\/cammino-nord\\\/san-sebastian\\\/\"]}]},{\"@type\":\"ImageObject\",\"inLanguage\":\"it-IT\",\"@id\":\"https:\\\/\\\/www.pilgrim.es\\\/it\\\/cammino-nord\\\/san-sebastian\\\/#primaryimage\",\"url\":\"https:\\\/\\\/www.pilgrim.es\\\/wp-content\\\/uploads\\\/2019\\\/02\\\/san_sebastian.jpg\",\"contentUrl\":\"https:\\\/\\\/www.pilgrim.es\\\/wp-content\\\/uploads\\\/2019\\\/02\\\/san_sebastian.jpg\",\"width\":520,\"height\":370,\"caption\":\"San Sebasti\u00e1n\"},{\"@type\":\"BreadcrumbList\",\"@id\":\"https:\\\/\\\/www.pilgrim.es\\\/it\\\/cammino-nord\\\/san-sebastian\\\/#breadcrumb\",\"itemListElement\":[{\"@type\":\"ListItem\",\"position\":1,\"name\":\"Camino de Santiago\",\"item\":\"https:\\\/\\\/www.pilgrim.es\\\/it\\\/\"},{\"@type\":\"ListItem\",\"position\":2,\"name\":\"Cammino del Nord\",\"item\":\"https:\\\/\\\/www.pilgrim.es\\\/it\\\/cammino-nord\\\/\"},{\"@type\":\"ListItem\",\"position\":3,\"name\":\"San Sebasti\u00e1n\"}]},{\"@type\":\"WebSite\",\"@id\":\"https:\\\/\\\/www.pilgrim.es\\\/it\\\/#website\",\"url\":\"https:\\\/\\\/www.pilgrim.es\\\/it\\\/\",\"name\":\"Pilgrim\",\"description\":\"Camino de Santiago | Caminamos Contigo\",\"publisher\":{\"@id\":\"https:\\\/\\\/www.pilgrim.es\\\/it\\\/#organization\"},\"potentialAction\":[{\"@type\":\"SearchAction\",\"target\":{\"@type\":\"EntryPoint\",\"urlTemplate\":\"https:\\\/\\\/www.pilgrim.es\\\/it\\\/?s={search_term_string}\"},\"query-input\":{\"@type\":\"PropertyValueSpecification\",\"valueRequired\":true,\"valueName\":\"search_term_string\"}}],\"inLanguage\":\"it-IT\"},{\"@type\":\"Organization\",\"@id\":\"https:\\\/\\\/www.pilgrim.es\\\/it\\\/#organization\",\"name\":\"Pilgrim Camino de Santiago\",\"url\":\"https:\\\/\\\/www.pilgrim.es\\\/it\\\/\",\"logo\":{\"@type\":\"ImageObject\",\"inLanguage\":\"it-IT\",\"@id\":\"https:\\\/\\\/www.pilgrim.es\\\/it\\\/#\\\/schema\\\/logo\\\/image\\\/\",\"url\":\"https:\\\/\\\/www.pilgrim.es\\\/wp-content\\\/uploads\\\/2019\\\/04\\\/logo_pilgrim.png\",\"contentUrl\":\"https:\\\/\\\/www.pilgrim.es\\\/wp-content\\\/uploads\\\/2019\\\/04\\\/logo_pilgrim.png\",\"width\":512,\"height\":512,\"caption\":\"Pilgrim Camino de Santiago\"},\"image\":{\"@id\":\"https:\\\/\\\/www.pilgrim.es\\\/it\\\/#\\\/schema\\\/logo\\\/image\\\/\"},\"sameAs\":[\"https:\\\/\\\/www.facebook.com\\\/pilgrim.es\\\/\",\"https:\\\/\\\/x.com\\\/pilgrim_es\",\"https:\\\/\\\/www.instagram.com\\\/pilgrim.es\\\/\",\"https:\\\/\\\/www.linkedin.com\\\/company\\\/pilgrim-camino-de-santiago\\\/\",\"https:\\\/\\\/www.pinterest.es\\\/pilgrimcaminodesantiago\\\/\",\"https:\\\/\\\/www.youtube.com\\\/channel\\\/UCIv2ZzFLXVqthkNF32rKedw\\\/featured\"]}]}<\/script>\n<!-- \/ Yoast SEO plugin. -->","yoast_head_json":{"title":"San Sebasti\u00e1n: Cosa vedere e dove dormire | Cammino di Santiago | Pilgrim","description":"San Sebasti\u00e1n Scopri tutte le informazioni su dove alloggiare, come arrivare, cosa mangiare e sui principali punti di interesse delle localit\u00e0 lungo il Cammino del Nord.","robots":{"index":"index","follow":"follow","max-snippet":"max-snippet:-1","max-image-preview":"max-image-preview:large","max-video-preview":"max-video-preview:-1"},"canonical":"https:\/\/www.pilgrim.es\/it\/cammino-nord\/san-sebastian\/","og_locale":"it_IT","og_type":"article","og_title":"San Sebasti\u00e1n: Cosa vedere e dove dormire | Cammino di Santiago | Pilgrim","og_description":"San Sebasti\u00e1n Scopri tutte le informazioni su dove alloggiare, come arrivare, cosa mangiare e sui principali punti di interesse delle localit\u00e0 lungo il Cammino del Nord.","og_url":"https:\/\/www.pilgrim.es\/it\/cammino-nord\/san-sebastian\/","og_site_name":"Pilgrim","article_publisher":"https:\/\/www.facebook.com\/pilgrim.es\/","og_image":[{"width":520,"height":370,"url":"https:\/\/www.pilgrim.es\/wp-content\/uploads\/2019\/02\/san_sebastian.jpg","type":"image\/jpeg"}],"twitter_card":"summary_large_image","twitter_site":"@pilgrim_es","twitter_misc":{"Tempo di lettura stimato":"16 minuti"},"schema":{"@context":"https:\/\/schema.org","@graph":[{"@type":"WebPage","@id":"https:\/\/www.pilgrim.es\/it\/cammino-nord\/san-sebastian\/","url":"https:\/\/www.pilgrim.es\/it\/cammino-nord\/san-sebastian\/","name":"San Sebasti\u00e1n: Cosa vedere e dove dormire | Cammino di Santiago | Pilgrim","isPartOf":{"@id":"https:\/\/www.pilgrim.es\/it\/#website"},"primaryImageOfPage":{"@id":"https:\/\/www.pilgrim.es\/it\/cammino-nord\/san-sebastian\/#primaryimage"},"image":{"@id":"https:\/\/www.pilgrim.es\/it\/cammino-nord\/san-sebastian\/#primaryimage"},"thumbnailUrl":"https:\/\/www.pilgrim.es\/wp-content\/uploads\/2019\/02\/san_sebastian.jpg","datePublished":"2025-03-17T14:36:23+00:00","description":"San Sebasti\u00e1n Scopri tutte le informazioni su dove alloggiare, come arrivare, cosa mangiare e sui principali punti di interesse delle localit\u00e0 lungo il Cammino del Nord.","breadcrumb":{"@id":"https:\/\/www.pilgrim.es\/it\/cammino-nord\/san-sebastian\/#breadcrumb"},"inLanguage":"it-IT","potentialAction":[{"@type":"ReadAction","target":["https:\/\/www.pilgrim.es\/it\/cammino-nord\/san-sebastian\/"]}]},{"@type":"ImageObject","inLanguage":"it-IT","@id":"https:\/\/www.pilgrim.es\/it\/cammino-nord\/san-sebastian\/#primaryimage","url":"https:\/\/www.pilgrim.es\/wp-content\/uploads\/2019\/02\/san_sebastian.jpg","contentUrl":"https:\/\/www.pilgrim.es\/wp-content\/uploads\/2019\/02\/san_sebastian.jpg","width":520,"height":370,"caption":"San Sebasti\u00e1n"},{"@type":"BreadcrumbList","@id":"https:\/\/www.pilgrim.es\/it\/cammino-nord\/san-sebastian\/#breadcrumb","itemListElement":[{"@type":"ListItem","position":1,"name":"Camino de Santiago","item":"https:\/\/www.pilgrim.es\/it\/"},{"@type":"ListItem","position":2,"name":"Cammino del Nord","item":"https:\/\/www.pilgrim.es\/it\/cammino-nord\/"},{"@type":"ListItem","position":3,"name":"San Sebasti\u00e1n"}]},{"@type":"WebSite","@id":"https:\/\/www.pilgrim.es\/it\/#website","url":"https:\/\/www.pilgrim.es\/it\/","name":"Pilgrim","description":"Camino de Santiago | Caminamos Contigo","publisher":{"@id":"https:\/\/www.pilgrim.es\/it\/#organization"},"potentialAction":[{"@type":"SearchAction","target":{"@type":"EntryPoint","urlTemplate":"https:\/\/www.pilgrim.es\/it\/?s={search_term_string}"},"query-input":{"@type":"PropertyValueSpecification","valueRequired":true,"valueName":"search_term_string"}}],"inLanguage":"it-IT"},{"@type":"Organization","@id":"https:\/\/www.pilgrim.es\/it\/#organization","name":"Pilgrim Camino de Santiago","url":"https:\/\/www.pilgrim.es\/it\/","logo":{"@type":"ImageObject","inLanguage":"it-IT","@id":"https:\/\/www.pilgrim.es\/it\/#\/schema\/logo\/image\/","url":"https:\/\/www.pilgrim.es\/wp-content\/uploads\/2019\/04\/logo_pilgrim.png","contentUrl":"https:\/\/www.pilgrim.es\/wp-content\/uploads\/2019\/04\/logo_pilgrim.png","width":512,"height":512,"caption":"Pilgrim Camino de Santiago"},"image":{"@id":"https:\/\/www.pilgrim.es\/it\/#\/schema\/logo\/image\/"},"sameAs":["https:\/\/www.facebook.com\/pilgrim.es\/","https:\/\/x.com\/pilgrim_es","https:\/\/www.instagram.com\/pilgrim.es\/","https:\/\/www.linkedin.com\/company\/pilgrim-camino-de-santiago\/","https:\/\/www.pinterest.es\/pilgrimcaminodesantiago\/","https:\/\/www.youtube.com\/channel\/UCIv2ZzFLXVqthkNF32rKedw\/featured"]}]}},"_links":{"self":[{"href":"https:\/\/www.pilgrim.es\/it\/wp-json\/wp\/v2\/pages\/91242","targetHints":{"allow":["GET"]}}],"collection":[{"href":"https:\/\/www.pilgrim.es\/it\/wp-json\/wp\/v2\/pages"}],"about":[{"href":"https:\/\/www.pilgrim.es\/it\/wp-json\/wp\/v2\/types\/page"}],"replies":[{"embeddable":true,"href":"https:\/\/www.pilgrim.es\/it\/wp-json\/wp\/v2\/comments?post=91242"}],"version-history":[{"count":0,"href":"https:\/\/www.pilgrim.es\/it\/wp-json\/wp\/v2\/pages\/91242\/revisions"}],"up":[{"embeddable":true,"href":"https:\/\/www.pilgrim.es\/it\/wp-json\/wp\/v2\/pages\/10817"}],"wp:featuredmedia":[{"embeddable":true,"href":"https:\/\/www.pilgrim.es\/it\/wp-json\/wp\/v2\/media\/8355"}],"wp:attachment":[{"href":"https:\/\/www.pilgrim.es\/it\/wp-json\/wp\/v2\/media?parent=91242"}],"wp:term":[{"taxonomy":"category","embeddable":true,"href":"https:\/\/www.pilgrim.es\/it\/wp-json\/wp\/v2\/categories?post=91242"},{"taxonomy":"post_tag","embeddable":true,"href":"https:\/\/www.pilgrim.es\/it\/wp-json\/wp\/v2\/tags?post=91242"}],"curies":[{"name":"wp","href":"https:\/\/api.w.org\/{rel}","templated":true}]}}