{"id":91235,"date":"2025-03-17T14:10:44","date_gmt":"2025-03-17T14:10:44","guid":{"rendered":"https:\/\/www.pilgrim.es\/cammino-portoghese\/padron\/"},"modified":"2025-03-17T14:10:44","modified_gmt":"2025-03-17T14:10:44","slug":"padron","status":"publish","type":"page","link":"https:\/\/www.pilgrim.es\/it\/cammino-portoghese\/padron\/","title":{"rendered":"Padr\u00f3n"},"content":{"rendered":" <section id=\"hero\">\n\t<h1>Padr\u00f3n<\/h1>\n\t<div class=\"hero-grid\">\n\t\t<div class=\"hero-grid__town-col\" data-background=\"https:\/\/cdn.pilgrim.es\/web\/caminos\/camino-portugues\/pueblos\/padron\/padron.jpg\">\n\t\t\t<div>\n\t\t\t\t<a class=\"link-to-stage\" href=\"https:\/\/www.pilgrim.es\/camino-portugues\/etapa-24-caldas-de-reis-padron\/\">\n\t\t\t\t\t<p>&#8249; Ritorno al palcoscenico<\/p>\n\t\t\t\t<\/a>\n\n\t\t\t\t<div class=\"town-data\">\n\t\t\t\t\t<h2>Padr\u00f3n<\/h2>\n\t\t\t\t\t<ul>\n\t\t\t\t\t\t<li>Abitanti: 8.693 aprox.<\/li>\n\t\t\t\t\t\t<li>Provincia: A Coru\u00f1a<\/li>\n\t\t\t\t\t<\/ul>\n\t\t\t\t<\/div>\n\t\t\t<\/div>\n\t\t<\/div>\n\t\t<div class=\"hero-grid__planner-col\"><div\r\n  class=\"p-col-span-1 p-rounded-lg p-px-5 p-h-full\"\r\n  style=\"background-image: url('https:\/\/cdn.pilgrim.es\/web\/pilgrim-planner\/bg-plugin-planificador.webp')\"\r\n  rel=\"preload\"\r\n  fetchpriority=\"high\"\r\n  >\r\n    <div class=\"p-text-center p-pt-5 p-text-white p-text-2xl p-font-semibold\">\r\n      Pianifica il tuo cammino    <\/div>\r\n    <div\r\n            id='primary-app'\r\n            data-name='banner'\r\n            data-api='https:\/\/pathfinder.pilgrim.es\/api\/pathfinder\/v2'\r\n            data-mode='normal'\r\n            data-lang='it'\r\n            data-route='1'\r\n            data-destiny='https:\/\/planificador.pilgrim.es'\r\n            data-modality='1'\r\n            data-inline=''\r\n        ><\/div><\/div><\/div>\n\t<\/div>\n<\/section>\n\n<section id=\"infoTown\">\n\t<div class=\"sections-town\">\n\n\t\t<div id=\"informationSection\">\n\t\t\t<div>\n\t\t\t\t<h2 class=\"p-h2-town\">Informazioni<\/h2>\n\t\t\t\t<hr>\n\t\t\t\t<h3 class=\"p-h3-town\">Get to know Padr\u00f3n<\/h3>\n\t\t\t<\/div>\n\t\t\t<p>Padr\u00f3n \u00e8 una delle citt\u00e0 pi\u00f9 importanti del Cammino di Santiago, poich\u00e9, secondo la leggenda, l&#8217;Apostolo si trovava qui quando era in vita e quando mor\u00ec, e il suo corpo fu trasferito dai suoi discepoli in una barca di pietra dopo la sua morte.<\/p> <p>Oltre ai suoi legami storici con il Cammino di Santiago, questa piccola citt\u00e0 \u00e8 anche famosa per aver ospitato due dei pi\u00f9 importanti scrittori della letteratura galiziana e spagnola: Rosal\u00eda de Castro e Camilo Jos\u00e9 Cela. Dal punto di vista gastronomico, \u00e8 anche famosa in tutto il mondo per essere il luogo in cui si coltivano i famosi peperoni Herb\u00f3n.\n\t\t<\/div>\n\n\t\t<div id=\"locationSection\">\n\t\t\t<div>\n\t\t\t\t<h2 class=\"p-h2-town\">Posizione<\/h2>\n\t\t\t\t<hr>\n\t\t\t\t<h3 class=\"p-h3-town\">Come arrivare<\/h3>\n\t\t\t<\/div>\n\t\t\t<p>Padr\u00f3n \u00e8 molto ben collegata, essendo la principale strada di accesso la AP-9, che ha un&#8217;uscita nella citt\u00e0 stessa. In questo modo \u00e8 a pochi minuti dalle grandi citt\u00e0 di Santiago, Coru\u00f1a e Vigo. Un altro modo per raggiungerla \u00e8 la strada nazionale che collega Padr\u00f3n a Pontevedra.\n\n<p>C&#8217;\u00e8 una stazione degli autobus e dei treni che rende il villaggio molto pi\u00f9 accessibile, collegandolo pi\u00f9 volte al giorno con le principali citt\u00e0 della Galizia.\n\t\t\t<div>\n\t\t\t\t<div>\n  <iframe loading=\"lazy\"\n    src=\"https:\/\/www.google.com\/maps\/d\/embed?mid=1DCMVMBWBenlOkafgsZ3NiiR2xXicet0&amp;ehbc=2E312F\"\n    width=\"640\"\n    height=\"480\"\n    alt=\"Mapa Padr\u00f3n\"\n  ><\/iframe>\n<\/div>\n\n\t\t\t<\/div>\n\t\t<\/div>\n\n\t\t\n\t\t\t<div id=\"toVisitSection\">\n\t\t\t\t<div>\n\t\t\t\t\t<h2 class=\"p-h2-town\">Storia \/ Cultura<\/h2>\n\t\t\t\t\t<hr>\n\t\t\t\t\t<h3 class=\"p-h3-town\">Cosa vedere<\/h3>\n\t\t\t\t<\/div>\n\t\t\t\t<div>\n\t\t\t\t\t<div class=\"accordion\">\n\t\t\t\t\t\t<div class=\"accordion__menu\">\n\t\t\t\t\t\t\t<nav>\n\t\t\t\t\t\t\t\t\n\t\t\t\t\t\t\t\t\t<button class=\"nav-tab-accordion active\"><span>&#10093;<\/span><span> Puente de Santiago<\/span><\/button>\n\t\t\t\t\t\t\t\t\n\t\t\t\t\t\t\t\t\t<button class=\"nav-tab-accordion \"><span>&#10093;<\/span><span> Iglesia de Santiago<\/span><\/button>\n\t\t\t\t\t\t\t\t\n\t\t\t\t\t\t\t\t\t<button class=\"nav-tab-accordion \"><span>&#10093;<\/span><span> Fundaci\u00f3n Camilo Jos\u00e9 Cela<\/span><\/button>\n\t\t\t\t\t\t\t\t\n\t\t\t\t\t\t\t\t\t<button class=\"nav-tab-accordion \"><span>&#10093;<\/span><span> Fuente do Carme<\/span><\/button>\n\t\t\t\t\t\t\t\t\n\t\t\t\t\t\t\t\t\t<button class=\"nav-tab-accordion \"><span>&#10093;<\/span><span> Convento do Carme<\/span><\/button>\n\t\t\t\t\t\t\t\t\n\t\t\t\t\t\t\t\t\t<button class=\"nav-tab-accordion \"><span>&#10093;<\/span><span> El Espol\u00f3n<\/span><\/button>\n\t\t\t\t\t\t\t\t\n\t\t\t\t\t\t\t\t\t<button class=\"nav-tab-accordion \"><span>&#10093;<\/span><span> Palacio del Obispo Quito<\/span><\/button>\n\t\t\t\t\t\t\t\t\n\t\t\t\t\t\t\t\t\t<button class=\"nav-tab-accordion \"><span>&#10093;<\/span><span> Jard\u00edn Bot\u00e1nico Art\u00edstico<\/span><\/button>\n\t\t\t\t\t\t\t\t\n\t\t\t\t\t\t\t\t\t<button class=\"nav-tab-accordion \"><span>&#10093;<\/span><span> Ermita de Santiagui\u00f1o do Monte<\/span><\/button>\n\t\t\t\t\t\t\t\t\n\t\t\t\t\t\t\t\t\t<button class=\"nav-tab-accordion \"><span>&#10093;<\/span><span> Colegiata de Iria Flavia<\/span><\/button>\n\t\t\t\t\t\t\t\t\n\t\t\t\t\t\t\t\t\t<button class=\"nav-tab-accordion \"><span>&#10093;<\/span><span> El Pedr\u00f3n<\/span><\/button>\n\t\t\t\t\t\t\t\t\n\t\t\t\t\t\t\t\t\t<button class=\"nav-tab-accordion \"><span>&#10093;<\/span><span> Cruceiro de Fondo da Vila<\/span><\/button>\n\t\t\t\t\t\t\t\t\n\t\t\t\t\t\t\t\t\t<button class=\"nav-tab-accordion \"><span>&#10093;<\/span><span> Casa de Rosal\u00eda de Castro<\/span><\/button>\n\t\t\t\t\t\t\t\t\n\t\t\t\t\t\t\t\t\t<button class=\"nav-tab-accordion \"><span>&#10093;<\/span><span> \u00c1rea Recreativa Santiagui\u00f1o do Monte<\/span><\/button>\n\t\t\t\t\t\t\t\t\n\t\t\t\t\t\t\t<\/nav>\n\t\t\t\t\t\t<\/div>\n\n\t\t\t\t\t\t\n\t\t\t\t\t\t\t<div class=\"accordion__accordion-content \">\n\t\t\t\t\t\t\t\t<div>\n\t\t\t\t\t\t\t\t\t<div>\n\t\t\t\t\t\t\t\t\t\t<h4>Puente de Santiago<\/h4>\n\t\t\t\t\t\t\t\t\t\t<p>Il ponte di Santiago fu costruito nel 1852 su un antico tempio che fu spazzato via da un&#8217;alluvione. L&#8217;attuale costruzione \u00e8 in muratura e consiste in tre archi sostenuti da spessi pilastri.<\/p> <p>Il ponte fu costruito nel 1852 su un&#8217;antica chiesa che fu spazzata via da un&#8217;alluvione.\n\t\t\t\t\t\t\t\t\t<\/div>\n\t\t\t\t\t\t\t\t\t<img decoding=\"async\" src=\"https:\/\/cdn.pilgrim.es\/web\/caminos\/camino-portugues\/pueblos\/padron\/puntos-de-interes\/puente-de-santiago.jpg\" alt=\"Puente de Santiago\">\n\t\t\t\t\t\t\t\t<\/div>\n\t\t\t\t\t\t\t<\/div>\n\t\t\t\t\t\t\n\t\t\t\t\t\t\t<div class=\"accordion__accordion-content inactive\">\n\t\t\t\t\t\t\t\t<div>\n\t\t\t\t\t\t\t\t\t<div>\n\t\t\t\t\t\t\t\t\t\t<h4>Iglesia de Santiago<\/h4>\n\t\t\t\t\t\t\t\t\t\t<p>La chiesa di Santiago \u00e8 una chiesa neoclassica con una tribuna gotica con un&#8217;immagine di San Giacomo Pellegrino del XV secolo.<\/p> <p>La chiesa di Santiago \u00e8 una chiesa neoclassica con una tribuna gotica con un&#8217;immagine di San Giacomo Pellegrino del XV secolo.\n\n<p>Da notare che nel tempio, sotto l&#8217;altare maggiore, \u00e8 conservata la reliquia del Pedr\u00f3n, una roccia che, secondo la leggenda, serviva a sostenere la barca che trasport\u00f2 i resti dell&#8217;Apostolo dalla Palestina alla Galizia.\n\n<p>Orario delle Messe <\/p> <p>Orario delle Messe<\/p> <p>.\n\n<p>Dal 1\u00b0 ottobre al 30 giugno Feriali e vigilia alle 19:30 Vespri alle 19:30 Festivi alle 09:30 e 12:30Dal 1\u00b0 luglio al 30 settembre Feriali e vigilia alle 20:30 Festivi alle 09:30 e 12:30<\/p> <p>Dal 1\u00b0 luglio al 30 settembre Feriali e vigilia alle 20:30 Festivi alle 09:30 e 12:30<\/p> <p>Dal 1\u00b0 ottobre al 30 giugno Feriali e vigilia alle 19:30 Vespri alle 19:30 Festivi alle 09:30 e 12:30<\/p> &lt;p\n\n<p>INFORMAZIONI DI INTERESSE<\/p>\n\n<p>Telefono: 981 810 350<\/p>\n\t\t\t\t\t\t\t\t\t<\/div>\n\t\t\t\t\t\t\t\t\t<img decoding=\"async\" src=\"https:\/\/cdn.pilgrim.es\/web\/caminos\/camino-portugues\/pueblos\/padron\/puntos-de-interes\/iglesia-de-santiago.jpg\" alt=\"Iglesia de Santiago\">\n\t\t\t\t\t\t\t\t<\/div>\n\t\t\t\t\t\t\t<\/div>\n\t\t\t\t\t\t\n\t\t\t\t\t\t\t<div class=\"accordion__accordion-content inactive\">\n\t\t\t\t\t\t\t\t<div>\n\t\t\t\t\t\t\t\t\t<div>\n\t\t\t\t\t\t\t\t\t\t<h4>Fundaci\u00f3n Camilo Jos\u00e9 Cela<\/h4>\n\t\t\t\t\t\t\t\t\t\t<p>Questa fondazione in onore dello scrittore Camilo Jos\u00e9 Cela si trova nello stesso edificio della sua Casa Museo e di fronte alla collegiata di Santa Mar\u00eda. Nei suoi locali si pu\u00f2 ricordare la sua storia attraverso numerosi oggetti personali, alcune opere e persino un piccolo museo ferroviario, donato dal nonno stesso di Jos\u00e9 Cela. Egli ricopr\u00ec una posizione di grande responsabilit\u00e0 nell&#8217;impresa che costru\u00ec la prima linea ferroviaria tra Santiago e Pontevedra. <\/p>\n\n<p>Orario<\/p>\n\n<p>Da settembre a giugno da marted\u00ec a sabato dalle 10:00 alle 14:00 e dalle 16:00 alle 19:00 domenica, luned\u00ec e festivi chiusi<\/p> <p>Luglio e agosto da marted\u00ec a sabato dalle 10:00 alle 14:00 e dalle 16:00 alle 20:00 domenica, luned\u00ec e festivi chiusi<\/p> &lt;p\n\n<p>TARIFFA<\/p>\n\n<p>Ingresso generale 2,40\u20acTessera giovani o studenti e gruppi di adulti di 15 o pi\u00f9 persone 1,20\u20acMinori, ultrasessantacinquenni, pensionati, membri degli &#8220;Amici del Museo&#8221;, volontari culturali ed educativi, disoccupati, residenti a Padr\u00f3n, ingresso gratuitoBambini, gruppi di scuole elementari e medie, scuole superiori, formazione professionale e universit\u00e0, ingresso gratuitoMarted\u00ec tutto il giorno e sabato pomeriggio, ingresso gratuito<\/p>\n\n<p>INFORMAZIONI DI INTERESSE<\/p>\n\n<p>Web: www.fundacioncela.comE-mail: visitas@fundacioncela.comTel\u00e9fono: 981 812 425, 981 810 348<\/p>\n\t\t\t\t\t\t\t\t\t<\/div>\n\t\t\t\t\t\t\t\t\t<img decoding=\"async\" src=\"https:\/\/cdn.pilgrim.es\/web\/caminos\/camino-portugues\/pueblos\/padron\/puntos-de-interes\/fundacion-camilo-jose-cela.jpg\" alt=\"Fundaci\u00f3n Camilo Jos\u00e9 Cela\">\n\t\t\t\t\t\t\t\t<\/div>\n\t\t\t\t\t\t\t<\/div>\n\t\t\t\t\t\t\n\t\t\t\t\t\t\t<div class=\"accordion__accordion-content inactive\">\n\t\t\t\t\t\t\t\t<div>\n\t\t\t\t\t\t\t\t\t<div>\n\t\t\t\t\t\t\t\t\t\t<h4>Fuente do Carme<\/h4>\n\t\t\t\t\t\t\t\t\t\t<p>La fontana del Carme fu costruita nel XVI secolo e ospita una Vergine Addolorata. Fu ricostruita nel 1789, come testimonia un&#8217;iscrizione sulla fontana. <\/p>\n\n<p>All&#8217;interno si trova una lapide sulla quale si legge che il vescovo di Sidonia offriva quaranta giorni di perdono a tutti i fedeli che avessero recitato una preghiera ai piedi dell&#8217;immagine della Vergine.\n\t\t\t\t\t\t\t\t\t<\/div>\n\t\t\t\t\t\t\t\t\t<img decoding=\"async\" src=\"https:\/\/cdn.pilgrim.es\/web\/caminos\/camino-portugues\/pueblos\/padron\/puntos-de-interes\/fuente-do-carme.jpg\" alt=\"Fuente do Carme\">\n\t\t\t\t\t\t\t\t<\/div>\n\t\t\t\t\t\t\t<\/div>\n\t\t\t\t\t\t\n\t\t\t\t\t\t\t<div class=\"accordion__accordion-content inactive\">\n\t\t\t\t\t\t\t\t<div>\n\t\t\t\t\t\t\t\t\t<div>\n\t\t\t\t\t\t\t\t\t\t<h4>Convento do Carme<\/h4>\n\t\t\t\t\t\t\t\t\t\t<p>Il Convento di El Carmen fu costruito intorno al XVIII secolo grazie alla donazione di Alonso de la Pe\u00f1a y Montenegro. Inizialmente era di propriet\u00e0 dell&#8217;Ordine dei Carmelitani Scalzi e successivamente appartenne all&#8217;Ordine Domenicano. <\/p>\n\n<p>Questo monumento \u00e8 attualmente presentato come un grande esempio di architettura neoclassica galiziana, ed \u00e8 diventato anche un punto di osservazione improvvisato, che permette di osservare la citt\u00e0 di Padr\u00f3n dal Monte San Gregorio.\n\n<p>Orario della messa<\/p>\n\n<p>Inverno da luned\u00ec a sabato alle 19:30 domenica alle 09:00, 13:00 e 19:30Estate da luned\u00ec a sabato alle 20:00 domenica alle 09:00, 13:00 e 20:00<\/p> <p>Estate da luned\u00ec a sabato alle 20:00 domenica alle 09:00, 13:00 e 20:00<\/p> <p>Estate\n\n<p>Orari<\/p>\n\n<p>Prima e dopo le azioni liturgiche<\/p>\n\n<p>TARIFFA<\/p>\n\n<p>Ingresso libero<\/p> <p>Tariffa<\/p> <p>Ingresso libero<\/p>\n\n<p>INFORMAZIONI DI INTERESSE<\/p>\n\n<p>Telefono: 981 810 044 <\/p>\n\t\t\t\t\t\t\t\t\t<\/div>\n\t\t\t\t\t\t\t\t\t<img decoding=\"async\" src=\"https:\/\/cdn.pilgrim.es\/web\/caminos\/camino-portugues\/pueblos\/padron\/puntos-de-interes\/convento-do-carme.jpg\" alt=\"Convento do Carme\">\n\t\t\t\t\t\t\t\t<\/div>\n\t\t\t\t\t\t\t<\/div>\n\t\t\t\t\t\t\n\t\t\t\t\t\t\t<div class=\"accordion__accordion-content inactive\">\n\t\t\t\t\t\t\t\t<div>\n\t\t\t\t\t\t\t\t\t<div>\n\t\t\t\t\t\t\t\t\t\t<h4>El Espol\u00f3n<\/h4>\n\t\t\t\t\t\t\t\t\t\t<p>El Espol\u00f3n \u00e8 una bella passeggiata dove si trovano due sculture, una rivolta a nord e realizzata dall&#8217;artista Jos\u00e9 Mar\u00eda Mateos a met\u00e0 del XX secolo in onore di Rosal\u00eda de Castro. L&#8217;altra \u00e8 rivolta a sud, in memoria dello scrittore Camilo Jos\u00e9 Cela, opera di Ferreiro Bad\u00eda.\n\n<p>Ogni domenica, in questo spazio naturale, si tiene un grande mercato dove \u00e8 possibile trovare una variet\u00e0 di prodotti di alta qualit\u00e0 tipici della zona.\n\t\t\t\t\t\t\t\t\t<\/div>\n\t\t\t\t\t\t\t\t\t<img decoding=\"async\" src=\"https:\/\/cdn.pilgrim.es\/web\/caminos\/camino-portugues\/pueblos\/padron\/puntos-de-interes\/espolon.jpg\" alt=\"El Espol\u00f3n\">\n\t\t\t\t\t\t\t\t<\/div>\n\t\t\t\t\t\t\t<\/div>\n\t\t\t\t\t\t\n\t\t\t\t\t\t\t<div class=\"accordion__accordion-content inactive\">\n\t\t\t\t\t\t\t\t<div>\n\t\t\t\t\t\t\t\t\t<div>\n\t\t\t\t\t\t\t\t\t\t<h4>Palacio del Obispo Quito<\/h4>\n\t\t\t\t\t\t\t\t\t\t<p>Il Palazzo del Vescovo di Quito deve il suo nome al vescovo Alonso de la Pe\u00f1a y Montenegro, che fu anche capitano generale di Quito. Di questo monumento vale la pena sottolineare elementi come un arco semicircolare e due stemmi sulla facciata rivolta verso Calle de los Dolores.<\/p> <p>La facciata dell&#8217;edificio presenta un gran numero di elementi come un arco semicircolare e due stemmi sulla facciata rivolta verso Calle de los Dolores.\n\n<p>INFORMAZIONI DI INTERESSE<\/p>.\n\n<p>Casa padronale privata non aperta al pubblico<\/p> <p>Casa padronale privata non aperta al pubblico<\/p> <p>.\n\t\t\t\t\t\t\t\t\t<\/div>\n\t\t\t\t\t\t\t\t\t<img decoding=\"async\" src=\"https:\/\/cdn.pilgrim.es\/web\/caminos\/camino-portugues\/pueblos\/padron\/puntos-de-interes\/palacio-obispo-quito.jpg\" alt=\"Palacio del Obispo Quito\">\n\t\t\t\t\t\t\t\t<\/div>\n\t\t\t\t\t\t\t<\/div>\n\t\t\t\t\t\t\n\t\t\t\t\t\t\t<div class=\"accordion__accordion-content inactive\">\n\t\t\t\t\t\t\t\t<div>\n\t\t\t\t\t\t\t\t\t<div>\n\t\t\t\t\t\t\t\t\t\t<h4>Jard\u00edn Bot\u00e1nico Art\u00edstico<\/h4>\n\t\t\t\t\t\t\t\t\t\t<p>Il Giardino Botanico Artistico \u00e8 stato dichiarato Monumento Artistico Nazionale per essere uno dei giardini pi\u00f9 antichi della Spagna. Questo spazio \u00e8 un luogo di svago molto popolare tra gli abitanti della zona, oltre a essere strettamente legato all&#8217;apostolo Santiago e agli scrittori Camilo Jos\u00e9 Cela e Rosal\u00eda de Castro, motivo per cui vi sono erette sculture in loro onore.\n\n<p>Questo spazio custodisce una grande variet\u00e0 di specie vegetali, in particolare si possono osservare circa trecento tipi di piante e nove specie di flora, che sono elencate nel catalogo degli alberi monumentali di Finisterrae.<\/p> <p>Sono anche incluse nel catalogo degli alberi monumentali di Finisterrae.<\/p> <p>Sono anche incluse nel catalogo degli alberi monumentali di Finisterrae.\n\n<p>Ora<\/p>\n\n<p>Luned\u00ec a domenica dalle 09:00 alle 21:00<\/p> <p>Luned\u00ec a domenica dalle 09:00 alle 21:00<\/p>\n\t\t\t\t\t\t\t\t\t<\/div>\n\t\t\t\t\t\t\t\t\t<img decoding=\"async\" src=\"https:\/\/cdn.pilgrim.es\/web\/caminos\/camino-portugues\/pueblos\/padron\/puntos-de-interes\/jardin-botanico.jpg\" alt=\"Jard\u00edn Bot\u00e1nico Art\u00edstico\">\n\t\t\t\t\t\t\t\t<\/div>\n\t\t\t\t\t\t\t<\/div>\n\t\t\t\t\t\t\n\t\t\t\t\t\t\t<div class=\"accordion__accordion-content inactive\">\n\t\t\t\t\t\t\t\t<div>\n\t\t\t\t\t\t\t\t\t<div>\n\t\t\t\t\t\t\t\t\t\t<h4>Ermita de Santiagui\u00f1o do Monte<\/h4>\n\t\t\t\t\t\t\t\t\t\t<p>La Cappella di Santiagui\u00f1o do Monte si trova alle pendici del Monte San Gregorio. Questo piccolo tempio fu costruito nel XV secolo dall&#8217;arcivescovo Rodrigo de Luna e successivamente sub\u00ec diverse modifiche nel corso degli anni. Ne sono prova tutte le aggiunte e gli ampliamenti che presenta attualmente, come la facciata principale con la torre e l&#8217;atrio, tutti risalenti al XIX secolo.\n\n<p> Vale la pena ricordare che questo eremo contiene la tomba gotica di San Gregorio, l&#8217;eremita che si occupava dell&#8217;antico edificio, e lo stemma che rappresenta la famiglia dell&#8217;arcivescovo Rodrigo de Luna. <\/p>\n\t\t\t\t\t\t\t\t\t<\/div>\n\t\t\t\t\t\t\t\t\t<img decoding=\"async\" src=\"https:\/\/cdn.pilgrim.es\/web\/caminos\/camino-portugues\/pueblos\/padron\/puntos-de-interes\/ermita-santiaguino-do-monte.jpg\" alt=\"Ermita de Santiagui\u00f1o do Monte\">\n\t\t\t\t\t\t\t\t<\/div>\n\t\t\t\t\t\t\t<\/div>\n\t\t\t\t\t\t\n\t\t\t\t\t\t\t<div class=\"accordion__accordion-content inactive\">\n\t\t\t\t\t\t\t\t<div>\n\t\t\t\t\t\t\t\t\t<div>\n\t\t\t\t\t\t\t\t\t\t<h4>Colegiata de Iria Flavia<\/h4>\n\t\t\t\t\t\t\t\t\t\t<p>La Collegiata di Iria Flavia \u00e8 considerata una delle prime chiese cattoliche al mondo dedicate alla Vergine Maria, il che la rende una delle chiese pi\u00f9 antiche della Galizia. <\/p>\n\n<p>Questo tempio ospita le tombe degli scrittori galiziani Rosal\u00eda de Castro e Camilo Jos\u00e9 Cela, oltre ai resti funerari di ventotto vescovi.<\/p> <p>La Collegiata di Iria Flavia ospita anche le tombe degli scrittori galiziani Rosal\u00eda de Castro e Camilo Jos\u00e9 Cela.\n\n<p>Orario delle messe<\/p>\n\n<p>Dal luned\u00ec al sabato alle 19:0Domenica alle 11:30<\/p>\n\n<p>Orari<\/p>\n\n<p>Luned\u00ec a sabato dalle 18:15 alle 19:30Domenica dalle 10:30 alle 12:30<\/p> <p>Luned\u00ec a sabato dalle 18:15 alle 19:30Domenica dalle 10:30 alle 12:30<\/p> <p>Luned\u00ec a sabato dalle 18:15 alle 19:30Domenica dalle 10:30 alle 12:30<\/p> &lt;p\n\n<p>INFORMAZIONI DI INTERESSE<\/p>\n\n<p>Telefono: 981 810 802, 981 810 350 <\/p> <p>Telefono: 981 810 802, 981 810 350<\/p>\n\t\t\t\t\t\t\t\t\t<\/div>\n\t\t\t\t\t\t\t\t\t<img decoding=\"async\" src=\"https:\/\/cdn.pilgrim.es\/web\/caminos\/camino-portugues\/pueblos\/padron\/puntos-de-interes\/colegiata-iria-flavia.jpg\" alt=\"Colegiata de Iria Flavia\">\n\t\t\t\t\t\t\t\t<\/div>\n\t\t\t\t\t\t\t<\/div>\n\t\t\t\t\t\t\n\t\t\t\t\t\t\t<div class=\"accordion__accordion-content inactive\">\n\t\t\t\t\t\t\t\t<div>\n\t\t\t\t\t\t\t\t\t<div>\n\t\t\t\t\t\t\t\t\t\t<h4>El Pedr\u00f3n<\/h4>\n\t\t\t\t\t\t\t\t\t\t<p>Il Pedr\u00f3n \u00e8 una pietra custodita presso l&#8217;altare principale della Chiesa di Santiago e che, secondo la tradizione, serviva a contenere la &#8220;barca di pietra&#8221; che trasport\u00f2 i resti dell&#8217;Apostolo dalla Palestina alla Galizia.<\/p> <p>Il Pedr\u00f3n \u00e8 una pietra che serve a contenere la &#8220;barca di pietra&#8221; che trasport\u00f2 i resti dell&#8217;Apostolo dalla Palestina alla Galizia.\n\n<p>Oggi questa pietra di granito \u00e8 considerata un simbolo per innumerevoli pellegrini che, percorrendo il Cammino Portoghese, arrivano nella citt\u00e0 di Padr\u00f3n per ammirare questo interessante monumento di granito.\n\n<p>Orario<\/p>\n\n<p>Inverno luned\u00ec dalle 18:00 alle 19:30 marted\u00ec a sabato dalle 10:00 alle 13:00 e dalle 17:00 alle 19:30 domenica dalle 10:00 alle 12:00Estate luned\u00ec dalle 18:00 alle 20:00 marted\u00ec a sabato dalle 10:00 alle 13:00 e dalle 17:00 alle 20:00 domenica dalle 10:00 alle 12:00<\/p>\n\n<p>INFORMAZIONI DI INTERESSE<\/p>\n\n<p>Telefono: 981 810 350<\/p> <p>Telefono: 981 810 350<\/p>\n\t\t\t\t\t\t\t\t\t<\/div>\n\t\t\t\t\t\t\t\t\t<img decoding=\"async\" src=\"https:\/\/cdn.pilgrim.es\/web\/caminos\/camino-portugues\/pueblos\/padron\/puntos-de-interes\/pedron.jpg\" alt=\"El Pedr\u00f3n\">\n\t\t\t\t\t\t\t\t<\/div>\n\t\t\t\t\t\t\t<\/div>\n\t\t\t\t\t\t\n\t\t\t\t\t\t\t<div class=\"accordion__accordion-content inactive\">\n\t\t\t\t\t\t\t\t<div>\n\t\t\t\t\t\t\t\t\t<div>\n\t\t\t\t\t\t\t\t\t\t<h4>Cruceiro de Fondo da Vila<\/h4>\n\t\t\t\t\t\t\t\t\t\t<p>Il transetto del Fondo da Vila, risalente al XV secolo, raffigura il Cristo crocifisso sul fronte e la Discesa dalla Croce sul retro. Inoltre, quattro teschi sono visibili sui bordi della base della costruzione.\n\n<p>Questo monumento religioso si trovava a O Espol\u00f3n e vale la pena di ricordare che era molto ammirato da Alfonso Daniel Rodr\u00edguez Castelao.<\/p> &lt;p\n\t\t\t\t\t\t\t\t\t<\/div>\n\t\t\t\t\t\t\t\t\t<img decoding=\"async\" src=\"https:\/\/cdn.pilgrim.es\/web\/caminos\/camino-portugues\/pueblos\/padron\/puntos-de-interes\/cruceiro-fondo-da-vila.jpg\" alt=\"Cruceiro de Fondo da Vila\">\n\t\t\t\t\t\t\t\t<\/div>\n\t\t\t\t\t\t\t<\/div>\n\t\t\t\t\t\t\n\t\t\t\t\t\t\t<div class=\"accordion__accordion-content inactive\">\n\t\t\t\t\t\t\t\t<div>\n\t\t\t\t\t\t\t\t\t<div>\n\t\t\t\t\t\t\t\t\t\t<h4>Casa de Rosal\u00eda de Castro<\/h4>\n\t\t\t\t\t\t\t\t\t\t<p> Qui mor\u00ec nel 1885 la famosa scrittrice e poetessa galiziana Rosal\u00eda de Castro. Negli anni Settanta si decise di restaurare e ristrutturare questo spazio per rendere omaggio a questa personalit\u00e0 importante per tutta la comunit\u00e0 galiziana, e nell&#8217;edificio annesso fu istituito il Centro di studi rosaliani.\n\n<p>Oggi \u00e8 possibile visitare le sue numerose stanze per ricordare come visse questa grande poetessa, dove si possono vedere numerosi oggetti personali e vari documenti. Oltre all&#8217;importanza storica del luogo, \u00e8 circondato da un bellissimo giardino, ricco di alberi e fiori; in passato questo non esisteva, al suo posto c&#8217;era un frutteto dove la famiglia Castro piantava cibo per la sussistenza. <\/p>\n\n<p>Orario<\/p>\n\n<p>Luglio a settembre dal marted\u00ec al sabato dalle 10:00 alle 14:00 e dalle 16:00 alle 20:00 domenica e festivi dalle 10:00 alle 13:30 luned\u00ec chiusoOttobre a giugno dal marted\u00ec al sabato dalle 10:00 alle 13:30 e dalle 16:00 alle 19:00 domenica e festivi dalle 10:00 alle 13:30 luned\u00ec chiuso<\/p> <p>Ottobre a giugno dal marted\u00ec al sabato dalle 10:00 alle 13:30 e dalle 16:00 alle 19:00 domenica e festivi dalle 10:00 alle 13:30 luned\u00ec chiuso<\/p> &lt;p\n\n<p>TARIFFA<\/p>\n\n<p>Ingresso generale 2\u20acGruppi +20 persone 1,50\u20acColexios (maiores 6 anos) 1\u20acColexios (menores 6 anos) ingresso gratuito<\/p>\n\n<p>INFORMAZIONI DI INTERESSE<\/p>\n\n<p>Web: rosalia.gal\/a-casa-museoE-mail: fundacion@rosaliadecastro.orgTel\u00e9fono: 981 811 204<\/p>\n\t\t\t\t\t\t\t\t\t<\/div>\n\t\t\t\t\t\t\t\t\t<img decoding=\"async\" src=\"https:\/\/cdn.pilgrim.es\/web\/caminos\/camino-portugues\/pueblos\/padron\/puntos-de-interes\/casa-rosalia-de-castro.jpg\" alt=\"Casa de Rosal\u00eda de Castro\">\n\t\t\t\t\t\t\t\t<\/div>\n\t\t\t\t\t\t\t<\/div>\n\t\t\t\t\t\t\n\t\t\t\t\t\t\t<div class=\"accordion__accordion-content inactive\">\n\t\t\t\t\t\t\t\t<div>\n\t\t\t\t\t\t\t\t\t<div>\n\t\t\t\t\t\t\t\t\t\t<h4>\u00c1rea Recreativa Santiagui\u00f1o do Monte<\/h4>\n\t\t\t\t\t\t\t\t\t\t<p>L&#8217;area ricreativa Santiagui\u00f1o do Monte dispone di vari servizi ed \u00e8 attrezzata con barbecue, fontane, tavoli e un parco giochi per bambini. Questo spazio \u00e8 dedicato allo svago e al godimento della natura, ma \u00e8 anche strettamente legato alla grotta in cui si era nascosto l&#8217;apostolo Santiago. Per questo motivo, questo luogo simboleggia il perdono dei peccati. <\/p>\n\n<p>C&#8217;\u00e8 anche una fontana che nasconde una grande tradizione, poich\u00e9 si dice che in questo luogo avvenne un miracolo dell&#8217;apostolo Santiago. Egli fece sgorgare l&#8217;acqua dopo averla colpita tre volte con il suo bastone per dissetare una donna gentile.\n\t\t\t\t\t\t\t\t\t<\/div>\n\t\t\t\t\t\t\t\t\t<img decoding=\"async\" src=\"https:\/\/cdn.pilgrim.es\/web\/caminos\/camino-portugues\/pueblos\/padron\/puntos-de-interes\/santiaguino-do-monte.jpg\" alt=\"\u00c1rea Recreativa Santiagui\u00f1o do Monte\">\n\t\t\t\t\t\t\t\t<\/div>\n\t\t\t\t\t\t\t<\/div>\n\t\t\t\t\t\t\n\t\t\t\t\t<\/div>\n\t\t\t\t<\/div>\n\t\t\t<\/div>\n\t\t\n\n\t\t<div id=\"phonesSection\">\n\t\t\t<div>\n\t\t\t\t<h2 class=\"p-h3-town\">Informazioni di interesse<\/h2>\n\t\t\t<\/div>\n\t\t\t<div class=\"grid\">\n\t\t\t\t\n\t\t\t\t\t<div class=\"phone-number-item\">\n\t\t\t\t\t\t<div class=\"phone-number-item__icon\"><i class=\"icon-police\"><\/i><\/div>\n\t\t\t\t\t\t<div class=\"phone-number-item__title\">\n\t\t\t\t\t\t\t<h3 class=\"p-font-bold\">Polizia locale<\/h3>\n\t\t\t\t\t\t\t<p>981 810 247<\/p>\n\t\t\t\t\t\t\t\n\t\t\t\t\t\t<\/div>\n\t\t\t\t\t<\/div>\n\t\t\t\t\n\t\t\t\t\t<div class=\"phone-number-item\">\n\t\t\t\t\t\t<div class=\"phone-number-item__icon\"><i class=\"icon-spanish-military-police\"><\/i><\/div>\n\t\t\t\t\t\t<div class=\"phone-number-item__title\">\n\t\t\t\t\t\t\t<h3 class=\"p-font-bold\">Guardia civile<\/h3>\n\t\t\t\t\t\t\t<p>981 810 091<\/p>\n\t\t\t\t\t\t\t\n\t\t\t\t\t\t<\/div>\n\t\t\t\t\t<\/div>\n\t\t\t\t\n\t\t\t\t\t<div class=\"phone-number-item\">\n\t\t\t\t\t\t<div class=\"phone-number-item__icon\"><i class=\"icon-firefighters\"><\/i><\/div>\n\t\t\t\t\t\t<div class=\"phone-number-item__title\">\n\t\t\t\t\t\t\t<h3 class=\"p-font-bold\">Vigili del fuoco<\/h3>\n\t\t\t\t\t\t\t<p>981 542 444<\/p>\n\t\t\t\t\t\t\t\n\t\t\t\t\t\t<\/div>\n\t\t\t\t\t<\/div>\n\t\t\t\t\n\t\t\t\t\t<div class=\"phone-number-item\">\n\t\t\t\t\t\t<div class=\"phone-number-item__icon\"><i class=\"icon-civil-protection\"><\/i><\/div>\n\t\t\t\t\t\t<div class=\"phone-number-item__title\">\n\t\t\t\t\t\t\t<h3 class=\"p-font-bold\">Protezione civile<\/h3>\n\t\t\t\t\t\t\t<p>981 812 929<\/p>\n\t\t\t\t\t\t\t\n\t\t\t\t\t\t<\/div>\n\t\t\t\t\t<\/div>\n\t\t\t\t\n\t\t\t\t\t<div class=\"phone-number-item\">\n\t\t\t\t\t\t<div class=\"phone-number-item__icon\"><i class=\"icon-town-council\"><\/i><\/div>\n\t\t\t\t\t\t<div class=\"phone-number-item__title\">\n\t\t\t\t\t\t\t<h3 class=\"p-font-bold\">Municipio<\/h3>\n\t\t\t\t\t\t\t<p>981 810 451<\/p>\n\t\t\t\t\t\t\t\n\t\t\t\t\t\t<\/div>\n\t\t\t\t\t<\/div>\n\t\t\t\t\n\t\t\t\t\t<div class=\"phone-number-item\">\n\t\t\t\t\t\t<div class=\"phone-number-item__icon\"><i class=\"icon-hospital\"><\/i><\/div>\n\t\t\t\t\t\t<div class=\"phone-number-item__title\">\n\t\t\t\t\t\t\t<h3 class=\"p-font-bold\">Centro sanitario<\/h3>\n\t\t\t\t\t\t\t<p>981 810 920<\/p>\n\t\t\t\t\t\t\t\n\t\t\t\t\t\t<\/div>\n\t\t\t\t\t<\/div>\n\t\t\t\t\n\t\t\t\t\t<div class=\"phone-number-item\">\n\t\t\t\t\t\t<div class=\"phone-number-item__icon\"><i class=\"icon-tourism\"><\/i><\/div>\n\t\t\t\t\t\t<div class=\"phone-number-item__title\">\n\t\t\t\t\t\t\t<h3 class=\"p-font-bold\">Ufficio turistico<\/h3>\n\t\t\t\t\t\t\t<p>646 593 319<\/p>\n\t\t\t\t\t\t\t\n\t\t\t\t\t\t\t\t<p>Av. Compostela, S\/N<\/p>\n\t\t\t\t\t\t\t\n\t\t\t\t\t\t<\/div>\n\t\t\t\t\t<\/div>\n\t\t\t\t\n\t\t\t<\/div>\n\t\t<\/div>\n\n\t\t<div id=\"clientForm\">\n        <section>\n        <img decoding=\"async\" src=\"https:\/\/cdn.pilgrim.es\/web\/home\/email-contacto.png\" alt=\"contacto\">\n        <div>\n            <p>Ti inviamo la tua pianificazione<\/p>\n            <p>Forniscici i tuoi dati e ricevi la pianificazione del tuo viaggio via email <\/p>\n            <form method=\"post\" data-url=\"\/wp-admin\/admin-ajax.php\" id=\"planner--client\" class=\"flag-right form-client\">\n    <div class=\"form-data\">\n        <input name=\"form_id\" type=\"hidden\" value=\"Formulario Leads\">\n        <input name=\"type\" type=\"hidden\" value=\"planner_client\">\n        <input type=\"text\" name=\"nombre\" value=\"\" size=\"40\" class=\"form-control\" aria-required=\"true\" aria-invalid=\"false\" placeholder=\"Nome\">\n        <input type=\"email\" name=\"email\" value=\"\" size=\"40\" class=\"form-control\" aria-required=\"true\" aria-invalid=\"false\" placeholder=\"Mail\">\n        <input type=\"text\" id=\"phone-input\" name=\"tel\" value=\"\" size=\"40\" class=\"phone-input form-control\" aria-required=\"true\" aria-invalid=\"false\" placeholder=\"Telefono\">\n        <input type=\"hidden\" name=\"telefono\">\n    <\/div>\n    <div class=\"form-checkbox\">\n        <span>\n            Pilgrim Travel. S.L. informa, come previsto dal Regolamento 2016\/679, che i dati utilizzati in questo modulo verranno utilizzati sia per la risposta delle eventuali consultazioni sia per la pub-blicazione dei commenti, essendo il consenso dell'utente la base di legittimazione. Potranno esse-re esercitati i diritti in conformit\u00e0 con quanto stabilito dalla nostra             <a href=\"https:\/\/www.pilgrim.es\/it\/informativa-sulla-privacy\/\" target=\"_blank\" rel=\"noopener noreferrer nofollow\">Politica di privacy.<\/a>\n        <\/span>\n    <\/div>\n\n    <div class=\"form-submit\">\n        <button id=\"planner--client-create\" type=\"submit\">Formulario di contatto<\/button>\n        <div class=\"loadingDiv\"><i class=\"p-spinner\"><\/i><\/div>\n    <\/div>\n\n    <div class=\"contact-content-form-success\">\n        <p><i class=\"fas fa-check\"><\/i> Il modulo \u00e8 stato inviato correttamente<\/p>\n    <\/div>\n\n    <div class=\"contact-content-form-error\">\n        <span class=\"input-error\"><\/span>\n    <\/div>\n<\/form>        <\/div>\n    <\/section>\n<\/div>\n\n\t\t<div id=\"recomendationSection\">\n\t\t\t<div>\n\t\t\t\t<h2 class=\"p-h2-town\">Consigliato<\/h2>\n\t\t\t\t<hr>\n\t\t\t\t<h3 class=\"p-h3-town\">Gastronomia<\/h3>\n\t\t\t<\/div>\n\t\t\tIl prodotto di punta di questa citt\u00e0 e di quasi tutta la provincia e la comunit\u00e0 galiziana sono i famosi peperoni di Herb\u00f3n, che dal 2009 hanno una propria denominazione d&#8217;origine. Non potete continuare il vostro pellegrinaggio senza assaggiare i veri peperoni coltivati nella vicina citt\u00e0 di Herb\u00f3n e verificare se \u00e8 vero che &#8220;uns pican e outros non&#8221;.\n\nAnche i frutti di mare e il pesce si distinguono per la freschezza dei prodotti grazie alla vicinanza al mare, con il polpo galiziano o la tradizionale lampreda che spiccano come nelle citt\u00e0 precedenti.\n\nIn Galizia non c&#8217;\u00e8 un buon pasto senza un buon dopocena, e questo non sar\u00e0 un problema a Padr\u00f3n, che ha diversi dolci tipici. Innanzitutto la torta di mandorle e tuorlo d&#8217;uovo, come la tradizionale torta di Santiago ma con un ripieno di tuorlo d&#8217;uovo. Tipici sono anche le milhojas, le filloas, gli almendrados e i biscotti picos de picos.\n\t\t<\/div>\n\n\n\t\t\n\t\t\t<div id=\"holidaysSection\">\n\t\t\t\t<div>\n\t\t\t\t\t<h2 class=\"p-h2-town\">Consigliato<\/h2>\n\t\t\t\t\t<hr>\n\t\t\t\t\t<h3 class=\"p-h3-town\">Festival e pellegrinaggi<\/h3>\n\t\t\t\t<\/div>\n\t\t\t\t<div class=\"grid holidays-grid\">\n\t\t\t\t\t\n\t\t\t\t\t\t<div>\n\t\t\t\t\t\t\t<div class=\"phone-number-item\">\n\t\t\t\t\t\t\t\t<div class=\"phone-number-item__icon\"><i class=\"icon-holiday\"><\/i><\/div>\n\t\t\t\t\t\t\t\t<div class=\"phone-number-item__title dark-text\">\n\t\t\t\t\t\t\t\t\t<p class=\"p-font-bold\">Vacanza locale<\/p>\n\t\t\t\t\t\t\t\t\t<p>25 de Julio: Ap\u00f3stol<\/p>\n\t\t\t\t\t\t\t\t<\/div>\n\t\t\t\t\t\t\t<\/div>\n\t\t\t\t\t\t<\/div>\n\t\t\t\t\t\n\t\t\t\t\t\t<div>\n\t\t\t\t\t\t\t<div class=\"phone-number-item\">\n\t\t\t\t\t\t\t\t<div class=\"phone-number-item__icon\"><i class=\"icon-holiday\"><\/i><\/div>\n\t\t\t\t\t\t\t\t<div class=\"phone-number-item__title dark-text\">\n\t\t\t\t\t\t\t\t\t<p class=\"p-font-bold\">Vacanza locale<\/p>\n\t\t\t\t\t\t\t\t\t<p>El segundo fin de semana de Julio: Feria Medieval<\/p>\n\t\t\t\t\t\t\t\t<\/div>\n\t\t\t\t\t\t\t<\/div>\n\t\t\t\t\t\t<\/div>\n\t\t\t\t\t\n\t\t\t\t\t\t<div>\n\t\t\t\t\t\t\t<div class=\"phone-number-item\">\n\t\t\t\t\t\t\t\t<div class=\"phone-number-item__icon\"><i class=\"icon-holiday\"><\/i><\/div>\n\t\t\t\t\t\t\t\t<div class=\"phone-number-item__title dark-text\">\n\t\t\t\t\t\t\t\t\t<p class=\"p-font-bold\">Vacanza locale<\/p>\n\t\t\t\t\t\t\t\t\t<p>6 de Agosto: Fiesta del Pimiento de Herb\u00f3n<\/p>\n\t\t\t\t\t\t\t\t<\/div>\n\t\t\t\t\t\t\t<\/div>\n\t\t\t\t\t\t<\/div>\n\t\t\t\t\t\n\t\t\t\t<\/div>\n\t\t\t<\/div>\n\t\t\n\t<\/div>\n<\/section>\n\n<div id=\"stage_list_section\"><div class=\"stage-list\">\n    <div class='stage-list__map-card'>\n        <div class='stage-list__map-card__map'>\n            <div class='stage-list__map-card__map__text'>\n                <h2> Pages <\/h2>\n                <p> A piedi<\/p>\n                <p> 0tappe<\/p>\n            <\/div>\n            <div class='stage-list__map-card__map__img'>\n                <img decoding=\"async\" src=\"\" alt=\" mapa \" \/>\n            <\/div>\n        <\/div>\n    <\/div>\n\n    <\/div>\n<\/div> ","protected":false},"excerpt":{"rendered":"<p>Padr\u00f3n &#8249; Ritorno al palcoscenico Padr\u00f3n Abitanti: 8.693 aprox. Provincia: A Coru\u00f1a Informazioni Get to know Padr\u00f3n Padr\u00f3n \u00e8 una delle citt\u00e0 pi\u00f9 importanti del Cammino di Santiago, poich\u00e9, secondo la leggenda, l&#8217;Apostolo si trovava qui quando era in vita e quando mor\u00ec, e il suo corpo fu trasferito dai suoi discepoli in una barca &hellip; <\/p>\n<p class=\"read_more\"><a href=\"https:\/\/www.pilgrim.es\/it\/cammino-portoghese\/padron\/\">Leer m\u00e1s<\/a><\/p>\n","protected":false},"author":0,"featured_media":9660,"parent":10770,"menu_order":0,"comment_status":"closed","ping_status":"closed","template":"views\/template-new-web-design.blade.php","meta":{"footnotes":""},"categories":[],"tags":[],"class_list":["post-91235","page","type-page","status-publish","has-post-thumbnail","hentry"],"yoast_head":"<!-- This site is optimized with the Yoast SEO plugin v27.4 - https:\/\/yoast.com\/product\/yoast-seo-wordpress\/ -->\n<title>Padr\u00f3n: Cosa vedere e dove dormire | Cammino di Santiago | Pilgrim<\/title>\n<meta name=\"description\" content=\"Padr\u00f3n Scopri tutte le informazioni su dove alloggiare, come arrivare, cosa mangiare e sui principali punti di interesse delle localit\u00e0 lungo il Cammino Portoghese.\" \/>\n<meta name=\"robots\" content=\"index, follow, max-snippet:-1, max-image-preview:large, max-video-preview:-1\" \/>\n<link rel=\"canonical\" href=\"https:\/\/www.pilgrim.es\/it\/cammino-portoghese\/padron\/\" \/>\n<meta property=\"og:locale\" content=\"it_IT\" \/>\n<meta property=\"og:type\" content=\"article\" \/>\n<meta property=\"og:title\" content=\"Padr\u00f3n: Cosa vedere e dove dormire | Cammino di Santiago | Pilgrim\" \/>\n<meta property=\"og:description\" content=\"Padr\u00f3n Scopri tutte le informazioni su dove alloggiare, come arrivare, cosa mangiare e sui principali punti di interesse delle localit\u00e0 lungo il Cammino Portoghese.\" \/>\n<meta property=\"og:url\" content=\"https:\/\/www.pilgrim.es\/it\/cammino-portoghese\/padron\/\" \/>\n<meta property=\"og:site_name\" content=\"Pilgrim\" \/>\n<meta property=\"article:publisher\" content=\"https:\/\/www.facebook.com\/pilgrim.es\/\" \/>\n<meta property=\"og:image\" content=\"https:\/\/www.pilgrim.es\/wp-content\/uploads\/2019\/02\/padron11-520x370.png\" \/>\n\t<meta property=\"og:image:width\" content=\"520\" \/>\n\t<meta property=\"og:image:height\" content=\"370\" \/>\n\t<meta property=\"og:image:type\" content=\"image\/png\" \/>\n<meta name=\"twitter:card\" content=\"summary_large_image\" \/>\n<meta name=\"twitter:site\" content=\"@pilgrim_es\" \/>\n<meta name=\"twitter:label1\" content=\"Tempo di lettura stimato\" \/>\n\t<meta name=\"twitter:data1\" content=\"10 minuti\" \/>\n<script type=\"application\/ld+json\" class=\"yoast-schema-graph\">{\"@context\":\"https:\\\/\\\/schema.org\",\"@graph\":[{\"@type\":\"WebPage\",\"@id\":\"https:\\\/\\\/www.pilgrim.es\\\/it\\\/cammino-portoghese\\\/padron\\\/\",\"url\":\"https:\\\/\\\/www.pilgrim.es\\\/it\\\/cammino-portoghese\\\/padron\\\/\",\"name\":\"Padr\u00f3n: Cosa vedere e dove dormire | Cammino di Santiago | Pilgrim\",\"isPartOf\":{\"@id\":\"https:\\\/\\\/www.pilgrim.es\\\/it\\\/#website\"},\"primaryImageOfPage\":{\"@id\":\"https:\\\/\\\/www.pilgrim.es\\\/it\\\/cammino-portoghese\\\/padron\\\/#primaryimage\"},\"image\":{\"@id\":\"https:\\\/\\\/www.pilgrim.es\\\/it\\\/cammino-portoghese\\\/padron\\\/#primaryimage\"},\"thumbnailUrl\":\"https:\\\/\\\/www.pilgrim.es\\\/wp-content\\\/uploads\\\/2019\\\/02\\\/padron11-520x370.png\",\"datePublished\":\"2025-03-17T14:10:44+00:00\",\"description\":\"Padr\u00f3n Scopri tutte le informazioni su dove alloggiare, come arrivare, cosa mangiare e sui principali punti di interesse delle localit\u00e0 lungo il Cammino Portoghese.\",\"breadcrumb\":{\"@id\":\"https:\\\/\\\/www.pilgrim.es\\\/it\\\/cammino-portoghese\\\/padron\\\/#breadcrumb\"},\"inLanguage\":\"it-IT\",\"potentialAction\":[{\"@type\":\"ReadAction\",\"target\":[\"https:\\\/\\\/www.pilgrim.es\\\/it\\\/cammino-portoghese\\\/padron\\\/\"]}]},{\"@type\":\"ImageObject\",\"inLanguage\":\"it-IT\",\"@id\":\"https:\\\/\\\/www.pilgrim.es\\\/it\\\/cammino-portoghese\\\/padron\\\/#primaryimage\",\"url\":\"https:\\\/\\\/www.pilgrim.es\\\/wp-content\\\/uploads\\\/2019\\\/02\\\/padron11-520x370.png\",\"contentUrl\":\"https:\\\/\\\/www.pilgrim.es\\\/wp-content\\\/uploads\\\/2019\\\/02\\\/padron11-520x370.png\",\"width\":520,\"height\":370,\"caption\":\"Padr\u00f3n\"},{\"@type\":\"BreadcrumbList\",\"@id\":\"https:\\\/\\\/www.pilgrim.es\\\/it\\\/cammino-portoghese\\\/padron\\\/#breadcrumb\",\"itemListElement\":[{\"@type\":\"ListItem\",\"position\":1,\"name\":\"Camino de Santiago\",\"item\":\"https:\\\/\\\/www.pilgrim.es\\\/it\\\/\"},{\"@type\":\"ListItem\",\"position\":2,\"name\":\"Cammino Portoghese\",\"item\":\"https:\\\/\\\/www.pilgrim.es\\\/it\\\/cammino-portoghese\\\/\"},{\"@type\":\"ListItem\",\"position\":3,\"name\":\"Padr\u00f3n\"}]},{\"@type\":\"WebSite\",\"@id\":\"https:\\\/\\\/www.pilgrim.es\\\/it\\\/#website\",\"url\":\"https:\\\/\\\/www.pilgrim.es\\\/it\\\/\",\"name\":\"Pilgrim\",\"description\":\"Camino de Santiago | Caminamos Contigo\",\"publisher\":{\"@id\":\"https:\\\/\\\/www.pilgrim.es\\\/it\\\/#organization\"},\"potentialAction\":[{\"@type\":\"SearchAction\",\"target\":{\"@type\":\"EntryPoint\",\"urlTemplate\":\"https:\\\/\\\/www.pilgrim.es\\\/it\\\/?s={search_term_string}\"},\"query-input\":{\"@type\":\"PropertyValueSpecification\",\"valueRequired\":true,\"valueName\":\"search_term_string\"}}],\"inLanguage\":\"it-IT\"},{\"@type\":\"Organization\",\"@id\":\"https:\\\/\\\/www.pilgrim.es\\\/it\\\/#organization\",\"name\":\"Pilgrim Camino de Santiago\",\"url\":\"https:\\\/\\\/www.pilgrim.es\\\/it\\\/\",\"logo\":{\"@type\":\"ImageObject\",\"inLanguage\":\"it-IT\",\"@id\":\"https:\\\/\\\/www.pilgrim.es\\\/it\\\/#\\\/schema\\\/logo\\\/image\\\/\",\"url\":\"https:\\\/\\\/www.pilgrim.es\\\/wp-content\\\/uploads\\\/2019\\\/04\\\/logo_pilgrim.png\",\"contentUrl\":\"https:\\\/\\\/www.pilgrim.es\\\/wp-content\\\/uploads\\\/2019\\\/04\\\/logo_pilgrim.png\",\"width\":512,\"height\":512,\"caption\":\"Pilgrim Camino de Santiago\"},\"image\":{\"@id\":\"https:\\\/\\\/www.pilgrim.es\\\/it\\\/#\\\/schema\\\/logo\\\/image\\\/\"},\"sameAs\":[\"https:\\\/\\\/www.facebook.com\\\/pilgrim.es\\\/\",\"https:\\\/\\\/x.com\\\/pilgrim_es\",\"https:\\\/\\\/www.instagram.com\\\/pilgrim.es\\\/\",\"https:\\\/\\\/www.linkedin.com\\\/company\\\/pilgrim-camino-de-santiago\\\/\",\"https:\\\/\\\/www.pinterest.es\\\/pilgrimcaminodesantiago\\\/\",\"https:\\\/\\\/www.youtube.com\\\/channel\\\/UCIv2ZzFLXVqthkNF32rKedw\\\/featured\"]}]}<\/script>\n<!-- \/ Yoast SEO plugin. -->","yoast_head_json":{"title":"Padr\u00f3n: Cosa vedere e dove dormire | Cammino di Santiago | Pilgrim","description":"Padr\u00f3n Scopri tutte le informazioni su dove alloggiare, come arrivare, cosa mangiare e sui principali punti di interesse delle localit\u00e0 lungo il Cammino Portoghese.","robots":{"index":"index","follow":"follow","max-snippet":"max-snippet:-1","max-image-preview":"max-image-preview:large","max-video-preview":"max-video-preview:-1"},"canonical":"https:\/\/www.pilgrim.es\/it\/cammino-portoghese\/padron\/","og_locale":"it_IT","og_type":"article","og_title":"Padr\u00f3n: Cosa vedere e dove dormire | Cammino di Santiago | Pilgrim","og_description":"Padr\u00f3n Scopri tutte le informazioni su dove alloggiare, come arrivare, cosa mangiare e sui principali punti di interesse delle localit\u00e0 lungo il Cammino Portoghese.","og_url":"https:\/\/www.pilgrim.es\/it\/cammino-portoghese\/padron\/","og_site_name":"Pilgrim","article_publisher":"https:\/\/www.facebook.com\/pilgrim.es\/","og_image":[{"width":520,"height":370,"url":"https:\/\/www.pilgrim.es\/wp-content\/uploads\/2019\/02\/padron11-520x370.png","type":"image\/png"}],"twitter_card":"summary_large_image","twitter_site":"@pilgrim_es","twitter_misc":{"Tempo di lettura stimato":"10 minuti"},"schema":{"@context":"https:\/\/schema.org","@graph":[{"@type":"WebPage","@id":"https:\/\/www.pilgrim.es\/it\/cammino-portoghese\/padron\/","url":"https:\/\/www.pilgrim.es\/it\/cammino-portoghese\/padron\/","name":"Padr\u00f3n: Cosa vedere e dove dormire | Cammino di Santiago | Pilgrim","isPartOf":{"@id":"https:\/\/www.pilgrim.es\/it\/#website"},"primaryImageOfPage":{"@id":"https:\/\/www.pilgrim.es\/it\/cammino-portoghese\/padron\/#primaryimage"},"image":{"@id":"https:\/\/www.pilgrim.es\/it\/cammino-portoghese\/padron\/#primaryimage"},"thumbnailUrl":"https:\/\/www.pilgrim.es\/wp-content\/uploads\/2019\/02\/padron11-520x370.png","datePublished":"2025-03-17T14:10:44+00:00","description":"Padr\u00f3n Scopri tutte le informazioni su dove alloggiare, come arrivare, cosa mangiare e sui principali punti di interesse delle localit\u00e0 lungo il Cammino Portoghese.","breadcrumb":{"@id":"https:\/\/www.pilgrim.es\/it\/cammino-portoghese\/padron\/#breadcrumb"},"inLanguage":"it-IT","potentialAction":[{"@type":"ReadAction","target":["https:\/\/www.pilgrim.es\/it\/cammino-portoghese\/padron\/"]}]},{"@type":"ImageObject","inLanguage":"it-IT","@id":"https:\/\/www.pilgrim.es\/it\/cammino-portoghese\/padron\/#primaryimage","url":"https:\/\/www.pilgrim.es\/wp-content\/uploads\/2019\/02\/padron11-520x370.png","contentUrl":"https:\/\/www.pilgrim.es\/wp-content\/uploads\/2019\/02\/padron11-520x370.png","width":520,"height":370,"caption":"Padr\u00f3n"},{"@type":"BreadcrumbList","@id":"https:\/\/www.pilgrim.es\/it\/cammino-portoghese\/padron\/#breadcrumb","itemListElement":[{"@type":"ListItem","position":1,"name":"Camino de Santiago","item":"https:\/\/www.pilgrim.es\/it\/"},{"@type":"ListItem","position":2,"name":"Cammino Portoghese","item":"https:\/\/www.pilgrim.es\/it\/cammino-portoghese\/"},{"@type":"ListItem","position":3,"name":"Padr\u00f3n"}]},{"@type":"WebSite","@id":"https:\/\/www.pilgrim.es\/it\/#website","url":"https:\/\/www.pilgrim.es\/it\/","name":"Pilgrim","description":"Camino de Santiago | Caminamos Contigo","publisher":{"@id":"https:\/\/www.pilgrim.es\/it\/#organization"},"potentialAction":[{"@type":"SearchAction","target":{"@type":"EntryPoint","urlTemplate":"https:\/\/www.pilgrim.es\/it\/?s={search_term_string}"},"query-input":{"@type":"PropertyValueSpecification","valueRequired":true,"valueName":"search_term_string"}}],"inLanguage":"it-IT"},{"@type":"Organization","@id":"https:\/\/www.pilgrim.es\/it\/#organization","name":"Pilgrim Camino de Santiago","url":"https:\/\/www.pilgrim.es\/it\/","logo":{"@type":"ImageObject","inLanguage":"it-IT","@id":"https:\/\/www.pilgrim.es\/it\/#\/schema\/logo\/image\/","url":"https:\/\/www.pilgrim.es\/wp-content\/uploads\/2019\/04\/logo_pilgrim.png","contentUrl":"https:\/\/www.pilgrim.es\/wp-content\/uploads\/2019\/04\/logo_pilgrim.png","width":512,"height":512,"caption":"Pilgrim Camino de Santiago"},"image":{"@id":"https:\/\/www.pilgrim.es\/it\/#\/schema\/logo\/image\/"},"sameAs":["https:\/\/www.facebook.com\/pilgrim.es\/","https:\/\/x.com\/pilgrim_es","https:\/\/www.instagram.com\/pilgrim.es\/","https:\/\/www.linkedin.com\/company\/pilgrim-camino-de-santiago\/","https:\/\/www.pinterest.es\/pilgrimcaminodesantiago\/","https:\/\/www.youtube.com\/channel\/UCIv2ZzFLXVqthkNF32rKedw\/featured"]}]}},"_links":{"self":[{"href":"https:\/\/www.pilgrim.es\/it\/wp-json\/wp\/v2\/pages\/91235","targetHints":{"allow":["GET"]}}],"collection":[{"href":"https:\/\/www.pilgrim.es\/it\/wp-json\/wp\/v2\/pages"}],"about":[{"href":"https:\/\/www.pilgrim.es\/it\/wp-json\/wp\/v2\/types\/page"}],"replies":[{"embeddable":true,"href":"https:\/\/www.pilgrim.es\/it\/wp-json\/wp\/v2\/comments?post=91235"}],"version-history":[{"count":0,"href":"https:\/\/www.pilgrim.es\/it\/wp-json\/wp\/v2\/pages\/91235\/revisions"}],"up":[{"embeddable":true,"href":"https:\/\/www.pilgrim.es\/it\/wp-json\/wp\/v2\/pages\/10770"}],"wp:featuredmedia":[{"embeddable":true,"href":"https:\/\/www.pilgrim.es\/it\/wp-json\/wp\/v2\/media\/9660"}],"wp:attachment":[{"href":"https:\/\/www.pilgrim.es\/it\/wp-json\/wp\/v2\/media?parent=91235"}],"wp:term":[{"taxonomy":"category","embeddable":true,"href":"https:\/\/www.pilgrim.es\/it\/wp-json\/wp\/v2\/categories?post=91235"},{"taxonomy":"post_tag","embeddable":true,"href":"https:\/\/www.pilgrim.es\/it\/wp-json\/wp\/v2\/tags?post=91235"}],"curies":[{"name":"wp","href":"https:\/\/api.w.org\/{rel}","templated":true}]}}