{"id":91229,"date":"2025-03-17T14:08:41","date_gmt":"2025-03-17T14:08:41","guid":{"rendered":"https:\/\/www.pilgrim.es\/cammino-portoghese\/pontevedra\/"},"modified":"2025-03-17T14:08:41","modified_gmt":"2025-03-17T14:08:41","slug":"pontevedra","status":"publish","type":"page","link":"https:\/\/www.pilgrim.es\/it\/cammino-portoghese\/pontevedra\/","title":{"rendered":"Pontevedra"},"content":{"rendered":" <section id=\"hero\">\n\t<h1>Pontevedra<\/h1>\n\t<div class=\"hero-grid\">\n\t\t<div class=\"hero-grid__town-col\" data-background=\"https:\/\/cdn.pilgrim.es\/web\/caminos\/camino-portugues\/pueblos\/pontevedra\/pontevedra.jpg\">\n\t\t\t<div>\n\t\t\t\t<a class=\"link-to-stage\" href=\"https:\/\/www.pilgrim.es\/camino-portugues\/etapa-22-redondela-pontevedra\/\">\n\t\t\t\t\t<p>&#8249; Ritorno al palcoscenico<\/p>\n\t\t\t\t<\/a>\n\n\t\t\t\t<div class=\"town-data\">\n\t\t\t\t\t<h2>Pontevedra<\/h2>\n\t\t\t\t\t<ul>\n\t\t\t\t\t\t<li>Abitanti: 82.946 aprox.<\/li>\n\t\t\t\t\t\t<li>Provincia: Pontevedra<\/li>\n\t\t\t\t\t<\/ul>\n\t\t\t\t<\/div>\n\t\t\t<\/div>\n\t\t<\/div>\n\t\t<div class=\"hero-grid__planner-col\"><div\r\n  class=\"p-col-span-1 p-rounded-lg p-px-5 p-h-full\"\r\n  style=\"background-image: url('https:\/\/cdn.pilgrim.es\/web\/pilgrim-planner\/bg-plugin-planificador.webp')\"\r\n  rel=\"preload\"\r\n  fetchpriority=\"high\"\r\n  >\r\n    <div class=\"p-text-center p-pt-5 p-text-white p-text-2xl p-font-semibold\">\r\n      Pianifica il tuo cammino    <\/div>\r\n    <div\r\n            id='primary-app'\r\n            data-name='banner'\r\n            data-api='https:\/\/pathfinder.pilgrim.es\/api\/pathfinder\/v2'\r\n            data-mode='normal'\r\n            data-lang='it'\r\n            data-route='1'\r\n            data-destiny='https:\/\/planificador.pilgrim.es'\r\n            data-modality='1'\r\n            data-inline=''\r\n        ><\/div><\/div><\/div>\n\t<\/div>\n<\/section>\n\n<section id=\"infoTown\">\n\t<div class=\"sections-town\">\n\n\t\t<div id=\"informationSection\">\n\t\t\t<div>\n\t\t\t\t<h2 class=\"p-h2-town\">Informazioni<\/h2>\n\t\t\t\t<hr>\n\t\t\t\t<h3 class=\"p-h3-town\">Get to know Pontevedra<\/h3>\n\t\t\t<\/div>\n\t\t\t<p>Pontevedra vanta la seconda area urbana pi\u00f9 importante della Galizia, superata solo dalla zona monumentale di Santiago. Per questo motivo la stragrande maggioranza dei pellegrini fa tappa in questa piccola citt\u00e0 per esplorarne gli angoli e le strade acciottolate, evidenziando soprattutto la Plaza de la Peregrina e il suo santuario. <\/p> <p>Non essendo una grande citt\u00e0, Pontevedra \u00e8 stata pi\u00f9 volte premiata come una delle migliori citt\u00e0 europee in cui vivere, secondo criteri di accessibilit\u00e0, mobilit\u00e0, ricchezza culturale e tenore di vita. \u00c8 quindi considerata la capitale delle R\u00edas Baixas.\n\t\t<\/div>\n\n\t\t<div id=\"locationSection\">\n\t\t\t<div>\n\t\t\t\t<h2 class=\"p-h2-town\">Posizione<\/h2>\n\t\t\t\t<hr>\n\t\t\t\t<h3 class=\"p-h3-town\">Come arrivare<\/h3>\n\t\t\t<\/div>\n\t\t\t<p>Pontevedra \u00e8 molto ben collegata in quanto attraversata dall&#8217;autostrada AP-9 e dalla N-554. \u00c8 quindi facile trovare collegamenti sia con Vigo che con A Coru\u00f1a.\n\n<p>Inoltre, il centro cittadino dispone di una stazione degli autobus e dei treni, per cui la citt\u00e0 \u00e8 collegata ai principali punti della Galizia come Santiago, Vilagarc\u00eda, Vigo, A Coru\u00f1a e Ourense. Ci sono anche collegamenti con il Portogallo e il resto della Penisola.\n\n<p>Il porto rappresentativo della citt\u00e0 \u00e8 quello di Mar\u00edn, a pochi chilometri dal centro. L&#8217;aeroporto pi\u00f9 vicino \u00e8 quello di Peinador, a Vigo.\n\t\t\t<div>\n\t\t\t\t<div>\n  <iframe loading=\"lazy\"\n    src=\"https:\/\/www.google.com\/maps\/d\/embed?mid=1puC5dYJH8_nDbL4Vgz39pbwd-yWQ3aU&amp;ehbc=2E312F\"\n    width=\"640\"\n    height=\"480\"\n    alt=\"Mapa Pontevedra\"\n  ><\/iframe>\n<\/div>\n\n\t\t\t<\/div>\n\t\t<\/div>\n\n\t\t\n\t\t\t<div id=\"toVisitSection\">\n\t\t\t\t<div>\n\t\t\t\t\t<h2 class=\"p-h2-town\">Storia \/ Cultura<\/h2>\n\t\t\t\t\t<hr>\n\t\t\t\t\t<h3 class=\"p-h3-town\">Cosa vedere<\/h3>\n\t\t\t\t<\/div>\n\t\t\t\t<div>\n\t\t\t\t\t<div class=\"accordion\">\n\t\t\t\t\t\t<div class=\"accordion__menu\">\n\t\t\t\t\t\t\t<nav>\n\t\t\t\t\t\t\t\t\n\t\t\t\t\t\t\t\t\t<button class=\"nav-tab-accordion active\"><span>&#10093;<\/span><span> Puente del Burgo<\/span><\/button>\n\t\t\t\t\t\t\t\t\n\t\t\t\t\t\t\t\t\t<button class=\"nav-tab-accordion \"><span>&#10093;<\/span><span> Pazo Provincial<\/span><\/button>\n\t\t\t\t\t\t\t\t\n\t\t\t\t\t\t\t\t\t<button class=\"nav-tab-accordion \"><span>&#10093;<\/span><span> Pazo da Cultura<\/span><\/button>\n\t\t\t\t\t\t\t\t\n\t\t\t\t\t\t\t\t\t<button class=\"nav-tab-accordion \"><span>&#10093;<\/span><span> Mercado de Abastos<\/span><\/button>\n\t\t\t\t\t\t\t\t\n\t\t\t\t\t\t\t\t\t<button class=\"nav-tab-accordion \"><span>&#10093;<\/span><span> Teatro Principal y Liceo Casino<\/span><\/button>\n\t\t\t\t\t\t\t\t\n\t\t\t\t\t\t\t\t\t<button class=\"nav-tab-accordion \"><span>&#10093;<\/span><span> Santuario de la Peregrina<\/span><\/button>\n\t\t\t\t\t\t\t\t\n\t\t\t\t\t\t\t\t\t<button class=\"nav-tab-accordion \"><span>&#10093;<\/span><span> San Roque A Moureira<\/span><\/button>\n\t\t\t\t\t\t\t\t\n\t\t\t\t\t\t\t\t\t<button class=\"nav-tab-accordion \"><span>&#10093;<\/span><span> Ruinas de San Domingos<\/span><\/button>\n\t\t\t\t\t\t\t\t\n\t\t\t\t\t\t\t\t\t<button class=\"nav-tab-accordion \"><span>&#10093;<\/span><span> Plaza del Teucro<\/span><\/button>\n\t\t\t\t\t\t\t\t\n\t\t\t\t\t\t\t\t\t<button class=\"nav-tab-accordion \"><span>&#10093;<\/span><span> Plaza del Peirao<\/span><\/button>\n\t\t\t\t\t\t\t\t\n\t\t\t\t\t\t\t\t\t<button class=\"nav-tab-accordion \"><span>&#10093;<\/span><span> Plaza de San Jos\u00e9<\/span><\/button>\n\t\t\t\t\t\t\t\t\n\t\t\t\t\t\t\t\t\t<button class=\"nav-tab-accordion \"><span>&#10093;<\/span><span> Plaza de M\u00e9ndez N\u00fa\u00f1ez<\/span><\/button>\n\t\t\t\t\t\t\t\t\n\t\t\t\t\t\t\t\t\t<button class=\"nav-tab-accordion \"><span>&#10093;<\/span><span> Plaza de las Cinco Calles<\/span><\/button>\n\t\t\t\t\t\t\t\t\n\t\t\t\t\t\t\t\t\t<button class=\"nav-tab-accordion \"><span>&#10093;<\/span><span> Plaza de la Verdura<\/span><\/button>\n\t\t\t\t\t\t\t\t\n\t\t\t\t\t\t\t\t\t<button class=\"nav-tab-accordion \"><span>&#10093;<\/span><span> Plaza de la Peregrina<\/span><\/button>\n\t\t\t\t\t\t\t\t\n\t\t\t\t\t\t\t\t\t<button class=\"nav-tab-accordion \"><span>&#10093;<\/span><span> Plaza de la Ferrer\u00eda<\/span><\/button>\n\t\t\t\t\t\t\t\t\n\t\t\t\t\t\t\t\t\t<button class=\"nav-tab-accordion \"><span>&#10093;<\/span><span> Museo de Pontevedra<\/span><\/button>\n\t\t\t\t\t\t\t\t\n\t\t\t\t\t\t\t\t\t<button class=\"nav-tab-accordion \"><span>&#10093;<\/span><span> Capilla del Nazareno<\/span><\/button>\n\t\t\t\t\t\t\t\t\n\t\t\t\t\t\t\t\t\t<button class=\"nav-tab-accordion \"><span>&#10093;<\/span><span> Jardines de Castro Sampedro<\/span><\/button>\n\t\t\t\t\t\t\t\t\n\t\t\t\t\t\t\t\t\t<button class=\"nav-tab-accordion \"><span>&#10093;<\/span><span> Illa do Cobo<\/span><\/button>\n\t\t\t\t\t\t\t\t\n\t\t\t\t\t\t\t\t\t<button class=\"nav-tab-accordion \"><span>&#10093;<\/span><span> Iglesia de San Bartolom\u00e9<\/span><\/button>\n\t\t\t\t\t\t\t\t\n\t\t\t\t\t\t\t\t\t<button class=\"nav-tab-accordion \"><span>&#10093;<\/span><span> Iglesia de San Francisco<\/span><\/button>\n\t\t\t\t\t\t\t\t\n\t\t\t\t\t\t\t\t\t<button class=\"nav-tab-accordion \"><span>&#10093;<\/span><span> Convento de Santa Clara<\/span><\/button>\n\t\t\t\t\t\t\t\t\n\t\t\t\t\t\t\t\t\t<button class=\"nav-tab-accordion \"><span>&#10093;<\/span><span> Casa del Bar\u00f3n de Casa Goda<\/span><\/button>\n\t\t\t\t\t\t\t\t\n\t\t\t\t\t\t\t\t\t<button class=\"nav-tab-accordion \"><span>&#10093;<\/span><span> Bas\u00edlica de Santa Mar\u00eda la Mayor<\/span><\/button>\n\t\t\t\t\t\t\t\t\n\t\t\t\t\t\t\t\t\t<button class=\"nav-tab-accordion \"><span>&#10093;<\/span><span> Alameda Palmeras Vicenti<\/span><\/button>\n\t\t\t\t\t\t\t\t\n\t\t\t\t\t\t\t\t\t<button class=\"nav-tab-accordion \"><span>&#10093;<\/span><span> Plaza da Pedreira y Pazo de Mugartegui<\/span><\/button>\n\t\t\t\t\t\t\t\t\n\t\t\t\t\t\t\t\t\t<button class=\"nav-tab-accordion \"><span>&#10093;<\/span><span> Plaza de Curros Enr\u00edquez<\/span><\/button>\n\t\t\t\t\t\t\t\t\n\t\t\t\t\t\t\t<\/nav>\n\t\t\t\t\t\t<\/div>\n\n\t\t\t\t\t\t\n\t\t\t\t\t\t\t<div class=\"accordion__accordion-content \">\n\t\t\t\t\t\t\t\t<div>\n\t\t\t\t\t\t\t\t\t<div>\n\t\t\t\t\t\t\t\t\t\t<h4>Puente del Burgo<\/h4>\n\t\t\t\t\t\t\t\t\t\t<p>Il ponte Burgo, di origine romana, fu costruito per mantenere il corso del fiume L\u00e9rez su una delle sue importanti vie di collegamento, la strada XIX. Il ponte rimase in piedi fino alla met\u00e0 del XII secolo, anche se era in condizioni cos\u00ec precarie che fu necessario costruirne uno nuovo accanto.\n\n<p>Oggi il ponte fa parte del percorso del Cammino Portoghese.<\/p> <p>Il ponte fu costruito a met\u00e0 del XII secolo, anche se era in condizioni cos\u00ec precarie che fu necessario costruirne uno nuovo accanto.\n\t\t\t\t\t\t\t\t\t<\/div>\n\t\t\t\t\t\t\t\t\t<img decoding=\"async\" src=\"https:\/\/cdn.pilgrim.es\/web\/caminos\/camino-portugues\/pueblos\/pontevedra\/puntos-de-interes\/puente-del-burgo.jpg\" alt=\"Puente del Burgo\">\n\t\t\t\t\t\t\t\t<\/div>\n\t\t\t\t\t\t\t<\/div>\n\t\t\t\t\t\t\n\t\t\t\t\t\t\t<div class=\"accordion__accordion-content inactive\">\n\t\t\t\t\t\t\t\t<div>\n\t\t\t\t\t\t\t\t\t<div>\n\t\t\t\t\t\t\t\t\t\t<h4>Pazo Provincial<\/h4>\n\t\t\t\t\t\t\t\t\t\t<p>Il Pazo Provincial \u00e8 un edificio in stile eclettico costruito da Alejandro Rodr\u00edguez Sesmeros alla fine del XIX secolo. Il Pazo Provincial \u00e8 un edificio in stile eclettico costruito da Alejandro Rodr\u00edguez Sesmeros alla fine del XIX secolo.\n\n<p>INFORMAZIONI DI INTERESSE<\/p>\n\n<p>Telefono: 986 804 100<\/p>\n\t\t\t\t\t\t\t\t\t<\/div>\n\t\t\t\t\t\t\t\t\t<img decoding=\"async\" src=\"https:\/\/cdn.pilgrim.es\/web\/caminos\/camino-portugues\/pueblos\/pontevedra\/puntos-de-interes\/pazo-provincial.jpg\" alt=\"Pazo Provincial\">\n\t\t\t\t\t\t\t\t<\/div>\n\t\t\t\t\t\t\t<\/div>\n\t\t\t\t\t\t\n\t\t\t\t\t\t\t<div class=\"accordion__accordion-content inactive\">\n\t\t\t\t\t\t\t\t<div>\n\t\t\t\t\t\t\t\t\t<div>\n\t\t\t\t\t\t\t\t\t\t<h4>Pazo da Cultura<\/h4>\n\t\t\t\t\t\t\t\t\t\t<p>Il Pazo da Cultura \u00e8 un edificio costruito nel 1997 da Manuel de las Casas con l&#8217;obiettivo di essere un gruppo di edifici progettati a scala paesaggistica. Oggi l&#8217;edificio dispone di un moderno auditorium, di un&#8217;area congressuale e di una sala espositiva dove si tengono spettacoli, congressi, concerti e mostre.\n\n<p>L&#8217;annesso Centro Esposizioni ha una superficie utile di quasi 5.000 metri quadrati, che consente di ospitare ogni tipo di fiera, esposizione ed evento culturale. <\/p>\n\n<p>INFORMAZIONI DI INTERESSE<\/p> <p>Informazioni di interesse<\/p> <p>Altre informazioni\n\n<p>Web: www.pazodacultura.org E-mail: coordinacion@pazodacultura.org Telefono: 986 833 061<\/p> <p>Il centro espositivo \u00e8 situato nel centro della citt\u00e0.\n\t\t\t\t\t\t\t\t\t<\/div>\n\t\t\t\t\t\t\t\t\t<img decoding=\"async\" src=\"https:\/\/cdn.pilgrim.es\/web\/caminos\/camino-portugues\/pueblos\/pontevedra\/puntos-de-interes\/pazo-da-cultura.jpg\" alt=\"Pazo da Cultura\">\n\t\t\t\t\t\t\t\t<\/div>\n\t\t\t\t\t\t\t<\/div>\n\t\t\t\t\t\t\n\t\t\t\t\t\t\t<div class=\"accordion__accordion-content inactive\">\n\t\t\t\t\t\t\t\t<div>\n\t\t\t\t\t\t\t\t\t<div>\n\t\t\t\t\t\t\t\t\t\t<h4>Mercado de Abastos<\/h4>\n\t\t\t\t\t\t\t\t\t\t<p>Il Mercado de Abastos \u00e8 stato costruito nei pressi del fiume L\u00e9rez pi\u00f9 di mezzo secolo fa ed \u00e8 stato restaurato nel 2003 grazie a C\u00e9sar Portela. Contemporaneamente sono stati effettuati degli scavi per scoprire parte delle mura romane.\n\n<p>L&#8217;edificio, oltre a distinguersi per il suo grande valore storico, presenta un&#8217;ampia gamma di prodotti alimentari. Al piano terra si trovano banchi di pesce, fiori e carne, mentre al primo piano si trovano banchi di verdura, frutta e ortaggi, oltre che di carne e formaggio.<\/p> <p>Le bancarelle si trovano al piano terra, mentre al primo piano si trovano banchi di verdura e frutta, oltre che di carne e formaggio.\n\t\t\t\t\t\t\t\t\t<\/div>\n\t\t\t\t\t\t\t\t\t<img decoding=\"async\" src=\"https:\/\/cdn.pilgrim.es\/web\/caminos\/camino-portugues\/pueblos\/pontevedra\/puntos-de-interes\/mercado-de-abastos.jpg\" alt=\"Mercado de Abastos\">\n\t\t\t\t\t\t\t\t<\/div>\n\t\t\t\t\t\t\t<\/div>\n\t\t\t\t\t\t\n\t\t\t\t\t\t\t<div class=\"accordion__accordion-content inactive\">\n\t\t\t\t\t\t\t\t<div>\n\t\t\t\t\t\t\t\t\t<div>\n\t\t\t\t\t\t\t\t\t\t<h4>Teatro Principal y Liceo Casino<\/h4>\n\t\t\t\t\t\t\t\t\t\t<p>Il Teatro Principal \u00e8 stato costruito nel centro della citt\u00e0, dove sorgeva la chiesa di San Bartolom\u00e9, ed \u00e8 stato ricostruito dopo un incendio accidentale nel 1980. Accanto ad esso si trovano alcuni edifici interessanti come la Casa de las Campanas in Calle de Don Filiberto del XV secolo, che conserva la sua facciata principale.<\/p> <p>Il Teatro Principal si trova nel centro della citt\u00e0.\n\n<p>Il Teatro e il Liceo Casino ospitano una ricca e variegata offerta culturale durante tutto l&#8217;anno, che consiste principalmente in spettacoli teatrali, concerti, proiezioni di film e mostre temporanee.<\/p> <p>Il Teatro e il Liceo Casino ospitano una ricca e variegata offerta culturale durante tutto l&#8217;anno, che consiste principalmente in spettacoli teatrali, concerti, proiezioni di film e mostre temporanee.\n\n<p>INFORMAZIONI DI INTERESSE<\/p>\n\n<p>Telefono: 986 854 200<\/p> <p>Telefono: 986 854 200<\/p>\n\t\t\t\t\t\t\t\t\t<\/div>\n\t\t\t\t\t\t\t\t\t<img decoding=\"async\" src=\"https:\/\/cdn.pilgrim.es\/web\/caminos\/camino-portugues\/pueblos\/pontevedra\/puntos-de-interes\/teatro-principal.jpg\" alt=\"Teatro Principal y Liceo Casino\">\n\t\t\t\t\t\t\t\t<\/div>\n\t\t\t\t\t\t\t<\/div>\n\t\t\t\t\t\t\n\t\t\t\t\t\t\t<div class=\"accordion__accordion-content inactive\">\n\t\t\t\t\t\t\t\t<div>\n\t\t\t\t\t\t\t\t\t<div>\n\t\t\t\t\t\t\t\t\t\t<h4>Santuario de la Peregrina<\/h4>\n\t\t\t\t\t\t\t\t\t\t<p>Il Santuario della Peregrina \u00e8 uno dei templi pi\u00f9 noti della citt\u00e0, costruito in onore della Vergine della Peregrina, che aveva il compito di guidare i pellegrini da Baiona a Santiago, nel 1778 e dichiarato monumento storico-artistico nel 1982<\/p> <p>.\n\n<p>Il tempio combina uno stile tardo barocco con forme neoclassiche, come nella pala dell&#8217;altare principale. La pianta del santuario \u00e8 a forma di capasanta, simbolo dei pellegrini. Nel 2008 \u00e8 stato sottoposto a un processo di restauro.\n\t\t\t\t\t\t\t\t\t<\/div>\n\t\t\t\t\t\t\t\t\t<img decoding=\"async\" src=\"https:\/\/cdn.pilgrim.es\/web\/caminos\/camino-portugues\/pueblos\/pontevedra\/puntos-de-interes\/santuario-peregrina.jpg\" alt=\"Santuario de la Peregrina\">\n\t\t\t\t\t\t\t\t<\/div>\n\t\t\t\t\t\t\t<\/div>\n\t\t\t\t\t\t\n\t\t\t\t\t\t\t<div class=\"accordion__accordion-content inactive\">\n\t\t\t\t\t\t\t\t<div>\n\t\t\t\t\t\t\t\t\t<div>\n\t\t\t\t\t\t\t\t\t\t<h4>San Roque A Moureira<\/h4>\n\t\t\t\t\t\t\t\t\t\t<p>La Cappella di San Roque fu costruita in onore di San Roque. In un primo momento, questo tempio fu eretto nelle vicinanze del porto per salvaguardare la citt\u00e0 da possibili pestilenze ed epidemie che arrivavano a bordo delle navi. Ma anni dopo la cappella fu spostata pi\u00f9 volte, fino a quando, nel 1861, fu collocata a A Moureira. <\/p>\n\n<p>Oggi il tempio conserva ancora diversi elementi appartenenti alla sua struttura originaria.\n\t\t\t\t\t\t\t\t\t<\/div>\n\t\t\t\t\t\t\t\t\t<img decoding=\"async\" src=\"https:\/\/cdn.pilgrim.es\/web\/caminos\/camino-portugues\/pueblos\/pontevedra\/puntos-de-interes\/san-roque-moureira.jpg\" alt=\"San Roque A Moureira\">\n\t\t\t\t\t\t\t\t<\/div>\n\t\t\t\t\t\t\t<\/div>\n\t\t\t\t\t\t\n\t\t\t\t\t\t\t<div class=\"accordion__accordion-content inactive\">\n\t\t\t\t\t\t\t\t<div>\n\t\t\t\t\t\t\t\t\t<div>\n\t\t\t\t\t\t\t\t\t\t<h4>Ruinas de San Domingos<\/h4>\n\t\t\t\t\t\t\t\t\t\t<p>La chiesa di San Domingos fu costruita intorno al XIV secolo e dichiarata monumento storico-artistico nel 1895. Oggi sono visibili solo il presbiterio e la facciata della sala capitolare.\n\n<p>L&#8217;interno del tempio ospita un gran numero di lapidi con vari stemmi e tombe medievali appartenenti a personaggi storici come Paio e Sueiro G\u00f3mez de Soutomaior. \u00c8 inoltre possibile trovare i resti di Trist\u00e1n de Montenegro e di Pedro \u00c1lvarez de Soutomaior, un aristocratico galiziano meglio conosciuto come Pedro Madruga.\n\t\t\t\t\t\t\t\t\t<\/div>\n\t\t\t\t\t\t\t\t\t<img decoding=\"async\" src=\"https:\/\/cdn.pilgrim.es\/web\/caminos\/camino-portugues\/pueblos\/pontevedra\/puntos-de-interes\/convento-santo-domingo.jpg\" alt=\"Ruinas de San Domingos\">\n\t\t\t\t\t\t\t\t<\/div>\n\t\t\t\t\t\t\t<\/div>\n\t\t\t\t\t\t\n\t\t\t\t\t\t\t<div class=\"accordion__accordion-content inactive\">\n\t\t\t\t\t\t\t\t<div>\n\t\t\t\t\t\t\t\t\t<div>\n\t\t\t\t\t\t\t\t\t\t<h4>Plaza del Teucro<\/h4>\n\t\t\t\t\t\t\t\t\t\t<p>La Piazza Teucro, il nome deriva da una leggenda che narra che l&#8217;arciere Teucro, originario della Grecia, dopo la guerra di Troia si trasfer\u00ec in Occidente per fondare Pontevedra. <\/p>\n\n<p>Questa zona \u00e8 circondata da case patrizie risalenti ai secoli XVII e XVIII.\n\t\t\t\t\t\t\t\t\t<\/div>\n\t\t\t\t\t\t\t\t\t<img decoding=\"async\" src=\"https:\/\/cdn.pilgrim.es\/web\/caminos\/camino-portugues\/pueblos\/pontevedra\/puntos-de-interes\/plaza-teucro.jpg\" alt=\"Plaza del Teucro\">\n\t\t\t\t\t\t\t\t<\/div>\n\t\t\t\t\t\t\t<\/div>\n\t\t\t\t\t\t\n\t\t\t\t\t\t\t<div class=\"accordion__accordion-content inactive\">\n\t\t\t\t\t\t\t\t<div>\n\t\t\t\t\t\t\t\t\t<div>\n\t\t\t\t\t\t\t\t\t\t<h4>Plaza del Peirao<\/h4>\n\t\t\t\t\t\t\t\t\t\t<p>La Plaza del Peirao si trova nel luogo in cui sorgevano gli antichi peiraos (moli) della citt\u00e0. Di particolare rilievo in questo spazio \u00e8 la fontana rotonda costruita nel XVIII secolo, che culmina in una curiosa statua. <\/p>\n\n<p>Si possono vedere anche i resti della casa in cui visse Paio G\u00f3mez Chari\u00f1o e un&#8217;antica casa colonica che ospita la sede dell&#8217;Associazione professionale degli architetti tecnici.\n\t\t\t\t\t\t\t\t\t<\/div>\n\t\t\t\t\t\t\t\t\t<img decoding=\"async\" src=\"https:\/\/cdn.pilgrim.es\/web\/caminos\/camino-portugues\/pueblos\/pontevedra\/puntos-de-interes\/plaza-peirao.jpg\" alt=\"Plaza del Peirao\">\n\t\t\t\t\t\t\t\t<\/div>\n\t\t\t\t\t\t\t<\/div>\n\t\t\t\t\t\t\n\t\t\t\t\t\t\t<div class=\"accordion__accordion-content inactive\">\n\t\t\t\t\t\t\t\t<div>\n\t\t\t\t\t\t\t\t\t<div>\n\t\t\t\t\t\t\t\t\t\t<h4>Plaza de San Jos\u00e9<\/h4>\n\t\t\t\t\t\t\t\t\t\t<p>La Plaza de San Jos\u00e9 ospita un monumento in onore delle riunioni dei cinque nobili intellettuali legati a Pontevedra nel XX secolo. \u00c8 circondata da due dei pi\u00f9 importanti centri culturali della citt\u00e0: il Centro Socioculturale Abanca e il Caf\u00e9 Moderno. <\/p>\n\t\t\t\t\t\t\t\t\t<\/div>\n\t\t\t\t\t\t\t\t\t<img decoding=\"async\" src=\"https:\/\/cdn.pilgrim.es\/web\/caminos\/camino-portugues\/pueblos\/pontevedra\/puntos-de-interes\/plaza-san-jose.jpg\" alt=\"Plaza de San Jos\u00e9\">\n\t\t\t\t\t\t\t\t<\/div>\n\t\t\t\t\t\t\t<\/div>\n\t\t\t\t\t\t\n\t\t\t\t\t\t\t<div class=\"accordion__accordion-content inactive\">\n\t\t\t\t\t\t\t\t<div>\n\t\t\t\t\t\t\t\t\t<div>\n\t\t\t\t\t\t\t\t\t\t<h4>Plaza de M\u00e9ndez N\u00fa\u00f1ez<\/h4>\n\t\t\t\t\t\t\t\t\t\t<p>Tradizionalmente questa piazza era chiamata Plaza de las Gallinas, per via del mercato del pollame che vi si teneva di fronte al grande palazzo della famiglia Cruz y Montenegro. Questo palazzo del XV secolo fu la residenza principale del contrammiraglio Casto M\u00e9ndez N\u00fa\u00f1ez, che mor\u00ec nel 1869, poco dopo la fine della battaglia di El Callao (Per\u00f9).<\/p> <p>La piazza \u00e8 conosciuta anche come Plaza de las Gallinas.\n\n<p>Alla fine del XIX secolo, questo edificio fu utilizzato come centro di importanti incontri per pensatori e scrittori dell&#8217;epoca, come Valle Incl\u00e1n, in quanto ospitava la famosa Biblioteca Muruais.\n\n<p>Nella piazza \u00e8 stata eretta una statua in memoria del famoso autore delle Sonate.<\/p> <p>Oggi \u00e8 stata eretta una statua in memoria del famoso autore delle Sonate.\n\t\t\t\t\t\t\t\t\t<\/div>\n\t\t\t\t\t\t\t\t\t<img decoding=\"async\" src=\"https:\/\/cdn.pilgrim.es\/web\/caminos\/camino-portugues\/pueblos\/pontevedra\/puntos-de-interes\/plaza-mendez-nunez.jpg\" alt=\"Plaza de M\u00e9ndez N\u00fa\u00f1ez\">\n\t\t\t\t\t\t\t\t<\/div>\n\t\t\t\t\t\t\t<\/div>\n\t\t\t\t\t\t\n\t\t\t\t\t\t\t<div class=\"accordion__accordion-content inactive\">\n\t\t\t\t\t\t\t\t<div>\n\t\t\t\t\t\t\t\t\t<div>\n\t\t\t\t\t\t\t\t\t\t<h4>Plaza de las Cinco Calles<\/h4>\n\t\t\t\t\t\t\t\t\t\t<p>La Plaza de las cinco calles presenta due elementi molto importanti da evidenziare, la casa in cui visse l&#8217;illustre scrittore Valle Incl\u00e1n e il transetto della casa della fine del XVIII secolo, portato in questa piazza dopo la fine della Guerra Civile.\n\n<p>Oggi questa piazza \u00e8 diventata un autentico centro gastronomico e festivo, in quanto vi convergono alcune delle principali vie di svago e bar e ristoranti della citt\u00e0.\n\t\t\t\t\t\t\t\t\t<\/div>\n\t\t\t\t\t\t\t\t\t<img decoding=\"async\" src=\"https:\/\/cdn.pilgrim.es\/web\/caminos\/camino-portugues\/pueblos\/pontevedra\/puntos-de-interes\/plaza-cinco-calles.jpg\" alt=\"Plaza de las Cinco Calles\">\n\t\t\t\t\t\t\t\t<\/div>\n\t\t\t\t\t\t\t<\/div>\n\t\t\t\t\t\t\n\t\t\t\t\t\t\t<div class=\"accordion__accordion-content inactive\">\n\t\t\t\t\t\t\t\t<div>\n\t\t\t\t\t\t\t\t\t<div>\n\t\t\t\t\t\t\t\t\t\t<h4>Plaza de la Verdura<\/h4>\n\t\t\t\t\t\t\t\t\t\t<p>La Plaza de la Verdura deve il suo nome ai tradizionali mercati di verdure che si tenevano qui in passato e che si tengono ancora oggi. Tra tutti gli edifici che circondano questa piazza, spicca la fabbrica di luce costruita nel XIX secolo, che fece di Pontevedra una delle citt\u00e0 pioniere nel dotarsi di tale servizio. <\/p>\n\n<p> Vale la pena ricordare che in questa piazza si trova una fontana identica a quella della Plaza de Curros Enr\u00edquez.\n\t\t\t\t\t\t\t\t\t<\/div>\n\t\t\t\t\t\t\t\t\t<img decoding=\"async\" src=\"https:\/\/cdn.pilgrim.es\/web\/caminos\/camino-portugues\/pueblos\/pontevedra\/puntos-de-interes\/plaza-verdura.jpg\" alt=\"Plaza de la Verdura\">\n\t\t\t\t\t\t\t\t<\/div>\n\t\t\t\t\t\t\t<\/div>\n\t\t\t\t\t\t\n\t\t\t\t\t\t\t<div class=\"accordion__accordion-content inactive\">\n\t\t\t\t\t\t\t\t<div>\n\t\t\t\t\t\t\t\t\t<div>\n\t\t\t\t\t\t\t\t\t\t<h4>Plaza de la Peregrina<\/h4>\n\t\t\t\t\t\t\t\t\t\t<p>Questa piazza fu realizzata alla fine del XVIII secolo per la costruzione del santuario della Virgen de la Peregrina. La sua ubicazione non era casuale poich\u00e9, pur essendo fuori dalla protezione delle mura, si trovava al centro della strada romana, un percorso seguito anche dai pellegrini diretti a Santiago de Compostela. <\/p>\n\n<p>Oggi \u00e8 uno dei centri nevralgici della citt\u00e0, essendo stato ristrutturato a pi\u00f9 riprese nel corso degli anni, l&#8217;ultima delle quali negli anni Cinquanta. <\/p>\n\t\t\t\t\t\t\t\t\t<\/div>\n\t\t\t\t\t\t\t\t\t<img decoding=\"async\" src=\"https:\/\/cdn.pilgrim.es\/web\/caminos\/camino-portugues\/pueblos\/pontevedra\/puntos-de-interes\/plaza-peregrina.jpg\" alt=\"Plaza de la Peregrina\">\n\t\t\t\t\t\t\t\t<\/div>\n\t\t\t\t\t\t\t<\/div>\n\t\t\t\t\t\t\n\t\t\t\t\t\t\t<div class=\"accordion__accordion-content inactive\">\n\t\t\t\t\t\t\t\t<div>\n\t\t\t\t\t\t\t\t\t<div>\n\t\t\t\t\t\t\t\t\t\t<h4>Plaza de la Ferrer\u00eda<\/h4>\n\t\t\t\t\t\t\t\t\t\t<p>La Plaza de la Ferrer\u00eda \u00e8 una delle piazze pi\u00f9 popolari della citt\u00e0, il cui nome deriva dalle fucine che erano disposte nei suoi portici. L&#8217;elemento di spicco di questo spazio \u00e8 la fontana della Ferrer\u00eda, costruita nel XVI secolo e ristrutturata nel 1930. <\/p>\n\n<p>Un altro elemento degno di nota della piazza \u00e8 la casa in stile rinascimentale nota come Casa de las Caras o Casa de los Barbeitos per le varie sculture a forma di volto disposte lungo la facciata meridionale. <\/p>\n\n<p>Nella stessa zona si trovano anche la chiesa di San Francisco e l&#8217;Ufficio del Tesoro, un edificio costruito nel 1800 la cui porta d&#8217;ingresso corrisponde all&#8217;antica porta di Santo Domingo, che apparteneva alle vecchie mura medievali.\n\t\t\t\t\t\t\t\t\t<\/div>\n\t\t\t\t\t\t\t\t\t<img decoding=\"async\" src=\"https:\/\/cdn.pilgrim.es\/web\/caminos\/camino-portugues\/pueblos\/pontevedra\/puntos-de-interes\/plaza-ferreria.jpg\" alt=\"Plaza de la Ferrer\u00eda\">\n\t\t\t\t\t\t\t\t<\/div>\n\t\t\t\t\t\t\t<\/div>\n\t\t\t\t\t\t\n\t\t\t\t\t\t\t<div class=\"accordion__accordion-content inactive\">\n\t\t\t\t\t\t\t\t<div>\n\t\t\t\t\t\t\t\t\t<div>\n\t\t\t\t\t\t\t\t\t\t<h4>Museo de Pontevedra<\/h4>\n\t\t\t\t\t\t\t\t\t\t<p>Il Museo di Pontevedra si sviluppa in sei edifici storici della citt\u00e0: gli edifici Castro Monteagudo e Garc\u00eda Fl\u00f3rez, l&#8217;edificio Sarmiento, l&#8217;edificio Fern\u00e1ndez L\u00f3pez, le Rovine di San Domingos e il nuovo edificio, noto come &#8220;Sesto edificio&#8221;. Inaugurato dal Consiglio Provinciale nel 1927. Grazie alla sua estensione e al suo valore, \u00e8 uno dei migliori musei della Spagna.\n\n<p>Tra i diversi edifici di cui si compone il museo, i pi\u00f9 importanti sono le case barocche di Castro Monteagudo e Garc\u00eda Fl\u00f3rez e l&#8217;edificio Sarmiento, dichiarato monumento storico-artistico nel 1962. Quest&#8217;ultimo si distingue per l&#8217;importanza e la diversit\u00e0 delle sue collezioni, in cui si possono ammirare pezzi e documenti dalla preistoria ai giorni nostri. <\/p>\n\t\t\t\t\t\t\t\t\t<\/div>\n\t\t\t\t\t\t\t\t\t<img decoding=\"async\" src=\"https:\/\/cdn.pilgrim.es\/web\/caminos\/camino-portugues\/pueblos\/pontevedra\/puntos-de-interes\/museo-pontevedra.jpg\" alt=\"Museo de Pontevedra\">\n\t\t\t\t\t\t\t\t<\/div>\n\t\t\t\t\t\t\t<\/div>\n\t\t\t\t\t\t\n\t\t\t\t\t\t\t<div class=\"accordion__accordion-content inactive\">\n\t\t\t\t\t\t\t\t<div>\n\t\t\t\t\t\t\t\t\t<div>\n\t\t\t\t\t\t\t\t\t\t<h4>Capilla del Nazareno<\/h4>\n\t\t\t\t\t\t\t\t\t\t<p>Costruita nel Medioevo, questa cappella situata in via Tetu\u00e1n nella citt\u00e0 di Pontevedra segue un chiaro stile barocco. Nel primo mese di marzo si svolge un curioso pellegrinaggio, in cui i fedeli si recano in questo tempio per chiedere al santo Nazareno le famose &#8220;Tre Grazie&#8221;, intercedendo per loro e concedendo ci\u00f2 che hanno chiesto. \u00c8 molto comune che si formino lunghe code, con i pi\u00f9 devoti che arrivano di buon mattino per prendere posto. <\/p>\n\t\t\t\t\t\t\t\t\t<\/div>\n\t\t\t\t\t\t\t\t\t<img decoding=\"async\" src=\"https:\/\/cdn.pilgrim.es\/web\/caminos\/camino-portugues\/pueblos\/pontevedra\/puntos-de-interes\/capilla-nazareno.jpg\" alt=\"Capilla del Nazareno\">\n\t\t\t\t\t\t\t\t<\/div>\n\t\t\t\t\t\t\t<\/div>\n\t\t\t\t\t\t\n\t\t\t\t\t\t\t<div class=\"accordion__accordion-content inactive\">\n\t\t\t\t\t\t\t\t<div>\n\t\t\t\t\t\t\t\t\t<div>\n\t\t\t\t\t\t\t\t\t\t<h4>Jardines de Castro Sampedro<\/h4>\n\t\t\t\t\t\t\t\t\t\t<p>I Giardini di Casto Sampedro sono un complesso naturale situato di fronte al Convento di San Francisco. Questo spazio ospita giardini di rose e camelie tra cui spicca una meravigliosa fontana del XVI secolo costruita da Domingos Fern\u00e1ndez e Joao L\u00f3pez. In seguito fu sostituita da una pi\u00f9 modesta a met\u00e0 del XIX secolo, ma nel 1930 la fontana torn\u00f2 nella piazza della Ferrer\u00eda dopo essere stata riparata dall&#8217;architetto Salgado.\n\t\t\t\t\t\t\t\t\t<\/div>\n\t\t\t\t\t\t\t\t\t<img decoding=\"async\" src=\"https:\/\/cdn.pilgrim.es\/web\/caminos\/camino-portugues\/pueblos\/pontevedra\/puntos-de-interes\/jardines-castro-sampedro.jpg\" alt=\"Jardines de Castro Sampedro\">\n\t\t\t\t\t\t\t\t<\/div>\n\t\t\t\t\t\t\t<\/div>\n\t\t\t\t\t\t\n\t\t\t\t\t\t\t<div class=\"accordion__accordion-content inactive\">\n\t\t\t\t\t\t\t\t<div>\n\t\t\t\t\t\t\t\t\t<div>\n\t\t\t\t\t\t\t\t\t\t<h4>Illa do Cobo<\/h4>\n\t\t\t\t\t\t\t\t\t\t<p>L&#8217;Illa do Cobo, nota anche come Isola delle Sculture, ospita un ambiente unico per patrimonio ambientale, agricolo e culturale. La creazione di quest&#8217;isola \u00e8 stata pionieristica in Spagna e si \u00e8 riusciti a trasformare un ambiente reale in uno spazio permanente che incorpora elementi molto moderni.\n\n<p>Un totale di dodici artisti sono stati invitati a dotare l&#8217;isola di diverse sculture artistiche, tra cui Giovanni Anselmo, Fernando Cas\u00e1s, Jos\u00e9 Pedro Croft, Dan Graham, Francisco Leiro, Richard Long, Robert Morris, Anne &amp; Patrick Poirier, Ulrich R\u00fcckriem ed Enrique Velasco. Ognuno di questi artisti ha incorporato un&#8217;opera legata al paesaggio, alla tradizione del luogo e all&#8217;essenza dell&#8217;uomo e del suo legame con la natura.\n\t\t\t\t\t\t\t\t\t<\/div>\n\t\t\t\t\t\t\t\t\t<img decoding=\"async\" src=\"https:\/\/cdn.pilgrim.es\/web\/caminos\/camino-portugues\/pueblos\/pontevedra\/puntos-de-interes\/illa-do-covo.jpg\" alt=\"Illa do Cobo\">\n\t\t\t\t\t\t\t\t<\/div>\n\t\t\t\t\t\t\t<\/div>\n\t\t\t\t\t\t\n\t\t\t\t\t\t\t<div class=\"accordion__accordion-content inactive\">\n\t\t\t\t\t\t\t\t<div>\n\t\t\t\t\t\t\t\t\t<div>\n\t\t\t\t\t\t\t\t\t\t<h4>Iglesia de San Bartolom\u00e9<\/h4>\n\t\t\t\t\t\t\t\t\t\t<p>La Chiesa di San Bartolom\u00e9 \u00e8 un tempio gesuita costruito in stile barocco tra il 1696 e il 1714. Al suo interno ospita un sorprendente gruppo di pale d&#8217;altare e sculture di artisti come Pedro de Mena, Gregorio Fern\u00e1ndez, Pedro de Campo e Bieito Silveira. <\/p>\n\n<p>Da segnalare l&#8217;immagine della Virgen de la O, patrona della citt\u00e0, e l&#8217;immagine della Maddalena.<\/p> <p>Custodisce anche l&#8217;immagine della Vergine della O, patrona della citt\u00e0.\n\n<p>Orario della messa<\/p>\n\n<p>Dal 1\u00b0 settembre al 30 aprile Feriali e 09:30 e 18:30 Vespri alle 18:30 Festivi alle 11:30, 12:30 e 20:30Dal 1\u00b0 maggio al 30 giugno Feriali alle 09:30 e 20:30:30 Vespri alle 20:30 Festivit\u00e0 alle 11:30, 12:30 e 20:30Dal 1\u00b0 luglio al 31 agosto Feriali alle 20:30 Vespri alle 20:30 Festivit\u00e0 alle 11:30, 12:30 e 20:30<\/p>\n\n<p>INFORMAZIONI DI INTERESSE<\/p>\n\n<p>Telefono: 986 851 375<\/p>\n\t\t\t\t\t\t\t\t\t<\/div>\n\t\t\t\t\t\t\t\t\t<img decoding=\"async\" src=\"https:\/\/cdn.pilgrim.es\/web\/caminos\/camino-portugues\/pueblos\/pontevedra\/puntos-de-interes\/iglesia-san-bartolome.jpg\" alt=\"Iglesia de San Bartolom\u00e9\">\n\t\t\t\t\t\t\t\t<\/div>\n\t\t\t\t\t\t\t<\/div>\n\t\t\t\t\t\t\n\t\t\t\t\t\t\t<div class=\"accordion__accordion-content inactive\">\n\t\t\t\t\t\t\t\t<div>\n\t\t\t\t\t\t\t\t\t<div>\n\t\t\t\t\t\t\t\t\t\t<h4>Iglesia de San Francisco<\/h4>\n\t\t\t\t\t\t\t\t\t\t<p>La Chiesa di San Francesco, appartenente all&#8217;ordine francescano, fu costruita nel XIV secolo e dichiarata Monumento Storico-Artistico nel 1896. All&#8217;interno della chiesa sono degni di nota la figura ottocentesca del Nazareno, i dipinti murali e la tomba di Paio G\u00f3mez Chari\u00f1o, illustre poeta che compose e recit\u00f2 poesie e che fu anche ammiraglio. <\/p>\n\n<p>Orario della messa<\/p>\n\n<p>Dal 28 settembre al 23 giugno Feriali alle 08:00, 09:00, 12:00 e 19:30 Vespri alle 19:30 e alle 20:30 Festivi alle 09:00, 11:00, 12:00, 13:00 e 19:00:30Dal 24 giugno al 27 settembre Feriali alle 08:00, 09:00, 09:00, 12:00 e 19:30 Vespri alle 19:30 Festivi alle 09:00, 11:00, 12:00, 13:00 e 19:30<\/p>\n\n<p>INFORMAZIONI DI INTERESSE<\/p>\n\n<p>E-mail: pontevedra@ofmsantiago.comTel\u00e9fono: 986 851 113<\/p>\n\t\t\t\t\t\t\t\t\t<\/div>\n\t\t\t\t\t\t\t\t\t<img decoding=\"async\" src=\"https:\/\/cdn.pilgrim.es\/web\/caminos\/camino-portugues\/pueblos\/pontevedra\/puntos-de-interes\/iglesia-san-francisco.jpg\" alt=\"Iglesia de San Francisco\">\n\t\t\t\t\t\t\t\t<\/div>\n\t\t\t\t\t\t\t<\/div>\n\t\t\t\t\t\t\n\t\t\t\t\t\t\t<div class=\"accordion__accordion-content inactive\">\n\t\t\t\t\t\t\t\t<div>\n\t\t\t\t\t\t\t\t\t<div>\n\t\t\t\t\t\t\t\t\t\t<h4>Convento de Santa Clara<\/h4>\n\t\t\t\t\t\t\t\t\t\t<p>Il Convento di Santa Clara conserva attualmente solo la chiesa che faceva parte del complesso conventuale. Questo tempio fu costruito nella seconda met\u00e0 del XIV secolo in stile gotico, anche se all&#8217;interno possiamo vedere un grandioso insieme di pale d&#8217;altare barocche che furono incluse nelle successive riforme a cui la chiesa fu sottoposta. <\/p>\n\n<p>Orario delle Messe<\/p>\n\n<p>Dal 1\u00b0 settembre al 30 giugno Feriali ore 19:30 Vespri ore 19:00 Festivi ore 09:00 e 10:30<\/p> <p>Messe ore 19:00 e 10:30<\/p> <p>Dal 1\u00b0 settembre al 30 giugno Feriali ore 19:30 Vespri ore 19:00\n\t\t\t\t\t\t\t\t\t<\/div>\n\t\t\t\t\t\t\t\t\t<img decoding=\"async\" src=\"https:\/\/cdn.pilgrim.es\/web\/caminos\/camino-portugues\/pueblos\/pontevedra\/puntos-de-interes\/convento-santa-clara.jpg\" alt=\"Convento de Santa Clara\">\n\t\t\t\t\t\t\t\t<\/div>\n\t\t\t\t\t\t\t<\/div>\n\t\t\t\t\t\t\n\t\t\t\t\t\t\t<div class=\"accordion__accordion-content inactive\">\n\t\t\t\t\t\t\t\t<div>\n\t\t\t\t\t\t\t\t\t<div>\n\t\t\t\t\t\t\t\t\t\t<h4>Casa del Bar\u00f3n de Casa Goda<\/h4>\n\t\t\t\t\t\t\t\t\t\t<p>La Casa del Bar\u00f3n de Casa Goda \u00e8 un pazo in stile rinascimentale con un&#8217;ampia facciata neoclassica, costruito nel XVI secolo. Situato nel cuore della citt\u00e0, era l&#8217;antica dimora dei conti di Maceda e attualmente ospita il Parador de Turismo della citt\u00e0 di Pontevedra.\n\n<p>INFORMAZIONI DI INTERESSE<\/p>\n\n<p>Telefono: 986 855 800<\/p> <p>Telefono: 986 855 800<\/p>\n\t\t\t\t\t\t\t\t\t<\/div>\n\t\t\t\t\t\t\t\t\t<img decoding=\"async\" src=\"https:\/\/cdn.pilgrim.es\/web\/caminos\/camino-portugues\/pueblos\/pontevedra\/puntos-de-interes\/casa-baron-casa-goda.jpg\" alt=\"Casa del Bar\u00f3n de Casa Goda\">\n\t\t\t\t\t\t\t\t<\/div>\n\t\t\t\t\t\t\t<\/div>\n\t\t\t\t\t\t\n\t\t\t\t\t\t\t<div class=\"accordion__accordion-content inactive\">\n\t\t\t\t\t\t\t\t<div>\n\t\t\t\t\t\t\t\t\t<div>\n\t\t\t\t\t\t\t\t\t\t<h4>Bas\u00edlica de Santa Mar\u00eda la Mayor<\/h4>\n\t\t\t\t\t\t\t\t\t\t<p>La Basilica di Santa Mar\u00eda la Mayor combina stili tardo gotici e rinascimentali ed \u00e8 stata dichiarata monumento storico-artistico nel 1931. La facciata principale del tempio, risalente al XVI secolo, \u00e8 degna di nota per essere una delle opere in stile plateresco pi\u00f9 importanti della Galizia, con una curiosa immagine di San Xerome con gli occhiali. <\/p>\n\n<\/p> <p>All&#8217;interno si segnalano l&#8217;immagine del Cristo del Desenclavo, del XVI secolo, il Cristo de los Marineros, del XVIII secolo, e le meravigliose volte a crociera.<\/p> <p>La facciata principale della chiesa, del XVI secolo, rappresenta una delle opere pi\u00f9 importanti dello stile plateresco in Galizia.\n\t\t\t\t\t\t\t\t\t<\/div>\n\t\t\t\t\t\t\t\t\t<img decoding=\"async\" src=\"https:\/\/cdn.pilgrim.es\/web\/caminos\/camino-portugues\/pueblos\/pontevedra\/puntos-de-interes\/basilica-santa-maria-la-mayor.jpg\" alt=\"Bas\u00edlica de Santa Mar\u00eda la Mayor\">\n\t\t\t\t\t\t\t\t<\/div>\n\t\t\t\t\t\t\t<\/div>\n\t\t\t\t\t\t\n\t\t\t\t\t\t\t<div class=\"accordion__accordion-content inactive\">\n\t\t\t\t\t\t\t\t<div>\n\t\t\t\t\t\t\t\t\t<div>\n\t\t\t\t\t\t\t\t\t\t<h4>Alameda Palmeras Vicenti<\/h4>\n\t\t\t\t\t\t\t\t\t\t<p>Nel centro storico della citt\u00e0 di Pontevedra, troviamo uno spazio prezioso composto da tre aree perfettamente differenziate: l&#8217;Alameda, il Giardino Eduardo Vicenti e il Paseo de las Palmeiras. <\/p>\n\n<p>Dalla demolizione della cinta muraria e dalla forte espansione urbana verso l&#8217;esterno, questa zona \u00e8 stata considerata il centro urbano della citt\u00e0. In questo periodo furono costruiti anche il Municipio, l&#8217;Istituto, il Consiglio Provinciale e l&#8217;attuale sede del Dipartimento dell&#8217;Educazione. Alle spalle di questi edifici si trovano i giardini Vicenti e il Paseo de las Palmeras, un&#8217;interessante passeggiata per osservare alcune specie esotiche.\n\t\t\t\t\t\t\t\t\t<\/div>\n\t\t\t\t\t\t\t\t\t<img decoding=\"async\" src=\"https:\/\/cdn.pilgrim.es\/web\/caminos\/camino-portugues\/pueblos\/pontevedra\/puntos-de-interes\/alameda-vicenti.jpg\" alt=\"Alameda Palmeras Vicenti\">\n\t\t\t\t\t\t\t\t<\/div>\n\t\t\t\t\t\t\t<\/div>\n\t\t\t\t\t\t\n\t\t\t\t\t\t\t<div class=\"accordion__accordion-content inactive\">\n\t\t\t\t\t\t\t\t<div>\n\t\t\t\t\t\t\t\t\t<div>\n\t\t\t\t\t\t\t\t\t\t<h4>Plaza da Pedreira y Pazo de Mugartegui<\/h4>\n\t\t\t\t\t\t\t\t\t\t<p>Prima conosciuta come Plaza de la Hierba (Piazza dell&#8217;Erba), il suo nome deriva dalla lavorazione della pietra effettuata dagli scalpellini della citt\u00e0. In questa piazza si trova il Pazo de Mugartegui, risalente ai secoli XVII e XVIII. L&#8217;edificio, in stile barocco galiziano, \u00e8 stato restaurato per ospitare la sede del Consiglio Regolatore della Denominazione di Origine del Vino delle R\u00edas Baixas.\n\t\t\t\t\t\t\t\t\t<\/div>\n\t\t\t\t\t\t\t\t\t<img decoding=\"async\" src=\"https:\/\/cdn.pilgrim.es\/web\/caminos\/camino-portugues\/pueblos\/pontevedra\/puntos-de-interes\/plaza-pedreira-pazo-mugartegui.jpg\" alt=\"Plaza da Pedreira y Pazo de Mugartegui\">\n\t\t\t\t\t\t\t\t<\/div>\n\t\t\t\t\t\t\t<\/div>\n\t\t\t\t\t\t\n\t\t\t\t\t\t\t<div class=\"accordion__accordion-content inactive\">\n\t\t\t\t\t\t\t\t<div>\n\t\t\t\t\t\t\t\t\t<div>\n\t\t\t\t\t\t\t\t\t\t<h4>Plaza de Curros Enr\u00edquez<\/h4>\n\t\t\t\t\t\t\t\t\t\t<p>La Plaza de Curros Enr\u00edquez, intitolata al famoso scrittore orense, ospita il monumento ad Alexandre B\u00f3veda, fondatore insieme a Castelao del Partido Galeguista di Pontevedra. Da segnalare anche la magnifica fontana di ferro, costruita nel XIX secolo e recentemente ristrutturata. <\/p>\n\t\t\t\t\t\t\t\t\t<\/div>\n\t\t\t\t\t\t\t\t\t<img decoding=\"async\" src=\"https:\/\/cdn.pilgrim.es\/web\/caminos\/camino-portugues\/pueblos\/pontevedra\/puntos-de-interes\/plaza-curros-enriquez.jpg\" alt=\"Plaza de Curros Enr\u00edquez\">\n\t\t\t\t\t\t\t\t<\/div>\n\t\t\t\t\t\t\t<\/div>\n\t\t\t\t\t\t\n\t\t\t\t\t<\/div>\n\t\t\t\t<\/div>\n\t\t\t<\/div>\n\t\t\n\n\t\t<div id=\"phonesSection\">\n\t\t\t<div>\n\t\t\t\t<h2 class=\"p-h3-town\">Informazioni di interesse<\/h2>\n\t\t\t<\/div>\n\t\t\t<div class=\"grid\">\n\t\t\t\t\n\t\t\t\t\t<div class=\"phone-number-item\">\n\t\t\t\t\t\t<div class=\"phone-number-item__icon\"><i class=\"icon-police\"><\/i><\/div>\n\t\t\t\t\t\t<div class=\"phone-number-item__title\">\n\t\t\t\t\t\t\t<h3 class=\"p-font-bold\">Polizia locale<\/h3>\n\t\t\t\t\t\t\t<p>986 851 972<\/p>\n\t\t\t\t\t\t\t\n\t\t\t\t\t\t<\/div>\n\t\t\t\t\t<\/div>\n\t\t\t\t\n\t\t\t\t\t<div class=\"phone-number-item\">\n\t\t\t\t\t\t<div class=\"phone-number-item__icon\"><i class=\"icon-spanish-military-police\"><\/i><\/div>\n\t\t\t\t\t\t<div class=\"phone-number-item__title\">\n\t\t\t\t\t\t\t<h3 class=\"p-font-bold\">Guardia civile<\/h3>\n\t\t\t\t\t\t\t<p>986 167 800<\/p>\n\t\t\t\t\t\t\t\n\t\t\t\t\t\t<\/div>\n\t\t\t\t\t<\/div>\n\t\t\t\t\n\t\t\t\t\t<div class=\"phone-number-item\">\n\t\t\t\t\t\t<div class=\"phone-number-item__icon\"><i class=\"icon-firefighters\"><\/i><\/div>\n\t\t\t\t\t\t<div class=\"phone-number-item__title\">\n\t\t\t\t\t\t\t<h3 class=\"p-font-bold\">Vigili del fuoco<\/h3>\n\t\t\t\t\t\t\t<p>986 833 329<\/p>\n\t\t\t\t\t\t\t\n\t\t\t\t\t\t<\/div>\n\t\t\t\t\t<\/div>\n\t\t\t\t\n\t\t\t\t\t<div class=\"phone-number-item\">\n\t\t\t\t\t\t<div class=\"phone-number-item__icon\"><i class=\"icon-civil-protection\"><\/i><\/div>\n\t\t\t\t\t\t<div class=\"phone-number-item__title\">\n\t\t\t\t\t\t\t<h3 class=\"p-font-bold\">Protezione civile<\/h3>\n\t\t\t\t\t\t\t<p>986 863 036<\/p>\n\t\t\t\t\t\t\t\n\t\t\t\t\t\t<\/div>\n\t\t\t\t\t<\/div>\n\t\t\t\t\n\t\t\t\t\t<div class=\"phone-number-item\">\n\t\t\t\t\t\t<div class=\"phone-number-item__icon\"><i class=\"icon-town-council\"><\/i><\/div>\n\t\t\t\t\t\t<div class=\"phone-number-item__title\">\n\t\t\t\t\t\t\t<h3 class=\"p-font-bold\">Municipio<\/h3>\n\t\t\t\t\t\t\t<p>986 864 825<\/p>\n\t\t\t\t\t\t\t\n\t\t\t\t\t\t<\/div>\n\t\t\t\t\t<\/div>\n\t\t\t\t\n\t\t\t\t\t<div class=\"phone-number-item\">\n\t\t\t\t\t\t<div class=\"phone-number-item__icon\"><i class=\"icon-hospital\"><\/i><\/div>\n\t\t\t\t\t\t<div class=\"phone-number-item__title\">\n\t\t\t\t\t\t\t<h3 class=\"p-font-bold\">Centro sanitario<\/h3>\n\t\t\t\t\t\t\t<p>986 868 824<\/p>\n\t\t\t\t\t\t\t\n\t\t\t\t\t\t<\/div>\n\t\t\t\t\t<\/div>\n\t\t\t\t\n\t\t\t\t\t<div class=\"phone-number-item\">\n\t\t\t\t\t\t<div class=\"phone-number-item__icon\"><i class=\"icon-tourism\"><\/i><\/div>\n\t\t\t\t\t\t<div class=\"phone-number-item__title\">\n\t\t\t\t\t\t\t<h3 class=\"p-font-bold\">Ufficio turistico<\/h3>\n\t\t\t\t\t\t\t<p>986 09 08 90<\/p>\n\t\t\t\t\t\t\t\n\t\t\t\t\t\t\t\t<p>Plaza Verdura, 0<\/p>\n\t\t\t\t\t\t\t\n\t\t\t\t\t\t<\/div>\n\t\t\t\t\t<\/div>\n\t\t\t\t\n\t\t\t<\/div>\n\t\t<\/div>\n\n\t\t<div id=\"clientForm\">\n        <section>\n        <img decoding=\"async\" src=\"https:\/\/cdn.pilgrim.es\/web\/home\/email-contacto.png\" alt=\"contacto\">\n        <div>\n            <p>Ti inviamo la tua pianificazione<\/p>\n            <p>Forniscici i tuoi dati e ricevi la pianificazione del tuo viaggio via email <\/p>\n            <form method=\"post\" data-url=\"\/wp-admin\/admin-ajax.php\" id=\"planner--client\" class=\"flag-right form-client\">\n    <div class=\"form-data\">\n        <input name=\"form_id\" type=\"hidden\" value=\"Formulario Leads\">\n        <input name=\"type\" type=\"hidden\" value=\"planner_client\">\n        <input type=\"text\" name=\"nombre\" value=\"\" size=\"40\" class=\"form-control\" aria-required=\"true\" aria-invalid=\"false\" placeholder=\"Nome\">\n        <input type=\"email\" name=\"email\" value=\"\" size=\"40\" class=\"form-control\" aria-required=\"true\" aria-invalid=\"false\" placeholder=\"Mail\">\n        <input type=\"text\" id=\"phone-input\" name=\"tel\" value=\"\" size=\"40\" class=\"phone-input form-control\" aria-required=\"true\" aria-invalid=\"false\" placeholder=\"Telefono\">\n        <input type=\"hidden\" name=\"telefono\">\n    <\/div>\n    <div class=\"form-checkbox\">\n        <span>\n            Pilgrim Travel. S.L. informa, come previsto dal Regolamento 2016\/679, che i dati utilizzati in questo modulo verranno utilizzati sia per la risposta delle eventuali consultazioni sia per la pub-blicazione dei commenti, essendo il consenso dell'utente la base di legittimazione. Potranno esse-re esercitati i diritti in conformit\u00e0 con quanto stabilito dalla nostra             <a href=\"https:\/\/www.pilgrim.es\/it\/informativa-sulla-privacy\/\" target=\"_blank\" rel=\"noopener noreferrer nofollow\">Politica di privacy.<\/a>\n        <\/span>\n    <\/div>\n\n    <div class=\"form-submit\">\n        <button id=\"planner--client-create\" type=\"submit\">Formulario di contatto<\/button>\n        <div class=\"loadingDiv\"><i class=\"p-spinner\"><\/i><\/div>\n    <\/div>\n\n    <div class=\"contact-content-form-success\">\n        <p><i class=\"fas fa-check\"><\/i> Il modulo \u00e8 stato inviato correttamente<\/p>\n    <\/div>\n\n    <div class=\"contact-content-form-error\">\n        <span class=\"input-error\"><\/span>\n    <\/div>\n<\/form>        <\/div>\n    <\/section>\n<\/div>\n\n\t\t<div id=\"recomendationSection\">\n\t\t\t<div>\n\t\t\t\t<h2 class=\"p-h2-town\">Consigliato<\/h2>\n\t\t\t\t<hr>\n\t\t\t\t<h3 class=\"p-h3-town\">Gastronomia<\/h3>\n\t\t\t<\/div>\n\t\t\tPontevedra offre un&#8217;offerta gastronomica molto varia, in particolare cozze, ostriche, vongole, scampi e capesante, tutti provenienti dall&#8217;estuario stesso.\n\nPer quanto riguarda i dolci, il dessert tipico \u00e8 una pasta sfoglia ripiena di mandorle, uova e tuorlo d&#8217;uovo. Troverete molti locali che li vendono.\n\nNon dobbiamo dimenticare che siamo nella terra delle R\u00edas Baixas, per cui \u00e8 possibile degustare il vino con la denominazione di origine R\u00edas Baixas, l&#8217;accompagnamento perfetto per un ottimo pasto.\n\t\t<\/div>\n\n\n\t\t\n\t\t\t<div id=\"holidaysSection\">\n\t\t\t\t<div>\n\t\t\t\t\t<h2 class=\"p-h2-town\">Consigliato<\/h2>\n\t\t\t\t\t<hr>\n\t\t\t\t\t<h3 class=\"p-h3-town\">Festival e pellegrinaggi<\/h3>\n\t\t\t\t<\/div>\n\t\t\t\t<div class=\"grid holidays-grid\">\n\t\t\t\t\t\n\t\t\t\t\t\t<div>\n\t\t\t\t\t\t\t<div class=\"phone-number-item\">\n\t\t\t\t\t\t\t\t<div class=\"phone-number-item__icon\"><i class=\"icon-holiday\"><\/i><\/div>\n\t\t\t\t\t\t\t\t<div class=\"phone-number-item__title dark-text\">\n\t\t\t\t\t\t\t\t\t<p class=\"p-font-bold\">Vacanza locale<\/p>\n\t\t\t\t\t\t\t\t\t<p>Septiembre: Feria Franca<\/p>\n\t\t\t\t\t\t\t\t<\/div>\n\t\t\t\t\t\t\t<\/div>\n\t\t\t\t\t\t<\/div>\n\t\t\t\t\t\n\t\t\t\t\t\t<div>\n\t\t\t\t\t\t\t<div class=\"phone-number-item\">\n\t\t\t\t\t\t\t\t<div class=\"phone-number-item__icon\"><i class=\"icon-holiday\"><\/i><\/div>\n\t\t\t\t\t\t\t\t<div class=\"phone-number-item__title dark-text\">\n\t\t\t\t\t\t\t\t\t<p class=\"p-font-bold\">Vacanza locale<\/p>\n\t\t\t\t\t\t\t\t\t<p>Segunda semana de Agosto: Fiesta de la Peregrina<\/p>\n\t\t\t\t\t\t\t\t<\/div>\n\t\t\t\t\t\t\t<\/div>\n\t\t\t\t\t\t<\/div>\n\t\t\t\t\t\n\t\t\t\t\t\t<div>\n\t\t\t\t\t\t\t<div class=\"phone-number-item\">\n\t\t\t\t\t\t\t\t<div class=\"phone-number-item__icon\"><i class=\"icon-holiday\"><\/i><\/div>\n\t\t\t\t\t\t\t\t<div class=\"phone-number-item__title dark-text\">\n\t\t\t\t\t\t\t\t\t<p class=\"p-font-bold\">Vacanza locale<\/p>\n\t\t\t\t\t\t\t\t\t<p>24 de junio: Noche de san Juan<\/p>\n\t\t\t\t\t\t\t\t<\/div>\n\t\t\t\t\t\t\t<\/div>\n\t\t\t\t\t\t<\/div>\n\t\t\t\t\t\n\t\t\t\t<\/div>\n\t\t\t<\/div>\n\t\t\n\t<\/div>\n<\/section>\n\n<div id=\"stage_list_section\"><div class=\"stage-list\">\n    <div class='stage-list__map-card'>\n        <div class='stage-list__map-card__map'>\n            <div class='stage-list__map-card__map__text'>\n                <h2> Pages <\/h2>\n                <p> A piedi<\/p>\n                <p> 0tappe<\/p>\n            <\/div>\n            <div class='stage-list__map-card__map__img'>\n                <img decoding=\"async\" src=\"\" alt=\" mapa \" \/>\n            <\/div>\n        <\/div>\n    <\/div>\n\n    <\/div>\n<\/div> ","protected":false},"excerpt":{"rendered":"<p>Pontevedra &#8249; Ritorno al palcoscenico Pontevedra Abitanti: 82.946 aprox. Provincia: Pontevedra Informazioni Get to know Pontevedra Pontevedra vanta la seconda area urbana pi\u00f9 importante della Galizia, superata solo dalla zona monumentale di Santiago. Per questo motivo la stragrande maggioranza dei pellegrini fa tappa in questa piccola citt\u00e0 per esplorarne gli angoli e le strade acciottolate, &hellip; <\/p>\n<p class=\"read_more\"><a href=\"https:\/\/www.pilgrim.es\/it\/cammino-portoghese\/pontevedra\/\">Leer m\u00e1s<\/a><\/p>\n","protected":false},"author":0,"featured_media":7650,"parent":10770,"menu_order":0,"comment_status":"closed","ping_status":"closed","template":"views\/template-new-web-design.blade.php","meta":{"footnotes":""},"categories":[],"tags":[],"class_list":["post-91229","page","type-page","status-publish","has-post-thumbnail","hentry"],"yoast_head":"<!-- This site is optimized with the Yoast SEO plugin v27.4 - https:\/\/yoast.com\/product\/yoast-seo-wordpress\/ -->\n<title>Pontevedra: Cosa vedere e dove dormire | Cammino di Santiago | Pilgrim<\/title>\n<meta name=\"description\" content=\"Pontevedra Scopri tutte le informazioni su dove alloggiare, come arrivare, cosa mangiare e sui principali punti di interesse delle localit\u00e0 lungo il Cammino Portoghese.\" \/>\n<meta name=\"robots\" content=\"index, follow, max-snippet:-1, max-image-preview:large, max-video-preview:-1\" \/>\n<link rel=\"canonical\" href=\"https:\/\/www.pilgrim.es\/it\/cammino-portoghese\/pontevedra\/\" \/>\n<meta property=\"og:locale\" content=\"it_IT\" \/>\n<meta property=\"og:type\" content=\"article\" \/>\n<meta property=\"og:title\" content=\"Pontevedra: Cosa vedere e dove dormire | Cammino di Santiago | Pilgrim\" \/>\n<meta property=\"og:description\" content=\"Pontevedra Scopri tutte le informazioni su dove alloggiare, come arrivare, cosa mangiare e sui principali punti di interesse delle localit\u00e0 lungo il Cammino Portoghese.\" \/>\n<meta property=\"og:url\" content=\"https:\/\/www.pilgrim.es\/it\/cammino-portoghese\/pontevedra\/\" \/>\n<meta property=\"og:site_name\" content=\"Pilgrim\" \/>\n<meta property=\"article:publisher\" content=\"https:\/\/www.facebook.com\/pilgrim.es\/\" \/>\n<meta property=\"og:image\" content=\"https:\/\/www.pilgrim.es\/wp-content\/uploads\/2019\/02\/pontevedra1-520x370.jpg\" \/>\n\t<meta property=\"og:image:width\" content=\"520\" \/>\n\t<meta property=\"og:image:height\" content=\"370\" \/>\n\t<meta property=\"og:image:type\" content=\"image\/jpeg\" \/>\n<meta name=\"twitter:card\" content=\"summary_large_image\" \/>\n<meta name=\"twitter:site\" content=\"@pilgrim_es\" \/>\n<meta name=\"twitter:label1\" content=\"Tempo di lettura stimato\" \/>\n\t<meta name=\"twitter:data1\" content=\"14 minuti\" \/>\n<script type=\"application\/ld+json\" class=\"yoast-schema-graph\">{\"@context\":\"https:\\\/\\\/schema.org\",\"@graph\":[{\"@type\":\"WebPage\",\"@id\":\"https:\\\/\\\/www.pilgrim.es\\\/it\\\/cammino-portoghese\\\/pontevedra\\\/\",\"url\":\"https:\\\/\\\/www.pilgrim.es\\\/it\\\/cammino-portoghese\\\/pontevedra\\\/\",\"name\":\"Pontevedra: Cosa vedere e dove dormire | Cammino di Santiago | Pilgrim\",\"isPartOf\":{\"@id\":\"https:\\\/\\\/www.pilgrim.es\\\/it\\\/#website\"},\"primaryImageOfPage\":{\"@id\":\"https:\\\/\\\/www.pilgrim.es\\\/it\\\/cammino-portoghese\\\/pontevedra\\\/#primaryimage\"},\"image\":{\"@id\":\"https:\\\/\\\/www.pilgrim.es\\\/it\\\/cammino-portoghese\\\/pontevedra\\\/#primaryimage\"},\"thumbnailUrl\":\"https:\\\/\\\/www.pilgrim.es\\\/wp-content\\\/uploads\\\/2019\\\/02\\\/pontevedra1-520x370.jpg\",\"datePublished\":\"2025-03-17T14:08:41+00:00\",\"description\":\"Pontevedra Scopri tutte le informazioni su dove alloggiare, come arrivare, cosa mangiare e sui principali punti di interesse delle localit\u00e0 lungo il Cammino Portoghese.\",\"breadcrumb\":{\"@id\":\"https:\\\/\\\/www.pilgrim.es\\\/it\\\/cammino-portoghese\\\/pontevedra\\\/#breadcrumb\"},\"inLanguage\":\"it-IT\",\"potentialAction\":[{\"@type\":\"ReadAction\",\"target\":[\"https:\\\/\\\/www.pilgrim.es\\\/it\\\/cammino-portoghese\\\/pontevedra\\\/\"]}]},{\"@type\":\"ImageObject\",\"inLanguage\":\"it-IT\",\"@id\":\"https:\\\/\\\/www.pilgrim.es\\\/it\\\/cammino-portoghese\\\/pontevedra\\\/#primaryimage\",\"url\":\"https:\\\/\\\/www.pilgrim.es\\\/wp-content\\\/uploads\\\/2019\\\/02\\\/pontevedra1-520x370.jpg\",\"contentUrl\":\"https:\\\/\\\/www.pilgrim.es\\\/wp-content\\\/uploads\\\/2019\\\/02\\\/pontevedra1-520x370.jpg\",\"width\":520,\"height\":370,\"caption\":\"Pontevedra\"},{\"@type\":\"BreadcrumbList\",\"@id\":\"https:\\\/\\\/www.pilgrim.es\\\/it\\\/cammino-portoghese\\\/pontevedra\\\/#breadcrumb\",\"itemListElement\":[{\"@type\":\"ListItem\",\"position\":1,\"name\":\"Camino de Santiago\",\"item\":\"https:\\\/\\\/www.pilgrim.es\\\/it\\\/\"},{\"@type\":\"ListItem\",\"position\":2,\"name\":\"Cammino Portoghese\",\"item\":\"https:\\\/\\\/www.pilgrim.es\\\/it\\\/cammino-portoghese\\\/\"},{\"@type\":\"ListItem\",\"position\":3,\"name\":\"Pontevedra\"}]},{\"@type\":\"WebSite\",\"@id\":\"https:\\\/\\\/www.pilgrim.es\\\/it\\\/#website\",\"url\":\"https:\\\/\\\/www.pilgrim.es\\\/it\\\/\",\"name\":\"Pilgrim\",\"description\":\"Camino de Santiago | Caminamos Contigo\",\"publisher\":{\"@id\":\"https:\\\/\\\/www.pilgrim.es\\\/it\\\/#organization\"},\"potentialAction\":[{\"@type\":\"SearchAction\",\"target\":{\"@type\":\"EntryPoint\",\"urlTemplate\":\"https:\\\/\\\/www.pilgrim.es\\\/it\\\/?s={search_term_string}\"},\"query-input\":{\"@type\":\"PropertyValueSpecification\",\"valueRequired\":true,\"valueName\":\"search_term_string\"}}],\"inLanguage\":\"it-IT\"},{\"@type\":\"Organization\",\"@id\":\"https:\\\/\\\/www.pilgrim.es\\\/it\\\/#organization\",\"name\":\"Pilgrim Camino de Santiago\",\"url\":\"https:\\\/\\\/www.pilgrim.es\\\/it\\\/\",\"logo\":{\"@type\":\"ImageObject\",\"inLanguage\":\"it-IT\",\"@id\":\"https:\\\/\\\/www.pilgrim.es\\\/it\\\/#\\\/schema\\\/logo\\\/image\\\/\",\"url\":\"https:\\\/\\\/www.pilgrim.es\\\/wp-content\\\/uploads\\\/2019\\\/04\\\/logo_pilgrim.png\",\"contentUrl\":\"https:\\\/\\\/www.pilgrim.es\\\/wp-content\\\/uploads\\\/2019\\\/04\\\/logo_pilgrim.png\",\"width\":512,\"height\":512,\"caption\":\"Pilgrim Camino de Santiago\"},\"image\":{\"@id\":\"https:\\\/\\\/www.pilgrim.es\\\/it\\\/#\\\/schema\\\/logo\\\/image\\\/\"},\"sameAs\":[\"https:\\\/\\\/www.facebook.com\\\/pilgrim.es\\\/\",\"https:\\\/\\\/x.com\\\/pilgrim_es\",\"https:\\\/\\\/www.instagram.com\\\/pilgrim.es\\\/\",\"https:\\\/\\\/www.linkedin.com\\\/company\\\/pilgrim-camino-de-santiago\\\/\",\"https:\\\/\\\/www.pinterest.es\\\/pilgrimcaminodesantiago\\\/\",\"https:\\\/\\\/www.youtube.com\\\/channel\\\/UCIv2ZzFLXVqthkNF32rKedw\\\/featured\"]}]}<\/script>\n<!-- \/ Yoast SEO plugin. -->","yoast_head_json":{"title":"Pontevedra: Cosa vedere e dove dormire | Cammino di Santiago | Pilgrim","description":"Pontevedra Scopri tutte le informazioni su dove alloggiare, come arrivare, cosa mangiare e sui principali punti di interesse delle localit\u00e0 lungo il Cammino Portoghese.","robots":{"index":"index","follow":"follow","max-snippet":"max-snippet:-1","max-image-preview":"max-image-preview:large","max-video-preview":"max-video-preview:-1"},"canonical":"https:\/\/www.pilgrim.es\/it\/cammino-portoghese\/pontevedra\/","og_locale":"it_IT","og_type":"article","og_title":"Pontevedra: Cosa vedere e dove dormire | Cammino di Santiago | Pilgrim","og_description":"Pontevedra Scopri tutte le informazioni su dove alloggiare, come arrivare, cosa mangiare e sui principali punti di interesse delle localit\u00e0 lungo il Cammino Portoghese.","og_url":"https:\/\/www.pilgrim.es\/it\/cammino-portoghese\/pontevedra\/","og_site_name":"Pilgrim","article_publisher":"https:\/\/www.facebook.com\/pilgrim.es\/","og_image":[{"width":520,"height":370,"url":"https:\/\/www.pilgrim.es\/wp-content\/uploads\/2019\/02\/pontevedra1-520x370.jpg","type":"image\/jpeg"}],"twitter_card":"summary_large_image","twitter_site":"@pilgrim_es","twitter_misc":{"Tempo di lettura stimato":"14 minuti"},"schema":{"@context":"https:\/\/schema.org","@graph":[{"@type":"WebPage","@id":"https:\/\/www.pilgrim.es\/it\/cammino-portoghese\/pontevedra\/","url":"https:\/\/www.pilgrim.es\/it\/cammino-portoghese\/pontevedra\/","name":"Pontevedra: Cosa vedere e dove dormire | Cammino di Santiago | Pilgrim","isPartOf":{"@id":"https:\/\/www.pilgrim.es\/it\/#website"},"primaryImageOfPage":{"@id":"https:\/\/www.pilgrim.es\/it\/cammino-portoghese\/pontevedra\/#primaryimage"},"image":{"@id":"https:\/\/www.pilgrim.es\/it\/cammino-portoghese\/pontevedra\/#primaryimage"},"thumbnailUrl":"https:\/\/www.pilgrim.es\/wp-content\/uploads\/2019\/02\/pontevedra1-520x370.jpg","datePublished":"2025-03-17T14:08:41+00:00","description":"Pontevedra Scopri tutte le informazioni su dove alloggiare, come arrivare, cosa mangiare e sui principali punti di interesse delle localit\u00e0 lungo il Cammino Portoghese.","breadcrumb":{"@id":"https:\/\/www.pilgrim.es\/it\/cammino-portoghese\/pontevedra\/#breadcrumb"},"inLanguage":"it-IT","potentialAction":[{"@type":"ReadAction","target":["https:\/\/www.pilgrim.es\/it\/cammino-portoghese\/pontevedra\/"]}]},{"@type":"ImageObject","inLanguage":"it-IT","@id":"https:\/\/www.pilgrim.es\/it\/cammino-portoghese\/pontevedra\/#primaryimage","url":"https:\/\/www.pilgrim.es\/wp-content\/uploads\/2019\/02\/pontevedra1-520x370.jpg","contentUrl":"https:\/\/www.pilgrim.es\/wp-content\/uploads\/2019\/02\/pontevedra1-520x370.jpg","width":520,"height":370,"caption":"Pontevedra"},{"@type":"BreadcrumbList","@id":"https:\/\/www.pilgrim.es\/it\/cammino-portoghese\/pontevedra\/#breadcrumb","itemListElement":[{"@type":"ListItem","position":1,"name":"Camino de Santiago","item":"https:\/\/www.pilgrim.es\/it\/"},{"@type":"ListItem","position":2,"name":"Cammino Portoghese","item":"https:\/\/www.pilgrim.es\/it\/cammino-portoghese\/"},{"@type":"ListItem","position":3,"name":"Pontevedra"}]},{"@type":"WebSite","@id":"https:\/\/www.pilgrim.es\/it\/#website","url":"https:\/\/www.pilgrim.es\/it\/","name":"Pilgrim","description":"Camino de Santiago | Caminamos Contigo","publisher":{"@id":"https:\/\/www.pilgrim.es\/it\/#organization"},"potentialAction":[{"@type":"SearchAction","target":{"@type":"EntryPoint","urlTemplate":"https:\/\/www.pilgrim.es\/it\/?s={search_term_string}"},"query-input":{"@type":"PropertyValueSpecification","valueRequired":true,"valueName":"search_term_string"}}],"inLanguage":"it-IT"},{"@type":"Organization","@id":"https:\/\/www.pilgrim.es\/it\/#organization","name":"Pilgrim Camino de Santiago","url":"https:\/\/www.pilgrim.es\/it\/","logo":{"@type":"ImageObject","inLanguage":"it-IT","@id":"https:\/\/www.pilgrim.es\/it\/#\/schema\/logo\/image\/","url":"https:\/\/www.pilgrim.es\/wp-content\/uploads\/2019\/04\/logo_pilgrim.png","contentUrl":"https:\/\/www.pilgrim.es\/wp-content\/uploads\/2019\/04\/logo_pilgrim.png","width":512,"height":512,"caption":"Pilgrim Camino de Santiago"},"image":{"@id":"https:\/\/www.pilgrim.es\/it\/#\/schema\/logo\/image\/"},"sameAs":["https:\/\/www.facebook.com\/pilgrim.es\/","https:\/\/x.com\/pilgrim_es","https:\/\/www.instagram.com\/pilgrim.es\/","https:\/\/www.linkedin.com\/company\/pilgrim-camino-de-santiago\/","https:\/\/www.pinterest.es\/pilgrimcaminodesantiago\/","https:\/\/www.youtube.com\/channel\/UCIv2ZzFLXVqthkNF32rKedw\/featured"]}]}},"_links":{"self":[{"href":"https:\/\/www.pilgrim.es\/it\/wp-json\/wp\/v2\/pages\/91229","targetHints":{"allow":["GET"]}}],"collection":[{"href":"https:\/\/www.pilgrim.es\/it\/wp-json\/wp\/v2\/pages"}],"about":[{"href":"https:\/\/www.pilgrim.es\/it\/wp-json\/wp\/v2\/types\/page"}],"replies":[{"embeddable":true,"href":"https:\/\/www.pilgrim.es\/it\/wp-json\/wp\/v2\/comments?post=91229"}],"version-history":[{"count":0,"href":"https:\/\/www.pilgrim.es\/it\/wp-json\/wp\/v2\/pages\/91229\/revisions"}],"up":[{"embeddable":true,"href":"https:\/\/www.pilgrim.es\/it\/wp-json\/wp\/v2\/pages\/10770"}],"wp:featuredmedia":[{"embeddable":true,"href":"https:\/\/www.pilgrim.es\/it\/wp-json\/wp\/v2\/media\/7650"}],"wp:attachment":[{"href":"https:\/\/www.pilgrim.es\/it\/wp-json\/wp\/v2\/media?parent=91229"}],"wp:term":[{"taxonomy":"category","embeddable":true,"href":"https:\/\/www.pilgrim.es\/it\/wp-json\/wp\/v2\/categories?post=91229"},{"taxonomy":"post_tag","embeddable":true,"href":"https:\/\/www.pilgrim.es\/it\/wp-json\/wp\/v2\/tags?post=91229"}],"curies":[{"name":"wp","href":"https:\/\/api.w.org\/{rel}","templated":true}]}}