{"id":91211,"date":"2025-03-17T14:03:00","date_gmt":"2025-03-17T14:03:00","guid":{"rendered":"https:\/\/www.pilgrim.es\/cammino-portoghese\/barcelos\/"},"modified":"2025-03-17T14:03:00","modified_gmt":"2025-03-17T14:03:00","slug":"barcelos","status":"publish","type":"page","link":"https:\/\/www.pilgrim.es\/it\/cammino-portoghese\/barcelos\/","title":{"rendered":"Barcelos"},"content":{"rendered":" <section id=\"hero\">\n\t<h1>Barcelos<\/h1>\n\t<div class=\"hero-grid\">\n\t\t<div class=\"hero-grid__town-col\" data-background=\"https:\/\/cdn.pilgrim.es\/web\/caminos\/camino-portugues\/pueblos\/barcelos\/barcelos.jpg\">\n\t\t\t<div>\n\t\t\t\t<a class=\"link-to-stage\" href=\"https:\/\/www.pilgrim.es\/camino-portugues\/etapa-16-sao-miguel-de-arcos-barcelos\/\">\n\t\t\t\t\t<p>&#8249; Ritorno al palcoscenico<\/p>\n\t\t\t\t<\/a>\n\n\t\t\t\t<div class=\"town-data\">\n\t\t\t\t\t<h2>Barcelos<\/h2>\n\t\t\t\t\t<ul>\n\t\t\t\t\t\t<li>Abitanti: 120.391 aprox.<\/li>\n\t\t\t\t\t\t<li>Provincia: <\/li>\n\t\t\t\t\t<\/ul>\n\t\t\t\t<\/div>\n\t\t\t<\/div>\n\t\t<\/div>\n\t\t<div class=\"hero-grid__planner-col\"><div\r\n  class=\"p-col-span-1 p-rounded-lg p-px-5 p-h-full\"\r\n  style=\"background-image: url('https:\/\/cdn.pilgrim.es\/web\/pilgrim-planner\/bg-plugin-planificador.webp')\"\r\n  rel=\"preload\"\r\n  fetchpriority=\"high\"\r\n  >\r\n    <div class=\"p-text-center p-pt-5 p-text-white p-text-2xl p-font-semibold\">\r\n      Pianifica il tuo cammino    <\/div>\r\n    <div\r\n            id='primary-app'\r\n            data-name='banner'\r\n            data-api='https:\/\/pathfinder.pilgrim.es\/api\/pathfinder\/v2'\r\n            data-mode='normal'\r\n            data-lang='it'\r\n            data-route='1'\r\n            data-destiny='https:\/\/planificador.pilgrim.es'\r\n            data-modality='1'\r\n            data-inline=''\r\n        ><\/div><\/div><\/div>\n\t<\/div>\n<\/section>\n\n<section id=\"infoTown\">\n\t<div class=\"sections-town\">\n\n\t\t<div id=\"informationSection\">\n\t\t\t<div>\n\t\t\t\t<h2 class=\"p-h2-town\">Informazioni<\/h2>\n\t\t\t\t<hr>\n\t\t\t\t<h3 class=\"p-h3-town\">Get to know Barcelos<\/h3>\n\t\t\t<\/div>\n\t\t\t<p>La citt\u00e0 di Barcelos ha un legame molto speciale con il tradizionale galletto dalla cresta colorata che, pur essendo un simbolo di tutto il Paese, \u00e8 nato in questa citt\u00e0 come sigillo di identit\u00e0.<\/p> <p>E&#8217; anche sede di un gran numero di monumenti e di un paesaggio meraviglioso che fa di Barcelos una tappa obbligata per ogni pellegrino del Cammino Portoghese.\n\t\t<\/div>\n\n\t\t<div id=\"locationSection\">\n\t\t\t<div>\n\t\t\t\t<h2 class=\"p-h2-town\">Posizione<\/h2>\n\t\t\t\t<hr>\n\t\t\t\t<h3 class=\"p-h3-town\">Come arrivare<\/h3>\n\t\t\t<\/div>\n\t\t\t<p>L&#8217;unica grande strada che raggiunge la citt\u00e0 di Barcelos \u00e8 la A-11, che collega tutta la met\u00e0 settentrionale della penisola senza passare da Madrid, cio\u00e8 inizia a Soria e finisce in Portogallo, anche se ci sono tratti non completati.<\/p> <p>L&#8217;unica grande strada che raggiunge la citt\u00e0 di Barcelos \u00e8 la A-11, che collega tutta la met\u00e0 settentrionale della penisola senza passare da Madrid.\n\t\t\t<div>\n\t\t\t\t<div>\n  <iframe loading=\"lazy\"\n    src=\"https:\/\/www.google.com\/maps\/d\/embed?mid=1uesIsV7YtugZgi8DXR0Fuo3RvnaRCIo&amp;ehbc=2E312F\"\n    width=\"640\"\n    height=\"480\"\n    alt=\"Mapa Barcelos\"\n  ><\/iframe>\n<\/div>\n\n\t\t\t<\/div>\n\t\t<\/div>\n\n\t\t\n\t\t\t<div id=\"toVisitSection\">\n\t\t\t\t<div>\n\t\t\t\t\t<h2 class=\"p-h2-town\">Storia \/ Cultura<\/h2>\n\t\t\t\t\t<hr>\n\t\t\t\t\t<h3 class=\"p-h3-town\">Cosa vedere<\/h3>\n\t\t\t\t<\/div>\n\t\t\t\t<div>\n\t\t\t\t\t<div class=\"accordion\">\n\t\t\t\t\t\t<div class=\"accordion__menu\">\n\t\t\t\t\t\t\t<nav>\n\t\t\t\t\t\t\t\t\n\t\t\t\t\t\t\t\t\t<button class=\"nav-tab-accordion active\"><span>&#10093;<\/span><span> Torre da Porta Nova<\/span><\/button>\n\t\t\t\t\t\t\t\t\n\t\t\t\t\t\t\t\t\t<button class=\"nav-tab-accordion \"><span>&#10093;<\/span><span> Teatro Gil Vicente<\/span><\/button>\n\t\t\t\t\t\t\t\t\n\t\t\t\t\t\t\t\t\t<button class=\"nav-tab-accordion \"><span>&#10093;<\/span><span> Puente Medieval<\/span><\/button>\n\t\t\t\t\t\t\t\t\n\t\t\t\t\t\t\t\t\t<button class=\"nav-tab-accordion \"><span>&#10093;<\/span><span> Pelourinho<\/span><\/button>\n\t\t\t\t\t\t\t\t\n\t\t\t\t\t\t\t\t\t<button class=\"nav-tab-accordion \"><span>&#10093;<\/span><span> Monte da Franqueira<\/span><\/button>\n\t\t\t\t\t\t\t\t\n\t\t\t\t\t\t\t\t\t<button class=\"nav-tab-accordion \"><span>&#10093;<\/span><span> Edificio da Miseric\u00f3rdia<\/span><\/button>\n\t\t\t\t\t\t\t\t\n\t\t\t\t\t\t\t\t\t<button class=\"nav-tab-accordion \"><span>&#10093;<\/span><span> Jard\u00edn das Barrocas<\/span><\/button>\n\t\t\t\t\t\t\t\t\n\t\t\t\t\t\t\t\t\t<button class=\"nav-tab-accordion \"><span>&#10093;<\/span><span> Iglesia Matriz<\/span><\/button>\n\t\t\t\t\t\t\t\t\n\t\t\t\t\t\t\t\t\t<button class=\"nav-tab-accordion \"><span>&#10093;<\/span><span> Edificio C\u00e1mara Municipal<\/span><\/button>\n\t\t\t\t\t\t\t\t\n\t\t\t\t\t\t\t\t\t<button class=\"nav-tab-accordion \"><span>&#10093;<\/span><span> Crucero do Galo<\/span><\/button>\n\t\t\t\t\t\t\t\t\n\t\t\t\t\t\t\t\t\t<button class=\"nav-tab-accordion \"><span>&#10093;<\/span><span> Largo do Apoio<\/span><\/button>\n\t\t\t\t\t\t\t\t\n\t\t\t\t\t\t\t\t\t<button class=\"nav-tab-accordion \"><span>&#10093;<\/span><span> Templo do Bom Jesus da Cruz<\/span><\/button>\n\t\t\t\t\t\t\t\t\n\t\t\t\t\t\t\t\t\t<button class=\"nav-tab-accordion \"><span>&#10093;<\/span><span> R\u00faa Don Ant\u00f3nio Barroso<\/span><\/button>\n\t\t\t\t\t\t\t\t\n\t\t\t\t\t\t\t\t\t<button class=\"nav-tab-accordion \"><span>&#10093;<\/span><span> Quinta de Pa\u00e7os<\/span><\/button>\n\t\t\t\t\t\t\t\t\n\t\t\t\t\t\t\t\t\t<button class=\"nav-tab-accordion \"><span>&#10093;<\/span><span> Pazo dos Condes de Barcelos<\/span><\/button>\n\t\t\t\t\t\t\t\t\n\t\t\t\t\t\t\t\t\t<button class=\"nav-tab-accordion \"><span>&#10093;<\/span><span> Monumento a Don Antonio Barroso<\/span><\/button>\n\t\t\t\t\t\t\t\t\n\t\t\t\t\t\t\t\t\t<button class=\"nav-tab-accordion \"><span>&#10093;<\/span><span> Iglesia Santo Ant\u00f3nio<\/span><\/button>\n\t\t\t\t\t\t\t\t\n\t\t\t\t\t\t\t\t\t<button class=\"nav-tab-accordion \"><span>&#10093;<\/span><span> Iglesia de Nossa Senhora do Ter\u00e7o<\/span><\/button>\n\t\t\t\t\t\t\t\t\n\t\t\t\t\t\t\t\t\t<button class=\"nav-tab-accordion \"><span>&#10093;<\/span><span> Capilla do S\u00e3o Francisco<\/span><\/button>\n\t\t\t\t\t\t\t\t\n\t\t\t\t\t\t\t\t\t<button class=\"nav-tab-accordion \"><span>&#10093;<\/span><span> Galer\u00eda Municipal de Arte<\/span><\/button>\n\t\t\t\t\t\t\t\t\n\t\t\t\t\t\t\t\t\t<button class=\"nav-tab-accordion \"><span>&#10093;<\/span><span> Capilla dos Lopes de Amorim<\/span><\/button>\n\t\t\t\t\t\t\t\t\n\t\t\t\t\t\t\t\t\t<button class=\"nav-tab-accordion \"><span>&#10093;<\/span><span> Capilla do S\u00e3o Jos\u00e9<\/span><\/button>\n\t\t\t\t\t\t\t\t\n\t\t\t\t\t\t\t\t\t<button class=\"nav-tab-accordion \"><span>&#10093;<\/span><span> Capilla de S\u00e3o Bento da Buraquinha<\/span><\/button>\n\t\t\t\t\t\t\t\t\n\t\t\t\t\t\t\t<\/nav>\n\t\t\t\t\t\t<\/div>\n\n\t\t\t\t\t\t\n\t\t\t\t\t\t\t<div class=\"accordion__accordion-content \">\n\t\t\t\t\t\t\t\t<div>\n\t\t\t\t\t\t\t\t\t<div>\n\t\t\t\t\t\t\t\t\t\t<h4>Torre da Porta Nova<\/h4>\n\t\t\t\t\t\t\t\t\t\t<p>La Torre da Porta Nova fa parte delle mura del XV secolo. Dal XVII secolo fino al 1932 \u00e8 stata utilizzata come prigione. Oggi questo edificio \u00e8 utilizzato come Centro de Interpreta\u00e7ao do Galo e da Cidade de Barcelos. \u00c8 stato inaugurato nel 2013. <\/p>\n\n<p>INFORMAZIONI DI INTERESSE<\/p>.\n\n<p>Telefono: +351 253 811 882<\/p>\n\n<p> <\/p> &lt;p\n\t\t\t\t\t\t\t\t\t<\/div>\n\t\t\t\t\t\t\t\t\t<img decoding=\"async\" src=\"https:\/\/cdn.pilgrim.es\/web\/caminos\/camino-portugues\/pueblos\/barcelos\/puntos-de-interes\/torre-da-porta-nova.jpg\" alt=\"Torre da Porta Nova\">\n\t\t\t\t\t\t\t\t<\/div>\n\t\t\t\t\t\t\t<\/div>\n\t\t\t\t\t\t\n\t\t\t\t\t\t\t<div class=\"accordion__accordion-content inactive\">\n\t\t\t\t\t\t\t\t<div>\n\t\t\t\t\t\t\t\t\t<div>\n\t\t\t\t\t\t\t\t\t\t<h4>Teatro Gil Vicente<\/h4>\n\t\t\t\t\t\t\t\t\t\t<p>Il Teatro Gil Vicente fu costruito alla fine del XIX secolo e presenta una facciata neoclassica. Tuttavia, le modifiche successive lo hanno reso un edificio molto moderno, adattato alle esigenze degli spettacoli teatrali di oggi.<\/p> <p>Il Teatro Gil Vicente fu costruito alla fine del XIX secolo e presenta una facciata neoclassica.\n\n<p>OGGI<\/p>\n\n<p>Dal luned\u00ec al venerd\u00ec dalle 09:00 alle 12:00 e dalle 13:30 alle 18:00<\/p> <p>Dal luned\u00ec al venerd\u00ec dalle 09:00 alle 12:00 e dalle 13:30 alle 18:00<\/p>\n\n<p>INFORMAZIONI DI INTERESSE<\/p>\n\n<p>Telefono: +351 253 809 694<\/p>\n\t\t\t\t\t\t\t\t\t<\/div>\n\t\t\t\t\t\t\t\t\t<img decoding=\"async\" src=\"https:\/\/cdn.pilgrim.es\/web\/caminos\/camino-portugues\/pueblos\/barcelos\/puntos-de-interes\/teatro-gil-vicente.jpg\" alt=\"Teatro Gil Vicente\">\n\t\t\t\t\t\t\t\t<\/div>\n\t\t\t\t\t\t\t<\/div>\n\t\t\t\t\t\t\n\t\t\t\t\t\t\t<div class=\"accordion__accordion-content inactive\">\n\t\t\t\t\t\t\t\t<div>\n\t\t\t\t\t\t\t\t\t<div>\n\t\t\t\t\t\t\t\t\t\t<h4>Puente Medieval<\/h4>\n\t\t\t\t\t\t\t\t\t\t<p>Il ponte medievale \u00e8 stato riparato all&#8217;inizio del XIV secolo, conferendogli un aspetto gotico che collega Barcelos a Barcelinhos. Questa costruzione presenta elementi di rinforzo per bilanciare i pesi e renderlo resistente al passaggio delle correnti.\n\t\t\t\t\t\t\t\t\t<\/div>\n\t\t\t\t\t\t\t\t\t<img decoding=\"async\" src=\"https:\/\/cdn.pilgrim.es\/web\/caminos\/camino-portugues\/pueblos\/barcelos\/puntos-de-interes\/puente-medieval.jpg\" alt=\"Puente Medieval\">\n\t\t\t\t\t\t\t\t<\/div>\n\t\t\t\t\t\t\t<\/div>\n\t\t\t\t\t\t\n\t\t\t\t\t\t\t<div class=\"accordion__accordion-content inactive\">\n\t\t\t\t\t\t\t\t<div>\n\t\t\t\t\t\t\t\t\t<div>\n\t\t\t\t\t\t\t\t\t\t<h4>Pelourinho<\/h4>\n\t\t\t\t\t\t\t\t\t\t<p>Pelourinho, noto anche come Picota, fu costruito tra la fine del XV secolo e l&#8217;inizio del XVI, quindi ha un aspetto gotico. Questo transetto ha una base esagonale a gradini e, invece della solita croce, ha una curiosa forma a reliquiario nella parte superiore.<\/p> <p>Pelourinho, noto anche come Picota, fu costruito tra la fine del XV secolo e l&#8217;inizio del XVI secolo e ha un aspetto gotico.\n\t\t\t\t\t\t\t\t\t<\/div>\n\t\t\t\t\t\t\t\t\t<img decoding=\"async\" src=\"https:\/\/cdn.pilgrim.es\/web\/caminos\/camino-portugues\/pueblos\/barcelos\/puntos-de-interes\/pelourinho.jpg\" alt=\"Pelourinho\">\n\t\t\t\t\t\t\t\t<\/div>\n\t\t\t\t\t\t\t<\/div>\n\t\t\t\t\t\t\n\t\t\t\t\t\t\t<div class=\"accordion__accordion-content inactive\">\n\t\t\t\t\t\t\t\t<div>\n\t\t\t\t\t\t\t\t\t<div>\n\t\t\t\t\t\t\t\t\t\t<h4>Monte da Franqueira<\/h4>\n\t\t\t\t\t\t\t\t\t\t<p>Il Monte da Franqueira \u00e8 una zona con un magnifico punto panoramico che si estende lungo la costa del mare da Esposende a P\u00f3voa de Varzim. Da questo luogo \u00e8 possibile vedere la fine del corso del fiume C\u00e1vado e godere della vista, sia della citt\u00e0 che dei dintorni di Barcelos. Offre inoltre una vista panoramica sui monti Monte do Sameiro e Bom Jesus a Braga e sui piccoli monti Ger\u00eas a est. Questa zona possiede un ricco patrimonio naturale, culturale, archeologico, religioso ed etnografico. Di questo patrimonio, spiccano per bellezza il Convento do Calv\u00e1rio do Bom Jesus da Franqueira, Fonte da Vida, Castro e Castelo de Faria, Moinho de Vento, Escad\u00f3iro e Ermida de Nossa Senhora da Franqueira.\n\n<p>Questa montagna \u00e8 considerata il Monte Sacro dei barcellonesi, tanto che migliaia di persone vi accorrono ogni anno.\n\t\t\t\t\t\t\t\t\t<\/div>\n\t\t\t\t\t\t\t\t\t<img decoding=\"async\" src=\"https:\/\/cdn.pilgrim.es\/web\/caminos\/camino-portugues\/pueblos\/barcelos\/puntos-de-interes\/monte-da-franqueira.jpg\" alt=\"Monte da Franqueira\">\n\t\t\t\t\t\t\t\t<\/div>\n\t\t\t\t\t\t\t<\/div>\n\t\t\t\t\t\t\n\t\t\t\t\t\t\t<div class=\"accordion__accordion-content inactive\">\n\t\t\t\t\t\t\t\t<div>\n\t\t\t\t\t\t\t\t\t<div>\n\t\t\t\t\t\t\t\t\t\t<h4>Edificio da Miseric\u00f3rdia<\/h4>\n\t\t\t\t\t\t\t\t\t\t<p>L&#8217;edificio della Misericordia era l&#8217;ex Convento dos Capuchos, la cui chiesa era molto ricca, anche se un incendio alla fine del XIX secolo ha distrutto gran parte dei suoi elementi barocchi. Conserva un&#8217;immagine di Santa Maria del XVI secolo.\n\n<p>INFORMAZIONI DI INTERESSE<\/p>\n\n<p>Telefono: +351 253 802 270<\/p> <p>Numero di telefono: +351 253 802 270<\/p>\n\t\t\t\t\t\t\t\t\t<\/div>\n\t\t\t\t\t\t\t\t\t<img decoding=\"async\" src=\"https:\/\/cdn.pilgrim.es\/web\/caminos\/camino-portugues\/pueblos\/barcelos\/puntos-de-interes\/edificio-da-misericordia.jpg\" alt=\"Edificio da Miseric\u00f3rdia\">\n\t\t\t\t\t\t\t\t<\/div>\n\t\t\t\t\t\t\t<\/div>\n\t\t\t\t\t\t\n\t\t\t\t\t\t\t<div class=\"accordion__accordion-content inactive\">\n\t\t\t\t\t\t\t\t<div>\n\t\t\t\t\t\t\t\t\t<div>\n\t\t\t\t\t\t\t\t\t\t<h4>Jard\u00edn das Barrocas<\/h4>\n\t\t\t\t\t\t\t\t\t\t<p>Il Jardim das Barrocas, noto anche come Passeio dos Assentos o das Obras, \u00e8 un&#8217;opera monumentale realizzata nel XVIII secolo in stile rococ\u00f2 provinciale. Presenta piccoli e originali giardini, degni di essere ammirati per i suggestivi colori delle specie floreali.\n\t\t\t\t\t\t\t\t\t<\/div>\n\t\t\t\t\t\t\t\t\t<img decoding=\"async\" src=\"https:\/\/cdn.pilgrim.es\/web\/caminos\/camino-portugues\/pueblos\/barcelos\/puntos-de-interes\/jardin-das-barrocas.jpg\" alt=\"Jard\u00edn das Barrocas\">\n\t\t\t\t\t\t\t\t<\/div>\n\t\t\t\t\t\t\t<\/div>\n\t\t\t\t\t\t\n\t\t\t\t\t\t\t<div class=\"accordion__accordion-content inactive\">\n\t\t\t\t\t\t\t\t<div>\n\t\t\t\t\t\t\t\t\t<div>\n\t\t\t\t\t\t\t\t\t\t<h4>Iglesia Matriz<\/h4>\n\t\t\t\t\t\t\t\t\t\t<p>La chiesa di Matriz fu iniziata nella seconda met\u00e0 del XIV secolo per ordine di Don Pedro, terzo conte di Barcelos, le cui armi sono incise sugli archivolti del portale principale. \u00c8 un edificio in cui si pu\u00f2 apprezzare la transizione dal romanico al gotico. Fu ampiamente ristrutturato tra il XV e il XVIII secolo. Sul lato sud della facciata si trova una torre del XVIII secolo.\n\t\t\t\t\t\t\t\t\t<\/div>\n\t\t\t\t\t\t\t\t\t<img decoding=\"async\" src=\"https:\/\/cdn.pilgrim.es\/web\/caminos\/camino-portugues\/pueblos\/barcelos\/puntos-de-interes\/iglesia-matriz.jpg\" alt=\"Iglesia Matriz\">\n\t\t\t\t\t\t\t\t<\/div>\n\t\t\t\t\t\t\t<\/div>\n\t\t\t\t\t\t\n\t\t\t\t\t\t\t<div class=\"accordion__accordion-content inactive\">\n\t\t\t\t\t\t\t\t<div>\n\t\t\t\t\t\t\t\t\t<div>\n\t\t\t\t\t\t\t\t\t\t<h4>Edificio C\u00e1mara Municipal<\/h4>\n\t\t\t\t\t\t\t\t\t\t<p>L&#8217;edificio della C\u00e2mara Municipal \u00e8 stato creato grazie a una serie di modifiche e ampliamenti basati sul nucleo degli antichi Pazos del Ayuntamiento. Questo complesso comprende l&#8217;antico Hospital do Esp\u00edrito Santo, che fungeva da stazione di soccorso per i pellegrini, e l&#8217;antica Cappella di Santa Maria, entrambi risalenti al XIV secolo. <\/p>\n\n<p>Orari<\/p>\n\n<p>Luned\u00ec a venerd\u00ec dalle 09:00 alle 17:00<\/p> <p>Luned\u00ec a venerd\u00ec dalle 09:00 alle 17:00<\/p>\n\n<p>INFORMAZIONI DI INTERESSE<\/p>\n\n<p>Telefono: +351 253 809 600 Web: http:\/\/www.cm-barcelos.pt\/<\/p>\n\t\t\t\t\t\t\t\t\t<\/div>\n\t\t\t\t\t\t\t\t\t<img decoding=\"async\" src=\"https:\/\/cdn.pilgrim.es\/web\/caminos\/camino-portugues\/pueblos\/barcelos\/puntos-de-interes\/edificio-camara-municipal.jpg\" alt=\"Edificio C\u00e1mara Municipal\">\n\t\t\t\t\t\t\t\t<\/div>\n\t\t\t\t\t\t\t<\/div>\n\t\t\t\t\t\t\n\t\t\t\t\t\t\t<div class=\"accordion__accordion-content inactive\">\n\t\t\t\t\t\t\t\t<div>\n\t\t\t\t\t\t\t\t\t<div>\n\t\t\t\t\t\t\t\t\t\t<h4>Crucero do Galo<\/h4>\n\t\t\t\t\t\t\t\t\t\t<p>La croce di Galo si trova all&#8217;interno del Museo Archeologico, nel Pazo de los Condes, ed \u00e8 una croce che allude ai miracoli di San Tiago e dell&#8217;impiccato, una leggenda popolarmente conosciuta come la Leggenda del Gallo.<\/p> <p>La croce di Galo si trova all&#8217;interno del Museo Archeologico, nel Pazo de los Condes, ed \u00e8 una croce che allude ai miracoli di San Tiago e dell&#8217;impiccato, una leggenda popolarmente conosciuta come la Leggenda del Gallo.\n\t\t\t\t\t\t\t\t\t<\/div>\n\t\t\t\t\t\t\t\t\t<img decoding=\"async\" src=\"https:\/\/cdn.pilgrim.es\/web\/caminos\/camino-portugues\/pueblos\/barcelos\/puntos-de-interes\/crucero-do-galo.jpg\" alt=\"Crucero do Galo\">\n\t\t\t\t\t\t\t\t<\/div>\n\t\t\t\t\t\t\t<\/div>\n\t\t\t\t\t\t\n\t\t\t\t\t\t\t<div class=\"accordion__accordion-content inactive\">\n\t\t\t\t\t\t\t\t<div>\n\t\t\t\t\t\t\t\t\t<div>\n\t\t\t\t\t\t\t\t\t\t<h4>Largo do Apoio<\/h4>\n\t\t\t\t\t\t\t\t\t\t<p>Largo do Apoio \u00e8 la prima strada del &#8220;Burgo&#8221; e ricorda oggi l&#8217;urbanistica medievale della citt\u00e0 di Barcelos. Al centro della strada si trova un transetto in stile rinascimentale, probabilmente opera di Jo\u00e3o Lopes. Nelle vicinanze si trovano la Casa dos Carmonas, la Casa do Alferes Barcelense e la Casa do Santo Condest\u00e1vel Don Nuno \u00c1lvares Pereira. <\/p>\n\t\t\t\t\t\t\t\t\t<\/div>\n\t\t\t\t\t\t\t\t\t<img decoding=\"async\" src=\"https:\/\/cdn.pilgrim.es\/web\/caminos\/camino-portugues\/pueblos\/barcelos\/puntos-de-interes\/largo-do-apoio.jpg\" alt=\"Largo do Apoio\">\n\t\t\t\t\t\t\t\t<\/div>\n\t\t\t\t\t\t\t<\/div>\n\t\t\t\t\t\t\n\t\t\t\t\t\t\t<div class=\"accordion__accordion-content inactive\">\n\t\t\t\t\t\t\t\t<div>\n\t\t\t\t\t\t\t\t\t<div>\n\t\t\t\t\t\t\t\t\t\t<h4>Templo do Bom Jesus da Cruz<\/h4>\n\t\t\t\t\t\t\t\t\t\t<p>L&#8217;origine del Templo do Bom Jesus da Cruz \u00e8 legata alla comparsa di una miracolosa croce di terra nera sul terreno di Campo da Feira nel dicembre del 1504. L&#8217;attuale tempio fu aperto al culto nel 1710. L&#8217;edificio ha una cupola centrata e una pianta con lo spazio interno disposto a croce greca. Questo tempio funge ogni anno da balcone centrale per celebrare la tradizionale Festa das Cruzes.\n\n<p>INFORMAZIONI DI INTERESSE<\/p>\n\n<p>Telefono: +351 939 187 071<\/p> <p>Telefono: +351 939 187 071<\/p>\n\t\t\t\t\t\t\t\t\t<\/div>\n\t\t\t\t\t\t\t\t\t<img decoding=\"async\" src=\"https:\/\/cdn.pilgrim.es\/web\/caminos\/camino-portugues\/pueblos\/barcelos\/puntos-de-interes\/templo-bom-jesus-da-cruz.jpg\" alt=\"Templo do Bom Jesus da Cruz\">\n\t\t\t\t\t\t\t\t<\/div>\n\t\t\t\t\t\t\t<\/div>\n\t\t\t\t\t\t\n\t\t\t\t\t\t\t<div class=\"accordion__accordion-content inactive\">\n\t\t\t\t\t\t\t\t<div>\n\t\t\t\t\t\t\t\t\t<div>\n\t\t\t\t\t\t\t\t\t\t<h4>R\u00faa Don Ant\u00f3nio Barroso<\/h4>\n\t\t\t\t\t\t\t\t\t\t<p>La via Don Ant\u00f3nio Barroso \u00e8 una delle strade pi\u00f9 antiche del centro storico. Attualmente \u00e8 una delle pi\u00f9 vivaci in termini di commercio. Vi si trovano numerosi edifici di interesse architettonico, tra cui l&#8217;edificio della Caixa Geral de Dep\u00f3sitos, opera dell&#8217;architetto Ernesto Korrodi, la Casa de Mathias Gon\u00e7alves da Cruz, rivestita di piastrelle policrome, ecc.<\/p> <p>La via ospita anche la Casa de Mathias Gon\u00e7alves da Cruz, rivestita di piastrelle policrome, ecc.<\/p> <p>La via ospita anche la Casa de Mathias Gon\u00e7alves da Cruz, rivestita di piastrelle policrome.\n\t\t\t\t\t\t\t\t\t<\/div>\n\t\t\t\t\t\t\t\t\t<img decoding=\"async\" src=\"https:\/\/cdn.pilgrim.es\/web\/caminos\/camino-portugues\/pueblos\/barcelos\/puntos-de-interes\/monumento-don-antonio-barroso.jpg\" alt=\"R\u00faa Don Ant\u00f3nio Barroso\">\n\t\t\t\t\t\t\t\t<\/div>\n\t\t\t\t\t\t\t<\/div>\n\t\t\t\t\t\t\n\t\t\t\t\t\t\t<div class=\"accordion__accordion-content inactive\">\n\t\t\t\t\t\t\t\t<div>\n\t\t\t\t\t\t\t\t\t<div>\n\t\t\t\t\t\t\t\t\t\t<h4>Quinta de Pa\u00e7os<\/h4>\n\t\t\t\t\t\t\t\t\t\t<p>Quinta de Pa\u00e7os \u00e8 una casa che da oltre 500 anni \u00e8 nelle mani di 15 generazioni della stessa famiglia. \u00c8 un&#8217;azienda vitivinicola a conduzione familiare che esplora un&#8217;area di oltre 200 ettari suddivisi in diverse quintas, dove la qualit\u00e0 si mescola all&#8217;innovazione. Recentemente \u00e8 stata restaurata e si presenta come uno spazio di eccellenza per l&#8217;enoturismo. <\/p>\n\t\t\t\t\t\t\t\t\t<\/div>\n\t\t\t\t\t\t\t\t\t<img decoding=\"async\" src=\"https:\/\/cdn.pilgrim.es\/web\/caminos\/camino-portugues\/pueblos\/barcelos\/puntos-de-interes\/quinta-pacos.jpg\" alt=\"Quinta de Pa\u00e7os\">\n\t\t\t\t\t\t\t\t<\/div>\n\t\t\t\t\t\t\t<\/div>\n\t\t\t\t\t\t\n\t\t\t\t\t\t\t<div class=\"accordion__accordion-content inactive\">\n\t\t\t\t\t\t\t\t<div>\n\t\t\t\t\t\t\t\t\t<div>\n\t\t\t\t\t\t\t\t\t\t<h4>Pazo dos Condes de Barcelos<\/h4>\n\t\t\t\t\t\t\t\t\t\t<p>Il pazo dos Condes de Barcelos \u00e8 caratteristico del tardo Medioevo. Fu costruito nella prima met\u00e0 del XV secolo per ordine di Don Alfonso, ottavo conte di Barcelos e primo duca di Bragan\u00e7a. Il Museo Archeologico \u00e8 stato allestito in questo maniero all&#8217;inizio del XX secolo. <\/p>\n\t\t\t\t\t\t\t\t\t<\/div>\n\t\t\t\t\t\t\t\t\t<img decoding=\"async\" src=\"https:\/\/cdn.pilgrim.es\/web\/caminos\/camino-portugues\/pueblos\/barcelos\/puntos-de-interes\/pazo-condes-barcelos.jpg\" alt=\"Pazo dos Condes de Barcelos\">\n\t\t\t\t\t\t\t\t<\/div>\n\t\t\t\t\t\t\t<\/div>\n\t\t\t\t\t\t\n\t\t\t\t\t\t\t<div class=\"accordion__accordion-content inactive\">\n\t\t\t\t\t\t\t\t<div>\n\t\t\t\t\t\t\t\t\t<div>\n\t\t\t\t\t\t\t\t\t\t<h4>Monumento a Don Antonio Barroso<\/h4>\n\t\t\t\t\t\t\t\t\t\t<p>Il monumento ad Ant\u00f3nio Barroso fu inaugurato nel 1931. \u00c8 un&#8217;opera in bronzo progettata dall&#8217;architetto Marqu\u00e9s da Silva e realizzata dallo scultore Sousa Caldas. Si trova di fronte al Municipio e alla Chiesa Matriz e fu eretto in onore di questo missionario, originario di Barcelos, per la sua opera di predicazione in Africa.\n\t\t\t\t\t\t\t\t\t<\/div>\n\t\t\t\t\t\t\t\t\t<img decoding=\"async\" src=\"https:\/\/cdn.pilgrim.es\/web\/caminos\/camino-portugues\/pueblos\/barcelos\/puntos-de-interes\/monumento-don-antonio-barroso.jpg\" alt=\"Monumento a Don Antonio Barroso\">\n\t\t\t\t\t\t\t\t<\/div>\n\t\t\t\t\t\t\t<\/div>\n\t\t\t\t\t\t\n\t\t\t\t\t\t\t<div class=\"accordion__accordion-content inactive\">\n\t\t\t\t\t\t\t\t<div>\n\t\t\t\t\t\t\t\t\t<div>\n\t\t\t\t\t\t\t\t\t\t<h4>Iglesia Santo Ant\u00f3nio<\/h4>\n\t\t\t\t\t\t\t\t\t\t<p>La chiesa di Santo Ant\u00f3nio fu costruita negli anni &#8217;30, utilizzando i materiali provenienti dalla demolizione della chiesa di Terceiros. L&#8217;ordine francescano dei Cappuccini ha sede qui dal 1934.\n\t\t\t\t\t\t\t\t\t<\/div>\n\t\t\t\t\t\t\t\t\t<img decoding=\"async\" src=\"https:\/\/cdn.pilgrim.es\/web\/caminos\/camino-portugues\/pueblos\/barcelos\/puntos-de-interes\/capilla-sao-francisco.jpg\" alt=\"Iglesia Santo Ant\u00f3nio\">\n\t\t\t\t\t\t\t\t<\/div>\n\t\t\t\t\t\t\t<\/div>\n\t\t\t\t\t\t\n\t\t\t\t\t\t\t<div class=\"accordion__accordion-content inactive\">\n\t\t\t\t\t\t\t\t<div>\n\t\t\t\t\t\t\t\t\t<div>\n\t\t\t\t\t\t\t\t\t\t<h4>Iglesia de Nossa Senhora do Ter\u00e7o<\/h4>\n\t\t\t\t\t\t\t\t\t\t<p>La Chiesa di Nossa Senhora do Ter\u00e7o fa parte dell&#8217;ex convento delle monache benedettine, risalente agli inizi del XVIII secolo. La chiesa ha un ampio spazio interno. La sua importanza nell&#8217;arte barocca \u00e8 dovuta principalmente ai pannelli di piastrelle bianche e blu, risalenti al 1713, che mostrano scene della vita di San Bento ed emblemi moraleggianti con preziosi intagli dorati.\n\n<p>INFORMAZIONI DI INTERESSE<\/p>\n\n<p>Telefono: +351 914 955 623<\/p>\n\t\t\t\t\t\t\t\t\t<\/div>\n\t\t\t\t\t\t\t\t\t<img decoding=\"async\" src=\"https:\/\/cdn.pilgrim.es\/web\/caminos\/camino-portugues\/pueblos\/barcelos\/puntos-de-interes\/iglesia-nossa-senhora-do-terco.jpg\" alt=\"Iglesia de Nossa Senhora do Ter\u00e7o\">\n\t\t\t\t\t\t\t\t<\/div>\n\t\t\t\t\t\t\t<\/div>\n\t\t\t\t\t\t\n\t\t\t\t\t\t\t<div class=\"accordion__accordion-content inactive\">\n\t\t\t\t\t\t\t\t<div>\n\t\t\t\t\t\t\t\t\t<div>\n\t\t\t\t\t\t\t\t\t\t<h4>Capilla do S\u00e3o Francisco<\/h4>\n\t\t\t\t\t\t\t\t\t\t<p>La cappella di S\u00e3o Francisco \u00e8 una piccola cappella situata nell&#8217;omonima via. La sua facciata presenta un portico del XIV secolo e sul lato superiore sinistro un campanile a corpo unico.<\/p> <p>La cappella di S\u00e3o Francisco \u00e8 una piccola cappella situata nell&#8217;omonima via.\n\t\t\t\t\t\t\t\t\t<\/div>\n\t\t\t\t\t\t\t\t\t<img decoding=\"async\" src=\"https:\/\/cdn.pilgrim.es\/web\/caminos\/camino-portugues\/pueblos\/barcelos\/puntos-de-interes\/capilla-sao-francisco.jpg\" alt=\"Capilla do S\u00e3o Francisco\">\n\t\t\t\t\t\t\t\t<\/div>\n\t\t\t\t\t\t\t<\/div>\n\t\t\t\t\t\t\n\t\t\t\t\t\t\t<div class=\"accordion__accordion-content inactive\">\n\t\t\t\t\t\t\t\t<div>\n\t\t\t\t\t\t\t\t\t<div>\n\t\t\t\t\t\t\t\t\t\t<h4>Galer\u00eda Municipal de Arte<\/h4>\n\t\t\t\t\t\t\t\t\t\t<p>La Galleria Comunale d&#8217;Arte si propone di promuovere l&#8217;arte nelle sue forme pi\u00f9 varie, in uno spazio dedicato alla riflessione e alla valorizzazione culturale attraverso mostre diversificate che comprendono pittura, scultura e fotografia di artisti locali e nazionali.<\/p> <p>La Galleria Comunale d&#8217;Arte si propone di promuovere l&#8217;arte nelle sue forme pi\u00f9 varie, in uno spazio dedicato alla riflessione e alla valorizzazione culturale attraverso mostre diversificate che comprendono pittura, scultura e fotografia di artisti locali e nazionali.\n\n<p>Orario<\/p>\n\n<p>Tutti i giorni dalle 09:00 alle 12:30 e dalle 14:00 alle 18:00 <\/p> <p>Tutti i giorni dalle 09:00 alle 12:30 e dalle 14:00 alle 18:00<\/p> <p>.\n\n<p>INFORMAZIONI DI INTERESSE<\/p>\n\n<p>E-mail: galeriamunicipalarte@cm-barcelos.pt Telefono: +351 253 809 695<\/p> <p>E-mail: galeriamunicipalarte@cm-barcelos.pt Telefono: +351 253 809 695<\/p>\n\t\t\t\t\t\t\t\t\t<\/div>\n\t\t\t\t\t\t\t\t\t<img decoding=\"async\" src=\"https:\/\/cdn.pilgrim.es\/web\/caminos\/camino-portugues\/pueblos\/barcelos\/puntos-de-interes\/galeria-municipal-arte.jpg\" alt=\"Galer\u00eda Municipal de Arte\">\n\t\t\t\t\t\t\t\t<\/div>\n\t\t\t\t\t\t\t<\/div>\n\t\t\t\t\t\t\n\t\t\t\t\t\t\t<div class=\"accordion__accordion-content inactive\">\n\t\t\t\t\t\t\t\t<div>\n\t\t\t\t\t\t\t\t\t<div>\n\t\t\t\t\t\t\t\t\t\t<h4>Capilla dos Lopes de Amorim<\/h4>\n\t\t\t\t\t\t\t\t\t\t<p>La Casa dos Lopes de Amorim si trova nella via di San Francisco ed \u00e8 un palazzo risalente al XVIII secolo. \u00c8 un edificio nobile, dall&#8217;aspetto neoclassico e presenta una decorazione floreale, soprattutto nelle finestre disposte al primo livello, le conchiglie di Santiago, che indicano la sua relazione con il Cammino di Santiago.\n\t\t\t\t\t\t\t\t\t<\/div>\n\t\t\t\t\t\t\t\t\t<img decoding=\"async\" src=\"https:\/\/cdn.pilgrim.es\/web\/caminos\/camino-portugues\/pueblos\/barcelos\/puntos-de-interes\/capilla-sao-jose.jpg\" alt=\"Capilla dos Lopes de Amorim\">\n\t\t\t\t\t\t\t\t<\/div>\n\t\t\t\t\t\t\t<\/div>\n\t\t\t\t\t\t\n\t\t\t\t\t\t\t<div class=\"accordion__accordion-content inactive\">\n\t\t\t\t\t\t\t\t<div>\n\t\t\t\t\t\t\t\t\t<div>\n\t\t\t\t\t\t\t\t\t\t<h4>Capilla do S\u00e3o Jos\u00e9<\/h4>\n\t\t\t\t\t\t\t\t\t\t<p>La cappella di S\u00e3o Jos\u00e9 si trova nel Campo Camilo Castelo Branco e fu ricostruita nel XVIII secolo. La sua facciata ha un aspetto semplice ed \u00e8 composta da una porta e tre finestre. Sul lato superiore destro della facciata si trova un bel campanile composto da due sezioni.\n\t\t\t\t\t\t\t\t\t<\/div>\n\t\t\t\t\t\t\t\t\t<img decoding=\"async\" src=\"https:\/\/cdn.pilgrim.es\/web\/caminos\/camino-portugues\/pueblos\/barcelos\/puntos-de-interes\/capilla-sao-jose.jpg\" alt=\"Capilla do S\u00e3o Jos\u00e9\">\n\t\t\t\t\t\t\t\t<\/div>\n\t\t\t\t\t\t\t<\/div>\n\t\t\t\t\t\t\n\t\t\t\t\t\t\t<div class=\"accordion__accordion-content inactive\">\n\t\t\t\t\t\t\t\t<div>\n\t\t\t\t\t\t\t\t\t<div>\n\t\t\t\t\t\t\t\t\t\t<h4>Capilla de S\u00e3o Bento da Buraquinha<\/h4>\n\t\t\t\t\t\t\t\t\t\t<p>La cappella di S\u00e3o Bento da Buraquinha si trova alla fine di Rua C\u00e2ndido dos Reis ed \u00e8 un edificio del XVII secolo. Le pareti della cappella sono intonacate ad eccezione degli angoli, che presentano blocchi in muratura. L&#8217;ornamento \u00e8 molto semplice e costituito da forme geometriche.\n\t\t\t\t\t\t\t\t\t<\/div>\n\t\t\t\t\t\t\t\t\t<img decoding=\"async\" src=\"https:\/\/cdn.pilgrim.es\/web\/caminos\/camino-portugues\/pueblos\/barcelos\/puntos-de-interes\/capilla-sao-bento-da-buranquinha.jpg\" alt=\"Capilla de S\u00e3o Bento da Buraquinha\">\n\t\t\t\t\t\t\t\t<\/div>\n\t\t\t\t\t\t\t<\/div>\n\t\t\t\t\t\t\n\t\t\t\t\t<\/div>\n\t\t\t\t<\/div>\n\t\t\t<\/div>\n\t\t\n\n\t\t<div id=\"phonesSection\">\n\t\t\t<div>\n\t\t\t\t<h2 class=\"p-h3-town\">Informazioni di interesse<\/h2>\n\t\t\t<\/div>\n\t\t\t<div class=\"grid\">\n\t\t\t\t\n\t\t\t\t\t<div class=\"phone-number-item\">\n\t\t\t\t\t\t<div class=\"phone-number-item__icon\"><i class=\"icon-police\"><\/i><\/div>\n\t\t\t\t\t\t<div class=\"phone-number-item__title\">\n\t\t\t\t\t\t\t<h3 class=\"p-font-bold\">Polizia locale<\/h3>\n\t\t\t\t\t\t\t<p>+351 53 253 802 570<\/p>\n\t\t\t\t\t\t\t\n\t\t\t\t\t\t<\/div>\n\t\t\t\t\t<\/div>\n\t\t\t\t\n\t\t\t\t\t<div class=\"phone-number-item\">\n\t\t\t\t\t\t<div class=\"phone-number-item__icon\"><i class=\"icon-firefighters\"><\/i><\/div>\n\t\t\t\t\t\t<div class=\"phone-number-item__title\">\n\t\t\t\t\t\t\t<h3 class=\"p-font-bold\">Vigili del fuoco<\/h3>\n\t\t\t\t\t\t\t<p>+351 53 253 802 050<\/p>\n\t\t\t\t\t\t\t\n\t\t\t\t\t\t<\/div>\n\t\t\t\t\t<\/div>\n\t\t\t\t\n\t\t\t\t\t<div class=\"phone-number-item\">\n\t\t\t\t\t\t<div class=\"phone-number-item__icon\"><i class=\"icon-civil-protection\"><\/i><\/div>\n\t\t\t\t\t\t<div class=\"phone-number-item__title\">\n\t\t\t\t\t\t\t<h3 class=\"p-font-bold\">Protezione civile<\/h3>\n\t\t\t\t\t\t\t<p>xxx<\/p>\n\t\t\t\t\t\t\t\n\t\t\t\t\t\t<\/div>\n\t\t\t\t\t<\/div>\n\t\t\t\t\n\t\t\t\t\t<div class=\"phone-number-item\">\n\t\t\t\t\t\t<div class=\"phone-number-item__icon\"><i class=\"icon-town-council\"><\/i><\/div>\n\t\t\t\t\t\t<div class=\"phone-number-item__title\">\n\t\t\t\t\t\t\t<h3 class=\"p-font-bold\">Municipio<\/h3>\n\t\t\t\t\t\t\t<p>+351 53 253 809 600<\/p>\n\t\t\t\t\t\t\t\n\t\t\t\t\t\t<\/div>\n\t\t\t\t\t<\/div>\n\t\t\t\t\n\t\t\t\t\t<div class=\"phone-number-item\">\n\t\t\t\t\t\t<div class=\"phone-number-item__icon\"><i class=\"icon-hospital\"><\/i><\/div>\n\t\t\t\t\t\t<div class=\"phone-number-item__title\">\n\t\t\t\t\t\t\t<h3 class=\"p-font-bold\">Centro sanitario<\/h3>\n\t\t\t\t\t\t\t<p>+351 53 253 809 200<\/p>\n\t\t\t\t\t\t\t\n\t\t\t\t\t\t<\/div>\n\t\t\t\t\t<\/div>\n\t\t\t\t\n\t\t\t\t\t<div class=\"phone-number-item\">\n\t\t\t\t\t\t<div class=\"phone-number-item__icon\"><i class=\"icon-tourism\"><\/i><\/div>\n\t\t\t\t\t\t<div class=\"phone-number-item__title\">\n\t\t\t\t\t\t\t<h3 class=\"p-font-bold\">Ufficio turistico<\/h3>\n\t\t\t\t\t\t\t<p>+351 253 811 882<\/p>\n\t\t\t\t\t\t\t\n\t\t\t\t\t\t\t\t<p>Largo Dr. Jos\u00e9 Novais<\/p>\n\t\t\t\t\t\t\t\n\t\t\t\t\t\t<\/div>\n\t\t\t\t\t<\/div>\n\t\t\t\t\n\t\t\t<\/div>\n\t\t<\/div>\n\n\t\t<div id=\"clientForm\">\n        <section>\n        <img decoding=\"async\" src=\"https:\/\/cdn.pilgrim.es\/web\/home\/email-contacto.png\" alt=\"contacto\">\n        <div>\n            <p>Ti inviamo la tua pianificazione<\/p>\n            <p>Forniscici i tuoi dati e ricevi la pianificazione del tuo viaggio via email <\/p>\n            <form method=\"post\" data-url=\"\/wp-admin\/admin-ajax.php\" id=\"planner--client\" class=\"flag-right form-client\">\n    <div class=\"form-data\">\n        <input name=\"form_id\" type=\"hidden\" value=\"Formulario Leads\">\n        <input name=\"type\" type=\"hidden\" value=\"planner_client\">\n        <input type=\"text\" name=\"nombre\" value=\"\" size=\"40\" class=\"form-control\" aria-required=\"true\" aria-invalid=\"false\" placeholder=\"Nome\">\n        <input type=\"email\" name=\"email\" value=\"\" size=\"40\" class=\"form-control\" aria-required=\"true\" aria-invalid=\"false\" placeholder=\"Mail\">\n        <input type=\"text\" id=\"phone-input\" name=\"tel\" value=\"\" size=\"40\" class=\"phone-input form-control\" aria-required=\"true\" aria-invalid=\"false\" placeholder=\"Telefono\">\n        <input type=\"hidden\" name=\"telefono\">\n    <\/div>\n    <div class=\"form-checkbox\">\n        <span>\n            Pilgrim Travel. S.L. informa, come previsto dal Regolamento 2016\/679, che i dati utilizzati in questo modulo verranno utilizzati sia per la risposta delle eventuali consultazioni sia per la pub-blicazione dei commenti, essendo il consenso dell'utente la base di legittimazione. Potranno esse-re esercitati i diritti in conformit\u00e0 con quanto stabilito dalla nostra             <a href=\"https:\/\/www.pilgrim.es\/it\/informativa-sulla-privacy\/\" target=\"_blank\" rel=\"noopener noreferrer nofollow\">Politica di privacy.<\/a>\n        <\/span>\n    <\/div>\n\n    <div class=\"form-submit\">\n        <button id=\"planner--client-create\" type=\"submit\">Formulario di contatto<\/button>\n        <div class=\"loadingDiv\"><i class=\"p-spinner\"><\/i><\/div>\n    <\/div>\n\n    <div class=\"contact-content-form-success\">\n        <p><i class=\"fas fa-check\"><\/i> Il modulo \u00e8 stato inviato correttamente<\/p>\n    <\/div>\n\n    <div class=\"contact-content-form-error\">\n        <span class=\"input-error\"><\/span>\n    <\/div>\n<\/form>        <\/div>\n    <\/section>\n<\/div>\n\n\t\t<div id=\"recomendationSection\">\n\t\t\t<div>\n\t\t\t\t<h2 class=\"p-h2-town\">Consigliato<\/h2>\n\t\t\t\t<hr>\n\t\t\t\t<h3 class=\"p-h3-town\">Gastronomia<\/h3>\n\t\t\t<\/div>\n\t\t\tLa gastronomia della citt\u00e0 di Barcelos \u00e8 strettamente legata al galletto arrosto, e c&#8217;\u00e8 persino una festa in suo onore.\n\nAltri piatti tradizionali sono le rucole, le patate sarrabulho, il polpo alla griglia, il baccal\u00e0 arrosto e alla griglia, il pica arroz piso e la zuppa verde.\n\nPer quanto riguarda i dolci, ci sono la cr\u00e8me de leche, il budino, le ecleres, i dolci dei pellegrini e il pane francese del Minho. Infine, \u00e8 bene ricordare che ogni pasto deve essere accompagnato da un buon vino Verde locale.\n\t\t<\/div>\n\n\n\t\t\n\t\t\t<div id=\"holidaysSection\">\n\t\t\t\t<div>\n\t\t\t\t\t<h2 class=\"p-h2-town\">Consigliato<\/h2>\n\t\t\t\t\t<hr>\n\t\t\t\t\t<h3 class=\"p-h3-town\">Festival e pellegrinaggi<\/h3>\n\t\t\t\t<\/div>\n\t\t\t\t<div class=\"grid holidays-grid\">\n\t\t\t\t\t\n\t\t\t\t\t\t<div>\n\t\t\t\t\t\t\t<div class=\"phone-number-item\">\n\t\t\t\t\t\t\t\t<div class=\"phone-number-item__icon\"><i class=\"icon-holiday\"><\/i><\/div>\n\t\t\t\t\t\t\t\t<div class=\"phone-number-item__title dark-text\">\n\t\t\t\t\t\t\t\t\t<p class=\"p-font-bold\">Vacanza locale<\/p>\n\t\t\t\t\t\t\t\t\t<p>Cada jueves: Mayor y m\u00e1s antiguo mercado al aire libre<\/p>\n\t\t\t\t\t\t\t\t<\/div>\n\t\t\t\t\t\t\t<\/div>\n\t\t\t\t\t\t<\/div>\n\t\t\t\t\t\n\t\t\t\t\t\t<div>\n\t\t\t\t\t\t\t<div class=\"phone-number-item\">\n\t\t\t\t\t\t\t\t<div class=\"phone-number-item__icon\"><i class=\"icon-holiday\"><\/i><\/div>\n\t\t\t\t\t\t\t\t<div class=\"phone-number-item__title dark-text\">\n\t\t\t\t\t\t\t\t\t<p class=\"p-font-bold\">Vacanza locale<\/p>\n\t\t\t\t\t\t\t\t\t<p>El tercer fin de semana de Octubre: Fiesta del Gallo<\/p>\n\t\t\t\t\t\t\t\t<\/div>\n\t\t\t\t\t\t\t<\/div>\n\t\t\t\t\t\t<\/div>\n\t\t\t\t\t\n\t\t\t\t\t\t<div>\n\t\t\t\t\t\t\t<div class=\"phone-number-item\">\n\t\t\t\t\t\t\t\t<div class=\"phone-number-item__icon\"><i class=\"icon-holiday\"><\/i><\/div>\n\t\t\t\t\t\t\t\t<div class=\"phone-number-item__title dark-text\">\n\t\t\t\t\t\t\t\t\t<p class=\"p-font-bold\">Vacanza locale<\/p>\n\t\t\t\t\t\t\t\t\t<p>\u00daltimo fin de semana de Julio: Festival de Folclore<\/p>\n\t\t\t\t\t\t\t\t<\/div>\n\t\t\t\t\t\t\t<\/div>\n\t\t\t\t\t\t<\/div>\n\t\t\t\t\t\n\t\t\t\t<\/div>\n\t\t\t<\/div>\n\t\t\n\t<\/div>\n<\/section>\n\n<div id=\"stage_list_section\"><div class=\"stage-list\">\n    <div class='stage-list__map-card'>\n        <div class='stage-list__map-card__map'>\n            <div class='stage-list__map-card__map__text'>\n                <h2> Pages <\/h2>\n                <p> A piedi<\/p>\n                <p> 0tappe<\/p>\n            <\/div>\n            <div class='stage-list__map-card__map__img'>\n                <img decoding=\"async\" src=\"\" alt=\" mapa \" \/>\n            <\/div>\n        <\/div>\n    <\/div>\n\n    <\/div>\n<\/div> ","protected":false},"excerpt":{"rendered":"<p>Barcelos &#8249; Ritorno al palcoscenico Barcelos Abitanti: 120.391 aprox. Provincia: Informazioni Get to know Barcelos La citt\u00e0 di Barcelos ha un legame molto speciale con il tradizionale galletto dalla cresta colorata che, pur essendo un simbolo di tutto il Paese, \u00e8 nato in questa citt\u00e0 come sigillo di identit\u00e0. E&#8217; anche sede di un gran &hellip; <\/p>\n<p class=\"read_more\"><a href=\"https:\/\/www.pilgrim.es\/it\/cammino-portoghese\/barcelos\/\">Leer m\u00e1s<\/a><\/p>\n","protected":false},"author":0,"featured_media":1925,"parent":10770,"menu_order":0,"comment_status":"closed","ping_status":"closed","template":"views\/template-new-web-design.blade.php","meta":{"footnotes":""},"categories":[],"tags":[],"class_list":["post-91211","page","type-page","status-publish","has-post-thumbnail","hentry"],"yoast_head":"<!-- This site is optimized with the Yoast SEO plugin v27.4 - https:\/\/yoast.com\/product\/yoast-seo-wordpress\/ -->\n<title>Barcelos: Cosa vedere e dove dormire | Cammino di Santiago | Pilgrim<\/title>\n<meta name=\"description\" content=\"Barcelos Scopri tutte le informazioni su dove alloggiare, come arrivare, cosa mangiare e sui principali punti di interesse delle localit\u00e0 lungo il Cammino Portoghese.\" \/>\n<meta name=\"robots\" content=\"index, follow, max-snippet:-1, max-image-preview:large, max-video-preview:-1\" \/>\n<link rel=\"canonical\" href=\"https:\/\/www.pilgrim.es\/it\/cammino-portoghese\/barcelos\/\" \/>\n<meta property=\"og:locale\" content=\"it_IT\" \/>\n<meta property=\"og:type\" content=\"article\" \/>\n<meta property=\"og:title\" content=\"Barcelos: Cosa vedere e dove dormire | Cammino di Santiago | Pilgrim\" \/>\n<meta property=\"og:description\" content=\"Barcelos Scopri tutte le informazioni su dove alloggiare, come arrivare, cosa mangiare e sui principali punti di interesse delle localit\u00e0 lungo il Cammino Portoghese.\" \/>\n<meta property=\"og:url\" content=\"https:\/\/www.pilgrim.es\/it\/cammino-portoghese\/barcelos\/\" \/>\n<meta property=\"og:site_name\" content=\"Pilgrim\" \/>\n<meta property=\"article:publisher\" content=\"https:\/\/www.facebook.com\/pilgrim.es\/\" \/>\n<meta property=\"og:image\" content=\"https:\/\/www.pilgrim.es\/wp-content\/uploads\/2019\/02\/barcelos1-520x370.jpg\" \/>\n\t<meta property=\"og:image:width\" content=\"520\" \/>\n\t<meta property=\"og:image:height\" content=\"370\" \/>\n\t<meta property=\"og:image:type\" content=\"image\/jpeg\" \/>\n<meta name=\"twitter:card\" content=\"summary_large_image\" \/>\n<meta name=\"twitter:site\" content=\"@pilgrim_es\" \/>\n<meta name=\"twitter:label1\" content=\"Tempo di lettura stimato\" \/>\n\t<meta name=\"twitter:data1\" content=\"10 minuti\" \/>\n<script type=\"application\/ld+json\" class=\"yoast-schema-graph\">{\"@context\":\"https:\\\/\\\/schema.org\",\"@graph\":[{\"@type\":\"WebPage\",\"@id\":\"https:\\\/\\\/www.pilgrim.es\\\/it\\\/cammino-portoghese\\\/barcelos\\\/\",\"url\":\"https:\\\/\\\/www.pilgrim.es\\\/it\\\/cammino-portoghese\\\/barcelos\\\/\",\"name\":\"Barcelos: Cosa vedere e dove dormire | Cammino di Santiago | Pilgrim\",\"isPartOf\":{\"@id\":\"https:\\\/\\\/www.pilgrim.es\\\/it\\\/#website\"},\"primaryImageOfPage\":{\"@id\":\"https:\\\/\\\/www.pilgrim.es\\\/it\\\/cammino-portoghese\\\/barcelos\\\/#primaryimage\"},\"image\":{\"@id\":\"https:\\\/\\\/www.pilgrim.es\\\/it\\\/cammino-portoghese\\\/barcelos\\\/#primaryimage\"},\"thumbnailUrl\":\"https:\\\/\\\/www.pilgrim.es\\\/wp-content\\\/uploads\\\/2019\\\/02\\\/barcelos1-520x370.jpg\",\"datePublished\":\"2025-03-17T14:03:00+00:00\",\"description\":\"Barcelos Scopri tutte le informazioni su dove alloggiare, come arrivare, cosa mangiare e sui principali punti di interesse delle localit\u00e0 lungo il Cammino Portoghese.\",\"breadcrumb\":{\"@id\":\"https:\\\/\\\/www.pilgrim.es\\\/it\\\/cammino-portoghese\\\/barcelos\\\/#breadcrumb\"},\"inLanguage\":\"it-IT\",\"potentialAction\":[{\"@type\":\"ReadAction\",\"target\":[\"https:\\\/\\\/www.pilgrim.es\\\/it\\\/cammino-portoghese\\\/barcelos\\\/\"]}]},{\"@type\":\"ImageObject\",\"inLanguage\":\"it-IT\",\"@id\":\"https:\\\/\\\/www.pilgrim.es\\\/it\\\/cammino-portoghese\\\/barcelos\\\/#primaryimage\",\"url\":\"https:\\\/\\\/www.pilgrim.es\\\/wp-content\\\/uploads\\\/2019\\\/02\\\/barcelos1-520x370.jpg\",\"contentUrl\":\"https:\\\/\\\/www.pilgrim.es\\\/wp-content\\\/uploads\\\/2019\\\/02\\\/barcelos1-520x370.jpg\",\"width\":520,\"height\":370,\"caption\":\"Barcelos\"},{\"@type\":\"BreadcrumbList\",\"@id\":\"https:\\\/\\\/www.pilgrim.es\\\/it\\\/cammino-portoghese\\\/barcelos\\\/#breadcrumb\",\"itemListElement\":[{\"@type\":\"ListItem\",\"position\":1,\"name\":\"Camino de Santiago\",\"item\":\"https:\\\/\\\/www.pilgrim.es\\\/it\\\/\"},{\"@type\":\"ListItem\",\"position\":2,\"name\":\"Cammino Portoghese\",\"item\":\"https:\\\/\\\/www.pilgrim.es\\\/it\\\/cammino-portoghese\\\/\"},{\"@type\":\"ListItem\",\"position\":3,\"name\":\"Barcelos\"}]},{\"@type\":\"WebSite\",\"@id\":\"https:\\\/\\\/www.pilgrim.es\\\/it\\\/#website\",\"url\":\"https:\\\/\\\/www.pilgrim.es\\\/it\\\/\",\"name\":\"Pilgrim\",\"description\":\"Camino de Santiago | Caminamos Contigo\",\"publisher\":{\"@id\":\"https:\\\/\\\/www.pilgrim.es\\\/it\\\/#organization\"},\"potentialAction\":[{\"@type\":\"SearchAction\",\"target\":{\"@type\":\"EntryPoint\",\"urlTemplate\":\"https:\\\/\\\/www.pilgrim.es\\\/it\\\/?s={search_term_string}\"},\"query-input\":{\"@type\":\"PropertyValueSpecification\",\"valueRequired\":true,\"valueName\":\"search_term_string\"}}],\"inLanguage\":\"it-IT\"},{\"@type\":\"Organization\",\"@id\":\"https:\\\/\\\/www.pilgrim.es\\\/it\\\/#organization\",\"name\":\"Pilgrim Camino de Santiago\",\"url\":\"https:\\\/\\\/www.pilgrim.es\\\/it\\\/\",\"logo\":{\"@type\":\"ImageObject\",\"inLanguage\":\"it-IT\",\"@id\":\"https:\\\/\\\/www.pilgrim.es\\\/it\\\/#\\\/schema\\\/logo\\\/image\\\/\",\"url\":\"https:\\\/\\\/www.pilgrim.es\\\/wp-content\\\/uploads\\\/2019\\\/04\\\/logo_pilgrim.png\",\"contentUrl\":\"https:\\\/\\\/www.pilgrim.es\\\/wp-content\\\/uploads\\\/2019\\\/04\\\/logo_pilgrim.png\",\"width\":512,\"height\":512,\"caption\":\"Pilgrim Camino de Santiago\"},\"image\":{\"@id\":\"https:\\\/\\\/www.pilgrim.es\\\/it\\\/#\\\/schema\\\/logo\\\/image\\\/\"},\"sameAs\":[\"https:\\\/\\\/www.facebook.com\\\/pilgrim.es\\\/\",\"https:\\\/\\\/x.com\\\/pilgrim_es\",\"https:\\\/\\\/www.instagram.com\\\/pilgrim.es\\\/\",\"https:\\\/\\\/www.linkedin.com\\\/company\\\/pilgrim-camino-de-santiago\\\/\",\"https:\\\/\\\/www.pinterest.es\\\/pilgrimcaminodesantiago\\\/\",\"https:\\\/\\\/www.youtube.com\\\/channel\\\/UCIv2ZzFLXVqthkNF32rKedw\\\/featured\"]}]}<\/script>\n<!-- \/ Yoast SEO plugin. -->","yoast_head_json":{"title":"Barcelos: Cosa vedere e dove dormire | Cammino di Santiago | Pilgrim","description":"Barcelos Scopri tutte le informazioni su dove alloggiare, come arrivare, cosa mangiare e sui principali punti di interesse delle localit\u00e0 lungo il Cammino Portoghese.","robots":{"index":"index","follow":"follow","max-snippet":"max-snippet:-1","max-image-preview":"max-image-preview:large","max-video-preview":"max-video-preview:-1"},"canonical":"https:\/\/www.pilgrim.es\/it\/cammino-portoghese\/barcelos\/","og_locale":"it_IT","og_type":"article","og_title":"Barcelos: Cosa vedere e dove dormire | Cammino di Santiago | Pilgrim","og_description":"Barcelos Scopri tutte le informazioni su dove alloggiare, come arrivare, cosa mangiare e sui principali punti di interesse delle localit\u00e0 lungo il Cammino Portoghese.","og_url":"https:\/\/www.pilgrim.es\/it\/cammino-portoghese\/barcelos\/","og_site_name":"Pilgrim","article_publisher":"https:\/\/www.facebook.com\/pilgrim.es\/","og_image":[{"width":520,"height":370,"url":"https:\/\/www.pilgrim.es\/wp-content\/uploads\/2019\/02\/barcelos1-520x370.jpg","type":"image\/jpeg"}],"twitter_card":"summary_large_image","twitter_site":"@pilgrim_es","twitter_misc":{"Tempo di lettura stimato":"10 minuti"},"schema":{"@context":"https:\/\/schema.org","@graph":[{"@type":"WebPage","@id":"https:\/\/www.pilgrim.es\/it\/cammino-portoghese\/barcelos\/","url":"https:\/\/www.pilgrim.es\/it\/cammino-portoghese\/barcelos\/","name":"Barcelos: Cosa vedere e dove dormire | Cammino di Santiago | Pilgrim","isPartOf":{"@id":"https:\/\/www.pilgrim.es\/it\/#website"},"primaryImageOfPage":{"@id":"https:\/\/www.pilgrim.es\/it\/cammino-portoghese\/barcelos\/#primaryimage"},"image":{"@id":"https:\/\/www.pilgrim.es\/it\/cammino-portoghese\/barcelos\/#primaryimage"},"thumbnailUrl":"https:\/\/www.pilgrim.es\/wp-content\/uploads\/2019\/02\/barcelos1-520x370.jpg","datePublished":"2025-03-17T14:03:00+00:00","description":"Barcelos Scopri tutte le informazioni su dove alloggiare, come arrivare, cosa mangiare e sui principali punti di interesse delle localit\u00e0 lungo il Cammino Portoghese.","breadcrumb":{"@id":"https:\/\/www.pilgrim.es\/it\/cammino-portoghese\/barcelos\/#breadcrumb"},"inLanguage":"it-IT","potentialAction":[{"@type":"ReadAction","target":["https:\/\/www.pilgrim.es\/it\/cammino-portoghese\/barcelos\/"]}]},{"@type":"ImageObject","inLanguage":"it-IT","@id":"https:\/\/www.pilgrim.es\/it\/cammino-portoghese\/barcelos\/#primaryimage","url":"https:\/\/www.pilgrim.es\/wp-content\/uploads\/2019\/02\/barcelos1-520x370.jpg","contentUrl":"https:\/\/www.pilgrim.es\/wp-content\/uploads\/2019\/02\/barcelos1-520x370.jpg","width":520,"height":370,"caption":"Barcelos"},{"@type":"BreadcrumbList","@id":"https:\/\/www.pilgrim.es\/it\/cammino-portoghese\/barcelos\/#breadcrumb","itemListElement":[{"@type":"ListItem","position":1,"name":"Camino de Santiago","item":"https:\/\/www.pilgrim.es\/it\/"},{"@type":"ListItem","position":2,"name":"Cammino Portoghese","item":"https:\/\/www.pilgrim.es\/it\/cammino-portoghese\/"},{"@type":"ListItem","position":3,"name":"Barcelos"}]},{"@type":"WebSite","@id":"https:\/\/www.pilgrim.es\/it\/#website","url":"https:\/\/www.pilgrim.es\/it\/","name":"Pilgrim","description":"Camino de Santiago | Caminamos Contigo","publisher":{"@id":"https:\/\/www.pilgrim.es\/it\/#organization"},"potentialAction":[{"@type":"SearchAction","target":{"@type":"EntryPoint","urlTemplate":"https:\/\/www.pilgrim.es\/it\/?s={search_term_string}"},"query-input":{"@type":"PropertyValueSpecification","valueRequired":true,"valueName":"search_term_string"}}],"inLanguage":"it-IT"},{"@type":"Organization","@id":"https:\/\/www.pilgrim.es\/it\/#organization","name":"Pilgrim Camino de Santiago","url":"https:\/\/www.pilgrim.es\/it\/","logo":{"@type":"ImageObject","inLanguage":"it-IT","@id":"https:\/\/www.pilgrim.es\/it\/#\/schema\/logo\/image\/","url":"https:\/\/www.pilgrim.es\/wp-content\/uploads\/2019\/04\/logo_pilgrim.png","contentUrl":"https:\/\/www.pilgrim.es\/wp-content\/uploads\/2019\/04\/logo_pilgrim.png","width":512,"height":512,"caption":"Pilgrim Camino de Santiago"},"image":{"@id":"https:\/\/www.pilgrim.es\/it\/#\/schema\/logo\/image\/"},"sameAs":["https:\/\/www.facebook.com\/pilgrim.es\/","https:\/\/x.com\/pilgrim_es","https:\/\/www.instagram.com\/pilgrim.es\/","https:\/\/www.linkedin.com\/company\/pilgrim-camino-de-santiago\/","https:\/\/www.pinterest.es\/pilgrimcaminodesantiago\/","https:\/\/www.youtube.com\/channel\/UCIv2ZzFLXVqthkNF32rKedw\/featured"]}]}},"_links":{"self":[{"href":"https:\/\/www.pilgrim.es\/it\/wp-json\/wp\/v2\/pages\/91211","targetHints":{"allow":["GET"]}}],"collection":[{"href":"https:\/\/www.pilgrim.es\/it\/wp-json\/wp\/v2\/pages"}],"about":[{"href":"https:\/\/www.pilgrim.es\/it\/wp-json\/wp\/v2\/types\/page"}],"replies":[{"embeddable":true,"href":"https:\/\/www.pilgrim.es\/it\/wp-json\/wp\/v2\/comments?post=91211"}],"version-history":[{"count":0,"href":"https:\/\/www.pilgrim.es\/it\/wp-json\/wp\/v2\/pages\/91211\/revisions"}],"up":[{"embeddable":true,"href":"https:\/\/www.pilgrim.es\/it\/wp-json\/wp\/v2\/pages\/10770"}],"wp:featuredmedia":[{"embeddable":true,"href":"https:\/\/www.pilgrim.es\/it\/wp-json\/wp\/v2\/media\/1925"}],"wp:attachment":[{"href":"https:\/\/www.pilgrim.es\/it\/wp-json\/wp\/v2\/media?parent=91211"}],"wp:term":[{"taxonomy":"category","embeddable":true,"href":"https:\/\/www.pilgrim.es\/it\/wp-json\/wp\/v2\/categories?post=91211"},{"taxonomy":"post_tag","embeddable":true,"href":"https:\/\/www.pilgrim.es\/it\/wp-json\/wp\/v2\/tags?post=91211"}],"curies":[{"name":"wp","href":"https:\/\/api.w.org\/{rel}","templated":true}]}}