{"id":91205,"date":"2025-03-17T14:01:15","date_gmt":"2025-03-17T14:01:15","guid":{"rendered":"https:\/\/www.pilgrim.es\/cammino-portoghese\/porto\/"},"modified":"2025-03-17T14:01:15","modified_gmt":"2025-03-17T14:01:15","slug":"porto","status":"publish","type":"page","link":"https:\/\/www.pilgrim.es\/it\/cammino-portoghese\/porto\/","title":{"rendered":"Oporto"},"content":{"rendered":" <section id=\"hero\">\n\t<h1>Oporto<\/h1>\n\t<div class=\"hero-grid\">\n\t\t<div class=\"hero-grid__town-col\" data-background=\"https:\/\/cdn.pilgrim.es\/web\/caminos\/camino-portugues\/pueblos\/porto\/porto.jpg\">\n\t\t\t<div>\n\t\t\t\t<a class=\"link-to-stage\" href=\"https:\/\/www.pilgrim.es\/camino-portugues\/etapa-14-grijo-oporto\/\">\n\t\t\t\t\t<p>&#8249; Ritorno al palcoscenico<\/p>\n\t\t\t\t<\/a>\n\n\t\t\t\t<div class=\"town-data\">\n\t\t\t\t\t<h2>Oporto<\/h2>\n\t\t\t\t\t<ul>\n\t\t\t\t\t\t<li>Abitanti: 237.559 aprox.<\/li>\n\t\t\t\t\t\t<li>Provincia: <\/li>\n\t\t\t\t\t<\/ul>\n\t\t\t\t<\/div>\n\t\t\t<\/div>\n\t\t<\/div>\n\t\t<div class=\"hero-grid__planner-col\"><div\r\n  class=\"p-col-span-1 p-rounded-lg p-px-5 p-h-full\"\r\n  style=\"background-image: url('https:\/\/cdn.pilgrim.es\/web\/pilgrim-planner\/bg-plugin-planificador.webp')\"\r\n  rel=\"preload\"\r\n  fetchpriority=\"high\"\r\n  >\r\n    <div class=\"p-text-center p-pt-5 p-text-white p-text-2xl p-font-semibold\">\r\n      Pianifica il tuo cammino    <\/div>\r\n    <div\r\n            id='primary-app'\r\n            data-name='banner'\r\n            data-api='https:\/\/pathfinder.pilgrim.es\/api\/pathfinder\/v2'\r\n            data-mode='normal'\r\n            data-lang='it'\r\n            data-route='1'\r\n            data-destiny='https:\/\/planificador.pilgrim.es'\r\n            data-modality='1'\r\n            data-inline=''\r\n        ><\/div><\/div><\/div>\n\t<\/div>\n<\/section>\n\n<section id=\"infoTown\">\n\t<div class=\"sections-town\">\n\n\t\t<div id=\"informationSection\">\n\t\t\t<div>\n\t\t\t\t<h2 class=\"p-h2-town\">Informazioni<\/h2>\n\t\t\t\t<hr>\n\t\t\t\t<h3 class=\"p-h3-town\">Get to know Oporto<\/h3>\n\t\t\t<\/div>\n\t\t\t<p>Oporto \u00e8 la seconda citt\u00e0 pi\u00f9 importante del Portogallo dopo la capitale, Lisbona. Come la maggior parte delle citt\u00e0, ha un vasto patrimonio storico ed \u00e8 stata dichiarata Patrimonio dell&#8217;Umanit\u00e0 dall&#8217;UNESCO.<\/p> <p>Oporto \u00e8 il punto di partenza per molti pellegrini del Camino; la credenziale pu\u00f2 essere ottenuta presso la Cattedrale. Quindi al camminatore a questo punto non mancher\u00e0 nulla.\n\t\t<\/div>\n\n\t\t<div id=\"locationSection\">\n\t\t\t<div>\n\t\t\t\t<h2 class=\"p-h2-town\">Posizione<\/h2>\n\t\t\t\t<hr>\n\t\t\t\t<h3 class=\"p-h3-town\">Come arrivare<\/h3>\n\t\t\t<\/div>\n\t\t\t<p>La citt\u00e0 \u00e8 servita da strade principali come la A-1, che collega Lisbona e Porto, la A-3 che collega Porto al confine con la Galizia e l&#8217;autostrada A-28, la A-4 che collega Matosinhos ad Amarante e la A-41 che collega Porto all&#8217;Algarve. La citt\u00e0 \u00e8 inoltre attraversata da numerose strade nazionali, secondarie e tangenziali.\n\n<p>Se volete raggiungere la citt\u00e0 in treno dalla Spagna, l&#8217;opzione pi\u00f9 veloce \u00e8 quella da Vigo, che impiega solo due ore e dispone di diverse linee giornaliere. Da qualsiasi altra parte del paese le linee vanno tutte a Lisbona e poi bisogna prenderne un&#8217;altra per Porto.\n\n<p>La stazione degli autobus offre linee regolari da vari punti della Spagna che collegano tutta la penisola. Inoltre, dispone di un aeroporto con un&#8217;ampia rete di compagnie aeree, sia nazionali che internazionali. Infine, \u00e8 possibile raggiungere Porto in barca con una crociera fluviale lungo il fiume Douro.\n\t\t\t<div>\n\t\t\t\t<div>\n  <iframe loading=\"lazy\"\n    src=\"https:\/\/www.google.com\/maps\/d\/embed?mid=1GvJGkxANvZM4Hu-eOsb2eH_pZJxH080&amp;ehbc=2E312F\"\n    width=\"640\"\n    height=\"480\"\n    alt=\"Mapa Oporto\"\n  ><\/iframe>\n<\/div>\n\n\t\t\t<\/div>\n\t\t<\/div>\n\n\t\t\n\t\t\t<div id=\"toVisitSection\">\n\t\t\t\t<div>\n\t\t\t\t\t<h2 class=\"p-h2-town\">Storia \/ Cultura<\/h2>\n\t\t\t\t\t<hr>\n\t\t\t\t\t<h3 class=\"p-h3-town\">Cosa vedere<\/h3>\n\t\t\t\t<\/div>\n\t\t\t\t<div>\n\t\t\t\t\t<div class=\"accordion\">\n\t\t\t\t\t\t<div class=\"accordion__menu\">\n\t\t\t\t\t\t\t<nav>\n\t\t\t\t\t\t\t\t\n\t\t\t\t\t\t\t\t\t<button class=\"nav-tab-accordion active\"><span>&#10093;<\/span><span> Puente Mar\u00eda P\u00eda<\/span><\/button>\n\t\t\t\t\t\t\t\t\n\t\t\t\t\t\t\t\t\t<button class=\"nav-tab-accordion \"><span>&#10093;<\/span><span> Puente do Infante<\/span><\/button>\n\t\t\t\t\t\t\t\t\n\t\t\t\t\t\t\t\t\t<button class=\"nav-tab-accordion \"><span>&#10093;<\/span><span> Puente do Freixo<\/span><\/button>\n\t\t\t\t\t\t\t\t\n\t\t\t\t\t\t\t\t\t<button class=\"nav-tab-accordion \"><span>&#10093;<\/span><span> Puente da Arr\u00e1bida<\/span><\/button>\n\t\t\t\t\t\t\t\t\n\t\t\t\t\t\t\t\t\t<button class=\"nav-tab-accordion \"><span>&#10093;<\/span><span> Plaza da Liberdade<\/span><\/button>\n\t\t\t\t\t\t\t\t\n\t\t\t\t\t\t\t\t\t<button class=\"nav-tab-accordion \"><span>&#10093;<\/span><span> Catedral de la S\u00e9<\/span><\/button>\n\t\t\t\t\t\t\t\t\n\t\t\t\t\t\t\t\t\t<button class=\"nav-tab-accordion \"><span>&#10093;<\/span><span> Palacio da Bolsa<\/span><\/button>\n\t\t\t\t\t\t\t\t\n\t\t\t\t\t\t\t\t\t<button class=\"nav-tab-accordion \"><span>&#10093;<\/span><span> Museo Nacional Soares dos Reis<\/span><\/button>\n\t\t\t\t\t\t\t\t\n\t\t\t\t\t\t\t\t\t<button class=\"nav-tab-accordion \"><span>&#10093;<\/span><span> Museo do Vinho do Porto<\/span><\/button>\n\t\t\t\t\t\t\t\t\n\t\t\t\t\t\t\t\t\t<button class=\"nav-tab-accordion \"><span>&#10093;<\/span><span> Museo do Carro El\u00e9ctrico<\/span><\/button>\n\t\t\t\t\t\t\t\t\n\t\t\t\t\t\t\t\t\t<button class=\"nav-tab-accordion \"><span>&#10093;<\/span><span> Museo do Papel Moeda<\/span><\/button>\n\t\t\t\t\t\t\t\t\n\t\t\t\t\t\t\t\t\t<button class=\"nav-tab-accordion \"><span>&#10093;<\/span><span> Museo de Arte Sacra<\/span><\/button>\n\t\t\t\t\t\t\t\t\n\t\t\t\t\t\t\t\t\t<button class=\"nav-tab-accordion \"><span>&#10093;<\/span><span> Museo da Miseric\u00f3rdia<\/span><\/button>\n\t\t\t\t\t\t\t\t\n\t\t\t\t\t\t\t\t\t<button class=\"nav-tab-accordion \"><span>&#10093;<\/span><span> Casa do Infante<\/span><\/button>\n\t\t\t\t\t\t\t\t\n\t\t\t\t\t\t\t\t\t<button class=\"nav-tab-accordion \"><span>&#10093;<\/span><span> Casa da M\u00fasica<\/span><\/button>\n\t\t\t\t\t\t\t\t\n\t\t\t\t\t\t\t\t\t<button class=\"nav-tab-accordion \"><span>&#10093;<\/span><span> Museo de Historia Natural<\/span><\/button>\n\t\t\t\t\t\t\t\t\n\t\t\t\t\t\t\t\t\t<button class=\"nav-tab-accordion \"><span>&#10093;<\/span><span> Mercado do Bolh\u00e3o<\/span><\/button>\n\t\t\t\t\t\t\t\t\n\t\t\t\t\t\t\t\t\t<button class=\"nav-tab-accordion \"><span>&#10093;<\/span><span> Puente Lu\u00eds I<\/span><\/button>\n\t\t\t\t\t\t\t\t\n\t\t\t\t\t\t\t\t\t<button class=\"nav-tab-accordion \"><span>&#10093;<\/span><span> Puente de S\u00e3o Jo\u00e3o<\/span><\/button>\n\t\t\t\t\t\t\t\t\n\t\t\t\t\t\t\t\t\t<button class=\"nav-tab-accordion \"><span>&#10093;<\/span><span> Museo Nacional da Imprensa<\/span><\/button>\n\t\t\t\t\t\t\t\t\n\t\t\t\t\t\t\t\t\t<button class=\"nav-tab-accordion \"><span>&#10093;<\/span><span> Museo Militar do Porto<\/span><\/button>\n\t\t\t\t\t\t\t\t\n\t\t\t\t\t\t\t\t\t<button class=\"nav-tab-accordion \"><span>&#10093;<\/span><span> Museo da Industria<\/span><\/button>\n\t\t\t\t\t\t\t\t\n\t\t\t\t\t\t\t\t\t<button class=\"nav-tab-accordion \"><span>&#10093;<\/span><span> Librer\u00eda Lello e Irm\u00e3o<\/span><\/button>\n\t\t\t\t\t\t\t\t\n\t\t\t\t\t\t\t\t\t<button class=\"nav-tab-accordion \"><span>&#10093;<\/span><span> Jardines do Pal\u00e1cio de Cristal<\/span><\/button>\n\t\t\t\t\t\t\t\t\n\t\t\t\t\t\t\t\t\t<button class=\"nav-tab-accordion \"><span>&#10093;<\/span><span> Iglesia y Torre dos Cl\u00e9rigos<\/span><\/button>\n\t\t\t\t\t\t\t\t\n\t\t\t\t\t\t\t\t\t<button class=\"nav-tab-accordion \"><span>&#10093;<\/span><span> Iglesia de S\u00e3o Loren\u00e7o dos Grilos<\/span><\/button>\n\t\t\t\t\t\t\t\t\n\t\t\t\t\t\t\t\t\t<button class=\"nav-tab-accordion \"><span>&#10093;<\/span><span> Iglesia de S\u00e3o Francisco<\/span><\/button>\n\t\t\t\t\t\t\t\t\n\t\t\t\t\t\t\t\t\t<button class=\"nav-tab-accordion \"><span>&#10093;<\/span><span> Gabinete de Numism\u00e1tica<\/span><\/button>\n\t\t\t\t\t\t\t\t\n\t\t\t\t\t\t\t\t\t<button class=\"nav-tab-accordion \"><span>&#10093;<\/span><span> Forte de S\u00e3o Francisco Xavier do Queijo<\/span><\/button>\n\t\t\t\t\t\t\t\t\n\t\t\t\t\t\t\t\t\t<button class=\"nav-tab-accordion \"><span>&#10093;<\/span><span> Estaci\u00f3n S\u00e3o Bento<\/span><\/button>\n\t\t\t\t\t\t\t\t\n\t\t\t\t\t\t\t\t\t<button class=\"nav-tab-accordion \"><span>&#10093;<\/span><span> Casa Museo Marta Ortig\u00e3o Sampaio<\/span><\/button>\n\t\t\t\t\t\t\t\t\n\t\t\t\t\t\t\t\t\t<button class=\"nav-tab-accordion \"><span>&#10093;<\/span><span> Casa Museo Fernando de Castro<\/span><\/button>\n\t\t\t\t\t\t\t\t\n\t\t\t\t\t\t\t\t\t<button class=\"nav-tab-accordion \"><span>&#10093;<\/span><span> Fundaci\u00f3n Serralves<\/span><\/button>\n\t\t\t\t\t\t\t\t\n\t\t\t\t\t\t\t\t\t<button class=\"nav-tab-accordion \"><span>&#10093;<\/span><span> Museo dos Transportes e Comunica\u00e7\u00f5es<\/span><\/button>\n\t\t\t\t\t\t\t\t\n\t\t\t\t\t\t\t\t\t<button class=\"nav-tab-accordion \"><span>&#10093;<\/span><span> Bodegas Vinho Porto<\/span><\/button>\n\t\t\t\t\t\t\t\t\n\t\t\t\t\t\t\t<\/nav>\n\t\t\t\t\t\t<\/div>\n\n\t\t\t\t\t\t\n\t\t\t\t\t\t\t<div class=\"accordion__accordion-content \">\n\t\t\t\t\t\t\t\t<div>\n\t\t\t\t\t\t\t\t\t<div>\n\t\t\t\t\t\t\t\t\t\t<h4>Puente Mar\u00eda P\u00eda<\/h4>\n\t\t\t\t\t\t\t\t\t\t<p>Il Ponte di Mar\u00eda Pia fu costruito tra il 1876 e il 1877 e attraversa il fiume Douro. \u00c8 considerato il primo ponte ad arco con accesso ferroviario a collegare le due sponde del Douro. Questo ponte non \u00e8 pi\u00f9 in uso dal 1991, quando \u00e8 stato costruito in parallelo il Ponte S\u00e3o Jo\u00e3o. <\/p>\n\t\t\t\t\t\t\t\t\t<\/div>\n\t\t\t\t\t\t\t\t\t<img decoding=\"async\" src=\"https:\/\/cdn.pilgrim.es\/web\/caminos\/camino-portugues\/pueblos\/porto\/puntos-de-interes\/puente-maria-pia.jpg\" alt=\"Puente Mar\u00eda P\u00eda\">\n\t\t\t\t\t\t\t\t<\/div>\n\t\t\t\t\t\t\t<\/div>\n\t\t\t\t\t\t\n\t\t\t\t\t\t\t<div class=\"accordion__accordion-content inactive\">\n\t\t\t\t\t\t\t\t<div>\n\t\t\t\t\t\t\t\t\t<div>\n\t\t\t\t\t\t\t\t\t\t<h4>Puente do Infante<\/h4>\n\t\t\t\t\t\t\t\t\t\t<p>Il Ponte Infante, noto anche come Ponte Infante Don Enrique, \u00e8 stato costruito nel 2003 con l&#8217;intento di collegare Porto con Vila Nova de Gaia attraverso il fiume Douro. Per quanto riguarda la sua struttura, \u00e8 interamente in calcestruzzo con un ponte superiore. Al centro del ponte, l&#8217;architrave e l&#8217;arco sono mescolati, formando cos\u00ec una sezione di forma rettangolare. <\/p>\n\t\t\t\t\t\t\t\t\t<\/div>\n\t\t\t\t\t\t\t\t\t<img decoding=\"async\" src=\"https:\/\/cdn.pilgrim.es\/web\/caminos\/camino-portugues\/pueblos\/porto\/puntos-de-interes\/puente-do-infante.jpg\" alt=\"Puente do Infante\">\n\t\t\t\t\t\t\t\t<\/div>\n\t\t\t\t\t\t\t<\/div>\n\t\t\t\t\t\t\n\t\t\t\t\t\t\t<div class=\"accordion__accordion-content inactive\">\n\t\t\t\t\t\t\t\t<div>\n\t\t\t\t\t\t\t\t\t<div>\n\t\t\t\t\t\t\t\t\t\t<h4>Puente do Freixo<\/h4>\n\t\t\t\t\t\t\t\t\t\t<p>Il Ponte Freixo \u00e8 uno dei ponti che collegano Porto a Vila Nova de Gaia dalla sua costruzione nel 1980. Fu costruito per ridurre al minimo gli ingorghi sui ponti Arr\u00e1bida e Don Luis I. Per quanto riguarda la sua struttura, il ponte \u00e8 diviso in otto campate e ha otto corsie di traffico.\n\t\t\t\t\t\t\t\t\t<\/div>\n\t\t\t\t\t\t\t\t\t<img decoding=\"async\" src=\"https:\/\/cdn.pilgrim.es\/web\/caminos\/camino-portugues\/pueblos\/porto\/puntos-de-interes\/puente-do-freixo.jpg\" alt=\"Puente do Freixo\">\n\t\t\t\t\t\t\t\t<\/div>\n\t\t\t\t\t\t\t<\/div>\n\t\t\t\t\t\t\n\t\t\t\t\t\t\t<div class=\"accordion__accordion-content inactive\">\n\t\t\t\t\t\t\t\t<div>\n\t\t\t\t\t\t\t\t\t<div>\n\t\t\t\t\t\t\t\t\t\t<h4>Puente da Arr\u00e1bida<\/h4>\n\t\t\t\t\t\t\t\t\t\t<p>Il Ponte Arr\u00e1bida \u00e8 uno dei sei ponti che attraversano il fiume Douro a Porto per collegare la citt\u00e0 con Vila Nova de Gaia. \u00c8 stato costruito tra il 1957 e il 1963 e all&#8217;epoca era considerato il pi\u00f9 grande ponte ad arco in cemento armato del mondo. Nel 2013 \u00e8 stato dichiarato monumento nazionale.\n\t\t\t\t\t\t\t\t\t<\/div>\n\t\t\t\t\t\t\t\t\t<img decoding=\"async\" src=\"https:\/\/cdn.pilgrim.es\/web\/caminos\/camino-portugues\/pueblos\/porto\/puntos-de-interes\/puente-da-arrabida.jpg\" alt=\"Puente da Arr\u00e1bida\">\n\t\t\t\t\t\t\t\t<\/div>\n\t\t\t\t\t\t\t<\/div>\n\t\t\t\t\t\t\n\t\t\t\t\t\t\t<div class=\"accordion__accordion-content inactive\">\n\t\t\t\t\t\t\t\t<div>\n\t\t\t\t\t\t\t\t\t<div>\n\t\t\t\t\t\t\t\t\t\t<h4>Plaza da Liberdade<\/h4>\n\t\t\t\t\t\t\t\t\t\t<p>Pla\u00e7a da Liberdade \u00e8 la piazza pi\u00f9 famosa di Porto, in quanto funge da collegamento tra la citt\u00e0 vecchia e quella nuova. Al centro della piazza si trova la statua equina del re Pedro IV, costruita nel 1862, che spicca per la sua ampiezza di dieci metri. <\/p>\n\t\t\t\t\t\t\t\t\t<\/div>\n\t\t\t\t\t\t\t\t\t<img decoding=\"async\" src=\"https:\/\/cdn.pilgrim.es\/web\/caminos\/camino-portugues\/pueblos\/porto\/puntos-de-interes\/plaza-da-liberdade.jpg\" alt=\"Plaza da Liberdade\">\n\t\t\t\t\t\t\t\t<\/div>\n\t\t\t\t\t\t\t<\/div>\n\t\t\t\t\t\t\n\t\t\t\t\t\t\t<div class=\"accordion__accordion-content inactive\">\n\t\t\t\t\t\t\t\t<div>\n\t\t\t\t\t\t\t\t\t<div>\n\t\t\t\t\t\t\t\t\t\t<h4>Catedral de la S\u00e9<\/h4>\n\t\t\t\t\t\t\t\t\t\t<p>La Cattedrale di S\u00e9 di Porto \u00e8 il monumento religioso pi\u00f9 importante della citt\u00e0, nonch\u00e9 una delle cattedrali pi\u00f9 antiche. La sua costruzione inizi\u00f2 a met\u00e0 del XII secolo in stile romanico. L&#8217;opera fu completata solo circa seicento anni dopo, poich\u00e9 sub\u00ec numerosi rimaneggiamenti, presentando cos\u00ec caratteristiche gotiche e barocche. <\/p>\n\n<p>ESTERNO<\/p>\n\n<p>La prima cosa che salta all&#8217;occhio quando si vede la cattedrale \u00e8 la sua immensa facciata romanica, che le conferisce un aspetto da fortezza grazie alle sue grandi torri merlate gemelle. In generale non ci sono quasi ornamenti, anche se spicca il rosone che corona il portico della chiesa. <\/p>\n\t\t\t\t\t\t\t\t\t<\/div>\n\t\t\t\t\t\t\t\t\t<img decoding=\"async\" src=\"https:\/\/cdn.pilgrim.es\/web\/caminos\/camino-portugues\/pueblos\/porto\/puntos-de-interes\/catedral-de-la-se.jpg\" alt=\"Catedral de la S\u00e9\">\n\t\t\t\t\t\t\t\t<\/div>\n\t\t\t\t\t\t\t<\/div>\n\t\t\t\t\t\t\n\t\t\t\t\t\t\t<div class=\"accordion__accordion-content inactive\">\n\t\t\t\t\t\t\t\t<div>\n\t\t\t\t\t\t\t\t\t<div>\n\t\t\t\t\t\t\t\t\t\t<h4>Palacio da Bolsa<\/h4>\n\t\t\t\t\t\t\t\t\t\t<p>Il Pal\u00e1cio da Bolsa \u00e8 stato dichiarato Patrimonio dell&#8217;Umanit\u00e0 dall&#8217;UNESCO. Sorge sulle rovine di un antico convento dell&#8217;ordine francescano. La sua costruzione inizi\u00f2 nel 1842, ma fu inaugurato solo mezzo secolo dopo, nel 1891. In stile neoclassico, il suo interno presenta un cortile centrale noto come Patio de las Naciones (Cortile delle Nazioni), coperto da una struttura di vetro che illumina il palazzo. Al primo piano dell&#8217;edificio si trovano diversi spazi, come la Sala Dorada, ricoperta di foglie d&#8217;oro, la Sala de las Asambleas Generales e infine la pi\u00f9 importante, la Sala \u00c1rabe, la cui costruzione si ispira all&#8217;Alhambra. <\/p>\n\t\t\t\t\t\t\t\t\t<\/div>\n\t\t\t\t\t\t\t\t\t<img decoding=\"async\" src=\"https:\/\/cdn.pilgrim.es\/web\/caminos\/camino-portugues\/pueblos\/porto\/puntos-de-interes\/palacio-da-bolsa.jpg\" alt=\"Palacio da Bolsa\">\n\t\t\t\t\t\t\t\t<\/div>\n\t\t\t\t\t\t\t<\/div>\n\t\t\t\t\t\t\n\t\t\t\t\t\t\t<div class=\"accordion__accordion-content inactive\">\n\t\t\t\t\t\t\t\t<div>\n\t\t\t\t\t\t\t\t\t<div>\n\t\t\t\t\t\t\t\t\t\t<h4>Museo Nacional Soares dos Reis<\/h4>\n\t\t\t\t\t\t\t\t\t\t<p>Il Museo Nazionale Soares dos Reis \u00e8 uno dei musei pi\u00f9 grandi in termini di contenuto, poich\u00e9 le sue collezioni vanno dal XVII secolo agli inizi del XX secolo. Si tratta di sculture, dipinti, arti decorative, oggetti d&#8217;oro indossati dalle donne e cos\u00ec via. Le esposizioni sono suddivise in diverse sale, identificate per secoli, ad eccezione di un&#8217;altra sala che ospita mostre temporanee. L&#8217;edificio che ospita questo museo \u00e8 noto come Palacio das Carrancas, costruito nel XVIII secolo.\n\t\t\t\t\t\t\t\t\t<\/div>\n\t\t\t\t\t\t\t\t\t<img decoding=\"async\" src=\"https:\/\/cdn.pilgrim.es\/web\/caminos\/camino-portugues\/pueblos\/porto\/puntos-de-interes\/museo-nacional-soares-dos-reis.jpg\" alt=\"Museo Nacional Soares dos Reis\">\n\t\t\t\t\t\t\t\t<\/div>\n\t\t\t\t\t\t\t<\/div>\n\t\t\t\t\t\t\n\t\t\t\t\t\t\t<div class=\"accordion__accordion-content inactive\">\n\t\t\t\t\t\t\t\t<div>\n\t\t\t\t\t\t\t\t\t<div>\n\t\t\t\t\t\t\t\t\t\t<h4>Museo do Vinho do Porto<\/h4>\n\t\t\t\t\t\t\t\t\t\t<p>Il Museu do Vinho do Porto si trova al piano terra dell&#8217;edificio Cais Novo. Fu costruito originariamente per servire da magazzino per i vini della Compagnia Generale Agricola dei Vigneti dell&#8217;Alto Douro. Oggi questo museo si propone di divulgare l&#8217;importanza del vino di Porto e del suo commercio. All&#8217;interno del museo si trovano tre sale: Oporto City, Oporto Wine e Oporto Douro River.\n\t\t\t\t\t\t\t\t\t<\/div>\n\t\t\t\t\t\t\t\t\t<img decoding=\"async\" src=\"https:\/\/cdn.pilgrim.es\/web\/caminos\/camino-portugues\/pueblos\/porto\/puntos-de-interes\/museo-do-vinho-do-porto.jpg\" alt=\"Museo do Vinho do Porto\">\n\t\t\t\t\t\t\t\t<\/div>\n\t\t\t\t\t\t\t<\/div>\n\t\t\t\t\t\t\n\t\t\t\t\t\t\t<div class=\"accordion__accordion-content inactive\">\n\t\t\t\t\t\t\t\t<div>\n\t\t\t\t\t\t\t\t\t<div>\n\t\t\t\t\t\t\t\t\t\t<h4>Museo do Carro El\u00e9ctrico<\/h4>\n\t\t\t\t\t\t\t\t\t\t<p>Il Museo do Carro El\u00e9ctrico, noto anche come Museo del Tram, si trova all&#8217;interno dell&#8217;edificio della centrale termoelettrica di Porto. Questo museo ha lo scopo di ospitare e diffondere collezioni di vecchi tram.\n\t\t\t\t\t\t\t\t\t<\/div>\n\t\t\t\t\t\t\t\t\t<img decoding=\"async\" src=\"https:\/\/cdn.pilgrim.es\/web\/caminos\/camino-portugues\/pueblos\/porto\/puntos-de-interes\/museo-do-carro-electrico.jpg\" alt=\"Museo do Carro El\u00e9ctrico\">\n\t\t\t\t\t\t\t\t<\/div>\n\t\t\t\t\t\t\t<\/div>\n\t\t\t\t\t\t\n\t\t\t\t\t\t\t<div class=\"accordion__accordion-content inactive\">\n\t\t\t\t\t\t\t\t<div>\n\t\t\t\t\t\t\t\t\t<div>\n\t\t\t\t\t\t\t\t\t\t<h4>Museo do Papel Moeda<\/h4>\n\t\t\t\t\t\t\t\t\t\t<p>Il Museo do Papel Moeda si trova nella Fondazione Doctor Ant\u00f3nio Cupertino. Dispone di due spazi dedicati alle collezioni permanenti: uno dove si trova una vetrina di cartamoneta e l&#8217;altro dove sono esposte figure in miniatura. Il primo illustra la storia della cartamoneta in Portogallo, mostrando un&#8217;ampia collezione di banconote che rappresentano le emissioni del Banco de Portugal e del Banco Nacional Ultramarino, mentre il secondo ha lo scopo di esporre pi\u00f9 di 5000 miniature di automobili, navi, treni e aerei. Oltre a tutto questo, il museo dispone di altre infrastrutture digitali che completano la visita.\n\t\t\t\t\t\t\t\t\t<\/div>\n\t\t\t\t\t\t\t\t\t<img decoding=\"async\" src=\"https:\/\/cdn.pilgrim.es\/web\/caminos\/camino-portugues\/pueblos\/porto\/puntos-de-interes\/museo-do-papel-moeda.jpg\" alt=\"Museo do Papel Moeda\">\n\t\t\t\t\t\t\t\t<\/div>\n\t\t\t\t\t\t\t<\/div>\n\t\t\t\t\t\t\n\t\t\t\t\t\t\t<div class=\"accordion__accordion-content inactive\">\n\t\t\t\t\t\t\t\t<div>\n\t\t\t\t\t\t\t\t\t<div>\n\t\t\t\t\t\t\t\t\t\t<h4>Museo de Arte Sacra<\/h4>\n\t\t\t\t\t\t\t\t\t\t<p>Il Museo di Arte Sacra si trova nell&#8217;antico Colegio de San Lorenzo. Si tratta di una collezione molto varia, basata soprattutto sull&#8217;enfasi religiosa, come la sala dedicata a Irene Villar, che espone solo pezzi dell&#8217;artista.\n\n<p>OrarioDal marted\u00ec al sabato dalle 10:00 alle 13:00 e dalle 14:30 alle 17:00Domenica, luned\u00ec e giorni festivi chiuso<\/p>\n\n<p>TARIFASTarifa generale 2,00\u20acGruppi di pi\u00f9 di 5 persone 1,00\u20ac a persona<\/p>\n\t\t\t\t\t\t\t\t\t<\/div>\n\t\t\t\t\t\t\t\t\t<img decoding=\"async\" src=\"https:\/\/cdn.pilgrim.es\/web\/caminos\/camino-portugues\/pueblos\/porto\/puntos-de-interes\/museo-de-arte-sacra.jpg\" alt=\"Museo de Arte Sacra\">\n\t\t\t\t\t\t\t\t<\/div>\n\t\t\t\t\t\t\t<\/div>\n\t\t\t\t\t\t\n\t\t\t\t\t\t\t<div class=\"accordion__accordion-content inactive\">\n\t\t\t\t\t\t\t\t<div>\n\t\t\t\t\t\t\t\t\t<div>\n\t\t\t\t\t\t\t\t\t\t<h4>Museo da Miseric\u00f3rdia<\/h4>\n\t\t\t\t\t\t\t\t\t\t<p>Il Museo da Miseric\u00f3rdia ospita una collezione di opere d&#8217;arte istituzionale e religiosa, come pale d&#8217;altare e sculture d&#8217;altare. \u00c8 il centro museale che ospita il maggior numero di ritratti del Portogallo, circa 500. Tra questi si possono ammirare opere d&#8217;arte sacra, gioielli e, naturalmente, la pi\u00f9 grande opera di pittura fiamminga, il dipinto &#8220;Fons Vitae&#8221; attribuito a Colijn de Corter, realizzato nel 1520.\n\t\t\t\t\t\t\t\t\t<\/div>\n\t\t\t\t\t\t\t\t\t<img decoding=\"async\" src=\"https:\/\/cdn.pilgrim.es\/web\/caminos\/camino-portugues\/pueblos\/porto\/puntos-de-interes\/museo-da-misericordia.jpg\" alt=\"Museo da Miseric\u00f3rdia\">\n\t\t\t\t\t\t\t\t<\/div>\n\t\t\t\t\t\t\t<\/div>\n\t\t\t\t\t\t\n\t\t\t\t\t\t\t<div class=\"accordion__accordion-content inactive\">\n\t\t\t\t\t\t\t\t<div>\n\t\t\t\t\t\t\t\t\t<div>\n\t\t\t\t\t\t\t\t\t\t<h4>Casa do Infante<\/h4>\n\t\t\t\t\t\t\t\t\t\t<p>Nella Casa do Infante, l&#8217;Infante Enrico il Navigatore visse qui intorno al 1394. Di stile medievale, \u00e8 suddivisa in tre piani dove oggi si possono vedere varie mostre sui mosaici e sulle fondamenta romane ritrovate nel 2012. <\/p>\n\n<p>OGGI<\/p>\n\n<p>Marted\u00ec a domenica dalle 09:30 alle 13:00 e dalle 14:00 alle 17:30 Luned\u00ec<\/p> <p>Chiuso<\/p> <p>Marted\u00ec a domenica dalle 09:30 alle 13:00 e dalle 14:00 alle 17:30\n\n<p>Tasse<\/p>\n\n<p>Adulti 2,20\u20ac Ingresso gratuito con Porto Card, oltre al sabato e alla domenica<\/p> <p>Sabato e domenica<\/p>\n\n<p>INFORMAZIONI DI INTERESSE<\/p>\n\n<p>Telefono: +351 222 060 400<\/p> <p>Numero di telefono: +351 222 060 400<\/p>\n\t\t\t\t\t\t\t\t\t<\/div>\n\t\t\t\t\t\t\t\t\t<img decoding=\"async\" src=\"https:\/\/cdn.pilgrim.es\/web\/caminos\/camino-portugues\/pueblos\/porto\/puntos-de-interes\/casa-do-infante.jpg\" alt=\"Casa do Infante\">\n\t\t\t\t\t\t\t\t<\/div>\n\t\t\t\t\t\t\t<\/div>\n\t\t\t\t\t\t\n\t\t\t\t\t\t\t<div class=\"accordion__accordion-content inactive\">\n\t\t\t\t\t\t\t\t<div>\n\t\t\t\t\t\t\t\t\t<div>\n\t\t\t\t\t\t\t\t\t\t<h4>Casa da M\u00fasica<\/h4>\n\t\t\t\t\t\t\t\t\t\t<p>La Casa da M\u00fasica \u00e8 una sala da concerto che doveva essere inaugurata nel 2001, quando Porto si candid\u00f2 a Capitale Europea della Cultura, ma alla fine fu presentata solo nel 2005. Si distingue per la sua forma particolare, motivo per cui \u00e8 considerata una delle principali icone della citt\u00e0.\n\n<p>Orologi<\/p>\n\n<p>Luned\u00ec a sabato dalle 10:00 alle 19:00Domenica dalle 10:00 alle 18:00<\/p> <p>Domenica dalle 10:00 alle 18:00<\/p> <p>Sabato dalle 10:00 alle 19:00\n\n<p>Tasse<\/p>\n\n<p>Visita guidata 5\u20acGratuita per i bambini sotto i 12 anni<\/p> <p>Gratuita per i bambini sotto i 12 anni<\/p> <p>Gratuita per i bambini sotto i 12 anni<\/p> &lt;p\n\n<p>INFORMAZIONI DI INTERESSE<\/p>\n\n<p>Telefono: +351 220 120 220<\/p> <p>Telefono: +351 220 120 220<\/p>\n\t\t\t\t\t\t\t\t\t<\/div>\n\t\t\t\t\t\t\t\t\t<img decoding=\"async\" src=\"https:\/\/cdn.pilgrim.es\/web\/caminos\/camino-portugues\/pueblos\/porto\/puntos-de-interes\/casa-da-musica.jpg\" alt=\"Casa da M\u00fasica\">\n\t\t\t\t\t\t\t\t<\/div>\n\t\t\t\t\t\t\t<\/div>\n\t\t\t\t\t\t\n\t\t\t\t\t\t\t<div class=\"accordion__accordion-content inactive\">\n\t\t\t\t\t\t\t\t<div>\n\t\t\t\t\t\t\t\t\t<div>\n\t\t\t\t\t\t\t\t\t\t<h4>Museo de Historia Natural<\/h4>\n\t\t\t\t\t\t\t\t\t\t<p>Il Museo di Storia Naturale si trova nell&#8217;edificio della Canonica dell&#8217;Universit\u00e0 di Porto ed \u00e8 suddiviso in quattro sale diverse: <\/p> <p>Il Museo di Storia Naturale si trova nell&#8217;edificio della Canonica dell&#8217;Universit\u00e0 di Porto.\n\t\t\t\t\t\t\t\t\t<\/div>\n\t\t\t\t\t\t\t\t\t<img decoding=\"async\" src=\"https:\/\/cdn.pilgrim.es\/web\/caminos\/camino-portugues\/pueblos\/porto\/puntos-de-interes\/museo-de-historia-natural.jpg\" alt=\"Museo de Historia Natural\">\n\t\t\t\t\t\t\t\t<\/div>\n\t\t\t\t\t\t\t<\/div>\n\t\t\t\t\t\t\n\t\t\t\t\t\t\t<div class=\"accordion__accordion-content inactive\">\n\t\t\t\t\t\t\t\t<div>\n\t\t\t\t\t\t\t\t\t<div>\n\t\t\t\t\t\t\t\t\t\t<h4>Mercado do Bolh\u00e3o<\/h4>\n\t\t\t\t\t\t\t\t\t\t<p>Il mercato di Bolh\u00e3o si tiene dal 1914. L&#8217;edificio in cui si trova \u00e8 suddiviso in diversi piani attorno a un cortile centrale. In ogni area del mercato si trovano negozi, antichi o pi\u00f9 moderni, che vendono diversi alimenti: carne, pesce, frutta, fiori e molti altri prodotti. <\/p>\n\n<p>OrariDal luned\u00ec al venerd\u00ec dalle 07:00 alle 17:00Sabato dalle 07:00 alle 13:00<\/p>\n\n<p>INFORMAZIONI DI INTERESSE<\/p>\n\n<p>Telefono: +351 223 326 024<\/p>\n\t\t\t\t\t\t\t\t\t<\/div>\n\t\t\t\t\t\t\t\t\t<img decoding=\"async\" src=\"https:\/\/cdn.pilgrim.es\/web\/caminos\/camino-portugues\/pueblos\/porto\/puntos-de-interes\/mercado-do-bolhao.jpg\" alt=\"Mercado do Bolh\u00e3o\">\n\t\t\t\t\t\t\t\t<\/div>\n\t\t\t\t\t\t\t<\/div>\n\t\t\t\t\t\t\n\t\t\t\t\t\t\t<div class=\"accordion__accordion-content inactive\">\n\t\t\t\t\t\t\t\t<div>\n\t\t\t\t\t\t\t\t\t<div>\n\t\t\t\t\t\t\t\t\t\t<h4>Puente Lu\u00eds I<\/h4>\n\t\t\t\t\t\t\t\t\t\t<p>Il Ponte Lu\u00eds I \u00e8 uno dei ponti che attraversano il fiume Douro per collegare Porto con Vila Nova de Gaia e fu costruito nel 1886. Per quanto riguarda la sua struttura, questo ponte \u00e8 diviso in due piani: il piano superiore, lungo trecentonovanta metri, e il piano inferiore, lungo centosettantaquattro metri. Ha un doppio uso, poich\u00e9 il piano superiore \u00e8 utilizzato dalla metropolitana di Porto e quello inferiore da altri veicoli (automobili, autobus, ecc.). Inoltre, su entrambi i piani \u00e8 dotato di passerelle per i pedoni. <\/p>\n\t\t\t\t\t\t\t\t\t<\/div>\n\t\t\t\t\t\t\t\t\t<img decoding=\"async\" src=\"https:\/\/cdn.pilgrim.es\/web\/caminos\/camino-portugues\/pueblos\/porto\/puntos-de-interes\/puente-luis.jpg\" alt=\"Puente Lu\u00eds I\">\n\t\t\t\t\t\t\t\t<\/div>\n\t\t\t\t\t\t\t<\/div>\n\t\t\t\t\t\t\n\t\t\t\t\t\t\t<div class=\"accordion__accordion-content inactive\">\n\t\t\t\t\t\t\t\t<div>\n\t\t\t\t\t\t\t\t\t<div>\n\t\t\t\t\t\t\t\t\t\t<h4>Puente de S\u00e3o Jo\u00e3o<\/h4>\n\t\t\t\t\t\t\t\t\t\t<p>Il Ponte di S\u00e3o Jo\u00e3o \u00e8 una struttura moderna e innovativa costruita nel 1991 e ha una struttura formata da un unico pezzo di cemento armato e rinforzato, che simula diverse arcate aperte e continue con tre pilastri verticali. Dall&#8217;anno della sua costruzione, su questo ponte transitano i treni ad alta velocit\u00e0, lasciando in disuso il vecchio Ponte Maria Pia. <\/p>\n\t\t\t\t\t\t\t\t\t<\/div>\n\t\t\t\t\t\t\t\t\t<img decoding=\"async\" src=\"https:\/\/cdn.pilgrim.es\/web\/caminos\/camino-portugues\/pueblos\/porto\/puntos-de-interes\/puente-sao-joao.jpg\" alt=\"Puente de S\u00e3o Jo\u00e3o\">\n\t\t\t\t\t\t\t\t<\/div>\n\t\t\t\t\t\t\t<\/div>\n\t\t\t\t\t\t\n\t\t\t\t\t\t\t<div class=\"accordion__accordion-content inactive\">\n\t\t\t\t\t\t\t\t<div>\n\t\t\t\t\t\t\t\t\t<div>\n\t\t\t\t\t\t\t\t\t\t<h4>Museo Nacional da Imprensa<\/h4>\n\t\t\t\t\t\t\t\t\t\t<p>Il Museu Nacional da Impresa \u00e8 stato inaugurato nel 1997 e ospita una collezione di macchine da stampa manuali suddivise in tre aree espositive: prestampa, stampa e finitura. <\/p>\n\n<p>Una delle sale, chiamata Sala Rodrigo Alvarez, \u00e8 stata inaugurata in onore del primo tipografo portoghese che stamp\u00f2 due libri nella citt\u00e0 di Porto alla fine del XV secolo. Oltre alle mostre permanenti, ospita anche mostre temporanee con programmi legati alla stampa e alle arti grafiche. Una delle mostre temporanee \u00e8 la galleria dedicata ai cartoni animati, che ogni anno ospita il PortoCartoon-World Festival, considerato uno dei tre maggiori festival di cartoni animati al mondo.<\/p> <p>Il PortoCartoon-World Festival \u00e8 uno dei pi\u00f9 importanti festival di cartoni animati al mondo.\n\t\t\t\t\t\t\t\t\t<\/div>\n\t\t\t\t\t\t\t\t\t<img decoding=\"async\" src=\"https:\/\/cdn.pilgrim.es\/web\/caminos\/camino-portugues\/pueblos\/porto\/puntos-de-interes\/museo-nacional-da-imprenta.jpg\" alt=\"Museo Nacional da Imprensa\">\n\t\t\t\t\t\t\t\t<\/div>\n\t\t\t\t\t\t\t<\/div>\n\t\t\t\t\t\t\n\t\t\t\t\t\t\t<div class=\"accordion__accordion-content inactive\">\n\t\t\t\t\t\t\t\t<div>\n\t\t\t\t\t\t\t\t\t<div>\n\t\t\t\t\t\t\t\t\t\t<h4>Museo Militar do Porto<\/h4>\n\t\t\t\t\t\t\t\t\t\t<p>Il Museu Militar do Porto \u00e8 un edificio di propriet\u00e0 della Marina portoghese che dal 1980 si occupa di conservare e divulgare la storia militare. Questo museo \u00e8 diviso in due sale:<\/p> <p>Il museo \u00e8 diviso in due sale:<\/p> <p>Il museo dispone di due sale:<\/p> &lt;p\n\t\t\t\t\t\t\t\t\t<\/div>\n\t\t\t\t\t\t\t\t\t<img decoding=\"async\" src=\"https:\/\/cdn.pilgrim.es\/web\/caminos\/camino-portugues\/pueblos\/porto\/puntos-de-interes\/museo-militar.jpg\" alt=\"Museo Militar do Porto\">\n\t\t\t\t\t\t\t\t<\/div>\n\t\t\t\t\t\t\t<\/div>\n\t\t\t\t\t\t\n\t\t\t\t\t\t\t<div class=\"accordion__accordion-content inactive\">\n\t\t\t\t\t\t\t\t<div>\n\t\t\t\t\t\t\t\t\t<div>\n\t\t\t\t\t\t\t\t\t\t<h4>Museo da Industria<\/h4>\n\t\t\t\t\t\t\t\t\t\t<p>Il Museo da Ind\u00fastria \u00e8 un museo che si propone di raccogliere e diffondere il patrimonio archeologico-industriale della citt\u00e0 e dei suoi dintorni, comprendendo sia l&#8217;industrializzazione del passato che la situazione attuale. A tal fine, ospita una collezione permanente composta da pezzi, macchine e documenti provenienti dai settori industriali pi\u00f9 caratteristici del Grande Porto, come il tessile, la fonderia, la siderurgia e l&#8217;elettricit\u00e0. <\/p>\n\t\t\t\t\t\t\t\t\t<\/div>\n\t\t\t\t\t\t\t\t\t<img decoding=\"async\" src=\"https:\/\/cdn.pilgrim.es\/web\/caminos\/camino-portugues\/pueblos\/porto\/puntos-de-interes\/museo-dos-transportes.jpg\" alt=\"Museo da Industria\">\n\t\t\t\t\t\t\t\t<\/div>\n\t\t\t\t\t\t\t<\/div>\n\t\t\t\t\t\t\n\t\t\t\t\t\t\t<div class=\"accordion__accordion-content inactive\">\n\t\t\t\t\t\t\t\t<div>\n\t\t\t\t\t\t\t\t\t<div>\n\t\t\t\t\t\t\t\t\t\t<h4>Librer\u00eda Lello e Irm\u00e3o<\/h4>\n\t\t\t\t\t\t\t\t\t\t<p>La libreria Lello e Irm\u00e3o \u00e8 considerata la pi\u00f9 bella d&#8217;Europa per le sue origini neogotiche risalenti al 1906. \u00c8 ricca di dettagli antichi e presenta scaffali di legno pieni di libri fino al soffitto, coperti da una vetrata sul soffitto che fornisce luce naturale. Questa libreria \u00e8 stata utilizzata per girare diversi film di Harry Potter.\n\n<p>OGGI<\/p>\n\n<p>Luned\u00ec a venerd\u00ec dalle 10:00 alle 19:30 Sabato dalle 10:00 alle 19:00<\/p> <p>Sabato dalle 10:00 alle 19:00<\/p>\n\n<p>INFORMAZIONI DI INTERESSE<\/p>\n\n<p>Telefono: +351 222 002 037<\/p>\n\t\t\t\t\t\t\t\t\t<\/div>\n\t\t\t\t\t\t\t\t\t<img decoding=\"async\" src=\"https:\/\/cdn.pilgrim.es\/web\/caminos\/camino-portugues\/pueblos\/porto\/puntos-de-interes\/libreria-leio.jpg\" alt=\"Librer\u00eda Lello e Irm\u00e3o\">\n\t\t\t\t\t\t\t\t<\/div>\n\t\t\t\t\t\t\t<\/div>\n\t\t\t\t\t\t\n\t\t\t\t\t\t\t<div class=\"accordion__accordion-content inactive\">\n\t\t\t\t\t\t\t\t<div>\n\t\t\t\t\t\t\t\t\t<div>\n\t\t\t\t\t\t\t\t\t\t<h4>Jardines do Pal\u00e1cio de Cristal<\/h4>\n\t\t\t\t\t\t\t\t\t\t<p>I giardini del Pal\u00e1cio de Cristal sono un grande complesso, situato nella parte vecchia della citt\u00e0, che ospita un padiglione sportivo a cupola verde, una biblioteca municipale high-tech e diversi sentieri circondati da diversi tipi di alberi. Tra gli alberi ci sono piante aromatiche, piante medicinali e il giardino dei sentimenti. <\/p>\n\t\t\t\t\t\t\t\t\t<\/div>\n\t\t\t\t\t\t\t\t\t<img decoding=\"async\" src=\"https:\/\/cdn.pilgrim.es\/web\/caminos\/camino-portugues\/pueblos\/porto\/puntos-de-interes\/jardineas-palacio-cristal.jpg\" alt=\"Jardines do Pal\u00e1cio de Cristal\">\n\t\t\t\t\t\t\t\t<\/div>\n\t\t\t\t\t\t\t<\/div>\n\t\t\t\t\t\t\n\t\t\t\t\t\t\t<div class=\"accordion__accordion-content inactive\">\n\t\t\t\t\t\t\t\t<div>\n\t\t\t\t\t\t\t\t\t<div>\n\t\t\t\t\t\t\t\t\t\t<h4>Iglesia y Torre dos Cl\u00e9rigos<\/h4>\n\t\t\t\t\t\t\t\t\t\t<p>La Chiesa e Torre dei Cl\u00e9rigos \u00e8 un tempio costruito tra il 1735 e il 1748 in stile barocco. La torre ad essa annessa si distingue per essere la pi\u00f9 alta del Portogallo, con i suoi 76 metri di altezza e gli oltre 200 gradini, grazie ai quali \u00e8 possibile ottenere una splendida vista panoramica della citt\u00e0. In cima alla torre si possono ammirare quarantanove campane. Questo complesso di chiesa e torre fu costruito dai Chierici Poveri nel centro storico della citt\u00e0, dove venivano sepolti i giustiziati. <\/p>\n\t\t\t\t\t\t\t\t\t<\/div>\n\t\t\t\t\t\t\t\t\t<img decoding=\"async\" src=\"https:\/\/cdn.pilgrim.es\/web\/caminos\/camino-portugues\/pueblos\/porto\/puntos-de-interes\/torre-dos-clerigos.jpg\" alt=\"Iglesia y Torre dos Cl\u00e9rigos\">\n\t\t\t\t\t\t\t\t<\/div>\n\t\t\t\t\t\t\t<\/div>\n\t\t\t\t\t\t\n\t\t\t\t\t\t\t<div class=\"accordion__accordion-content inactive\">\n\t\t\t\t\t\t\t\t<div>\n\t\t\t\t\t\t\t\t\t<div>\n\t\t\t\t\t\t\t\t\t\t<h4>Iglesia de S\u00e3o Loren\u00e7o dos Grilos<\/h4>\n\t\t\t\t\t\t\t\t\t\t<p>La Chiesa di S\u00e3o Loren\u00e7o dos Grilos \u00e8 un edificio la cui costruzione inizi\u00f2 nel XVI secolo e fu completata nel XVIII secolo. Il tempio si distingue soprattutto per la sua sobriet\u00e0, in quanto \u00e8 possibile visualizzare ciascuna delle pietre che lo compongono.\n\n<p>Orari<\/p>\n\n<p>Dal marted\u00ec al sabato dalle 10:00 alle 12:00 e dalle 14:00 alle 17:00<\/p> <p>Dal marted\u00ec al sabato dalle 10:00 alle 12:00 e dalle 14:00 alle 17:00<\/p> <p>.\n\t\t\t\t\t\t\t\t\t<\/div>\n\t\t\t\t\t\t\t\t\t<img decoding=\"async\" src=\"https:\/\/cdn.pilgrim.es\/web\/caminos\/camino-portugues\/pueblos\/porto\/puntos-de-interes\/iglesia-san-lorenc\u0327o-dos-grilos.jpg\" alt=\"Iglesia de S\u00e3o Loren\u00e7o dos Grilos\">\n\t\t\t\t\t\t\t\t<\/div>\n\t\t\t\t\t\t\t<\/div>\n\t\t\t\t\t\t\n\t\t\t\t\t\t\t<div class=\"accordion__accordion-content inactive\">\n\t\t\t\t\t\t\t\t<div>\n\t\t\t\t\t\t\t\t\t<div>\n\t\t\t\t\t\t\t\t\t\t<h4>Iglesia de S\u00e3o Francisco<\/h4>\n\t\t\t\t\t\t\t\t\t\t<p>La Chiesa di S\u00e3o Francisco \u00e8 una chiesa costruita nel 1245 dai frati francescani, anche se in seguito ha subito un&#8217;importante ristrutturazione dopo un incendio. Le origini di questa chiesa sono romaniche ma, oggi, si possono apprezzare diversi elementi non solo romanici, ma anche gotici e barocchi.  <\/p>\n\n<p>Per quanto riguarda la sua struttura, \u00e8 divisa in tre navate, nelle quali spiccano vari intagli decorati con polvere d&#8217;oro. Nella navata laterale a sinistra si trova una delle principali attrazioni della chiesa, l&#8217;Albero di Jesse, una scultura lignea policroma considerata una delle pi\u00f9 belle al mondo nel suo genere. Sotto il pavimento di questo tempio sono nascoste le tombe, dove sono sepolti i resti dei frati francescani e delle famiglie aristocratiche della citt\u00e0. <\/p>\n\t\t\t\t\t\t\t\t\t<\/div>\n\t\t\t\t\t\t\t\t\t<img decoding=\"async\" src=\"https:\/\/cdn.pilgrim.es\/web\/caminos\/camino-portugues\/pueblos\/porto\/puntos-de-interes\/iglesia-sao-francisco.jpg\" alt=\"Iglesia de S\u00e3o Francisco\">\n\t\t\t\t\t\t\t\t<\/div>\n\t\t\t\t\t\t\t<\/div>\n\t\t\t\t\t\t\n\t\t\t\t\t\t\t<div class=\"accordion__accordion-content inactive\">\n\t\t\t\t\t\t\t\t<div>\n\t\t\t\t\t\t\t\t\t<div>\n\t\t\t\t\t\t\t\t\t\t<h4>Gabinete de Numism\u00e1tica<\/h4>\n\t\t\t\t\t\t\t\t\t\t<p>Il Gabinetto di Numismatica \u00e8 un museo situato nell&#8217;edificio della Tait House, costruito nel 1988. Il museo ospita una collezione di oggetti di origine portoghese, greca e romana, oltre a monete antiche di origine ispanica. Questa collezione \u00e8 stata avviata nel 1850, dopo la donazione di monete da parte del britannico John Francis Allen, anche se \u00e8 stata inaugurata solo nel 2009. Oltre all&#8217;importante collezione di monete, il Gabinetto Numismatico comprende anche altre collezioni di grande importanza, come quelle di medaglie, decorazioni, polizze, banconote, gettoni, stampi per medaglie e macchine per la stampa di banconote.\n\t\t\t\t\t\t\t\t\t<\/div>\n\t\t\t\t\t\t\t\t\t<img decoding=\"async\" src=\"https:\/\/cdn.pilgrim.es\/web\/caminos\/camino-portugues\/pueblos\/porto\/puntos-de-interes\/gabinete-numismatica.jpg\" alt=\"Gabinete de Numism\u00e1tica\">\n\t\t\t\t\t\t\t\t<\/div>\n\t\t\t\t\t\t\t<\/div>\n\t\t\t\t\t\t\n\t\t\t\t\t\t\t<div class=\"accordion__accordion-content inactive\">\n\t\t\t\t\t\t\t\t<div>\n\t\t\t\t\t\t\t\t\t<div>\n\t\t\t\t\t\t\t\t\t\t<h4>Forte de S\u00e3o Francisco Xavier do Queijo<\/h4>\n\t\t\t\t\t\t\t\t\t\t<p>Il Forte de S\u00e3o Francisco Xavier do Queijo, noto anche come Castello di Queijo, fu costruito durante la Guerra di Restaurazione portoghese, nella seconda met\u00e0 del XVII secolo. Lo scopo del castello era quello di sorvegliare e proteggere da eventuali invasioni di truppe spagnole provenienti dal mare. Si tratta di una piccola fortificazione che si distingue per la sua costruzione sobria. La facciata del castello presenta un portale ad arco semicircolare con sopra lo stemma portoghese. Della costruzione originale rimangono ancora quattro torri di guardia e dieci pezzi di artiglieria. Una curiosit\u00e0: il nome &#8220;Castello del formaggio (Queijo)&#8221; deriva dal fatto che il castello si trova su una grande roccia a forma di formaggio.\n\n<p>Orario<\/p>\n\n<p>Da marted\u00ec a domenica dalle 13:00 alle 18:00<\/p> <p>Da marted\u00ec a domenica dalle 13:00 alle 18:00<\/p> &lt;p\n\n<p>INFORMAZIONI DI INTERESSE<\/p>\n\n<p>Telefono: +351 226 181 067<\/p>\n\t\t\t\t\t\t\t\t\t<\/div>\n\t\t\t\t\t\t\t\t\t<img decoding=\"async\" src=\"https:\/\/cdn.pilgrim.es\/web\/caminos\/camino-portugues\/pueblos\/porto\/puntos-de-interes\/forte-sao-francisco-xavier.jpg\" alt=\"Forte de S\u00e3o Francisco Xavier do Queijo\">\n\t\t\t\t\t\t\t\t<\/div>\n\t\t\t\t\t\t\t<\/div>\n\t\t\t\t\t\t\n\t\t\t\t\t\t\t<div class=\"accordion__accordion-content inactive\">\n\t\t\t\t\t\t\t\t<div>\n\t\t\t\t\t\t\t\t\t<div>\n\t\t\t\t\t\t\t\t\t\t<h4>Estaci\u00f3n S\u00e3o Bento<\/h4>\n\t\t\t\t\t\t\t\t\t\t<p>La stazione ferroviaria di S\u00e3o Bento fu costruita all&#8217;inizio del IX secolo sulle rovine del convento di San Bento de Av\u00e9-Maria, da cui il nome. Spicca la sua maestosa facciata, ma soprattutto il cortile interno \u00e8 decorato con pi\u00f9 di 20.000 piastrelle che raffigurano la storia del Portogallo. <\/p>\n\n<p>OGGI<\/p>\n\n<p>Tutti i giorni dalle 13:00 alle 18:00<\/p> <p>Tutti i giorni dalle 13:00 alle 18:00<\/p> <p>.\n\t\t\t\t\t\t\t\t\t<\/div>\n\t\t\t\t\t\t\t\t\t<img decoding=\"async\" src=\"https:\/\/cdn.pilgrim.es\/web\/caminos\/camino-portugues\/pueblos\/porto\/puntos-de-interes\/estacion-sao-vento.jpg\" alt=\"Estaci\u00f3n S\u00e3o Bento\">\n\t\t\t\t\t\t\t\t<\/div>\n\t\t\t\t\t\t\t<\/div>\n\t\t\t\t\t\t\n\t\t\t\t\t\t\t<div class=\"accordion__accordion-content inactive\">\n\t\t\t\t\t\t\t\t<div>\n\t\t\t\t\t\t\t\t\t<div>\n\t\t\t\t\t\t\t\t\t\t<h4>Casa Museo Marta Ortig\u00e3o Sampaio<\/h4>\n\t\t\t\t\t\t\t\t\t\t<p>La Casa Museo Marta Ortig\u00e3o Sampaio \u00e8 una piccola casa museo ospitata in un edificio di met\u00e0 secolo donato nel 1978 da Marta Ortig\u00e3o Sampaio, la celebre figlia del famoso ingegnere Vasco Ortig\u00e3o Sampaio. \u00c8 stata inaugurata nel 1996 e fin dall&#8217;inizio conteneva collezioni appartenenti sia al padre che alle zie, Aur\u00e9lia de Souza e Sof\u00eda Souza, che hanno donato parte dei loro dipinti, gioielli e mobili.\n\t\t\t\t\t\t\t\t\t<\/div>\n\t\t\t\t\t\t\t\t\t<img decoding=\"async\" src=\"https:\/\/cdn.pilgrim.es\/web\/caminos\/camino-portugues\/pueblos\/porto\/puntos-de-interes\/casa-museu-marta-ortigao.jpg\" alt=\"Casa Museo Marta Ortig\u00e3o Sampaio\">\n\t\t\t\t\t\t\t\t<\/div>\n\t\t\t\t\t\t\t<\/div>\n\t\t\t\t\t\t\n\t\t\t\t\t\t\t<div class=\"accordion__accordion-content inactive\">\n\t\t\t\t\t\t\t\t<div>\n\t\t\t\t\t\t\t\t\t<div>\n\t\t\t\t\t\t\t\t\t\t<h4>Casa Museo Fernando de Castro<\/h4>\n\t\t\t\t\t\t\t\t\t\t<p>La Casa Museo Fernando de Castro ha un&#8217;origine molto curiosa, poich\u00e9 il suo proprietario Fernando de Castro decise di collezionare per anni diversi pezzi decorativi, pensando che un giorno sarebbero stati esposti in un museo. Con quest&#8217;idea riusc\u00ec a conservare dipinti dal XVI al XX secolo, sculture religiose dal XVI al XIX secolo, ceramiche, vetri, oggetti coreutici, ecc. e legni intagliati provenienti da chiese e conventi della zona. <\/p>\n\n<p>Quando Fernando de Castro mor\u00ec, sua sorella don\u00f2 la casa allo Stato per vedere realizzato il desiderio del fratello, quello di trasformarla in un museo. Oggi questo museo \u00e8 nelle mani del Museu Nacional de Soares dos Reis.\n\n<p>OGGI<\/p>\n\n<p>Mercoled\u00ec dalle 10:00 alle 13:00 <\/p> <p>Mercoled\u00ec dalle 10:00 alle 13:00<\/p>\n\n<p>Tasse<\/p> <p>Tasse<\/p>\n\n<p>Ingresso gratuito<\/p>\n\n<p>INFORMAZIONI DI INTERESSE<\/p>\n\n<p>Telefono: +351 225 094 625<\/p>\n\t\t\t\t\t\t\t\t\t<\/div>\n\t\t\t\t\t\t\t\t\t<img decoding=\"async\" src=\"https:\/\/cdn.pilgrim.es\/web\/caminos\/camino-portugues\/pueblos\/porto\/puntos-de-interes\/casa-museu-marta-fernando-de-castro.jpg\" alt=\"Casa Museo Fernando de Castro\">\n\t\t\t\t\t\t\t\t<\/div>\n\t\t\t\t\t\t\t<\/div>\n\t\t\t\t\t\t\n\t\t\t\t\t\t\t<div class=\"accordion__accordion-content inactive\">\n\t\t\t\t\t\t\t\t<div>\n\t\t\t\t\t\t\t\t\t<div>\n\t\t\t\t\t\t\t\t\t\t<h4>Fundaci\u00f3n Serralves<\/h4>\n\t\t\t\t\t\t\t\t\t\t<p>La Fondazione Serralves \u00e8 un complesso che comprende il Museo d&#8217;Arte Contemporanea, i giardini Serralves, la casa e un auditorium. Questa fondazione si propone di diffondere e promuovere l&#8217;arte contemporanea. <\/p>\n\n<p>Il Museo d&#8217;Arte Contemporanea \u00e8 stato inaugurato nel 1999 e basa le sue collezioni sulle opere di molti artisti d&#8217;avanguardia, ma ospita anche alcune mostre permanenti le cui collezioni spaziano dagli anni &#8217;60 ai giorni nostri. <\/p>\n\n<p>Questo complesso possiede magnifici giardini che si estendono per circa 18 ettari, che si possono percorrere da un capo all&#8217;altro fermandosi alla Casa Serralves. <\/p>\n\t\t\t\t\t\t\t\t\t<\/div>\n\t\t\t\t\t\t\t\t\t<img decoding=\"async\" src=\"https:\/\/cdn.pilgrim.es\/web\/caminos\/camino-portugues\/pueblos\/porto\/puntos-de-interes\/fundacion-sarralves.jpg\" alt=\"Fundaci\u00f3n Serralves\">\n\t\t\t\t\t\t\t\t<\/div>\n\t\t\t\t\t\t\t<\/div>\n\t\t\t\t\t\t\n\t\t\t\t\t\t\t<div class=\"accordion__accordion-content inactive\">\n\t\t\t\t\t\t\t\t<div>\n\t\t\t\t\t\t\t\t\t<div>\n\t\t\t\t\t\t\t\t\t\t<h4>Museo dos Transportes e Comunica\u00e7\u00f5es<\/h4>\n\t\t\t\t\t\t\t\t\t\t<p>Il Museu dos Transportes e Comunica\u00e7\u00f5es \u00e8 una fondazione costituita nel 1992 da 56 membri individuali e 25 membri istituzionali il cui scopo era quello di raccogliere e diffondere informazioni su oggetti legati al mondo dei trasporti e delle comunicazioni, fino all&#8217;inaugurazione come museo nel 2000. Il museo \u00e8 ospitato in un edificio noto come Edificio Alf\u00e2ndega, costruito nel 1869. Lo scopo principale di questo centro museale era quello di fungere da Casa della Dogana, ma in seguito \u00e8 diventato un museo. Ospita diverse mostre permanenti come &#8220;L&#8217;automobile nello spazio e nel tempo&#8221;, &#8220;La comunicazione della conoscenza e dell&#8217;immaginazione&#8221;&#8230; Il Museo dei Trasporti e delle Comunicazioni espone anche altre collezioni temporanee, oltre a proporre conferenze, laboratori, spettacoli e persino rappresentazioni teatrali.\n\t\t\t\t\t\t\t\t\t<\/div>\n\t\t\t\t\t\t\t\t\t<img decoding=\"async\" src=\"https:\/\/cdn.pilgrim.es\/web\/caminos\/camino-portugues\/pueblos\/porto\/puntos-de-interes\/museo-dos-transportes.jpg\" alt=\"Museo dos Transportes e Comunica\u00e7\u00f5es\">\n\t\t\t\t\t\t\t\t<\/div>\n\t\t\t\t\t\t\t<\/div>\n\t\t\t\t\t\t\n\t\t\t\t\t\t\t<div class=\"accordion__accordion-content inactive\">\n\t\t\t\t\t\t\t\t<div>\n\t\t\t\t\t\t\t\t\t<div>\n\t\t\t\t\t\t\t\t\t\t<h4>Bodegas Vinho Porto<\/h4>\n\t\t\t\t\t\t\t\t\t\t<p>La citt\u00e0 di Vila Nova de Gaia ospita la maggior parte delle cantine della citt\u00e0, dove i visitatori possono trovare il vino Porto. <\/p>\n\n<p>Questo vino si differenzia dagli altri per l&#8217;aggiunta di brandy, che serve a bloccare la fermentazione e, quindi, a offrire una dolcezza unica pur mantenendo un alto livello di alcol.<\/p> <p>Il vino viene prodotto nella citt\u00e0 di Vila Nova de Gaia.\n\n<p>Tra le cantine pi\u00f9 famose ne ricordiamo quattro: Ramos Pinto, Ferreira, Sandeman e Calem. In ognuna di queste quattro cantine, i visitatori hanno la possibilit\u00e0 di fare una visita guidata alle diverse strutture, dove viene spiegato il processo di vinificazione. Al termine della visita guidata, ciascuna cantina offre al visitatore due bicchieri di vino della casa da degustare.\n\t\t\t\t\t\t\t\t\t<\/div>\n\t\t\t\t\t\t\t\t\t<img decoding=\"async\" src=\"https:\/\/cdn.pilgrim.es\/web\/caminos\/camino-portugues\/pueblos\/porto\/puntos-de-interes\/bodegas-vinho-do-porto.jpg\" alt=\"Bodegas Vinho Porto\">\n\t\t\t\t\t\t\t\t<\/div>\n\t\t\t\t\t\t\t<\/div>\n\t\t\t\t\t\t\n\t\t\t\t\t<\/div>\n\t\t\t\t<\/div>\n\t\t\t<\/div>\n\t\t\n\n\t\t<div id=\"phonesSection\">\n\t\t\t<div>\n\t\t\t\t<h2 class=\"p-h3-town\">Informazioni di interesse<\/h2>\n\t\t\t<\/div>\n\t\t\t<div class=\"grid\">\n\t\t\t\t\n\t\t\t\t\t<div class=\"phone-number-item\">\n\t\t\t\t\t\t<div class=\"phone-number-item__icon\"><i class=\"icon-police\"><\/i><\/div>\n\t\t\t\t\t\t<div class=\"phone-number-item__title\">\n\t\t\t\t\t\t\t<h3 class=\"p-font-bold\">Polizia locale<\/h3>\n\t\t\t\t\t\t\t<p>22 209 20 00\/ 969 863 061 \/ 22 209 20 21<\/p>\n\t\t\t\t\t\t\t\n\t\t\t\t\t\t<\/div>\n\t\t\t\t\t<\/div>\n\t\t\t\t\n\t\t\t\t\t<div class=\"phone-number-item\">\n\t\t\t\t\t\t<div class=\"phone-number-item__icon\"><i class=\"icon-firefighters\"><\/i><\/div>\n\t\t\t\t\t\t<div class=\"phone-number-item__title\">\n\t\t\t\t\t\t\t<h3 class=\"p-font-bold\">Vigili del fuoco<\/h3>\n\t\t\t\t\t\t\t<p>22 610 68 86<\/p>\n\t\t\t\t\t\t\t\n\t\t\t\t\t\t<\/div>\n\t\t\t\t\t<\/div>\n\t\t\t\t\n\t\t\t\t\t<div class=\"phone-number-item\">\n\t\t\t\t\t\t<div class=\"phone-number-item__icon\"><i class=\"icon-civil-protection\"><\/i><\/div>\n\t\t\t\t\t\t<div class=\"phone-number-item__title\">\n\t\t\t\t\t\t\t<h3 class=\"p-font-bold\">Protezione civile<\/h3>\n\t\t\t\t\t\t\t<p>21 391 39 33 (Cruz Roja Portuguesa)<\/p>\n\t\t\t\t\t\t\t\n\t\t\t\t\t\t<\/div>\n\t\t\t\t\t<\/div>\n\t\t\t\t\n\t\t\t\t\t<div class=\"phone-number-item\">\n\t\t\t\t\t\t<div class=\"phone-number-item__icon\"><i class=\"icon-town-council\"><\/i><\/div>\n\t\t\t\t\t\t<div class=\"phone-number-item__title\">\n\t\t\t\t\t\t\t<h3 class=\"p-font-bold\">Municipio<\/h3>\n\t\t\t\t\t\t\t<p>22 209 70 00<\/p>\n\t\t\t\t\t\t\t\n\t\t\t\t\t\t<\/div>\n\t\t\t\t\t<\/div>\n\t\t\t\t\n\t\t\t\t\t<div class=\"phone-number-item\">\n\t\t\t\t\t\t<div class=\"phone-number-item__icon\"><i class=\"icon-hospital\"><\/i><\/div>\n\t\t\t\t\t\t<div class=\"phone-number-item__title\">\n\t\t\t\t\t\t\t<h3 class=\"p-font-bold\">Centro sanitario<\/h3>\n\t\t\t\t\t\t\t<p>22 207 7500 \/ 22 551 21 00<\/p>\n\t\t\t\t\t\t\t\n\t\t\t\t\t\t<\/div>\n\t\t\t\t\t<\/div>\n\t\t\t\t\n\t\t\t\t\t<div class=\"phone-number-item\">\n\t\t\t\t\t\t<div class=\"phone-number-item__icon\"><i class=\"icon-tourism\"><\/i><\/div>\n\t\t\t\t\t\t<div class=\"phone-number-item__title\">\n\t\t\t\t\t\t\t<h3 class=\"p-font-bold\">Ufficio turistico<\/h3>\n\t\t\t\t\t\t\t<p>+351 223 393 472. Horario: De Noviembre a Abril todos los d\u00edas de 09:00 a 19:oo; de Mayo a Octubre de 09:00 a 20:00 todos los d\u00edas.<\/p>\n\t\t\t\t\t\t\t\n\t\t\t\t\t\t<\/div>\n\t\t\t\t\t<\/div>\n\t\t\t\t\n\t\t\t<\/div>\n\t\t<\/div>\n\n\t\t<div id=\"clientForm\">\n        <section>\n        <img decoding=\"async\" src=\"https:\/\/cdn.pilgrim.es\/web\/home\/email-contacto.png\" alt=\"contacto\">\n        <div>\n            <p>Ti inviamo la tua pianificazione<\/p>\n            <p>Forniscici i tuoi dati e ricevi la pianificazione del tuo viaggio via email <\/p>\n            <form method=\"post\" data-url=\"\/wp-admin\/admin-ajax.php\" id=\"planner--client\" class=\"flag-right form-client\">\n    <div class=\"form-data\">\n        <input name=\"form_id\" type=\"hidden\" value=\"Formulario Leads\">\n        <input name=\"type\" type=\"hidden\" value=\"planner_client\">\n        <input type=\"text\" name=\"nombre\" value=\"\" size=\"40\" class=\"form-control\" aria-required=\"true\" aria-invalid=\"false\" placeholder=\"Nome\">\n        <input type=\"email\" name=\"email\" value=\"\" size=\"40\" class=\"form-control\" aria-required=\"true\" aria-invalid=\"false\" placeholder=\"Mail\">\n        <input type=\"text\" id=\"phone-input\" name=\"tel\" value=\"\" size=\"40\" class=\"phone-input form-control\" aria-required=\"true\" aria-invalid=\"false\" placeholder=\"Telefono\">\n        <input type=\"hidden\" name=\"telefono\">\n    <\/div>\n    <div class=\"form-checkbox\">\n        <span>\n            Pilgrim Travel. S.L. informa, come previsto dal Regolamento 2016\/679, che i dati utilizzati in questo modulo verranno utilizzati sia per la risposta delle eventuali consultazioni sia per la pub-blicazione dei commenti, essendo il consenso dell'utente la base di legittimazione. Potranno esse-re esercitati i diritti in conformit\u00e0 con quanto stabilito dalla nostra             <a href=\"https:\/\/www.pilgrim.es\/it\/informativa-sulla-privacy\/\" target=\"_blank\" rel=\"noopener noreferrer nofollow\">Politica di privacy.<\/a>\n        <\/span>\n    <\/div>\n\n    <div class=\"form-submit\">\n        <button id=\"planner--client-create\" type=\"submit\">Formulario di contatto<\/button>\n        <div class=\"loadingDiv\"><i class=\"p-spinner\"><\/i><\/div>\n    <\/div>\n\n    <div class=\"contact-content-form-success\">\n        <p><i class=\"fas fa-check\"><\/i> Il modulo \u00e8 stato inviato correttamente<\/p>\n    <\/div>\n\n    <div class=\"contact-content-form-error\">\n        <span class=\"input-error\"><\/span>\n    <\/div>\n<\/form>        <\/div>\n    <\/section>\n<\/div>\n\n\t\t<div id=\"recomendationSection\">\n\t\t\t<div>\n\t\t\t\t<h2 class=\"p-h2-town\">Consigliato<\/h2>\n\t\t\t\t<hr>\n\t\t\t\t<h3 class=\"p-h3-town\">Gastronomia<\/h3>\n\t\t\t<\/div>\n\t\t\tNella citt\u00e0 di Porto c&#8217;\u00e8 un&#8217;ampia offerta gastronomica, tre ricette tradizionali meritano di essere citate: innanzitutto il piatto di tripas \u00e1 moda do Porto, il bacalhau, cos\u00ec famoso in tutto il Paese, e infine, ma non meno importante, un curioso panino ripieno di carni diverse con formaggio e salsa molho, questa prelibatezza \u00e8 conosciuta come la Francesinha.\n\nOgni piatto assaggiato deve essere accompagnato dal famoso brodo che ha dato il nome alla citt\u00e0 e che ha una sua denominazione d&#8217;origine, il vino di Porto.\n\t\t<\/div>\n\n\n\t\t\n\t\t\t<div id=\"holidaysSection\">\n\t\t\t\t<div>\n\t\t\t\t\t<h2 class=\"p-h2-town\">Consigliato<\/h2>\n\t\t\t\t\t<hr>\n\t\t\t\t\t<h3 class=\"p-h3-town\">Festival e pellegrinaggi<\/h3>\n\t\t\t\t<\/div>\n\t\t\t\t<div class=\"grid holidays-grid\">\n\t\t\t\t\t\n\t\t\t\t\t\t<div>\n\t\t\t\t\t\t\t<div class=\"phone-number-item\">\n\t\t\t\t\t\t\t\t<div class=\"phone-number-item__icon\"><i class=\"icon-holiday\"><\/i><\/div>\n\t\t\t\t\t\t\t\t<div class=\"phone-number-item__title dark-text\">\n\t\t\t\t\t\t\t\t\t<p class=\"p-font-bold\">Vacanza locale<\/p>\n\t\t\t\t\t\t\t\t\t<p>15 de Agosto: Asunci\u00f3n<\/p>\n\t\t\t\t\t\t\t\t<\/div>\n\t\t\t\t\t\t\t<\/div>\n\t\t\t\t\t\t<\/div>\n\t\t\t\t\t\n\t\t\t\t\t\t<div>\n\t\t\t\t\t\t\t<div class=\"phone-number-item\">\n\t\t\t\t\t\t\t\t<div class=\"phone-number-item__icon\"><i class=\"icon-holiday\"><\/i><\/div>\n\t\t\t\t\t\t\t\t<div class=\"phone-number-item__title dark-text\">\n\t\t\t\t\t\t\t\t\t<p class=\"p-font-bold\">Vacanza locale<\/p>\n\t\t\t\t\t\t\t\t\t<p>25 de abril: D\u00eda de la Libertad<\/p>\n\t\t\t\t\t\t\t\t<\/div>\n\t\t\t\t\t\t\t<\/div>\n\t\t\t\t\t\t<\/div>\n\t\t\t\t\t\n\t\t\t\t\t\t<div>\n\t\t\t\t\t\t\t<div class=\"phone-number-item\">\n\t\t\t\t\t\t\t\t<div class=\"phone-number-item__icon\"><i class=\"icon-holiday\"><\/i><\/div>\n\t\t\t\t\t\t\t\t<div class=\"phone-number-item__title dark-text\">\n\t\t\t\t\t\t\t\t\t<p class=\"p-font-bold\">Vacanza locale<\/p>\n\t\t\t\t\t\t\t\t\t<p>10 de junio: D\u00eda de Portugal y la fiesta del Corpus Christi<\/p>\n\t\t\t\t\t\t\t\t<\/div>\n\t\t\t\t\t\t\t<\/div>\n\t\t\t\t\t\t<\/div>\n\t\t\t\t\t\n\t\t\t\t<\/div>\n\t\t\t<\/div>\n\t\t\n\t<\/div>\n<\/section>\n\n<div id=\"stage_list_section\"><div class=\"stage-list\">\n    <div class='stage-list__map-card'>\n        <div class='stage-list__map-card__map'>\n            <div class='stage-list__map-card__map__text'>\n                <h2> Pages <\/h2>\n                <p> A piedi<\/p>\n                <p> 0tappe<\/p>\n            <\/div>\n            <div class='stage-list__map-card__map__img'>\n                <img decoding=\"async\" src=\"\" alt=\" mapa \" \/>\n            <\/div>\n        <\/div>\n    <\/div>\n\n    <\/div>\n<\/div> ","protected":false},"excerpt":{"rendered":"<p>Oporto &#8249; Ritorno al palcoscenico Oporto Abitanti: 237.559 aprox. Provincia: Informazioni Get to know Oporto Oporto \u00e8 la seconda citt\u00e0 pi\u00f9 importante del Portogallo dopo la capitale, Lisbona. Come la maggior parte delle citt\u00e0, ha un vasto patrimonio storico ed \u00e8 stata dichiarata Patrimonio dell&#8217;Umanit\u00e0 dall&#8217;UNESCO. Oporto \u00e8 il punto di partenza per molti pellegrini &hellip; <\/p>\n<p class=\"read_more\"><a href=\"https:\/\/www.pilgrim.es\/it\/cammino-portoghese\/porto\/\">Leer m\u00e1s<\/a><\/p>\n","protected":false},"author":0,"featured_media":6835,"parent":10770,"menu_order":0,"comment_status":"closed","ping_status":"closed","template":"views\/template-new-web-design.blade.php","meta":{"footnotes":""},"categories":[],"tags":[],"class_list":["post-91205","page","type-page","status-publish","has-post-thumbnail","hentry"],"yoast_head":"<!-- This site is optimized with the Yoast SEO plugin v27.4 - https:\/\/yoast.com\/product\/yoast-seo-wordpress\/ -->\n<title>Oporto: Cosa vedere e dove dormire | Cammino di Santiago | Pilgrim<\/title>\n<meta name=\"description\" content=\"Oporto Scopri tutte le informazioni su dove alloggiare, come arrivare, cosa mangiare e sui principali punti di interesse delle localit\u00e0 lungo il Cammino Portoghese.\" \/>\n<meta name=\"robots\" content=\"index, follow, max-snippet:-1, max-image-preview:large, max-video-preview:-1\" \/>\n<link rel=\"canonical\" href=\"https:\/\/www.pilgrim.es\/it\/cammino-portoghese\/porto\/\" \/>\n<meta property=\"og:locale\" content=\"it_IT\" \/>\n<meta property=\"og:type\" content=\"article\" \/>\n<meta property=\"og:title\" content=\"Oporto: Cosa vedere e dove dormire | Cammino di Santiago | Pilgrim\" \/>\n<meta property=\"og:description\" content=\"Oporto Scopri tutte le informazioni su dove alloggiare, come arrivare, cosa mangiare e sui principali punti di interesse delle localit\u00e0 lungo il Cammino Portoghese.\" \/>\n<meta property=\"og:url\" content=\"https:\/\/www.pilgrim.es\/it\/cammino-portoghese\/porto\/\" \/>\n<meta property=\"og:site_name\" content=\"Pilgrim\" \/>\n<meta property=\"article:publisher\" content=\"https:\/\/www.facebook.com\/pilgrim.es\/\" \/>\n<meta property=\"og:image\" content=\"https:\/\/www.pilgrim.es\/wp-content\/uploads\/2019\/02\/oporto1.jpg\" \/>\n\t<meta property=\"og:image:width\" content=\"1600\" \/>\n\t<meta property=\"og:image:height\" content=\"1200\" \/>\n\t<meta property=\"og:image:type\" content=\"image\/jpeg\" \/>\n<meta name=\"twitter:card\" content=\"summary_large_image\" \/>\n<meta name=\"twitter:site\" content=\"@pilgrim_es\" \/>\n<meta name=\"twitter:label1\" content=\"Tempo di lettura stimato\" \/>\n\t<meta name=\"twitter:data1\" content=\"17 minuti\" \/>\n<script type=\"application\/ld+json\" class=\"yoast-schema-graph\">{\"@context\":\"https:\\\/\\\/schema.org\",\"@graph\":[{\"@type\":\"WebPage\",\"@id\":\"https:\\\/\\\/www.pilgrim.es\\\/it\\\/cammino-portoghese\\\/porto\\\/\",\"url\":\"https:\\\/\\\/www.pilgrim.es\\\/it\\\/cammino-portoghese\\\/porto\\\/\",\"name\":\"Oporto: Cosa vedere e dove dormire | Cammino di Santiago | Pilgrim\",\"isPartOf\":{\"@id\":\"https:\\\/\\\/www.pilgrim.es\\\/it\\\/#website\"},\"primaryImageOfPage\":{\"@id\":\"https:\\\/\\\/www.pilgrim.es\\\/it\\\/cammino-portoghese\\\/porto\\\/#primaryimage\"},\"image\":{\"@id\":\"https:\\\/\\\/www.pilgrim.es\\\/it\\\/cammino-portoghese\\\/porto\\\/#primaryimage\"},\"thumbnailUrl\":\"https:\\\/\\\/www.pilgrim.es\\\/wp-content\\\/uploads\\\/2019\\\/02\\\/oporto1.jpg\",\"datePublished\":\"2025-03-17T14:01:15+00:00\",\"description\":\"Oporto Scopri tutte le informazioni su dove alloggiare, come arrivare, cosa mangiare e sui principali punti di interesse delle localit\u00e0 lungo il Cammino Portoghese.\",\"breadcrumb\":{\"@id\":\"https:\\\/\\\/www.pilgrim.es\\\/it\\\/cammino-portoghese\\\/porto\\\/#breadcrumb\"},\"inLanguage\":\"it-IT\",\"potentialAction\":[{\"@type\":\"ReadAction\",\"target\":[\"https:\\\/\\\/www.pilgrim.es\\\/it\\\/cammino-portoghese\\\/porto\\\/\"]}]},{\"@type\":\"ImageObject\",\"inLanguage\":\"it-IT\",\"@id\":\"https:\\\/\\\/www.pilgrim.es\\\/it\\\/cammino-portoghese\\\/porto\\\/#primaryimage\",\"url\":\"https:\\\/\\\/www.pilgrim.es\\\/wp-content\\\/uploads\\\/2019\\\/02\\\/oporto1.jpg\",\"contentUrl\":\"https:\\\/\\\/www.pilgrim.es\\\/wp-content\\\/uploads\\\/2019\\\/02\\\/oporto1.jpg\",\"width\":1600,\"height\":1200,\"caption\":\"oporto\"},{\"@type\":\"BreadcrumbList\",\"@id\":\"https:\\\/\\\/www.pilgrim.es\\\/it\\\/cammino-portoghese\\\/porto\\\/#breadcrumb\",\"itemListElement\":[{\"@type\":\"ListItem\",\"position\":1,\"name\":\"Camino de Santiago\",\"item\":\"https:\\\/\\\/www.pilgrim.es\\\/it\\\/\"},{\"@type\":\"ListItem\",\"position\":2,\"name\":\"Cammino Portoghese\",\"item\":\"https:\\\/\\\/www.pilgrim.es\\\/it\\\/cammino-portoghese\\\/\"},{\"@type\":\"ListItem\",\"position\":3,\"name\":\"Oporto\"}]},{\"@type\":\"WebSite\",\"@id\":\"https:\\\/\\\/www.pilgrim.es\\\/it\\\/#website\",\"url\":\"https:\\\/\\\/www.pilgrim.es\\\/it\\\/\",\"name\":\"Pilgrim\",\"description\":\"Camino de Santiago | Caminamos Contigo\",\"publisher\":{\"@id\":\"https:\\\/\\\/www.pilgrim.es\\\/it\\\/#organization\"},\"potentialAction\":[{\"@type\":\"SearchAction\",\"target\":{\"@type\":\"EntryPoint\",\"urlTemplate\":\"https:\\\/\\\/www.pilgrim.es\\\/it\\\/?s={search_term_string}\"},\"query-input\":{\"@type\":\"PropertyValueSpecification\",\"valueRequired\":true,\"valueName\":\"search_term_string\"}}],\"inLanguage\":\"it-IT\"},{\"@type\":\"Organization\",\"@id\":\"https:\\\/\\\/www.pilgrim.es\\\/it\\\/#organization\",\"name\":\"Pilgrim Camino de Santiago\",\"url\":\"https:\\\/\\\/www.pilgrim.es\\\/it\\\/\",\"logo\":{\"@type\":\"ImageObject\",\"inLanguage\":\"it-IT\",\"@id\":\"https:\\\/\\\/www.pilgrim.es\\\/it\\\/#\\\/schema\\\/logo\\\/image\\\/\",\"url\":\"https:\\\/\\\/www.pilgrim.es\\\/wp-content\\\/uploads\\\/2019\\\/04\\\/logo_pilgrim.png\",\"contentUrl\":\"https:\\\/\\\/www.pilgrim.es\\\/wp-content\\\/uploads\\\/2019\\\/04\\\/logo_pilgrim.png\",\"width\":512,\"height\":512,\"caption\":\"Pilgrim Camino de Santiago\"},\"image\":{\"@id\":\"https:\\\/\\\/www.pilgrim.es\\\/it\\\/#\\\/schema\\\/logo\\\/image\\\/\"},\"sameAs\":[\"https:\\\/\\\/www.facebook.com\\\/pilgrim.es\\\/\",\"https:\\\/\\\/x.com\\\/pilgrim_es\",\"https:\\\/\\\/www.instagram.com\\\/pilgrim.es\\\/\",\"https:\\\/\\\/www.linkedin.com\\\/company\\\/pilgrim-camino-de-santiago\\\/\",\"https:\\\/\\\/www.pinterest.es\\\/pilgrimcaminodesantiago\\\/\",\"https:\\\/\\\/www.youtube.com\\\/channel\\\/UCIv2ZzFLXVqthkNF32rKedw\\\/featured\"]}]}<\/script>\n<!-- \/ Yoast SEO plugin. -->","yoast_head_json":{"title":"Oporto: Cosa vedere e dove dormire | Cammino di Santiago | Pilgrim","description":"Oporto Scopri tutte le informazioni su dove alloggiare, come arrivare, cosa mangiare e sui principali punti di interesse delle localit\u00e0 lungo il Cammino Portoghese.","robots":{"index":"index","follow":"follow","max-snippet":"max-snippet:-1","max-image-preview":"max-image-preview:large","max-video-preview":"max-video-preview:-1"},"canonical":"https:\/\/www.pilgrim.es\/it\/cammino-portoghese\/porto\/","og_locale":"it_IT","og_type":"article","og_title":"Oporto: Cosa vedere e dove dormire | Cammino di Santiago | Pilgrim","og_description":"Oporto Scopri tutte le informazioni su dove alloggiare, come arrivare, cosa mangiare e sui principali punti di interesse delle localit\u00e0 lungo il Cammino Portoghese.","og_url":"https:\/\/www.pilgrim.es\/it\/cammino-portoghese\/porto\/","og_site_name":"Pilgrim","article_publisher":"https:\/\/www.facebook.com\/pilgrim.es\/","og_image":[{"width":1600,"height":1200,"url":"https:\/\/www.pilgrim.es\/wp-content\/uploads\/2019\/02\/oporto1.jpg","type":"image\/jpeg"}],"twitter_card":"summary_large_image","twitter_site":"@pilgrim_es","twitter_misc":{"Tempo di lettura stimato":"17 minuti"},"schema":{"@context":"https:\/\/schema.org","@graph":[{"@type":"WebPage","@id":"https:\/\/www.pilgrim.es\/it\/cammino-portoghese\/porto\/","url":"https:\/\/www.pilgrim.es\/it\/cammino-portoghese\/porto\/","name":"Oporto: Cosa vedere e dove dormire | Cammino di Santiago | Pilgrim","isPartOf":{"@id":"https:\/\/www.pilgrim.es\/it\/#website"},"primaryImageOfPage":{"@id":"https:\/\/www.pilgrim.es\/it\/cammino-portoghese\/porto\/#primaryimage"},"image":{"@id":"https:\/\/www.pilgrim.es\/it\/cammino-portoghese\/porto\/#primaryimage"},"thumbnailUrl":"https:\/\/www.pilgrim.es\/wp-content\/uploads\/2019\/02\/oporto1.jpg","datePublished":"2025-03-17T14:01:15+00:00","description":"Oporto Scopri tutte le informazioni su dove alloggiare, come arrivare, cosa mangiare e sui principali punti di interesse delle localit\u00e0 lungo il Cammino Portoghese.","breadcrumb":{"@id":"https:\/\/www.pilgrim.es\/it\/cammino-portoghese\/porto\/#breadcrumb"},"inLanguage":"it-IT","potentialAction":[{"@type":"ReadAction","target":["https:\/\/www.pilgrim.es\/it\/cammino-portoghese\/porto\/"]}]},{"@type":"ImageObject","inLanguage":"it-IT","@id":"https:\/\/www.pilgrim.es\/it\/cammino-portoghese\/porto\/#primaryimage","url":"https:\/\/www.pilgrim.es\/wp-content\/uploads\/2019\/02\/oporto1.jpg","contentUrl":"https:\/\/www.pilgrim.es\/wp-content\/uploads\/2019\/02\/oporto1.jpg","width":1600,"height":1200,"caption":"oporto"},{"@type":"BreadcrumbList","@id":"https:\/\/www.pilgrim.es\/it\/cammino-portoghese\/porto\/#breadcrumb","itemListElement":[{"@type":"ListItem","position":1,"name":"Camino de Santiago","item":"https:\/\/www.pilgrim.es\/it\/"},{"@type":"ListItem","position":2,"name":"Cammino Portoghese","item":"https:\/\/www.pilgrim.es\/it\/cammino-portoghese\/"},{"@type":"ListItem","position":3,"name":"Oporto"}]},{"@type":"WebSite","@id":"https:\/\/www.pilgrim.es\/it\/#website","url":"https:\/\/www.pilgrim.es\/it\/","name":"Pilgrim","description":"Camino de Santiago | Caminamos Contigo","publisher":{"@id":"https:\/\/www.pilgrim.es\/it\/#organization"},"potentialAction":[{"@type":"SearchAction","target":{"@type":"EntryPoint","urlTemplate":"https:\/\/www.pilgrim.es\/it\/?s={search_term_string}"},"query-input":{"@type":"PropertyValueSpecification","valueRequired":true,"valueName":"search_term_string"}}],"inLanguage":"it-IT"},{"@type":"Organization","@id":"https:\/\/www.pilgrim.es\/it\/#organization","name":"Pilgrim Camino de Santiago","url":"https:\/\/www.pilgrim.es\/it\/","logo":{"@type":"ImageObject","inLanguage":"it-IT","@id":"https:\/\/www.pilgrim.es\/it\/#\/schema\/logo\/image\/","url":"https:\/\/www.pilgrim.es\/wp-content\/uploads\/2019\/04\/logo_pilgrim.png","contentUrl":"https:\/\/www.pilgrim.es\/wp-content\/uploads\/2019\/04\/logo_pilgrim.png","width":512,"height":512,"caption":"Pilgrim Camino de Santiago"},"image":{"@id":"https:\/\/www.pilgrim.es\/it\/#\/schema\/logo\/image\/"},"sameAs":["https:\/\/www.facebook.com\/pilgrim.es\/","https:\/\/x.com\/pilgrim_es","https:\/\/www.instagram.com\/pilgrim.es\/","https:\/\/www.linkedin.com\/company\/pilgrim-camino-de-santiago\/","https:\/\/www.pinterest.es\/pilgrimcaminodesantiago\/","https:\/\/www.youtube.com\/channel\/UCIv2ZzFLXVqthkNF32rKedw\/featured"]}]}},"_links":{"self":[{"href":"https:\/\/www.pilgrim.es\/it\/wp-json\/wp\/v2\/pages\/91205","targetHints":{"allow":["GET"]}}],"collection":[{"href":"https:\/\/www.pilgrim.es\/it\/wp-json\/wp\/v2\/pages"}],"about":[{"href":"https:\/\/www.pilgrim.es\/it\/wp-json\/wp\/v2\/types\/page"}],"replies":[{"embeddable":true,"href":"https:\/\/www.pilgrim.es\/it\/wp-json\/wp\/v2\/comments?post=91205"}],"version-history":[{"count":0,"href":"https:\/\/www.pilgrim.es\/it\/wp-json\/wp\/v2\/pages\/91205\/revisions"}],"up":[{"embeddable":true,"href":"https:\/\/www.pilgrim.es\/it\/wp-json\/wp\/v2\/pages\/10770"}],"wp:featuredmedia":[{"embeddable":true,"href":"https:\/\/www.pilgrim.es\/it\/wp-json\/wp\/v2\/media\/6835"}],"wp:attachment":[{"href":"https:\/\/www.pilgrim.es\/it\/wp-json\/wp\/v2\/media?parent=91205"}],"wp:term":[{"taxonomy":"category","embeddable":true,"href":"https:\/\/www.pilgrim.es\/it\/wp-json\/wp\/v2\/categories?post=91205"},{"taxonomy":"post_tag","embeddable":true,"href":"https:\/\/www.pilgrim.es\/it\/wp-json\/wp\/v2\/tags?post=91205"}],"curies":[{"name":"wp","href":"https:\/\/api.w.org\/{rel}","templated":true}]}}