{"id":91187,"date":"2025-03-17T13:56:53","date_gmt":"2025-03-17T13:56:53","guid":{"rendered":"https:\/\/www.pilgrim.es\/cammino-portoghese\/coimbra\/"},"modified":"2025-03-17T13:56:53","modified_gmt":"2025-03-17T13:56:53","slug":"coimbra","status":"publish","type":"page","link":"https:\/\/www.pilgrim.es\/it\/cammino-portoghese\/coimbra\/","title":{"rendered":"Co\u00edmbra"},"content":{"rendered":" <section id=\"hero\">\n\t<h1>Co\u00edmbra<\/h1>\n\t<div class=\"hero-grid\">\n\t\t<div class=\"hero-grid__town-col\" data-background=\"https:\/\/cdn.pilgrim.es\/web\/caminos\/camino-portugues\/pueblos\/coimbra\/coimbra.jpg\">\n\t\t\t<div>\n\t\t\t\t<a class=\"link-to-stage\" href=\"https:\/\/www.pilgrim.es\/camino-portugues\/etapa-8-rabacal-coimbra\/\">\n\t\t\t\t\t<p>&#8249; Ritorno al palcoscenico<\/p>\n\t\t\t\t<\/a>\n\n\t\t\t\t<div class=\"town-data\">\n\t\t\t\t\t<h2>Co\u00edmbra<\/h2>\n\t\t\t\t\t<ul>\n\t\t\t\t\t\t<li>Abitanti: 105.842 aprox.<\/li>\n\t\t\t\t\t\t<li>Provincia: <\/li>\n\t\t\t\t\t<\/ul>\n\t\t\t\t<\/div>\n\t\t\t<\/div>\n\t\t<\/div>\n\t\t<div class=\"hero-grid__planner-col\"><div\r\n  class=\"p-col-span-1 p-rounded-lg p-px-5 p-h-full\"\r\n  style=\"background-image: url('https:\/\/cdn.pilgrim.es\/web\/pilgrim-planner\/bg-plugin-planificador.webp')\"\r\n  rel=\"preload\"\r\n  fetchpriority=\"high\"\r\n  >\r\n    <div class=\"p-text-center p-pt-5 p-text-white p-text-2xl p-font-semibold\">\r\n      Pianifica il tuo cammino    <\/div>\r\n    <div\r\n            id='primary-app'\r\n            data-name='banner'\r\n            data-api='https:\/\/pathfinder.pilgrim.es\/api\/pathfinder\/v2'\r\n            data-mode='normal'\r\n            data-lang='it'\r\n            data-route='1'\r\n            data-destiny='https:\/\/planificador.pilgrim.es'\r\n            data-modality='1'\r\n            data-inline=''\r\n        ><\/div><\/div><\/div>\n\t<\/div>\n<\/section>\n\n<section id=\"infoTown\">\n\t<div class=\"sections-town\">\n\n\t\t<div id=\"informationSection\">\n\t\t\t<div>\n\t\t\t\t<h2 class=\"p-h2-town\">Informazioni<\/h2>\n\t\t\t\t<hr>\n\t\t\t\t<h3 class=\"p-h3-town\">Get to know Co\u00edmbra<\/h3>\n\t\t\t<\/div>\n\t\t\t<p>La citt\u00e0 di Coimbra \u00e8 una delle citt\u00e0 pi\u00f9 importanti del Portogallo ed \u00e8 attraversata da un capo all&#8217;altro dal fiume Mondego.<\/p> <p>Le sue strette strade ospitano patrimoni storici di epoche diverse, poich\u00e9 fu una citt\u00e0 di grande importanza. Qui sono nati sei dei re del Portogallo. \u00c8 stata capitale del Paese per oltre cento anni, diventando un importante centro politico e culturale del Paese.<\/p> <p>Il fiore all&#8217;occhiello \u00e8 l&#8217;Universit\u00e0, una delle pi\u00f9 antiche d&#8217;Europa, dichiarata Patrimonio dell&#8217;Umanit\u00e0 dall&#8217;UNESCO nel 2013.<\/p> <p>L&#8217;Universit\u00e0 \u00e8 Patrimonio dell&#8217;Umanit\u00e0 dall&#8217;UNESCO.<\/p> <p>L&#8217;Universit\u00e0 \u00e8 una delle pi\u00f9 antiche d&#8217;Europa ed \u00e8 stata dichiarata Patrimonio dell&#8217;Umanit\u00e0 dall&#8217;UNESCO nel 2013.<\/p> <p>L&#8217;Universit\u00e0 \u00e8 una delle pi\u00f9 antiche d&#8217;Europa.\n\t\t<\/div>\n\n\t\t<div id=\"locationSection\">\n\t\t\t<div>\n\t\t\t\t<h2 class=\"p-h2-town\">Posizione<\/h2>\n\t\t\t\t<hr>\n\t\t\t\t<h3 class=\"p-h3-town\">Come arrivare<\/h3>\n\t\t\t<\/div>\n\t\t\t<p>Il modo pi\u00f9 semplice per arrivare a Coimbra \u00e8 da Porto o da Lisbona. Se si proviene da Porto o dal nord, il modo pi\u00f9 semplice \u00e8 prendere la E-1 che collega entrambe le citt\u00e0 con Lisbona.\n\n<p>Un&#8217;altra opzione da Salamanca \u00e8 quella di prendere la A-5 e cambiare a Guarda con la E802, quindi svoltare sulla IC-8 e, una volta superato Castelo Branco, prima di raggiungere Vila Velha de Rodao, prendere la A-13 per Coimbra.\n\n<p>Per andare in autobus \u00e8 possibile prendere l&#8217;autobus da Lisbona o da Porto, cos\u00ec come il treno, ma \u00e8 consigliabile prendere l&#8217;espresso, poich\u00e9 gli altri impiegano molto tempo.\n\t\t\t<div>\n\t\t\t\t<div>\n  <iframe loading=\"lazy\"\n    src=\"https:\/\/www.google.com\/maps\/d\/embed?mid=1LL40XySpDo4nMVgMzH57q2tCIIhyf4k&amp;ehbc=2E312F\"\n    width=\"640\"\n    height=\"480\"\n    alt=\"Mapa Co\u00edmbra\"\n  ><\/iframe>\n<\/div>\n\n\t\t\t<\/div>\n\t\t<\/div>\n\n\t\t\n\t\t\t<div id=\"toVisitSection\">\n\t\t\t\t<div>\n\t\t\t\t\t<h2 class=\"p-h2-town\">Storia \/ Cultura<\/h2>\n\t\t\t\t\t<hr>\n\t\t\t\t\t<h3 class=\"p-h3-town\">Cosa vedere<\/h3>\n\t\t\t\t<\/div>\n\t\t\t\t<div>\n\t\t\t\t\t<div class=\"accordion\">\n\t\t\t\t\t\t<div class=\"accordion__menu\">\n\t\t\t\t\t\t\t<nav>\n\t\t\t\t\t\t\t\t\n\t\t\t\t\t\t\t\t\t<button class=\"nav-tab-accordion active\"><span>&#10093;<\/span><span> Universidad de Coimbra<\/span><\/button>\n\t\t\t\t\t\t\t\t\n\t\t\t\t\t\t\t\t\t<button class=\"nav-tab-accordion \"><span>&#10093;<\/span><span> Torre de Anto<\/span><\/button>\n\t\t\t\t\t\t\t\t\n\t\t\t\t\t\t\t\t\t<button class=\"nav-tab-accordion \"><span>&#10093;<\/span><span> Portugal dos Pequenitos<\/span><\/button>\n\t\t\t\t\t\t\t\t\n\t\t\t\t\t\t\t\t\t<button class=\"nav-tab-accordion \"><span>&#10093;<\/span><span> Penedo da Saudade<\/span><\/button>\n\t\t\t\t\t\t\t\t\n\t\t\t\t\t\t\t\t\t<button class=\"nav-tab-accordion \"><span>&#10093;<\/span><span> Museo del Agua<\/span><\/button>\n\t\t\t\t\t\t\t\t\n\t\t\t\t\t\t\t\t\t<button class=\"nav-tab-accordion \"><span>&#10093;<\/span><span> Museo de la Ciencia<\/span><\/button>\n\t\t\t\t\t\t\t\t\n\t\t\t\t\t\t\t\t\t<button class=\"nav-tab-accordion \"><span>&#10093;<\/span><span> Monasterio de Santa Cruz<\/span><\/button>\n\t\t\t\t\t\t\t\t\n\t\t\t\t\t\t\t\t\t<button class=\"nav-tab-accordion \"><span>&#10093;<\/span><span> Monasterio de Santa Clara a Velha<\/span><\/button>\n\t\t\t\t\t\t\t\t\n\t\t\t\t\t\t\t\t\t<button class=\"nav-tab-accordion \"><span>&#10093;<\/span><span> Monasterio de Celas<\/span><\/button>\n\t\t\t\t\t\t\t\t\n\t\t\t\t\t\t\t\t\t<button class=\"nav-tab-accordion \"><span>&#10093;<\/span><span> Jardim Bot\u00e2nico<\/span><\/button>\n\t\t\t\t\t\t\t\t\n\t\t\t\t\t\t\t\t\t<button class=\"nav-tab-accordion \"><span>&#10093;<\/span><span> Iglesia de Santo Ant\u00f3nio dos Olivais<\/span><\/button>\n\t\t\t\t\t\t\t\t\n\t\t\t\t\t\t\t\t\t<button class=\"nav-tab-accordion \"><span>&#10093;<\/span><span> Iglesia de Santiago<\/span><\/button>\n\t\t\t\t\t\t\t\t\n\t\t\t\t\t\t\t\t\t<button class=\"nav-tab-accordion \"><span>&#10093;<\/span><span> Con\u00edmbriga<\/span><\/button>\n\t\t\t\t\t\t\t\t\n\t\t\t\t\t\t\t\t\t<button class=\"nav-tab-accordion \"><span>&#10093;<\/span><span> Catedral S\u00e9 Nova<\/span><\/button>\n\t\t\t\t\t\t\t\t\n\t\t\t\t\t\t\t\t\t<button class=\"nav-tab-accordion \"><span>&#10093;<\/span><span> Biblioteca Joanina<\/span><\/button>\n\t\t\t\t\t\t\t\t\n\t\t\t\t\t\t\t\t\t<button class=\"nav-tab-accordion \"><span>&#10093;<\/span><span> Seminario Maior de Coimbra<\/span><\/button>\n\t\t\t\t\t\t\t\t\n\t\t\t\t\t\t\t\t\t<button class=\"nav-tab-accordion \"><span>&#10093;<\/span><span> Patio da Inquisi\u00e7\u00e3o<\/span><\/button>\n\t\t\t\t\t\t\t\t\n\t\t\t\t\t\t\t\t\t<button class=\"nav-tab-accordion \"><span>&#10093;<\/span><span> Parque de Santa Cruz<\/span><\/button>\n\t\t\t\t\t\t\t\t\n\t\t\t\t\t\t\t\t\t<button class=\"nav-tab-accordion \"><span>&#10093;<\/span><span> Museo Nacional de Machado de Castro<\/span><\/button>\n\t\t\t\t\t\t\t\t\n\t\t\t\t\t\t\t\t\t<button class=\"nav-tab-accordion \"><span>&#10093;<\/span><span> Jardines S\u00e1 da Bandeira<\/span><\/button>\n\t\t\t\t\t\t\t\t\n\t\t\t\t\t\t\t\t\t<button class=\"nav-tab-accordion \"><span>&#10093;<\/span><span> Iglesia de S\u00e3o Pedro<\/span><\/button>\n\t\t\t\t\t\t\t\t\n\t\t\t\t\t\t\t\t\t<button class=\"nav-tab-accordion \"><span>&#10093;<\/span><span> Iglesia de S\u00e3o Bartolomeu<\/span><\/button>\n\t\t\t\t\t\t\t\t\n\t\t\t\t\t\t\t\t\t<button class=\"nav-tab-accordion \"><span>&#10093;<\/span><span> Iglesia de Santa Justa<\/span><\/button>\n\t\t\t\t\t\t\t\t\n\t\t\t\t\t\t\t\t\t<button class=\"nav-tab-accordion \"><span>&#10093;<\/span><span> Iglesia de Nossa Senhora da Gra\u00e7a<\/span><\/button>\n\t\t\t\t\t\t\t\t\n\t\t\t\t\t\t\t\t\t<button class=\"nav-tab-accordion \"><span>&#10093;<\/span><span> Iglesia de Nossa Senhora do Carmo<\/span><\/button>\n\t\t\t\t\t\t\t\t\n\t\t\t\t\t\t\t\t\t<button class=\"nav-tab-accordion \"><span>&#10093;<\/span><span> Convento de Santa Clara a Nova<\/span><\/button>\n\t\t\t\t\t\t\t\t\n\t\t\t\t\t\t\t\t\t<button class=\"nav-tab-accordion \"><span>&#10093;<\/span><span> Convento de Cristo<\/span><\/button>\n\t\t\t\t\t\t\t\t\n\t\t\t\t\t\t\t\t\t<button class=\"nav-tab-accordion \"><span>&#10093;<\/span><span> Catedral S\u00e9 Velha de Coimbra<\/span><\/button>\n\t\t\t\t\t\t\t\t\n\t\t\t\t\t\t\t\t\t<button class=\"nav-tab-accordion \"><span>&#10093;<\/span><span> Iglesia de S\u00e3o Salvador<\/span><\/button>\n\t\t\t\t\t\t\t\t\n\t\t\t\t\t\t\t\t\t<button class=\"nav-tab-accordion \"><span>&#10093;<\/span><span> Arco y Torre de Almedina<\/span><\/button>\n\t\t\t\t\t\t\t\t\n\t\t\t\t\t\t\t\t\t<button class=\"nav-tab-accordion \"><span>&#10093;<\/span><span> Carmelo de Santa Teresa<\/span><\/button>\n\t\t\t\t\t\t\t\t\n\t\t\t\t\t\t\t\t\t<button class=\"nav-tab-accordion \"><span>&#10093;<\/span><span> Palacio de Sub-Ripas<\/span><\/button>\n\t\t\t\t\t\t\t\t\n\t\t\t\t\t\t\t\t\t<button class=\"nav-tab-accordion \"><span>&#10093;<\/span><span> Acueducto de San Sebasti\u00e1n<\/span><\/button>\n\t\t\t\t\t\t\t\t\n\t\t\t\t\t\t\t<\/nav>\n\t\t\t\t\t\t<\/div>\n\n\t\t\t\t\t\t\n\t\t\t\t\t\t\t<div class=\"accordion__accordion-content \">\n\t\t\t\t\t\t\t\t<div>\n\t\t\t\t\t\t\t\t\t<div>\n\t\t\t\t\t\t\t\t\t\t<h4>Universidad de Coimbra<\/h4>\n\t\t\t\t\t\t\t\t\t\t<p>L&#8217;Universit\u00e0 di Coimbra \u00e8 un campus universitario dichiarato patrimonio dell&#8217;umanit\u00e0 dall&#8217;UNESCO nel 2013. L&#8217;universit\u00e0 \u00e8 stata fondata nel 1290 con le facolt\u00e0 di Arti, Diritto canonico, Diritto civile e Medicina. Oggi conta un totale di otto facolt\u00e0: Lettere, Giurisprudenza, Medicina, Scienze e Tecnologia, Farmacia, Economia, Psicologia e Scienze dell&#8217;Educazione, Scienze dello Sport ed Educazione Fisica.\n\t\t\t\t\t\t\t\t\t<\/div>\n\t\t\t\t\t\t\t\t\t<img decoding=\"async\" src=\"https:\/\/cdn.pilgrim.es\/web\/caminos\/camino-portugues\/pueblos\/coimbra\/puntos-de-interes\/universidad-de-coimbra.jpg\" alt=\"Universidad de Coimbra\">\n\t\t\t\t\t\t\t\t<\/div>\n\t\t\t\t\t\t\t<\/div>\n\t\t\t\t\t\t\n\t\t\t\t\t\t\t<div class=\"accordion__accordion-content inactive\">\n\t\t\t\t\t\t\t\t<div>\n\t\t\t\t\t\t\t\t\t<div>\n\t\t\t\t\t\t\t\t\t\t<h4>Torre de Anto<\/h4>\n\t\t\t\t\t\t\t\t\t\t<p>La Torre de Anto, conosciuta anche come Torre do Prior do Ameal, era una delle torri appartenenti all&#8217;antica cinta muraria medievale che racchiudeva la citt\u00e0. Tuttavia, intorno al XVI secolo, la torre perse la sua funzione difensiva e fu trasformata in una casa privata. La persona pi\u00f9 nota che ha vissuto in questa casa \u00e8 il poeta Ant\u00f3nio Pereira Nobre, che vi abit\u00f2 durante i suoi studi alla fine del XIX secolo.\n\n<p>Oggi la Torre de Anto ospita la Casa da Artesan\u00e1ria de Coimbra. <\/p>\n\t\t\t\t\t\t\t\t\t<\/div>\n\t\t\t\t\t\t\t\t\t<img decoding=\"async\" src=\"https:\/\/cdn.pilgrim.es\/web\/caminos\/camino-portugues\/pueblos\/coimbra\/puntos-de-interes\/torre-de-anto.jpg\" alt=\"Torre de Anto\">\n\t\t\t\t\t\t\t\t<\/div>\n\t\t\t\t\t\t\t<\/div>\n\t\t\t\t\t\t\n\t\t\t\t\t\t\t<div class=\"accordion__accordion-content inactive\">\n\t\t\t\t\t\t\t\t<div>\n\t\t\t\t\t\t\t\t\t<div>\n\t\t\t\t\t\t\t\t\t\t<h4>Portugal dos Pequenitos<\/h4>\n\t\t\t\t\t\t\t\t\t\t<p>Portugal dos Pequenitos \u00e8 un piccolo parco tematico dove la storia e l&#8217;architettura del Portogallo sono riprodotte in rappresentazioni in scala. Questo complesso \u00e8 stato inaugurato nel 1940 ed \u00e8 suddiviso in tre zone: <\/p> <p>Portugal dos Pequenitos \u00e8 un piccolo parco tematico con rappresentazioni in scala della storia e dell&#8217;architettura portoghese.\n\t\t\t\t\t\t\t\t\t<\/div>\n\t\t\t\t\t\t\t\t\t<img decoding=\"async\" src=\"https:\/\/cdn.pilgrim.es\/web\/caminos\/camino-portugues\/pueblos\/coimbra\/puntos-de-interes\/portugal-dos-pequenitos.jpg\" alt=\"Portugal dos Pequenitos\">\n\t\t\t\t\t\t\t\t<\/div>\n\t\t\t\t\t\t\t<\/div>\n\t\t\t\t\t\t\n\t\t\t\t\t\t\t<div class=\"accordion__accordion-content inactive\">\n\t\t\t\t\t\t\t\t<div>\n\t\t\t\t\t\t\t\t\t<div>\n\t\t\t\t\t\t\t\t\t\t<h4>Penedo da Saudade<\/h4>\n\t\t\t\t\t\t\t\t\t\t<p>Il Penedo da Saudade \u00e8 un grande complesso roccioso a cui fu dato questo nome perch\u00e9 il principe Pedro vi si recava spesso per piangere la perdita della sua amata In\u00e9s. Come curiosit\u00e0, vale la pena ricordare i numerosi spazi del giardino che ospitano lapidi con versi appartenenti a diverse classi universitarie. <\/p>\n\t\t\t\t\t\t\t\t\t<\/div>\n\t\t\t\t\t\t\t\t\t<img decoding=\"async\" src=\"https:\/\/cdn.pilgrim.es\/web\/caminos\/camino-portugues\/pueblos\/coimbra\/puntos-de-interes\/penedo-da-saudade.jpg\" alt=\"Penedo da Saudade\">\n\t\t\t\t\t\t\t\t<\/div>\n\t\t\t\t\t\t\t<\/div>\n\t\t\t\t\t\t\n\t\t\t\t\t\t\t<div class=\"accordion__accordion-content inactive\">\n\t\t\t\t\t\t\t\t<div>\n\t\t\t\t\t\t\t\t\t<div>\n\t\t\t\t\t\t\t\t\t\t<h4>Museo del Agua<\/h4>\n\t\t\t\t\t\t\t\t\t\t<p>Il Museo dell&#8217;Acqua \u00e8 stato inaugurato nel 2007 e occupa i locali di una vecchia stazione di raccolta delle acque, quindi si trova nelle vicinanze del Parco Dr. Manuel de Braga.<\/p> <p>Il Museo dell&#8217;Acqua \u00e8 stato inaugurato nel 2007 e occupa i locali di una vecchia stazione di raccolta delle acque, quindi si trova nelle vicinanze del Parco Dr. Manuel de Braga.\n\n<p>La storia dell&#8217;approvvigionamento idrico pubblico viene spiegata all&#8217;interno del museo, che espone anche altre collezioni, tra cui una raccolta di contatori d&#8217;acqua. <\/p>\n\n<p>Orario<\/p>\n\n<p>Da marted\u00ec a domenica dalle 10:00 alle 13:00 e dalle 14:00 alle 18:00<\/p> <p>Da marted\u00ec a domenica dalle 10:00 alle 13:00 e dalle 14:00 alle 18:00<\/p>\n\n<p>TARIFAL&#8217;ingresso \u00e8 gratuito<\/p>\n\n<p>INFORMAZIONI D&#8217;INTERESSE<\/p> <p>TARIFAL\n\n<p>Web: www.museudaagua.comE-mail: museudaagua@aguasdecoimbra.ptTel\u00e9fono: +351 239 102 115<\/p>\n\t\t\t\t\t\t\t\t\t<\/div>\n\t\t\t\t\t\t\t\t\t<img decoding=\"async\" src=\"https:\/\/cdn.pilgrim.es\/web\/caminos\/camino-portugues\/pueblos\/coimbra\/puntos-de-interes\/museo-del-agua.jpg\" alt=\"Museo del Agua\">\n\t\t\t\t\t\t\t\t<\/div>\n\t\t\t\t\t\t\t<\/div>\n\t\t\t\t\t\t\n\t\t\t\t\t\t\t<div class=\"accordion__accordion-content inactive\">\n\t\t\t\t\t\t\t\t<div>\n\t\t\t\t\t\t\t\t\t<div>\n\t\t\t\t\t\t\t\t\t\t<h4>Museo de la Ciencia<\/h4>\n\t\t\t\t\t\t\t\t\t\t<p>Il Museo delle Scienze \u00e8 un museo interattivo la cui funzione \u00e8 quella di divulgare informazioni attraverso diverse gallerie come la fisica, la zoologia, la mineralogia e la geologia e la botanica. Nella galleria di fisica si trova il Laboratorio Chimico, la cui collezione \u00e8 considerata una delle pi\u00f9 importanti al mondo. La galleria di mineralogia e geologia ospita la collezione pi\u00f9 antica del continente, con oltre 5600 esemplari. Tutte si distinguono per l&#8217;uno o l&#8217;altro aspetto che ospitano nelle loro collezioni.\n\t\t\t\t\t\t\t\t\t<\/div>\n\t\t\t\t\t\t\t\t\t<img decoding=\"async\" src=\"https:\/\/cdn.pilgrim.es\/web\/caminos\/camino-portugues\/pueblos\/coimbra\/puntos-de-interes\/museo-de-la-ciencia.jpg\" alt=\"Museo de la Ciencia\">\n\t\t\t\t\t\t\t\t<\/div>\n\t\t\t\t\t\t\t<\/div>\n\t\t\t\t\t\t\n\t\t\t\t\t\t\t<div class=\"accordion__accordion-content inactive\">\n\t\t\t\t\t\t\t\t<div>\n\t\t\t\t\t\t\t\t\t<div>\n\t\t\t\t\t\t\t\t\t\t<h4>Monasterio de Santa Cruz<\/h4>\n\t\t\t\t\t\t\t\t\t\t<p>Il monastero di Santa Cruz, costruito nel XII secolo, fu fondato dall&#8217;Ordine dei Canonici di Sant&#8217;Agostino. Dopo la sua costruzione sub\u00ec numerose modifiche, la pi\u00f9 importante nel XVI secolo, quando la facciata fu completamente modificata e furono aggiunti due campanili. All&#8217;interno del monastero si possono ammirare la Cappella dei Martiri del Marocco, la Cappella del Santo Sepolcro, la Cappella di Sant&#8217;Antonio e la Cappella del Signore dei Passi, oltre alla Cappella Maggiore, che ospita le tombe dei primi re del Portogallo, per cui \u00e8 stata dichiarata Pantheon Nazionale. All&#8217;interno spiccano anche l&#8217;organo in stile barocco, la tribuna, la sacrestia manierista, il Chiostro del Silenzio, il refettorio e la Sala Capitolare. <\/p>\n\t\t\t\t\t\t\t\t\t<\/div>\n\t\t\t\t\t\t\t\t\t<img decoding=\"async\" src=\"https:\/\/cdn.pilgrim.es\/web\/caminos\/camino-portugues\/pueblos\/coimbra\/puntos-de-interes\/monasterio-de-santa-cruz.jpg\" alt=\"Monasterio de Santa Cruz\">\n\t\t\t\t\t\t\t\t<\/div>\n\t\t\t\t\t\t\t<\/div>\n\t\t\t\t\t\t\n\t\t\t\t\t\t\t<div class=\"accordion__accordion-content inactive\">\n\t\t\t\t\t\t\t\t<div>\n\t\t\t\t\t\t\t\t\t<div>\n\t\t\t\t\t\t\t\t\t\t<h4>Monasterio de Santa Clara a Velha<\/h4>\n\t\t\t\t\t\t\t\t\t\t<p>Il monastero di Santa Clara a Velha \u00e8 un grande edificio del XIII secolo eretto su richiesta del nobile Mor Dias, con lo scopo di ospitare una comunit\u00e0 di monache clarisse. Dopo che l&#8217;idea fu contestata sia dai canonici del monastero di Santa Cruz che dalle monache, nel 1311 cess\u00f2 di funzionare come tale. Dopo anni di abbandono, questo antico monastero \u00e8 stato rifondato per ospitare il Centro di Interpretazione con l&#8217;esposizione permanente &#8220;Monache e duenne di Santa Clara: archeologia del chiostro&#8221;. <\/p>\n\t\t\t\t\t\t\t\t\t<\/div>\n\t\t\t\t\t\t\t\t\t<img decoding=\"async\" src=\"https:\/\/cdn.pilgrim.es\/web\/caminos\/camino-portugues\/pueblos\/coimbra\/puntos-de-interes\/monasterio-de-santa-clara-a-velha.jpg\" alt=\"Monasterio de Santa Clara a Velha\">\n\t\t\t\t\t\t\t\t<\/div>\n\t\t\t\t\t\t\t<\/div>\n\t\t\t\t\t\t\n\t\t\t\t\t\t\t<div class=\"accordion__accordion-content inactive\">\n\t\t\t\t\t\t\t\t<div>\n\t\t\t\t\t\t\t\t\t<div>\n\t\t\t\t\t\t\t\t\t\t<h4>Monasterio de Celas<\/h4>\n\t\t\t\t\t\t\t\t\t\t<p>Il monastero di Celas fu fondato da Do\u00f1a Sancha de Portugal, figlia di Sancho I, all&#8217;inizio del XIII secolo. Tra il XVI e il XVII secolo, l&#8217;edificio fu sottoposto a un intenso restauro che ne modific\u00f2 l&#8217;estetica originaria, ad eccezione della chiesa, che mantenne la sua struttura circolare, della sala capitolare, del coro e del chiostro, dove spiccano i capitelli storicizzati situati nelle ali ovest e sud del chiostro.\n\n<p>OGGI<\/p>\n\n<p>Luned\u00ec a venerd\u00ec dalle 15:00 alle 18:00<\/p>\n\n<p>TARIFFA<\/p>\n\n<p>Ingresso generale: 1\u20acIngresso bambini: 0,5\u20ac<\/p> <p>Ingresso bambini: 0,5\u20ac<\/p> <p>Tasse: 1\u20ac<\/p> &lt;p\n\t\t\t\t\t\t\t\t\t<\/div>\n\t\t\t\t\t\t\t\t\t<img decoding=\"async\" src=\"https:\/\/cdn.pilgrim.es\/web\/caminos\/camino-portugues\/pueblos\/coimbra\/puntos-de-interes\/monasterio-de-celas.jpg\" alt=\"Monasterio de Celas\">\n\t\t\t\t\t\t\t\t<\/div>\n\t\t\t\t\t\t\t<\/div>\n\t\t\t\t\t\t\n\t\t\t\t\t\t\t<div class=\"accordion__accordion-content inactive\">\n\t\t\t\t\t\t\t\t<div>\n\t\t\t\t\t\t\t\t\t<div>\n\t\t\t\t\t\t\t\t\t\t<h4>Jardim Bot\u00e2nico<\/h4>\n\t\t\t\t\t\t\t\t\t\t<p>Il Jardim Bot\u00e2nico, costruito per ordine del Marchese di Pombal intorno al 1772, \u00e8 uno dei giardini pi\u00f9 ricchi e prosperi del Portogallo. L&#8217;Orto Botanico fu progettato da alcuni artisti italiani e ospita un territorio boschivo oltre a sei porzioni di terreno preparate per la piantagione, tra cui serre, laghi, fontane e stagni.<\/p> <p>L&#8217;Orto Botanico fu progettato da alcuni artisti italiani e ospita un territorio boschivo oltre a sei porzioni di terreno preparate per la piantagione, tra cui serre, laghi, fontane e stagni.\n\n<p>Questo giardino conta pi\u00f9 di 1.200 specie arboree, la maggior parte delle quali esotiche. Una volta entrati nel giardino, si pu\u00f2 vedere la statua di Avelar Brotero, il primo direttore del giardino. Il Giardino Botanico di Coimbra \u00e8 sicuramente un luogo ideale per una passeggiata rilassante all&#8217;aria aperta ed \u00e8 attualmente oggetto di studi scientifici. <\/p>\n\n<p>Orario<\/p>\n\n<p>Tutti i giorni dalle 09:00 alle 17:30<\/p> <p>Tutti i giorni dalle 09:00 alle 17:30<\/p>\n\n<p>INFORMAZIONI DI INTERESSE<\/p>\n\n<p>Telefono: +351 239 855 216<\/p>\n\t\t\t\t\t\t\t\t\t<\/div>\n\t\t\t\t\t\t\t\t\t<img decoding=\"async\" src=\"https:\/\/cdn.pilgrim.es\/web\/caminos\/camino-portugues\/pueblos\/coimbra\/puntos-de-interes\/jardim-botanico.jpg\" alt=\"Jardim Bot\u00e2nico\">\n\t\t\t\t\t\t\t\t<\/div>\n\t\t\t\t\t\t\t<\/div>\n\t\t\t\t\t\t\n\t\t\t\t\t\t\t<div class=\"accordion__accordion-content inactive\">\n\t\t\t\t\t\t\t\t<div>\n\t\t\t\t\t\t\t\t\t<div>\n\t\t\t\t\t\t\t\t\t\t<h4>Iglesia de Santo Ant\u00f3nio dos Olivais<\/h4>\n\t\t\t\t\t\t\t\t\t\t<p>La chiesa di Santo Ant\u00f3nio dos Olivais era in origine, nel XIII secolo, una cappella che la regina Dona Urraca trasfer\u00ec ai francescani. Uno di questi religiosi si rivel\u00f2 essere Fernando de Bulh\u00f5es, che in seguito sarebbe stato conosciuto come Sant&#8217;Antonio da Padova e santificato nel 1232.<\/p> <p>La chiesa di Santo Ant\u00f3nio dos Olivais era originariamente, nel XIII secolo, una cappella che la regina Dona Urraca pass\u00f2 ai francescani.\n\n<p>L&#8217;Ordine francescano abbandon\u00f2 questo luogo nel 1274, per cui la cappella divenne propriet\u00e0 del Cabildo della citt\u00e0 di Coimbra, che aveva il compito di ampliare la chiesa e di mantenerla in buone condizioni. Tuttavia, nel XVI secolo, i religiosi riuscirono a recuperare la propriet\u00e0. Il tempio che si pu\u00f2 ammirare oggi \u00e8 il risultato di un importante restauro effettuato nel XVIII secolo. <\/p> <p>La chiesa \u00e8 ancora oggi visibile.\n\n<p>INFORMAZIONI DI INTERESSE<\/p>\n\n<p>Telefono: +351 239 711 992<\/p>\n\t\t\t\t\t\t\t\t\t<\/div>\n\t\t\t\t\t\t\t\t\t<img decoding=\"async\" src=\"https:\/\/cdn.pilgrim.es\/web\/caminos\/camino-portugues\/pueblos\/coimbra\/puntos-de-interes\/iglesia-de-santo-antonio-dos-olivais.jpg\" alt=\"Iglesia de Santo Ant\u00f3nio dos Olivais\">\n\t\t\t\t\t\t\t\t<\/div>\n\t\t\t\t\t\t\t<\/div>\n\t\t\t\t\t\t\n\t\t\t\t\t\t\t<div class=\"accordion__accordion-content inactive\">\n\t\t\t\t\t\t\t\t<div>\n\t\t\t\t\t\t\t\t\t<div>\n\t\t\t\t\t\t\t\t\t\t<h4>Iglesia de Santiago<\/h4>\n\t\t\t\t\t\t\t\t\t\t<p>La chiesa di Santiago \u00e8 uno dei templi romanici pi\u00f9 importanti e degni di nota della citt\u00e0 di Coimbra. Fu costruita tra la fine del XII secolo e l&#8217;inizio del XIII secolo. Il portale principale della chiesa presenta un&#8217;ornamentazione ispirata alla Cattedrale Vecchia, mentre il portale laterale presenta un&#8217;ornamentazione di conchiglie come riferimento a Santiago, il santo a cui \u00e8 consacrata la chiesa.<\/p> <p>Il portale principale della chiesa presenta un&#8217;ornamentazione di conchiglie come riferimento a Santiago, il santo a cui \u00e8 consacrata la chiesa.\n\n<p>All&#8217;interno della chiesa spiccano il tetto in legno, la cappella principale e la pala d&#8217;altare in stile rococ\u00f2 conimbrico. <\/p>\n\n<p>OGGI<\/p>\n\n<p>Dalle 08:00 alle 20:00<\/p> <p>Dalle 08:00 alle 20:00<\/p>\n\n<p>INFORMAZIONI DI INTERESSE<\/p>\n\n<p>Telefono: +351 239 825 154<\/p>\n\t\t\t\t\t\t\t\t\t<\/div>\n\t\t\t\t\t\t\t\t\t<img decoding=\"async\" src=\"https:\/\/cdn.pilgrim.es\/web\/caminos\/camino-portugues\/pueblos\/coimbra\/puntos-de-interes\/iglesia-de-santiago.jpg\" alt=\"Iglesia de Santiago\">\n\t\t\t\t\t\t\t\t<\/div>\n\t\t\t\t\t\t\t<\/div>\n\t\t\t\t\t\t\n\t\t\t\t\t\t\t<div class=\"accordion__accordion-content inactive\">\n\t\t\t\t\t\t\t\t<div>\n\t\t\t\t\t\t\t\t\t<div>\n\t\t\t\t\t\t\t\t\t\t<h4>Con\u00edmbriga<\/h4>\n\t\t\t\t\t\t\t\t\t\t<p>Con\u00edmbriga \u00e8 ci\u00f2 che resta di un antico territorio popolato fin dalla preistoria, che fu occupato dalle truppe romane nel 139 a.C.. L&#8217;insediamento era costituito da strutture di base come il foro, l&#8217;anfiteatro e le terme, finch\u00e9 non fu eretta una basilica nel centro della citt\u00e0. Le caratteristiche pi\u00f9 rilevanti della citt\u00e0 sono le sue case, che hanno conservato le loro pietre primitive. Tra queste case, da non perdere \u00e8 la Casa dos Repuxos, che ha un bel giardino al centro e si distingue per i suoi mosaici che riproducono scene di caccia, ambientazioni mitologiche, stagioni dell&#8217;anno, specie marine, ecc. La casa di Cantaber, considerata pi\u00f9 grande delle altre, non lascia indifferente il museo che espone oggetti ritrovati nel corso degli anni negli scavi.\n\t\t\t\t\t\t\t\t\t<\/div>\n\t\t\t\t\t\t\t\t\t<img decoding=\"async\" src=\"https:\/\/cdn.pilgrim.es\/web\/caminos\/camino-portugues\/pueblos\/coimbra\/puntos-de-interes\/conimbriga.jpg\" alt=\"Con\u00edmbriga\">\n\t\t\t\t\t\t\t\t<\/div>\n\t\t\t\t\t\t\t<\/div>\n\t\t\t\t\t\t\n\t\t\t\t\t\t\t<div class=\"accordion__accordion-content inactive\">\n\t\t\t\t\t\t\t\t<div>\n\t\t\t\t\t\t\t\t\t<div>\n\t\t\t\t\t\t\t\t\t\t<h4>Catedral S\u00e9 Nova<\/h4>\n\t\t\t\t\t\t\t\t\t\t<p>La Cattedrale S\u00e9 Nova de Coimbra fu costruita alla fine del XVI secolo, ma entr\u00f2 in uso solo nel XVII secolo. Originariamente era destinata a servire come chiesa del collegio gesuita, finch\u00e9 i gesuiti non furono espulsi dal Portogallo e questa divenne la nuova sede episcopale. La facciata si distingue per la sua mescolanza di stili, con sculture di santi gesuiti al piano terra in stile manierista e al piano superiore in stile barocco. All&#8217;interno, spiccano le pale d&#8217;altare con intagli dorati dei primi secoli del XVII e XVIII, gli stalli del coro e il fonte battesimale.\n\t\t\t\t\t\t\t\t\t<\/div>\n\t\t\t\t\t\t\t\t\t<img decoding=\"async\" src=\"https:\/\/cdn.pilgrim.es\/web\/caminos\/camino-portugues\/pueblos\/coimbra\/puntos-de-interes\/catedral-se-nova.jpg\" alt=\"Catedral S\u00e9 Nova\">\n\t\t\t\t\t\t\t\t<\/div>\n\t\t\t\t\t\t\t<\/div>\n\t\t\t\t\t\t\n\t\t\t\t\t\t\t<div class=\"accordion__accordion-content inactive\">\n\t\t\t\t\t\t\t\t<div>\n\t\t\t\t\t\t\t\t\t<div>\n\t\t\t\t\t\t\t\t\t\t<h4>Biblioteca Joanina<\/h4>\n\t\t\t\t\t\t\t\t\t\t<p>La Biblioteca Joanina, originariamente conosciuta come Casa da Libreria, fu costruita tra il 1717 e il 1728, venendo inaugurata ufficialmente dopo il 1750. L&#8217;edificio \u00e8 interamente in stile barocco e prende il nome di Joanina in omaggio al suo autore, dom Jo\u00e3o V. Per quanto riguarda la sua struttura, simula un poliedro a sei lati a cui si accede attraverso un grande portale ad arco trionfale fiancheggiato da due colonne ioniche. All&#8217;interno si trovano tre grandi sale interconnesse, fiancheggiate da librerie dorate e decorate con ornamenti in stile cinese. La biblioteca ospita collezioni di tutti i tipi e di tutte le epoche, risalenti ai secoli XVI, XVII e XVIII. <\/p> <p>E&#8217; anche sede di una vasta collezione di libri del XVI, XVII e XVIII secolo.\n\t\t\t\t\t\t\t\t\t<\/div>\n\t\t\t\t\t\t\t\t\t<img decoding=\"async\" src=\"https:\/\/cdn.pilgrim.es\/web\/caminos\/camino-portugues\/pueblos\/coimbra\/puntos-de-interes\/biblioteca-joanina.jpg\" alt=\"Biblioteca Joanina\">\n\t\t\t\t\t\t\t\t<\/div>\n\t\t\t\t\t\t\t<\/div>\n\t\t\t\t\t\t\n\t\t\t\t\t\t\t<div class=\"accordion__accordion-content inactive\">\n\t\t\t\t\t\t\t\t<div>\n\t\t\t\t\t\t\t\t\t<div>\n\t\t\t\t\t\t\t\t\t\t<h4>Seminario Maior de Coimbra<\/h4>\n\t\t\t\t\t\t\t\t\t\t<p>La costruzione del Seminario Maior de Coimbra inizi\u00f2 nel 1748. La facciata principale dell&#8217;edificio \u00e8 divisa in cinque sezioni, di cui la sezione centrale ospita un tempio che, nonostante le sue piccole dimensioni, \u00e8 architettonicamente bello, sia per la sua disposizione che per i suoi ornamenti.<\/p> <p>La facciata principale dell&#8217;edificio \u00e8 divisa in cinque sezioni, di cui la sezione centrale ospita un tempio che, nonostante le sue piccole dimensioni, \u00e8 architettonicamente bello, sia per la sua disposizione che per i suoi ornamenti.\n\n<p>Il Seminario Maior \u00e8 presieduto da uno splendido giardino, progettato nel XX secolo in stile barocco. <\/p>\n\n<p>INFORMAZIONI DI INTERESSE<\/p> <p>Il Seminario Maior<\/p> <p>Seminario Maior\n\n<p>E-mail: smsf.coimbra@mail.telepac.pt Telefono: +351 239 792 340<\/p> <p>Il Seminario Maior si trova in uno splendido giardino, progettato nel XX secolo in stile barocco.\n\t\t\t\t\t\t\t\t\t<\/div>\n\t\t\t\t\t\t\t\t\t<img decoding=\"async\" src=\"https:\/\/cdn.pilgrim.es\/web\/caminos\/camino-portugues\/pueblos\/coimbra\/puntos-de-interes\/seminario-maior-coimbra.jpg\" alt=\"Seminario Maior de Coimbra\">\n\t\t\t\t\t\t\t\t<\/div>\n\t\t\t\t\t\t\t<\/div>\n\t\t\t\t\t\t\n\t\t\t\t\t\t\t<div class=\"accordion__accordion-content inactive\">\n\t\t\t\t\t\t\t\t<div>\n\t\t\t\t\t\t\t\t\t<div>\n\t\t\t\t\t\t\t\t\t\t<h4>Patio da Inquisi\u00e7\u00e3o<\/h4>\n\t\t\t\t\t\t\t\t\t\t<p>Il Patio da Inquisi\u00e7\u00e3o si trova nello stesso luogo in cui, tra il 1566 e il 1821, aveva sede il Tribunale del Sant&#8217;Uffizio, noto anche come Inquisizione. Questo cortile era anche la sede del Collegio delle Arti e oggi ospita il Centro di Arti Visive. <\/p>\n\t\t\t\t\t\t\t\t\t<\/div>\n\t\t\t\t\t\t\t\t\t<img decoding=\"async\" src=\"https:\/\/cdn.pilgrim.es\/web\/caminos\/camino-portugues\/pueblos\/coimbra\/puntos-de-interes\/patio-da-inquisic\u0327ao.jpg\" alt=\"Patio da Inquisi\u00e7\u00e3o\">\n\t\t\t\t\t\t\t\t<\/div>\n\t\t\t\t\t\t\t<\/div>\n\t\t\t\t\t\t\n\t\t\t\t\t\t\t<div class=\"accordion__accordion-content inactive\">\n\t\t\t\t\t\t\t\t<div>\n\t\t\t\t\t\t\t\t\t<div>\n\t\t\t\t\t\t\t\t\t\t<h4>Parque de Santa Cruz<\/h4>\n\t\t\t\t\t\t\t\t\t\t<p>Il parco di Santa Crus, noto anche come Jardim da Sereia, faceva parte del Monastero di Santa Cruz e fu costruito nel XVIII secolo. L&#8217;ingresso del parco \u00e8 presieduto da un arco di trionfo, situato tra due torri, sopra le quali si trovano tre statue che simboleggiano la Fede, la Speranza e la Carit\u00e0.\n\n<p>La Fonte da Nogueira \u00e8 uno degli spazi pi\u00f9 belli di questo parco, in quanto ospita la statua di un tritone. Questo essere mitologico viene spesso scambiato per una sirena. Proprio per questo motivo questo spazio \u00e8 conosciuto anche come Jardim da Sereia. Questo parco \u00e8 ideale per i visitatori che possono contemplare un&#8217;ampia variet\u00e0 di specie arboree esotiche e altre specie faunistiche come tritoni marmorizzati, rospi e salamandre. <\/p>\n\t\t\t\t\t\t\t\t\t<\/div>\n\t\t\t\t\t\t\t\t\t<img decoding=\"async\" src=\"https:\/\/cdn.pilgrim.es\/web\/caminos\/camino-portugues\/pueblos\/coimbra\/puntos-de-interes\/parque-santa-cruz.jpg\" alt=\"Parque de Santa Cruz\">\n\t\t\t\t\t\t\t\t<\/div>\n\t\t\t\t\t\t\t<\/div>\n\t\t\t\t\t\t\n\t\t\t\t\t\t\t<div class=\"accordion__accordion-content inactive\">\n\t\t\t\t\t\t\t\t<div>\n\t\t\t\t\t\t\t\t\t<div>\n\t\t\t\t\t\t\t\t\t\t<h4>Museo Nacional de Machado de Castro<\/h4>\n\t\t\t\t\t\t\t\t\t\t<p>Il Museo Nazionale Machado de Castro, di carattere prettamente religioso, \u00e8 stato inaugurato nel 1913 ed \u00e8 stato classificato come Museo Nazionale nel 1965. La sua denominazione deriva da uno dei migliori scultori della storia portoghese: Joaquim Machado de Castro. Ospita collezioni di scultura, pittura, ceramica, oreficeria e tessuti, oltre a reperti archeologici e di arte orientale. Il museo non espone solo in un edificio, ma in diversi, tra cui il Palazzo Episcopale e la Chiesa di San Juan de Almedina.\n\t\t\t\t\t\t\t\t\t<\/div>\n\t\t\t\t\t\t\t\t\t<img decoding=\"async\" src=\"https:\/\/cdn.pilgrim.es\/web\/caminos\/camino-portugues\/pueblos\/coimbra\/puntos-de-interes\/museo-nacional-machado-de-castro.jpg\" alt=\"Museo Nacional de Machado de Castro\">\n\t\t\t\t\t\t\t\t<\/div>\n\t\t\t\t\t\t\t<\/div>\n\t\t\t\t\t\t\n\t\t\t\t\t\t\t<div class=\"accordion__accordion-content inactive\">\n\t\t\t\t\t\t\t\t<div>\n\t\t\t\t\t\t\t\t\t<div>\n\t\t\t\t\t\t\t\t\t\t<h4>Jardines S\u00e1 da Bandeira<\/h4>\n\t\t\t\t\t\t\t\t\t\t<p>I Giardini S\u00e1 da Bandeira si trovano al centro dell&#8217;Avenida S\u00e1 da Bandeira e furono costruiti alla fine del XIX secolo, seguendo i progetti allora programmati per l&#8217;urbanizzazione di Quinta de Santa Cruz.<\/p> <p>I Giardini S\u00e1 da Bandeira si trovano al centro dell&#8217;Avenida S\u00e1 da Bandeira e furono costruiti alla fine del XIX secolo, seguendo i progetti allora programmati per l&#8217;urbanizzazione di Quinta de Santa Cruz.\n\n<p>Questo parco \u00e8 molto conosciuto e amato dagli abitanti di Coimbra, in quanto i suoi spazi comprendono stagni in cui convivono numerosi tipi di uccelli e altre specie vegetali che danno vita alla citt\u00e0.\n\t\t\t\t\t\t\t\t\t<\/div>\n\t\t\t\t\t\t\t\t\t<img decoding=\"async\" src=\"https:\/\/cdn.pilgrim.es\/web\/caminos\/camino-portugues\/pueblos\/coimbra\/puntos-de-interes\/jardines-sa-bandeira.jpg\" alt=\"Jardines S\u00e1 da Bandeira\">\n\t\t\t\t\t\t\t\t<\/div>\n\t\t\t\t\t\t\t<\/div>\n\t\t\t\t\t\t\n\t\t\t\t\t\t\t<div class=\"accordion__accordion-content inactive\">\n\t\t\t\t\t\t\t\t<div>\n\t\t\t\t\t\t\t\t\t<div>\n\t\t\t\t\t\t\t\t\t\t<h4>Iglesia de S\u00e3o Pedro<\/h4>\n\t\t\t\t\t\t\t\t\t\t<p>Il collegio che ospita la Chiesa di S\u00e3o Pedro fu fondato nel 1540 ed era originariamente destinato ai sacerdoti poveri. L&#8217;istituto rimase in questa sede fino a quando i suoi studenti dovettero trasferirsi nella parte alta della citt\u00e0 di Coimbra.\n\n<p>La chiesa di questo collegio, come il chiostro che vi si trova, \u00e8 semplice, anche se di grandi dimensioni. La chiesa segue lo stesso schema delle altre chiese situate nei collegi vicini. <\/p>\n\t\t\t\t\t\t\t\t\t<\/div>\n\t\t\t\t\t\t\t\t\t<img decoding=\"async\" src=\"https:\/\/cdn.pilgrim.es\/web\/caminos\/camino-portugues\/pueblos\/coimbra\/puntos-de-interes\/iglesia-sao-pedro.jpg\" alt=\"Iglesia de S\u00e3o Pedro\">\n\t\t\t\t\t\t\t\t<\/div>\n\t\t\t\t\t\t\t<\/div>\n\t\t\t\t\t\t\n\t\t\t\t\t\t\t<div class=\"accordion__accordion-content inactive\">\n\t\t\t\t\t\t\t\t<div>\n\t\t\t\t\t\t\t\t\t<div>\n\t\t\t\t\t\t\t\t\t\t<h4>Iglesia de S\u00e3o Bartolomeu<\/h4>\n\t\t\t\t\t\t\t\t\t\t<p>La chiesa di S\u00e3o Bartolomeu risale al X secolo, il che la rende una delle chiese pi\u00f9 antiche della citt\u00e0, sebbene sia stata ricostruita nel XII e nel XVIII secolo. L&#8217;esterno della chiesa \u00e8 in stile barocco, anche se la sua pianta \u00e8 piuttosto semplice. L&#8217;interno della chiesa si distingue per la pala d&#8217;altare manierista del XVI secolo, che raffigura la morte e la resurrezione di Ges\u00f9 Cristo attraverso dipinti che alludono a questo evento, e per le pale d&#8217;altare incise che riproducono l&#8217;episodio del martirio di San Bartolomeo. <\/p>\n\n<p>Ora<\/p>\n\n<p>Luned\u00ec a sabato dalle 08:00 alle 12:00 e dalle 14:00 alle 17:00Domenica dalle 08:00 alle 12:00<\/p> <p>Domenica dalle 08:00 alle 12:00<\/p> <p>Sabato dalle 08:00 alle 12:00<\/p>\n\n<p>INFORMAZIONI DI INTERESSE<\/p>\n\n<p>Telefono: +351 239 825 154<\/p>\n\t\t\t\t\t\t\t\t\t<\/div>\n\t\t\t\t\t\t\t\t\t<img decoding=\"async\" src=\"https:\/\/cdn.pilgrim.es\/web\/caminos\/camino-portugues\/pueblos\/coimbra\/puntos-de-interes\/iglesia-sao-bartolomeu.jpg\" alt=\"Iglesia de S\u00e3o Bartolomeu\">\n\t\t\t\t\t\t\t\t<\/div>\n\t\t\t\t\t\t\t<\/div>\n\t\t\t\t\t\t\n\t\t\t\t\t\t\t<div class=\"accordion__accordion-content inactive\">\n\t\t\t\t\t\t\t\t<div>\n\t\t\t\t\t\t\t\t\t<div>\n\t\t\t\t\t\t\t\t\t\t<h4>Iglesia de Santa Justa<\/h4>\n\t\t\t\t\t\t\t\t\t\t<p>La chiesa originaria di Santa Justa risale al XII secolo e si trovava altrove. Tuttavia, la chiesa che si pu\u00f2 ammirare oggi fu inaugurata nel 1724.<\/p> <p>La chiesa originaria di Santa Justa risale al XII secolo e si trovava altrove.\n\n<p>La facciata principale dell&#8217;edificio \u00e8 ostentata, a tre piani e fiancheggiata da torri. L&#8217;interno del tempio ospita una cappella principale, all&#8217;interno della quale si pu\u00f2 ammirare una magnifica pala d&#8217;altare in stile barocco risalente all&#8217;epoca del regno di Giovanni V nel XVIII secolo. <\/p> <p>La facciata principale dell&#8217;edificio \u00e8 ostentata, con tre piani e fiancheggiata da torri.\n\t\t\t\t\t\t\t\t\t<\/div>\n\t\t\t\t\t\t\t\t\t<img decoding=\"async\" src=\"https:\/\/cdn.pilgrim.es\/web\/caminos\/camino-portugues\/pueblos\/coimbra\/puntos-de-interes\/iglesia-santa-justa.jpg\" alt=\"Iglesia de Santa Justa\">\n\t\t\t\t\t\t\t\t<\/div>\n\t\t\t\t\t\t\t<\/div>\n\t\t\t\t\t\t\n\t\t\t\t\t\t\t<div class=\"accordion__accordion-content inactive\">\n\t\t\t\t\t\t\t\t<div>\n\t\t\t\t\t\t\t\t\t<div>\n\t\t\t\t\t\t\t\t\t\t<h4>Iglesia de Nossa Senhora da Gra\u00e7a<\/h4>\n\t\t\t\t\t\t\t\t\t\t<p>Il collegio che ospita la chiesa di Nossa Senhora da Gra\u00e7a fu creato nel 1543 dal re Giovanni III e dipendeva dall&#8217;Ordine degli Eremiti di Sant&#8217;Agostino. Sia la chiesa che il chiostro sono esempi delle prime modifiche apportate ad alcuni edifici religiosi della citt\u00e0 di Coimbra per conferire loro forme classiche tipiche del Rinascimento. <\/p>\n\n<p>Orologi<\/p>\n\n<p>Luned\u00ec a sabato dalle 08:30 alle 11:45 e dalle 14:30 alle 18:30<\/p> <p>Luned\u00ec a sabato dalle 08:30 alle 11:45 e dalle 14:30 alle 18:30<\/p> &lt;p\n\n<p>INFORMAZIONI DI INTERESSE<\/p>\n\n<p>Telefono: +351 239 820 576<\/p>\n\t\t\t\t\t\t\t\t\t<\/div>\n\t\t\t\t\t\t\t\t\t<img decoding=\"async\" src=\"https:\/\/cdn.pilgrim.es\/web\/caminos\/camino-portugues\/pueblos\/coimbra\/puntos-de-interes\/iglesia-nossa-senhora-da-grac\u0327a.jpg\" alt=\"Iglesia de Nossa Senhora da Gra\u00e7a\">\n\t\t\t\t\t\t\t\t<\/div>\n\t\t\t\t\t\t\t<\/div>\n\t\t\t\t\t\t\n\t\t\t\t\t\t\t<div class=\"accordion__accordion-content inactive\">\n\t\t\t\t\t\t\t\t<div>\n\t\t\t\t\t\t\t\t\t<div>\n\t\t\t\t\t\t\t\t\t\t<h4>Iglesia de Nossa Senhora do Carmo<\/h4>\n\t\t\t\t\t\t\t\t\t\t<p>La Chiesa di Nossa Senhora do Carmo faceva parte del Collegio del Carmelo e risale alla fine del XVI secolo. All&#8217;interno della chiesa si trovano una pala d&#8217;altare manierista del XVI secolo dipinta da Sim\u00e3o Rodrigues e Domingo Vieira Serr\u00e3o, una serie di piastrelle di Lisbona del XVII secolo e la Deposizione di Cristo nella tomba di Jean de Rouen, situata nella sacrestia. <\/p>\n\n<p>INFORMAZIONI DI INTERESSE<\/p>.\n\n<p>Telefono: +351 239 822 938<\/p> <p>Numero di telefono: +351 239 822 938<\/p>\n\t\t\t\t\t\t\t\t\t<\/div>\n\t\t\t\t\t\t\t\t\t<img decoding=\"async\" src=\"https:\/\/cdn.pilgrim.es\/web\/caminos\/camino-portugues\/pueblos\/coimbra\/puntos-de-interes\/iglesia-nossa-senhora-do-carmo.jpg\" alt=\"Iglesia de Nossa Senhora do Carmo\">\n\t\t\t\t\t\t\t\t<\/div>\n\t\t\t\t\t\t\t<\/div>\n\t\t\t\t\t\t\n\t\t\t\t\t\t\t<div class=\"accordion__accordion-content inactive\">\n\t\t\t\t\t\t\t\t<div>\n\t\t\t\t\t\t\t\t\t<div>\n\t\t\t\t\t\t\t\t\t\t<h4>Convento de Santa Clara a Nova<\/h4>\n\t\t\t\t\t\t\t\t\t\t<p>Il convento di Santa Clara-A-Nova \u00e8 un monastero costruito nel XVII secolo per sostituire il monastero di Santa Clara la Vieja, che veniva spesso inondato dall&#8217;innalzamento del fiume Mondego. \u00c8 opera principalmente di Jo\u00e3o Torriano, anche se il chiostro \u00e8 stato progettato dall&#8217;ungherese Carlos Mardel. Il convento fu rilevato dalla Confraternita della Regina Santa Isabella nel 1891, dopo l&#8217;abbandono da parte delle monache clarisse. Per questo motivo ospita la defunta regina Isabella d&#8217;Aragona in un&#8217;urna d&#8217;argento e cristallo.\n\t\t\t\t\t\t\t\t\t<\/div>\n\t\t\t\t\t\t\t\t\t<img decoding=\"async\" src=\"https:\/\/cdn.pilgrim.es\/web\/caminos\/camino-portugues\/pueblos\/coimbra\/puntos-de-interes\/convento-santa-clara-a-nova.jpg\" alt=\"Convento de Santa Clara a Nova\">\n\t\t\t\t\t\t\t\t<\/div>\n\t\t\t\t\t\t\t<\/div>\n\t\t\t\t\t\t\n\t\t\t\t\t\t\t<div class=\"accordion__accordion-content inactive\">\n\t\t\t\t\t\t\t\t<div>\n\t\t\t\t\t\t\t\t\t<div>\n\t\t\t\t\t\t\t\t\t\t<h4>Convento de Cristo<\/h4>\n\t\t\t\t\t\t\t\t\t\t<p>Il Convento di Cristo \u00e8 stato dichiarato Patrimonio dell&#8217;Umanit\u00e0 nel 1983 dall&#8217;UNESCO insieme alla costruzione annessa, il Castello Templare. Questo complesso fu costruito sul luogo di un culto papale grazie alla donazione del terreno da parte di Alfonso Henriques. Il castello fu il primo a essere costruito nel 1160 per ordine dei Cavalieri del Tempio di Gerusalemme. Questo castello prese il nome di Castello di Tomar. In seguito, questo complesso divenne propriet\u00e0 della Milizia dei Cavalieri di Cristo e la croce principale del castello fu modificata in una croce rettilinea, a indicare la Passione di Cristo. Dopo il XVI secolo il castello divenne un convento. <\/p>\n\t\t\t\t\t\t\t\t\t<\/div>\n\t\t\t\t\t\t\t\t\t<img decoding=\"async\" src=\"https:\/\/cdn.pilgrim.es\/web\/caminos\/camino-portugues\/pueblos\/coimbra\/puntos-de-interes\/convento-santa-clara-a-nova.jpg\" alt=\"Convento de Cristo\">\n\t\t\t\t\t\t\t\t<\/div>\n\t\t\t\t\t\t\t<\/div>\n\t\t\t\t\t\t\n\t\t\t\t\t\t\t<div class=\"accordion__accordion-content inactive\">\n\t\t\t\t\t\t\t\t<div>\n\t\t\t\t\t\t\t\t\t<div>\n\t\t\t\t\t\t\t\t\t\t<h4>Catedral S\u00e9 Velha de Coimbra<\/h4>\n\t\t\t\t\t\t\t\t\t\t<p>La Cattedrale S\u00e9 Velha de Co\u00edmbra \u00e8 la pi\u00f9 antica della citt\u00e0. La sua costruzione inizi\u00f2 nel XII secolo in stile romanico, anche se sub\u00ec numerose aggiunte successive che le conferirono un&#8217;aria rinascimentale. Spicca la facciata nord, nota come Porta Epeciosa, con un portico diviso in tre piani, opera di Jean de Rouen. In questo portico si possono ammirare i rilievi scolpiti sui capitelli con ornamenti geometrici, vegetali e animali. L&#8217;interno ospita splendide pale d&#8217;altare di Nicolau Chanterene nella Cappella Maggiore, nella Cappella del Sacramento e nella Cappella di San Pietro. <\/p>\n\t\t\t\t\t\t\t\t\t<\/div>\n\t\t\t\t\t\t\t\t\t<img decoding=\"async\" src=\"https:\/\/cdn.pilgrim.es\/web\/caminos\/camino-portugues\/pueblos\/coimbra\/puntos-de-interes\/catedral-se-velha.jpg\" alt=\"Catedral S\u00e9 Velha de Coimbra\">\n\t\t\t\t\t\t\t\t<\/div>\n\t\t\t\t\t\t\t<\/div>\n\t\t\t\t\t\t\n\t\t\t\t\t\t\t<div class=\"accordion__accordion-content inactive\">\n\t\t\t\t\t\t\t\t<div>\n\t\t\t\t\t\t\t\t\t<div>\n\t\t\t\t\t\t\t\t\t\t<h4>Iglesia de S\u00e3o Salvador<\/h4>\n\t\t\t\t\t\t\t\t\t\t<p>La chiesa di S\u00e3o Salvador \u00e8 stata ricostruita nel XVIII secolo, anche se conserva il portale romanico del 1179. All&#8217;interno della chiesa spiccano la pala dell&#8217;altare maggiore, realizzata nel 1746 in stile rococ\u00f2, e la pala d&#8217;altare realizzata da Jean de Rouen nel 1540, che si pu\u00f2 ammirare nella cappella di San Marcos. <\/p>\n\t\t\t\t\t\t\t\t\t<\/div>\n\t\t\t\t\t\t\t\t\t<img decoding=\"async\" src=\"https:\/\/cdn.pilgrim.es\/web\/caminos\/camino-portugues\/pueblos\/coimbra\/puntos-de-interes\/iglesia-sao-salvador.jpg\" alt=\"Iglesia de S\u00e3o Salvador\">\n\t\t\t\t\t\t\t\t<\/div>\n\t\t\t\t\t\t\t<\/div>\n\t\t\t\t\t\t\n\t\t\t\t\t\t\t<div class=\"accordion__accordion-content inactive\">\n\t\t\t\t\t\t\t\t<div>\n\t\t\t\t\t\t\t\t\t<div>\n\t\t\t\t\t\t\t\t\t\t<h4>Arco y Torre de Almedina<\/h4>\n\t\t\t\t\t\t\t\t\t\t<p>L&#8217;Arco e la Torre Almedina facevano parte delle antiche mura medievali di Coimbra. L&#8217;arco, da parte sua, fungeva da uno degli ingressi alle mura. Oggi, invece, la sua funzione \u00e8 quella di collegare la parte alta della citt\u00e0 con quella bassa.\n\n<p>La torre, dal canto suo, svolgeva in passato un ruolo difensivo, come dimostrano i numerosi elementi che presenta, come le feritoie e le caditoie. Dal 2003, la Torre Almedina ospita il Centro di Interpretazione della Citt\u00e0 Murata, che appartiene al Museo Civico.<\/p> <p>La torre \u00e8 anche sede del Museo Civico.\n\t\t\t\t\t\t\t\t\t<\/div>\n\t\t\t\t\t\t\t\t\t<img decoding=\"async\" src=\"https:\/\/cdn.pilgrim.es\/web\/caminos\/camino-portugues\/pueblos\/coimbra\/puntos-de-interes\/arco-torre-almedina.jpg\" alt=\"Arco y Torre de Almedina\">\n\t\t\t\t\t\t\t\t<\/div>\n\t\t\t\t\t\t\t<\/div>\n\t\t\t\t\t\t\n\t\t\t\t\t\t\t<div class=\"accordion__accordion-content inactive\">\n\t\t\t\t\t\t\t\t<div>\n\t\t\t\t\t\t\t\t\t<div>\n\t\t\t\t\t\t\t\t\t\t<h4>Carmelo de Santa Teresa<\/h4>\n\t\t\t\t\t\t\t\t\t\t<p>Il convento carmelitano di Santa Teresa fu costruito esclusivamente per le suore carmelitane nel XVIII secolo, anche se l&#8217;ultimo insediamento risale agli anni Cinquanta. Il convento ha attirato molti turisti, poich\u00e9 \u00e8 stato la casa dell&#8217;ultima veggente di Fatima, suor Lucia, morta nel 2005. <\/p>\n\t\t\t\t\t\t\t\t\t<\/div>\n\t\t\t\t\t\t\t\t\t<img decoding=\"async\" src=\"https:\/\/cdn.pilgrim.es\/web\/caminos\/camino-portugues\/pueblos\/coimbra\/puntos-de-interes\/carmelo-santa-teresa.jpg\" alt=\"Carmelo de Santa Teresa\">\n\t\t\t\t\t\t\t\t<\/div>\n\t\t\t\t\t\t\t<\/div>\n\t\t\t\t\t\t\n\t\t\t\t\t\t\t<div class=\"accordion__accordion-content inactive\">\n\t\t\t\t\t\t\t\t<div>\n\t\t\t\t\t\t\t\t\t<div>\n\t\t\t\t\t\t\t\t\t\t<h4>Palacio de Sub-Ripas<\/h4>\n\t\t\t\t\t\t\t\t\t\t<p>Il Palazzo Sub-Ripas, costruito nel XVI secolo in cima a una torre nella cinta muraria di Coimbra, presenta una facciata in stile manuelino. Tuttavia, le sue finestre sono in stile rinascimentale e sono state realizzate da Jean de Rouen, cos\u00ec come le decorazioni in pietra che si possono ammirare nell&#8217;edificio.<\/p> <p>La facciata del palazzo ha uno stile manuelino.\n\t\t\t\t\t\t\t\t\t<\/div>\n\t\t\t\t\t\t\t\t\t<img decoding=\"async\" src=\"https:\/\/cdn.pilgrim.es\/web\/caminos\/camino-portugues\/pueblos\/coimbra\/puntos-de-interes\/palacio-sub-ripas.jpg\" alt=\"Palacio de Sub-Ripas\">\n\t\t\t\t\t\t\t\t<\/div>\n\t\t\t\t\t\t\t<\/div>\n\t\t\t\t\t\t\n\t\t\t\t\t\t\t<div class=\"accordion__accordion-content inactive\">\n\t\t\t\t\t\t\t\t<div>\n\t\t\t\t\t\t\t\t\t<div>\n\t\t\t\t\t\t\t\t\t\t<h4>Acueducto de San Sebasti\u00e1n<\/h4>\n\t\t\t\t\t\t\t\t\t\t<p>L&#8217;acquedotto di San Sebasti\u00e1n risale al XVI secolo ed \u00e8 destinato a coprire i resti di un antico acquedotto romano. Fu costruito per portare l&#8217;acqua dal Convento di Santa Teresa al centro della citt\u00e0. Particolarmente degno di nota \u00e8 l&#8217;arco centrale in cui si trovano le sculture del martire San Sebasti\u00e1n e, in cima, la scultura di San Roque.\n\t\t\t\t\t\t\t\t\t<\/div>\n\t\t\t\t\t\t\t\t\t<img decoding=\"async\" src=\"https:\/\/cdn.pilgrim.es\/web\/caminos\/camino-portugues\/pueblos\/coimbra\/puntos-de-interes\/acueducto-san-sebastian.jpg\" alt=\"Acueducto de San Sebasti\u00e1n\">\n\t\t\t\t\t\t\t\t<\/div>\n\t\t\t\t\t\t\t<\/div>\n\t\t\t\t\t\t\n\t\t\t\t\t<\/div>\n\t\t\t\t<\/div>\n\t\t\t<\/div>\n\t\t\n\n\t\t<div id=\"phonesSection\">\n\t\t\t<div>\n\t\t\t\t<h2 class=\"p-h3-town\">Informazioni di interesse<\/h2>\n\t\t\t<\/div>\n\t\t\t<div class=\"grid\">\n\t\t\t\t\n\t\t\t\t\t<div class=\"phone-number-item\">\n\t\t\t\t\t\t<div class=\"phone-number-item__icon\"><i class=\"icon-police\"><\/i><\/div>\n\t\t\t\t\t\t<div class=\"phone-number-item__title\">\n\t\t\t\t\t\t\t<h3 class=\"p-font-bold\">Polizia locale<\/h3>\n\t\t\t\t\t\t\t<p>xxx<\/p>\n\t\t\t\t\t\t\t\n\t\t\t\t\t\t<\/div>\n\t\t\t\t\t<\/div>\n\t\t\t\t\n\t\t\t\t\t<div class=\"phone-number-item\">\n\t\t\t\t\t\t<div class=\"phone-number-item__icon\"><i class=\"icon-firefighters\"><\/i><\/div>\n\t\t\t\t\t\t<div class=\"phone-number-item__title\">\n\t\t\t\t\t\t\t<h3 class=\"p-font-bold\">Vigili del fuoco<\/h3>\n\t\t\t\t\t\t\t<p>+351 239 792 800<\/p>\n\t\t\t\t\t\t\t\n\t\t\t\t\t\t<\/div>\n\t\t\t\t\t<\/div>\n\t\t\t\t\n\t\t\t\t\t<div class=\"phone-number-item\">\n\t\t\t\t\t\t<div class=\"phone-number-item__icon\"><i class=\"icon-civil-protection\"><\/i><\/div>\n\t\t\t\t\t\t<div class=\"phone-number-item__title\">\n\t\t\t\t\t\t\t<h3 class=\"p-font-bold\">Protezione civile<\/h3>\n\t\t\t\t\t\t\t<p>+351 239 854 061<\/p>\n\t\t\t\t\t\t\t\n\t\t\t\t\t\t<\/div>\n\t\t\t\t\t<\/div>\n\t\t\t\t\n\t\t\t\t\t<div class=\"phone-number-item\">\n\t\t\t\t\t\t<div class=\"phone-number-item__icon\"><i class=\"icon-town-council\"><\/i><\/div>\n\t\t\t\t\t\t<div class=\"phone-number-item__title\">\n\t\t\t\t\t\t\t<h3 class=\"p-font-bold\">Municipio<\/h3>\n\t\t\t\t\t\t\t<p>+351 239 857 500<\/p>\n\t\t\t\t\t\t\t\n\t\t\t\t\t\t<\/div>\n\t\t\t\t\t<\/div>\n\t\t\t\t\n\t\t\t\t\t<div class=\"phone-number-item\">\n\t\t\t\t\t\t<div class=\"phone-number-item__icon\"><i class=\"icon-hospital\"><\/i><\/div>\n\t\t\t\t\t\t<div class=\"phone-number-item__title\">\n\t\t\t\t\t\t\t<h3 class=\"p-font-bold\">Centro sanitario<\/h3>\n\t\t\t\t\t\t\t<p>+351 239 400 400<\/p>\n\t\t\t\t\t\t\t\n\t\t\t\t\t\t<\/div>\n\t\t\t\t\t<\/div>\n\t\t\t\t\n\t\t\t\t\t<div class=\"phone-number-item\">\n\t\t\t\t\t\t<div class=\"phone-number-item__icon\"><i class=\"icon-tourism\"><\/i><\/div>\n\t\t\t\t\t\t<div class=\"phone-number-item__title\">\n\t\t\t\t\t\t\t<h3 class=\"p-font-bold\">Ufficio turistico<\/h3>\n\t\t\t\t\t\t\t<p>+351 239 488 120<\/p>\n\t\t\t\t\t\t\t\n\t\t\t\t\t\t\t\t<p>Largo da Portagem<\/p>\n\t\t\t\t\t\t\t\n\t\t\t\t\t\t<\/div>\n\t\t\t\t\t<\/div>\n\t\t\t\t\n\t\t\t<\/div>\n\t\t<\/div>\n\n\t\t<div id=\"clientForm\">\n        <section>\n        <img decoding=\"async\" src=\"https:\/\/cdn.pilgrim.es\/web\/home\/email-contacto.png\" alt=\"contacto\">\n        <div>\n            <p>Ti inviamo la tua pianificazione<\/p>\n            <p>Forniscici i tuoi dati e ricevi la pianificazione del tuo viaggio via email <\/p>\n            <form method=\"post\" data-url=\"\/wp-admin\/admin-ajax.php\" id=\"planner--client\" class=\"flag-right form-client\">\n    <div class=\"form-data\">\n        <input name=\"form_id\" type=\"hidden\" value=\"Formulario Leads\">\n        <input name=\"type\" type=\"hidden\" value=\"planner_client\">\n        <input type=\"text\" name=\"nombre\" value=\"\" size=\"40\" class=\"form-control\" aria-required=\"true\" aria-invalid=\"false\" placeholder=\"Nome\">\n        <input type=\"email\" name=\"email\" value=\"\" size=\"40\" class=\"form-control\" aria-required=\"true\" aria-invalid=\"false\" placeholder=\"Mail\">\n        <input type=\"text\" id=\"phone-input\" name=\"tel\" value=\"\" size=\"40\" class=\"phone-input form-control\" aria-required=\"true\" aria-invalid=\"false\" placeholder=\"Telefono\">\n        <input type=\"hidden\" name=\"telefono\">\n    <\/div>\n    <div class=\"form-checkbox\">\n        <span>\n            Pilgrim Travel. S.L. informa, come previsto dal Regolamento 2016\/679, che i dati utilizzati in questo modulo verranno utilizzati sia per la risposta delle eventuali consultazioni sia per la pub-blicazione dei commenti, essendo il consenso dell'utente la base di legittimazione. Potranno esse-re esercitati i diritti in conformit\u00e0 con quanto stabilito dalla nostra             <a href=\"https:\/\/www.pilgrim.es\/it\/informativa-sulla-privacy\/\" target=\"_blank\" rel=\"noopener noreferrer nofollow\">Politica di privacy.<\/a>\n        <\/span>\n    <\/div>\n\n    <div class=\"form-submit\">\n        <button id=\"planner--client-create\" type=\"submit\">Formulario di contatto<\/button>\n        <div class=\"loadingDiv\"><i class=\"p-spinner\"><\/i><\/div>\n    <\/div>\n\n    <div class=\"contact-content-form-success\">\n        <p><i class=\"fas fa-check\"><\/i> Il modulo \u00e8 stato inviato correttamente<\/p>\n    <\/div>\n\n    <div class=\"contact-content-form-error\">\n        <span class=\"input-error\"><\/span>\n    <\/div>\n<\/form>        <\/div>\n    <\/section>\n<\/div>\n\n\t\t<div id=\"recomendationSection\">\n\t\t\t<div>\n\t\t\t\t<h2 class=\"p-h2-town\">Consigliato<\/h2>\n\t\t\t\t<hr>\n\t\t\t\t<h3 class=\"p-h3-town\">Gastronomia<\/h3>\n\t\t\t<\/div>\n\t\t\tNella citt\u00e0 di Coimbra ci sono centinaia di piatti deliziosi da provare. Secondo gli esperti, la ricetta pi\u00f9 caratteristica della citt\u00e0 \u00e8 la Bairrada (maialino da latte) accompagnata dallo spumante locale. Altri piatti tipici sono la chanfana (capra arrosto) e il riso con lampredotto.\n\nCome accompagnamento o spuntino tra i pasti abbiamo il delizioso formaggio Serra e i dolci Pasteis de Tent\u00fagal, Arrufada de Coimbra e Pasteles de Santa Clara, tra gli altri.\n\t\t<\/div>\n\n\n\t\t\n\t\t\t<div id=\"holidaysSection\">\n\t\t\t\t<div>\n\t\t\t\t\t<h2 class=\"p-h2-town\">Consigliato<\/h2>\n\t\t\t\t\t<hr>\n\t\t\t\t\t<h3 class=\"p-h3-town\">Festival e pellegrinaggi<\/h3>\n\t\t\t\t<\/div>\n\t\t\t\t<div class=\"grid holidays-grid\">\n\t\t\t\t\t\n\t\t\t\t\t\t<div>\n\t\t\t\t\t\t\t<div class=\"phone-number-item\">\n\t\t\t\t\t\t\t\t<div class=\"phone-number-item__icon\"><i class=\"icon-holiday\"><\/i><\/div>\n\t\t\t\t\t\t\t\t<div class=\"phone-number-item__title dark-text\">\n\t\t\t\t\t\t\t\t\t<p class=\"p-font-bold\">Vacanza locale<\/p>\n\t\t\t\t\t\t\t\t\t<p>Octubre: Fiesta das Latas<\/p>\n\t\t\t\t\t\t\t\t<\/div>\n\t\t\t\t\t\t\t<\/div>\n\t\t\t\t\t\t<\/div>\n\t\t\t\t\t\n\t\t\t\t\t\t<div>\n\t\t\t\t\t\t\t<div class=\"phone-number-item\">\n\t\t\t\t\t\t\t\t<div class=\"phone-number-item__icon\"><i class=\"icon-holiday\"><\/i><\/div>\n\t\t\t\t\t\t\t\t<div class=\"phone-number-item__title dark-text\">\n\t\t\t\t\t\t\t\t\t<p class=\"p-font-bold\">Vacanza locale<\/p>\n\t\t\t\t\t\t\t\t\t<p>Mayo: Queima das Fitas<\/p>\n\t\t\t\t\t\t\t\t<\/div>\n\t\t\t\t\t\t\t<\/div>\n\t\t\t\t\t\t<\/div>\n\t\t\t\t\t\n\t\t\t\t\t\t<div>\n\t\t\t\t\t\t\t<div class=\"phone-number-item\">\n\t\t\t\t\t\t\t\t<div class=\"phone-number-item__icon\"><i class=\"icon-holiday\"><\/i><\/div>\n\t\t\t\t\t\t\t\t<div class=\"phone-number-item__title dark-text\">\n\t\t\t\t\t\t\t\t\t<p class=\"p-font-bold\">Vacanza locale<\/p>\n\t\t\t\t\t\t\t\t\t<p>Julio: Fiesta de la ciudad de Co\u00edmbra y de la Reina Santa Isabel<\/p>\n\t\t\t\t\t\t\t\t<\/div>\n\t\t\t\t\t\t\t<\/div>\n\t\t\t\t\t\t<\/div>\n\t\t\t\t\t\n\t\t\t\t<\/div>\n\t\t\t<\/div>\n\t\t\n\t<\/div>\n<\/section>\n\n<div id=\"stage_list_section\"><div class=\"stage-list\">\n    <div class='stage-list__map-card'>\n        <div class='stage-list__map-card__map'>\n            <div class='stage-list__map-card__map__text'>\n                <h2> Pages <\/h2>\n                <p> A piedi<\/p>\n                <p> 0tappe<\/p>\n            <\/div>\n            <div class='stage-list__map-card__map__img'>\n                <img decoding=\"async\" src=\"\" alt=\" mapa \" \/>\n            <\/div>\n        <\/div>\n    <\/div>\n\n    <\/div>\n<\/div> ","protected":false},"excerpt":{"rendered":"<p>Co\u00edmbra &#8249; Ritorno al palcoscenico Co\u00edmbra Abitanti: 105.842 aprox. Provincia: Informazioni Get to know Co\u00edmbra La citt\u00e0 di Coimbra \u00e8 una delle citt\u00e0 pi\u00f9 importanti del Portogallo ed \u00e8 attraversata da un capo all&#8217;altro dal fiume Mondego. Le sue strette strade ospitano patrimoni storici di epoche diverse, poich\u00e9 fu una citt\u00e0 di grande importanza. Qui &hellip; <\/p>\n<p class=\"read_more\"><a href=\"https:\/\/www.pilgrim.es\/it\/cammino-portoghese\/coimbra\/\">Leer m\u00e1s<\/a><\/p>\n","protected":false},"author":0,"featured_media":3225,"parent":10770,"menu_order":0,"comment_status":"closed","ping_status":"closed","template":"views\/template-new-web-design.blade.php","meta":{"footnotes":""},"categories":[],"tags":[],"class_list":["post-91187","page","type-page","status-publish","has-post-thumbnail","hentry"],"yoast_head":"<!-- This site is optimized with the Yoast SEO plugin v27.4 - https:\/\/yoast.com\/product\/yoast-seo-wordpress\/ -->\n<title>Co\u00edmbra: Cosa vedere e dove dormire | Cammino di Santiago | Pilgrim<\/title>\n<meta name=\"description\" content=\"Co\u00edmbra Scopri tutte le informazioni su dove alloggiare, come arrivare, cosa mangiare e sui principali punti di interesse delle localit\u00e0 lungo il Cammino Portoghese.\" \/>\n<meta name=\"robots\" content=\"index, follow, max-snippet:-1, max-image-preview:large, max-video-preview:-1\" \/>\n<link rel=\"canonical\" href=\"https:\/\/www.pilgrim.es\/it\/cammino-portoghese\/coimbra\/\" \/>\n<meta property=\"og:locale\" content=\"it_IT\" \/>\n<meta property=\"og:type\" content=\"article\" \/>\n<meta property=\"og:title\" content=\"Co\u00edmbra: Cosa vedere e dove dormire | Cammino di Santiago | Pilgrim\" \/>\n<meta property=\"og:description\" content=\"Co\u00edmbra Scopri tutte le informazioni su dove alloggiare, come arrivare, cosa mangiare e sui principali punti di interesse delle localit\u00e0 lungo il Cammino Portoghese.\" \/>\n<meta property=\"og:url\" content=\"https:\/\/www.pilgrim.es\/it\/cammino-portoghese\/coimbra\/\" \/>\n<meta property=\"og:site_name\" content=\"Pilgrim\" \/>\n<meta property=\"article:publisher\" content=\"https:\/\/www.facebook.com\/pilgrim.es\/\" \/>\n<meta property=\"og:image\" content=\"https:\/\/www.pilgrim.es\/wp-content\/uploads\/2019\/02\/Coimbra-520x370.jpg\" \/>\n\t<meta property=\"og:image:width\" content=\"520\" \/>\n\t<meta property=\"og:image:height\" content=\"370\" \/>\n\t<meta property=\"og:image:type\" content=\"image\/jpeg\" \/>\n<meta name=\"twitter:card\" content=\"summary_large_image\" \/>\n<meta name=\"twitter:site\" content=\"@pilgrim_es\" \/>\n<meta name=\"twitter:label1\" content=\"Tempo di lettura stimato\" \/>\n\t<meta name=\"twitter:data1\" content=\"18 minuti\" \/>\n<script type=\"application\/ld+json\" class=\"yoast-schema-graph\">{\"@context\":\"https:\\\/\\\/schema.org\",\"@graph\":[{\"@type\":\"WebPage\",\"@id\":\"https:\\\/\\\/www.pilgrim.es\\\/it\\\/cammino-portoghese\\\/coimbra\\\/\",\"url\":\"https:\\\/\\\/www.pilgrim.es\\\/it\\\/cammino-portoghese\\\/coimbra\\\/\",\"name\":\"Co\u00edmbra: Cosa vedere e dove dormire | Cammino di Santiago | Pilgrim\",\"isPartOf\":{\"@id\":\"https:\\\/\\\/www.pilgrim.es\\\/it\\\/#website\"},\"primaryImageOfPage\":{\"@id\":\"https:\\\/\\\/www.pilgrim.es\\\/it\\\/cammino-portoghese\\\/coimbra\\\/#primaryimage\"},\"image\":{\"@id\":\"https:\\\/\\\/www.pilgrim.es\\\/it\\\/cammino-portoghese\\\/coimbra\\\/#primaryimage\"},\"thumbnailUrl\":\"https:\\\/\\\/www.pilgrim.es\\\/wp-content\\\/uploads\\\/2019\\\/02\\\/Coimbra-520x370.jpg\",\"datePublished\":\"2025-03-17T13:56:53+00:00\",\"description\":\"Co\u00edmbra Scopri tutte le informazioni su dove alloggiare, come arrivare, cosa mangiare e sui principali punti di interesse delle localit\u00e0 lungo il Cammino Portoghese.\",\"breadcrumb\":{\"@id\":\"https:\\\/\\\/www.pilgrim.es\\\/it\\\/cammino-portoghese\\\/coimbra\\\/#breadcrumb\"},\"inLanguage\":\"it-IT\",\"potentialAction\":[{\"@type\":\"ReadAction\",\"target\":[\"https:\\\/\\\/www.pilgrim.es\\\/it\\\/cammino-portoghese\\\/coimbra\\\/\"]}]},{\"@type\":\"ImageObject\",\"inLanguage\":\"it-IT\",\"@id\":\"https:\\\/\\\/www.pilgrim.es\\\/it\\\/cammino-portoghese\\\/coimbra\\\/#primaryimage\",\"url\":\"https:\\\/\\\/www.pilgrim.es\\\/wp-content\\\/uploads\\\/2019\\\/02\\\/Coimbra-520x370.jpg\",\"contentUrl\":\"https:\\\/\\\/www.pilgrim.es\\\/wp-content\\\/uploads\\\/2019\\\/02\\\/Coimbra-520x370.jpg\",\"width\":520,\"height\":370,\"caption\":\"Coimbra\"},{\"@type\":\"BreadcrumbList\",\"@id\":\"https:\\\/\\\/www.pilgrim.es\\\/it\\\/cammino-portoghese\\\/coimbra\\\/#breadcrumb\",\"itemListElement\":[{\"@type\":\"ListItem\",\"position\":1,\"name\":\"Camino de Santiago\",\"item\":\"https:\\\/\\\/www.pilgrim.es\\\/it\\\/\"},{\"@type\":\"ListItem\",\"position\":2,\"name\":\"Cammino Portoghese\",\"item\":\"https:\\\/\\\/www.pilgrim.es\\\/it\\\/cammino-portoghese\\\/\"},{\"@type\":\"ListItem\",\"position\":3,\"name\":\"Co\u00edmbra\"}]},{\"@type\":\"WebSite\",\"@id\":\"https:\\\/\\\/www.pilgrim.es\\\/it\\\/#website\",\"url\":\"https:\\\/\\\/www.pilgrim.es\\\/it\\\/\",\"name\":\"Pilgrim\",\"description\":\"Camino de Santiago | Caminamos Contigo\",\"publisher\":{\"@id\":\"https:\\\/\\\/www.pilgrim.es\\\/it\\\/#organization\"},\"potentialAction\":[{\"@type\":\"SearchAction\",\"target\":{\"@type\":\"EntryPoint\",\"urlTemplate\":\"https:\\\/\\\/www.pilgrim.es\\\/it\\\/?s={search_term_string}\"},\"query-input\":{\"@type\":\"PropertyValueSpecification\",\"valueRequired\":true,\"valueName\":\"search_term_string\"}}],\"inLanguage\":\"it-IT\"},{\"@type\":\"Organization\",\"@id\":\"https:\\\/\\\/www.pilgrim.es\\\/it\\\/#organization\",\"name\":\"Pilgrim Camino de Santiago\",\"url\":\"https:\\\/\\\/www.pilgrim.es\\\/it\\\/\",\"logo\":{\"@type\":\"ImageObject\",\"inLanguage\":\"it-IT\",\"@id\":\"https:\\\/\\\/www.pilgrim.es\\\/it\\\/#\\\/schema\\\/logo\\\/image\\\/\",\"url\":\"https:\\\/\\\/www.pilgrim.es\\\/wp-content\\\/uploads\\\/2019\\\/04\\\/logo_pilgrim.png\",\"contentUrl\":\"https:\\\/\\\/www.pilgrim.es\\\/wp-content\\\/uploads\\\/2019\\\/04\\\/logo_pilgrim.png\",\"width\":512,\"height\":512,\"caption\":\"Pilgrim Camino de Santiago\"},\"image\":{\"@id\":\"https:\\\/\\\/www.pilgrim.es\\\/it\\\/#\\\/schema\\\/logo\\\/image\\\/\"},\"sameAs\":[\"https:\\\/\\\/www.facebook.com\\\/pilgrim.es\\\/\",\"https:\\\/\\\/x.com\\\/pilgrim_es\",\"https:\\\/\\\/www.instagram.com\\\/pilgrim.es\\\/\",\"https:\\\/\\\/www.linkedin.com\\\/company\\\/pilgrim-camino-de-santiago\\\/\",\"https:\\\/\\\/www.pinterest.es\\\/pilgrimcaminodesantiago\\\/\",\"https:\\\/\\\/www.youtube.com\\\/channel\\\/UCIv2ZzFLXVqthkNF32rKedw\\\/featured\"]}]}<\/script>\n<!-- \/ Yoast SEO plugin. -->","yoast_head_json":{"title":"Co\u00edmbra: Cosa vedere e dove dormire | Cammino di Santiago | Pilgrim","description":"Co\u00edmbra Scopri tutte le informazioni su dove alloggiare, come arrivare, cosa mangiare e sui principali punti di interesse delle localit\u00e0 lungo il Cammino Portoghese.","robots":{"index":"index","follow":"follow","max-snippet":"max-snippet:-1","max-image-preview":"max-image-preview:large","max-video-preview":"max-video-preview:-1"},"canonical":"https:\/\/www.pilgrim.es\/it\/cammino-portoghese\/coimbra\/","og_locale":"it_IT","og_type":"article","og_title":"Co\u00edmbra: Cosa vedere e dove dormire | Cammino di Santiago | Pilgrim","og_description":"Co\u00edmbra Scopri tutte le informazioni su dove alloggiare, come arrivare, cosa mangiare e sui principali punti di interesse delle localit\u00e0 lungo il Cammino Portoghese.","og_url":"https:\/\/www.pilgrim.es\/it\/cammino-portoghese\/coimbra\/","og_site_name":"Pilgrim","article_publisher":"https:\/\/www.facebook.com\/pilgrim.es\/","og_image":[{"width":520,"height":370,"url":"https:\/\/www.pilgrim.es\/wp-content\/uploads\/2019\/02\/Coimbra-520x370.jpg","type":"image\/jpeg"}],"twitter_card":"summary_large_image","twitter_site":"@pilgrim_es","twitter_misc":{"Tempo di lettura stimato":"18 minuti"},"schema":{"@context":"https:\/\/schema.org","@graph":[{"@type":"WebPage","@id":"https:\/\/www.pilgrim.es\/it\/cammino-portoghese\/coimbra\/","url":"https:\/\/www.pilgrim.es\/it\/cammino-portoghese\/coimbra\/","name":"Co\u00edmbra: Cosa vedere e dove dormire | Cammino di Santiago | Pilgrim","isPartOf":{"@id":"https:\/\/www.pilgrim.es\/it\/#website"},"primaryImageOfPage":{"@id":"https:\/\/www.pilgrim.es\/it\/cammino-portoghese\/coimbra\/#primaryimage"},"image":{"@id":"https:\/\/www.pilgrim.es\/it\/cammino-portoghese\/coimbra\/#primaryimage"},"thumbnailUrl":"https:\/\/www.pilgrim.es\/wp-content\/uploads\/2019\/02\/Coimbra-520x370.jpg","datePublished":"2025-03-17T13:56:53+00:00","description":"Co\u00edmbra Scopri tutte le informazioni su dove alloggiare, come arrivare, cosa mangiare e sui principali punti di interesse delle localit\u00e0 lungo il Cammino Portoghese.","breadcrumb":{"@id":"https:\/\/www.pilgrim.es\/it\/cammino-portoghese\/coimbra\/#breadcrumb"},"inLanguage":"it-IT","potentialAction":[{"@type":"ReadAction","target":["https:\/\/www.pilgrim.es\/it\/cammino-portoghese\/coimbra\/"]}]},{"@type":"ImageObject","inLanguage":"it-IT","@id":"https:\/\/www.pilgrim.es\/it\/cammino-portoghese\/coimbra\/#primaryimage","url":"https:\/\/www.pilgrim.es\/wp-content\/uploads\/2019\/02\/Coimbra-520x370.jpg","contentUrl":"https:\/\/www.pilgrim.es\/wp-content\/uploads\/2019\/02\/Coimbra-520x370.jpg","width":520,"height":370,"caption":"Coimbra"},{"@type":"BreadcrumbList","@id":"https:\/\/www.pilgrim.es\/it\/cammino-portoghese\/coimbra\/#breadcrumb","itemListElement":[{"@type":"ListItem","position":1,"name":"Camino de Santiago","item":"https:\/\/www.pilgrim.es\/it\/"},{"@type":"ListItem","position":2,"name":"Cammino Portoghese","item":"https:\/\/www.pilgrim.es\/it\/cammino-portoghese\/"},{"@type":"ListItem","position":3,"name":"Co\u00edmbra"}]},{"@type":"WebSite","@id":"https:\/\/www.pilgrim.es\/it\/#website","url":"https:\/\/www.pilgrim.es\/it\/","name":"Pilgrim","description":"Camino de Santiago | Caminamos Contigo","publisher":{"@id":"https:\/\/www.pilgrim.es\/it\/#organization"},"potentialAction":[{"@type":"SearchAction","target":{"@type":"EntryPoint","urlTemplate":"https:\/\/www.pilgrim.es\/it\/?s={search_term_string}"},"query-input":{"@type":"PropertyValueSpecification","valueRequired":true,"valueName":"search_term_string"}}],"inLanguage":"it-IT"},{"@type":"Organization","@id":"https:\/\/www.pilgrim.es\/it\/#organization","name":"Pilgrim Camino de Santiago","url":"https:\/\/www.pilgrim.es\/it\/","logo":{"@type":"ImageObject","inLanguage":"it-IT","@id":"https:\/\/www.pilgrim.es\/it\/#\/schema\/logo\/image\/","url":"https:\/\/www.pilgrim.es\/wp-content\/uploads\/2019\/04\/logo_pilgrim.png","contentUrl":"https:\/\/www.pilgrim.es\/wp-content\/uploads\/2019\/04\/logo_pilgrim.png","width":512,"height":512,"caption":"Pilgrim Camino de Santiago"},"image":{"@id":"https:\/\/www.pilgrim.es\/it\/#\/schema\/logo\/image\/"},"sameAs":["https:\/\/www.facebook.com\/pilgrim.es\/","https:\/\/x.com\/pilgrim_es","https:\/\/www.instagram.com\/pilgrim.es\/","https:\/\/www.linkedin.com\/company\/pilgrim-camino-de-santiago\/","https:\/\/www.pinterest.es\/pilgrimcaminodesantiago\/","https:\/\/www.youtube.com\/channel\/UCIv2ZzFLXVqthkNF32rKedw\/featured"]}]}},"_links":{"self":[{"href":"https:\/\/www.pilgrim.es\/it\/wp-json\/wp\/v2\/pages\/91187","targetHints":{"allow":["GET"]}}],"collection":[{"href":"https:\/\/www.pilgrim.es\/it\/wp-json\/wp\/v2\/pages"}],"about":[{"href":"https:\/\/www.pilgrim.es\/it\/wp-json\/wp\/v2\/types\/page"}],"replies":[{"embeddable":true,"href":"https:\/\/www.pilgrim.es\/it\/wp-json\/wp\/v2\/comments?post=91187"}],"version-history":[{"count":0,"href":"https:\/\/www.pilgrim.es\/it\/wp-json\/wp\/v2\/pages\/91187\/revisions"}],"up":[{"embeddable":true,"href":"https:\/\/www.pilgrim.es\/it\/wp-json\/wp\/v2\/pages\/10770"}],"wp:featuredmedia":[{"embeddable":true,"href":"https:\/\/www.pilgrim.es\/it\/wp-json\/wp\/v2\/media\/3225"}],"wp:attachment":[{"href":"https:\/\/www.pilgrim.es\/it\/wp-json\/wp\/v2\/media?parent=91187"}],"wp:term":[{"taxonomy":"category","embeddable":true,"href":"https:\/\/www.pilgrim.es\/it\/wp-json\/wp\/v2\/categories?post=91187"},{"taxonomy":"post_tag","embeddable":true,"href":"https:\/\/www.pilgrim.es\/it\/wp-json\/wp\/v2\/tags?post=91187"}],"curies":[{"name":"wp","href":"https:\/\/api.w.org\/{rel}","templated":true}]}}