{"id":91175,"date":"2025-03-17T13:53:50","date_gmt":"2025-03-17T13:53:50","guid":{"rendered":"https:\/\/www.pilgrim.es\/cammino-portoghese\/golega\/"},"modified":"2025-03-17T13:53:50","modified_gmt":"2025-03-17T13:53:50","slug":"golega","status":"publish","type":"page","link":"https:\/\/www.pilgrim.es\/it\/cammino-portoghese\/golega\/","title":{"rendered":"Goleg\u00e3"},"content":{"rendered":" <section id=\"hero\">\n\t<h1>Goleg\u00e3<\/h1>\n\t<div class=\"hero-grid\">\n\t\t<div class=\"hero-grid__town-col\" data-background=\"https:\/\/cdn.pilgrim.es\/web\/caminos\/camino-portugues\/pueblos\/golega\/golega.jpg\">\n\t\t\t<div>\n\t\t\t\t<a class=\"link-to-stage\" href=\"https:\/\/www.pilgrim.es\/camino-portugues\/etapa-4-santarem-golega\/\">\n\t\t\t\t\t<p>&#8249; Ritorno al palcoscenico<\/p>\n\t\t\t\t<\/a>\n\n\t\t\t\t<div class=\"town-data\">\n\t\t\t\t\t<h2>Goleg\u00e3<\/h2>\n\t\t\t\t\t<ul>\n\t\t\t\t\t\t<li>Abitanti: 5.913 aprox.<\/li>\n\t\t\t\t\t\t<li>Provincia: <\/li>\n\t\t\t\t\t<\/ul>\n\t\t\t\t<\/div>\n\t\t\t<\/div>\n\t\t<\/div>\n\t\t<div class=\"hero-grid__planner-col\"><div\r\n  class=\"p-col-span-1 p-rounded-lg p-px-5 p-h-full\"\r\n  style=\"background-image: url('https:\/\/cdn.pilgrim.es\/web\/pilgrim-planner\/bg-plugin-planificador.webp')\"\r\n  rel=\"preload\"\r\n  fetchpriority=\"high\"\r\n  >\r\n    <div class=\"p-text-center p-pt-5 p-text-white p-text-2xl p-font-semibold\">\r\n      Pianifica il tuo cammino    <\/div>\r\n    <div\r\n            id='primary-app'\r\n            data-name='banner'\r\n            data-api='https:\/\/pathfinder.pilgrim.es\/api\/pathfinder\/v2'\r\n            data-mode='normal'\r\n            data-lang='it'\r\n            data-route='1'\r\n            data-destiny='https:\/\/planificador.pilgrim.es'\r\n            data-modality='1'\r\n            data-inline=''\r\n        ><\/div><\/div><\/div>\n\t<\/div>\n<\/section>\n\n<section id=\"infoTown\">\n\t<div class=\"sections-town\">\n\n\t\t<div id=\"informationSection\">\n\t\t\t<div>\n\t\t\t\t<h2 class=\"p-h2-town\">Informazioni<\/h2>\n\t\t\t\t<hr>\n\t\t\t\t<h3 class=\"p-h3-town\">Get to know Goleg\u00e3<\/h3>\n\t\t\t<\/div>\n\t\t\t<p>Il piccolo villaggio di Goleg\u00e3, sede del suo comune, si trova sulle rive del fiume Tago e vanta una grande tradizione equestre.<\/p> <p>Questo comune ospita la famosa Fiera Nazionale del Cavallo, che ha un grande impatto in tutto il Paese e a livello internazionale. Ha anche il titolo di Citt\u00e0 Europea del Cavallo.\n\t\t<\/div>\n\n\t\t<div id=\"locationSection\">\n\t\t\t<div>\n\t\t\t\t<h2 class=\"p-h2-town\">Posizione<\/h2>\n\t\t\t\t<hr>\n\t\t\t\t<h3 class=\"p-h3-town\">Come arrivare<\/h3>\n\t\t\t<\/div>\n\t\t\t<p>Per arrivare a Goleg\u00e3 il modo pi\u00f9 semplice \u00e8 arrivare a Santar\u00e9m e, da l\u00ec, prendere la strada nazionale N-365. Si pu\u00f2 anche prendere la strada nazionale N-243 da Torres Novas o la strada IC-3 da Entroncamento.\n\n<p>\u00c8 possibile arrivare anche con i mezzi pubblici grazie a una linea ferroviaria che si ferma a circa 4 km dal villaggio. Se si desidera prendere un autobus, l&#8217;unica opzione \u00e8 andare a Entroncamento e poi prendere un taxi per Goleg\u00e3.\n\t\t\t<div>\n\t\t\t\t<div>\n  <iframe loading=\"lazy\"\n    src=\"https:\/\/www.google.com\/maps\/d\/embed?mid=1LVkpvMrnsR8rlBXuSShy2g6jdstC_bk&amp;ehbc=2E312F\"\n    width=\"640\"\n    height=\"480\"\n    alt=\"Mapa Goleg\u00e3\"\n  ><\/iframe>\n<\/div>\n\n\t\t\t<\/div>\n\t\t<\/div>\n\n\t\t\n\t\t\t<div id=\"toVisitSection\">\n\t\t\t\t<div>\n\t\t\t\t\t<h2 class=\"p-h2-town\">Storia \/ Cultura<\/h2>\n\t\t\t\t\t<hr>\n\t\t\t\t\t<h3 class=\"p-h3-town\">Cosa vedere<\/h3>\n\t\t\t\t<\/div>\n\t\t\t\t<div>\n\t\t\t\t\t<div class=\"accordion\">\n\t\t\t\t\t\t<div class=\"accordion__menu\">\n\t\t\t\t\t\t\t<nav>\n\t\t\t\t\t\t\t\t\n\t\t\t\t\t\t\t\t\t<button class=\"nav-tab-accordion active\"><span>&#10093;<\/span><span> Casa Museo Carlos Relvas<\/span><\/button>\n\t\t\t\t\t\t\t\t\n\t\t\t\t\t\t\t\t\t<button class=\"nav-tab-accordion \"><span>&#10093;<\/span><span> Iglesia Matriz<\/span><\/button>\n\t\t\t\t\t\t\t\t\n\t\t\t\t\t\t\t\t\t<button class=\"nav-tab-accordion \"><span>&#10093;<\/span><span> Quinta da Cardiga<\/span><\/button>\n\t\t\t\t\t\t\t\t\n\t\t\t\t\t\t\t<\/nav>\n\t\t\t\t\t\t<\/div>\n\n\t\t\t\t\t\t\n\t\t\t\t\t\t\t<div class=\"accordion__accordion-content \">\n\t\t\t\t\t\t\t\t<div>\n\t\t\t\t\t\t\t\t\t<div>\n\t\t\t\t\t\t\t\t\t\t<h4>Casa Museo Carlos Relvas<\/h4>\n\t\t\t\t\t\t\t\t\t\t<p>La Casa Museo Carlos Relvas si trova nel villaggio di Goleg\u00e3 ed \u00e8 destinata ad esporre il lavoro fotografico dell&#8217;artista. Relvas fece costruire la Casa Museo nel 1872 e oggi questo studio \u00e8 unico al mondo.\n\n<p>L&#8217;artista \u00e8 stato il principale esponente degli studi fotografici che hanno avuto luogo in tutto il continente europeo nella seconda met\u00e0 del XIX secolo. Per questo motivo l&#8217;edificio che ospita il suo studio \u00e8 e rimane oggetto di studio per altri artisti contemporanei in Europa e in America.\n\n<p>Questo edificio \u00e8 distribuito su due piani e ha un aspetto romanico, che gli conferisce un aspetto pi\u00f9 monumentale. Il primo piano della Casa Museo ha una grande vetrata, ed \u00e8 qui che sono esposti tutti i tipi di mobili fotografici e tele che raffigurano diversi paesaggi.<\/p> <p>Il secondo piano della Casa Museo ha una grande vetrata, ed \u00e8 qui che sono esposti tutti i tipi di mobili fotografici e tele che raffigurano diversi paesaggi.\n\t\t\t\t\t\t\t\t\t<\/div>\n\t\t\t\t\t\t\t\t\t<img decoding=\"async\" src=\"https:\/\/cdn.pilgrim.es\/web\/caminos\/camino-portugues\/pueblos\/golega\/puntos-de-interes\/casa-museo-carlos-relvas.jpg\" alt=\"Casa Museo Carlos Relvas\">\n\t\t\t\t\t\t\t\t<\/div>\n\t\t\t\t\t\t\t<\/div>\n\t\t\t\t\t\t\n\t\t\t\t\t\t\t<div class=\"accordion__accordion-content inactive\">\n\t\t\t\t\t\t\t\t<div>\n\t\t\t\t\t\t\t\t\t<div>\n\t\t\t\t\t\t\t\t\t\t<h4>Iglesia Matriz<\/h4>\n\t\t\t\t\t\t\t\t\t\t<p>La Chiesa di Matriz si trova nella citt\u00e0 di Goleg\u00e3, all&#8217;interno del distretto di Santar\u00e9m ed \u00e8 stata dichiarata Monumento Nazionale. La chiesa risale ai secoli XV e XVI ed \u00e8 un grande edificio a corpo rettangolare.<\/p> <p>La chiesa \u00e8 stata dichiarata Monumento Nazionale.\n\n<p>Il tempio fu eretto da Manuele I ed \u00e8 degno di ammirazione per la sua meravigliosa facciata, che ha un aspetto riccamente ornato, tipico dello stile manuelino. L&#8217;interno del tempio \u00e8 intonacato con piastrelle bianche e blu, alcune delle quali raffigurano scene della vita di Cristo.\n\t\t\t\t\t\t\t\t\t<\/div>\n\t\t\t\t\t\t\t\t\t<img decoding=\"async\" src=\"https:\/\/cdn.pilgrim.es\/web\/caminos\/camino-portugues\/pueblos\/golega\/puntos-de-interes\/iglesia-matriz.jpg\" alt=\"Iglesia Matriz\">\n\t\t\t\t\t\t\t\t<\/div>\n\t\t\t\t\t\t\t<\/div>\n\t\t\t\t\t\t\n\t\t\t\t\t\t\t<div class=\"accordion__accordion-content inactive\">\n\t\t\t\t\t\t\t\t<div>\n\t\t\t\t\t\t\t\t\t<div>\n\t\t\t\t\t\t\t\t\t\t<h4>Quinta da Cardiga<\/h4>\n\t\t\t\t\t\t\t\t\t\t<p>Questa Quinta, situata a Goleg\u00e3, era di propriet\u00e0 del re Afonso Henriques, che la don\u00f2 all&#8217;Ordine dei Templari alla fine del XII secolo. Fino al XIX secolo, questa Quinta faceva parte della linea difensiva del Tago, finch\u00e9 non \u00e8 tornata di propriet\u00e0 di varie istituzioni religiose.\n\n<p>In seguito fu acquistata dalla famiglia Sommer e oggi appartiene ai suoi discendenti, le famiglie Andrade e Mello. Si tratta quindi di un complesso di case padronali molto interessante, con una variet\u00e0 di stili architettonici, segno del potere di cui la tenuta ha goduto nel corso dei secoli.\n\t\t\t\t\t\t\t\t\t<\/div>\n\t\t\t\t\t\t\t\t\t<img decoding=\"async\" src=\"https:\/\/cdn.pilgrim.es\/web\/caminos\/camino-portugues\/pueblos\/golega\/puntos-de-interes\/quinta-da-cardiga.jpg\" alt=\"Quinta da Cardiga\">\n\t\t\t\t\t\t\t\t<\/div>\n\t\t\t\t\t\t\t<\/div>\n\t\t\t\t\t\t\n\t\t\t\t\t<\/div>\n\t\t\t\t<\/div>\n\t\t\t<\/div>\n\t\t\n\n\t\t<div id=\"phonesSection\">\n\t\t\t<div>\n\t\t\t\t<h2 class=\"p-h3-town\">Informazioni di interesse<\/h2>\n\t\t\t<\/div>\n\t\t\t<div class=\"grid\">\n\t\t\t\t\n\t\t\t\t\t<div class=\"phone-number-item\">\n\t\t\t\t\t\t<div class=\"phone-number-item__icon\"><i class=\"icon-police\"><\/i><\/div>\n\t\t\t\t\t\t<div class=\"phone-number-item__title\">\n\t\t\t\t\t\t\t<h3 class=\"p-font-bold\">Polizia locale<\/h3>\n\t\t\t\t\t\t\t<p>xxx<\/p>\n\t\t\t\t\t\t\t\n\t\t\t\t\t\t<\/div>\n\t\t\t\t\t<\/div>\n\t\t\t\t\n\t\t\t\t\t<div class=\"phone-number-item\">\n\t\t\t\t\t\t<div class=\"phone-number-item__icon\"><i class=\"icon-firefighters\"><\/i><\/div>\n\t\t\t\t\t\t<div class=\"phone-number-item__title\">\n\t\t\t\t\t\t\t<h3 class=\"p-font-bold\">Vigili del fuoco<\/h3>\n\t\t\t\t\t\t\t<p>+351 249 979 070<\/p>\n\t\t\t\t\t\t\t\n\t\t\t\t\t\t<\/div>\n\t\t\t\t\t<\/div>\n\t\t\t\t\n\t\t\t\t\t<div class=\"phone-number-item\">\n\t\t\t\t\t\t<div class=\"phone-number-item__icon\"><i class=\"icon-civil-protection\"><\/i><\/div>\n\t\t\t\t\t\t<div class=\"phone-number-item__title\">\n\t\t\t\t\t\t\t<h3 class=\"p-font-bold\">Protezione civile<\/h3>\n\t\t\t\t\t\t\t<p>xxx<\/p>\n\t\t\t\t\t\t\t\n\t\t\t\t\t\t<\/div>\n\t\t\t\t\t<\/div>\n\t\t\t\t\n\t\t\t\t\t<div class=\"phone-number-item\">\n\t\t\t\t\t\t<div class=\"phone-number-item__icon\"><i class=\"icon-town-council\"><\/i><\/div>\n\t\t\t\t\t\t<div class=\"phone-number-item__title\">\n\t\t\t\t\t\t\t<h3 class=\"p-font-bold\">Municipio<\/h3>\n\t\t\t\t\t\t\t<p>+351 249 979 050<\/p>\n\t\t\t\t\t\t\t\n\t\t\t\t\t\t<\/div>\n\t\t\t\t\t<\/div>\n\t\t\t\t\n\t\t\t\t\t<div class=\"phone-number-item\">\n\t\t\t\t\t\t<div class=\"phone-number-item__icon\"><i class=\"icon-hospital\"><\/i><\/div>\n\t\t\t\t\t\t<div class=\"phone-number-item__title\">\n\t\t\t\t\t\t\t<h3 class=\"p-font-bold\">Centro sanitario<\/h3>\n\t\t\t\t\t\t\t<p>+351 249 979 180<\/p>\n\t\t\t\t\t\t\t\n\t\t\t\t\t\t<\/div>\n\t\t\t\t\t<\/div>\n\t\t\t\t\n\t\t\t\t\t<div class=\"phone-number-item\">\n\t\t\t\t\t\t<div class=\"phone-number-item__icon\"><i class=\"icon-tourism\"><\/i><\/div>\n\t\t\t\t\t\t<div class=\"phone-number-item__title\">\n\t\t\t\t\t\t\t<h3 class=\"p-font-bold\">Ufficio turistico<\/h3>\n\t\t\t\t\t\t\t<p>+351 249 977 361 \/ +351 249 979 002<\/p>\n\t\t\t\t\t\t\t\n\t\t\t\t\t\t\t\t<p>Rua D. Alfonso Henriques<\/p>\n\t\t\t\t\t\t\t\n\t\t\t\t\t\t<\/div>\n\t\t\t\t\t<\/div>\n\t\t\t\t\n\t\t\t<\/div>\n\t\t<\/div>\n\n\t\t<div id=\"clientForm\">\n        <section>\n        <img decoding=\"async\" src=\"https:\/\/cdn.pilgrim.es\/web\/home\/email-contacto.png\" alt=\"contacto\">\n        <div>\n            <p>Ti inviamo la tua pianificazione<\/p>\n            <p>Forniscici i tuoi dati e ricevi la pianificazione del tuo viaggio via email <\/p>\n            <form method=\"post\" data-url=\"\/wp-admin\/admin-ajax.php\" id=\"planner--client\" class=\"flag-right form-client\">\n    <div class=\"form-data\">\n        <input name=\"form_id\" type=\"hidden\" value=\"Formulario Leads\">\n        <input name=\"type\" type=\"hidden\" value=\"planner_client\">\n        <input type=\"text\" name=\"nombre\" value=\"\" size=\"40\" class=\"form-control\" aria-required=\"true\" aria-invalid=\"false\" placeholder=\"Nome\">\n        <input type=\"email\" name=\"email\" value=\"\" size=\"40\" class=\"form-control\" aria-required=\"true\" aria-invalid=\"false\" placeholder=\"Mail\">\n        <input type=\"text\" id=\"phone-input\" name=\"tel\" value=\"\" size=\"40\" class=\"phone-input form-control\" aria-required=\"true\" aria-invalid=\"false\" placeholder=\"Telefono\">\n        <input type=\"hidden\" name=\"telefono\">\n    <\/div>\n    <div class=\"form-checkbox\">\n        <span>\n            Pilgrim Travel. S.L. informa, come previsto dal Regolamento 2016\/679, che i dati utilizzati in questo modulo verranno utilizzati sia per la risposta delle eventuali consultazioni sia per la pub-blicazione dei commenti, essendo il consenso dell'utente la base di legittimazione. Potranno esse-re esercitati i diritti in conformit\u00e0 con quanto stabilito dalla nostra             <a href=\"https:\/\/www.pilgrim.es\/it\/informativa-sulla-privacy\/\" target=\"_blank\" rel=\"noopener noreferrer nofollow\">Politica di privacy.<\/a>\n        <\/span>\n    <\/div>\n\n    <div class=\"form-submit\">\n        <button id=\"planner--client-create\" type=\"submit\">Formulario di contatto<\/button>\n        <div class=\"loadingDiv\"><i class=\"p-spinner\"><\/i><\/div>\n    <\/div>\n\n    <div class=\"contact-content-form-success\">\n        <p><i class=\"fas fa-check\"><\/i> Il modulo \u00e8 stato inviato correttamente<\/p>\n    <\/div>\n\n    <div class=\"contact-content-form-error\">\n        <span class=\"input-error\"><\/span>\n    <\/div>\n<\/form>        <\/div>\n    <\/section>\n<\/div>\n\n\t\t<div id=\"recomendationSection\">\n\t\t\t<div>\n\t\t\t\t<h2 class=\"p-h2-town\">Consigliato<\/h2>\n\t\t\t\t<hr>\n\t\t\t\t<h3 class=\"p-h3-town\">Gastronomia<\/h3>\n\t\t\t<\/div>\n\t\t\tGoleg\u00e3 vanta un&#8217;eccellente gastronomia in cui spiccano le ricette tradizionali, come lo stinco di manzo con gamberi, la zuppa di pesce, il merluzzo arrosto con briciole, la scaloppa di gamberi e capesante con aglio in olio d&#8217;oliva o la zuppa alla Ribatejo.\n\t\t<\/div>\n\n\n\t\t\n\t\t\t<div id=\"holidaysSection\">\n\t\t\t\t<div>\n\t\t\t\t\t<h2 class=\"p-h2-town\">Consigliato<\/h2>\n\t\t\t\t\t<hr>\n\t\t\t\t\t<h3 class=\"p-h3-town\">Festival e pellegrinaggi<\/h3>\n\t\t\t\t<\/div>\n\t\t\t\t<div class=\"grid holidays-grid\">\n\t\t\t\t\t\n\t\t\t\t\t\t<div>\n\t\t\t\t\t\t\t<div class=\"phone-number-item\">\n\t\t\t\t\t\t\t\t<div class=\"phone-number-item__icon\"><i class=\"icon-holiday\"><\/i><\/div>\n\t\t\t\t\t\t\t\t<div class=\"phone-number-item__title dark-text\">\n\t\t\t\t\t\t\t\t\t<p class=\"p-font-bold\">Vacanza locale<\/p>\n\t\t\t\t\t\t\t\t\t<p>Noviembre: Feria Nacional de Caballos<\/p>\n\t\t\t\t\t\t\t\t<\/div>\n\t\t\t\t\t\t\t<\/div>\n\t\t\t\t\t\t<\/div>\n\t\t\t\t\t\n\t\t\t\t<\/div>\n\t\t\t<\/div>\n\t\t\n\t<\/div>\n<\/section>\n\n<div id=\"stage_list_section\"><div class=\"stage-list\">\n    <div class='stage-list__map-card'>\n        <div class='stage-list__map-card__map'>\n            <div class='stage-list__map-card__map__text'>\n                <h2> Pages <\/h2>\n                <p> A piedi<\/p>\n                <p> 0tappe<\/p>\n            <\/div>\n            <div class='stage-list__map-card__map__img'>\n                <img decoding=\"async\" src=\"\" alt=\" mapa \" \/>\n            <\/div>\n        <\/div>\n    <\/div>\n\n    <\/div>\n<\/div> ","protected":false},"excerpt":{"rendered":"<p>Goleg\u00e3 &#8249; Ritorno al palcoscenico Goleg\u00e3 Abitanti: 5.913 aprox. Provincia: Informazioni Get to know Goleg\u00e3 Il piccolo villaggio di Goleg\u00e3, sede del suo comune, si trova sulle rive del fiume Tago e vanta una grande tradizione equestre. Questo comune ospita la famosa Fiera Nazionale del Cavallo, che ha un grande impatto in tutto il Paese &hellip; <\/p>\n<p class=\"read_more\"><a href=\"https:\/\/www.pilgrim.es\/it\/cammino-portoghese\/golega\/\">Leer m\u00e1s<\/a><\/p>\n","protected":false},"author":0,"featured_media":4665,"parent":10770,"menu_order":0,"comment_status":"closed","ping_status":"closed","template":"views\/template-new-web-design.blade.php","meta":{"footnotes":""},"categories":[],"tags":[],"class_list":["post-91175","page","type-page","status-publish","has-post-thumbnail","hentry"],"yoast_head":"<!-- This site is optimized with the Yoast SEO plugin v27.4 - https:\/\/yoast.com\/product\/yoast-seo-wordpress\/ -->\n<title>Goleg\u00e3: Cosa vedere e dove dormire | Cammino di Santiago | Pilgrim<\/title>\n<meta name=\"description\" content=\"Goleg\u00e3 Scopri tutte le informazioni su dove alloggiare, come arrivare, cosa mangiare e sui principali punti di interesse delle localit\u00e0 lungo il Cammino Portoghese.\" \/>\n<meta name=\"robots\" content=\"index, follow, max-snippet:-1, max-image-preview:large, max-video-preview:-1\" \/>\n<link rel=\"canonical\" href=\"https:\/\/www.pilgrim.es\/it\/cammino-portoghese\/golega\/\" \/>\n<meta property=\"og:locale\" content=\"it_IT\" \/>\n<meta property=\"og:type\" content=\"article\" \/>\n<meta property=\"og:title\" content=\"Goleg\u00e3: Cosa vedere e dove dormire | Cammino di Santiago | Pilgrim\" \/>\n<meta property=\"og:description\" content=\"Goleg\u00e3 Scopri tutte le informazioni su dove alloggiare, come arrivare, cosa mangiare e sui principali punti di interesse delle localit\u00e0 lungo il Cammino Portoghese.\" \/>\n<meta property=\"og:url\" content=\"https:\/\/www.pilgrim.es\/it\/cammino-portoghese\/golega\/\" \/>\n<meta property=\"og:site_name\" content=\"Pilgrim\" \/>\n<meta property=\"article:publisher\" content=\"https:\/\/www.facebook.com\/pilgrim.es\/\" \/>\n<meta property=\"og:image\" content=\"https:\/\/www.pilgrim.es\/wp-content\/uploads\/2019\/02\/golega.jpg\" \/>\n\t<meta property=\"og:image:width\" content=\"800\" \/>\n\t<meta property=\"og:image:height\" content=\"400\" \/>\n\t<meta property=\"og:image:type\" content=\"image\/jpeg\" \/>\n<meta name=\"twitter:card\" content=\"summary_large_image\" \/>\n<meta name=\"twitter:site\" content=\"@pilgrim_es\" \/>\n<meta name=\"twitter:label1\" content=\"Tempo di lettura stimato\" \/>\n\t<meta name=\"twitter:data1\" content=\"3 minuti\" \/>\n<script type=\"application\/ld+json\" class=\"yoast-schema-graph\">{\"@context\":\"https:\\\/\\\/schema.org\",\"@graph\":[{\"@type\":\"WebPage\",\"@id\":\"https:\\\/\\\/www.pilgrim.es\\\/it\\\/cammino-portoghese\\\/golega\\\/\",\"url\":\"https:\\\/\\\/www.pilgrim.es\\\/it\\\/cammino-portoghese\\\/golega\\\/\",\"name\":\"Goleg\u00e3: Cosa vedere e dove dormire | Cammino di Santiago | Pilgrim\",\"isPartOf\":{\"@id\":\"https:\\\/\\\/www.pilgrim.es\\\/it\\\/#website\"},\"primaryImageOfPage\":{\"@id\":\"https:\\\/\\\/www.pilgrim.es\\\/it\\\/cammino-portoghese\\\/golega\\\/#primaryimage\"},\"image\":{\"@id\":\"https:\\\/\\\/www.pilgrim.es\\\/it\\\/cammino-portoghese\\\/golega\\\/#primaryimage\"},\"thumbnailUrl\":\"https:\\\/\\\/www.pilgrim.es\\\/wp-content\\\/uploads\\\/2019\\\/02\\\/golega.jpg\",\"datePublished\":\"2025-03-17T13:53:50+00:00\",\"description\":\"Goleg\u00e3 Scopri tutte le informazioni su dove alloggiare, come arrivare, cosa mangiare e sui principali punti di interesse delle localit\u00e0 lungo il Cammino Portoghese.\",\"breadcrumb\":{\"@id\":\"https:\\\/\\\/www.pilgrim.es\\\/it\\\/cammino-portoghese\\\/golega\\\/#breadcrumb\"},\"inLanguage\":\"it-IT\",\"potentialAction\":[{\"@type\":\"ReadAction\",\"target\":[\"https:\\\/\\\/www.pilgrim.es\\\/it\\\/cammino-portoghese\\\/golega\\\/\"]}]},{\"@type\":\"ImageObject\",\"inLanguage\":\"it-IT\",\"@id\":\"https:\\\/\\\/www.pilgrim.es\\\/it\\\/cammino-portoghese\\\/golega\\\/#primaryimage\",\"url\":\"https:\\\/\\\/www.pilgrim.es\\\/wp-content\\\/uploads\\\/2019\\\/02\\\/golega.jpg\",\"contentUrl\":\"https:\\\/\\\/www.pilgrim.es\\\/wp-content\\\/uploads\\\/2019\\\/02\\\/golega.jpg\",\"width\":800,\"height\":400,\"caption\":\"golega\"},{\"@type\":\"BreadcrumbList\",\"@id\":\"https:\\\/\\\/www.pilgrim.es\\\/it\\\/cammino-portoghese\\\/golega\\\/#breadcrumb\",\"itemListElement\":[{\"@type\":\"ListItem\",\"position\":1,\"name\":\"Camino de Santiago\",\"item\":\"https:\\\/\\\/www.pilgrim.es\\\/it\\\/\"},{\"@type\":\"ListItem\",\"position\":2,\"name\":\"Cammino Portoghese\",\"item\":\"https:\\\/\\\/www.pilgrim.es\\\/it\\\/cammino-portoghese\\\/\"},{\"@type\":\"ListItem\",\"position\":3,\"name\":\"Goleg\u00e3\"}]},{\"@type\":\"WebSite\",\"@id\":\"https:\\\/\\\/www.pilgrim.es\\\/it\\\/#website\",\"url\":\"https:\\\/\\\/www.pilgrim.es\\\/it\\\/\",\"name\":\"Pilgrim\",\"description\":\"Camino de Santiago | Caminamos Contigo\",\"publisher\":{\"@id\":\"https:\\\/\\\/www.pilgrim.es\\\/it\\\/#organization\"},\"potentialAction\":[{\"@type\":\"SearchAction\",\"target\":{\"@type\":\"EntryPoint\",\"urlTemplate\":\"https:\\\/\\\/www.pilgrim.es\\\/it\\\/?s={search_term_string}\"},\"query-input\":{\"@type\":\"PropertyValueSpecification\",\"valueRequired\":true,\"valueName\":\"search_term_string\"}}],\"inLanguage\":\"it-IT\"},{\"@type\":\"Organization\",\"@id\":\"https:\\\/\\\/www.pilgrim.es\\\/it\\\/#organization\",\"name\":\"Pilgrim Camino de Santiago\",\"url\":\"https:\\\/\\\/www.pilgrim.es\\\/it\\\/\",\"logo\":{\"@type\":\"ImageObject\",\"inLanguage\":\"it-IT\",\"@id\":\"https:\\\/\\\/www.pilgrim.es\\\/it\\\/#\\\/schema\\\/logo\\\/image\\\/\",\"url\":\"https:\\\/\\\/www.pilgrim.es\\\/wp-content\\\/uploads\\\/2019\\\/04\\\/logo_pilgrim.png\",\"contentUrl\":\"https:\\\/\\\/www.pilgrim.es\\\/wp-content\\\/uploads\\\/2019\\\/04\\\/logo_pilgrim.png\",\"width\":512,\"height\":512,\"caption\":\"Pilgrim Camino de Santiago\"},\"image\":{\"@id\":\"https:\\\/\\\/www.pilgrim.es\\\/it\\\/#\\\/schema\\\/logo\\\/image\\\/\"},\"sameAs\":[\"https:\\\/\\\/www.facebook.com\\\/pilgrim.es\\\/\",\"https:\\\/\\\/x.com\\\/pilgrim_es\",\"https:\\\/\\\/www.instagram.com\\\/pilgrim.es\\\/\",\"https:\\\/\\\/www.linkedin.com\\\/company\\\/pilgrim-camino-de-santiago\\\/\",\"https:\\\/\\\/www.pinterest.es\\\/pilgrimcaminodesantiago\\\/\",\"https:\\\/\\\/www.youtube.com\\\/channel\\\/UCIv2ZzFLXVqthkNF32rKedw\\\/featured\"]}]}<\/script>\n<!-- \/ Yoast SEO plugin. -->","yoast_head_json":{"title":"Goleg\u00e3: Cosa vedere e dove dormire | Cammino di Santiago | Pilgrim","description":"Goleg\u00e3 Scopri tutte le informazioni su dove alloggiare, come arrivare, cosa mangiare e sui principali punti di interesse delle localit\u00e0 lungo il Cammino Portoghese.","robots":{"index":"index","follow":"follow","max-snippet":"max-snippet:-1","max-image-preview":"max-image-preview:large","max-video-preview":"max-video-preview:-1"},"canonical":"https:\/\/www.pilgrim.es\/it\/cammino-portoghese\/golega\/","og_locale":"it_IT","og_type":"article","og_title":"Goleg\u00e3: Cosa vedere e dove dormire | Cammino di Santiago | Pilgrim","og_description":"Goleg\u00e3 Scopri tutte le informazioni su dove alloggiare, come arrivare, cosa mangiare e sui principali punti di interesse delle localit\u00e0 lungo il Cammino Portoghese.","og_url":"https:\/\/www.pilgrim.es\/it\/cammino-portoghese\/golega\/","og_site_name":"Pilgrim","article_publisher":"https:\/\/www.facebook.com\/pilgrim.es\/","og_image":[{"width":800,"height":400,"url":"https:\/\/www.pilgrim.es\/wp-content\/uploads\/2019\/02\/golega.jpg","type":"image\/jpeg"}],"twitter_card":"summary_large_image","twitter_site":"@pilgrim_es","twitter_misc":{"Tempo di lettura stimato":"3 minuti"},"schema":{"@context":"https:\/\/schema.org","@graph":[{"@type":"WebPage","@id":"https:\/\/www.pilgrim.es\/it\/cammino-portoghese\/golega\/","url":"https:\/\/www.pilgrim.es\/it\/cammino-portoghese\/golega\/","name":"Goleg\u00e3: Cosa vedere e dove dormire | Cammino di Santiago | Pilgrim","isPartOf":{"@id":"https:\/\/www.pilgrim.es\/it\/#website"},"primaryImageOfPage":{"@id":"https:\/\/www.pilgrim.es\/it\/cammino-portoghese\/golega\/#primaryimage"},"image":{"@id":"https:\/\/www.pilgrim.es\/it\/cammino-portoghese\/golega\/#primaryimage"},"thumbnailUrl":"https:\/\/www.pilgrim.es\/wp-content\/uploads\/2019\/02\/golega.jpg","datePublished":"2025-03-17T13:53:50+00:00","description":"Goleg\u00e3 Scopri tutte le informazioni su dove alloggiare, come arrivare, cosa mangiare e sui principali punti di interesse delle localit\u00e0 lungo il Cammino Portoghese.","breadcrumb":{"@id":"https:\/\/www.pilgrim.es\/it\/cammino-portoghese\/golega\/#breadcrumb"},"inLanguage":"it-IT","potentialAction":[{"@type":"ReadAction","target":["https:\/\/www.pilgrim.es\/it\/cammino-portoghese\/golega\/"]}]},{"@type":"ImageObject","inLanguage":"it-IT","@id":"https:\/\/www.pilgrim.es\/it\/cammino-portoghese\/golega\/#primaryimage","url":"https:\/\/www.pilgrim.es\/wp-content\/uploads\/2019\/02\/golega.jpg","contentUrl":"https:\/\/www.pilgrim.es\/wp-content\/uploads\/2019\/02\/golega.jpg","width":800,"height":400,"caption":"golega"},{"@type":"BreadcrumbList","@id":"https:\/\/www.pilgrim.es\/it\/cammino-portoghese\/golega\/#breadcrumb","itemListElement":[{"@type":"ListItem","position":1,"name":"Camino de Santiago","item":"https:\/\/www.pilgrim.es\/it\/"},{"@type":"ListItem","position":2,"name":"Cammino Portoghese","item":"https:\/\/www.pilgrim.es\/it\/cammino-portoghese\/"},{"@type":"ListItem","position":3,"name":"Goleg\u00e3"}]},{"@type":"WebSite","@id":"https:\/\/www.pilgrim.es\/it\/#website","url":"https:\/\/www.pilgrim.es\/it\/","name":"Pilgrim","description":"Camino de Santiago | Caminamos Contigo","publisher":{"@id":"https:\/\/www.pilgrim.es\/it\/#organization"},"potentialAction":[{"@type":"SearchAction","target":{"@type":"EntryPoint","urlTemplate":"https:\/\/www.pilgrim.es\/it\/?s={search_term_string}"},"query-input":{"@type":"PropertyValueSpecification","valueRequired":true,"valueName":"search_term_string"}}],"inLanguage":"it-IT"},{"@type":"Organization","@id":"https:\/\/www.pilgrim.es\/it\/#organization","name":"Pilgrim Camino de Santiago","url":"https:\/\/www.pilgrim.es\/it\/","logo":{"@type":"ImageObject","inLanguage":"it-IT","@id":"https:\/\/www.pilgrim.es\/it\/#\/schema\/logo\/image\/","url":"https:\/\/www.pilgrim.es\/wp-content\/uploads\/2019\/04\/logo_pilgrim.png","contentUrl":"https:\/\/www.pilgrim.es\/wp-content\/uploads\/2019\/04\/logo_pilgrim.png","width":512,"height":512,"caption":"Pilgrim Camino de Santiago"},"image":{"@id":"https:\/\/www.pilgrim.es\/it\/#\/schema\/logo\/image\/"},"sameAs":["https:\/\/www.facebook.com\/pilgrim.es\/","https:\/\/x.com\/pilgrim_es","https:\/\/www.instagram.com\/pilgrim.es\/","https:\/\/www.linkedin.com\/company\/pilgrim-camino-de-santiago\/","https:\/\/www.pinterest.es\/pilgrimcaminodesantiago\/","https:\/\/www.youtube.com\/channel\/UCIv2ZzFLXVqthkNF32rKedw\/featured"]}]}},"_links":{"self":[{"href":"https:\/\/www.pilgrim.es\/it\/wp-json\/wp\/v2\/pages\/91175","targetHints":{"allow":["GET"]}}],"collection":[{"href":"https:\/\/www.pilgrim.es\/it\/wp-json\/wp\/v2\/pages"}],"about":[{"href":"https:\/\/www.pilgrim.es\/it\/wp-json\/wp\/v2\/types\/page"}],"replies":[{"embeddable":true,"href":"https:\/\/www.pilgrim.es\/it\/wp-json\/wp\/v2\/comments?post=91175"}],"version-history":[{"count":0,"href":"https:\/\/www.pilgrim.es\/it\/wp-json\/wp\/v2\/pages\/91175\/revisions"}],"up":[{"embeddable":true,"href":"https:\/\/www.pilgrim.es\/it\/wp-json\/wp\/v2\/pages\/10770"}],"wp:featuredmedia":[{"embeddable":true,"href":"https:\/\/www.pilgrim.es\/it\/wp-json\/wp\/v2\/media\/4665"}],"wp:attachment":[{"href":"https:\/\/www.pilgrim.es\/it\/wp-json\/wp\/v2\/media?parent=91175"}],"wp:term":[{"taxonomy":"category","embeddable":true,"href":"https:\/\/www.pilgrim.es\/it\/wp-json\/wp\/v2\/categories?post=91175"},{"taxonomy":"post_tag","embeddable":true,"href":"https:\/\/www.pilgrim.es\/it\/wp-json\/wp\/v2\/tags?post=91175"}],"curies":[{"name":"wp","href":"https:\/\/api.w.org\/{rel}","templated":true}]}}