{"id":91163,"date":"2025-03-17T13:51:57","date_gmt":"2025-03-17T13:51:57","guid":{"rendered":"https:\/\/www.pilgrim.es\/cammino-portoghese\/lisboa\/"},"modified":"2025-03-17T13:51:57","modified_gmt":"2025-03-17T13:51:57","slug":"lisboa","status":"publish","type":"page","link":"https:\/\/www.pilgrim.es\/it\/cammino-portoghese\/lisboa\/","title":{"rendered":"Lisboa"},"content":{"rendered":" <section id=\"hero\">\n\t<h1>Lisboa<\/h1>\n\t<div class=\"hero-grid\">\n\t\t<div class=\"hero-grid__town-col\" data-background=\"https:\/\/cdn.pilgrim.es\/web\/caminos\/camino-portugues\/pueblos\/lisboa\/lisboa.jpg\">\n\t\t\t<div>\n\t\t\t\t<a class=\"link-to-stage\" href=\"https:\/\/www.pilgrim.es\/camino-portugues\/etapa-1-lisboa-alhandra\/\">\n\t\t\t\t\t<p>&#8249; Ritorno al palcoscenico<\/p>\n\t\t\t\t<\/a>\n\n\t\t\t\t<div class=\"town-data\">\n\t\t\t\t\t<h2>Lisboa<\/h2>\n\t\t\t\t\t<ul>\n\t\t\t\t\t\t<li>Abitanti: 530.847 aprox.<\/li>\n\t\t\t\t\t\t<li>Provincia: <\/li>\n\t\t\t\t\t<\/ul>\n\t\t\t\t<\/div>\n\t\t\t<\/div>\n\t\t<\/div>\n\t\t<div class=\"hero-grid__planner-col\"><div\r\n  class=\"p-col-span-1 p-rounded-lg p-px-5 p-h-full\"\r\n  style=\"background-image: url('https:\/\/cdn.pilgrim.es\/web\/pilgrim-planner\/bg-plugin-planificador.webp')\"\r\n  rel=\"preload\"\r\n  fetchpriority=\"high\"\r\n  >\r\n    <div class=\"p-text-center p-pt-5 p-text-white p-text-2xl p-font-semibold\">\r\n      Pianifica il tuo cammino    <\/div>\r\n    <div\r\n            id='primary-app'\r\n            data-name='banner'\r\n            data-api='https:\/\/pathfinder.pilgrim.es\/api\/pathfinder\/v2'\r\n            data-mode='normal'\r\n            data-lang='it'\r\n            data-route='1'\r\n            data-destiny='https:\/\/planificador.pilgrim.es'\r\n            data-modality='1'\r\n            data-inline=''\r\n        ><\/div><\/div><\/div>\n\t<\/div>\n<\/section>\n\n<section id=\"infoTown\">\n\t<div class=\"sections-town\">\n\n\t\t<div id=\"informationSection\">\n\t\t\t<div>\n\t\t\t\t<h2 class=\"p-h2-town\">Informazioni<\/h2>\n\t\t\t\t<hr>\n\t\t\t\t<h3 class=\"p-h3-town\">Get to know Lisboa<\/h3>\n\t\t\t<\/div>\n\t\t\t<p>Lisbona \u00e8 la capitale del Portogallo e anche una delle citt\u00e0 pi\u00f9 importanti del Paese. Si trova alla foce del fiume Tago, il che la rende una delle enclavi pi\u00f9 importanti nel dominio dell&#8217;Oceano Atlantico.<\/p> <p>La sua storia antica \u00e8 dovuta alla sua posizione. Innumerevoli civilt\u00e0 sono passate per le sue terre, rendendola una citt\u00e0 di grande ricchezza culturale. Per spostarsi tra le sue strade, l&#8217;ideale \u00e8 camminare per ammirare tutti i suoi monumenti, ma si possono anche utilizzare i tram storici che collegano l&#8217;intero centro della citt\u00e0.\n\t\t<\/div>\n\n\t\t<div id=\"locationSection\">\n\t\t\t<div>\n\t\t\t\t<h2 class=\"p-h2-town\">Posizione<\/h2>\n\t\t\t\t<hr>\n\t\t\t\t<h3 class=\"p-h3-town\">Come arrivare<\/h3>\n\t\t\t<\/div>\n\t\t\t<p>Il modo pi\u00f9 semplice per arrivare a Lisbona \u00e8 l&#8217;autostrada, attraverso la AP-9 o la A-1, ma non sorprende che la capitale sia servita da quasi tutte le autostrade del Paese, come la A-2, la A-8, la A-10, la A-33, la A-12, la A-37, la A-5 e la A-16. Se si proviene da nord, si pu\u00f2 prendere la E-1, la strada europea.<\/p> <p>Se si proviene da nord, si pu\u00f2 prendere la E-1, la strada europea.\n\n<p> Arrivare in aereo \u00e8 molto semplice, con compagnie note come Vueling, Easyjet e Ryanair. Una volta arrivati all&#8217;aeroporto, si pu\u00f2 prendere un autobus per il centro citt\u00e0.\n\n<p>Si pu\u00f2 arrivare anche in treno, prendendo l&#8217;AVE o il treno hotel Lusitania da Madrid. Per andare in autobus, si pu\u00f2 partire da Madrid, Barcellona, Siviglia, Bilbao o Valencia.\n\t\t\t<div>\n\t\t\t\t<div>\n  <iframe loading=\"lazy\"\n    src=\"https:\/\/www.google.com\/maps\/d\/embed?mid=17GJiEW7rQrpI9Jh825uaNar_b3ROYgM&amp;ehbc=2E312F\"\n    width=\"640\"\n    height=\"480\"\n    alt=\"Mapa Lisboa\"\n  ><\/iframe>\n<\/div>\n\n\t\t\t<\/div>\n\t\t<\/div>\n\n\t\t\n\t\t\t<div id=\"toVisitSection\">\n\t\t\t\t<div>\n\t\t\t\t\t<h2 class=\"p-h2-town\">Storia \/ Cultura<\/h2>\n\t\t\t\t\t<hr>\n\t\t\t\t\t<h3 class=\"p-h3-town\">Cosa vedere<\/h3>\n\t\t\t\t<\/div>\n\t\t\t\t<div>\n\t\t\t\t\t<div class=\"accordion\">\n\t\t\t\t\t\t<div class=\"accordion__menu\">\n\t\t\t\t\t\t\t<nav>\n\t\t\t\t\t\t\t\t\n\t\t\t\t\t\t\t\t\t<button class=\"nav-tab-accordion active\"><span>&#10093;<\/span><span> Bas\u00edlica da Estrela<\/span><\/button>\n\t\t\t\t\t\t\t\t\n\t\t\t\t\t\t\t\t\t<button class=\"nav-tab-accordion \"><span>&#10093;<\/span><span> Convento do Carmo<\/span><\/button>\n\t\t\t\t\t\t\t\t\n\t\t\t\t\t\t\t\t\t<button class=\"nav-tab-accordion \"><span>&#10093;<\/span><span> Monasterio de los Jer\u00f3nimos<\/span><\/button>\n\t\t\t\t\t\t\t\t\n\t\t\t\t\t\t\t\t\t<button class=\"nav-tab-accordion \"><span>&#10093;<\/span><span> Museo Berardo<\/span><\/button>\n\t\t\t\t\t\t\t\t\n\t\t\t\t\t\t\t\t\t<button class=\"nav-tab-accordion \"><span>&#10093;<\/span><span> Museo da Marinha<\/span><\/button>\n\t\t\t\t\t\t\t\t\n\t\t\t\t\t\t\t\t\t<button class=\"nav-tab-accordion \"><span>&#10093;<\/span><span> Museo Nacional de Arte Antigo<\/span><\/button>\n\t\t\t\t\t\t\t\t\n\t\t\t\t\t\t\t\t\t<button class=\"nav-tab-accordion \"><span>&#10093;<\/span><span> Museo Nacional dos Coches<\/span><\/button>\n\t\t\t\t\t\t\t\t\n\t\t\t\t\t\t\t\t\t<button class=\"nav-tab-accordion \"><span>&#10093;<\/span><span> Ocean\u00e1rio<\/span><\/button>\n\t\t\t\t\t\t\t\t\n\t\t\t\t\t\t\t\t\t<button class=\"nav-tab-accordion \"><span>&#10093;<\/span><span> Palacio de Bel\u00e9m<\/span><\/button>\n\t\t\t\t\t\t\t\t\n\t\t\t\t\t\t\t\t\t<button class=\"nav-tab-accordion \"><span>&#10093;<\/span><span> Pante\u00f3n Nacional<\/span><\/button>\n\t\t\t\t\t\t\t\t\n\t\t\t\t\t\t\t\t\t<button class=\"nav-tab-accordion \"><span>&#10093;<\/span><span> Plaza del Rossio<\/span><\/button>\n\t\t\t\t\t\t\t\t\n\t\t\t\t\t\t\t\t\t<button class=\"nav-tab-accordion \"><span>&#10093;<\/span><span> Puente Vasco da Gamma<\/span><\/button>\n\t\t\t\t\t\t\t\t\n\t\t\t\t\t\t\t\t\t<button class=\"nav-tab-accordion \"><span>&#10093;<\/span><span> Pabell\u00f3n do Conhecimento<\/span><\/button>\n\t\t\t\t\t\t\t\t\n\t\t\t\t\t\t\t\t\t<button class=\"nav-tab-accordion \"><span>&#10093;<\/span><span> Torre de Bel\u00e9m<\/span><\/button>\n\t\t\t\t\t\t\t\t\n\t\t\t\t\t\t\t\t\t<button class=\"nav-tab-accordion \"><span>&#10093;<\/span><span> Acueducto de las Aguas Libres<\/span><\/button>\n\t\t\t\t\t\t\t\t\n\t\t\t\t\t\t\t\t\t<button class=\"nav-tab-accordion \"><span>&#10093;<\/span><span> Castillo de S\u00e3o Jorge<\/span><\/button>\n\t\t\t\t\t\t\t\t\n\t\t\t\t\t\t\t\t\t<button class=\"nav-tab-accordion \"><span>&#10093;<\/span><span> Catedral de Lisboa<\/span><\/button>\n\t\t\t\t\t\t\t\t\n\t\t\t\t\t\t\t\t\t<button class=\"nav-tab-accordion \"><span>&#10093;<\/span><span> Iglesia de Nossa Senhora da Concei\u00e7ao Velha<\/span><\/button>\n\t\t\t\t\t\t\t\t\n\t\t\t\t\t\t\t\t\t<button class=\"nav-tab-accordion \"><span>&#10093;<\/span><span> Iglesia de San Vicente de Fora<\/span><\/button>\n\t\t\t\t\t\t\t\t\n\t\t\t\t\t\t\t\t\t<button class=\"nav-tab-accordion \"><span>&#10093;<\/span><span> Iglesia de Santo Antonio de Lisboa<\/span><\/button>\n\t\t\t\t\t\t\t\t\n\t\t\t\t\t\t\t\t\t<button class=\"nav-tab-accordion \"><span>&#10093;<\/span><span> Iglesia de Santo Est\u00eav\u00e3o<\/span><\/button>\n\t\t\t\t\t\t\t\t\n\t\t\t\t\t\t\t\t\t<button class=\"nav-tab-accordion \"><span>&#10093;<\/span><span> Iglesia de S\u00e3o Domingos<\/span><\/button>\n\t\t\t\t\t\t\t\t\n\t\t\t\t\t\t\t\t\t<button class=\"nav-tab-accordion \"><span>&#10093;<\/span><span> Iglesia de S\u00e3o Roque<\/span><\/button>\n\t\t\t\t\t\t\t\t\n\t\t\t\t\t\t\t\t\t<button class=\"nav-tab-accordion \"><span>&#10093;<\/span><span> Monumento a los Descubrimientos<\/span><\/button>\n\t\t\t\t\t\t\t\t\n\t\t\t\t\t\t\t\t\t<button class=\"nav-tab-accordion \"><span>&#10093;<\/span><span> Palacio das Necessidades<\/span><\/button>\n\t\t\t\t\t\t\t\t\n\t\t\t\t\t\t\t\t\t<button class=\"nav-tab-accordion \"><span>&#10093;<\/span><span> Palacio de Queluz<\/span><\/button>\n\t\t\t\t\t\t\t\t\n\t\t\t\t\t\t\t\t\t<button class=\"nav-tab-accordion \"><span>&#10093;<\/span><span> Palacio de Seteais<\/span><\/button>\n\t\t\t\t\t\t\t\t\n\t\t\t\t\t\t\t\t\t<button class=\"nav-tab-accordion \"><span>&#10093;<\/span><span> Palacio Nacional da Ajuda<\/span><\/button>\n\t\t\t\t\t\t\t\t\n\t\t\t\t\t\t\t\t\t<button class=\"nav-tab-accordion \"><span>&#10093;<\/span><span> Plaza do Comercio<\/span><\/button>\n\t\t\t\t\t\t\t\t\n\t\t\t\t\t\t\t\t\t<button class=\"nav-tab-accordion \"><span>&#10093;<\/span><span> Plaza Marqu\u00eas de Pombal<\/span><\/button>\n\t\t\t\t\t\t\t\t\n\t\t\t\t\t\t\t\t\t<button class=\"nav-tab-accordion \"><span>&#10093;<\/span><span> Puente 25 de Abril<\/span><\/button>\n\t\t\t\t\t\t\t\t\n\t\t\t\t\t\t\t\t\t<button class=\"nav-tab-accordion \"><span>&#10093;<\/span><span> Museo Calouste Gulbenkian<\/span><\/button>\n\t\t\t\t\t\t\t\t\n\t\t\t\t\t\t\t\t\t<button class=\"nav-tab-accordion \"><span>&#10093;<\/span><span> Teatro Nacional Dona Mar\u00eda II<\/span><\/button>\n\t\t\t\t\t\t\t\t\n\t\t\t\t\t\t\t\t\t<button class=\"nav-tab-accordion \"><span>&#10093;<\/span><span> Elevador de Santa Justa<\/span><\/button>\n\t\t\t\t\t\t\t\t\n\t\t\t\t\t\t\t<\/nav>\n\t\t\t\t\t\t<\/div>\n\n\t\t\t\t\t\t\n\t\t\t\t\t\t\t<div class=\"accordion__accordion-content \">\n\t\t\t\t\t\t\t\t<div>\n\t\t\t\t\t\t\t\t\t<div>\n\t\t\t\t\t\t\t\t\t\t<h4>Bas\u00edlica da Estrela<\/h4>\n\t\t\t\t\t\t\t\t\t\t<p>La Bas\u00edlica da Estrela, nota anche come Bas\u00edlica do Sagrado Cora\u00e7\u00e3o, fu costruita per ordine della regina Maria I nel 1779, che aveva promesso di costruire un tempio se avesse dato alla luce un erede al trono.<\/p> <p>La Bas\u00edlica da Estrela \u00e8 nota anche come Bas\u00edlica do Sagrado Cora\u00e7\u00e3o.\n\n<p>Il tempio si distingue per la sua grande cupola, alla quale si pu\u00f2 accedere per ammirare la citt\u00e0 dal suo meraviglioso belvedere. All&#8217;interno, in uno stile generale neoclassico con tocchi barocchi, \u00e8 decorato con marmi colorati. La basilica contiene la tomba di Maria I e un&#8217;immagine che raffigura il giorno della nascita di Ges\u00f9.\n\t\t\t\t\t\t\t\t\t<\/div>\n\t\t\t\t\t\t\t\t\t<img decoding=\"async\" src=\"https:\/\/cdn.pilgrim.es\/web\/caminos\/camino-portugues\/pueblos\/lisboa\/puntos-de-interes\/basilica-da-estrela.jpg\" alt=\"Bas\u00edlica da Estrela\">\n\t\t\t\t\t\t\t\t<\/div>\n\t\t\t\t\t\t\t<\/div>\n\t\t\t\t\t\t\n\t\t\t\t\t\t\t<div class=\"accordion__accordion-content inactive\">\n\t\t\t\t\t\t\t\t<div>\n\t\t\t\t\t\t\t\t\t<div>\n\t\t\t\t\t\t\t\t\t\t<h4>Convento do Carmo<\/h4>\n\t\t\t\t\t\t\t\t\t\t<p>Le rovine del Convento do Carmo, disposte all&#8217;aperto, sono uno dei migliori esempi dell&#8217;aspetto innovativo della citt\u00e0 di Lisbona. Le alte arcate dell&#8217;ex convento colpiscono soprattutto per le loro grandi dimensioni. Questo convento gotico era il pi\u00f9 prezioso della citt\u00e0 fino al terremoto del 1755.\n\n<p>La chiesa del convento fu costruita per volere di Nuno Alvares Pereira, un nobile che voleva ritirarsi a vita religiosa. I lavori della chiesa furono completati all&#8217;inizio del XV secolo, per cui la struttura che si pu\u00f2 ammirare oggi ha uno stile tipico del Medioevo portoghese.<\/p> <p>La chiesa fu costruita da Nuno Alvares Pereira, un nobile che voleva ritirarsi a vita religiosa.\n\t\t\t\t\t\t\t\t\t<\/div>\n\t\t\t\t\t\t\t\t\t<img decoding=\"async\" src=\"https:\/\/cdn.pilgrim.es\/web\/caminos\/camino-portugues\/pueblos\/lisboa\/puntos-de-interes\/convento-do-carmo.jpg\" alt=\"Convento do Carmo\">\n\t\t\t\t\t\t\t\t<\/div>\n\t\t\t\t\t\t\t<\/div>\n\t\t\t\t\t\t\n\t\t\t\t\t\t\t<div class=\"accordion__accordion-content inactive\">\n\t\t\t\t\t\t\t\t<div>\n\t\t\t\t\t\t\t\t\t<div>\n\t\t\t\t\t\t\t\t\t\t<h4>Monasterio de los Jer\u00f3nimos<\/h4>\n\t\t\t\t\t\t\t\t\t\t<p>Il Monastero dei Geronimi \u00e8 uno dei pi\u00f9 bei esempi di architettura manuelina in Portogallo. Questo monastero, dichiarato Patrimonio dell&#8217;Umanit\u00e0 dall&#8217;UNESCO nel 1983, fu costruito per ordine di Manuele I per commemorare il ritorno di Vasco da Gama dall&#8217;India.\n\n<p>Il Monastero dei Jer\u00f3nimos, situato nella zona di Bel\u00e9m, fu costruito sui resti di un&#8217;antica cappella eretta da Enrico il Navigatore. Il nome di questo prezioso monumento degno di ammirazione \u00e8 dovuto al fatto che durante i primi anni, i monaci dell&#8217;Ordine di San Gerolamo vivevano nel monastero. A partire dal XIX secolo, con l&#8217;instaurazione del governo liberale e lo scioglimento degli ordini religiosi, il monastero divenne propriet\u00e0 dello Stato.\n\t\t\t\t\t\t\t\t\t<\/div>\n\t\t\t\t\t\t\t\t\t<img decoding=\"async\" src=\"https:\/\/cdn.pilgrim.es\/web\/caminos\/camino-portugues\/pueblos\/lisboa\/puntos-de-interes\/monasterio-de-los-jeronimos.jpg\" alt=\"Monasterio de los Jer\u00f3nimos\">\n\t\t\t\t\t\t\t\t<\/div>\n\t\t\t\t\t\t\t<\/div>\n\t\t\t\t\t\t\n\t\t\t\t\t\t\t<div class=\"accordion__accordion-content inactive\">\n\t\t\t\t\t\t\t\t<div>\n\t\t\t\t\t\t\t\t\t<div>\n\t\t\t\t\t\t\t\t\t\t<h4>Museo Berardo<\/h4>\n\t\t\t\t\t\t\t\t\t\t<p>Il Museo Berardo, inaugurato nel 2007, ospita una delle pi\u00f9 interessanti collezioni di arte contemporanea, tanto che per diversi anni \u00e8 stato uno dei cento musei pi\u00f9 visitati al mondo.<\/p> <p>Il Museo Berardo \u00e8 una delle pi\u00f9 interessanti collezioni di arte contemporanea al mondo.\n\n<p>Come suggerisce il nome, la memoria di questo museo \u00e8 strettamente legata al collezionista d&#8217;arte Jos\u00e9 Manuel Berardo, un potente uomo d&#8217;affari portoghese. Attratto dall&#8217;arte fin da giovanissimo, Berardo si impegn\u00f2 a fondo nella raccolta di varie opere, fino a raggiungere una collezione di oltre 40.000 pezzi. In quel periodo Berardo firm\u00f2 un accordo con il governo portoghese che port\u00f2 alla creazione della Fondazione d&#8217;Arte Moderna e Contemporanea &#8211; Collezione Berardo, una collezione che si pu\u00f2 ammirare ancora oggi.\n\t\t\t\t\t\t\t\t\t<\/div>\n\t\t\t\t\t\t\t\t\t<img decoding=\"async\" src=\"https:\/\/cdn.pilgrim.es\/web\/caminos\/camino-portugues\/pueblos\/lisboa\/puntos-de-interes\/museo-berardo.jpg\" alt=\"Museo Berardo\">\n\t\t\t\t\t\t\t\t<\/div>\n\t\t\t\t\t\t\t<\/div>\n\t\t\t\t\t\t\n\t\t\t\t\t\t\t<div class=\"accordion__accordion-content inactive\">\n\t\t\t\t\t\t\t\t<div>\n\t\t\t\t\t\t\t\t\t<div>\n\t\t\t\t\t\t\t\t\t\t<h4>Museo da Marinha<\/h4>\n\t\t\t\t\t\t\t\t\t\t<p>Il Museo da Marinha \u00e8 uno dei musei pi\u00f9 visitati del Portogallo, inaugurato nel 1973 dal re Lu\u00eds. Come suggerisce il nome, la sua funzione principale \u00e8 quella di diffondere la conoscenza degli elementi e delle strutture militari del passato marittimo portoghese, dall&#8217;epoca delle Scoperte al XIX secolo. Dispone di una collezione permanente che comprende navi fluviali, armi, uniformi, carte marittime e vari oggetti e strumenti di navigazione. Dispone inoltre di una biblioteca marittima con volumi storici e libri di ogni genere per aiutare i visitatori a comprendere il complesso mondo della marina.\n\t\t\t\t\t\t\t\t\t<\/div>\n\t\t\t\t\t\t\t\t\t<img decoding=\"async\" src=\"https:\/\/cdn.pilgrim.es\/web\/caminos\/camino-portugues\/pueblos\/lisboa\/puntos-de-interes\/museo-da-marinha.jpg\" alt=\"Museo da Marinha\">\n\t\t\t\t\t\t\t\t<\/div>\n\t\t\t\t\t\t\t<\/div>\n\t\t\t\t\t\t\n\t\t\t\t\t\t\t<div class=\"accordion__accordion-content inactive\">\n\t\t\t\t\t\t\t\t<div>\n\t\t\t\t\t\t\t\t\t<div>\n\t\t\t\t\t\t\t\t\t\t<h4>Museo Nacional de Arte Antigo<\/h4>\n\t\t\t\t\t\t\t\t\t\t<p>Il Museo Nazionale d&#8217;Arte Antica ospita una delle esposizioni pi\u00f9 significative del Portogallo, datata dal XII al XIX secolo. L&#8217;edificio che attualmente ospita il museo fungeva da convento nel XVII secolo ed era di propriet\u00e0 della famosa famiglia T\u00e1vora. In seguito, questo convento divenne propriet\u00e0 del Marchese di Pombal, che si occup\u00f2 di ristrutturarlo come palazzo. Qualche tempo dopo, nel 1884, questo edificio divenne sede del Museo Nazionale di Belle Arti e Archeologia. Gi\u00e0 nel 1911, su richiesta di Jos\u00e9 Figueirido, fu istituito al suo interno il Museo Nazionale di Arte Antica.\n\t\t\t\t\t\t\t\t\t<\/div>\n\t\t\t\t\t\t\t\t\t<img decoding=\"async\" src=\"https:\/\/cdn.pilgrim.es\/web\/caminos\/camino-portugues\/pueblos\/lisboa\/puntos-de-interes\/museo-nacional-de-arte-antigo.jpg\" alt=\"Museo Nacional de Arte Antigo\">\n\t\t\t\t\t\t\t\t<\/div>\n\t\t\t\t\t\t\t<\/div>\n\t\t\t\t\t\t\n\t\t\t\t\t\t\t<div class=\"accordion__accordion-content inactive\">\n\t\t\t\t\t\t\t\t<div>\n\t\t\t\t\t\t\t\t\t<div>\n\t\t\t\t\t\t\t\t\t\t<h4>Museo Nacional dos Coches<\/h4>\n\t\t\t\t\t\t\t\t\t\t<p>Il Museo Nacional dos Coches \u00e8 uno dei musei pi\u00f9 visitati di Lisbona, essendo stato inaugurato nel 1905. Contiene un&#8217;ampia collezione di veicoli risalenti ai secoli XVII, XVIII e XIX, come quello di propriet\u00e0 del re Filippo III di Spagna, o le tre carrozze in stile barocco di influenza italiana realizzate a Roma nel 1716. <\/p>\n\t\t\t\t\t\t\t\t\t<\/div>\n\t\t\t\t\t\t\t\t\t<img decoding=\"async\" src=\"https:\/\/cdn.pilgrim.es\/web\/caminos\/camino-portugues\/pueblos\/lisboa\/puntos-de-interes\/museo-nacional-dos-coches.jpg\" alt=\"Museo Nacional dos Coches\">\n\t\t\t\t\t\t\t\t<\/div>\n\t\t\t\t\t\t\t<\/div>\n\t\t\t\t\t\t\n\t\t\t\t\t\t\t<div class=\"accordion__accordion-content inactive\">\n\t\t\t\t\t\t\t\t<div>\n\t\t\t\t\t\t\t\t\t<div>\n\t\t\t\t\t\t\t\t\t\t<h4>Ocean\u00e1rio<\/h4>\n\t\t\t\t\t\t\t\t\t\t<p>Dopo l&#8217;Oceanogr\u00e0fic di Valencia, l&#8217;Oceanario di Lisbona \u00e8 il pi\u00f9 grande d&#8217;Europa e il suo habitat ospita circa 16.000 esemplari di oltre quattrocentocinquanta specie marine diverse. <\/p>\n\n<p>L&#8217;Oceanario \u00e8 stato costruito nel 1998 nell&#8217;ambito dell&#8217;Expo ed \u00e8 stato progettato da Peter Chermayeff. L&#8217;edificio si trova nel quartiere di Parque de las Naciones e &#8220;galleggia&#8221; sull&#8217;acqua, imitando un porto galleggiante.\n\t\t\t\t\t\t\t\t\t<\/div>\n\t\t\t\t\t\t\t\t\t<img decoding=\"async\" src=\"https:\/\/cdn.pilgrim.es\/web\/caminos\/camino-portugues\/pueblos\/lisboa\/puntos-de-interes\/oceanario.jpg\" alt=\"Ocean\u00e1rio\">\n\t\t\t\t\t\t\t\t<\/div>\n\t\t\t\t\t\t\t<\/div>\n\t\t\t\t\t\t\n\t\t\t\t\t\t\t<div class=\"accordion__accordion-content inactive\">\n\t\t\t\t\t\t\t\t<div>\n\t\t\t\t\t\t\t\t\t<div>\n\t\t\t\t\t\t\t\t\t\t<h4>Palacio de Bel\u00e9m<\/h4>\n\t\t\t\t\t\t\t\t\t\t<p>Il Palazzo di Bel\u00e9m \u00e8 un bellissimo edificio del 1559, opera dell&#8217;aristocratico portoghese Manuel de Alburquerque, che sub\u00ec un&#8217;importante ristrutturazione nel XVII secolo per ordine dei conti di Aveiras. A met\u00e0 del XVIII secolo, il re Giovanni V ne divenne proprietario, ampliando e rinnovando l&#8217;esterno. Da quel momento inizi\u00f2 a fungere da residenza reale fino al 1886, quando divenne la residenza ufficiale dei duchi di Bragan\u00e7a. Oggi \u00e8 la residenza dei presidenti portoghesi e ospita il Museo della Presidenza della Repubblica, che espone varie mostre sulla Repubblica portoghese. Degno di nota \u00e8 anche il Museo delle Carrozze, che espone diversi tipi di carrozze utilizzate nel corso della storia portoghese.\n\t\t\t\t\t\t\t\t\t<\/div>\n\t\t\t\t\t\t\t\t\t<img decoding=\"async\" src=\"https:\/\/cdn.pilgrim.es\/web\/caminos\/camino-portugues\/pueblos\/lisboa\/puntos-de-interes\/palacio-de-belem.jpg\" alt=\"Palacio de Bel\u00e9m\">\n\t\t\t\t\t\t\t\t<\/div>\n\t\t\t\t\t\t\t<\/div>\n\t\t\t\t\t\t\n\t\t\t\t\t\t\t<div class=\"accordion__accordion-content inactive\">\n\t\t\t\t\t\t\t\t<div>\n\t\t\t\t\t\t\t\t\t<div>\n\t\t\t\t\t\t\t\t\t\t<h4>Pante\u00f3n Nacional<\/h4>\n\t\t\t\t\t\t\t\t\t\t<p>Il Pantheon Nazionale \u00e8 un edificio in stile barocco costruito sul sito di un&#8217;antica chiesa conosciuta come Chiesa di Santa Engracia. I lavori iniziarono alla fine del XVII secolo, ma furono completati solo nel 1966. Dall&#8217;inizio del XX secolo \u00e8 stata utilizzata come luogo di sepoltura per personaggi portoghesi famosi, come i presidenti del Portogallo, Am\u00e1lia Rodrigues e Jo\u00e3o de Deus, e per le tombe di altri portoghesi famosi, come Vasco de Gama e Luis de Cam\u00f4es. In cima all&#8217;edificio si trova la cupola bianca, che si distingue per i suoi marmi policromi e per la cupola che la corona e ne illumina la struttura. <\/p>\n\t\t\t\t\t\t\t\t\t<\/div>\n\t\t\t\t\t\t\t\t\t<img decoding=\"async\" src=\"https:\/\/cdn.pilgrim.es\/web\/caminos\/camino-portugues\/pueblos\/lisboa\/puntos-de-interes\/panteon-nacional.jpg\" alt=\"Pante\u00f3n Nacional\">\n\t\t\t\t\t\t\t\t<\/div>\n\t\t\t\t\t\t\t<\/div>\n\t\t\t\t\t\t\n\t\t\t\t\t\t\t<div class=\"accordion__accordion-content inactive\">\n\t\t\t\t\t\t\t\t<div>\n\t\t\t\t\t\t\t\t\t<div>\n\t\t\t\t\t\t\t\t\t\t<h4>Plaza del Rossio<\/h4>\n\t\t\t\t\t\t\t\t\t\t<p>Piazza Rossio, conosciuta anche come Pra\u00e7a Dom Pedro IV, \u00e8 il fulcro della vita cittadina di Lisbona. Si trova nella zona della Baixa, proprio al margine settentrionale di Rua Augusta.\n\n<p>Questa piazza rappresenta la zona pi\u00f9 frequentata e divertente della citt\u00e0, un luogo abituale in cui i lisbonesi si incontrano per godersi il tempo libero. Per questo motivo i dintorni della piazza ospitano i negozi, i ristoranti e i bar pi\u00f9 popolari della citt\u00e0, come il Caf\u00e9 Nicola, che \u00e8 diventato il caff\u00e8 di maggior successo di Lisbona.<\/p> <p>La piazza ospita anche alcuni dei bar pi\u00f9 popolari della citt\u00e0.\n\n<p>Nella parte centrale di Piazza Rossio si trova la scultura di Pedro IV del Portogallo, il Re Soldato.<\/p> <p>La scultura di Pedro IV del Portogallo, il Re Soldato.\n\t\t\t\t\t\t\t\t\t<\/div>\n\t\t\t\t\t\t\t\t\t<img decoding=\"async\" src=\"https:\/\/cdn.pilgrim.es\/web\/caminos\/camino-portugues\/pueblos\/lisboa\/puntos-de-interes\/plaza-del-rossio.jpg\" alt=\"Plaza del Rossio\">\n\t\t\t\t\t\t\t\t<\/div>\n\t\t\t\t\t\t\t<\/div>\n\t\t\t\t\t\t\n\t\t\t\t\t\t\t<div class=\"accordion__accordion-content inactive\">\n\t\t\t\t\t\t\t\t<div>\n\t\t\t\t\t\t\t\t\t<div>\n\t\t\t\t\t\t\t\t\t\t<h4>Puente Vasco da Gamma<\/h4>\n\t\t\t\t\t\t\t\t\t\t<p>Il Ponte Vasco da Gama \u00e8 il ponte pi\u00f9 lungo d&#8217;Europa, con i suoi 17,2 chilometri di lunghezza che attraversano il Tago e collegano Lisbona a Montijo. La sua costruzione ha richiesto 18 mesi di lavoro a 3.300 operai. \u00c8 stato inaugurato nel 1998 con il nome del pi\u00f9 famoso navigatore portoghese per commemorare il 500\u00b0 anniversario del suo arrivo dall&#8217;India. <\/p>\n\t\t\t\t\t\t\t\t\t<\/div>\n\t\t\t\t\t\t\t\t\t<img decoding=\"async\" src=\"https:\/\/cdn.pilgrim.es\/web\/caminos\/camino-portugues\/pueblos\/lisboa\/puntos-de-interes\/puente-vasco-da-gamma.jpg\" alt=\"Puente Vasco da Gamma\">\n\t\t\t\t\t\t\t\t<\/div>\n\t\t\t\t\t\t\t<\/div>\n\t\t\t\t\t\t\n\t\t\t\t\t\t\t<div class=\"accordion__accordion-content inactive\">\n\t\t\t\t\t\t\t\t<div>\n\t\t\t\t\t\t\t\t\t<div>\n\t\t\t\t\t\t\t\t\t\t<h4>Pabell\u00f3n do Conhecimento<\/h4>\n\t\t\t\t\t\t\t\t\t\t<p>Il Pabell\u00f3n do Conhecimento \u00e8 un museo interattivo di scienza e tecnologia aperto al pubblico dal 1999, il cui obiettivo principale \u00e8 diffondere la conoscenza e la cultura scientifica tra i cittadini. Dispone di mostre temporanee e permanenti e di attivit\u00e0 interattive. <\/p>\n\n<p>Orari<\/p>\n\n<p>Da marted\u00ec a venerd\u00ec: 10.00-18.00.Fine settimana: 11.00-19.00.Chiuso il luned\u00ec, il 24, 25, 31 dicembre e il 1\u00b0 gennaio. <\/p>\n\n<p>INFORMAZIONI DI INTERESSE:<\/p> <p>Siamo chiusi il luned\u00ec, i luned\u00ec, il 25 e il 25 dicembre e il 1\u00b0 gennaio.\n\n<p>Telefono: +351 218 917 100 Web: http:\/\/www.pavconhecimento.pt\/home\/<\/p> <p>Telefono: +351 218 917 100 Web: http:\/\/www.pavconhecimento.pt\/home\/<\/p>\n\t\t\t\t\t\t\t\t\t<\/div>\n\t\t\t\t\t\t\t\t\t<img decoding=\"async\" src=\"https:\/\/cdn.pilgrim.es\/web\/caminos\/camino-portugues\/pueblos\/lisboa\/puntos-de-interes\/pabellon-do-conhecimento.jpg\" alt=\"Pabell\u00f3n do Conhecimento\">\n\t\t\t\t\t\t\t\t<\/div>\n\t\t\t\t\t\t\t<\/div>\n\t\t\t\t\t\t\n\t\t\t\t\t\t\t<div class=\"accordion__accordion-content inactive\">\n\t\t\t\t\t\t\t\t<div>\n\t\t\t\t\t\t\t\t\t<div>\n\t\t\t\t\t\t\t\t\t\t<h4>Torre de Bel\u00e9m<\/h4>\n\t\t\t\t\t\t\t\t\t\t<p>La Torre di Bel\u00e9m, dichiarata Patrimonio dell&#8217;Umanit\u00e0 nel 1983, ha un&#8217;eleganza manuelina degna di ammirazione e fu eretta tra il 1515 e il 1519 da Francisco de Arruda.<\/p> <p>La Torre di Bel\u00e9m, dichiarata Patrimonio dell&#8217;Umanit\u00e0 nel 1983, ha un&#8217;eleganza manuelina degna di ammirazione e fu eretta tra il 1515 e il 1519 da Francisco de Arruda.\n\n<p>Questo monumento di grande bellezza architettonica si trova alla foce del fiume Tago e originariamente serviva a difendere la citt\u00e0 di Lisbona dagli attacchi. In seguito, questa torre serv\u00ec come centro di frontiera e come faro.\n\t\t\t\t\t\t\t\t\t<\/div>\n\t\t\t\t\t\t\t\t\t<img decoding=\"async\" src=\"https:\/\/cdn.pilgrim.es\/web\/caminos\/camino-portugues\/pueblos\/lisboa\/puntos-de-interes\/torre-de-belem.jpg\" alt=\"Torre de Bel\u00e9m\">\n\t\t\t\t\t\t\t\t<\/div>\n\t\t\t\t\t\t\t<\/div>\n\t\t\t\t\t\t\n\t\t\t\t\t\t\t<div class=\"accordion__accordion-content inactive\">\n\t\t\t\t\t\t\t\t<div>\n\t\t\t\t\t\t\t\t\t<div>\n\t\t\t\t\t\t\t\t\t\t<h4>Acueducto de las Aguas Libres<\/h4>\n\t\t\t\t\t\t\t\t\t\t<p>L&#8217;acquedotto Aguas Libres \u00e8 uno dei simboli pi\u00f9 famosi di Lisbona e si trova sopra la Valle dell&#8217;Alc\u00e2ntara. Questo acquedotto fu costruito per ordine di Giovanni V per portare acqua alla citt\u00e0 nel XIX secolo. <\/p>\n\n<p>Il canale principale si estende per 19 chilometri, ma sommando i canali secondari si arriva a un totale di 58 chilometri. Presenta inoltre 35 archi, alcuni alti fino a 65 metri. Attualmente vengono organizzate visite guidate sulle arcate e visite al Museo dell&#8217;acqua. <\/p>\n\t\t\t\t\t\t\t\t\t<\/div>\n\t\t\t\t\t\t\t\t\t<img decoding=\"async\" src=\"https:\/\/cdn.pilgrim.es\/web\/caminos\/camino-portugues\/pueblos\/lisboa\/puntos-de-interes\/aqueduto-das-augas-livres.jpg\" alt=\"Acueducto de las Aguas Libres\">\n\t\t\t\t\t\t\t\t<\/div>\n\t\t\t\t\t\t\t<\/div>\n\t\t\t\t\t\t\n\t\t\t\t\t\t\t<div class=\"accordion__accordion-content inactive\">\n\t\t\t\t\t\t\t\t<div>\n\t\t\t\t\t\t\t\t\t<div>\n\t\t\t\t\t\t\t\t\t\t<h4>Castillo de S\u00e3o Jorge<\/h4>\n\t\t\t\t\t\t\t\t\t\t<p>Il Castello di S\u00e3o Jorge fu costruito sulla collina di S\u00e3o Jorge, la pi\u00f9 alta di Lisbona, ed \u00e8 oggi uno dei monumenti pi\u00f9 visitati della citt\u00e0. Fu costruito intorno al V secolo dai Visigoti, ma fu poi ampliato dagli Arabi nel IX secolo. A quel tempo era conosciuto come Castelo dos Mouros, in quanto era una roccaforte musulmana. <\/p>\n\n<p>Circa il 1150, questa fortificazione fu nuovamente conquistata da Alfonso Henr\u00edquez e fu occupata dai re del Portogallo, per cui fu in questo periodo e fino alla met\u00e0 del XVI secolo che l&#8217;edificio conobbe il suo massimo splendore. <\/p>\n\t\t\t\t\t\t\t\t\t<\/div>\n\t\t\t\t\t\t\t\t\t<img decoding=\"async\" src=\"https:\/\/cdn.pilgrim.es\/web\/caminos\/camino-portugues\/pueblos\/lisboa\/puntos-de-interes\/castillo-sao-jorge.jpg\" alt=\"Castillo de S\u00e3o Jorge\">\n\t\t\t\t\t\t\t\t<\/div>\n\t\t\t\t\t\t\t<\/div>\n\t\t\t\t\t\t\n\t\t\t\t\t\t\t<div class=\"accordion__accordion-content inactive\">\n\t\t\t\t\t\t\t\t<div>\n\t\t\t\t\t\t\t\t\t<div>\n\t\t\t\t\t\t\t\t\t\t<h4>Catedral de Lisboa<\/h4>\n\t\t\t\t\t\t\t\t\t\t<p>La Cattedrale di Lisbona, nota anche come S\u00e9 de Lisboa, \u00e8 la chiesa pi\u00f9 antica e riconoscibile della citt\u00e0. Risale al XII secolo ed \u00e8 quasi interamente in stile romanico. Nel corso degli anni ha subito diverse riparazioni, soprattutto dopo il terremoto del 1755, che ha distrutto diverse parti della chiesa.\n\t\t\t\t\t\t\t\t\t<\/div>\n\t\t\t\t\t\t\t\t\t<img decoding=\"async\" src=\"https:\/\/cdn.pilgrim.es\/web\/caminos\/camino-portugues\/pueblos\/lisboa\/puntos-de-interes\/catedral-lisboa.jpg\" alt=\"Catedral de Lisboa\">\n\t\t\t\t\t\t\t\t<\/div>\n\t\t\t\t\t\t\t<\/div>\n\t\t\t\t\t\t\n\t\t\t\t\t\t\t<div class=\"accordion__accordion-content inactive\">\n\t\t\t\t\t\t\t\t<div>\n\t\t\t\t\t\t\t\t\t<div>\n\t\t\t\t\t\t\t\t\t\t<h4>Iglesia de Nossa Senhora da Concei\u00e7ao Velha<\/h4>\n\t\t\t\t\t\t\t\t\t\t<p>La Chiesa di Nossa Senhora da Concei\u00e7ao Velha \u00e8 una chiesa costruita sulle rovine della Chiesa di Nossa Senhora da Miseric\u00f3rdia, a seguito del terremoto del 1755 a Lisbona. \u00c8 stata dichiarata monumento nazionale nel 2010. <\/p>\n\n<p>Per quanto riguarda la sua struttura, questa chiesa si distingue per la sua facciata in stile manuelino, sormontata da un semplice frontone triangolare. Ha un portale rifinito da un timpano e decorato con sculture che rappresentano Nossa Senhora da Miseric\u00f3rdia, circondata dal re D. Manuel I, dalla regina D. Leonor e da Leonor di Viseo. Leonor e Leonor de Viseu, Papa Alessandro VI, il vescovo di Lisbona e altri personaggi dell&#8217;epoca. L&#8217;interno \u00e8 a navata unica e presenta una cappella, nota come Sant\u00edssimo Sacramento. In questa cappella si trova un&#8217;immagine dedicata a Nossa Senhora do Restelo, donata dall&#8217;Infante Don Henrique. L&#8217;interno \u00e8 notevole per essere decorato con piastrelle e intonaco. Dal 2014 \u00e8 stata sottoposta a un&#8217;importante ristrutturazione.  <\/p>\n\t\t\t\t\t\t\t\t\t<\/div>\n\t\t\t\t\t\t\t\t\t<img decoding=\"async\" src=\"https:\/\/cdn.pilgrim.es\/web\/caminos\/camino-portugues\/pueblos\/lisboa\/puntos-de-interes\/iglesia-nossa-senhora-da-conceicao-velha.jpg\" alt=\"Iglesia de Nossa Senhora da Concei\u00e7ao Velha\">\n\t\t\t\t\t\t\t\t<\/div>\n\t\t\t\t\t\t\t<\/div>\n\t\t\t\t\t\t\n\t\t\t\t\t\t\t<div class=\"accordion__accordion-content inactive\">\n\t\t\t\t\t\t\t\t<div>\n\t\t\t\t\t\t\t\t\t<div>\n\t\t\t\t\t\t\t\t\t\t<h4>Iglesia de San Vicente de Fora<\/h4>\n\t\t\t\t\t\t\t\t\t\t<p>La Chiesa di San Vicente de Fora risale al 1582, anche se fu commissionata dal primo re del Portogallo, Alfonso Enr\u00edques, che volle costruirla con l&#8217;intento di ospitare il corpo di San Vincenzo, poi nominato patrono della citt\u00e0. I lavori di costruzione furono completati nel 1629, ma successivamente fu colpita dal terremoto di Lisbona del 1755 e fu restaurata e trasformata nel pantheon della dinastia Bragan\u00e7a. <\/p>\n\t\t\t\t\t\t\t\t\t<\/div>\n\t\t\t\t\t\t\t\t\t<img decoding=\"async\" src=\"https:\/\/cdn.pilgrim.es\/web\/caminos\/camino-portugues\/pueblos\/lisboa\/puntos-de-interes\/iglesia-san-vicente-de-fora.jpg\" alt=\"Iglesia de San Vicente de Fora\">\n\t\t\t\t\t\t\t\t<\/div>\n\t\t\t\t\t\t\t<\/div>\n\t\t\t\t\t\t\n\t\t\t\t\t\t\t<div class=\"accordion__accordion-content inactive\">\n\t\t\t\t\t\t\t\t<div>\n\t\t\t\t\t\t\t\t\t<div>\n\t\t\t\t\t\t\t\t\t\t<h4>Iglesia de Santo Antonio de Lisboa<\/h4>\n\t\t\t\t\t\t\t\t\t\t<p>La piccola chiesa di Santo Ant\u00f3nio era dedicata a Sant&#8217;Antonio, nato a Lisbona. Questa chiesa fu poi demolita nel 1755, a causa del terremoto che devast\u00f2 la citt\u00e0, quindi fu ricostruita grazie all&#8217;intervento di Mateus Vicente. Vale la pena ricordare che parte della sua ricostruzione fu realizzata grazie al denaro raccolto dai bambini di Lisbona che andavano a chiedere l&#8217;elemosina per le strade. <\/p>\n\t\t\t\t\t\t\t\t\t<\/div>\n\t\t\t\t\t\t\t\t\t<img decoding=\"async\" src=\"https:\/\/cdn.pilgrim.es\/web\/caminos\/camino-portugues\/pueblos\/lisboa\/puntos-de-interes\/iglesia-santo-antonio.jpg\" alt=\"Iglesia de Santo Antonio de Lisboa\">\n\t\t\t\t\t\t\t\t<\/div>\n\t\t\t\t\t\t\t<\/div>\n\t\t\t\t\t\t\n\t\t\t\t\t\t\t<div class=\"accordion__accordion-content inactive\">\n\t\t\t\t\t\t\t\t<div>\n\t\t\t\t\t\t\t\t\t<div>\n\t\t\t\t\t\t\t\t\t\t<h4>Iglesia de Santo Est\u00eav\u00e3o<\/h4>\n\t\t\t\t\t\t\t\t\t\t<p>La Chiesa di Santo Est\u00eav\u00e3o \u00e8 una chiesa del 1773 divisa in cinque sezioni da pilastri, tre dei quali al centro e sormontati da un frontone impostato su un fregio. Sul lato destro si trova un grande campanile. In ciascuna delle campate centrali si trovano tre porte decorate con frontoni raffiguranti scene diverse. <\/p>\n\n<p>La pala d&#8217;altare principale della chiesa, situata in fondo alla navata, \u00e8 stata realizzata da Mateus Vicente de Oliveira e Joao Antonio de Padura nel XVIII secolo ed \u00e8 presieduta da un frontone brusco. Al centro si trova un&#8217;incisione che raffigura la scena di &#8220;Cristo crocifisso adorato dagli angeli&#8221;. Degni di nota sono anche la sacrestia antica, rivestita di piastrelle dalla met\u00e0 del XVIII secolo, e la sacrestia moderna, che ospita tele di Bernardo Pereira e Pedro Alexandrino. <\/p>\n\t\t\t\t\t\t\t\t\t<\/div>\n\t\t\t\t\t\t\t\t\t<img decoding=\"async\" src=\"https:\/\/cdn.pilgrim.es\/web\/caminos\/camino-portugues\/pueblos\/lisboa\/puntos-de-interes\/iglesia-santo-estevao.jpg\" alt=\"Iglesia de Santo Est\u00eav\u00e3o\">\n\t\t\t\t\t\t\t\t<\/div>\n\t\t\t\t\t\t\t<\/div>\n\t\t\t\t\t\t\n\t\t\t\t\t\t\t<div class=\"accordion__accordion-content inactive\">\n\t\t\t\t\t\t\t\t<div>\n\t\t\t\t\t\t\t\t\t<div>\n\t\t\t\t\t\t\t\t\t\t<h4>Iglesia de S\u00e3o Domingos<\/h4>\n\t\t\t\t\t\t\t\t\t\t<p>La Chiesa di S\u00e3o Domingos \u00e8 una chiesa inaugurata nel XIII secolo, che ha subito un&#8217;importante ricostruzione dopo il terremoto che colp\u00ec Lisbona nel 1755. Tuttavia, a met\u00e0 del 1959, la chiesa sub\u00ec un incendio che ne distrusse completamente l&#8217;interno, di cui si conservarono l&#8217;imponente navata e le colonne, oltre ad alcuni dipinti e immagini della sacrestia. Tra queste immagini spicca quella di S\u00e3o Tom\u00e1s de Aquino, realizzata interamente in legno policromo. <\/p>\n\n<p>OrarioDal luned\u00ec alla domenica: dalle 07:30 alle 19:00.<\/p> <p>Orario della messa: 08:00, 08:30, 09:00, 10:00, 11:00, 12:00 e 18:00.\n\n<p>Tasse<\/p>\n\n<p>L&#8217;ingresso \u00e8 gratuito<\/p>.\n\n<p>INFORMAZIONI DI INTERESSE<\/p>\n\n<p>Telefono: +351 21 342 8275<\/p> <p>Telefono: +351 21 342 8275<\/p>\n\t\t\t\t\t\t\t\t\t<\/div>\n\t\t\t\t\t\t\t\t\t<img decoding=\"async\" src=\"https:\/\/cdn.pilgrim.es\/web\/caminos\/camino-portugues\/pueblos\/lisboa\/puntos-de-interes\/iglesia-sao-domingos.jpg\" alt=\"Iglesia de S\u00e3o Domingos\">\n\t\t\t\t\t\t\t\t<\/div>\n\t\t\t\t\t\t\t<\/div>\n\t\t\t\t\t\t\n\t\t\t\t\t\t\t<div class=\"accordion__accordion-content inactive\">\n\t\t\t\t\t\t\t\t<div>\n\t\t\t\t\t\t\t\t\t<div>\n\t\t\t\t\t\t\t\t\t\t<h4>Iglesia de S\u00e3o Roque<\/h4>\n\t\t\t\t\t\t\t\t\t\t<p>La Chiesa di S\u00e3o Roque \u00e8 una chiesa sobria e piccola che difficilmente attira l&#8217;attenzione, ma che fu iniziata nel 1506 e successivamente sub\u00ec ampliamenti e modifiche da parte dei diversi proprietari. Appartenne dapprima alla Confraternita di San Roque, da cui la sua denominazione, e fu poi ceduta ai Gesuiti, che vi costruirono sculture dei santi della loro devozione, come San Francesco Saverio, San Francesco Borgia, Luigi di Gonzaga e Sant&#8217;Ignazio di Loyola. <\/p>\n\n<p>Quando i gesuiti furono banditi dal Paese, questa chiesa divenne parte della Santa Casa da Miseric\u00f3rdia de Lisboa. L&#8217;interno della chiesa presenta una cappella principale sul retro, oltre ad altre otto piccole cappelle su ogni lato, ricoperte di dorature. La cappella di San Giovanni Battista, costruita a Roma tra il 1742 e il 1747 per permettere a Papa Benedetto XIV di celebrare la messa nel maggio dello stesso anno e poi trasportata a Lisbona in nave a pezzi. <\/p>\n\n<p>OrariLuned\u00ec a venerd\u00ec: dalle 08:30 alle 17:00.<\/p> <p>Sabato e domenica: dalle 09:30 alle 17:00.<\/p> <p>Sabato e domenica: dalle 09:30 alle 17:00.\n\n<p>INFORMAZIONI DI INTERESSE<\/p> <p>Sabato e domenica<\/p> <p>Sabato e domenica\n\n<p>Telefono: +351 21 346 0361<\/p>\n\t\t\t\t\t\t\t\t\t<\/div>\n\t\t\t\t\t\t\t\t\t<img decoding=\"async\" src=\"https:\/\/cdn.pilgrim.es\/web\/caminos\/camino-portugues\/pueblos\/lisboa\/puntos-de-interes\/iglesia-sao-roque.jpg\" alt=\"Iglesia de S\u00e3o Roque\">\n\t\t\t\t\t\t\t\t<\/div>\n\t\t\t\t\t\t\t<\/div>\n\t\t\t\t\t\t\n\t\t\t\t\t\t\t<div class=\"accordion__accordion-content inactive\">\n\t\t\t\t\t\t\t\t<div>\n\t\t\t\t\t\t\t\t\t<div>\n\t\t\t\t\t\t\t\t\t\t<h4>Monumento a los Descubrimientos<\/h4>\n\t\t\t\t\t\t\t\t\t\t<p>Il Monumento alle Scoperte si trova accanto alla Torre di Bel\u00e9m e al Monastero dei Jer\u00f3nimos. Questo monumento, alto circa cinquantadue metri, fu eretto nel 1960 per commemorare il cinquecentesimo anniversario dell&#8217;Infante Henrique il Navigatore, illustre esploratore che scopr\u00ec l&#8217;isola di Madeira, le Azzorre e Capo Verde.<\/p> <p>Il monumento si trova accanto alla Torre di Bel\u00e9m e al Monastero dei Jer\u00f3nimos.\n\n<p>Il Monumento alle Scoperte \u00e8 una scultura a forma di punta di caravella, sulla quale \u00e8 imbarcato l&#8217;Infante insieme ad alcuni dei personaggi presenti nelle scoperte della storia del Paese.\n\t\t\t\t\t\t\t\t\t<\/div>\n\t\t\t\t\t\t\t\t\t<img decoding=\"async\" src=\"https:\/\/cdn.pilgrim.es\/web\/caminos\/camino-portugues\/pueblos\/lisboa\/puntos-de-interes\/monumento-descubrimientos.jpg\" alt=\"Monumento a los Descubrimientos\">\n\t\t\t\t\t\t\t\t<\/div>\n\t\t\t\t\t\t\t<\/div>\n\t\t\t\t\t\t\n\t\t\t\t\t\t\t<div class=\"accordion__accordion-content inactive\">\n\t\t\t\t\t\t\t\t<div>\n\t\t\t\t\t\t\t\t\t<div>\n\t\t\t\t\t\t\t\t\t\t<h4>Palacio das Necessidades<\/h4>\n\t\t\t\t\t\t\t\t\t\t<p>Il Palacio das Necessidades \u00e8 un grande complesso di convento e palazzo costruito sui resti dell&#8217;antico Eremo di Nossa Senhora das Necessidades. Si distingue per essere l&#8217;unico complesso residenziale reale che \u00e8 riuscito a resistere al terremoto del 1755. Il suo primo scopo fu quello di ospitare la residenza di D. Jo\u00e3o IV e successivamente divenne la residenza dei principi stranieri che visitavano Lisbona. Solo nel 1834 si decise di unire il convento e il palazzo reale per formare l&#8217;Accademia delle Scienze e, infine, nel 1916, fu utilizzato come sede del Ministero degli Affari Esteri.\n\t\t\t\t\t\t\t\t\t<\/div>\n\t\t\t\t\t\t\t\t\t<img decoding=\"async\" src=\"https:\/\/cdn.pilgrim.es\/web\/caminos\/camino-portugues\/pueblos\/lisboa\/puntos-de-interes\/palacio-seteais.jpg\" alt=\"Palacio das Necessidades\">\n\t\t\t\t\t\t\t\t<\/div>\n\t\t\t\t\t\t\t<\/div>\n\t\t\t\t\t\t\n\t\t\t\t\t\t\t<div class=\"accordion__accordion-content inactive\">\n\t\t\t\t\t\t\t\t<div>\n\t\t\t\t\t\t\t\t\t<div>\n\t\t\t\t\t\t\t\t\t\t<h4>Palacio de Queluz<\/h4>\n\t\t\t\t\t\t\t\t\t\t<p>Il Palazzo Queluz risale al XVIII secolo e fu costruito per ordine della famiglia Braganza. \u00c8 in stile barocco, ma dal terremoto del 1755 \u00e8 stato influenzato dall&#8217;architettura portoghese, come si pu\u00f2 notare dalle piastrelle. Uno dei suoi primi usi fu quello di residenza reale, fino a quando non fu ceduto allo Stato. A met\u00e0 del XX secolo sub\u00ec un altro grave incendio e dovette subire un&#8217;ulteriore ristrutturazione. <\/p>\n\t\t\t\t\t\t\t\t\t<\/div>\n\t\t\t\t\t\t\t\t\t<img decoding=\"async\" src=\"https:\/\/cdn.pilgrim.es\/web\/caminos\/camino-portugues\/pueblos\/lisboa\/puntos-de-interes\/palacio-queluz.jpg\" alt=\"Palacio de Queluz\">\n\t\t\t\t\t\t\t\t<\/div>\n\t\t\t\t\t\t\t<\/div>\n\t\t\t\t\t\t\n\t\t\t\t\t\t\t<div class=\"accordion__accordion-content inactive\">\n\t\t\t\t\t\t\t\t<div>\n\t\t\t\t\t\t\t\t\t<div>\n\t\t\t\t\t\t\t\t\t\t<h4>Palacio de Seteais<\/h4>\n\t\t\t\t\t\t\t\t\t\t<p>Il Palazzo Seteais \u00e8 un maestoso edificio situato a Sintra, alle pendici del rinomato Massiccio di Sintra. Fu costruito verso la fine del XVIII secolo su iniziativa del console olandese in Portogallo, Daniel de Gildemeester. Dopo la sua morte, la sua famiglia trasfer\u00ec l&#8217;edificio a Diogo de Menezes Noronha Coutinho, quinto aristocratico di Marialva. Fu con questo marchese che l&#8217;edificio fu ampliato aprendo un&#8217;ala della facciata simmetrica a quella esistente. Il marchese mor\u00ec poco dopo aver acquistato la casa, per cui lo Stato divenne proprietario della propriet\u00e0 nel 1946 e, dieci anni dopo, fu inaugurato l&#8217;hotel di lusso che opera ancora oggi. <\/p>\n\n<p>L&#8217;interno di questo palazzo \u00e8 notevole per la decorazione delle sue stanze, alcune affrescate, altre con immagini raffiguranti esseri mitologici. <\/p>\n\t\t\t\t\t\t\t\t\t<\/div>\n\t\t\t\t\t\t\t\t\t<img decoding=\"async\" src=\"https:\/\/cdn.pilgrim.es\/web\/caminos\/camino-portugues\/pueblos\/lisboa\/puntos-de-interes\/palacio-seteais.jpg\" alt=\"Palacio de Seteais\">\n\t\t\t\t\t\t\t\t<\/div>\n\t\t\t\t\t\t\t<\/div>\n\t\t\t\t\t\t\n\t\t\t\t\t\t\t<div class=\"accordion__accordion-content inactive\">\n\t\t\t\t\t\t\t\t<div>\n\t\t\t\t\t\t\t\t\t<div>\n\t\t\t\t\t\t\t\t\t\t<h4>Palacio Nacional da Ajuda<\/h4>\n\t\t\t\t\t\t\t\t\t\t<p>Il Palacio Nacional da Ajuda, dichiarato monumento nazionale, \u00e8 un&#8217;antica residenza utilizzata dalla famiglia reale portoghese nel XIX secolo, dopo che il Palacio da Ribeira fu distrutto dal terremoto del 1755. <\/p>\n\n<p>Si tratta di un edificio neoclassico che dal 1910 \u00e8 un museo che espone la vita quotidiana di una famiglia reale del XIX secolo. Le sue sale comprendono la Sala della Musica, la Sala da Ballo e la Sala del Trono, oltre a numerose decorazioni in porcellana, arazzi, dipinti e sculture, tra gli altri. Come curiosit\u00e0, vale la pena menzionare le 23 statue di marmo situate all&#8217;ingresso principale, ognuna delle quali rappresenta una virt\u00f9 come la gratitudine o la generosit\u00e0. Oggi ospita le cerimonie pi\u00f9 emblematiche della Presidenza della Repubblica, nonch\u00e9 la sede della Biblioteca Nazionale di Ajuda e del Ministero della Cultura.\n\t\t\t\t\t\t\t\t\t<\/div>\n\t\t\t\t\t\t\t\t\t<img decoding=\"async\" src=\"https:\/\/cdn.pilgrim.es\/web\/caminos\/camino-portugues\/pueblos\/lisboa\/puntos-de-interes\/palacio-nacional-ajuda.jpg\" alt=\"Palacio Nacional da Ajuda\">\n\t\t\t\t\t\t\t\t<\/div>\n\t\t\t\t\t\t\t<\/div>\n\t\t\t\t\t\t\n\t\t\t\t\t\t\t<div class=\"accordion__accordion-content inactive\">\n\t\t\t\t\t\t\t\t<div>\n\t\t\t\t\t\t\t\t\t<div>\n\t\t\t\t\t\t\t\t\t\t<h4>Plaza do Comercio<\/h4>\n\t\t\t\t\t\t\t\t\t\t<p>Pla\u00e7a do Com\u00e9rcio si trova nella Baixa Pombalina e si affaccia sul fiume Tago. Questa piazza \u00e8 considerata la pi\u00f9 emblematica della citt\u00e0 ed \u00e8 stata costruita sul sito dell&#8217;antico Palazzo Reale, distrutto dal terremoto del 1755. <\/p>\n\n<p>Questa piazza \u00e8 racchiusa da una serie di edifici porticati su tre lati, che ospitano varie agenzie governative e l&#8217;ufficio turistico della citt\u00e0. Inoltre, questa piazza funge anche da centro ricreativo, con numerosi ristoranti e bar nei dintorni, come il Martinho da Arcada, il pi\u00f9 antico di Lisbona.<\/p> <p>La piazza ospita anche l&#8217;ufficio turistico della citt\u00e0.\n\t\t\t\t\t\t\t\t\t<\/div>\n\t\t\t\t\t\t\t\t\t<img decoding=\"async\" src=\"https:\/\/cdn.pilgrim.es\/web\/caminos\/camino-portugues\/pueblos\/lisboa\/puntos-de-interes\/praza-do-comercio.jpg\" alt=\"Plaza do Comercio\">\n\t\t\t\t\t\t\t\t<\/div>\n\t\t\t\t\t\t\t<\/div>\n\t\t\t\t\t\t\n\t\t\t\t\t\t\t<div class=\"accordion__accordion-content inactive\">\n\t\t\t\t\t\t\t\t<div>\n\t\t\t\t\t\t\t\t\t<div>\n\t\t\t\t\t\t\t\t\t\t<h4>Plaza Marqu\u00eas de Pombal<\/h4>\n\t\t\t\t\t\t\t\t\t\t<p>Piazza Marchese di Pombal \u00e8 il culmine del modernismo nella citt\u00e0 di Lisbona. Nella zona centrale della piazza si trova una scultura eretta in onore del Marchese di Pombal, che fu presidente della citt\u00e0 tra il 1750 e il 1777. Questo parco dispone di buone aree di svago e di riposo ed \u00e8 ben comunicato. \u00c8 circondato da edifici come le sedi di importanti aziende, le principali banche e alberghi, ecc.<\/p> <p>.\n\t\t\t\t\t\t\t\t\t<\/div>\n\t\t\t\t\t\t\t\t\t<img decoding=\"async\" src=\"https:\/\/cdn.pilgrim.es\/web\/caminos\/camino-portugues\/pueblos\/lisboa\/puntos-de-interes\/praza-marques-de-pombal.jpg\" alt=\"Plaza Marqu\u00eas de Pombal\">\n\t\t\t\t\t\t\t\t<\/div>\n\t\t\t\t\t\t\t<\/div>\n\t\t\t\t\t\t\n\t\t\t\t\t\t\t<div class=\"accordion__accordion-content inactive\">\n\t\t\t\t\t\t\t\t<div>\n\t\t\t\t\t\t\t\t\t<div>\n\t\t\t\t\t\t\t\t\t\t<h4>Puente 25 de Abril<\/h4>\n\t\t\t\t\t\t\t\t\t\t<p>Il Ponte del 25 aprile \u00e8 il ponte sospeso pi\u00f9 lungo d&#8217;Europa, con una lunghezza di circa 2.277 metri. Ha due binari ad altezze diverse: quello pi\u00f9 alto per le auto e quello pi\u00f9 basso per i treni. Questo ponte ha iniziato a servire la citt\u00e0 nel 1966. <\/p>\n\t\t\t\t\t\t\t\t\t<\/div>\n\t\t\t\t\t\t\t\t\t<img decoding=\"async\" src=\"https:\/\/cdn.pilgrim.es\/web\/caminos\/camino-portugues\/pueblos\/lisboa\/puntos-de-interes\/puente-25-abril.jpg\" alt=\"Puente 25 de Abril\">\n\t\t\t\t\t\t\t\t<\/div>\n\t\t\t\t\t\t\t<\/div>\n\t\t\t\t\t\t\n\t\t\t\t\t\t\t<div class=\"accordion__accordion-content inactive\">\n\t\t\t\t\t\t\t\t<div>\n\t\t\t\t\t\t\t\t\t<div>\n\t\t\t\t\t\t\t\t\t\t<h4>Museo Calouste Gulbenkian<\/h4>\n\t\t\t\t\t\t\t\t\t\t<p>Il Museo Calouste Gulbenkian ospita una delle pi\u00f9 grandi collezioni private d&#8217;Europa. Una delle collezioni pi\u00f9 importanti \u00e8 quella del potente Calouste Gulbenkian, che ha trascorso pi\u00f9 di quarant&#8217;anni ad assemblare gli oggetti che si possono ammirare oggi nel museo, donati al Paese portoghese al momento della sua morte nel 1955. Considerato uno dei musei pi\u00f9 interessanti del mondo, il museo \u00e8 stato modernizzato nel 2001 e ospita un&#8217;ampia gamma di opere che vanno dal 2000 a.C. ai giorni nostri.\n\n<p>Alcune delle collezioni che vale la pena ammirare in questo museo sono: gioielli greco-romani, una collezione di monete ellenistiche, opere di porcellana orientale, un bassorilievo assiro a forma di scudo risalente al IX secolo a.C., ecc.<\/p> <p>Il museo ospita anche una collezione delle opere d&#8217;arte pi\u00f9 interessanti del mondo.\n\t\t\t\t\t\t\t\t\t<\/div>\n\t\t\t\t\t\t\t\t\t<img decoding=\"async\" src=\"https:\/\/cdn.pilgrim.es\/web\/caminos\/camino-portugues\/pueblos\/lisboa\/puntos-de-interes\/museo-calouste.jpg\" alt=\"Museo Calouste Gulbenkian\">\n\t\t\t\t\t\t\t\t<\/div>\n\t\t\t\t\t\t\t<\/div>\n\t\t\t\t\t\t\n\t\t\t\t\t\t\t<div class=\"accordion__accordion-content inactive\">\n\t\t\t\t\t\t\t\t<div>\n\t\t\t\t\t\t\t\t\t<div>\n\t\t\t\t\t\t\t\t\t\t<h4>Teatro Nacional Dona Mar\u00eda II<\/h4>\n\t\t\t\t\t\t\t\t\t\t<p>Il Teatro Nazionale Dona Maria II \u00e8 stato dichiarato monumento nazionale nel 2012. Si tratta di un grande edificio inaugurato nel 1846 da Almeida Garret, un noto drammaturgo portoghese. Il teatro si trova all&#8217;interno di un edificio noto come ex Palazzo dell&#8217;Inquisizione o Palacio dos Estatus. Nel 1964 un grande incendio divamp\u00f2 al suo interno, lasciando in piedi solo le pareti esterne dell&#8217;edificio, che rimase in costruzione per pi\u00f9 di 14 anni. <\/p>\n\n<p>Oggi presenta uno stile neoclassico con un&#8217;influenza palladiana, di cui \u00e8 degna di nota la facciata con un portico di sei colonne ioniche sul fronte con una sommit\u00e0 triangolare. Il frontone \u00e8 decorato con un rilievo raffigurante Apollo e le Muse. Questo teatro \u00e8 un luogo molto importante per la cultura portoghese, poich\u00e9 qui si sono esibiti diversi artisti nazionali.\n\t\t\t\t\t\t\t\t\t<\/div>\n\t\t\t\t\t\t\t\t\t<img decoding=\"async\" src=\"https:\/\/cdn.pilgrim.es\/web\/caminos\/camino-portugues\/pueblos\/lisboa\/puntos-de-interes\/teatro-nacional-dona-maria.jpg\" alt=\"Teatro Nacional Dona Mar\u00eda II\">\n\t\t\t\t\t\t\t\t<\/div>\n\t\t\t\t\t\t\t<\/div>\n\t\t\t\t\t\t\n\t\t\t\t\t\t\t<div class=\"accordion__accordion-content inactive\">\n\t\t\t\t\t\t\t\t<div>\n\t\t\t\t\t\t\t\t\t<div>\n\t\t\t\t\t\t\t\t\t\t<h4>Elevador de Santa Justa<\/h4>\n\t\t\t\t\t\t\t\t\t\t<p>L&#8217;ascensore di Santa Justa \u00e8 il mezzo di trasporto pi\u00f9 veloce che collega Baixa e Bairro Alto. Ma non \u00e8 solo un mezzo di trasporto, si \u00e8 affermato anche come attrazione turistica. Fu inaugurato nel 1902 e quel giorno furono venduti pi\u00f9 di tremila biglietti. Precedentemente noto come Elevador do Carmo, fu accolto con grande gioia dalla popolazione di Lisbona, in quanto sarebbe stato il primo mezzo di trasporto a fornire un collegamento tra la parte alta e bassa della citt\u00e0.\n\t\t\t\t\t\t\t\t\t<\/div>\n\t\t\t\t\t\t\t\t\t<img decoding=\"async\" src=\"https:\/\/cdn.pilgrim.es\/web\/caminos\/camino-portugues\/pueblos\/lisboa\/puntos-de-interes\/elevador-santa-justa.jpg\" alt=\"Elevador de Santa Justa\">\n\t\t\t\t\t\t\t\t<\/div>\n\t\t\t\t\t\t\t<\/div>\n\t\t\t\t\t\t\n\t\t\t\t\t<\/div>\n\t\t\t\t<\/div>\n\t\t\t<\/div>\n\t\t\n\n\t\t<div id=\"phonesSection\">\n\t\t\t<div>\n\t\t\t\t<h2 class=\"p-h3-town\">Informazioni di interesse<\/h2>\n\t\t\t<\/div>\n\t\t\t<div class=\"grid\">\n\t\t\t\t\n\t\t\t\t\t<div class=\"phone-number-item\">\n\t\t\t\t\t\t<div class=\"phone-number-item__icon\"><i class=\"icon-police\"><\/i><\/div>\n\t\t\t\t\t\t<div class=\"phone-number-item__title\">\n\t\t\t\t\t\t\t<h3 class=\"p-font-bold\">Polizia locale<\/h3>\n\t\t\t\t\t\t\t<p>+351 21 782 5200<\/p>\n\t\t\t\t\t\t\t\n\t\t\t\t\t\t<\/div>\n\t\t\t\t\t<\/div>\n\t\t\t\t\n\t\t\t\t\t<div class=\"phone-number-item\">\n\t\t\t\t\t\t<div class=\"phone-number-item__icon\"><i class=\"icon-firefighters\"><\/i><\/div>\n\t\t\t\t\t\t<div class=\"phone-number-item__title\">\n\t\t\t\t\t\t\t<h3 class=\"p-font-bold\">Vigili del fuoco<\/h3>\n\t\t\t\t\t\t\t<p>+351 21 817 1411<\/p>\n\t\t\t\t\t\t\t\n\t\t\t\t\t\t<\/div>\n\t\t\t\t\t<\/div>\n\t\t\t\t\n\t\t\t\t\t<div class=\"phone-number-item\">\n\t\t\t\t\t\t<div class=\"phone-number-item__icon\"><i class=\"icon-civil-protection\"><\/i><\/div>\n\t\t\t\t\t\t<div class=\"phone-number-item__title\">\n\t\t\t\t\t\t\t<h3 class=\"p-font-bold\">Protezione civile<\/h3>\n\t\t\t\t\t\t\t<p>+351 21 882 0960<\/p>\n\t\t\t\t\t\t\t\n\t\t\t\t\t\t<\/div>\n\t\t\t\t\t<\/div>\n\t\t\t\t\n\t\t\t\t\t<div class=\"phone-number-item\">\n\t\t\t\t\t\t<div class=\"phone-number-item__icon\"><i class=\"icon-town-council\"><\/i><\/div>\n\t\t\t\t\t\t<div class=\"phone-number-item__title\">\n\t\t\t\t\t\t\t<h3 class=\"p-font-bold\">Municipio<\/h3>\n\t\t\t\t\t\t\t<p>+351 21 323 6200<\/p>\n\t\t\t\t\t\t\t\n\t\t\t\t\t\t<\/div>\n\t\t\t\t\t<\/div>\n\t\t\t\t\n\t\t\t\t\t<div class=\"phone-number-item\">\n\t\t\t\t\t\t<div class=\"phone-number-item__icon\"><i class=\"icon-hospital\"><\/i><\/div>\n\t\t\t\t\t\t<div class=\"phone-number-item__title\">\n\t\t\t\t\t\t\t<h3 class=\"p-font-bold\">Centro sanitario<\/h3>\n\t\t\t\t\t\t\t<p>+351 21 359 4000 \/ +351 21 313 6300<\/p>\n\t\t\t\t\t\t\t\n\t\t\t\t\t\t<\/div>\n\t\t\t\t\t<\/div>\n\t\t\t\t\n\t\t\t\t\t<div class=\"phone-number-item\">\n\t\t\t\t\t\t<div class=\"phone-number-item__icon\"><i class=\"icon-tourism\"><\/i><\/div>\n\t\t\t\t\t\t<div class=\"phone-number-item__title\">\n\t\t\t\t\t\t\t<h3 class=\"p-font-bold\">Ufficio turistico<\/h3>\n\t\t\t\t\t\t\t<p><\/p>\n\t\t\t\t\t\t\t\n\t\t\t\t\t\t<\/div>\n\t\t\t\t\t<\/div>\n\t\t\t\t\n\t\t\t<\/div>\n\t\t<\/div>\n\n\t\t<div id=\"clientForm\">\n        <section>\n        <img decoding=\"async\" src=\"https:\/\/cdn.pilgrim.es\/web\/home\/email-contacto.png\" alt=\"contacto\">\n        <div>\n            <p>Ti inviamo la tua pianificazione<\/p>\n            <p>Forniscici i tuoi dati e ricevi la pianificazione del tuo viaggio via email <\/p>\n            <form method=\"post\" data-url=\"\/wp-admin\/admin-ajax.php\" id=\"planner--client\" class=\"flag-right form-client\">\n    <div class=\"form-data\">\n        <input name=\"form_id\" type=\"hidden\" value=\"Formulario Leads\">\n        <input name=\"type\" type=\"hidden\" value=\"planner_client\">\n        <input type=\"text\" name=\"nombre\" value=\"\" size=\"40\" class=\"form-control\" aria-required=\"true\" aria-invalid=\"false\" placeholder=\"Nome\">\n        <input type=\"email\" name=\"email\" value=\"\" size=\"40\" class=\"form-control\" aria-required=\"true\" aria-invalid=\"false\" placeholder=\"Mail\">\n        <input type=\"text\" id=\"phone-input\" name=\"tel\" value=\"\" size=\"40\" class=\"phone-input form-control\" aria-required=\"true\" aria-invalid=\"false\" placeholder=\"Telefono\">\n        <input type=\"hidden\" name=\"telefono\">\n    <\/div>\n    <div class=\"form-checkbox\">\n        <span>\n            Pilgrim Travel. S.L. informa, come previsto dal Regolamento 2016\/679, che i dati utilizzati in questo modulo verranno utilizzati sia per la risposta delle eventuali consultazioni sia per la pub-blicazione dei commenti, essendo il consenso dell'utente la base di legittimazione. Potranno esse-re esercitati i diritti in conformit\u00e0 con quanto stabilito dalla nostra             <a href=\"https:\/\/www.pilgrim.es\/it\/informativa-sulla-privacy\/\" target=\"_blank\" rel=\"noopener noreferrer nofollow\">Politica di privacy.<\/a>\n        <\/span>\n    <\/div>\n\n    <div class=\"form-submit\">\n        <button id=\"planner--client-create\" type=\"submit\">Formulario di contatto<\/button>\n        <div class=\"loadingDiv\"><i class=\"p-spinner\"><\/i><\/div>\n    <\/div>\n\n    <div class=\"contact-content-form-success\">\n        <p><i class=\"fas fa-check\"><\/i> Il modulo \u00e8 stato inviato correttamente<\/p>\n    <\/div>\n\n    <div class=\"contact-content-form-error\">\n        <span class=\"input-error\"><\/span>\n    <\/div>\n<\/form>        <\/div>\n    <\/section>\n<\/div>\n\n\t\t<div id=\"recomendationSection\">\n\t\t\t<div>\n\t\t\t\t<h2 class=\"p-h2-town\">Consigliato<\/h2>\n\t\t\t\t<hr>\n\t\t\t\t<h3 class=\"p-h3-town\">Gastronomia<\/h3>\n\t\t\t<\/div>\n\t\t\tI piatti pi\u00f9 tradizionali di Lisbona sono, ad esempio, il caldo verde, la sopa de nabizas, il porco alla alentejana, il cocido a la portuguesa, le favas alla portuguesa, le feijoadas, gli stufati e i piatti a base di pesce e frutti di mare, con il merluzzo che \u00e8 uno dei prodotti di punta della citt\u00e0.\n\nPer quanto riguarda la pasticceria, spiccano le torte di Bel\u00e9m, le queijadas de Sintra e le pere al vino. Per quanto riguarda le bevande, nella regione di Lisbona ci sono 18 vini a denominazione d&#8217;origine, sia bianchi che rossi o rosati.\n\t\t<\/div>\n\n\n\t\t\n\t\t\t<div id=\"holidaysSection\">\n\t\t\t\t<div>\n\t\t\t\t\t<h2 class=\"p-h2-town\">Consigliato<\/h2>\n\t\t\t\t\t<hr>\n\t\t\t\t\t<h3 class=\"p-h3-town\">Festival e pellegrinaggi<\/h3>\n\t\t\t\t<\/div>\n\t\t\t\t<div class=\"grid holidays-grid\">\n\t\t\t\t\t\n\t\t\t\t\t\t<div>\n\t\t\t\t\t\t\t<div class=\"phone-number-item\">\n\t\t\t\t\t\t\t\t<div class=\"phone-number-item__icon\"><i class=\"icon-holiday\"><\/i><\/div>\n\t\t\t\t\t\t\t\t<div class=\"phone-number-item__title dark-text\">\n\t\t\t\t\t\t\t\t\t<p class=\"p-font-bold\">Vacanza locale<\/p>\n\t\t\t\t\t\t\t\t\t<p>25 de Abril: D\u00eda de la Libertad<\/p>\n\t\t\t\t\t\t\t\t<\/div>\n\t\t\t\t\t\t\t<\/div>\n\t\t\t\t\t\t<\/div>\n\t\t\t\t\t\n\t\t\t\t\t\t<div>\n\t\t\t\t\t\t\t<div class=\"phone-number-item\">\n\t\t\t\t\t\t\t\t<div class=\"phone-number-item__icon\"><i class=\"icon-holiday\"><\/i><\/div>\n\t\t\t\t\t\t\t\t<div class=\"phone-number-item__title dark-text\">\n\t\t\t\t\t\t\t\t\t<p class=\"p-font-bold\">Vacanza locale<\/p>\n\t\t\t\t\t\t\t\t\t<p>Durante el mes de Junio: Fiestas de San Antonio<\/p>\n\t\t\t\t\t\t\t\t<\/div>\n\t\t\t\t\t\t\t<\/div>\n\t\t\t\t\t\t<\/div>\n\t\t\t\t\t\n\t\t\t\t\t\t<div>\n\t\t\t\t\t\t\t<div class=\"phone-number-item\">\n\t\t\t\t\t\t\t\t<div class=\"phone-number-item__icon\"><i class=\"icon-holiday\"><\/i><\/div>\n\t\t\t\t\t\t\t\t<div class=\"phone-number-item__title dark-text\">\n\t\t\t\t\t\t\t\t\t<p class=\"p-font-bold\">Vacanza locale<\/p>\n\t\t\t\t\t\t\t\t\t<p>1 de Diciembre: D\u00eda de la Restauraci\u00f3n<\/p>\n\t\t\t\t\t\t\t\t<\/div>\n\t\t\t\t\t\t\t<\/div>\n\t\t\t\t\t\t<\/div>\n\t\t\t\t\t\n\t\t\t\t\t\t<div>\n\t\t\t\t\t\t\t<div class=\"phone-number-item\">\n\t\t\t\t\t\t\t\t<div class=\"phone-number-item__icon\"><i class=\"icon-holiday\"><\/i><\/div>\n\t\t\t\t\t\t\t\t<div class=\"phone-number-item__title dark-text\">\n\t\t\t\t\t\t\t\t\t<p class=\"p-font-bold\">Vacanza locale<\/p>\n\t\t\t\t\t\t\t\t\t<p>15 de Agosto: Fiesta de la Asunci\u00f3n<\/p>\n\t\t\t\t\t\t\t\t<\/div>\n\t\t\t\t\t\t\t<\/div>\n\t\t\t\t\t\t<\/div>\n\t\t\t\t\t\n\t\t\t\t<\/div>\n\t\t\t<\/div>\n\t\t\n\t<\/div>\n<\/section>\n\n<div id=\"stage_list_section\"><div class=\"stage-list\">\n    <div class='stage-list__map-card'>\n        <div class='stage-list__map-card__map'>\n            <div class='stage-list__map-card__map__text'>\n                <h2> Pages <\/h2>\n                <p> A piedi<\/p>\n                <p> 0tappe<\/p>\n            <\/div>\n            <div class='stage-list__map-card__map__img'>\n                <img decoding=\"async\" src=\"\" alt=\" mapa \" \/>\n            <\/div>\n        <\/div>\n    <\/div>\n\n    <\/div>\n<\/div> ","protected":false},"excerpt":{"rendered":"<p>Lisboa &#8249; Ritorno al palcoscenico Lisboa Abitanti: 530.847 aprox. Provincia: Informazioni Get to know Lisboa Lisbona \u00e8 la capitale del Portogallo e anche una delle citt\u00e0 pi\u00f9 importanti del Paese. Si trova alla foce del fiume Tago, il che la rende una delle enclavi pi\u00f9 importanti nel dominio dell&#8217;Oceano Atlantico. La sua storia antica \u00e8 &hellip; <\/p>\n<p class=\"read_more\"><a href=\"https:\/\/www.pilgrim.es\/it\/cammino-portoghese\/lisboa\/\">Leer m\u00e1s<\/a><\/p>\n","protected":false},"author":0,"featured_media":6105,"parent":10770,"menu_order":0,"comment_status":"closed","ping_status":"closed","template":"views\/template-new-web-design.blade.php","meta":{"footnotes":""},"categories":[],"tags":[],"class_list":["post-91163","page","type-page","status-publish","has-post-thumbnail","hentry"],"yoast_head":"<!-- This site is optimized with the Yoast SEO plugin v27.4 - https:\/\/yoast.com\/product\/yoast-seo-wordpress\/ -->\n<title>Lisboa: Cosa vedere e dove dormire | Cammino di Santiago | Pilgrim<\/title>\n<meta name=\"description\" content=\"Lisboa Scopri tutte le informazioni su dove alloggiare, come arrivare, cosa mangiare e sui principali punti di interesse delle localit\u00e0 lungo il Cammino Portoghese.\" \/>\n<meta name=\"robots\" content=\"index, follow, max-snippet:-1, max-image-preview:large, max-video-preview:-1\" \/>\n<link rel=\"canonical\" href=\"https:\/\/www.pilgrim.es\/it\/cammino-portoghese\/lisboa\/\" \/>\n<meta property=\"og:locale\" content=\"it_IT\" \/>\n<meta property=\"og:type\" content=\"article\" \/>\n<meta property=\"og:title\" content=\"Lisboa: Cosa vedere e dove dormire | Cammino di Santiago | Pilgrim\" \/>\n<meta property=\"og:description\" content=\"Lisboa Scopri tutte le informazioni su dove alloggiare, come arrivare, cosa mangiare e sui principali punti di interesse delle localit\u00e0 lungo il Cammino Portoghese.\" \/>\n<meta property=\"og:url\" content=\"https:\/\/www.pilgrim.es\/it\/cammino-portoghese\/lisboa\/\" \/>\n<meta property=\"og:site_name\" content=\"Pilgrim\" \/>\n<meta property=\"article:publisher\" content=\"https:\/\/www.facebook.com\/pilgrim.es\/\" \/>\n<meta property=\"og:image\" content=\"https:\/\/www.pilgrim.es\/wp-content\/uploads\/2019\/02\/Lisboa1.jpg\" \/>\n\t<meta property=\"og:image:width\" content=\"520\" \/>\n\t<meta property=\"og:image:height\" content=\"370\" \/>\n\t<meta property=\"og:image:type\" content=\"image\/jpeg\" \/>\n<meta name=\"twitter:card\" content=\"summary_large_image\" \/>\n<meta name=\"twitter:site\" content=\"@pilgrim_es\" \/>\n<meta name=\"twitter:label1\" content=\"Tempo di lettura stimato\" \/>\n\t<meta name=\"twitter:data1\" content=\"20 minuti\" \/>\n<script type=\"application\/ld+json\" class=\"yoast-schema-graph\">{\"@context\":\"https:\\\/\\\/schema.org\",\"@graph\":[{\"@type\":\"WebPage\",\"@id\":\"https:\\\/\\\/www.pilgrim.es\\\/it\\\/cammino-portoghese\\\/lisboa\\\/\",\"url\":\"https:\\\/\\\/www.pilgrim.es\\\/it\\\/cammino-portoghese\\\/lisboa\\\/\",\"name\":\"Lisboa: Cosa vedere e dove dormire | Cammino di Santiago | Pilgrim\",\"isPartOf\":{\"@id\":\"https:\\\/\\\/www.pilgrim.es\\\/it\\\/#website\"},\"primaryImageOfPage\":{\"@id\":\"https:\\\/\\\/www.pilgrim.es\\\/it\\\/cammino-portoghese\\\/lisboa\\\/#primaryimage\"},\"image\":{\"@id\":\"https:\\\/\\\/www.pilgrim.es\\\/it\\\/cammino-portoghese\\\/lisboa\\\/#primaryimage\"},\"thumbnailUrl\":\"https:\\\/\\\/www.pilgrim.es\\\/wp-content\\\/uploads\\\/2019\\\/02\\\/Lisboa1.jpg\",\"datePublished\":\"2025-03-17T13:51:57+00:00\",\"description\":\"Lisboa Scopri tutte le informazioni su dove alloggiare, come arrivare, cosa mangiare e sui principali punti di interesse delle localit\u00e0 lungo il Cammino Portoghese.\",\"breadcrumb\":{\"@id\":\"https:\\\/\\\/www.pilgrim.es\\\/it\\\/cammino-portoghese\\\/lisboa\\\/#breadcrumb\"},\"inLanguage\":\"it-IT\",\"potentialAction\":[{\"@type\":\"ReadAction\",\"target\":[\"https:\\\/\\\/www.pilgrim.es\\\/it\\\/cammino-portoghese\\\/lisboa\\\/\"]}]},{\"@type\":\"ImageObject\",\"inLanguage\":\"it-IT\",\"@id\":\"https:\\\/\\\/www.pilgrim.es\\\/it\\\/cammino-portoghese\\\/lisboa\\\/#primaryimage\",\"url\":\"https:\\\/\\\/www.pilgrim.es\\\/wp-content\\\/uploads\\\/2019\\\/02\\\/Lisboa1.jpg\",\"contentUrl\":\"https:\\\/\\\/www.pilgrim.es\\\/wp-content\\\/uploads\\\/2019\\\/02\\\/Lisboa1.jpg\",\"width\":520,\"height\":370,\"caption\":\"Lisboa\"},{\"@type\":\"BreadcrumbList\",\"@id\":\"https:\\\/\\\/www.pilgrim.es\\\/it\\\/cammino-portoghese\\\/lisboa\\\/#breadcrumb\",\"itemListElement\":[{\"@type\":\"ListItem\",\"position\":1,\"name\":\"Camino de Santiago\",\"item\":\"https:\\\/\\\/www.pilgrim.es\\\/it\\\/\"},{\"@type\":\"ListItem\",\"position\":2,\"name\":\"Cammino Portoghese\",\"item\":\"https:\\\/\\\/www.pilgrim.es\\\/it\\\/cammino-portoghese\\\/\"},{\"@type\":\"ListItem\",\"position\":3,\"name\":\"Lisboa\"}]},{\"@type\":\"WebSite\",\"@id\":\"https:\\\/\\\/www.pilgrim.es\\\/it\\\/#website\",\"url\":\"https:\\\/\\\/www.pilgrim.es\\\/it\\\/\",\"name\":\"Pilgrim\",\"description\":\"Camino de Santiago | Caminamos Contigo\",\"publisher\":{\"@id\":\"https:\\\/\\\/www.pilgrim.es\\\/it\\\/#organization\"},\"potentialAction\":[{\"@type\":\"SearchAction\",\"target\":{\"@type\":\"EntryPoint\",\"urlTemplate\":\"https:\\\/\\\/www.pilgrim.es\\\/it\\\/?s={search_term_string}\"},\"query-input\":{\"@type\":\"PropertyValueSpecification\",\"valueRequired\":true,\"valueName\":\"search_term_string\"}}],\"inLanguage\":\"it-IT\"},{\"@type\":\"Organization\",\"@id\":\"https:\\\/\\\/www.pilgrim.es\\\/it\\\/#organization\",\"name\":\"Pilgrim Camino de Santiago\",\"url\":\"https:\\\/\\\/www.pilgrim.es\\\/it\\\/\",\"logo\":{\"@type\":\"ImageObject\",\"inLanguage\":\"it-IT\",\"@id\":\"https:\\\/\\\/www.pilgrim.es\\\/it\\\/#\\\/schema\\\/logo\\\/image\\\/\",\"url\":\"https:\\\/\\\/www.pilgrim.es\\\/wp-content\\\/uploads\\\/2019\\\/04\\\/logo_pilgrim.png\",\"contentUrl\":\"https:\\\/\\\/www.pilgrim.es\\\/wp-content\\\/uploads\\\/2019\\\/04\\\/logo_pilgrim.png\",\"width\":512,\"height\":512,\"caption\":\"Pilgrim Camino de Santiago\"},\"image\":{\"@id\":\"https:\\\/\\\/www.pilgrim.es\\\/it\\\/#\\\/schema\\\/logo\\\/image\\\/\"},\"sameAs\":[\"https:\\\/\\\/www.facebook.com\\\/pilgrim.es\\\/\",\"https:\\\/\\\/x.com\\\/pilgrim_es\",\"https:\\\/\\\/www.instagram.com\\\/pilgrim.es\\\/\",\"https:\\\/\\\/www.linkedin.com\\\/company\\\/pilgrim-camino-de-santiago\\\/\",\"https:\\\/\\\/www.pinterest.es\\\/pilgrimcaminodesantiago\\\/\",\"https:\\\/\\\/www.youtube.com\\\/channel\\\/UCIv2ZzFLXVqthkNF32rKedw\\\/featured\"]}]}<\/script>\n<!-- \/ Yoast SEO plugin. -->","yoast_head_json":{"title":"Lisboa: Cosa vedere e dove dormire | Cammino di Santiago | Pilgrim","description":"Lisboa Scopri tutte le informazioni su dove alloggiare, come arrivare, cosa mangiare e sui principali punti di interesse delle localit\u00e0 lungo il Cammino Portoghese.","robots":{"index":"index","follow":"follow","max-snippet":"max-snippet:-1","max-image-preview":"max-image-preview:large","max-video-preview":"max-video-preview:-1"},"canonical":"https:\/\/www.pilgrim.es\/it\/cammino-portoghese\/lisboa\/","og_locale":"it_IT","og_type":"article","og_title":"Lisboa: Cosa vedere e dove dormire | Cammino di Santiago | Pilgrim","og_description":"Lisboa Scopri tutte le informazioni su dove alloggiare, come arrivare, cosa mangiare e sui principali punti di interesse delle localit\u00e0 lungo il Cammino Portoghese.","og_url":"https:\/\/www.pilgrim.es\/it\/cammino-portoghese\/lisboa\/","og_site_name":"Pilgrim","article_publisher":"https:\/\/www.facebook.com\/pilgrim.es\/","og_image":[{"width":520,"height":370,"url":"https:\/\/www.pilgrim.es\/wp-content\/uploads\/2019\/02\/Lisboa1.jpg","type":"image\/jpeg"}],"twitter_card":"summary_large_image","twitter_site":"@pilgrim_es","twitter_misc":{"Tempo di lettura stimato":"20 minuti"},"schema":{"@context":"https:\/\/schema.org","@graph":[{"@type":"WebPage","@id":"https:\/\/www.pilgrim.es\/it\/cammino-portoghese\/lisboa\/","url":"https:\/\/www.pilgrim.es\/it\/cammino-portoghese\/lisboa\/","name":"Lisboa: Cosa vedere e dove dormire | Cammino di Santiago | Pilgrim","isPartOf":{"@id":"https:\/\/www.pilgrim.es\/it\/#website"},"primaryImageOfPage":{"@id":"https:\/\/www.pilgrim.es\/it\/cammino-portoghese\/lisboa\/#primaryimage"},"image":{"@id":"https:\/\/www.pilgrim.es\/it\/cammino-portoghese\/lisboa\/#primaryimage"},"thumbnailUrl":"https:\/\/www.pilgrim.es\/wp-content\/uploads\/2019\/02\/Lisboa1.jpg","datePublished":"2025-03-17T13:51:57+00:00","description":"Lisboa Scopri tutte le informazioni su dove alloggiare, come arrivare, cosa mangiare e sui principali punti di interesse delle localit\u00e0 lungo il Cammino Portoghese.","breadcrumb":{"@id":"https:\/\/www.pilgrim.es\/it\/cammino-portoghese\/lisboa\/#breadcrumb"},"inLanguage":"it-IT","potentialAction":[{"@type":"ReadAction","target":["https:\/\/www.pilgrim.es\/it\/cammino-portoghese\/lisboa\/"]}]},{"@type":"ImageObject","inLanguage":"it-IT","@id":"https:\/\/www.pilgrim.es\/it\/cammino-portoghese\/lisboa\/#primaryimage","url":"https:\/\/www.pilgrim.es\/wp-content\/uploads\/2019\/02\/Lisboa1.jpg","contentUrl":"https:\/\/www.pilgrim.es\/wp-content\/uploads\/2019\/02\/Lisboa1.jpg","width":520,"height":370,"caption":"Lisboa"},{"@type":"BreadcrumbList","@id":"https:\/\/www.pilgrim.es\/it\/cammino-portoghese\/lisboa\/#breadcrumb","itemListElement":[{"@type":"ListItem","position":1,"name":"Camino de Santiago","item":"https:\/\/www.pilgrim.es\/it\/"},{"@type":"ListItem","position":2,"name":"Cammino Portoghese","item":"https:\/\/www.pilgrim.es\/it\/cammino-portoghese\/"},{"@type":"ListItem","position":3,"name":"Lisboa"}]},{"@type":"WebSite","@id":"https:\/\/www.pilgrim.es\/it\/#website","url":"https:\/\/www.pilgrim.es\/it\/","name":"Pilgrim","description":"Camino de Santiago | Caminamos Contigo","publisher":{"@id":"https:\/\/www.pilgrim.es\/it\/#organization"},"potentialAction":[{"@type":"SearchAction","target":{"@type":"EntryPoint","urlTemplate":"https:\/\/www.pilgrim.es\/it\/?s={search_term_string}"},"query-input":{"@type":"PropertyValueSpecification","valueRequired":true,"valueName":"search_term_string"}}],"inLanguage":"it-IT"},{"@type":"Organization","@id":"https:\/\/www.pilgrim.es\/it\/#organization","name":"Pilgrim Camino de Santiago","url":"https:\/\/www.pilgrim.es\/it\/","logo":{"@type":"ImageObject","inLanguage":"it-IT","@id":"https:\/\/www.pilgrim.es\/it\/#\/schema\/logo\/image\/","url":"https:\/\/www.pilgrim.es\/wp-content\/uploads\/2019\/04\/logo_pilgrim.png","contentUrl":"https:\/\/www.pilgrim.es\/wp-content\/uploads\/2019\/04\/logo_pilgrim.png","width":512,"height":512,"caption":"Pilgrim Camino de Santiago"},"image":{"@id":"https:\/\/www.pilgrim.es\/it\/#\/schema\/logo\/image\/"},"sameAs":["https:\/\/www.facebook.com\/pilgrim.es\/","https:\/\/x.com\/pilgrim_es","https:\/\/www.instagram.com\/pilgrim.es\/","https:\/\/www.linkedin.com\/company\/pilgrim-camino-de-santiago\/","https:\/\/www.pinterest.es\/pilgrimcaminodesantiago\/","https:\/\/www.youtube.com\/channel\/UCIv2ZzFLXVqthkNF32rKedw\/featured"]}]}},"_links":{"self":[{"href":"https:\/\/www.pilgrim.es\/it\/wp-json\/wp\/v2\/pages\/91163","targetHints":{"allow":["GET"]}}],"collection":[{"href":"https:\/\/www.pilgrim.es\/it\/wp-json\/wp\/v2\/pages"}],"about":[{"href":"https:\/\/www.pilgrim.es\/it\/wp-json\/wp\/v2\/types\/page"}],"replies":[{"embeddable":true,"href":"https:\/\/www.pilgrim.es\/it\/wp-json\/wp\/v2\/comments?post=91163"}],"version-history":[{"count":0,"href":"https:\/\/www.pilgrim.es\/it\/wp-json\/wp\/v2\/pages\/91163\/revisions"}],"up":[{"embeddable":true,"href":"https:\/\/www.pilgrim.es\/it\/wp-json\/wp\/v2\/pages\/10770"}],"wp:featuredmedia":[{"embeddable":true,"href":"https:\/\/www.pilgrim.es\/it\/wp-json\/wp\/v2\/media\/6105"}],"wp:attachment":[{"href":"https:\/\/www.pilgrim.es\/it\/wp-json\/wp\/v2\/media?parent=91163"}],"wp:term":[{"taxonomy":"category","embeddable":true,"href":"https:\/\/www.pilgrim.es\/it\/wp-json\/wp\/v2\/categories?post=91163"},{"taxonomy":"post_tag","embeddable":true,"href":"https:\/\/www.pilgrim.es\/it\/wp-json\/wp\/v2\/tags?post=91163"}],"curies":[{"name":"wp","href":"https:\/\/api.w.org\/{rel}","templated":true}]}}