{"id":91103,"date":"2025-03-17T13:28:30","date_gmt":"2025-03-17T13:28:30","guid":{"rendered":"https:\/\/www.pilgrim.es\/cammino-francese\/leon\/"},"modified":"2025-03-17T13:28:30","modified_gmt":"2025-03-17T13:28:30","slug":"leon","status":"publish","type":"page","link":"https:\/\/www.pilgrim.es\/it\/cammino-francese\/leon\/","title":{"rendered":"Le\u00f3n"},"content":{"rendered":" <section id=\"hero\">\n\t<h1>Le\u00f3n<\/h1>\n\t<div class=\"hero-grid\">\n\t\t<div class=\"hero-grid__town-col\" data-background=\"https:\/\/cdn.pilgrim.es\/web\/caminos\/camino-frances\/pueblos\/leon\/leon.jpg\">\n\t\t\t<div>\n\t\t\t\t<a class=\"link-to-stage\" href=\"https:\/\/www.pilgrim.es\/camino-frances\/etapa-20-mansilla-de-las-mulas-leon\/\">\n\t\t\t\t\t<p>&#8249; Ritorno al palcoscenico<\/p>\n\t\t\t\t<\/a>\n\n\t\t\t\t<div class=\"town-data\">\n\t\t\t\t\t<h2>Le\u00f3n<\/h2>\n\t\t\t\t\t<ul>\n\t\t\t\t\t\t<li>Abitanti: 127.551 aprox.<\/li>\n\t\t\t\t\t\t<li>Provincia: Le\u00f3n<\/li>\n\t\t\t\t\t<\/ul>\n\t\t\t\t<\/div>\n\t\t\t<\/div>\n\t\t<\/div>\n\t\t<div class=\"hero-grid__planner-col\"><div\r\n  class=\"p-col-span-1 p-rounded-lg p-px-5 p-h-full\"\r\n  style=\"background-image: url('https:\/\/cdn.pilgrim.es\/web\/pilgrim-planner\/bg-plugin-planificador.webp')\"\r\n  rel=\"preload\"\r\n  fetchpriority=\"high\"\r\n  >\r\n    <div class=\"p-text-center p-pt-5 p-text-white p-text-2xl p-font-semibold\">\r\n      Pianifica il tuo cammino    <\/div>\r\n    <div\r\n            id='primary-app'\r\n            data-name='banner'\r\n            data-api='https:\/\/pathfinder.pilgrim.es\/api\/pathfinder\/v2'\r\n            data-mode='normal'\r\n            data-lang='it'\r\n            data-route='1'\r\n            data-destiny='https:\/\/planificador.pilgrim.es'\r\n            data-modality='1'\r\n            data-inline=''\r\n        ><\/div><\/div><\/div>\n\t<\/div>\n<\/section>\n\n<section id=\"infoTown\">\n\t<div class=\"sections-town\">\n\n\t\t<div id=\"informationSection\">\n\t\t\t<div>\n\t\t\t\t<h2 class=\"p-h2-town\">Informazioni<\/h2>\n\t\t\t\t<hr>\n\t\t\t\t<h3 class=\"p-h3-town\">Get to know Le\u00f3n<\/h3>\n\t\t\t<\/div>\n\t\t\t<p>Le\u00f3n \u00e8 la prossima citt\u00e0 che i pellegrini incontrano sul cammino di Santiago. \u00c8 una delle citt\u00e0 pi\u00f9 importanti del Cammino francese grazie alla sua ospitalit\u00e0, latente da secoli, grazie alla presenza di ben diciassette ospedali per i pellegrini e all&#8217;insediamento dell&#8217;Ordine Militare di Santiago in questa citt\u00e0.<\/p> <p>I pellegrini dovrebbero fare una sosta lungo il percorso per visitare l&#8217;importante patrimonio storico della citt\u00e0 di Le\u00f3n.\n\t\t<\/div>\n\n\t\t<div id=\"locationSection\">\n\t\t\t<div>\n\t\t\t\t<h2 class=\"p-h2-town\">Posizione<\/h2>\n\t\t\t\t<hr>\n\t\t\t\t<h3 class=\"p-h3-town\">Come arrivare<\/h3>\n\t\t\t<\/div>\n\t\t\t<p>La citt\u00e0 di Le\u00f3n \u00e8 molto ben collegata con tutta la penisola, da qualsiasi punto si trova una strada principale per raggiungerla. Se si viaggia con i mezzi pubblici, il pi\u00f9 comodo e consigliabile \u00e8 il treno, con linee giornaliere per A Coru\u00f1a, Gij\u00f3n, Madrid, Barcellona e Bilbao.\n\n<p>Se preferite l&#8217;autobus, la compagnia Alsa collega Le\u00f3n con le principali citt\u00e0 spagnole come Madrid, Barcellona, Alicante, Bilbao, Siviglia e A Coru\u00f1a.\n\n<p>La citt\u00e0 \u00e8 servita anche da un aeroporto con voli per Barcellona, le Isole Canarie e le Isole Baleari.\n\t\t\t<div>\n\t\t\t\t<div>\n  <iframe loading=\"lazy\"\n    src=\"https:\/\/www.google.com\/maps\/d\/embed?mid=1DnyEKKyzngsdkoiyTqPu_eGY1DTMnfg&amp;ehbc=2E312F\"\n    width=\"640\"\n    height=\"480\"\n    alt=\"Mapa Le\u00f3n\"\n  ><\/iframe>\n<\/div>\n\n\t\t\t<\/div>\n\t\t<\/div>\n\n\t\t\n\t\t\t<div id=\"toVisitSection\">\n\t\t\t\t<div>\n\t\t\t\t\t<h2 class=\"p-h2-town\">Storia \/ Cultura<\/h2>\n\t\t\t\t\t<hr>\n\t\t\t\t\t<h3 class=\"p-h3-town\">Cosa vedere<\/h3>\n\t\t\t\t<\/div>\n\t\t\t\t<div>\n\t\t\t\t\t<div class=\"accordion\">\n\t\t\t\t\t\t<div class=\"accordion__menu\">\n\t\t\t\t\t\t\t<nav>\n\t\t\t\t\t\t\t\t\n\t\t\t\t\t\t\t\t\t<button class=\"nav-tab-accordion active\"><span>&#10093;<\/span><span> Castillo de Le\u00f3n<\/span><\/button>\n\t\t\t\t\t\t\t\t\n\t\t\t\t\t\t\t\t\t<button class=\"nav-tab-accordion \"><span>&#10093;<\/span><span> Catedral de Le\u00f3n<\/span><\/button>\n\t\t\t\t\t\t\t\t\n\t\t\t\t\t\t\t\t\t<button class=\"nav-tab-accordion \"><span>&#10093;<\/span><span> Torre de los Ponce<\/span><\/button>\n\t\t\t\t\t\t\t\t\n\t\t\t\t\t\t\t\t\t<button class=\"nav-tab-accordion \"><span>&#10093;<\/span><span> Casa Botines<\/span><\/button>\n\t\t\t\t\t\t\t\t\n\t\t\t\t\t\t\t\t\t<button class=\"nav-tab-accordion \"><span>&#10093;<\/span><span> Plaza del Grano<\/span><\/button>\n\t\t\t\t\t\t\t\t\n\t\t\t\t\t\t\t\t\t<button class=\"nav-tab-accordion \"><span>&#10093;<\/span><span> Plaza Mayor<\/span><\/button>\n\t\t\t\t\t\t\t\t\n\t\t\t\t\t\t\t\t\t<button class=\"nav-tab-accordion \"><span>&#10093;<\/span><span> Auditorio Municipal<\/span><\/button>\n\t\t\t\t\t\t\t\t\n\t\t\t\t\t\t\t\t\t<button class=\"nav-tab-accordion \"><span>&#10093;<\/span><span> Ayuntamiento de San Marcelo<\/span><\/button>\n\t\t\t\t\t\t\t\t\n\t\t\t\t\t\t\t\t\t<button class=\"nav-tab-accordion \"><span>&#10093;<\/span><span> Capilla del Santo Cristo de la Victoria<\/span><\/button>\n\t\t\t\t\t\t\t\t\n\t\t\t\t\t\t\t\t\t<button class=\"nav-tab-accordion \"><span>&#10093;<\/span><span> Casonas y Palacios del Casco Hist\u00f3rico<\/span><\/button>\n\t\t\t\t\t\t\t\t\n\t\t\t\t\t\t\t\t\t<button class=\"nav-tab-accordion \"><span>&#10093;<\/span><span> Convento de las Concepcionistas<\/span><\/button>\n\t\t\t\t\t\t\t\t\n\t\t\t\t\t\t\t\t\t<button class=\"nav-tab-accordion \"><span>&#10093;<\/span><span> Convento de San Francisco<\/span><\/button>\n\t\t\t\t\t\t\t\t\n\t\t\t\t\t\t\t\t\t<button class=\"nav-tab-accordion \"><span>&#10093;<\/span><span> Convento de San Marcos<\/span><\/button>\n\t\t\t\t\t\t\t\t\n\t\t\t\t\t\t\t\t\t<button class=\"nav-tab-accordion \"><span>&#10093;<\/span><span> Edificio del MUSAC<\/span><\/button>\n\t\t\t\t\t\t\t\t\n\t\t\t\t\t\t\t\t\t<button class=\"nav-tab-accordion \"><span>&#10093;<\/span><span> El Barrio Jud\u00edo<\/span><\/button>\n\t\t\t\t\t\t\t\t\n\t\t\t\t\t\t\t\t\t<button class=\"nav-tab-accordion \"><span>&#10093;<\/span><span> Iglesia de San Marcelo<\/span><\/button>\n\t\t\t\t\t\t\t\t\n\t\t\t\t\t\t\t\t\t<button class=\"nav-tab-accordion \"><span>&#10093;<\/span><span> Iglesia de San Mart\u00edn<\/span><\/button>\n\t\t\t\t\t\t\t\t\n\t\t\t\t\t\t\t\t\t<button class=\"nav-tab-accordion \"><span>&#10093;<\/span><span> Palacio de los Guzmanes<\/span><\/button>\n\t\t\t\t\t\t\t\t\n\t\t\t\t\t\t\t\t\t<button class=\"nav-tab-accordion \"><span>&#10093;<\/span><span> Iglesia de San Salvador de Palat de Rey<\/span><\/button>\n\t\t\t\t\t\t\t\t\n\t\t\t\t\t\t\t\t\t<button class=\"nav-tab-accordion \"><span>&#10093;<\/span><span> Iglesia de Santa Ana<\/span><\/button>\n\t\t\t\t\t\t\t\t\n\t\t\t\t\t\t\t\t\t<button class=\"nav-tab-accordion \"><span>&#10093;<\/span><span> Iglesia de Santa Mar\u00eda del Mercado<\/span><\/button>\n\t\t\t\t\t\t\t\t\n\t\t\t\t\t\t\t\t\t<button class=\"nav-tab-accordion \"><span>&#10093;<\/span><span> Iglesia de Santa Marina<\/span><\/button>\n\t\t\t\t\t\t\t\t\n\t\t\t\t\t\t\t\t\t<button class=\"nav-tab-accordion \"><span>&#10093;<\/span><span> Palacio de los Condes de Luna<\/span><\/button>\n\t\t\t\t\t\t\t\t\n\t\t\t\t\t\t\t\t\t<button class=\"nav-tab-accordion \"><span>&#10093;<\/span><span> Real Colegiata de San Isidoro<\/span><\/button>\n\t\t\t\t\t\t\t\t\n\t\t\t\t\t\t\t\t\t<button class=\"nav-tab-accordion \"><span>&#10093;<\/span><span> Muralla Romana y Cerca Medieval<\/span><\/button>\n\t\t\t\t\t\t\t\t\n\t\t\t\t\t\t\t<\/nav>\n\t\t\t\t\t\t<\/div>\n\n\t\t\t\t\t\t\n\t\t\t\t\t\t\t<div class=\"accordion__accordion-content \">\n\t\t\t\t\t\t\t\t<div>\n\t\t\t\t\t\t\t\t\t<div>\n\t\t\t\t\t\t\t\t\t\t<h4>Castillo de Le\u00f3n<\/h4>\n\t\t\t\t\t\t\t\t\t\t<p>Il Castillo de Le\u00f3n, conosciuto anche come la Vecchia Prigione, \u00e8 una straordinaria costruzione con due edifici adiacenti. Il monumento ha l&#8217;aspetto di una prigione o di una fortezza grazie alle sbarre alle finestre, ai cortili isolati, alle alte mura e alla grande scala di pietra. <\/p>\n\n<p>La Torre del Conde si trova a destra del castello ed era utilizzata come prigione per i nobili, ma dal 1862 inizi\u00f2 ad essere utilizzata per i prigionieri comuni. Da quel momento i prigionieri nobili furono trasferiti in un edificio a tre piani che terminava con l&#8217;orologio Canseco.<\/p> <p>La Torre del Conde si trova a destra del castello ed era utilizzata come prigione per i nobili, ma dal 1862 in poi fu utilizzata per i prigionieri comuni.\n\n<p>Oggi, la Iglesia de los Descalzos e il Castillo de Le\u00f3n sono i due edifici in cui si trova la sede dell&#8217;Archivio Storico Provinciale di Le\u00f3n.\n\t\t\t\t\t\t\t\t\t<\/div>\n\t\t\t\t\t\t\t\t\t<img decoding=\"async\" src=\"https:\/\/cdn.pilgrim.es\/web\/caminos\/camino-frances\/pueblos\/leon\/puntos-de-interes\/castillo-de-leon.jpg\" alt=\"Castillo de Le\u00f3n\">\n\t\t\t\t\t\t\t\t<\/div>\n\t\t\t\t\t\t\t<\/div>\n\t\t\t\t\t\t\n\t\t\t\t\t\t\t<div class=\"accordion__accordion-content inactive\">\n\t\t\t\t\t\t\t\t<div>\n\t\t\t\t\t\t\t\t\t<div>\n\t\t\t\t\t\t\t\t\t\t<h4>Catedral de Le\u00f3n<\/h4>\n\t\t\t\t\t\t\t\t\t\t<p>La Cattedrale di Le\u00f3n risale al X secolo e sorge sul sito delle antiche terme e degli edifici pubblici che la Legio VII aveva eretto alla fine del II secolo. Dopo aver sconfitto gli arabi nella battaglia di San Esteban de Gormaz, questo edificio fu donato dal re per costruirvi il primo tempio della cattedrale. Fu per ordine della principessa Urraca, sorella di Fernando I, che inizi\u00f2 la costruzione di un nuovo edificio interamente in mattoni e muratura. <\/p>\n\n<p>Questa cattedrale si conserv\u00f2 completamente fino alla fine del III secolo, quando inizi\u00f2 a regnare Alfonso IX, che ordin\u00f2 la costruzione dell&#8217;edificio attuale. Questo nuovo edificio era composto da tre navate tra l&#8217;ingresso e il transetto e fu esteso a cinque navate tra il transetto e l&#8217;altare maggiore. Tutte le navate erano coperte da volte a crociera. L&#8217;interno era completato da un grande chevet. <\/p>\n\t\t\t\t\t\t\t\t\t<\/div>\n\t\t\t\t\t\t\t\t\t<img decoding=\"async\" src=\"https:\/\/cdn.pilgrim.es\/web\/caminos\/camino-frances\/pueblos\/leon\/puntos-de-interes\/catedral-de-leon.jpg\" alt=\"Catedral de Le\u00f3n\">\n\t\t\t\t\t\t\t\t<\/div>\n\t\t\t\t\t\t\t<\/div>\n\t\t\t\t\t\t\n\t\t\t\t\t\t\t<div class=\"accordion__accordion-content inactive\">\n\t\t\t\t\t\t\t\t<div>\n\t\t\t\t\t\t\t\t\t<div>\n\t\t\t\t\t\t\t\t\t\t<h4>Torre de los Ponce<\/h4>\n\t\t\t\t\t\t\t\t\t\t<p>La Torre Ponce \u00e8 la pi\u00f9 antica fortificazione della citt\u00e0 e l&#8217;unica rimasta. La sua costruzione fu concepita come prigione ecclesiastica e, in seguito, come luogo in cui si dovevano pagare le tasse sul pane. <\/p>\n\n<p>Deve la sua denominazione al conte Don Ponce de Minerva, intendente di Alfonso VII e governatore delle Torri della citt\u00e0.<\/p> <p>Era stata costruita come fortificazione della citt\u00e0.\n\t\t\t\t\t\t\t\t\t<\/div>\n\t\t\t\t\t\t\t\t\t<img decoding=\"async\" src=\"https:\/\/cdn.pilgrim.es\/web\/caminos\/camino-frances\/pueblos\/leon\/puntos-de-interes\/torre-de-los-ponce.jpg\" alt=\"Torre de los Ponce\">\n\t\t\t\t\t\t\t\t<\/div>\n\t\t\t\t\t\t\t<\/div>\n\t\t\t\t\t\t\n\t\t\t\t\t\t\t<div class=\"accordion__accordion-content inactive\">\n\t\t\t\t\t\t\t\t<div>\n\t\t\t\t\t\t\t\t\t<div>\n\t\t\t\t\t\t\t\t\t\t<h4>Casa Botines<\/h4>\n\t\t\t\t\t\t\t\t\t\t<p>La Casa Botines, costruita da Antonio Gaud\u00ed su richiesta dell&#8217;azienda fondata da Joan Homs i Botin\u00e0s, assomiglia a un castello con reminiscenze gotiche. L&#8217;edificio ospitava il laboratorio di tessitura al piano terra e nel seminterrato, mentre i piani superiori venivano affittati per uso privato. <\/p>\n\n<\/p> Attualmente \u00e8 la sede di un&#8217;istituzione finanziaria e ai piani superiori si tengono spesso mostre temporanee.<\/p> <p>L&#8217;edificio ospitava il laboratorio di tessitura al piano terra e al seminterrato.\n\t\t\t\t\t\t\t\t\t<\/div>\n\t\t\t\t\t\t\t\t\t<img decoding=\"async\" src=\"https:\/\/cdn.pilgrim.es\/web\/caminos\/camino-frances\/pueblos\/leon\/puntos-de-interes\/casa-botines.jpg\" alt=\"Casa Botines\">\n\t\t\t\t\t\t\t\t<\/div>\n\t\t\t\t\t\t\t<\/div>\n\t\t\t\t\t\t\n\t\t\t\t\t\t\t<div class=\"accordion__accordion-content inactive\">\n\t\t\t\t\t\t\t\t<div>\n\t\t\t\t\t\t\t\t\t<div>\n\t\t\t\t\t\t\t\t\t\t<h4>Plaza del Grano<\/h4>\n\t\t\t\t\t\t\t\t\t\t<p>La Plaza del Grano \u00e8 una delle piazze pi\u00f9 conosciute della citt\u00e0, poich\u00e9 qui si tenevano il mercato mensile del grano e le sporadiche corride.\n\n<p> \u00c8 famosa anche per il fatto che il suo fondo \u00e8 costituito da classici acciottolati e case con portici, che le conferiscono un aspetto ancora pi\u00f9 maestoso. Al centro si trova una croce di pietra che, secondo la leggenda, \u00e8 stata costruita nel punto in cui apparve la Vergine Maria. <\/p>\n\t\t\t\t\t\t\t\t\t<\/div>\n\t\t\t\t\t\t\t\t\t<img decoding=\"async\" src=\"https:\/\/cdn.pilgrim.es\/web\/caminos\/camino-frances\/pueblos\/leon\/puntos-de-interes\/plaza-del-grano.jpg\" alt=\"Plaza del Grano\">\n\t\t\t\t\t\t\t\t<\/div>\n\t\t\t\t\t\t\t<\/div>\n\t\t\t\t\t\t\n\t\t\t\t\t\t\t<div class=\"accordion__accordion-content inactive\">\n\t\t\t\t\t\t\t\t<div>\n\t\t\t\t\t\t\t\t\t<div>\n\t\t\t\t\t\t\t\t\t\t<h4>Plaza Mayor<\/h4>\n\t\t\t\t\t\t\t\t\t\t<p>La Plaza Mayor \u00e8 la piazza principale della citt\u00e0, sia come centro ricreativo che amministrativo. La sua costruzione avvenne in due periodi: il primo dal 1654 al 1672, su progetto di Antonio Ambrosio, e il secondo dal 1677, quando Francisco del Pi\u00f1al decise di ristrutturarla dopo un incendio. <\/p>\n\n<p>Oggi rimangono i portici e le case a mezzo piano che ospitano il mercato, mentre sotto le colonne si moltiplicano i locali per il tempo libero. <\/p>\n\t\t\t\t\t\t\t\t\t<\/div>\n\t\t\t\t\t\t\t\t\t<img decoding=\"async\" src=\"https:\/\/cdn.pilgrim.es\/web\/caminos\/camino-frances\/pueblos\/leon\/puntos-de-interes\/plaza-mayor.jpg\" alt=\"Plaza Mayor\">\n\t\t\t\t\t\t\t\t<\/div>\n\t\t\t\t\t\t\t<\/div>\n\t\t\t\t\t\t\n\t\t\t\t\t\t\t<div class=\"accordion__accordion-content inactive\">\n\t\t\t\t\t\t\t\t<div>\n\t\t\t\t\t\t\t\t\t<div>\n\t\t\t\t\t\t\t\t\t\t<h4>Auditorio Municipal<\/h4>\n\t\t\t\t\t\t\t\t\t\t<p>L&#8217;Auditorium municipale di Le\u00f3n \u00e8 stato insignito del Premio spagnolo di architettura grazie al suo progetto architettonico esclusivo e all&#8217;alta qualit\u00e0 dei materiali utilizzati per la sua costruzione.<\/p> <p>L&#8217;Auditorium municipale di Le\u00f3n \u00e8 stato insignito del Premio spagnolo di architettura grazie al suo progetto architettonico esclusivo e all&#8217;alta qualit\u00e0 dei materiali utilizzati per la sua costruzione.\n\n<p>Questo edificio, che pu\u00f2 ospitare 1500 persone in tre sale, \u00e8 stato inaugurato nel 2002 e da allora ha ospitato tutta l&#8217;attivit\u00e0 culturale della citt\u00e0, dal teatro, alla danza, alla musica e alle opere liriche.<\/p> <p>L&#8217;Auditorio Municipal de Le\u00f3n ha una capacit\u00e0 di 1500 persone in tre sale.\n\t\t\t\t\t\t\t\t\t<\/div>\n\t\t\t\t\t\t\t\t\t<img decoding=\"async\" src=\"https:\/\/cdn.pilgrim.es\/web\/caminos\/camino-frances\/pueblos\/leon\/puntos-de-interes\/auditorio-municipal.jpg\" alt=\"Auditorio Municipal\">\n\t\t\t\t\t\t\t\t<\/div>\n\t\t\t\t\t\t\t<\/div>\n\t\t\t\t\t\t\n\t\t\t\t\t\t\t<div class=\"accordion__accordion-content inactive\">\n\t\t\t\t\t\t\t\t<div>\n\t\t\t\t\t\t\t\t\t<div>\n\t\t\t\t\t\t\t\t\t\t<h4>Ayuntamiento de San Marcelo<\/h4>\n\t\t\t\t\t\t\t\t\t\t<p>L&#8217;edificio del Municipio di San Marcelo, noto anche come Casa de la Poridad, risale al XVI secolo ed \u00e8 opera di Juan del Ribero.<\/p> <p>L&#8217;edificio \u00e8 stato progettato da Juan del Ribero.\n\n<p> Dell&#8217;edificio originale rimane solo l&#8217;ala nord-ovest, poich\u00e9 negli anni Venti del Novecento, in seguito al crollo del vicino Teatro Principal, furono eseguite una serie di aggiunte e ristrutturazioni.<\/p> <p>L&#8217;edificio fu costruito da Juan del Ribero.\n\n<p>Degno di nota \u00e8 il fatto che all&#8217;interno si trovano due austere colonne del XVI secolo provenienti dall&#8217;ormai scomparso Convento di Santo Domingo, le pitture murali di Vela Zanetti e la vetrata realizzata da Luis Garc\u00eda Zurdo. <\/p>\n\t\t\t\t\t\t\t\t\t<\/div>\n\t\t\t\t\t\t\t\t\t<img decoding=\"async\" src=\"https:\/\/cdn.pilgrim.es\/web\/caminos\/camino-frances\/pueblos\/leon\/puntos-de-interes\/ayuntamiento.jpg\" alt=\"Ayuntamiento de San Marcelo\">\n\t\t\t\t\t\t\t\t<\/div>\n\t\t\t\t\t\t\t<\/div>\n\t\t\t\t\t\t\n\t\t\t\t\t\t\t<div class=\"accordion__accordion-content inactive\">\n\t\t\t\t\t\t\t\t<div>\n\t\t\t\t\t\t\t\t\t<div>\n\t\t\t\t\t\t\t\t\t\t<h4>Capilla del Santo Cristo de la Victoria<\/h4>\n\t\t\t\t\t\t\t\t\t\t<p>La Cappella di Santo Cristo de la Victoria, secondo la leggenda, fu costruita sul luogo della casa di San Martire, centurione romano della Legio VII Gemina noto come San Marcello e patrono della citt\u00e0. <\/p>\n\n<p>Il tempio in cui si venera il Santo Cristo de la Victoria, con un&#8217;immagine risalente al XII secolo, \u00e8 caratterizzato da un marcato stile neoromanico.<\/p> <p>La chiesa, in cui si venera il Santo Cristo de la Victoria, \u00e8 caratterizzata da un marcato stile neoromanico.\n\t\t\t\t\t\t\t\t\t<\/div>\n\t\t\t\t\t\t\t\t\t<img decoding=\"async\" src=\"https:\/\/cdn.pilgrim.es\/web\/caminos\/camino-frances\/pueblos\/leon\/puntos-de-interes\/capilla-del-cristo-de-la-victoria.jpg\" alt=\"Capilla del Santo Cristo de la Victoria\">\n\t\t\t\t\t\t\t\t<\/div>\n\t\t\t\t\t\t\t<\/div>\n\t\t\t\t\t\t\n\t\t\t\t\t\t\t<div class=\"accordion__accordion-content inactive\">\n\t\t\t\t\t\t\t\t<div>\n\t\t\t\t\t\t\t\t\t<div>\n\t\t\t\t\t\t\t\t\t\t<h4>Casonas y Palacios del Casco Hist\u00f3rico<\/h4>\n\t\t\t\t\t\t\t\t\t\t\n\t\t\t\t\t\t\t\t\t<\/div>\n\t\t\t\t\t\t\t\t\t<img decoding=\"async\" src=\"https:\/\/cdn.pilgrim.es\/web\/caminos\/camino-frances\/pueblos\/leon\/puntos-de-interes\/capilla-del-cristo-de-la-victoria.jpg\" alt=\"Casonas y Palacios del Casco Hist\u00f3rico\">\n\t\t\t\t\t\t\t\t<\/div>\n\t\t\t\t\t\t\t<\/div>\n\t\t\t\t\t\t\n\t\t\t\t\t\t\t<div class=\"accordion__accordion-content inactive\">\n\t\t\t\t\t\t\t\t<div>\n\t\t\t\t\t\t\t\t\t<div>\n\t\t\t\t\t\t\t\t\t\t<h4>Convento de las Concepcionistas<\/h4>\n\t\t\t\t\t\t\t\t\t\t<p>Il Convento dei Concezionisti fu fondato nel XVI secolo. Presenta una facciata in pietra del XIV secolo con eleganti e sobrie modanature. <\/p>\n\n<p>Juan del Ribero fu incaricato della costruzione della chiesa all&#8217;interno del convento. Questo tempio possiede un&#8217;unica pala d&#8217;altare del XVIII secolo in legno di pino dorato e policromo, composta da una panca, due piani e una soffitta. <\/p>\n\t\t\t\t\t\t\t\t\t<\/div>\n\t\t\t\t\t\t\t\t\t<img decoding=\"async\" src=\"https:\/\/cdn.pilgrim.es\/web\/caminos\/camino-frances\/pueblos\/leon\/puntos-de-interes\/convento-de-los-concepcionistas.jpg\" alt=\"Convento de las Concepcionistas\">\n\t\t\t\t\t\t\t\t<\/div>\n\t\t\t\t\t\t\t<\/div>\n\t\t\t\t\t\t\n\t\t\t\t\t\t\t<div class=\"accordion__accordion-content inactive\">\n\t\t\t\t\t\t\t\t<div>\n\t\t\t\t\t\t\t\t\t<div>\n\t\t\t\t\t\t\t\t\t\t<h4>Convento de San Francisco<\/h4>\n\t\t\t\t\t\t\t\t\t\t<p>Il Convento di San Francisco fu costruito sul sito di un primitivo convento del XIII secolo, fondato da San Francesco d&#8217;Assisi sulla via di Compostela.<\/p> <p>Il Convento di San Francisco fu costruito sul sito di un primitivo convento del XIII secolo, fondato da San Francesco d&#8217;Assisi sulla via di Compostela.\n\n<p>La chiesa del convento, che risale al 1791, \u00e8 opera di Francisco de Rivas e presenta pale d&#8217;altare e intagli di grande valore. Dal 1882, sull&#8217;altare spicca una grande pala del XVIII secolo che rappresenta l&#8217;Assunzione di Maria, opera di Narciso Tom\u00e9 e Sim\u00f3n Gavil\u00e1n.\n\t\t\t\t\t\t\t\t\t<\/div>\n\t\t\t\t\t\t\t\t\t<img decoding=\"async\" src=\"https:\/\/cdn.pilgrim.es\/web\/caminos\/camino-frances\/pueblos\/leon\/puntos-de-interes\/convento-san-marcos.jpg\" alt=\"Convento de San Francisco\">\n\t\t\t\t\t\t\t\t<\/div>\n\t\t\t\t\t\t\t<\/div>\n\t\t\t\t\t\t\n\t\t\t\t\t\t\t<div class=\"accordion__accordion-content inactive\">\n\t\t\t\t\t\t\t\t<div>\n\t\t\t\t\t\t\t\t\t<div>\n\t\t\t\t\t\t\t\t\t\t<h4>Convento de San Marcos<\/h4>\n\t\t\t\t\t\t\t\t\t\t<p>Il Convento di San Marcos fu costruito grazie a una donazione dell&#8217;Infanta Do\u00f1a Sancha nel XII secolo con lo scopo di creare un ospedale alla periferia della citt\u00e0 per ospitare i pellegrini in cammino verso Santiago.<\/p> <p>Il Convento di San Marcos fu costruito dall&#8217;Infanta Do\u00f1a Sancha nel XII secolo con lo scopo di creare un ospedale alla periferia della citt\u00e0 per ospitare i pellegrini in cammino verso Santiago.\n\n<p>La facciata in stile plateresco di questo edificio si distingue per il suo design austero. L&#8217;edificio \u00e8 diviso in tre sezioni, la terza delle quali \u00e8 decorata con decorazioni vegetali traforate. La caratteristica pi\u00f9 interessante del complesso sono le due nicchie situate una in ciascuna delle torri della chiesa:<\/p> <p>Le nicchie si trovano su ciascuna delle torri della chiesa.\n\t\t\t\t\t\t\t\t\t<\/div>\n\t\t\t\t\t\t\t\t\t<img decoding=\"async\" src=\"https:\/\/cdn.pilgrim.es\/web\/caminos\/camino-frances\/pueblos\/leon\/puntos-de-interes\/convento-san-marcos.jpg\" alt=\"Convento de San Marcos\">\n\t\t\t\t\t\t\t\t<\/div>\n\t\t\t\t\t\t\t<\/div>\n\t\t\t\t\t\t\n\t\t\t\t\t\t\t<div class=\"accordion__accordion-content inactive\">\n\t\t\t\t\t\t\t\t<div>\n\t\t\t\t\t\t\t\t\t<div>\n\t\t\t\t\t\t\t\t\t\t<h4>Edificio del MUSAC<\/h4>\n\t\t\t\t\t\t\t\t\t\t<p>L&#8217;edificio Musac \u00e8 opera di Emilio Tu\u00f1\u00f3n \u00c1lvarez e Luis Moreno Mansilla, fondato il 1\u00b0 aprile 2005 e due anni dopo insignito del Premio Mies Van Der Rohe per l&#8217;architettura contemporanea dell&#8217;Unione Europea. <\/p>\n\n<p>I punti salienti della sua struttura sono le 3.000 lastre di vetro a forma di stradario che la compongono e che creano un grande mosaico di colori. Il museo ha l&#8217;obiettivo di diffondere il patrimonio della citt\u00e0 di Le\u00f3n e allo stesso tempo di ricordare il carattere contemporaneo della cattedrale.<\/p> <p>Il museo ha l&#8217;obiettivo principale di promuovere il patrimonio della citt\u00e0 di Le\u00f3n e allo stesso tempo di ricordare il carattere contemporaneo della cattedrale.\n\t\t\t\t\t\t\t\t\t<\/div>\n\t\t\t\t\t\t\t\t\t<img decoding=\"async\" src=\"https:\/\/cdn.pilgrim.es\/web\/caminos\/camino-frances\/pueblos\/leon\/puntos-de-interes\/palacio-condes-de-luna.jpg\" alt=\"Edificio del MUSAC\">\n\t\t\t\t\t\t\t\t<\/div>\n\t\t\t\t\t\t\t<\/div>\n\t\t\t\t\t\t\n\t\t\t\t\t\t\t<div class=\"accordion__accordion-content inactive\">\n\t\t\t\t\t\t\t\t<div>\n\t\t\t\t\t\t\t\t\t<div>\n\t\t\t\t\t\t\t\t\t\t<h4>El Barrio Jud\u00edo<\/h4>\n\t\t\t\t\t\t\t\t\t\t<p>Il quartiere ebraico di Le\u00f3n si consolid\u00f2 nello spazio delimitato dalla Plaza Mayor, dalla via Santa Ana e dalla via Grano quando la comunit\u00e0 ebraica arriv\u00f2 in citt\u00e0 tra il XIII e il XV secolo.<\/p> <p>Il quartiere ebraico di Le\u00f3n si consolid\u00f2 nello spazio delimitato dalla Plaza Mayor, dalla via Santa Ana e dalla via Grano quando la comunit\u00e0 ebraica arriv\u00f2 in citt\u00e0 tra il XIII e il XV secolo.\n\n<p>Oggi si sta lavorando per recuperare il patrimonio ebraico che questo luogo aveva grazie all&#8217;insediamento ebraico. Vale la pena sottolineare il valore storico conservato nelle vie Misericordia e Santa Cruz.\n\t\t\t\t\t\t\t\t\t<\/div>\n\t\t\t\t\t\t\t\t\t<img decoding=\"async\" src=\"https:\/\/cdn.pilgrim.es\/web\/caminos\/camino-frances\/pueblos\/leon\/puntos-de-interes\/palacio-guzmanes.jpg\" alt=\"El Barrio Jud\u00edo\">\n\t\t\t\t\t\t\t\t<\/div>\n\t\t\t\t\t\t\t<\/div>\n\t\t\t\t\t\t\n\t\t\t\t\t\t\t<div class=\"accordion__accordion-content inactive\">\n\t\t\t\t\t\t\t\t<div>\n\t\t\t\t\t\t\t\t\t<div>\n\t\t\t\t\t\t\t\t\t\t<h4>Iglesia de San Marcelo<\/h4>\n\t\t\t\t\t\t\t\t\t\t<p>La Chiesa di San Marcelo fu costruita sui resti dell&#8217;antico patrono del luogo, San Marcelo, che furono trasferiti alla citt\u00e0 dal re Ferdinando il Cattolico nel 1493. <\/p>\n\n<p>Questi resti furono ritrovati solo nel 1588, quando Juan del Ribero Rada e Baltasar Guti\u00e9rrez costruirono l&#8217;attuale tempio, prolungando i lavori fino al 1627. All&#8217;interno del tempio spicca la pala d&#8217;altare principale del XVIII secolo, che ospita al centro l&#8217;incisione dedicata a San Marco.\n\t\t\t\t\t\t\t\t\t<\/div>\n\t\t\t\t\t\t\t\t\t<img decoding=\"async\" src=\"https:\/\/cdn.pilgrim.es\/web\/caminos\/camino-frances\/pueblos\/leon\/puntos-de-interes\/iglesia-san-marcelo.jpg\" alt=\"Iglesia de San Marcelo\">\n\t\t\t\t\t\t\t\t<\/div>\n\t\t\t\t\t\t\t<\/div>\n\t\t\t\t\t\t\n\t\t\t\t\t\t\t<div class=\"accordion__accordion-content inactive\">\n\t\t\t\t\t\t\t\t<div>\n\t\t\t\t\t\t\t\t\t<div>\n\t\t\t\t\t\t\t\t\t\t<h4>Iglesia de San Mart\u00edn<\/h4>\n\t\t\t\t\t\t\t\t\t\t<p>La chiesa di San Mart\u00edn, che risale all&#8217;XI secolo, conserva un frammento del suo stile romanico originale a causa delle innumerevoli trasformazioni a cui \u00e8 stata sottoposta nel corso dei secoli.<\/p> <p>La chiesa di San Mart\u00edn, che risale all&#8217;XI secolo, conserva un frammento del suo stile romanico originale a causa delle innumerevoli trasformazioni a cui \u00e8 stata sottoposta nel corso dei secoli.\n\n<p>Oggi si conserva un&#8217;abside attaccata all&#8217;edificio adiacente dell&#8217;Antico Concistoro e all&#8217;interno si trova una scultura della Piet\u00e0 della met\u00e0 del XVIII secolo, opera di Luis Salvador Carmona.\n\t\t\t\t\t\t\t\t\t<\/div>\n\t\t\t\t\t\t\t\t\t<img decoding=\"async\" src=\"https:\/\/cdn.pilgrim.es\/web\/caminos\/camino-frances\/pueblos\/leon\/puntos-de-interes\/iglesia-san-martin.jpg\" alt=\"Iglesia de San Mart\u00edn\">\n\t\t\t\t\t\t\t\t<\/div>\n\t\t\t\t\t\t\t<\/div>\n\t\t\t\t\t\t\n\t\t\t\t\t\t\t<div class=\"accordion__accordion-content inactive\">\n\t\t\t\t\t\t\t\t<div>\n\t\t\t\t\t\t\t\t\t<div>\n\t\t\t\t\t\t\t\t\t\t<h4>Palacio de los Guzmanes<\/h4>\n\t\t\t\t\t\t\t\t\t\t<p>Il Palacio de los Guzmanes \u00e8 un edificio costruito tra il 1559 e il 1572 sui resti delle antiche mura della citt\u00e0. Nel corso degli anni ha subito numerose modifiche, in particolare nel 1882, quando \u00e8 diventato propriet\u00e0 del Consiglio Provinciale.\n\n<p>Per quanto riguarda la sua struttura, possiamo evidenziare la sua pianta trapezoidale, sormontata da una torre ad ogni angolo. L&#8217;edificio \u00e8 diviso in due sezioni: quella superiore \u00e8 caratterizzata da una serie di balconi e quella inferiore da ampie finestre coperte da grate. L&#8217;intero edificio \u00e8 disposto attorno a un cortile interno colonnato.\n\t\t\t\t\t\t\t\t\t<\/div>\n\t\t\t\t\t\t\t\t\t<img decoding=\"async\" src=\"https:\/\/cdn.pilgrim.es\/web\/caminos\/camino-frances\/pueblos\/leon\/puntos-de-interes\/palacio-guzmanes.jpg\" alt=\"Palacio de los Guzmanes\">\n\t\t\t\t\t\t\t\t<\/div>\n\t\t\t\t\t\t\t<\/div>\n\t\t\t\t\t\t\n\t\t\t\t\t\t\t<div class=\"accordion__accordion-content inactive\">\n\t\t\t\t\t\t\t\t<div>\n\t\t\t\t\t\t\t\t\t<div>\n\t\t\t\t\t\t\t\t\t\t<h4>Iglesia de San Salvador de Palat de Rey<\/h4>\n\t\t\t\t\t\t\t\t\t\t<p>La chiesa di San Salvador de Palat de Rey fu costruita sui resti di un tempio a croce greca, di cui si \u00e8 conservato solo il transetto coperto da una volta a crociera. <\/p>\n\n<p> Fu ricostruito nel X secolo per ordine di Ramiro II, che decise di costruire un piccolo monastero per la figlia Elvira. Il monastero fu abbandonato durante il Medioevo fino a quando non fu adibito a chiesa parrocchiale. <\/p>\n\t\t\t\t\t\t\t\t\t<\/div>\n\t\t\t\t\t\t\t\t\t<img decoding=\"async\" src=\"https:\/\/cdn.pilgrim.es\/web\/caminos\/camino-frances\/pueblos\/leon\/puntos-de-interes\/iglesia-san-salvador-palat.jpg\" alt=\"Iglesia de San Salvador de Palat de Rey\">\n\t\t\t\t\t\t\t\t<\/div>\n\t\t\t\t\t\t\t<\/div>\n\t\t\t\t\t\t\n\t\t\t\t\t\t\t<div class=\"accordion__accordion-content inactive\">\n\t\t\t\t\t\t\t\t<div>\n\t\t\t\t\t\t\t\t\t<div>\n\t\t\t\t\t\t\t\t\t\t<h4>Iglesia de Santa Ana<\/h4>\n\t\t\t\t\t\t\t\t\t\t<p>Nel Vecchio Quartiere Ebraico della citt\u00e0 si trova la Chiesa di Santa Ana, che conserva una struttura divisa in tre navate, di cui quella centrale \u00e8 la pi\u00f9 ampia e le due laterali sono divise da archi a sesto acuto. <\/p>\n\n<\/p> <p>Di particolare rilievo all&#8217;interno sono le pitture murali con influenze mud\u00e9jar, cos\u00ec come la pala d&#8217;altare neoclassica che ospita gli intagli di San Lazzaro e Sant&#8217;Antonio Abate.\n\t\t\t\t\t\t\t\t\t<\/div>\n\t\t\t\t\t\t\t\t\t<img decoding=\"async\" src=\"https:\/\/cdn.pilgrim.es\/web\/caminos\/camino-frances\/pueblos\/leon\/puntos-de-interes\/iglesia-santa-ana.jpg\" alt=\"Iglesia de Santa Ana\">\n\t\t\t\t\t\t\t\t<\/div>\n\t\t\t\t\t\t\t<\/div>\n\t\t\t\t\t\t\n\t\t\t\t\t\t\t<div class=\"accordion__accordion-content inactive\">\n\t\t\t\t\t\t\t\t<div>\n\t\t\t\t\t\t\t\t\t<div>\n\t\t\t\t\t\t\t\t\t\t<h4>Iglesia de Santa Mar\u00eda del Mercado<\/h4>\n\t\t\t\t\t\t\t\t\t\t<p>La chiesa di Santa Mar\u00eda del Mercado risale al XII secolo, anche se ha subito importanti modifiche e ampliamenti nei secoli XV, XVI e XVIII. Questo tempio ha una forma molto originale, poich\u00e9 l&#8217;altezza delle navate diminuisce dal presbiterio fino ai piedi della chiesa, motivo per cui ha una forma a sarcofago.\n\n<p> Delle tre absidi originarie della chiesa, oggi rimangono solo le due laterali coperte da volte a forno. L&#8217;abside centrale fu demolita all&#8217;inizio del XVIII secolo per costruire al suo posto una piccola cappella che permettesse l&#8217;ingresso alla chiesa dal retro, con lo scopo di venerare l&#8217;immagine della Vergine della Via, opera del XV secolo.\n\t\t\t\t\t\t\t\t\t<\/div>\n\t\t\t\t\t\t\t\t\t<img decoding=\"async\" src=\"https:\/\/cdn.pilgrim.es\/web\/caminos\/camino-frances\/pueblos\/leon\/puntos-de-interes\/iglesia-santa-maria-del-mercado.jpg\" alt=\"Iglesia de Santa Mar\u00eda del Mercado\">\n\t\t\t\t\t\t\t\t<\/div>\n\t\t\t\t\t\t\t<\/div>\n\t\t\t\t\t\t\n\t\t\t\t\t\t\t<div class=\"accordion__accordion-content inactive\">\n\t\t\t\t\t\t\t\t<div>\n\t\t\t\t\t\t\t\t\t<div>\n\t\t\t\t\t\t\t\t\t\t<h4>Iglesia de Santa Marina<\/h4>\n\t\t\t\t\t\t\t\t\t\t<p>La chiesa di Santa Marina fu progettata a met\u00e0 del XVI secolo per ordine del vescovo Don Juan de San Mill\u00e1n. Al suo interno sono ancora conservate numerose sculture, come quella dedicata alla Vergine del Rosario, la figura che rappresenta il vescovo Don Juan e l&#8217;immagine di San Francisco Javier.\n\t\t\t\t\t\t\t\t\t<\/div>\n\t\t\t\t\t\t\t\t\t<img decoding=\"async\" src=\"https:\/\/cdn.pilgrim.es\/web\/caminos\/camino-frances\/pueblos\/leon\/puntos-de-interes\/iglesia-santa-marina.jpg\" alt=\"Iglesia de Santa Marina\">\n\t\t\t\t\t\t\t\t<\/div>\n\t\t\t\t\t\t\t<\/div>\n\t\t\t\t\t\t\n\t\t\t\t\t\t\t<div class=\"accordion__accordion-content inactive\">\n\t\t\t\t\t\t\t\t<div>\n\t\t\t\t\t\t\t\t\t<div>\n\t\t\t\t\t\t\t\t\t\t<h4>Palacio de los Condes de Luna<\/h4>\n\t\t\t\t\t\t\t\t\t\t<p>Il palazzo dei Conti di Luna fu costruito nel XIV secolo da Don Pedro Su\u00e1rez de Qui\u00f1ones e da sua moglie Do\u00f1a Juana Gonz\u00e1lez de Baz\u00e1n. Di quell&#8217;epoca rimane solo la facciata in stile gotico-mudejar decorata con gli stemmi araldici della famiglia. In seguito fu Do\u00f1a Clara Pimentel a decidere di ampliare questo palazzo aggiungendo una torre in stile rinascimentale ricoperta di ardesia. <\/p>\n\n<p>Oggi \u00e8 di propriet\u00e0 del Comune, che lo utilizza come sede dell&#8217;Universit\u00e0 di Washington in Spagna e come Centro di Interpretazione della Storia del Regno di Le\u00f3n.\n\t\t\t\t\t\t\t\t\t<\/div>\n\t\t\t\t\t\t\t\t\t<img decoding=\"async\" src=\"https:\/\/cdn.pilgrim.es\/web\/caminos\/camino-frances\/pueblos\/leon\/puntos-de-interes\/palacio-condes-de-luna.jpg\" alt=\"Palacio de los Condes de Luna\">\n\t\t\t\t\t\t\t\t<\/div>\n\t\t\t\t\t\t\t<\/div>\n\t\t\t\t\t\t\n\t\t\t\t\t\t\t<div class=\"accordion__accordion-content inactive\">\n\t\t\t\t\t\t\t\t<div>\n\t\t\t\t\t\t\t\t\t<div>\n\t\t\t\t\t\t\t\t\t\t<h4>Real Colegiata de San Isidoro<\/h4>\n\t\t\t\t\t\t\t\t\t\t<p>La Collegiata Reale di San Isidoro fu fondata nel X secolo per ordine del re Sancho il Crasso, con lo scopo di seppellire al suo interno i resti del bambino martire di Cordova. In seguito fu sottoposta a un grandioso rifacimento da parte di Alfonso V per trasformare l&#8217;edificio in una dimora per sua figlia Do\u00f1a Sancha e suo marito Fernando I. Questa ricostruzione fu completata nel 1063, dando vita a un tempio totalmente romanico.\n\n<p> Per quanto riguarda la sua struttura, si accede all&#8217;interno attraverso diverse porte, la principale conosciuta come La Puerta del Cordero (La porta dell&#8217;Agnello), che presenta una scultura equestre di San Isidoro, e la porta laterale conosciuta come La Puerta del Perd\u00f3n (La porta del Perdono), in onore dei pellegrini che venivano qui. Nell&#8217;altare principale, in stile ispano-fiammingo, si trova una bella pala d&#8217;altare del XVI secolo. <\/p>\n\t\t\t\t\t\t\t\t\t<\/div>\n\t\t\t\t\t\t\t\t\t<img decoding=\"async\" src=\"https:\/\/cdn.pilgrim.es\/web\/caminos\/camino-frances\/pueblos\/leon\/puntos-de-interes\/real-colegiata-san-isidoro.jpg\" alt=\"Real Colegiata de San Isidoro\">\n\t\t\t\t\t\t\t\t<\/div>\n\t\t\t\t\t\t\t<\/div>\n\t\t\t\t\t\t\n\t\t\t\t\t\t\t<div class=\"accordion__accordion-content inactive\">\n\t\t\t\t\t\t\t\t<div>\n\t\t\t\t\t\t\t\t\t<div>\n\t\t\t\t\t\t\t\t\t\t<h4>Muralla Romana y Cerca Medieval<\/h4>\n\t\t\t\t\t\t\t\t\t\t<p>La cinta muraria romana \u00e8 nota anche come muro dei Cubi. Circondava l&#8217;accampamento della Legio VI Victrix e aveva quattro ingressi su ogni lato. Di queste porte \u00e8 rimasta solo quella nota come &#8220;Porta del Castello&#8221;, ricostruita nel 1759. <\/p>\n\n<p>Per quanto riguarda la struttura delle mura, esse hanno uno spessore di poco pi\u00f9 di 5 metri, un&#8217;altezza di circa 8 metri e torri semicircolari e campanarie.  <\/p>\n\t\t\t\t\t\t\t\t\t<\/div>\n\t\t\t\t\t\t\t\t\t<img decoding=\"async\" src=\"https:\/\/cdn.pilgrim.es\/web\/caminos\/camino-frances\/pueblos\/leon\/puntos-de-interes\/muralla-romana.jpg\" alt=\"Muralla Romana y Cerca Medieval\">\n\t\t\t\t\t\t\t\t<\/div>\n\t\t\t\t\t\t\t<\/div>\n\t\t\t\t\t\t\n\t\t\t\t\t<\/div>\n\t\t\t\t<\/div>\n\t\t\t<\/div>\n\t\t\n\n\t\t<div id=\"phonesSection\">\n\t\t\t<div>\n\t\t\t\t<h2 class=\"p-h3-town\">Informazioni di interesse<\/h2>\n\t\t\t<\/div>\n\t\t\t<div class=\"grid\">\n\t\t\t\t\n\t\t\t\t\t<div class=\"phone-number-item\">\n\t\t\t\t\t\t<div class=\"phone-number-item__icon\"><i class=\"icon-police\"><\/i><\/div>\n\t\t\t\t\t\t<div class=\"phone-number-item__title\">\n\t\t\t\t\t\t\t<h3 class=\"p-font-bold\">Polizia locale<\/h3>\n\t\t\t\t\t\t\t<p>987 255 500<\/p>\n\t\t\t\t\t\t\t\n\t\t\t\t\t\t<\/div>\n\t\t\t\t\t<\/div>\n\t\t\t\t\n\t\t\t\t\t<div class=\"phone-number-item\">\n\t\t\t\t\t\t<div class=\"phone-number-item__icon\"><i class=\"icon-spanish-military-police\"><\/i><\/div>\n\t\t\t\t\t\t<div class=\"phone-number-item__title\">\n\t\t\t\t\t\t\t<h3 class=\"p-font-bold\">Guardia civile<\/h3>\n\t\t\t\t\t\t\t<p>987 253 211<\/p>\n\t\t\t\t\t\t\t\n\t\t\t\t\t\t<\/div>\n\t\t\t\t\t<\/div>\n\t\t\t\t\n\t\t\t\t\t<div class=\"phone-number-item\">\n\t\t\t\t\t\t<div class=\"phone-number-item__icon\"><i class=\"icon-firefighters\"><\/i><\/div>\n\t\t\t\t\t\t<div class=\"phone-number-item__title\">\n\t\t\t\t\t\t\t<h3 class=\"p-font-bold\">Vigili del fuoco<\/h3>\n\t\t\t\t\t\t\t<p>987 216 080<\/p>\n\t\t\t\t\t\t\t\n\t\t\t\t\t\t<\/div>\n\t\t\t\t\t<\/div>\n\t\t\t\t\n\t\t\t\t\t<div class=\"phone-number-item\">\n\t\t\t\t\t\t<div class=\"phone-number-item__icon\"><i class=\"icon-civil-protection\"><\/i><\/div>\n\t\t\t\t\t\t<div class=\"phone-number-item__title\">\n\t\t\t\t\t\t\t<h3 class=\"p-font-bold\">Protezione civile<\/h3>\n\t\t\t\t\t\t\t<p>987 969 100<\/p>\n\t\t\t\t\t\t\t\n\t\t\t\t\t\t<\/div>\n\t\t\t\t\t<\/div>\n\t\t\t\t\n\t\t\t\t\t<div class=\"phone-number-item\">\n\t\t\t\t\t\t<div class=\"phone-number-item__icon\"><i class=\"icon-town-council\"><\/i><\/div>\n\t\t\t\t\t\t<div class=\"phone-number-item__title\">\n\t\t\t\t\t\t\t<h3 class=\"p-font-bold\">Municipio<\/h3>\n\t\t\t\t\t\t\t<p>987 895 500<\/p>\n\t\t\t\t\t\t\t\n\t\t\t\t\t\t<\/div>\n\t\t\t\t\t<\/div>\n\t\t\t\t\n\t\t\t\t\t<div class=\"phone-number-item\">\n\t\t\t\t\t\t<div class=\"phone-number-item__icon\"><i class=\"icon-hospital\"><\/i><\/div>\n\t\t\t\t\t\t<div class=\"phone-number-item__title\">\n\t\t\t\t\t\t\t<h3 class=\"p-font-bold\">Centro sanitario<\/h3>\n\t\t\t\t\t\t\t<p>987 245 911 \/ 987 236 459<\/p>\n\t\t\t\t\t\t\t\n\t\t\t\t\t\t<\/div>\n\t\t\t\t\t<\/div>\n\t\t\t\t\n\t\t\t\t\t<div class=\"phone-number-item\">\n\t\t\t\t\t\t<div class=\"phone-number-item__icon\"><i class=\"icon-tourism\"><\/i><\/div>\n\t\t\t\t\t\t<div class=\"phone-number-item__title\">\n\t\t\t\t\t\t\t<h3 class=\"p-font-bold\">Ufficio turistico<\/h3>\n\t\t\t\t\t\t\t<p>987 237 082<\/p>\n\t\t\t\t\t\t\t\n\t\t\t\t\t\t\t\t<p>C\/ Plaza de Regla, 2<\/p>\n\t\t\t\t\t\t\t\n\t\t\t\t\t\t<\/div>\n\t\t\t\t\t<\/div>\n\t\t\t\t\n\t\t\t<\/div>\n\t\t<\/div>\n\n\t\t<div id=\"clientForm\">\n        <section>\n        <img decoding=\"async\" src=\"https:\/\/cdn.pilgrim.es\/web\/home\/email-contacto.png\" alt=\"contacto\">\n        <div>\n            <p>Ti inviamo la tua pianificazione<\/p>\n            <p>Forniscici i tuoi dati e ricevi la pianificazione del tuo viaggio via email <\/p>\n            <form method=\"post\" data-url=\"\/wp-admin\/admin-ajax.php\" id=\"planner--client\" class=\"flag-right form-client\">\n    <div class=\"form-data\">\n        <input name=\"form_id\" type=\"hidden\" value=\"Formulario Leads\">\n        <input name=\"type\" type=\"hidden\" value=\"planner_client\">\n        <input type=\"text\" name=\"nombre\" value=\"\" size=\"40\" class=\"form-control\" aria-required=\"true\" aria-invalid=\"false\" placeholder=\"Nome\">\n        <input type=\"email\" name=\"email\" value=\"\" size=\"40\" class=\"form-control\" aria-required=\"true\" aria-invalid=\"false\" placeholder=\"Mail\">\n        <input type=\"text\" id=\"phone-input\" name=\"tel\" value=\"\" size=\"40\" class=\"phone-input form-control\" aria-required=\"true\" aria-invalid=\"false\" placeholder=\"Telefono\">\n        <input type=\"hidden\" name=\"telefono\">\n    <\/div>\n    <div class=\"form-checkbox\">\n        <span>\n            Pilgrim Travel. S.L. informa, come previsto dal Regolamento 2016\/679, che i dati utilizzati in questo modulo verranno utilizzati sia per la risposta delle eventuali consultazioni sia per la pub-blicazione dei commenti, essendo il consenso dell'utente la base di legittimazione. Potranno esse-re esercitati i diritti in conformit\u00e0 con quanto stabilito dalla nostra             <a href=\"https:\/\/www.pilgrim.es\/it\/informativa-sulla-privacy\/\" target=\"_blank\" rel=\"noopener noreferrer nofollow\">Politica di privacy.<\/a>\n        <\/span>\n    <\/div>\n\n    <div class=\"form-submit\">\n        <button id=\"planner--client-create\" type=\"submit\">Formulario di contatto<\/button>\n        <div class=\"loadingDiv\"><i class=\"p-spinner\"><\/i><\/div>\n    <\/div>\n\n    <div class=\"contact-content-form-success\">\n        <p><i class=\"fas fa-check\"><\/i> Il modulo \u00e8 stato inviato correttamente<\/p>\n    <\/div>\n\n    <div class=\"contact-content-form-error\">\n        <span class=\"input-error\"><\/span>\n    <\/div>\n<\/form>        <\/div>\n    <\/section>\n<\/div>\n\n\t\t<div id=\"recomendationSection\">\n\t\t\t<div>\n\t\t\t\t<h2 class=\"p-h2-town\">Consigliato<\/h2>\n\t\t\t\t<hr>\n\t\t\t\t<h3 class=\"p-h3-town\">Gastronomia<\/h3>\n\t\t\t<\/div>\n\t\t\tLa gastronomia tipica di Le\u00f3n \u00e8 ricca di carni, insaccati e prodotti dell&#8217;orto che trasformano i suoi piatti in autentiche esplosioni di sapori.\n\nSu tutti spicca il maiale, grazie al quale si producono sanguinaccio, chorizo, prosciutto, lombo di maiale e carne secca, oltre ad altri prodotti tipici della zona. Molto tipici sono anche il botillo, le pernici con cavolo, le quaglie al forno e il cocido maragato o il cocido monta\u00f1\u00e9s. Un altro piatto forte sono le diverse ricette a base di trota dei fiumi di Le\u00f3n.\n\nLa zona migliore per assaporare la ricca gastronomia di Le\u00f3n \u00e8 il noto Barrio H\u00famedo, dove si trovano numerosi locali in cui mangiare tapas.\n\t\t<\/div>\n\n\n\t\t\n\t\t\t<div id=\"holidaysSection\">\n\t\t\t\t<div>\n\t\t\t\t\t<h2 class=\"p-h2-town\">Consigliato<\/h2>\n\t\t\t\t\t<hr>\n\t\t\t\t\t<h3 class=\"p-h3-town\">Festival e pellegrinaggi<\/h3>\n\t\t\t\t<\/div>\n\t\t\t\t<div class=\"grid holidays-grid\">\n\t\t\t\t\t\n\t\t\t\t\t\t<div>\n\t\t\t\t\t\t\t<div class=\"phone-number-item\">\n\t\t\t\t\t\t\t\t<div class=\"phone-number-item__icon\"><i class=\"icon-holiday\"><\/i><\/div>\n\t\t\t\t\t\t\t\t<div class=\"phone-number-item__title dark-text\">\n\t\t\t\t\t\t\t\t\t<p class=\"p-font-bold\">Vacanza locale<\/p>\n\t\t\t\t\t\t\t\t\t<p>30 de Junio: Fiesta de San Pedro<\/p>\n\t\t\t\t\t\t\t\t<\/div>\n\t\t\t\t\t\t\t<\/div>\n\t\t\t\t\t\t<\/div>\n\t\t\t\t\t\n\t\t\t\t\t\t<div>\n\t\t\t\t\t\t\t<div class=\"phone-number-item\">\n\t\t\t\t\t\t\t\t<div class=\"phone-number-item__icon\"><i class=\"icon-holiday\"><\/i><\/div>\n\t\t\t\t\t\t\t\t<div class=\"phone-number-item__title dark-text\">\n\t\t\t\t\t\t\t\t\t<p class=\"p-font-bold\">Vacanza locale<\/p>\n\t\t\t\t\t\t\t\t\t<p>\u00daltimo domingo de abril: Fiesta de Las Cabezadas<\/p>\n\t\t\t\t\t\t\t\t<\/div>\n\t\t\t\t\t\t\t<\/div>\n\t\t\t\t\t\t<\/div>\n\t\t\t\t\t\n\t\t\t\t\t\t<div>\n\t\t\t\t\t\t\t<div class=\"phone-number-item\">\n\t\t\t\t\t\t\t\t<div class=\"phone-number-item__icon\"><i class=\"icon-holiday\"><\/i><\/div>\n\t\t\t\t\t\t\t\t<div class=\"phone-number-item__title dark-text\">\n\t\t\t\t\t\t\t\t\t<p class=\"p-font-bold\">Vacanza locale<\/p>\n\t\t\t\t\t\t\t\t\t<p>24 de junio: Fiesta de San Juan<\/p>\n\t\t\t\t\t\t\t\t<\/div>\n\t\t\t\t\t\t\t<\/div>\n\t\t\t\t\t\t<\/div>\n\t\t\t\t\t\n\t\t\t\t\t\t<div>\n\t\t\t\t\t\t\t<div class=\"phone-number-item\">\n\t\t\t\t\t\t\t\t<div class=\"phone-number-item__icon\"><i class=\"icon-holiday\"><\/i><\/div>\n\t\t\t\t\t\t\t\t<div class=\"phone-number-item__title dark-text\">\n\t\t\t\t\t\t\t\t\t<p class=\"p-font-bold\">Vacanza locale<\/p>\n\t\t\t\t\t\t\t\t\t<p>5 de octubre: Fiestas de San Froil\u00e1n<\/p>\n\t\t\t\t\t\t\t\t<\/div>\n\t\t\t\t\t\t\t<\/div>\n\t\t\t\t\t\t<\/div>\n\t\t\t\t\t\n\t\t\t\t<\/div>\n\t\t\t<\/div>\n\t\t\n\t<\/div>\n<\/section>\n\n<div id=\"stage_list_section\"><div class=\"stage-list\">\n    <div class='stage-list__map-card'>\n        <div class='stage-list__map-card__map'>\n            <div class='stage-list__map-card__map__text'>\n                <h2> Pages <\/h2>\n                <p> A piedi<\/p>\n                <p> 0tappe<\/p>\n            <\/div>\n            <div class='stage-list__map-card__map__img'>\n                <img decoding=\"async\" src=\"\" alt=\" mapa \" \/>\n            <\/div>\n        <\/div>\n    <\/div>\n\n    <\/div>\n<\/div> ","protected":false},"excerpt":{"rendered":"<p>Le\u00f3n &#8249; Ritorno al palcoscenico Le\u00f3n Abitanti: 127.551 aprox. Provincia: Le\u00f3n Informazioni Get to know Le\u00f3n Le\u00f3n \u00e8 la prossima citt\u00e0 che i pellegrini incontrano sul cammino di Santiago. \u00c8 una delle citt\u00e0 pi\u00f9 importanti del Cammino francese grazie alla sua ospitalit\u00e0, latente da secoli, grazie alla presenza di ben diciassette ospedali per i pellegrini &hellip; <\/p>\n<p class=\"read_more\"><a href=\"https:\/\/www.pilgrim.es\/it\/cammino-francese\/leon\/\">Leer m\u00e1s<\/a><\/p>\n","protected":false},"author":0,"featured_media":2985,"parent":10735,"menu_order":0,"comment_status":"closed","ping_status":"closed","template":"views\/template-new-web-design.blade.php","meta":{"footnotes":""},"categories":[],"tags":[],"class_list":["post-91103","page","type-page","status-publish","has-post-thumbnail","hentry"],"yoast_head":"<!-- This site is optimized with the Yoast SEO plugin v27.4 - https:\/\/yoast.com\/product\/yoast-seo-wordpress\/ -->\n<title>Le\u00f3n: Cosa vedere e dove dormire | Cammino di Santiago | Pilgrim<\/title>\n<meta name=\"description\" content=\"Le\u00f3n Scopri tutte le informazioni su dove alloggiare, come arrivare, cosa mangiare e sui principali punti di interesse delle localit\u00e0 lungo il Cammino Francese.\" \/>\n<meta name=\"robots\" content=\"index, follow, max-snippet:-1, max-image-preview:large, max-video-preview:-1\" \/>\n<link rel=\"canonical\" href=\"https:\/\/www.pilgrim.es\/it\/cammino-francese\/leon\/\" \/>\n<meta property=\"og:locale\" content=\"it_IT\" \/>\n<meta property=\"og:type\" content=\"article\" \/>\n<meta property=\"og:title\" content=\"Le\u00f3n: Cosa vedere e dove dormire | Cammino di Santiago | Pilgrim\" \/>\n<meta property=\"og:description\" content=\"Le\u00f3n Scopri tutte le informazioni su dove alloggiare, come arrivare, cosa mangiare e sui principali punti di interesse delle localit\u00e0 lungo il Cammino Francese.\" \/>\n<meta property=\"og:url\" content=\"https:\/\/www.pilgrim.es\/it\/cammino-francese\/leon\/\" \/>\n<meta property=\"og:site_name\" content=\"Pilgrim\" \/>\n<meta property=\"article:publisher\" content=\"https:\/\/www.facebook.com\/pilgrim.es\/\" \/>\n<meta property=\"og:image\" content=\"https:\/\/www.pilgrim.es\/wp-content\/uploads\/2019\/02\/catedral-leon1.jpg\" \/>\n\t<meta property=\"og:image:width\" content=\"1600\" \/>\n\t<meta property=\"og:image:height\" content=\"1200\" \/>\n\t<meta property=\"og:image:type\" content=\"image\/jpeg\" \/>\n<meta name=\"twitter:card\" content=\"summary_large_image\" \/>\n<meta name=\"twitter:site\" content=\"@pilgrim_es\" \/>\n<meta name=\"twitter:label1\" content=\"Tempo di lettura stimato\" \/>\n\t<meta name=\"twitter:data1\" content=\"14 minuti\" \/>\n<script type=\"application\/ld+json\" class=\"yoast-schema-graph\">{\"@context\":\"https:\\\/\\\/schema.org\",\"@graph\":[{\"@type\":\"WebPage\",\"@id\":\"https:\\\/\\\/www.pilgrim.es\\\/it\\\/cammino-francese\\\/leon\\\/\",\"url\":\"https:\\\/\\\/www.pilgrim.es\\\/it\\\/cammino-francese\\\/leon\\\/\",\"name\":\"Le\u00f3n: Cosa vedere e dove dormire | Cammino di Santiago | Pilgrim\",\"isPartOf\":{\"@id\":\"https:\\\/\\\/www.pilgrim.es\\\/it\\\/#website\"},\"primaryImageOfPage\":{\"@id\":\"https:\\\/\\\/www.pilgrim.es\\\/it\\\/cammino-francese\\\/leon\\\/#primaryimage\"},\"image\":{\"@id\":\"https:\\\/\\\/www.pilgrim.es\\\/it\\\/cammino-francese\\\/leon\\\/#primaryimage\"},\"thumbnailUrl\":\"https:\\\/\\\/www.pilgrim.es\\\/wp-content\\\/uploads\\\/2019\\\/02\\\/catedral-leon1.jpg\",\"datePublished\":\"2025-03-17T13:28:30+00:00\",\"description\":\"Le\u00f3n Scopri tutte le informazioni su dove alloggiare, come arrivare, cosa mangiare e sui principali punti di interesse delle localit\u00e0 lungo il Cammino Francese.\",\"breadcrumb\":{\"@id\":\"https:\\\/\\\/www.pilgrim.es\\\/it\\\/cammino-francese\\\/leon\\\/#breadcrumb\"},\"inLanguage\":\"it-IT\",\"potentialAction\":[{\"@type\":\"ReadAction\",\"target\":[\"https:\\\/\\\/www.pilgrim.es\\\/it\\\/cammino-francese\\\/leon\\\/\"]}]},{\"@type\":\"ImageObject\",\"inLanguage\":\"it-IT\",\"@id\":\"https:\\\/\\\/www.pilgrim.es\\\/it\\\/cammino-francese\\\/leon\\\/#primaryimage\",\"url\":\"https:\\\/\\\/www.pilgrim.es\\\/wp-content\\\/uploads\\\/2019\\\/02\\\/catedral-leon1.jpg\",\"contentUrl\":\"https:\\\/\\\/www.pilgrim.es\\\/wp-content\\\/uploads\\\/2019\\\/02\\\/catedral-leon1.jpg\",\"width\":1600,\"height\":1200,\"caption\":\"Le\u00f3n\"},{\"@type\":\"BreadcrumbList\",\"@id\":\"https:\\\/\\\/www.pilgrim.es\\\/it\\\/cammino-francese\\\/leon\\\/#breadcrumb\",\"itemListElement\":[{\"@type\":\"ListItem\",\"position\":1,\"name\":\"Camino de Santiago\",\"item\":\"https:\\\/\\\/www.pilgrim.es\\\/it\\\/\"},{\"@type\":\"ListItem\",\"position\":2,\"name\":\"Cammino Francese\",\"item\":\"https:\\\/\\\/www.pilgrim.es\\\/it\\\/cammino-francese\\\/\"},{\"@type\":\"ListItem\",\"position\":3,\"name\":\"Le\u00f3n\"}]},{\"@type\":\"WebSite\",\"@id\":\"https:\\\/\\\/www.pilgrim.es\\\/it\\\/#website\",\"url\":\"https:\\\/\\\/www.pilgrim.es\\\/it\\\/\",\"name\":\"Pilgrim\",\"description\":\"Camino de Santiago | Caminamos Contigo\",\"publisher\":{\"@id\":\"https:\\\/\\\/www.pilgrim.es\\\/it\\\/#organization\"},\"potentialAction\":[{\"@type\":\"SearchAction\",\"target\":{\"@type\":\"EntryPoint\",\"urlTemplate\":\"https:\\\/\\\/www.pilgrim.es\\\/it\\\/?s={search_term_string}\"},\"query-input\":{\"@type\":\"PropertyValueSpecification\",\"valueRequired\":true,\"valueName\":\"search_term_string\"}}],\"inLanguage\":\"it-IT\"},{\"@type\":\"Organization\",\"@id\":\"https:\\\/\\\/www.pilgrim.es\\\/it\\\/#organization\",\"name\":\"Pilgrim Camino de Santiago\",\"url\":\"https:\\\/\\\/www.pilgrim.es\\\/it\\\/\",\"logo\":{\"@type\":\"ImageObject\",\"inLanguage\":\"it-IT\",\"@id\":\"https:\\\/\\\/www.pilgrim.es\\\/it\\\/#\\\/schema\\\/logo\\\/image\\\/\",\"url\":\"https:\\\/\\\/www.pilgrim.es\\\/wp-content\\\/uploads\\\/2019\\\/04\\\/logo_pilgrim.png\",\"contentUrl\":\"https:\\\/\\\/www.pilgrim.es\\\/wp-content\\\/uploads\\\/2019\\\/04\\\/logo_pilgrim.png\",\"width\":512,\"height\":512,\"caption\":\"Pilgrim Camino de Santiago\"},\"image\":{\"@id\":\"https:\\\/\\\/www.pilgrim.es\\\/it\\\/#\\\/schema\\\/logo\\\/image\\\/\"},\"sameAs\":[\"https:\\\/\\\/www.facebook.com\\\/pilgrim.es\\\/\",\"https:\\\/\\\/x.com\\\/pilgrim_es\",\"https:\\\/\\\/www.instagram.com\\\/pilgrim.es\\\/\",\"https:\\\/\\\/www.linkedin.com\\\/company\\\/pilgrim-camino-de-santiago\\\/\",\"https:\\\/\\\/www.pinterest.es\\\/pilgrimcaminodesantiago\\\/\",\"https:\\\/\\\/www.youtube.com\\\/channel\\\/UCIv2ZzFLXVqthkNF32rKedw\\\/featured\"]}]}<\/script>\n<!-- \/ Yoast SEO plugin. -->","yoast_head_json":{"title":"Le\u00f3n: Cosa vedere e dove dormire | Cammino di Santiago | Pilgrim","description":"Le\u00f3n Scopri tutte le informazioni su dove alloggiare, come arrivare, cosa mangiare e sui principali punti di interesse delle localit\u00e0 lungo il Cammino Francese.","robots":{"index":"index","follow":"follow","max-snippet":"max-snippet:-1","max-image-preview":"max-image-preview:large","max-video-preview":"max-video-preview:-1"},"canonical":"https:\/\/www.pilgrim.es\/it\/cammino-francese\/leon\/","og_locale":"it_IT","og_type":"article","og_title":"Le\u00f3n: Cosa vedere e dove dormire | Cammino di Santiago | Pilgrim","og_description":"Le\u00f3n Scopri tutte le informazioni su dove alloggiare, come arrivare, cosa mangiare e sui principali punti di interesse delle localit\u00e0 lungo il Cammino Francese.","og_url":"https:\/\/www.pilgrim.es\/it\/cammino-francese\/leon\/","og_site_name":"Pilgrim","article_publisher":"https:\/\/www.facebook.com\/pilgrim.es\/","og_image":[{"width":1600,"height":1200,"url":"https:\/\/www.pilgrim.es\/wp-content\/uploads\/2019\/02\/catedral-leon1.jpg","type":"image\/jpeg"}],"twitter_card":"summary_large_image","twitter_site":"@pilgrim_es","twitter_misc":{"Tempo di lettura stimato":"14 minuti"},"schema":{"@context":"https:\/\/schema.org","@graph":[{"@type":"WebPage","@id":"https:\/\/www.pilgrim.es\/it\/cammino-francese\/leon\/","url":"https:\/\/www.pilgrim.es\/it\/cammino-francese\/leon\/","name":"Le\u00f3n: Cosa vedere e dove dormire | Cammino di Santiago | Pilgrim","isPartOf":{"@id":"https:\/\/www.pilgrim.es\/it\/#website"},"primaryImageOfPage":{"@id":"https:\/\/www.pilgrim.es\/it\/cammino-francese\/leon\/#primaryimage"},"image":{"@id":"https:\/\/www.pilgrim.es\/it\/cammino-francese\/leon\/#primaryimage"},"thumbnailUrl":"https:\/\/www.pilgrim.es\/wp-content\/uploads\/2019\/02\/catedral-leon1.jpg","datePublished":"2025-03-17T13:28:30+00:00","description":"Le\u00f3n Scopri tutte le informazioni su dove alloggiare, come arrivare, cosa mangiare e sui principali punti di interesse delle localit\u00e0 lungo il Cammino Francese.","breadcrumb":{"@id":"https:\/\/www.pilgrim.es\/it\/cammino-francese\/leon\/#breadcrumb"},"inLanguage":"it-IT","potentialAction":[{"@type":"ReadAction","target":["https:\/\/www.pilgrim.es\/it\/cammino-francese\/leon\/"]}]},{"@type":"ImageObject","inLanguage":"it-IT","@id":"https:\/\/www.pilgrim.es\/it\/cammino-francese\/leon\/#primaryimage","url":"https:\/\/www.pilgrim.es\/wp-content\/uploads\/2019\/02\/catedral-leon1.jpg","contentUrl":"https:\/\/www.pilgrim.es\/wp-content\/uploads\/2019\/02\/catedral-leon1.jpg","width":1600,"height":1200,"caption":"Le\u00f3n"},{"@type":"BreadcrumbList","@id":"https:\/\/www.pilgrim.es\/it\/cammino-francese\/leon\/#breadcrumb","itemListElement":[{"@type":"ListItem","position":1,"name":"Camino de Santiago","item":"https:\/\/www.pilgrim.es\/it\/"},{"@type":"ListItem","position":2,"name":"Cammino Francese","item":"https:\/\/www.pilgrim.es\/it\/cammino-francese\/"},{"@type":"ListItem","position":3,"name":"Le\u00f3n"}]},{"@type":"WebSite","@id":"https:\/\/www.pilgrim.es\/it\/#website","url":"https:\/\/www.pilgrim.es\/it\/","name":"Pilgrim","description":"Camino de Santiago | Caminamos Contigo","publisher":{"@id":"https:\/\/www.pilgrim.es\/it\/#organization"},"potentialAction":[{"@type":"SearchAction","target":{"@type":"EntryPoint","urlTemplate":"https:\/\/www.pilgrim.es\/it\/?s={search_term_string}"},"query-input":{"@type":"PropertyValueSpecification","valueRequired":true,"valueName":"search_term_string"}}],"inLanguage":"it-IT"},{"@type":"Organization","@id":"https:\/\/www.pilgrim.es\/it\/#organization","name":"Pilgrim Camino de Santiago","url":"https:\/\/www.pilgrim.es\/it\/","logo":{"@type":"ImageObject","inLanguage":"it-IT","@id":"https:\/\/www.pilgrim.es\/it\/#\/schema\/logo\/image\/","url":"https:\/\/www.pilgrim.es\/wp-content\/uploads\/2019\/04\/logo_pilgrim.png","contentUrl":"https:\/\/www.pilgrim.es\/wp-content\/uploads\/2019\/04\/logo_pilgrim.png","width":512,"height":512,"caption":"Pilgrim Camino de Santiago"},"image":{"@id":"https:\/\/www.pilgrim.es\/it\/#\/schema\/logo\/image\/"},"sameAs":["https:\/\/www.facebook.com\/pilgrim.es\/","https:\/\/x.com\/pilgrim_es","https:\/\/www.instagram.com\/pilgrim.es\/","https:\/\/www.linkedin.com\/company\/pilgrim-camino-de-santiago\/","https:\/\/www.pinterest.es\/pilgrimcaminodesantiago\/","https:\/\/www.youtube.com\/channel\/UCIv2ZzFLXVqthkNF32rKedw\/featured"]}]}},"_links":{"self":[{"href":"https:\/\/www.pilgrim.es\/it\/wp-json\/wp\/v2\/pages\/91103","targetHints":{"allow":["GET"]}}],"collection":[{"href":"https:\/\/www.pilgrim.es\/it\/wp-json\/wp\/v2\/pages"}],"about":[{"href":"https:\/\/www.pilgrim.es\/it\/wp-json\/wp\/v2\/types\/page"}],"replies":[{"embeddable":true,"href":"https:\/\/www.pilgrim.es\/it\/wp-json\/wp\/v2\/comments?post=91103"}],"version-history":[{"count":0,"href":"https:\/\/www.pilgrim.es\/it\/wp-json\/wp\/v2\/pages\/91103\/revisions"}],"up":[{"embeddable":true,"href":"https:\/\/www.pilgrim.es\/it\/wp-json\/wp\/v2\/pages\/10735"}],"wp:featuredmedia":[{"embeddable":true,"href":"https:\/\/www.pilgrim.es\/it\/wp-json\/wp\/v2\/media\/2985"}],"wp:attachment":[{"href":"https:\/\/www.pilgrim.es\/it\/wp-json\/wp\/v2\/media?parent=91103"}],"wp:term":[{"taxonomy":"category","embeddable":true,"href":"https:\/\/www.pilgrim.es\/it\/wp-json\/wp\/v2\/categories?post=91103"},{"taxonomy":"post_tag","embeddable":true,"href":"https:\/\/www.pilgrim.es\/it\/wp-json\/wp\/v2\/tags?post=91103"}],"curies":[{"name":"wp","href":"https:\/\/api.w.org\/{rel}","templated":true}]}}