{"id":91088,"date":"2025-03-17T13:17:38","date_gmt":"2025-03-17T13:17:38","guid":{"rendered":"https:\/\/www.pilgrim.es\/cammino-francese\/carrion-de-los-condes\/"},"modified":"2025-03-17T13:17:38","modified_gmt":"2025-03-17T13:17:38","slug":"carrion-de-los-condes","status":"publish","type":"page","link":"https:\/\/www.pilgrim.es\/it\/cammino-francese\/carrion-de-los-condes\/","title":{"rendered":"Carri\u00f3n de los Condes"},"content":{"rendered":" <section id=\"hero\">\n\t<h1>Carri\u00f3n de los Condes<\/h1>\n\t<div class=\"hero-grid\">\n\t\t<div class=\"hero-grid__town-col\" data-background=\"https:\/\/cdn.pilgrim.es\/web\/caminos\/camino-frances\/pueblos\/carrion-de-los-condes\/carrion-de-los-condes.jpg\">\n\t\t\t<div>\n\t\t\t\t<a class=\"link-to-stage\" href=\"https:\/\/www.pilgrim.es\/camino-frances\/etapa-16-fromista-carrion-de-los-condes\/\">\n\t\t\t\t\t<p>&#8249; Ritorno al palcoscenico<\/p>\n\t\t\t\t<\/a>\n\n\t\t\t\t<div class=\"town-data\">\n\t\t\t\t\t<h2>Carri\u00f3n de los Condes<\/h2>\n\t\t\t\t\t<ul>\n\t\t\t\t\t\t<li>Abitanti: 2.198 aprox.<\/li>\n\t\t\t\t\t\t<li>Provincia: Palencia<\/li>\n\t\t\t\t\t<\/ul>\n\t\t\t\t<\/div>\n\t\t\t<\/div>\n\t\t<\/div>\n\t\t<div class=\"hero-grid__planner-col\"><div\r\n  class=\"p-col-span-1 p-rounded-lg p-px-5 p-h-full\"\r\n  style=\"background-image: url('https:\/\/cdn.pilgrim.es\/web\/pilgrim-planner\/bg-plugin-planificador.webp')\"\r\n  rel=\"preload\"\r\n  fetchpriority=\"high\"\r\n  >\r\n    <div class=\"p-text-center p-pt-5 p-text-white p-text-2xl p-font-semibold\">\r\n      Pianifica il tuo cammino    <\/div>\r\n    <div\r\n            id='primary-app'\r\n            data-name='banner'\r\n            data-api='https:\/\/pathfinder.pilgrim.es\/api\/pathfinder\/v2'\r\n            data-mode='normal'\r\n            data-lang='it'\r\n            data-route='1'\r\n            data-destiny='https:\/\/planificador.pilgrim.es'\r\n            data-modality='1'\r\n            data-inline=''\r\n        ><\/div><\/div><\/div>\n\t<\/div>\n<\/section>\n\n<section id=\"infoTown\">\n\t<div class=\"sections-town\">\n\n\t\t<div id=\"informationSection\">\n\t\t\t<div>\n\t\t\t\t<h2 class=\"p-h2-town\">Informazioni<\/h2>\n\t\t\t\t<hr>\n\t\t\t\t<h3 class=\"p-h3-town\">Get to know Carri\u00f3n de los Condes<\/h3>\n\t\t\t<\/div>\n\t\t\t<p>Carri\u00f3n de los Condes \u00e8 una piccola citt\u00e0 che ha avuto un passato molto importante, tanto da diventare la patria di importanti personaggi storici come i Retes, gli Infantes de Carri\u00f3n e il Marchese di Santillana.<\/p> <p>A questa estremit\u00e0 della tappa, i pellegrini troveranno tutti i servizi di cui hanno bisogno.<\/p> <p>\n\t\t<\/div>\n\n\t\t<div id=\"locationSection\">\n\t\t\t<div>\n\t\t\t\t<h2 class=\"p-h2-town\">Posizione<\/h2>\n\t\t\t\t<hr>\n\t\t\t\t<h3 class=\"p-h3-town\">Come arrivare<\/h3>\n\t\t\t<\/div>\n\t\t\t<p>Il modo principale per arrivare a Carri\u00f3n de los Condes in auto \u00e8 andare a Palencia e da l\u00ec prendere la CL-615 e dopo 40 km si arriva al centro del paese. Un&#8217;altra opzione \u00e8 quella di andare da Burgos sulla A-231 o da Le\u00f3n sulla stessa strada in direzione opposta.\n\n<p>Un&#8217;altra alternativa potrebbe essere quella di raggiungere una delle tre grandi citt\u00e0 (Burgos, Le\u00f3n e Palencia) in auto, autobus o treno e poi andare a Carri\u00f3n de los Condes in autobus. Da Palencia il servizio \u00e8 garantito dalla compagnia AJA, che offre linee giornaliere con diversi orari in entrambe le direzioni. Da Burgos la compagnia \u00e8 ALSA e offre un autobus giornaliero che effettua il viaggio. Anche da Le\u00f3n questa compagnia offre un servizio di autobus giornaliero, tranne il sabato, quando non c&#8217;\u00e8 nessun autobus.\n\t\t\t<div>\n\t\t\t\t<div>\n  <iframe loading=\"lazy\"\n    src=\"https:\/\/www.google.com\/maps\/d\/embed?mid=1EHRSygUNLoO_P5tW9j2JGXqS6bxu8RQ&amp;ehbc=2E312F\"\n    width=\"640\"\n    height=\"480\"\n    alt=\"Mapa Carri\u00f3n de los Condes\"\n  ><\/iframe>\n<\/div>\n\n\t\t\t<\/div>\n\t\t<\/div>\n\n\t\t\n\t\t\t<div id=\"toVisitSection\">\n\t\t\t\t<div>\n\t\t\t\t\t<h2 class=\"p-h2-town\">Storia \/ Cultura<\/h2>\n\t\t\t\t\t<hr>\n\t\t\t\t\t<h3 class=\"p-h3-town\">Cosa vedere<\/h3>\n\t\t\t\t<\/div>\n\t\t\t\t<div>\n\t\t\t\t\t<div class=\"accordion\">\n\t\t\t\t\t\t<div class=\"accordion__menu\">\n\t\t\t\t\t\t\t<nav>\n\t\t\t\t\t\t\t\t\n\t\t\t\t\t\t\t\t\t<button class=\"nav-tab-accordion active\"><span>&#10093;<\/span><span> Iglesia San Juli\u00e1n<\/span><\/button>\n\t\t\t\t\t\t\t\t\n\t\t\t\t\t\t\t\t\t<button class=\"nav-tab-accordion \"><span>&#10093;<\/span><span> Casa del \u00c1guila<\/span><\/button>\n\t\t\t\t\t\t\t\t\n\t\t\t\t\t\t\t\t\t<button class=\"nav-tab-accordion \"><span>&#10093;<\/span><span> Puente Mayor<\/span><\/button>\n\t\t\t\t\t\t\t\t\n\t\t\t\t\t\t\t\t\t<button class=\"nav-tab-accordion \"><span>&#10093;<\/span><span> Ermita de la Piedad<\/span><\/button>\n\t\t\t\t\t\t\t\t\n\t\t\t\t\t\t\t\t\t<button class=\"nav-tab-accordion \"><span>&#10093;<\/span><span> Real Monasterio de San Zoilo<\/span><\/button>\n\t\t\t\t\t\t\t\t\n\t\t\t\t\t\t\t\t\t<button class=\"nav-tab-accordion \"><span>&#10093;<\/span><span> Museo de Santiago<\/span><\/button>\n\t\t\t\t\t\t\t\t\n\t\t\t\t\t\t\t\t\t<button class=\"nav-tab-accordion \"><span>&#10093;<\/span><span> Monasterio de San Francisco<\/span><\/button>\n\t\t\t\t\t\t\t\t\n\t\t\t\t\t\t\t\t\t<button class=\"nav-tab-accordion \"><span>&#10093;<\/span><span> La Inmaculada Concepci\u00f3n<\/span><\/button>\n\t\t\t\t\t\t\t\t\n\t\t\t\t\t\t\t\t\t<button class=\"nav-tab-accordion \"><span>&#10093;<\/span><span> Iglesia de Santiago<\/span><\/button>\n\t\t\t\t\t\t\t\t\n\t\t\t\t\t\t\t\t\t<button class=\"nav-tab-accordion \"><span>&#10093;<\/span><span> Iglesia de Santa Mar\u00eda del Camino<\/span><\/button>\n\t\t\t\t\t\t\t\t\n\t\t\t\t\t\t\t\t\t<button class=\"nav-tab-accordion \"><span>&#10093;<\/span><span> Iglesia de Santa Clara<\/span><\/button>\n\t\t\t\t\t\t\t\t\n\t\t\t\t\t\t\t\t\t<button class=\"nav-tab-accordion \"><span>&#10093;<\/span><span> Museo de Santa Clara<\/span><\/button>\n\t\t\t\t\t\t\t\t\n\t\t\t\t\t\t\t\t\t<button class=\"nav-tab-accordion \"><span>&#10093;<\/span><span> Casa de los Gir\u00f3n<\/span><\/button>\n\t\t\t\t\t\t\t\t\n\t\t\t\t\t\t\t\t\t<button class=\"nav-tab-accordion \"><span>&#10093;<\/span><span> Casa del Marqu\u00e9s de Santillana<\/span><\/button>\n\t\t\t\t\t\t\t\t\n\t\t\t\t\t\t\t\t\t<button class=\"nav-tab-accordion \"><span>&#10093;<\/span><span> Iglesia de Nuestra Se\u00f1ora de Bel\u00e9n<\/span><\/button>\n\t\t\t\t\t\t\t\t\n\t\t\t\t\t\t\t\t\t<button class=\"nav-tab-accordion \"><span>&#10093;<\/span><span> Casa de la Cultura<\/span><\/button>\n\t\t\t\t\t\t\t\t\n\t\t\t\t\t\t\t\t\t<button class=\"nav-tab-accordion \"><span>&#10093;<\/span><span> Casa de la Calle Padre Gil<\/span><\/button>\n\t\t\t\t\t\t\t\t\n\t\t\t\t\t\t\t\t\t<button class=\"nav-tab-accordion \"><span>&#10093;<\/span><span> Iglesia de San Andr\u00e9s Ap\u00f3stol<\/span><\/button>\n\t\t\t\t\t\t\t\t\n\t\t\t\t\t\t\t\t\t<button class=\"nav-tab-accordion \"><span>&#10093;<\/span><span> Convento Hijas de la Caridad<\/span><\/button>\n\t\t\t\t\t\t\t\t\n\t\t\t\t\t\t\t\t\t<button class=\"nav-tab-accordion \"><span>&#10093;<\/span><span> Convento de la Sant\u00edsima Trinidad<\/span><\/button>\n\t\t\t\t\t\t\t\t\n\t\t\t\t\t\t\t\t\t<button class=\"nav-tab-accordion \"><span>&#10093;<\/span><span> San Juli\u00e1n de Cestillos<\/span><\/button>\n\t\t\t\t\t\t\t\t\n\t\t\t\t\t\t\t\t\t<button class=\"nav-tab-accordion \"><span>&#10093;<\/span><span> Real Monasterio de Santa Clara<\/span><\/button>\n\t\t\t\t\t\t\t\t\n\t\t\t\t\t\t\t<\/nav>\n\t\t\t\t\t\t<\/div>\n\n\t\t\t\t\t\t\n\t\t\t\t\t\t\t<div class=\"accordion__accordion-content \">\n\t\t\t\t\t\t\t\t<div>\n\t\t\t\t\t\t\t\t\t<div>\n\t\t\t\t\t\t\t\t\t\t<h4>Iglesia San Juli\u00e1n<\/h4>\n\t\t\t\t\t\t\t\t\t\t<p>La chiesa di San Giuliano \u00e8 a navata unica, con pianta a croce latina e costruita in mattoni. \u00c8 stata completamente restaurata nei secoli XVI e XVII, il che ha permesso di conservare la facciata della fine del XVI secolo, con due stemmi e una nicchia con una scultura lignea di San Giuliano su un piedistallo su cui si legge: &#8220;\u00c1NGEL DE BERRIO PATRONO DE S. JULIAN&#8221; (ANGELO DI BERRIO PATRONO DI S. GIULIANO). <\/p>\n\n<p>L&#8217;interno \u00e8 coperto da una volta a botte lunettata e da una cupola sul transetto, ai cui lati sono state poste le armi del marchese di Villasante. Inoltre, possiede la migliore serie di pale d&#8217;altare barocche della citt\u00e0, con sculture realizzate da Pedro del Mazo V\u00e9lez nel 1706. <\/p>\n\t\t\t\t\t\t\t\t\t<\/div>\n\t\t\t\t\t\t\t\t\t<img decoding=\"async\" src=\"https:\/\/cdn.pilgrim.es\/web\/caminos\/camino-frances\/pueblos\/carrion-de-los-condes\/puntos-de-interes\/iglesia-san-julian.jpg\" alt=\"Iglesia San Juli\u00e1n\">\n\t\t\t\t\t\t\t\t<\/div>\n\t\t\t\t\t\t\t<\/div>\n\t\t\t\t\t\t\n\t\t\t\t\t\t\t<div class=\"accordion__accordion-content inactive\">\n\t\t\t\t\t\t\t\t<div>\n\t\t\t\t\t\t\t\t\t<div>\n\t\t\t\t\t\t\t\t\t\t<h4>Casa del \u00c1guila<\/h4>\n\t\t\t\t\t\t\t\t\t\t<p>La Casa del \u00c1guila \u00e8 considerata una casa-palazzo, appartenuta alla famiglia Velasco. Fu la casa natale di Don Luis de Velasco, secondo vicer\u00e9 della Nuova Spagna, e di suo figlio, che divenne vicer\u00e9 del Per\u00f9 e della Nuova Spagna. <\/p>\n\n<p>Era uno degli edifici civili pi\u00f9 antichi della citt\u00e0, ma poich\u00e9 \u00e8 rimasto chiuso e trascurato per molti anni, nel 1999 \u00e8 stato completamente distrutto, ad eccezione della facciata, per ricostruirlo ex novo. <\/p>\n\t\t\t\t\t\t\t\t\t<\/div>\n\t\t\t\t\t\t\t\t\t<img decoding=\"async\" src=\"https:\/\/cdn.pilgrim.es\/web\/caminos\/camino-frances\/pueblos\/carrion-de-los-condes\/puntos-de-interes\/casa-del-aguila.jpg\" alt=\"Casa del \u00c1guila\">\n\t\t\t\t\t\t\t\t<\/div>\n\t\t\t\t\t\t\t<\/div>\n\t\t\t\t\t\t\n\t\t\t\t\t\t\t<div class=\"accordion__accordion-content inactive\">\n\t\t\t\t\t\t\t\t<div>\n\t\t\t\t\t\t\t\t\t<div>\n\t\t\t\t\t\t\t\t\t\t<h4>Puente Mayor<\/h4>\n\t\t\t\t\t\t\t\t\t\t<p>Il ponte principale ha sette campate costruite in pietra bugnata e blocchi compattati di calce, sabbia e pietra. La documentazione indica anche che era dotato di porte fortificate alle sue estremit\u00e0, ma dur\u00f2 solo fino alla seconda met\u00e0 del XVI secolo, quando fu demolito. <\/p>\n\t\t\t\t\t\t\t\t\t<\/div>\n\t\t\t\t\t\t\t\t\t<img decoding=\"async\" src=\"https:\/\/cdn.pilgrim.es\/web\/caminos\/camino-frances\/pueblos\/carrion-de-los-condes\/puntos-de-interes\/puente-mayor.jpg\" alt=\"Puente Mayor\">\n\t\t\t\t\t\t\t\t<\/div>\n\t\t\t\t\t\t\t<\/div>\n\t\t\t\t\t\t\n\t\t\t\t\t\t\t<div class=\"accordion__accordion-content inactive\">\n\t\t\t\t\t\t\t\t<div>\n\t\t\t\t\t\t\t\t\t<div>\n\t\t\t\t\t\t\t\t\t\t<h4>Ermita de la Piedad<\/h4>\n\t\t\t\t\t\t\t\t\t\t<p>L&#8217;Ermita de la Piedad si trova nelle vicinanze del Monastero di Santa Clara, essendo il primo tempio che tutti i pellegrini incontrano all&#8217;ingresso di Carri\u00f3n de los Condes. <\/p>\n\n<p>Il coro in pietra \u00e8 in stile gotico, mentre il resto dell&#8217;edificio \u00e8 in mattoni. Questo eremo fu ricostruito sotto il patronato della badessa Suor Luisa de la Ascensi\u00f3n nel 1625, come indica un&#8217;iscrizione che si legge sul soffitto. Si registra anche una ristrutturazione nel XIX secolo, ma dal 1993 ci\u00f2 che resta \u00e8 esposto nella Chiesa di Santiago.\n\t\t\t\t\t\t\t\t\t<\/div>\n\t\t\t\t\t\t\t\t\t<img decoding=\"async\" src=\"https:\/\/cdn.pilgrim.es\/web\/caminos\/camino-frances\/pueblos\/carrion-de-los-condes\/puntos-de-interes\/ermita-de-la-piedad.jpg\" alt=\"Ermita de la Piedad\">\n\t\t\t\t\t\t\t\t<\/div>\n\t\t\t\t\t\t\t<\/div>\n\t\t\t\t\t\t\n\t\t\t\t\t\t\t<div class=\"accordion__accordion-content inactive\">\n\t\t\t\t\t\t\t\t<div>\n\t\t\t\t\t\t\t\t\t<div>\n\t\t\t\t\t\t\t\t\t\t<h4>Real Monasterio de San Zoilo<\/h4>\n\t\t\t\t\t\t\t\t\t\t<p>Il Monastero Reale di San Zoilo \u00e8 stato dichiarato Bene di Interesse Culturale (BIC) l&#8217;11 luglio 2002.<\/p> <p>Il Monastero Reale di San Zoilo \u00e8 stato dichiarato Bene di Interesse Culturale (BIC) l&#8217;11 luglio 2002.\n\n<p>Il monastero ha avuto diverse destinazioni d&#8217;uso nel corso del tempo, prima come centro religioso e politico del primo ordine, poi come residenza per i re e nel Medioevo \u00e8 stato utilizzato come centro di pellegrinaggio.<\/p> <p>Il Monastero di San Zoilo \u00e8 stato dichiarato Bene di Interesse Culturale (BIC).\n\n<p>All&#8217;inizio del XIX secolo, il monastero \u00e8 stato interessato da vari processi di dismissione ed esclaustrazione, tanto che nel 1954 \u00e8 stato convertito in Seminario Minore Diocesano fino al 1986. Successivamente, nel 1992, la Diocesi ha venduto la propriet\u00e0, riservandosi la propriet\u00e0 della parte monumentale, anche se al momento del trasferimento d&#8217;uso dell&#8217;edificio \u00e8 stato installato un grande complesso alberghiero.\n\n<p>Durante i lavori di ristrutturazione del complesso alberghiero, nella sala Galilea \u00e8 stato scoperto un portale romanico dell&#8217;XI e XII secolo, che era stato murato dopo la costruzione della chiesa attuale nel XVI e XVII secolo. Questo \u00e8 il motivo per cui si trova in uno stato di conservazione cos\u00ec eccellente.\n\t\t\t\t\t\t\t\t\t<\/div>\n\t\t\t\t\t\t\t\t\t<img decoding=\"async\" src=\"https:\/\/cdn.pilgrim.es\/web\/caminos\/camino-frances\/pueblos\/carrion-de-los-condes\/puntos-de-interes\/monasterio-san-zoilo.jpg\" alt=\"Real Monasterio de San Zoilo\">\n\t\t\t\t\t\t\t\t<\/div>\n\t\t\t\t\t\t\t<\/div>\n\t\t\t\t\t\t\n\t\t\t\t\t\t\t<div class=\"accordion__accordion-content inactive\">\n\t\t\t\t\t\t\t\t<div>\n\t\t\t\t\t\t\t\t\t<div>\n\t\t\t\t\t\t\t\t\t\t<h4>Museo de Santiago<\/h4>\n\t\t\t\t\t\t\t\t\t\t<p>Il Museo d&#8217;Arte Sacra \u00e8 conosciuto anche come Museo di Santiago, poich\u00e9 dal 1993 si trova all&#8217;interno della chiesa di Santiago. Ospita pezzi provenienti dalle collezioni d&#8217;arte della chiesa parrocchiale di Santa Mar\u00eda, della stessa chiesa di Santiago e delle cappelle di San Juan de Cestillos e La Piedad. <\/p>\n\n<p>Contiene anche altri oggetti provenienti dall&#8217;ormai defunta chiesa parrocchiale di San Juan del Mercado e dai monasteri estinti di San Francisco e Santa Isabel, oltre ad altre donazioni di residenti locali, come pezzi d&#8217;oro e d&#8217;argento, stalli del coro, leggii, dipinti, sculture, ecc.<\/p> <p>.\n\t\t\t\t\t\t\t\t\t<\/div>\n\t\t\t\t\t\t\t\t\t<img decoding=\"async\" src=\"https:\/\/cdn.pilgrim.es\/web\/caminos\/camino-frances\/pueblos\/carrion-de-los-condes\/puntos-de-interes\/museo-santiago.jpg\" alt=\"Museo de Santiago\">\n\t\t\t\t\t\t\t\t<\/div>\n\t\t\t\t\t\t\t<\/div>\n\t\t\t\t\t\t\n\t\t\t\t\t\t\t<div class=\"accordion__accordion-content inactive\">\n\t\t\t\t\t\t\t\t<div>\n\t\t\t\t\t\t\t\t\t<div>\n\t\t\t\t\t\t\t\t\t\t<h4>Monasterio de San Francisco<\/h4>\n\t\t\t\t\t\t\t\t\t\t<p>Il monastero di San Francisco de Carri\u00f3n de los Condes fu fondato all&#8217;inizio del XIII secolo. Anni dopo, in seguito agli effetti della Guerra d&#8217;Indipendenza (1811) e allo smantellamento del monastero, fu abbandonato a causa delle sue cattive condizioni, ma nel 1971 Daniel \u00c1lvarez de Bobadilla ne acquist\u00f2 i resti.\n\n<p>Oggi il poco che rimane del monastero si trova nel museo del Monastero di Santa Clara, come le opere di San Pedro Regalado, San Antonio de Padua, San Diego de Alcal\u00e1, la Vergine degli Angeli, San Luis Obispo e San Crist\u00f3bal.<\/p> &lt;p\n\t\t\t\t\t\t\t\t\t<\/div>\n\t\t\t\t\t\t\t\t\t<img decoding=\"async\" src=\"https:\/\/cdn.pilgrim.es\/web\/caminos\/camino-frances\/pueblos\/carrion-de-los-condes\/puntos-de-interes\/monasterio-san-francisco.jpg\" alt=\"Monasterio de San Francisco\">\n\t\t\t\t\t\t\t\t<\/div>\n\t\t\t\t\t\t\t<\/div>\n\t\t\t\t\t\t\n\t\t\t\t\t\t\t<div class=\"accordion__accordion-content inactive\">\n\t\t\t\t\t\t\t\t<div>\n\t\t\t\t\t\t\t\t\t<div>\n\t\t\t\t\t\t\t\t\t\t<h4>La Inmaculada Concepci\u00f3n<\/h4>\n\t\t\t\t\t\t\t\t\t\t<p>La statua dell&#8217;Immacolata Concezione fu collocata nella Plaza de Santa Maria, segnando la fine dei lavori di ristrutturazione della Plaza nel 1971-1972.  L&#8217;immagine, che risale al 1905, \u00e8 realizzata in ferro, a imitazione della statua di Piazza di Spagna a Roma. <\/p>\n\n<p>Di recente sono stati eseguiti dei lavori nella piazza e si \u00e8 colta l&#8217;occasione per restaurare la statua in ferro, pulendola, trattando la ruggine e proteggendola con una vernice antiumidit\u00e0. <\/p>\n\t\t\t\t\t\t\t\t\t<\/div>\n\t\t\t\t\t\t\t\t\t<img decoding=\"async\" src=\"https:\/\/cdn.pilgrim.es\/web\/caminos\/camino-frances\/pueblos\/carrion-de-los-condes\/puntos-de-interes\/san-julian-cestillos.jpg\" alt=\"La Inmaculada Concepci\u00f3n\">\n\t\t\t\t\t\t\t\t<\/div>\n\t\t\t\t\t\t\t<\/div>\n\t\t\t\t\t\t\n\t\t\t\t\t\t\t<div class=\"accordion__accordion-content inactive\">\n\t\t\t\t\t\t\t\t<div>\n\t\t\t\t\t\t\t\t\t<div>\n\t\t\t\t\t\t\t\t\t\t<h4>Iglesia de Santiago<\/h4>\n\t\t\t\t\t\t\t\t\t\t<p>La chiesa di Santiago de Carri\u00f3n de los Condes, costruita nel XII secolo, \u00e8 stata dichiarata Bene di Interesse Culturale. <\/p>\n\n<p>La facciata occidentale della chiesa \u00e8 particolarmente degna di nota perch\u00e9 \u00e8 formata da un portale ad arco semicircolare con un archivolto figurativo che raffigura i mestieri medievali di Carri\u00f3n. La facciata colpisce perch\u00e9 presenta 24 figure, 22 umane e 2 leoni, rappresentati da sinistra a destra. <\/p>\n\t\t\t\t\t\t\t\t\t<\/div>\n\t\t\t\t\t\t\t\t\t<img decoding=\"async\" src=\"https:\/\/cdn.pilgrim.es\/web\/caminos\/camino-frances\/pueblos\/carrion-de-los-condes\/puntos-de-interes\/iglesia-santiago.jpg\" alt=\"Iglesia de Santiago\">\n\t\t\t\t\t\t\t\t<\/div>\n\t\t\t\t\t\t\t<\/div>\n\t\t\t\t\t\t\n\t\t\t\t\t\t\t<div class=\"accordion__accordion-content inactive\">\n\t\t\t\t\t\t\t\t<div>\n\t\t\t\t\t\t\t\t\t<div>\n\t\t\t\t\t\t\t\t\t\t<h4>Iglesia de Santa Mar\u00eda del Camino<\/h4>\n\t\t\t\t\t\t\t\t\t\t<p>La chiesa di Santa Mar\u00eda del Camino \u00e8 in stile romanico. Fu costruita a met\u00e0 del XII secolo con tre navate di quattro sezioni, di cui la centrale \u00e8 la pi\u00f9 ampia, con due absidi e un transetto che sporge in altezza, oltre ad avere un campanile ai piedi della chiesa.\n\n<p>\u00c8 dedicata alla Vergine delle Vittorie, in allusione alla sconfitta subita dai musulmani quando vennero a Carri\u00f3n per riscuotere il &#8220;Tributo delle Cento Fanciulle&#8221;. I cristiani del re Mauregato dovettero pagare Miramamol\u00edn con cento ragazze, e Carri\u00f3n dovette consegnarne quattro. All&#8217;uscita dalla citt\u00e0, le ragazze implorarono di salutare la Vergine che, ascoltando le loro preghiere, fece apparire quattro tori che fecero fuggire i musulmani, lasciando libere le ragazze. <\/p>\n\t\t\t\t\t\t\t\t\t<\/div>\n\t\t\t\t\t\t\t\t\t<img decoding=\"async\" src=\"https:\/\/cdn.pilgrim.es\/web\/caminos\/camino-frances\/pueblos\/carrion-de-los-condes\/puntos-de-interes\/iglesia-santa-maria-del-camino.jpg\" alt=\"Iglesia de Santa Mar\u00eda del Camino\">\n\t\t\t\t\t\t\t\t<\/div>\n\t\t\t\t\t\t\t<\/div>\n\t\t\t\t\t\t\n\t\t\t\t\t\t\t<div class=\"accordion__accordion-content inactive\">\n\t\t\t\t\t\t\t\t<div>\n\t\t\t\t\t\t\t\t\t<div>\n\t\t\t\t\t\t\t\t\t\t<h4>Iglesia de Santa Clara<\/h4>\n\t\t\t\t\t\t\t\t\t\t<p>La Chiesa di Santa Clara \u00e8 sorta tra il 1614 e il 1621 dall&#8217;unione di una primitiva chiesa molto umile del monastero con quella di Santo Spirito degli Agostiniani Regolari, dando vita a una chiesa in stile classico rinascimentale.<\/p> <p>La Chiesa di Santa Clara fu costruita tra il 1614 e il 1621.\n\n<p>La badessa Suor Luisa de la Ascensi\u00f3n Colmenares la costru\u00ec grazie a una donazione di Filippo III (1598-1621) e alle rendite concesse da Filippo IV (1621-1665), oltre ai doni delle mogli di entrambi in segno di gratitudine per i loro buoni consigli e le loro preghiere. Il tempio \u00e8 costruito in bugnato e la chiesa \u00e8 costituita da un&#8217;unica navata, con una volta a botte con lunette e una cupola nel transetto con intonaco piatto e diverse piccole cappelle con nicchie.<\/p> <p>La chiesa \u00e8 costruita in bugnato e ha un&#8217;unica navata con una volta a botte con lunette e una cupola nel transetto con intonaco piatto e diverse piccole cappelle con nicchie.\n\t\t\t\t\t\t\t\t\t<\/div>\n\t\t\t\t\t\t\t\t\t<img decoding=\"async\" src=\"https:\/\/cdn.pilgrim.es\/web\/caminos\/camino-frances\/pueblos\/carrion-de-los-condes\/puntos-de-interes\/iglesia-santiago.jpg\" alt=\"Iglesia de Santa Clara\">\n\t\t\t\t\t\t\t\t<\/div>\n\t\t\t\t\t\t\t<\/div>\n\t\t\t\t\t\t\n\t\t\t\t\t\t\t<div class=\"accordion__accordion-content inactive\">\n\t\t\t\t\t\t\t\t<div>\n\t\t\t\t\t\t\t\t\t<div>\n\t\t\t\t\t\t\t\t\t\t<h4>Museo de Santa Clara<\/h4>\n\t\t\t\t\t\t\t\t\t\t<p>Il Museo di Santa Clara \u00e8 stato inaugurato il 4 aprile 1987, ma pochi anni dopo, nel 1993, \u00e8 stato ampliato con l&#8217;aggiunta di un&#8217;altra sala. Nel 2002 \u00e8 stato realizzato un secondo ampliamento che ha incorporato nuove vetrine, dipinti, sculture e altri oggetti, oltre a una collezione di monete e a una raccolta di presepi provenienti da tutto il mondo.\n\n<p>Il museo espone pezzi provenienti dallo stesso monastero di Santa Clara e da ex conventi come Santa Isabel (ora scomparso) e San Francisco (ora scomparso), oltre ad altri pezzi donati o acquisiti dalla comunit\u00e0.\n\n<p>Come curiosit\u00e0 vale la pena ricordare che all&#8217;interno del museo, da dicembre a febbraio, si trova una collezione di presepi iniziata nel XX secolo da suor Mar\u00eda Micaela Vel\u00f3n de Francisco. Attualmente sono presenti pi\u00f9 di cento presepi realizzati con materiali di ogni tipo, provenienti da tutto il mondo e di tutte le epoche.\n\t\t\t\t\t\t\t\t\t<\/div>\n\t\t\t\t\t\t\t\t\t<img decoding=\"async\" src=\"https:\/\/cdn.pilgrim.es\/web\/caminos\/camino-frances\/pueblos\/carrion-de-los-condes\/puntos-de-interes\/museo-santa-clara.jpg\" alt=\"Museo de Santa Clara\">\n\t\t\t\t\t\t\t\t<\/div>\n\t\t\t\t\t\t\t<\/div>\n\t\t\t\t\t\t\n\t\t\t\t\t\t\t<div class=\"accordion__accordion-content inactive\">\n\t\t\t\t\t\t\t\t<div>\n\t\t\t\t\t\t\t\t\t<div>\n\t\t\t\t\t\t\t\t\t\t<h4>Casa de los Gir\u00f3n<\/h4>\n\t\t\t\t\t\t\t\t\t\t<p>La Casa de los Gir\u00f3n \u00e8 uno spettacolare edificio del XVIII secolo, uno dei pochi sopravvissuti all&#8217;incendio del 1811, durante la Guerra d&#8217;Indipendenza. <\/p>\n\n<p>Sulla facciata, costruita in bugnato e mattoni, sono scolpiti gli stemmi della famiglia e le finestre hanno magnifiche inferriate. <\/p>\n\n<p>All&#8217;interno, subito dietro la facciata, un piccolo atrio conduce a un bel cortile con colonne doriche. Le scale che conducono al cortile sono decorate con i ritratti di alcuni re e regine, lo stemma di famiglia e un&#8217;immagine dell&#8217;Immacolata Concezione.<\/p> <p>Le scale sono decorate con i ritratti di alcuni re e regine, lo stemma di famiglia e un&#8217;immagine dell&#8217;Immacolata Concezione.\n\t\t\t\t\t\t\t\t\t<\/div>\n\t\t\t\t\t\t\t\t\t<img decoding=\"async\" src=\"https:\/\/cdn.pilgrim.es\/web\/caminos\/camino-frances\/pueblos\/carrion-de-los-condes\/puntos-de-interes\/casa-giron.jpg\" alt=\"Casa de los Gir\u00f3n\">\n\t\t\t\t\t\t\t\t<\/div>\n\t\t\t\t\t\t\t<\/div>\n\t\t\t\t\t\t\n\t\t\t\t\t\t\t<div class=\"accordion__accordion-content inactive\">\n\t\t\t\t\t\t\t\t<div>\n\t\t\t\t\t\t\t\t\t<div>\n\t\t\t\t\t\t\t\t\t\t<h4>Casa del Marqu\u00e9s de Santillana<\/h4>\n\t\t\t\t\t\t\t\t\t\t<p>La casa del Marchese di Santillana presenta sulla facciata uno stemma della famiglia Mendoza, che recita &#8220;Ave Mar\u00eda, gratia plena&#8221; e un porticato in pietra realizzato per commemorare il 6\u00b0 centenario della sua nascita.<\/p> <p>La casa del Marchese di Santillana presenta sulla facciata un porticato in pietra realizzato per commemorare il 6\u00b0 centenario della sua nascita.\n\n<p>L&#8217;interno della casa \u00e8 stato modificato nel corso dei secoli da successive ristrutturazioni come casa di famiglia. In questa casa nacque I\u00f1igo L\u00f3pez de Mendoza e qui impar\u00f2 ad amare la letteratura e la filosofia.\n\t\t\t\t\t\t\t\t\t<\/div>\n\t\t\t\t\t\t\t\t\t<img decoding=\"async\" src=\"https:\/\/cdn.pilgrim.es\/web\/caminos\/camino-frances\/pueblos\/carrion-de-los-condes\/puntos-de-interes\/casa-marques-santillana.jpg\" alt=\"Casa del Marqu\u00e9s de Santillana\">\n\t\t\t\t\t\t\t\t<\/div>\n\t\t\t\t\t\t\t<\/div>\n\t\t\t\t\t\t\n\t\t\t\t\t\t\t<div class=\"accordion__accordion-content inactive\">\n\t\t\t\t\t\t\t\t<div>\n\t\t\t\t\t\t\t\t\t<div>\n\t\t\t\t\t\t\t\t\t\t<h4>Iglesia de Nuestra Se\u00f1ora de Bel\u00e9n<\/h4>\n\t\t\t\t\t\t\t\t\t\t<p>La Chiesa di Nuestra Se\u00f1ora de Bel\u00e9n de Carri\u00f3n de los Condes \u00e8 una chiesa cattolica situata nella parte pi\u00f9 alta della citt\u00e0 e si affaccia su una fenditura aperta dal fiume Carri\u00f3n, da cui si pu\u00f2 vedere l&#8217;intera riva del fiume Carri\u00f3n. <\/p>\n\n<p>La chiesa fu costruita tra il 1552 e il 1579 su un primitivo tempio medievale della fine del XV secolo. Successivamente, nel XVII secolo, fu realizzato un rimaneggiamento in cui fu cambiato l&#8217;orientamento della chiesa, fu costruita una nuova navata e fu completata la torre. <\/p>\n\n<p>Nell&#8217;interno spicca la pala d&#8217;altare principale, in stile rinascimentale plateresco, risalente all&#8217;inizio del XVI secolo.<\/p> <p>Nell&#8217;interno spicca la pala d&#8217;altare principale, in stile rinascimentale plateresco, risalente all&#8217;inizio del XVI secolo.\n\t\t\t\t\t\t\t\t\t<\/div>\n\t\t\t\t\t\t\t\t\t<img decoding=\"async\" src=\"https:\/\/cdn.pilgrim.es\/web\/caminos\/camino-frances\/pueblos\/carrion-de-los-condes\/puntos-de-interes\/iglesia-nuestra-senora-belen.jpg\" alt=\"Iglesia de Nuestra Se\u00f1ora de Bel\u00e9n\">\n\t\t\t\t\t\t\t\t<\/div>\n\t\t\t\t\t\t\t<\/div>\n\t\t\t\t\t\t\n\t\t\t\t\t\t\t<div class=\"accordion__accordion-content inactive\">\n\t\t\t\t\t\t\t\t<div>\n\t\t\t\t\t\t\t\t\t<div>\n\t\t\t\t\t\t\t\t\t\t<h4>Casa de la Cultura<\/h4>\n\t\t\t\t\t\t\t\t\t\t<p>La Casa della Cultura risale al 1568 ed \u00e8 situata dietro il Municipio. Dalla sua costruzione ad oggi, l&#8217;edificio \u00e8 stato utilizzato per vari scopi, come prigione e tribunale. <\/p>\n\n<p>Alla fine del XX secolo \u00e8 stato ristrutturato come Casa della Cultura e Biblioteca Municipale, anche se \u00e8 la ristrutturazione del 2005 la responsabile del suo aspetto attuale. Della costruzione originale si \u00e8 conservata la prima sezione della facciata in pietra, con due stemmi della famiglia reale e della citt\u00e0. Al piano terra si trovavano i sotterranei e le celle della prigione, oggi utilizzati come uffici e sale riunioni.\n\n<p>Nel 2012 all&#8217;edificio \u00e8 stato dato il nome di Biblioteca Fray Miguel de Benavides (1552-1605), in onore del frate domenicano che fond\u00f2 l&#8217;Universit\u00e0 di Manila.<\/p> <p>L&#8217;edificio \u00e8 ora conosciuto come Biblioteca Fray Miguel de Benavides (1552-1605).\n\t\t\t\t\t\t\t\t\t<\/div>\n\t\t\t\t\t\t\t\t\t<img decoding=\"async\" src=\"https:\/\/cdn.pilgrim.es\/web\/caminos\/camino-frances\/pueblos\/carrion-de-los-condes\/puntos-de-interes\/casa-cultura.jpg\" alt=\"Casa de la Cultura\">\n\t\t\t\t\t\t\t\t<\/div>\n\t\t\t\t\t\t\t<\/div>\n\t\t\t\t\t\t\n\t\t\t\t\t\t\t<div class=\"accordion__accordion-content inactive\">\n\t\t\t\t\t\t\t\t<div>\n\t\t\t\t\t\t\t\t\t<div>\n\t\t\t\t\t\t\t\t\t\t<h4>Casa de la Calle Padre Gil<\/h4>\n\t\t\t\t\t\t\t\t\t\t<p>La Casa de la Calle Padre Gil \u00e8 considerata la casa pi\u00f9 antica della citt\u00e0, risalente alla fine del XV secolo. Ancora oggi conserva, a testimonianza del suo pi\u00f9 splendido passato, uno stemma e la parte superiore delle ultime parti di quello che potrebbe essere stato un alfiz. <\/p>\n\n<p>Sulla stessa facciata si trova uno stemma con un vaso pieno di gigli, uno stile mariano presente in alcuni edifici religiosi di Carri\u00f3n de los Condes, che rappresenta la purezza di Maria.<\/p> <p>Lo stemma ha un vaso di gigli.\n\t\t\t\t\t\t\t\t\t<\/div>\n\t\t\t\t\t\t\t\t\t<img decoding=\"async\" src=\"https:\/\/cdn.pilgrim.es\/web\/caminos\/camino-frances\/pueblos\/carrion-de-los-condes\/puntos-de-interes\/casa-giron.jpg\" alt=\"Casa de la Calle Padre Gil\">\n\t\t\t\t\t\t\t\t<\/div>\n\t\t\t\t\t\t\t<\/div>\n\t\t\t\t\t\t\n\t\t\t\t\t\t\t<div class=\"accordion__accordion-content inactive\">\n\t\t\t\t\t\t\t\t<div>\n\t\t\t\t\t\t\t\t\t<div>\n\t\t\t\t\t\t\t\t\t\t<h4>Iglesia de San Andr\u00e9s Ap\u00f3stol<\/h4>\n\t\t\t\t\t\t\t\t\t\t<p>La Chiesa di San Andr\u00e9s Ap\u00f3stol \u00e8 conosciuta come la &#8220;Cattedrale di Carri\u00f3n de los Condes&#8221;, che si trova a nord della citt\u00e0, nell&#8217;omonima piazza. Fu costruita sopra la chiesa precedente in pietra bugnata e i lavori furono completati nel 1574.\n\n<p>La torre originale bruci\u00f2 durante la Guerra d&#8217;Indipendenza, per cui fu restaurata in mattoni e pietra, con una cupola ottagonale e coronata da una lanterna e da una croce di pietra, secondo un progetto del 1866.\n\t\t\t\t\t\t\t\t\t<\/div>\n\t\t\t\t\t\t\t\t\t<img decoding=\"async\" src=\"https:\/\/cdn.pilgrim.es\/web\/caminos\/camino-frances\/pueblos\/carrion-de-los-condes\/puntos-de-interes\/iglesia-san-andres-apostol.jpg\" alt=\"Iglesia de San Andr\u00e9s Ap\u00f3stol\">\n\t\t\t\t\t\t\t\t<\/div>\n\t\t\t\t\t\t\t<\/div>\n\t\t\t\t\t\t\n\t\t\t\t\t\t\t<div class=\"accordion__accordion-content inactive\">\n\t\t\t\t\t\t\t\t<div>\n\t\t\t\t\t\t\t\t\t<div>\n\t\t\t\t\t\t\t\t\t\t<h4>Convento Hijas de la Caridad<\/h4>\n\t\t\t\t\t\t\t\t\t\t<p>Il convento Hijas de la Caridad fu occupato dalle figlie di San Vicente de Pa\u00fal quando ricevettero un&#8217;eredit\u00e0 intorno al 1894.  Il convento si trova sul retro del palazzo dei conti di Salinas de Pisuerga ed era dedicato all&#8217;educazione delle ragazze di Carri\u00f3n de los Condes. <\/p>\n\n<p>Nel 1957, dopo aver subito un incendio, fu ricostruito e continu\u00f2 ad essere utilizzato come scuola fino al 2002. A partire da questa data, una parte del convento \u00e8 stata ristrutturata e trasformata in un ostello per pellegrini, con accesso dal cortile centrale. Anche l&#8217;altra parte del convento \u00e8 stata allestita per ospitare le suore in pensione, che si occupano della gestione dell&#8217;ostello e della pastorale a Carri\u00f3n e nella regione.\n\n<p>Il convento \u00e8 composto da un oratorio per la comunit\u00e0 e da una chiesa in stile neogotico, attualmente priva di culto. Nel presbiterio sono sepolti i resti dei benefattori che hanno donato la loro eredit\u00e0 alle Figlie di San Vincenzo.\n\t\t\t\t\t\t\t\t\t<\/div>\n\t\t\t\t\t\t\t\t\t<img decoding=\"async\" src=\"https:\/\/cdn.pilgrim.es\/web\/caminos\/camino-frances\/pueblos\/carrion-de-los-condes\/puntos-de-interes\/convento-santisima-trinidad.jpg\" alt=\"Convento Hijas de la Caridad\">\n\t\t\t\t\t\t\t\t<\/div>\n\t\t\t\t\t\t\t<\/div>\n\t\t\t\t\t\t\n\t\t\t\t\t\t\t<div class=\"accordion__accordion-content inactive\">\n\t\t\t\t\t\t\t\t<div>\n\t\t\t\t\t\t\t\t\t<div>\n\t\t\t\t\t\t\t\t\t\t<h4>Convento de la Sant\u00edsima Trinidad<\/h4>\n\t\t\t\t\t\t\t\t\t\t<p>Il Convento della Santissima Trinit\u00e0 \u00e8 il pi\u00f9 moderno di Carri\u00f3n, essendo stato costruito solo nel 1974, dopo l&#8217;incendio del precedente. \u00c8 stato progettato dall&#8217;architetto Carlos Rivera ed \u00e8 composto dalla chiesa, dal tornio, dal parlatorio, dal refettorio, dall&#8217;infermeria, dai cori superiore e inferiore, dalla sala capitolare, dalla sala di ricreazione e dalle celle delle suore. <\/p>\n\n<p>La chiesa \u00e8 stata costruita in mattoni ed \u00e8 decorata con un Crocifisso e una Vergine del Monte Carmelo, opere in legno realizzate dallo scultore V\u00edctor de los R\u00edos. All&#8217;interno della chiesa si possono ammirare anche diversi dipinti del XVII secolo che raffigurano scene della vita di Santa Teresa.<\/p> <p>La chiesa \u00e8 decorata con un Crocifisso e una Vergine del Carmen, opere in legno dello scultore V\u00edctor de los R\u00edos.\n\t\t\t\t\t\t\t\t\t<\/div>\n\t\t\t\t\t\t\t\t\t<img decoding=\"async\" src=\"https:\/\/cdn.pilgrim.es\/web\/caminos\/camino-frances\/pueblos\/carrion-de-los-condes\/puntos-de-interes\/convento-santisima-trinidad.jpg\" alt=\"Convento de la Sant\u00edsima Trinidad\">\n\t\t\t\t\t\t\t\t<\/div>\n\t\t\t\t\t\t\t<\/div>\n\t\t\t\t\t\t\n\t\t\t\t\t\t\t<div class=\"accordion__accordion-content inactive\">\n\t\t\t\t\t\t\t\t<div>\n\t\t\t\t\t\t\t\t\t<div>\n\t\t\t\t\t\t\t\t\t\t<h4>San Juli\u00e1n de Cestillos<\/h4>\n\t\t\t\t\t\t\t\t\t\t<p>L&#8217;eremo di San Juli\u00e1n de Cestillos ha una struttura a navata unica con copertura a botte e una sacrestia annessa accanto al vangelo. Sotto la sacrestia si trova l&#8217;inizio di una bassa torre con una sola campana.\n\n<p>L&#8217;ultima ricostruzione subita dalla cappella risale al 1740 e fu realizzata dai capomastri carrionesi Jos\u00e9 Iglesias ed Eugenio Rodr\u00edguez.<\/p> <p>L&#8217;ultima ricostruzione subita dalla cappella risale al 1740 e fu realizzata dai capomastri carrionesi Jos\u00e9 Iglesias ed Eugenio Rodr\u00edguez.\n\n<p>Fino al 1994, la cappella ospitava una pala d&#8217;altare del 1600 in onore di San Juan Bautista, che fu trasferita al museo della chiesa di Santiago.<\/p> <p>La pala d&#8217;altare fu poi trasferita al museo della chiesa di Santiago.<\/p> <p>La pala d&#8217;altare fu poi trasferita al museo della chiesa di Santiago.\n\t\t\t\t\t\t\t\t\t<\/div>\n\t\t\t\t\t\t\t\t\t<img decoding=\"async\" src=\"https:\/\/cdn.pilgrim.es\/web\/caminos\/camino-frances\/pueblos\/carrion-de-los-condes\/puntos-de-interes\/san-julian-cestillos.jpg\" alt=\"San Juli\u00e1n de Cestillos\">\n\t\t\t\t\t\t\t\t<\/div>\n\t\t\t\t\t\t\t<\/div>\n\t\t\t\t\t\t\n\t\t\t\t\t\t\t<div class=\"accordion__accordion-content inactive\">\n\t\t\t\t\t\t\t\t<div>\n\t\t\t\t\t\t\t\t\t<div>\n\t\t\t\t\t\t\t\t\t\t<h4>Real Monasterio de Santa Clara<\/h4>\n\t\t\t\t\t\t\t\t\t\t<p>Il Monastero Reale di Santa Clara fu fondato nel 1231 da due discepoli di Santa Chiara. \u00c8 quindi uno dei monasteri di clarisse pi\u00f9 antichi della Spagna. Per tutto il Medioevo il monastero fu strettamente legato alla famiglia Casta\u00f1eda, tanto che la badessa del monastero divenne D\u00aa Beatriz Manrique. <\/p>\n\n<p>Il tempio \u00e8 in stile mud\u00e9jar del XIII e XIV secolo, ma fu completato solo nel XVII secolo, periodo in cui il monastero raggiunse grande importanza grazie a Suor Luisa de la Ascensi\u00f3n. <\/p>\n\t\t\t\t\t\t\t\t\t<\/div>\n\t\t\t\t\t\t\t\t\t<img decoding=\"async\" src=\"https:\/\/cdn.pilgrim.es\/web\/caminos\/camino-frances\/pueblos\/carrion-de-los-condes\/puntos-de-interes\/monasterio-santa-clara.jpg\" alt=\"Real Monasterio de Santa Clara\">\n\t\t\t\t\t\t\t\t<\/div>\n\t\t\t\t\t\t\t<\/div>\n\t\t\t\t\t\t\n\t\t\t\t\t<\/div>\n\t\t\t\t<\/div>\n\t\t\t<\/div>\n\t\t\n\n\t\t<div id=\"phonesSection\">\n\t\t\t<div>\n\t\t\t\t<h2 class=\"p-h3-town\">Informazioni di interesse<\/h2>\n\t\t\t<\/div>\n\t\t\t<div class=\"grid\">\n\t\t\t\t\n\t\t\t\t\t<div class=\"phone-number-item\">\n\t\t\t\t\t\t<div class=\"phone-number-item__icon\"><i class=\"icon-police\"><\/i><\/div>\n\t\t\t\t\t\t<div class=\"phone-number-item__title\">\n\t\t\t\t\t\t\t<h3 class=\"p-font-bold\">Polizia locale<\/h3>\n\t\t\t\t\t\t\t<p>979 880 259<\/p>\n\t\t\t\t\t\t\t\n\t\t\t\t\t\t<\/div>\n\t\t\t\t\t<\/div>\n\t\t\t\t\n\t\t\t\t\t<div class=\"phone-number-item\">\n\t\t\t\t\t\t<div class=\"phone-number-item__icon\"><i class=\"icon-spanish-military-police\"><\/i><\/div>\n\t\t\t\t\t\t<div class=\"phone-number-item__title\">\n\t\t\t\t\t\t\t<h3 class=\"p-font-bold\">Guardia civile<\/h3>\n\t\t\t\t\t\t\t<p>979 880 003<\/p>\n\t\t\t\t\t\t\t\n\t\t\t\t\t\t<\/div>\n\t\t\t\t\t<\/div>\n\t\t\t\t\n\t\t\t\t\t<div class=\"phone-number-item\">\n\t\t\t\t\t\t<div class=\"phone-number-item__icon\"><i class=\"icon-firefighters\"><\/i><\/div>\n\t\t\t\t\t\t<div class=\"phone-number-item__title\">\n\t\t\t\t\t\t\t<h3 class=\"p-font-bold\">Vigili del fuoco<\/h3>\n\t\t\t\t\t\t\t<p>979 918 200<\/p>\n\t\t\t\t\t\t\t\n\t\t\t\t\t\t<\/div>\n\t\t\t\t\t<\/div>\n\t\t\t\t\n\t\t\t\t\t<div class=\"phone-number-item\">\n\t\t\t\t\t\t<div class=\"phone-number-item__icon\"><i class=\"icon-civil-protection\"><\/i><\/div>\n\t\t\t\t\t\t<div class=\"phone-number-item__title\">\n\t\t\t\t\t\t\t<h3 class=\"p-font-bold\">Protezione civile<\/h3>\n\t\t\t\t\t\t\t<p>112<\/p>\n\t\t\t\t\t\t\t\n\t\t\t\t\t\t<\/div>\n\t\t\t\t\t<\/div>\n\t\t\t\t\n\t\t\t\t\t<div class=\"phone-number-item\">\n\t\t\t\t\t\t<div class=\"phone-number-item__icon\"><i class=\"icon-town-council\"><\/i><\/div>\n\t\t\t\t\t\t<div class=\"phone-number-item__title\">\n\t\t\t\t\t\t\t<h3 class=\"p-font-bold\">Municipio<\/h3>\n\t\t\t\t\t\t\t<p>979 880 259<\/p>\n\t\t\t\t\t\t\t\n\t\t\t\t\t\t<\/div>\n\t\t\t\t\t<\/div>\n\t\t\t\t\n\t\t\t\t\t<div class=\"phone-number-item\">\n\t\t\t\t\t\t<div class=\"phone-number-item__icon\"><i class=\"icon-hospital\"><\/i><\/div>\n\t\t\t\t\t\t<div class=\"phone-number-item__title\">\n\t\t\t\t\t\t\t<h3 class=\"p-font-bold\">Centro sanitario<\/h3>\n\t\t\t\t\t\t\t<p>979 880 245<\/p>\n\t\t\t\t\t\t\t\n\t\t\t\t\t\t<\/div>\n\t\t\t\t\t<\/div>\n\t\t\t\t\n\t\t\t\t\t<div class=\"phone-number-item\">\n\t\t\t\t\t\t<div class=\"phone-number-item__icon\"><i class=\"icon-tourism\"><\/i><\/div>\n\t\t\t\t\t\t<div class=\"phone-number-item__title\">\n\t\t\t\t\t\t\t<h3 class=\"p-font-bold\">Ufficio turistico<\/h3>\n\t\t\t\t\t\t\t<p>979 880 931<\/p>\n\t\t\t\t\t\t\t\n\t\t\t\t\t\t\t\t<p>C\/ Santa Mar\u00eda, s\/n<\/p>\n\t\t\t\t\t\t\t\n\t\t\t\t\t\t<\/div>\n\t\t\t\t\t<\/div>\n\t\t\t\t\n\t\t\t<\/div>\n\t\t<\/div>\n\n\t\t<div id=\"clientForm\">\n        <section>\n        <img decoding=\"async\" src=\"https:\/\/cdn.pilgrim.es\/web\/home\/email-contacto.png\" alt=\"contacto\">\n        <div>\n            <p>Ti inviamo la tua pianificazione<\/p>\n            <p>Forniscici i tuoi dati e ricevi la pianificazione del tuo viaggio via email <\/p>\n            <form method=\"post\" data-url=\"\/wp-admin\/admin-ajax.php\" id=\"planner--client\" class=\"flag-right form-client\">\n    <div class=\"form-data\">\n        <input name=\"form_id\" type=\"hidden\" value=\"Formulario Leads\">\n        <input name=\"type\" type=\"hidden\" value=\"planner_client\">\n        <input type=\"text\" name=\"nombre\" value=\"\" size=\"40\" class=\"form-control\" aria-required=\"true\" aria-invalid=\"false\" placeholder=\"Nome\">\n        <input type=\"email\" name=\"email\" value=\"\" size=\"40\" class=\"form-control\" aria-required=\"true\" aria-invalid=\"false\" placeholder=\"Mail\">\n        <input type=\"text\" id=\"phone-input\" name=\"tel\" value=\"\" size=\"40\" class=\"phone-input form-control\" aria-required=\"true\" aria-invalid=\"false\" placeholder=\"Telefono\">\n        <input type=\"hidden\" name=\"telefono\">\n    <\/div>\n    <div class=\"form-checkbox\">\n        <span>\n            Pilgrim Travel. S.L. informa, come previsto dal Regolamento 2016\/679, che i dati utilizzati in questo modulo verranno utilizzati sia per la risposta delle eventuali consultazioni sia per la pub-blicazione dei commenti, essendo il consenso dell'utente la base di legittimazione. Potranno esse-re esercitati i diritti in conformit\u00e0 con quanto stabilito dalla nostra             <a href=\"https:\/\/www.pilgrim.es\/it\/informativa-sulla-privacy\/\" target=\"_blank\" rel=\"noopener noreferrer nofollow\">Politica di privacy.<\/a>\n        <\/span>\n    <\/div>\n\n    <div class=\"form-submit\">\n        <button id=\"planner--client-create\" type=\"submit\">Formulario di contatto<\/button>\n        <div class=\"loadingDiv\"><i class=\"p-spinner\"><\/i><\/div>\n    <\/div>\n\n    <div class=\"contact-content-form-success\">\n        <p><i class=\"fas fa-check\"><\/i> Il modulo \u00e8 stato inviato correttamente<\/p>\n    <\/div>\n\n    <div class=\"contact-content-form-error\">\n        <span class=\"input-error\"><\/span>\n    <\/div>\n<\/form>        <\/div>\n    <\/section>\n<\/div>\n\n\t\t<div id=\"recomendationSection\">\n\t\t\t<div>\n\t\t\t\t<h2 class=\"p-h2-town\">Consigliato<\/h2>\n\t\t\t\t<hr>\n\t\t\t\t<h3 class=\"p-h3-town\">Gastronomia<\/h3>\n\t\t\t<\/div>\n\t\t\tLa gastronomia di Carri\u00f3n de los Condes \u00e8 molto tipica: arrosto di agnello da latte, prodotti di maiale come salsicce e insaccati, formaggi e prodotti locali. Da segnalare le ricette tradizionali come le zuppe all&#8217;aglio, la menestra palentina, la trota, i granchi, le lumache alla palentina, le lenticchie con chorizo, la zuppa castigliana e il coniglio &#8220;a la cazadora&#8221;.\n\nI dolci tipici di Carri\u00f3n includono amarguillos, almendrados, tocinillos de cielo, rosquillas de palo, marzas, torrijas, orejuelas, bollos de carnaval e mantecados. Non possiamo dimenticare i dolci preparati dalle monache del monastero di Santa Clara.\n\t\t<\/div>\n\n\n\t\t\n\t\t\t<div id=\"holidaysSection\">\n\t\t\t\t<div>\n\t\t\t\t\t<h2 class=\"p-h2-town\">Consigliato<\/h2>\n\t\t\t\t\t<hr>\n\t\t\t\t\t<h3 class=\"p-h3-town\">Festival e pellegrinaggi<\/h3>\n\t\t\t\t<\/div>\n\t\t\t\t<div class=\"grid holidays-grid\">\n\t\t\t\t\t\n\t\t\t\t\t\t<div>\n\t\t\t\t\t\t\t<div class=\"phone-number-item\">\n\t\t\t\t\t\t\t\t<div class=\"phone-number-item__icon\"><i class=\"icon-holiday\"><\/i><\/div>\n\t\t\t\t\t\t\t\t<div class=\"phone-number-item__title dark-text\">\n\t\t\t\t\t\t\t\t\t<p class=\"p-font-bold\">Vacanza locale<\/p>\n\t\t\t\t\t\t\t\t\t<p>24 de junio: Romer\u00eda de San Juan de Cestillos<\/p>\n\t\t\t\t\t\t\t\t<\/div>\n\t\t\t\t\t\t\t<\/div>\n\t\t\t\t\t\t<\/div>\n\t\t\t\t\t\n\t\t\t\t\t\t<div>\n\t\t\t\t\t\t\t<div class=\"phone-number-item\">\n\t\t\t\t\t\t\t\t<div class=\"phone-number-item__icon\"><i class=\"icon-holiday\"><\/i><\/div>\n\t\t\t\t\t\t\t\t<div class=\"phone-number-item__title dark-text\">\n\t\t\t\t\t\t\t\t\t<p class=\"p-font-bold\">Vacanza locale<\/p>\n\t\t\t\t\t\t\t\t\t<p>8 de septiembre: Fiesta de Nuestra Se\u00f1ora de Bel\u00e9n<\/p>\n\t\t\t\t\t\t\t\t<\/div>\n\t\t\t\t\t\t\t<\/div>\n\t\t\t\t\t\t<\/div>\n\t\t\t\t\t\n\t\t\t\t\t\t<div>\n\t\t\t\t\t\t\t<div class=\"phone-number-item\">\n\t\t\t\t\t\t\t\t<div class=\"phone-number-item__icon\"><i class=\"icon-holiday\"><\/i><\/div>\n\t\t\t\t\t\t\t\t<div class=\"phone-number-item__title dark-text\">\n\t\t\t\t\t\t\t\t\t<p class=\"p-font-bold\">Vacanza locale<\/p>\n\t\t\t\t\t\t\t\t\t<p>\u00daltimo lunes de agosto: Fiesta de San Zoilo<\/p>\n\t\t\t\t\t\t\t\t<\/div>\n\t\t\t\t\t\t\t<\/div>\n\t\t\t\t\t\t<\/div>\n\t\t\t\t\t\n\t\t\t\t\t\t<div>\n\t\t\t\t\t\t\t<div class=\"phone-number-item\">\n\t\t\t\t\t\t\t\t<div class=\"phone-number-item__icon\"><i class=\"icon-holiday\"><\/i><\/div>\n\t\t\t\t\t\t\t\t<div class=\"phone-number-item__title dark-text\">\n\t\t\t\t\t\t\t\t\t<p class=\"p-font-bold\">Vacanza locale<\/p>\n\t\t\t\t\t\t\t\t\t<p>3 de febrero: Fiesta de San Blas<\/p>\n\t\t\t\t\t\t\t\t<\/div>\n\t\t\t\t\t\t\t<\/div>\n\t\t\t\t\t\t<\/div>\n\t\t\t\t\t\n\t\t\t\t\t\t<div>\n\t\t\t\t\t\t\t<div class=\"phone-number-item\">\n\t\t\t\t\t\t\t\t<div class=\"phone-number-item__icon\"><i class=\"icon-holiday\"><\/i><\/div>\n\t\t\t\t\t\t\t\t<div class=\"phone-number-item__title dark-text\">\n\t\t\t\t\t\t\t\t\t<p class=\"p-font-bold\">Vacanza locale<\/p>\n\t\t\t\t\t\t\t\t\t<p>5 de febrero: Fiesta  de Santa \u00c1gueda<\/p>\n\t\t\t\t\t\t\t\t<\/div>\n\t\t\t\t\t\t\t<\/div>\n\t\t\t\t\t\t<\/div>\n\t\t\t\t\t\n\t\t\t\t\t\t<div>\n\t\t\t\t\t\t\t<div class=\"phone-number-item\">\n\t\t\t\t\t\t\t\t<div class=\"phone-number-item__icon\"><i class=\"icon-holiday\"><\/i><\/div>\n\t\t\t\t\t\t\t\t<div class=\"phone-number-item__title dark-text\">\n\t\t\t\t\t\t\t\t\t<p class=\"p-font-bold\">Vacanza locale<\/p>\n\t\t\t\t\t\t\t\t\t<p>7 de junio: Festividad de Corpus Christi<\/p>\n\t\t\t\t\t\t\t\t<\/div>\n\t\t\t\t\t\t\t<\/div>\n\t\t\t\t\t\t<\/div>\n\t\t\t\t\t\n\t\t\t\t\t\t<div>\n\t\t\t\t\t\t\t<div class=\"phone-number-item\">\n\t\t\t\t\t\t\t\t<div class=\"phone-number-item__icon\"><i class=\"icon-holiday\"><\/i><\/div>\n\t\t\t\t\t\t\t\t<div class=\"phone-number-item__title dark-text\">\n\t\t\t\t\t\t\t\t\t<p class=\"p-font-bold\">Vacanza locale<\/p>\n\t\t\t\t\t\t\t\t\t<p>25 de junio: Fiesta de Santiago Ap\u00f3stol<\/p>\n\t\t\t\t\t\t\t\t<\/div>\n\t\t\t\t\t\t\t<\/div>\n\t\t\t\t\t\t<\/div>\n\t\t\t\t\t\n\t\t\t\t<\/div>\n\t\t\t<\/div>\n\t\t\n\t<\/div>\n<\/section>\n\n<div id=\"stage_list_section\"><div class=\"stage-list\">\n    <div class='stage-list__map-card'>\n        <div class='stage-list__map-card__map'>\n            <div class='stage-list__map-card__map__text'>\n                <h2> Pages <\/h2>\n                <p> A piedi<\/p>\n                <p> 0tappe<\/p>\n            <\/div>\n            <div class='stage-list__map-card__map__img'>\n                <img decoding=\"async\" src=\"\" alt=\" mapa \" \/>\n            <\/div>\n        <\/div>\n    <\/div>\n\n    <\/div>\n<\/div> ","protected":false},"excerpt":{"rendered":"<p>Carri\u00f3n de los Condes &#8249; Ritorno al palcoscenico Carri\u00f3n de los Condes Abitanti: 2.198 aprox. Provincia: Palencia Informazioni Get to know Carri\u00f3n de los Condes Carri\u00f3n de los Condes \u00e8 una piccola citt\u00e0 che ha avuto un passato molto importante, tanto da diventare la patria di importanti personaggi storici come i Retes, gli Infantes de &hellip; <\/p>\n<p class=\"read_more\"><a href=\"https:\/\/www.pilgrim.es\/it\/cammino-francese\/carrion-de-los-condes\/\">Leer m\u00e1s<\/a><\/p>\n","protected":false},"author":0,"featured_media":2575,"parent":10735,"menu_order":0,"comment_status":"closed","ping_status":"closed","template":"views\/template-new-web-design.blade.php","meta":{"footnotes":""},"categories":[],"tags":[],"class_list":["post-91088","page","type-page","status-publish","has-post-thumbnail","hentry"],"yoast_head":"<!-- This site is optimized with the Yoast SEO plugin v27.4 - https:\/\/yoast.com\/product\/yoast-seo-wordpress\/ -->\n<title>Carri\u00f3n de los Condes: Cosa vedere e dove dormire | Cammino di Santiago | Pilgrim<\/title>\n<meta name=\"description\" content=\"Carri\u00f3n de los Condes Scopri tutte le informazioni su dove alloggiare, come arrivare, cosa mangiare e sui principali punti di interesse delle localit\u00e0 lungo il Cammino Francese.\" \/>\n<meta name=\"robots\" content=\"index, follow, max-snippet:-1, max-image-preview:large, max-video-preview:-1\" \/>\n<link rel=\"canonical\" href=\"https:\/\/www.pilgrim.es\/it\/cammino-francese\/carrion-de-los-condes\/\" \/>\n<meta property=\"og:locale\" content=\"it_IT\" \/>\n<meta property=\"og:type\" content=\"article\" \/>\n<meta property=\"og:title\" content=\"Carri\u00f3n de los Condes: Cosa vedere e dove dormire | Cammino di Santiago | Pilgrim\" \/>\n<meta property=\"og:description\" content=\"Carri\u00f3n de los Condes Scopri tutte le informazioni su dove alloggiare, come arrivare, cosa mangiare e sui principali punti di interesse delle localit\u00e0 lungo il Cammino Francese.\" \/>\n<meta property=\"og:url\" content=\"https:\/\/www.pilgrim.es\/it\/cammino-francese\/carrion-de-los-condes\/\" \/>\n<meta property=\"og:site_name\" content=\"Pilgrim\" \/>\n<meta property=\"article:publisher\" content=\"https:\/\/www.facebook.com\/pilgrim.es\/\" \/>\n<meta property=\"og:image\" content=\"https:\/\/www.pilgrim.es\/wp-content\/uploads\/2019\/02\/carrion-de-los-condes-2.jpg\" \/>\n\t<meta property=\"og:image:width\" content=\"770\" \/>\n\t<meta property=\"og:image:height\" content=\"546\" \/>\n\t<meta property=\"og:image:type\" content=\"image\/jpeg\" \/>\n<meta name=\"twitter:card\" content=\"summary_large_image\" \/>\n<meta name=\"twitter:site\" content=\"@pilgrim_es\" \/>\n<meta name=\"twitter:label1\" content=\"Tempo di lettura stimato\" \/>\n\t<meta name=\"twitter:data1\" content=\"15 minuti\" \/>\n<script type=\"application\/ld+json\" class=\"yoast-schema-graph\">{\"@context\":\"https:\\\/\\\/schema.org\",\"@graph\":[{\"@type\":\"WebPage\",\"@id\":\"https:\\\/\\\/www.pilgrim.es\\\/it\\\/cammino-francese\\\/carrion-de-los-condes\\\/\",\"url\":\"https:\\\/\\\/www.pilgrim.es\\\/it\\\/cammino-francese\\\/carrion-de-los-condes\\\/\",\"name\":\"Carri\u00f3n de los Condes: Cosa vedere e dove dormire | Cammino di Santiago | Pilgrim\",\"isPartOf\":{\"@id\":\"https:\\\/\\\/www.pilgrim.es\\\/it\\\/#website\"},\"primaryImageOfPage\":{\"@id\":\"https:\\\/\\\/www.pilgrim.es\\\/it\\\/cammino-francese\\\/carrion-de-los-condes\\\/#primaryimage\"},\"image\":{\"@id\":\"https:\\\/\\\/www.pilgrim.es\\\/it\\\/cammino-francese\\\/carrion-de-los-condes\\\/#primaryimage\"},\"thumbnailUrl\":\"https:\\\/\\\/www.pilgrim.es\\\/wp-content\\\/uploads\\\/2019\\\/02\\\/carrion-de-los-condes-2.jpg\",\"datePublished\":\"2025-03-17T13:17:38+00:00\",\"description\":\"Carri\u00f3n de los Condes Scopri tutte le informazioni su dove alloggiare, come arrivare, cosa mangiare e sui principali punti di interesse delle localit\u00e0 lungo il Cammino Francese.\",\"breadcrumb\":{\"@id\":\"https:\\\/\\\/www.pilgrim.es\\\/it\\\/cammino-francese\\\/carrion-de-los-condes\\\/#breadcrumb\"},\"inLanguage\":\"it-IT\",\"potentialAction\":[{\"@type\":\"ReadAction\",\"target\":[\"https:\\\/\\\/www.pilgrim.es\\\/it\\\/cammino-francese\\\/carrion-de-los-condes\\\/\"]}]},{\"@type\":\"ImageObject\",\"inLanguage\":\"it-IT\",\"@id\":\"https:\\\/\\\/www.pilgrim.es\\\/it\\\/cammino-francese\\\/carrion-de-los-condes\\\/#primaryimage\",\"url\":\"https:\\\/\\\/www.pilgrim.es\\\/wp-content\\\/uploads\\\/2019\\\/02\\\/carrion-de-los-condes-2.jpg\",\"contentUrl\":\"https:\\\/\\\/www.pilgrim.es\\\/wp-content\\\/uploads\\\/2019\\\/02\\\/carrion-de-los-condes-2.jpg\",\"width\":770,\"height\":546,\"caption\":\"Carri\u00f3n de los Condes\"},{\"@type\":\"BreadcrumbList\",\"@id\":\"https:\\\/\\\/www.pilgrim.es\\\/it\\\/cammino-francese\\\/carrion-de-los-condes\\\/#breadcrumb\",\"itemListElement\":[{\"@type\":\"ListItem\",\"position\":1,\"name\":\"Camino de Santiago\",\"item\":\"https:\\\/\\\/www.pilgrim.es\\\/it\\\/\"},{\"@type\":\"ListItem\",\"position\":2,\"name\":\"Cammino Francese\",\"item\":\"https:\\\/\\\/www.pilgrim.es\\\/it\\\/cammino-francese\\\/\"},{\"@type\":\"ListItem\",\"position\":3,\"name\":\"Carri\u00f3n de los Condes\"}]},{\"@type\":\"WebSite\",\"@id\":\"https:\\\/\\\/www.pilgrim.es\\\/it\\\/#website\",\"url\":\"https:\\\/\\\/www.pilgrim.es\\\/it\\\/\",\"name\":\"Pilgrim\",\"description\":\"Camino de Santiago | Caminamos Contigo\",\"publisher\":{\"@id\":\"https:\\\/\\\/www.pilgrim.es\\\/it\\\/#organization\"},\"potentialAction\":[{\"@type\":\"SearchAction\",\"target\":{\"@type\":\"EntryPoint\",\"urlTemplate\":\"https:\\\/\\\/www.pilgrim.es\\\/it\\\/?s={search_term_string}\"},\"query-input\":{\"@type\":\"PropertyValueSpecification\",\"valueRequired\":true,\"valueName\":\"search_term_string\"}}],\"inLanguage\":\"it-IT\"},{\"@type\":\"Organization\",\"@id\":\"https:\\\/\\\/www.pilgrim.es\\\/it\\\/#organization\",\"name\":\"Pilgrim Camino de Santiago\",\"url\":\"https:\\\/\\\/www.pilgrim.es\\\/it\\\/\",\"logo\":{\"@type\":\"ImageObject\",\"inLanguage\":\"it-IT\",\"@id\":\"https:\\\/\\\/www.pilgrim.es\\\/it\\\/#\\\/schema\\\/logo\\\/image\\\/\",\"url\":\"https:\\\/\\\/www.pilgrim.es\\\/wp-content\\\/uploads\\\/2019\\\/04\\\/logo_pilgrim.png\",\"contentUrl\":\"https:\\\/\\\/www.pilgrim.es\\\/wp-content\\\/uploads\\\/2019\\\/04\\\/logo_pilgrim.png\",\"width\":512,\"height\":512,\"caption\":\"Pilgrim Camino de Santiago\"},\"image\":{\"@id\":\"https:\\\/\\\/www.pilgrim.es\\\/it\\\/#\\\/schema\\\/logo\\\/image\\\/\"},\"sameAs\":[\"https:\\\/\\\/www.facebook.com\\\/pilgrim.es\\\/\",\"https:\\\/\\\/x.com\\\/pilgrim_es\",\"https:\\\/\\\/www.instagram.com\\\/pilgrim.es\\\/\",\"https:\\\/\\\/www.linkedin.com\\\/company\\\/pilgrim-camino-de-santiago\\\/\",\"https:\\\/\\\/www.pinterest.es\\\/pilgrimcaminodesantiago\\\/\",\"https:\\\/\\\/www.youtube.com\\\/channel\\\/UCIv2ZzFLXVqthkNF32rKedw\\\/featured\"]}]}<\/script>\n<!-- \/ Yoast SEO plugin. -->","yoast_head_json":{"title":"Carri\u00f3n de los Condes: Cosa vedere e dove dormire | Cammino di Santiago | Pilgrim","description":"Carri\u00f3n de los Condes Scopri tutte le informazioni su dove alloggiare, come arrivare, cosa mangiare e sui principali punti di interesse delle localit\u00e0 lungo il Cammino Francese.","robots":{"index":"index","follow":"follow","max-snippet":"max-snippet:-1","max-image-preview":"max-image-preview:large","max-video-preview":"max-video-preview:-1"},"canonical":"https:\/\/www.pilgrim.es\/it\/cammino-francese\/carrion-de-los-condes\/","og_locale":"it_IT","og_type":"article","og_title":"Carri\u00f3n de los Condes: Cosa vedere e dove dormire | Cammino di Santiago | Pilgrim","og_description":"Carri\u00f3n de los Condes Scopri tutte le informazioni su dove alloggiare, come arrivare, cosa mangiare e sui principali punti di interesse delle localit\u00e0 lungo il Cammino Francese.","og_url":"https:\/\/www.pilgrim.es\/it\/cammino-francese\/carrion-de-los-condes\/","og_site_name":"Pilgrim","article_publisher":"https:\/\/www.facebook.com\/pilgrim.es\/","og_image":[{"width":770,"height":546,"url":"https:\/\/www.pilgrim.es\/wp-content\/uploads\/2019\/02\/carrion-de-los-condes-2.jpg","type":"image\/jpeg"}],"twitter_card":"summary_large_image","twitter_site":"@pilgrim_es","twitter_misc":{"Tempo di lettura stimato":"15 minuti"},"schema":{"@context":"https:\/\/schema.org","@graph":[{"@type":"WebPage","@id":"https:\/\/www.pilgrim.es\/it\/cammino-francese\/carrion-de-los-condes\/","url":"https:\/\/www.pilgrim.es\/it\/cammino-francese\/carrion-de-los-condes\/","name":"Carri\u00f3n de los Condes: Cosa vedere e dove dormire | Cammino di Santiago | Pilgrim","isPartOf":{"@id":"https:\/\/www.pilgrim.es\/it\/#website"},"primaryImageOfPage":{"@id":"https:\/\/www.pilgrim.es\/it\/cammino-francese\/carrion-de-los-condes\/#primaryimage"},"image":{"@id":"https:\/\/www.pilgrim.es\/it\/cammino-francese\/carrion-de-los-condes\/#primaryimage"},"thumbnailUrl":"https:\/\/www.pilgrim.es\/wp-content\/uploads\/2019\/02\/carrion-de-los-condes-2.jpg","datePublished":"2025-03-17T13:17:38+00:00","description":"Carri\u00f3n de los Condes Scopri tutte le informazioni su dove alloggiare, come arrivare, cosa mangiare e sui principali punti di interesse delle localit\u00e0 lungo il Cammino Francese.","breadcrumb":{"@id":"https:\/\/www.pilgrim.es\/it\/cammino-francese\/carrion-de-los-condes\/#breadcrumb"},"inLanguage":"it-IT","potentialAction":[{"@type":"ReadAction","target":["https:\/\/www.pilgrim.es\/it\/cammino-francese\/carrion-de-los-condes\/"]}]},{"@type":"ImageObject","inLanguage":"it-IT","@id":"https:\/\/www.pilgrim.es\/it\/cammino-francese\/carrion-de-los-condes\/#primaryimage","url":"https:\/\/www.pilgrim.es\/wp-content\/uploads\/2019\/02\/carrion-de-los-condes-2.jpg","contentUrl":"https:\/\/www.pilgrim.es\/wp-content\/uploads\/2019\/02\/carrion-de-los-condes-2.jpg","width":770,"height":546,"caption":"Carri\u00f3n de los Condes"},{"@type":"BreadcrumbList","@id":"https:\/\/www.pilgrim.es\/it\/cammino-francese\/carrion-de-los-condes\/#breadcrumb","itemListElement":[{"@type":"ListItem","position":1,"name":"Camino de Santiago","item":"https:\/\/www.pilgrim.es\/it\/"},{"@type":"ListItem","position":2,"name":"Cammino Francese","item":"https:\/\/www.pilgrim.es\/it\/cammino-francese\/"},{"@type":"ListItem","position":3,"name":"Carri\u00f3n de los Condes"}]},{"@type":"WebSite","@id":"https:\/\/www.pilgrim.es\/it\/#website","url":"https:\/\/www.pilgrim.es\/it\/","name":"Pilgrim","description":"Camino de Santiago | Caminamos Contigo","publisher":{"@id":"https:\/\/www.pilgrim.es\/it\/#organization"},"potentialAction":[{"@type":"SearchAction","target":{"@type":"EntryPoint","urlTemplate":"https:\/\/www.pilgrim.es\/it\/?s={search_term_string}"},"query-input":{"@type":"PropertyValueSpecification","valueRequired":true,"valueName":"search_term_string"}}],"inLanguage":"it-IT"},{"@type":"Organization","@id":"https:\/\/www.pilgrim.es\/it\/#organization","name":"Pilgrim Camino de Santiago","url":"https:\/\/www.pilgrim.es\/it\/","logo":{"@type":"ImageObject","inLanguage":"it-IT","@id":"https:\/\/www.pilgrim.es\/it\/#\/schema\/logo\/image\/","url":"https:\/\/www.pilgrim.es\/wp-content\/uploads\/2019\/04\/logo_pilgrim.png","contentUrl":"https:\/\/www.pilgrim.es\/wp-content\/uploads\/2019\/04\/logo_pilgrim.png","width":512,"height":512,"caption":"Pilgrim Camino de Santiago"},"image":{"@id":"https:\/\/www.pilgrim.es\/it\/#\/schema\/logo\/image\/"},"sameAs":["https:\/\/www.facebook.com\/pilgrim.es\/","https:\/\/x.com\/pilgrim_es","https:\/\/www.instagram.com\/pilgrim.es\/","https:\/\/www.linkedin.com\/company\/pilgrim-camino-de-santiago\/","https:\/\/www.pinterest.es\/pilgrimcaminodesantiago\/","https:\/\/www.youtube.com\/channel\/UCIv2ZzFLXVqthkNF32rKedw\/featured"]}]}},"_links":{"self":[{"href":"https:\/\/www.pilgrim.es\/it\/wp-json\/wp\/v2\/pages\/91088","targetHints":{"allow":["GET"]}}],"collection":[{"href":"https:\/\/www.pilgrim.es\/it\/wp-json\/wp\/v2\/pages"}],"about":[{"href":"https:\/\/www.pilgrim.es\/it\/wp-json\/wp\/v2\/types\/page"}],"replies":[{"embeddable":true,"href":"https:\/\/www.pilgrim.es\/it\/wp-json\/wp\/v2\/comments?post=91088"}],"version-history":[{"count":0,"href":"https:\/\/www.pilgrim.es\/it\/wp-json\/wp\/v2\/pages\/91088\/revisions"}],"up":[{"embeddable":true,"href":"https:\/\/www.pilgrim.es\/it\/wp-json\/wp\/v2\/pages\/10735"}],"wp:featuredmedia":[{"embeddable":true,"href":"https:\/\/www.pilgrim.es\/it\/wp-json\/wp\/v2\/media\/2575"}],"wp:attachment":[{"href":"https:\/\/www.pilgrim.es\/it\/wp-json\/wp\/v2\/media?parent=91088"}],"wp:term":[{"taxonomy":"category","embeddable":true,"href":"https:\/\/www.pilgrim.es\/it\/wp-json\/wp\/v2\/categories?post=91088"},{"taxonomy":"post_tag","embeddable":true,"href":"https:\/\/www.pilgrim.es\/it\/wp-json\/wp\/v2\/tags?post=91088"}],"curies":[{"name":"wp","href":"https:\/\/api.w.org\/{rel}","templated":true}]}}