{"id":91058,"date":"2025-03-17T13:09:30","date_gmt":"2025-03-17T13:09:30","guid":{"rendered":"https:\/\/www.pilgrim.es\/cammino-francese\/logrono\/"},"modified":"2025-10-09T12:40:47","modified_gmt":"2025-10-09T12:40:47","slug":"logrono","status":"publish","type":"page","link":"https:\/\/www.pilgrim.es\/it\/cammino-francese\/logrono\/","title":{"rendered":"Logro\u00f1o"},"content":{"rendered":"\n<section id=\"hero\">\n\t<h1>Logro\u00f1o<\/h1>\n\t<div class=\"hero-grid\">\n\t\t<div class=\"hero-grid__town-col\" data-background=\"https:\/\/cdn.pilgrim.es\/web\/caminos\/camino-frances\/pueblos\/logrono\/logrono.jpg\">\n\t\t\t<div>\n\t\t\t\t<a class=\"link-to-stage\" href=\"https:\/\/www.pilgrim.es\/camino-frances\/etapa-7-los-arcos-logrono\/\">\n\t\t\t\t\t<p>&#8249; Ritorno al palcoscenico<\/p>\n\t\t\t\t<\/a>\n\n\t\t\t\t<div class=\"town-data\">\n\t\t\t\t\t<h2>Logro\u00f1o<\/h2>\n\t\t\t\t\t<ul>\n\t\t\t\t\t\t<li>Abitanti: 151.962 aprox.<\/li>\n\t\t\t\t\t\t<li>Provincia: La Rioja<\/li>\n\t\t\t\t\t<\/ul>\n\t\t\t\t<\/div>\n\t\t\t<\/div>\n\t\t<\/div>\n\t\t<div class=\"hero-grid__planner-col\"><div\r\n  class=\"p-col-span-1 p-rounded-lg p-px-5 p-h-full\"\r\n  style=\"background-image: url('https:\/\/cdn.pilgrim.es\/web\/pilgrim-planner\/bg-plugin-planificador.webp')\"\r\n  rel=\"preload\"\r\n  fetchpriority=\"high\"\r\n  >\r\n    <div class=\"p-text-center p-pt-5 p-text-white p-text-2xl p-font-semibold\">\r\n      Pianifica il tuo cammino    <\/div>\r\n    <div\r\n            id='primary-app'\r\n            data-name='banner'\r\n            data-api='https:\/\/pathfinder.pilgrim.es\/api\/pathfinder\/v2'\r\n            data-mode='normal'\r\n            data-lang='it'\r\n            data-route='1'\r\n            data-destiny='https:\/\/planificador.pilgrim.es'\r\n            data-modality='1'\r\n            data-inline=''\r\n        ><\/div><\/div><\/div>\n\t<\/div>\n<\/section>\n\n<section id=\"infoTown\">\n\t<div class=\"sections-town\">\n\n\t\t<div id=\"informationSection\">\n\t\t\t<div>\n\t\t\t\t<h2 class=\"p-h2-town\">Informazioni<\/h2>\n\t\t\t\t<hr>\n\t\t\t\t<h3 class=\"p-h3-town\">Get to know Logro\u00f1o<\/h3>\n\t\t\t<\/div>\n\t\t\t<p>Una volta lasciata la Navarra, entriamo nelle terre della Rioja e ci imbattiamo in un&#8217;altra grande citt\u00e0, Logro\u00f1o.<\/p> <p>E&#8217; bagnata dal fiume Ebro, il primo grande alveo del Cammino Francese, ed \u00e8 stata considerata un crocevia fin dall&#8217;antichit\u00e0, in quanto punto intermedio tra i diversi regni del Nord della penisola.<\/p> &lt;p\n\t\t<\/div>\n\n\t\t<div id=\"locationSection\">\n\t\t\t<div>\n\t\t\t\t<h2 class=\"p-h2-town\">Posizione<\/h2>\n\t\t\t\t<hr>\n\t\t\t\t<h3 class=\"p-h3-town\">Come arrivare<\/h3>\n\t\t\t<\/div>\n\t\t\t<p>Logro\u00f1o \u00e8 ben collegata grazie alle strade LO-20, A-12, A-11 e AP-68, solo l&#8217;ultima ha una zona a pedaggio. Se, invece, si vuole raggiungere la citt\u00e0 con i mezzi pubblici, ci sono diverse possibilit\u00e0, aereo, autobus e treno.\n\n<p>L&#8217;aeroporto di Logro\u00f1o non ha quasi traffico aereo, ma ha diversi voli per Madrid; un altro impedimento \u00e8 che, nonostante sia a 9 km dalla citt\u00e0, non ci sono mezzi pubblici per arrivarci.\n\n<p>Per quanto riguarda le altre due opzioni di trasporto, entrambe sono ben collegate con i principali punti della Spagna come: Madrid, Valencia, Le\u00f3n, Alicante, Zamora, Barcellona, Santander, Vigo, Pontevedra, Orense, Valladolid, A Coru\u00f1a, ecc. <\/p>\n\t\t\t<div>\n\t\t\t\t<div>\n  <iframe loading=\"lazy\"\n    src=\"https:\/\/www.google.com\/maps\/d\/embed?mid=1oBYgb06zU-N-9hhWXrlYmcse_ElGiwo&amp;ehbc=2E312F\"\n    width=\"640\"\n    height=\"480\"\n    alt=\"Mapa Logro\u00f1o\"\n  ><\/iframe>\n<\/div>\n\n\t\t\t<\/div>\n\t\t<\/div>\n\n\t\t\n\t\t\t<div id=\"toVisitSection\">\n\t\t\t\t<div>\n\t\t\t\t\t<h2 class=\"p-h2-town\">Storia \/ Cultura<\/h2>\n\t\t\t\t\t<hr>\n\t\t\t\t\t<h3 class=\"p-h3-town\">Cosa vedere<\/h3>\n\t\t\t\t<\/div>\n\t\t\t\t<div>\n\t\t\t\t\t<div class=\"accordion\">\n\t\t\t\t\t\t<div class=\"accordion__menu\">\n\t\t\t\t\t\t\t<nav>\n\t\t\t\t\t\t\t\t\n\t\t\t\t\t\t\t\t\t<button class=\"nav-tab-accordion active\"><span>&#10093;<\/span><span> Darien<\/span><\/button>\n\t\t\t\t\t\t\t\t\n\t\t\t\t\t\t\t\t\t<button class=\"nav-tab-accordion \"><span>&#10093;<\/span><span> Puente Mantible<\/span><\/button>\n\t\t\t\t\t\t\t\t\n\t\t\t\t\t\t\t\t\t<button class=\"nav-tab-accordion \"><span>&#10093;<\/span><span> Museo W\u00fcrth<\/span><\/button>\n\t\t\t\t\t\t\t\t\n\t\t\t\t\t\t\t\t\t<button class=\"nav-tab-accordion \"><span>&#10093;<\/span><span> Puente de Piedra<\/span><\/button>\n\t\t\t\t\t\t\t\t\n\t\t\t\t\t\t\t\t\t<button class=\"nav-tab-accordion \"><span>&#10093;<\/span><span> Teatro Bret\u00f3n de Los Herreros<\/span><\/button>\n\t\t\t\t\t\t\t\t\n\t\t\t\t\t\t\t\t\t<button class=\"nav-tab-accordion \"><span>&#10093;<\/span><span> Calado de San Gregorio<\/span><\/button>\n\t\t\t\t\t\t\t\t\n\t\t\t\t\t\t\t\t\t<button class=\"nav-tab-accordion \"><span>&#10093;<\/span><span> Castillo de Clavijo<\/span><\/button>\n\t\t\t\t\t\t\t\t\n\t\t\t\t\t\t\t\t\t<button class=\"nav-tab-accordion \"><span>&#10093;<\/span><span> Centro de la Cultura de la Rioja<\/span><\/button>\n\t\t\t\t\t\t\t\t\n\t\t\t\t\t\t\t\t\t<button class=\"nav-tab-accordion \"><span>&#10093;<\/span><span> Cubo de Revell\u00edn y la Muralla<\/span><\/button>\n\t\t\t\t\t\t\t\t\n\t\t\t\t\t\t\t\t\t<button class=\"nav-tab-accordion \"><span>&#10093;<\/span><span> Edificio de Correos<\/span><\/button>\n\t\t\t\t\t\t\t\t\n\t\t\t\t\t\t\t\t\t<button class=\"nav-tab-accordion \"><span>&#10093;<\/span><span> Edificio del Parlamento<\/span><\/button>\n\t\t\t\t\t\t\t\t\n\t\t\t\t\t\t\t\t\t<button class=\"nav-tab-accordion \"><span>&#10093;<\/span><span> Fuente del Peregrino<\/span><\/button>\n\t\t\t\t\t\t\t\t\n\t\t\t\t\t\t\t\t\t<button class=\"nav-tab-accordion \"><span>&#10093;<\/span><span> Iglesia de Santiago<\/span><\/button>\n\t\t\t\t\t\t\t\t\n\t\t\t\t\t\t\t\t\t<button class=\"nav-tab-accordion \"><span>&#10093;<\/span><span> Iglesia de San Bartolom\u00e9<\/span><\/button>\n\t\t\t\t\t\t\t\t\n\t\t\t\t\t\t\t\t\t<button class=\"nav-tab-accordion \"><span>&#10093;<\/span><span> Imperial Iglesia de Santa Mar\u00eda Palacio<\/span><\/button>\n\t\t\t\t\t\t\t\t\n\t\t\t\t\t\t\t\t\t<button class=\"nav-tab-accordion \"><span>&#10093;<\/span><span> Marqu\u00e9s de Murrieta<\/span><\/button>\n\t\t\t\t\t\t\t\t\n\t\t\t\t\t\t\t\t\t<button class=\"nav-tab-accordion \"><span>&#10093;<\/span><span> Museo de La Rioja<\/span><\/button>\n\t\t\t\t\t\t\t\t\n\t\t\t\t\t\t\t\t\t<button class=\"nav-tab-accordion \"><span>&#10093;<\/span><span> Campo Viejo<\/span><\/button>\n\t\t\t\t\t\t\t\t\n\t\t\t\t\t\t\t\t\t<button class=\"nav-tab-accordion \"><span>&#10093;<\/span><span> Palacio de Congresos<\/span><\/button>\n\t\t\t\t\t\t\t\t\n\t\t\t\t\t\t\t\t\t<button class=\"nav-tab-accordion \"><span>&#10093;<\/span><span> Palacio Marqu\u00e9s de Monasterio<\/span><\/button>\n\t\t\t\t\t\t\t\t\n\t\t\t\t\t\t\t\t\t<button class=\"nav-tab-accordion \"><span>&#10093;<\/span><span> Parque de La Grajera<\/span><\/button>\n\t\t\t\t\t\t\t\t\n\t\t\t\t\t\t\t\t\t<button class=\"nav-tab-accordion \"><span>&#10093;<\/span><span> Plaza del Ayuntamiento<\/span><\/button>\n\t\t\t\t\t\t\t\t\n\t\t\t\t\t\t\t\t\t<button class=\"nav-tab-accordion \"><span>&#10093;<\/span><span> Puente de Hierro<\/span><\/button>\n\t\t\t\t\t\t\t\t\n\t\t\t\t\t\t\t\t\t<button class=\"nav-tab-accordion \"><span>&#10093;<\/span><span> Bodega Onta\u00f1\u00f3n<\/span><\/button>\n\t\t\t\t\t\t\t\t\n\t\t\t\t\t\t\t\t\t<button class=\"nav-tab-accordion \"><span>&#10093;<\/span><span> Restos de la Antigua Vareia<\/span><\/button>\n\t\t\t\t\t\t\t\t\n\t\t\t\t\t\t\t\t\t<button class=\"nav-tab-accordion \"><span>&#10093;<\/span><span> Casa de Mateo de Nuevas<\/span><\/button>\n\t\t\t\t\t\t\t\t\n\t\t\t\t\t\t\t\t\t<button class=\"nav-tab-accordion \"><span>&#10093;<\/span><span> Concatedral de la Redonda<\/span><\/button>\n\t\t\t\t\t\t\t\t\n\t\t\t\t\t\t\t\t\t<button class=\"nav-tab-accordion \"><span>&#10093;<\/span><span> Sala Am\u00f3s Salvador<\/span><\/button>\n\t\t\t\t\t\t\t\t\n\t\t\t\t\t\t\t\t\t<button class=\"nav-tab-accordion \"><span>&#10093;<\/span><span> Bodega Marqu\u00e9s de Vargas<\/span><\/button>\n\t\t\t\t\t\t\t\t\n\t\t\t\t\t\t\t<\/nav>\n\t\t\t\t\t\t<\/div>\n\n\t\t\t\t\t\t\n\t\t\t\t\t\t\t<div class=\"accordion__accordion-content \">\n\t\t\t\t\t\t\t\t<div>\n\t\t\t\t\t\t\t\t\t<div>\n\t\t\t\t\t\t\t\t\t\t<h4>Darien<\/h4>\n\t\t\t\t\t\t\t\t\t\t<p>Darien \u00e8 una cantina costruita in stile avanguardista dall&#8217;architetto Jes\u00fas Mariano Pascual. \u00c8 circondata da vigneti ed \u00e8 dotata delle tecnologie pi\u00f9 avanzate per la produzione di vini personali e moderni.\n\n<p>Orario<\/p>\n\n<p>Luned\u00ec a sabato, aperto dalle 11:00 alle 17:00 Domenica dalle 11:00 alle 14:00<\/p>\n\n<p>Tasse<\/p>\n\n<p>Visita guidata con degustazione di 1 vino: 6\u20ac Visita guidata con degustazione di 4 vini e aperitivo: 15\u20ac Visita gratuita con degustazione di 1 vino: 3\u20ac<\/p> <p>Visita gratuita con degustazione di 1 vino: 3\u20ac<\/p> <p>Visita gratuita con degustazione di 1 vino: 3\u20ac<\/p> <p>Visita gratuita con degustazione di 1 vino: 3\u20ac<\/p> &lt;p\n\n<p>INFORMAZIONI DI INTERESSE<\/p>\n\n<p>Web: www.darien.es E-mail: infor@darien.es Telefono: 941 25 81 30<\/p>\n\n<p>Le visite guidate devono essere prenotate<\/p>\n\t\t\t\t\t\t\t\t\t<\/div>\n\t\t\t\t\t\t\t\t\t<img decoding=\"async\" src=\"https:\/\/cdn.pilgrim.es\/web\/caminos\/camino-frances\/pueblos\/logrono\/puntos-de-interes\/darien.jpg\" alt=\"Darien\">\n\t\t\t\t\t\t\t\t<\/div>\n\t\t\t\t\t\t\t<\/div>\n\t\t\t\t\t\t\n\t\t\t\t\t\t\t<div class=\"accordion__accordion-content inactive\">\n\t\t\t\t\t\t\t\t<div>\n\t\t\t\t\t\t\t\t\t<div>\n\t\t\t\t\t\t\t\t\t\t<h4>Puente Mantible<\/h4>\n\t\t\t\t\t\t\t\t\t\t<p>Le rovine del ponte Mantible mostrano uno degli antichi percorsi che esistevano per attraversare l&#8217;Ebro. Non c&#8217;\u00e8 accordo sulla data di costruzione; gli storici ritengono che risalga alla prima met\u00e0 del II secolo, in pieno periodo imperiale romano, mentre altri ritengono che il ponte sia stato costruito nell&#8217;XI secolo e che sarebbe stato realizzato contemporaneamente al ponte di Puente la Reina. <\/p>\n\n<p>Secondo la seconda teoria, entrambi i ponti furono costruiti per collegare le due principali citt\u00e0 del Regno di Navarra, Pamplona e N\u00e1jera. Erano lunghi 164 metri, con una larghezza di 5 metri e un&#8217;altezza massima di 30 metri. Era costituito da sette archi semicircolari, di cui solo due sono ancora in piedi. La struttura, ancora oggi visibile, mostra l&#8217;eccellente qualit\u00e0 della lavorazione della pietra utilizzata per la sua costruzione.\n\t\t\t\t\t\t\t\t\t<\/div>\n\t\t\t\t\t\t\t\t\t<img decoding=\"async\" src=\"https:\/\/cdn.pilgrim.es\/web\/caminos\/camino-frances\/pueblos\/logrono\/puntos-de-interes\/puente-mantible.jpg\" alt=\"Puente Mantible\">\n\t\t\t\t\t\t\t\t<\/div>\n\t\t\t\t\t\t\t<\/div>\n\t\t\t\t\t\t\n\t\t\t\t\t\t\t<div class=\"accordion__accordion-content inactive\">\n\t\t\t\t\t\t\t\t<div>\n\t\t\t\t\t\t\t\t\t<div>\n\t\t\t\t\t\t\t\t\t\t<h4>Museo W\u00fcrth<\/h4>\n\t\t\t\t\t\t\t\t\t\t<p>Situato nella zona industriale di El Sequero, il Museo W\u00fcrth, di propriet\u00e0 dell&#8217;omonima multinazionale tedesca, \u00e8 un museo d&#8217;arte contemporanea che di solito combina mostre prestigiose di autori famosi con collezioni museali appartenenti alla multinazionale stessa.<\/p> <p>Il Museo W\u00fcrth \u00e8 un museo d&#8217;arte contemporanea che di solito combina mostre prestigiose di autori famosi con collezioni museali appartenenti alla multinazionale stessa.<\/p> <p>Il Museo W\u00fcrth \u00e8 un museo d&#8217;arte contemporanea che di solito combina mostre prestigiose di autori famosi con collezioni museali appartenenti alla multinazionale stessa.\n\t\t\t\t\t\t\t\t\t<\/div>\n\t\t\t\t\t\t\t\t\t<img decoding=\"async\" src=\"https:\/\/cdn.pilgrim.es\/web\/caminos\/camino-frances\/pueblos\/logrono\/puntos-de-interes\/museo-wurth.jpg\" alt=\"Museo W\u00fcrth\">\n\t\t\t\t\t\t\t\t<\/div>\n\t\t\t\t\t\t\t<\/div>\n\t\t\t\t\t\t\n\t\t\t\t\t\t\t<div class=\"accordion__accordion-content inactive\">\n\t\t\t\t\t\t\t\t<div>\n\t\t\t\t\t\t\t\t\t<div>\n\t\t\t\t\t\t\t\t\t\t<h4>Puente de Piedra<\/h4>\n\t\t\t\t\t\t\t\t\t\t<p>I caselli del Ponte di Pietra furono costruiti alla fine del XIX secolo per riscuotere le tasse dalle persone che volevano entrare in citt\u00e0. Situati l&#8217;uno di fronte all&#8217;altro ad ogni estremit\u00e0 del ponte, servivano anche come alloggi per i carabinieri che sorvegliavano il ponte. <\/p>\n\n<p>L&#8217;ingegnere Ferm\u00edn Manso de Z\u00fa\u00f1iga costru\u00ec questa nuova infrastruttura dopo che la precedente fu demolita nel 1871 a causa di un&#8217;alluvione. Aveva dodici arcate e una lunghezza di oltre duecento metri. La ricostruzione del nuovo ponte fu completata nel 1884, subendo una nuova riforma nel 1917. \u00c8 uno dei simboli di Logro\u00f1o e la sua comparsa nello stemma della citt\u00e0 risale al 1285. <\/p>\n\t\t\t\t\t\t\t\t\t<\/div>\n\t\t\t\t\t\t\t\t\t<img decoding=\"async\" src=\"https:\/\/cdn.pilgrim.es\/web\/caminos\/camino-frances\/pueblos\/logrono\/puntos-de-interes\/puente-de-piedra.jpg\" alt=\"Puente de Piedra\">\n\t\t\t\t\t\t\t\t<\/div>\n\t\t\t\t\t\t\t<\/div>\n\t\t\t\t\t\t\n\t\t\t\t\t\t\t<div class=\"accordion__accordion-content inactive\">\n\t\t\t\t\t\t\t\t<div>\n\t\t\t\t\t\t\t\t\t<div>\n\t\t\t\t\t\t\t\t\t\t<h4>Teatro Bret\u00f3n de Los Herreros<\/h4>\n\t\t\t\t\t\t\t\t\t\t<p>Il Teatro Bret\u00f3n de los Herreros \u00e8 la sede di grandi spettacoli culturali. Inoltre, insieme alla Sala Am\u00f3s Salvador, ha il compito di mostrare alla citt\u00e0 l&#8217;avanguardia dell&#8217;arte, attraverso mostre prestigiose per la qualit\u00e0 delle opere e i nomi dei loro autori.\n\n<p>Questa si trova nel centro di Logro\u00f1o, sulla via pedonale. \u00c8 stata finanziata da una sottoscrizione popolare a cui hanno partecipato illustri cittadini riojani come Espartero, Sagasta e lo stesso architetto dell&#8217;edificio, F\u00e9lix Navarro. <\/p>\n\t\t\t\t\t\t\t\t\t<\/div>\n\t\t\t\t\t\t\t\t\t<img decoding=\"async\" src=\"https:\/\/cdn.pilgrim.es\/web\/caminos\/camino-frances\/pueblos\/logrono\/puntos-de-interes\/teatro-breton-de-los-herreros.jpg\" alt=\"Teatro Bret\u00f3n de Los Herreros\">\n\t\t\t\t\t\t\t\t<\/div>\n\t\t\t\t\t\t\t<\/div>\n\t\t\t\t\t\t\n\t\t\t\t\t\t\t<div class=\"accordion__accordion-content inactive\">\n\t\t\t\t\t\t\t\t<div>\n\t\t\t\t\t\t\t\t\t<div>\n\t\t\t\t\t\t\t\t\t\t<h4>Calado de San Gregorio<\/h4>\n\t\t\t\t\t\t\t\t\t\t<p>La capitale de La Rioja \u00e8 nota soprattutto per il suo rapporto con il vino. Gi\u00e0 nel XVI secolo era consuetudine costruire, sotto i pavimenti delle case della citt\u00e0, delle cantine, che \u00e8 il nome dato alle cantine sotterranee della zona. A quel tempo le famiglie producevano il vino per il proprio consumo. I calados, con pareti in bugnato, garantiscono la temperatura e l&#8217;umidit\u00e0 ideali per la fermentazione e la conservazione di questi vini.\n\n<p>La cantina di San Gregorio, situata in via Ruavieja, \u00e8 la pi\u00f9 lunga tra quelle sopravvissute fino ad oggi. Attualmente \u00e8 patrimonio del Comune, in quanto \u00e8 un vero gioiello di architettura enologica tradizionale. \u00c8 lunga trenta metri e le sue origini risalgono al XVI secolo. <\/p>\n\t\t\t\t\t\t\t\t\t<\/div>\n\t\t\t\t\t\t\t\t\t<img decoding=\"async\" src=\"https:\/\/cdn.pilgrim.es\/web\/caminos\/camino-frances\/pueblos\/logrono\/puntos-de-interes\/calado-san-gregorio.jpg\" alt=\"Calado de San Gregorio\">\n\t\t\t\t\t\t\t\t<\/div>\n\t\t\t\t\t\t\t<\/div>\n\t\t\t\t\t\t\n\t\t\t\t\t\t\t<div class=\"accordion__accordion-content inactive\">\n\t\t\t\t\t\t\t\t<div>\n\t\t\t\t\t\t\t\t\t<div>\n\t\t\t\t\t\t\t\t\t\t<h4>Castillo de Clavijo<\/h4>\n\t\t\t\t\t\t\t\t\t\t<p>Il castello di Clavijo si trova su un promontorio roccioso nella citt\u00e0 di Clavijo, a una quindicina di chilometri da Logro\u00f1o. <\/p>\n\n<p>Secondo la tradizione giacobea, fu qui che l&#8217;apparizione dell&#8217;apostolo San Giacomo, montato sul suo bianco destriero, guid\u00f2 le truppe cristiane a sconfiggere le orde musulmane nell&#8217;844.\n\t\t\t\t\t\t\t\t\t<\/div>\n\t\t\t\t\t\t\t\t\t<img decoding=\"async\" src=\"https:\/\/cdn.pilgrim.es\/web\/caminos\/camino-frances\/pueblos\/logrono\/puntos-de-interes\/castillo-clavijo.jpg\" alt=\"Castillo de Clavijo\">\n\t\t\t\t\t\t\t\t<\/div>\n\t\t\t\t\t\t\t<\/div>\n\t\t\t\t\t\t\n\t\t\t\t\t\t\t<div class=\"accordion__accordion-content inactive\">\n\t\t\t\t\t\t\t\t<div>\n\t\t\t\t\t\t\t\t\t<div>\n\t\t\t\t\t\t\t\t\t\t<h4>Centro de la Cultura de la Rioja<\/h4>\n\t\t\t\t\t\t\t\t\t\t<p>Il Centro Culturale Rioja \u00e8 opera dell&#8217;architetto Jes\u00fas Marino Pascual, situato nel centro della citt\u00e0 e nel cuore del quartiere storico. L&#8217;ambizione di questo progetto \u00e8 quella di essere un riferimento internazionale per la cultura del vino &#8220;Rioja&#8221;, oltre a svolgere una funzione di riabilitazione della vita sociale e culturale della citt\u00e0 storica. <\/p>\n\n<p>Il centro \u00e8 stato costruito sul sito dell&#8217;antico palazzo del XVI secolo della famiglia Yang\u00fcas, di cui sono stati conservati l&#8217;ingresso, l&#8217;arco della facciata, la scala, i trafori, il tetto e il balcone.  La facciata \u00e8 dominata dalla figura di un grande portabottiglie. <\/p>\n\t\t\t\t\t\t\t\t\t<\/div>\n\t\t\t\t\t\t\t\t\t<img decoding=\"async\" src=\"https:\/\/cdn.pilgrim.es\/web\/caminos\/camino-frances\/pueblos\/logrono\/puntos-de-interes\/centro--cultura.jpg\" alt=\"Centro de la Cultura de la Rioja\">\n\t\t\t\t\t\t\t\t<\/div>\n\t\t\t\t\t\t\t<\/div>\n\t\t\t\t\t\t\n\t\t\t\t\t\t\t<div class=\"accordion__accordion-content inactive\">\n\t\t\t\t\t\t\t\t<div>\n\t\t\t\t\t\t\t\t\t<div>\n\t\t\t\t\t\t\t\t\t\t<h4>Cubo de Revell\u00edn y la Muralla<\/h4>\n\t\t\t\t\t\t\t\t\t\t<p>Il Cubo de Revell\u00edn \u00e8 un forte dalla struttura cubica che si \u00e8 conservato in perfette condizioni e ospita una mostra documentaria sulla storia delle fortificazioni della citt\u00e0. Collegato a questo forte si possono vedere due diverse sezioni delle mura.\n\n<\/p> <p>La ricostruzione del muro difensivo in muratura ci permette di vedere come appariva la facciata nord della citt\u00e0 nei secoli XVI e XVII, periodi diversi nella costruzione della struttura difensiva.\n\t\t\t\t\t\t\t\t\t<\/div>\n\t\t\t\t\t\t\t\t\t<img decoding=\"async\" src=\"https:\/\/cdn.pilgrim.es\/web\/caminos\/camino-frances\/pueblos\/logrono\/puntos-de-interes\/cubo-revellin.jpg\" alt=\"Cubo de Revell\u00edn y la Muralla\">\n\t\t\t\t\t\t\t\t<\/div>\n\t\t\t\t\t\t\t<\/div>\n\t\t\t\t\t\t\n\t\t\t\t\t\t\t<div class=\"accordion__accordion-content inactive\">\n\t\t\t\t\t\t\t\t<div>\n\t\t\t\t\t\t\t\t\t<div>\n\t\t\t\t\t\t\t\t\t\t<h4>Edificio de Correos<\/h4>\n\t\t\t\t\t\t\t\t\t\t<p>La costruzione del Palazzo delle Poste inizi\u00f2 nel 1927, anche se fu inaugurato nel 1932. \u00c8 un&#8217;opera di architettura neobarocca dell&#8217;architetto Agapito del Valle, eretta sul sito dell&#8217;ex convento delle Monache Agostiniane.\n\t\t\t\t\t\t\t\t\t<\/div>\n\t\t\t\t\t\t\t\t\t<img decoding=\"async\" src=\"https:\/\/cdn.pilgrim.es\/web\/caminos\/camino-frances\/pueblos\/logrono\/puntos-de-interes\/edificio-correos.jpg\" alt=\"Edificio de Correos\">\n\t\t\t\t\t\t\t\t<\/div>\n\t\t\t\t\t\t\t<\/div>\n\t\t\t\t\t\t\n\t\t\t\t\t\t\t<div class=\"accordion__accordion-content inactive\">\n\t\t\t\t\t\t\t\t<div>\n\t\t\t\t\t\t\t\t\t<div>\n\t\t\t\t\t\t\t\t\t\t<h4>Edificio del Parlamento<\/h4>\n\t\t\t\t\t\t\t\t\t\t<p>Il Palazzo del Parlamento di La Rioja \u00e8 l&#8217;ex convento della Merced, che affonda le sue origini nel XIV secolo, anche se quasi tutto \u00e8 stato costruito nel XVI secolo, come testimoniano gli stemmi dell&#8217;ordine che ornano la facciata nord. <\/p>\n\n<p>Il convento, fiancheggiato dalle mura cittadine, era situato presso una delle porte della citt\u00e0. Con il passare del tempo, l&#8217;edificio \u00e8 stato adibito agli usi pi\u00f9 disparati. Nel 1820 fungeva da caserma; un decennio dopo fu utilizzato come ospedale militare, magazzino, parco di artiglieria e prigione. Tra il 1847 e il 1868 fu sede delle monache carmelitane. In quell&#8217;anno, l&#8217;edificio fu scambiato con alcuni appezzamenti di terreno e consegnato al Comune di Logro\u00f1o per ordine reale. A causa delle guerre carliste, perse la propriet\u00e0 comunale e pass\u00f2 in mani militari.\n\t\t\t\t\t\t\t\t\t<\/div>\n\t\t\t\t\t\t\t\t\t<img decoding=\"async\" src=\"https:\/\/cdn.pilgrim.es\/web\/caminos\/camino-frances\/pueblos\/logrono\/puntos-de-interes\/parlamento.jpg\" alt=\"Edificio del Parlamento\">\n\t\t\t\t\t\t\t\t<\/div>\n\t\t\t\t\t\t\t<\/div>\n\t\t\t\t\t\t\n\t\t\t\t\t\t\t<div class=\"accordion__accordion-content inactive\">\n\t\t\t\t\t\t\t\t<div>\n\t\t\t\t\t\t\t\t\t<div>\n\t\t\t\t\t\t\t\t\t\t<h4>Fuente del Peregrino<\/h4>\n\t\t\t\t\t\t\t\t\t\t<p>La Fontana del Pellegrino si trova pochi metri prima di raggiungere la rampa che porta alla chiesa di Santiago. La fontana \u00e8 costruita in pietra ed \u00e8 composta da una figura ad arco ribassato affiancata da due pilastri, un fregio e un frontone.\n\n<p>Anche se non si conosce l&#8217;anno esatto di costruzione, ci sono prove di una ricostruzione effettuata nel 1675, anche se tutto fa pensare che sia pi\u00f9 antica. Da allora, le sue due cannelle forniscono acqua fresca ai pellegrini che si recano a Santiago lungo il Cammino Francese, dove si trova la fontana. <\/p>\n\t\t\t\t\t\t\t\t\t<\/div>\n\t\t\t\t\t\t\t\t\t<img decoding=\"async\" src=\"https:\/\/cdn.pilgrim.es\/web\/caminos\/camino-frances\/pueblos\/logrono\/puntos-de-interes\/fuente-peregrinos.jpg\" alt=\"Fuente del Peregrino\">\n\t\t\t\t\t\t\t\t<\/div>\n\t\t\t\t\t\t\t<\/div>\n\t\t\t\t\t\t\n\t\t\t\t\t\t\t<div class=\"accordion__accordion-content inactive\">\n\t\t\t\t\t\t\t\t<div>\n\t\t\t\t\t\t\t\t\t<div>\n\t\t\t\t\t\t\t\t\t\t<h4>Iglesia de Santiago<\/h4>\n\t\t\t\t\t\t\t\t\t\t<p>Le origini della Chiesa di San Giacomo risalgono all&#8217;844, quando Arcadio, discepolo dell&#8217;Apostolo, costru\u00ec la prima chiesa in onore del santo.<\/p> <p>La Chiesa di San Giacomo fu fondata nell&#8217;844, quando Arcadio, discepolo dell&#8217;Apostolo, costru\u00ec la prima chiesa in onore del santo.\n\n<p>Questa prima chiesa fu ampliata pi\u00f9 volte e distrutta da un incendio intorno al 1500. L&#8217;attuale chiesa inizi\u00f2 a essere costruita subito dopo che le fiamme distrussero quella originaria. <\/p>\n\t\t\t\t\t\t\t\t\t<\/div>\n\t\t\t\t\t\t\t\t\t<img decoding=\"async\" src=\"https:\/\/cdn.pilgrim.es\/web\/caminos\/camino-frances\/pueblos\/logrono\/puntos-de-interes\/iglesia-santiago.jpg\" alt=\"Iglesia de Santiago\">\n\t\t\t\t\t\t\t\t<\/div>\n\t\t\t\t\t\t\t<\/div>\n\t\t\t\t\t\t\n\t\t\t\t\t\t\t<div class=\"accordion__accordion-content inactive\">\n\t\t\t\t\t\t\t\t<div>\n\t\t\t\t\t\t\t\t\t<div>\n\t\t\t\t\t\t\t\t\t\t<h4>Iglesia de San Bartolom\u00e9<\/h4>\n\t\t\t\t\t\t\t\t\t\t<p>La chiesa di San Bartolom\u00e9 \u00e8 la pi\u00f9 antica tra quelle conservate in citt\u00e0. Fu costruita nei primi anni del XIII secolo, probabilmente sul sito di un&#8217;antica chiesa gi\u00e0 esistente. Per quanto riguarda la sua struttura, presenta un triplice chevet, un transetto, tre navate e una torre. L&#8217;aspetto e la pianta risalgono allo stile romanico, mentre pi\u00f9 ci si avvicina alla porta principale, pi\u00f9 regna lo stile gotico. Le modifiche del XVI secolo hanno aggiunto nuovi pilastri, una volta coperta e un coro all&#8217;ingresso.\n\t\t\t\t\t\t\t\t\t<\/div>\n\t\t\t\t\t\t\t\t\t<img decoding=\"async\" src=\"https:\/\/cdn.pilgrim.es\/web\/caminos\/camino-frances\/pueblos\/logrono\/puntos-de-interes\/iglesia-san-bartolome.jpg\" alt=\"Iglesia de San Bartolom\u00e9\">\n\t\t\t\t\t\t\t\t<\/div>\n\t\t\t\t\t\t\t<\/div>\n\t\t\t\t\t\t\n\t\t\t\t\t\t\t<div class=\"accordion__accordion-content inactive\">\n\t\t\t\t\t\t\t\t<div>\n\t\t\t\t\t\t\t\t\t<div>\n\t\t\t\t\t\t\t\t\t\t<h4>Imperial Iglesia de Santa Mar\u00eda Palacio<\/h4>\n\t\t\t\t\t\t\t\t\t\t<p>La Chiesa di Santa Maria del Palacio sorge sul sito di un&#8217;antica chiesa fondata dall&#8217;Ordine del Santo Sepolcro e risale alla seconda met\u00e0 del XII secolo. <\/p>\n\t\t\t\t\t\t\t\t\t<\/div>\n\t\t\t\t\t\t\t\t\t<img decoding=\"async\" src=\"https:\/\/cdn.pilgrim.es\/web\/caminos\/camino-frances\/pueblos\/logrono\/puntos-de-interes\/iglesia-santa-maria-palacio.jpg\" alt=\"Imperial Iglesia de Santa Mar\u00eda Palacio\">\n\t\t\t\t\t\t\t\t<\/div>\n\t\t\t\t\t\t\t<\/div>\n\t\t\t\t\t\t\n\t\t\t\t\t\t\t<div class=\"accordion__accordion-content inactive\">\n\t\t\t\t\t\t\t\t<div>\n\t\t\t\t\t\t\t\t\t<div>\n\t\t\t\t\t\t\t\t\t\t<h4>Marqu\u00e9s de Murrieta<\/h4>\n\t\t\t\t\t\t\t\t\t\t<p>Marqu\u00e9s de Murrieta \u00e8 un progetto centenario che risale al 1852. Un sogno concepito dal Marqu\u00e9s de Murrieta, nativo di Logro\u00f1o e rioiano d&#8217;adozione.\n\n<p>Dal 1983 a oggi, la famiglia Cebri\u00e1n-Sagarriga, guidata da Vicente Dalmau Cebri\u00e1n Sagarriga, conte di Creixell, gestisce la cantina e i suoi 300 ettari di vigneti. <\/p>\n\n<\/p> <p> <\/p> &lt;p\n\t\t\t\t\t\t\t\t\t<\/div>\n\t\t\t\t\t\t\t\t\t<img decoding=\"async\" src=\"https:\/\/cdn.pilgrim.es\/web\/caminos\/camino-frances\/pueblos\/logrono\/puntos-de-interes\/marques-murrieta.jpg\" alt=\"Marqu\u00e9s de Murrieta\">\n\t\t\t\t\t\t\t\t<\/div>\n\t\t\t\t\t\t\t<\/div>\n\t\t\t\t\t\t\n\t\t\t\t\t\t\t<div class=\"accordion__accordion-content inactive\">\n\t\t\t\t\t\t\t\t<div>\n\t\t\t\t\t\t\t\t\t<div>\n\t\t\t\t\t\t\t\t\t\t<h4>Museo de La Rioja<\/h4>\n\t\t\t\t\t\t\t\t\t\t<p>Aperto al pubblico nel 1971, il Museo de La Rioja si trova nel Palazzo Espartero, con la facciata principale rivolta verso la Plaza de San Agust\u00edn. Si tratta di un edificio in stile barocco utilizzato dal generale Espartero dopo il suo ritiro dalla politica per vivere con la moglie Jacinta Mart\u00ednez de Sicilia.\n\t\t\t\t\t\t\t\t\t<\/div>\n\t\t\t\t\t\t\t\t\t<img decoding=\"async\" src=\"https:\/\/cdn.pilgrim.es\/web\/caminos\/camino-frances\/pueblos\/logrono\/puntos-de-interes\/museo-la-rioja.jpg\" alt=\"Museo de La Rioja\">\n\t\t\t\t\t\t\t\t<\/div>\n\t\t\t\t\t\t\t<\/div>\n\t\t\t\t\t\t\n\t\t\t\t\t\t\t<div class=\"accordion__accordion-content inactive\">\n\t\t\t\t\t\t\t\t<div>\n\t\t\t\t\t\t\t\t\t<div>\n\t\t\t\t\t\t\t\t\t\t<h4>Campo Viejo<\/h4>\n\t\t\t\t\t\t\t\t\t\t<p>El Campo Viejo \u00e8 stato inaugurato nel 2001 con il nome di nuova cantina Campo Viejo. La ristrutturazione della cantina \u00e8 stata pensata per trovare un equilibrio tra enologia e architettura con l&#8217;obiettivo di garantirne la sostenibilit\u00e0 nel tempo. Cos\u00ec \u00e8 nato questo tempio che attualmente \u00e8 all&#8217;avanguardia nel mercato vinicolo internazionale.\n\n<p>Vini come Campo Viejo, Alcorta, Azpilicueta ne sono la prova. La prima e unica cantina della Rioja con la certificazione Q per il Turismo di Qualit\u00e0.\n\t\t\t\t\t\t\t\t\t<\/div>\n\t\t\t\t\t\t\t\t\t<img decoding=\"async\" src=\"https:\/\/cdn.pilgrim.es\/web\/caminos\/camino-frances\/pueblos\/logrono\/puntos-de-interes\/castillo-clavijo.jpg\" alt=\"Campo Viejo\">\n\t\t\t\t\t\t\t\t<\/div>\n\t\t\t\t\t\t\t<\/div>\n\t\t\t\t\t\t\n\t\t\t\t\t\t\t<div class=\"accordion__accordion-content inactive\">\n\t\t\t\t\t\t\t\t<div>\n\t\t\t\t\t\t\t\t\t<div>\n\t\t\t\t\t\t\t\t\t\t<h4>Palacio de Congresos<\/h4>\n\t\t\t\t\t\t\t\t\t\t<p>Conosciuto anche con il soprannome di Rioja Forum, il Palacio de Congresos de Logro\u00f1o \u00e8 l&#8217;auditorium con la maggiore capienza della citt\u00e0. Situato nell&#8217;enclave del Parque de la Ribera, \u00e8 stato inaugurato nel 2004 con una capacit\u00e0 di circa tremila persone. <\/p>\n\n<p>Ha tre piani che comprendono un auditorium, una sala da camera, una sala per esposizioni e una sala per banchetti. \u00c8 stato concepito per ospitare spettacoli di grandi dimensioni e tutti i tipi di eventi congressuali ed espositivi.\n\t\t\t\t\t\t\t\t\t<\/div>\n\t\t\t\t\t\t\t\t\t<img decoding=\"async\" src=\"https:\/\/cdn.pilgrim.es\/web\/caminos\/camino-frances\/pueblos\/logrono\/puntos-de-interes\/palacio-congresos.jpg\" alt=\"Palacio de Congresos\">\n\t\t\t\t\t\t\t\t<\/div>\n\t\t\t\t\t\t\t<\/div>\n\t\t\t\t\t\t\n\t\t\t\t\t\t\t<div class=\"accordion__accordion-content inactive\">\n\t\t\t\t\t\t\t\t<div>\n\t\t\t\t\t\t\t\t\t<div>\n\t\t\t\t\t\t\t\t\t\t<h4>Palacio Marqu\u00e9s de Monasterio<\/h4>\n\t\t\t\t\t\t\t\t\t\t<p>Situato nella zona di Herrer\u00edas e attualmente sede della Sicurezza Sociale di Logro\u00f1o, il Palazzo del Marqu\u00e9s de Monesterio \u00e8 un chiaro esempio di architettura rinascimentale.  Fu nel XVI secolo che Francisco de Tejada e sua moglie In\u00e9s de Sesma costruirono una casa nella zona di Herrer\u00edas dove ebbe origine l&#8217;attuale palazzo, che diventer\u00e0 ancora pi\u00f9 importante quando Juan de Tejada e sua moglie Leonor de Z\u00fa\u00f1iga amplieranno la casa fino alla chiesa di San Bartolom\u00e9. <\/p>\n\n<p>\u00c8 nel XVIII secolo, quando l&#8217;edificio era nelle mani dei marchesi di Monesterio, che l&#8217;ultimo ampliamento fu demolito e fu costruito il palazzo che conosciamo oggi. Nel corso del XIX secolo si verific\u00f2 un graduale declino della casa, che \u00e8 stata restaurata per l&#8217;ultima volta nel primo decennio del XXI secolo. <\/p>\n\t\t\t\t\t\t\t\t\t<\/div>\n\t\t\t\t\t\t\t\t\t<img decoding=\"async\" src=\"https:\/\/cdn.pilgrim.es\/web\/caminos\/camino-frances\/pueblos\/logrono\/puntos-de-interes\/palacio-marques-monesterio.jpg\" alt=\"Palacio Marqu\u00e9s de Monasterio\">\n\t\t\t\t\t\t\t\t<\/div>\n\t\t\t\t\t\t\t<\/div>\n\t\t\t\t\t\t\n\t\t\t\t\t\t\t<div class=\"accordion__accordion-content inactive\">\n\t\t\t\t\t\t\t\t<div>\n\t\t\t\t\t\t\t\t\t<div>\n\t\t\t\t\t\t\t\t\t\t<h4>Parque de La Grajera<\/h4>\n\t\t\t\t\t\t\t\t\t\t<p>Il Parco della Grajera \u00e8 un sito impressionante che si estende su oltre quattrocento ettari di terreno e il cui segno distintivo \u00e8 il bacino artificiale costruito nell&#8217;ultimo terzo del XIX secolo, su quello che un tempo era solo un piccolo lago. <\/p>\n\t\t\t\t\t\t\t\t\t<\/div>\n\t\t\t\t\t\t\t\t\t<img decoding=\"async\" src=\"https:\/\/cdn.pilgrim.es\/web\/caminos\/camino-frances\/pueblos\/logrono\/puntos-de-interes\/la-grajera.jpg\" alt=\"Parque de La Grajera\">\n\t\t\t\t\t\t\t\t<\/div>\n\t\t\t\t\t\t\t<\/div>\n\t\t\t\t\t\t\n\t\t\t\t\t\t\t<div class=\"accordion__accordion-content inactive\">\n\t\t\t\t\t\t\t\t<div>\n\t\t\t\t\t\t\t\t\t<div>\n\t\t\t\t\t\t\t\t\t\t<h4>Plaza del Ayuntamiento<\/h4>\n\t\t\t\t\t\t\t\t\t\t<p>La piazza del Municipio \u00e8 circondata dall&#8217;edificio progettato dall&#8217;architetto Rafael Moneo nel 1973-1974, i cui lavori furono completati intorno al 1980. Costruito sul sito di una vecchia caserma, ha risposto perfettamente all&#8217;obiettivo di collegare la citt\u00e0 vecchia con quella nuova. <\/p>\n\n<p>La grande piazza, dove il municipio presiede maestoso con la sua facciata in arenaria, \u00e8, come in passato, un punto di attivit\u00e0 della citt\u00e0. <\/p>\n\n<p>Sul muro spicca la scultura della Dama della Fontana, che sovrasta l&#8217;omonima fontana, realizzata in bronzo e con due cannelle d&#8217;acqua, divenuta nel tempo un vero e proprio simbolo del Municipio.<\/p> <p>La scultura della Dama della Fontana \u00e8 un simbolo della citt\u00e0.\n\t\t\t\t\t\t\t\t\t<\/div>\n\t\t\t\t\t\t\t\t\t<img decoding=\"async\" src=\"https:\/\/cdn.pilgrim.es\/web\/caminos\/camino-frances\/pueblos\/logrono\/puntos-de-interes\/plaza-ayuntamiento.jpg\" alt=\"Plaza del Ayuntamiento\">\n\t\t\t\t\t\t\t\t<\/div>\n\t\t\t\t\t\t\t<\/div>\n\t\t\t\t\t\t\n\t\t\t\t\t\t\t<div class=\"accordion__accordion-content inactive\">\n\t\t\t\t\t\t\t\t<div>\n\t\t\t\t\t\t\t\t\t<div>\n\t\t\t\t\t\t\t\t\t\t<h4>Puente de Hierro<\/h4>\n\t\t\t\t\t\t\t\t\t\t<p>Il Ponte di Ferro fu inaugurato nel 1882 e grazie alla sua costruzione la citt\u00e0 miglior\u00f2 i suoi collegamenti commerciali con il nord della Spagna, soprattutto con i Paesi Baschi. <\/p>\n\n<p>L&#8217;idea fu del politico rioiano Pr\u00e1xedes Mateo Sagasta, che in qualit\u00e0 di Presidente del Governo promosse il progetto per la sua costruzione, l&#8217;opera fu progettata dall&#8217;ingegnere Ferm\u00edn Manso de Z\u00fa\u00f1iga. <\/p>\n\t\t\t\t\t\t\t\t\t<\/div>\n\t\t\t\t\t\t\t\t\t<img decoding=\"async\" src=\"https:\/\/cdn.pilgrim.es\/web\/caminos\/camino-frances\/pueblos\/logrono\/puntos-de-interes\/puente-hierro.jpg\" alt=\"Puente de Hierro\">\n\t\t\t\t\t\t\t\t<\/div>\n\t\t\t\t\t\t\t<\/div>\n\t\t\t\t\t\t\n\t\t\t\t\t\t\t<div class=\"accordion__accordion-content inactive\">\n\t\t\t\t\t\t\t\t<div>\n\t\t\t\t\t\t\t\t\t<div>\n\t\t\t\t\t\t\t\t\t\t<h4>Bodega Onta\u00f1\u00f3n<\/h4>\n\t\t\t\t\t\t\t\t\t\t<p>La Cantina-Museo Onta\u00f1\u00f3n \u00e8 stata trasformata in un tempio della cultura del vino grazie all&#8217;artista rioiano Miguel \u00c1ngel S\u00e1inz. <\/p>\n\n<p>La visita si snoda attraverso la Storia del vino attraverso la mitologia, culminando nella scoperta del tesoro della Cantina Onta\u00f1\u00f3n: la degustazione dei vini.<\/p> <p>La visita si snoda attraverso la Storia del vino attraverso la mitologia, culminando nella scoperta del tesoro della Cantina Onta\u00f1\u00f3n: la degustazione dei vini.\n\n<p>Tempo<\/p>\n\n<p>Dal luned\u00ec al sabato aperto dalle 10:00 alle 14:00 e dalle 16:00 alle 19:00Domenica dalle 11:00 alle 14:00<\/p>\n\n<p>INFORMAZIONI DI INTERESSE<\/p>\n\n<p>Web: www.ontanon.esTel\u00e9fono: 941 234 200 \/ 690 85 85 19<\/p>\n\t\t\t\t\t\t\t\t\t<\/div>\n\t\t\t\t\t\t\t\t\t<img decoding=\"async\" src=\"https:\/\/cdn.pilgrim.es\/web\/caminos\/camino-frances\/pueblos\/logrono\/puntos-de-interes\/bodegas-ontanon.jpg\" alt=\"Bodega Onta\u00f1\u00f3n\">\n\t\t\t\t\t\t\t\t<\/div>\n\t\t\t\t\t\t\t<\/div>\n\t\t\t\t\t\t\n\t\t\t\t\t\t\t<div class=\"accordion__accordion-content inactive\">\n\t\t\t\t\t\t\t\t<div>\n\t\t\t\t\t\t\t\t\t<div>\n\t\t\t\t\t\t\t\t\t\t<h4>Restos de la Antigua Vareia<\/h4>\n\t\t\t\t\t\t\t\t\t\t<p>I resti dell&#8217;antica Varela costituiscono un sito archeologico di origine romana. La maggior parte di questi resti risale al V secolo, anche se ve ne sono di precedenti, di cui si possono vedere sezioni delle abitazioni in cui vissero Tito Livio, Plinio, Strabone, Tolomeo e altri illustri personaggi dell&#8217;Impero.<\/p> <p>I resti risalgono al V secolo, anche se ve ne sono di precedenti.\n\t\t\t\t\t\t\t\t\t<\/div>\n\t\t\t\t\t\t\t\t\t<img decoding=\"async\" src=\"https:\/\/cdn.pilgrim.es\/web\/caminos\/camino-frances\/pueblos\/logrono\/puntos-de-interes\/iglesia-santa-maria-palacio.jpg\" alt=\"Restos de la Antigua Vareia\">\n\t\t\t\t\t\t\t\t<\/div>\n\t\t\t\t\t\t\t<\/div>\n\t\t\t\t\t\t\n\t\t\t\t\t\t\t<div class=\"accordion__accordion-content inactive\">\n\t\t\t\t\t\t\t\t<div>\n\t\t\t\t\t\t\t\t\t<div>\n\t\t\t\t\t\t\t\t\t\t<h4>Casa de Mateo de Nuevas<\/h4>\n\t\t\t\t\t\t\t\t\t\t<p>La Casa di Mateo de Nuevas \u00e8 l&#8217;unico riferimento architettonico all&#8217;Inquisizione in tutto il nord della Spagna, risalente al XVIII secolo. <\/p> <p>\u00c8 stata costruita nel XVIII secolo.\n\n<p>All&#8217;interno del tempio, in particolare nella cupola, si trova un dipinto murale che raffigura lo stemma dell&#8217;Inquisizione. Al piano terra, come nella maggior parte delle case della Citt\u00e0 Vecchia, si trova un locale per la produzione del vino. <\/p>\n\n<p>La Casa di Mateo de Nuevas \u00e8 stata costruita nel XVIII secolo ed \u00e8 l&#8217;unico riferimento architettonico all&#8217;Inquisizione spagnola esistente nel nord della Spagna.<\/p> <p>La Casa di Mateo de Nuevas \u00e8 stata costruita nel XVIII secolo.\n\t\t\t\t\t\t\t\t\t<\/div>\n\t\t\t\t\t\t\t\t\t<img decoding=\"async\" src=\"https:\/\/cdn.pilgrim.es\/web\/caminos\/camino-frances\/pueblos\/logrono\/puntos-de-interes\/sala-amos.jpg\" alt=\"Casa de Mateo de Nuevas\">\n\t\t\t\t\t\t\t\t<\/div>\n\t\t\t\t\t\t\t<\/div>\n\t\t\t\t\t\t\n\t\t\t\t\t\t\t<div class=\"accordion__accordion-content inactive\">\n\t\t\t\t\t\t\t\t<div>\n\t\t\t\t\t\t\t\t\t<div>\n\t\t\t\t\t\t\t\t\t\t<h4>Concatedral de la Redonda<\/h4>\n\t\t\t\t\t\t\t\t\t\t<p>Della Concattedrale di La Redonda va sottolineata la facciata con struttura a forno, ai cui lati si ergono due torri del XVIII secolo dette &#8220;i gemelli&#8221;, in stile barocco.<\/p> <p>La facciata della torre ha uno stile barocco.\n\n<p>La porta principale conduce alla piazza e presenta una grande pala d&#8217;altare in pietra incorniciata da colonne corinzie e protetta da un cancello che d\u00e0 accesso alla cappella di Santo Cristo. Il transetto del tempio \u00e8 coronato da una volta a botte, in cui si possono apprezzare le rappresentazioni in rilievo dei quattro evangelisti.\n\t\t\t\t\t\t\t\t\t<\/div>\n\t\t\t\t\t\t\t\t\t<img decoding=\"async\" src=\"https:\/\/cdn.pilgrim.es\/web\/caminos\/camino-frances\/pueblos\/logrono\/puntos-de-interes\/concatedral-la-redonda.jpg\" alt=\"Concatedral de la Redonda\">\n\t\t\t\t\t\t\t\t<\/div>\n\t\t\t\t\t\t\t<\/div>\n\t\t\t\t\t\t\n\t\t\t\t\t\t\t<div class=\"accordion__accordion-content inactive\">\n\t\t\t\t\t\t\t\t<div>\n\t\t\t\t\t\t\t\t\t<div>\n\t\t\t\t\t\t\t\t\t\t<h4>Sala Am\u00f3s Salvador<\/h4>\n\t\t\t\t\t\t\t\t\t\t<p>La Sala Am\u00f3s Salvador \u00e8 uno dei luoghi essenziali per la cultura contemporanea a Logro\u00f1o. Si trova in uno degli edifici che facevano parte della fabbrica di tabacco. Ogni anno vi passano le opere e gli artisti pi\u00f9 famosi del momento, siano essi pittori, scultori, fotografi o professionisti di qualsiasi altra disciplina artistica.\n\t\t\t\t\t\t\t\t\t<\/div>\n\t\t\t\t\t\t\t\t\t<img decoding=\"async\" src=\"https:\/\/cdn.pilgrim.es\/web\/caminos\/camino-frances\/pueblos\/logrono\/puntos-de-interes\/sala-amos.jpg\" alt=\"Sala Am\u00f3s Salvador\">\n\t\t\t\t\t\t\t\t<\/div>\n\t\t\t\t\t\t\t<\/div>\n\t\t\t\t\t\t\n\t\t\t\t\t\t\t<div class=\"accordion__accordion-content inactive\">\n\t\t\t\t\t\t\t\t<div>\n\t\t\t\t\t\t\t\t\t<div>\n\t\t\t\t\t\t\t\t\t\t<h4>Bodega Marqu\u00e9s de Vargas<\/h4>\n\t\t\t\t\t\t\t\t\t\t<p>La cantina Marqu\u00e9s de Vargas \u00e8 stata costruita nel 1989 e si trova al centro della tenuta di Pradolagar. Si tratta di un&#8217;azienda ricca di storia: gi\u00e0 nel 1840 Don Felipe de la Mata, ottavo marchese di Vargas, coltiv\u00f2 i primi vigneti nei suoi terreni vicino a Logro\u00f1o.\n\n<p>Conosciuta come &#8220;chateau&#8221;, la cantina produce tre vini rossi di alta qualit\u00e0: Marqu\u00e9s de Vargas Reserva, M. Vargas Reserva Privada e Hacienda Pradolagar con uve selezionate provenienti dai propri vigneti a produzione limitata.\n\t\t\t\t\t\t\t\t\t<\/div>\n\t\t\t\t\t\t\t\t\t<img decoding=\"async\" src=\"https:\/\/cdn.pilgrim.es\/web\/caminos\/camino-frances\/pueblos\/logrono\/puntos-de-interes\/marques-vargas.jpg\" alt=\"Bodega Marqu\u00e9s de Vargas\">\n\t\t\t\t\t\t\t\t<\/div>\n\t\t\t\t\t\t\t<\/div>\n\t\t\t\t\t\t\n\t\t\t\t\t<\/div>\n\t\t\t\t<\/div>\n\t\t\t<\/div>\n\t\t\n\n\t\t<div id=\"phonesSection\">\n\t\t\t<div>\n\t\t\t\t<h2 class=\"p-h3-town\">Informazioni di interesse<\/h2>\n\t\t\t<\/div>\n\t\t\t<div class=\"grid\">\n\t\t\t\t\n\t\t\t\t\t<div class=\"phone-number-item\">\n\t\t\t\t\t\t<div class=\"phone-number-item__icon\"><i class=\"icon-police\"><\/i><\/div>\n\t\t\t\t\t\t<div class=\"phone-number-item__title\">\n\t\t\t\t\t\t\t<h3 class=\"p-font-bold\">Polizia locale<\/h3>\n\t\t\t\t\t\t\t<p>941 235 011<\/p>\n\t\t\t\t\t\t\t\n\t\t\t\t\t\t<\/div>\n\t\t\t\t\t<\/div>\n\t\t\t\t\n\t\t\t\t\t<div class=\"phone-number-item\">\n\t\t\t\t\t\t<div class=\"phone-number-item__icon\"><i class=\"icon-spanish-military-police\"><\/i><\/div>\n\t\t\t\t\t\t<div class=\"phone-number-item__title\">\n\t\t\t\t\t\t\t<h3 class=\"p-font-bold\">Guardia civile<\/h3>\n\t\t\t\t\t\t\t<p>941 221 100<\/p>\n\t\t\t\t\t\t\t\n\t\t\t\t\t\t<\/div>\n\t\t\t\t\t<\/div>\n\t\t\t\t\n\t\t\t\t\t<div class=\"phone-number-item\">\n\t\t\t\t\t\t<div class=\"phone-number-item__icon\"><i class=\"icon-firefighters\"><\/i><\/div>\n\t\t\t\t\t\t<div class=\"phone-number-item__title\">\n\t\t\t\t\t\t\t<h3 class=\"p-font-bold\">Vigili del fuoco<\/h3>\n\t\t\t\t\t\t\t<p>941 228 058<\/p>\n\t\t\t\t\t\t\t\n\t\t\t\t\t\t<\/div>\n\t\t\t\t\t<\/div>\n\t\t\t\t\n\t\t\t\t\t<div class=\"phone-number-item\">\n\t\t\t\t\t\t<div class=\"phone-number-item__icon\"><i class=\"icon-civil-protection\"><\/i><\/div>\n\t\t\t\t\t\t<div class=\"phone-number-item__title\">\n\t\t\t\t\t\t\t<h3 class=\"p-font-bold\">Protezione civile<\/h3>\n\t\t\t\t\t\t\t<p>941 228 604<\/p>\n\t\t\t\t\t\t\t\n\t\t\t\t\t\t<\/div>\n\t\t\t\t\t<\/div>\n\t\t\t\t\n\t\t\t\t\t<div class=\"phone-number-item\">\n\t\t\t\t\t\t<div class=\"phone-number-item__icon\"><i class=\"icon-town-council\"><\/i><\/div>\n\t\t\t\t\t\t<div class=\"phone-number-item__title\">\n\t\t\t\t\t\t\t<h3 class=\"p-font-bold\">Municipio<\/h3>\n\t\t\t\t\t\t\t<p>941 277 000<\/p>\n\t\t\t\t\t\t\t\n\t\t\t\t\t\t<\/div>\n\t\t\t\t\t<\/div>\n\t\t\t\t\n\t\t\t\t\t<div class=\"phone-number-item\">\n\t\t\t\t\t\t<div class=\"phone-number-item__icon\"><i class=\"icon-hospital\"><\/i><\/div>\n\t\t\t\t\t\t<div class=\"phone-number-item__title\">\n\t\t\t\t\t\t\t<h3 class=\"p-font-bold\">Centro sanitario<\/h3>\n\t\t\t\t\t\t\t<p>941 261 414 \/ 941 509 310<\/p>\n\t\t\t\t\t\t\t\n\t\t\t\t\t\t<\/div>\n\t\t\t\t\t<\/div>\n\t\t\t\t\n\t\t\t\t\t<div class=\"phone-number-item\">\n\t\t\t\t\t\t<div class=\"phone-number-item__icon\"><i class=\"icon-tourism\"><\/i><\/div>\n\t\t\t\t\t\t<div class=\"phone-number-item__title\">\n\t\t\t\t\t\t\t<h3 class=\"p-font-bold\">Ufficio turistico<\/h3>\n\t\t\t\t\t\t\t<p>941 277 000<\/p>\n\t\t\t\t\t\t\t\n\t\t\t\t\t\t\t\t<p>C\/ Portales, 50<\/p>\n\t\t\t\t\t\t\t\n\t\t\t\t\t\t<\/div>\n\t\t\t\t\t<\/div>\n\t\t\t\t\n\t\t\t<\/div>\n\t\t<\/div>\n\n\t\t<div id=\"clientForm\">\n        <section>\n        <img decoding=\"async\" src=\"https:\/\/cdn.pilgrim.es\/web\/home\/email-contacto.png\" alt=\"contacto\">\n        <div>\n            <p>Ti inviamo la tua pianificazione<\/p>\n            <p>Forniscici i tuoi dati e ricevi la pianificazione del tuo viaggio via email <\/p>\n            <form method=\"post\" data-url=\"\/wp-admin\/admin-ajax.php\" id=\"planner--client\" class=\"flag-right form-client\">\n    <div class=\"form-data\">\n        <input name=\"form_id\" type=\"hidden\" value=\"Formulario Leads\">\n        <input name=\"type\" type=\"hidden\" value=\"planner_client\">\n        <input type=\"text\" name=\"nombre\" value=\"\" size=\"40\" class=\"form-control\" aria-required=\"true\" aria-invalid=\"false\" placeholder=\"Nome\">\n        <input type=\"email\" name=\"email\" value=\"\" size=\"40\" class=\"form-control\" aria-required=\"true\" aria-invalid=\"false\" placeholder=\"Mail\">\n        <input type=\"text\" id=\"phone-input\" name=\"tel\" value=\"\" size=\"40\" class=\"phone-input form-control\" aria-required=\"true\" aria-invalid=\"false\" placeholder=\"Telefono\">\n        <input type=\"hidden\" name=\"telefono\">\n    <\/div>\n    <div class=\"form-checkbox\">\n        <span>\n            Pilgrim Travel. S.L. informa, come previsto dal Regolamento 2016\/679, che i dati utilizzati in questo modulo verranno utilizzati sia per la risposta delle eventuali consultazioni sia per la pub-blicazione dei commenti, essendo il consenso dell'utente la base di legittimazione. Potranno esse-re esercitati i diritti in conformit\u00e0 con quanto stabilito dalla nostra             <a href=\"https:\/\/www.pilgrim.es\/it\/informativa-sulla-privacy\/\" target=\"_blank\" rel=\"noopener noreferrer nofollow\">Politica di privacy.<\/a>\n        <\/span>\n    <\/div>\n\n    <div class=\"form-submit\">\n        <button id=\"planner--client-create\" type=\"submit\">Formulario di contatto<\/button>\n        <div class=\"loadingDiv\"><i class=\"p-spinner\"><\/i><\/div>\n    <\/div>\n\n    <div class=\"contact-content-form-success\">\n        <p><i class=\"fas fa-check\"><\/i> Il modulo \u00e8 stato inviato correttamente<\/p>\n    <\/div>\n\n    <div class=\"contact-content-form-error\">\n        <span class=\"input-error\"><\/span>\n    <\/div>\n<\/form>        <\/div>\n    <\/section>\n<\/div>\n\n\t\t<div id=\"recomendationSection\">\n\t\t\t<div>\n\t\t\t\t<h2 class=\"p-h2-town\">Consigliato<\/h2>\n\t\t\t\t<hr>\n\t\t\t\t<h3 class=\"p-h3-town\">Gastronomia<\/h3>\n\t\t\t<\/div>\n\t\t\tLogro\u00f1o si \u00e8 aggiudicata il titolo di capitale gastronomica della Spagna, quindi c&#8217;\u00e8 da aspettarsi che la buona cucina abbondi in queste terre. I piatti pi\u00f9 tipici della gastronomia riojana sono le patate alla Rioja, le costolette di agnello con germogli di vite, le uova alla Rioja e il tonno con pomodoro, le costolette con germogli di vite, le migas de pastor, i caparrones, il baccal\u00e0 alla Rioja, ecc. Ma ognuno di questi piatti dovrebbe sempre essere accompagnato da un buon vino Rioja Denominazione di Origine.\n\n\u00c8 anche molto comune che durante le feste di San Bernab\u00e9 e San Mateo ogni quartiere prepari un piatto diverso, come stufati di carne, trippa, orecchie, casseruole di cardi, ecc.\n\t\t<\/div>\n\n\n\t\t\n\t\t\t<div id=\"holidaysSection\">\n\t\t\t\t<div>\n\t\t\t\t\t<h2 class=\"p-h2-town\">Consigliato<\/h2>\n\t\t\t\t\t<hr>\n\t\t\t\t\t<h3 class=\"p-h3-town\">Festival e pellegrinaggi<\/h3>\n\t\t\t\t<\/div>\n\t\t\t\t<div class=\"grid holidays-grid\">\n\t\t\t\t\t\n\t\t\t\t\t\t<div>\n\t\t\t\t\t\t\t<div class=\"phone-number-item\">\n\t\t\t\t\t\t\t\t<div class=\"phone-number-item__icon\"><i class=\"icon-holiday\"><\/i><\/div>\n\t\t\t\t\t\t\t\t<div class=\"phone-number-item__title dark-text\">\n\t\t\t\t\t\t\t\t\t<p class=\"p-font-bold\">Vacanza locale<\/p>\n\t\t\t\t\t\t\t\t\t<p>21 de septiembre: Fiesta de San Mateo<\/p>\n\t\t\t\t\t\t\t\t<\/div>\n\t\t\t\t\t\t\t<\/div>\n\t\t\t\t\t\t<\/div>\n\t\t\t\t\t\n\t\t\t\t\t\t<div>\n\t\t\t\t\t\t\t<div class=\"phone-number-item\">\n\t\t\t\t\t\t\t\t<div class=\"phone-number-item__icon\"><i class=\"icon-holiday\"><\/i><\/div>\n\t\t\t\t\t\t\t\t<div class=\"phone-number-item__title dark-text\">\n\t\t\t\t\t\t\t\t\t<p class=\"p-font-bold\">Vacanza locale<\/p>\n\t\t\t\t\t\t\t\t\t<p>11 de junio: Fiesta de San Bernab\u00e9<\/p>\n\t\t\t\t\t\t\t\t<\/div>\n\t\t\t\t\t\t\t<\/div>\n\t\t\t\t\t\t<\/div>\n\t\t\t\t\t\n\t\t\t\t<\/div>\n\t\t\t<\/div>\n\t\t\n\t<\/div>\n<\/section>\n\n<div id=\"stage_list_section\"><div class=\"stage-list\">\n    <div class='stage-list__map-card'>\n        <div class='stage-list__map-card__map'>\n            <div class='stage-list__map-card__map__text'>\n                <h2> Pages <\/h2>\n                <p> A piedi<\/p>\n                <p> 0tappe<\/p>\n            <\/div>\n            <div class='stage-list__map-card__map__img'>\n                <img decoding=\"async\" src=\"\" alt=\" mapa \" \/>\n            <\/div>\n        <\/div>\n    <\/div>\n\n    <\/div>\n<\/div>\n","protected":false},"excerpt":{"rendered":"<p>Logro\u00f1o &#8249; Ritorno al palcoscenico Logro\u00f1o Abitanti: 151.962 aprox. Provincia: La Rioja Informazioni Get to know Logro\u00f1o Una volta lasciata la Navarra, entriamo nelle terre della Rioja e ci imbattiamo in un&#8217;altra grande citt\u00e0, Logro\u00f1o. E&#8217; bagnata dal fiume Ebro, il primo grande alveo del Cammino Francese, ed \u00e8 stata considerata un crocevia fin dall&#8217;antichit\u00e0, &hellip; <\/p>\n<p class=\"read_more\"><a href=\"https:\/\/www.pilgrim.es\/it\/cammino-francese\/logrono\/\">Leer m\u00e1s<\/a><\/p>\n","protected":false},"author":1,"featured_media":6125,"parent":10735,"menu_order":0,"comment_status":"closed","ping_status":"closed","template":"views\/template-new-web-design.blade.php","meta":{"footnotes":""},"categories":[],"tags":[],"class_list":["post-91058","page","type-page","status-publish","has-post-thumbnail","hentry"],"yoast_head":"<!-- This site is optimized with the Yoast SEO plugin v27.4 - https:\/\/yoast.com\/product\/yoast-seo-wordpress\/ -->\n<title>Logro\u00f1o: Cosa vedere e dove dormire | Cammino di Santiago | Pilgrim<\/title>\n<meta name=\"description\" content=\"Logro\u00f1o Scopri tutte le informazioni su dove alloggiare, come arrivare, cosa mangiare e sui principali punti di interesse delle localit\u00e0 lungo il Cammino Francese.\" \/>\n<meta name=\"robots\" content=\"index, follow, max-snippet:-1, max-image-preview:large, max-video-preview:-1\" \/>\n<link rel=\"canonical\" href=\"https:\/\/www.pilgrim.es\/it\/cammino-francese\/logrono\/\" \/>\n<meta property=\"og:locale\" content=\"it_IT\" \/>\n<meta property=\"og:type\" content=\"article\" \/>\n<meta property=\"og:title\" content=\"Logro\u00f1o: Cosa vedere e dove dormire | Cammino di Santiago | Pilgrim\" \/>\n<meta property=\"og:description\" content=\"Logro\u00f1o Scopri tutte le informazioni su dove alloggiare, come arrivare, cosa mangiare e sui principali punti di interesse delle localit\u00e0 lungo il Cammino Francese.\" \/>\n<meta property=\"og:url\" content=\"https:\/\/www.pilgrim.es\/it\/cammino-francese\/logrono\/\" \/>\n<meta property=\"og:site_name\" content=\"Pilgrim\" \/>\n<meta property=\"article:publisher\" content=\"https:\/\/www.facebook.com\/pilgrim.es\/\" \/>\n<meta property=\"article:modified_time\" content=\"2025-10-09T12:40:47+00:00\" \/>\n<meta property=\"og:image\" content=\"https:\/\/www.pilgrim.es\/wp-content\/uploads\/2019\/02\/LogroC3B1o1.jpg\" \/>\n\t<meta property=\"og:image:width\" content=\"700\" \/>\n\t<meta property=\"og:image:height\" content=\"420\" \/>\n\t<meta property=\"og:image:type\" content=\"image\/jpeg\" \/>\n<meta name=\"twitter:card\" content=\"summary_large_image\" \/>\n<meta name=\"twitter:site\" content=\"@pilgrim_es\" \/>\n<meta name=\"twitter:label1\" content=\"Tempo di lettura stimato\" \/>\n\t<meta name=\"twitter:data1\" content=\"15 minuti\" \/>\n<script type=\"application\/ld+json\" class=\"yoast-schema-graph\">{\"@context\":\"https:\\\/\\\/schema.org\",\"@graph\":[{\"@type\":\"WebPage\",\"@id\":\"https:\\\/\\\/www.pilgrim.es\\\/it\\\/cammino-francese\\\/logrono\\\/\",\"url\":\"https:\\\/\\\/www.pilgrim.es\\\/it\\\/cammino-francese\\\/logrono\\\/\",\"name\":\"Logro\u00f1o: Cosa vedere e dove dormire | Cammino di Santiago | Pilgrim\",\"isPartOf\":{\"@id\":\"https:\\\/\\\/www.pilgrim.es\\\/it\\\/#website\"},\"primaryImageOfPage\":{\"@id\":\"https:\\\/\\\/www.pilgrim.es\\\/it\\\/cammino-francese\\\/logrono\\\/#primaryimage\"},\"image\":{\"@id\":\"https:\\\/\\\/www.pilgrim.es\\\/it\\\/cammino-francese\\\/logrono\\\/#primaryimage\"},\"thumbnailUrl\":\"https:\\\/\\\/www.pilgrim.es\\\/wp-content\\\/uploads\\\/2019\\\/02\\\/LogroC3B1o1.jpg\",\"datePublished\":\"2025-03-17T13:09:30+00:00\",\"dateModified\":\"2025-10-09T12:40:47+00:00\",\"description\":\"Logro\u00f1o Scopri tutte le informazioni su dove alloggiare, come arrivare, cosa mangiare e sui principali punti di interesse delle localit\u00e0 lungo il Cammino Francese.\",\"breadcrumb\":{\"@id\":\"https:\\\/\\\/www.pilgrim.es\\\/it\\\/cammino-francese\\\/logrono\\\/#breadcrumb\"},\"inLanguage\":\"it-IT\",\"potentialAction\":[{\"@type\":\"ReadAction\",\"target\":[\"https:\\\/\\\/www.pilgrim.es\\\/it\\\/cammino-francese\\\/logrono\\\/\"]}]},{\"@type\":\"ImageObject\",\"inLanguage\":\"it-IT\",\"@id\":\"https:\\\/\\\/www.pilgrim.es\\\/it\\\/cammino-francese\\\/logrono\\\/#primaryimage\",\"url\":\"https:\\\/\\\/www.pilgrim.es\\\/wp-content\\\/uploads\\\/2019\\\/02\\\/LogroC3B1o1.jpg\",\"contentUrl\":\"https:\\\/\\\/www.pilgrim.es\\\/wp-content\\\/uploads\\\/2019\\\/02\\\/LogroC3B1o1.jpg\",\"width\":700,\"height\":420,\"caption\":\"Logro\u00f1o\"},{\"@type\":\"BreadcrumbList\",\"@id\":\"https:\\\/\\\/www.pilgrim.es\\\/it\\\/cammino-francese\\\/logrono\\\/#breadcrumb\",\"itemListElement\":[{\"@type\":\"ListItem\",\"position\":1,\"name\":\"Camino de Santiago\",\"item\":\"https:\\\/\\\/www.pilgrim.es\\\/it\\\/\"},{\"@type\":\"ListItem\",\"position\":2,\"name\":\"Cammino Francese\",\"item\":\"https:\\\/\\\/www.pilgrim.es\\\/it\\\/cammino-francese\\\/\"},{\"@type\":\"ListItem\",\"position\":3,\"name\":\"Logro\u00f1o\"}]},{\"@type\":\"WebSite\",\"@id\":\"https:\\\/\\\/www.pilgrim.es\\\/it\\\/#website\",\"url\":\"https:\\\/\\\/www.pilgrim.es\\\/it\\\/\",\"name\":\"Pilgrim\",\"description\":\"Camino de Santiago | Caminamos Contigo\",\"publisher\":{\"@id\":\"https:\\\/\\\/www.pilgrim.es\\\/it\\\/#organization\"},\"potentialAction\":[{\"@type\":\"SearchAction\",\"target\":{\"@type\":\"EntryPoint\",\"urlTemplate\":\"https:\\\/\\\/www.pilgrim.es\\\/it\\\/?s={search_term_string}\"},\"query-input\":{\"@type\":\"PropertyValueSpecification\",\"valueRequired\":true,\"valueName\":\"search_term_string\"}}],\"inLanguage\":\"it-IT\"},{\"@type\":\"Organization\",\"@id\":\"https:\\\/\\\/www.pilgrim.es\\\/it\\\/#organization\",\"name\":\"Pilgrim Camino de Santiago\",\"url\":\"https:\\\/\\\/www.pilgrim.es\\\/it\\\/\",\"logo\":{\"@type\":\"ImageObject\",\"inLanguage\":\"it-IT\",\"@id\":\"https:\\\/\\\/www.pilgrim.es\\\/it\\\/#\\\/schema\\\/logo\\\/image\\\/\",\"url\":\"https:\\\/\\\/www.pilgrim.es\\\/wp-content\\\/uploads\\\/2019\\\/04\\\/logo_pilgrim.png\",\"contentUrl\":\"https:\\\/\\\/www.pilgrim.es\\\/wp-content\\\/uploads\\\/2019\\\/04\\\/logo_pilgrim.png\",\"width\":512,\"height\":512,\"caption\":\"Pilgrim Camino de Santiago\"},\"image\":{\"@id\":\"https:\\\/\\\/www.pilgrim.es\\\/it\\\/#\\\/schema\\\/logo\\\/image\\\/\"},\"sameAs\":[\"https:\\\/\\\/www.facebook.com\\\/pilgrim.es\\\/\",\"https:\\\/\\\/x.com\\\/pilgrim_es\",\"https:\\\/\\\/www.instagram.com\\\/pilgrim.es\\\/\",\"https:\\\/\\\/www.linkedin.com\\\/company\\\/pilgrim-camino-de-santiago\\\/\",\"https:\\\/\\\/www.pinterest.es\\\/pilgrimcaminodesantiago\\\/\",\"https:\\\/\\\/www.youtube.com\\\/channel\\\/UCIv2ZzFLXVqthkNF32rKedw\\\/featured\"]}]}<\/script>\n<!-- \/ Yoast SEO plugin. -->","yoast_head_json":{"title":"Logro\u00f1o: Cosa vedere e dove dormire | Cammino di Santiago | Pilgrim","description":"Logro\u00f1o Scopri tutte le informazioni su dove alloggiare, come arrivare, cosa mangiare e sui principali punti di interesse delle localit\u00e0 lungo il Cammino Francese.","robots":{"index":"index","follow":"follow","max-snippet":"max-snippet:-1","max-image-preview":"max-image-preview:large","max-video-preview":"max-video-preview:-1"},"canonical":"https:\/\/www.pilgrim.es\/it\/cammino-francese\/logrono\/","og_locale":"it_IT","og_type":"article","og_title":"Logro\u00f1o: Cosa vedere e dove dormire | Cammino di Santiago | Pilgrim","og_description":"Logro\u00f1o Scopri tutte le informazioni su dove alloggiare, come arrivare, cosa mangiare e sui principali punti di interesse delle localit\u00e0 lungo il Cammino Francese.","og_url":"https:\/\/www.pilgrim.es\/it\/cammino-francese\/logrono\/","og_site_name":"Pilgrim","article_publisher":"https:\/\/www.facebook.com\/pilgrim.es\/","article_modified_time":"2025-10-09T12:40:47+00:00","og_image":[{"width":700,"height":420,"url":"https:\/\/www.pilgrim.es\/wp-content\/uploads\/2019\/02\/LogroC3B1o1.jpg","type":"image\/jpeg"}],"twitter_card":"summary_large_image","twitter_site":"@pilgrim_es","twitter_misc":{"Tempo di lettura stimato":"15 minuti"},"schema":{"@context":"https:\/\/schema.org","@graph":[{"@type":"WebPage","@id":"https:\/\/www.pilgrim.es\/it\/cammino-francese\/logrono\/","url":"https:\/\/www.pilgrim.es\/it\/cammino-francese\/logrono\/","name":"Logro\u00f1o: Cosa vedere e dove dormire | Cammino di Santiago | Pilgrim","isPartOf":{"@id":"https:\/\/www.pilgrim.es\/it\/#website"},"primaryImageOfPage":{"@id":"https:\/\/www.pilgrim.es\/it\/cammino-francese\/logrono\/#primaryimage"},"image":{"@id":"https:\/\/www.pilgrim.es\/it\/cammino-francese\/logrono\/#primaryimage"},"thumbnailUrl":"https:\/\/www.pilgrim.es\/wp-content\/uploads\/2019\/02\/LogroC3B1o1.jpg","datePublished":"2025-03-17T13:09:30+00:00","dateModified":"2025-10-09T12:40:47+00:00","description":"Logro\u00f1o Scopri tutte le informazioni su dove alloggiare, come arrivare, cosa mangiare e sui principali punti di interesse delle localit\u00e0 lungo il Cammino Francese.","breadcrumb":{"@id":"https:\/\/www.pilgrim.es\/it\/cammino-francese\/logrono\/#breadcrumb"},"inLanguage":"it-IT","potentialAction":[{"@type":"ReadAction","target":["https:\/\/www.pilgrim.es\/it\/cammino-francese\/logrono\/"]}]},{"@type":"ImageObject","inLanguage":"it-IT","@id":"https:\/\/www.pilgrim.es\/it\/cammino-francese\/logrono\/#primaryimage","url":"https:\/\/www.pilgrim.es\/wp-content\/uploads\/2019\/02\/LogroC3B1o1.jpg","contentUrl":"https:\/\/www.pilgrim.es\/wp-content\/uploads\/2019\/02\/LogroC3B1o1.jpg","width":700,"height":420,"caption":"Logro\u00f1o"},{"@type":"BreadcrumbList","@id":"https:\/\/www.pilgrim.es\/it\/cammino-francese\/logrono\/#breadcrumb","itemListElement":[{"@type":"ListItem","position":1,"name":"Camino de Santiago","item":"https:\/\/www.pilgrim.es\/it\/"},{"@type":"ListItem","position":2,"name":"Cammino Francese","item":"https:\/\/www.pilgrim.es\/it\/cammino-francese\/"},{"@type":"ListItem","position":3,"name":"Logro\u00f1o"}]},{"@type":"WebSite","@id":"https:\/\/www.pilgrim.es\/it\/#website","url":"https:\/\/www.pilgrim.es\/it\/","name":"Pilgrim","description":"Camino de Santiago | Caminamos Contigo","publisher":{"@id":"https:\/\/www.pilgrim.es\/it\/#organization"},"potentialAction":[{"@type":"SearchAction","target":{"@type":"EntryPoint","urlTemplate":"https:\/\/www.pilgrim.es\/it\/?s={search_term_string}"},"query-input":{"@type":"PropertyValueSpecification","valueRequired":true,"valueName":"search_term_string"}}],"inLanguage":"it-IT"},{"@type":"Organization","@id":"https:\/\/www.pilgrim.es\/it\/#organization","name":"Pilgrim Camino de Santiago","url":"https:\/\/www.pilgrim.es\/it\/","logo":{"@type":"ImageObject","inLanguage":"it-IT","@id":"https:\/\/www.pilgrim.es\/it\/#\/schema\/logo\/image\/","url":"https:\/\/www.pilgrim.es\/wp-content\/uploads\/2019\/04\/logo_pilgrim.png","contentUrl":"https:\/\/www.pilgrim.es\/wp-content\/uploads\/2019\/04\/logo_pilgrim.png","width":512,"height":512,"caption":"Pilgrim Camino de Santiago"},"image":{"@id":"https:\/\/www.pilgrim.es\/it\/#\/schema\/logo\/image\/"},"sameAs":["https:\/\/www.facebook.com\/pilgrim.es\/","https:\/\/x.com\/pilgrim_es","https:\/\/www.instagram.com\/pilgrim.es\/","https:\/\/www.linkedin.com\/company\/pilgrim-camino-de-santiago\/","https:\/\/www.pinterest.es\/pilgrimcaminodesantiago\/","https:\/\/www.youtube.com\/channel\/UCIv2ZzFLXVqthkNF32rKedw\/featured"]}]}},"_links":{"self":[{"href":"https:\/\/www.pilgrim.es\/it\/wp-json\/wp\/v2\/pages\/91058","targetHints":{"allow":["GET"]}}],"collection":[{"href":"https:\/\/www.pilgrim.es\/it\/wp-json\/wp\/v2\/pages"}],"about":[{"href":"https:\/\/www.pilgrim.es\/it\/wp-json\/wp\/v2\/types\/page"}],"author":[{"embeddable":true,"href":"https:\/\/www.pilgrim.es\/it\/wp-json\/wp\/v2\/users\/1"}],"replies":[{"embeddable":true,"href":"https:\/\/www.pilgrim.es\/it\/wp-json\/wp\/v2\/comments?post=91058"}],"version-history":[{"count":1,"href":"https:\/\/www.pilgrim.es\/it\/wp-json\/wp\/v2\/pages\/91058\/revisions"}],"predecessor-version":[{"id":136443,"href":"https:\/\/www.pilgrim.es\/it\/wp-json\/wp\/v2\/pages\/91058\/revisions\/136443"}],"up":[{"embeddable":true,"href":"https:\/\/www.pilgrim.es\/it\/wp-json\/wp\/v2\/pages\/10735"}],"wp:featuredmedia":[{"embeddable":true,"href":"https:\/\/www.pilgrim.es\/it\/wp-json\/wp\/v2\/media\/6125"}],"wp:attachment":[{"href":"https:\/\/www.pilgrim.es\/it\/wp-json\/wp\/v2\/media?parent=91058"}],"wp:term":[{"taxonomy":"category","embeddable":true,"href":"https:\/\/www.pilgrim.es\/it\/wp-json\/wp\/v2\/categories?post=91058"},{"taxonomy":"post_tag","embeddable":true,"href":"https:\/\/www.pilgrim.es\/it\/wp-json\/wp\/v2\/tags?post=91058"}],"curies":[{"name":"wp","href":"https:\/\/api.w.org\/{rel}","templated":true}]}}