{"id":91052,"date":"2025-03-17T13:07:15","date_gmt":"2025-03-17T13:07:15","guid":{"rendered":"https:\/\/www.pilgrim.es\/cammino-francese\/estella\/"},"modified":"2025-03-17T13:07:15","modified_gmt":"2025-03-17T13:07:15","slug":"estella","status":"publish","type":"page","link":"https:\/\/www.pilgrim.es\/it\/cammino-francese\/estella\/","title":{"rendered":"Estella"},"content":{"rendered":" <section id=\"hero\">\n\t<h1>Estella<\/h1>\n\t<div class=\"hero-grid\">\n\t\t<div class=\"hero-grid__town-col\" data-background=\"https:\/\/cdn.pilgrim.es\/web\/caminos\/camino-frances\/pueblos\/estella\/estella.jpg\">\n\t\t\t<div>\n\t\t\t\t<a class=\"link-to-stage\" href=\"https:\/\/www.pilgrim.es\/camino-frances\/etapa-5-puente-de-la-reina-estella\/\">\n\t\t\t\t\t<p>&#8249; Ritorno al palcoscenico<\/p>\n\t\t\t\t<\/a>\n\n\t\t\t\t<div class=\"town-data\">\n\t\t\t\t\t<h2>Estella<\/h2>\n\t\t\t\t\t<ul>\n\t\t\t\t\t\t<li>Abitanti: 13.695 aprox.<\/li>\n\t\t\t\t\t\t<li>Provincia: Navarra<\/li>\n\t\t\t\t\t<\/ul>\n\t\t\t\t<\/div>\n\t\t\t<\/div>\n\t\t<\/div>\n\t\t<div class=\"hero-grid__planner-col\"><div\r\n  class=\"p-col-span-1 p-rounded-lg p-px-5 p-h-full\"\r\n  style=\"background-image: url('https:\/\/cdn.pilgrim.es\/web\/pilgrim-planner\/bg-plugin-planificador.webp')\"\r\n  rel=\"preload\"\r\n  fetchpriority=\"high\"\r\n  >\r\n    <div class=\"p-text-center p-pt-5 p-text-white p-text-2xl p-font-semibold\">\r\n      Pianifica il tuo cammino    <\/div>\r\n    <div\r\n            id='primary-app'\r\n            data-name='banner'\r\n            data-api='https:\/\/pathfinder.pilgrim.es\/api\/pathfinder\/v2'\r\n            data-mode='normal'\r\n            data-lang='it'\r\n            data-route='1'\r\n            data-destiny='https:\/\/planificador.pilgrim.es'\r\n            data-modality='1'\r\n            data-inline=''\r\n        ><\/div><\/div><\/div>\n\t<\/div>\n<\/section>\n\n<section id=\"infoTown\">\n\t<div class=\"sections-town\">\n\n\t\t<div id=\"informationSection\">\n\t\t\t<div>\n\t\t\t\t<h2 class=\"p-h2-town\">Informazioni<\/h2>\n\t\t\t\t<hr>\n\t\t\t\t<h3 class=\"p-h3-town\">Get to know Estella<\/h3>\n\t\t\t<\/div>\n\t\t\t<p>Alle sue origini, Estella era strettamente legata al Cammino di Santiago ed era conosciuta con il nome di Lizarra, nome ancora oggi utilizzato da alcuni dei suoi abitanti pi\u00f9 anziani. Nel corso degli anni, questo piccolo villaggio si \u00e8 trasformato in una citt\u00e0 grazie al fatto che, all&#8217;inizio dell&#8217;XI secolo e per ordine del re, il percorso del Cammino di Santiago fu modificato, favorendo l&#8217;apertura di stabilimenti nella zona.<\/p> <p>La citt\u00e0 ha un muro che fu costruito per offrire riparo e sicurezza a tutti i pellegrini che arrivarono e passarono la notte a Estella.<\/p> <p>La citt\u00e0 ha un muro che fu costruito per offrire riparo e sicurezza a tutti i pellegrini che arrivarono e passarono la notte a Estella.<\/p> <p>La citt\u00e0 ha un muro che fu costruito per offrire riparo e sicurezza a tutti i pellegrini che arrivarono e passarono la notte a Estella.\n\t\t<\/div>\n\n\t\t<div id=\"locationSection\">\n\t\t\t<div>\n\t\t\t\t<h2 class=\"p-h2-town\">Posizione<\/h2>\n\t\t\t\t<hr>\n\t\t\t\t<h3 class=\"p-h3-town\">Come arrivare<\/h3>\n\t\t\t<\/div>\n\t\t\t<p>La via principale per raggiungere la citt\u00e0 di Estella \u00e8 l&#8217;autostrada A-12, nota come Autov\u00eda del Camino. Questa collega Pamplona e Logro\u00f1o, quindi la citt\u00e0 di Estella si trova a met\u00e0 strada tra le due citt\u00e0, ma anche tra San Sebasti\u00e1n e Vitoria.\n\n<p>Se decidete di raggiungere la citt\u00e0 con i mezzi pubblici, l&#8217;opzione pi\u00f9 consigliata \u00e8 l&#8217;autobus. La compagnia Estellesa collega quotidianamente e con grande frequenza la citt\u00e0 di Estella con Pamplona, Logro\u00f1o, Madrid, San Sebasti\u00e1n e Vitoria.\n\t\t\t<div>\n\t\t\t\t<div>\n  <iframe loading=\"lazy\"\n    src=\"https:\/\/www.google.com\/maps\/d\/embed?mid=1W_3_DqZHIaLUg9FEY5pqI1kf_H7J1pY&amp;ehbc=2E312F\"\n    width=\"640\"\n    height=\"480\"\n    alt=\"Mapa Estella\"\n  ><\/iframe>\n<\/div>\n\n\t\t\t<\/div>\n\t\t<\/div>\n\n\t\t\n\t\t\t<div id=\"toVisitSection\">\n\t\t\t\t<div>\n\t\t\t\t\t<h2 class=\"p-h2-town\">Storia \/ Cultura<\/h2>\n\t\t\t\t\t<hr>\n\t\t\t\t\t<h3 class=\"p-h3-town\">Cosa vedere<\/h3>\n\t\t\t\t<\/div>\n\t\t\t\t<div>\n\t\t\t\t\t<div class=\"accordion\">\n\t\t\t\t\t\t<div class=\"accordion__menu\">\n\t\t\t\t\t\t\t<nav>\n\t\t\t\t\t\t\t\t\n\t\t\t\t\t\t\t\t\t<button class=\"nav-tab-accordion active\"><span>&#10093;<\/span><span> Casa Consistorial<\/span><\/button>\n\t\t\t\t\t\t\t\t\n\t\t\t\t\t\t\t\t\t<button class=\"nav-tab-accordion \"><span>&#10093;<\/span><span> Palacio San Crist\u00f3bal<\/span><\/button>\n\t\t\t\t\t\t\t\t\n\t\t\t\t\t\t\t\t\t<button class=\"nav-tab-accordion \"><span>&#10093;<\/span><span> Bas\u00edlica del Puy<\/span><\/button>\n\t\t\t\t\t\t\t\t\n\t\t\t\t\t\t\t\t\t<button class=\"nav-tab-accordion \"><span>&#10093;<\/span><span> Convento de Concepcionistas Recoletas<\/span><\/button>\n\t\t\t\t\t\t\t\t\n\t\t\t\t\t\t\t\t\t<button class=\"nav-tab-accordion \"><span>&#10093;<\/span><span> Convento de Santa Clara<\/span><\/button>\n\t\t\t\t\t\t\t\t\n\t\t\t\t\t\t\t\t\t<button class=\"nav-tab-accordion \"><span>&#10093;<\/span><span> Convento de Santo Domingo<\/span><\/button>\n\t\t\t\t\t\t\t\t\n\t\t\t\t\t\t\t\t\t<button class=\"nav-tab-accordion \"><span>&#10093;<\/span><span> Iglesia de San Juan<\/span><\/button>\n\t\t\t\t\t\t\t\t\n\t\t\t\t\t\t\t\t\t<button class=\"nav-tab-accordion \"><span>&#10093;<\/span><span> Iglesia de San Miguel<\/span><\/button>\n\t\t\t\t\t\t\t\t\n\t\t\t\t\t\t\t\t\t<button class=\"nav-tab-accordion \"><span>&#10093;<\/span><span> Iglesia de San Pedro de la R\u00faa<\/span><\/button>\n\t\t\t\t\t\t\t\t\n\t\t\t\t\t\t\t\t\t<button class=\"nav-tab-accordion \"><span>&#10093;<\/span><span> Iglesia del Santo Sepulcro<\/span><\/button>\n\t\t\t\t\t\t\t\t\n\t\t\t\t\t\t\t\t\t<button class=\"nav-tab-accordion \"><span>&#10093;<\/span><span> Muralla urbana de Estella<\/span><\/button>\n\t\t\t\t\t\t\t\t\n\t\t\t\t\t\t\t\t\t<button class=\"nav-tab-accordion \"><span>&#10093;<\/span><span> Museo del Carlismo<\/span><\/button>\n\t\t\t\t\t\t\t\t\n\t\t\t\t\t\t\t\t\t<button class=\"nav-tab-accordion \"><span>&#10093;<\/span><span> Palacio de los Reyes de Navarra<\/span><\/button>\n\t\t\t\t\t\t\t\t\n\t\t\t\t\t\t\t\t\t<button class=\"nav-tab-accordion \"><span>&#10093;<\/span><span> Palacio del Gobernador<\/span><\/button>\n\t\t\t\t\t\t\t\t\n\t\t\t\t\t\t\t\t\t<button class=\"nav-tab-accordion \"><span>&#10093;<\/span><span> Manantial de agua salada<\/span><\/button>\n\t\t\t\t\t\t\t\t\n\t\t\t\t\t\t\t\t\t<button class=\"nav-tab-accordion \"><span>&#10093;<\/span><span> Fuente de Los Chorros<\/span><\/button>\n\t\t\t\t\t\t\t\t\n\t\t\t\t\t\t\t\t\t<button class=\"nav-tab-accordion \"><span>&#10093;<\/span><span> Puente de la C\u00e1rcel<\/span><\/button>\n\t\t\t\t\t\t\t\t\n\t\t\t\t\t\t\t\t\t<button class=\"nav-tab-accordion \"><span>&#10093;<\/span><span> Iglesia Santa Mar\u00eda de Jus del Castillo<\/span><\/button>\n\t\t\t\t\t\t\t\t\n\t\t\t\t\t\t\t\t\t<button class=\"nav-tab-accordion \"><span>&#10093;<\/span><span> Antiguo Palacio de la Justicia<\/span><\/button>\n\t\t\t\t\t\t\t\t\n\t\t\t\t\t\t\t\t\t<button class=\"nav-tab-accordion \"><span>&#10093;<\/span><span> Bas\u00edlica de Nuestra Se\u00f1ora de Rocamador<\/span><\/button>\n\t\t\t\t\t\t\t\t\n\t\t\t\t\t\t\t<\/nav>\n\t\t\t\t\t\t<\/div>\n\n\t\t\t\t\t\t\n\t\t\t\t\t\t\t<div class=\"accordion__accordion-content \">\n\t\t\t\t\t\t\t\t<div>\n\t\t\t\t\t\t\t\t\t<div>\n\t\t\t\t\t\t\t\t\t\t<h4>Casa Consistorial<\/h4>\n\t\t\t\t\t\t\t\t\t\t<p>Il Municipio \u00e8 stato costruito all&#8217;inizio del XX secolo in stile eclettico. Si trova sull&#8217;ex sito del convento di San Francisco. <\/p>\n\n<p>Durante la terza guerra carlista serv\u00ec da fortezza militare, difesa dalle truppe liberali e conquistata dal generale carlista Dorregaray alla presenza di Don Carlos il 25 agosto 1873. <\/p>\n\n<p>Dopo essere stato rovinato dalle miniere, bruciato e raso al suolo, sulle sue fondamenta furono costruite le Scuole Comunali e l&#8217;attuale Municipio.\n\t\t\t\t\t\t\t\t\t<\/div>\n\t\t\t\t\t\t\t\t\t<img decoding=\"async\" src=\"https:\/\/cdn.pilgrim.es\/web\/caminos\/camino-frances\/pueblos\/estella\/puntos-de-interes\/casa-consistorial.jpg\" alt=\"Casa Consistorial\">\n\t\t\t\t\t\t\t\t<\/div>\n\t\t\t\t\t\t\t<\/div>\n\t\t\t\t\t\t\n\t\t\t\t\t\t\t<div class=\"accordion__accordion-content inactive\">\n\t\t\t\t\t\t\t\t<div>\n\t\t\t\t\t\t\t\t\t<div>\n\t\t\t\t\t\t\t\t\t\t<h4>Palacio San Crist\u00f3bal<\/h4>\n\t\t\t\t\t\t\t\t\t\t<p>Il Palazzo San Crist\u00f3bal fu costruito da Don Diego de San Crist\u00f3bal Ballesteros Egu\u00eda e da sua moglie Do\u00f1a Mar\u00eda Cruzat y Jaso intorno al 1540. La sua elegante facciata si distingue per la verticalit\u00e0 e la composizione completa in mattoni. Inoltre, la facciata in pietra \u00e8 protetta da un alfiz da cui emergono due mensole scolpite con due teste di uomo. Uno stemma ornato da ghirlande di frutta rappresenta il lignaggio delle famiglie San Crist\u00f3bal e Cruzat. <\/p>\n\n<p>Il primo piano presenta due balconi fiancheggiati da colonne semibalustrate sostenute da piccoli atlanti che terminano in un fregio. Questo sostiene un timpano curvo decorato con sculture di bambini che, a loro volta, sostengono scudi coreiformi.<\/p> <p>Il secondo piano ha due balconi fiancheggiati da semicolonne con balaustre sostenute da piccoli atlanti che terminano in un fregio.\n\t\t\t\t\t\t\t\t\t<\/div>\n\t\t\t\t\t\t\t\t\t<img decoding=\"async\" src=\"https:\/\/cdn.pilgrim.es\/web\/caminos\/camino-frances\/pueblos\/estella\/puntos-de-interes\/palacio-san-cristobal.jpg\" alt=\"Palacio San Crist\u00f3bal\">\n\t\t\t\t\t\t\t\t<\/div>\n\t\t\t\t\t\t\t<\/div>\n\t\t\t\t\t\t\n\t\t\t\t\t\t\t<div class=\"accordion__accordion-content inactive\">\n\t\t\t\t\t\t\t\t<div>\n\t\t\t\t\t\t\t\t\t<div>\n\t\t\t\t\t\t\t\t\t\t<h4>Bas\u00edlica del Puy<\/h4>\n\t\t\t\t\t\t\t\t\t\t<p>La Basilica di Le Puy deve il suo nome al fatto che nel 1085, nel luogo che oggi occupa, apparve un&#8217;immagine della Vergine di Le Puy. <\/p>\n\n<p>Era un Patronato Reale, conservato dai Re di Spagna fino al 1895, quando la Regina Reggente vi rinunci\u00f2, favorendo cos\u00ec il Vescovo di Pamplona. <\/p>\n\t\t\t\t\t\t\t\t\t<\/div>\n\t\t\t\t\t\t\t\t\t<img decoding=\"async\" src=\"https:\/\/cdn.pilgrim.es\/web\/caminos\/camino-frances\/pueblos\/estella\/puntos-de-interes\/basilica-le-puy.jpg\" alt=\"Bas\u00edlica del Puy\">\n\t\t\t\t\t\t\t\t<\/div>\n\t\t\t\t\t\t\t<\/div>\n\t\t\t\t\t\t\n\t\t\t\t\t\t\t<div class=\"accordion__accordion-content inactive\">\n\t\t\t\t\t\t\t\t<div>\n\t\t\t\t\t\t\t\t\t<div>\n\t\t\t\t\t\t\t\t\t\t<h4>Convento de Concepcionistas Recoletas<\/h4>\n\t\t\t\t\t\t\t\t\t\t<p>Il Convento dei Recolletti Concezionisti fu costruito a imitazione del Convento di Agreda. Fu inaugurato quasi cinquant&#8217;anni dopo, il 25 novembre 1731.\n\n<p>La sua facciata \u00e8 divisa in tre sezioni a diverse altezze, terminate da un frontone che riproduce le forme create dall&#8217;architetto carmelitano fra Alberto de la Madre de Dios, nella prima met\u00e0 del XVII secolo.\n\t\t\t\t\t\t\t\t\t<\/div>\n\t\t\t\t\t\t\t\t\t<img decoding=\"async\" src=\"https:\/\/cdn.pilgrim.es\/web\/caminos\/camino-frances\/pueblos\/estella\/puntos-de-interes\/convento-concepcionistas.jpg\" alt=\"Convento de Concepcionistas Recoletas\">\n\t\t\t\t\t\t\t\t<\/div>\n\t\t\t\t\t\t\t<\/div>\n\t\t\t\t\t\t\n\t\t\t\t\t\t\t<div class=\"accordion__accordion-content inactive\">\n\t\t\t\t\t\t\t\t<div>\n\t\t\t\t\t\t\t\t\t<div>\n\t\t\t\t\t\t\t\t\t\t<h4>Convento de Santa Clara<\/h4>\n\t\t\t\t\t\t\t\t\t\t<p>Il Convento di Santa Clara, costruito interamente in mattoni, si trova a Los Llanos, fuori dalle mura del borgo medievale. Si sa che esisteva gi\u00e0 dalla fine del XIII secolo, e i lavori che gli hanno conferito l&#8217;aspetto attuale iniziarono nel 1635 e furono completati nel 1654 da Juan de Larra\u00f1aga. <\/p>\n\n<p>La chiesa ha una semplice pianta a croce latina, con un transetto ben marcato e un coro rettilineo. \u00c8 coperta da una volta a botte con lunette. Nel transetto \u00e8 visibile una cupola su pennacchi.<\/p> <p>La chiesa \u00e8 coperta da una volta a botte con lunette.\n\t\t\t\t\t\t\t\t\t<\/div>\n\t\t\t\t\t\t\t\t\t<img decoding=\"async\" src=\"https:\/\/cdn.pilgrim.es\/web\/caminos\/camino-frances\/pueblos\/estella\/puntos-de-interes\/monasterio-santa-clara.jpg\" alt=\"Convento de Santa Clara\">\n\t\t\t\t\t\t\t\t<\/div>\n\t\t\t\t\t\t\t<\/div>\n\t\t\t\t\t\t\n\t\t\t\t\t\t\t<div class=\"accordion__accordion-content inactive\">\n\t\t\t\t\t\t\t\t<div>\n\t\t\t\t\t\t\t\t\t<div>\n\t\t\t\t\t\t\t\t\t\t<h4>Convento de Santo Domingo<\/h4>\n\t\t\t\t\t\t\t\t\t\t<p>Il Convento di Santo Domingo fu costruito nel 1259 per ordine del re Teobaldo II di Navarra per ospitare i monaci domenicani. Tuttavia, nel 1839 divenne propriet\u00e0 pubblica e oggi, dopo un lungo restauro, \u00e8 stato trasformato in una casa di cura del Governo della Navarra.\n\n<p>I resti della chiesa e di una parte del monastero, entrambi in stile gotico, sono ancora oggi visibili.<\/p> <p>La chiesa fu costruita in stile gotico nel 1839.\n\t\t\t\t\t\t\t\t\t<\/div>\n\t\t\t\t\t\t\t\t\t<img decoding=\"async\" src=\"https:\/\/cdn.pilgrim.es\/web\/caminos\/camino-frances\/pueblos\/estella\/puntos-de-interes\/convento-santo-domingo.jpg\" alt=\"Convento de Santo Domingo\">\n\t\t\t\t\t\t\t\t<\/div>\n\t\t\t\t\t\t\t<\/div>\n\t\t\t\t\t\t\n\t\t\t\t\t\t\t<div class=\"accordion__accordion-content inactive\">\n\t\t\t\t\t\t\t\t<div>\n\t\t\t\t\t\t\t\t\t<div>\n\t\t\t\t\t\t\t\t\t\t<h4>Iglesia de San Juan<\/h4>\n\t\t\t\t\t\t\t\t\t\t<p>La Chiesa di San Juan, situata nella Plaza de los Fueros, fu costruita alla fine del XIII secolo su un vigneto appartenuto al re Sancho el Sabio. <\/p>\n\n<p>Dello stile romanico originale rimane solo il portale della navata evangelica, mentre la facciata principale \u00e8 stata restaurata dopo il crollo del campanile nel 1846. Il restauro fu realizzato dall&#8217;architetto estense Anselmo Vicu\u00f1a, che aggiunse una facciata neoclassica. Il restauro fu infine completato da Florencio Ansoleaga all&#8217;inizio del XX secolo.\n\t\t\t\t\t\t\t\t\t<\/div>\n\t\t\t\t\t\t\t\t\t<img decoding=\"async\" src=\"https:\/\/cdn.pilgrim.es\/web\/caminos\/camino-frances\/pueblos\/estella\/puntos-de-interes\/iglesia-san-juan.jpg\" alt=\"Iglesia de San Juan\">\n\t\t\t\t\t\t\t\t<\/div>\n\t\t\t\t\t\t\t<\/div>\n\t\t\t\t\t\t\n\t\t\t\t\t\t\t<div class=\"accordion__accordion-content inactive\">\n\t\t\t\t\t\t\t\t<div>\n\t\t\t\t\t\t\t\t\t<div>\n\t\t\t\t\t\t\t\t\t\t<h4>Iglesia de San Miguel<\/h4>\n\t\t\t\t\t\t\t\t\t\t<p>La chiesa di San Miguel \u00e8 molto antica, nello specifico dobbiamo risalire all&#8217;anno 1145. \u00c8 composta da tre navate, appartenenti al tardo romanico, dell&#8217;ultimo quarto del XII secolo, e di cui spicca il transetto con tripla abside semicircolare. Sopra il transetto si erge una torre costruita in mattoni, risalente agli inizi del XVIII secolo.\n\n<p>All&#8217;edificio si accede attraverso due porte, quella del lato dell&#8217;Epistola e quella del lato del Vangelo. Il primo \u00e8 molto semplice, ma lo stesso non vale per il portale del Vangelo, che \u00e8 il vero gioiello di questa chiesa. <\/p>\n\n<p>Ore<\/p>\n\n<p>Luned\u00ec a domenica dalle 10:00 alle 13:00 e dalle 17:00 alle 20:00<\/p> <p>Luned\u00ec a domenica dalle 10:00 alle 13:00 e dalle 17:00 alle 20:00<\/p>\n\t\t\t\t\t\t\t\t\t<\/div>\n\t\t\t\t\t\t\t\t\t<img decoding=\"async\" src=\"https:\/\/cdn.pilgrim.es\/web\/caminos\/camino-frances\/pueblos\/estella\/puntos-de-interes\/iglesia-san-miguel.jpg\" alt=\"Iglesia de San Miguel\">\n\t\t\t\t\t\t\t\t<\/div>\n\t\t\t\t\t\t\t<\/div>\n\t\t\t\t\t\t\n\t\t\t\t\t\t\t<div class=\"accordion__accordion-content inactive\">\n\t\t\t\t\t\t\t\t<div>\n\t\t\t\t\t\t\t\t\t<div>\n\t\t\t\t\t\t\t\t\t\t<h4>Iglesia de San Pedro de la R\u00faa<\/h4>\n\t\t\t\t\t\t\t\t\t\t<p>La chiesa di San Pedro de la R\u00faa fu insignita del titolo di Iglesia Mayor de la R\u00faa nel 1256. Vi si accede solo attraverso una scala costruita nei primi anni Settanta del XX secolo. <\/p>\n\n<p>La facciata risale alla prima met\u00e0 del XIII secolo e mostra una certa influenza araba, anche se con decorazioni in stile romanico e un aspetto vegetale, geometrico e figurativo.<\/p> <p>La facciata della chiesa risale alla prima met\u00e0 del XIII secolo.\n\n<p>Per quanto riguarda la sua struttura, lo spazio \u00e8 diviso in tre navate, di cui va menzionata la navata del Vangelo, dove si trova la cappella di San Andr\u00e9s, costruita nel 1696. Questa cappella si distingue per la sua profonda ornamentazione e per la sua pala d&#8217;altare, realizzata alla fine del XVIII secolo.\n\t\t\t\t\t\t\t\t\t<\/div>\n\t\t\t\t\t\t\t\t\t<img decoding=\"async\" src=\"https:\/\/cdn.pilgrim.es\/web\/caminos\/camino-frances\/pueblos\/estella\/puntos-de-interes\/iglesia-san-pedro-de-la-rua.jpg\" alt=\"Iglesia de San Pedro de la R\u00faa\">\n\t\t\t\t\t\t\t\t<\/div>\n\t\t\t\t\t\t\t<\/div>\n\t\t\t\t\t\t\n\t\t\t\t\t\t\t<div class=\"accordion__accordion-content inactive\">\n\t\t\t\t\t\t\t\t<div>\n\t\t\t\t\t\t\t\t\t<div>\n\t\t\t\t\t\t\t\t\t\t<h4>Iglesia del Santo Sepulcro<\/h4>\n\t\t\t\t\t\t\t\t\t\t<p>La Chiesa del Santo Sepolcro si trova in via Curtidores, nonostante non funzioni pi\u00f9 come chiesa parrocchiale dal 1881. Tutti gli arredi furono trasferiti in altre chiese per ornarne gli interni, come San Pedro de la R\u00faa.<\/p> <p>La Chiesa del Santo Sepolcro si trova in via Curtidores.\n\n<p>Si tratta di un tempio a tre navate, di cui solo quella del Vangelo ha una forma semicircolare tipica dello stile tardo romanico, in particolare del XII secolo.\n\t\t\t\t\t\t\t\t\t<\/div>\n\t\t\t\t\t\t\t\t\t<img decoding=\"async\" src=\"https:\/\/cdn.pilgrim.es\/web\/caminos\/camino-frances\/pueblos\/estella\/puntos-de-interes\/iglesia-santo-sepulcro.jpg\" alt=\"Iglesia del Santo Sepulcro\">\n\t\t\t\t\t\t\t\t<\/div>\n\t\t\t\t\t\t\t<\/div>\n\t\t\t\t\t\t\n\t\t\t\t\t\t\t<div class=\"accordion__accordion-content inactive\">\n\t\t\t\t\t\t\t\t<div>\n\t\t\t\t\t\t\t\t\t<div>\n\t\t\t\t\t\t\t\t\t\t<h4>Muralla urbana de Estella<\/h4>\n\t\t\t\t\t\t\t\t\t\t<p>La cinta muraria di Estella \u00e8 stata dichiarata Sito Storico nel 2002. La sua creazione fu possibile grazie al fatto che nel 1090 il re Sancho Ram\u00edrez concesse alla citt\u00e0 la Carta di Estella. Questo fatto fu accompagnato da un grande sviluppo economico, che rese possibile la costruzione di diversi templi fortificati, soprattutto quello di San Pedro de la R\u00faa, e di altri nuovi edifici, come locande, negozi, ospedali, ecc.<\/p> <p>.\n\t\t\t\t\t\t\t\t\t<\/div>\n\t\t\t\t\t\t\t\t\t<img decoding=\"async\" src=\"https:\/\/cdn.pilgrim.es\/web\/caminos\/camino-frances\/pueblos\/estella\/puntos-de-interes\/muralla-urbana.jpg\" alt=\"Muralla urbana de Estella\">\n\t\t\t\t\t\t\t\t<\/div>\n\t\t\t\t\t\t\t<\/div>\n\t\t\t\t\t\t\n\t\t\t\t\t\t\t<div class=\"accordion__accordion-content inactive\">\n\t\t\t\t\t\t\t\t<div>\n\t\t\t\t\t\t\t\t\t<div>\n\t\t\t\t\t\t\t\t\t\t<h4>Museo del Carlismo<\/h4>\n\t\t\t\t\t\t\t\t\t\t<p>Il Museo del Carlismo \u00e8 stato creato per far conoscere ai visitatori la storia del Carlismo nei secoli XIX e XX attraverso la divulgazione e la conservazione della documentazione esposta e delle sue collezioni. <\/p>\n\t\t\t\t\t\t\t\t\t<\/div>\n\t\t\t\t\t\t\t\t\t<img decoding=\"async\" src=\"https:\/\/cdn.pilgrim.es\/web\/caminos\/camino-frances\/pueblos\/estella\/puntos-de-interes\/museo-carlismo.jpg\" alt=\"Museo del Carlismo\">\n\t\t\t\t\t\t\t\t<\/div>\n\t\t\t\t\t\t\t<\/div>\n\t\t\t\t\t\t\n\t\t\t\t\t\t\t<div class=\"accordion__accordion-content inactive\">\n\t\t\t\t\t\t\t\t<div>\n\t\t\t\t\t\t\t\t\t<div>\n\t\t\t\t\t\t\t\t\t\t<h4>Palacio de los Reyes de Navarra<\/h4>\n\t\t\t\t\t\t\t\t\t\t<p>Il Palazzo dei Re di Navarra, noto anche come Palazzo dei Duchi di Granada de Ega, risale al XVIII secolo ed \u00e8 il pi\u00f9 bell&#8217;esempio di architettura romanica civile della Navarra. <\/p>\n\n<p>Si tratta di un bell&#8217;edificio eretto nella seconda met\u00e0 del XII secolo, la cui facciata principale \u00e8 divisa in due piani costruiti in bugnato. <\/p>\n\n<p>La parte inferiore, a livello della strada, si apre su quattro ampi portici, incorniciati da colonne fissate al muro con decorazioni vegetali e istoriate sui capitelli. Sul lato sinistro del porticato si trovano figure stilizzate che narrano un episodio della lotta tra il paladino di Carlo Magno, Rolando, e il gigante Ferragut. Il primo piano \u00e8 coperto da un&#8217;ampia galleria.\n\t\t\t\t\t\t\t\t\t<\/div>\n\t\t\t\t\t\t\t\t\t<img decoding=\"async\" src=\"https:\/\/cdn.pilgrim.es\/web\/caminos\/camino-frances\/pueblos\/estella\/puntos-de-interes\/palacio-reyes-navarra.jpg\" alt=\"Palacio de los Reyes de Navarra\">\n\t\t\t\t\t\t\t\t<\/div>\n\t\t\t\t\t\t\t<\/div>\n\t\t\t\t\t\t\n\t\t\t\t\t\t\t<div class=\"accordion__accordion-content inactive\">\n\t\t\t\t\t\t\t\t<div>\n\t\t\t\t\t\t\t\t\t<div>\n\t\t\t\t\t\t\t\t\t\t<h4>Palacio del Gobernador<\/h4>\n\t\t\t\t\t\t\t\t\t\t<p>Il palazzo del Governatore, che si distingue per la sua sobriet\u00e0 e orizzontalit\u00e0, non presenta ornamenti scultorei oltre agli stemmi araldici.<\/p> <p>Il palazzo del Governatore, che si distingue per la sua sobriet\u00e0 e orizzontalit\u00e0, non presenta ornamenti scultorei oltre agli stemmi araldici.\n\n<p>L&#8217;edificio poggia su uno zoccolo in pietra, costruito interamente in mattoni, ad eccezione delle cornici delle finestre e della porta principale, che sono in pietra, mescolando cos\u00ec diversi materiali da costruzione, tipici dell&#8217;architettura austriaca di Madrid. <\/p>\n\n<p>Sull&#8217;architrave del balcone, che incornicia l&#8217;asse principale della facciata, la data 1613 \u00e8 posta tra stemmi. Ma ci\u00f2 che spicca del palazzo \u00e8 il cortile interno, diviso in due livelli sostenuti da semplici colonne toscane.\n\t\t\t\t\t\t\t\t\t<\/div>\n\t\t\t\t\t\t\t\t\t<img decoding=\"async\" src=\"https:\/\/cdn.pilgrim.es\/web\/caminos\/camino-frances\/pueblos\/estella\/puntos-de-interes\/palacio-gobernador.jpg\" alt=\"Palacio del Gobernador\">\n\t\t\t\t\t\t\t\t<\/div>\n\t\t\t\t\t\t\t<\/div>\n\t\t\t\t\t\t\n\t\t\t\t\t\t\t<div class=\"accordion__accordion-content inactive\">\n\t\t\t\t\t\t\t\t<div>\n\t\t\t\t\t\t\t\t\t<div>\n\t\t\t\t\t\t\t\t\t\t<h4>Manantial de agua salada<\/h4>\n\t\t\t\t\t\t\t\t\t\t<p>Questo corso d&#8217;acqua si trova vicino alle piscine comunali di Estella e al fiume Ega. Si tratta di una sorgente di acqua salata che sgorga naturalmente da una roccia, formando una piscina in cui l&#8217;acqua ha un colore quasi biancastro, a causa della quantit\u00e0 di sali presenti nell&#8217;acqua.<\/p> <p>Si tratta di una sorgente di acqua salata che sgorga naturalmente da una roccia, formando una piscina in cui l&#8217;acqua ha un colore quasi biancastro, a causa della quantit\u00e0 di sali presenti nell&#8217;acqua.\n\n<p>Gli abitanti di Estella sostengono che questa sorgente abbia un&#8217;acqua con propriet\u00e0 curative.\n\t\t\t\t\t\t\t\t\t<\/div>\n\t\t\t\t\t\t\t\t\t<img decoding=\"async\" src=\"https:\/\/cdn.pilgrim.es\/web\/caminos\/camino-frances\/pueblos\/estella\/puntos-de-interes\/antiguo-palacio-justicia.jpg\" alt=\"Manantial de agua salada\">\n\t\t\t\t\t\t\t\t<\/div>\n\t\t\t\t\t\t\t<\/div>\n\t\t\t\t\t\t\n\t\t\t\t\t\t\t<div class=\"accordion__accordion-content inactive\">\n\t\t\t\t\t\t\t\t<div>\n\t\t\t\t\t\t\t\t\t<div>\n\t\t\t\t\t\t\t\t\t\t<h4>Fuente de Los Chorros<\/h4>\n\t\t\t\t\t\t\t\t\t\t<p>La Fontana dei Getti, conosciuta anche come Fontana della Monna, si trova proprio al centro della Plaza de San Mart\u00edn. <\/p>\n\n<p>Questa fontana in stile rinascimentale, quindi risalente al XVI secolo, \u00e8 presieduta dalla figura di un leone con lo stemma di Estella.\n\t\t\t\t\t\t\t\t\t<\/div>\n\t\t\t\t\t\t\t\t\t<img decoding=\"async\" src=\"https:\/\/cdn.pilgrim.es\/web\/caminos\/camino-frances\/pueblos\/estella\/puntos-de-interes\/fuente-chorros.jpg\" alt=\"Fuente de Los Chorros\">\n\t\t\t\t\t\t\t\t<\/div>\n\t\t\t\t\t\t\t<\/div>\n\t\t\t\t\t\t\n\t\t\t\t\t\t\t<div class=\"accordion__accordion-content inactive\">\n\t\t\t\t\t\t\t\t<div>\n\t\t\t\t\t\t\t\t\t<div>\n\t\t\t\t\t\t\t\t\t\t<h4>Puente de la C\u00e1rcel<\/h4>\n\t\t\t\t\t\t\t\t\t\t<p>Il Puente de la C\u00e1rcel (Ponte del Carcere), noto anche come Ponte Picudo per i suoi due ripidi pendii, attraversa il fiume Ega. <\/p>\n\n<p>La costruzione originale era di origine medievale, ma fu demolita nel 1873 a causa delle guerre carliste e ricostruita nel 1975. Attualmente presenta un unico arco a segmenti con due pendenze.\n\t\t\t\t\t\t\t\t\t<\/div>\n\t\t\t\t\t\t\t\t\t<img decoding=\"async\" src=\"https:\/\/cdn.pilgrim.es\/web\/caminos\/camino-frances\/pueblos\/estella\/puntos-de-interes\/puente-carcel.jpg\" alt=\"Puente de la C\u00e1rcel\">\n\t\t\t\t\t\t\t\t<\/div>\n\t\t\t\t\t\t\t<\/div>\n\t\t\t\t\t\t\n\t\t\t\t\t\t\t<div class=\"accordion__accordion-content inactive\">\n\t\t\t\t\t\t\t\t<div>\n\t\t\t\t\t\t\t\t\t<div>\n\t\t\t\t\t\t\t\t\t\t<h4>Iglesia Santa Mar\u00eda de Jus del Castillo<\/h4>\n\t\t\t\t\t\t\t\t\t\t<p>La Chiesa di Santa Mar\u00eda de Jus del Castillo si trova in cima al monte Castillo e accanto al Convento di Santo Domingo, precisamente nel luogo in cui un tempo sorgeva una sinagoga ebraica.\n\n<p> Accolta sotto l&#8217;adorazione di Santa Maria e di Tutti i Santi, questa chiesa \u00e8 a navata unica, suddivisa in tre sezioni coperte da una volta a crociera e le cui chiavi di volta presentano motivi figurativi. L&#8217;abside, costruita alla fine del XII secolo, ha una copertura a forno e si distingue all&#8217;esterno per la sua purezza romanica e la galleria di mensole con decorazioni vegetali. La facciata barocca ai piedi della chiesa fu aggiunta nella seconda met\u00e0 del XVIII secolo.\n\t\t\t\t\t\t\t\t\t<\/div>\n\t\t\t\t\t\t\t\t\t<img decoding=\"async\" src=\"https:\/\/cdn.pilgrim.es\/web\/caminos\/camino-frances\/pueblos\/estella\/puntos-de-interes\/iglesia-santa-maria-jus-castillo.jpg\" alt=\"Iglesia Santa Mar\u00eda de Jus del Castillo\">\n\t\t\t\t\t\t\t\t<\/div>\n\t\t\t\t\t\t\t<\/div>\n\t\t\t\t\t\t\n\t\t\t\t\t\t\t<div class=\"accordion__accordion-content inactive\">\n\t\t\t\t\t\t\t\t<div>\n\t\t\t\t\t\t\t\t\t<div>\n\t\t\t\t\t\t\t\t\t\t<h4>Antiguo Palacio de la Justicia<\/h4>\n\t\t\t\t\t\t\t\t\t\t<p>L&#8217;antico Palazzo di Giustizia, anche ex Municipio, fu costruito nel XVIII secolo su una splendida struttura muraria a bugnato, a differenza dei precedenti palazzi di Estella, che alternavano bugnato e mattoni.<\/p> <p>L&#8217;edificio fu costruito nel XVIII secolo su una splendida struttura muraria a bugnato, a differenza dei precedenti palazzi di Estella, che alternavano bugnato e mattoni.\n\n<p>Tra le caratteristiche della facciata spiccano il volume scultoreo delle colonne, quasi autoportanti, gli smussi che fiancheggiano la porta principale e le finestre, che conferiscono una leggera mobilit\u00e0 all&#8217;edificio. <\/p>\n\n<p>La facciata termina con un attico che mostra l&#8217;influenza della zona media della Navarra e un&#8217;ampia gronda. In esso spicca la buona ornamentazione di giovani nudi, debolmente modesti, che lasciano intravedere forme scolpite con una certa tradizione classica che recupera l&#8217;essenza dello stile rinascimentale.\n\t\t\t\t\t\t\t\t\t<\/div>\n\t\t\t\t\t\t\t\t\t<img decoding=\"async\" src=\"https:\/\/cdn.pilgrim.es\/web\/caminos\/camino-frances\/pueblos\/estella\/puntos-de-interes\/antiguo-palacio-justicia.jpg\" alt=\"Antiguo Palacio de la Justicia\">\n\t\t\t\t\t\t\t\t<\/div>\n\t\t\t\t\t\t\t<\/div>\n\t\t\t\t\t\t\n\t\t\t\t\t\t\t<div class=\"accordion__accordion-content inactive\">\n\t\t\t\t\t\t\t\t<div>\n\t\t\t\t\t\t\t\t\t<div>\n\t\t\t\t\t\t\t\t\t\t<h4>Bas\u00edlica de Nuestra Se\u00f1ora de Rocamador<\/h4>\n\t\t\t\t\t\t\t\t\t\t<p>La Basilica di Nuestra Se\u00f1ora de Rocamador si trova all&#8217;uscita della Porta di Castiglia, sulla strada per Irache. Questo luogo era frequentato dai pellegrini che si recavano a Compostela lungo il Cammino Francese. <\/p>\n\n<p> \u00c8 stata costruita tra la fine del XII e l&#8217;inizio del XIII secolo. Di questo periodo rimane solo il chevet semicircolare, preceduto da un tratto rettilineo coperto da una volta a botte. Il resto della chiesa \u00e8 il risultato di aggiunte barocche realizzate intorno al 1691.\n\t\t\t\t\t\t\t\t\t<\/div>\n\t\t\t\t\t\t\t\t\t<img decoding=\"async\" src=\"https:\/\/cdn.pilgrim.es\/web\/caminos\/camino-frances\/pueblos\/estella\/puntos-de-interes\/iglesia-nuestra-senora-rocamador.jpg\" alt=\"Bas\u00edlica de Nuestra Se\u00f1ora de Rocamador\">\n\t\t\t\t\t\t\t\t<\/div>\n\t\t\t\t\t\t\t<\/div>\n\t\t\t\t\t\t\n\t\t\t\t\t<\/div>\n\t\t\t\t<\/div>\n\t\t\t<\/div>\n\t\t\n\n\t\t<div id=\"phonesSection\">\n\t\t\t<div>\n\t\t\t\t<h2 class=\"p-h3-town\">Informazioni di interesse<\/h2>\n\t\t\t<\/div>\n\t\t\t<div class=\"grid\">\n\t\t\t\t\n\t\t\t\t\t<div class=\"phone-number-item\">\n\t\t\t\t\t\t<div class=\"phone-number-item__icon\"><i class=\"icon-police\"><\/i><\/div>\n\t\t\t\t\t\t<div class=\"phone-number-item__title\">\n\t\t\t\t\t\t\t<h3 class=\"p-font-bold\">Polizia locale<\/h3>\n\t\t\t\t\t\t\t<p>948 548 226<\/p>\n\t\t\t\t\t\t\t\n\t\t\t\t\t\t<\/div>\n\t\t\t\t\t<\/div>\n\t\t\t\t\n\t\t\t\t\t<div class=\"phone-number-item\">\n\t\t\t\t\t\t<div class=\"phone-number-item__icon\"><i class=\"icon-spanish-military-police\"><\/i><\/div>\n\t\t\t\t\t\t<div class=\"phone-number-item__title\">\n\t\t\t\t\t\t\t<h3 class=\"p-font-bold\">Guardia civile<\/h3>\n\t\t\t\t\t\t\t<p>948 550 232<\/p>\n\t\t\t\t\t\t\t\n\t\t\t\t\t\t<\/div>\n\t\t\t\t\t<\/div>\n\t\t\t\t\n\t\t\t\t\t<div class=\"phone-number-item\">\n\t\t\t\t\t\t<div class=\"phone-number-item__icon\"><i class=\"icon-firefighters\"><\/i><\/div>\n\t\t\t\t\t\t<div class=\"phone-number-item__title\">\n\t\t\t\t\t\t\t<h3 class=\"p-font-bold\">Vigili del fuoco<\/h3>\n\t\t\t\t\t\t\t<p>948 556 402<\/p>\n\t\t\t\t\t\t\t\n\t\t\t\t\t\t<\/div>\n\t\t\t\t\t<\/div>\n\t\t\t\t\n\t\t\t\t\t<div class=\"phone-number-item\">\n\t\t\t\t\t\t<div class=\"phone-number-item__icon\"><i class=\"icon-civil-protection\"><\/i><\/div>\n\t\t\t\t\t\t<div class=\"phone-number-item__title\">\n\t\t\t\t\t\t\t<h3 class=\"p-font-bold\">Protezione civile<\/h3>\n\t\t\t\t\t\t\t<p>112<\/p>\n\t\t\t\t\t\t\t\n\t\t\t\t\t\t<\/div>\n\t\t\t\t\t<\/div>\n\t\t\t\t\n\t\t\t\t\t<div class=\"phone-number-item\">\n\t\t\t\t\t\t<div class=\"phone-number-item__icon\"><i class=\"icon-town-council\"><\/i><\/div>\n\t\t\t\t\t\t<div class=\"phone-number-item__title\">\n\t\t\t\t\t\t\t<h3 class=\"p-font-bold\">Municipio<\/h3>\n\t\t\t\t\t\t\t<p>948 458 200<\/p>\n\t\t\t\t\t\t\t\n\t\t\t\t\t\t<\/div>\n\t\t\t\t\t<\/div>\n\t\t\t\t\n\t\t\t\t\t<div class=\"phone-number-item\">\n\t\t\t\t\t\t<div class=\"phone-number-item__icon\"><i class=\"icon-hospital\"><\/i><\/div>\n\t\t\t\t\t\t<div class=\"phone-number-item__title\">\n\t\t\t\t\t\t\t<h3 class=\"p-font-bold\">Centro sanitario<\/h3>\n\t\t\t\t\t\t\t<p>948 556 350<\/p>\n\t\t\t\t\t\t\t\n\t\t\t\t\t\t<\/div>\n\t\t\t\t\t<\/div>\n\t\t\t\t\n\t\t\t\t\t<div class=\"phone-number-item\">\n\t\t\t\t\t\t<div class=\"phone-number-item__icon\"><i class=\"icon-tourism\"><\/i><\/div>\n\t\t\t\t\t\t<div class=\"phone-number-item__title\">\n\t\t\t\t\t\t\t<h3 class=\"p-font-bold\">Ufficio turistico<\/h3>\n\t\t\t\t\t\t\t<p>948 556 301<\/p>\n\t\t\t\t\t\t\t\n\t\t\t\t\t\t\t\t<p>C\/ San Nicol\u00e1s, 1<\/p>\n\t\t\t\t\t\t\t\n\t\t\t\t\t\t<\/div>\n\t\t\t\t\t<\/div>\n\t\t\t\t\n\t\t\t<\/div>\n\t\t<\/div>\n\n\t\t<div id=\"clientForm\">\n        <section>\n        <img decoding=\"async\" src=\"https:\/\/cdn.pilgrim.es\/web\/home\/email-contacto.png\" alt=\"contacto\">\n        <div>\n            <p>Ti inviamo la tua pianificazione<\/p>\n            <p>Forniscici i tuoi dati e ricevi la pianificazione del tuo viaggio via email <\/p>\n            <form method=\"post\" data-url=\"\/wp-admin\/admin-ajax.php\" id=\"planner--client\" class=\"flag-right form-client\">\n    <div class=\"form-data\">\n        <input name=\"form_id\" type=\"hidden\" value=\"Formulario Leads\">\n        <input name=\"type\" type=\"hidden\" value=\"planner_client\">\n        <input type=\"text\" name=\"nombre\" value=\"\" size=\"40\" class=\"form-control\" aria-required=\"true\" aria-invalid=\"false\" placeholder=\"Nome\">\n        <input type=\"email\" name=\"email\" value=\"\" size=\"40\" class=\"form-control\" aria-required=\"true\" aria-invalid=\"false\" placeholder=\"Mail\">\n        <input type=\"text\" id=\"phone-input\" name=\"tel\" value=\"\" size=\"40\" class=\"phone-input form-control\" aria-required=\"true\" aria-invalid=\"false\" placeholder=\"Telefono\">\n        <input type=\"hidden\" name=\"telefono\">\n    <\/div>\n    <div class=\"form-checkbox\">\n        <span>\n            Pilgrim Travel. S.L. informa, come previsto dal Regolamento 2016\/679, che i dati utilizzati in questo modulo verranno utilizzati sia per la risposta delle eventuali consultazioni sia per la pub-blicazione dei commenti, essendo il consenso dell'utente la base di legittimazione. Potranno esse-re esercitati i diritti in conformit\u00e0 con quanto stabilito dalla nostra             <a href=\"https:\/\/www.pilgrim.es\/it\/informativa-sulla-privacy\/\" target=\"_blank\" rel=\"noopener noreferrer nofollow\">Politica di privacy.<\/a>\n        <\/span>\n    <\/div>\n\n    <div class=\"form-submit\">\n        <button id=\"planner--client-create\" type=\"submit\">Formulario di contatto<\/button>\n        <div class=\"loadingDiv\"><i class=\"p-spinner\"><\/i><\/div>\n    <\/div>\n\n    <div class=\"contact-content-form-success\">\n        <p><i class=\"fas fa-check\"><\/i> Il modulo \u00e8 stato inviato correttamente<\/p>\n    <\/div>\n\n    <div class=\"contact-content-form-error\">\n        <span class=\"input-error\"><\/span>\n    <\/div>\n<\/form>        <\/div>\n    <\/section>\n<\/div>\n\n\t\t<div id=\"recomendationSection\">\n\t\t\t<div>\n\t\t\t\t<h2 class=\"p-h2-town\">Consigliato<\/h2>\n\t\t\t\t<hr>\n\t\t\t\t<h3 class=\"p-h3-town\">Gastronomia<\/h3>\n\t\t\t<\/div>\n\t\t\tIl piatto pi\u00f9 tipico della gastronomia di Estella \u00e8 l&#8217;arrosto di Gorr\u00edn, ma non mancano piatti tradizionali come i calbotes, i fagioli rossi con pancetta o coda, i peperoni piquillo, l&#8217;agnello in salsa chilindr\u00f3n e le orecchie di maiale. Per quanto riguarda il pesce, vanno citati la trota alla navarrese e il baccal\u00e0 in salsa ajoarriero.\n\nNella zona \u00e8 molto comune mangiare il formaggio di Urbasa con un po&#8217; di pachar\u00e1n, un liquore tipico della zona. Ma il famoso dessert di queste terre \u00e8 una pasta sfoglia chiamata alpargatas, anche se vale la pena menzionare anche le rocce di El Puy e le conchas del camino, dolci che vi lasceranno un ottimo sapore in bocca.\n\t\t<\/div>\n\n\n\t\t\n\t\t\t<div id=\"holidaysSection\">\n\t\t\t\t<div>\n\t\t\t\t\t<h2 class=\"p-h2-town\">Consigliato<\/h2>\n\t\t\t\t\t<hr>\n\t\t\t\t\t<h3 class=\"p-h3-town\">Festival e pellegrinaggi<\/h3>\n\t\t\t\t<\/div>\n\t\t\t\t<div class=\"grid holidays-grid\">\n\t\t\t\t\t\n\t\t\t\t\t\t<div>\n\t\t\t\t\t\t\t<div class=\"phone-number-item\">\n\t\t\t\t\t\t\t\t<div class=\"phone-number-item__icon\"><i class=\"icon-holiday\"><\/i><\/div>\n\t\t\t\t\t\t\t\t<div class=\"phone-number-item__title dark-text\">\n\t\t\t\t\t\t\t\t\t<p class=\"p-font-bold\">Vacanza locale<\/p>\n\t\t\t\t\t\t\t\t\t<p>25 de mayo: Romer\u00eda de la Virgen del Puy<\/p>\n\t\t\t\t\t\t\t\t<\/div>\n\t\t\t\t\t\t\t<\/div>\n\t\t\t\t\t\t<\/div>\n\t\t\t\t\t\n\t\t\t\t\t\t<div>\n\t\t\t\t\t\t\t<div class=\"phone-number-item\">\n\t\t\t\t\t\t\t\t<div class=\"phone-number-item__icon\"><i class=\"icon-holiday\"><\/i><\/div>\n\t\t\t\t\t\t\t\t<div class=\"phone-number-item__title dark-text\">\n\t\t\t\t\t\t\t\t\t<p class=\"p-font-bold\">Vacanza locale<\/p>\n\t\t\t\t\t\t\t\t\t<p>\u00daltima semana de Julio: Semana medieval<\/p>\n\t\t\t\t\t\t\t\t<\/div>\n\t\t\t\t\t\t\t<\/div>\n\t\t\t\t\t\t<\/div>\n\t\t\t\t\t\n\t\t\t\t\t\t<div>\n\t\t\t\t\t\t\t<div class=\"phone-number-item\">\n\t\t\t\t\t\t\t\t<div class=\"phone-number-item__icon\"><i class=\"icon-holiday\"><\/i><\/div>\n\t\t\t\t\t\t\t\t<div class=\"phone-number-item__title dark-text\">\n\t\t\t\t\t\t\t\t\t<p class=\"p-font-bold\">Vacanza locale<\/p>\n\t\t\t\t\t\t\t\t\t<p>31 de julio al 6 de agosto: Fiestas patronales<\/p>\n\t\t\t\t\t\t\t\t<\/div>\n\t\t\t\t\t\t\t<\/div>\n\t\t\t\t\t\t<\/div>\n\t\t\t\t\t\n\t\t\t\t\t\t<div>\n\t\t\t\t\t\t\t<div class=\"phone-number-item\">\n\t\t\t\t\t\t\t\t<div class=\"phone-number-item__icon\"><i class=\"icon-holiday\"><\/i><\/div>\n\t\t\t\t\t\t\t\t<div class=\"phone-number-item__title dark-text\">\n\t\t\t\t\t\t\t\t\t<p class=\"p-font-bold\">Vacanza locale<\/p>\n\t\t\t\t\t\t\t\t\t<p>28 al 30 de noviembre: Fiesta de San Andr\u00e9s<\/p>\n\t\t\t\t\t\t\t\t<\/div>\n\t\t\t\t\t\t\t<\/div>\n\t\t\t\t\t\t<\/div>\n\t\t\t\t\t\n\t\t\t\t<\/div>\n\t\t\t<\/div>\n\t\t\n\t<\/div>\n<\/section>\n\n<div id=\"stage_list_section\"><div class=\"stage-list\">\n    <div class='stage-list__map-card'>\n        <div class='stage-list__map-card__map'>\n            <div class='stage-list__map-card__map__text'>\n                <h2> Pages <\/h2>\n                <p> A piedi<\/p>\n                <p> 0tappe<\/p>\n            <\/div>\n            <div class='stage-list__map-card__map__img'>\n                <img decoding=\"async\" src=\"\" alt=\" mapa \" \/>\n            <\/div>\n        <\/div>\n    <\/div>\n\n    <\/div>\n<\/div> ","protected":false},"excerpt":{"rendered":"<p>Estella &#8249; Ritorno al palcoscenico Estella Abitanti: 13.695 aprox. Provincia: Navarra Informazioni Get to know Estella Alle sue origini, Estella era strettamente legata al Cammino di Santiago ed era conosciuta con il nome di Lizarra, nome ancora oggi utilizzato da alcuni dei suoi abitanti pi\u00f9 anziani. Nel corso degli anni, questo piccolo villaggio si \u00e8 &hellip; <\/p>\n<p class=\"read_more\"><a href=\"https:\/\/www.pilgrim.es\/it\/cammino-francese\/estella\/\">Leer m\u00e1s<\/a><\/p>\n","protected":false},"author":0,"featured_media":3790,"parent":10735,"menu_order":0,"comment_status":"closed","ping_status":"closed","template":"views\/template-new-web-design.blade.php","meta":{"footnotes":""},"categories":[],"tags":[],"class_list":["post-91052","page","type-page","status-publish","has-post-thumbnail","hentry"],"yoast_head":"<!-- This site is optimized with the Yoast SEO plugin v27.4 - https:\/\/yoast.com\/product\/yoast-seo-wordpress\/ -->\n<title>Estella: Cosa vedere e dove dormire | Cammino di Santiago | Pilgrim<\/title>\n<meta name=\"description\" content=\"Estella Scopri tutte le informazioni su dove alloggiare, come arrivare, cosa mangiare e sui principali punti di interesse delle localit\u00e0 lungo il Cammino Francese.\" \/>\n<meta name=\"robots\" content=\"index, follow, max-snippet:-1, max-image-preview:large, max-video-preview:-1\" \/>\n<link rel=\"canonical\" href=\"https:\/\/www.pilgrim.es\/it\/cammino-francese\/estella\/\" \/>\n<meta property=\"og:locale\" content=\"it_IT\" \/>\n<meta property=\"og:type\" content=\"article\" \/>\n<meta property=\"og:title\" content=\"Estella: Cosa vedere e dove dormire | Cammino di Santiago | Pilgrim\" \/>\n<meta property=\"og:description\" content=\"Estella Scopri tutte le informazioni su dove alloggiare, come arrivare, cosa mangiare e sui principali punti di interesse delle localit\u00e0 lungo il Cammino Francese.\" \/>\n<meta property=\"og:url\" content=\"https:\/\/www.pilgrim.es\/it\/cammino-francese\/estella\/\" \/>\n<meta property=\"og:site_name\" content=\"Pilgrim\" \/>\n<meta property=\"article:publisher\" content=\"https:\/\/www.facebook.com\/pilgrim.es\/\" \/>\n<meta property=\"og:image\" content=\"https:\/\/www.pilgrim.es\/wp-content\/uploads\/2019\/02\/estella-puente.jpg\" \/>\n\t<meta property=\"og:image:width\" content=\"1024\" \/>\n\t<meta property=\"og:image:height\" content=\"768\" \/>\n\t<meta property=\"og:image:type\" content=\"image\/jpeg\" \/>\n<meta name=\"twitter:card\" content=\"summary_large_image\" \/>\n<meta name=\"twitter:site\" content=\"@pilgrim_es\" \/>\n<meta name=\"twitter:label1\" content=\"Tempo di lettura stimato\" \/>\n\t<meta name=\"twitter:data1\" content=\"12 minuti\" \/>\n<script type=\"application\/ld+json\" class=\"yoast-schema-graph\">{\"@context\":\"https:\\\/\\\/schema.org\",\"@graph\":[{\"@type\":\"WebPage\",\"@id\":\"https:\\\/\\\/www.pilgrim.es\\\/it\\\/cammino-francese\\\/estella\\\/\",\"url\":\"https:\\\/\\\/www.pilgrim.es\\\/it\\\/cammino-francese\\\/estella\\\/\",\"name\":\"Estella: Cosa vedere e dove dormire | Cammino di Santiago | Pilgrim\",\"isPartOf\":{\"@id\":\"https:\\\/\\\/www.pilgrim.es\\\/it\\\/#website\"},\"primaryImageOfPage\":{\"@id\":\"https:\\\/\\\/www.pilgrim.es\\\/it\\\/cammino-francese\\\/estella\\\/#primaryimage\"},\"image\":{\"@id\":\"https:\\\/\\\/www.pilgrim.es\\\/it\\\/cammino-francese\\\/estella\\\/#primaryimage\"},\"thumbnailUrl\":\"https:\\\/\\\/www.pilgrim.es\\\/wp-content\\\/uploads\\\/2019\\\/02\\\/estella-puente.jpg\",\"datePublished\":\"2025-03-17T13:07:15+00:00\",\"description\":\"Estella Scopri tutte le informazioni su dove alloggiare, come arrivare, cosa mangiare e sui principali punti di interesse delle localit\u00e0 lungo il Cammino Francese.\",\"breadcrumb\":{\"@id\":\"https:\\\/\\\/www.pilgrim.es\\\/it\\\/cammino-francese\\\/estella\\\/#breadcrumb\"},\"inLanguage\":\"it-IT\",\"potentialAction\":[{\"@type\":\"ReadAction\",\"target\":[\"https:\\\/\\\/www.pilgrim.es\\\/it\\\/cammino-francese\\\/estella\\\/\"]}]},{\"@type\":\"ImageObject\",\"inLanguage\":\"it-IT\",\"@id\":\"https:\\\/\\\/www.pilgrim.es\\\/it\\\/cammino-francese\\\/estella\\\/#primaryimage\",\"url\":\"https:\\\/\\\/www.pilgrim.es\\\/wp-content\\\/uploads\\\/2019\\\/02\\\/estella-puente.jpg\",\"contentUrl\":\"https:\\\/\\\/www.pilgrim.es\\\/wp-content\\\/uploads\\\/2019\\\/02\\\/estella-puente.jpg\",\"width\":1024,\"height\":768,\"caption\":\"estella\"},{\"@type\":\"BreadcrumbList\",\"@id\":\"https:\\\/\\\/www.pilgrim.es\\\/it\\\/cammino-francese\\\/estella\\\/#breadcrumb\",\"itemListElement\":[{\"@type\":\"ListItem\",\"position\":1,\"name\":\"Camino de Santiago\",\"item\":\"https:\\\/\\\/www.pilgrim.es\\\/it\\\/\"},{\"@type\":\"ListItem\",\"position\":2,\"name\":\"Cammino Francese\",\"item\":\"https:\\\/\\\/www.pilgrim.es\\\/it\\\/cammino-francese\\\/\"},{\"@type\":\"ListItem\",\"position\":3,\"name\":\"Estella\"}]},{\"@type\":\"WebSite\",\"@id\":\"https:\\\/\\\/www.pilgrim.es\\\/it\\\/#website\",\"url\":\"https:\\\/\\\/www.pilgrim.es\\\/it\\\/\",\"name\":\"Pilgrim\",\"description\":\"Camino de Santiago | Caminamos Contigo\",\"publisher\":{\"@id\":\"https:\\\/\\\/www.pilgrim.es\\\/it\\\/#organization\"},\"potentialAction\":[{\"@type\":\"SearchAction\",\"target\":{\"@type\":\"EntryPoint\",\"urlTemplate\":\"https:\\\/\\\/www.pilgrim.es\\\/it\\\/?s={search_term_string}\"},\"query-input\":{\"@type\":\"PropertyValueSpecification\",\"valueRequired\":true,\"valueName\":\"search_term_string\"}}],\"inLanguage\":\"it-IT\"},{\"@type\":\"Organization\",\"@id\":\"https:\\\/\\\/www.pilgrim.es\\\/it\\\/#organization\",\"name\":\"Pilgrim Camino de Santiago\",\"url\":\"https:\\\/\\\/www.pilgrim.es\\\/it\\\/\",\"logo\":{\"@type\":\"ImageObject\",\"inLanguage\":\"it-IT\",\"@id\":\"https:\\\/\\\/www.pilgrim.es\\\/it\\\/#\\\/schema\\\/logo\\\/image\\\/\",\"url\":\"https:\\\/\\\/www.pilgrim.es\\\/wp-content\\\/uploads\\\/2019\\\/04\\\/logo_pilgrim.png\",\"contentUrl\":\"https:\\\/\\\/www.pilgrim.es\\\/wp-content\\\/uploads\\\/2019\\\/04\\\/logo_pilgrim.png\",\"width\":512,\"height\":512,\"caption\":\"Pilgrim Camino de Santiago\"},\"image\":{\"@id\":\"https:\\\/\\\/www.pilgrim.es\\\/it\\\/#\\\/schema\\\/logo\\\/image\\\/\"},\"sameAs\":[\"https:\\\/\\\/www.facebook.com\\\/pilgrim.es\\\/\",\"https:\\\/\\\/x.com\\\/pilgrim_es\",\"https:\\\/\\\/www.instagram.com\\\/pilgrim.es\\\/\",\"https:\\\/\\\/www.linkedin.com\\\/company\\\/pilgrim-camino-de-santiago\\\/\",\"https:\\\/\\\/www.pinterest.es\\\/pilgrimcaminodesantiago\\\/\",\"https:\\\/\\\/www.youtube.com\\\/channel\\\/UCIv2ZzFLXVqthkNF32rKedw\\\/featured\"]}]}<\/script>\n<!-- \/ Yoast SEO plugin. -->","yoast_head_json":{"title":"Estella: Cosa vedere e dove dormire | Cammino di Santiago | Pilgrim","description":"Estella Scopri tutte le informazioni su dove alloggiare, come arrivare, cosa mangiare e sui principali punti di interesse delle localit\u00e0 lungo il Cammino Francese.","robots":{"index":"index","follow":"follow","max-snippet":"max-snippet:-1","max-image-preview":"max-image-preview:large","max-video-preview":"max-video-preview:-1"},"canonical":"https:\/\/www.pilgrim.es\/it\/cammino-francese\/estella\/","og_locale":"it_IT","og_type":"article","og_title":"Estella: Cosa vedere e dove dormire | Cammino di Santiago | Pilgrim","og_description":"Estella Scopri tutte le informazioni su dove alloggiare, come arrivare, cosa mangiare e sui principali punti di interesse delle localit\u00e0 lungo il Cammino Francese.","og_url":"https:\/\/www.pilgrim.es\/it\/cammino-francese\/estella\/","og_site_name":"Pilgrim","article_publisher":"https:\/\/www.facebook.com\/pilgrim.es\/","og_image":[{"width":1024,"height":768,"url":"https:\/\/www.pilgrim.es\/wp-content\/uploads\/2019\/02\/estella-puente.jpg","type":"image\/jpeg"}],"twitter_card":"summary_large_image","twitter_site":"@pilgrim_es","twitter_misc":{"Tempo di lettura stimato":"12 minuti"},"schema":{"@context":"https:\/\/schema.org","@graph":[{"@type":"WebPage","@id":"https:\/\/www.pilgrim.es\/it\/cammino-francese\/estella\/","url":"https:\/\/www.pilgrim.es\/it\/cammino-francese\/estella\/","name":"Estella: Cosa vedere e dove dormire | Cammino di Santiago | Pilgrim","isPartOf":{"@id":"https:\/\/www.pilgrim.es\/it\/#website"},"primaryImageOfPage":{"@id":"https:\/\/www.pilgrim.es\/it\/cammino-francese\/estella\/#primaryimage"},"image":{"@id":"https:\/\/www.pilgrim.es\/it\/cammino-francese\/estella\/#primaryimage"},"thumbnailUrl":"https:\/\/www.pilgrim.es\/wp-content\/uploads\/2019\/02\/estella-puente.jpg","datePublished":"2025-03-17T13:07:15+00:00","description":"Estella Scopri tutte le informazioni su dove alloggiare, come arrivare, cosa mangiare e sui principali punti di interesse delle localit\u00e0 lungo il Cammino Francese.","breadcrumb":{"@id":"https:\/\/www.pilgrim.es\/it\/cammino-francese\/estella\/#breadcrumb"},"inLanguage":"it-IT","potentialAction":[{"@type":"ReadAction","target":["https:\/\/www.pilgrim.es\/it\/cammino-francese\/estella\/"]}]},{"@type":"ImageObject","inLanguage":"it-IT","@id":"https:\/\/www.pilgrim.es\/it\/cammino-francese\/estella\/#primaryimage","url":"https:\/\/www.pilgrim.es\/wp-content\/uploads\/2019\/02\/estella-puente.jpg","contentUrl":"https:\/\/www.pilgrim.es\/wp-content\/uploads\/2019\/02\/estella-puente.jpg","width":1024,"height":768,"caption":"estella"},{"@type":"BreadcrumbList","@id":"https:\/\/www.pilgrim.es\/it\/cammino-francese\/estella\/#breadcrumb","itemListElement":[{"@type":"ListItem","position":1,"name":"Camino de Santiago","item":"https:\/\/www.pilgrim.es\/it\/"},{"@type":"ListItem","position":2,"name":"Cammino Francese","item":"https:\/\/www.pilgrim.es\/it\/cammino-francese\/"},{"@type":"ListItem","position":3,"name":"Estella"}]},{"@type":"WebSite","@id":"https:\/\/www.pilgrim.es\/it\/#website","url":"https:\/\/www.pilgrim.es\/it\/","name":"Pilgrim","description":"Camino de Santiago | Caminamos Contigo","publisher":{"@id":"https:\/\/www.pilgrim.es\/it\/#organization"},"potentialAction":[{"@type":"SearchAction","target":{"@type":"EntryPoint","urlTemplate":"https:\/\/www.pilgrim.es\/it\/?s={search_term_string}"},"query-input":{"@type":"PropertyValueSpecification","valueRequired":true,"valueName":"search_term_string"}}],"inLanguage":"it-IT"},{"@type":"Organization","@id":"https:\/\/www.pilgrim.es\/it\/#organization","name":"Pilgrim Camino de Santiago","url":"https:\/\/www.pilgrim.es\/it\/","logo":{"@type":"ImageObject","inLanguage":"it-IT","@id":"https:\/\/www.pilgrim.es\/it\/#\/schema\/logo\/image\/","url":"https:\/\/www.pilgrim.es\/wp-content\/uploads\/2019\/04\/logo_pilgrim.png","contentUrl":"https:\/\/www.pilgrim.es\/wp-content\/uploads\/2019\/04\/logo_pilgrim.png","width":512,"height":512,"caption":"Pilgrim Camino de Santiago"},"image":{"@id":"https:\/\/www.pilgrim.es\/it\/#\/schema\/logo\/image\/"},"sameAs":["https:\/\/www.facebook.com\/pilgrim.es\/","https:\/\/x.com\/pilgrim_es","https:\/\/www.instagram.com\/pilgrim.es\/","https:\/\/www.linkedin.com\/company\/pilgrim-camino-de-santiago\/","https:\/\/www.pinterest.es\/pilgrimcaminodesantiago\/","https:\/\/www.youtube.com\/channel\/UCIv2ZzFLXVqthkNF32rKedw\/featured"]}]}},"_links":{"self":[{"href":"https:\/\/www.pilgrim.es\/it\/wp-json\/wp\/v2\/pages\/91052","targetHints":{"allow":["GET"]}}],"collection":[{"href":"https:\/\/www.pilgrim.es\/it\/wp-json\/wp\/v2\/pages"}],"about":[{"href":"https:\/\/www.pilgrim.es\/it\/wp-json\/wp\/v2\/types\/page"}],"replies":[{"embeddable":true,"href":"https:\/\/www.pilgrim.es\/it\/wp-json\/wp\/v2\/comments?post=91052"}],"version-history":[{"count":0,"href":"https:\/\/www.pilgrim.es\/it\/wp-json\/wp\/v2\/pages\/91052\/revisions"}],"up":[{"embeddable":true,"href":"https:\/\/www.pilgrim.es\/it\/wp-json\/wp\/v2\/pages\/10735"}],"wp:featuredmedia":[{"embeddable":true,"href":"https:\/\/www.pilgrim.es\/it\/wp-json\/wp\/v2\/media\/3790"}],"wp:attachment":[{"href":"https:\/\/www.pilgrim.es\/it\/wp-json\/wp\/v2\/media?parent=91052"}],"wp:term":[{"taxonomy":"category","embeddable":true,"href":"https:\/\/www.pilgrim.es\/it\/wp-json\/wp\/v2\/categories?post=91052"},{"taxonomy":"post_tag","embeddable":true,"href":"https:\/\/www.pilgrim.es\/it\/wp-json\/wp\/v2\/tags?post=91052"}],"curies":[{"name":"wp","href":"https:\/\/api.w.org\/{rel}","templated":true}]}}