{"id":91046,"date":"2025-03-17T13:04:57","date_gmt":"2025-03-17T13:04:57","guid":{"rendered":"https:\/\/www.pilgrim.es\/cammino-francese\/pamplona\/"},"modified":"2025-03-17T13:04:57","modified_gmt":"2025-03-17T13:04:57","slug":"pamplona","status":"publish","type":"page","link":"https:\/\/www.pilgrim.es\/it\/cammino-francese\/pamplona\/","title":{"rendered":"Pamplona"},"content":{"rendered":" <section id=\"hero\">\n\t<h1>Pamplona<\/h1>\n\t<div class=\"hero-grid\">\n\t\t<div class=\"hero-grid__town-col\" data-background=\"https:\/\/cdn.pilgrim.es\/web\/caminos\/camino-frances\/pueblos\/pamplona\/pamplona.jpg\">\n\t\t\t<div>\n\t\t\t\t<a class=\"link-to-stage\" href=\"https:\/\/www.pilgrim.es\/camino-frances\/etapa-3-zubiri-pamplona\/\">\n\t\t\t\t\t<p>&#8249; Ritorno al palcoscenico<\/p>\n\t\t\t\t<\/a>\n\n\t\t\t\t<div class=\"town-data\">\n\t\t\t\t\t<h2>Pamplona<\/h2>\n\t\t\t\t\t<ul>\n\t\t\t\t\t\t<li>Abitanti: 196.166 aprox.<\/li>\n\t\t\t\t\t\t<li>Provincia: Navarra<\/li>\n\t\t\t\t\t<\/ul>\n\t\t\t\t<\/div>\n\t\t\t<\/div>\n\t\t<\/div>\n\t\t<div class=\"hero-grid__planner-col\"><div\r\n  class=\"p-col-span-1 p-rounded-lg p-px-5 p-h-full\"\r\n  style=\"background-image: url('https:\/\/cdn.pilgrim.es\/web\/pilgrim-planner\/bg-plugin-planificador.webp')\"\r\n  rel=\"preload\"\r\n  fetchpriority=\"high\"\r\n  >\r\n    <div class=\"p-text-center p-pt-5 p-text-white p-text-2xl p-font-semibold\">\r\n      Pianifica il tuo cammino    <\/div>\r\n    <div\r\n            id='primary-app'\r\n            data-name='banner'\r\n            data-api='https:\/\/pathfinder.pilgrim.es\/api\/pathfinder\/v2'\r\n            data-mode='normal'\r\n            data-lang='it'\r\n            data-route='1'\r\n            data-destiny='https:\/\/planificador.pilgrim.es'\r\n            data-modality='1'\r\n            data-inline=''\r\n        ><\/div><\/div><\/div>\n\t<\/div>\n<\/section>\n\n<section id=\"infoTown\">\n\t<div class=\"sections-town\">\n\n\t\t<div id=\"informationSection\">\n\t\t\t<div>\n\t\t\t\t<h2 class=\"p-h2-town\">Informazioni<\/h2>\n\t\t\t\t<hr>\n\t\t\t\t<h3 class=\"p-h3-town\">Get to know Pamplona<\/h3>\n\t\t\t<\/div>\n\t\t\t<p>Basti\u00f3n dei Baschi e rinomata a livello internazionale per la festa di San Ferm\u00edn, Pamplona \u00e8 la prima grande citt\u00e0 che i pellegrini troveranno sul Cammino Francese.<\/p> <p>\u00c8 considerata la citt\u00e0 con la pi\u00f9 alta qualit\u00e0 di vita, che combina alla perfezione modernit\u00e0 e tradizione, motivo per cui il pellegrino si sentir\u00e0 come a casa propria.<\/p> <p>Pamplona \u00e8 la prima grande citt\u00e0 che i pellegrini troveranno sul Cammino Francese.\n\t\t<\/div>\n\n\t\t<div id=\"locationSection\">\n\t\t\t<div>\n\t\t\t\t<h2 class=\"p-h2-town\">Posizione<\/h2>\n\t\t\t\t<hr>\n\t\t\t\t<h3 class=\"p-h3-town\">Come arrivare<\/h3>\n\t\t\t<\/div>\n\t\t\t<p>La citt\u00e0 di Pamplona \u00e8 molto ben collegata con le principali citt\u00e0 spagnole. Raggiungerla su strada \u00e8 possibile grazie alla AP-15 che collega San Sebastian con Pamplona, alla N-121 che collega con Saragozza, alla N-111 con Logro\u00f1o, alla N-240 con Jaca, che permette anche di arrivare da Victoria, dalla Galizia e da Madrid prendendo prima la N-1. Dalla Francia \u00e8 possibile arrivare dalla N-121, dalla N-138 e dalla N-135.\n\n<p>La citt\u00e0 dispone di una stazione degli autobus e di una stazione ferroviaria; in autobus \u00e8 possibile raggiungere Alicante, Andalusia, Barcellona, Bilbao, Salou, Pe\u00f1\u00edcola, Gij\u00f3n, Oviedo, Jaca, Ir\u00fan, Ja\u00e9n, Logro\u00f1o, Madrid, Santander, Soria, Vigo, Saragozza e cos\u00ec via. I collegamenti ferroviari collegano la citt\u00e0 di Pamplona con Alicante, Barcellona, Burgos, A Coru\u00f1a, Ir\u00fan, Hendaye, Lugo, Madrid, Orense, Oviedo, Palencia, Vitoria, ecc.<\/p> <p>.\n\n<p>Inoltre, la citt\u00e0 dispone di un aeroporto, che dista 7 km dalla citt\u00e0, ma c&#8217;\u00e8 una linea di autobus che collega con il centro della citt\u00e0.\n\t\t\t<div>\n\t\t\t\t<div>\n  <iframe loading=\"lazy\"\n    src=\"https:\/\/www.google.com\/maps\/d\/embed?mid=1A2A8kuOdZs30gClxLrnJvDm5aXLGGvI&amp;ehbc=2E312F\"\n    width=\"640\"\n    height=\"480\"\n    alt=\"Mapa Pamplona\"\n  ><\/iframe>\n<\/div>\n\n\t\t\t<\/div>\n\t\t<\/div>\n\n\t\t\n\t\t\t<div id=\"toVisitSection\">\n\t\t\t\t<div>\n\t\t\t\t\t<h2 class=\"p-h2-town\">Storia \/ Cultura<\/h2>\n\t\t\t\t\t<hr>\n\t\t\t\t\t<h3 class=\"p-h3-town\">Cosa vedere<\/h3>\n\t\t\t\t<\/div>\n\t\t\t\t<div>\n\t\t\t\t\t<div class=\"accordion\">\n\t\t\t\t\t\t<div class=\"accordion__menu\">\n\t\t\t\t\t\t\t<nav>\n\t\t\t\t\t\t\t\t\n\t\t\t\t\t\t\t\t\t<button class=\"nav-tab-accordion active\"><span>&#10093;<\/span><span> Casa Consistorial<\/span><\/button>\n\t\t\t\t\t\t\t\t\n\t\t\t\t\t\t\t\t\t<button class=\"nav-tab-accordion \"><span>&#10093;<\/span><span> Ronda Barbazana<\/span><\/button>\n\t\t\t\t\t\t\t\t\n\t\t\t\t\t\t\t\t\t<button class=\"nav-tab-accordion \"><span>&#10093;<\/span><span> Caballo Blanco<\/span><\/button>\n\t\t\t\t\t\t\t\t\n\t\t\t\t\t\t\t\t\t<button class=\"nav-tab-accordion \"><span>&#10093;<\/span><span> Iglesia de San Nicol\u00e1s<\/span><\/button>\n\t\t\t\t\t\t\t\t\n\t\t\t\t\t\t\t\t\t<button class=\"nav-tab-accordion \"><span>&#10093;<\/span><span> Museo Catedralicio<\/span><\/button>\n\t\t\t\t\t\t\t\t\n\t\t\t\t\t\t\t\t\t<button class=\"nav-tab-accordion \"><span>&#10093;<\/span><span> Palacio de Navarra<\/span><\/button>\n\t\t\t\t\t\t\t\t\n\t\t\t\t\t\t\t\t\t<button class=\"nav-tab-accordion \"><span>&#10093;<\/span><span> Palacio del Baluarte<\/span><\/button>\n\t\t\t\t\t\t\t\t\n\t\t\t\t\t\t\t\t\t<button class=\"nav-tab-accordion \"><span>&#10093;<\/span><span> Parlamento de Navarra<\/span><\/button>\n\t\t\t\t\t\t\t\t\n\t\t\t\t\t\t\t\t\t<button class=\"nav-tab-accordion \"><span>&#10093;<\/span><span> Parque Fluvial de Pamplona<\/span><\/button>\n\t\t\t\t\t\t\t\t\n\t\t\t\t\t\t\t\t\t<button class=\"nav-tab-accordion \"><span>&#10093;<\/span><span> Paseo de Ronda<\/span><\/button>\n\t\t\t\t\t\t\t\t\n\t\t\t\t\t\t\t\t\t<button class=\"nav-tab-accordion \"><span>&#10093;<\/span><span> Plaza del Castillo<\/span><\/button>\n\t\t\t\t\t\t\t\t\n\t\t\t\t\t\t\t\t\t<button class=\"nav-tab-accordion \"><span>&#10093;<\/span><span> Las Murallas<\/span><\/button>\n\t\t\t\t\t\t\t\t\n\t\t\t\t\t\t\t\t\t<button class=\"nav-tab-accordion \"><span>&#10093;<\/span><span> Vuelta del Castillo y Ciudadela<\/span><\/button>\n\t\t\t\t\t\t\t\t\n\t\t\t\t\t\t\t\t\t<button class=\"nav-tab-accordion \"><span>&#10093;<\/span><span> Catedral de Santa Mar\u00eda la Real<\/span><\/button>\n\t\t\t\t\t\t\t\t\n\t\t\t\t\t\t\t\t\t<button class=\"nav-tab-accordion \"><span>&#10093;<\/span><span> Centro de Interpretraci\u00f3n de las Fortificaciones<\/span><\/button>\n\t\t\t\t\t\t\t\t\n\t\t\t\t\t\t\t\t\t<button class=\"nav-tab-accordion \"><span>&#10093;<\/span><span> Jardines de la Taconera<\/span><\/button>\n\t\t\t\t\t\t\t\t\n\t\t\t\t\t\t\t\t\t<button class=\"nav-tab-accordion \"><span>&#10093;<\/span><span> Museo de Pablo Sarasate<\/span><\/button>\n\t\t\t\t\t\t\t\t\n\t\t\t\t\t\t\t\t\t<button class=\"nav-tab-accordion \"><span>&#10093;<\/span><span> Museo de la Universidad de Navarra<\/span><\/button>\n\t\t\t\t\t\t\t\t\n\t\t\t\t\t\t\t\t\t<button class=\"nav-tab-accordion \"><span>&#10093;<\/span><span> Iglesia de San Cern\u00edn<\/span><\/button>\n\t\t\t\t\t\t\t\t\n\t\t\t\t\t\t\t\t\t<button class=\"nav-tab-accordion \"><span>&#10093;<\/span><span> Yamaguchi y el Planetario<\/span><\/button>\n\t\t\t\t\t\t\t\t\n\t\t\t\t\t\t\t\t\t<button class=\"nav-tab-accordion \"><span>&#10093;<\/span><span> Museo de Navarra<\/span><\/button>\n\t\t\t\t\t\t\t\t\n\t\t\t\t\t\t\t\t\t<button class=\"nav-tab-accordion \"><span>&#10093;<\/span><span> Archivo General de Navarra<\/span><\/button>\n\t\t\t\t\t\t\t\t\n\t\t\t\t\t\t\t<\/nav>\n\t\t\t\t\t\t<\/div>\n\n\t\t\t\t\t\t\n\t\t\t\t\t\t\t<div class=\"accordion__accordion-content \">\n\t\t\t\t\t\t\t\t<div>\n\t\t\t\t\t\t\t\t\t<div>\n\t\t\t\t\t\t\t\t\t\t<h4>Casa Consistorial<\/h4>\n\t\t\t\t\t\t\t\t\t\t<p>La Casa Consistorial, oggi sede del governo municipale, \u00e8 famosa per essere il luogo scelto per dare inizio alle famose feste di Sanfermines. Fino al 1423 Pamplona era composta da tre municipi autonomi: Navarrer\u00eda, San Cernin e San Nicol\u00e1s. A quel tempo, il re Carlo III ordin\u00f2 di unificarli, creando un unico nucleo urbano e quindi un unico governo municipale. Il primo municipio fu costruito nel punto in cui si univano i confini delle tre Burgos. Questo primo municipio fu demolito nel 1752 perch\u00e9 praticamente in rovina. Fu allora che nel 1760 fu costruita la nuova sede municipale, di cui rimane solo la facciata dopo un&#8217;altra importante ricostruzione nel 1951.\n\t\t\t\t\t\t\t\t\t<\/div>\n\t\t\t\t\t\t\t\t\t<img decoding=\"async\" src=\"https:\/\/cdn.pilgrim.es\/web\/caminos\/camino-frances\/pueblos\/pamplona\/puntos-de-interes\/casa-consistorial-pamplona.jpg\" alt=\"Casa Consistorial\">\n\t\t\t\t\t\t\t\t<\/div>\n\t\t\t\t\t\t\t<\/div>\n\t\t\t\t\t\t\n\t\t\t\t\t\t\t<div class=\"accordion__accordion-content inactive\">\n\t\t\t\t\t\t\t\t<div>\n\t\t\t\t\t\t\t\t\t<div>\n\t\t\t\t\t\t\t\t\t\t<h4>Ronda Barbazana<\/h4>\n\t\t\t\t\t\t\t\t\t\t<p>La passeggiata lungo la linea delle mura \u00e8 nota come Ronda Barbazana, in onore del vescovo Barbaz\u00e1n. Questo tratto di mura protegge la parte pi\u00f9 sacra della citt\u00e0: il Palazzo Arcivescovile, il chiostro, la cappella Barbazana e il coro della Cattedrale di Santa Mar\u00eda.\n\t\t\t\t\t\t\t\t\t<\/div>\n\t\t\t\t\t\t\t\t\t<img decoding=\"async\" src=\"https:\/\/cdn.pilgrim.es\/web\/caminos\/camino-frances\/pueblos\/pamplona\/puntos-de-interes\/ronda-barbazana.jpg\" alt=\"Ronda Barbazana\">\n\t\t\t\t\t\t\t\t<\/div>\n\t\t\t\t\t\t\t<\/div>\n\t\t\t\t\t\t\n\t\t\t\t\t\t\t<div class=\"accordion__accordion-content inactive\">\n\t\t\t\t\t\t\t\t<div>\n\t\t\t\t\t\t\t\t\t<div>\n\t\t\t\t\t\t\t\t\t\t<h4>Caballo Blanco<\/h4>\n\t\t\t\t\t\t\t\t\t\t<p>\u00c8 la parte pi\u00f9 alta del Bastione di Red\u00edn, un&#8217;area che dal XVI secolo \u00e8 stata considerata un luogo di esecuzione, sfruttando il fatto che era il punto pi\u00f9 inaccessibile dell&#8217;intero complesso murario.\n\n<p>Durante i secoli XVI e XVII, la cinta muraria fu rinforzata con nuove costruzioni per adattare la strategia difensiva ai nuovi tempi e per aggiornare le armi da guerra.\n\t\t\t\t\t\t\t\t\t<\/div>\n\t\t\t\t\t\t\t\t\t<img decoding=\"async\" src=\"https:\/\/cdn.pilgrim.es\/web\/caminos\/camino-frances\/pueblos\/pamplona\/puntos-de-interes\/caballo-blanco.jpg\" alt=\"Caballo Blanco\">\n\t\t\t\t\t\t\t\t<\/div>\n\t\t\t\t\t\t\t<\/div>\n\t\t\t\t\t\t\n\t\t\t\t\t\t\t<div class=\"accordion__accordion-content inactive\">\n\t\t\t\t\t\t\t\t<div>\n\t\t\t\t\t\t\t\t\t<div>\n\t\t\t\t\t\t\t\t\t\t<h4>Iglesia de San Nicol\u00e1s<\/h4>\n\t\t\t\t\t\t\t\t\t\t<p>La chiesa-fortezza di San Nicol\u00e1s, del XII secolo, era il principale edificio religioso del Burgo de San Nicol\u00e1s. La sua missione principale era quella di difendere i vicini che vivevano in questa zona, da qui le sue spesse mura, le porte e le tre torri di guardia, di cui solo una, ristrutturata nel 1924, \u00e8 rimasta fino ad oggi.\n\n<p>La sua struttura si basa su una pianta a croce latina a tre navate. Le tre navate laterali e le rispettive volte a botte a sesto acuto sono state conservate all&#8217;interno, in stile gotico. Le volte a crociera della navata centrale, del transetto e del presbiterio risalgono invece al XIV secolo. <\/p>\n\n<p>All&#8217;interno, in particolare nel coro, spicca il grande organo barocco del 1769, considerato, insieme a quello di Santo Domingo, il pi\u00f9 importante della citt\u00e0.<\/p> <p>Nel coro, l&#8217;organo \u00e8 il pi\u00f9 importante della citt\u00e0.\n\t\t\t\t\t\t\t\t\t<\/div>\n\t\t\t\t\t\t\t\t\t<img decoding=\"async\" src=\"https:\/\/cdn.pilgrim.es\/web\/caminos\/camino-frances\/pueblos\/pamplona\/puntos-de-interes\/iglesia-san-nicolas.jpg\" alt=\"Iglesia de San Nicol\u00e1s\">\n\t\t\t\t\t\t\t\t<\/div>\n\t\t\t\t\t\t\t<\/div>\n\t\t\t\t\t\t\n\t\t\t\t\t\t\t<div class=\"accordion__accordion-content inactive\">\n\t\t\t\t\t\t\t\t<div>\n\t\t\t\t\t\t\t\t\t<div>\n\t\t\t\t\t\t\t\t\t\t<h4>Museo Catedralicio<\/h4>\n\t\t\t\t\t\t\t\t\t\t<p>Il museo si trova nelle sale del complesso della cattedrale, che comprende la chiesa stessa, il chiostro, le cappelle di Arnaldo Barbaz\u00e1n, il refettorio, la cucina e persino la ciller\u00eda. <\/p>\n\n<p>Oggi queste sale ospitano l&#8217;esposizione permanente sulla vita antica della cattedrale, con l&#8217;obiettivo di diffonderne la conoscenza attraverso l&#8217;introduzione di nuove opere d&#8217;arte, il restauro di vecchi pezzi artistici&#8230;<\/p> <p> <p>Il museo si trova nelle sale della cattedrale stessa.\n\t\t\t\t\t\t\t\t\t<\/div>\n\t\t\t\t\t\t\t\t\t<img decoding=\"async\" src=\"https:\/\/cdn.pilgrim.es\/web\/caminos\/camino-frances\/pueblos\/pamplona\/puntos-de-interes\/museo-catedral.jpg\" alt=\"Museo Catedralicio\">\n\t\t\t\t\t\t\t\t<\/div>\n\t\t\t\t\t\t\t<\/div>\n\t\t\t\t\t\t\n\t\t\t\t\t\t\t<div class=\"accordion__accordion-content inactive\">\n\t\t\t\t\t\t\t\t<div>\n\t\t\t\t\t\t\t\t\t<div>\n\t\t\t\t\t\t\t\t\t\t<h4>Palacio de Navarra<\/h4>\n\t\t\t\t\t\t\t\t\t\t<p>Il Palazzo della Navarra, situato accanto alla Plaza del Castillo, \u00e8 il simbolo pi\u00f9 rappresentativo della storia della Navarra. Fu eretto nel 1840 e oggi ospita la sede della Presidenza del Governo e altri uffici amministrativi.\n\t\t\t\t\t\t\t\t\t<\/div>\n\t\t\t\t\t\t\t\t\t<img decoding=\"async\" src=\"https:\/\/cdn.pilgrim.es\/web\/caminos\/camino-frances\/pueblos\/pamplona\/puntos-de-interes\/palacio-navarra.jpg\" alt=\"Palacio de Navarra\">\n\t\t\t\t\t\t\t\t<\/div>\n\t\t\t\t\t\t\t<\/div>\n\t\t\t\t\t\t\n\t\t\t\t\t\t\t<div class=\"accordion__accordion-content inactive\">\n\t\t\t\t\t\t\t\t<div>\n\t\t\t\t\t\t\t\t\t<div>\n\t\t\t\t\t\t\t\t\t\t<h4>Palacio del Baluarte<\/h4>\n\t\t\t\t\t\t\t\t\t\t<p>Il Palacio del Baluarte \u00e8 stato creato con l&#8217;obiettivo di unificare le funzioni congressuali e culturali. Attualmente \u00e8 considerato uno dei pi\u00f9 grandi auditorium e centri congressi della Spagna, con una superficie di oltre sessantamila metri quadrati e una capacit\u00e0 di circa millecinquecento posti a sedere. Oltre allo spazio dell&#8217;auditorium, ospita altre strutture come una sala principale, una sala da camera, due sale congressi, una sala conferenze, una sala polivalente, due sale espositive, un bar e un parcheggio.\n\n<p>INFORMAZIONI DI INTERESSE<\/p>\n\n<p>Sito web: www.baluarte.comE-mail: baluarte@baluarte.comTel\u00e9fono: 948 066 066<\/p> <p>Sito web: www.baluarte.comE-mail: baluarte@baluarte.comTel\u00e9fono: 948 066 066<\/p>\n\t\t\t\t\t\t\t\t\t<\/div>\n\t\t\t\t\t\t\t\t\t<img decoding=\"async\" src=\"https:\/\/cdn.pilgrim.es\/web\/caminos\/camino-frances\/pueblos\/pamplona\/puntos-de-interes\/palacio-navarra.jpg\" alt=\"Palacio del Baluarte\">\n\t\t\t\t\t\t\t\t<\/div>\n\t\t\t\t\t\t\t<\/div>\n\t\t\t\t\t\t\n\t\t\t\t\t\t\t<div class=\"accordion__accordion-content inactive\">\n\t\t\t\t\t\t\t\t<div>\n\t\t\t\t\t\t\t\t\t<div>\n\t\t\t\t\t\t\t\t\t\t<h4>Parlamento de Navarra<\/h4>\n\t\t\t\t\t\t\t\t\t\t<p>Il Parlamento della Navarra ha una sede permanente dal 2002. Si tratta di un edificio monumentale costruito tra il 1892 e il 1897 in mattoni rossi e pietra. Il suo interno \u00e8 suddiviso in quattro piani distribuiti intorno a un ampio cortile vetrato, l&#8217;area scelta per ospitare la Sala Plenaria. <\/p>\n\n<p>Ogni piano ha una destinazione d&#8217;uso diversa: il piano terra \u00e8 adibito a servizi pubblici; il primo piano \u00e8 riservato alla presidenza, mentre il secondo piano ospita i gruppi parlamentari e le sale delle commissioni. Infine, il seminterrato ospita l&#8217;accesso alla sala plenaria e l&#8217;atrio.\n\t\t\t\t\t\t\t\t\t<\/div>\n\t\t\t\t\t\t\t\t\t<img decoding=\"async\" src=\"https:\/\/cdn.pilgrim.es\/web\/caminos\/camino-frances\/pueblos\/pamplona\/puntos-de-interes\/palacio-navarra.jpg\" alt=\"Parlamento de Navarra\">\n\t\t\t\t\t\t\t\t<\/div>\n\t\t\t\t\t\t\t<\/div>\n\t\t\t\t\t\t\n\t\t\t\t\t\t\t<div class=\"accordion__accordion-content inactive\">\n\t\t\t\t\t\t\t\t<div>\n\t\t\t\t\t\t\t\t\t<div>\n\t\t\t\t\t\t\t\t\t\t<h4>Parque Fluvial de Pamplona<\/h4>\n\t\t\t\t\t\t\t\t\t\t<p>Nel 1984, in seguito all&#8217;attuazione del Piano Integrale dell&#8217;Arga e del Parco Fluviale di Pamplona, la citt\u00e0 ha iniziato a integrare e recuperare l&#8217;habitat naturale dei suoi fiumi, creando un parco lineare lungo 17 chilometri. Oggi, questa grande area verde presenta passerelle, passerelle e pontili, oltre a una grande variet\u00e0 di flora e fauna.\n\t\t\t\t\t\t\t\t\t<\/div>\n\t\t\t\t\t\t\t\t\t<img decoding=\"async\" src=\"https:\/\/cdn.pilgrim.es\/web\/caminos\/camino-frances\/pueblos\/pamplona\/puntos-de-interes\/parque-fluvial.jpg\" alt=\"Parque Fluvial de Pamplona\">\n\t\t\t\t\t\t\t\t<\/div>\n\t\t\t\t\t\t\t<\/div>\n\t\t\t\t\t\t\n\t\t\t\t\t\t\t<div class=\"accordion__accordion-content inactive\">\n\t\t\t\t\t\t\t\t<div>\n\t\t\t\t\t\t\t\t\t<div>\n\t\t\t\t\t\t\t\t\t\t<h4>Paseo de Ronda<\/h4>\n\t\t\t\t\t\t\t\t\t\t<p>Il Paseo de Ronda \u00e8 il cavalcavia che costeggia i merli delle mura della citt\u00e0. \u00c8 stato chiamato cos\u00ec perch\u00e9 il percorso della passeggiata \u00e8 lo stesso che i soldati percorrevano per osservare l&#8217;orizzonte e i dintorni, vigilando per proteggere la citt\u00e0.\n\t\t\t\t\t\t\t\t\t<\/div>\n\t\t\t\t\t\t\t\t\t<img decoding=\"async\" src=\"https:\/\/cdn.pilgrim.es\/web\/caminos\/camino-frances\/pueblos\/pamplona\/puntos-de-interes\/paseo-ronda.jpg\" alt=\"Paseo de Ronda\">\n\t\t\t\t\t\t\t\t<\/div>\n\t\t\t\t\t\t\t<\/div>\n\t\t\t\t\t\t\n\t\t\t\t\t\t\t<div class=\"accordion__accordion-content inactive\">\n\t\t\t\t\t\t\t\t<div>\n\t\t\t\t\t\t\t\t\t<div>\n\t\t\t\t\t\t\t\t\t\t<h4>Plaza del Castillo<\/h4>\n\t\t\t\t\t\t\t\t\t\t<p>La Plaza del Castillo si estende per quattordicimila metri quadrati ed \u00e8 stata e continua ad essere complice dei principali eventi culturali di Pamplona: corride fino al 1844, battaglie, tornei, mercati, parate militari, raduni politici e popolari, ecc.<\/p> <p>La Plaza del Castillo \u00e8 stata e continua ad essere complice dei principali eventi culturali di Pamplona.\n\n<p>Molte delle strette vie del quartiere vecchio di Pamplona nascono da questa piazza. \u00c8 circondata da case, la maggior parte delle quali risalgono al XVIII secolo e si distinguono per i loro balconi, torrette, soffitte e grandi finestre.\n\t\t\t\t\t\t\t\t\t<\/div>\n\t\t\t\t\t\t\t\t\t<img decoding=\"async\" src=\"https:\/\/cdn.pilgrim.es\/web\/caminos\/camino-frances\/pueblos\/pamplona\/puntos-de-interes\/plaza-castillo.jpg\" alt=\"Plaza del Castillo\">\n\t\t\t\t\t\t\t\t<\/div>\n\t\t\t\t\t\t\t<\/div>\n\t\t\t\t\t\t\n\t\t\t\t\t\t\t<div class=\"accordion__accordion-content inactive\">\n\t\t\t\t\t\t\t\t<div>\n\t\t\t\t\t\t\t\t\t<div>\n\t\t\t\t\t\t\t\t\t\t<h4>Las Murallas<\/h4>\n\t\t\t\t\t\t\t\t\t\t<p>Le Mura di Pamplona sono uno dei complessi fortificati meglio conservati della Spagna, motivo per cui sono state dichiarate Bene di Interesse Culturale e Monumento Nazionale. <\/p>\n\n<p>Pamplona fu racchiusa nel XVI secolo da una cinta muraria per difendere la citt\u00e0 dai nemici.<\/p> <p>Pamplona fu racchiusa nel XVI secolo da una cinta muraria per difendere la citt\u00e0 dai nemici.\n\t\t\t\t\t\t\t\t\t<\/div>\n\t\t\t\t\t\t\t\t\t<img decoding=\"async\" src=\"https:\/\/cdn.pilgrim.es\/web\/caminos\/camino-frances\/pueblos\/pamplona\/puntos-de-interes\/murallas.jpg\" alt=\"Las Murallas\">\n\t\t\t\t\t\t\t\t<\/div>\n\t\t\t\t\t\t\t<\/div>\n\t\t\t\t\t\t\n\t\t\t\t\t\t\t<div class=\"accordion__accordion-content inactive\">\n\t\t\t\t\t\t\t\t<div>\n\t\t\t\t\t\t\t\t\t<div>\n\t\t\t\t\t\t\t\t\t\t<h4>Vuelta del Castillo y Ciudadela<\/h4>\n\t\t\t\t\t\t\t\t\t\t<p>La Cittadella e la Vuelta del Castillo sono considerate il grande polmone verde della citt\u00e0 per la loro vasta estensione. In tutti i suoi 280.000 metri quadrati si trova una grande variet\u00e0 di alberi e prati. Al centro di questo complesso si trova la Cittadella, una fortificazione costruita tra il 1571 e il 1645. I suoi padiglioni, i fossati, i bastioni, i rivellini e il glacis sono oggi luoghi pubblici di svago, sport e cultura. A questi si aggiungono una serie di panchine, fontane e passeggiate.\n\n<p>L&#8217;interno della Cittadella \u00e8 anche un gradevole parco pubblico, con ampi prati attraversati da sentieri, una piazza centrale ornata da una fontana, panchine per il riposo, una piccola area giochi per bambini e una trentina di specie arboree.<\/p> <p>La Cittadella \u00e8 anche sede di un grande parco pubblico, con un gran numero di alberi, una fontana, panchine, una piccola area giochi per bambini e una trentina di specie arboree.\n\t\t\t\t\t\t\t\t\t<\/div>\n\t\t\t\t\t\t\t\t\t<img decoding=\"async\" src=\"https:\/\/cdn.pilgrim.es\/web\/caminos\/camino-frances\/pueblos\/pamplona\/puntos-de-interes\/ciudadela.jpg\" alt=\"Vuelta del Castillo y Ciudadela\">\n\t\t\t\t\t\t\t\t<\/div>\n\t\t\t\t\t\t\t<\/div>\n\t\t\t\t\t\t\n\t\t\t\t\t\t\t<div class=\"accordion__accordion-content inactive\">\n\t\t\t\t\t\t\t\t<div>\n\t\t\t\t\t\t\t\t\t<div>\n\t\t\t\t\t\t\t\t\t\t<h4>Catedral de Santa Mar\u00eda la Real<\/h4>\n\t\t\t\t\t\t\t\t\t\t<p>La Cattedrale di Santa Maria \u00e8 il monumento pi\u00f9 rinomato della citt\u00e0, essendo quello che conserva il maggior numero di tesori storico-artistici. Fu eretta nei secoli XIV e XV sul sito di un antico tempio romanico, dove un tempo sorgeva il Pompaelo romano. <\/p>\n\t\t\t\t\t\t\t\t\t<\/div>\n\t\t\t\t\t\t\t\t\t<img decoding=\"async\" src=\"https:\/\/cdn.pilgrim.es\/web\/caminos\/camino-frances\/pueblos\/pamplona\/puntos-de-interes\/catedral-santa-maria-la-real.jpg\" alt=\"Catedral de Santa Mar\u00eda la Real\">\n\t\t\t\t\t\t\t\t<\/div>\n\t\t\t\t\t\t\t<\/div>\n\t\t\t\t\t\t\n\t\t\t\t\t\t\t<div class=\"accordion__accordion-content inactive\">\n\t\t\t\t\t\t\t\t<div>\n\t\t\t\t\t\t\t\t\t<div>\n\t\t\t\t\t\t\t\t\t\t<h4>Centro de Interpretraci\u00f3n de las Fortificaciones<\/h4>\n\t\t\t\t\t\t\t\t\t\t<p>Il Centro di Interpretazione delle Fortificazioni di Pamplona \u00e8 stato inaugurato nel marzo 2011 con l&#8217;obiettivo di raccogliere e divulgare resti e fatti sull&#8217;evoluzione delle mura di Pamplona.\n\n<p>Attraverso pannelli informativi e contenuti audiovisivi: fotografie, disegni, proiezioni, ecc. i visitatori potranno capire come e perch\u00e9 sono stati costruiti i bastioni e conoscere la strategia difensiva utilizzata in passato e che ha caratterizzato Pamplona.\n\t\t\t\t\t\t\t\t\t<\/div>\n\t\t\t\t\t\t\t\t\t<img decoding=\"async\" src=\"https:\/\/cdn.pilgrim.es\/web\/caminos\/camino-frances\/pueblos\/pamplona\/puntos-de-interes\/centro-interpretacion-fortificaciones.jpg\" alt=\"Centro de Interpretraci\u00f3n de las Fortificaciones\">\n\t\t\t\t\t\t\t\t<\/div>\n\t\t\t\t\t\t\t<\/div>\n\t\t\t\t\t\t\n\t\t\t\t\t\t\t<div class=\"accordion__accordion-content inactive\">\n\t\t\t\t\t\t\t\t<div>\n\t\t\t\t\t\t\t\t\t<div>\n\t\t\t\t\t\t\t\t\t\t<h4>Jardines de la Taconera<\/h4>\n\t\t\t\t\t\t\t\t\t\t<p>Il Parco Taconera, risalente al 1830, \u00e8 il pi\u00f9 antico e il pi\u00f9 bello di tutti i parchi della citt\u00e0. <\/p>\n\n<p>Tra i suoi numerosi ingressi, spicca come il pi\u00f9 elegante quello di San Nicol\u00e1s, situato in Calle del Bosquecillo. Questa porta \u00e8 considerata una ricreazione barocca di un Arco di Trionfo e della sua struttura si \u00e8 conservata solo la facciata principale.\n\n<p>All&#8217;interno del parco sono disseminate varie sculture, come la figura di Mari Blanca, opera di Luisa Paret nel XVIII secolo; tuttavia, il monumento pi\u00f9 importante della passeggiata \u00e8 quello dedicato a Juli\u00e1n Gayarre, eretto nel 1950 da Fructuoso Orduna e V\u00edctor Eusa. <\/p>\n\t\t\t\t\t\t\t\t\t<\/div>\n\t\t\t\t\t\t\t\t\t<img decoding=\"async\" src=\"https:\/\/cdn.pilgrim.es\/web\/caminos\/camino-frances\/pueblos\/pamplona\/puntos-de-interes\/jardines-taconera.jpg\" alt=\"Jardines de la Taconera\">\n\t\t\t\t\t\t\t\t<\/div>\n\t\t\t\t\t\t\t<\/div>\n\t\t\t\t\t\t\n\t\t\t\t\t\t\t<div class=\"accordion__accordion-content inactive\">\n\t\t\t\t\t\t\t\t<div>\n\t\t\t\t\t\t\t\t\t<div>\n\t\t\t\t\t\t\t\t\t\t<h4>Museo de Pablo Sarasate<\/h4>\n\t\t\t\t\t\t\t\t\t\t<p>Questo museo, situato tra Calle Mayor e Calle Jarauta nella citt\u00e0 di Pamplona, \u00e8 il miglior esempio di architettura civile del XVI secolo a Pamplona. Il museo ospita una mostra monografica in cui il visitatore pu\u00f2 contemplare alcuni degli oggetti legati alla vita e all&#8217;opera di Sarasate (1844-1908), il musicista pamplonese pi\u00f9 famoso di tutti i tempi.\n\t\t\t\t\t\t\t\t\t<\/div>\n\t\t\t\t\t\t\t\t\t<img decoding=\"async\" src=\"https:\/\/cdn.pilgrim.es\/web\/caminos\/camino-frances\/pueblos\/pamplona\/puntos-de-interes\/museo-pablo-sarasate.jpg\" alt=\"Museo de Pablo Sarasate\">\n\t\t\t\t\t\t\t\t<\/div>\n\t\t\t\t\t\t\t<\/div>\n\t\t\t\t\t\t\n\t\t\t\t\t\t\t<div class=\"accordion__accordion-content inactive\">\n\t\t\t\t\t\t\t\t<div>\n\t\t\t\t\t\t\t\t\t<div>\n\t\t\t\t\t\t\t\t\t\t<h4>Museo de la Universidad de Navarra<\/h4>\n\t\t\t\t\t\t\t\t\t\t<p>L&#8217;Universit\u00e0 di Navarra ospita un museo, progettato da Rafael Moneo, in cui sono esposte due collezioni in uno spazio di undicimila metri quadrati: la collezione d&#8217;arte e la collezione di fotografia.<\/p> <p>Il museo \u00e8 stato progettato da Rafael Moneo.\n\t\t\t\t\t\t\t\t\t<\/div>\n\t\t\t\t\t\t\t\t\t<img decoding=\"async\" src=\"https:\/\/cdn.pilgrim.es\/web\/caminos\/camino-frances\/pueblos\/pamplona\/puntos-de-interes\/museo-universidad-navarra.jpg\" alt=\"Museo de la Universidad de Navarra\">\n\t\t\t\t\t\t\t\t<\/div>\n\t\t\t\t\t\t\t<\/div>\n\t\t\t\t\t\t\n\t\t\t\t\t\t\t<div class=\"accordion__accordion-content inactive\">\n\t\t\t\t\t\t\t\t<div>\n\t\t\t\t\t\t\t\t\t<div>\n\t\t\t\t\t\t\t\t\t\t<h4>Iglesia de San Cern\u00edn<\/h4>\n\t\t\t\t\t\t\t\t\t\t<p>La Chiesa di San Cernin, nota anche come Chiesa di San Saturnino, fu costruita con lo scopo principale di proteggere gli abitanti della zona, da cui l&#8217;aspetto esterno di una fortezza composta da spesse mura e due alte torri.\n\t\t\t\t\t\t\t\t\t<\/div>\n\t\t\t\t\t\t\t\t\t<img decoding=\"async\" src=\"https:\/\/cdn.pilgrim.es\/web\/caminos\/camino-frances\/pueblos\/pamplona\/puntos-de-interes\/iglesia-san-cernin.jpg\" alt=\"Iglesia de San Cern\u00edn\">\n\t\t\t\t\t\t\t\t<\/div>\n\t\t\t\t\t\t\t<\/div>\n\t\t\t\t\t\t\n\t\t\t\t\t\t\t<div class=\"accordion__accordion-content inactive\">\n\t\t\t\t\t\t\t\t<div>\n\t\t\t\t\t\t\t\t\t<div>\n\t\t\t\t\t\t\t\t\t\t<h4>Yamaguchi y el Planetario<\/h4>\n\t\t\t\t\t\t\t\t\t\t<p>Il Parco Yamaguchi deve la sua creazione alla buona relazione che Pamplona ha con la sua citt\u00e0 gemella, Yamaguchi. Si tratta di un parco orientale creato nel 1997 e costituito da un prato di circa 85.000 metri quadrati con elementi quali: un grande geyser, una palafitta, un laghetto con ponte e cascata e varie specie di arbusti e alberi giapponesi. <\/p>\n\n<p>Il Planetario di Pamplona, inaugurato nel 1993, ha la cupola pi\u00f9 grande del mondo con i suoi 20 metri di diametro. Dispone inoltre di due sale espositive che ospitano alcune delle mostre pi\u00f9 importanti della citt\u00e0. Al primo piano si trova una grande vetrata di Alberto Chueca decorata con motivi zodiacali.\n\t\t\t\t\t\t\t\t\t<\/div>\n\t\t\t\t\t\t\t\t\t<img decoding=\"async\" src=\"https:\/\/cdn.pilgrim.es\/web\/caminos\/camino-frances\/pueblos\/pamplona\/puntos-de-interes\/planetario-navarra.jpg\" alt=\"Yamaguchi y el Planetario\">\n\t\t\t\t\t\t\t\t<\/div>\n\t\t\t\t\t\t\t<\/div>\n\t\t\t\t\t\t\n\t\t\t\t\t\t\t<div class=\"accordion__accordion-content inactive\">\n\t\t\t\t\t\t\t\t<div>\n\t\t\t\t\t\t\t\t\t<div>\n\t\t\t\t\t\t\t\t\t\t<h4>Museo de Navarra<\/h4>\n\t\t\t\t\t\t\t\t\t\t<p>Il Museo della Navarra \u00e8 il museo pi\u00f9 conosciuto di Pamplona. Dal 1956 \u00e8 ospitato nell&#8217;ex Ospedale di Nuestra Se\u00f1ora de la Misericordia e ospita collezioni archeologiche e artistiche relative all&#8217;evoluzione della citt\u00e0 nel corso degli anni.\n\t\t\t\t\t\t\t\t\t<\/div>\n\t\t\t\t\t\t\t\t\t<img decoding=\"async\" src=\"https:\/\/cdn.pilgrim.es\/web\/caminos\/camino-frances\/pueblos\/pamplona\/puntos-de-interes\/museo-navarra.jpg\" alt=\"Museo de Navarra\">\n\t\t\t\t\t\t\t\t<\/div>\n\t\t\t\t\t\t\t<\/div>\n\t\t\t\t\t\t\n\t\t\t\t\t\t\t<div class=\"accordion__accordion-content inactive\">\n\t\t\t\t\t\t\t\t<div>\n\t\t\t\t\t\t\t\t\t<div>\n\t\t\t\t\t\t\t\t\t\t<h4>Archivo General de Navarra<\/h4>\n\t\t\t\t\t\t\t\t\t\t<p>L&#8217;Archivio Generale della Navarra ha una nuova sede dal 2003, per poter curare adeguatamente le collezioni esistenti e le nuove aggiunte. Questa nuova sede si trova nell&#8217;Edificio de la Capitan\u00eda, un antico palazzo del XII secolo perfettamente restaurato. <\/p>\n\n<p>La ricostruzione di questo edificio \u00e8 opera dell&#8217;architetto navarrese Rafael Moneo ed \u00e8 stata finalizzata al restauro di una delle aree dell&#8217;antico edificio medievale, in particolare dove si trovano una sala di lettura e l&#8217;area dei servizi pubblici. Inoltre, \u00e8 stata ordinata la costruzione di un nuovo blocco a un piano per ospitare il deposito di documenti. <\/p>\n\t\t\t\t\t\t\t\t\t<\/div>\n\t\t\t\t\t\t\t\t\t<img decoding=\"async\" src=\"https:\/\/cdn.pilgrim.es\/web\/caminos\/camino-frances\/pueblos\/pamplona\/puntos-de-interes\/archivo-general-navarra.jpg\" alt=\"Archivo General de Navarra\">\n\t\t\t\t\t\t\t\t<\/div>\n\t\t\t\t\t\t\t<\/div>\n\t\t\t\t\t\t\n\t\t\t\t\t<\/div>\n\t\t\t\t<\/div>\n\t\t\t<\/div>\n\t\t\n\n\t\t<div id=\"phonesSection\">\n\t\t\t<div>\n\t\t\t\t<h2 class=\"p-h3-town\">Informazioni di interesse<\/h2>\n\t\t\t<\/div>\n\t\t\t<div class=\"grid\">\n\t\t\t\t\n\t\t\t\t\t<div class=\"phone-number-item\">\n\t\t\t\t\t\t<div class=\"phone-number-item__icon\"><i class=\"icon-police\"><\/i><\/div>\n\t\t\t\t\t\t<div class=\"phone-number-item__title\">\n\t\t\t\t\t\t\t<h3 class=\"p-font-bold\">Polizia locale<\/h3>\n\t\t\t\t\t\t\t<p>948 420 640<\/p>\n\t\t\t\t\t\t\t\n\t\t\t\t\t\t<\/div>\n\t\t\t\t\t<\/div>\n\t\t\t\t\n\t\t\t\t\t<div class=\"phone-number-item\">\n\t\t\t\t\t\t<div class=\"phone-number-item__icon\"><i class=\"icon-spanish-military-police\"><\/i><\/div>\n\t\t\t\t\t\t<div class=\"phone-number-item__title\">\n\t\t\t\t\t\t\t<h3 class=\"p-font-bold\">Guardia civile<\/h3>\n\t\t\t\t\t\t\t<p>948 645 512<\/p>\n\t\t\t\t\t\t\t\n\t\t\t\t\t\t<\/div>\n\t\t\t\t\t<\/div>\n\t\t\t\t\n\t\t\t\t\t<div class=\"phone-number-item\">\n\t\t\t\t\t\t<div class=\"phone-number-item__icon\"><i class=\"icon-firefighters\"><\/i><\/div>\n\t\t\t\t\t\t<div class=\"phone-number-item__title\">\n\t\t\t\t\t\t\t<h3 class=\"p-font-bold\">Vigili del fuoco<\/h3>\n\t\t\t\t\t\t\t<p>948 423 000<\/p>\n\t\t\t\t\t\t\t\n\t\t\t\t\t\t<\/div>\n\t\t\t\t\t<\/div>\n\t\t\t\t\n\t\t\t\t\t<div class=\"phone-number-item\">\n\t\t\t\t\t\t<div class=\"phone-number-item__icon\"><i class=\"icon-civil-protection\"><\/i><\/div>\n\t\t\t\t\t\t<div class=\"phone-number-item__title\">\n\t\t\t\t\t\t\t<h3 class=\"p-font-bold\">Protezione civile<\/h3>\n\t\t\t\t\t\t\t<p>948 427 170<\/p>\n\t\t\t\t\t\t\t\n\t\t\t\t\t\t<\/div>\n\t\t\t\t\t<\/div>\n\t\t\t\t\n\t\t\t\t\t<div class=\"phone-number-item\">\n\t\t\t\t\t\t<div class=\"phone-number-item__icon\"><i class=\"icon-town-council\"><\/i><\/div>\n\t\t\t\t\t\t<div class=\"phone-number-item__title\">\n\t\t\t\t\t\t\t<h3 class=\"p-font-bold\">Municipio<\/h3>\n\t\t\t\t\t\t\t<p>948 420 100<\/p>\n\t\t\t\t\t\t\t\n\t\t\t\t\t\t<\/div>\n\t\t\t\t\t<\/div>\n\t\t\t\t\n\t\t\t\t\t<div class=\"phone-number-item\">\n\t\t\t\t\t\t<div class=\"phone-number-item__icon\"><i class=\"icon-hospital\"><\/i><\/div>\n\t\t\t\t\t\t<div class=\"phone-number-item__title\">\n\t\t\t\t\t\t\t<h3 class=\"p-font-bold\">Centro sanitario<\/h3>\n\t\t\t\t\t\t\t<p>948 198 363<\/p>\n\t\t\t\t\t\t\t\n\t\t\t\t\t\t<\/div>\n\t\t\t\t\t<\/div>\n\t\t\t\t\n\t\t\t\t\t<div class=\"phone-number-item\">\n\t\t\t\t\t\t<div class=\"phone-number-item__icon\"><i class=\"icon-tourism\"><\/i><\/div>\n\t\t\t\t\t\t<div class=\"phone-number-item__title\">\n\t\t\t\t\t\t\t<h3 class=\"p-font-bold\">Ufficio turistico<\/h3>\n\t\t\t\t\t\t\t<p>948 420 700<\/p>\n\t\t\t\t\t\t\t\n\t\t\t\t\t\t\t\t<p>C\/San Saturnino, 2<\/p>\n\t\t\t\t\t\t\t\n\t\t\t\t\t\t<\/div>\n\t\t\t\t\t<\/div>\n\t\t\t\t\n\t\t\t\t\t<div class=\"phone-number-item\">\n\t\t\t\t\t\t<div class=\"phone-number-item__icon\"><i class=\"icon-tourism\"><\/i><\/div>\n\t\t\t\t\t\t<div class=\"phone-number-item__title\">\n\t\t\t\t\t\t\t<h3 class=\"p-font-bold\">Ufficio turistico<\/h3>\n\t\t\t\t\t\t\t<p><\/p>\n\t\t\t\t\t\t\t\n\t\t\t\t\t\t<\/div>\n\t\t\t\t\t<\/div>\n\t\t\t\t\n\t\t\t<\/div>\n\t\t<\/div>\n\n\t\t<div id=\"clientForm\">\n        <section>\n        <img decoding=\"async\" src=\"https:\/\/cdn.pilgrim.es\/web\/home\/email-contacto.png\" alt=\"contacto\">\n        <div>\n            <p>Ti inviamo la tua pianificazione<\/p>\n            <p>Forniscici i tuoi dati e ricevi la pianificazione del tuo viaggio via email <\/p>\n            <form method=\"post\" data-url=\"\/wp-admin\/admin-ajax.php\" id=\"planner--client\" class=\"flag-right form-client\">\n    <div class=\"form-data\">\n        <input name=\"form_id\" type=\"hidden\" value=\"Formulario Leads\">\n        <input name=\"type\" type=\"hidden\" value=\"planner_client\">\n        <input type=\"text\" name=\"nombre\" value=\"\" size=\"40\" class=\"form-control\" aria-required=\"true\" aria-invalid=\"false\" placeholder=\"Nome\">\n        <input type=\"email\" name=\"email\" value=\"\" size=\"40\" class=\"form-control\" aria-required=\"true\" aria-invalid=\"false\" placeholder=\"Mail\">\n        <input type=\"text\" id=\"phone-input\" name=\"tel\" value=\"\" size=\"40\" class=\"phone-input form-control\" aria-required=\"true\" aria-invalid=\"false\" placeholder=\"Telefono\">\n        <input type=\"hidden\" name=\"telefono\">\n    <\/div>\n    <div class=\"form-checkbox\">\n        <span>\n            Pilgrim Travel. S.L. informa, come previsto dal Regolamento 2016\/679, che i dati utilizzati in questo modulo verranno utilizzati sia per la risposta delle eventuali consultazioni sia per la pub-blicazione dei commenti, essendo il consenso dell'utente la base di legittimazione. Potranno esse-re esercitati i diritti in conformit\u00e0 con quanto stabilito dalla nostra             <a href=\"https:\/\/www.pilgrim.es\/it\/informativa-sulla-privacy\/\" target=\"_blank\" rel=\"noopener noreferrer nofollow\">Politica di privacy.<\/a>\n        <\/span>\n    <\/div>\n\n    <div class=\"form-submit\">\n        <button id=\"planner--client-create\" type=\"submit\">Formulario di contatto<\/button>\n        <div class=\"loadingDiv\"><i class=\"p-spinner\"><\/i><\/div>\n    <\/div>\n\n    <div class=\"contact-content-form-success\">\n        <p><i class=\"fas fa-check\"><\/i> Il modulo \u00e8 stato inviato correttamente<\/p>\n    <\/div>\n\n    <div class=\"contact-content-form-error\">\n        <span class=\"input-error\"><\/span>\n    <\/div>\n<\/form>        <\/div>\n    <\/section>\n<\/div>\n\n\t\t<div id=\"recomendationSection\">\n\t\t\t<div>\n\t\t\t\t<h2 class=\"p-h2-town\">Consigliato<\/h2>\n\t\t\t\t<hr>\n\t\t\t\t<h3 class=\"p-h3-town\">Gastronomia<\/h3>\n\t\t\t<\/div>\n\t\t\tLa gastronomia tradizionale di Pamplona comprende ricette come le pochas de Sang\u00fce\u00f1a, il sanguinaccio ripieno, il maialino arrosto, i peperoni piquillo e gli asparagi di Mendavia. Da segnalare anche il famoso formaggio Roncal, molto tipico della zona. Non dimenticate di accompagnare il pasto con un buon vino locale, come il Vino Olite.\n\nPer quanto riguarda la pasticceria, spiccano le torte di Txantxigorri, le ciambelle di San Blas, la cuajada e il leche frito (latte fritto). Infine, non si pu\u00f2 lasciare la citt\u00e0 senza aver provato il famoso pachar\u00e1n, un liquore tipico della zona.\n\t\t<\/div>\n\n\n\t\t\n\t\t\t<div id=\"holidaysSection\">\n\t\t\t\t<div>\n\t\t\t\t\t<h2 class=\"p-h2-town\">Consigliato<\/h2>\n\t\t\t\t\t<hr>\n\t\t\t\t\t<h3 class=\"p-h3-town\">Festival e pellegrinaggi<\/h3>\n\t\t\t\t<\/div>\n\t\t\t\t<div class=\"grid holidays-grid\">\n\t\t\t\t\t\n\t\t\t\t\t\t<div>\n\t\t\t\t\t\t\t<div class=\"phone-number-item\">\n\t\t\t\t\t\t\t\t<div class=\"phone-number-item__icon\"><i class=\"icon-holiday\"><\/i><\/div>\n\t\t\t\t\t\t\t\t<div class=\"phone-number-item__title dark-text\">\n\t\t\t\t\t\t\t\t\t<p class=\"p-font-bold\">Vacanza locale<\/p>\n\t\t\t\t\t\t\t\t\t<p>Primer fin de semana de Agosto: San Esteban<\/p>\n\t\t\t\t\t\t\t\t<\/div>\n\t\t\t\t\t\t\t<\/div>\n\t\t\t\t\t\t<\/div>\n\t\t\t\t\t\n\t\t\t\t\t\t<div>\n\t\t\t\t\t\t\t<div class=\"phone-number-item\">\n\t\t\t\t\t\t\t\t<div class=\"phone-number-item__icon\"><i class=\"icon-holiday\"><\/i><\/div>\n\t\t\t\t\t\t\t\t<div class=\"phone-number-item__title dark-text\">\n\t\t\t\t\t\t\t\t\t<p class=\"p-font-bold\">Vacanza locale<\/p>\n\t\t\t\t\t\t\t\t\t<p>6 al 14 de Julio: Los San Fermines<\/p>\n\t\t\t\t\t\t\t\t<\/div>\n\t\t\t\t\t\t\t<\/div>\n\t\t\t\t\t\t<\/div>\n\t\t\t\t\t\n\t\t\t\t<\/div>\n\t\t\t<\/div>\n\t\t\n\t<\/div>\n<\/section>\n\n<div id=\"stage_list_section\"><div class=\"stage-list\">\n    <div class='stage-list__map-card'>\n        <div class='stage-list__map-card__map'>\n            <div class='stage-list__map-card__map__text'>\n                <h2> Pages <\/h2>\n                <p> A piedi<\/p>\n                <p> 0tappe<\/p>\n            <\/div>\n            <div class='stage-list__map-card__map__img'>\n                <img decoding=\"async\" src=\"\" alt=\" mapa \" \/>\n            <\/div>\n        <\/div>\n    <\/div>\n\n    <\/div>\n<\/div> ","protected":false},"excerpt":{"rendered":"<p>Pamplona &#8249; Ritorno al palcoscenico Pamplona Abitanti: 196.166 aprox. Provincia: Navarra Informazioni Get to know Pamplona Basti\u00f3n dei Baschi e rinomata a livello internazionale per la festa di San Ferm\u00edn, Pamplona \u00e8 la prima grande citt\u00e0 che i pellegrini troveranno sul Cammino Francese. \u00c8 considerata la citt\u00e0 con la pi\u00f9 alta qualit\u00e0 di vita, che &hellip; <\/p>\n<p class=\"read_more\"><a href=\"https:\/\/www.pilgrim.es\/it\/cammino-francese\/pamplona\/\">Leer m\u00e1s<\/a><\/p>\n","protected":false},"author":0,"featured_media":7015,"parent":10735,"menu_order":0,"comment_status":"closed","ping_status":"closed","template":"views\/template-new-web-design.blade.php","meta":{"footnotes":""},"categories":[],"tags":[],"class_list":["post-91046","page","type-page","status-publish","has-post-thumbnail","hentry"],"yoast_head":"<!-- This site is optimized with the Yoast SEO plugin v27.4 - https:\/\/yoast.com\/product\/yoast-seo-wordpress\/ -->\n<title>Pamplona: Cosa vedere e dove dormire | Cammino di Santiago | Pilgrim<\/title>\n<meta name=\"description\" content=\"Pamplona Scopri tutte le informazioni su dove alloggiare, come arrivare, cosa mangiare e sui principali punti di interesse delle localit\u00e0 lungo il Cammino Francese.\" \/>\n<meta name=\"robots\" content=\"index, follow, max-snippet:-1, max-image-preview:large, max-video-preview:-1\" \/>\n<link rel=\"canonical\" href=\"https:\/\/www.pilgrim.es\/it\/cammino-francese\/pamplona\/\" \/>\n<meta property=\"og:locale\" content=\"it_IT\" \/>\n<meta property=\"og:type\" content=\"article\" \/>\n<meta property=\"og:title\" content=\"Pamplona: Cosa vedere e dove dormire | Cammino di Santiago | Pilgrim\" \/>\n<meta property=\"og:description\" content=\"Pamplona Scopri tutte le informazioni su dove alloggiare, come arrivare, cosa mangiare e sui principali punti di interesse delle localit\u00e0 lungo il Cammino Francese.\" \/>\n<meta property=\"og:url\" content=\"https:\/\/www.pilgrim.es\/it\/cammino-francese\/pamplona\/\" \/>\n<meta property=\"og:site_name\" content=\"Pilgrim\" \/>\n<meta property=\"article:publisher\" content=\"https:\/\/www.facebook.com\/pilgrim.es\/\" \/>\n<meta property=\"og:image\" content=\"https:\/\/www.pilgrim.es\/wp-content\/uploads\/2019\/02\/Pamplona-mrn6ipf0x6zd2xm8e4tr2jf2zu7mmk7wpap1lh0q00.jpg\" \/>\n\t<meta property=\"og:image:width\" content=\"900\" \/>\n\t<meta property=\"og:image:height\" content=\"400\" \/>\n\t<meta property=\"og:image:type\" content=\"image\/jpeg\" \/>\n<meta name=\"twitter:card\" content=\"summary_large_image\" \/>\n<meta name=\"twitter:site\" content=\"@pilgrim_es\" \/>\n<meta name=\"twitter:label1\" content=\"Tempo di lettura stimato\" \/>\n\t<meta name=\"twitter:data1\" content=\"11 minuti\" \/>\n<script type=\"application\/ld+json\" class=\"yoast-schema-graph\">{\"@context\":\"https:\\\/\\\/schema.org\",\"@graph\":[{\"@type\":\"WebPage\",\"@id\":\"https:\\\/\\\/www.pilgrim.es\\\/it\\\/cammino-francese\\\/pamplona\\\/\",\"url\":\"https:\\\/\\\/www.pilgrim.es\\\/it\\\/cammino-francese\\\/pamplona\\\/\",\"name\":\"Pamplona: Cosa vedere e dove dormire | Cammino di Santiago | Pilgrim\",\"isPartOf\":{\"@id\":\"https:\\\/\\\/www.pilgrim.es\\\/it\\\/#website\"},\"primaryImageOfPage\":{\"@id\":\"https:\\\/\\\/www.pilgrim.es\\\/it\\\/cammino-francese\\\/pamplona\\\/#primaryimage\"},\"image\":{\"@id\":\"https:\\\/\\\/www.pilgrim.es\\\/it\\\/cammino-francese\\\/pamplona\\\/#primaryimage\"},\"thumbnailUrl\":\"https:\\\/\\\/www.pilgrim.es\\\/wp-content\\\/uploads\\\/2019\\\/02\\\/Pamplona-mrn6ipf0x6zd2xm8e4tr2jf2zu7mmk7wpap1lh0q00.jpg\",\"datePublished\":\"2025-03-17T13:04:57+00:00\",\"description\":\"Pamplona Scopri tutte le informazioni su dove alloggiare, come arrivare, cosa mangiare e sui principali punti di interesse delle localit\u00e0 lungo il Cammino Francese.\",\"breadcrumb\":{\"@id\":\"https:\\\/\\\/www.pilgrim.es\\\/it\\\/cammino-francese\\\/pamplona\\\/#breadcrumb\"},\"inLanguage\":\"it-IT\",\"potentialAction\":[{\"@type\":\"ReadAction\",\"target\":[\"https:\\\/\\\/www.pilgrim.es\\\/it\\\/cammino-francese\\\/pamplona\\\/\"]}]},{\"@type\":\"ImageObject\",\"inLanguage\":\"it-IT\",\"@id\":\"https:\\\/\\\/www.pilgrim.es\\\/it\\\/cammino-francese\\\/pamplona\\\/#primaryimage\",\"url\":\"https:\\\/\\\/www.pilgrim.es\\\/wp-content\\\/uploads\\\/2019\\\/02\\\/Pamplona-mrn6ipf0x6zd2xm8e4tr2jf2zu7mmk7wpap1lh0q00.jpg\",\"contentUrl\":\"https:\\\/\\\/www.pilgrim.es\\\/wp-content\\\/uploads\\\/2019\\\/02\\\/Pamplona-mrn6ipf0x6zd2xm8e4tr2jf2zu7mmk7wpap1lh0q00.jpg\",\"width\":900,\"height\":400,\"caption\":\"Pamplona\"},{\"@type\":\"BreadcrumbList\",\"@id\":\"https:\\\/\\\/www.pilgrim.es\\\/it\\\/cammino-francese\\\/pamplona\\\/#breadcrumb\",\"itemListElement\":[{\"@type\":\"ListItem\",\"position\":1,\"name\":\"Camino de Santiago\",\"item\":\"https:\\\/\\\/www.pilgrim.es\\\/it\\\/\"},{\"@type\":\"ListItem\",\"position\":2,\"name\":\"Cammino Francese\",\"item\":\"https:\\\/\\\/www.pilgrim.es\\\/it\\\/cammino-francese\\\/\"},{\"@type\":\"ListItem\",\"position\":3,\"name\":\"Pamplona\"}]},{\"@type\":\"WebSite\",\"@id\":\"https:\\\/\\\/www.pilgrim.es\\\/it\\\/#website\",\"url\":\"https:\\\/\\\/www.pilgrim.es\\\/it\\\/\",\"name\":\"Pilgrim\",\"description\":\"Camino de Santiago | Caminamos Contigo\",\"publisher\":{\"@id\":\"https:\\\/\\\/www.pilgrim.es\\\/it\\\/#organization\"},\"potentialAction\":[{\"@type\":\"SearchAction\",\"target\":{\"@type\":\"EntryPoint\",\"urlTemplate\":\"https:\\\/\\\/www.pilgrim.es\\\/it\\\/?s={search_term_string}\"},\"query-input\":{\"@type\":\"PropertyValueSpecification\",\"valueRequired\":true,\"valueName\":\"search_term_string\"}}],\"inLanguage\":\"it-IT\"},{\"@type\":\"Organization\",\"@id\":\"https:\\\/\\\/www.pilgrim.es\\\/it\\\/#organization\",\"name\":\"Pilgrim Camino de Santiago\",\"url\":\"https:\\\/\\\/www.pilgrim.es\\\/it\\\/\",\"logo\":{\"@type\":\"ImageObject\",\"inLanguage\":\"it-IT\",\"@id\":\"https:\\\/\\\/www.pilgrim.es\\\/it\\\/#\\\/schema\\\/logo\\\/image\\\/\",\"url\":\"https:\\\/\\\/www.pilgrim.es\\\/wp-content\\\/uploads\\\/2019\\\/04\\\/logo_pilgrim.png\",\"contentUrl\":\"https:\\\/\\\/www.pilgrim.es\\\/wp-content\\\/uploads\\\/2019\\\/04\\\/logo_pilgrim.png\",\"width\":512,\"height\":512,\"caption\":\"Pilgrim Camino de Santiago\"},\"image\":{\"@id\":\"https:\\\/\\\/www.pilgrim.es\\\/it\\\/#\\\/schema\\\/logo\\\/image\\\/\"},\"sameAs\":[\"https:\\\/\\\/www.facebook.com\\\/pilgrim.es\\\/\",\"https:\\\/\\\/x.com\\\/pilgrim_es\",\"https:\\\/\\\/www.instagram.com\\\/pilgrim.es\\\/\",\"https:\\\/\\\/www.linkedin.com\\\/company\\\/pilgrim-camino-de-santiago\\\/\",\"https:\\\/\\\/www.pinterest.es\\\/pilgrimcaminodesantiago\\\/\",\"https:\\\/\\\/www.youtube.com\\\/channel\\\/UCIv2ZzFLXVqthkNF32rKedw\\\/featured\"]}]}<\/script>\n<!-- \/ Yoast SEO plugin. -->","yoast_head_json":{"title":"Pamplona: Cosa vedere e dove dormire | Cammino di Santiago | Pilgrim","description":"Pamplona Scopri tutte le informazioni su dove alloggiare, come arrivare, cosa mangiare e sui principali punti di interesse delle localit\u00e0 lungo il Cammino Francese.","robots":{"index":"index","follow":"follow","max-snippet":"max-snippet:-1","max-image-preview":"max-image-preview:large","max-video-preview":"max-video-preview:-1"},"canonical":"https:\/\/www.pilgrim.es\/it\/cammino-francese\/pamplona\/","og_locale":"it_IT","og_type":"article","og_title":"Pamplona: Cosa vedere e dove dormire | Cammino di Santiago | Pilgrim","og_description":"Pamplona Scopri tutte le informazioni su dove alloggiare, come arrivare, cosa mangiare e sui principali punti di interesse delle localit\u00e0 lungo il Cammino Francese.","og_url":"https:\/\/www.pilgrim.es\/it\/cammino-francese\/pamplona\/","og_site_name":"Pilgrim","article_publisher":"https:\/\/www.facebook.com\/pilgrim.es\/","og_image":[{"width":900,"height":400,"url":"https:\/\/www.pilgrim.es\/wp-content\/uploads\/2019\/02\/Pamplona-mrn6ipf0x6zd2xm8e4tr2jf2zu7mmk7wpap1lh0q00.jpg","type":"image\/jpeg"}],"twitter_card":"summary_large_image","twitter_site":"@pilgrim_es","twitter_misc":{"Tempo di lettura stimato":"11 minuti"},"schema":{"@context":"https:\/\/schema.org","@graph":[{"@type":"WebPage","@id":"https:\/\/www.pilgrim.es\/it\/cammino-francese\/pamplona\/","url":"https:\/\/www.pilgrim.es\/it\/cammino-francese\/pamplona\/","name":"Pamplona: Cosa vedere e dove dormire | Cammino di Santiago | Pilgrim","isPartOf":{"@id":"https:\/\/www.pilgrim.es\/it\/#website"},"primaryImageOfPage":{"@id":"https:\/\/www.pilgrim.es\/it\/cammino-francese\/pamplona\/#primaryimage"},"image":{"@id":"https:\/\/www.pilgrim.es\/it\/cammino-francese\/pamplona\/#primaryimage"},"thumbnailUrl":"https:\/\/www.pilgrim.es\/wp-content\/uploads\/2019\/02\/Pamplona-mrn6ipf0x6zd2xm8e4tr2jf2zu7mmk7wpap1lh0q00.jpg","datePublished":"2025-03-17T13:04:57+00:00","description":"Pamplona Scopri tutte le informazioni su dove alloggiare, come arrivare, cosa mangiare e sui principali punti di interesse delle localit\u00e0 lungo il Cammino Francese.","breadcrumb":{"@id":"https:\/\/www.pilgrim.es\/it\/cammino-francese\/pamplona\/#breadcrumb"},"inLanguage":"it-IT","potentialAction":[{"@type":"ReadAction","target":["https:\/\/www.pilgrim.es\/it\/cammino-francese\/pamplona\/"]}]},{"@type":"ImageObject","inLanguage":"it-IT","@id":"https:\/\/www.pilgrim.es\/it\/cammino-francese\/pamplona\/#primaryimage","url":"https:\/\/www.pilgrim.es\/wp-content\/uploads\/2019\/02\/Pamplona-mrn6ipf0x6zd2xm8e4tr2jf2zu7mmk7wpap1lh0q00.jpg","contentUrl":"https:\/\/www.pilgrim.es\/wp-content\/uploads\/2019\/02\/Pamplona-mrn6ipf0x6zd2xm8e4tr2jf2zu7mmk7wpap1lh0q00.jpg","width":900,"height":400,"caption":"Pamplona"},{"@type":"BreadcrumbList","@id":"https:\/\/www.pilgrim.es\/it\/cammino-francese\/pamplona\/#breadcrumb","itemListElement":[{"@type":"ListItem","position":1,"name":"Camino de Santiago","item":"https:\/\/www.pilgrim.es\/it\/"},{"@type":"ListItem","position":2,"name":"Cammino Francese","item":"https:\/\/www.pilgrim.es\/it\/cammino-francese\/"},{"@type":"ListItem","position":3,"name":"Pamplona"}]},{"@type":"WebSite","@id":"https:\/\/www.pilgrim.es\/it\/#website","url":"https:\/\/www.pilgrim.es\/it\/","name":"Pilgrim","description":"Camino de Santiago | Caminamos Contigo","publisher":{"@id":"https:\/\/www.pilgrim.es\/it\/#organization"},"potentialAction":[{"@type":"SearchAction","target":{"@type":"EntryPoint","urlTemplate":"https:\/\/www.pilgrim.es\/it\/?s={search_term_string}"},"query-input":{"@type":"PropertyValueSpecification","valueRequired":true,"valueName":"search_term_string"}}],"inLanguage":"it-IT"},{"@type":"Organization","@id":"https:\/\/www.pilgrim.es\/it\/#organization","name":"Pilgrim Camino de Santiago","url":"https:\/\/www.pilgrim.es\/it\/","logo":{"@type":"ImageObject","inLanguage":"it-IT","@id":"https:\/\/www.pilgrim.es\/it\/#\/schema\/logo\/image\/","url":"https:\/\/www.pilgrim.es\/wp-content\/uploads\/2019\/04\/logo_pilgrim.png","contentUrl":"https:\/\/www.pilgrim.es\/wp-content\/uploads\/2019\/04\/logo_pilgrim.png","width":512,"height":512,"caption":"Pilgrim Camino de Santiago"},"image":{"@id":"https:\/\/www.pilgrim.es\/it\/#\/schema\/logo\/image\/"},"sameAs":["https:\/\/www.facebook.com\/pilgrim.es\/","https:\/\/x.com\/pilgrim_es","https:\/\/www.instagram.com\/pilgrim.es\/","https:\/\/www.linkedin.com\/company\/pilgrim-camino-de-santiago\/","https:\/\/www.pinterest.es\/pilgrimcaminodesantiago\/","https:\/\/www.youtube.com\/channel\/UCIv2ZzFLXVqthkNF32rKedw\/featured"]}]}},"_links":{"self":[{"href":"https:\/\/www.pilgrim.es\/it\/wp-json\/wp\/v2\/pages\/91046","targetHints":{"allow":["GET"]}}],"collection":[{"href":"https:\/\/www.pilgrim.es\/it\/wp-json\/wp\/v2\/pages"}],"about":[{"href":"https:\/\/www.pilgrim.es\/it\/wp-json\/wp\/v2\/types\/page"}],"replies":[{"embeddable":true,"href":"https:\/\/www.pilgrim.es\/it\/wp-json\/wp\/v2\/comments?post=91046"}],"version-history":[{"count":0,"href":"https:\/\/www.pilgrim.es\/it\/wp-json\/wp\/v2\/pages\/91046\/revisions"}],"up":[{"embeddable":true,"href":"https:\/\/www.pilgrim.es\/it\/wp-json\/wp\/v2\/pages\/10735"}],"wp:featuredmedia":[{"embeddable":true,"href":"https:\/\/www.pilgrim.es\/it\/wp-json\/wp\/v2\/media\/7015"}],"wp:attachment":[{"href":"https:\/\/www.pilgrim.es\/it\/wp-json\/wp\/v2\/media?parent=91046"}],"wp:term":[{"taxonomy":"category","embeddable":true,"href":"https:\/\/www.pilgrim.es\/it\/wp-json\/wp\/v2\/categories?post=91046"},{"taxonomy":"post_tag","embeddable":true,"href":"https:\/\/www.pilgrim.es\/it\/wp-json\/wp\/v2\/tags?post=91046"}],"curies":[{"name":"wp","href":"https:\/\/api.w.org\/{rel}","templated":true}]}}