{"id":49455,"date":"2019-11-25T13:25:20","date_gmt":"2019-11-25T13:25:20","guid":{"rendered":"https:\/\/prod.pilgrim.es\/cammino-portoghese-per-la-costa\/tappa-9-vigo-redondela\/"},"modified":"2025-05-05T07:49:08","modified_gmt":"2025-05-05T07:49:08","slug":"tappa-9-vigo-redondela","status":"publish","type":"page","link":"https:\/\/www.pilgrim.es\/it\/cammino-portoghese-per-la-costa\/tappa-9-vigo-redondela\/","title":{"rendered":"Cammino Portoghese lungo la Costa | Tappa 9: Vigo &#8211; Redondela"},"content":{"rendered":"\n<section id=\"heroStage\">\n\t<h1>Cammino Portoghese Costa: tappa 9<\/h1>\n\t<div>\n\t  <div class=\"hero\" data-background=\"https:\/\/cdn.pilgrim.es\/web\/caminos\/camino-portugues-costa\/pueblos\/vigo.jpg\">\n\t\t<div class=\"hero__container\">\n\t\t  <div class=\"hero__container__labels\">\n\t\t\t<p>A piedi<\/p>\n\t\t\t<p>13 Tappe \/ 271 Kms<\/p>\n\t\t  <\/div>\n\t\t  <div class=\"hero__container__stage-name\">\n\t\t\t<h2>\n\t\t\t  Vigo <br \/>\n\t\t\t  <span>&#10093;<\/span>\n\t\t\t  Redondela\n\t\t\t<\/h2>\n\t\t\t<p>16.0 Km<\/p>\n\t\t  <\/div>\n\t\t  <div class=\"hero__container__stage-changer\">\n\t\t\t<div class=\"stage-control\">\n\t\t\t  <a class=\"stage-control__link\"\n\t\t\t\thref=\"\/it\/cammino-portoghese-per-la-costa\/tappa-8-ramallosa-vigo\/\"><span>&#10094;<\/span> Tappa 8<\/a>\n\t\t\t<\/div>\n\t\t\t<div class=\"stage-control\">\n\t\t\t  <a class=\"stage-control__link\" href=\"https:\/\/www.pilgrim.es\/it\/cammino-portoghese\/tappa-22-redondela-pontevedra\/\">Cammino\n\t\t\t\tPortoghese <span>&#10095;<\/span><\/a>\n\t\t\t<\/div>\n\t\t  <\/div>\n\t\t<\/div>\n\t  <\/div>\n\t  <div class=\"planner\"><div\r\n  class=\"p-col-span-1 p-rounded-lg p-px-5 p-h-full\"\r\n  style=\"background-image: url('https:\/\/cdn.pilgrim.es\/web\/pilgrim-planner\/bg-plugin-planificador.webp')\"\r\n  rel=\"preload\"\r\n  fetchpriority=\"high\"\r\n  >\r\n    <div class=\"p-text-center p-pt-5 p-text-white p-text-2xl p-font-semibold\">\r\n      Pianifica il tuo cammino    <\/div>\r\n    <div\r\n            id='primary-app'\r\n            data-name='banner'\r\n            data-api='https:\/\/pathfinder.pilgrim.es\/api\/pathfinder\/v2'\r\n            data-mode='normal'\r\n            data-lang='it'\r\n            data-route='1'\r\n            data-destiny='https:\/\/planificador.pilgrim.es'\r\n            data-modality='1'\r\n            data-inline=''\r\n        ><\/div><\/div><\/div>\n\t<\/div>\n  <\/section>\n  \n  <section id=\"scoreBarsStage\">\n\t<section>\r\n  <div class=\"p-flex p-flex-nowrap p-space-x-4 p-py-5 p-overflow-x-auto md:p-grid md:p-grid-cols-3 lg:p-grid-cols-5 md:p-gap-8 md:p-space-x-0 md:p-overflow-hidden scrollbar-thin\">\r\n    <div class=\"p-grid p-grid-cols-4 p-shrink-0 p-w-72 p-snap-start md:p-w-full\">\r\n        <div class=\"p-col-span-1 p-self-center p-text-center p-text-3xl\">\r\n            <i class=\"icon-influx\"><\/i>\r\n        <\/div>\r\n        <div class=\"p-col-span-3 p-flex p-flex-col p-items-start\">\r\n            <div class=\"p-text-start p-text-secondary p-mb-1 p-bold\"> Afflusso <\/div>\r\n            <div class=\"p-w-full p-bg-light p-rounded-full p-h-2 p-relative\">\r\n                <div class=\"p-bg-primary p-h-2 p-rounded-full p-absolute\" style=\"width: 20%;\"><\/div>\r\n            <\/div>\r\n        <\/div>\r\n    <\/div>\r\n\r\n    <div class=\"p-grid p-grid-cols-4 p-shrink-0 p-w-72 p-snap-start md:p-w-full\">\r\n        <div class=\"p-col-span-1 p-self-center p-text-center p-text-3xl\">\r\n            <i class=\"icon-difficulty\"><\/i>\r\n        <\/div>\r\n        <div class=\"p-col-span-3 p-flex p-flex-col p-items-start\">\r\n            <div class=\"p-text-start p-text-secondary p-mb-1 p-bold\"> Difficolt\u00e0 <\/div>\r\n            <div class=\"p-w-full p-bg-light p-rounded-full p-h-2 p-relative\">\r\n                <div class=\"p-bg-primary p-h-2 p-rounded-full p-absolute\" style=\"width: 60%;\"><\/div>\r\n            <\/div>\r\n        <\/div>\r\n    <\/div>\r\n\r\n    <div class=\"p-grid p-grid-cols-4 p-shrink-0 p-w-72 p-snap-start md:p-w-full\">\r\n        <div class=\"p-col-span-1 p-self-center p-text-center p-text-3xl\">\r\n            <i class=\"icon-patrimony\"><\/i>\r\n        <\/div>\r\n        <div class=\"p-col-span-3 p-flex p-flex-col p-items-start\">\r\n            <div class=\"p-text-start p-text-secondary p-mb-1 p-bold\"> Arte\/Storia <\/div>\r\n            <div class=\"p-w-full p-bg-light p-rounded-full p-h-2 p-relative\">\r\n                <div class=\"p-bg-primary p-h-2 p-rounded-full p-absolute\" style=\"width: 60%;\"><\/div>\r\n            <\/div>\r\n        <\/div>\r\n    <\/div>\r\n\r\n    <div class=\"p-grid p-grid-cols-4 p-shrink-0 p-w-72 p-snap-start md:p-w-full\">\r\n        <div class=\"p-col-span-1 p-self-center p-text-center p-text-3xl\">\r\n            <i class=\"icon-nature\"><\/i>\r\n        <\/div>\r\n        <div class=\"p-col-span-3 p-flex p-flex-col p-items-start\">\r\n            <div class=\"p-text-start p-text-secondary p-mb-1 p-bold\"> Natura <\/div>\r\n            <div class=\"p-w-full p-bg-light p-rounded-full p-h-2 p-relative\">\r\n                <div class=\"p-bg-primary p-h-2 p-rounded-full p-absolute\" style=\"width: 40%;\"><\/div>\r\n            <\/div>\r\n        <\/div>\r\n    <\/div>\r\n\r\n    <div class=\"p-grid p-grid-cols-4 p-shrink-0 p-w-72 p-snap-start md:p-w-full\">\r\n        <div class=\"p-col-span-1 p-self-center p-text-center p-text-3xl\">\r\n            <i class=\"icon-urban\"><\/i>\r\n        <\/div>\r\n        <div class=\"p-col-span-3 p-flex p-flex-col p-items-start\">\r\n            <div class=\"p-text-start p-text-secondary p-mb-1 p-bold\"> Cammino Francese <\/div>\r\n            <div class=\"p-w-full p-bg-light p-rounded-full p-h-2 p-relative\">\r\n                <div class=\"p-bg-primary p-h-2 p-rounded-full p-absolute\" style=\"width: 20%;\"><\/div>\r\n            <\/div>\r\n        <\/div>\r\n    <\/div>\r\n  <\/div>\r\n<\/section>\n  <\/section>\n  \n  <div id=\"stage-list-section\"><div class=\"stage-list\">\n    <div class='stage-list__map-card'>\n        <div class='stage-list__map-card__map'>\n            <div class='stage-list__map-card__map__text'>\n                <h2> Pages <\/h2>\n                <p> A piedi<\/p>\n                <p> 0tappe<\/p>\n            <\/div>\n            <div class='stage-list__map-card__map__img'>\n                <img decoding=\"async\" src=\"\" alt=\" mapa \" \/>\n            <\/div>\n        <\/div>\n    <\/div>\n\n    <\/div>\n<\/div>\n  \n  <section id=\"navStage\">\n\t<div>\n\t  <nav id=\"tab-navigation-section\" class=\"tab-navigation-section--cols-4\">\n\t\t<a href=\"#infoSection\" class=\"active\">Informazioni<\/a>\n\t\t<a href=\"#profileSection\">Profilo<\/a>\n\t\t<a href=\"#itinerarySection\">Itinerario<\/a>\n  \n\t\t<a href=\"#locationsSection\">Localit\u00e0<\/a>\n\t  <\/nav>\n  \n\t  <div id=\"infoSection\">\n\t\t<!-- Title Section with Orange Line -->\n\t\t<div>\n\t\t  <h2 class=\"p-h2-stage\">Informazioni<\/h2>\n\t\t  <hr class=\"orange-bar\" \/>\n\t\t  <h3 class=\"p-h3-stage\">Informazioni su questa tappa<\/h3>\n\t\t<\/div>\n  \n  \n\t\t<div aria-labelledby=\"nav-info-tab\" class=\"tab-pane fade show active\" id=\"Info\" role=\"tabpanel\">\n  \n\t\t  \u00a0In questa tappa avremo l&#8217;opportunit\u00e1 di vedere una dei miglior paesaggi verso la R\u00eda de Vigo poich\u00e9 cammineremo\n\t\t  lungo il Senda da Tra\u00edda das Augas. Inoltre, questa \u00e8 l&#8217;ultima tappa prima di addentrarci nella tappa n\u00ba22\n\t\t  (Redondela \u2013 Pontevedra) del Cammino Portoghese principale, che abbiamo abbandonato molti chilometri indietro\n\t\t  nella localit\u00e0 di OPorto.\n  \n\t\t<\/div>\n  \n  \n\t\t<div class=\"recomendation-card\">\n\t\t  <div>\n\t\t\t<i class=\"icon-logo-pilgrim\"><\/i>\n\t\t\t<h5>Raccomandazione di Pilgrim<\/h5>\n\t\t  <\/div>\n\t\t  <p>L&#8217;unico \u201ccruccio\u201d che potrebbe assillarvi in quest&#8217;ultima tappa del Cammino Portoghese lungo la costa, \u00e8 quello di trovare le frecce gialle che indicano il Cammino di Santiago, ma non preoccupatevi, seguite la R\u00faa Urzaiz e dopo il mercato Calvario, nella quarta strada a sinistra, le troverete.<\/p>\n  \n\t\t<\/div>\n\t  <\/div>\n  \n\t  <div id=\"profileSection\">\n\t\t<div>\n\t\t  <h2 class=\"p-h2-stage\">Distanza e altitudine<\/h2>\n\t\t  <hr class=\"orange-bar\" \/>\n\t\t  <h3 class=\"p-h3-stage\">Profilo<\/h3>\n\t\t  <img\n\t\t\tsrc=\"https:\/\/cdn.pilgrim.es\/web\/caminos\/camino-portugues-costa\/etapas\/etapa-9\/etapa9-perfil-vigo-redondela.jpg\"\n\t\t\talt=\"Perfil de la etapa tappa-9-vigo-redondela\" \/>\n\t\t<\/div>\n\t  <\/div>\n  \n\t  <div id=\"itinerarySection\">\n\t\t<h2 class=\"p-h2-stage\">Itinerario<\/h2>\n\t\t<hr \/>\n\t\t<h3 class=\"p-h3-stage\">Percorso<\/h3>\n  \n  \n\t\t<div>\n\t\t  <h4>Km 0.0 &#8231; Vigo<\/h4>\n  \n\t\t  <p>Lasceremo Vigo lungo una delle sue strade principali, la via Urzaiz. Dopo averla\n\t\t\tattraversata in direzione ascendente, passeremo per la Plaza de Fernando el Cat\u00f3lico,\n\t\t\tl&#8217;Av. Alcalde Gregorio Espino e arriveremo all&#8217;angolo di Urzaiz e R\u00faa de Toledo, dove\n\t\t\tincontreremo di nuovo le frecce gialle, dopo aver terminato la tappa del giorno\n\t\t\tprecedente seguendo quelle verdi come eccezione nel nostro percorso.\n\t\t\tPasseremo accanto alla Iglesia de los Picos proseguendo sulla R\u00faa Toledo, che\n\t\t\tlasceremo sulla sinistra per prendere poi la R\u00faa Cantabria, da dove cominceremo a\n\t\t\tvedere le prime vedute sull&#8217;estuario di Vigo. Dopo aver lasciato la Fuente da Pouleira alle\n\t\t\tnostre spalle, continueremo lungo il Cami\u00f1o Pedrosa e il Camino da Traida das Augas.\n\t\t\tPer poco pi\u00f9 di 2 km si alterneranno tratti di strada asfaltata e non asfaltata fino ad ad\n\t\t\tarrivare vicino a una piccola cascata dove attraverseremo la strada e arriveremo su un\n\t\t\tsentiero asfaltato.\n\t\t\tSeguremo le frecce gialle per un altro paio di chilometri che ci porteranno fino alla\n\t\t\tparrocchia di Cedeira.\n  \n\t\t  <\/p>\n  \n\t\t<\/div>\n\t\t<hr \/>\n\t\t<div>\n\t\t  <h4>Km 14.1 &#8231; Cedeira<\/h4>\n  \n\t\t  <p>Continueremo sulla sinistra dove si trova l&#8217;edificio scolastico e proseguiremo tra le case\n\t\t\tdel quartiere Cruceiro. Prenderemo il sentiero sulla destra, chiamato Cami\u00f1o das\n\t\t\tCardosas, e scenderemo da un ripido pendio, attraversando un sottopassaggio sotto i\n\t\t\tbinari della ferrovia. Raggiungeremo quindi la N-550 e la continueremo sulla destra,\n\t\t\tproseguendo con cautela lungo il ciglio della strada fino a che una rotonda ci accoglier\u00e0\n\t\t\tnell&#8217;area urbana di Redondela.\n  \n\t\t  <\/p>\n  \n\t\t<\/div>\n\t\t<hr \/>\n  \n\t\t<div>\n\t\t  <h4>Km 16.0 &#8231; Redondela<\/h4>\n  \n  \n\t\t  <a class=\"town-link\" href=\"https:\/\/www.pilgrim.es\/camino-portugues\/redondela\/\">\n\t\t\t<div class=\"town-link__link-content\">\n\t\t\t  <div class=\"town-link__link-content__text\">\n\t\t\t\t<p>Informazioni locali<\/p>\n\t\t\t\t<p>Polizia, Assistenza medica, Cosa vedere, Dove mangiare&#8230;<\/p>\n\t\t\t  <\/div>\n\t\t\t  <div class=\"town-link__link-content__town-btn\">\n\t\t\t\t<i class=\"icon-arrow\"><\/i>\n\t\t\t  <\/div>\n\t\t\t<\/div>\n\t\t  <\/a>\n  \n\t\t<\/div>\n\t  <\/div>\n  \n  \n  \n\t  <div id=\"locationsSection\">\n\t\t<h2 class=\"p-h2-stage\">Localit\u00e0<\/h2>\n\t\t<hr \/>\n\t\t<h3 class=\"p-h3-stage\">Villaggi<\/h3>\n\t\t<div class=\"grid-container\">\n  \n\t\t  <div class=\"p-group card-stage p-max-w-full\">\n  \n\t\t\t<div class=\"card-stage__header\">\n\t\t\t  <img decoding=\"async\" src=\"https:\/\/cdn.pilgrim.es\/web\/caminos\/camino-portugues-costa\/pueblos\/vigo.jpg\" alt=\"Vigo\" \/>\n  \n\t\t\t<\/div>\n\t\t\t<div class=\"town-card__flex-container\">\n\t\t\t  <div class=\"town-card__flex-container__info\">\n\t\t\t\t<h3>Vigo<\/h3>\n\t\t\t\t<p>Provincia: Pontevedra<\/p>\n\t\t\t  <\/div>\n  \n\t\t\t<\/div>\n  \n\t\t  <\/div>\n\t\t  <div class=\"p-group card-stage p-max-w-full\">\n\t\t\t<a href=\"https:\/\/www.pilgrim.es\/camino-portugues\/redondela\/\" class=\"town-card\">\n\t\t\t  <div class=\"card-stage__header\">\n\t\t\t\t<img decoding=\"async\" src=\"https:\/\/cdn.pilgrim.es\/web\/caminos\/camino-portugues\/pueblos\/redondela\/redondela.jpg\"\n\t\t\t\t  alt=\"Redondela\" class=\"group-hover:p-scale-110\" \/>\n\t\t\t\t<div class=\"card-overlay group-hover:p-opacity-50\"><\/div>\n\t\t\t  <\/div>\n\t\t\t  <div class=\"town-card__flex-container\">\n\t\t\t\t<div class=\"town-card__flex-container__info\">\n\t\t\t\t  <h3>Redondela<\/h3>\n\t\t\t\t  <p>Provincia: Pontevedra<\/p>\n\t\t\t\t<\/div>\n  \n\t\t\t\t<div class=\"town-card__flex-container__btn\">\n\t\t\t\t  <i class=\"icon-arrow\"><\/i>\n\t\t\t\t<\/div>\n  \n\t\t\t  <\/div>\n\t\t\t<\/a>\n\t\t  <\/div>\n\t\t<\/div>\n\t  <\/div>\n\t  <hr class=\"single-bar\" \/>\n\t<\/div>\n  <\/section>\n  \n  <section id=\"stageChange\">\n\t<div>\n\t  <a href=\"\/it\/cammino-portoghese-per-la-costa\/tappa-8-ramallosa-vigo\/\" class=\"change-btn\">\n\t\t<div class=\"change-btn\">\n\t\t  <div class=\"btn-arrow previous\">\n\t\t\t<i class=\"icon-arrow\"><\/i>\n\t\t  <\/div>\n\t\t  <div class=\"change-btn__info\">\n\t\t\t<div>Tappa 8<\/div>\n\t\t\t<p>\n\t\t\t  Ramallosa \u276f <br> Vigo\n\t\t\t<\/p>\n\t\t  <\/div>\n\t\t<\/div>\n\t  <\/a>\n\t  <a href=\"https:\/\/www.pilgrim.es\/it\/cammino-portoghese\/tappa-22-redondela-pontevedra\/\" class=\"change-btn\">\n\t\t<div class=\"change-btn__info\">\n\t\t  <div>Cammino Portoghese<\/div>\n\t\t  <p>\n\t\t\tRedondela \u276f <br> Pontevedra\n\t\t  <\/p>\n\t\t<\/div>\n\t\t<div class=\"btn-arrow\">\n\t\t  <i class=\"icon-arrow\"><\/i>\n\t\t<\/div>\n\t  <\/a>\n\t<\/div>\n  <\/section>\n","protected":false},"excerpt":{"rendered":"<p>Cammino Portoghese Costa: tappa 9 A piedi 13 Tappe \/ 271 Kms Vigo &#10093; Redondela 16.0 Km &#10094; Tappa 8 Cammino Portoghese &#10095; Informazioni Profilo Itinerario Localit\u00e0 Informazioni Informazioni su questa tappa \u00a0In questa tappa avremo l&#8217;opportunit\u00e1 di vedere una dei miglior paesaggi verso la R\u00eda de Vigo poich\u00e9 cammineremo lungo il Senda da Tra\u00edda &hellip; <\/p>\n<p class=\"read_more\"><a href=\"https:\/\/www.pilgrim.es\/it\/cammino-portoghese-per-la-costa\/tappa-9-vigo-redondela\/\">Leer m\u00e1s<\/a><\/p>\n","protected":false},"author":4,"featured_media":0,"parent":10812,"menu_order":0,"comment_status":"closed","ping_status":"closed","template":"views\/template-new-web-design.blade.php","meta":{"footnotes":""},"categories":[],"tags":[],"class_list":["post-49455","page","type-page","status-publish","hentry"],"yoast_head":"<!-- This site is optimized with the Yoast SEO plugin v27.4 - https:\/\/yoast.com\/product\/yoast-seo-wordpress\/ -->\n<title>Cammino di Santiago da Vigo | Cammino Portoghese lungo la Costa | Pilgrim<\/title>\n<meta name=\"description\" content=\"Cammino Portoghese lungo la Costa: Tappa 9 che passa tra Vigo e Redondela. Scopri tutte le informazioni e pianifica la tua tappa.\" \/>\n<meta name=\"robots\" content=\"index, follow, max-snippet:-1, max-image-preview:large, max-video-preview:-1\" \/>\n<link rel=\"canonical\" href=\"https:\/\/www.pilgrim.es\/it\/cammino-portoghese-per-la-costa\/tappa-9-vigo-redondela\/\" \/>\n<meta property=\"og:locale\" content=\"it_IT\" \/>\n<meta property=\"og:type\" content=\"article\" \/>\n<meta property=\"og:title\" content=\"Cammino di Santiago da Vigo | Cammino Portoghese lungo la Costa | Pilgrim\" \/>\n<meta property=\"og:description\" content=\"Cammino Portoghese lungo la Costa: Tappa 9 che passa tra Vigo e Redondela. Scopri tutte le informazioni e pianifica la tua tappa.\" \/>\n<meta property=\"og:url\" content=\"https:\/\/www.pilgrim.es\/it\/cammino-portoghese-per-la-costa\/tappa-9-vigo-redondela\/\" \/>\n<meta property=\"og:site_name\" content=\"Pilgrim\" \/>\n<meta property=\"article:publisher\" content=\"https:\/\/www.facebook.com\/pilgrim.es\/\" \/>\n<meta property=\"article:modified_time\" content=\"2025-05-05T07:49:08+00:00\" \/>\n<meta property=\"og:image\" content=\"https:\/\/cdn.pilgrim.es\/web\/caminos\/camino-portugues-costa\/pueblos\/vigo.jpg\" \/>\n<meta name=\"twitter:card\" content=\"summary_large_image\" \/>\n<meta name=\"twitter:site\" content=\"@pilgrim_es\" \/>\n<meta name=\"twitter:label1\" content=\"Tempo di lettura stimato\" \/>\n\t<meta name=\"twitter:data1\" content=\"2 minuti\" \/>\n<script type=\"application\/ld+json\" class=\"yoast-schema-graph\">{\"@context\":\"https:\\\/\\\/schema.org\",\"@graph\":[{\"@type\":\"WebPage\",\"@id\":\"https:\\\/\\\/www.pilgrim.es\\\/it\\\/cammino-portoghese-per-la-costa\\\/tappa-9-vigo-redondela\\\/\",\"url\":\"https:\\\/\\\/www.pilgrim.es\\\/it\\\/cammino-portoghese-per-la-costa\\\/tappa-9-vigo-redondela\\\/\",\"name\":\"Cammino di Santiago da Vigo | Cammino Portoghese lungo la Costa | Pilgrim\",\"isPartOf\":{\"@id\":\"https:\\\/\\\/www.pilgrim.es\\\/it\\\/#website\"},\"primaryImageOfPage\":{\"@id\":\"https:\\\/\\\/www.pilgrim.es\\\/it\\\/cammino-portoghese-per-la-costa\\\/tappa-9-vigo-redondela\\\/#primaryimage\"},\"image\":{\"@id\":\"https:\\\/\\\/www.pilgrim.es\\\/it\\\/cammino-portoghese-per-la-costa\\\/tappa-9-vigo-redondela\\\/#primaryimage\"},\"thumbnailUrl\":\"https:\\\/\\\/cdn.pilgrim.es\\\/web\\\/caminos\\\/camino-portugues-costa\\\/pueblos\\\/vigo.jpg\",\"datePublished\":\"2019-11-25T13:25:20+00:00\",\"dateModified\":\"2025-05-05T07:49:08+00:00\",\"description\":\"Cammino Portoghese lungo la Costa: Tappa 9 che passa tra Vigo e Redondela. Scopri tutte le informazioni e pianifica la tua tappa.\",\"breadcrumb\":{\"@id\":\"https:\\\/\\\/www.pilgrim.es\\\/it\\\/cammino-portoghese-per-la-costa\\\/tappa-9-vigo-redondela\\\/#breadcrumb\"},\"inLanguage\":\"it-IT\",\"potentialAction\":[{\"@type\":\"ReadAction\",\"target\":[\"https:\\\/\\\/www.pilgrim.es\\\/it\\\/cammino-portoghese-per-la-costa\\\/tappa-9-vigo-redondela\\\/\"]}]},{\"@type\":\"ImageObject\",\"inLanguage\":\"it-IT\",\"@id\":\"https:\\\/\\\/www.pilgrim.es\\\/it\\\/cammino-portoghese-per-la-costa\\\/tappa-9-vigo-redondela\\\/#primaryimage\",\"url\":\"https:\\\/\\\/cdn.pilgrim.es\\\/web\\\/caminos\\\/camino-portugues-costa\\\/pueblos\\\/vigo.jpg\",\"contentUrl\":\"https:\\\/\\\/cdn.pilgrim.es\\\/web\\\/caminos\\\/camino-portugues-costa\\\/pueblos\\\/vigo.jpg\"},{\"@type\":\"BreadcrumbList\",\"@id\":\"https:\\\/\\\/www.pilgrim.es\\\/it\\\/cammino-portoghese-per-la-costa\\\/tappa-9-vigo-redondela\\\/#breadcrumb\",\"itemListElement\":[{\"@type\":\"ListItem\",\"position\":1,\"name\":\"Camino de Santiago\",\"item\":\"https:\\\/\\\/www.pilgrim.es\\\/it\\\/\"},{\"@type\":\"ListItem\",\"position\":2,\"name\":\"Il Cammino Portoghese sulla Costa\",\"item\":\"https:\\\/\\\/www.pilgrim.es\\\/it\\\/cammino-portoghese-per-la-costa\\\/\"},{\"@type\":\"ListItem\",\"position\":3,\"name\":\"Cammino Portoghese lungo la Costa | Tappa 9: Vigo &#8211; Redondela\"}]},{\"@type\":\"WebSite\",\"@id\":\"https:\\\/\\\/www.pilgrim.es\\\/it\\\/#website\",\"url\":\"https:\\\/\\\/www.pilgrim.es\\\/it\\\/\",\"name\":\"Pilgrim\",\"description\":\"Camino de Santiago | Caminamos Contigo\",\"publisher\":{\"@id\":\"https:\\\/\\\/www.pilgrim.es\\\/it\\\/#organization\"},\"potentialAction\":[{\"@type\":\"SearchAction\",\"target\":{\"@type\":\"EntryPoint\",\"urlTemplate\":\"https:\\\/\\\/www.pilgrim.es\\\/it\\\/?s={search_term_string}\"},\"query-input\":{\"@type\":\"PropertyValueSpecification\",\"valueRequired\":true,\"valueName\":\"search_term_string\"}}],\"inLanguage\":\"it-IT\"},{\"@type\":\"Organization\",\"@id\":\"https:\\\/\\\/www.pilgrim.es\\\/it\\\/#organization\",\"name\":\"Pilgrim Camino de Santiago\",\"url\":\"https:\\\/\\\/www.pilgrim.es\\\/it\\\/\",\"logo\":{\"@type\":\"ImageObject\",\"inLanguage\":\"it-IT\",\"@id\":\"https:\\\/\\\/www.pilgrim.es\\\/it\\\/#\\\/schema\\\/logo\\\/image\\\/\",\"url\":\"https:\\\/\\\/www.pilgrim.es\\\/wp-content\\\/uploads\\\/2019\\\/04\\\/logo_pilgrim.png\",\"contentUrl\":\"https:\\\/\\\/www.pilgrim.es\\\/wp-content\\\/uploads\\\/2019\\\/04\\\/logo_pilgrim.png\",\"width\":512,\"height\":512,\"caption\":\"Pilgrim Camino de Santiago\"},\"image\":{\"@id\":\"https:\\\/\\\/www.pilgrim.es\\\/it\\\/#\\\/schema\\\/logo\\\/image\\\/\"},\"sameAs\":[\"https:\\\/\\\/www.facebook.com\\\/pilgrim.es\\\/\",\"https:\\\/\\\/x.com\\\/pilgrim_es\",\"https:\\\/\\\/www.instagram.com\\\/pilgrim.es\\\/\",\"https:\\\/\\\/www.linkedin.com\\\/company\\\/pilgrim-camino-de-santiago\\\/\",\"https:\\\/\\\/www.pinterest.es\\\/pilgrimcaminodesantiago\\\/\",\"https:\\\/\\\/www.youtube.com\\\/channel\\\/UCIv2ZzFLXVqthkNF32rKedw\\\/featured\"]}]}<\/script>\n<!-- \/ Yoast SEO plugin. -->","yoast_head_json":{"title":"Cammino di Santiago da Vigo | Cammino Portoghese lungo la Costa | Pilgrim","description":"Cammino Portoghese lungo la Costa: Tappa 9 che passa tra Vigo e Redondela. Scopri tutte le informazioni e pianifica la tua tappa.","robots":{"index":"index","follow":"follow","max-snippet":"max-snippet:-1","max-image-preview":"max-image-preview:large","max-video-preview":"max-video-preview:-1"},"canonical":"https:\/\/www.pilgrim.es\/it\/cammino-portoghese-per-la-costa\/tappa-9-vigo-redondela\/","og_locale":"it_IT","og_type":"article","og_title":"Cammino di Santiago da Vigo | Cammino Portoghese lungo la Costa | Pilgrim","og_description":"Cammino Portoghese lungo la Costa: Tappa 9 che passa tra Vigo e Redondela. Scopri tutte le informazioni e pianifica la tua tappa.","og_url":"https:\/\/www.pilgrim.es\/it\/cammino-portoghese-per-la-costa\/tappa-9-vigo-redondela\/","og_site_name":"Pilgrim","article_publisher":"https:\/\/www.facebook.com\/pilgrim.es\/","article_modified_time":"2025-05-05T07:49:08+00:00","og_image":[{"url":"https:\/\/cdn.pilgrim.es\/web\/caminos\/camino-portugues-costa\/pueblos\/vigo.jpg","type":"","width":"","height":""}],"twitter_card":"summary_large_image","twitter_site":"@pilgrim_es","twitter_misc":{"Tempo di lettura stimato":"2 minuti"},"schema":{"@context":"https:\/\/schema.org","@graph":[{"@type":"WebPage","@id":"https:\/\/www.pilgrim.es\/it\/cammino-portoghese-per-la-costa\/tappa-9-vigo-redondela\/","url":"https:\/\/www.pilgrim.es\/it\/cammino-portoghese-per-la-costa\/tappa-9-vigo-redondela\/","name":"Cammino di Santiago da Vigo | Cammino Portoghese lungo la Costa | Pilgrim","isPartOf":{"@id":"https:\/\/www.pilgrim.es\/it\/#website"},"primaryImageOfPage":{"@id":"https:\/\/www.pilgrim.es\/it\/cammino-portoghese-per-la-costa\/tappa-9-vigo-redondela\/#primaryimage"},"image":{"@id":"https:\/\/www.pilgrim.es\/it\/cammino-portoghese-per-la-costa\/tappa-9-vigo-redondela\/#primaryimage"},"thumbnailUrl":"https:\/\/cdn.pilgrim.es\/web\/caminos\/camino-portugues-costa\/pueblos\/vigo.jpg","datePublished":"2019-11-25T13:25:20+00:00","dateModified":"2025-05-05T07:49:08+00:00","description":"Cammino Portoghese lungo la Costa: Tappa 9 che passa tra Vigo e Redondela. Scopri tutte le informazioni e pianifica la tua tappa.","breadcrumb":{"@id":"https:\/\/www.pilgrim.es\/it\/cammino-portoghese-per-la-costa\/tappa-9-vigo-redondela\/#breadcrumb"},"inLanguage":"it-IT","potentialAction":[{"@type":"ReadAction","target":["https:\/\/www.pilgrim.es\/it\/cammino-portoghese-per-la-costa\/tappa-9-vigo-redondela\/"]}]},{"@type":"ImageObject","inLanguage":"it-IT","@id":"https:\/\/www.pilgrim.es\/it\/cammino-portoghese-per-la-costa\/tappa-9-vigo-redondela\/#primaryimage","url":"https:\/\/cdn.pilgrim.es\/web\/caminos\/camino-portugues-costa\/pueblos\/vigo.jpg","contentUrl":"https:\/\/cdn.pilgrim.es\/web\/caminos\/camino-portugues-costa\/pueblos\/vigo.jpg"},{"@type":"BreadcrumbList","@id":"https:\/\/www.pilgrim.es\/it\/cammino-portoghese-per-la-costa\/tappa-9-vigo-redondela\/#breadcrumb","itemListElement":[{"@type":"ListItem","position":1,"name":"Camino de Santiago","item":"https:\/\/www.pilgrim.es\/it\/"},{"@type":"ListItem","position":2,"name":"Il Cammino Portoghese sulla Costa","item":"https:\/\/www.pilgrim.es\/it\/cammino-portoghese-per-la-costa\/"},{"@type":"ListItem","position":3,"name":"Cammino Portoghese lungo la Costa | Tappa 9: Vigo &#8211; Redondela"}]},{"@type":"WebSite","@id":"https:\/\/www.pilgrim.es\/it\/#website","url":"https:\/\/www.pilgrim.es\/it\/","name":"Pilgrim","description":"Camino de Santiago | Caminamos Contigo","publisher":{"@id":"https:\/\/www.pilgrim.es\/it\/#organization"},"potentialAction":[{"@type":"SearchAction","target":{"@type":"EntryPoint","urlTemplate":"https:\/\/www.pilgrim.es\/it\/?s={search_term_string}"},"query-input":{"@type":"PropertyValueSpecification","valueRequired":true,"valueName":"search_term_string"}}],"inLanguage":"it-IT"},{"@type":"Organization","@id":"https:\/\/www.pilgrim.es\/it\/#organization","name":"Pilgrim Camino de Santiago","url":"https:\/\/www.pilgrim.es\/it\/","logo":{"@type":"ImageObject","inLanguage":"it-IT","@id":"https:\/\/www.pilgrim.es\/it\/#\/schema\/logo\/image\/","url":"https:\/\/www.pilgrim.es\/wp-content\/uploads\/2019\/04\/logo_pilgrim.png","contentUrl":"https:\/\/www.pilgrim.es\/wp-content\/uploads\/2019\/04\/logo_pilgrim.png","width":512,"height":512,"caption":"Pilgrim Camino de Santiago"},"image":{"@id":"https:\/\/www.pilgrim.es\/it\/#\/schema\/logo\/image\/"},"sameAs":["https:\/\/www.facebook.com\/pilgrim.es\/","https:\/\/x.com\/pilgrim_es","https:\/\/www.instagram.com\/pilgrim.es\/","https:\/\/www.linkedin.com\/company\/pilgrim-camino-de-santiago\/","https:\/\/www.pinterest.es\/pilgrimcaminodesantiago\/","https:\/\/www.youtube.com\/channel\/UCIv2ZzFLXVqthkNF32rKedw\/featured"]}]}},"_links":{"self":[{"href":"https:\/\/www.pilgrim.es\/it\/wp-json\/wp\/v2\/pages\/49455","targetHints":{"allow":["GET"]}}],"collection":[{"href":"https:\/\/www.pilgrim.es\/it\/wp-json\/wp\/v2\/pages"}],"about":[{"href":"https:\/\/www.pilgrim.es\/it\/wp-json\/wp\/v2\/types\/page"}],"author":[{"embeddable":true,"href":"https:\/\/www.pilgrim.es\/it\/wp-json\/wp\/v2\/users\/4"}],"replies":[{"embeddable":true,"href":"https:\/\/www.pilgrim.es\/it\/wp-json\/wp\/v2\/comments?post=49455"}],"version-history":[{"count":10,"href":"https:\/\/www.pilgrim.es\/it\/wp-json\/wp\/v2\/pages\/49455\/revisions"}],"predecessor-version":[{"id":130773,"href":"https:\/\/www.pilgrim.es\/it\/wp-json\/wp\/v2\/pages\/49455\/revisions\/130773"}],"up":[{"embeddable":true,"href":"https:\/\/www.pilgrim.es\/it\/wp-json\/wp\/v2\/pages\/10812"}],"wp:attachment":[{"href":"https:\/\/www.pilgrim.es\/it\/wp-json\/wp\/v2\/media?parent=49455"}],"wp:term":[{"taxonomy":"category","embeddable":true,"href":"https:\/\/www.pilgrim.es\/it\/wp-json\/wp\/v2\/categories?post=49455"},{"taxonomy":"post_tag","embeddable":true,"href":"https:\/\/www.pilgrim.es\/it\/wp-json\/wp\/v2\/tags?post=49455"}],"curies":[{"name":"wp","href":"https:\/\/api.w.org\/{rel}","templated":true}]}}