{"id":49446,"date":"2019-11-25T11:47:24","date_gmt":"2019-11-25T11:47:24","guid":{"rendered":"https:\/\/prod.pilgrim.es\/esperienze\/cammino-portoghese-costa-da-oporto\/"},"modified":"2026-03-18T12:09:40","modified_gmt":"2026-03-18T12:09:40","slug":"cammino-portoghese-costa-da-oporto","status":"publish","type":"page","link":"https:\/\/www.pilgrim.es\/it\/esperienze\/cammino-portoghese-costa-da-oporto\/","title":{"rendered":"Cammino Portoghese lungo la Costa da Oporto"},"content":{"rendered":"\n<div id=\"experience\">\n    <!-- HEADER -->\n    <section>\n      <!-- Hero principale -->\n      <div\n        id=\"hero\"\n        class=\"bg-experience-sarria\"\n        style=\"\n          background-image: linear-gradient(\n            to right bottom,\n            rgba(0, 0, 0, 0.4),\n            rgba(0, 0, 0, 0.4)\n          ),\n          url('https:\/\/cdn.pilgrim.es\/web\/experiencias\/portugues-oporto-costa\/hero-camino-desde-oporto-costa.jpg');\n        \"\n      >\n        <div class=\"info-experience\">\n          <div class=\"info-experience__layout\">\n            <div class=\"content\">\n              <div class=\"labels\">\n                <div class=\"labels__label-modality\">\n                  <p>A piedi<\/p>\n                <\/div>\n                <div class=\"labels__label-ready\">\n                  <p>Pronto per viaggiare<\/p>\n                <\/div>\n              <\/div>\n              <p class=\"score\">Questo percorso: 4,8 \u2605 (167 recensioni)<\/p>\n              <h1>Cammino Portoghese lungo la costa da Oporto<\/h1>\n\n              <div class=\"summary\">\n                <div class=\"summary__container\">\n                  <div class=\"pill\">\n                    <div class=\"pill__content\">\n                      <div class=\"pill__content__icon\">\n                        <i class=\"icon-signal\"><\/i>\n                      <\/div>\n                      <div class=\"pill__content__text\">\n                        <p>271 km<\/p>\n                      <\/div>\n                    <\/div>\n                  <\/div>\n                  <div class=\"pill\">\n                    <div class=\"pill__content\">\n                      <div class=\"pill__content__icon\">\n                        <i class=\"icon-calendar\"><\/i>\n                      <\/div>\n                      <div class=\"pill__content__text\">\n                        <p>13 tappe<\/p>\n                      <\/div>\n                    <\/div>\n                  <\/div>\n                  <div class=\"pill\">\n                    <div class=\"pill__content\">\n                      <div class=\"pill__content__icon\">\n                        <i class=\"icon-nights\"><\/i>\n                      <\/div>\n                      <div class=\"pill__content__text\">\n                        <p>14 notti<\/p>\n                      <\/div>\n                    <\/div>\n                  <\/div>\n                <\/div>\n              <\/div>\n              <p class=\"description-highlight\">\n                Tutto ci\u00f2 di cui hai bisogno&#8230; in un unico pacchetto!\n              <\/p>\n              <p class=\"description-details\">\n                Percorrere la distanza che separa la localit\u00e0 di\n                Oporto fino a Santiago de Compostela, camminando\n                accanto a splendidi paesaggi costieri, \u00e8 un\u2019esperienza\n                unica che puoi realizzare in 15 giorni.\n              <\/p>\n            <\/div>\n          <\/div>\n        <\/div>\n      <\/div>\n    <\/section>\n\n    <!-- BODY -->\n    <div id=\"main-content\">\n      <!-- CARD PRENOTAZIONE (DESKTOP) -->\n      <div id=\"containerCard\" class=\"card-container\">\n        <div id=\"scrollY35\" class=\"card-container__display\">\n          <div id=\"cardBuy\" class=\"booking-card p-fixed p-hidden lg:p-block\">\n            <div\n              class=\"booking-card__style-card bg-sarria\"\n              style=\"\n                background-image: url('https:\/\/cdn.pilgrim.es\/web\/experiencias\/portugues-oporto-costa\/map-portugues-oporto-costa.svg');\n              \"\n            >\n              <div class=\"card-content__body\">\n                <div class=\"card-info p-mb-10\">\n                  <p class=\"card-info__from\">Da<\/p>\n                  <p class=\"card-info__price\">1100<span>\u20ac<\/span><\/p>\n                  <p class=\"card-info__conditions\">\n                    Prezzo a persona in camera doppia.<br \/>\n                    IVA inclusa.\n                  <\/p>\n                  <div class=\"card-info__distance\">\n                    <div class=\"col-icon\">\n                      <i class=\"icon-signal\"><\/i>\n                    <\/div>\n                    <div class=\"col-text\">\n                      <p>271 km<\/p>\n                    <\/div>\n                  <\/div>\n                  <div class=\"card-info__stages\">\n                    <div class=\"col-icon\">\n                      <i class=\"icon-calendar\"><\/i>\n                    <\/div>\n                    <div class=\"col-text\">\n                      <p>13 tappe<\/p>\n                    <\/div>\n                  <\/div>\n                  <div class=\"card-info__nights\">\n                    <div class=\"col-icon\">\n                      <i class=\"icon-nights\"><\/i>\n                    <\/div>\n                    <div class=\"col-text\">\n                      <p>14 notti<\/p>\n                    <\/div>\n                  <\/div>\n                <\/div>\n                <div class=\"card-button\">\n                  <a href=\"https:\/\/www.pilgrim.es\/checkout\/?id=8f1df387-0037-4186-b6e7-9bf443f0b76e\">\n                    <button>Prenota Ora<\/button>\n                  <\/a>\n                <\/div>\n                \n              <\/div><!-- FINE .card-content__body -->\n            <\/div>\n          <\/div>\n        <\/div>\n      <\/div>\n\n      <!-- CARD PRENOTAZIONE (MOBILE) -->\n      <section id=\"cardBuyMobile\" class=\"p-block lg:p-hidden\">\n        <div class=\"card-mobile\">\n          <div class=\"card-mobile__container\">\n            <div class=\"card-mobile-col-start\">\n              <div class=\"content-distance\">\n                <div class=\"content-distance__icon\">\n                  <i class=\"icon-signal\"><\/i>\n                <\/div>\n                <div class=\"content-distance__text\">\n                  <p>271 km<\/p>\n                <\/div>\n              <\/div>\n              <div class=\"content-nights\">\n                <div class=\"content-nights__icon\">\n                  <i class=\"icon-nights\"><\/i>\n                <\/div>\n                <div class=\"content-nights__text\">\n                  <p>14 notti<\/p>\n                <\/div>\n              <\/div>\n            <\/div>\n            <div class=\"card-mobile-col-center\">\n              <p class=\"card-mobile-price\">\n                1100<span class=\"card-mobile-price__currency\">\u20ac<\/span\n                ><span class=\"card-mobile-price__vat\">IVA incl.<\/span>\n              <\/p>\n              <p class=\"card-mobile-person\">\n                A persona in cam. doppia\n              <\/p>\n            <\/div>\n            <div class=\"card-mobile-col-end\">\n              <a href=\"https:\/\/www.pilgrim.es\/checkout\/?id=8f1df387-0037-4186-b6e7-9bf443f0b76e\">\n                <button>Prenota<\/button>\n              <\/a>\n            <\/div>\n          <\/div>\n        <\/div>\n      <\/section>\n\n      <!-- MENU DI NAVIGAZIONE -->\n      <section id=\"navegation\" class=\"nav-experience\">\n        <nav>\n          <div>\n            <a\n              href=\"#including\"\n              class=\"nav-link-experience p-border-b-4 p-border-primary\"\n              data-target=\"including\"\n              >Incluso<\/a\n            >\n            <a href=\"#optional\" class=\"nav-link-experience\" data-target=\"optional\"\n              >Opzionale<\/a\n            >\n            <a href=\"#itinerary\" class=\"nav-link-experience\" data-target=\"itinerary\"\n              >Itinerario<\/a\n            >\n            <a href=\"#gallery\" class=\"nav-link-experience\" data-target=\"gallery\"\n              >Galleria<\/a\n            >\n          <\/div>\n        <\/nav>\n      <\/section>\n\n      <!-- SERVIZI INCLUSI -->\n      <section id=\"including\" class=\"including-services\">\n        <div class=\"including-services__body\">\n          <h4 class=\"category-title\">Tutto il necessario<\/h4>\n          <hr class=\"orange-bar\" \/>\n          <div class=\"services-container\">\n            <div class=\"services-container__row\">\n              <div class=\"services-col-start\">\n                <h2>Incluso nel tuo viaggio<\/h2>\n                <p>\n                  Abbiamo progettato questa esperienza affinch\u00e9 tu possa iniziare il tuo Cammino con\n                  <b>tutte le necessit\u00e0 principali coperte<\/b> in modo confortevole e\n                  sicuro, sapendo dove dormirai e senza dover dedicare tempo\n                  a pianificare il tuo viaggio tappa per tappa.\n                <\/p>\n              <\/div>\n              <div class=\"services-col-end\">\n                <div class=\"services-col-end__content\">\n                  <div class=\"service\">\n                    <div class=\"service__icon p-bg-includes\">\n                      <i class=\"icon-nights\"><\/i>\n                    <\/div>\n                    <div class=\"service__text\">\n                      <b>14 notti<\/b><br \/>\n                      in Pensioni e Hotel\n                    <\/div>\n                  <\/div>\n                  <div class=\"service\">\n                    <div class=\"service__icon p-bg-includes\">\n                      <i class=\"icon-calendar\"><\/i>\n                    <\/div>\n                    <div class=\"service__text\">\n                      <b>Assicurazione<\/b><br \/>\n                      di viaggio\n                    <\/div>\n                  <\/div>\n                  <div class=\"service\">\n                    <div class=\"service__icon p-bg-includes\">\n                      <i class=\"icon-credential\"><\/i>\n                    <\/div>\n                    <div class=\"service__text\">\n                      <b>Credenziale<\/b><br \/>\n                      del pellegrino\n                    <\/div>\n                  <\/div>\n                  <div class=\"service\">\n                    <div class=\"service__icon p-bg-includes\">\n                      <i class=\"icon-document\"><\/i>\n                    <\/div>\n                    <div class=\"service__text\">\n                      <b>Guida del cammino<\/b><br \/>\n                      in formato PDF\n                    <\/div>\n                  <\/div>\n                  <div class=\"service\">\n                    <div class=\"service__icon p-bg-includes\">\n                      <i class=\"icon-support\"><\/i>\n                    <\/div>\n                    <div class=\"service__text\">\n                      <b>Assistenza 24h<\/b><br \/>\n                      per emergenze\n                    <\/div>\n                  <\/div>\n                  <div class=\"service\">\n                    <div class=\"service__icon p-bg-includes\">\n                      <i class=\"icon-documents\"><\/i>\n                    <\/div>\n                    <div class=\"service__text\">\n                      <b>Documentazione<\/b><br \/>\n                      di viaggio\n                    <\/div>\n                  <\/div>\n                <\/div>\n              <\/div>\n            <\/div>\n          <\/div>\n          <div class=\"services-images\">\n            <img decoding=\"async\"\n              src=\"https:\/\/cdn.pilgrim.es\/web\/experiencias\/portugues-oporto-costa\/servicios-incluidos-costa-oporto-1.jpg\"\n              alt=\"alloggio portoghese\"\n            \/>\n            <img decoding=\"async\"\n              src=\"https:\/\/cdn.pilgrim.es\/web\/experiencias\/portugues-oporto-costa\/servicios-incluidos-costa-oporto-2.jpg\"\n              alt=\"colazione portoghese\"\n            \/>\n            <img decoding=\"async\"\n              src=\"https:\/\/cdn.pilgrim.es\/web\/experiencias\/portugues-oporto-costa\/servicios-incluidos-costa-oporto-3.jpg\"\n              alt=\"alloggio portoghese\"\n            \/>\n            <img decoding=\"async\"\n              src=\"https:\/\/cdn.pilgrim.es\/web\/experiencias\/portugues-oporto-costa\/servicios-incluidos-costa-oporto-4.jpg\"\n              alt=\"Trasporto bagagli\"\n            \/>\n          <\/div>\n        <\/div>\n      <\/section>\n\n      <!-- SERVIZI OPZIONALI -->\n      <section id=\"optional\" class=\"optional-services\">\n        <div class=\"optional-services__body\">\n          <h4 class=\"category-title\">A tuo gusto<\/h4>\n          <hr class=\"orange-bar\" \/>\n          <div class=\"services-container\">\n            <div class=\"services-container__row\">\n              <div class=\"services-col-start\">\n                <h2>Hai bisogno di altro?<\/h2>\n                <p>\n                  Se desideri un viaggio completamente definito e vuoi goderti solo\n                  l\u2019esercizio fisico, il paesaggio e il Cammino, puoi aggiungere servizi\n                  extra alla tua prenotazione e iniziare il tuo viaggio sapendo che\n                  <b>tutto \u00e8 come vuoi<\/b> e sotto controllo.\n                <\/p>\n              <\/div>\n              <div class=\"services-col-end\">\n                <div class=\"services-col-end__content\">\n                  <div class=\"service\">\n                    <div class=\"service__icon p-bg-optional\">\n                      <i class=\"icon-coffee\"><\/i>\n                    <\/div>\n                    <div class=\"service__text\">\n                      <b>Colazioni<\/b><br \/>\n                      125\u20ac\n                    <\/div>\n                  <\/div>\n                  <div class=\"service\">\n                    <div class=\"service__icon p-bg-optional\">\n                      <i class=\"icon-cancellation\"><\/i>\n                    <\/div>\n                    <div class=\"service__text\">\n                      <b>Annullamento Pilgrim<\/b><br \/>\n                      20\u20ac\n                    <\/div>\n                  <\/div>\n                  <div class=\"service\">\n                    <div class=\"service__icon p-bg-optional\">\n                      <i class=\"icon-bag\"><\/i>\n                    <\/div>\n                    <div class=\"service__text\">\n                      <b>Trasporto zaino<\/b><br \/>\n                      100\u20ac\n                    <\/div>\n                  <\/div>\n                  <div class=\"service\">\n                    <div class=\"service__icon p-bg-optional\">\n                      <i class=\"icon-taxi\"><\/i>\n                    <\/div>\n                    <div class=\"service__text\">\n                      <b>Trasferimento al punto di inizio<\/b><br \/>\n                      60\u20ac\n                    <\/div>\n                  <\/div>\n                  <div class=\"service\">\n                    <div class=\"service__icon p-bg-optional\">\n                      <i class=\"icon-taxi\"><\/i>\n                    <\/div>\n                    <div class=\"service__text\">\n                      <b>Trasferimento Aeroporto<\/b><br \/>\n                      35\u20ac\n                    <\/div>\n                  <\/div>\n                  <div class=\"service\">\n                    <div class=\"service__icon p-bg-optional\">\n                      <i class=\"icon-nights\"><\/i>\n                    <\/div>\n                    <div class=\"service__text\">\n                      <b>Notte extra<\/b><br \/>\n                      75\u20ac\n                    <\/div>\n                  <\/div>\n                <\/div>\n              <\/div>\n            <\/div>\n          <\/div>\n        <\/div>\n      <\/section>\n\n      <!-- ITINERARIO (RIASSUNTO) -->\n      <section id=\"itinerary\" class=\"experience-itinerary\">\n        <div class=\"experience-itinerary__content\">\n          <h4 class=\"category-title\">Il tuo cammino, riassunto<\/h4>\n          <hr class=\"orange-bar\" \/>\n          <h2>Itinerario<\/h2>\n          <p>\n            In questo pacchetto <b>includiamo la tua credenziale del pellegrino<\/b> cos\u00ec da\n            non dover fare ulteriori gestioni e inoltre ti forniamo una\n            <b>guida del Cammino in formato digitale<\/b> che puoi portare sul\n            tuo cellulare. Per farti un\u2019idea del percorso e di ogni tappa prima di\n            partire, ti riassumiamo di seguito l\u2019itinerario da Oporto\n            a Santiago.\n          <\/p>\n          <div class=\"experience-summary\">\n            <div class=\"experience-summary__header\">\n              <div>Il tuo percorso, a colpo d\u2019occhio<\/div>\n              <img decoding=\"async\"\n                src=\"\/wp-content\/uploads\/2024\/08\/yellow-vieira.svg\"\n                alt=\"icona vieira camino\"\n              \/>\n            <\/div>\n            <div class=\"experience-summary__body\">\n              <div class=\"experience-stage\">\n                <div class=\"experience-stage__name\">Oporto<\/div>\n                <div class=\"experience-stage__line\"><hr \/><\/div>\n                <div class=\"experience-stage__km\">0 km<\/div>\n                <div class=\"experience-stage__time\">0 h<\/div>\n              <\/div>\n              <div class=\"experience-stage\">\n                <div class=\"experience-stage__name\">Labruge<\/div>\n                <div class=\"experience-stage__line\"><hr \/><\/div>\n                <div class=\"experience-stage__km\">25 km<\/div>\n                <div class=\"experience-stage__time\">6 h<\/div>\n              <\/div>\n              <div class=\"experience-stage\">\n                <div class=\"experience-stage__name\">P\u00f3voa de Varzim<\/div>\n                <div class=\"experience-stage__line\"><hr \/><\/div>\n                <div class=\"experience-stage__km\">14 km<\/div>\n                <div class=\"experience-stage__time\">3,5 h<\/div>\n              <\/div>\n              <div class=\"experience-stage\">\n                <div class=\"experience-stage__name\">Esposende<\/div>\n                <div class=\"experience-stage__line\"><hr \/><\/div>\n                <div class=\"experience-stage__km\">20 km<\/div>\n                <div class=\"experience-stage__time\">4,5 h<\/div>\n              <\/div>\n              <div class=\"experience-stage\">\n                <div class=\"experience-stage__name\">Viana do Castelo<\/div>\n                <div class=\"experience-stage__line\"><hr \/><\/div>\n                <div class=\"experience-stage__km\">25 km<\/div>\n                <div class=\"experience-stage__time\">5,5 h<\/div>\n              <\/div>\n              <div class=\"experience-stage\">\n                <div class=\"experience-stage__name\">Caminha<\/div>\n                <div class=\"experience-stage__line\"><hr \/><\/div>\n                <div class=\"experience-stage__km\">27 km<\/div>\n                <div class=\"experience-stage__time\">6,5 h<\/div>\n              <\/div>\n              <div class=\"experience-stage\">\n                <div class=\"experience-stage__name\">Porto Moug\u00e1s<\/div>\n                <div class=\"experience-stage__line\"><hr \/><\/div>\n                <div class=\"experience-stage__km\">24 km<\/div>\n                <div class=\"experience-stage__time\">5,5 h<\/div>\n              <\/div>\n              <div class=\"experience-stage\">\n                <div class=\"experience-stage__name\">A Ramallosa<\/div>\n                <div class=\"experience-stage__line\"><hr \/><\/div>\n                <div class=\"experience-stage__km\">16 km<\/div>\n                <div class=\"experience-stage__time\">4 h<\/div>\n              <\/div>\n              <div class=\"experience-stage\">\n                <div class=\"experience-stage__name\">Vigo<\/div>\n                <div class=\"experience-stage__line\"><hr \/><\/div>\n                <div class=\"experience-stage__km\">22 km<\/div>\n                <div class=\"experience-stage__time\">5 h<\/div>\n              <\/div>\n              <div class=\"experience-stage\">\n                <div class=\"experience-stage__name\">Redondela<\/div>\n                <div class=\"experience-stage__line\"><hr \/><\/div>\n                <div class=\"experience-stage__km\">16 km<\/div>\n                <div class=\"experience-stage__time\">4 h<\/div>\n              <\/div>\n              <div class=\"experience-stage\">\n                <div class=\"experience-stage__name\">Pontevedra<\/div>\n                <div class=\"experience-stage__line\"><hr \/><\/div>\n                <div class=\"experience-stage__km\">19 km<\/div>\n                <div class=\"experience-stage__time\">4,5 h<\/div>\n              <\/div>\n              <div class=\"experience-stage\">\n                <div class=\"experience-stage__name\">Caldas de Reis<\/div>\n                <div class=\"experience-stage__line\"><hr \/><\/div>\n                <div class=\"experience-stage__km\">21 km<\/div>\n                <div class=\"experience-stage__time\">5 h<\/div>\n              <\/div>\n              <div class=\"experience-stage\">\n                <div class=\"experience-stage__name\">Padr\u00f3n<\/div>\n                <div class=\"experience-stage__line\"><hr \/><\/div>\n                <div class=\"experience-stage__km\">19 km<\/div>\n                <div class=\"experience-stage__time\">4,5 h<\/div>\n              <\/div>\n              <div class=\"experience-stage\">\n                <div class=\"experience-stage__name\">Santiago<\/div>\n                <div class=\"experience-stage__line\"><hr \/><\/div>\n                <div class=\"experience-stage__km\">24 km<\/div>\n                <div class=\"experience-stage__time\">5,5 h<\/div>\n              <\/div>\n            <\/div>\n          <\/div>\n        <\/div>\n      <\/section>\n\n      <!-- ITINERARIO (DETTAGLIO) -->\n      <section class=\"itinerary-accordion\">\n        <div class=\"itinerary-accordion__container\">\n          <!-- Giorno 1 -->\n          <div class=\"container-day\">\n            <div id=\"mainHeading\" class=\"container-day__heading\">\n              <div class=\"heading-col-start\">\n                <div class=\"heading-col-start__day\">\n                  <p>GIORNO<\/p>\n                  <p>1<\/p>\n                <\/div>\n                <div class=\"heading-col-start__stage\">\n                  <p>Oporto<\/p>\n                  <p>Pernottamento a Oporto<\/p>\n                <\/div>\n              <\/div>\n              <button\n                aria-label=\"toggler\"\n                class=\"heading-col-end\"\n                data-menu-experience\n              >\n                <div><i class=\"icon-selector-down\"><\/i><\/div>\n              <\/button>\n            <\/div>\n            <div id=\"menu\" class=\"container-day__summary\">\n              <p>\n                Arriverai a Oporto autonomamente oppure, se desideri, possiamo \n                organizzare il tuo trasferimento da qualsiasi aeroporto o stazione \n                a cui arrivi.\n              <\/p>\n              <p>\n                Da qui, in base all\u2019orario di arrivo, potrai visitare diversi punti di interesse della citt\u00e0. Inoltre, la vasta offerta gastronomica portoghese ti permetter\u00e0 di gustare un ottimo pasto per iniziare il Cammino con energia.\n              <\/p>\n            <\/div>\n          <\/div>\n          <hr class=\"single-bar\" \/>\n          <!-- Giorno 2 -->\n          <div class=\"container-day\">\n            <div id=\"mainHeading\" class=\"container-day__heading\">\n              <div class=\"heading-col-start\">\n                <div class=\"heading-col-start__day\">\n                  <p>GIORNO<\/p>\n                  <p>2<\/p>\n                <\/div>\n                <div class=\"heading-col-start__stage\">\n                  <p>Oporto &gt; Labruge<\/p>\n                  <p>Pernottamento a Labruge<\/p>\n                <\/div>\n              <\/div>\n              <button\n                aria-label=\"toggler\"\n                class=\"heading-col-end\"\n                data-menu-experience\n              >\n                <div><i class=\"icon-selector-down\"><\/i><\/div>\n              <\/button>\n            <\/div>\n            <div id=\"menu\" class=\"container-day__summary\">\n              <p>\n                Questa tappa non presenta particolari difficolt\u00e0, nonostante ci attendano diversi chilometri. Infatti, alcuni pellegrini preferiscono dividerla in due giornate e trascorrere la notte in una localit\u00e0 intermedia.\n              <\/p>\n              <p>\n                In ogni caso, durante questa tappa rimarremo sempre vicini alla costa, percorrendo tratti piuttosto pianeggianti tra passerelle in legno e piste ciclabili, che ci permetteranno di godere delle migliori viste sulle spiagge dell\u2019Oceano Atlantico.\n              <\/p>\n            <\/div>\n          <\/div>\n          <hr class=\"single-bar\" \/>\n          <!-- Giorno 3 -->\n          <div class=\"container-day\">\n            <div id=\"mainHeading\" class=\"container-day__heading\">\n              <div class=\"heading-col-start\">\n                <div class=\"heading-col-start__day\">\n                  <p>GIORNO<\/p>\n                  <p>3<\/p>\n                <\/div>\n                <div class=\"heading-col-start__stage\">\n                  <p>Labruge &gt; P\u00f3voa de Varzim<\/p>\n                  <p>Pernottamento a P\u00f3voa de Varzim<\/p>\n                <\/div>\n              <\/div>\n              <button\n                aria-label=\"toggler\"\n                class=\"heading-col-end\"\n                data-menu-experience\n              >\n                <div><i class=\"icon-selector-down\"><\/i><\/div>\n              <\/button>\n            <\/div>\n            <div id=\"menu\" class=\"container-day__summary\">\n              <p>\n                Proseguiamo con un\u2019altra tappa semplice lungo il litorale su passerelle in legno, che ci permette di visitare la cittadina di Vila do Conde, con un grazioso centro storico e un grande patrimonio culturale, tra cui spiccano il suo acquedotto con 999 archi, il convento di Santa Clara e la fortezza di San Giovanni.\n              <\/p>\n              <p>\n                Pi\u00f9 avanti, arrivando a P\u00f3voa de Varzim, potremo anche ammirare il suo bel patrimonio e i suoi monumenti.\n              <\/p>\n            <\/div>\n          <\/div>\n          <hr class=\"single-bar\" \/>\n          <!-- Giorno 4 -->\n          <div class=\"container-day\">\n            <div id=\"mainHeading\" class=\"container-day__heading\">\n              <div class=\"heading-col-start\">\n                <div class=\"heading-col-start__day\">\n                  <p>GIORNO<\/p>\n                  <p>4<\/p>\n                <\/div>\n                <div class=\"heading-col-start__stage\">\n                  <p>P\u00f3voa de Varzim &gt; Esposende<\/p>\n                  <p>Pernottamento a Esposende<\/p>\n                <\/div>\n              <\/div>\n              <button\n                aria-label=\"toggler\"\n                class=\"heading-col-end\"\n                data-menu-experience\n              >\n                <div><i class=\"icon-selector-down\"><\/i><\/div>\n              <\/button>\n            <\/div>\n            <div id=\"menu\" class=\"container-day__summary\">\n              <p>\n                Lasciamo P\u00f3voa de Varzim per proseguire con una tappa che, pur non essendo tra le pi\u00f9 belle, risulter\u00e0 sicuramente molto varia.\n              <\/p>\n              <p>\n                Attraverseremo tratti di strada e pavimentazioni in pietra, ma anche lungomare, passerelle in legno sopra le spiagge e sentieri sterrati, rendendo cos\u00ec il percorso molto pi\u00f9 piacevole.\n              <\/p>\n            <\/div>\n          <\/div>\n          <hr class=\"single-bar\" \/>\n          <!-- Giorno 5 -->\n          <div class=\"container-day\">\n            <div id=\"mainHeading\" class=\"container-day__heading\">\n              <div class=\"heading-col-start\">\n                <div class=\"heading-col-start__day\">\n                  <p>GIORNO<\/p>\n                  <p>5<\/p>\n                <\/div>\n                <div class=\"heading-col-start__stage\">\n                  <p>Esposende &gt; Viana do Castelo<\/p>\n                  <p>Pernottamento a Viana do Castelo<\/p>\n                <\/div>\n              <\/div>\n              <button\n                aria-label=\"toggler\"\n                class=\"heading-col-end\"\n                data-menu-experience\n              >\n                <div><i class=\"icon-selector-down\"><\/i><\/div>\n              <\/button>\n            <\/div>\n            <div id=\"menu\" class=\"container-day__summary\">\n              <p>\n                Una tappa in cui non avremo spiagge n\u00e9 viste sul mare durante i suoi 25 km di percorso, ma che comunque ci regaler\u00e0 splendidi paesaggi, come il sentiero in discesa verso il fiume Neiva, su una piattaforma di lastre di pietra, o il centro storico di Viana do Castelo al termine di questa tappa del Cammino Portoghese della Costa.\n              <\/p>\n            <\/div>\n          <\/div>\n          <hr class=\"single-bar\" \/>\n          <!-- Giorno 6 -->\n          <div class=\"container-day\">\n            <div id=\"mainHeading\" class=\"container-day__heading\">\n              <div class=\"heading-col-start\">\n                <div class=\"heading-col-start__day\">\n                  <p>GIORNO<\/p>\n                  <p>6<\/p>\n                <\/div>\n                <div class=\"heading-col-start__stage\">\n                  <p>Viana do Castelo &gt; Caminha<\/p>\n                  <p>Pernottamento a Caminha<\/p>\n                <\/div>\n              <\/div>\n              <button\n                aria-label=\"toggler\"\n                class=\"heading-col-end\"\n                data-menu-experience\n              >\n                <div><i class=\"icon-selector-down\"><\/i><\/div>\n              <\/button>\n            <\/div>\n            <div id=\"menu\" class=\"container-day__summary\">\n              <p>\n                L\u2019ultima tappa in territorio portoghese offre la possibilit\u00e0 di scegliere tra il percorso ufficiale all\u2019interno, seguendo le frecce gialle, oppure quello che devia lungo la costa, camminando su passerelle vicino al mare.\n              <\/p>\n              <p>\n                Qualunque opzione tu scelga, non dimenticare di goderti la migliore cucina portoghese mentre visiti il bellissimo centro storico di Caminha, prima di lasciare il paese.\n              <\/p>\n            <\/div>\n          <\/div>\n          <hr class=\"single-bar\" \/>\n          <!-- Giorno 7 -->\n          <div class=\"container-day\">\n            <div id=\"mainHeading\" class=\"container-day__heading\">\n              <div class=\"heading-col-start\">\n                <div class=\"heading-col-start__day\">\n                  <p>GIORNO<\/p>\n                  <p>7<\/p>\n                <\/div>\n                <div class=\"heading-col-start__stage\">\n                  <p>Caminha &gt; Porto Moug\u00e1s<\/p>\n                  <p>Pernottamento a Porto Moug\u00e1s<\/p>\n                <\/div>\n              <\/div>\n              <button\n                aria-label=\"toggler\"\n                class=\"heading-col-end\"\n                data-menu-experience\n              >\n                <div><i class=\"icon-selector-down\"><\/i><\/div>\n              <\/button>\n            <\/div>\n            <div id=\"menu\" class=\"container-day__summary\">\n              <p>\n                Iniziamo la prima tappa in terra galiziana prendendo il traghetto per attraversare il fiume Mi\u00f1o, che segna il confine tra Spagna e Portogallo.\n              <\/p>\n              <p>\n                Una volta in Galizia, potremo godere di belvederi sul mare e di alcuni tratti molto fotogenici e unici, come il centro storico della splendida cittadina di A Guarda o il Monastero di Santa Mar\u00eda de Oia.\n              <\/p>\n            <\/div>\n          <\/div>\n          <hr class=\"single-bar\" \/>\n          <!-- Giorno 8 -->\n          <div class=\"container-day\">\n            <div id=\"mainHeading\" class=\"container-day__heading\">\n              <div class=\"heading-col-start\">\n                <div class=\"heading-col-start__day\">\n                  <p>GIORNO<\/p>\n                  <p>8<\/p>\n                <\/div>\n                <div class=\"heading-col-start__stage\">\n                  <p>Porto Moug\u00e1s &gt; A Ramallosa<\/p>\n                  <p>Pernottamento ad A Ramallosa<\/p>\n                <\/div>\n              <\/div>\n              <button\n                aria-label=\"toggler\"\n                class=\"heading-col-end\"\n                data-menu-experience\n              >\n                <div><i class=\"icon-selector-down\"><\/i><\/div>\n              <\/button>\n            <\/div>\n            <div id=\"menu\" class=\"container-day__summary\">\n              <p>\n                In questa tappa cammineremo tra i monti godendoci splendidi panorami e passando per la cittadina di Baiona, una tappa obbligatoria lungo il percorso.\n              <\/p>\n              <p>\n                Entreremo ad A Ramallosa attraversando il fiume Mi\u00f1or su un bellissimo ponte romanico del XIII secolo, composto da dieci archi e con una statua di San Telmo al centro.\n              <\/p>\n            <\/div>\n          <\/div>\n          <hr class=\"single-bar\" \/>\n          <!-- Giorno 9 -->\n          <div class=\"container-day\">\n            <div id=\"mainHeading\" class=\"container-day__heading\">\n              <div class=\"heading-col-start\">\n                <div class=\"heading-col-start__day\">\n                  <p>GIORNO<\/p>\n                  <p>9<\/p>\n                <\/div>\n                <div class=\"heading-col-start__stage\">\n                  <p>A Ramallosa &gt; Vigo<\/p>\n                  <p>Pernottamento a Vigo<\/p>\n                <\/div>\n              <\/div>\n              <button\n                aria-label=\"toggler\"\n                class=\"heading-col-end\"\n                data-menu-experience\n              >\n                <div><i class=\"icon-selector-down\"><\/i><\/div>\n              <\/button>\n            <\/div>\n            <div id=\"menu\" class=\"container-day__summary\">\n              <p>\n                In questa tappa da A Ramallosa, subito dopo aver attraversato il suo ponte medievale, dovremo scegliere se arrivare a Vigo seguendo le frecce gialle del cammino ufficiale oppure optare per il cammino costiero, segnalato con frecce verdi.\n              <\/p>\n              <p>\n                Se scegliamo questa alternativa, durante il percorso potremo ammirare i bei panorami sulle ultime spiagge del cammino e sull\u2019Oceano Atlantico.\n              <\/p>\n            <\/div>\n          <\/div>\n          <hr class=\"single-bar\" \/>\n          <!-- Giorno 10 -->\n          <div class=\"container-day\">\n            <div id=\"mainHeading\" class=\"container-day__heading\">\n              <div class=\"heading-col-start\">\n                <div class=\"heading-col-start__day\">\n                  <p>GIORNO<\/p>\n                  <p>10<\/p>\n                <\/div>\n                <div class=\"heading-col-start__stage\">\n                  <p>Vigo &gt; Redondela<\/p>\n                  <p>Pernottamento a Redondela<\/p>\n                <\/div>\n              <\/div>\n              <button\n                aria-label=\"toggler\"\n                class=\"heading-col-end\"\n                data-menu-experience\n              >\n                <div><i class=\"icon-selector-down\"><\/i><\/div>\n              <\/button>\n            <\/div>\n            <div id=\"menu\" class=\"container-day__summary\">\n              <p>\n                L\u2019inizio di questa tappa, all\u2019uscita da Vigo, ci regala splendide viste panoramiche sull\u2019estuario, lungo un sentiero boscoso chiamato Senda da Tra\u00edda das Augas.\n              <\/p>\n              <p>\n                Si tratta anche dell\u2019ultima tappa del Cammino Portoghese della Costa, poich\u00e9 all\u2019altezza di Redondela incontreremo i pellegrini del Cammino Portoghese dell\u2019interno, che ci accompagneranno fino a Santiago de Compostela.\n              <\/p>\n            <\/div>\n          <\/div>\n          <hr class=\"single-bar\" \/>\n          <!-- Giorno 11 -->\n          <div class=\"container-day\">\n            <div id=\"mainHeading\" class=\"container-day__heading\">\n              <div class=\"heading-col-start\">\n                <div class=\"heading-col-start__day\">\n                  <p>GIORNO<\/p>\n                  <p>11<\/p>\n                <\/div>\n                <div class=\"heading-col-start__stage\">\n                  <p>Redondela &gt; Pontevedra<\/p>\n                  <p>Pernottamento a Pontevedra<\/p>\n                <\/div>\n              <\/div>\n              <button\n                aria-label=\"toggler\"\n                class=\"heading-col-end\"\n                data-menu-experience\n              >\n                <div><i class=\"icon-selector-down\"><\/i><\/div>\n              <\/button>\n            <\/div>\n            <div id=\"menu\" class=\"container-day__summary\">\n              <p>\n                Ci aspetta una tappa breve di soli 19 km e senza grandi difficolt\u00e0, ben segnalata e di carattere prevalentemente urbano.\n              <\/p>\n              <p>\n                Passeremo per Arcade, localit\u00e0 famosa per le sue ostriche, attraverseremo il ponte medievale di Pontesampaio e entreremo nella splendida citt\u00e0 di Pontevedra, passando prima per la Senda Fluvial do R\u00edo dos Gafos, circondata da vegetazione rigogliosa.\n              <\/p>\n            <\/div>\n          <\/div>\n          <hr class=\"single-bar\" \/>\n          <!-- Giorno 12 -->\n          <div class=\"container-day\">\n            <div id=\"mainHeading\" class=\"container-day__heading\">\n              <div class=\"heading-col-start\">\n                <div class=\"heading-col-start__day\">\n                  <p>GIORNO<\/p>\n                  <p>12<\/p>\n                <\/div>\n                <div class=\"heading-col-start__stage\">\n                  <p>Pontevedra &gt; Caldas de Reis<\/p>\n                  <p>Pernottamento a Caldas de Reis<\/p>\n                <\/div>\n              <\/div>\n              <button\n                aria-label=\"toggler\"\n                class=\"heading-col-end\"\n                data-menu-experience\n              >\n                <div><i class=\"icon-selector-down\"><\/i><\/div>\n              <\/button>\n            <\/div>\n            <div id=\"menu\" class=\"container-day__summary\">\n              <p>\n                Lasceremo il bellissimo centro storico di Pontevedra dalla chiesa della Virgen Peregrina, attraversando il Ponte do Burgo, per proseguire tra tipici villaggi galiziani in una tappa facile e breve, come quella del giorno precedente.\n              <\/p>\n              <p>\n                Circa 3 km pi\u00f9 avanti avremo la possibilit\u00e0 di prendere la Variante Spirituale. Caldas de Reis, cittadina famosa per le sue terme di acque calde, ci aspetta alla fine della giornata.\n              <\/p>\n            <\/div>\n          <\/div>\n          <hr class=\"single-bar\" \/>\n          <!-- Giorno 13 -->\n          <div class=\"container-day\">\n            <div id=\"mainHeading\" class=\"container-day__heading\">\n              <div class=\"heading-col-start\">\n                <div class=\"heading-col-start__day\">\n                  <p>GIORNO<\/p>\n                  <p>13<\/p>\n                <\/div>\n                <div class=\"heading-col-start__stage\">\n                  <p>Caldas de Reis &gt; Padr\u00f3n<\/p>\n                  <p>Pernottamento a Padr\u00f3n<\/p>\n                <\/div>\n              <\/div>\n              <button\n                aria-label=\"toggler\"\n                class=\"heading-col-end\"\n                data-menu-experience\n              >\n                <div><i class=\"icon-selector-down\"><\/i><\/div>\n              <\/button>\n            <\/div>\n            <div id=\"menu\" class=\"container-day__summary\">\n              <p>\n                Ancora una volta una tappa breve, anche se con pi\u00f9 dislivelli rispetto alla precedente. Dovremo nuovamente seguire l\u2019asfalto della N-550, ma attraverseremo anche uno dei tratti boschivi pi\u00f9 belli di questa variante, in una tappa che ci introduce nella provincia di A Coru\u00f1a, avvicinandoci un po\u2019 di pi\u00f9 alla capitale galiziana.\n              <\/p>\n              <p>\n                All\u2019arrivo a Padr\u00f3n, potremo assaggiare i suoi famosi peperoncini o visitare la Casa Museo di Rosal\u00eda de Castro.\n              <\/p>\n            <\/div>\n          <\/div>\n          <hr class=\"single-bar\" \/>\n          <!-- Giorno 14 -->\n          <div class=\"container-day\">\n            <div id=\"mainHeading\" class=\"container-day__heading\">\n              <div class=\"heading-col-start\">\n                <div class=\"heading-col-start__day\">\n                  <p>GIORNO<\/p>\n                  <p>14<\/p>\n                <\/div>\n                <div class=\"heading-col-start__stage\">\n                  <p>Padr\u00f3n &gt; Santiago de Compostela<\/p>\n                  <p>Pernottamento a Santiago de Compostela<\/p>\n                <\/div>\n              <\/div>\n              <button\n                aria-label=\"toggler\"\n                class=\"heading-col-end\"\n                data-menu-experience\n              >\n                <div><i class=\"icon-selector-down\"><\/i><\/div>\n              <\/button>\n            <\/div>\n            <div id=\"menu\" class=\"container-day__summary\">\n              <p>\n                La nostra meta \u00e8 ormai vicina, ma prima dovremo percorrere tratti asfaltati e zone urbane, oltre a camminare a lungo lungo la strada nazionale. La maggiore difficolt\u00e0 ci attende nella salita all\u2019Agro dos Monteiros, all\u2019altezza di O Milladoiro.\n              <\/p>\n              <p>\n                Superata questa salita nella seconda parte della tappa, proseguiremo per entrare finalmente a Santiago de Compostela e raggiungere la Plaza del Obradoiro attraverso la famosa R\u00faa do Franco.\n              <\/p>\n            <\/div>\n          <\/div>\n          <hr class=\"single-bar\" \/>\n          <!-- Giorno 15 -->\n          <div class=\"container-day\">\n            <div id=\"mainHeading\" class=\"container-day__heading\">\n              <div class=\"heading-col-start\">\n                <div class=\"heading-col-start__day\">\n                  <p>GIORNO<\/p>\n                  <p>15<\/p>\n                <\/div>\n                <div class=\"heading-col-start__stage\">\n                  <p>Santiago de Compostela<\/p>\n                  <p>Giornata a Santiago de Compostela<\/p>\n                <\/div>\n              <\/div>\n              <button\n                aria-label=\"toggler\"\n                class=\"heading-col-end\"\n                data-menu-experience\n              >\n                <div><i class=\"icon-selector-down\"><\/i><\/div>\n              <\/button>\n            <\/div>\n            <div id=\"menu\" class=\"container-day__summary\">\n              <p>\n                Avremo la giornata libera per visitare tutti i principali punti di interesse della capitale galiziana, dalla Cattedrale al Mercado de Abastos o a Plaza de Plater\u00edas, fino ai numerosi locali e ristoranti del suo centro storico.\n              <\/p>\n            <\/div>\n          <\/div>\n        <\/div>\n      <\/section>\n    <\/div>\n  <\/div>\n\n  <!-- GALLERIA -->\n  <section id=\"gallery\" class=\"experience-gallery\">\n    <div class=\"experience-gallery__content\">\n      <div class=\"gallery-col-start\">\n        <div class=\"gallery-col-start__first-item\">\n          <div class=\"img-one\">\n            <img\n              decoding=\"async\"\n              src=\"https:\/\/cdn.pilgrim.es\/web\/experiencias\/portugues-oporto-costa\/experiencia-galeria-costa-oporto-1.jpg\"\n              alt=\"esperienza portoghese costa Oporto\"\n            \/>\n          <\/div>\n          <div class=\"img-two\">\n            <img\n              decoding=\"async\"\n              src=\"https:\/\/cdn.pilgrim.es\/web\/experiencias\/portugues-oporto-costa\/experiencia-galeria-costa-oporto-2.jpg\"\n              alt=\"esperienza portoghese costa Oporto\"\n            \/>\n          <\/div>\n        <\/div>\n        <div class=\"gallery-col-start__second-item\">\n          <img\n            decoding=\"async\"\n            src=\"https:\/\/cdn.pilgrim.es\/web\/experiencias\/portugues-oporto-costa\/experiencia-galeria-costa-oporto-3.jpg\"\n            alt=\"esperienza portoghese costa Oporto\"\n          \/>\n        <\/div>\n      <\/div>\n      <div class=\"gallery-col-center\">\n        <img\n          decoding=\"async\"\n          src=\"https:\/\/cdn.pilgrim.es\/web\/experiencias\/portugues-oporto-costa\/experiencia-galeria-costa-oporto-4.jpg\"\n          alt=\"esperienza portoghese costa Oporto\"\n        \/>\n      <\/div>\n      <div class=\"gallery-col-end\">\n        <div class=\"gallery-col-end__first-item\">\n          <img\n            decoding=\"async\"\n            src=\"https:\/\/cdn.pilgrim.es\/web\/experiencias\/portugues-oporto-costa\/experiencia-galeria-costa-oporto-5.jpg\"\n            alt=\"esperienza portoghese costa Oporto\"\n          \/>\n        <\/div>\n        <div class=\"gallery-col-end__second-item\">\n          <img\n            decoding=\"async\"\n            src=\"https:\/\/cdn.pilgrim.es\/web\/experiencias\/portugues-oporto-costa\/experiencia-galeria-costa-oporto-6.jpg\"\n            alt=\"esperienza portoghese costa Oporto\"\n          \/>\n        <\/div>\n      <\/div>\n    <\/div>\n  <\/section>\n\n  <!-- LINK DI INTERESSE -->\n  <section id=\"interest\" class=\"interest-links\">\n    <div>\n      <h4 class=\"category-title\">Per tua informazione<\/h4>\n      <hr class=\"orange-bar\" \/>\n      <h2>Link di interesse<\/h2>\n      <div class=\"interest-links-container\">\n        <div class=\"links-items\">\n          <div class=\"links-items__item\">\n            <p class=\"link-title\">Condizioni Generali<\/p>\n            <p class=\"link-btn\">\n              <a href=\"https:\/\/www.pilgrim.es\/condiciones-generales\/\" target=\"_blank\"\n                >Leggi di pi\u00f9<\/a\n              >\n            <\/p>\n          <\/div>\n          <div class=\"links-items__item\">\n            <p class=\"link-title\">Domande Frequenti<\/p>\n            <p class=\"link-btn\">\n              <a\n                href=\"\/?s=experiencia&#038;#helperSearchSection\"\n                target=\"_blank\"\n                >Leggi di pi\u00f9<\/a\n              >\n            <\/p>\n          <\/div>\n          <div class=\"links-items__item\">\n            <p class=\"link-title\">Come curare i piedi<\/p>\n            <p class=\"link-btn\">\n              <a\n                href=\"https:\/\/www.pilgrim.es\/como-cuidar-los-pies-para-hacer-el-camino-de-santiago\/\"\n                target=\"_blank\"\n                >Leggi di pi\u00f9<\/a\n              >\n            <\/p>\n          <\/div>\n        <\/div>\n      <\/div>\n    <\/div>\n  <\/section>\n  <section>\n\t<h4 class=\"category-title\">Altri Cammini<\/h4>\n\t<hr class=\"orange-bar\">\n\t<h2>Percorsi simili<\/h2>\n\t<p class=\"p-mt-5\">Uno dei vantaggi del Cammino \u00e8 la sua grande variet\u00e0 di percorsi. Ti proponiamo qualche alternativa, simile a quella che hai scelto.<\/p>\n\t<section class=\"p-w-full lg:p-w-3\/4\"><section id=\"experiencesCarousel\" class=\"p-relative\">\r\n  <div id=\"experiencesCarousel\" class=\"p-container p-mx-auto p-relative p-w-full lg:p-w-4\/5\">\r\n    <button id=\"prev-slide-experiences\" class=\"slide-button material-symbols-rounded\">\r\n        <div class=\"p-self-item p-font-bold\">&#10094;<\/div>\r\n    <\/button>\r\n    <button id=\"next-slide-experiences\" class=\"slide-button material-symbols-rounded\">\r\n        <div class=\"p-font-bold\">&#10095;<\/div>\r\n    <\/button>\r\n    <div id=\"carousel\" class=\"container-slider p-self-center p-mt-10\">\r\n        <ul class=\"card-list card-list--less-gap\">\r\n                                                <div  class=\"card-item card-item--min\" data-category=\"frances\" data-mode=\"a-pie\">\r\n                        <div class=\"p-rounded-lg p-h-80 p-relative p-p-5 p-text-white p-max-w-[250px] lg:p-max-w-full experience-card-item\">\r\n                            <div class=\"experience-card-bg\" style=\"background-image: url('\/wp-content\/uploads\/2024\/07\/experiencia-frances-desde-sarria.jpg');\"><\/div>\r\n                            <div class=\"experience-card-content p-h-72 card-item-container p-max-w-[250px] lg:p-max-w-full\">\r\n                                <div class=\"p-flex p-flex-wrap\">\r\n                                    <p class=\"p-col-auto p-m-0 p-px-2 p-border p-border-white p-rounded-lg p-text-sm p-self-center\">A piedi<\/p>\r\n                                    <p class=\"p-text-sm p-self-center p-px-4 p-mb-0\">4,9 \u2605<\/p>\r\n                                <\/div>\r\n                                <h3 class=\"p-font-['Inter'] p-normal-case p-text-base lg:p-text-xl p-font-bold p-my-5\"> <a href=\"\/it\/esperienze\/cammino-francese-da-sarria\/\" id=\"camino-frances-desde-sarria\" target=\"_blank\" class=\"after:p-absolute after:p-inset-0 p-text-white hover:p-text-light\">Cammino Francese da Sarria<\/a><\/h3>\r\n                                <div class=\"p-flex p-flex-wrap\">\r\n                                    <div class=\"p-col-auto p-flex p-self-center p-pr-0\">\r\n                                        <i class=\"icon-signal\"><\/i>\r\n                                    <\/div>\r\n                                    <div class=\"p-col-auto p-flex p-self-auto p-ml-2\">\r\n                                        <p class=\"p-m-0 p-text-sm p-font-bold\">111 Km<\/p>\r\n                                    <\/div>\r\n                                <\/div>\r\n                                <div class=\"p-flex p-flex-wrap p-my-1\">\r\n                                    <div class=\"p-col-auto p-flex p-self-center p-pr-0\">\r\n                                        <i class=\"icon-calendar\"><\/i>\r\n                                    <\/div>\r\n                                    <div class=\"p-col-auto p-flex p-self-auto p-ml-2\">\r\n                                        <p class=\"p-m-0 p-text-sm p-font-bold\">5 tappe<\/p>\r\n                                    <\/div>\r\n                                <\/div>\r\n                                <div class=\"p-flex p-flex-wrap\">\r\n                                    <div class=\"p-col-auto p-flex p-self-center p-pr-0\">\r\n                                        <i class=\"icon-nights\"><\/i>\r\n                                    <\/div>\r\n                                    <div class=\"p-col-auto p-flex p-align-self-auto p-ml-2\">\r\n                                        <p class=\"p-m-0 p-text-sm p-font-bold\">6 notti<\/p>\r\n                                    <\/div>\r\n                                <\/div>\r\n                                <div class=\"p-w-full p-absolute p-bottom-0 p-pb-3 p-pointer-events-none\">\r\n                                    <div class=\"p-flex p-justify-between\">\r\n                                        <div>\r\n                                            <p class=\"p-text-xs p-uppercase p-font-semibold p-my-1\">A partire da<\/p>\r\n                                            <p class=\"p-text-2xl p-font-semibold p-mt-[-12px]\">450\u20ac<\/p>\r\n                                        <\/div>\r\n                                        <div class=\"p-text-white p-w-auto p-h-auto p-p-2 p-self-center p-rounded-full p-bg-dark-opacity\">\r\n                                            <img decoding=\"async\" src=\"\/wp-content\/uploads\/2024\/07\/flecha-r.svg\" alt=\"icono flecha derecha\" class=\"p-text-center p-self-center\">\r\n                                        <\/div>\r\n                                    <\/div>\r\n                                <\/div>\r\n                            <\/div>\r\n                        <\/div>\r\n                    <\/div>\r\n                                                                <div  class=\"card-item card-item--min\" data-category=\"frances\" data-mode=\"a-pie\">\r\n                        <div class=\"p-rounded-lg p-h-80 p-relative p-p-5 p-text-white p-max-w-[250px] lg:p-max-w-full experience-card-item\">\r\n                            <div class=\"experience-card-bg\" style=\"background-image: url('\/wp-content\/uploads\/2024\/07\/experiencia-santiago-con-perro.jpg');\"><\/div>\r\n                            <div class=\"experience-card-content p-h-72 card-item-container p-max-w-[250px] lg:p-max-w-full\">\r\n                                <div class=\"p-flex p-flex-wrap\">\r\n                                    <p class=\"p-col-auto p-m-0 p-px-2 p-border p-border-white p-rounded-lg p-text-sm p-self-center\">A piedi<\/p>\r\n                                    <p class=\"p-text-sm p-self-center p-px-4 p-mb-0\">4,8 \u2605<\/p>\r\n                                <\/div>\r\n                                <h3 class=\"p-font-['Inter'] p-normal-case p-text-base lg:p-text-xl p-font-bold p-my-5\"> <a href=\"\/it\/esperienze\/cammino-francese-cane\/\" id=\"camino-frances-perro\" target=\"_blank\" class=\"after:p-absolute after:p-inset-0 p-text-white hover:p-text-light\">Cammino Francese da Sarria con il cane<\/a><\/h3>\r\n                                <div class=\"p-flex p-flex-wrap\">\r\n                                    <div class=\"p-col-auto p-flex p-self-center p-pr-0\">\r\n                                        <i class=\"icon-signal\"><\/i>\r\n                                    <\/div>\r\n                                    <div class=\"p-col-auto p-flex p-self-auto p-ml-2\">\r\n                                        <p class=\"p-m-0 p-text-sm p-font-bold\">111 Km<\/p>\r\n                                    <\/div>\r\n                                <\/div>\r\n                                <div class=\"p-flex p-flex-wrap p-my-1\">\r\n                                    <div class=\"p-col-auto p-flex p-self-center p-pr-0\">\r\n                                        <i class=\"icon-calendar\"><\/i>\r\n                                    <\/div>\r\n                                    <div class=\"p-col-auto p-flex p-self-auto p-ml-2\">\r\n                                        <p class=\"p-m-0 p-text-sm p-font-bold\">5 tappe<\/p>\r\n                                    <\/div>\r\n                                <\/div>\r\n                                <div class=\"p-flex p-flex-wrap\">\r\n                                    <div class=\"p-col-auto p-flex p-self-center p-pr-0\">\r\n                                        <i class=\"icon-nights\"><\/i>\r\n                                    <\/div>\r\n                                    <div class=\"p-col-auto p-flex p-align-self-auto p-ml-2\">\r\n                                        <p class=\"p-m-0 p-text-sm p-font-bold\">6 notti<\/p>\r\n                                    <\/div>\r\n                                <\/div>\r\n                                <div class=\"p-w-full p-absolute p-bottom-0 p-pb-3 p-pointer-events-none\">\r\n                                    <div class=\"p-flex p-justify-between\">\r\n                                        <div>\r\n                                            <p class=\"p-text-xs p-uppercase p-font-semibold p-my-1\">A partire da<\/p>\r\n                                            <p class=\"p-text-2xl p-font-semibold p-mt-[-12px]\">495\u20ac<\/p>\r\n                                        <\/div>\r\n                                        <div class=\"p-text-white p-w-auto p-h-auto p-p-2 p-self-center p-rounded-full p-bg-dark-opacity\">\r\n                                            <img decoding=\"async\" src=\"\/wp-content\/uploads\/2024\/07\/flecha-r.svg\" alt=\"icono flecha derecha\" class=\"p-text-center p-self-center\">\r\n                                        <\/div>\r\n                                    <\/div>\r\n                                <\/div>\r\n                            <\/div>\r\n                        <\/div>\r\n                    <\/div>\r\n                                                                <div  class=\"card-item card-item--min\" data-category=\"portugues\" data-mode=\"a-pie\">\r\n                        <div class=\"p-rounded-lg p-h-80 p-relative p-p-5 p-text-white p-max-w-[250px] lg:p-max-w-full experience-card-item\">\r\n                            <div class=\"experience-card-bg\" style=\"background-image: url('\/wp-content\/uploads\/2024\/07\/experiencia-portugues-desde-tui.jpg');\"><\/div>\r\n                            <div class=\"experience-card-content p-h-72 card-item-container p-max-w-[250px] lg:p-max-w-full\">\r\n                                <div class=\"p-flex p-flex-wrap\">\r\n                                    <p class=\"p-col-auto p-m-0 p-px-2 p-border p-border-white p-rounded-lg p-text-sm p-self-center\">A piedi<\/p>\r\n                                    <p class=\"p-text-sm p-self-center p-px-4 p-mb-0\">4,9 \u2605<\/p>\r\n                                <\/div>\r\n                                <h3 class=\"p-font-['Inter'] p-normal-case p-text-base lg:p-text-xl p-font-bold p-my-5\"> <a href=\"\/it\/esperienze\/cammino-portoghese-da-tui\/\" id=\"camino-portugues-desde-tui\" target=\"_blank\" class=\"after:p-absolute after:p-inset-0 p-text-white hover:p-text-light\">Cammino Portoghese Da Tui<\/a><\/h3>\r\n                                <div class=\"p-flex p-flex-wrap\">\r\n                                    <div class=\"p-col-auto p-flex p-self-center p-pr-0\">\r\n                                        <i class=\"icon-signal\"><\/i>\r\n                                    <\/div>\r\n                                    <div class=\"p-col-auto p-flex p-self-auto p-ml-2\">\r\n                                        <p class=\"p-m-0 p-text-sm p-font-bold\">115 Km<\/p>\r\n                                    <\/div>\r\n                                <\/div>\r\n                                <div class=\"p-flex p-flex-wrap p-my-1\">\r\n                                    <div class=\"p-col-auto p-flex p-self-center p-pr-0\">\r\n                                        <i class=\"icon-calendar\"><\/i>\r\n                                    <\/div>\r\n                                    <div class=\"p-col-auto p-flex p-self-auto p-ml-2\">\r\n                                        <p class=\"p-m-0 p-text-sm p-font-bold\">5 tappe<\/p>\r\n                                    <\/div>\r\n                                <\/div>\r\n                                <div class=\"p-flex p-flex-wrap\">\r\n                                    <div class=\"p-col-auto p-flex p-self-center p-pr-0\">\r\n                                        <i class=\"icon-nights\"><\/i>\r\n                                    <\/div>\r\n                                    <div class=\"p-col-auto p-flex p-align-self-auto p-ml-2\">\r\n                                        <p class=\"p-m-0 p-text-sm p-font-bold\">6 notti<\/p>\r\n                                    <\/div>\r\n                                <\/div>\r\n                                <div class=\"p-w-full p-absolute p-bottom-0 p-pb-3 p-pointer-events-none\">\r\n                                    <div class=\"p-flex p-justify-between\">\r\n                                        <div>\r\n                                            <p class=\"p-text-xs p-uppercase p-font-semibold p-my-1\">A partire da<\/p>\r\n                                            <p class=\"p-text-2xl p-font-semibold p-mt-[-12px]\">450\u20ac<\/p>\r\n                                        <\/div>\r\n                                        <div class=\"p-text-white p-w-auto p-h-auto p-p-2 p-self-center p-rounded-full p-bg-dark-opacity\">\r\n                                            <img decoding=\"async\" src=\"\/wp-content\/uploads\/2024\/07\/flecha-r.svg\" alt=\"icono flecha derecha\" class=\"p-text-center p-self-center\">\r\n                                        <\/div>\r\n                                    <\/div>\r\n                                <\/div>\r\n                            <\/div>\r\n                        <\/div>\r\n                    <\/div>\r\n                                                                <div  class=\"card-item card-item--min\" data-category=\"ingles\" data-mode=\"a-pie\">\r\n                        <div class=\"p-rounded-lg p-h-80 p-relative p-p-5 p-text-white p-max-w-[250px] lg:p-max-w-full experience-card-item\">\r\n                            <div class=\"experience-card-bg\" style=\"background-image: url('\/wp-content\/uploads\/2024\/07\/experiencia-ingles-desde-ferrol.jpg');\"><\/div>\r\n                            <div class=\"experience-card-content p-h-72 card-item-container p-max-w-[250px] lg:p-max-w-full\">\r\n                                <div class=\"p-flex p-flex-wrap\">\r\n                                    <p class=\"p-col-auto p-m-0 p-px-2 p-border p-border-white p-rounded-lg p-text-sm p-self-center\">A piedi<\/p>\r\n                                    <p class=\"p-text-sm p-self-center p-px-4 p-mb-0\">4,7 \u2605<\/p>\r\n                                <\/div>\r\n                                <h3 class=\"p-font-['Inter'] p-normal-case p-text-base lg:p-text-xl p-font-bold p-my-5\"> <a href=\"\/it\/esperienze\/cammino-inglese-da-ferrol\/\" id=\"camino-ingles-desde-ferrol\" target=\"_blank\" class=\"after:p-absolute after:p-inset-0 p-text-white hover:p-text-light\">Il Cammino Inglese da Ferrol<\/a><\/h3>\r\n                                <div class=\"p-flex p-flex-wrap\">\r\n                                    <div class=\"p-col-auto p-flex p-self-center p-pr-0\">\r\n                                        <i class=\"icon-signal\"><\/i>\r\n                                    <\/div>\r\n                                    <div class=\"p-col-auto p-flex p-self-auto p-ml-2\">\r\n                                        <p class=\"p-m-0 p-text-sm p-font-bold\">116 Km<\/p>\r\n                                    <\/div>\r\n                                <\/div>\r\n                                <div class=\"p-flex p-flex-wrap p-my-1\">\r\n                                    <div class=\"p-col-auto p-flex p-self-center p-pr-0\">\r\n                                        <i class=\"icon-calendar\"><\/i>\r\n                                    <\/div>\r\n                                    <div class=\"p-col-auto p-flex p-self-auto p-ml-2\">\r\n                                        <p class=\"p-m-0 p-text-sm p-font-bold\">5 tappe<\/p>\r\n                                    <\/div>\r\n                                <\/div>\r\n                                <div class=\"p-flex p-flex-wrap\">\r\n                                    <div class=\"p-col-auto p-flex p-self-center p-pr-0\">\r\n                                        <i class=\"icon-nights\"><\/i>\r\n                                    <\/div>\r\n                                    <div class=\"p-col-auto p-flex p-align-self-auto p-ml-2\">\r\n                                        <p class=\"p-m-0 p-text-sm p-font-bold\">6 notti<\/p>\r\n                                    <\/div>\r\n                                <\/div>\r\n                                <div class=\"p-w-full p-absolute p-bottom-0 p-pb-3 p-pointer-events-none\">\r\n                                    <div class=\"p-flex p-justify-between\">\r\n                                        <div>\r\n                                            <p class=\"p-text-xs p-uppercase p-font-semibold p-my-1\">A partire da<\/p>\r\n                                            <p class=\"p-text-2xl p-font-semibold p-mt-[-12px]\">450\u20ac<\/p>\r\n                                        <\/div>\r\n                                        <div class=\"p-text-white p-w-auto p-h-auto p-p-2 p-self-center p-rounded-full p-bg-dark-opacity\">\r\n                                            <img decoding=\"async\" src=\"\/wp-content\/uploads\/2024\/07\/flecha-r.svg\" alt=\"icono flecha derecha\" class=\"p-text-center p-self-center\">\r\n                                        <\/div>\r\n                                    <\/div>\r\n                                <\/div>\r\n                            <\/div>\r\n                        <\/div>\r\n                    <\/div>\r\n                                                                <div  class=\"card-item card-item--min\" data-category=\"fisterra\" data-mode=\"a-pie\">\r\n                        <div class=\"p-rounded-lg p-h-80 p-relative p-p-5 p-text-white p-max-w-[250px] lg:p-max-w-full experience-card-item\">\r\n                            <div class=\"experience-card-bg\" style=\"background-image: url('\/wp-content\/uploads\/2024\/07\/experiencia-santiago-a-fisterra.jpg');\"><\/div>\r\n                            <div class=\"experience-card-content p-h-72 card-item-container p-max-w-[250px] lg:p-max-w-full\">\r\n                                <div class=\"p-flex p-flex-wrap\">\r\n                                    <p class=\"p-col-auto p-m-0 p-px-2 p-border p-border-white p-rounded-lg p-text-sm p-self-center\">A piedi<\/p>\r\n                                    <p class=\"p-text-sm p-self-center p-px-4 p-mb-0\">4,8 \u2605<\/p>\r\n                                <\/div>\r\n                                <h3 class=\"p-font-['Inter'] p-normal-case p-text-base lg:p-text-xl p-font-bold p-my-5\"> <a href=\"\/it\/esperienze\/cammino-di-santiago-fisterra-a-piedi\/\" id=\"camino-santiago-fisterra-caminando\" target=\"_blank\" class=\"after:p-absolute after:p-inset-0 p-text-white hover:p-text-light\">Cammino di Santiago a Fisterra a piedi<\/a><\/h3>\r\n                                <div class=\"p-flex p-flex-wrap\">\r\n                                    <div class=\"p-col-auto p-flex p-self-center p-pr-0\">\r\n                                        <i class=\"icon-signal\"><\/i>\r\n                                    <\/div>\r\n                                    <div class=\"p-col-auto p-flex p-self-auto p-ml-2\">\r\n                                        <p class=\"p-m-0 p-text-sm p-font-bold\">85 Km<\/p>\r\n                                    <\/div>\r\n                                <\/div>\r\n                                <div class=\"p-flex p-flex-wrap p-my-1\">\r\n                                    <div class=\"p-col-auto p-flex p-self-center p-pr-0\">\r\n                                        <i class=\"icon-calendar\"><\/i>\r\n                                    <\/div>\r\n                                    <div class=\"p-col-auto p-flex p-self-auto p-ml-2\">\r\n                                        <p class=\"p-m-0 p-text-sm p-font-bold\">3 tappe<\/p>\r\n                                    <\/div>\r\n                                <\/div>\r\n                                <div class=\"p-flex p-flex-wrap\">\r\n                                    <div class=\"p-col-auto p-flex p-self-center p-pr-0\">\r\n                                        <i class=\"icon-nights\"><\/i>\r\n                                    <\/div>\r\n                                    <div class=\"p-col-auto p-flex p-align-self-auto p-ml-2\">\r\n                                        <p class=\"p-m-0 p-text-sm p-font-bold\">4 notti<\/p>\r\n                                    <\/div>\r\n                                <\/div>\r\n                                <div class=\"p-w-full p-absolute p-bottom-0 p-pb-3 p-pointer-events-none\">\r\n                                    <div class=\"p-flex p-justify-between\">\r\n                                        <div>\r\n                                            <p class=\"p-text-xs p-uppercase p-font-semibold p-my-1\">A partire da<\/p>\r\n                                            <p class=\"p-text-2xl p-font-semibold p-mt-[-12px]\">315\u20ac<\/p>\r\n                                        <\/div>\r\n                                        <div class=\"p-text-white p-w-auto p-h-auto p-p-2 p-self-center p-rounded-full p-bg-dark-opacity\">\r\n                                            <img decoding=\"async\" src=\"\/wp-content\/uploads\/2024\/07\/flecha-r.svg\" alt=\"icono flecha derecha\" class=\"p-text-center p-self-center\">\r\n                                        <\/div>\r\n                                    <\/div>\r\n                                <\/div>\r\n                            <\/div>\r\n                        <\/div>\r\n                    <\/div>\r\n                                                                <div  class=\"card-item card-item--min\" data-category=\"portugues\" data-mode=\"a-pie\">\r\n                        <div class=\"p-rounded-lg p-h-80 p-relative p-p-5 p-text-white p-max-w-[250px] lg:p-max-w-full experience-card-item\">\r\n                            <div class=\"experience-card-bg\" style=\"background-image: url('\/wp-content\/uploads\/2024\/07\/experiencia-en-bici-desde-oporto.jpg');\"><\/div>\r\n                            <div class=\"experience-card-content p-h-72 card-item-container p-max-w-[250px] lg:p-max-w-full\">\r\n                                <div class=\"p-flex p-flex-wrap\">\r\n                                    <p class=\"p-col-auto p-m-0 p-px-2 p-border p-border-white p-rounded-lg p-text-sm p-self-center\">In bicicletta<\/p>\r\n                                    <p class=\"p-text-sm p-self-center p-px-4 p-mb-0\">4,8 \u2605<\/p>\r\n                                <\/div>\r\n                                <h3 class=\"p-font-['Inter'] p-normal-case p-text-base lg:p-text-xl p-font-bold p-my-5\"> <a href=\"\/it\/esperienze\/cammino-portoghese-in-bicicletta-da-oporto\/\" id=\"camino-portugues-en-bicicleta-desde-oporto\" target=\"_blank\" class=\"after:p-absolute after:p-inset-0 p-text-white hover:p-text-light\">Cammino Portoghese in bicicletta da Oporto<\/a><\/h3>\r\n                                <div class=\"p-flex p-flex-wrap\">\r\n                                    <div class=\"p-col-auto p-flex p-self-center p-pr-0\">\r\n                                        <i class=\"icon-signal\"><\/i>\r\n                                    <\/div>\r\n                                    <div class=\"p-col-auto p-flex p-self-auto p-ml-2\">\r\n                                        <p class=\"p-m-0 p-text-sm p-font-bold\">242 Km<\/p>\r\n                                    <\/div>\r\n                                <\/div>\r\n                                <div class=\"p-flex p-flex-wrap p-my-1\">\r\n                                    <div class=\"p-col-auto p-flex p-self-center p-pr-0\">\r\n                                        <i class=\"icon-calendar\"><\/i>\r\n                                    <\/div>\r\n                                    <div class=\"p-col-auto p-flex p-self-auto p-ml-2\">\r\n                                        <p class=\"p-m-0 p-text-sm p-font-bold\">5 tappe<\/p>\r\n                                    <\/div>\r\n                                <\/div>\r\n                                <div class=\"p-flex p-flex-wrap\">\r\n                                    <div class=\"p-col-auto p-flex p-self-center p-pr-0\">\r\n                                        <i class=\"icon-nights\"><\/i>\r\n                                    <\/div>\r\n                                    <div class=\"p-col-auto p-flex p-align-self-auto p-ml-2\">\r\n                                        <p class=\"p-m-0 p-text-sm p-font-bold\">6 notti<\/p>\r\n                                    <\/div>\r\n                                <\/div>\r\n                                <div class=\"p-w-full p-absolute p-bottom-0 p-pb-3 p-pointer-events-none\">\r\n                                    <div class=\"p-flex p-justify-between\">\r\n                                        <div>\r\n                                            <p class=\"p-text-xs p-uppercase p-font-semibold p-my-1\">A partire da<\/p>\r\n                                            <p class=\"p-text-2xl p-font-semibold p-mt-[-12px]\">490\u20ac<\/p>\r\n                                        <\/div>\r\n                                        <div class=\"p-text-white p-w-auto p-h-auto p-p-2 p-self-center p-rounded-full p-bg-dark-opacity\">\r\n                                            <img decoding=\"async\" src=\"\/wp-content\/uploads\/2024\/07\/flecha-r.svg\" alt=\"icono flecha derecha\" class=\"p-text-center p-self-center\">\r\n                                        <\/div>\r\n                                    <\/div>\r\n                                <\/div>\r\n                            <\/div>\r\n                        <\/div>\r\n                    <\/div>\r\n                                                                <div  class=\"card-item card-item--min\" data-category=\"primitivo\" data-mode=\"a-pie\">\r\n                        <div class=\"p-rounded-lg p-h-80 p-relative p-p-5 p-text-white p-max-w-[250px] lg:p-max-w-full experience-card-item\">\r\n                            <div class=\"experience-card-bg\" style=\"background-image: url('\/wp-content\/uploads\/2024\/07\/experiencia-en-bici-desde-oviedo.jpg');\"><\/div>\r\n                            <div class=\"experience-card-content p-h-72 card-item-container p-max-w-[250px] lg:p-max-w-full\">\r\n                                <div class=\"p-flex p-flex-wrap\">\r\n                                    <p class=\"p-col-auto p-m-0 p-px-2 p-border p-border-white p-rounded-lg p-text-sm p-self-center\">In bicicletta<\/p>\r\n                                    <p class=\"p-text-sm p-self-center p-px-4 p-mb-0\">4,8 \u2605<\/p>\r\n                                <\/div>\r\n                                <h3 class=\"p-font-['Inter'] p-normal-case p-text-base lg:p-text-xl p-font-bold p-my-5\"> <a href=\"\/it\/esperienze\/cammino-primitivo-da-oviedo-bicicletta\/\" id=\"camino-primitivo-desde-oviedo-bici\" target=\"_blank\" class=\"after:p-absolute after:p-inset-0 p-text-white hover:p-text-light\">Il Cammino Primitivo in bicicletta da Oviedo<\/a><\/h3>\r\n                                <div class=\"p-flex p-flex-wrap\">\r\n                                    <div class=\"p-col-auto p-flex p-self-center p-pr-0\">\r\n                                        <i class=\"icon-signal\"><\/i>\r\n                                    <\/div>\r\n                                    <div class=\"p-col-auto p-flex p-self-auto p-ml-2\">\r\n                                        <p class=\"p-m-0 p-text-sm p-font-bold\">313 Km<\/p>\r\n                                    <\/div>\r\n                                <\/div>\r\n                                <div class=\"p-flex p-flex-wrap p-my-1\">\r\n                                    <div class=\"p-col-auto p-flex p-self-center p-pr-0\">\r\n                                        <i class=\"icon-calendar\"><\/i>\r\n                                    <\/div>\r\n                                    <div class=\"p-col-auto p-flex p-self-auto p-ml-2\">\r\n                                        <p class=\"p-m-0 p-text-sm p-font-bold\">7 tappe<\/p>\r\n                                    <\/div>\r\n                                <\/div>\r\n                                <div class=\"p-flex p-flex-wrap\">\r\n                                    <div class=\"p-col-auto p-flex p-self-center p-pr-0\">\r\n                                        <i class=\"icon-nights\"><\/i>\r\n                                    <\/div>\r\n                                    <div class=\"p-col-auto p-flex p-align-self-auto p-ml-2\">\r\n                                        <p class=\"p-m-0 p-text-sm p-font-bold\">8 notti<\/p>\r\n                                    <\/div>\r\n                                <\/div>\r\n                                <div class=\"p-w-full p-absolute p-bottom-0 p-pb-3 p-pointer-events-none\">\r\n                                    <div class=\"p-flex p-justify-between\">\r\n                                        <div>\r\n                                            <p class=\"p-text-xs p-uppercase p-font-semibold p-my-1\">A partire da<\/p>\r\n                                            <p class=\"p-text-2xl p-font-semibold p-mt-[-12px]\">625\u20ac<\/p>\r\n                                        <\/div>\r\n                                        <div class=\"p-text-white p-w-auto p-h-auto p-p-2 p-self-center p-rounded-full p-bg-dark-opacity\">\r\n                                            <img decoding=\"async\" src=\"\/wp-content\/uploads\/2024\/07\/flecha-r.svg\" alt=\"icono flecha derecha\" class=\"p-text-center p-self-center\">\r\n                                        <\/div>\r\n                                    <\/div>\r\n                                <\/div>\r\n                            <\/div>\r\n                        <\/div>\r\n                    <\/div>\r\n                                                                <div  class=\"card-item card-item--min\" data-category=\"primitivo\" data-mode=\"a-pie\">\r\n                        <div class=\"p-rounded-lg p-h-80 p-relative p-p-5 p-text-white p-max-w-[250px] lg:p-max-w-full experience-card-item\">\r\n                            <div class=\"experience-card-bg\" style=\"background-image: url('\/wp-content\/uploads\/2024\/07\/experiencia-primitivo-desde-lugo.jpg');\"><\/div>\r\n                            <div class=\"experience-card-content p-h-72 card-item-container p-max-w-[250px] lg:p-max-w-full\">\r\n                                <div class=\"p-flex p-flex-wrap\">\r\n                                    <p class=\"p-col-auto p-m-0 p-px-2 p-border p-border-white p-rounded-lg p-text-sm p-self-center\">A piedi<\/p>\r\n                                    <p class=\"p-text-sm p-self-center p-px-4 p-mb-0\">4,7 \u2605<\/p>\r\n                                <\/div>\r\n                                <h3 class=\"p-font-['Inter'] p-normal-case p-text-base lg:p-text-xl p-font-bold p-my-5\"> <a href=\"\/it\/esperienze\/cammino-primitivo-da-lugo\/\" id=\"el-camino-primitivo-desde-lugo\" target=\"_blank\" class=\"after:p-absolute after:p-inset-0 p-text-white hover:p-text-light\">Il cammino primitivo da Lugo<\/a><\/h3>\r\n                                <div class=\"p-flex p-flex-wrap\">\r\n                                    <div class=\"p-col-auto p-flex p-self-center p-pr-0\">\r\n                                        <i class=\"icon-signal\"><\/i>\r\n                                    <\/div>\r\n                                    <div class=\"p-col-auto p-flex p-self-auto p-ml-2\">\r\n                                        <p class=\"p-m-0 p-text-sm p-font-bold\">102 Km<\/p>\r\n                                    <\/div>\r\n                                <\/div>\r\n                                <div class=\"p-flex p-flex-wrap p-my-1\">\r\n                                    <div class=\"p-col-auto p-flex p-self-center p-pr-0\">\r\n                                        <i class=\"icon-calendar\"><\/i>\r\n                                    <\/div>\r\n                                    <div class=\"p-col-auto p-flex p-self-auto p-ml-2\">\r\n                                        <p class=\"p-m-0 p-text-sm p-font-bold\">5 tappe<\/p>\r\n                                    <\/div>\r\n                                <\/div>\r\n                                <div class=\"p-flex p-flex-wrap\">\r\n                                    <div class=\"p-col-auto p-flex p-self-center p-pr-0\">\r\n                                        <i class=\"icon-nights\"><\/i>\r\n                                    <\/div>\r\n                                    <div class=\"p-col-auto p-flex p-align-self-auto p-ml-2\">\r\n                                        <p class=\"p-m-0 p-text-sm p-font-bold\">6 notti<\/p>\r\n                                    <\/div>\r\n                                <\/div>\r\n                                <div class=\"p-w-full p-absolute p-bottom-0 p-pb-3 p-pointer-events-none\">\r\n                                    <div class=\"p-flex p-justify-between\">\r\n                                        <div>\r\n                                            <p class=\"p-text-xs p-uppercase p-font-semibold p-my-1\">A partire da<\/p>\r\n                                            <p class=\"p-text-2xl p-font-semibold p-mt-[-12px]\">450\u20ac<\/p>\r\n                                        <\/div>\r\n                                        <div class=\"p-text-white p-w-auto p-h-auto p-p-2 p-self-center p-rounded-full p-bg-dark-opacity\">\r\n                                            <img decoding=\"async\" src=\"\/wp-content\/uploads\/2024\/07\/flecha-r.svg\" alt=\"icono flecha derecha\" class=\"p-text-center p-self-center\">\r\n                                        <\/div>\r\n                                    <\/div>\r\n                                <\/div>\r\n                            <\/div>\r\n                        <\/div>\r\n                    <\/div>\r\n                                        <div class=\"p-group card-item card-item--min p-p-5 p-relative p-rounded-lg p-bg-brown-light p-max-w-[250px] lg:p-max-w-full\">\r\n              <div class=\"p-h-full p-w-full p-flex p-justify-center p-z-10 p-rounded-lg\">\r\n                <div class=\"p-self-center p-flex p-flex-col p-justify-center p-text-center p-content-center\">\r\n                  <div class=\"p-border p-border-2 p-border-primary p-h-10 p-w-10 lg:p-h-16 lg:p-w-16 p-rounded-full p-mb-5 p-self-center\">\r\n                    <p class=\"p-self-center p-text-2xl lg:p-text-4xl p-text-primary\">+<\/p>\r\n                  <\/div>\r\n                  <p class=\"p-text-base lg:p-text-xl p-text-gray p-font-bold\">Vedi tutti <br> le nostre esperienze<\/p>\r\n                  <button class=\"p-bg-primary p-my-5 p-rounded-lg p-px-5 p-py-2 hover:p-bg-primary-dark\">\r\n                    <a href=\"https:\/\/www.pilgrim.es\/it\/esperienze\/\"  class=\"after:p-absolute after:p-inset-0 p-text-white p-h-10 hover:p-text-white p-text-base lg:p-text-xl\">Altri itinerari<\/a>\r\n                  <\/button>\r\n                <\/div>\r\n              <\/div>\r\n            <\/div>\r\n        <\/ul>\r\n        <div class=\"slider-scrollbar\">\r\n            <div class=\"scrollbar-track\">\r\n                <div class=\"scrollbar-thumb\"><\/div>\r\n            <\/div>\r\n        <\/div>\r\n        <div id=\"indicators\" class=\"slider-indicators\"><\/div>\r\n    <\/div>\r\n  <\/div>\r\n<\/section>\r\n<script>\/\/ Aqu\u00ed va el c\u00f3digo JavaScript que maneja el slider\r\nconst initSlider = () => {\r\n  const imageList = document.querySelector(\".slider-wrapper .card-list\");\r\n  const slideButtons = document.querySelectorAll(\r\n    \".slider-wrapper .slide-button\"\r\n  );\r\n  const sliderScrollbar = document.querySelector(\r\n    \".container-slider .slider-scrollbar\"\r\n  );\r\n  const indicators = document.querySelectorAll(\".slider-indicators .indicator\");\r\n\r\n  if (sliderScrollbar && imageList && slideButtons) {\r\n    const scrollbarThumb =\r\n      sliderScrollbar.getElementsByClassName(\"scrollbar-thumb\");\r\n    const maxScrollLeft = imageList.scrollWidth - imageList.clientWidth;\r\n\r\n    \/\/ manejar scroll\r\n    scrollbarThumb.addEventListener(\"mousedown\", (e) => {\r\n      const startX = e.clientX;\r\n      const thumbPosition = scrollbarThumb.offsetLeft;\r\n      const maxThumbPosition =\r\n        sliderScrollbar.getBoundingClientRect().width -\r\n        scrollbarThumb.offsetWidth;\r\n\r\n      \/\/ actualizar posici\u00f3n con movimiento de rat\u00f3n\r\n      const handleMouseMove = (e) => {\r\n        const deltaX = e.clientX - startX;\r\n        const newThumbPosition = thumbPosition + deltaX;\r\n\r\n        \/\/ para que la scrollbar no se salga\r\n        const boundedPosition = Math.max(\r\n          0,\r\n          Math.min(maxThumbPosition, newThumbPosition)\r\n        );\r\n        const scrollPosition =\r\n          (boundedPosition \/ maxThumbPosition) * maxScrollLeft;\r\n\r\n        scrollbarThumb.style.left = `${boundedPosition}px`;\r\n        imageList.scrollLeft = scrollPosition;\r\n      };\r\n\r\n      \/\/ quitar escuchadores en mouse up\r\n      const handleMouseUp = () => {\r\n        document.removeEventListener(\"mousemove\", handleMouseMove);\r\n        document.removeEventListener(\"mouseup\", handleMouseUp);\r\n      };\r\n\r\n      \/\/ a\u00f1adir escuchadores para arrastre\r\n      document.addEventListener(\"mousemove\", handleMouseMove);\r\n      document.addEventListener(\"mouseup\", handleMouseUp);\r\n    });\r\n\r\n    \/\/ mover im\u00e1genes seg\u00fan los clicks al bot\u00f3n del slide\r\n    slideButtons.forEach((button) => {\r\n      button.addEventListener(\"click\", () => {\r\n        const direction = button.id === \"prev-slide\" ? -1 : 1;\r\n        const scrollAmount = imageList.clientWidth * direction;\r\n        imageList.scrollBy({ left: scrollAmount, behavior: \"smooth\" });\r\n        updateIndicators();\r\n      });\r\n    });\r\n\r\n    \/\/ mostrar o no los botones del slide seg\u00fan posici\u00f3n\r\n    const handleSlideButtons = () => {\r\n      slideButtons[0].style.display =\r\n        imageList.scrollLeft <= 0 ? \"none\" : \"flex\";\r\n      slideButtons[1].style.display =\r\n        imageList.scrollLeft >= maxScrollLeft ? \"none\" : \"flex\";\r\n    };\r\n\r\n    \/\/ actualizar posici\u00f3n de la scrollbar seg\u00fan posici\u00f3n\r\n    const updateScrollThumbPosition = () => {\r\n      const scrollPosition = imageList.scrollLeft;\r\n      const thumbPosition =\r\n        (scrollPosition \/ maxScrollLeft) *\r\n        (sliderScrollbar.clientWidth - scrollbarThumb.offsetWidth);\r\n      scrollbarThumb.style.left = `${thumbPosition}px`;\r\n    };\r\n\r\n    \/\/ actualizar indicadores seg\u00fan posici\u00f3n\r\n    const updateIndicators = () => {\r\n      const currentSlide = Math.round(\r\n        imageList.scrollLeft \/ imageList.clientWidth\r\n      );\r\n      indicators.forEach((indicator, index) => {\r\n        indicator.classList.toggle(\"active\", index === currentSlide);\r\n      });\r\n    };\r\n\r\n    \/\/ llamar funciones al hacer scroll en la lista\r\n    imageList.addEventListener(\"scroll\", () => {\r\n      updateScrollThumbPosition();\r\n      handleSlideButtons();\r\n      updateIndicators();\r\n    });\r\n\r\n    \/\/ a\u00f1adir eventos de click en los indicadores\r\n    indicators.forEach((indicator, index) => {\r\n      indicator.addEventListener(\"click\", () => {\r\n        const scrollPosition = index * imageList.clientWidth;\r\n        imageList.scrollTo({ left: scrollPosition, behavior: \"smooth\" });\r\n      });\r\n    });\r\n\r\n    \/\/ configuraci\u00f3n inicial\r\n    updateScrollThumbPosition();\r\n    handleSlideButtons();\r\n    updateIndicators();\r\n  }\r\n};\r\n\r\nwindow.addEventListener(\"resize\", initSlider);\r\nwindow.addEventListener(\"load\", initSlider);\r\n<\/script><\/section>\n<\/section>\n<section>\n\t<h4 class=\"category-title\">Opinioni<\/h4>\n\t<hr class=\"orange-bar\">\n\t<h2>Cosa dicono i nostri clienti?<\/h2>\n\t<p class=\"p-mt-5\">Date un&#8217;occhiata a ci\u00f2 che i nostri pellegrini dicono dei servizi di Pilgrim.<\/p>\n\t<div id=\"opinionsCarousel\" class=\"p-container p-mx-auto p-relative\">\r\n<button id=\"prev-slide-opinions\" class=\"slide-button material-symbols-rounded\">\r\n        <div class=\"p-self-item p-font-bold\">&#10094;<\/div>\r\n    <\/button>\r\n    <button id=\"next-slide-opinions\" class=\"slide-button material-symbols-rounded\">\r\n        <div class=\"p-font-bold\">&#10095;<\/div>\r\n    <\/button>\r\n    <div id=\"carousel-opinions\" class=\"container-slider-opinions p-self-center\">\r\n                    <ul class=\"card-list-opinion card-list-opinion--less-gap\">\r\n                                                    <div class=\"p-mt-12 card-item-opinions card-item-opinions--min\">\r\n                                <div class=\"p-flex p-flex-col p-min-w-0 p-drop-shadow-md p-rounded-3xl p-break-words p-bg-white p-py-2 card-item-container p-min-h-[15rem]\">\r\n                                    <div class=\"p-container p-mx-auto p-p-5\">\r\n                                        <div class=\"p-flex p-flex-wrap p-justify-between p-my-2\">\r\n                                            <div class=\"p-w-1\/2 p-p-0 p-text-start\">\r\n                                                <p class=\"p-font-bold p-text-sm\">Fontenelle sm Centre<\/p>\r\n                                            <\/div>\r\n                                            <div class=\"p-w-1\/12 p-p-0 p-self-center\">\r\n                                                <i class=\"icon-google\"><\/i>\r\n                                                <i class=\"icon-google p-relative p-text-2xl\">\r\n                                                <span class=\"path4 p-absolute\"><\/span>\r\n                                                <span class=\"path3 p-absolute\"><\/span>\r\n                                                <span class=\"path2 p-absolute\"><\/span>\r\n                                                <span class=\"path1 p-absolute\"><\/span>\r\n                                            <\/i>\r\n                                            <\/div>\r\n                                        <\/div>\r\n                                        <div class=\"p-flex p-flex-wrap p-justify-content-left p-mb-4\">\r\n                                                                                            <div class=\"p-w-1\/8 p-flex p-self-center\">\r\n                                                    <i class=\"icon-full-star\"><\/i>\r\n                                                <\/div>\r\n                                                                                            <div class=\"p-w-1\/8 p-flex p-self-center\">\r\n                                                    <i class=\"icon-full-star\"><\/i>\r\n                                                <\/div>\r\n                                                                                            <div class=\"p-w-1\/8 p-flex p-self-center\">\r\n                                                    <i class=\"icon-full-star\"><\/i>\r\n                                                <\/div>\r\n                                                                                            <div class=\"p-w-1\/8 p-flex p-self-center\">\r\n                                                    <i class=\"icon-full-star\"><\/i>\r\n                                                <\/div>\r\n                                                                                            <div class=\"p-w-1\/8 p-flex p-self-center\">\r\n                                                    <i class=\"icon-full-star\"><\/i>\r\n                                                <\/div>\r\n                                                                                    <\/div>\r\n                                        <div>\r\n                                            <p class=\"p-text-sm p-self-center p-text-start\">\r\n                                                10\/10!!!! Un'esperienza magnifica e una gestione eccellente da parte di Pilgrim. Eravamo un gruppo di 24 persone e tutto \u00e8 andato alla perfezione, cosa non facile. Grazie mille a tutto il team!                                            <\/p>\r\n                                        <\/div>\r\n                                    <\/div>\r\n                                <\/div>\r\n                            <\/div>\r\n                                                    <div class=\"p-mt-12 card-item-opinions card-item-opinions--min\">\r\n                                <div class=\"p-flex p-flex-col p-min-w-0 p-drop-shadow-md p-rounded-3xl p-break-words p-bg-white p-py-2 card-item-container p-min-h-[15rem]\">\r\n                                    <div class=\"p-container p-mx-auto p-p-5\">\r\n                                        <div class=\"p-flex p-flex-wrap p-justify-between p-my-2\">\r\n                                            <div class=\"p-w-1\/2 p-p-0 p-text-start\">\r\n                                                <p class=\"p-font-bold p-text-sm\">RAFAEL SOSA<\/p>\r\n                                            <\/div>\r\n                                            <div class=\"p-w-1\/12 p-p-0 p-self-center\">\r\n                                                <i class=\"icon-google\"><\/i>\r\n                                                <i class=\"icon-google p-relative p-text-2xl\">\r\n                                                <span class=\"path4 p-absolute\"><\/span>\r\n                                                <span class=\"path3 p-absolute\"><\/span>\r\n                                                <span class=\"path2 p-absolute\"><\/span>\r\n                                                <span class=\"path1 p-absolute\"><\/span>\r\n                                            <\/i>\r\n                                            <\/div>\r\n                                        <\/div>\r\n                                        <div class=\"p-flex p-flex-wrap p-justify-content-left p-mb-4\">\r\n                                                                                            <div class=\"p-w-1\/8 p-flex p-self-center\">\r\n                                                    <i class=\"icon-full-star\"><\/i>\r\n                                                <\/div>\r\n                                                                                            <div class=\"p-w-1\/8 p-flex p-self-center\">\r\n                                                    <i class=\"icon-full-star\"><\/i>\r\n                                                <\/div>\r\n                                                                                            <div class=\"p-w-1\/8 p-flex p-self-center\">\r\n                                                    <i class=\"icon-full-star\"><\/i>\r\n                                                <\/div>\r\n                                                                                            <div class=\"p-w-1\/8 p-flex p-self-center\">\r\n                                                    <i class=\"icon-full-star\"><\/i>\r\n                                                <\/div>\r\n                                                                                            <div class=\"p-w-1\/8 p-flex p-self-center\">\r\n                                                    <i class=\"icon-full-star\"><\/i>\r\n                                                <\/div>\r\n                                                                                    <\/div>\r\n                                        <div>\r\n                                            <p class=\"p-text-sm p-self-center p-text-start\">\r\n                                                Ottima organizzazione e fornitura di servizi. Tutto nel rispetto di quanto previsto dal contratto, nessun inconveniente di alcun tipo e la migliore disposizione in ogni momento.                                            <\/p>\r\n                                        <\/div>\r\n                                    <\/div>\r\n                                <\/div>\r\n                            <\/div>\r\n                                                    <div class=\"p-mt-12 card-item-opinions card-item-opinions--min\">\r\n                                <div class=\"p-flex p-flex-col p-min-w-0 p-drop-shadow-md p-rounded-3xl p-break-words p-bg-white p-py-2 card-item-container p-min-h-[15rem]\">\r\n                                    <div class=\"p-container p-mx-auto p-p-5\">\r\n                                        <div class=\"p-flex p-flex-wrap p-justify-between p-my-2\">\r\n                                            <div class=\"p-w-1\/2 p-p-0 p-text-start\">\r\n                                                <p class=\"p-font-bold p-text-sm\">Brisa Rodr\u00edguez<\/p>\r\n                                            <\/div>\r\n                                            <div class=\"p-w-1\/12 p-p-0 p-self-center\">\r\n                                                <i class=\"icon-google\"><\/i>\r\n                                                <i class=\"icon-google p-relative p-text-2xl\">\r\n                                                <span class=\"path4 p-absolute\"><\/span>\r\n                                                <span class=\"path3 p-absolute\"><\/span>\r\n                                                <span class=\"path2 p-absolute\"><\/span>\r\n                                                <span class=\"path1 p-absolute\"><\/span>\r\n                                            <\/i>\r\n                                            <\/div>\r\n                                        <\/div>\r\n                                        <div class=\"p-flex p-flex-wrap p-justify-content-left p-mb-4\">\r\n                                                                                            <div class=\"p-w-1\/8 p-flex p-self-center\">\r\n                                                    <i class=\"icon-full-star\"><\/i>\r\n                                                <\/div>\r\n                                                                                            <div class=\"p-w-1\/8 p-flex p-self-center\">\r\n                                                    <i class=\"icon-full-star\"><\/i>\r\n                                                <\/div>\r\n                                                                                            <div class=\"p-w-1\/8 p-flex p-self-center\">\r\n                                                    <i class=\"icon-full-star\"><\/i>\r\n                                                <\/div>\r\n                                                                                            <div class=\"p-w-1\/8 p-flex p-self-center\">\r\n                                                    <i class=\"icon-full-star\"><\/i>\r\n                                                <\/div>\r\n                                                                                            <div class=\"p-w-1\/8 p-flex p-self-center\">\r\n                                                    <i class=\"icon-full-star\"><\/i>\r\n                                                <\/div>\r\n                                                                                    <\/div>\r\n                                        <div>\r\n                                            <p class=\"p-text-sm p-self-center p-text-start\">\r\n                                                Abbiamo fatto il Cammino Francese da SJPP in 33 tappe e tutto \u00e8 stato eccellente. Non abbiamo avuto alcuna difficolt\u00e0, gli alloggi erano molto buoni (ricordate che \u00e8 il Cammino, non una metropoli) e il trasporto dei bagagli era eccellente. Tornerei di nuovo con loro.                                            <\/p>\r\n                                        <\/div>\r\n                                    <\/div>\r\n                                <\/div>\r\n                            <\/div>\r\n                                                    <div class=\"p-mt-12 card-item-opinions card-item-opinions--min\">\r\n                                <div class=\"p-flex p-flex-col p-min-w-0 p-drop-shadow-md p-rounded-3xl p-break-words p-bg-white p-py-2 card-item-container p-min-h-[15rem]\">\r\n                                    <div class=\"p-container p-mx-auto p-p-5\">\r\n                                        <div class=\"p-flex p-flex-wrap p-justify-between p-my-2\">\r\n                                            <div class=\"p-w-1\/2 p-p-0 p-text-start\">\r\n                                                <p class=\"p-font-bold p-text-sm\">Carlos Roncero Alonso<\/p>\r\n                                            <\/div>\r\n                                            <div class=\"p-w-1\/12 p-p-0 p-self-center\">\r\n                                                <i class=\"icon-google\"><\/i>\r\n                                                <i class=\"icon-google p-relative p-text-2xl\">\r\n                                                <span class=\"path4 p-absolute\"><\/span>\r\n                                                <span class=\"path3 p-absolute\"><\/span>\r\n                                                <span class=\"path2 p-absolute\"><\/span>\r\n                                                <span class=\"path1 p-absolute\"><\/span>\r\n                                            <\/i>\r\n                                            <\/div>\r\n                                        <\/div>\r\n                                        <div class=\"p-flex p-flex-wrap p-justify-content-left p-mb-4\">\r\n                                                                                            <div class=\"p-w-1\/8 p-flex p-self-center\">\r\n                                                    <i class=\"icon-full-star\"><\/i>\r\n                                                <\/div>\r\n                                                                                            <div class=\"p-w-1\/8 p-flex p-self-center\">\r\n                                                    <i class=\"icon-full-star\"><\/i>\r\n                                                <\/div>\r\n                                                                                            <div class=\"p-w-1\/8 p-flex p-self-center\">\r\n                                                    <i class=\"icon-full-star\"><\/i>\r\n                                                <\/div>\r\n                                                                                            <div class=\"p-w-1\/8 p-flex p-self-center\">\r\n                                                    <i class=\"icon-full-star\"><\/i>\r\n                                                <\/div>\r\n                                                                                            <div class=\"p-w-1\/8 p-flex p-self-center\">\r\n                                                    <i class=\"icon-full-star\"><\/i>\r\n                                                <\/div>\r\n                                                                                    <\/div>\r\n                                        <div>\r\n                                            <p class=\"p-text-sm p-self-center p-text-start\">\r\n                                                Abbiamo fatto il Cammino di Santiago alla fine di aprile da Tui ed \u00e8 stato un grande successo farlo con Pilgrim. Tutto \u00e8 stato fantastico (informazioni, gestione e attenzione). Abbiamo trovato gli alberghi imbattibili e l'anno prossimo lo ripeteremo con Pilgrim e con un altro percorso.                                            <\/p>\r\n                                        <\/div>\r\n                                    <\/div>\r\n                                <\/div>\r\n                            <\/div>\r\n                                                    <div class=\"p-mt-12 card-item-opinions card-item-opinions--min\">\r\n                                <div class=\"p-flex p-flex-col p-min-w-0 p-drop-shadow-md p-rounded-3xl p-break-words p-bg-white p-py-2 card-item-container p-min-h-[15rem]\">\r\n                                    <div class=\"p-container p-mx-auto p-p-5\">\r\n                                        <div class=\"p-flex p-flex-wrap p-justify-between p-my-2\">\r\n                                            <div class=\"p-w-1\/2 p-p-0 p-text-start\">\r\n                                                <p class=\"p-font-bold p-text-sm\">Maria Mestre de Juan<\/p>\r\n                                            <\/div>\r\n                                            <div class=\"p-w-1\/12 p-p-0 p-self-center\">\r\n                                                <i class=\"icon-google\"><\/i>\r\n                                                <i class=\"icon-google p-relative p-text-2xl\">\r\n                                                <span class=\"path4 p-absolute\"><\/span>\r\n                                                <span class=\"path3 p-absolute\"><\/span>\r\n                                                <span class=\"path2 p-absolute\"><\/span>\r\n                                                <span class=\"path1 p-absolute\"><\/span>\r\n                                            <\/i>\r\n                                            <\/div>\r\n                                        <\/div>\r\n                                        <div class=\"p-flex p-flex-wrap p-justify-content-left p-mb-4\">\r\n                                                                                            <div class=\"p-w-1\/8 p-flex p-self-center\">\r\n                                                    <i class=\"icon-full-star\"><\/i>\r\n                                                <\/div>\r\n                                                                                            <div class=\"p-w-1\/8 p-flex p-self-center\">\r\n                                                    <i class=\"icon-full-star\"><\/i>\r\n                                                <\/div>\r\n                                                                                            <div class=\"p-w-1\/8 p-flex p-self-center\">\r\n                                                    <i class=\"icon-full-star\"><\/i>\r\n                                                <\/div>\r\n                                                                                            <div class=\"p-w-1\/8 p-flex p-self-center\">\r\n                                                    <i class=\"icon-full-star\"><\/i>\r\n                                                <\/div>\r\n                                                                                            <div class=\"p-w-1\/8 p-flex p-self-center\">\r\n                                                    <i class=\"icon-full-star\"><\/i>\r\n                                                <\/div>\r\n                                                                                    <\/div>\r\n                                        <div>\r\n                                            <p class=\"p-text-sm p-self-center p-text-start\">\r\n                                                Grande! Due anni fa ho terminato il Cammino francese. Quest'anno ho terminato il Cammino inglese. Mi resta ancora il Cammino Portoghese, per il quale avr\u00f2 sicuramente i consigli e la competenza di Pilgrim!!!. Non esitate, fatelo con questa organizzazione. Ancora una volta, dal profondo del mio cuore, ... Migliaia di grazie!!!! Buon Cammino a tutti voi.                                            <\/p>\r\n                                        <\/div>\r\n                                    <\/div>\r\n                                <\/div>\r\n                            <\/div>\r\n                                                    <div class=\"p-mt-12 card-item-opinions card-item-opinions--min\">\r\n                                <div class=\"p-flex p-flex-col p-min-w-0 p-drop-shadow-md p-rounded-3xl p-break-words p-bg-white p-py-2 card-item-container p-min-h-[15rem]\">\r\n                                    <div class=\"p-container p-mx-auto p-p-5\">\r\n                                        <div class=\"p-flex p-flex-wrap p-justify-between p-my-2\">\r\n                                            <div class=\"p-w-1\/2 p-p-0 p-text-start\">\r\n                                                <p class=\"p-font-bold p-text-sm\">Juan Jose Erro<\/p>\r\n                                            <\/div>\r\n                                            <div class=\"p-w-1\/12 p-p-0 p-self-center\">\r\n                                                <i class=\"icon-google\"><\/i>\r\n                                                <i class=\"icon-google p-relative p-text-2xl\">\r\n                                                <span class=\"path4 p-absolute\"><\/span>\r\n                                                <span class=\"path3 p-absolute\"><\/span>\r\n                                                <span class=\"path2 p-absolute\"><\/span>\r\n                                                <span class=\"path1 p-absolute\"><\/span>\r\n                                            <\/i>\r\n                                            <\/div>\r\n                                        <\/div>\r\n                                        <div class=\"p-flex p-flex-wrap p-justify-content-left p-mb-4\">\r\n                                                                                            <div class=\"p-w-1\/8 p-flex p-self-center\">\r\n                                                    <i class=\"icon-full-star\"><\/i>\r\n                                                <\/div>\r\n                                                                                            <div class=\"p-w-1\/8 p-flex p-self-center\">\r\n                                                    <i class=\"icon-full-star\"><\/i>\r\n                                                <\/div>\r\n                                                                                            <div class=\"p-w-1\/8 p-flex p-self-center\">\r\n                                                    <i class=\"icon-full-star\"><\/i>\r\n                                                <\/div>\r\n                                                                                            <div class=\"p-w-1\/8 p-flex p-self-center\">\r\n                                                    <i class=\"icon-full-star\"><\/i>\r\n                                                <\/div>\r\n                                                                                            <div class=\"p-w-1\/8 p-flex p-self-center\">\r\n                                                    <i class=\"icon-full-star\"><\/i>\r\n                                                <\/div>\r\n                                                                                    <\/div>\r\n                                        <div>\r\n                                            <p class=\"p-text-sm p-self-center p-text-start\">\r\n                                                Abbiamo fatto il Camino con Pilgrim in due sezioni\/anni, 2021 e 2022. L'esperienza dell'anno scorso era gi\u00e0 molto buona e quest'anno, 2022, si sono superati. L'alloggio era molto buono e non ci sono stati problemi con il trasporto dei bagagli. Li raccomandiamo.                                            <\/p>\r\n                                        <\/div>\r\n                                    <\/div>\r\n                                <\/div>\r\n                            <\/div>\r\n                                                    <div class=\"p-mt-12 card-item-opinions card-item-opinions--min\">\r\n                                <div class=\"p-flex p-flex-col p-min-w-0 p-drop-shadow-md p-rounded-3xl p-break-words p-bg-white p-py-2 card-item-container p-min-h-[15rem]\">\r\n                                    <div class=\"p-container p-mx-auto p-p-5\">\r\n                                        <div class=\"p-flex p-flex-wrap p-justify-between p-my-2\">\r\n                                            <div class=\"p-w-1\/2 p-p-0 p-text-start\">\r\n                                                <p class=\"p-font-bold p-text-sm\">F. J. C. Mu\u00f1oz<\/p>\r\n                                            <\/div>\r\n                                            <div class=\"p-w-1\/12 p-p-0 p-self-center\">\r\n                                                <i class=\"icon-google\"><\/i>\r\n                                                <i class=\"icon-google p-relative p-text-2xl\">\r\n                                                <span class=\"path4 p-absolute\"><\/span>\r\n                                                <span class=\"path3 p-absolute\"><\/span>\r\n                                                <span class=\"path2 p-absolute\"><\/span>\r\n                                                <span class=\"path1 p-absolute\"><\/span>\r\n                                            <\/i>\r\n                                            <\/div>\r\n                                        <\/div>\r\n                                        <div class=\"p-flex p-flex-wrap p-justify-content-left p-mb-4\">\r\n                                                                                            <div class=\"p-w-1\/8 p-flex p-self-center\">\r\n                                                    <i class=\"icon-full-star\"><\/i>\r\n                                                <\/div>\r\n                                                                                            <div class=\"p-w-1\/8 p-flex p-self-center\">\r\n                                                    <i class=\"icon-full-star\"><\/i>\r\n                                                <\/div>\r\n                                                                                            <div class=\"p-w-1\/8 p-flex p-self-center\">\r\n                                                    <i class=\"icon-full-star\"><\/i>\r\n                                                <\/div>\r\n                                                                                            <div class=\"p-w-1\/8 p-flex p-self-center\">\r\n                                                    <i class=\"icon-full-star\"><\/i>\r\n                                                <\/div>\r\n                                                                                            <div class=\"p-w-1\/8 p-flex p-self-center\">\r\n                                                    <i class=\"icon-full-star\"><\/i>\r\n                                                <\/div>\r\n                                                                                    <\/div>\r\n                                        <div>\r\n                                            <p class=\"p-text-sm p-self-center p-text-start\">\r\n                                                Grazie a tutto il team Pilgrim per aver reso questo Cammino Francese un'esperienza meravigliosa. In ogni momento sono stati professionali e molto gentili con noi. Sia la sistemazione che il personale e i servizi appaltati hanno soddisfatto le nostre aspettative. Ripeteremo senza esitazione.                                            <\/p>\r\n                                        <\/div>\r\n                                    <\/div>\r\n                                <\/div>\r\n                            <\/div>\r\n                                                    <div class=\"p-mt-12 card-item-opinions card-item-opinions--min\">\r\n                                <div class=\"p-flex p-flex-col p-min-w-0 p-drop-shadow-md p-rounded-3xl p-break-words p-bg-white p-py-2 card-item-container p-min-h-[15rem]\">\r\n                                    <div class=\"p-container p-mx-auto p-p-5\">\r\n                                        <div class=\"p-flex p-flex-wrap p-justify-between p-my-2\">\r\n                                            <div class=\"p-w-1\/2 p-p-0 p-text-start\">\r\n                                                <p class=\"p-font-bold p-text-sm\">Christine Pion<\/p>\r\n                                            <\/div>\r\n                                            <div class=\"p-w-1\/12 p-p-0 p-self-center\">\r\n                                                <i class=\"icon-google\"><\/i>\r\n                                                <i class=\"icon-google p-relative p-text-2xl\">\r\n                                                <span class=\"path4 p-absolute\"><\/span>\r\n                                                <span class=\"path3 p-absolute\"><\/span>\r\n                                                <span class=\"path2 p-absolute\"><\/span>\r\n                                                <span class=\"path1 p-absolute\"><\/span>\r\n                                            <\/i>\r\n                                            <\/div>\r\n                                        <\/div>\r\n                                        <div class=\"p-flex p-flex-wrap p-justify-content-left p-mb-4\">\r\n                                                                                            <div class=\"p-w-1\/8 p-flex p-self-center\">\r\n                                                    <i class=\"icon-full-star\"><\/i>\r\n                                                <\/div>\r\n                                                                                            <div class=\"p-w-1\/8 p-flex p-self-center\">\r\n                                                    <i class=\"icon-full-star\"><\/i>\r\n                                                <\/div>\r\n                                                                                            <div class=\"p-w-1\/8 p-flex p-self-center\">\r\n                                                    <i class=\"icon-full-star\"><\/i>\r\n                                                <\/div>\r\n                                                                                            <div class=\"p-w-1\/8 p-flex p-self-center\">\r\n                                                    <i class=\"icon-full-star\"><\/i>\r\n                                                <\/div>\r\n                                                                                            <div class=\"p-w-1\/8 p-flex p-self-center\">\r\n                                                    <i class=\"icon-full-star\"><\/i>\r\n                                                <\/div>\r\n                                                                                    <\/div>\r\n                                        <div>\r\n                                            <p class=\"p-text-sm p-self-center p-text-start\">\r\n                                                Un'esperienza incredibile... Grazie a Pilgrim per la sua perfetta organizzazione, senza alcun intoppo.                                            <\/p>\r\n                                        <\/div>\r\n                                    <\/div>\r\n                                <\/div>\r\n                            <\/div>\r\n                                                    <div class=\"p-mt-12 card-item-opinions card-item-opinions--min\">\r\n                                <div class=\"p-flex p-flex-col p-min-w-0 p-drop-shadow-md p-rounded-3xl p-break-words p-bg-white p-py-2 card-item-container p-min-h-[15rem]\">\r\n                                    <div class=\"p-container p-mx-auto p-p-5\">\r\n                                        <div class=\"p-flex p-flex-wrap p-justify-between p-my-2\">\r\n                                            <div class=\"p-w-1\/2 p-p-0 p-text-start\">\r\n                                                <p class=\"p-font-bold p-text-sm\">EVA VEDIA GARC\u00cdA<\/p>\r\n                                            <\/div>\r\n                                            <div class=\"p-w-1\/12 p-p-0 p-self-center\">\r\n                                                <i class=\"icon-google\"><\/i>\r\n                                                <i class=\"icon-google p-relative p-text-2xl\">\r\n                                                <span class=\"path4 p-absolute\"><\/span>\r\n                                                <span class=\"path3 p-absolute\"><\/span>\r\n                                                <span class=\"path2 p-absolute\"><\/span>\r\n                                                <span class=\"path1 p-absolute\"><\/span>\r\n                                            <\/i>\r\n                                            <\/div>\r\n                                        <\/div>\r\n                                        <div class=\"p-flex p-flex-wrap p-justify-content-left p-mb-4\">\r\n                                                                                            <div class=\"p-w-1\/8 p-flex p-self-center\">\r\n                                                    <i class=\"icon-full-star\"><\/i>\r\n                                                <\/div>\r\n                                                                                            <div class=\"p-w-1\/8 p-flex p-self-center\">\r\n                                                    <i class=\"icon-full-star\"><\/i>\r\n                                                <\/div>\r\n                                                                                            <div class=\"p-w-1\/8 p-flex p-self-center\">\r\n                                                    <i class=\"icon-full-star\"><\/i>\r\n                                                <\/div>\r\n                                                                                            <div class=\"p-w-1\/8 p-flex p-self-center\">\r\n                                                    <i class=\"icon-full-star\"><\/i>\r\n                                                <\/div>\r\n                                                                                            <div class=\"p-w-1\/8 p-flex p-self-center\">\r\n                                                    <i class=\"icon-full-star\"><\/i>\r\n                                                <\/div>\r\n                                                                                    <\/div>\r\n                                        <div>\r\n                                            <p class=\"p-text-sm p-self-center p-text-start\">\r\n                                                Abbiamo prenotato il nostro viaggio con loro e abbiamo fatto il Cammino di Santiago da Sarria. Hanno gestito tutto per noi e tutto \u00e8 stato perfetto...alberghi di massimo comfort e qualit\u00e0 e molto ben posizionati e trasferimento dei bagagli e delle nostre valigie, alla perfezione. Non li conoscevo come referenza da nessuno, \u00e8 stata una scommessa ed \u00e8 stato un successo da DIECI...GRAZIE!!!                                            <\/p>\r\n                                        <\/div>\r\n                                    <\/div>\r\n                                <\/div>\r\n                            <\/div>\r\n                                            <\/ul>\r\n                    \r\n                \r\n                <div class=\"slider-scrollbar\">\r\n                    <div class=\"scrollbar-track\">\r\n                        <div class=\"scrollbar-thumb\"><\/div>\r\n                    <\/div>\r\n                <\/div>\r\n            <div id=\"indicatorsOpinions\" class=\"slider-indicators\"><\/div>\r\n    <\/div>\r\n<\/div>\r\n   \r\n<script>\/\/ Slider para Opiniones\nconst initSliderOpinions = () => {\n    const imageList = document.querySelector(\".slider-wrapper-op .card-list-op\");\n    const slideButtons = document.querySelectorAll(\n      \".slider-wrapper-op .slide-button-op\"\n    );\n    const sliderScrollbar = document.querySelector(\n      \".container-slider-op .slider-scrollbar-op\"\n    );\n    const indicators = document.querySelectorAll(\n      \".slider-indicators-op .indicator-op\"\n    );\n    if (sliderScrollbar && imageList && slideButtons) {\n      const scrollbarThumb = sliderScrollbar.querySelector(\".scrollbar-thumb\");\n  \n      const maxScrollLeft = imageList.scrollWidth - imageList.clientWidth;\n  \n      scrollbarThumb.addEventListener(\"mousedown\", (e) => {\n        const startX = e.clientX;\n        const thumbPosition = scrollbarThumb.offsetLeft;\n        const maxThumbPosition =\n          sliderScrollbar.getBoundingClientRect().width -\n          scrollbarThumb.offsetWidth;\n  \n        const handleMouseMove = (e) => {\n          const deltaX = e.clientX - startX;\n          const newThumbPosition = thumbPosition + deltaX;\n  \n          const boundedPosition = Math.max(\n            0,\n            Math.min(maxThumbPosition, newThumbPosition)\n          );\n          const scrollPosition =\n            (boundedPosition \/ maxThumbPosition) * maxScrollLeft;\n  \n          scrollbarThumb.style.left = `${boundedPosition}px`;\n          imageList.scrollLeft = scrollPosition;\n        };\n  \n        const handleMouseUp = () => {\n          document.removeEventListener(\"mousemove\", handleMouseMove);\n          document.removeEventListener(\"mouseup\", handleMouseUp);\n        };\n  \n        document.addEventListener(\"mousemove\", handleMouseMove);\n        document.addEventListener(\"mouseup\", handleMouseUp);\n      });\n  \n      slideButtons.forEach((button) => {\n        button.addEventListener(\"click\", () => {\n          const direction = button.id === \"prev-slide-op\" ? -1 : 1;\n          const scrollAmount = imageList.clientWidth * direction;\n          imageList.scrollBy({ left: scrollAmount, behavior: \"smooth\" });\n          updateIndicators();\n        });\n      });\n  \n      const handleSlideButtons = () => {\n        slideButtons[0].style.display =\n          imageList.scrollLeft <= 0 ? \"none\" : \"flex\";\n        slideButtons[1].style.display =\n          imageList.scrollLeft >= maxScrollLeft ? \"none\" : \"flex\";\n      };\n  \n      const updateScrollThumbPosition = () => {\n        const scrollPosition = imageList.scrollLeft;\n        const thumbPosition =\n          (scrollPosition \/ maxScrollLeft) *\n          (sliderScrollbar.clientWidth - scrollbarThumb.offsetWidth);\n        scrollbarThumb.style.left = `${thumbPosition}px`;\n      };\n  \n      const updateIndicators = () => {\n        const currentSlide = Math.round(\n          imageList.scrollLeft \/ imageList.clientWidth\n        );\n        indicators.forEach((indicator, index) => {\n          indicator.classList.toggle(\"active\", index === currentSlide);\n        });\n      };\n  \n      imageList.addEventListener(\"scroll\", () => {\n        updateScrollThumbPosition();\n        handleSlideButtons();\n        updateIndicators();\n      });\n  \n      indicators.forEach((indicator, index) => {\n        indicator.addEventListener(\"click\", () => {\n          const scrollPosition = index * imageList.clientWidth;\n          imageList.scrollTo({ left: scrollPosition, behavior: \"smooth\" });\n        });\n      });\n  \n      updateScrollThumbPosition();\n      handleSlideButtons();\n      updateIndicators();\n    }\n  };\n  \n  window.addEventListener(\"resize\", initSliderOpinions);\n  window.addEventListener(\"load\", initSliderOpinions);\n  <\/script>\n<\/section>\n<div class=\"footer-reserva\"><\/div>\n","protected":false},"excerpt":{"rendered":"<p>A piedi Pronto per viaggiare Questo percorso: 4,8 \u2605 (167 recensioni) Cammino Portoghese lungo la costa da Oporto 271 km 13 tappe 14 notti Tutto ci\u00f2 di cui hai bisogno&#8230; in un unico pacchetto! Percorrere la distanza che separa la localit\u00e0 di Oporto fino a Santiago de Compostela, camminando accanto a splendidi paesaggi costieri, \u00e8 &hellip; <\/p>\n<p class=\"read_more\"><a href=\"https:\/\/www.pilgrim.es\/it\/esperienze\/cammino-portoghese-costa-da-oporto\/\">Leer m\u00e1s<\/a><\/p>\n","protected":false},"author":4,"featured_media":17037,"parent":46598,"menu_order":0,"comment_status":"closed","ping_status":"closed","template":"views\/template-new-experience.blade.php","meta":{"footnotes":""},"categories":[],"tags":[],"class_list":["post-49446","page","type-page","status-publish","has-post-thumbnail","hentry"],"yoast_head":"<!-- This site is optimized with the Yoast SEO plugin v27.4 - https:\/\/yoast.com\/product\/yoast-seo-wordpress\/ -->\n<title>Cammino Portoghese lungo la Costa da Oporto | Una Esperienza Unica<\/title>\n<meta name=\"description\" content=\"Disfrutta del Cammino Portoghese lungo la Costa, un&#039;unione tra i paesi della Spagna e Portogallo camminando lungo le sue coste, scopri i suoi paesaggi segreti\" \/>\n<meta name=\"robots\" content=\"index, follow, max-snippet:-1, max-image-preview:large, max-video-preview:-1\" \/>\n<link rel=\"canonical\" href=\"https:\/\/www.pilgrim.es\/it\/esperienze\/cammino-portoghese-costa-da-oporto\/\" \/>\n<meta property=\"og:locale\" content=\"it_IT\" \/>\n<meta property=\"og:type\" content=\"article\" \/>\n<meta property=\"og:title\" content=\"Cammino Portoghese lungo la Costa da Oporto | Una Esperienza Unica\" \/>\n<meta property=\"og:description\" content=\"Disfrutta del Cammino Portoghese lungo la Costa, un&#039;unione tra i paesi della Spagna e Portogallo camminando lungo le sue coste, scopri i suoi paesaggi segreti\" \/>\n<meta property=\"og:url\" content=\"https:\/\/www.pilgrim.es\/it\/esperienze\/cammino-portoghese-costa-da-oporto\/\" \/>\n<meta property=\"og:site_name\" content=\"Pilgrim\" \/>\n<meta property=\"article:publisher\" content=\"https:\/\/www.facebook.com\/pilgrim.es\/\" \/>\n<meta property=\"article:modified_time\" content=\"2026-03-18T12:09:40+00:00\" \/>\n<meta property=\"og:image\" content=\"https:\/\/www.pilgrim.es\/wp-content\/uploads\/2019\/04\/c-portugues-por-la-costa.jpg\" \/>\n\t<meta property=\"og:image:width\" content=\"804\" \/>\n\t<meta property=\"og:image:height\" content=\"600\" \/>\n\t<meta property=\"og:image:type\" content=\"image\/jpeg\" \/>\n<meta name=\"twitter:card\" content=\"summary_large_image\" \/>\n<meta name=\"twitter:site\" content=\"@pilgrim_es\" \/>\n<meta name=\"twitter:label1\" content=\"Tempo di lettura stimato\" \/>\n\t<meta name=\"twitter:data1\" content=\"7 minuti\" \/>\n<script type=\"application\/ld+json\" class=\"yoast-schema-graph\">{\"@context\":\"https:\\\/\\\/schema.org\",\"@graph\":[{\"@type\":\"WebPage\",\"@id\":\"https:\\\/\\\/www.pilgrim.es\\\/it\\\/esperienze\\\/cammino-portoghese-costa-da-oporto\\\/\",\"url\":\"https:\\\/\\\/www.pilgrim.es\\\/it\\\/esperienze\\\/cammino-portoghese-costa-da-oporto\\\/\",\"name\":\"Cammino Portoghese lungo la Costa da Oporto | Una Esperienza Unica\",\"isPartOf\":{\"@id\":\"https:\\\/\\\/www.pilgrim.es\\\/it\\\/#website\"},\"primaryImageOfPage\":{\"@id\":\"https:\\\/\\\/www.pilgrim.es\\\/it\\\/esperienze\\\/cammino-portoghese-costa-da-oporto\\\/#primaryimage\"},\"image\":{\"@id\":\"https:\\\/\\\/www.pilgrim.es\\\/it\\\/esperienze\\\/cammino-portoghese-costa-da-oporto\\\/#primaryimage\"},\"thumbnailUrl\":\"https:\\\/\\\/www.pilgrim.es\\\/wp-content\\\/uploads\\\/2019\\\/04\\\/c-portugues-por-la-costa.jpg\",\"datePublished\":\"2019-11-25T11:47:24+00:00\",\"dateModified\":\"2026-03-18T12:09:40+00:00\",\"description\":\"Disfrutta del Cammino Portoghese lungo la Costa, un'unione tra i paesi della Spagna e Portogallo camminando lungo le sue coste, scopri i suoi paesaggi segreti\",\"breadcrumb\":{\"@id\":\"https:\\\/\\\/www.pilgrim.es\\\/it\\\/esperienze\\\/cammino-portoghese-costa-da-oporto\\\/#breadcrumb\"},\"inLanguage\":\"it-IT\",\"potentialAction\":[{\"@type\":\"ReadAction\",\"target\":[\"https:\\\/\\\/www.pilgrim.es\\\/it\\\/esperienze\\\/cammino-portoghese-costa-da-oporto\\\/\"]}]},{\"@type\":\"ImageObject\",\"inLanguage\":\"it-IT\",\"@id\":\"https:\\\/\\\/www.pilgrim.es\\\/it\\\/esperienze\\\/cammino-portoghese-costa-da-oporto\\\/#primaryimage\",\"url\":\"https:\\\/\\\/www.pilgrim.es\\\/wp-content\\\/uploads\\\/2019\\\/04\\\/c-portugues-por-la-costa.jpg\",\"contentUrl\":\"https:\\\/\\\/www.pilgrim.es\\\/wp-content\\\/uploads\\\/2019\\\/04\\\/c-portugues-por-la-costa.jpg\",\"width\":804,\"height\":600,\"caption\":\"Cammino Portoghese lungo la Costa da Oporto\"},{\"@type\":\"BreadcrumbList\",\"@id\":\"https:\\\/\\\/www.pilgrim.es\\\/it\\\/esperienze\\\/cammino-portoghese-costa-da-oporto\\\/#breadcrumb\",\"itemListElement\":[{\"@type\":\"ListItem\",\"position\":1,\"name\":\"Camino de Santiago\",\"item\":\"https:\\\/\\\/www.pilgrim.es\\\/it\\\/\"},{\"@type\":\"ListItem\",\"position\":2,\"name\":\"Esperienze\",\"item\":\"https:\\\/\\\/www.pilgrim.es\\\/it\\\/esperienze\\\/\"},{\"@type\":\"ListItem\",\"position\":3,\"name\":\"Cammino Portoghese lungo la Costa da Oporto\"}]},{\"@type\":\"WebSite\",\"@id\":\"https:\\\/\\\/www.pilgrim.es\\\/it\\\/#website\",\"url\":\"https:\\\/\\\/www.pilgrim.es\\\/it\\\/\",\"name\":\"Pilgrim\",\"description\":\"Camino de Santiago | Caminamos Contigo\",\"publisher\":{\"@id\":\"https:\\\/\\\/www.pilgrim.es\\\/it\\\/#organization\"},\"potentialAction\":[{\"@type\":\"SearchAction\",\"target\":{\"@type\":\"EntryPoint\",\"urlTemplate\":\"https:\\\/\\\/www.pilgrim.es\\\/it\\\/?s={search_term_string}\"},\"query-input\":{\"@type\":\"PropertyValueSpecification\",\"valueRequired\":true,\"valueName\":\"search_term_string\"}}],\"inLanguage\":\"it-IT\"},{\"@type\":\"Organization\",\"@id\":\"https:\\\/\\\/www.pilgrim.es\\\/it\\\/#organization\",\"name\":\"Pilgrim Camino de Santiago\",\"url\":\"https:\\\/\\\/www.pilgrim.es\\\/it\\\/\",\"logo\":{\"@type\":\"ImageObject\",\"inLanguage\":\"it-IT\",\"@id\":\"https:\\\/\\\/www.pilgrim.es\\\/it\\\/#\\\/schema\\\/logo\\\/image\\\/\",\"url\":\"https:\\\/\\\/www.pilgrim.es\\\/wp-content\\\/uploads\\\/2019\\\/04\\\/logo_pilgrim.png\",\"contentUrl\":\"https:\\\/\\\/www.pilgrim.es\\\/wp-content\\\/uploads\\\/2019\\\/04\\\/logo_pilgrim.png\",\"width\":512,\"height\":512,\"caption\":\"Pilgrim Camino de Santiago\"},\"image\":{\"@id\":\"https:\\\/\\\/www.pilgrim.es\\\/it\\\/#\\\/schema\\\/logo\\\/image\\\/\"},\"sameAs\":[\"https:\\\/\\\/www.facebook.com\\\/pilgrim.es\\\/\",\"https:\\\/\\\/x.com\\\/pilgrim_es\",\"https:\\\/\\\/www.instagram.com\\\/pilgrim.es\\\/\",\"https:\\\/\\\/www.linkedin.com\\\/company\\\/pilgrim-camino-de-santiago\\\/\",\"https:\\\/\\\/www.pinterest.es\\\/pilgrimcaminodesantiago\\\/\",\"https:\\\/\\\/www.youtube.com\\\/channel\\\/UCIv2ZzFLXVqthkNF32rKedw\\\/featured\"]}]}<\/script>\n<!-- \/ Yoast SEO plugin. -->","yoast_head_json":{"title":"Cammino Portoghese lungo la Costa da Oporto | Una Esperienza Unica","description":"Disfrutta del Cammino Portoghese lungo la Costa, un'unione tra i paesi della Spagna e Portogallo camminando lungo le sue coste, scopri i suoi paesaggi segreti","robots":{"index":"index","follow":"follow","max-snippet":"max-snippet:-1","max-image-preview":"max-image-preview:large","max-video-preview":"max-video-preview:-1"},"canonical":"https:\/\/www.pilgrim.es\/it\/esperienze\/cammino-portoghese-costa-da-oporto\/","og_locale":"it_IT","og_type":"article","og_title":"Cammino Portoghese lungo la Costa da Oporto | Una Esperienza Unica","og_description":"Disfrutta del Cammino Portoghese lungo la Costa, un'unione tra i paesi della Spagna e Portogallo camminando lungo le sue coste, scopri i suoi paesaggi segreti","og_url":"https:\/\/www.pilgrim.es\/it\/esperienze\/cammino-portoghese-costa-da-oporto\/","og_site_name":"Pilgrim","article_publisher":"https:\/\/www.facebook.com\/pilgrim.es\/","article_modified_time":"2026-03-18T12:09:40+00:00","og_image":[{"width":804,"height":600,"url":"https:\/\/www.pilgrim.es\/wp-content\/uploads\/2019\/04\/c-portugues-por-la-costa.jpg","type":"image\/jpeg"}],"twitter_card":"summary_large_image","twitter_site":"@pilgrim_es","twitter_misc":{"Tempo di lettura stimato":"7 minuti"},"schema":{"@context":"https:\/\/schema.org","@graph":[{"@type":"WebPage","@id":"https:\/\/www.pilgrim.es\/it\/esperienze\/cammino-portoghese-costa-da-oporto\/","url":"https:\/\/www.pilgrim.es\/it\/esperienze\/cammino-portoghese-costa-da-oporto\/","name":"Cammino Portoghese lungo la Costa da Oporto | Una Esperienza Unica","isPartOf":{"@id":"https:\/\/www.pilgrim.es\/it\/#website"},"primaryImageOfPage":{"@id":"https:\/\/www.pilgrim.es\/it\/esperienze\/cammino-portoghese-costa-da-oporto\/#primaryimage"},"image":{"@id":"https:\/\/www.pilgrim.es\/it\/esperienze\/cammino-portoghese-costa-da-oporto\/#primaryimage"},"thumbnailUrl":"https:\/\/www.pilgrim.es\/wp-content\/uploads\/2019\/04\/c-portugues-por-la-costa.jpg","datePublished":"2019-11-25T11:47:24+00:00","dateModified":"2026-03-18T12:09:40+00:00","description":"Disfrutta del Cammino Portoghese lungo la Costa, un'unione tra i paesi della Spagna e Portogallo camminando lungo le sue coste, scopri i suoi paesaggi segreti","breadcrumb":{"@id":"https:\/\/www.pilgrim.es\/it\/esperienze\/cammino-portoghese-costa-da-oporto\/#breadcrumb"},"inLanguage":"it-IT","potentialAction":[{"@type":"ReadAction","target":["https:\/\/www.pilgrim.es\/it\/esperienze\/cammino-portoghese-costa-da-oporto\/"]}]},{"@type":"ImageObject","inLanguage":"it-IT","@id":"https:\/\/www.pilgrim.es\/it\/esperienze\/cammino-portoghese-costa-da-oporto\/#primaryimage","url":"https:\/\/www.pilgrim.es\/wp-content\/uploads\/2019\/04\/c-portugues-por-la-costa.jpg","contentUrl":"https:\/\/www.pilgrim.es\/wp-content\/uploads\/2019\/04\/c-portugues-por-la-costa.jpg","width":804,"height":600,"caption":"Cammino Portoghese lungo la Costa da Oporto"},{"@type":"BreadcrumbList","@id":"https:\/\/www.pilgrim.es\/it\/esperienze\/cammino-portoghese-costa-da-oporto\/#breadcrumb","itemListElement":[{"@type":"ListItem","position":1,"name":"Camino de Santiago","item":"https:\/\/www.pilgrim.es\/it\/"},{"@type":"ListItem","position":2,"name":"Esperienze","item":"https:\/\/www.pilgrim.es\/it\/esperienze\/"},{"@type":"ListItem","position":3,"name":"Cammino Portoghese lungo la Costa da Oporto"}]},{"@type":"WebSite","@id":"https:\/\/www.pilgrim.es\/it\/#website","url":"https:\/\/www.pilgrim.es\/it\/","name":"Pilgrim","description":"Camino de Santiago | Caminamos Contigo","publisher":{"@id":"https:\/\/www.pilgrim.es\/it\/#organization"},"potentialAction":[{"@type":"SearchAction","target":{"@type":"EntryPoint","urlTemplate":"https:\/\/www.pilgrim.es\/it\/?s={search_term_string}"},"query-input":{"@type":"PropertyValueSpecification","valueRequired":true,"valueName":"search_term_string"}}],"inLanguage":"it-IT"},{"@type":"Organization","@id":"https:\/\/www.pilgrim.es\/it\/#organization","name":"Pilgrim Camino de Santiago","url":"https:\/\/www.pilgrim.es\/it\/","logo":{"@type":"ImageObject","inLanguage":"it-IT","@id":"https:\/\/www.pilgrim.es\/it\/#\/schema\/logo\/image\/","url":"https:\/\/www.pilgrim.es\/wp-content\/uploads\/2019\/04\/logo_pilgrim.png","contentUrl":"https:\/\/www.pilgrim.es\/wp-content\/uploads\/2019\/04\/logo_pilgrim.png","width":512,"height":512,"caption":"Pilgrim Camino de Santiago"},"image":{"@id":"https:\/\/www.pilgrim.es\/it\/#\/schema\/logo\/image\/"},"sameAs":["https:\/\/www.facebook.com\/pilgrim.es\/","https:\/\/x.com\/pilgrim_es","https:\/\/www.instagram.com\/pilgrim.es\/","https:\/\/www.linkedin.com\/company\/pilgrim-camino-de-santiago\/","https:\/\/www.pinterest.es\/pilgrimcaminodesantiago\/","https:\/\/www.youtube.com\/channel\/UCIv2ZzFLXVqthkNF32rKedw\/featured"]}]}},"_links":{"self":[{"href":"https:\/\/www.pilgrim.es\/it\/wp-json\/wp\/v2\/pages\/49446","targetHints":{"allow":["GET"]}}],"collection":[{"href":"https:\/\/www.pilgrim.es\/it\/wp-json\/wp\/v2\/pages"}],"about":[{"href":"https:\/\/www.pilgrim.es\/it\/wp-json\/wp\/v2\/types\/page"}],"author":[{"embeddable":true,"href":"https:\/\/www.pilgrim.es\/it\/wp-json\/wp\/v2\/users\/4"}],"replies":[{"embeddable":true,"href":"https:\/\/www.pilgrim.es\/it\/wp-json\/wp\/v2\/comments?post=49446"}],"version-history":[{"count":16,"href":"https:\/\/www.pilgrim.es\/it\/wp-json\/wp\/v2\/pages\/49446\/revisions"}],"predecessor-version":[{"id":140415,"href":"https:\/\/www.pilgrim.es\/it\/wp-json\/wp\/v2\/pages\/49446\/revisions\/140415"}],"up":[{"embeddable":true,"href":"https:\/\/www.pilgrim.es\/it\/wp-json\/wp\/v2\/pages\/46598"}],"wp:featuredmedia":[{"embeddable":true,"href":"https:\/\/www.pilgrim.es\/it\/wp-json\/wp\/v2\/media\/17037"}],"wp:attachment":[{"href":"https:\/\/www.pilgrim.es\/it\/wp-json\/wp\/v2\/media?parent=49446"}],"wp:term":[{"taxonomy":"category","embeddable":true,"href":"https:\/\/www.pilgrim.es\/it\/wp-json\/wp\/v2\/categories?post=49446"},{"taxonomy":"post_tag","embeddable":true,"href":"https:\/\/www.pilgrim.es\/it\/wp-json\/wp\/v2\/tags?post=49446"}],"curies":[{"name":"wp","href":"https:\/\/api.w.org\/{rel}","templated":true}]}}