{"id":49436,"date":"2019-11-22T13:46:28","date_gmt":"2019-11-22T13:46:28","guid":{"rendered":"https:\/\/prod.pilgrim.es\/cammino-portoghese-per-la-costa\/tappa-8-ramallosa-vigo\/"},"modified":"2025-05-02T11:32:07","modified_gmt":"2025-05-02T11:32:07","slug":"tappa-8-baiona-vigo","status":"publish","type":"page","link":"https:\/\/www.pilgrim.es\/it\/cammino-portoghese-per-la-costa\/tappa-8-baiona-vigo\/","title":{"rendered":"Cammino Portoghese per la Costa | Tappa 8: Baiona &#8211; Vigo"},"content":{"rendered":"\n<section id=\"heroStage\">\n  <h1>Cammino Portoghese Costa &#8231; Tappa 8<\/h1>\n  <div>\n    <div class=\"hero\" data-background=\"https:\/\/cdn.pilgrim.es\/web\/caminos\/camino-portugues-costa\/pueblos\/baiona.jpg\">\n      <div class=\"hero__container\">\n        <div class=\"hero__container__labels\">\n          <p>A piedi<\/p>\n          <p>13 tappe \/ 271 kms<\/p>\n        <\/div>\n        <div class=\"hero__container__stage-name\">\n          <h2>\n            Baiona <br \/>\n            <span>&#10093;<\/span>\n            Vigo\n          <\/h2>\n          <p>25,3 Km<\/p>\n        <\/div>\n        <div class=\"hero__container__stage-changer\">\n          <div class=\"stage-control\">\n            <a class=\"stage-control__link\" href=\"https:\/\/www.pilgrim.es\/it\/cammino-portoghese-per-la-costa\/tappa-7-o-serrallo-baiona\/\"><span>&#10094;<\/span>\n              Tappa 7<\/a>\n          <\/div>\n          <div class=\"stage-control\">\n            <a class=\"stage-control__link\" href=\"https:\/\/www.pilgrim.es\/it\/cammino-portoghese-per-la-costa\/tappa-9-vigo-redondela\/\">Tappa 9\n              <span>&#10095;<\/span><\/a>\n          <\/div>\n        <\/div>\n      <\/div>\n    <\/div>\n    <div class=\"planner\"><div\r\n  class=\"p-col-span-1 p-rounded-lg p-px-5 p-h-full\"\r\n  style=\"background-image: url('https:\/\/cdn.pilgrim.es\/web\/pilgrim-planner\/bg-plugin-planificador.webp')\"\r\n  rel=\"preload\"\r\n  fetchpriority=\"high\"\r\n  >\r\n    <div class=\"p-text-center p-pt-5 p-text-white p-text-2xl p-font-semibold\">\r\n      Pianifica il tuo cammino    <\/div>\r\n    <div\r\n            id='primary-app'\r\n            data-name='banner'\r\n            data-api='https:\/\/pathfinder.pilgrim.es\/api\/pathfinder\/v2'\r\n            data-mode='normal'\r\n            data-lang='it'\r\n            data-route='1'\r\n            data-destiny='https:\/\/planificador.pilgrim.es'\r\n            data-modality='1'\r\n            data-inline=''\r\n        ><\/div><\/div><\/div>\n  <\/div>\n<\/section>\n\n<section id=\"scoreBarsStage\">\n  <section>\r\n  <div class=\"p-flex p-flex-nowrap p-space-x-4 p-py-5 p-overflow-x-auto md:p-grid md:p-grid-cols-3 lg:p-grid-cols-5 md:p-gap-8 md:p-space-x-0 md:p-overflow-hidden scrollbar-thin\">\r\n    <div class=\"p-grid p-grid-cols-4 p-shrink-0 p-w-72 p-snap-start md:p-w-full\">\r\n        <div class=\"p-col-span-1 p-self-center p-text-center p-text-3xl\">\r\n            <i class=\"icon-influx\"><\/i>\r\n        <\/div>\r\n        <div class=\"p-col-span-3 p-flex p-flex-col p-items-start\">\r\n            <div class=\"p-text-start p-text-secondary p-mb-1 p-bold\"> Afflusso <\/div>\r\n            <div class=\"p-w-full p-bg-light p-rounded-full p-h-2 p-relative\">\r\n                <div class=\"p-bg-primary p-h-2 p-rounded-full p-absolute\" style=\"width: 40%;\"><\/div>\r\n            <\/div>\r\n        <\/div>\r\n    <\/div>\r\n\r\n    <div class=\"p-grid p-grid-cols-4 p-shrink-0 p-w-72 p-snap-start md:p-w-full\">\r\n        <div class=\"p-col-span-1 p-self-center p-text-center p-text-3xl\">\r\n            <i class=\"icon-difficulty\"><\/i>\r\n        <\/div>\r\n        <div class=\"p-col-span-3 p-flex p-flex-col p-items-start\">\r\n            <div class=\"p-text-start p-text-secondary p-mb-1 p-bold\"> Difficolt\u00e0 <\/div>\r\n            <div class=\"p-w-full p-bg-light p-rounded-full p-h-2 p-relative\">\r\n                <div class=\"p-bg-primary p-h-2 p-rounded-full p-absolute\" style=\"width: 40%;\"><\/div>\r\n            <\/div>\r\n        <\/div>\r\n    <\/div>\r\n\r\n    <div class=\"p-grid p-grid-cols-4 p-shrink-0 p-w-72 p-snap-start md:p-w-full\">\r\n        <div class=\"p-col-span-1 p-self-center p-text-center p-text-3xl\">\r\n            <i class=\"icon-patrimony\"><\/i>\r\n        <\/div>\r\n        <div class=\"p-col-span-3 p-flex p-flex-col p-items-start\">\r\n            <div class=\"p-text-start p-text-secondary p-mb-1 p-bold\"> Arte\/Storia <\/div>\r\n            <div class=\"p-w-full p-bg-light p-rounded-full p-h-2 p-relative\">\r\n                <div class=\"p-bg-primary p-h-2 p-rounded-full p-absolute\" style=\"width: 60%;\"><\/div>\r\n            <\/div>\r\n        <\/div>\r\n    <\/div>\r\n\r\n    <div class=\"p-grid p-grid-cols-4 p-shrink-0 p-w-72 p-snap-start md:p-w-full\">\r\n        <div class=\"p-col-span-1 p-self-center p-text-center p-text-3xl\">\r\n            <i class=\"icon-nature\"><\/i>\r\n        <\/div>\r\n        <div class=\"p-col-span-3 p-flex p-flex-col p-items-start\">\r\n            <div class=\"p-text-start p-text-secondary p-mb-1 p-bold\"> Natura <\/div>\r\n            <div class=\"p-w-full p-bg-light p-rounded-full p-h-2 p-relative\">\r\n                <div class=\"p-bg-primary p-h-2 p-rounded-full p-absolute\" style=\"width: 40%;\"><\/div>\r\n            <\/div>\r\n        <\/div>\r\n    <\/div>\r\n\r\n    <div class=\"p-grid p-grid-cols-4 p-shrink-0 p-w-72 p-snap-start md:p-w-full\">\r\n        <div class=\"p-col-span-1 p-self-center p-text-center p-text-3xl\">\r\n            <i class=\"icon-urban\"><\/i>\r\n        <\/div>\r\n        <div class=\"p-col-span-3 p-flex p-flex-col p-items-start\">\r\n            <div class=\"p-text-start p-text-secondary p-mb-1 p-bold\"> Cammino Francese <\/div>\r\n            <div class=\"p-w-full p-bg-light p-rounded-full p-h-2 p-relative\">\r\n                <div class=\"p-bg-primary p-h-2 p-rounded-full p-absolute\" style=\"width: 60%;\"><\/div>\r\n            <\/div>\r\n        <\/div>\r\n    <\/div>\r\n  <\/div>\r\n<\/section>\n<\/section>\n\n<div id=\"stage-list-section\"><div class=\"stage-list\">\n    <div class='stage-list__map-card'>\n        <div class='stage-list__map-card__map'>\n            <div class='stage-list__map-card__map__text'>\n                <h2> Pages <\/h2>\n                <p> A piedi<\/p>\n                <p> 0tappe<\/p>\n            <\/div>\n            <div class='stage-list__map-card__map__img'>\n                <img decoding=\"async\" src=\"\" alt=\" mapa \" \/>\n            <\/div>\n        <\/div>\n    <\/div>\n\n    <\/div>\n<\/div>\n\n<section id=\"navStage\">\n  <div>\n    <nav id=\"tab-navigation-section\" class=\"tab-navigation-section--cols-4\">\n      <a href=\"#infoSection\" class=\"active\">Informazioni<\/a>\n      <a href=\"#profileSection\">Profilo<\/a>\n      <a href=\"#itinerarySection\">Itinerario<\/a>\n      <a href=\"#locationsSection\">Localit\u00e0<\/a>\n    <\/nav>\n\n    <div id=\"infoSection\">\n      <!-- Title Section with Orange Line -->\n      <div>\n        <h4 class=\"p-h4--section\">Informazioni<\/h4>\n        <hr class=\"orange-bar\" \/>\n        <h3 class=\"p-h3\">Su questa tappa<\/h3>\n      <\/div>\n\n      <!-- Main Content Section -->\n      <p>\n        Questa \u00e8 una delle tappe pi\u00f9 belle di questo viaggio e che inoltre non presenta difficolt\u00e0\n        fisiche importanti. Percorreremo gran parte del percorso lungo la costa, scoprendo citt\u00e0\n        come Baiona, A Ramallosa e l&#8217;imponente citt\u00e0 di Vigo, dove terminer\u00e0 la nostra tappa.\n      <\/p>\n\n      <div class=\"recomendation-card\">\n        <div>\n          <i class=\"icon-logo-pilgrim\"><\/i>\n          <h5>Raccomandazione di Pilgrim<\/h5>\n        <\/div>\n\n        <p>\n          Questa variante lungo la costa servir\u00e0 a dire addio alle spiagge e alla costa atlantica, poich\u00e9 a\n          partire dalla prossima tappa non vedremo pi\u00f9 il mare. Durante la tappa avremo all&#8217;orizzonte le Isole\n          C\u00edes, per poterne apprezzare la bellezza.\n        <\/p>\n      <\/div>\n    <\/div>\n\n    <div id=\"profileSection\">\n      <div>\n        <h4 class=\"p-h4--section\">Distanza e altitudine<\/h4>\n        <hr class=\"orange-bar\" \/>\n        <h3 class=\"p-h3\">Profilo della tappa<\/h3>\n        <img decoding=\"async\"\n          src=\"https:\/\/cdn.pilgrim.es\/web\/caminos\/camino-portugues-costa\/etapas\/etapa-8\/etapa8-perfil-baiona-vigo.jpg\"\n          alt=\"Profilo della tappa\" \/>\n      <\/div>\n    <\/div>\n\n    <div id=\"itinerarySection\">\n      <h4 class=\"p-h4--section\">Percorso<\/h4>\n      <hr \/>\n      <h3 class=\"p-h3\">Itinerario<\/h3>\n      <div>\n        <h4>Km 0 &#8231; Baiona<\/h4>\n        <p>\n          Lasceremo Baiona per iniziare il nostro percorso vicino il muro della chiesa e poi\n          gireremo in via Manuel Valverde, scendendo una scalinata che ci porter\u00e0 fino alla piazza\n          del Municipio. Poi svolteremo seguendo le frecce gialle lungo R\u00faa do Conde e R\u00faa Porta\n          da Vila. Continueremo percorrendo la R\u00faa Loureiral e la R\u00faa do Burgo, muovendoci\n          quindi parallelamente alla costa, e attraverseremo il fiume Bai\u00f1a su un piccolo ponte di\n          pietra per poi proseguire fino a Sabar\u00eds\n        <\/p>\n\n      <\/div>\n      <hr \/>\n      <div>\n        <h4>Km 3 &#8231; Sabar\u00eds<\/h4>\n        <p>\n          Proseguiremo lungo la R\u00faa da Ponte Nova e attraverseremo due ruscelli su due ponti di\n          pietra. Arriveremo alla R\u00faa Viso de Calvos e gireremo a sinistra lungo il Cami\u00f1o do\n          Lindeiro. Continuando, arriveremo alle rive del fiume Mi\u00f1or dove attraverseremo il ponte\n          romanico di A Ramallosa. <strong>IMPORTANTE:<\/strong> dopo aver attraversato il ponte troveremo il\n          bivio che separa il Cammino entroterra da quello costiero. Poi dovremmo prendere il\n          sentiero sulla sinistra, seguendo <strong>le frecce verdi<\/strong> che segnano questo percorso. A\n          breve,\n          continuando in questa direzione troveremo A Ramallosa.\n        <\/p>\n      <\/div>\n      <hr \/>\n      <div>\n        <h4>Km 4,5 &#8231; A Ramallosa<\/h4>\n        <p>\n          Avanzeremo parallelamente al fiume Mi\u00f1or e alla pista ciclabile lungo il viale Torrente\n          Ballester e seguiremo le date fino a raggiungere Playa Am\u00e9rica. Alla fine della spiaggia,\n          continueremo lungo la zona pedonale e la R\u00faa Cidade de Vigo per poter poi raggiungere\n          la spiaggia di Panx\u00f3n e quella di Patos, da dove potremo vedere le isole C\u00edes in\n          lontananza. Continuando lungo la R\u00faa de Coba e Cami\u00f1o do Porti\u00f1o si arriva fino a\n          Sai\u00e1ns.\n        <\/p>\n      <\/div>\n      <hr \/>\n      <div>\n        <h4>Km 11,9 &#8231; Sai\u00e1ns<\/h4>\n        <p>\n          Percorreremo l&#8217;Avenida Ricardo Mella lungo la zona pedonale e, quando raggiungeremo\n          una rotonda continueremo dritto per circa due chilometri e raggiungeremo la citt\u00e0 costiera\n          di Oia <strong>ATTENZIONE:<\/strong> A questo punto le frecce verdi ci indicheranno un bivio in cui\n          dovremo svoltare a destra su una strada in salita, che per\u00f2 ci riporter\u00e0 al sentiero che\n          stavamo percorrendo, quindi ti consigliamo di continuare dritto e di non girare a destra in\n          questo bivio.\n\n        <\/p>\n      <\/div>\n      <hr \/>\n      <div>\n        <h4>Km 14,9 &#8231; Oia<\/h4>\n        <p>\n          Continueremo lungo Ad. Cesareo V\u00e1zquez, raggiungendo la spiaggia di Canido e Praia do\n          Vao. Da questo punto in poi, l&#8217;itinerario \u00e8 totalmente intuitivo e molto facile da seguire,\n          dato che dopo pochi metri arriveremo alla foce del fiume Lagares e saremo a Samil, il\n          preludio della citt\u00e0 di Vigo. Dalla spiaggia di Samil potremo raggiungere il centro della\n          citt\u00e0 percorrendo l&#8217;Avenida de Samil, per poi prendere l&#8217;Avenida da Atl\u00e1ntica, che ci\n          porter\u00e0 nel cuore della citt\u00e0, dove avremo completato la nostra tappa.\n        <\/p>\n      <\/div>\n      <hr \/>\n      <div>\n        <h4>Km 25,3 &#8231; Vigo<\/h4>\n\n      <\/div>\n\n    <\/div>\n\n    <div id=\"locationsSection\">\n      <h4 class=\"p-h4--section\">Localit\u00e0<\/h4>\n      <hr \/>\n      <h3 class=\"p-h3\">Villaggi<\/h3>\n      <div class=\"grid-container\">\n        <div class=\"p-group card-stage p-max-w-full\">\n\n          <div class=\"card-stage__header\">\n            <img decoding=\"async\" src=\"https:\/\/cdn.pilgrim.es\/web\/caminos\/camino-portugues-costa\/pueblos\/baiona.jpg\" alt=\"Baiona\" \/>\n\n          <\/div>\n          <div class=\"town-card__flex-container\">\n            <div class=\"town-card__flex-container__info\">\n              <h3>Baiona<\/h3>\n              <p>Provincia: Pontevedra<\/p>\n            <\/div>\n\n          <\/div>\n\n        <\/div>\n        <div class=\"p-group card-stage p-max-w-full\">\n\n          <div class=\"card-stage__header\">\n            <img decoding=\"async\" src=\"https:\/\/cdn.pilgrim.es\/web\/caminos\/camino-portugues-costa\/pueblos\/vigo.jpg\" alt=\"Vigo\" \/>\n\n          <\/div>\n          <div class=\"town-card__flex-container\">\n            <div class=\"town-card__flex-container__info\">\n              <h3>Vigo<\/h3>\n              <p>Provincia: Pontevedra<\/p>\n            <\/div>\n\n          <\/div>\n\n        <\/div>\n      <\/div>\n    <\/div>\n    <hr class=\"single-bar\" \/>\n  <\/div>\n<\/section>\n\n<section id=\"stageChange\">\n  <div>\n    <a href=\"https:\/\/www.pilgrim.es\/it\/cammino-portoghese-per-la-costa\/tappa-7-o-serrallo-baiona\/\" class=\"change-btn\">\n      <div class=\"btn-arrow previous\">\n        <i class=\"icon-arrow\"><\/i>\n      <\/div>\n      <div class=\"change-btn__info\">\n        <div>Tappa 7<\/div>\n        <p>\n          O Serrallo &#10095; <br \/>\n          Baiona\n        <\/p>\n      <\/div>\n    <\/a>\n    <a href=\"https:\/\/www.pilgrim.es\/it\/cammino-portoghese-per-la-costa\/tappa-9-vigo-redondela\/\" class=\"change-btn\">\n      <div class=\"change-btn__info\">\n        <div>Tappa 9<\/div>\n        <p>\n          Vigo &#10095; <br \/>\n          Redondela\n        <\/p>\n      <\/div>\n      <div class=\"btn-arrow\">\n        <i class=\"icon-arrow\"><\/i>\n      <\/div>\n    <\/a>\n  <\/div>\n<\/section>\n","protected":false},"excerpt":{"rendered":"<p>Cammino Portoghese Costa &#8231; Tappa 8 A piedi 13 tappe \/ 271 kms Baiona &#10093; Vigo 25,3 Km &#10094; Tappa 7 Tappa 9 &#10095; Informazioni Profilo Itinerario Localit\u00e0 Informazioni Su questa tappa Questa \u00e8 una delle tappe pi\u00f9 belle di questo viaggio e che inoltre non presenta difficolt\u00e0 fisiche importanti. Percorreremo gran parte del percorso &hellip; <\/p>\n<p class=\"read_more\"><a href=\"https:\/\/www.pilgrim.es\/it\/cammino-portoghese-per-la-costa\/tappa-8-baiona-vigo\/\">Leer m\u00e1s<\/a><\/p>\n","protected":false},"author":4,"featured_media":0,"parent":10812,"menu_order":0,"comment_status":"closed","ping_status":"closed","template":"views\/template-new-web-design.blade.php","meta":{"footnotes":""},"categories":[],"tags":[],"class_list":["post-49436","page","type-page","status-publish","hentry"],"yoast_head":"<!-- This site is optimized with the Yoast SEO plugin v27.4 - https:\/\/yoast.com\/product\/yoast-seo-wordpress\/ -->\n<title>Cammino di Santiago da Ramallosa | Cammino Portoghese per la Costa<\/title>\n<meta name=\"description\" content=\"Cammino Portoghese per la Costa: Tappa 8 che passa tra Ramallosa e Vigo. Scopri tutte le informazioni e pianifica la tua tappa.\" \/>\n<meta name=\"robots\" content=\"index, follow, max-snippet:-1, max-image-preview:large, max-video-preview:-1\" \/>\n<link rel=\"canonical\" href=\"https:\/\/www.pilgrim.es\/it\/cammino-portoghese-per-la-costa\/tappa-8-baiona-vigo\/\" \/>\n<meta property=\"og:locale\" content=\"it_IT\" \/>\n<meta property=\"og:type\" content=\"article\" \/>\n<meta property=\"og:title\" content=\"Cammino di Santiago da Ramallosa | Cammino Portoghese per la Costa\" \/>\n<meta property=\"og:description\" content=\"Cammino Portoghese per la Costa: Tappa 8 che passa tra Ramallosa e Vigo. Scopri tutte le informazioni e pianifica la tua tappa.\" \/>\n<meta property=\"og:url\" content=\"https:\/\/www.pilgrim.es\/it\/cammino-portoghese-per-la-costa\/tappa-8-baiona-vigo\/\" \/>\n<meta property=\"og:site_name\" content=\"Pilgrim\" \/>\n<meta property=\"article:publisher\" content=\"https:\/\/www.facebook.com\/pilgrim.es\/\" \/>\n<meta property=\"article:modified_time\" content=\"2025-05-02T11:32:07+00:00\" \/>\n<meta property=\"og:image\" content=\"https:\/\/cdn.pilgrim.es\/web\/caminos\/camino-portugues-costa\/pueblos\/baiona.jpg\" \/>\n<meta name=\"twitter:card\" content=\"summary_large_image\" \/>\n<meta name=\"twitter:site\" content=\"@pilgrim_es\" \/>\n<meta name=\"twitter:label1\" content=\"Tempo di lettura stimato\" \/>\n\t<meta name=\"twitter:data1\" content=\"3 minuti\" \/>\n<script type=\"application\/ld+json\" class=\"yoast-schema-graph\">{\"@context\":\"https:\\\/\\\/schema.org\",\"@graph\":[{\"@type\":\"WebPage\",\"@id\":\"https:\\\/\\\/www.pilgrim.es\\\/it\\\/cammino-portoghese-per-la-costa\\\/tappa-8-baiona-vigo\\\/\",\"url\":\"https:\\\/\\\/www.pilgrim.es\\\/it\\\/cammino-portoghese-per-la-costa\\\/tappa-8-baiona-vigo\\\/\",\"name\":\"Cammino di Santiago da Ramallosa | Cammino Portoghese per la Costa\",\"isPartOf\":{\"@id\":\"https:\\\/\\\/www.pilgrim.es\\\/it\\\/#website\"},\"primaryImageOfPage\":{\"@id\":\"https:\\\/\\\/www.pilgrim.es\\\/it\\\/cammino-portoghese-per-la-costa\\\/tappa-8-baiona-vigo\\\/#primaryimage\"},\"image\":{\"@id\":\"https:\\\/\\\/www.pilgrim.es\\\/it\\\/cammino-portoghese-per-la-costa\\\/tappa-8-baiona-vigo\\\/#primaryimage\"},\"thumbnailUrl\":\"https:\\\/\\\/cdn.pilgrim.es\\\/web\\\/caminos\\\/camino-portugues-costa\\\/pueblos\\\/baiona.jpg\",\"datePublished\":\"2019-11-22T13:46:28+00:00\",\"dateModified\":\"2025-05-02T11:32:07+00:00\",\"description\":\"Cammino Portoghese per la Costa: Tappa 8 che passa tra Ramallosa e Vigo. Scopri tutte le informazioni e pianifica la tua tappa.\",\"breadcrumb\":{\"@id\":\"https:\\\/\\\/www.pilgrim.es\\\/it\\\/cammino-portoghese-per-la-costa\\\/tappa-8-baiona-vigo\\\/#breadcrumb\"},\"inLanguage\":\"it-IT\",\"potentialAction\":[{\"@type\":\"ReadAction\",\"target\":[\"https:\\\/\\\/www.pilgrim.es\\\/it\\\/cammino-portoghese-per-la-costa\\\/tappa-8-baiona-vigo\\\/\"]}]},{\"@type\":\"ImageObject\",\"inLanguage\":\"it-IT\",\"@id\":\"https:\\\/\\\/www.pilgrim.es\\\/it\\\/cammino-portoghese-per-la-costa\\\/tappa-8-baiona-vigo\\\/#primaryimage\",\"url\":\"https:\\\/\\\/cdn.pilgrim.es\\\/web\\\/caminos\\\/camino-portugues-costa\\\/pueblos\\\/baiona.jpg\",\"contentUrl\":\"https:\\\/\\\/cdn.pilgrim.es\\\/web\\\/caminos\\\/camino-portugues-costa\\\/pueblos\\\/baiona.jpg\"},{\"@type\":\"BreadcrumbList\",\"@id\":\"https:\\\/\\\/www.pilgrim.es\\\/it\\\/cammino-portoghese-per-la-costa\\\/tappa-8-baiona-vigo\\\/#breadcrumb\",\"itemListElement\":[{\"@type\":\"ListItem\",\"position\":1,\"name\":\"Camino de Santiago\",\"item\":\"https:\\\/\\\/www.pilgrim.es\\\/it\\\/\"},{\"@type\":\"ListItem\",\"position\":2,\"name\":\"Il Cammino Portoghese sulla Costa\",\"item\":\"https:\\\/\\\/www.pilgrim.es\\\/it\\\/cammino-portoghese-per-la-costa\\\/\"},{\"@type\":\"ListItem\",\"position\":3,\"name\":\"Cammino Portoghese per la Costa | Tappa 8: Baiona &#8211; Vigo\"}]},{\"@type\":\"WebSite\",\"@id\":\"https:\\\/\\\/www.pilgrim.es\\\/it\\\/#website\",\"url\":\"https:\\\/\\\/www.pilgrim.es\\\/it\\\/\",\"name\":\"Pilgrim\",\"description\":\"Camino de Santiago | Caminamos Contigo\",\"publisher\":{\"@id\":\"https:\\\/\\\/www.pilgrim.es\\\/it\\\/#organization\"},\"potentialAction\":[{\"@type\":\"SearchAction\",\"target\":{\"@type\":\"EntryPoint\",\"urlTemplate\":\"https:\\\/\\\/www.pilgrim.es\\\/it\\\/?s={search_term_string}\"},\"query-input\":{\"@type\":\"PropertyValueSpecification\",\"valueRequired\":true,\"valueName\":\"search_term_string\"}}],\"inLanguage\":\"it-IT\"},{\"@type\":\"Organization\",\"@id\":\"https:\\\/\\\/www.pilgrim.es\\\/it\\\/#organization\",\"name\":\"Pilgrim Camino de Santiago\",\"url\":\"https:\\\/\\\/www.pilgrim.es\\\/it\\\/\",\"logo\":{\"@type\":\"ImageObject\",\"inLanguage\":\"it-IT\",\"@id\":\"https:\\\/\\\/www.pilgrim.es\\\/it\\\/#\\\/schema\\\/logo\\\/image\\\/\",\"url\":\"https:\\\/\\\/www.pilgrim.es\\\/wp-content\\\/uploads\\\/2019\\\/04\\\/logo_pilgrim.png\",\"contentUrl\":\"https:\\\/\\\/www.pilgrim.es\\\/wp-content\\\/uploads\\\/2019\\\/04\\\/logo_pilgrim.png\",\"width\":512,\"height\":512,\"caption\":\"Pilgrim Camino de Santiago\"},\"image\":{\"@id\":\"https:\\\/\\\/www.pilgrim.es\\\/it\\\/#\\\/schema\\\/logo\\\/image\\\/\"},\"sameAs\":[\"https:\\\/\\\/www.facebook.com\\\/pilgrim.es\\\/\",\"https:\\\/\\\/x.com\\\/pilgrim_es\",\"https:\\\/\\\/www.instagram.com\\\/pilgrim.es\\\/\",\"https:\\\/\\\/www.linkedin.com\\\/company\\\/pilgrim-camino-de-santiago\\\/\",\"https:\\\/\\\/www.pinterest.es\\\/pilgrimcaminodesantiago\\\/\",\"https:\\\/\\\/www.youtube.com\\\/channel\\\/UCIv2ZzFLXVqthkNF32rKedw\\\/featured\"]}]}<\/script>\n<!-- \/ Yoast SEO plugin. -->","yoast_head_json":{"title":"Cammino di Santiago da Ramallosa | Cammino Portoghese per la Costa","description":"Cammino Portoghese per la Costa: Tappa 8 che passa tra Ramallosa e Vigo. Scopri tutte le informazioni e pianifica la tua tappa.","robots":{"index":"index","follow":"follow","max-snippet":"max-snippet:-1","max-image-preview":"max-image-preview:large","max-video-preview":"max-video-preview:-1"},"canonical":"https:\/\/www.pilgrim.es\/it\/cammino-portoghese-per-la-costa\/tappa-8-baiona-vigo\/","og_locale":"it_IT","og_type":"article","og_title":"Cammino di Santiago da Ramallosa | Cammino Portoghese per la Costa","og_description":"Cammino Portoghese per la Costa: Tappa 8 che passa tra Ramallosa e Vigo. Scopri tutte le informazioni e pianifica la tua tappa.","og_url":"https:\/\/www.pilgrim.es\/it\/cammino-portoghese-per-la-costa\/tappa-8-baiona-vigo\/","og_site_name":"Pilgrim","article_publisher":"https:\/\/www.facebook.com\/pilgrim.es\/","article_modified_time":"2025-05-02T11:32:07+00:00","og_image":[{"url":"https:\/\/cdn.pilgrim.es\/web\/caminos\/camino-portugues-costa\/pueblos\/baiona.jpg","type":"","width":"","height":""}],"twitter_card":"summary_large_image","twitter_site":"@pilgrim_es","twitter_misc":{"Tempo di lettura stimato":"3 minuti"},"schema":{"@context":"https:\/\/schema.org","@graph":[{"@type":"WebPage","@id":"https:\/\/www.pilgrim.es\/it\/cammino-portoghese-per-la-costa\/tappa-8-baiona-vigo\/","url":"https:\/\/www.pilgrim.es\/it\/cammino-portoghese-per-la-costa\/tappa-8-baiona-vigo\/","name":"Cammino di Santiago da Ramallosa | Cammino Portoghese per la Costa","isPartOf":{"@id":"https:\/\/www.pilgrim.es\/it\/#website"},"primaryImageOfPage":{"@id":"https:\/\/www.pilgrim.es\/it\/cammino-portoghese-per-la-costa\/tappa-8-baiona-vigo\/#primaryimage"},"image":{"@id":"https:\/\/www.pilgrim.es\/it\/cammino-portoghese-per-la-costa\/tappa-8-baiona-vigo\/#primaryimage"},"thumbnailUrl":"https:\/\/cdn.pilgrim.es\/web\/caminos\/camino-portugues-costa\/pueblos\/baiona.jpg","datePublished":"2019-11-22T13:46:28+00:00","dateModified":"2025-05-02T11:32:07+00:00","description":"Cammino Portoghese per la Costa: Tappa 8 che passa tra Ramallosa e Vigo. Scopri tutte le informazioni e pianifica la tua tappa.","breadcrumb":{"@id":"https:\/\/www.pilgrim.es\/it\/cammino-portoghese-per-la-costa\/tappa-8-baiona-vigo\/#breadcrumb"},"inLanguage":"it-IT","potentialAction":[{"@type":"ReadAction","target":["https:\/\/www.pilgrim.es\/it\/cammino-portoghese-per-la-costa\/tappa-8-baiona-vigo\/"]}]},{"@type":"ImageObject","inLanguage":"it-IT","@id":"https:\/\/www.pilgrim.es\/it\/cammino-portoghese-per-la-costa\/tappa-8-baiona-vigo\/#primaryimage","url":"https:\/\/cdn.pilgrim.es\/web\/caminos\/camino-portugues-costa\/pueblos\/baiona.jpg","contentUrl":"https:\/\/cdn.pilgrim.es\/web\/caminos\/camino-portugues-costa\/pueblos\/baiona.jpg"},{"@type":"BreadcrumbList","@id":"https:\/\/www.pilgrim.es\/it\/cammino-portoghese-per-la-costa\/tappa-8-baiona-vigo\/#breadcrumb","itemListElement":[{"@type":"ListItem","position":1,"name":"Camino de Santiago","item":"https:\/\/www.pilgrim.es\/it\/"},{"@type":"ListItem","position":2,"name":"Il Cammino Portoghese sulla Costa","item":"https:\/\/www.pilgrim.es\/it\/cammino-portoghese-per-la-costa\/"},{"@type":"ListItem","position":3,"name":"Cammino Portoghese per la Costa | Tappa 8: Baiona &#8211; Vigo"}]},{"@type":"WebSite","@id":"https:\/\/www.pilgrim.es\/it\/#website","url":"https:\/\/www.pilgrim.es\/it\/","name":"Pilgrim","description":"Camino de Santiago | Caminamos Contigo","publisher":{"@id":"https:\/\/www.pilgrim.es\/it\/#organization"},"potentialAction":[{"@type":"SearchAction","target":{"@type":"EntryPoint","urlTemplate":"https:\/\/www.pilgrim.es\/it\/?s={search_term_string}"},"query-input":{"@type":"PropertyValueSpecification","valueRequired":true,"valueName":"search_term_string"}}],"inLanguage":"it-IT"},{"@type":"Organization","@id":"https:\/\/www.pilgrim.es\/it\/#organization","name":"Pilgrim Camino de Santiago","url":"https:\/\/www.pilgrim.es\/it\/","logo":{"@type":"ImageObject","inLanguage":"it-IT","@id":"https:\/\/www.pilgrim.es\/it\/#\/schema\/logo\/image\/","url":"https:\/\/www.pilgrim.es\/wp-content\/uploads\/2019\/04\/logo_pilgrim.png","contentUrl":"https:\/\/www.pilgrim.es\/wp-content\/uploads\/2019\/04\/logo_pilgrim.png","width":512,"height":512,"caption":"Pilgrim Camino de Santiago"},"image":{"@id":"https:\/\/www.pilgrim.es\/it\/#\/schema\/logo\/image\/"},"sameAs":["https:\/\/www.facebook.com\/pilgrim.es\/","https:\/\/x.com\/pilgrim_es","https:\/\/www.instagram.com\/pilgrim.es\/","https:\/\/www.linkedin.com\/company\/pilgrim-camino-de-santiago\/","https:\/\/www.pinterest.es\/pilgrimcaminodesantiago\/","https:\/\/www.youtube.com\/channel\/UCIv2ZzFLXVqthkNF32rKedw\/featured"]}]}},"_links":{"self":[{"href":"https:\/\/www.pilgrim.es\/it\/wp-json\/wp\/v2\/pages\/49436","targetHints":{"allow":["GET"]}}],"collection":[{"href":"https:\/\/www.pilgrim.es\/it\/wp-json\/wp\/v2\/pages"}],"about":[{"href":"https:\/\/www.pilgrim.es\/it\/wp-json\/wp\/v2\/types\/page"}],"author":[{"embeddable":true,"href":"https:\/\/www.pilgrim.es\/it\/wp-json\/wp\/v2\/users\/4"}],"replies":[{"embeddable":true,"href":"https:\/\/www.pilgrim.es\/it\/wp-json\/wp\/v2\/comments?post=49436"}],"version-history":[{"count":6,"href":"https:\/\/www.pilgrim.es\/it\/wp-json\/wp\/v2\/pages\/49436\/revisions"}],"predecessor-version":[{"id":130719,"href":"https:\/\/www.pilgrim.es\/it\/wp-json\/wp\/v2\/pages\/49436\/revisions\/130719"}],"up":[{"embeddable":true,"href":"https:\/\/www.pilgrim.es\/it\/wp-json\/wp\/v2\/pages\/10812"}],"wp:attachment":[{"href":"https:\/\/www.pilgrim.es\/it\/wp-json\/wp\/v2\/media?parent=49436"}],"wp:term":[{"taxonomy":"category","embeddable":true,"href":"https:\/\/www.pilgrim.es\/it\/wp-json\/wp\/v2\/categories?post=49436"},{"taxonomy":"post_tag","embeddable":true,"href":"https:\/\/www.pilgrim.es\/it\/wp-json\/wp\/v2\/tags?post=49436"}],"curies":[{"name":"wp","href":"https:\/\/api.w.org\/{rel}","templated":true}]}}