{"id":49346,"date":"2019-11-19T13:53:40","date_gmt":"2019-11-19T13:53:40","guid":{"rendered":"https:\/\/prod.pilgrim.es\/cammino-portoghese-per-la-costa\/tappa-7-mougas-ramallosa\/"},"modified":"2025-05-02T10:55:43","modified_gmt":"2025-05-02T10:55:43","slug":"tappa-7-o-serrallo-baiona","status":"publish","type":"page","link":"https:\/\/www.pilgrim.es\/it\/cammino-portoghese-per-la-costa\/tappa-7-o-serrallo-baiona\/","title":{"rendered":"Cammino Portoghese lungo la Costa | Tappa 7: O Serrallo &#8211; Baiona"},"content":{"rendered":"\n<section id=\"heroStage\">\n  <h1>Cammino Portoghese Costa &#8231; Tappa 7<\/h1>\n  <div>\n    <div class=\"hero\"\n      data-background=\"https:\/\/cdn.pilgrim.es\/web\/caminos\/camino-portugues-costa\/pueblos\/o-serrallo.jpg\">\n      <div class=\"hero__container\">\n        <div class=\"hero__container__labels\">\n          <p>A piedi<\/p>\n          <p>13 tappe \/ 271 kms<\/p>\n        <\/div>\n        <div class=\"hero__container__stage-name\">\n          <h2>\n            O Serrallo <br \/>\n            <span>&#10093;<\/span>\n            Baiona\n          <\/h2>\n          <p>14,4 Km<\/p>\n        <\/div>\n        <div class=\"hero__container__stage-changer\">\n          <div class=\"stage-control\">\n            <a class=\"stage-control__link\" href=\"https:\/\/www.pilgrim.es\/it\/cammino-portoghese-per-la-costa\/tappa-6-caminha-o-serrallo\/\"><span>&#10094;<\/span>\n              Tappa 6<\/a>\n          <\/div>\n          <div class=\"stage-control\">\n            <a class=\"stage-control__link\" href=\"https:\/\/www.pilgrim.es\/it\/cammino-portoghese-per-la-costa\/tappa-8-baiona-vigo\/\">Tappa 8\n              <span>&#10095;<\/span><\/a>\n          <\/div>\n        <\/div>\n      <\/div>\n    <\/div>\n    <div class=\"planner\"><div\r\n  class=\"p-col-span-1 p-rounded-lg p-px-5 p-h-full\"\r\n  style=\"background-image: url('https:\/\/cdn.pilgrim.es\/web\/pilgrim-planner\/bg-plugin-planificador.webp')\"\r\n  rel=\"preload\"\r\n  fetchpriority=\"high\"\r\n  >\r\n    <div class=\"p-text-center p-pt-5 p-text-white p-text-2xl p-font-semibold\">\r\n      Pianifica il tuo cammino    <\/div>\r\n    <div\r\n            id='primary-app'\r\n            data-name='banner'\r\n            data-api='https:\/\/pathfinder.pilgrim.es\/api\/pathfinder\/v2'\r\n            data-mode='normal'\r\n            data-lang='it'\r\n            data-route='1'\r\n            data-destiny='https:\/\/planificador.pilgrim.es'\r\n            data-modality='1'\r\n            data-inline=''\r\n        ><\/div><\/div><\/div>\n  <\/div>\n<\/section>\n\n<section id=\"scoreBarsStage\">\n  <section>\r\n  <div class=\"p-flex p-flex-nowrap p-space-x-4 p-py-5 p-overflow-x-auto md:p-grid md:p-grid-cols-3 lg:p-grid-cols-5 md:p-gap-8 md:p-space-x-0 md:p-overflow-hidden scrollbar-thin\">\r\n    <div class=\"p-grid p-grid-cols-4 p-shrink-0 p-w-72 p-snap-start md:p-w-full\">\r\n        <div class=\"p-col-span-1 p-self-center p-text-center p-text-3xl\">\r\n            <i class=\"icon-influx\"><\/i>\r\n        <\/div>\r\n        <div class=\"p-col-span-3 p-flex p-flex-col p-items-start\">\r\n            <div class=\"p-text-start p-text-secondary p-mb-1 p-bold\"> Afflusso <\/div>\r\n            <div class=\"p-w-full p-bg-light p-rounded-full p-h-2 p-relative\">\r\n                <div class=\"p-bg-primary p-h-2 p-rounded-full p-absolute\" style=\"width: 40%;\"><\/div>\r\n            <\/div>\r\n        <\/div>\r\n    <\/div>\r\n\r\n    <div class=\"p-grid p-grid-cols-4 p-shrink-0 p-w-72 p-snap-start md:p-w-full\">\r\n        <div class=\"p-col-span-1 p-self-center p-text-center p-text-3xl\">\r\n            <i class=\"icon-difficulty\"><\/i>\r\n        <\/div>\r\n        <div class=\"p-col-span-3 p-flex p-flex-col p-items-start\">\r\n            <div class=\"p-text-start p-text-secondary p-mb-1 p-bold\"> Difficolt\u00e0 <\/div>\r\n            <div class=\"p-w-full p-bg-light p-rounded-full p-h-2 p-relative\">\r\n                <div class=\"p-bg-primary p-h-2 p-rounded-full p-absolute\" style=\"width: 20%;\"><\/div>\r\n            <\/div>\r\n        <\/div>\r\n    <\/div>\r\n\r\n    <div class=\"p-grid p-grid-cols-4 p-shrink-0 p-w-72 p-snap-start md:p-w-full\">\r\n        <div class=\"p-col-span-1 p-self-center p-text-center p-text-3xl\">\r\n            <i class=\"icon-patrimony\"><\/i>\r\n        <\/div>\r\n        <div class=\"p-col-span-3 p-flex p-flex-col p-items-start\">\r\n            <div class=\"p-text-start p-text-secondary p-mb-1 p-bold\"> Arte\/Storia <\/div>\r\n            <div class=\"p-w-full p-bg-light p-rounded-full p-h-2 p-relative\">\r\n                <div class=\"p-bg-primary p-h-2 p-rounded-full p-absolute\" style=\"width: 40%;\"><\/div>\r\n            <\/div>\r\n        <\/div>\r\n    <\/div>\r\n\r\n    <div class=\"p-grid p-grid-cols-4 p-shrink-0 p-w-72 p-snap-start md:p-w-full\">\r\n        <div class=\"p-col-span-1 p-self-center p-text-center p-text-3xl\">\r\n            <i class=\"icon-nature\"><\/i>\r\n        <\/div>\r\n        <div class=\"p-col-span-3 p-flex p-flex-col p-items-start\">\r\n            <div class=\"p-text-start p-text-secondary p-mb-1 p-bold\"> Natura <\/div>\r\n            <div class=\"p-w-full p-bg-light p-rounded-full p-h-2 p-relative\">\r\n                <div class=\"p-bg-primary p-h-2 p-rounded-full p-absolute\" style=\"width: 60%;\"><\/div>\r\n            <\/div>\r\n        <\/div>\r\n    <\/div>\r\n\r\n    <div class=\"p-grid p-grid-cols-4 p-shrink-0 p-w-72 p-snap-start md:p-w-full\">\r\n        <div class=\"p-col-span-1 p-self-center p-text-center p-text-3xl\">\r\n            <i class=\"icon-urban\"><\/i>\r\n        <\/div>\r\n        <div class=\"p-col-span-3 p-flex p-flex-col p-items-start\">\r\n            <div class=\"p-text-start p-text-secondary p-mb-1 p-bold\"> Cammino Francese <\/div>\r\n            <div class=\"p-w-full p-bg-light p-rounded-full p-h-2 p-relative\">\r\n                <div class=\"p-bg-primary p-h-2 p-rounded-full p-absolute\" style=\"width: 20%;\"><\/div>\r\n            <\/div>\r\n        <\/div>\r\n    <\/div>\r\n  <\/div>\r\n<\/section>\n<\/section>\n\n<div id=\"stage-list-section\"><div class=\"stage-list\">\n    <div class='stage-list__map-card'>\n        <div class='stage-list__map-card__map'>\n            <div class='stage-list__map-card__map__text'>\n                <h2> Pages <\/h2>\n                <p> A piedi<\/p>\n                <p> 0tappe<\/p>\n            <\/div>\n            <div class='stage-list__map-card__map__img'>\n                <img decoding=\"async\" src=\"\" alt=\" mapa \" \/>\n            <\/div>\n        <\/div>\n    <\/div>\n\n    <\/div>\n<\/div>\n\n<section id=\"navStage\">\n  <div>\n    <nav id=\"tab-navigation-section\" class=\"tab-navigation-section--cols-4\">\n      <a href=\"#infoSection\" class=\"active\">Informazioni<\/a>\n      <a href=\"#profileSection\">Profilo<\/a>\n      <a href=\"#itinerarySection\">Itinerario<\/a>\n      <a href=\"#locationsSection\">Localit\u00e0<\/a>\n    <\/nav>\n\n    <div id=\"infoSection\">\n      <!-- Title Section with Orange Line -->\n      <div>\n        <h4 class=\"p-h4--section\">Informazioni<\/h4>\n        <hr class=\"orange-bar\" \/>\n        <h3 class=\"p-h3\">Su questa tappa<\/h3>\n      <\/div>\n\n      <!-- Main Content Section -->\n      <p>\n        Se pensi che il giorno anteriore \u00e8 stato bellissimo, anche l&#8217;itinerario di oggi sar\u00e0 molto\n        attraente e variegato: inizieremo il nostro cammino lungo la costa, poi ci godremo un bel\n        tratto di montagna con vista su un faro, e infine scopriremo Baiona, una citt\u00e0 di cui vi\n        innamorerete.\n      <\/p>\n\n      <div class=\"recomendation-card\">\n        <div>\n          <i class=\"icon-logo-pilgrim\"><\/i>\n          <h5>Raccomandazione di Pilgrim<\/h5>\n        <\/div>\n\n        <p>\n          I ciclisti devono seguire la pista ciclabile che corre parallela alla strada PO-552, lungo la costa\n          fino a Baiona e poco oltre, lungo un percorso facile e senza pendenze. Poich\u00e9 pedalano sempre a\n          fianco della strada, dovranno prestare molta pi\u00f9 attenzione ai possibili pericoli.\n        <\/p>\n      <\/div>\n    <\/div>\n\n    <div id=\"profileSection\">\n      <div>\n        <h4 class=\"p-h4--section\">Distanza e altitudine<\/h4>\n        <hr class=\"orange-bar\" \/>\n        <h3 class=\"p-h3\">Profilo della tappa<\/h3>\n        <img decoding=\"async\" src=\"https:\/\/cdn.pilgrim.es\/web\/caminos\/camino-portugues-costa\/etapas\/etapa-7\/etapa7-serrallo-baiona.jpg\"\n          alt=\"Profilo della tappa\" \/>\n      <\/div>\n    <\/div>\n\n    <div id=\"itinerarySection\">\n      <h4 class=\"p-h4--section\">Percorso<\/h4>\n      <hr \/>\n      <h3 class=\"p-h3\">Itinerario<\/h3>\n      <div>\n        <h4>Km 0 &#8231; O Serrallo<\/h4>\n        <p>\n          Appena 250 metri dopo il Glasgow Hotel, attraverseremo la strada sulle strisce pedonali e\n          prendemo un sentiero asfaltato in salita; Il sentiero ora ascende a un&#8217;altitudine maggiore,\n          con buone viste, attraversando una zona con piccole case e frutteti.\n          Infine scenderemo di nuovo fino alla strada, che dovremo attraversare con attenzione\n          sulle strisce pedonali; proseguiremo per qualche metro lungo la pista ciclabile e gireremo\n          a sinistra su un sentiero non asfaltato. Raggiungeremo pooc dopo una spiaggia di ghiaia\n          e la foce del fiume Moug\u00e1s, che attraverseremo per mezzo di un ponte di metallo. Dopo\n          averlo attraversato, gireremo a sinistra ed entreremo nel piccolo villaggio di Porto\n          Moug\u00e1s, con case sul lungomare.\n        <\/p>\n\n      <\/div>\n      <hr \/>\n      <div>\n        <h4>Km 2,8 &#8231; Porto Moug\u00e1s<\/h4>\n        <p>\n          Proseguiremo lungo la strada principale, parallela alla costa. Ci incorporeremo alla\n          strada PO-552 e alla sua pista ciclabile, e alla prossima curva prenderemo un sentiero no\n          asfaltato sulla sinistra, che continueremo fino ad arrivare al campeggio O Mui\u00f1o, a Pedra\n          Rubia.\n        <\/p>\n      <\/div>\n      <hr \/>\n      <div>\n        <h4>Km 4,6 &#8231; Pedra Rubia<\/h4>\n        <p>\n          Qui ritorneremo alla pista ciclabile che sar\u00e0 parallela alla strada.\n          Passeremo per l&#8217;hotel-ristorante O Pe\u00f1asco, e dopo 150 metri, una pietra miliare ci\n          indicher\u00e0 di scendere verso la costa per poter continure su un sentiero erboso, che risale\n          fino alla strada. Percorrendo la pista ciclabile passeremo per Punta Centinela, invece il\n          Capo Silleiro e il suo faro li vedremo in lontananza. Entreremo in questo momento A\n          Ermida, l&#8217;anticamera di As Mari\u00f1as.\n        <\/p>\n      <\/div>\n      <hr \/>\n      <div>\n        <h4>Km 7,1 &#8231; A Ermida<\/h4>\n        <p>\n          Ci lasceremo alle spalle il campeggio Moug\u00e1s e continueremo lungo la pista ciclabile per\n          650 metri; qui dovremo stare molto attenti, perch\u00e9 le frecce ci indicheranno\n          improvvisamente di attraversare la strada per poter iniziare una salita verso la montagna\n          lungo una rampa di cemento che si trova accanto ad alcuni chalet, che diventer\u00e0 poi un\n          sentiero di terra, erba e pietre, il Cami\u00f1o da Portela. Attraverseremo un cancello e\n          intraprenderemo un tratto di strada con una pendenza del 20%, un po&#8217; ripido ma non\n          eccessivamente lungo; raggiungeremo un&#8217;altezza che ci permetter\u00e0 di arrivare fino a l\n          faro, che potremo vedere in lontananza, alla nostra sinistra e con l&#8217;oceano in profondit\u00e1.\n          <br \/>\n          Questo \u00e8 senza dubbio uno dei tratti pi\u00f9 belli, magici e solitari di questo percorso.\n          Continueremo su un&#8217;antica strada fatta di lastre di pietra e usata durante i secoli sia per\n          il pascolo del bestiame che dai commercianti su carri. Attraverseremo un altro cancello e\n          arriveremo su una pianura e, dopo la quale cominceremo a scendere attraverso il bosco.\n          Raggiungeremo una strada asfaltata e la percorreremo fino alle prime case del quartiere\n          Cabreiro, nella parrocchia di Baredo.\n        <\/p>\n      <\/div>\n      <hr \/>\n      <div>\n        <h4>Km 11 &#8231; Baredo<\/h4>\n        <p>\n          Seguiremo attentamente le frecce nelle le strade, tra le recinzioni delle case e degli\n          chalet. Partiremo lungo il Cami\u00f1o do R\u00edo Peque\u00f1o, una salita asfaltata, alla fine della\n          quale gireremo bruscamente a sinistra per poter poi proseguire lungo la strada di Baredo\n          (EP-2203) per 700 metri, attraverso pini e con una splendida veduta sulle isole C\u00edes;\n          arriveremo poi ad un incrocio dove gireremo a sinistra, passando per un viadotto sulla\n          strada AG-57.\n          <br \/>\n          Poi gireremo a destra, fiancheggiando un parco costituito da un punto\n          panoramico con tavoli in pietra e un pergolato. Questo \u00e8 un posto perfetto per godersi la\n          vista panoramica su Baiona e sull&#8217;entrata dell&#8217;estuario di Vigo. Continuando a destra,\n          arriveremo alle case del quartiere di San Ant\u00f3n, la zona pi\u00f9 alta di Baiona, e scenderemo\n          per le sue strade verso il centro della citt\u00e0.\n          <br \/>\n          Raggiungeremo una rotonda vicino al campo di calcio e, di fronte troveremo il cimitero.\n          Lungo la recinzione metallica dello stadio si trova la cappella di Santa Liberata. A soli 50\n          metri si trova l&#8217;ex chiesa collegiata di Santa Maria, fondata nel XII secolo dai monaci\n          cistercensi del vicino monastero di Oia.\n        <\/p>\n      <\/div>\n      <hr \/>\n      <div>\n        <h4>Km 14,3 &#8231; Baiona<\/h4>\n\n      <\/div>\n\n    <\/div>\n\n    <div id=\"locationsSection\">\n      <h4 class=\"p-h4--section\">Localit\u00e0<\/h4>\n      <hr \/>\n      <h3 class=\"p-h3\">Villaggi<\/h3>\n      <div class=\"grid-container\">\n        <div class=\"p-group card-stage p-max-w-full\">\n\n          <div class=\"card-stage__header\">\n            <img decoding=\"async\" src=\"https:\/\/cdn.pilgrim.es\/web\/caminos\/camino-portugues-costa\/pueblos\/o-serrallo.jpg\"\n              alt=\"O Serrallo\" \/>\n\n          <\/div>\n          <div class=\"town-card__flex-container\">\n            <div class=\"town-card__flex-container__info\">\n              <h3>O Serrallo<\/h3>\n              <p>Provincia: Pontevedra<\/p>\n            <\/div>\n\n          <\/div>\n\n        <\/div>\n        <div class=\"p-group card-stage p-max-w-full\">\n\n          <div class=\"card-stage__header\">\n            <img decoding=\"async\" src=\"https:\/\/cdn.pilgrim.es\/web\/caminos\/camino-portugues-costa\/pueblos\/baiona.jpg\" alt=\"Baiona\" \/>\n\n          <\/div>\n          <div class=\"town-card__flex-container\">\n            <div class=\"town-card__flex-container__info\">\n              <h3>Baiona<\/h3>\n              <p>Provincia: Pontevedra<\/p>\n            <\/div>\n\n          <\/div>\n\n        <\/div>\n      <\/div>\n    <\/div>\n    <hr class=\"single-bar\" \/>\n  <\/div>\n<\/section>\n\n<section id=\"stageChange\">\n  <div>\n    <a href=\"https:\/\/www.pilgrim.es\/it\/cammino-portoghese-per-la-costa\/tappa-6-caminha-o-serrallo\/\" class=\"change-btn\">\n      <div class=\"btn-arrow previous\">\n        <i class=\"icon-arrow\"><\/i>\n      <\/div>\n      <div class=\"change-btn__info\">\n        <div>Tappa 6<\/div>\n        <p>\n          Caminha &#10095; <br \/>\n          O Serrallo\n        <\/p>\n      <\/div>\n    <\/a>\n    <a href=\"https:\/\/www.pilgrim.es\/it\/cammino-portoghese-per-la-costa\/tappa-8-baiona-vigo\/\" class=\"change-btn\">\n      <div class=\"change-btn__info\">\n        <div>Tappa 8<\/div>\n        <p>\n          Baiona &#10095; <br \/>\n          Vigo\n        <\/p>\n      <\/div>\n      <div class=\"btn-arrow\">\n        <i class=\"icon-arrow\"><\/i>\n      <\/div>\n    <\/a>\n  <\/div>\n<\/section>\n","protected":false},"excerpt":{"rendered":"<p>Cammino Portoghese Costa &#8231; Tappa 7 A piedi 13 tappe \/ 271 kms O Serrallo &#10093; Baiona 14,4 Km &#10094; Tappa 6 Tappa 8 &#10095; Informazioni Profilo Itinerario Localit\u00e0 Informazioni Su questa tappa Se pensi che il giorno anteriore \u00e8 stato bellissimo, anche l&#8217;itinerario di oggi sar\u00e0 molto attraente e variegato: inizieremo il nostro cammino &hellip; <\/p>\n<p class=\"read_more\"><a href=\"https:\/\/www.pilgrim.es\/it\/cammino-portoghese-per-la-costa\/tappa-7-o-serrallo-baiona\/\">Leer m\u00e1s<\/a><\/p>\n","protected":false},"author":4,"featured_media":0,"parent":10812,"menu_order":0,"comment_status":"closed","ping_status":"closed","template":"views\/template-new-web-design.blade.php","meta":{"footnotes":""},"categories":[],"tags":[],"class_list":["post-49346","page","type-page","status-publish","hentry"],"yoast_head":"<!-- This site is optimized with the Yoast SEO plugin v27.4 - https:\/\/yoast.com\/product\/yoast-seo-wordpress\/ -->\n<title>Cammino di Santiago da Moug\u00e1s | Cammino Portoghese lungo la Costa<\/title>\n<meta name=\"description\" content=\"Cammino Portoghese lungo la Costa: Tappa 7 che passa tra Moug\u00e1s e Ramallosa. Scopri tutte le informazioni e pianifica la tua rotta.\" \/>\n<meta name=\"robots\" content=\"index, follow, max-snippet:-1, max-image-preview:large, max-video-preview:-1\" \/>\n<link rel=\"canonical\" href=\"https:\/\/www.pilgrim.es\/it\/cammino-portoghese-per-la-costa\/tappa-7-o-serrallo-baiona\/\" \/>\n<meta property=\"og:locale\" content=\"it_IT\" \/>\n<meta property=\"og:type\" content=\"article\" \/>\n<meta property=\"og:title\" content=\"Cammino di Santiago da Moug\u00e1s | Cammino Portoghese lungo la Costa\" \/>\n<meta property=\"og:description\" content=\"Cammino Portoghese lungo la Costa: Tappa 7 che passa tra Moug\u00e1s e Ramallosa. Scopri tutte le informazioni e pianifica la tua rotta.\" \/>\n<meta property=\"og:url\" content=\"https:\/\/www.pilgrim.es\/it\/cammino-portoghese-per-la-costa\/tappa-7-o-serrallo-baiona\/\" \/>\n<meta property=\"og:site_name\" content=\"Pilgrim\" \/>\n<meta property=\"article:publisher\" content=\"https:\/\/www.facebook.com\/pilgrim.es\/\" \/>\n<meta property=\"article:modified_time\" content=\"2025-05-02T10:55:43+00:00\" \/>\n<meta property=\"og:image\" content=\"https:\/\/cdn.pilgrim.es\/web\/caminos\/camino-portugues-costa\/etapas\/etapa-7\/etapa7-serrallo-baiona.jpg\" \/>\n<meta name=\"twitter:card\" content=\"summary_large_image\" \/>\n<meta name=\"twitter:site\" content=\"@pilgrim_es\" \/>\n<meta name=\"twitter:label1\" content=\"Tempo di lettura stimato\" \/>\n\t<meta name=\"twitter:data1\" content=\"4 minuti\" \/>\n<script type=\"application\/ld+json\" class=\"yoast-schema-graph\">{\"@context\":\"https:\\\/\\\/schema.org\",\"@graph\":[{\"@type\":\"WebPage\",\"@id\":\"https:\\\/\\\/www.pilgrim.es\\\/it\\\/cammino-portoghese-per-la-costa\\\/tappa-7-o-serrallo-baiona\\\/\",\"url\":\"https:\\\/\\\/www.pilgrim.es\\\/it\\\/cammino-portoghese-per-la-costa\\\/tappa-7-o-serrallo-baiona\\\/\",\"name\":\"Cammino di Santiago da Moug\u00e1s | Cammino Portoghese lungo la Costa\",\"isPartOf\":{\"@id\":\"https:\\\/\\\/www.pilgrim.es\\\/it\\\/#website\"},\"primaryImageOfPage\":{\"@id\":\"https:\\\/\\\/www.pilgrim.es\\\/it\\\/cammino-portoghese-per-la-costa\\\/tappa-7-o-serrallo-baiona\\\/#primaryimage\"},\"image\":{\"@id\":\"https:\\\/\\\/www.pilgrim.es\\\/it\\\/cammino-portoghese-per-la-costa\\\/tappa-7-o-serrallo-baiona\\\/#primaryimage\"},\"thumbnailUrl\":\"https:\\\/\\\/cdn.pilgrim.es\\\/web\\\/caminos\\\/camino-portugues-costa\\\/etapas\\\/etapa-7\\\/etapa7-serrallo-baiona.jpg\",\"datePublished\":\"2019-11-19T13:53:40+00:00\",\"dateModified\":\"2025-05-02T10:55:43+00:00\",\"description\":\"Cammino Portoghese lungo la Costa: Tappa 7 che passa tra Moug\u00e1s e Ramallosa. Scopri tutte le informazioni e pianifica la tua rotta.\",\"breadcrumb\":{\"@id\":\"https:\\\/\\\/www.pilgrim.es\\\/it\\\/cammino-portoghese-per-la-costa\\\/tappa-7-o-serrallo-baiona\\\/#breadcrumb\"},\"inLanguage\":\"it-IT\",\"potentialAction\":[{\"@type\":\"ReadAction\",\"target\":[\"https:\\\/\\\/www.pilgrim.es\\\/it\\\/cammino-portoghese-per-la-costa\\\/tappa-7-o-serrallo-baiona\\\/\"]}]},{\"@type\":\"ImageObject\",\"inLanguage\":\"it-IT\",\"@id\":\"https:\\\/\\\/www.pilgrim.es\\\/it\\\/cammino-portoghese-per-la-costa\\\/tappa-7-o-serrallo-baiona\\\/#primaryimage\",\"url\":\"https:\\\/\\\/cdn.pilgrim.es\\\/web\\\/caminos\\\/camino-portugues-costa\\\/etapas\\\/etapa-7\\\/etapa7-serrallo-baiona.jpg\",\"contentUrl\":\"https:\\\/\\\/cdn.pilgrim.es\\\/web\\\/caminos\\\/camino-portugues-costa\\\/etapas\\\/etapa-7\\\/etapa7-serrallo-baiona.jpg\"},{\"@type\":\"BreadcrumbList\",\"@id\":\"https:\\\/\\\/www.pilgrim.es\\\/it\\\/cammino-portoghese-per-la-costa\\\/tappa-7-o-serrallo-baiona\\\/#breadcrumb\",\"itemListElement\":[{\"@type\":\"ListItem\",\"position\":1,\"name\":\"Camino de Santiago\",\"item\":\"https:\\\/\\\/www.pilgrim.es\\\/it\\\/\"},{\"@type\":\"ListItem\",\"position\":2,\"name\":\"Il Cammino Portoghese sulla Costa\",\"item\":\"https:\\\/\\\/www.pilgrim.es\\\/it\\\/cammino-portoghese-per-la-costa\\\/\"},{\"@type\":\"ListItem\",\"position\":3,\"name\":\"Cammino Portoghese lungo la Costa | Tappa 7: O Serrallo &#8211; Baiona\"}]},{\"@type\":\"WebSite\",\"@id\":\"https:\\\/\\\/www.pilgrim.es\\\/it\\\/#website\",\"url\":\"https:\\\/\\\/www.pilgrim.es\\\/it\\\/\",\"name\":\"Pilgrim\",\"description\":\"Camino de Santiago | Caminamos Contigo\",\"publisher\":{\"@id\":\"https:\\\/\\\/www.pilgrim.es\\\/it\\\/#organization\"},\"potentialAction\":[{\"@type\":\"SearchAction\",\"target\":{\"@type\":\"EntryPoint\",\"urlTemplate\":\"https:\\\/\\\/www.pilgrim.es\\\/it\\\/?s={search_term_string}\"},\"query-input\":{\"@type\":\"PropertyValueSpecification\",\"valueRequired\":true,\"valueName\":\"search_term_string\"}}],\"inLanguage\":\"it-IT\"},{\"@type\":\"Organization\",\"@id\":\"https:\\\/\\\/www.pilgrim.es\\\/it\\\/#organization\",\"name\":\"Pilgrim Camino de Santiago\",\"url\":\"https:\\\/\\\/www.pilgrim.es\\\/it\\\/\",\"logo\":{\"@type\":\"ImageObject\",\"inLanguage\":\"it-IT\",\"@id\":\"https:\\\/\\\/www.pilgrim.es\\\/it\\\/#\\\/schema\\\/logo\\\/image\\\/\",\"url\":\"https:\\\/\\\/www.pilgrim.es\\\/wp-content\\\/uploads\\\/2019\\\/04\\\/logo_pilgrim.png\",\"contentUrl\":\"https:\\\/\\\/www.pilgrim.es\\\/wp-content\\\/uploads\\\/2019\\\/04\\\/logo_pilgrim.png\",\"width\":512,\"height\":512,\"caption\":\"Pilgrim Camino de Santiago\"},\"image\":{\"@id\":\"https:\\\/\\\/www.pilgrim.es\\\/it\\\/#\\\/schema\\\/logo\\\/image\\\/\"},\"sameAs\":[\"https:\\\/\\\/www.facebook.com\\\/pilgrim.es\\\/\",\"https:\\\/\\\/x.com\\\/pilgrim_es\",\"https:\\\/\\\/www.instagram.com\\\/pilgrim.es\\\/\",\"https:\\\/\\\/www.linkedin.com\\\/company\\\/pilgrim-camino-de-santiago\\\/\",\"https:\\\/\\\/www.pinterest.es\\\/pilgrimcaminodesantiago\\\/\",\"https:\\\/\\\/www.youtube.com\\\/channel\\\/UCIv2ZzFLXVqthkNF32rKedw\\\/featured\"]}]}<\/script>\n<!-- \/ Yoast SEO plugin. -->","yoast_head_json":{"title":"Cammino di Santiago da Moug\u00e1s | Cammino Portoghese lungo la Costa","description":"Cammino Portoghese lungo la Costa: Tappa 7 che passa tra Moug\u00e1s e Ramallosa. Scopri tutte le informazioni e pianifica la tua rotta.","robots":{"index":"index","follow":"follow","max-snippet":"max-snippet:-1","max-image-preview":"max-image-preview:large","max-video-preview":"max-video-preview:-1"},"canonical":"https:\/\/www.pilgrim.es\/it\/cammino-portoghese-per-la-costa\/tappa-7-o-serrallo-baiona\/","og_locale":"it_IT","og_type":"article","og_title":"Cammino di Santiago da Moug\u00e1s | Cammino Portoghese lungo la Costa","og_description":"Cammino Portoghese lungo la Costa: Tappa 7 che passa tra Moug\u00e1s e Ramallosa. Scopri tutte le informazioni e pianifica la tua rotta.","og_url":"https:\/\/www.pilgrim.es\/it\/cammino-portoghese-per-la-costa\/tappa-7-o-serrallo-baiona\/","og_site_name":"Pilgrim","article_publisher":"https:\/\/www.facebook.com\/pilgrim.es\/","article_modified_time":"2025-05-02T10:55:43+00:00","og_image":[{"url":"https:\/\/cdn.pilgrim.es\/web\/caminos\/camino-portugues-costa\/etapas\/etapa-7\/etapa7-serrallo-baiona.jpg","type":"","width":"","height":""}],"twitter_card":"summary_large_image","twitter_site":"@pilgrim_es","twitter_misc":{"Tempo di lettura stimato":"4 minuti"},"schema":{"@context":"https:\/\/schema.org","@graph":[{"@type":"WebPage","@id":"https:\/\/www.pilgrim.es\/it\/cammino-portoghese-per-la-costa\/tappa-7-o-serrallo-baiona\/","url":"https:\/\/www.pilgrim.es\/it\/cammino-portoghese-per-la-costa\/tappa-7-o-serrallo-baiona\/","name":"Cammino di Santiago da Moug\u00e1s | Cammino Portoghese lungo la Costa","isPartOf":{"@id":"https:\/\/www.pilgrim.es\/it\/#website"},"primaryImageOfPage":{"@id":"https:\/\/www.pilgrim.es\/it\/cammino-portoghese-per-la-costa\/tappa-7-o-serrallo-baiona\/#primaryimage"},"image":{"@id":"https:\/\/www.pilgrim.es\/it\/cammino-portoghese-per-la-costa\/tappa-7-o-serrallo-baiona\/#primaryimage"},"thumbnailUrl":"https:\/\/cdn.pilgrim.es\/web\/caminos\/camino-portugues-costa\/etapas\/etapa-7\/etapa7-serrallo-baiona.jpg","datePublished":"2019-11-19T13:53:40+00:00","dateModified":"2025-05-02T10:55:43+00:00","description":"Cammino Portoghese lungo la Costa: Tappa 7 che passa tra Moug\u00e1s e Ramallosa. Scopri tutte le informazioni e pianifica la tua rotta.","breadcrumb":{"@id":"https:\/\/www.pilgrim.es\/it\/cammino-portoghese-per-la-costa\/tappa-7-o-serrallo-baiona\/#breadcrumb"},"inLanguage":"it-IT","potentialAction":[{"@type":"ReadAction","target":["https:\/\/www.pilgrim.es\/it\/cammino-portoghese-per-la-costa\/tappa-7-o-serrallo-baiona\/"]}]},{"@type":"ImageObject","inLanguage":"it-IT","@id":"https:\/\/www.pilgrim.es\/it\/cammino-portoghese-per-la-costa\/tappa-7-o-serrallo-baiona\/#primaryimage","url":"https:\/\/cdn.pilgrim.es\/web\/caminos\/camino-portugues-costa\/etapas\/etapa-7\/etapa7-serrallo-baiona.jpg","contentUrl":"https:\/\/cdn.pilgrim.es\/web\/caminos\/camino-portugues-costa\/etapas\/etapa-7\/etapa7-serrallo-baiona.jpg"},{"@type":"BreadcrumbList","@id":"https:\/\/www.pilgrim.es\/it\/cammino-portoghese-per-la-costa\/tappa-7-o-serrallo-baiona\/#breadcrumb","itemListElement":[{"@type":"ListItem","position":1,"name":"Camino de Santiago","item":"https:\/\/www.pilgrim.es\/it\/"},{"@type":"ListItem","position":2,"name":"Il Cammino Portoghese sulla Costa","item":"https:\/\/www.pilgrim.es\/it\/cammino-portoghese-per-la-costa\/"},{"@type":"ListItem","position":3,"name":"Cammino Portoghese lungo la Costa | Tappa 7: O Serrallo &#8211; Baiona"}]},{"@type":"WebSite","@id":"https:\/\/www.pilgrim.es\/it\/#website","url":"https:\/\/www.pilgrim.es\/it\/","name":"Pilgrim","description":"Camino de Santiago | Caminamos Contigo","publisher":{"@id":"https:\/\/www.pilgrim.es\/it\/#organization"},"potentialAction":[{"@type":"SearchAction","target":{"@type":"EntryPoint","urlTemplate":"https:\/\/www.pilgrim.es\/it\/?s={search_term_string}"},"query-input":{"@type":"PropertyValueSpecification","valueRequired":true,"valueName":"search_term_string"}}],"inLanguage":"it-IT"},{"@type":"Organization","@id":"https:\/\/www.pilgrim.es\/it\/#organization","name":"Pilgrim Camino de Santiago","url":"https:\/\/www.pilgrim.es\/it\/","logo":{"@type":"ImageObject","inLanguage":"it-IT","@id":"https:\/\/www.pilgrim.es\/it\/#\/schema\/logo\/image\/","url":"https:\/\/www.pilgrim.es\/wp-content\/uploads\/2019\/04\/logo_pilgrim.png","contentUrl":"https:\/\/www.pilgrim.es\/wp-content\/uploads\/2019\/04\/logo_pilgrim.png","width":512,"height":512,"caption":"Pilgrim Camino de Santiago"},"image":{"@id":"https:\/\/www.pilgrim.es\/it\/#\/schema\/logo\/image\/"},"sameAs":["https:\/\/www.facebook.com\/pilgrim.es\/","https:\/\/x.com\/pilgrim_es","https:\/\/www.instagram.com\/pilgrim.es\/","https:\/\/www.linkedin.com\/company\/pilgrim-camino-de-santiago\/","https:\/\/www.pinterest.es\/pilgrimcaminodesantiago\/","https:\/\/www.youtube.com\/channel\/UCIv2ZzFLXVqthkNF32rKedw\/featured"]}]}},"_links":{"self":[{"href":"https:\/\/www.pilgrim.es\/it\/wp-json\/wp\/v2\/pages\/49346","targetHints":{"allow":["GET"]}}],"collection":[{"href":"https:\/\/www.pilgrim.es\/it\/wp-json\/wp\/v2\/pages"}],"about":[{"href":"https:\/\/www.pilgrim.es\/it\/wp-json\/wp\/v2\/types\/page"}],"author":[{"embeddable":true,"href":"https:\/\/www.pilgrim.es\/it\/wp-json\/wp\/v2\/users\/4"}],"replies":[{"embeddable":true,"href":"https:\/\/www.pilgrim.es\/it\/wp-json\/wp\/v2\/comments?post=49346"}],"version-history":[{"count":6,"href":"https:\/\/www.pilgrim.es\/it\/wp-json\/wp\/v2\/pages\/49346\/revisions"}],"predecessor-version":[{"id":130701,"href":"https:\/\/www.pilgrim.es\/it\/wp-json\/wp\/v2\/pages\/49346\/revisions\/130701"}],"up":[{"embeddable":true,"href":"https:\/\/www.pilgrim.es\/it\/wp-json\/wp\/v2\/pages\/10812"}],"wp:attachment":[{"href":"https:\/\/www.pilgrim.es\/it\/wp-json\/wp\/v2\/media?parent=49346"}],"wp:term":[{"taxonomy":"category","embeddable":true,"href":"https:\/\/www.pilgrim.es\/it\/wp-json\/wp\/v2\/categories?post=49346"},{"taxonomy":"post_tag","embeddable":true,"href":"https:\/\/www.pilgrim.es\/it\/wp-json\/wp\/v2\/tags?post=49346"}],"curies":[{"name":"wp","href":"https:\/\/api.w.org\/{rel}","templated":true}]}}