{"id":49342,"date":"2019-11-19T13:21:36","date_gmt":"2019-11-19T13:21:36","guid":{"rendered":"https:\/\/prod.pilgrim.es\/cammino-portoghese-per-la-costa\/tappa-5-viana-do-castelo-caminha\/"},"modified":"2025-05-02T10:39:21","modified_gmt":"2025-05-02T10:39:21","slug":"tappa-5-viana-do-castelo-caminha","status":"publish","type":"page","link":"https:\/\/www.pilgrim.es\/it\/cammino-portoghese-per-la-costa\/tappa-5-viana-do-castelo-caminha\/","title":{"rendered":"Cammino Portoghese lungo la Costa | Tappa 5: Viana do Castelo &#8211; Caminha"},"content":{"rendered":"\n<section id=\"heroStage\">\n  <h1>Cammino Portoghese Costa &#8231; Tappa 5<\/h1>\n  <div>\n    <div class=\"hero\"\n      data-background=\"https:\/\/cdn.pilgrim.es\/web\/caminos\/camino-portugues-costa\/pueblos\/viana-do-castelo.jpg\">\n      <div class=\"hero__container\">\n        <div class=\"hero__container__labels\">\n          <p>A piedi<\/p>\n          <p>13 tappe \/ 271 kms<\/p>\n        <\/div>\n        <div class=\"hero__container__stage-name\">\n          <h2>\n            Viana do Castelo <br \/>\n            <span>&#10093;<\/span>\n            Caminha\n          <\/h2>\n          <p>26,8 Km<\/p>\n        <\/div>\n        <div class=\"hero__container__stage-changer\">\n          <div class=\"stage-control\">\n            <a class=\"stage-control__link\"\n              href=\"https:\/\/www.pilgrim.es\/it\/cammino-portoghese-per-la-costa\/tappa-4-esposende-viana-do-castelo\/\"><span>&#10094;<\/span>\n              Tappa 4<\/a>\n          <\/div>\n          <div class=\"stage-control\">\n            <a class=\"stage-control__link\" href=\"https:\/\/www.pilgrim.es\/it\/cammino-portoghese-per-la-costa\/tappa-6-caminha-o-serrallo\/\">Tappa\n              6\n              <span>&#10095;<\/span><\/a>\n          <\/div>\n        <\/div>\n      <\/div>\n    <\/div>\n    <div class=\"planner\"><div\r\n  class=\"p-col-span-1 p-rounded-lg p-px-5 p-h-full\"\r\n  style=\"background-image: url('https:\/\/cdn.pilgrim.es\/web\/pilgrim-planner\/bg-plugin-planificador.webp')\"\r\n  rel=\"preload\"\r\n  fetchpriority=\"high\"\r\n  >\r\n    <div class=\"p-text-center p-pt-5 p-text-white p-text-2xl p-font-semibold\">\r\n      Pianifica il tuo cammino    <\/div>\r\n    <div\r\n            id='primary-app'\r\n            data-name='banner'\r\n            data-api='https:\/\/pathfinder.pilgrim.es\/api\/pathfinder\/v2'\r\n            data-mode='normal'\r\n            data-lang='it'\r\n            data-route='1'\r\n            data-destiny='https:\/\/planificador.pilgrim.es'\r\n            data-modality='1'\r\n            data-inline=''\r\n        ><\/div><\/div><\/div>\n  <\/div>\n<\/section>\n\n<section id=\"scoreBarsStage\">\n  <section>\r\n  <div class=\"p-flex p-flex-nowrap p-space-x-4 p-py-5 p-overflow-x-auto md:p-grid md:p-grid-cols-3 lg:p-grid-cols-5 md:p-gap-8 md:p-space-x-0 md:p-overflow-hidden scrollbar-thin\">\r\n    <div class=\"p-grid p-grid-cols-4 p-shrink-0 p-w-72 p-snap-start md:p-w-full\">\r\n        <div class=\"p-col-span-1 p-self-center p-text-center p-text-3xl\">\r\n            <i class=\"icon-influx\"><\/i>\r\n        <\/div>\r\n        <div class=\"p-col-span-3 p-flex p-flex-col p-items-start\">\r\n            <div class=\"p-text-start p-text-secondary p-mb-1 p-bold\"> Afflusso <\/div>\r\n            <div class=\"p-w-full p-bg-light p-rounded-full p-h-2 p-relative\">\r\n                <div class=\"p-bg-primary p-h-2 p-rounded-full p-absolute\" style=\"width: 40%;\"><\/div>\r\n            <\/div>\r\n        <\/div>\r\n    <\/div>\r\n\r\n    <div class=\"p-grid p-grid-cols-4 p-shrink-0 p-w-72 p-snap-start md:p-w-full\">\r\n        <div class=\"p-col-span-1 p-self-center p-text-center p-text-3xl\">\r\n            <i class=\"icon-difficulty\"><\/i>\r\n        <\/div>\r\n        <div class=\"p-col-span-3 p-flex p-flex-col p-items-start\">\r\n            <div class=\"p-text-start p-text-secondary p-mb-1 p-bold\"> Difficolt\u00e0 <\/div>\r\n            <div class=\"p-w-full p-bg-light p-rounded-full p-h-2 p-relative\">\r\n                <div class=\"p-bg-primary p-h-2 p-rounded-full p-absolute\" style=\"width: 60%;\"><\/div>\r\n            <\/div>\r\n        <\/div>\r\n    <\/div>\r\n\r\n    <div class=\"p-grid p-grid-cols-4 p-shrink-0 p-w-72 p-snap-start md:p-w-full\">\r\n        <div class=\"p-col-span-1 p-self-center p-text-center p-text-3xl\">\r\n            <i class=\"icon-patrimony\"><\/i>\r\n        <\/div>\r\n        <div class=\"p-col-span-3 p-flex p-flex-col p-items-start\">\r\n            <div class=\"p-text-start p-text-secondary p-mb-1 p-bold\"> Arte\/Storia <\/div>\r\n            <div class=\"p-w-full p-bg-light p-rounded-full p-h-2 p-relative\">\r\n                <div class=\"p-bg-primary p-h-2 p-rounded-full p-absolute\" style=\"width: 20%;\"><\/div>\r\n            <\/div>\r\n        <\/div>\r\n    <\/div>\r\n\r\n    <div class=\"p-grid p-grid-cols-4 p-shrink-0 p-w-72 p-snap-start md:p-w-full\">\r\n        <div class=\"p-col-span-1 p-self-center p-text-center p-text-3xl\">\r\n            <i class=\"icon-nature\"><\/i>\r\n        <\/div>\r\n        <div class=\"p-col-span-3 p-flex p-flex-col p-items-start\">\r\n            <div class=\"p-text-start p-text-secondary p-mb-1 p-bold\"> Natura <\/div>\r\n            <div class=\"p-w-full p-bg-light p-rounded-full p-h-2 p-relative\">\r\n                <div class=\"p-bg-primary p-h-2 p-rounded-full p-absolute\" style=\"width: 60%;\"><\/div>\r\n            <\/div>\r\n        <\/div>\r\n    <\/div>\r\n\r\n    <div class=\"p-grid p-grid-cols-4 p-shrink-0 p-w-72 p-snap-start md:p-w-full\">\r\n        <div class=\"p-col-span-1 p-self-center p-text-center p-text-3xl\">\r\n            <i class=\"icon-urban\"><\/i>\r\n        <\/div>\r\n        <div class=\"p-col-span-3 p-flex p-flex-col p-items-start\">\r\n            <div class=\"p-text-start p-text-secondary p-mb-1 p-bold\"> Cammino Francese <\/div>\r\n            <div class=\"p-w-full p-bg-light p-rounded-full p-h-2 p-relative\">\r\n                <div class=\"p-bg-primary p-h-2 p-rounded-full p-absolute\" style=\"width: 20%;\"><\/div>\r\n            <\/div>\r\n        <\/div>\r\n    <\/div>\r\n  <\/div>\r\n<\/section>\n<\/section>\n\n<div id=\"stage-list-section\"><div class=\"stage-list\">\n    <div class='stage-list__map-card'>\n        <div class='stage-list__map-card__map'>\n            <div class='stage-list__map-card__map__text'>\n                <h2> Pages <\/h2>\n                <p> A piedi<\/p>\n                <p> 0tappe<\/p>\n            <\/div>\n            <div class='stage-list__map-card__map__img'>\n                <img decoding=\"async\" src=\"\" alt=\" mapa \" \/>\n            <\/div>\n        <\/div>\n    <\/div>\n\n    <\/div>\n<\/div>\n\n<section id=\"navStage\">\n  <div>\n    <nav id=\"tab-navigation-section\" class=\"tab-navigation-section--cols-4\">\n      <a href=\"#infoSection\" class=\"active\">Informazioni<\/a>\n      <a href=\"#profileSection\">Profilo<\/a>\n      <a href=\"#itinerarySection\">Itinerario<\/a>\n      <a href=\"#locationsSection\">Localit\u00e0<\/a>\n    <\/nav>\n\n    <div id=\"infoSection\">\n      <!-- Title Section with Orange Line -->\n      <div>\n        <h4 class=\"p-h4--section\">Informazioni<\/h4>\n        <hr class=\"orange-bar\" \/>\n        <h3 class=\"p-h3\">Su questa tappa<\/h3>\n      <\/div>\n\n      <!-- Main Content Section -->\n      <p>\n        In questa tappa raggiungeremo la frontiera del Portogallo con la Spagna, all&#8217;altezza della\n        Galizia, quindi questi saranno gli ultimi chilometri in cui potremo goderci i grandi\n        paesaggi portoghesi per poi entrare nella Comunit\u00e0 Autonoma di Galizia, che ci offrir\u00e0\n        altrettanti o, molti di pi\u00f9, panorami mozzafiato. Arrivati a questo punto, dobbiamo\n        segnalare che all&#8217;inizio della nostra tappa, Viana do Castelo, dovrete decidere se\n        continuare il percorso indicato dalle frecce gialle lungo la strada o deviare verso la costa\n        per continuare a camminare, accompagnati dalle spiagge e dal mare, con il rischio per\u00f2\n        di non avere le indicazioni adeguate per proseguire il percorso.\n      <\/p>\n\n      <div class=\"recomendation-card\">\n        <div>\n          <i class=\"icon-logo-pilgrim\"><\/i>\n          <h5>Raccomandazione di Pilgrim<\/h5>\n        <\/div>\n\n        <p>\n          In questa tappa si incontra un altro bivio che divide il percorso in due, nell&#8217;entroterra e lungo la\n          costa. Consigliamo di percorrerlo lungo la costa perch\u00e9 se c&#8217;\u00e8 una particolarit\u00e0 di questo percorso\n          alternativo \u00e8 che permette di apprezzare il paesaggio costiero del Portogallo.\n        <\/p>\n      <\/div>\n    <\/div>\n\n    <div id=\"profileSection\">\n      <div>\n        <h4 class=\"p-h4--section\">Distanza e altitudine<\/h4>\n        <hr class=\"orange-bar\" \/>\n        <h3 class=\"p-h3\">Profilo della tappa<\/h3>\n        <img decoding=\"async\"\n          src=\"https:\/\/cdn.pilgrim.es\/web\/caminos\/camino-portugues-costa\/etapas\/etapa-5\/etapa5-perfil-viana-do-castelo-caminha.jpg\"\n          alt=\"Profilo della tappa\" \/>\n      <\/div>\n    <\/div>\n\n    <div id=\"itinerarySection\">\n      <h4 class=\"p-h4--section\">Percorso<\/h4>\n      <hr \/>\n      <h3 class=\"p-h3\">Itinerario<\/h3>\n      <div>\n        <h4>Km 0 &#8231; Viana do Castelo<\/h4>\n        <p>\n          Ti descriviamo il percorso ufficiale: partendo da Pra\u00e7a da Rep\u00fablica, prenderemo il\n          Passeio das Mordomas, gireremo a sinistra in Rua C\u00e1ndido dos Reis e continueremo\n          dritto lungo Rua General Lu\u00eds do Rego; una volta arrivati a Largo 9 de Abril, cercheremo\n          Rua de S\u00e3o Tiago. Dopo essere passati sotto i binari del treno, vedremo il centro\n          commerciale Esta\u00e7\u00e3o Viana; prima di arrivare gireremo su Rua Portela da Cima, una\n          strada con una salita ripida. Attraverseremo un sottopassaggio sotto Av. 25 de Abril, che\n          \u00e8 la circonvallazione della citt\u00e0, e, quando usciremo, gireremo a sinistra (troveremo\n          un&#8217;altra salita) lungo Rua D. Mois\u00e9s Alves Pinho, arrivando davanti alla chiesa Santos\n          M\u00e1rtires.\n          <br \/>\n          Continueremo dritti lungo la stessa strada e poi lungo la Rua dos Sobreiros, costeggiando\n          la collina di Santa Luzia. Da Rua Pedreira da Areosa gireremo a sinistra per poi\n          continuare su diverse strade strette e tra muri di pietra, che alla fine ci lasceranno in una\n          rotonda. Continueremo poi lungo Rua Entre Quintas, Rua da Saudade e Travessa das\n          Pereiras; e dopo aver attraversato un ponte di pietra su un ruscello, arriveremo\n          all&#8217;ingresso della villa Quinta da Boa Viagem.\n        <\/p>\n\n      <\/div>\n      <hr \/>\n      <div>\n        <h4>Km 4,9 &#8231; Areosa<\/h4>\n        <p>\n          Continueremo per 100 metri lungo un tratto asfaltato che si trova tra due file di ulivi,\n          prima di girare a destra, percorrendo una salita, e raggiungere un piccolo quartiere\n          residenziale. Continueremo percorendo al strada, attraverso una pineta, e prenderemo un\n          sentiero che gira a destra.\n          Continueremo camminando tra case, muri di pietra e strade strette, e a volte con buone\n          vedute sulla costa. Quando arriveremo a un ponte sulla ferrovia, gireremo a destra per\n          poi prendere la Rua do Moreno e attraversare la ferrovia in un passaggio a livello senza\n          barriere. Raggiungeremo il cimitero e la chiesa di Carre\u00e7o.\n        <\/p>\n      <\/div>\n      <hr \/>\n      <div>\n        <h4>Km 8.4 &#8231; Carre\u00e7o<\/h4>\n        <p>\n          Continueremo a camminare dietro la chiesa, parallelamente alla linea ferroviaria, per poi\n          attraversarla di nuovo, per\u00f2, questa volta sar\u00e0 attraverso un ponte. In seguito, dovremo\n          continuare a camminare lungo l&#8217;acciottolata Av. de Pa\u00e7o\n          <br \/>\n          Poco dopo, il sentiero entra in un bosco di eucalipti, un tratto di strada ripido ma molto\n          piacevole dopo il quale raggiungeremo un incrocio. Ora, percorrendo strade asfaltate,\n          entreremo nel quartiere di Armada, che appartiene alla citt\u00e0 di Afife.\n          <br \/>\n          Dopo un tratto di sentiero acciottolato attraverso la foresta, raggeremo la Quinta de\n          Cabanas e il Convento di S\u00e3o Jo\u00e3o de Cabanas. Dopo il ponte, il sentiero continua a\n          destra lungo la riva del fiume, caratterizzato da ciottoli e scale. Un sentiero ripido e\n          sassoso ci porter\u00e0 poi ad un altro sentiero acciottolato, questo in discesa; poi\n          raggiungeremo un nuovo tratto di strada in salita attraverso la foresta, con una sentiero\n          fatto di terra e lastre di pietra. Dopo 20 minuti raggiungeremo un incrocio, e poco dopo\n          ne troveremo un altro dove cominceremo a scendere su un terreno pieno di sassi. Dopo 1\n          km raggiungeremo il villaggio di Barreiros.\n          <br \/>\n          Dopo 800 metri, passeremo davanti un&#8217;altra grande croce di pietra in un&#8217;aiuola.\n          Continueremo a camminare poi lungo un sentiero acciottolato. Subito dopo aver\n          attraversato una rampa di pietra sul fiume \u00c2ncora, prendiamo il sentiero sulla sinistra,\n          lungo il quale raggiungeremo la strada N-305, che dovremo percorrere. Per la Rua da\n          Barrosa prenderemo un&#8217;altra scorciatoia sulla sinistra, attraverso dei pini, per poi\n          raggiungere una scuola e l&#8217;edificio vetrato della piscina comunale. Passeremo a breve\n          sotto la strada N-13 utilizzando un sottopassaggio e poi procederemo verso Pra\u00e7a da\n          Revolu\u00e7\u00e3o, il centro di Vila Praia de \u00c2ncora.\n        <\/p>\n      <\/div>\n      <hr \/>\n      <div>\n        <h4>Km 18,3 &#8231; Vila Praia de \u00c2ncora<\/h4>\n        <p>\n          Attraverseremo la linea ferroviaria in uno dei suoi passaggi a livello e arriveremo sulla\n          costa, vicino al forte Lagarteira. Proseguiremo lungo tutto il litorale, parallelamente alla\n          linea ferroviaria e alla costa, passando davanti la cappella di Santo Isidoro. Dopo 1,8 km,\n          il sentiero ci porter\u00e0 fino al sottopassaggio che si trova al di sotto della linea ferroviaria,\n          per poi entrare nel paese di Moledo.\n        <\/p>\n      <\/div>\n      <hr \/>\n      <div>\n        <h4>Km 23 &#8231; Moledo<\/h4>\n        <p>\n          Dopo essere passati sotto la ferrovia, continueremo a camminare lungo il marciapiede di\n          Santana Avenue fino a raggiungere una grande rotonda. Attraverseremo la rotonda sulle\n          strisce pedonali e continueremo su una pista ciclabile, che \u00e8 sempre parallela ai binari\n          del treno e che dovremo percorrere per 3,2 km, fino a quando entreremo a Caminha, In\n          seguito arriveremo alla piazza del Municipio, dove troveremo la bella Torre dell&#8217;Orologio\n          e la porta che conduce al centro storico della citt\u00e0.\n        <\/p>\n      <\/div>\n      <hr \/>\n      <div>\n        <h4>Km 26,8 &#8231; Caminha<\/h4>\n\n      <\/div>\n      <hr \/>\n    <\/div>\n\n    <div id=\"locationsSection\">\n      <h4 class=\"p-h4--section\">Localit\u00e0<\/h4>\n      <hr \/>\n      <h3 class=\"p-h3\">Villaggi<\/h3>\n      <div class=\"grid-container\">\n        <div class=\"p-group card-stage p-max-w-full\">\n\n          <div class=\"card-stage__header\">\n            <img decoding=\"async\" src=\"https:\/\/cdn.pilgrim.es\/web\/caminos\/camino-portugues-costa\/pueblos\/viana-do-castelo.jpg\"\n              alt=\"Viana do Castelo\" \/>\n\n          <\/div>\n          <div class=\"town-card__flex-container\">\n            <div class=\"town-card__flex-container__info\">\n              <h3>Viana do Castelo<\/h3>\n              <p>Provincia: Viana do Castelo<\/p>\n            <\/div>\n\n          <\/div>\n\n        <\/div>\n        <div class=\"p-group card-stage p-max-w-full\">\n\n          <div class=\"card-stage__header\">\n            <img decoding=\"async\" src=\"https:\/\/cdn.pilgrim.es\/web\/caminos\/camino-portugues-costa\/pueblos\/caminha.jpg\" alt=\"Caminha\" \/>\n\n          <\/div>\n          <div class=\"town-card__flex-container\">\n            <div class=\"town-card__flex-container__info\">\n              <h3>Caminha<\/h3>\n              <p>Provincia: Viana do Castelo<\/p>\n            <\/div>\n\n          <\/div>\n\n        <\/div>\n      <\/div>\n    <\/div>\n    <hr class=\"single-bar\" \/>\n  <\/div>\n<\/section>\n\n<section id=\"stageChange\">\n  <div>\n    <a href=\"https:\/\/www.pilgrim.es\/it\/cammino-portoghese-per-la-costa\/tappa-4-esposende-viana-do-castelo\/\" class=\"change-btn\">\n      <div class=\"btn-arrow previous\">\n        <i class=\"icon-arrow\"><\/i>\n      <\/div>\n      <div class=\"change-btn__info\">\n        <div>Tappa 4<\/div>\n        <p>\n          Esposende &#10095; <br \/>\n          Viana do Castelo\n        <\/p>\n      <\/div>\n    <\/a>\n    <a href=\"https:\/\/www.pilgrim.es\/it\/cammino-portoghese-per-la-costa\/tappa-6-caminha-o-serrallo\/\" class=\"change-btn\">\n      <div class=\"change-btn__info\">\n        <div>Tappa 6<\/div>\n        <p>\n          Caminha &#10095; <br \/>\n          O Serrallo\n        <\/p>\n      <\/div>\n      <div class=\"btn-arrow\">\n        <i class=\"icon-arrow\"><\/i>\n      <\/div>\n    <\/a>\n  <\/div>\n<\/section>\n\n\n\n<p><\/p>\n","protected":false},"excerpt":{"rendered":"<p>Cammino Portoghese Costa &#8231; Tappa 5 A piedi 13 tappe \/ 271 kms Viana do Castelo &#10093; Caminha 26,8 Km &#10094; Tappa 4 Tappa 6 &#10095; Informazioni Profilo Itinerario Localit\u00e0 Informazioni Su questa tappa In questa tappa raggiungeremo la frontiera del Portogallo con la Spagna, all&#8217;altezza della Galizia, quindi questi saranno gli ultimi chilometri in &hellip; <\/p>\n<p class=\"read_more\"><a href=\"https:\/\/www.pilgrim.es\/it\/cammino-portoghese-per-la-costa\/tappa-5-viana-do-castelo-caminha\/\">Leer m\u00e1s<\/a><\/p>\n","protected":false},"author":4,"featured_media":0,"parent":10812,"menu_order":0,"comment_status":"closed","ping_status":"closed","template":"views\/template-new-web-design.blade.php","meta":{"footnotes":""},"categories":[],"tags":[],"class_list":["post-49342","page","type-page","status-publish","hentry"],"yoast_head":"<!-- This site is optimized with the Yoast SEO plugin v27.4 - https:\/\/yoast.com\/product\/yoast-seo-wordpress\/ -->\n<title>Cammino di Santiago da Viana do Castelo | Portoghese lungo la Costa<\/title>\n<meta name=\"description\" content=\"Cammino Portoghese lungo la Costa: Tappa 5 che passa tra Viana do Castelo e Caminha. Scopri tutte le informazioni e pianifica la tua rotta.\" \/>\n<meta name=\"robots\" content=\"index, follow, max-snippet:-1, max-image-preview:large, max-video-preview:-1\" \/>\n<link rel=\"canonical\" href=\"https:\/\/www.pilgrim.es\/it\/cammino-portoghese-per-la-costa\/tappa-5-viana-do-castelo-caminha\/\" \/>\n<meta property=\"og:locale\" content=\"it_IT\" \/>\n<meta property=\"og:type\" content=\"article\" \/>\n<meta property=\"og:title\" content=\"Cammino di Santiago da Viana do Castelo | Portoghese lungo la Costa\" \/>\n<meta property=\"og:description\" content=\"Cammino Portoghese lungo la Costa: Tappa 5 che passa tra Viana do Castelo e Caminha. Scopri tutte le informazioni e pianifica la tua rotta.\" \/>\n<meta property=\"og:url\" content=\"https:\/\/www.pilgrim.es\/it\/cammino-portoghese-per-la-costa\/tappa-5-viana-do-castelo-caminha\/\" \/>\n<meta property=\"og:site_name\" content=\"Pilgrim\" \/>\n<meta property=\"article:publisher\" content=\"https:\/\/www.facebook.com\/pilgrim.es\/\" \/>\n<meta property=\"article:modified_time\" content=\"2025-05-02T10:39:21+00:00\" \/>\n<meta property=\"og:image\" content=\"https:\/\/cdn.pilgrim.es\/web\/caminos\/camino-portugues-costa\/pueblos\/viana-do-castelo.jpg\" \/>\n<meta name=\"twitter:card\" content=\"summary_large_image\" \/>\n<meta name=\"twitter:site\" content=\"@pilgrim_es\" \/>\n<meta name=\"twitter:label1\" content=\"Tempo di lettura stimato\" \/>\n\t<meta name=\"twitter:data1\" content=\"5 minuti\" \/>\n<script type=\"application\/ld+json\" class=\"yoast-schema-graph\">{\"@context\":\"https:\\\/\\\/schema.org\",\"@graph\":[{\"@type\":\"WebPage\",\"@id\":\"https:\\\/\\\/www.pilgrim.es\\\/it\\\/cammino-portoghese-per-la-costa\\\/tappa-5-viana-do-castelo-caminha\\\/\",\"url\":\"https:\\\/\\\/www.pilgrim.es\\\/it\\\/cammino-portoghese-per-la-costa\\\/tappa-5-viana-do-castelo-caminha\\\/\",\"name\":\"Cammino di Santiago da Viana do Castelo | Portoghese lungo la Costa\",\"isPartOf\":{\"@id\":\"https:\\\/\\\/www.pilgrim.es\\\/it\\\/#website\"},\"primaryImageOfPage\":{\"@id\":\"https:\\\/\\\/www.pilgrim.es\\\/it\\\/cammino-portoghese-per-la-costa\\\/tappa-5-viana-do-castelo-caminha\\\/#primaryimage\"},\"image\":{\"@id\":\"https:\\\/\\\/www.pilgrim.es\\\/it\\\/cammino-portoghese-per-la-costa\\\/tappa-5-viana-do-castelo-caminha\\\/#primaryimage\"},\"thumbnailUrl\":\"https:\\\/\\\/cdn.pilgrim.es\\\/web\\\/caminos\\\/camino-portugues-costa\\\/pueblos\\\/viana-do-castelo.jpg\",\"datePublished\":\"2019-11-19T13:21:36+00:00\",\"dateModified\":\"2025-05-02T10:39:21+00:00\",\"description\":\"Cammino Portoghese lungo la Costa: Tappa 5 che passa tra Viana do Castelo e Caminha. Scopri tutte le informazioni e pianifica la tua rotta.\",\"breadcrumb\":{\"@id\":\"https:\\\/\\\/www.pilgrim.es\\\/it\\\/cammino-portoghese-per-la-costa\\\/tappa-5-viana-do-castelo-caminha\\\/#breadcrumb\"},\"inLanguage\":\"it-IT\",\"potentialAction\":[{\"@type\":\"ReadAction\",\"target\":[\"https:\\\/\\\/www.pilgrim.es\\\/it\\\/cammino-portoghese-per-la-costa\\\/tappa-5-viana-do-castelo-caminha\\\/\"]}]},{\"@type\":\"ImageObject\",\"inLanguage\":\"it-IT\",\"@id\":\"https:\\\/\\\/www.pilgrim.es\\\/it\\\/cammino-portoghese-per-la-costa\\\/tappa-5-viana-do-castelo-caminha\\\/#primaryimage\",\"url\":\"https:\\\/\\\/cdn.pilgrim.es\\\/web\\\/caminos\\\/camino-portugues-costa\\\/pueblos\\\/viana-do-castelo.jpg\",\"contentUrl\":\"https:\\\/\\\/cdn.pilgrim.es\\\/web\\\/caminos\\\/camino-portugues-costa\\\/pueblos\\\/viana-do-castelo.jpg\"},{\"@type\":\"BreadcrumbList\",\"@id\":\"https:\\\/\\\/www.pilgrim.es\\\/it\\\/cammino-portoghese-per-la-costa\\\/tappa-5-viana-do-castelo-caminha\\\/#breadcrumb\",\"itemListElement\":[{\"@type\":\"ListItem\",\"position\":1,\"name\":\"Camino de Santiago\",\"item\":\"https:\\\/\\\/www.pilgrim.es\\\/it\\\/\"},{\"@type\":\"ListItem\",\"position\":2,\"name\":\"Il Cammino Portoghese sulla Costa\",\"item\":\"https:\\\/\\\/www.pilgrim.es\\\/it\\\/cammino-portoghese-per-la-costa\\\/\"},{\"@type\":\"ListItem\",\"position\":3,\"name\":\"Cammino Portoghese lungo la Costa | Tappa 5: Viana do Castelo &#8211; Caminha\"}]},{\"@type\":\"WebSite\",\"@id\":\"https:\\\/\\\/www.pilgrim.es\\\/it\\\/#website\",\"url\":\"https:\\\/\\\/www.pilgrim.es\\\/it\\\/\",\"name\":\"Pilgrim\",\"description\":\"Camino de Santiago | Caminamos Contigo\",\"publisher\":{\"@id\":\"https:\\\/\\\/www.pilgrim.es\\\/it\\\/#organization\"},\"potentialAction\":[{\"@type\":\"SearchAction\",\"target\":{\"@type\":\"EntryPoint\",\"urlTemplate\":\"https:\\\/\\\/www.pilgrim.es\\\/it\\\/?s={search_term_string}\"},\"query-input\":{\"@type\":\"PropertyValueSpecification\",\"valueRequired\":true,\"valueName\":\"search_term_string\"}}],\"inLanguage\":\"it-IT\"},{\"@type\":\"Organization\",\"@id\":\"https:\\\/\\\/www.pilgrim.es\\\/it\\\/#organization\",\"name\":\"Pilgrim Camino de Santiago\",\"url\":\"https:\\\/\\\/www.pilgrim.es\\\/it\\\/\",\"logo\":{\"@type\":\"ImageObject\",\"inLanguage\":\"it-IT\",\"@id\":\"https:\\\/\\\/www.pilgrim.es\\\/it\\\/#\\\/schema\\\/logo\\\/image\\\/\",\"url\":\"https:\\\/\\\/www.pilgrim.es\\\/wp-content\\\/uploads\\\/2019\\\/04\\\/logo_pilgrim.png\",\"contentUrl\":\"https:\\\/\\\/www.pilgrim.es\\\/wp-content\\\/uploads\\\/2019\\\/04\\\/logo_pilgrim.png\",\"width\":512,\"height\":512,\"caption\":\"Pilgrim Camino de Santiago\"},\"image\":{\"@id\":\"https:\\\/\\\/www.pilgrim.es\\\/it\\\/#\\\/schema\\\/logo\\\/image\\\/\"},\"sameAs\":[\"https:\\\/\\\/www.facebook.com\\\/pilgrim.es\\\/\",\"https:\\\/\\\/x.com\\\/pilgrim_es\",\"https:\\\/\\\/www.instagram.com\\\/pilgrim.es\\\/\",\"https:\\\/\\\/www.linkedin.com\\\/company\\\/pilgrim-camino-de-santiago\\\/\",\"https:\\\/\\\/www.pinterest.es\\\/pilgrimcaminodesantiago\\\/\",\"https:\\\/\\\/www.youtube.com\\\/channel\\\/UCIv2ZzFLXVqthkNF32rKedw\\\/featured\"]}]}<\/script>\n<!-- \/ Yoast SEO plugin. -->","yoast_head_json":{"title":"Cammino di Santiago da Viana do Castelo | Portoghese lungo la Costa","description":"Cammino Portoghese lungo la Costa: Tappa 5 che passa tra Viana do Castelo e Caminha. Scopri tutte le informazioni e pianifica la tua rotta.","robots":{"index":"index","follow":"follow","max-snippet":"max-snippet:-1","max-image-preview":"max-image-preview:large","max-video-preview":"max-video-preview:-1"},"canonical":"https:\/\/www.pilgrim.es\/it\/cammino-portoghese-per-la-costa\/tappa-5-viana-do-castelo-caminha\/","og_locale":"it_IT","og_type":"article","og_title":"Cammino di Santiago da Viana do Castelo | Portoghese lungo la Costa","og_description":"Cammino Portoghese lungo la Costa: Tappa 5 che passa tra Viana do Castelo e Caminha. Scopri tutte le informazioni e pianifica la tua rotta.","og_url":"https:\/\/www.pilgrim.es\/it\/cammino-portoghese-per-la-costa\/tappa-5-viana-do-castelo-caminha\/","og_site_name":"Pilgrim","article_publisher":"https:\/\/www.facebook.com\/pilgrim.es\/","article_modified_time":"2025-05-02T10:39:21+00:00","og_image":[{"url":"https:\/\/cdn.pilgrim.es\/web\/caminos\/camino-portugues-costa\/pueblos\/viana-do-castelo.jpg","type":"","width":"","height":""}],"twitter_card":"summary_large_image","twitter_site":"@pilgrim_es","twitter_misc":{"Tempo di lettura stimato":"5 minuti"},"schema":{"@context":"https:\/\/schema.org","@graph":[{"@type":"WebPage","@id":"https:\/\/www.pilgrim.es\/it\/cammino-portoghese-per-la-costa\/tappa-5-viana-do-castelo-caminha\/","url":"https:\/\/www.pilgrim.es\/it\/cammino-portoghese-per-la-costa\/tappa-5-viana-do-castelo-caminha\/","name":"Cammino di Santiago da Viana do Castelo | Portoghese lungo la Costa","isPartOf":{"@id":"https:\/\/www.pilgrim.es\/it\/#website"},"primaryImageOfPage":{"@id":"https:\/\/www.pilgrim.es\/it\/cammino-portoghese-per-la-costa\/tappa-5-viana-do-castelo-caminha\/#primaryimage"},"image":{"@id":"https:\/\/www.pilgrim.es\/it\/cammino-portoghese-per-la-costa\/tappa-5-viana-do-castelo-caminha\/#primaryimage"},"thumbnailUrl":"https:\/\/cdn.pilgrim.es\/web\/caminos\/camino-portugues-costa\/pueblos\/viana-do-castelo.jpg","datePublished":"2019-11-19T13:21:36+00:00","dateModified":"2025-05-02T10:39:21+00:00","description":"Cammino Portoghese lungo la Costa: Tappa 5 che passa tra Viana do Castelo e Caminha. Scopri tutte le informazioni e pianifica la tua rotta.","breadcrumb":{"@id":"https:\/\/www.pilgrim.es\/it\/cammino-portoghese-per-la-costa\/tappa-5-viana-do-castelo-caminha\/#breadcrumb"},"inLanguage":"it-IT","potentialAction":[{"@type":"ReadAction","target":["https:\/\/www.pilgrim.es\/it\/cammino-portoghese-per-la-costa\/tappa-5-viana-do-castelo-caminha\/"]}]},{"@type":"ImageObject","inLanguage":"it-IT","@id":"https:\/\/www.pilgrim.es\/it\/cammino-portoghese-per-la-costa\/tappa-5-viana-do-castelo-caminha\/#primaryimage","url":"https:\/\/cdn.pilgrim.es\/web\/caminos\/camino-portugues-costa\/pueblos\/viana-do-castelo.jpg","contentUrl":"https:\/\/cdn.pilgrim.es\/web\/caminos\/camino-portugues-costa\/pueblos\/viana-do-castelo.jpg"},{"@type":"BreadcrumbList","@id":"https:\/\/www.pilgrim.es\/it\/cammino-portoghese-per-la-costa\/tappa-5-viana-do-castelo-caminha\/#breadcrumb","itemListElement":[{"@type":"ListItem","position":1,"name":"Camino de Santiago","item":"https:\/\/www.pilgrim.es\/it\/"},{"@type":"ListItem","position":2,"name":"Il Cammino Portoghese sulla Costa","item":"https:\/\/www.pilgrim.es\/it\/cammino-portoghese-per-la-costa\/"},{"@type":"ListItem","position":3,"name":"Cammino Portoghese lungo la Costa | Tappa 5: Viana do Castelo &#8211; Caminha"}]},{"@type":"WebSite","@id":"https:\/\/www.pilgrim.es\/it\/#website","url":"https:\/\/www.pilgrim.es\/it\/","name":"Pilgrim","description":"Camino de Santiago | Caminamos Contigo","publisher":{"@id":"https:\/\/www.pilgrim.es\/it\/#organization"},"potentialAction":[{"@type":"SearchAction","target":{"@type":"EntryPoint","urlTemplate":"https:\/\/www.pilgrim.es\/it\/?s={search_term_string}"},"query-input":{"@type":"PropertyValueSpecification","valueRequired":true,"valueName":"search_term_string"}}],"inLanguage":"it-IT"},{"@type":"Organization","@id":"https:\/\/www.pilgrim.es\/it\/#organization","name":"Pilgrim Camino de Santiago","url":"https:\/\/www.pilgrim.es\/it\/","logo":{"@type":"ImageObject","inLanguage":"it-IT","@id":"https:\/\/www.pilgrim.es\/it\/#\/schema\/logo\/image\/","url":"https:\/\/www.pilgrim.es\/wp-content\/uploads\/2019\/04\/logo_pilgrim.png","contentUrl":"https:\/\/www.pilgrim.es\/wp-content\/uploads\/2019\/04\/logo_pilgrim.png","width":512,"height":512,"caption":"Pilgrim Camino de Santiago"},"image":{"@id":"https:\/\/www.pilgrim.es\/it\/#\/schema\/logo\/image\/"},"sameAs":["https:\/\/www.facebook.com\/pilgrim.es\/","https:\/\/x.com\/pilgrim_es","https:\/\/www.instagram.com\/pilgrim.es\/","https:\/\/www.linkedin.com\/company\/pilgrim-camino-de-santiago\/","https:\/\/www.pinterest.es\/pilgrimcaminodesantiago\/","https:\/\/www.youtube.com\/channel\/UCIv2ZzFLXVqthkNF32rKedw\/featured"]}]}},"_links":{"self":[{"href":"https:\/\/www.pilgrim.es\/it\/wp-json\/wp\/v2\/pages\/49342","targetHints":{"allow":["GET"]}}],"collection":[{"href":"https:\/\/www.pilgrim.es\/it\/wp-json\/wp\/v2\/pages"}],"about":[{"href":"https:\/\/www.pilgrim.es\/it\/wp-json\/wp\/v2\/types\/page"}],"author":[{"embeddable":true,"href":"https:\/\/www.pilgrim.es\/it\/wp-json\/wp\/v2\/users\/4"}],"replies":[{"embeddable":true,"href":"https:\/\/www.pilgrim.es\/it\/wp-json\/wp\/v2\/comments?post=49342"}],"version-history":[{"count":6,"href":"https:\/\/www.pilgrim.es\/it\/wp-json\/wp\/v2\/pages\/49342\/revisions"}],"predecessor-version":[{"id":130671,"href":"https:\/\/www.pilgrim.es\/it\/wp-json\/wp\/v2\/pages\/49342\/revisions\/130671"}],"up":[{"embeddable":true,"href":"https:\/\/www.pilgrim.es\/it\/wp-json\/wp\/v2\/pages\/10812"}],"wp:attachment":[{"href":"https:\/\/www.pilgrim.es\/it\/wp-json\/wp\/v2\/media?parent=49342"}],"wp:term":[{"taxonomy":"category","embeddable":true,"href":"https:\/\/www.pilgrim.es\/it\/wp-json\/wp\/v2\/categories?post=49342"},{"taxonomy":"post_tag","embeddable":true,"href":"https:\/\/www.pilgrim.es\/it\/wp-json\/wp\/v2\/tags?post=49342"}],"curies":[{"name":"wp","href":"https:\/\/api.w.org\/{rel}","templated":true}]}}