{"id":49340,"date":"2019-11-19T13:12:58","date_gmt":"2019-11-19T13:12:58","guid":{"rendered":"https:\/\/prod.pilgrim.es\/cammino-portoghese-per-la-costa\/tappa-4-marinhas-viana-do-castelo\/"},"modified":"2025-10-09T12:52:03","modified_gmt":"2025-10-09T12:52:03","slug":"tappa-4-esposende-viana-do-castelo","status":"publish","type":"page","link":"https:\/\/www.pilgrim.es\/it\/cammino-portoghese-per-la-costa\/tappa-4-esposende-viana-do-castelo\/","title":{"rendered":"Cammino Portoghese lungo la Costa | Tappa 4: Esposende &#8211; Viana do Castelo"},"content":{"rendered":"\n<section id=\"heroStage\">\n  <h1>Cammino Portoghese Costa &#8231; Tappa 4<\/h1>\n  <div>\n    <div class=\"hero\" data-background=\"https:\/\/cdn.pilgrim.es\/web\/caminos\/camino-portugues-costa\/pueblos\/esposende.jpg\">\n      <div class=\"hero__container\">\n        <div class=\"hero__container__labels\">\n          <p>A piedi<\/p>\n          <p>13 tappe \/ 271 kms<\/p>\n        <\/div>\n        <div class=\"hero__container__stage-name\">\n          <h2>\n            Esposende <br \/>\n            <span>&#10093;<\/span>\n            Viana do Castelo\n          <\/h2>\n          <p>25,1 Km<\/p>\n        <\/div>\n        <div class=\"hero__container__stage-changer\">\n          <div class=\"stage-control\">\n            <a class=\"stage-control__link\" href=\"https:\/\/www.pilgrim.es\/it\/cammino-portoghese-per-la-costa\/tappa-3-povoa-varzim-esposende\/\"><span>&#10094;<\/span>\n              Tappa 3<\/a>\n          <\/div>\n          <div class=\"stage-control\">\n            <a class=\"stage-control__link\" href=\"https:\/\/www.pilgrim.es\/it\/cammino-portoghese-per-la-costa\/tappa-5-viana-do-castelo-caminha\/\">Tappa 5\n              <span>&#10095;<\/span><\/a>\n          <\/div>\n        <\/div>\n      <\/div>\n    <\/div>\n    <div class=\"planner\"><div\r\n  class=\"p-col-span-1 p-rounded-lg p-px-5 p-h-full\"\r\n  style=\"background-image: url('https:\/\/cdn.pilgrim.es\/web\/pilgrim-planner\/bg-plugin-planificador.webp')\"\r\n  rel=\"preload\"\r\n  fetchpriority=\"high\"\r\n  >\r\n    <div class=\"p-text-center p-pt-5 p-text-white p-text-2xl p-font-semibold\">\r\n      Pianifica il tuo cammino    <\/div>\r\n    <div\r\n            id='primary-app'\r\n            data-name='banner'\r\n            data-api='https:\/\/pathfinder.pilgrim.es\/api\/pathfinder\/v2'\r\n            data-mode='normal'\r\n            data-lang='it'\r\n            data-route='1'\r\n            data-destiny='https:\/\/planificador.pilgrim.es'\r\n            data-modality='1'\r\n            data-inline=''\r\n        ><\/div><\/div><\/div>\n  <\/div>\n<\/section>\n\n<section id=\"scoreBarsStage\">\n  <section>\r\n  <div class=\"p-flex p-flex-nowrap p-space-x-4 p-py-5 p-overflow-x-auto md:p-grid md:p-grid-cols-3 lg:p-grid-cols-5 md:p-gap-8 md:p-space-x-0 md:p-overflow-hidden scrollbar-thin\">\r\n    <div class=\"p-grid p-grid-cols-4 p-shrink-0 p-w-72 p-snap-start md:p-w-full\">\r\n        <div class=\"p-col-span-1 p-self-center p-text-center p-text-3xl\">\r\n            <i class=\"icon-influx\"><\/i>\r\n        <\/div>\r\n        <div class=\"p-col-span-3 p-flex p-flex-col p-items-start\">\r\n            <div class=\"p-text-start p-text-secondary p-mb-1 p-bold\"> Afflusso <\/div>\r\n            <div class=\"p-w-full p-bg-light p-rounded-full p-h-2 p-relative\">\r\n                <div class=\"p-bg-primary p-h-2 p-rounded-full p-absolute\" style=\"width: 40%;\"><\/div>\r\n            <\/div>\r\n        <\/div>\r\n    <\/div>\r\n\r\n    <div class=\"p-grid p-grid-cols-4 p-shrink-0 p-w-72 p-snap-start md:p-w-full\">\r\n        <div class=\"p-col-span-1 p-self-center p-text-center p-text-3xl\">\r\n            <i class=\"icon-difficulty\"><\/i>\r\n        <\/div>\r\n        <div class=\"p-col-span-3 p-flex p-flex-col p-items-start\">\r\n            <div class=\"p-text-start p-text-secondary p-mb-1 p-bold\"> Difficolt\u00e0 <\/div>\r\n            <div class=\"p-w-full p-bg-light p-rounded-full p-h-2 p-relative\">\r\n                <div class=\"p-bg-primary p-h-2 p-rounded-full p-absolute\" style=\"width: 40%;\"><\/div>\r\n            <\/div>\r\n        <\/div>\r\n    <\/div>\r\n\r\n    <div class=\"p-grid p-grid-cols-4 p-shrink-0 p-w-72 p-snap-start md:p-w-full\">\r\n        <div class=\"p-col-span-1 p-self-center p-text-center p-text-3xl\">\r\n            <i class=\"icon-patrimony\"><\/i>\r\n        <\/div>\r\n        <div class=\"p-col-span-3 p-flex p-flex-col p-items-start\">\r\n            <div class=\"p-text-start p-text-secondary p-mb-1 p-bold\"> Arte\/Storia <\/div>\r\n            <div class=\"p-w-full p-bg-light p-rounded-full p-h-2 p-relative\">\r\n                <div class=\"p-bg-primary p-h-2 p-rounded-full p-absolute\" style=\"width: 60%;\"><\/div>\r\n            <\/div>\r\n        <\/div>\r\n    <\/div>\r\n\r\n    <div class=\"p-grid p-grid-cols-4 p-shrink-0 p-w-72 p-snap-start md:p-w-full\">\r\n        <div class=\"p-col-span-1 p-self-center p-text-center p-text-3xl\">\r\n            <i class=\"icon-nature\"><\/i>\r\n        <\/div>\r\n        <div class=\"p-col-span-3 p-flex p-flex-col p-items-start\">\r\n            <div class=\"p-text-start p-text-secondary p-mb-1 p-bold\"> Natura <\/div>\r\n            <div class=\"p-w-full p-bg-light p-rounded-full p-h-2 p-relative\">\r\n                <div class=\"p-bg-primary p-h-2 p-rounded-full p-absolute\" style=\"width: 60%;\"><\/div>\r\n            <\/div>\r\n        <\/div>\r\n    <\/div>\r\n\r\n    <div class=\"p-grid p-grid-cols-4 p-shrink-0 p-w-72 p-snap-start md:p-w-full\">\r\n        <div class=\"p-col-span-1 p-self-center p-text-center p-text-3xl\">\r\n            <i class=\"icon-urban\"><\/i>\r\n        <\/div>\r\n        <div class=\"p-col-span-3 p-flex p-flex-col p-items-start\">\r\n            <div class=\"p-text-start p-text-secondary p-mb-1 p-bold\"> Cammino Francese <\/div>\r\n            <div class=\"p-w-full p-bg-light p-rounded-full p-h-2 p-relative\">\r\n                <div class=\"p-bg-primary p-h-2 p-rounded-full p-absolute\" style=\"width: 20%;\"><\/div>\r\n            <\/div>\r\n        <\/div>\r\n    <\/div>\r\n  <\/div>\r\n<\/section>\n<\/section>\n\n<div id=\"stage-list-section\"><div class=\"stage-list\">\n    <div class='stage-list__map-card'>\n        <div class='stage-list__map-card__map'>\n            <div class='stage-list__map-card__map__text'>\n                <h2> Pages <\/h2>\n                <p> A piedi<\/p>\n                <p> 0tappe<\/p>\n            <\/div>\n            <div class='stage-list__map-card__map__img'>\n                <img decoding=\"async\" src=\"\" alt=\" mapa \" \/>\n            <\/div>\n        <\/div>\n    <\/div>\n\n    <\/div>\n<\/div>\n\n<section id=\"navStage\">\n  <div>\n    <nav id=\"tab-navigation-section\" class=\"tab-navigation-section--cols-4\">\n      <a href=\"#infoSection\" class=\"active\">Informazioni<\/a>\n      <a href=\"#profileSection\">Profilo<\/a>\n      <a href=\"#itinerarySection\">Itinerario<\/a>\n      <a href=\"#locationsSection\">Localit\u00e0<\/a>\n    <\/nav>\n\n    <div id=\"infoSection\">\n      <!-- Title Section with Orange Line -->\n      <div>\n        <h4 class=\"p-h4--section\">Informazioni<\/h4>\n        <hr class=\"orange-bar\" \/>\n        <h3 class=\"p-h3\">Su questa tappa<\/h3>\n      <\/div>\n\n      <!-- Main Content Section -->\n      <p>\n        In questa tappa abbandoneremo le spiagge e le viste sul mare, ma non preoccupatevi,\n        sar\u00e0 solo per i poco pi\u00f9 di 20 km che dura questa tappa. Inoltre, il fatto di non essere\n        vicini al mare non significa che non potremo goderci paesaggi che degni di ammirazione,\n        come il percorso verso il letto del fiume Neiva e l&#8217;antica citt\u00e0 di Viana do Castelo, che\n        rappresenta la fine di questa quarta tappa dell&#8217;itinerario del Cammino portoghese lungo la\n        costa.\n      <\/p>\n\n      <div class=\"recomendation-card\">\n        <div>\n          <i class=\"icon-logo-pilgrim\"><\/i>\n          <h5>Raccomandazione di Pilgrim<\/h5>\n        <\/div>\n\n        <p>\n          Nella citt\u00e0 di F\u00e3o \u00e8 frequente trovare pellegrini che hanno abbandonato il Cammino Portoghese\n          nell&#8217;entroterra per intraprendere questa variante lungo la costa da S\u00e3o Pedro de Rates.\n        <\/p>\n      <\/div>\n    <\/div>\n\n    <div id=\"profileSection\">\n      <div>\n        <h4 class=\"p-h4--section\">Distanza e altitudine<\/h4>\n        <hr class=\"orange-bar\" \/>\n        <h3 class=\"p-h3\">Profilo della tappa<\/h3>\n        <img decoding=\"async\"\n          src=\"https:\/\/cdn.pilgrim.es\/web\/caminos\/camino-portugues-costa\/etapas\/etapa-4\/etapa4-perfil-esposende-viana-do-castelo.jpg\"\n          alt=\"Profilo della tappa\" \/>\n      <\/div>\n    <\/div>\n\n    <div id=\"itinerarySection\">\n      <h4 class=\"p-h4--section\">Percorso<\/h4>\n      <hr \/>\n      <h3 class=\"p-h3\">Itinerario<\/h3>\n      <div>\n        <h4>Km 0 &#8231; Esposende<\/h4>\n        <p>\n          Dal centro di Esposende proseguiremo dritti lungo l&#8217;Av. Dr. Henrique Barros Lima fino a\n          raggiungere l&#8217;Hospital Valentim Ribeiro, un elegante edificio storico, dove gireremo a\n          sinistra in Av. Rocha Gon\u00e7alves per poi tornare all&#8217;estuario del fiume C\u00e1davo.\n          Dopo 800 metri, passeremo il forte di S\u00e3o Jo\u00e3o Baptista, dietro il quale si trova un\n          piccolo faro; continueremo a percorrere l&#8217;Av. dos Banhos, parallela al mare, anche se in\n          seguito si diriger\u00e0 verso l&#8217;interno. A questo punto bisogna girare a sinistra in Rua da\n          Agrela, caratterizzata dalla presenza di alberi e campi su entrambi i lati e che, pi\u00f9 tardi\n          ci porter\u00e0 al villaggio di Marinhas. Gira a destra in Rua da Praia e attraversa poi la\n          strada N-13. Dall&#8217;altro lato di questa strada si trova la cappella di S\u00e3o Sebasti\u00e3o e\n          l&#8217;edificio della Croce Rossa\n        <\/p>\n\n      <\/div>\n      <hr \/>\n      <div>\n        <h4>Km 4,3 &#8231; Marinhas<\/h4>\n        <p>\n          Percorreremo la strada fino alla chiesa di S\u00e3o Miguel per poi girare a destra. Dopo il\n          Centro di Educazione Ambientale gireremo a sinistra in Rua de S\u00e3o Jo\u00e3o, e poco dopo\n          passeremo davanti la cappella di S\u00e3o Jo\u00e3o do Monte. Raggiungeremo poi l&#8217;edificio del\n          Centro C\u00edvico de Mar percorrendo la Rua da Ponte Nova, la Rua da Estrada Velha e la\n          Estrada Real.\n        <\/p>\n      <\/div>\n      <hr \/>\n      <div>\n        <h4>Km 7 &#8231; Mar (Esposende)<\/h4>\n        <p>\n          Continueremo nella stessa direzione, seguendo le frecce che troveremo lungo le strade\n          della citt\u00e0. Una volta arrivati in Rua Padre Almeida, passeremo davanti una scuola dove\n          c&#8217;\u00e8 un murales che saluta i pellegrini, e arrivieremo poi alla chiesa di Belinho, con una\n          croce.\n        <\/p>\n      <\/div>\n      <hr \/>\n      <div>\n        <h4>Km 8,2 &#8231; Belinho<\/h4>\n        <p>\n          Continueremo dritti lungo la stessa Rua Padre Almeida, e passeremo davanti al quartiere\n          residenziale Quinta do Para\u00edso, e gireremo a sinistra. L&#8217;acciottolata Rua Bar\u00e3o de\n          Maracan\u00e1 diventer\u00e0 in seguito una strada non asfaltata, con muri di pietra su entrambi i\n          lati, lungo la quale raggiungeremo una percorso che ci porter\u00e0 fino ad una cappella;\n          continueremo a camminare sul suo marciapiede di sinistra per altri 200 metri, passando\n          davanti una croce di pietra, e lasciandola sulla destra. Adesso siamo nella parrocchia di\n          Antas.\n        <\/p>\n      <\/div>\n      <hr \/>\n      <div>\n        <h4>Km 5,8 &#8231; Antas<\/h4>\n        <p>\n          Raggiungeremo a breve l&#8217;incrocio con la strada EN-13, dopodich\u00e8 la attraverseremo per\npoi continuare dritti lungo la stretta Rua da Carvalha, circondata da case e muri di pietra;\nquesta strada continua poi lungo un sentiero in discesa e non asfaltato che entra nella\nforesta. Dopo aver superato un incrocio con un grande monolito giacobeo di pietra, sulla\nsinistra inizier\u00e0 uno stretto e piacevole sentiero che scender\u00e0 verso il letto del fiume\nNeiva, vicino al vecchio mulino o azenha de Guilheta. Il fiume, che di solito \u00e8 abbastanza\nveloce, \u00e8 possibile attraversarlo attraverso un ponte o una piattaforma fatta di lastre di\ngranito senza corrimano. Arrivati dall&#8217;altra parte, continueremo a destra lungo un sentiero\nacciottolato con una grande pendenza, passando tra le case del quartiere di Rua da\nCima, fino ad arrivare alla cappella di N. S. de Guadalupe.\nContinueremo a destra fino all&#8217;incrocio con la strada EN-13-3; qui inizier\u00e0 la Travessa de\nSantiago, una scorciatoia asfaltata con una ripida salita che ci porter\u00e0 fino alla chiesa di\nS\u00e3o Tiago.\n\n\n        <\/p>\n      <\/div>\n      <hr \/>\n      <div>\n        <h4>Km 13 &#8231; Castelo do Neiva<\/h4>\n        <p>\n          Raggiungeremo a breve l&#8217;incrocio con la strada EN-13, dopodich\u00e8 la attraverseremo per\n          poi continuare dritti lungo la stretta Rua da Carvalha, circondata da case e muri di pietra;\n          questa strada continua poi lungo un sentiero in discesa e non asfaltato che entra nella\n          foresta. Dopo aver superato un incrocio con un grande monolito giacobeo di pietra, sulla\n          sinistra inizier\u00e0 uno stretto e piacevole sentiero che scender\u00e0 verso il letto del fiume\n          Neiva, vicino al vecchio mulino o azenha de Guilheta. Il fiume, che di solito \u00e8 abbastanza\n          veloce, \u00e8 possibile attraversarlo attraverso un ponte o una piattaforma fatta di lastre di\n          granito senza corrimano. Arrivati dall&#8217;altra parte, continueremo a destra lungo un sentiero\n          acciottolato con una grande pendenza, passando tra le case del quartiere di Rua da\n          Cima, fino ad arrivare alla cappella di N. S. de Guadalupe.\n          Continueremo a destra fino all&#8217;incrocio con la strada EN-13-3; qui inizier\u00e0 la Travessa de\n          Santiago, una scorciatoia asfaltata con una ripida salita che ci porter\u00e0 fino alla chiesa di\n          S\u00e3o Tiago.\n        <\/p>\n      <\/div>\n      <hr \/>\n      <div>\n        <h4>Km 17,6 &#8231; Chaf\u00e9<\/h4>\n        <p>\n          Quando si raggiunge il cimitero, bisogna girare a sinistra e percorrere una serie di strade\n          acciottolate fino ad entrare nella parrocchia di Vila Nova de Anha. Arriveremo poi davanti\n          alla chiesa parrocchiale di S\u00e3o Tiago e, di fronte a quest&#8217;ultima, c&#8217;\u00e8 una piccola cappella\n          neoclassica dove potremo timbrare la nostra credenziale.\n        <\/p>\n      <\/div>\n      <hr \/>\n      <div>\n        <h4>Km 19,9 &#8231; Anha<\/h4>\n        <p>\n          Dopo aver attraversato la citt\u00e0 percorreremo una strada asfaltata attraverso campi e\n          boschi, che ci porter\u00e0 a una zona industriale; dopo aver camminato lungo un tratto di\n          strada sabbiosa in discesa, arriveremo a Darque, che si trova vicino a Viana do Castelo.\n        <\/p>\n      <\/div>\n      <hr \/>\n      <div>\n        <h4>Km 22,6 &#8231; Darque<\/h4>\n        <p>\n          Proseguiremo lungo il marciapiede della strada N-13 fino a raggiungere una rotonda,\n          dopo la quale continueremo dritti per attraversare il grande ponte Eiffel sul fiume Lima,\n          che ha due livelli: quello superiore \u00e8 per le auto e i pedoni e quello inferiore per le le\n          ferrovie. Arrivati dall&#8217;altra parte del fiume, dovremo continuare sulla sinistra, verso il\n          centro storico di Viana do Castelo fino a raggiungere la Pra\u00e7a da Rep\u00fablica.\n        <\/p>\n      <\/div>\n      <hr \/>\n      <div>\n        <h4>Km 25,1 &#8231; Viana do Castelo<\/h4>\n\n      <\/div>\n      <hr \/>\n    <\/div>\n\n    <div id=\"locationsSection\">\n      <h4 class=\"p-h4--section\">Localit\u00e0<\/h4>\n      <hr \/>\n      <h3 class=\"p-h3\">Villaggi<\/h3>\n      <div class=\"grid-container\">\n        <div class=\"p-group card-stage p-max-w-full\">\n\n          <div class=\"card-stage__header\">\n            <img decoding=\"async\" src=\"https:\/\/cdn.pilgrim.es\/web\/caminos\/camino-portugues-costa\/pueblos\/esposende.jpg\"\n              alt=\"Esposende\" \/>\n\n          <\/div>\n          <div class=\"town-card__flex-container\">\n            <div class=\"town-card__flex-container__info\">\n              <h3>Esposende<\/h3>\n              <p>Provincia: Porto<\/p>\n            <\/div>\n\n          <\/div>\n\n        <\/div>\n        <div class=\" p-group card-stage p-max-w-full\">\n\n          <div class=\"card-stage__header\">\n            <img decoding=\"async\" src=\"https:\/\/cdn.pilgrim.es\/web\/caminos\/camino-portugues-costa\/pueblos\/viana-do-castelo.jpg\"\n              alt=\"Viana do Castelo\" \/>\n\n          <\/div>\n          <div class=\"town-card__flex-container\">\n            <div class=\"town-card__flex-container__info\">\n              <h3>Viana do Castelo<\/h3>\n              <p>Provincia: Viana do Castelo<\/p>\n            <\/div>\n\n          <\/div>\n\n        <\/div>\n      <\/div>\n    <\/div>\n    <hr class=\"single-bar\" \/>\n  <\/div>\n<\/section>\n\n<section id=\"stageChange\">\n  <div>\n    <a href=\"https:\/\/www.pilgrim.es\/it\/cammino-portoghese-per-la-costa\/tappa-3-povoa-varzim-esposende\/\" class=\"change-btn\">\n      <div class=\"btn-arrow previous\">\n        <i class=\"icon-arrow\"><\/i>\n      <\/div>\n      <div class=\"change-btn__info\">\n        <div>Tappa 3<\/div>\n        <p>\n          P\u00f3voa de Varzim &#10095; <br \/>\n          Esposende\n        <\/p>\n      <\/div>\n    <\/a>\n    <a href=\"https:\/\/www.pilgrim.es\/it\/cammino-portoghese-per-la-costa\/tappa-5-viana-do-castelo-caminha\/\" class=\"change-btn\">\n      <div class=\"change-btn__info\">\n        <div>Tappa 5<\/div>\n        <p>\n          Viana do Castelo &#10095; <br \/>\n          Caminha\n        <\/p>\n      <\/div>\n      <div class=\"btn-arrow\">\n        <i class=\"icon-arrow\"><\/i>\n      <\/div>\n    <\/a>\n  <\/div>\n<\/section>\n","protected":false},"excerpt":{"rendered":"<p>Cammino Portoghese Costa &#8231; Tappa 4 A piedi 13 tappe \/ 271 kms Esposende &#10093; Viana do Castelo 25,1 Km &#10094; Tappa 3 Tappa 5 &#10095; Informazioni Profilo Itinerario Localit\u00e0 Informazioni Su questa tappa In questa tappa abbandoneremo le spiagge e le viste sul mare, ma non preoccupatevi, sar\u00e0 solo per i poco pi\u00f9 di &hellip; <\/p>\n<p class=\"read_more\"><a href=\"https:\/\/www.pilgrim.es\/it\/cammino-portoghese-per-la-costa\/tappa-4-esposende-viana-do-castelo\/\">Leer m\u00e1s<\/a><\/p>\n","protected":false},"author":4,"featured_media":0,"parent":10812,"menu_order":0,"comment_status":"closed","ping_status":"closed","template":"views\/template-new-web-design.blade.php","meta":{"footnotes":""},"categories":[],"tags":[],"class_list":["post-49340","page","type-page","status-publish","hentry"],"yoast_head":"<!-- This site is optimized with the Yoast SEO plugin v27.4 - https:\/\/yoast.com\/product\/yoast-seo-wordpress\/ -->\n<title>Cammino di Santiago da Marinhas | Cammino Portoghese lungo la Costa<\/title>\n<meta name=\"description\" content=\"Cammino Portoghese lungo la Costa: Tappa 4 che passa tra Marinhas e Viana do Castelo. Scopri tutte le informazioni e pianifica la tua tappa.\" \/>\n<meta name=\"robots\" content=\"index, follow, max-snippet:-1, max-image-preview:large, max-video-preview:-1\" \/>\n<link rel=\"canonical\" href=\"https:\/\/www.pilgrim.es\/it\/cammino-portoghese-per-la-costa\/tappa-4-esposende-viana-do-castelo\/\" \/>\n<meta property=\"og:locale\" content=\"it_IT\" \/>\n<meta property=\"og:type\" content=\"article\" \/>\n<meta property=\"og:title\" content=\"Cammino di Santiago da Marinhas | Cammino Portoghese lungo la Costa\" \/>\n<meta property=\"og:description\" content=\"Cammino Portoghese lungo la Costa: Tappa 4 che passa tra Marinhas e Viana do Castelo. Scopri tutte le informazioni e pianifica la tua tappa.\" \/>\n<meta property=\"og:url\" content=\"https:\/\/www.pilgrim.es\/it\/cammino-portoghese-per-la-costa\/tappa-4-esposende-viana-do-castelo\/\" \/>\n<meta property=\"og:site_name\" content=\"Pilgrim\" \/>\n<meta property=\"article:publisher\" content=\"https:\/\/www.facebook.com\/pilgrim.es\/\" \/>\n<meta property=\"article:modified_time\" content=\"2025-10-09T12:52:03+00:00\" \/>\n<meta property=\"og:image\" content=\"https:\/\/cdn.pilgrim.es\/web\/caminos\/camino-portugues-costa\/pueblos\/esposende.jpg\" \/>\n<meta name=\"twitter:card\" content=\"summary_large_image\" \/>\n<meta name=\"twitter:site\" content=\"@pilgrim_es\" \/>\n<meta name=\"twitter:label1\" content=\"Tempo di lettura stimato\" \/>\n\t<meta name=\"twitter:data1\" content=\"5 minuti\" \/>\n<script type=\"application\/ld+json\" class=\"yoast-schema-graph\">{\"@context\":\"https:\\\/\\\/schema.org\",\"@graph\":[{\"@type\":\"WebPage\",\"@id\":\"https:\\\/\\\/www.pilgrim.es\\\/it\\\/cammino-portoghese-per-la-costa\\\/tappa-4-esposende-viana-do-castelo\\\/\",\"url\":\"https:\\\/\\\/www.pilgrim.es\\\/it\\\/cammino-portoghese-per-la-costa\\\/tappa-4-esposende-viana-do-castelo\\\/\",\"name\":\"Cammino di Santiago da Marinhas | Cammino Portoghese lungo la Costa\",\"isPartOf\":{\"@id\":\"https:\\\/\\\/www.pilgrim.es\\\/it\\\/#website\"},\"primaryImageOfPage\":{\"@id\":\"https:\\\/\\\/www.pilgrim.es\\\/it\\\/cammino-portoghese-per-la-costa\\\/tappa-4-esposende-viana-do-castelo\\\/#primaryimage\"},\"image\":{\"@id\":\"https:\\\/\\\/www.pilgrim.es\\\/it\\\/cammino-portoghese-per-la-costa\\\/tappa-4-esposende-viana-do-castelo\\\/#primaryimage\"},\"thumbnailUrl\":\"https:\\\/\\\/cdn.pilgrim.es\\\/web\\\/caminos\\\/camino-portugues-costa\\\/pueblos\\\/esposende.jpg\",\"datePublished\":\"2019-11-19T13:12:58+00:00\",\"dateModified\":\"2025-10-09T12:52:03+00:00\",\"description\":\"Cammino Portoghese lungo la Costa: Tappa 4 che passa tra Marinhas e Viana do Castelo. Scopri tutte le informazioni e pianifica la tua tappa.\",\"breadcrumb\":{\"@id\":\"https:\\\/\\\/www.pilgrim.es\\\/it\\\/cammino-portoghese-per-la-costa\\\/tappa-4-esposende-viana-do-castelo\\\/#breadcrumb\"},\"inLanguage\":\"it-IT\",\"potentialAction\":[{\"@type\":\"ReadAction\",\"target\":[\"https:\\\/\\\/www.pilgrim.es\\\/it\\\/cammino-portoghese-per-la-costa\\\/tappa-4-esposende-viana-do-castelo\\\/\"]}]},{\"@type\":\"ImageObject\",\"inLanguage\":\"it-IT\",\"@id\":\"https:\\\/\\\/www.pilgrim.es\\\/it\\\/cammino-portoghese-per-la-costa\\\/tappa-4-esposende-viana-do-castelo\\\/#primaryimage\",\"url\":\"https:\\\/\\\/cdn.pilgrim.es\\\/web\\\/caminos\\\/camino-portugues-costa\\\/pueblos\\\/esposende.jpg\",\"contentUrl\":\"https:\\\/\\\/cdn.pilgrim.es\\\/web\\\/caminos\\\/camino-portugues-costa\\\/pueblos\\\/esposende.jpg\"},{\"@type\":\"BreadcrumbList\",\"@id\":\"https:\\\/\\\/www.pilgrim.es\\\/it\\\/cammino-portoghese-per-la-costa\\\/tappa-4-esposende-viana-do-castelo\\\/#breadcrumb\",\"itemListElement\":[{\"@type\":\"ListItem\",\"position\":1,\"name\":\"Camino de Santiago\",\"item\":\"https:\\\/\\\/www.pilgrim.es\\\/it\\\/\"},{\"@type\":\"ListItem\",\"position\":2,\"name\":\"Il Cammino Portoghese sulla Costa\",\"item\":\"https:\\\/\\\/www.pilgrim.es\\\/it\\\/cammino-portoghese-per-la-costa\\\/\"},{\"@type\":\"ListItem\",\"position\":3,\"name\":\"Cammino Portoghese lungo la Costa | Tappa 4: Esposende &#8211; Viana do Castelo\"}]},{\"@type\":\"WebSite\",\"@id\":\"https:\\\/\\\/www.pilgrim.es\\\/it\\\/#website\",\"url\":\"https:\\\/\\\/www.pilgrim.es\\\/it\\\/\",\"name\":\"Pilgrim\",\"description\":\"Camino de Santiago | Caminamos Contigo\",\"publisher\":{\"@id\":\"https:\\\/\\\/www.pilgrim.es\\\/it\\\/#organization\"},\"potentialAction\":[{\"@type\":\"SearchAction\",\"target\":{\"@type\":\"EntryPoint\",\"urlTemplate\":\"https:\\\/\\\/www.pilgrim.es\\\/it\\\/?s={search_term_string}\"},\"query-input\":{\"@type\":\"PropertyValueSpecification\",\"valueRequired\":true,\"valueName\":\"search_term_string\"}}],\"inLanguage\":\"it-IT\"},{\"@type\":\"Organization\",\"@id\":\"https:\\\/\\\/www.pilgrim.es\\\/it\\\/#organization\",\"name\":\"Pilgrim Camino de Santiago\",\"url\":\"https:\\\/\\\/www.pilgrim.es\\\/it\\\/\",\"logo\":{\"@type\":\"ImageObject\",\"inLanguage\":\"it-IT\",\"@id\":\"https:\\\/\\\/www.pilgrim.es\\\/it\\\/#\\\/schema\\\/logo\\\/image\\\/\",\"url\":\"https:\\\/\\\/www.pilgrim.es\\\/wp-content\\\/uploads\\\/2019\\\/04\\\/logo_pilgrim.png\",\"contentUrl\":\"https:\\\/\\\/www.pilgrim.es\\\/wp-content\\\/uploads\\\/2019\\\/04\\\/logo_pilgrim.png\",\"width\":512,\"height\":512,\"caption\":\"Pilgrim Camino de Santiago\"},\"image\":{\"@id\":\"https:\\\/\\\/www.pilgrim.es\\\/it\\\/#\\\/schema\\\/logo\\\/image\\\/\"},\"sameAs\":[\"https:\\\/\\\/www.facebook.com\\\/pilgrim.es\\\/\",\"https:\\\/\\\/x.com\\\/pilgrim_es\",\"https:\\\/\\\/www.instagram.com\\\/pilgrim.es\\\/\",\"https:\\\/\\\/www.linkedin.com\\\/company\\\/pilgrim-camino-de-santiago\\\/\",\"https:\\\/\\\/www.pinterest.es\\\/pilgrimcaminodesantiago\\\/\",\"https:\\\/\\\/www.youtube.com\\\/channel\\\/UCIv2ZzFLXVqthkNF32rKedw\\\/featured\"]}]}<\/script>\n<!-- \/ Yoast SEO plugin. -->","yoast_head_json":{"title":"Cammino di Santiago da Marinhas | Cammino Portoghese lungo la Costa","description":"Cammino Portoghese lungo la Costa: Tappa 4 che passa tra Marinhas e Viana do Castelo. Scopri tutte le informazioni e pianifica la tua tappa.","robots":{"index":"index","follow":"follow","max-snippet":"max-snippet:-1","max-image-preview":"max-image-preview:large","max-video-preview":"max-video-preview:-1"},"canonical":"https:\/\/www.pilgrim.es\/it\/cammino-portoghese-per-la-costa\/tappa-4-esposende-viana-do-castelo\/","og_locale":"it_IT","og_type":"article","og_title":"Cammino di Santiago da Marinhas | Cammino Portoghese lungo la Costa","og_description":"Cammino Portoghese lungo la Costa: Tappa 4 che passa tra Marinhas e Viana do Castelo. Scopri tutte le informazioni e pianifica la tua tappa.","og_url":"https:\/\/www.pilgrim.es\/it\/cammino-portoghese-per-la-costa\/tappa-4-esposende-viana-do-castelo\/","og_site_name":"Pilgrim","article_publisher":"https:\/\/www.facebook.com\/pilgrim.es\/","article_modified_time":"2025-10-09T12:52:03+00:00","og_image":[{"url":"https:\/\/cdn.pilgrim.es\/web\/caminos\/camino-portugues-costa\/pueblos\/esposende.jpg","type":"","width":"","height":""}],"twitter_card":"summary_large_image","twitter_site":"@pilgrim_es","twitter_misc":{"Tempo di lettura stimato":"5 minuti"},"schema":{"@context":"https:\/\/schema.org","@graph":[{"@type":"WebPage","@id":"https:\/\/www.pilgrim.es\/it\/cammino-portoghese-per-la-costa\/tappa-4-esposende-viana-do-castelo\/","url":"https:\/\/www.pilgrim.es\/it\/cammino-portoghese-per-la-costa\/tappa-4-esposende-viana-do-castelo\/","name":"Cammino di Santiago da Marinhas | Cammino Portoghese lungo la Costa","isPartOf":{"@id":"https:\/\/www.pilgrim.es\/it\/#website"},"primaryImageOfPage":{"@id":"https:\/\/www.pilgrim.es\/it\/cammino-portoghese-per-la-costa\/tappa-4-esposende-viana-do-castelo\/#primaryimage"},"image":{"@id":"https:\/\/www.pilgrim.es\/it\/cammino-portoghese-per-la-costa\/tappa-4-esposende-viana-do-castelo\/#primaryimage"},"thumbnailUrl":"https:\/\/cdn.pilgrim.es\/web\/caminos\/camino-portugues-costa\/pueblos\/esposende.jpg","datePublished":"2019-11-19T13:12:58+00:00","dateModified":"2025-10-09T12:52:03+00:00","description":"Cammino Portoghese lungo la Costa: Tappa 4 che passa tra Marinhas e Viana do Castelo. Scopri tutte le informazioni e pianifica la tua tappa.","breadcrumb":{"@id":"https:\/\/www.pilgrim.es\/it\/cammino-portoghese-per-la-costa\/tappa-4-esposende-viana-do-castelo\/#breadcrumb"},"inLanguage":"it-IT","potentialAction":[{"@type":"ReadAction","target":["https:\/\/www.pilgrim.es\/it\/cammino-portoghese-per-la-costa\/tappa-4-esposende-viana-do-castelo\/"]}]},{"@type":"ImageObject","inLanguage":"it-IT","@id":"https:\/\/www.pilgrim.es\/it\/cammino-portoghese-per-la-costa\/tappa-4-esposende-viana-do-castelo\/#primaryimage","url":"https:\/\/cdn.pilgrim.es\/web\/caminos\/camino-portugues-costa\/pueblos\/esposende.jpg","contentUrl":"https:\/\/cdn.pilgrim.es\/web\/caminos\/camino-portugues-costa\/pueblos\/esposende.jpg"},{"@type":"BreadcrumbList","@id":"https:\/\/www.pilgrim.es\/it\/cammino-portoghese-per-la-costa\/tappa-4-esposende-viana-do-castelo\/#breadcrumb","itemListElement":[{"@type":"ListItem","position":1,"name":"Camino de Santiago","item":"https:\/\/www.pilgrim.es\/it\/"},{"@type":"ListItem","position":2,"name":"Il Cammino Portoghese sulla Costa","item":"https:\/\/www.pilgrim.es\/it\/cammino-portoghese-per-la-costa\/"},{"@type":"ListItem","position":3,"name":"Cammino Portoghese lungo la Costa | Tappa 4: Esposende &#8211; Viana do Castelo"}]},{"@type":"WebSite","@id":"https:\/\/www.pilgrim.es\/it\/#website","url":"https:\/\/www.pilgrim.es\/it\/","name":"Pilgrim","description":"Camino de Santiago | Caminamos Contigo","publisher":{"@id":"https:\/\/www.pilgrim.es\/it\/#organization"},"potentialAction":[{"@type":"SearchAction","target":{"@type":"EntryPoint","urlTemplate":"https:\/\/www.pilgrim.es\/it\/?s={search_term_string}"},"query-input":{"@type":"PropertyValueSpecification","valueRequired":true,"valueName":"search_term_string"}}],"inLanguage":"it-IT"},{"@type":"Organization","@id":"https:\/\/www.pilgrim.es\/it\/#organization","name":"Pilgrim Camino de Santiago","url":"https:\/\/www.pilgrim.es\/it\/","logo":{"@type":"ImageObject","inLanguage":"it-IT","@id":"https:\/\/www.pilgrim.es\/it\/#\/schema\/logo\/image\/","url":"https:\/\/www.pilgrim.es\/wp-content\/uploads\/2019\/04\/logo_pilgrim.png","contentUrl":"https:\/\/www.pilgrim.es\/wp-content\/uploads\/2019\/04\/logo_pilgrim.png","width":512,"height":512,"caption":"Pilgrim Camino de Santiago"},"image":{"@id":"https:\/\/www.pilgrim.es\/it\/#\/schema\/logo\/image\/"},"sameAs":["https:\/\/www.facebook.com\/pilgrim.es\/","https:\/\/x.com\/pilgrim_es","https:\/\/www.instagram.com\/pilgrim.es\/","https:\/\/www.linkedin.com\/company\/pilgrim-camino-de-santiago\/","https:\/\/www.pinterest.es\/pilgrimcaminodesantiago\/","https:\/\/www.youtube.com\/channel\/UCIv2ZzFLXVqthkNF32rKedw\/featured"]}]}},"_links":{"self":[{"href":"https:\/\/www.pilgrim.es\/it\/wp-json\/wp\/v2\/pages\/49340","targetHints":{"allow":["GET"]}}],"collection":[{"href":"https:\/\/www.pilgrim.es\/it\/wp-json\/wp\/v2\/pages"}],"about":[{"href":"https:\/\/www.pilgrim.es\/it\/wp-json\/wp\/v2\/types\/page"}],"author":[{"embeddable":true,"href":"https:\/\/www.pilgrim.es\/it\/wp-json\/wp\/v2\/users\/4"}],"replies":[{"embeddable":true,"href":"https:\/\/www.pilgrim.es\/it\/wp-json\/wp\/v2\/comments?post=49340"}],"version-history":[{"count":7,"href":"https:\/\/www.pilgrim.es\/it\/wp-json\/wp\/v2\/pages\/49340\/revisions"}],"predecessor-version":[{"id":136500,"href":"https:\/\/www.pilgrim.es\/it\/wp-json\/wp\/v2\/pages\/49340\/revisions\/136500"}],"up":[{"embeddable":true,"href":"https:\/\/www.pilgrim.es\/it\/wp-json\/wp\/v2\/pages\/10812"}],"wp:attachment":[{"href":"https:\/\/www.pilgrim.es\/it\/wp-json\/wp\/v2\/media?parent=49340"}],"wp:term":[{"taxonomy":"category","embeddable":true,"href":"https:\/\/www.pilgrim.es\/it\/wp-json\/wp\/v2\/categories?post=49340"},{"taxonomy":"post_tag","embeddable":true,"href":"https:\/\/www.pilgrim.es\/it\/wp-json\/wp\/v2\/tags?post=49340"}],"curies":[{"name":"wp","href":"https:\/\/api.w.org\/{rel}","templated":true}]}}