{"id":49336,"date":"2019-11-19T12:48:15","date_gmt":"2019-11-19T12:48:15","guid":{"rendered":"https:\/\/prod.pilgrim.es\/cammino-portoghese-per-la-costa\/tappa-2-labruge-povoa-varzim\/"},"modified":"2025-07-29T12:31:30","modified_gmt":"2025-07-29T12:31:30","slug":"tappa-2-labruge-povoa-varzim","status":"publish","type":"page","link":"https:\/\/www.pilgrim.es\/it\/cammino-portoghese-per-la-costa\/tappa-2-labruge-povoa-varzim\/","title":{"rendered":"Cammino Portoghese lungo la Costa |Tappa 2: Labruge &#8211; P\u00f3voa de Varzim"},"content":{"rendered":"\n<section id=\"heroStage\">\n  <h1>Cammino Portoghese Costa: tappa 2<\/h1>\n  <div>\n    <div class=\"hero\" data-background=\"https:\/\/cdn.pilgrim.es\/web\/caminos\/camino-portugues-costa\/pueblos\/labruge.jpg\">\n      <div class=\"hero__container\">\n        <div class=\"hero__container__labels\">\n          <p>A piedi<\/p>\n          <p>13 Tappe \/ 271 Kms<\/p>\n        <\/div>\n        <div class=\"hero__container__stage-name\">\n          <h2>\n            Labruge <br \/>\n            <span>&#10093;<\/span>\n            P\u00f3voa de Varzim\n          <\/h2>\n          <p>14.0 Km<\/p>\n        <\/div>\n        <div class=\"hero__container__stage-changer\">\n          <div class=\"stage-control\">\n            <a class=\"stage-control__link\"\n              href=\"https:\/\/www.pilgrim.es\/it\/cammino-portoghese-per-la-costa\/tappa-1-oporto-labruge\/\"><span>&#10094;<\/span> Tappa 1<\/a>\n          <\/div>\n          <div class=\"stage-control\">\n            <a class=\"stage-control__link\"\n              href=\"\/it\/cammino-portoghese-per-la-costa\/tappa-3-povoa-varzim-marinhas\/\">Tappa 3\n              <span>&#10095;<\/span><\/a>\n          <\/div>\n        <\/div>\n      <\/div>\n    <\/div>\n    <div class=\"planner\"><div\r\n  class=\"p-col-span-1 p-rounded-lg p-px-5 p-h-full\"\r\n  style=\"background-image: url('https:\/\/cdn.pilgrim.es\/web\/pilgrim-planner\/bg-plugin-planificador.webp')\"\r\n  rel=\"preload\"\r\n  fetchpriority=\"high\"\r\n  >\r\n    <div class=\"p-text-center p-pt-5 p-text-white p-text-2xl p-font-semibold\">\r\n      Pianifica il tuo cammino    <\/div>\r\n    <div\r\n            id='primary-app'\r\n            data-name='banner'\r\n            data-api='https:\/\/pathfinder.pilgrim.es\/api\/pathfinder\/v2'\r\n            data-mode='normal'\r\n            data-lang='it'\r\n            data-route='1'\r\n            data-destiny='https:\/\/planificador.pilgrim.es'\r\n            data-modality='1'\r\n            data-inline=''\r\n        ><\/div><\/div><\/div>\n  <\/div>\n<\/section>\n\n<section id=\"scoreBarsStage\">\n  <section>\r\n  <div class=\"p-flex p-flex-nowrap p-space-x-4 p-py-5 p-overflow-x-auto md:p-grid md:p-grid-cols-3 lg:p-grid-cols-5 md:p-gap-8 md:p-space-x-0 md:p-overflow-hidden scrollbar-thin\">\r\n    <div class=\"p-grid p-grid-cols-4 p-shrink-0 p-w-72 p-snap-start md:p-w-full\">\r\n        <div class=\"p-col-span-1 p-self-center p-text-center p-text-3xl\">\r\n            <i class=\"icon-influx\"><\/i>\r\n        <\/div>\r\n        <div class=\"p-col-span-3 p-flex p-flex-col p-items-start\">\r\n            <div class=\"p-text-start p-text-secondary p-mb-1 p-bold\"> Afflusso <\/div>\r\n            <div class=\"p-w-full p-bg-light p-rounded-full p-h-2 p-relative\">\r\n                <div class=\"p-bg-primary p-h-2 p-rounded-full p-absolute\" style=\"width: 20%;\"><\/div>\r\n            <\/div>\r\n        <\/div>\r\n    <\/div>\r\n\r\n    <div class=\"p-grid p-grid-cols-4 p-shrink-0 p-w-72 p-snap-start md:p-w-full\">\r\n        <div class=\"p-col-span-1 p-self-center p-text-center p-text-3xl\">\r\n            <i class=\"icon-difficulty\"><\/i>\r\n        <\/div>\r\n        <div class=\"p-col-span-3 p-flex p-flex-col p-items-start\">\r\n            <div class=\"p-text-start p-text-secondary p-mb-1 p-bold\"> Difficolt\u00e0 <\/div>\r\n            <div class=\"p-w-full p-bg-light p-rounded-full p-h-2 p-relative\">\r\n                <div class=\"p-bg-primary p-h-2 p-rounded-full p-absolute\" style=\"width: 40%;\"><\/div>\r\n            <\/div>\r\n        <\/div>\r\n    <\/div>\r\n\r\n    <div class=\"p-grid p-grid-cols-4 p-shrink-0 p-w-72 p-snap-start md:p-w-full\">\r\n        <div class=\"p-col-span-1 p-self-center p-text-center p-text-3xl\">\r\n            <i class=\"icon-patrimony\"><\/i>\r\n        <\/div>\r\n        <div class=\"p-col-span-3 p-flex p-flex-col p-items-start\">\r\n            <div class=\"p-text-start p-text-secondary p-mb-1 p-bold\"> Arte\/Storia <\/div>\r\n            <div class=\"p-w-full p-bg-light p-rounded-full p-h-2 p-relative\">\r\n                <div class=\"p-bg-primary p-h-2 p-rounded-full p-absolute\" style=\"width: 40%;\"><\/div>\r\n            <\/div>\r\n        <\/div>\r\n    <\/div>\r\n\r\n    <div class=\"p-grid p-grid-cols-4 p-shrink-0 p-w-72 p-snap-start md:p-w-full\">\r\n        <div class=\"p-col-span-1 p-self-center p-text-center p-text-3xl\">\r\n            <i class=\"icon-nature\"><\/i>\r\n        <\/div>\r\n        <div class=\"p-col-span-3 p-flex p-flex-col p-items-start\">\r\n            <div class=\"p-text-start p-text-secondary p-mb-1 p-bold\"> Natura <\/div>\r\n            <div class=\"p-w-full p-bg-light p-rounded-full p-h-2 p-relative\">\r\n                <div class=\"p-bg-primary p-h-2 p-rounded-full p-absolute\" style=\"width: 40%;\"><\/div>\r\n            <\/div>\r\n        <\/div>\r\n    <\/div>\r\n\r\n    <div class=\"p-grid p-grid-cols-4 p-shrink-0 p-w-72 p-snap-start md:p-w-full\">\r\n        <div class=\"p-col-span-1 p-self-center p-text-center p-text-3xl\">\r\n            <i class=\"icon-urban\"><\/i>\r\n        <\/div>\r\n        <div class=\"p-col-span-3 p-flex p-flex-col p-items-start\">\r\n            <div class=\"p-text-start p-text-secondary p-mb-1 p-bold\"> Cammino Francese <\/div>\r\n            <div class=\"p-w-full p-bg-light p-rounded-full p-h-2 p-relative\">\r\n                <div class=\"p-bg-primary p-h-2 p-rounded-full p-absolute\" style=\"width: 20%;\"><\/div>\r\n            <\/div>\r\n        <\/div>\r\n    <\/div>\r\n  <\/div>\r\n<\/section>\n<\/section>\n\n<div id=\"stage-list-section\"><div class=\"stage-list\">\n    <div class='stage-list__map-card'>\n        <div class='stage-list__map-card__map'>\n            <div class='stage-list__map-card__map__text'>\n                <h2> Pages <\/h2>\n                <p> A piedi<\/p>\n                <p> 0tappe<\/p>\n            <\/div>\n            <div class='stage-list__map-card__map__img'>\n                <img decoding=\"async\" src=\"\" alt=\" mapa \" \/>\n            <\/div>\n        <\/div>\n    <\/div>\n\n    <\/div>\n<\/div>\n\n<section id=\"navStage\">\n  <div>\n    <nav id=\"tab-navigation-section\" class=\"tab-navigation-section--cols-4\">\n      <a href=\"#infoSection\" class=\"active\">Informazioni<\/a>\n      <a href=\"#profileSection\">Profilo<\/a>\n      <a href=\"#itinerarySection\">Itinerario<\/a>\n\n      <a href=\"#locationsSection\">Localit\u00e0<\/a>\n    <\/nav>\n\n    <div id=\"infoSection\">\n      <!-- Title Section with Orange Line -->\n      <div>\n        <h2 class=\"p-h2-stage\">Informazioni<\/h2>\n        <hr class=\"orange-bar\" \/>\n        <h3 class=\"p-h3-stage\">Informazioni su questa tappa<\/h3>\n      <\/div>\n\n\n      <div aria-labelledby=\"nav-info-tab\" class=\"tab-pane fade show active\" id=\"Info\" role=\"tabpanel\">\n        <div id=\"trtext\">Questa tappa ci porta verso P\u00f3voa de Varzim, conosciuta perch\u00e9 \u00e8 famosa per le sue sabbie e la\n          gastronomia. Prima di arrivare in questa localit\u00e0 attraverseremo diversi luoghi come il Castro di Sampaio,\n          luogo dove si trovano le rovine di un antico villaggio dell&#8217;Et\u00e0 del Ferro; la Riserva Ornitologica di\n          Mindelo o la chiesa di Santa Maria di Azurara, originaria del XVI secolo e vicina al fiume Ave. Lungo il\n          cammino verso la fine della tappa attraverseremo Vila do Conde, una citt\u00e0 di un grande patrimonio culturale\n          come il suo acquedotto, la chiesa matrice e la fortezza di San Juan. Una volta a P\u00f3voa de Varzim potremo\n          apprezzare quanto \u00e8 bella questa citt\u00e0, e dovremo fare un giro in tutta questa citt\u00e0 per apprezzare tutti i\n          monumenti e il patrimonio che ha da offrirci.<\/div>\n      <\/div>\n\n\n      <div class=\"recomendation-card\">\n        <div>\n          <i class=\"icon-logo-pilgrim\"><\/i>\n          <h5>Recomendaci\u00f3n Pilgrim<\/h5>\n        <\/div>\n\n        <p>Il Cammino si snoda per lo pi\u00f9 su passerelle di legno in riva al mare, ma si pu\u00f2 avere voglia di camminare\n          sulla sabbia; molti pellegrini colgono l&#8217;occasione, tempo permettendo, per fare un bagno sulle coste\n          portoghesi.<\/p>\n      <\/div>\n    <\/div>\n\n    <div id=\"profileSection\">\n      <div>\n        <h2 class=\"p-h2-stage\">Distanza e altitudine<\/h2>\n        <hr class=\"orange-bar\" \/>\n        <h3 class=\"p-h3-stage\">Profilo<\/h3>\n        <img decoding=\"async\"\n          src=\"https:\/\/cdn.pilgrim.es\/web\/caminos\/camino-portugues-costa\/etapas\/etapa-2\/etapa2-perfil-labruge-povoa-de-barzim.jpg\"\n          alt=\"Perfil de la etapa tappa-2-labruge-povoa-varzim\" \/>\n      <\/div>\n    <\/div>\n\n    <div id=\"itinerarySection\">\n      <h2 class=\"p-h2-stage\">Itinerario<\/h2>\n      <hr \/>\n      <h3 class=\"p-h3-stage\">Percorso<\/h3>\n\n\n      <div>\n        <h4>Km 0.0 &#8231; Labruge<\/h4>\n        <p>Dovremo tornare sulla spiaggia per poter riprendere il cammino. Il sentiero, che si trova\n          in posti con paesaggi molto belli, continuer\u00e0 su passerelle di legno tra le spiagge, tra\n          cumuli rocciosi e zone dunali. Una delle prime spiagge che raggiungeremo sar\u00e0 Sampaio,\n          dove \u00e8 stato scoperto un insediamento dell&#8217;et\u00e0 di ferro. Raggiungeremo poco dopo le\n          case multicolori dei pescatori di Vila Ch\u00e3; per poi poter vedere in una piazza vicino alla\n          spiaggia un&#8217;originale cappella smaltata con all&#8217;interno un&#8217;immagine della Senhora da\n          Guia.\n        <\/p>\n      <\/div>\n      <hr \/>\n      <div>\n        <h4>Km 3.4 &#8231; Vila Ch\u00e3<\/h4>\n        <p>Attraverseremo la citt\u00e0, che ha alcuni bar, ristoranti e negozi. Poi, lungo la Marginal\n          Avenue, entreremo nel quartiere di Lou\u00e7\u00e1.\n        <\/p>\n      <\/div>\n      <hr \/>\n      <div>\n        <h4>Km 4.5 &#8231; Lou\u00e7\u00e1-Mindelo<\/h4>\n        <p>Ci muoveremo poi tra vari quartieri di case e condomini e punti di lungomare. In questo\n          modo, arriveremo alla spiaggia di Mindelo, dove le passerelle ci porteranno dietro le\n          dune. Continueremo dritto, fiancheggiando la Riserva Ornitologica di Mindelo.\n          Dopo i blocchi piatti sulla spiaggia di \u00c1rvore, dove possiamo osservare in lontananza Vila\n          do Conde, torneremo alle passerelle. Continueremo poi lungo la spiaggia parallelamente\n          alla recinzione del campeggio \u00c1rvore; alla fine del campeggio ci dirigeremo verso\n          l&#8217;interno, oltrepassando un condominio dove vedremo la Scuola di Surf Azurara (con\n          cartelli stradali). Giriamo a sinistra su un marciapiede di cemento dipinto di giallo,\n          accanto a una corsia di doghe di legno, fin quando una freccia ci indicher\u00e0 di girare a\n          destra su un sentiero acciottolato; attraverseremo un piccolo ponte su un estuario e\n          gireremo a sinistra imboccando la Rua Francisco Gon\u00e7alves Monteir\u00f3, fino a raggiungere\n          una stradina (Rua da Junqueira) che ci porter\u00e0 ad Azurara. Qui il percorso si unir\u00e0 al\n          &#8220;percorso storico&#8221; proveniente da Padr\u00e3o da L\u00e9gua e dall&#8217;aeroporto.\n          Quando raggiungerai la strada N13, gira a sinistra e attraversa il ponte sul fiume Ave\n          percorrendo lo stesso marciapiede. Dall&#8217;altra parte potremo osservare il convento di\n          Santa Clara. Dopo aver attraversato il ponte entreremo in Vila do Conde; la strada\n          prosegue a sinistra, parallela al fiume, fino ad arrivare a Pra\u00e7a da Rep\u00fablica.\n          Dalla Pra\u00e7a da Rep\u00fablica le frecce ci porteranno nella parte vecchia della citt\u00e0, lungo la\n          Rua do Lidador fino al Pa\u00e7os do Conselho (Municipio) e davanti alla chiesa. Potrai farti\n          timbrare la credenziale negli uffici turistici, nel Conselho (Municipio) o nell&#8217;ostello dei\n          pellegrini.\n          Attenzione, perch\u00e9 da Vila do Conde hanno tracciato anche delle frecce che portano a\n          S\u00e3o Pedro de Rates, una citt\u00e0 che fa parte del Cammino Portoghese Centrale, e che\n          quindi ci allontanerebbe dal percorso lungo la costa.\n\n        <\/p>\n      <\/div>\n      <hr \/>\n      <div>\n        <h4>Km 10.7 &#8231; Vila de Conde<\/h4>\n        <p>Proseguiamo lungo la strada Rua da Igreja per poi girare a destra lungo Rua da Costa,\n          camminando fino a Rua dos Benguiados, dove raggiungeremo una rotonda.\n          Continuiamo dritti lungo la Rua dos Benguiados, costeggiando il recinto di un istituto e di\n          una scuola, per poi proseguire lungo la Rua da Estrada Velha e la Rua das Violetas, e\n          passando per il cimitero di Caxinhas. Lungo la Rua dos Ferreiros entrerermo nel comune\n          di P\u00f3voa de Varzim. Continuando dritti verso Pra\u00e7a do Almada.\n          Siamo quindi nel centro della citt\u00e0, dove c&#8217;\u00e8 il municipio e, nelle vicinanze, la stazione\n          della metropolitana. Nei dintorni si trovano anche l&#8217;ufficio di informazioni turistiche, il\n          mercato e le principali strade per fare shopping, tra cui la pedonale Rua da Junqueira,\n          lungo la quale il percorso continua.\n        <\/p>\n      <\/div>\n      <hr \/>\n\n      <div>\n        <h4>Km 14.0 &#8231; P\u00f3voa de Varzim<\/h4>\n\n\n      <\/div>\n    <\/div>\n\n\n\n    <div id=\"locationsSection\">\n      <h2 class=\"p-h2-stage\">Localit\u00e0<\/h2>\n      <hr \/>\n      <h3 class=\"p-h3-stage\">Villaggi<\/h3>\n      <div class=\"grid-container\">\n\n        <div class=\"p-group card-stage p-max-w-full\">\n\n          <div class=\"card-stage__header\">\n            <img decoding=\"async\" src=\"https:\/\/cdn.pilgrim.es\/web\/caminos\/camino-portugues-costa\/pueblos\/labruge.jpg\" alt=\"Labruge\"\n              \/>\n            \n          <\/div>\n          <div class=\"town-card__flex-container\">\n            <div class=\"town-card__flex-container__info\">\n              <h3>Labruge<\/h3>\n              <p>Provincia: Porto<\/p>\n            <\/div>\n\n          <\/div>\n\n        <\/div>\n        <div class=\"p-group card-stage p-max-w-full\">\n\n          <div class=\"card-stage__header\">\n            <img decoding=\"async\" src=\"https:\/\/cdn.pilgrim.es\/web\/caminos\/camino-portugues-costa\/pueblos\/povoa-de-varzim.jpg\" alt=\"P\u00f3voa de Varzim\"\n             \/>\n           \n          <\/div>\n          <div class=\"town-card__flex-container\">\n            <div class=\"town-card__flex-container__info\">\n              <h3>P\u00f3voa de Varzim<\/h3>\n              <p>Provincia: Porto<\/p>\n            <\/div>\n\n          <\/div>\n\n        <\/div>\n      <\/div>\n    <\/div>\n    <hr class=\"single-bar\" \/>\n  <\/div>\n<\/section>\n\n<section id=\"stageChange\">\n  <div>\n    <a href=\"https:\/\/www.pilgrim.es\/it\/cammino-portoghese-per-la-costa\/tappa-1-oporto-labruge\/\" class=\"change-btn\">\n      <div class=\"change-btn\">\n        <div class=\"btn-arrow previous\">\n          <i class=\"icon-arrow\"><\/i>\n        <\/div>\n        <div class=\"change-btn__info\">\n          <div>Tappa 1<\/div>\n          <p>\n            Oporto \u276f <br> Labruge\n          <\/p>\n        <\/div>\n      <\/div>\n    <\/a>\n    <a href=\"https:\/\/www.pilgrim.es\/it\/cammino-portoghese-per-la-costa\/tappa-3-povoa-varzim-esposende\/\" class=\"change-btn\">\n      <div class=\"change-btn__info\">\n        <div>Tappa 3<\/div>\n        <p>\n          P\u00f3voa de Varzim \u276f <br> Esposende\n        <\/p>\n      <\/div>\n      <div class=\"btn-arrow\">\n        <i class=\"icon-arrow\"><\/i>\n      <\/div>\n    <\/a>\n  <\/div>\n<\/section>\n","protected":false},"excerpt":{"rendered":"<p>Cammino Portoghese Costa: tappa 2 A piedi 13 Tappe \/ 271 Kms Labruge &#10093; P\u00f3voa de Varzim 14.0 Km &#10094; Tappa 1 Tappa 3 &#10095; Informazioni Profilo Itinerario Localit\u00e0 Informazioni Informazioni su questa tappa Questa tappa ci porta verso P\u00f3voa de Varzim, conosciuta perch\u00e9 \u00e8 famosa per le sue sabbie e la gastronomia. Prima di &hellip; <\/p>\n<p class=\"read_more\"><a href=\"https:\/\/www.pilgrim.es\/it\/cammino-portoghese-per-la-costa\/tappa-2-labruge-povoa-varzim\/\">Leer m\u00e1s<\/a><\/p>\n","protected":false},"author":4,"featured_media":0,"parent":10812,"menu_order":0,"comment_status":"closed","ping_status":"closed","template":"views\/template-new-web-design.blade.php","meta":{"footnotes":""},"categories":[],"tags":[],"class_list":["post-49336","page","type-page","status-publish","hentry"],"yoast_head":"<!-- This site is optimized with the Yoast SEO plugin v27.4 - https:\/\/yoast.com\/product\/yoast-seo-wordpress\/ -->\n<title>Cammino di Santiago da Labruge | Cammino Portoghese lungo la Costa<\/title>\n<meta name=\"description\" content=\"Cammino Portoghese lungo la Costa: Tappa 2 che passa tra Labruge e P\u00f3voa de Varzim. Scopri tutte le informazioni e pianifica la tua tappa.\" \/>\n<meta name=\"robots\" content=\"index, follow, max-snippet:-1, max-image-preview:large, max-video-preview:-1\" \/>\n<link rel=\"canonical\" href=\"https:\/\/www.pilgrim.es\/it\/cammino-portoghese-per-la-costa\/tappa-2-labruge-povoa-varzim\/\" \/>\n<meta property=\"og:locale\" content=\"it_IT\" \/>\n<meta property=\"og:type\" content=\"article\" \/>\n<meta property=\"og:title\" content=\"Cammino di Santiago da Labruge | Cammino Portoghese lungo la Costa\" \/>\n<meta property=\"og:description\" content=\"Cammino Portoghese lungo la Costa: Tappa 2 che passa tra Labruge e P\u00f3voa de Varzim. Scopri tutte le informazioni e pianifica la tua tappa.\" \/>\n<meta property=\"og:url\" content=\"https:\/\/www.pilgrim.es\/it\/cammino-portoghese-per-la-costa\/tappa-2-labruge-povoa-varzim\/\" \/>\n<meta property=\"og:site_name\" content=\"Pilgrim\" \/>\n<meta property=\"article:publisher\" content=\"https:\/\/www.facebook.com\/pilgrim.es\/\" \/>\n<meta property=\"article:modified_time\" content=\"2025-07-29T12:31:30+00:00\" \/>\n<meta property=\"og:image\" content=\"https:\/\/cdn.pilgrim.es\/web\/caminos\/camino-portugues-costa\/pueblos\/labruge.jpg\" \/>\n<meta name=\"twitter:card\" content=\"summary_large_image\" \/>\n<meta name=\"twitter:site\" content=\"@pilgrim_es\" \/>\n<meta name=\"twitter:label1\" content=\"Tempo di lettura stimato\" \/>\n\t<meta name=\"twitter:data1\" content=\"4 minuti\" \/>\n<script type=\"application\/ld+json\" class=\"yoast-schema-graph\">{\"@context\":\"https:\\\/\\\/schema.org\",\"@graph\":[{\"@type\":\"WebPage\",\"@id\":\"https:\\\/\\\/www.pilgrim.es\\\/it\\\/cammino-portoghese-per-la-costa\\\/tappa-2-labruge-povoa-varzim\\\/\",\"url\":\"https:\\\/\\\/www.pilgrim.es\\\/it\\\/cammino-portoghese-per-la-costa\\\/tappa-2-labruge-povoa-varzim\\\/\",\"name\":\"Cammino di Santiago da Labruge | Cammino Portoghese lungo la Costa\",\"isPartOf\":{\"@id\":\"https:\\\/\\\/www.pilgrim.es\\\/it\\\/#website\"},\"primaryImageOfPage\":{\"@id\":\"https:\\\/\\\/www.pilgrim.es\\\/it\\\/cammino-portoghese-per-la-costa\\\/tappa-2-labruge-povoa-varzim\\\/#primaryimage\"},\"image\":{\"@id\":\"https:\\\/\\\/www.pilgrim.es\\\/it\\\/cammino-portoghese-per-la-costa\\\/tappa-2-labruge-povoa-varzim\\\/#primaryimage\"},\"thumbnailUrl\":\"https:\\\/\\\/cdn.pilgrim.es\\\/web\\\/caminos\\\/camino-portugues-costa\\\/pueblos\\\/labruge.jpg\",\"datePublished\":\"2019-11-19T12:48:15+00:00\",\"dateModified\":\"2025-07-29T12:31:30+00:00\",\"description\":\"Cammino Portoghese lungo la Costa: Tappa 2 che passa tra Labruge e P\u00f3voa de Varzim. Scopri tutte le informazioni e pianifica la tua tappa.\",\"breadcrumb\":{\"@id\":\"https:\\\/\\\/www.pilgrim.es\\\/it\\\/cammino-portoghese-per-la-costa\\\/tappa-2-labruge-povoa-varzim\\\/#breadcrumb\"},\"inLanguage\":\"it-IT\",\"potentialAction\":[{\"@type\":\"ReadAction\",\"target\":[\"https:\\\/\\\/www.pilgrim.es\\\/it\\\/cammino-portoghese-per-la-costa\\\/tappa-2-labruge-povoa-varzim\\\/\"]}]},{\"@type\":\"ImageObject\",\"inLanguage\":\"it-IT\",\"@id\":\"https:\\\/\\\/www.pilgrim.es\\\/it\\\/cammino-portoghese-per-la-costa\\\/tappa-2-labruge-povoa-varzim\\\/#primaryimage\",\"url\":\"https:\\\/\\\/cdn.pilgrim.es\\\/web\\\/caminos\\\/camino-portugues-costa\\\/pueblos\\\/labruge.jpg\",\"contentUrl\":\"https:\\\/\\\/cdn.pilgrim.es\\\/web\\\/caminos\\\/camino-portugues-costa\\\/pueblos\\\/labruge.jpg\"},{\"@type\":\"BreadcrumbList\",\"@id\":\"https:\\\/\\\/www.pilgrim.es\\\/it\\\/cammino-portoghese-per-la-costa\\\/tappa-2-labruge-povoa-varzim\\\/#breadcrumb\",\"itemListElement\":[{\"@type\":\"ListItem\",\"position\":1,\"name\":\"Camino de Santiago\",\"item\":\"https:\\\/\\\/www.pilgrim.es\\\/it\\\/\"},{\"@type\":\"ListItem\",\"position\":2,\"name\":\"Il Cammino Portoghese sulla Costa\",\"item\":\"https:\\\/\\\/www.pilgrim.es\\\/it\\\/cammino-portoghese-per-la-costa\\\/\"},{\"@type\":\"ListItem\",\"position\":3,\"name\":\"Cammino Portoghese lungo la Costa |Tappa 2: Labruge &#8211; P\u00f3voa de Varzim\"}]},{\"@type\":\"WebSite\",\"@id\":\"https:\\\/\\\/www.pilgrim.es\\\/it\\\/#website\",\"url\":\"https:\\\/\\\/www.pilgrim.es\\\/it\\\/\",\"name\":\"Pilgrim\",\"description\":\"Camino de Santiago | Caminamos Contigo\",\"publisher\":{\"@id\":\"https:\\\/\\\/www.pilgrim.es\\\/it\\\/#organization\"},\"potentialAction\":[{\"@type\":\"SearchAction\",\"target\":{\"@type\":\"EntryPoint\",\"urlTemplate\":\"https:\\\/\\\/www.pilgrim.es\\\/it\\\/?s={search_term_string}\"},\"query-input\":{\"@type\":\"PropertyValueSpecification\",\"valueRequired\":true,\"valueName\":\"search_term_string\"}}],\"inLanguage\":\"it-IT\"},{\"@type\":\"Organization\",\"@id\":\"https:\\\/\\\/www.pilgrim.es\\\/it\\\/#organization\",\"name\":\"Pilgrim Camino de Santiago\",\"url\":\"https:\\\/\\\/www.pilgrim.es\\\/it\\\/\",\"logo\":{\"@type\":\"ImageObject\",\"inLanguage\":\"it-IT\",\"@id\":\"https:\\\/\\\/www.pilgrim.es\\\/it\\\/#\\\/schema\\\/logo\\\/image\\\/\",\"url\":\"https:\\\/\\\/www.pilgrim.es\\\/wp-content\\\/uploads\\\/2019\\\/04\\\/logo_pilgrim.png\",\"contentUrl\":\"https:\\\/\\\/www.pilgrim.es\\\/wp-content\\\/uploads\\\/2019\\\/04\\\/logo_pilgrim.png\",\"width\":512,\"height\":512,\"caption\":\"Pilgrim Camino de Santiago\"},\"image\":{\"@id\":\"https:\\\/\\\/www.pilgrim.es\\\/it\\\/#\\\/schema\\\/logo\\\/image\\\/\"},\"sameAs\":[\"https:\\\/\\\/www.facebook.com\\\/pilgrim.es\\\/\",\"https:\\\/\\\/x.com\\\/pilgrim_es\",\"https:\\\/\\\/www.instagram.com\\\/pilgrim.es\\\/\",\"https:\\\/\\\/www.linkedin.com\\\/company\\\/pilgrim-camino-de-santiago\\\/\",\"https:\\\/\\\/www.pinterest.es\\\/pilgrimcaminodesantiago\\\/\",\"https:\\\/\\\/www.youtube.com\\\/channel\\\/UCIv2ZzFLXVqthkNF32rKedw\\\/featured\"]}]}<\/script>\n<!-- \/ Yoast SEO plugin. -->","yoast_head_json":{"title":"Cammino di Santiago da Labruge | Cammino Portoghese lungo la Costa","description":"Cammino Portoghese lungo la Costa: Tappa 2 che passa tra Labruge e P\u00f3voa de Varzim. Scopri tutte le informazioni e pianifica la tua tappa.","robots":{"index":"index","follow":"follow","max-snippet":"max-snippet:-1","max-image-preview":"max-image-preview:large","max-video-preview":"max-video-preview:-1"},"canonical":"https:\/\/www.pilgrim.es\/it\/cammino-portoghese-per-la-costa\/tappa-2-labruge-povoa-varzim\/","og_locale":"it_IT","og_type":"article","og_title":"Cammino di Santiago da Labruge | Cammino Portoghese lungo la Costa","og_description":"Cammino Portoghese lungo la Costa: Tappa 2 che passa tra Labruge e P\u00f3voa de Varzim. Scopri tutte le informazioni e pianifica la tua tappa.","og_url":"https:\/\/www.pilgrim.es\/it\/cammino-portoghese-per-la-costa\/tappa-2-labruge-povoa-varzim\/","og_site_name":"Pilgrim","article_publisher":"https:\/\/www.facebook.com\/pilgrim.es\/","article_modified_time":"2025-07-29T12:31:30+00:00","og_image":[{"url":"https:\/\/cdn.pilgrim.es\/web\/caminos\/camino-portugues-costa\/pueblos\/labruge.jpg","type":"","width":"","height":""}],"twitter_card":"summary_large_image","twitter_site":"@pilgrim_es","twitter_misc":{"Tempo di lettura stimato":"4 minuti"},"schema":{"@context":"https:\/\/schema.org","@graph":[{"@type":"WebPage","@id":"https:\/\/www.pilgrim.es\/it\/cammino-portoghese-per-la-costa\/tappa-2-labruge-povoa-varzim\/","url":"https:\/\/www.pilgrim.es\/it\/cammino-portoghese-per-la-costa\/tappa-2-labruge-povoa-varzim\/","name":"Cammino di Santiago da Labruge | Cammino Portoghese lungo la Costa","isPartOf":{"@id":"https:\/\/www.pilgrim.es\/it\/#website"},"primaryImageOfPage":{"@id":"https:\/\/www.pilgrim.es\/it\/cammino-portoghese-per-la-costa\/tappa-2-labruge-povoa-varzim\/#primaryimage"},"image":{"@id":"https:\/\/www.pilgrim.es\/it\/cammino-portoghese-per-la-costa\/tappa-2-labruge-povoa-varzim\/#primaryimage"},"thumbnailUrl":"https:\/\/cdn.pilgrim.es\/web\/caminos\/camino-portugues-costa\/pueblos\/labruge.jpg","datePublished":"2019-11-19T12:48:15+00:00","dateModified":"2025-07-29T12:31:30+00:00","description":"Cammino Portoghese lungo la Costa: Tappa 2 che passa tra Labruge e P\u00f3voa de Varzim. Scopri tutte le informazioni e pianifica la tua tappa.","breadcrumb":{"@id":"https:\/\/www.pilgrim.es\/it\/cammino-portoghese-per-la-costa\/tappa-2-labruge-povoa-varzim\/#breadcrumb"},"inLanguage":"it-IT","potentialAction":[{"@type":"ReadAction","target":["https:\/\/www.pilgrim.es\/it\/cammino-portoghese-per-la-costa\/tappa-2-labruge-povoa-varzim\/"]}]},{"@type":"ImageObject","inLanguage":"it-IT","@id":"https:\/\/www.pilgrim.es\/it\/cammino-portoghese-per-la-costa\/tappa-2-labruge-povoa-varzim\/#primaryimage","url":"https:\/\/cdn.pilgrim.es\/web\/caminos\/camino-portugues-costa\/pueblos\/labruge.jpg","contentUrl":"https:\/\/cdn.pilgrim.es\/web\/caminos\/camino-portugues-costa\/pueblos\/labruge.jpg"},{"@type":"BreadcrumbList","@id":"https:\/\/www.pilgrim.es\/it\/cammino-portoghese-per-la-costa\/tappa-2-labruge-povoa-varzim\/#breadcrumb","itemListElement":[{"@type":"ListItem","position":1,"name":"Camino de Santiago","item":"https:\/\/www.pilgrim.es\/it\/"},{"@type":"ListItem","position":2,"name":"Il Cammino Portoghese sulla Costa","item":"https:\/\/www.pilgrim.es\/it\/cammino-portoghese-per-la-costa\/"},{"@type":"ListItem","position":3,"name":"Cammino Portoghese lungo la Costa |Tappa 2: Labruge &#8211; P\u00f3voa de Varzim"}]},{"@type":"WebSite","@id":"https:\/\/www.pilgrim.es\/it\/#website","url":"https:\/\/www.pilgrim.es\/it\/","name":"Pilgrim","description":"Camino de Santiago | Caminamos Contigo","publisher":{"@id":"https:\/\/www.pilgrim.es\/it\/#organization"},"potentialAction":[{"@type":"SearchAction","target":{"@type":"EntryPoint","urlTemplate":"https:\/\/www.pilgrim.es\/it\/?s={search_term_string}"},"query-input":{"@type":"PropertyValueSpecification","valueRequired":true,"valueName":"search_term_string"}}],"inLanguage":"it-IT"},{"@type":"Organization","@id":"https:\/\/www.pilgrim.es\/it\/#organization","name":"Pilgrim Camino de Santiago","url":"https:\/\/www.pilgrim.es\/it\/","logo":{"@type":"ImageObject","inLanguage":"it-IT","@id":"https:\/\/www.pilgrim.es\/it\/#\/schema\/logo\/image\/","url":"https:\/\/www.pilgrim.es\/wp-content\/uploads\/2019\/04\/logo_pilgrim.png","contentUrl":"https:\/\/www.pilgrim.es\/wp-content\/uploads\/2019\/04\/logo_pilgrim.png","width":512,"height":512,"caption":"Pilgrim Camino de Santiago"},"image":{"@id":"https:\/\/www.pilgrim.es\/it\/#\/schema\/logo\/image\/"},"sameAs":["https:\/\/www.facebook.com\/pilgrim.es\/","https:\/\/x.com\/pilgrim_es","https:\/\/www.instagram.com\/pilgrim.es\/","https:\/\/www.linkedin.com\/company\/pilgrim-camino-de-santiago\/","https:\/\/www.pinterest.es\/pilgrimcaminodesantiago\/","https:\/\/www.youtube.com\/channel\/UCIv2ZzFLXVqthkNF32rKedw\/featured"]}]}},"_links":{"self":[{"href":"https:\/\/www.pilgrim.es\/it\/wp-json\/wp\/v2\/pages\/49336","targetHints":{"allow":["GET"]}}],"collection":[{"href":"https:\/\/www.pilgrim.es\/it\/wp-json\/wp\/v2\/pages"}],"about":[{"href":"https:\/\/www.pilgrim.es\/it\/wp-json\/wp\/v2\/types\/page"}],"author":[{"embeddable":true,"href":"https:\/\/www.pilgrim.es\/it\/wp-json\/wp\/v2\/users\/4"}],"replies":[{"embeddable":true,"href":"https:\/\/www.pilgrim.es\/it\/wp-json\/wp\/v2\/comments?post=49336"}],"version-history":[{"count":10,"href":"https:\/\/www.pilgrim.es\/it\/wp-json\/wp\/v2\/pages\/49336\/revisions"}],"predecessor-version":[{"id":133677,"href":"https:\/\/www.pilgrim.es\/it\/wp-json\/wp\/v2\/pages\/49336\/revisions\/133677"}],"up":[{"embeddable":true,"href":"https:\/\/www.pilgrim.es\/it\/wp-json\/wp\/v2\/pages\/10812"}],"wp:attachment":[{"href":"https:\/\/www.pilgrim.es\/it\/wp-json\/wp\/v2\/media?parent=49336"}],"wp:term":[{"taxonomy":"category","embeddable":true,"href":"https:\/\/www.pilgrim.es\/it\/wp-json\/wp\/v2\/categories?post=49336"},{"taxonomy":"post_tag","embeddable":true,"href":"https:\/\/www.pilgrim.es\/it\/wp-json\/wp\/v2\/tags?post=49336"}],"curies":[{"name":"wp","href":"https:\/\/api.w.org\/{rel}","templated":true}]}}