{"id":48555,"date":"2019-10-30T10:51:56","date_gmt":"2019-10-30T10:51:56","guid":{"rendered":"https:\/\/prod.pilgrim.es\/cammino-basco\/tappa-6-salvatierra-vitoria\/"},"modified":"2025-04-16T11:18:06","modified_gmt":"2025-04-16T11:18:06","slug":"tappa-6-salvatierra-vitoria","status":"publish","type":"page","link":"https:\/\/www.pilgrim.es\/it\/cammino-basco\/tappa-6-salvatierra-vitoria\/","title":{"rendered":"Cammino Vasco | Tappa 6: Salvatierra &#8211; Vitoria"},"content":{"rendered":"\n<section id=\"heroStage\">\n    <h1>Cammino Basco &#8231; Tappa 6<\/h1>\n    <div>\n        <div class=\"hero\"\n            data-background=\"https:\/\/cdn.pilgrim.es\/web\/caminos\/camino-vasco-interior\/pueblos\/salvatierra-agurain.jpg\">\n            <div class=\"hero__container\">\n                <div class=\"hero__container__labels\">\n                    <p>A piedi<\/p>\n                    <p>12 tappe \/ 252 kms<\/p>\n                    <p>9 tappe \/ 199 kms<\/p>\n                <\/div>\n                <div class=\"hero__container__stage-name\">\n                    <h2>\n                        Salvatierra\/Agurain <br \/>\n                        <span>&#10093;<\/span>\n                        Vitoria\/Gasteiz\n                    <\/h2>\n                    <p>27,8 Km<\/p>\n                <\/div>\n                <div class=\"hero__container__stage-changer\">\n                    <div class=\"stage-control\">\n                        <a href=\"https:\/\/www.pilgrim.es\/it\/cammino-basco\/tappa-5-zegama-salvatierra\/\" class=\"\n                            stage-control__link\"><span>&#10094;<\/span>\n                            Tappa 5<\/a>\n                    <\/div>\n                    <div class=\"stage-control\">\n                        <a class=\"stage-control__link\"\n                            href=\"https:\/\/www.pilgrim.es\/it\/cammino-basco\/tappa-7-vitoria-gasteiz-la-puebla-arganzon\/\">Tappa 7\n                            <span>&#10095;<\/span><\/a>\n                    <\/div>\n                <\/div>\n            <\/div>\n        <\/div>\n        <div class=\"planner\"><div\r\n  class=\"p-col-span-1 p-rounded-lg p-px-5 p-h-full\"\r\n  style=\"background-image: url('https:\/\/cdn.pilgrim.es\/web\/pilgrim-planner\/bg-plugin-planificador.webp')\"\r\n  rel=\"preload\"\r\n  fetchpriority=\"high\"\r\n  >\r\n    <div class=\"p-text-center p-pt-5 p-text-white p-text-2xl p-font-semibold\">\r\n      Pianifica il tuo cammino    <\/div>\r\n    <div\r\n            id='primary-app'\r\n            data-name='banner'\r\n            data-api='https:\/\/pathfinder.pilgrim.es\/api\/pathfinder\/v2'\r\n            data-mode='normal'\r\n            data-lang='it'\r\n            data-route='1'\r\n            data-destiny='https:\/\/planificador.pilgrim.es'\r\n            data-modality='1'\r\n            data-inline=''\r\n        ><\/div><\/div><\/div>\n    <\/div>\n<\/section>\n\n<section id=\"scoreBarsStage\">\n    <section>\r\n  <div class=\"p-flex p-flex-nowrap p-space-x-4 p-py-5 p-overflow-x-auto md:p-grid md:p-grid-cols-3 lg:p-grid-cols-5 md:p-gap-8 md:p-space-x-0 md:p-overflow-hidden scrollbar-thin\">\r\n    <div class=\"p-grid p-grid-cols-4 p-shrink-0 p-w-72 p-snap-start md:p-w-full\">\r\n        <div class=\"p-col-span-1 p-self-center p-text-center p-text-3xl\">\r\n            <i class=\"icon-influx\"><\/i>\r\n        <\/div>\r\n        <div class=\"p-col-span-3 p-flex p-flex-col p-items-start\">\r\n            <div class=\"p-text-start p-text-secondary p-mb-1 p-bold\"> Afflusso <\/div>\r\n            <div class=\"p-w-full p-bg-light p-rounded-full p-h-2 p-relative\">\r\n                <div class=\"p-bg-primary p-h-2 p-rounded-full p-absolute\" style=\"width: 20%;\"><\/div>\r\n            <\/div>\r\n        <\/div>\r\n    <\/div>\r\n\r\n    <div class=\"p-grid p-grid-cols-4 p-shrink-0 p-w-72 p-snap-start md:p-w-full\">\r\n        <div class=\"p-col-span-1 p-self-center p-text-center p-text-3xl\">\r\n            <i class=\"icon-difficulty\"><\/i>\r\n        <\/div>\r\n        <div class=\"p-col-span-3 p-flex p-flex-col p-items-start\">\r\n            <div class=\"p-text-start p-text-secondary p-mb-1 p-bold\"> Difficolt\u00e0 <\/div>\r\n            <div class=\"p-w-full p-bg-light p-rounded-full p-h-2 p-relative\">\r\n                <div class=\"p-bg-primary p-h-2 p-rounded-full p-absolute\" style=\"width: 60%;\"><\/div>\r\n            <\/div>\r\n        <\/div>\r\n    <\/div>\r\n\r\n    <div class=\"p-grid p-grid-cols-4 p-shrink-0 p-w-72 p-snap-start md:p-w-full\">\r\n        <div class=\"p-col-span-1 p-self-center p-text-center p-text-3xl\">\r\n            <i class=\"icon-patrimony\"><\/i>\r\n        <\/div>\r\n        <div class=\"p-col-span-3 p-flex p-flex-col p-items-start\">\r\n            <div class=\"p-text-start p-text-secondary p-mb-1 p-bold\"> Arte\/Storia <\/div>\r\n            <div class=\"p-w-full p-bg-light p-rounded-full p-h-2 p-relative\">\r\n                <div class=\"p-bg-primary p-h-2 p-rounded-full p-absolute\" style=\"width: 80%;\"><\/div>\r\n            <\/div>\r\n        <\/div>\r\n    <\/div>\r\n\r\n    <div class=\"p-grid p-grid-cols-4 p-shrink-0 p-w-72 p-snap-start md:p-w-full\">\r\n        <div class=\"p-col-span-1 p-self-center p-text-center p-text-3xl\">\r\n            <i class=\"icon-nature\"><\/i>\r\n        <\/div>\r\n        <div class=\"p-col-span-3 p-flex p-flex-col p-items-start\">\r\n            <div class=\"p-text-start p-text-secondary p-mb-1 p-bold\"> Natura <\/div>\r\n            <div class=\"p-w-full p-bg-light p-rounded-full p-h-2 p-relative\">\r\n                <div class=\"p-bg-primary p-h-2 p-rounded-full p-absolute\" style=\"width: 40%;\"><\/div>\r\n            <\/div>\r\n        <\/div>\r\n    <\/div>\r\n\r\n    <div class=\"p-grid p-grid-cols-4 p-shrink-0 p-w-72 p-snap-start md:p-w-full\">\r\n        <div class=\"p-col-span-1 p-self-center p-text-center p-text-3xl\">\r\n            <i class=\"icon-urban\"><\/i>\r\n        <\/div>\r\n        <div class=\"p-col-span-3 p-flex p-flex-col p-items-start\">\r\n            <div class=\"p-text-start p-text-secondary p-mb-1 p-bold\"> Cammino Francese <\/div>\r\n            <div class=\"p-w-full p-bg-light p-rounded-full p-h-2 p-relative\">\r\n                <div class=\"p-bg-primary p-h-2 p-rounded-full p-absolute\" style=\"width: 20%;\"><\/div>\r\n            <\/div>\r\n        <\/div>\r\n    <\/div>\r\n  <\/div>\r\n<\/section>\n<\/section>\n\n<div id=\"stage-list-section\"><div class=\"stage-list\">\n    <div class='stage-list__map-card'>\n        <div class='stage-list__map-card__map'>\n            <div class='stage-list__map-card__map__text'>\n                <h2> Pages <\/h2>\n                <p> A piedi<\/p>\n                <p> 0tappe<\/p>\n            <\/div>\n            <div class='stage-list__map-card__map__img'>\n                <img decoding=\"async\" src=\"\" alt=\" mapa \" \/>\n            <\/div>\n        <\/div>\n    <\/div>\n\n    <\/div>\n<\/div>\n\n<section id=\"navStage\">\n    <div>\n        <nav id=\"tab-navigation-section\" class=\"tab-navigation-section--cols-3\">\n            <a href=\"#infoSection\" class=\"active\">Informazioni<\/a>\n            <a href=\"#itinerarySection\">Itinerario<\/a>\n            <a href=\"#locationsSection\">Localit\u00e0<\/a>\n        <\/nav>\n\n        <div id=\"infoSection\">\n            <!-- Title Section with Orange Line -->\n            <div>\n                <h4 class=\"p-h4--section\">Informazioni<\/h4>\n                <hr class=\"orange-bar\" \/>\n                <h3 class=\"p-h3\">Su questa tappa<\/h3>\n            <\/div>\n\n            <!-- Main Content Section -->\n            <p>\n                Tappa pi\u00f9 semplice di quelle precedenti con una strada praticamente pianeggiante, permettendo di\n                ricrearsi con il paesaggio e la chiesa di San Martino de Tours nel Gazeo, famosa per i suoi dipinti che,\n                fino al 1967 rimasero nascosti da una parete di gesso.\n            <\/p>\n\n            <div class=\"recomendation-card\">\n                <div>\n                    <i class=\"icon-logo-pilgrim\"><\/i>\n                    <h5>Raccomandazione di Pilgrim<\/h5>\n                <\/div>\n\n                <p>\n                    Il terreno morbido di questa fase ne faciliter\u00e0 notevolmente lo sviluppo. Non ci sono grandi\n                    complicazioni per le persone a mobilit\u00e0 ridotta o per i pellegrini che viaggiano in bicicletta.\n                <\/p>\n            <\/div>\n        <\/div>\n\n\n        <div id=\"itinerarySection\">\n            <h4 class=\"p-h4--section\">Percorso<\/h4>\n            <hr \/>\n            <h3 class=\"p-h3\">Itinerario<\/h3>\n            <div>\n                <h4>Km 0 &#8231; Salvatierra\/Agurain<\/h4>\n                <p>\n                    Arriviamo a Piazza San Juan, attraverso la Calle Mayor, e scendiamo per la via Portal del Re e via\n                    de los Fueros per lasciare la localit\u00e0 di Agurain. Una volta superato il poligono, che ci\n                    incontreremo lungo la strada, prenderemo alla sua terza rotonda una deviazione a sinistra, in\n                    particolare la via Ka\u00f1uette, per, pi\u00f9 successivamente, prendere un\u2019altra rotonda e qui a destra per\n                    pi\u00f9 successivamente prendere via Salvatierra e attraversare sotto la A-1 in direzione Gazeo, dove\n                    potremo visitare la chiesa di San Martino de Tours.\n                <\/p>\n            <\/div>\n            <hr \/>\n            <div>\n                <p>\n                    Abbandoniamo la localit\u00e0 lungo la strada in direzione Langarika, questo percorso ci obbligher\u00e0 ad\n                    attraversare un fiume e prendere una strada, a destra, in direzione Ezkerekotxa. Attraversiamo\n                    questa localit\u00e0 verso i binari del treno che, a tempo debito, seguono un tunnel che noi\n                    circonderemo. Arrivando all\u2019uscita del tunnel dall\u2019altro lato, lasciamo la strada per proseguire un\n                    percorso vicino ai binari. Pi\u00f9 avanti, questa strada far\u00e0 una deviazione a destra e raggiunger\u00e0 la\n                    A-3140, prendiamo a sinistra, e lasciamo i binari a sinistra per raggiungere il poligono di\n                    Lurgorri, che a sua volta ci porter\u00e0 alla localit\u00e0 di Alegr\u00eda.\n                <\/p>\n            <\/div>\n            <hr \/>\n            <div>\n                <p>\n                    Passando la citt\u00e0, il cammino ci porter\u00e0 di fronte, attraversando alcuni binari e il fiume Alegr\u00eda,\n                    fino ad un\u2019altra localit\u00e0, quella di Elburgo, prima potremo fare una deviazione verso l\u2019eremo di\n                    Ayala e riprendere la strada, non ha alcuna perdita. Dopo l\u2019Elburgo sulla Via Mayor, attraverseremo\n                    il fiume A\u00f1ua, dove ci troveremo con due cammini, una con una leggera inclinazione verso una strada\n                    sterrata, che \u00e8 quella che prenderemo. Proseguendo dritto su questo cammino arriveremo alla cima di\n                    Jaral dove si trova il santuario di Nostra Signora di Est\u00edbaliz. Poi scenderemo in direzione di\n                    Villafranca, che una volta varcata questa localit\u00e0, ci porter\u00e0 ad Argando\u00f1a, luogo dove si trova la\n                    chiesa di Santa Columba.\n                <\/p>\n            <\/div>\n            <hr \/>\n            <div>\n                <p>\n                    Abbandoniamo quest\u2019ultima localit\u00e0 verso una rotonda, che attraverseremo in linea retta, lungo una\n                    strada, fino alla strada A-132, da cui andremo mano nella mano finch\u00e9 non troveremo un sentiero\n                    sterrato a destra, questo sentiero ci porta ad Ascarza. Passeremo questa localit\u00e0 attraverso un\n                    tracciato che ci porta alla precedente strada su cui siamo stati, la A-132, questa volta la\n                    attraversiamo e prendiamo la strada A-2130 fino a trovare una deviazione a destra, che va in\n                    direzione Arcaya. Una volta in citt\u00e0 dovremmo attraversare i binari del treno, li attraverseremo e\n                    raggiungeremo Elorriaga.\n                <\/p>\n            <\/div>\n            <hr \/>\n            <div>\n                <h4>Km 27,8 &#8231; Vitoria\/Gasteiz<\/h4>\n                <p>\n                    Una volta l\u00ec, il viale di Santiago ci conduce in direzione Vitoria, qui ci sono indicazioni\n                    sufficienti per non perdersi\n                <\/p>\n            <\/div>\n            <hr \/>\n        <\/div>\n\n        <div id=\"locationsSection\">\n            <h4 class=\"p-h4--section\">Localit\u00e0<\/h4>\n            <hr \/>\n            <h3 class=\"p-h3\">Villaggi<\/h3>\n            <div class=\"grid-container\">\n                <div class=\"p-group card-stage p-max-w-full\">\n                    <div class=\"card-stage__header\">\n                        <img decoding=\"async\" src=\"https:\/\/cdn.pilgrim.es\/web\/caminos\/camino-vasco-interior\/pueblos\/salvatierra-agurain.jpg\"\n                            alt=\"Salvatierra\/Agurain\" \/>\n                    <\/div>\n                    <div class=\"town-card__flex-container\">\n                        <div class=\"town-card__flex-container__info\">\n                            <h3>Salvatierra\/Agurain<\/h3>\n                            <p>Provincia: \u00c1lava<\/p>\n                        <\/div>\n                    <\/div>\n                <\/div>\n                <div class=\"p-group card-stage p-max-w-full\">\n                    <div class=\"card-stage__header\">\n                        <img decoding=\"async\" src=\"https:\/\/cdn.pilgrim.es\/web\/caminos\/camino-vasco-interior\/pueblos\/victoria-gasteiz.jpg\"\n                            alt=\"Vitoria\/Gasteiz\" \/>\n                    <\/div>\n                    <div class=\"town-card__flex-container\">\n                        <div class=\"town-card__flex-container__info\">\n                            <h3>Vitoria\/Gasteiz<\/h3>\n                            <p>Provincia: \u00c1lava<\/p>\n                        <\/div>\n                    <\/div>\n                <\/div>\n            <\/div>\n        <\/div>\n        <hr class=\"single-bar\" \/>\n    <\/div>\n<\/section>\n\n<section id=\"stageChange\">\n    <div>\n        <a href=\"https:\/\/www.pilgrim.es\/it\/cammino-basco\/tappa-5-zegama-salvatierra\/\" class=\"change-btn\">\n            <div class=\"btn-arrow previous\">\n                <i class=\"icon-arrow\"><\/i>\n            <\/div>\n            <div class=\"change-btn__info\">\n                <div>Tappa 5<\/div>\n                <p>\n                    Zegama &#10095; <br \/>\n                    Salvatierra\/Agurain\n                <\/p>\n            <\/div>\n        <\/a>\n        <a href=\"https:\/\/www.pilgrim.es\/it\/cammino-basco\/tappa-7-vitoria-gasteiz-la-puebla-arganzon\/\" class=\"change-btn\">\n            <div class=\"change-btn__info\">\n                <div>Tappa 7<\/div>\n                <p>\n                    Vitoria\/Gasteiz &#10095; <br \/>\n                    La Puebla de Arganz\u00f3n\n                <\/p>\n            <\/div>\n            <div class=\"btn-arrow\">\n                <i class=\"icon-arrow\"><\/i>\n            <\/div>\n        <\/a>\n    <\/div>\n<\/section>\n","protected":false},"excerpt":{"rendered":"<p>Cammino Basco &#8231; Tappa 6 A piedi 12 tappe \/ 252 kms 9 tappe \/ 199 kms Salvatierra\/Agurain &#10093; Vitoria\/Gasteiz 27,8 Km &#10094; Tappa 5 Tappa 7 &#10095; Informazioni Itinerario Localit\u00e0 Informazioni Su questa tappa Tappa pi\u00f9 semplice di quelle precedenti con una strada praticamente pianeggiante, permettendo di ricrearsi con il paesaggio e la chiesa &hellip; <\/p>\n<p class=\"read_more\"><a href=\"https:\/\/www.pilgrim.es\/it\/cammino-basco\/tappa-6-salvatierra-vitoria\/\">Leer m\u00e1s<\/a><\/p>\n","protected":false},"author":4,"featured_media":0,"parent":10862,"menu_order":0,"comment_status":"closed","ping_status":"closed","template":"views\/template-new-web-design.blade.php","meta":{"footnotes":""},"categories":[],"tags":[],"class_list":["post-48555","page","type-page","status-publish","hentry"],"yoast_head":"<!-- This site is optimized with the Yoast SEO plugin v27.4 - https:\/\/yoast.com\/product\/yoast-seo-wordpress\/ -->\n<title>Cammino Vasco da Salvatierra a Vitoria | Cammino di Santiago | Pilgrim<\/title>\n<meta name=\"description\" content=\"Cammino Vasco: Tappa 6 del Cammino di Santiago che passa tra Salvatierra\/Agurain e Vitoria\/Gasteiz. Scopri tutte le informazioni e pianifica il tuo percorso.\" \/>\n<meta name=\"robots\" content=\"index, follow, max-snippet:-1, max-image-preview:large, max-video-preview:-1\" \/>\n<link rel=\"canonical\" href=\"https:\/\/www.pilgrim.es\/it\/cammino-basco\/tappa-6-salvatierra-vitoria\/\" \/>\n<meta property=\"og:locale\" content=\"it_IT\" \/>\n<meta property=\"og:type\" content=\"article\" \/>\n<meta property=\"og:title\" content=\"Cammino Vasco da Salvatierra a Vitoria | Cammino di Santiago | Pilgrim\" \/>\n<meta property=\"og:description\" content=\"Cammino Vasco: Tappa 6 del Cammino di Santiago che passa tra Salvatierra\/Agurain e Vitoria\/Gasteiz. Scopri tutte le informazioni e pianifica il tuo percorso.\" \/>\n<meta property=\"og:url\" content=\"https:\/\/www.pilgrim.es\/it\/cammino-basco\/tappa-6-salvatierra-vitoria\/\" \/>\n<meta property=\"og:site_name\" content=\"Pilgrim\" \/>\n<meta property=\"article:publisher\" content=\"https:\/\/www.facebook.com\/pilgrim.es\/\" \/>\n<meta property=\"article:modified_time\" content=\"2025-04-16T11:18:06+00:00\" \/>\n<meta property=\"og:image\" content=\"https:\/\/cdn.pilgrim.es\/web\/caminos\/camino-vasco-interior\/pueblos\/salvatierra-agurain.jpg\" \/>\n<meta name=\"twitter:card\" content=\"summary_large_image\" \/>\n<meta name=\"twitter:site\" content=\"@pilgrim_es\" \/>\n<meta name=\"twitter:label1\" content=\"Tempo di lettura stimato\" \/>\n\t<meta name=\"twitter:data1\" content=\"3 minuti\" \/>\n<script type=\"application\/ld+json\" class=\"yoast-schema-graph\">{\"@context\":\"https:\\\/\\\/schema.org\",\"@graph\":[{\"@type\":\"WebPage\",\"@id\":\"https:\\\/\\\/www.pilgrim.es\\\/it\\\/cammino-basco\\\/tappa-6-salvatierra-vitoria\\\/\",\"url\":\"https:\\\/\\\/www.pilgrim.es\\\/it\\\/cammino-basco\\\/tappa-6-salvatierra-vitoria\\\/\",\"name\":\"Cammino Vasco da Salvatierra a Vitoria | Cammino di Santiago | Pilgrim\",\"isPartOf\":{\"@id\":\"https:\\\/\\\/www.pilgrim.es\\\/it\\\/#website\"},\"primaryImageOfPage\":{\"@id\":\"https:\\\/\\\/www.pilgrim.es\\\/it\\\/cammino-basco\\\/tappa-6-salvatierra-vitoria\\\/#primaryimage\"},\"image\":{\"@id\":\"https:\\\/\\\/www.pilgrim.es\\\/it\\\/cammino-basco\\\/tappa-6-salvatierra-vitoria\\\/#primaryimage\"},\"thumbnailUrl\":\"https:\\\/\\\/cdn.pilgrim.es\\\/web\\\/caminos\\\/camino-vasco-interior\\\/pueblos\\\/salvatierra-agurain.jpg\",\"datePublished\":\"2019-10-30T10:51:56+00:00\",\"dateModified\":\"2025-04-16T11:18:06+00:00\",\"description\":\"Cammino Vasco: Tappa 6 del Cammino di Santiago che passa tra Salvatierra\\\/Agurain e Vitoria\\\/Gasteiz. Scopri tutte le informazioni e pianifica il tuo percorso.\",\"breadcrumb\":{\"@id\":\"https:\\\/\\\/www.pilgrim.es\\\/it\\\/cammino-basco\\\/tappa-6-salvatierra-vitoria\\\/#breadcrumb\"},\"inLanguage\":\"it-IT\",\"potentialAction\":[{\"@type\":\"ReadAction\",\"target\":[\"https:\\\/\\\/www.pilgrim.es\\\/it\\\/cammino-basco\\\/tappa-6-salvatierra-vitoria\\\/\"]}]},{\"@type\":\"ImageObject\",\"inLanguage\":\"it-IT\",\"@id\":\"https:\\\/\\\/www.pilgrim.es\\\/it\\\/cammino-basco\\\/tappa-6-salvatierra-vitoria\\\/#primaryimage\",\"url\":\"https:\\\/\\\/cdn.pilgrim.es\\\/web\\\/caminos\\\/camino-vasco-interior\\\/pueblos\\\/salvatierra-agurain.jpg\",\"contentUrl\":\"https:\\\/\\\/cdn.pilgrim.es\\\/web\\\/caminos\\\/camino-vasco-interior\\\/pueblos\\\/salvatierra-agurain.jpg\"},{\"@type\":\"BreadcrumbList\",\"@id\":\"https:\\\/\\\/www.pilgrim.es\\\/it\\\/cammino-basco\\\/tappa-6-salvatierra-vitoria\\\/#breadcrumb\",\"itemListElement\":[{\"@type\":\"ListItem\",\"position\":1,\"name\":\"Camino de Santiago\",\"item\":\"https:\\\/\\\/www.pilgrim.es\\\/it\\\/\"},{\"@type\":\"ListItem\",\"position\":2,\"name\":\"Il Cammino Basco dell&#8217;interno\",\"item\":\"https:\\\/\\\/www.pilgrim.es\\\/it\\\/cammino-basco\\\/\"},{\"@type\":\"ListItem\",\"position\":3,\"name\":\"Cammino Vasco | Tappa 6: Salvatierra &#8211; Vitoria\"}]},{\"@type\":\"WebSite\",\"@id\":\"https:\\\/\\\/www.pilgrim.es\\\/it\\\/#website\",\"url\":\"https:\\\/\\\/www.pilgrim.es\\\/it\\\/\",\"name\":\"Pilgrim\",\"description\":\"Camino de Santiago | Caminamos Contigo\",\"publisher\":{\"@id\":\"https:\\\/\\\/www.pilgrim.es\\\/it\\\/#organization\"},\"potentialAction\":[{\"@type\":\"SearchAction\",\"target\":{\"@type\":\"EntryPoint\",\"urlTemplate\":\"https:\\\/\\\/www.pilgrim.es\\\/it\\\/?s={search_term_string}\"},\"query-input\":{\"@type\":\"PropertyValueSpecification\",\"valueRequired\":true,\"valueName\":\"search_term_string\"}}],\"inLanguage\":\"it-IT\"},{\"@type\":\"Organization\",\"@id\":\"https:\\\/\\\/www.pilgrim.es\\\/it\\\/#organization\",\"name\":\"Pilgrim Camino de Santiago\",\"url\":\"https:\\\/\\\/www.pilgrim.es\\\/it\\\/\",\"logo\":{\"@type\":\"ImageObject\",\"inLanguage\":\"it-IT\",\"@id\":\"https:\\\/\\\/www.pilgrim.es\\\/it\\\/#\\\/schema\\\/logo\\\/image\\\/\",\"url\":\"https:\\\/\\\/www.pilgrim.es\\\/wp-content\\\/uploads\\\/2019\\\/04\\\/logo_pilgrim.png\",\"contentUrl\":\"https:\\\/\\\/www.pilgrim.es\\\/wp-content\\\/uploads\\\/2019\\\/04\\\/logo_pilgrim.png\",\"width\":512,\"height\":512,\"caption\":\"Pilgrim Camino de Santiago\"},\"image\":{\"@id\":\"https:\\\/\\\/www.pilgrim.es\\\/it\\\/#\\\/schema\\\/logo\\\/image\\\/\"},\"sameAs\":[\"https:\\\/\\\/www.facebook.com\\\/pilgrim.es\\\/\",\"https:\\\/\\\/x.com\\\/pilgrim_es\",\"https:\\\/\\\/www.instagram.com\\\/pilgrim.es\\\/\",\"https:\\\/\\\/www.linkedin.com\\\/company\\\/pilgrim-camino-de-santiago\\\/\",\"https:\\\/\\\/www.pinterest.es\\\/pilgrimcaminodesantiago\\\/\",\"https:\\\/\\\/www.youtube.com\\\/channel\\\/UCIv2ZzFLXVqthkNF32rKedw\\\/featured\"]}]}<\/script>\n<!-- \/ Yoast SEO plugin. -->","yoast_head_json":{"title":"Cammino Vasco da Salvatierra a Vitoria | Cammino di Santiago | Pilgrim","description":"Cammino Vasco: Tappa 6 del Cammino di Santiago che passa tra Salvatierra\/Agurain e Vitoria\/Gasteiz. Scopri tutte le informazioni e pianifica il tuo percorso.","robots":{"index":"index","follow":"follow","max-snippet":"max-snippet:-1","max-image-preview":"max-image-preview:large","max-video-preview":"max-video-preview:-1"},"canonical":"https:\/\/www.pilgrim.es\/it\/cammino-basco\/tappa-6-salvatierra-vitoria\/","og_locale":"it_IT","og_type":"article","og_title":"Cammino Vasco da Salvatierra a Vitoria | Cammino di Santiago | Pilgrim","og_description":"Cammino Vasco: Tappa 6 del Cammino di Santiago che passa tra Salvatierra\/Agurain e Vitoria\/Gasteiz. Scopri tutte le informazioni e pianifica il tuo percorso.","og_url":"https:\/\/www.pilgrim.es\/it\/cammino-basco\/tappa-6-salvatierra-vitoria\/","og_site_name":"Pilgrim","article_publisher":"https:\/\/www.facebook.com\/pilgrim.es\/","article_modified_time":"2025-04-16T11:18:06+00:00","og_image":[{"url":"https:\/\/cdn.pilgrim.es\/web\/caminos\/camino-vasco-interior\/pueblos\/salvatierra-agurain.jpg","type":"","width":"","height":""}],"twitter_card":"summary_large_image","twitter_site":"@pilgrim_es","twitter_misc":{"Tempo di lettura stimato":"3 minuti"},"schema":{"@context":"https:\/\/schema.org","@graph":[{"@type":"WebPage","@id":"https:\/\/www.pilgrim.es\/it\/cammino-basco\/tappa-6-salvatierra-vitoria\/","url":"https:\/\/www.pilgrim.es\/it\/cammino-basco\/tappa-6-salvatierra-vitoria\/","name":"Cammino Vasco da Salvatierra a Vitoria | Cammino di Santiago | Pilgrim","isPartOf":{"@id":"https:\/\/www.pilgrim.es\/it\/#website"},"primaryImageOfPage":{"@id":"https:\/\/www.pilgrim.es\/it\/cammino-basco\/tappa-6-salvatierra-vitoria\/#primaryimage"},"image":{"@id":"https:\/\/www.pilgrim.es\/it\/cammino-basco\/tappa-6-salvatierra-vitoria\/#primaryimage"},"thumbnailUrl":"https:\/\/cdn.pilgrim.es\/web\/caminos\/camino-vasco-interior\/pueblos\/salvatierra-agurain.jpg","datePublished":"2019-10-30T10:51:56+00:00","dateModified":"2025-04-16T11:18:06+00:00","description":"Cammino Vasco: Tappa 6 del Cammino di Santiago che passa tra Salvatierra\/Agurain e Vitoria\/Gasteiz. Scopri tutte le informazioni e pianifica il tuo percorso.","breadcrumb":{"@id":"https:\/\/www.pilgrim.es\/it\/cammino-basco\/tappa-6-salvatierra-vitoria\/#breadcrumb"},"inLanguage":"it-IT","potentialAction":[{"@type":"ReadAction","target":["https:\/\/www.pilgrim.es\/it\/cammino-basco\/tappa-6-salvatierra-vitoria\/"]}]},{"@type":"ImageObject","inLanguage":"it-IT","@id":"https:\/\/www.pilgrim.es\/it\/cammino-basco\/tappa-6-salvatierra-vitoria\/#primaryimage","url":"https:\/\/cdn.pilgrim.es\/web\/caminos\/camino-vasco-interior\/pueblos\/salvatierra-agurain.jpg","contentUrl":"https:\/\/cdn.pilgrim.es\/web\/caminos\/camino-vasco-interior\/pueblos\/salvatierra-agurain.jpg"},{"@type":"BreadcrumbList","@id":"https:\/\/www.pilgrim.es\/it\/cammino-basco\/tappa-6-salvatierra-vitoria\/#breadcrumb","itemListElement":[{"@type":"ListItem","position":1,"name":"Camino de Santiago","item":"https:\/\/www.pilgrim.es\/it\/"},{"@type":"ListItem","position":2,"name":"Il Cammino Basco dell&#8217;interno","item":"https:\/\/www.pilgrim.es\/it\/cammino-basco\/"},{"@type":"ListItem","position":3,"name":"Cammino Vasco | Tappa 6: Salvatierra &#8211; Vitoria"}]},{"@type":"WebSite","@id":"https:\/\/www.pilgrim.es\/it\/#website","url":"https:\/\/www.pilgrim.es\/it\/","name":"Pilgrim","description":"Camino de Santiago | Caminamos Contigo","publisher":{"@id":"https:\/\/www.pilgrim.es\/it\/#organization"},"potentialAction":[{"@type":"SearchAction","target":{"@type":"EntryPoint","urlTemplate":"https:\/\/www.pilgrim.es\/it\/?s={search_term_string}"},"query-input":{"@type":"PropertyValueSpecification","valueRequired":true,"valueName":"search_term_string"}}],"inLanguage":"it-IT"},{"@type":"Organization","@id":"https:\/\/www.pilgrim.es\/it\/#organization","name":"Pilgrim Camino de Santiago","url":"https:\/\/www.pilgrim.es\/it\/","logo":{"@type":"ImageObject","inLanguage":"it-IT","@id":"https:\/\/www.pilgrim.es\/it\/#\/schema\/logo\/image\/","url":"https:\/\/www.pilgrim.es\/wp-content\/uploads\/2019\/04\/logo_pilgrim.png","contentUrl":"https:\/\/www.pilgrim.es\/wp-content\/uploads\/2019\/04\/logo_pilgrim.png","width":512,"height":512,"caption":"Pilgrim Camino de Santiago"},"image":{"@id":"https:\/\/www.pilgrim.es\/it\/#\/schema\/logo\/image\/"},"sameAs":["https:\/\/www.facebook.com\/pilgrim.es\/","https:\/\/x.com\/pilgrim_es","https:\/\/www.instagram.com\/pilgrim.es\/","https:\/\/www.linkedin.com\/company\/pilgrim-camino-de-santiago\/","https:\/\/www.pinterest.es\/pilgrimcaminodesantiago\/","https:\/\/www.youtube.com\/channel\/UCIv2ZzFLXVqthkNF32rKedw\/featured"]}]}},"_links":{"self":[{"href":"https:\/\/www.pilgrim.es\/it\/wp-json\/wp\/v2\/pages\/48555","targetHints":{"allow":["GET"]}}],"collection":[{"href":"https:\/\/www.pilgrim.es\/it\/wp-json\/wp\/v2\/pages"}],"about":[{"href":"https:\/\/www.pilgrim.es\/it\/wp-json\/wp\/v2\/types\/page"}],"author":[{"embeddable":true,"href":"https:\/\/www.pilgrim.es\/it\/wp-json\/wp\/v2\/users\/4"}],"replies":[{"embeddable":true,"href":"https:\/\/www.pilgrim.es\/it\/wp-json\/wp\/v2\/comments?post=48555"}],"version-history":[{"count":9,"href":"https:\/\/www.pilgrim.es\/it\/wp-json\/wp\/v2\/pages\/48555\/revisions"}],"predecessor-version":[{"id":127656,"href":"https:\/\/www.pilgrim.es\/it\/wp-json\/wp\/v2\/pages\/48555\/revisions\/127656"}],"up":[{"embeddable":true,"href":"https:\/\/www.pilgrim.es\/it\/wp-json\/wp\/v2\/pages\/10862"}],"wp:attachment":[{"href":"https:\/\/www.pilgrim.es\/it\/wp-json\/wp\/v2\/media?parent=48555"}],"wp:term":[{"taxonomy":"category","embeddable":true,"href":"https:\/\/www.pilgrim.es\/it\/wp-json\/wp\/v2\/categories?post=48555"},{"taxonomy":"post_tag","embeddable":true,"href":"https:\/\/www.pilgrim.es\/it\/wp-json\/wp\/v2\/tags?post=48555"}],"curies":[{"name":"wp","href":"https:\/\/api.w.org\/{rel}","templated":true}]}}