{"id":48517,"date":"2019-10-29T13:53:29","date_gmt":"2019-10-29T13:53:29","guid":{"rendered":"https:\/\/prod.pilgrim.es\/cammino-aragonese\/tappa-2-jaca-arres\/"},"modified":"2025-04-25T08:31:57","modified_gmt":"2025-04-25T08:31:57","slug":"tappa-2-jaca-arres","status":"publish","type":"page","link":"https:\/\/www.pilgrim.es\/it\/cammino-aragonese\/tappa-2-jaca-arres\/","title":{"rendered":"Cammino Aragonese | Tappa 2: Jaca &#8211; Arr\u00e9s"},"content":{"rendered":"\n<section id=\"heroStage\">\n\t<h1>Cammino Aragonese &#8231; Tappa 2<\/h1>\n\t<div>\n\t\t<div class=\"hero\" data-background=\"https:\/\/cdn.pilgrim.es\/web\/caminos\/camino-aragones\/pueblos\/jaca.jpg\">\n\t\t\t<div class=\"hero__container\">\n\t\t\t\t<div class=\"hero__container__labels\">\n\t\t\t\t\t<p>A piedi<\/p>\n\t\t\t\t\t<p>6 tappe \/ 205 kms<\/p>\n\t\t\t\t<\/div>\n\t\t\t\t<div class=\"hero__container__stage-name\">\n\t\t\t\t\t<h2>\n\t\t\t\t\t\tJaca <br \/>\n\t\t\t\t\t\t<span>&#10093;<\/span>\n\t\t\t\t\t\tArr\u00e9s\n\t\t\t\t\t<\/h2>\n\t\t\t\t\t<p>25,4 Km<\/p>\n\t\t\t\t<\/div>\n\t\t\t\t<div class=\"hero__container__stage-changer\">\n\t\t\t\t\t<div class=\"stage-control\">\n\t\t\t\t\t\t<a href=\"https:\/\/www.pilgrim.es\/it\/cammino-aragonese\/tappa-1-somport-jaca\/\" class=\"\n                            stage-control__link\"><span>&#10094;<\/span>\n\t\t\t\t\t\t\tTappa 1<\/a>\n\t\t\t\t\t<\/div>\n\t\t\t\t\t<div class=\"stage-control\">\n\t\t\t\t\t\t<a class=\"stage-control__link\" href=\"https:\/\/www.pilgrim.es\/it\/cammino-aragonese\/tappa-3-arres-ruesta\/\">Tappa 3\n\t\t\t\t\t\t\t<span>&#10095;<\/span><\/a>\n\t\t\t\t\t<\/div>\n\t\t\t\t<\/div>\n\t\t\t<\/div>\n\t\t<\/div>\n\t\t<div class=\"planner\"><div\r\n  class=\"p-col-span-1 p-rounded-lg p-px-5 p-h-full\"\r\n  style=\"background-image: url('https:\/\/cdn.pilgrim.es\/web\/pilgrim-planner\/bg-plugin-planificador.webp')\"\r\n  rel=\"preload\"\r\n  fetchpriority=\"high\"\r\n  >\r\n    <div class=\"p-text-center p-pt-5 p-text-white p-text-2xl p-font-semibold\">\r\n      Pianifica il tuo cammino    <\/div>\r\n    <div\r\n            id='primary-app'\r\n            data-name='banner'\r\n            data-api='https:\/\/pathfinder.pilgrim.es\/api\/pathfinder\/v2'\r\n            data-mode='normal'\r\n            data-lang='it'\r\n            data-route='1'\r\n            data-destiny='https:\/\/planificador.pilgrim.es'\r\n            data-modality='1'\r\n            data-inline=''\r\n        ><\/div><\/div><\/div>\n\t<\/div>\n<\/section>\n\n<section id=\"scoreBarsStage\">\n\t<section>\r\n  <div class=\"p-flex p-flex-nowrap p-space-x-4 p-py-5 p-overflow-x-auto md:p-grid md:p-grid-cols-3 lg:p-grid-cols-5 md:p-gap-8 md:p-space-x-0 md:p-overflow-hidden scrollbar-thin\">\r\n    <div class=\"p-grid p-grid-cols-4 p-shrink-0 p-w-72 p-snap-start md:p-w-full\">\r\n        <div class=\"p-col-span-1 p-self-center p-text-center p-text-3xl\">\r\n            <i class=\"icon-influx\"><\/i>\r\n        <\/div>\r\n        <div class=\"p-col-span-3 p-flex p-flex-col p-items-start\">\r\n            <div class=\"p-text-start p-text-secondary p-mb-1 p-bold\"> Afflusso <\/div>\r\n            <div class=\"p-w-full p-bg-light p-rounded-full p-h-2 p-relative\">\r\n                <div class=\"p-bg-primary p-h-2 p-rounded-full p-absolute\" style=\"width: 20%;\"><\/div>\r\n            <\/div>\r\n        <\/div>\r\n    <\/div>\r\n\r\n    <div class=\"p-grid p-grid-cols-4 p-shrink-0 p-w-72 p-snap-start md:p-w-full\">\r\n        <div class=\"p-col-span-1 p-self-center p-text-center p-text-3xl\">\r\n            <i class=\"icon-difficulty\"><\/i>\r\n        <\/div>\r\n        <div class=\"p-col-span-3 p-flex p-flex-col p-items-start\">\r\n            <div class=\"p-text-start p-text-secondary p-mb-1 p-bold\"> Difficolt\u00e0 <\/div>\r\n            <div class=\"p-w-full p-bg-light p-rounded-full p-h-2 p-relative\">\r\n                <div class=\"p-bg-primary p-h-2 p-rounded-full p-absolute\" style=\"width: 40%;\"><\/div>\r\n            <\/div>\r\n        <\/div>\r\n    <\/div>\r\n\r\n    <div class=\"p-grid p-grid-cols-4 p-shrink-0 p-w-72 p-snap-start md:p-w-full\">\r\n        <div class=\"p-col-span-1 p-self-center p-text-center p-text-3xl\">\r\n            <i class=\"icon-patrimony\"><\/i>\r\n        <\/div>\r\n        <div class=\"p-col-span-3 p-flex p-flex-col p-items-start\">\r\n            <div class=\"p-text-start p-text-secondary p-mb-1 p-bold\"> Arte\/Storia <\/div>\r\n            <div class=\"p-w-full p-bg-light p-rounded-full p-h-2 p-relative\">\r\n                <div class=\"p-bg-primary p-h-2 p-rounded-full p-absolute\" style=\"width: 20%;\"><\/div>\r\n            <\/div>\r\n        <\/div>\r\n    <\/div>\r\n\r\n    <div class=\"p-grid p-grid-cols-4 p-shrink-0 p-w-72 p-snap-start md:p-w-full\">\r\n        <div class=\"p-col-span-1 p-self-center p-text-center p-text-3xl\">\r\n            <i class=\"icon-nature\"><\/i>\r\n        <\/div>\r\n        <div class=\"p-col-span-3 p-flex p-flex-col p-items-start\">\r\n            <div class=\"p-text-start p-text-secondary p-mb-1 p-bold\"> Natura <\/div>\r\n            <div class=\"p-w-full p-bg-light p-rounded-full p-h-2 p-relative\">\r\n                <div class=\"p-bg-primary p-h-2 p-rounded-full p-absolute\" style=\"width: 40%;\"><\/div>\r\n            <\/div>\r\n        <\/div>\r\n    <\/div>\r\n\r\n    <div class=\"p-grid p-grid-cols-4 p-shrink-0 p-w-72 p-snap-start md:p-w-full\">\r\n        <div class=\"p-col-span-1 p-self-center p-text-center p-text-3xl\">\r\n            <i class=\"icon-urban\"><\/i>\r\n        <\/div>\r\n        <div class=\"p-col-span-3 p-flex p-flex-col p-items-start\">\r\n            <div class=\"p-text-start p-text-secondary p-mb-1 p-bold\"> Cammino Francese <\/div>\r\n            <div class=\"p-w-full p-bg-light p-rounded-full p-h-2 p-relative\">\r\n                <div class=\"p-bg-primary p-h-2 p-rounded-full p-absolute\" style=\"width: 20%;\"><\/div>\r\n            <\/div>\r\n        <\/div>\r\n    <\/div>\r\n  <\/div>\r\n<\/section>\n<\/section>\n\n<div id=\"stage-list-section\"><div class=\"stage-list\">\n    <div class='stage-list__map-card'>\n        <div class='stage-list__map-card__map'>\n            <div class='stage-list__map-card__map__text'>\n                <h2> Pages <\/h2>\n                <p> A piedi<\/p>\n                <p> 0tappe<\/p>\n            <\/div>\n            <div class='stage-list__map-card__map__img'>\n                <img decoding=\"async\" src=\"\" alt=\" mapa \" \/>\n            <\/div>\n        <\/div>\n    <\/div>\n\n    <\/div>\n<\/div>\n\n<section id=\"navStage\">\n\t<div>\n\t\t<nav id=\"tab-navigation-section\" class=\"tab-navigation-section--cols-3\">\n\t\t\t<a href=\"#infoSection\" class=\"active\">Informazioni<\/a>\n\t\t\t<a href=\"#itinerarySection\">Itinerario<\/a>\n\t\t\t<a href=\"#locationsSection\">Localit\u00e0<\/a>\n\t\t<\/nav>\n\n\t\t<div id=\"infoSection\">\n\t\t\t<!-- Title Section with Orange Line -->\n\t\t\t<div>\n\t\t\t\t<h4 class=\"p-h4--section\">Informazioni<\/h4>\n\t\t\t\t<hr class=\"orange-bar\" \/>\n\t\t\t\t<h3 class=\"p-h3\">Su questa tappa<\/h3>\n\t\t\t<\/div>\n\n\t\t\t<!-- Main Content Section -->\n\t\t\t<p>\n\t\t\t\tQuesta tappa offre la splendida possibilit\u00e0 di passare per i monasteri di San Juan de la Pe\u00f1a.\n\t\t\t\tConsigliamo alle persone in buona forma fisica di optare per l&#8217;opzione di passare direttamente dai\n\t\t\t\tmonasteri, altrimenti c&#8217;\u00e8 la possibilit\u00e0 di dormire a Santa Cilia de Jaca e visitare questi monumenti\n\t\t\t\tnei giorni successivi.\n\t\t\t<\/p>\n\n\t\t\t<div class=\"recomendation-card\">\n\t\t\t\t<div>\n\t\t\t\t\t<i class=\"icon-logo-pilgrim\"><\/i>\n\t\t\t\t\t<h5>Raccomandazione di Pilgrim<\/h5>\n\t\t\t\t<\/div>\n\n\t\t\t\t<p>\n\t\t\t\t\tBisogna fare attenzione quando si attraversa il fiume Aragona, anche se i punti di attraversamento\n\t\t\t\t\tsono in buone condizioni, pu\u00f2 sempre verificarsi qualche imprevisto che non viene preso in\n\t\t\t\t\tconsiderazione.\n\t\t\t\t<\/p>\n\t\t\t<\/div>\n\t\t<\/div>\n\n\n\t\t<div id=\"itinerarySection\">\n\t\t\t<h4 class=\"p-h4--section\">Percorso<\/h4>\n\t\t\t<hr \/>\n\t\t\t<h3 class=\"p-h3\">Itinerario<\/h3>\n\t\t\t<div>\n\t\t\t\t<h4>Km 0 &#8231; Jaca<\/h4>\n\t\t\t\t<p>\n\t\t\t\t\tUsciamo dal paese davanti all&#8217;ingresso della cittadella in direzione di Santa Cilia de Jaca.\n\t\t\t\t\tArrivati alla rotonda con il distributore di benzina, seguiamo la strada per Pamplona, dove poco\n\t\t\t\t\tdopo giriamo a sinistra sul lungomare di un quartiere di recente creazione. Seguiamo la strada\n\t\t\t\t\tpassando per una zona industrializzata fino a superare il cimitero. Poco dopo, usciamo su un\n\t\t\t\t\tsentiero a destra e torniamo verso la strada nazionale fino a trovare la deviazione per San Juan de\n\t\t\t\t\tla Pe\u00f1a. Non preoccupatevi, la deviazione in questione \u00e8 ben segnalata.\n\t\t\t\t<\/p>\n\t\t\t<\/div>\n\t\t\t<hr \/>\n\t\t\t<div>\n\t\t\t\t<p>\n\t\t\t\t\tSeguendo la strada principale a lato della strada nazionale N-240 che, a seconda del momento, sar\u00e0 a\n\t\t\t\t\tsinistra o a destra, si arriva a Santa Cilia. Una volta arrivati si passa per la strada principale e\n\t\t\t\t\talla fine si gira intorno al paese fino a trovare la strada parallela alla strada nazionale.\n\t\t\t\t<\/p>\n\t\t\t<\/div>\n\t\t\t<hr \/>\n\t\t\t<div>\n\t\t\t\t<h4>Km 25,4 &#8231; Arr\u00e9s<\/h4>\n\t\t\t\t<p>\n\t\t\t\t\tDall&#8217;altra parte troveremo un altro sentiero che passa dall&#8217;altra parte della strada nazionale dove,\n\t\t\t\t\tpi\u00f9 avanti, attraverseremo nuovamente la strada nazionale lungo un sentiero boscoso che termina a\n\t\t\t\t\tPuente la Reina de Jaca. Questa citt\u00e0, sull&#8217;altra sponda del fiume Aragona, non fa parte del nostro\n\t\t\t\t\titinerario, ma possiamo fare una deviazione per visitarla se lo riteniamo opportuno, nel qual caso,\n\t\t\t\t\tuna volta visitata, dovremo attraversare di nuovo il fiume Aragona e tornare sulla strada di Huesca.\n\t\t\t\t\tPi\u00f9 avanti, in una strada laterale, troveremo la deviazione per Arr\u00e9s. Seguiamo questa strada lungo\n\t\t\t\t\tle pendici del Monte Samitier, con vista sul Canal de Berd\u00fan.\n\t\t\t\t<\/p>\n\t\t\t<\/div>\n\t\t\t<hr \/>\n\t\t<\/div>\n\n\t\t<div id=\"locationsSection\">\n\t\t\t<h4 class=\"p-h4--section\">Localit\u00e0<\/h4>\n\t\t\t<hr \/>\n\t\t\t<h3 class=\"p-h3\">Villaggi<\/h3>\n\t\t\t<div class=\"grid-container\">\n\t\t\t\t<div class=\"p-group card-stage p-max-w-full\">\n\t\t\t\t\t<div class=\"card-stage__header\">\n\t\t\t\t\t\t<img decoding=\"async\" src=\"https:\/\/cdn.pilgrim.es\/web\/caminos\/camino-aragones\/pueblos\/jaca.jpg\" alt=\"Jaca\" \/>\n\t\t\t\t\t<\/div>\n\t\t\t\t\t<div class=\"town-card__flex-container\">\n\t\t\t\t\t\t<div class=\"town-card__flex-container__info\">\n\t\t\t\t\t\t\t<h3>Jaca<\/h3>\n\t\t\t\t\t\t\t<p>Provincia: Huesca<\/p>\n\t\t\t\t\t\t<\/div>\n\t\t\t\t\t<\/div>\n\t\t\t\t<\/div>\n\t\t\t\t<div class=\"p-group card-stage p-max-w-full\">\n\t\t\t\t\t<div class=\"card-stage__header\">\n\t\t\t\t\t\t<img decoding=\"async\" src=\"https:\/\/cdn.pilgrim.es\/web\/caminos\/camino-aragones\/pueblos\/arres.jpg\" alt=\"Arr\u00e9s\" \/>\n\t\t\t\t\t<\/div>\n\t\t\t\t\t<div class=\"town-card__flex-container\">\n\t\t\t\t\t\t<div class=\"town-card__flex-container__info\">\n\t\t\t\t\t\t\t<h3>Arr\u00e9s<\/h3>\n\t\t\t\t\t\t\t<p>Provincia: Huesca<\/p>\n\t\t\t\t\t\t<\/div>\n\t\t\t\t\t<\/div>\n\t\t\t\t<\/div>\n\t\t\t<\/div>\n\t\t<\/div>\n\t\t<hr class=\"single-bar\" \/>\n\t<\/div>\n<\/section>\n\n<section id=\"stageChange\">\n\t<div>\n\t\t<a href=\"https:\/\/www.pilgrim.es\/it\/cammino-aragonese\/tappa-1-somport-jaca\/\" class=\"change-btn p-items-center\">\n\t\t\t<div class=\"btn-arrow previous\">\n\t\t\t\t<i class=\"icon-arrow\"><\/i>\n\t\t\t<\/div>\n\t\t\t<div class=\"change-btn__info\">\n\t\t\t\t<div>Tappa 1<\/div>\n\t\t\t\t<p>\n\t\t\t\t\tSomport &#10095; <br \/>\n\t\t\t\t\tJaca\n\t\t\t\t<\/p>\n\t\t\t<\/div>\n\t\t<\/a>\n\t\t<a href=\"https:\/\/www.pilgrim.es\/it\/cammino-aragonese\/tappa-3-arres-ruesta\/\" class=\"change-btn\">\n\t\t\t<div class=\"change-btn__info\">\n\t\t\t\t<div>Tappa 3<\/div>\n\t\t\t\t<p>\n\t\t\t\t\tArr\u00e9s &#10095; <br \/>\n\t\t\t\t\tRuesta\n\t\t\t\t<\/p>\n\t\t\t<\/div>\n\t\t\t<div class=\"btn-arrow\">\n\t\t\t\t<i class=\"icon-arrow\"><\/i>\n\t\t\t<\/div>\n\t\t<\/a>\n\t<\/div>\n<\/section>\n","protected":false},"excerpt":{"rendered":"<p>Cammino Aragonese &#8231; Tappa 2 A piedi 6 tappe \/ 205 kms Jaca &#10093; Arr\u00e9s 25,4 Km &#10094; Tappa 1 Tappa 3 &#10095; Informazioni Itinerario Localit\u00e0 Informazioni Su questa tappa Questa tappa offre la splendida possibilit\u00e0 di passare per i monasteri di San Juan de la Pe\u00f1a. Consigliamo alle persone in buona forma fisica di &hellip; <\/p>\n<p class=\"read_more\"><a href=\"https:\/\/www.pilgrim.es\/it\/cammino-aragonese\/tappa-2-jaca-arres\/\">Leer m\u00e1s<\/a><\/p>\n","protected":false},"author":4,"featured_media":0,"parent":10853,"menu_order":0,"comment_status":"closed","ping_status":"closed","template":"views\/template-new-web-design.blade.php","meta":{"footnotes":""},"categories":[],"tags":[],"class_list":["post-48517","page","type-page","status-publish","hentry"],"yoast_head":"<!-- This site is optimized with the Yoast SEO plugin v27.4 - https:\/\/yoast.com\/product\/yoast-seo-wordpress\/ -->\n<title>Camino de Santiago desde Jaca a Arr\u00e9s | Camino Aragon\u00e9s | Pilgrim<\/title>\n<meta name=\"description\" content=\"Tappa numero 2 all&#039;interno del Cammino Aragonese. Questa tappa unisce le localit\u00e0 di Jaca e Arr\u00e9s. \u00bfVuoi saperne di pi\u00fa ?\" \/>\n<meta name=\"robots\" content=\"index, follow, max-snippet:-1, max-image-preview:large, max-video-preview:-1\" \/>\n<link rel=\"canonical\" href=\"https:\/\/www.pilgrim.es\/it\/cammino-aragonese\/tappa-2-jaca-arres\/\" \/>\n<meta property=\"og:locale\" content=\"it_IT\" \/>\n<meta property=\"og:type\" content=\"article\" \/>\n<meta property=\"og:title\" content=\"Camino de Santiago desde Jaca a Arr\u00e9s | Camino Aragon\u00e9s | Pilgrim\" \/>\n<meta property=\"og:description\" content=\"Tappa numero 2 all&#039;interno del Cammino Aragonese. Questa tappa unisce le localit\u00e0 di Jaca e Arr\u00e9s. \u00bfVuoi saperne di pi\u00fa ?\" \/>\n<meta property=\"og:url\" content=\"https:\/\/www.pilgrim.es\/it\/cammino-aragonese\/tappa-2-jaca-arres\/\" \/>\n<meta property=\"og:site_name\" content=\"Pilgrim\" \/>\n<meta property=\"article:publisher\" content=\"https:\/\/www.facebook.com\/pilgrim.es\/\" \/>\n<meta property=\"article:modified_time\" content=\"2025-04-25T08:31:57+00:00\" \/>\n<meta property=\"og:image\" content=\"https:\/\/cdn.pilgrim.es\/web\/caminos\/camino-aragones\/pueblos\/jaca.jpg\" \/>\n<meta name=\"twitter:card\" content=\"summary_large_image\" \/>\n<meta name=\"twitter:site\" content=\"@pilgrim_es\" \/>\n<meta name=\"twitter:label1\" content=\"Tempo di lettura stimato\" \/>\n\t<meta name=\"twitter:data1\" content=\"2 minuti\" \/>\n<script type=\"application\/ld+json\" class=\"yoast-schema-graph\">{\"@context\":\"https:\\\/\\\/schema.org\",\"@graph\":[{\"@type\":\"WebPage\",\"@id\":\"https:\\\/\\\/www.pilgrim.es\\\/it\\\/cammino-aragonese\\\/tappa-2-jaca-arres\\\/\",\"url\":\"https:\\\/\\\/www.pilgrim.es\\\/it\\\/cammino-aragonese\\\/tappa-2-jaca-arres\\\/\",\"name\":\"Camino de Santiago desde Jaca a Arr\u00e9s | Camino Aragon\u00e9s | Pilgrim\",\"isPartOf\":{\"@id\":\"https:\\\/\\\/www.pilgrim.es\\\/it\\\/#website\"},\"primaryImageOfPage\":{\"@id\":\"https:\\\/\\\/www.pilgrim.es\\\/it\\\/cammino-aragonese\\\/tappa-2-jaca-arres\\\/#primaryimage\"},\"image\":{\"@id\":\"https:\\\/\\\/www.pilgrim.es\\\/it\\\/cammino-aragonese\\\/tappa-2-jaca-arres\\\/#primaryimage\"},\"thumbnailUrl\":\"https:\\\/\\\/cdn.pilgrim.es\\\/web\\\/caminos\\\/camino-aragones\\\/pueblos\\\/jaca.jpg\",\"datePublished\":\"2019-10-29T13:53:29+00:00\",\"dateModified\":\"2025-04-25T08:31:57+00:00\",\"description\":\"Tappa numero 2 all'interno del Cammino Aragonese. Questa tappa unisce le localit\u00e0 di Jaca e Arr\u00e9s. \u00bfVuoi saperne di pi\u00fa ?\",\"breadcrumb\":{\"@id\":\"https:\\\/\\\/www.pilgrim.es\\\/it\\\/cammino-aragonese\\\/tappa-2-jaca-arres\\\/#breadcrumb\"},\"inLanguage\":\"it-IT\",\"potentialAction\":[{\"@type\":\"ReadAction\",\"target\":[\"https:\\\/\\\/www.pilgrim.es\\\/it\\\/cammino-aragonese\\\/tappa-2-jaca-arres\\\/\"]}]},{\"@type\":\"ImageObject\",\"inLanguage\":\"it-IT\",\"@id\":\"https:\\\/\\\/www.pilgrim.es\\\/it\\\/cammino-aragonese\\\/tappa-2-jaca-arres\\\/#primaryimage\",\"url\":\"https:\\\/\\\/cdn.pilgrim.es\\\/web\\\/caminos\\\/camino-aragones\\\/pueblos\\\/jaca.jpg\",\"contentUrl\":\"https:\\\/\\\/cdn.pilgrim.es\\\/web\\\/caminos\\\/camino-aragones\\\/pueblos\\\/jaca.jpg\"},{\"@type\":\"BreadcrumbList\",\"@id\":\"https:\\\/\\\/www.pilgrim.es\\\/it\\\/cammino-aragonese\\\/tappa-2-jaca-arres\\\/#breadcrumb\",\"itemListElement\":[{\"@type\":\"ListItem\",\"position\":1,\"name\":\"Camino de Santiago\",\"item\":\"https:\\\/\\\/www.pilgrim.es\\\/it\\\/\"},{\"@type\":\"ListItem\",\"position\":2,\"name\":\"Cammino Aragonese\",\"item\":\"https:\\\/\\\/www.pilgrim.es\\\/it\\\/cammino-aragonese\\\/\"},{\"@type\":\"ListItem\",\"position\":3,\"name\":\"Cammino Aragonese | Tappa 2: Jaca &#8211; Arr\u00e9s\"}]},{\"@type\":\"WebSite\",\"@id\":\"https:\\\/\\\/www.pilgrim.es\\\/it\\\/#website\",\"url\":\"https:\\\/\\\/www.pilgrim.es\\\/it\\\/\",\"name\":\"Pilgrim\",\"description\":\"Camino de Santiago | Caminamos Contigo\",\"publisher\":{\"@id\":\"https:\\\/\\\/www.pilgrim.es\\\/it\\\/#organization\"},\"potentialAction\":[{\"@type\":\"SearchAction\",\"target\":{\"@type\":\"EntryPoint\",\"urlTemplate\":\"https:\\\/\\\/www.pilgrim.es\\\/it\\\/?s={search_term_string}\"},\"query-input\":{\"@type\":\"PropertyValueSpecification\",\"valueRequired\":true,\"valueName\":\"search_term_string\"}}],\"inLanguage\":\"it-IT\"},{\"@type\":\"Organization\",\"@id\":\"https:\\\/\\\/www.pilgrim.es\\\/it\\\/#organization\",\"name\":\"Pilgrim Camino de Santiago\",\"url\":\"https:\\\/\\\/www.pilgrim.es\\\/it\\\/\",\"logo\":{\"@type\":\"ImageObject\",\"inLanguage\":\"it-IT\",\"@id\":\"https:\\\/\\\/www.pilgrim.es\\\/it\\\/#\\\/schema\\\/logo\\\/image\\\/\",\"url\":\"https:\\\/\\\/www.pilgrim.es\\\/wp-content\\\/uploads\\\/2019\\\/04\\\/logo_pilgrim.png\",\"contentUrl\":\"https:\\\/\\\/www.pilgrim.es\\\/wp-content\\\/uploads\\\/2019\\\/04\\\/logo_pilgrim.png\",\"width\":512,\"height\":512,\"caption\":\"Pilgrim Camino de Santiago\"},\"image\":{\"@id\":\"https:\\\/\\\/www.pilgrim.es\\\/it\\\/#\\\/schema\\\/logo\\\/image\\\/\"},\"sameAs\":[\"https:\\\/\\\/www.facebook.com\\\/pilgrim.es\\\/\",\"https:\\\/\\\/x.com\\\/pilgrim_es\",\"https:\\\/\\\/www.instagram.com\\\/pilgrim.es\\\/\",\"https:\\\/\\\/www.linkedin.com\\\/company\\\/pilgrim-camino-de-santiago\\\/\",\"https:\\\/\\\/www.pinterest.es\\\/pilgrimcaminodesantiago\\\/\",\"https:\\\/\\\/www.youtube.com\\\/channel\\\/UCIv2ZzFLXVqthkNF32rKedw\\\/featured\"]}]}<\/script>\n<!-- \/ Yoast SEO plugin. -->","yoast_head_json":{"title":"Camino de Santiago desde Jaca a Arr\u00e9s | Camino Aragon\u00e9s | Pilgrim","description":"Tappa numero 2 all'interno del Cammino Aragonese. Questa tappa unisce le localit\u00e0 di Jaca e Arr\u00e9s. \u00bfVuoi saperne di pi\u00fa ?","robots":{"index":"index","follow":"follow","max-snippet":"max-snippet:-1","max-image-preview":"max-image-preview:large","max-video-preview":"max-video-preview:-1"},"canonical":"https:\/\/www.pilgrim.es\/it\/cammino-aragonese\/tappa-2-jaca-arres\/","og_locale":"it_IT","og_type":"article","og_title":"Camino de Santiago desde Jaca a Arr\u00e9s | Camino Aragon\u00e9s | Pilgrim","og_description":"Tappa numero 2 all'interno del Cammino Aragonese. Questa tappa unisce le localit\u00e0 di Jaca e Arr\u00e9s. \u00bfVuoi saperne di pi\u00fa ?","og_url":"https:\/\/www.pilgrim.es\/it\/cammino-aragonese\/tappa-2-jaca-arres\/","og_site_name":"Pilgrim","article_publisher":"https:\/\/www.facebook.com\/pilgrim.es\/","article_modified_time":"2025-04-25T08:31:57+00:00","og_image":[{"url":"https:\/\/cdn.pilgrim.es\/web\/caminos\/camino-aragones\/pueblos\/jaca.jpg","type":"","width":"","height":""}],"twitter_card":"summary_large_image","twitter_site":"@pilgrim_es","twitter_misc":{"Tempo di lettura stimato":"2 minuti"},"schema":{"@context":"https:\/\/schema.org","@graph":[{"@type":"WebPage","@id":"https:\/\/www.pilgrim.es\/it\/cammino-aragonese\/tappa-2-jaca-arres\/","url":"https:\/\/www.pilgrim.es\/it\/cammino-aragonese\/tappa-2-jaca-arres\/","name":"Camino de Santiago desde Jaca a Arr\u00e9s | Camino Aragon\u00e9s | Pilgrim","isPartOf":{"@id":"https:\/\/www.pilgrim.es\/it\/#website"},"primaryImageOfPage":{"@id":"https:\/\/www.pilgrim.es\/it\/cammino-aragonese\/tappa-2-jaca-arres\/#primaryimage"},"image":{"@id":"https:\/\/www.pilgrim.es\/it\/cammino-aragonese\/tappa-2-jaca-arres\/#primaryimage"},"thumbnailUrl":"https:\/\/cdn.pilgrim.es\/web\/caminos\/camino-aragones\/pueblos\/jaca.jpg","datePublished":"2019-10-29T13:53:29+00:00","dateModified":"2025-04-25T08:31:57+00:00","description":"Tappa numero 2 all'interno del Cammino Aragonese. Questa tappa unisce le localit\u00e0 di Jaca e Arr\u00e9s. \u00bfVuoi saperne di pi\u00fa ?","breadcrumb":{"@id":"https:\/\/www.pilgrim.es\/it\/cammino-aragonese\/tappa-2-jaca-arres\/#breadcrumb"},"inLanguage":"it-IT","potentialAction":[{"@type":"ReadAction","target":["https:\/\/www.pilgrim.es\/it\/cammino-aragonese\/tappa-2-jaca-arres\/"]}]},{"@type":"ImageObject","inLanguage":"it-IT","@id":"https:\/\/www.pilgrim.es\/it\/cammino-aragonese\/tappa-2-jaca-arres\/#primaryimage","url":"https:\/\/cdn.pilgrim.es\/web\/caminos\/camino-aragones\/pueblos\/jaca.jpg","contentUrl":"https:\/\/cdn.pilgrim.es\/web\/caminos\/camino-aragones\/pueblos\/jaca.jpg"},{"@type":"BreadcrumbList","@id":"https:\/\/www.pilgrim.es\/it\/cammino-aragonese\/tappa-2-jaca-arres\/#breadcrumb","itemListElement":[{"@type":"ListItem","position":1,"name":"Camino de Santiago","item":"https:\/\/www.pilgrim.es\/it\/"},{"@type":"ListItem","position":2,"name":"Cammino Aragonese","item":"https:\/\/www.pilgrim.es\/it\/cammino-aragonese\/"},{"@type":"ListItem","position":3,"name":"Cammino Aragonese | Tappa 2: Jaca &#8211; Arr\u00e9s"}]},{"@type":"WebSite","@id":"https:\/\/www.pilgrim.es\/it\/#website","url":"https:\/\/www.pilgrim.es\/it\/","name":"Pilgrim","description":"Camino de Santiago | Caminamos Contigo","publisher":{"@id":"https:\/\/www.pilgrim.es\/it\/#organization"},"potentialAction":[{"@type":"SearchAction","target":{"@type":"EntryPoint","urlTemplate":"https:\/\/www.pilgrim.es\/it\/?s={search_term_string}"},"query-input":{"@type":"PropertyValueSpecification","valueRequired":true,"valueName":"search_term_string"}}],"inLanguage":"it-IT"},{"@type":"Organization","@id":"https:\/\/www.pilgrim.es\/it\/#organization","name":"Pilgrim Camino de Santiago","url":"https:\/\/www.pilgrim.es\/it\/","logo":{"@type":"ImageObject","inLanguage":"it-IT","@id":"https:\/\/www.pilgrim.es\/it\/#\/schema\/logo\/image\/","url":"https:\/\/www.pilgrim.es\/wp-content\/uploads\/2019\/04\/logo_pilgrim.png","contentUrl":"https:\/\/www.pilgrim.es\/wp-content\/uploads\/2019\/04\/logo_pilgrim.png","width":512,"height":512,"caption":"Pilgrim Camino de Santiago"},"image":{"@id":"https:\/\/www.pilgrim.es\/it\/#\/schema\/logo\/image\/"},"sameAs":["https:\/\/www.facebook.com\/pilgrim.es\/","https:\/\/x.com\/pilgrim_es","https:\/\/www.instagram.com\/pilgrim.es\/","https:\/\/www.linkedin.com\/company\/pilgrim-camino-de-santiago\/","https:\/\/www.pinterest.es\/pilgrimcaminodesantiago\/","https:\/\/www.youtube.com\/channel\/UCIv2ZzFLXVqthkNF32rKedw\/featured"]}]}},"_links":{"self":[{"href":"https:\/\/www.pilgrim.es\/it\/wp-json\/wp\/v2\/pages\/48517","targetHints":{"allow":["GET"]}}],"collection":[{"href":"https:\/\/www.pilgrim.es\/it\/wp-json\/wp\/v2\/pages"}],"about":[{"href":"https:\/\/www.pilgrim.es\/it\/wp-json\/wp\/v2\/types\/page"}],"author":[{"embeddable":true,"href":"https:\/\/www.pilgrim.es\/it\/wp-json\/wp\/v2\/users\/4"}],"replies":[{"embeddable":true,"href":"https:\/\/www.pilgrim.es\/it\/wp-json\/wp\/v2\/comments?post=48517"}],"version-history":[{"count":6,"href":"https:\/\/www.pilgrim.es\/it\/wp-json\/wp\/v2\/pages\/48517\/revisions"}],"predecessor-version":[{"id":129741,"href":"https:\/\/www.pilgrim.es\/it\/wp-json\/wp\/v2\/pages\/48517\/revisions\/129741"}],"up":[{"embeddable":true,"href":"https:\/\/www.pilgrim.es\/it\/wp-json\/wp\/v2\/pages\/10853"}],"wp:attachment":[{"href":"https:\/\/www.pilgrim.es\/it\/wp-json\/wp\/v2\/media?parent=48517"}],"wp:term":[{"taxonomy":"category","embeddable":true,"href":"https:\/\/www.pilgrim.es\/it\/wp-json\/wp\/v2\/categories?post=48517"},{"taxonomy":"post_tag","embeddable":true,"href":"https:\/\/www.pilgrim.es\/it\/wp-json\/wp\/v2\/tags?post=48517"}],"curies":[{"name":"wp","href":"https:\/\/api.w.org\/{rel}","templated":true}]}}