{"id":48356,"date":"2019-10-21T10:37:22","date_gmt":"2019-10-21T10:37:22","guid":{"rendered":"https:\/\/prod.pilgrim.es\/cammino-nord\/tappa-8-bilbao-portugalete\/"},"modified":"2025-04-14T14:05:45","modified_gmt":"2025-04-14T14:05:45","slug":"tappa-8-bilbao-portugalete","status":"publish","type":"page","link":"https:\/\/www.pilgrim.es\/it\/cammino-nord\/tappa-8-bilbao-portugalete\/","title":{"rendered":"Cammino del Nord | Tappa 8: Bilbao &#8211; Portugalete"},"content":{"rendered":" <section id=\"heroStage\">\n  <h1>Cammino del Nord: tappa 8<\/h1>\n  <div>\n    <div class=\"hero\" data-background=\"https:\/\/cdn.pilgrim.es\/web\/caminos\/camino-norte\/pueblos\/bilbao.jpg\">\n      <div class=\"hero__container\">\n        <div class=\"hero__container__labels\">\n          <p>A piedi<\/p>\n          <p>35 Tappe \/ 804 Kms<\/p>\n        <\/div>\n        <div class=\"hero__container__stage-name\">\n          <h2>\n            Bilbao <br \/>\n            <span>&#10093;<\/span>\n            Portugalete\n          <\/h2>\n          <p>19.2 Km<\/p>\n        <\/div>\n        <div class=\"hero__container__stage-changer\">\n            <div class=\"stage-control\">\n              <a class=\"stage-control__link\" href=\"\/it\/cammino-nord\/tappa-7-lezama-bilbao\/\"><span>&#10094;<\/span> Tappa 7<\/a>\n            <\/div>\n          <div class=\"stage-control\">\n            <a class=\"stage-control__link\" href=\"\/it\/cammino-nord\/tappa-9-portugalete-pobenacastro-urdiales\/\">Tappa 9 <span>&#10095;<\/span><\/a>\n          <\/div>\n        <\/div>\n      <\/div>\n    <\/div>\n    <div class=\"planner\"><div\r\n  class=\"p-col-span-1 p-rounded-lg p-px-5 p-h-full\"\r\n  style=\"background-image: url('https:\/\/cdn.pilgrim.es\/web\/pilgrim-planner\/bg-plugin-planificador.webp')\"\r\n  rel=\"preload\"\r\n  fetchpriority=\"high\"\r\n  >\r\n    <div class=\"p-text-center p-pt-5 p-text-white p-text-2xl p-font-semibold\">\r\n      Pianifica il tuo cammino    <\/div>\r\n    <div\r\n            id='primary-app'\r\n            data-name='banner'\r\n            data-api='https:\/\/pathfinder.pilgrim.es\/api\/pathfinder\/v2'\r\n            data-mode='normal'\r\n            data-lang='it'\r\n            data-route='1'\r\n            data-destiny='https:\/\/planificador.pilgrim.es'\r\n            data-modality='1'\r\n            data-inline=''\r\n        ><\/div><\/div><\/div>\n  <\/div>\n<\/section>\n\n<section id=\"scoreBarsStage\">\n  <section>\r\n  <div class=\"p-flex p-flex-nowrap p-space-x-4 p-py-5 p-overflow-x-auto md:p-grid md:p-grid-cols-3 lg:p-grid-cols-5 md:p-gap-8 md:p-space-x-0 md:p-overflow-hidden scrollbar-thin\">\r\n    <div class=\"p-grid p-grid-cols-4 p-shrink-0 p-w-72 p-snap-start md:p-w-full\">\r\n        <div class=\"p-col-span-1 p-self-center p-text-center p-text-3xl\">\r\n            <i class=\"icon-influx\"><\/i>\r\n        <\/div>\r\n        <div class=\"p-col-span-3 p-flex p-flex-col p-items-start\">\r\n            <div class=\"p-text-start p-text-secondary p-mb-1 p-bold\"> Afflusso <\/div>\r\n            <div class=\"p-w-full p-bg-light p-rounded-full p-h-2 p-relative\">\r\n                <div class=\"p-bg-primary p-h-2 p-rounded-full p-absolute\" style=\"width: 40%;\"><\/div>\r\n            <\/div>\r\n        <\/div>\r\n    <\/div>\r\n\r\n    <div class=\"p-grid p-grid-cols-4 p-shrink-0 p-w-72 p-snap-start md:p-w-full\">\r\n        <div class=\"p-col-span-1 p-self-center p-text-center p-text-3xl\">\r\n            <i class=\"icon-difficulty\"><\/i>\r\n        <\/div>\r\n        <div class=\"p-col-span-3 p-flex p-flex-col p-items-start\">\r\n            <div class=\"p-text-start p-text-secondary p-mb-1 p-bold\"> Difficolt\u00e0 <\/div>\r\n            <div class=\"p-w-full p-bg-light p-rounded-full p-h-2 p-relative\">\r\n                <div class=\"p-bg-primary p-h-2 p-rounded-full p-absolute\" style=\"width: 40%;\"><\/div>\r\n            <\/div>\r\n        <\/div>\r\n    <\/div>\r\n\r\n    <div class=\"p-grid p-grid-cols-4 p-shrink-0 p-w-72 p-snap-start md:p-w-full\">\r\n        <div class=\"p-col-span-1 p-self-center p-text-center p-text-3xl\">\r\n            <i class=\"icon-patrimony\"><\/i>\r\n        <\/div>\r\n        <div class=\"p-col-span-3 p-flex p-flex-col p-items-start\">\r\n            <div class=\"p-text-start p-text-secondary p-mb-1 p-bold\"> Arte\/Storia <\/div>\r\n            <div class=\"p-w-full p-bg-light p-rounded-full p-h-2 p-relative\">\r\n                <div class=\"p-bg-primary p-h-2 p-rounded-full p-absolute\" style=\"width: 20%;\"><\/div>\r\n            <\/div>\r\n        <\/div>\r\n    <\/div>\r\n\r\n    <div class=\"p-grid p-grid-cols-4 p-shrink-0 p-w-72 p-snap-start md:p-w-full\">\r\n        <div class=\"p-col-span-1 p-self-center p-text-center p-text-3xl\">\r\n            <i class=\"icon-nature\"><\/i>\r\n        <\/div>\r\n        <div class=\"p-col-span-3 p-flex p-flex-col p-items-start\">\r\n            <div class=\"p-text-start p-text-secondary p-mb-1 p-bold\"> Natura <\/div>\r\n            <div class=\"p-w-full p-bg-light p-rounded-full p-h-2 p-relative\">\r\n                <div class=\"p-bg-primary p-h-2 p-rounded-full p-absolute\" style=\"width: 20%;\"><\/div>\r\n            <\/div>\r\n        <\/div>\r\n    <\/div>\r\n\r\n    <div class=\"p-grid p-grid-cols-4 p-shrink-0 p-w-72 p-snap-start md:p-w-full\">\r\n        <div class=\"p-col-span-1 p-self-center p-text-center p-text-3xl\">\r\n            <i class=\"icon-urban\"><\/i>\r\n        <\/div>\r\n        <div class=\"p-col-span-3 p-flex p-flex-col p-items-start\">\r\n            <div class=\"p-text-start p-text-secondary p-mb-1 p-bold\"> Cammino Francese <\/div>\r\n            <div class=\"p-w-full p-bg-light p-rounded-full p-h-2 p-relative\">\r\n                <div class=\"p-bg-primary p-h-2 p-rounded-full p-absolute\" style=\"width: 60%;\"><\/div>\r\n            <\/div>\r\n        <\/div>\r\n    <\/div>\r\n  <\/div>\r\n<\/section>\n<\/section>\n\n<div id=\"stage-list-section\"><div class=\"stage-list\">\n    <div class='stage-list__map-card'>\n        <div class='stage-list__map-card__map'>\n            <div class='stage-list__map-card__map__text'>\n                <h2> Pages <\/h2>\n                <p> A piedi<\/p>\n                <p> 0tappe<\/p>\n            <\/div>\n            <div class='stage-list__map-card__map__img'>\n                <img decoding=\"async\" src=\"\" alt=\" mapa \" \/>\n            <\/div>\n        <\/div>\n    <\/div>\n\n    <\/div>\n<\/div>\n\n<section id=\"navStage\">\n  <div>\n    <nav id=\"tab-navigation-section\" class=\"tab-navigation-section--cols-5\">\n      <a href=\"#infoSection\" class=\"active\">Informazioni<\/a>\n      <a href=\"#profileSection\">Profilo<\/a>\n      <a href=\"#itinerarySection\">Itinerario<\/a>\n      \n      <a href=\"#locationsSection\">Paesi<\/a>\n    <\/nav>\n\n    <div id=\"infoSection\">\n      <!-- Title Section with Orange Line -->\n      <div>\n        <h2 class=\"p-h2-stage\">Informazioni<\/h2>\n        <hr class=\"orange-bar\" \/>\n        <h3 class=\"p-h3-stage\">Informazioni su questa tappa<\/h3>\n      <\/div>\n\n      \n        <div aria-labelledby=\"nav-info-tab\" class=\"tab-pane fade show active\" id=\"Info\" role=\"tabpanel\">\n\n\t\tCi siamo lasciati alle spalle la citt\u00e0 pi\u00f9 popolata della comunit\u00e0 basca per andare in uno dei comuni con la pi\u00f9\n\t\talta densit\u00e0 di popolazione per chilometro quadrato in Spagna, Portugalete. Ci\u00f2 rappresenter\u00e0 senza dubbio la\n\t\ttappa di oggi, poich\u00e9 dovremo lasciare Bilbao e il suo centro\u00a0 storico e passare attraverso una delle sue\n\t\tperiferie e aree industriali o commerciali. Ma ci rincontreremo con la natura e con il nostro fedele compagno di\n\t\tviaggio: il fiume Nervi\u00f3n, il quale attraverseremo passando per l&#8217;impressionante Ponte Colgante o Ponte Palacio\n\t\tper accedere a Portugalete.\n\n\t<\/div>\n      \n\n      <div class=\"recomendation-card\">\n        <div>\n          <i class=\"icon-logo-pilgrim\"><\/i>\n          <h5>Raccomandazione Pilgrim<\/h5>\n        <\/div>\n\n        \n      <\/div>\n    <\/div>\n\n    <div id=\"profileSection\">\n      <div>\n        <h2 class=\"p-h2-stage\">Distanza e altitudine<\/h2>\n        <hr class=\"orange-bar\" \/>\n        <h3 class=\"p-h3-stage\">Profilo<\/h3>\n        <img decoding=\"async\" src=\"https:\/\/cdn.pilgrim.es\/web\/caminos\/camino-norte\/etapas\/etapa-8\/etapa8_perfil-bilbao-portugalete.jpg\" alt=\"Perfil de la etapa tappa-8-bilbao-portugalete\" \/>\n      <\/div>\n    <\/div>\n\n    <div id=\"itinerarySection\">\n      <h2 class=\"p-h2-stage\">Itinerario<\/h2>\n      <hr \/>\n      <h3 class=\"p-h3-stage\">Percorso<\/h3>\n\n      \n        <div>\n          <h4><\/h4>\n\n          \n            <div aria-labelledby=\"nav-itinerary-tab\" class=\"tab-pane fade\" id=\"Itinerario\" role=\"tabpanel\">\n\n\t\tPartiendo desde donde lo dejamos en la etapa de ayer, salimos de la catedral de Santiago por la calle de la\n\t\tTender\u00eda, considerada como una de las calles primigenias de la ciudad. Recorriendola de punta a punta salimos en\n\t\tla calle de la Ribera, que tal y como indica su nombre est\u00e1 muy pr\u00f3xima al r\u00edo. All\u00ed mismo torcemos a la\n\t\tizquierda para pasar por delante de la iglesia de San Ant\u00f3n, lugar donde atravesamos el Nervi\u00f3n por uno de los\n\t\tpuentes m\u00e1s antiguos de la ciudad. Nada m\u00e1s traspasarlo nos desviamos a la derecha por la calle Bilbao La Viaja\n\t\ty la de San Francisco hasta la plaza de Zabalb\u00far. Seguimos por esta v\u00eda de frente, ahora la calle Autonom\u00eda, y\n\t\tllegamos al barrio de Basurto. Desde aqu\u00ed existen varias alternativas, siendo la tradicional la que continua por\n\t\tla avenida Montevideo y la que relataremos a continuaci\u00f3n:\n\t\t<ul>\n<li>M\u00e1s adelante nos toca reencontrarnos con la ya conocida carretera nacional 634 y comenzaremos a ascender\n\t\t\t\trumbo a la las urbanizaciones perif\u00e9ricas de esta urbe. A trav\u00e9s del camino Kobetas ascenderemos sin\n\t\t\t\tpausa hasta el monte del mismo nombre, desde donde podremos despedirnos de Bilbao definitivamente. Ya en\n\t\t\t\tel barrio de Altamira y junto a una parada de autob\u00fas torcemos a mano izquierda para descender lo andado\n\t\t\t\tpor el otro lado de la ladera. Siempre pendientes de las indicaciones, en plena bajada nos desviamos por\n\t\t\t\tla izquierda para dar una curva en busca de la carretera a\u00fan m\u00e1s abajo. Cruzamos por un t\u00fanel bajo la\n\t\t\t\tv\u00eda r\u00e1pida de Bizkorta para salir a la carretera que une Basurto con Castrexana. De nuevo a la izquierda\n\t\t\t\tnos dirigimos hacia el cruce con Las Delicias y al conocido como puente del Diablo. Dejamos atr\u00e1s el\n\t\t\t\tasfalto un poco m\u00e1s adelante para cruzar la v\u00eda del tren, ascendiendo de nuevo por otra calzada medieval\n\t\t\t\thasta la ermita de Santa \u00c1gueda. Este santuario del siglo XVI y emplazado a unos doscientos metros de\n\t\t\t\taltitud fue un punto muy importante de reuni\u00f3n dadas las numerosas romerias y fiestas llevadas a cabo en\n\t\t\t\tlas inmediaciones. Continuamos el trayecto en este caso por el bosque de Larrazabal y rumbo al barrio de\n\t\t\t\tCruces, donde podremos hacer una peque\u00f1a parada para abastecernos o hacer una peque\u00f1a pausa. En la\n\t\t\t\trotonda situada en la entrada del pueblo tomamos el ramal de la izquierda por la calle la Paz. Al llegar\n\t\t\t\ta un t\u00fanel y cruzarlo giramos a la derecha por la calle Ametzaga y m\u00e1s adelante salvamos la carretera\n\t\t\t\tnacional por un paso inferior. Nos encontramos ya en Barakaldo, concretamente en la parroquia del\n\t\t\t\tSagrado Coraz\u00f3n, desde donde accedemos a la calle Euskadi y en la siguiente rotonda giramos a la\n\t\t\t\tizquierda para enlazar con la avenida de la Ribera. Justo a la entrada de parque comercial, descendemos\n\t\t\t\tpor unas escaleras a nuestra izquierda en busca del r\u00edo Galindo. Lo cruzamos por un paseo peatonal y nos\n\t\t\t\tadentramos en una zona desindustrializada y media abandonada. Por la cuesta de la Gran V\u00eda, ya en el\n\t\t\t\tbarrio de Kueto, ascendemos por una senda hasta pasar por delante del ayuntamiento de Sesao. Justo al\n\t\t\t\tlado del palacio consistorial giramos a la derecha por la calle Aizpuru en busca de nuevo del Nervi\u00f3n,\n\t\t\t\tel cual cruzamos por un puente colgante, declarado Patrimonio de la Humanidad e inaugurado en el siglo\n\t\t\t\tXIX por un disc\u00edpulo de Alexandre Gustave Eiffel. Tras cruzar esta grandiosa obra de ingenieria tomamos\n\t\t\t\tla calle de Sotera de la Mier hasta la iglesia de Santa Mar\u00eda de Portugalete, bas\u00edlica\n\t\t\t\tg\u00f3tica-renacentista cuyo templo original data del siglo XIV. De su interior destacan sus capillas,\n\t\t\t\tmayoritariamente de estilo renacentista, y el museo parroquial inaugurado en los a\u00f1os noventa y situado\n\t\t\t\ten la nueva sacristia.<\/li>\n<li>Una vez alcanzado el barrio de Basurto y su centro de salud podremos tambi\u00e9n tomar al alternativa que\n\t\t\t\tdiscurre por el margen izquierdo de la magn\u00edfica r\u00eda de Bilbao. En este caso pasaremos a continuaci\u00f3n\n\t\t\t\tpor la central de autobuses y por los barrios de Zorroza, Burce\u00f1a y Baracaldo, paso previo a Portugalete\n\t\t\t\ty donde nos reencontraremos antes de llegar con el resto de peregrinos de otras vertientes. Cabe\n\t\t\t\tdestacar que esta alternativa tambi\u00e9n se encuentra bien se\u00f1alizada gracias a las ya conocidas flechas\n\t\t\t\tamarillas.<\/li>\n<li>Tambi\u00e9n podemos continuar por el lado derecho de la r\u00eda, concretamente desde el puente colgante de\n\t\t\t\tEuskalduna y el cual nos conducir\u00e1 a un albergue de peregrinos, s\u00f3lo abierto en los meses de julio y\n\t\t\t\tagosto.<\/li>\n<\/ul>\n<\/div>\n          \n\n          \n        <\/div>\n        <hr \/>\n      \n      <div>\n        <h4>Km 19.2 &#8231; Portugalete<\/h4>\n\n        \n          <a class=\"town-link\" href=\"\/it\/cammino-nord\/portugalete\/\">\n            <div class=\"town-link__link-content\">\n              <div class=\"town-link__link-content__text\">\n                <p>Informazioni locali<\/p>\n                <p>Polizia, Assistenza medica, Cosa vedere, Dove mangiare&#8230;<\/p>\n              <\/div>\n              <div class=\"town-link__link-content__town-btn\">\n                <i class=\"icon-arrow\"><\/i>\n              <\/div>\n            <\/div>\n          <\/a>\n        \n      <\/div>\n    <\/div>\n\n    \n\n  <div id=\"locationsSection\">\n      <h2 class=\"p-h2-stage\">Paesi<\/h2>\n      <hr \/>\n      <h3 class=\"p-h3-stage\">Villaggi<\/h3>\n      <div class=\"grid-container\">\n\n        <div class=\"p-group card-stage p-max-w-full\">\n          <a href=\"\/it\/cammino-nord\/bilbao\/\" class=\"town-card\">\n            <div class=\"card-stage__header\">\n              <img decoding=\"async\" src=\"https:\/\/cdn.pilgrim.es\/web\/caminos\/camino-norte\/pueblos\/bilbao.jpg\" alt=\"Bilbao\" class=\"group-hover:p-scale-110\" \/>\n              <div class=\"card-overlay group-hover:p-opacity-50\"><\/div>\n            <\/div>\n            <div class=\"town-card__flex-container\">\n              <div class=\"town-card__flex-container__info\">\n                <h4>Bilbao<\/h4>\n                <p>Provincia: Vizcaya<\/p>\n              <\/div>\n              \n              <div class=\"town-card__flex-container__btn\">\n                <i class=\"icon-arrow\"><\/i>\n              <\/div>\n              \n            <\/div>\n          <\/a>\n        <\/div>\n        <div class=\"p-group card-stage p-max-w-full\">\n          <a href=\"\/it\/cammino-nord\/portugalete\/\" class=\"town-card\">\n            <div class=\"card-stage__header\">\n              <img decoding=\"async\" src=\"https:\/\/cdn.pilgrim.es\/web\/caminos\/camino-norte\/pueblos\/portugalete.jpg\" alt=\"Portugalete\" class=\"group-hover:p-scale-110\" \/>\n              <div class=\"card-overlay group-hover:p-opacity-50\"><\/div>\n            <\/div>\n            <div class=\"town-card__flex-container\">\n              <div class=\"town-card__flex-container__info\">\n                <h4>Portugalete<\/h4>\n                <p>Provincia: Vizcaya<\/p>\n              <\/div>\n              \n                <div class=\"town-card__flex-container__btn\">\n                  <i class=\"icon-arrow\"><\/i>\n                <\/div>\n              \n            <\/div>\n          <\/a>\n        <\/div>\n      <\/div>\n    <\/div>\n    <hr class=\"single-bar\" \/>\n  <\/div>\n<\/section>\n\n<section id=\"stageChange\">\n  <div>\n    <a href=\"\/it\/cammino-nord\/tappa-7-lezama-bilbao\/\" class=\"change-btn\">\n    <div class=\"change-btn\">\n      <div class=\"btn-arrow previous\">\n        <i class=\"icon-arrow\"><\/i>\n      <\/div>\n      <div class=\"change-btn__info\">\n        <div>Tappa 7<\/div>\n        <p>\n          Lezama \u276f <br> Bilbao\n        <\/p>\n      <\/div>\n    <\/div>\n    <\/a>\n    <a href=\"\/it\/cammino-nord\/tappa-9-portugalete-pobenacastro-urdiales\/\" class=\"change-btn\">\n      <div class=\"change-btn__info\">\n        <div>Tappa 9<\/div>\n        <p>\n          Portugalete \u276f <br> Castro Urdiales\n        <\/p>\n      <\/div>\n      <div class=\"btn-arrow\">\n        <i class=\"icon-arrow\"><\/i>\n      <\/div>\n    <\/a>\n  <\/div>\n<\/section> ","protected":false},"excerpt":{"rendered":"<p>Cammino del Nord: tappa 8 A piedi 35 Tappe \/ 804 Kms Bilbao &#10093; Portugalete 19.2 Km &#10094; Tappa 7 Tappa 9 &#10095; Informazioni Profilo Itinerario Paesi Informazioni Informazioni su questa tappa Ci siamo lasciati alle spalle la citt\u00e0 pi\u00f9 popolata della comunit\u00e0 basca per andare in uno dei comuni con la pi\u00f9 alta densit\u00e0 &hellip; <\/p>\n<p class=\"read_more\"><a href=\"https:\/\/www.pilgrim.es\/it\/cammino-nord\/tappa-8-bilbao-portugalete\/\">Leer m\u00e1s<\/a><\/p>\n","protected":false},"author":4,"featured_media":11551,"parent":10817,"menu_order":0,"comment_status":"closed","ping_status":"closed","template":"views\/template-new-web-design.blade.php","meta":{"footnotes":""},"categories":[],"tags":[],"class_list":["post-48356","page","type-page","status-publish","has-post-thumbnail","hentry"],"yoast_head":"<!-- This site is optimized with the Yoast SEO plugin v27.4 - https:\/\/yoast.com\/product\/yoast-seo-wordpress\/ -->\n<title>Cammino del Nord da Bilbao a Portugalete | Cammino di Santiago | Pilgrim<\/title>\n<meta name=\"description\" content=\"Cammino del Nord: Tappa 8 del Cammino di Santiago che passa tra la citt\u00e0 di Bilbao e Portugalete.Scopri tutte le informazioni e pianifica la tua tappa.\" \/>\n<meta name=\"robots\" content=\"index, follow, max-snippet:-1, max-image-preview:large, max-video-preview:-1\" \/>\n<link rel=\"canonical\" href=\"https:\/\/www.pilgrim.es\/it\/cammino-nord\/tappa-8-bilbao-portugalete\/\" \/>\n<meta property=\"og:locale\" content=\"it_IT\" \/>\n<meta property=\"og:type\" content=\"article\" \/>\n<meta property=\"og:title\" content=\"Cammino del Nord da Bilbao a Portugalete | Cammino di Santiago | Pilgrim\" \/>\n<meta property=\"og:description\" content=\"Cammino del Nord: Tappa 8 del Cammino di Santiago che passa tra la citt\u00e0 di Bilbao e Portugalete.Scopri tutte le informazioni e pianifica la tua tappa.\" \/>\n<meta property=\"og:url\" content=\"https:\/\/www.pilgrim.es\/it\/cammino-nord\/tappa-8-bilbao-portugalete\/\" \/>\n<meta property=\"og:site_name\" content=\"Pilgrim\" \/>\n<meta property=\"article:publisher\" content=\"https:\/\/www.facebook.com\/pilgrim.es\/\" \/>\n<meta property=\"article:modified_time\" content=\"2025-04-14T14:05:45+00:00\" \/>\n<meta property=\"og:image\" content=\"https:\/\/www.pilgrim.es\/wp-content\/uploads\/2019\/02\/camino_norte_etapa_8.jpg\" \/>\n\t<meta property=\"og:image:width\" content=\"1633\" \/>\n\t<meta property=\"og:image:height\" content=\"547\" \/>\n\t<meta property=\"og:image:type\" content=\"image\/jpeg\" \/>\n<meta name=\"twitter:card\" content=\"summary_large_image\" \/>\n<meta name=\"twitter:site\" content=\"@pilgrim_es\" \/>\n<meta name=\"twitter:label1\" content=\"Tempo di lettura stimato\" \/>\n\t<meta name=\"twitter:data1\" content=\"5 minuti\" \/>\n<script type=\"application\/ld+json\" class=\"yoast-schema-graph\">{\"@context\":\"https:\\\/\\\/schema.org\",\"@graph\":[{\"@type\":\"WebPage\",\"@id\":\"https:\\\/\\\/www.pilgrim.es\\\/it\\\/cammino-nord\\\/tappa-8-bilbao-portugalete\\\/\",\"url\":\"https:\\\/\\\/www.pilgrim.es\\\/it\\\/cammino-nord\\\/tappa-8-bilbao-portugalete\\\/\",\"name\":\"Cammino del Nord da Bilbao a Portugalete | Cammino di Santiago | Pilgrim\",\"isPartOf\":{\"@id\":\"https:\\\/\\\/www.pilgrim.es\\\/it\\\/#website\"},\"primaryImageOfPage\":{\"@id\":\"https:\\\/\\\/www.pilgrim.es\\\/it\\\/cammino-nord\\\/tappa-8-bilbao-portugalete\\\/#primaryimage\"},\"image\":{\"@id\":\"https:\\\/\\\/www.pilgrim.es\\\/it\\\/cammino-nord\\\/tappa-8-bilbao-portugalete\\\/#primaryimage\"},\"thumbnailUrl\":\"https:\\\/\\\/www.pilgrim.es\\\/wp-content\\\/uploads\\\/2019\\\/02\\\/camino_norte_etapa_8.jpg\",\"datePublished\":\"2019-10-21T10:37:22+00:00\",\"dateModified\":\"2025-04-14T14:05:45+00:00\",\"description\":\"Cammino del Nord: Tappa 8 del Cammino di Santiago che passa tra la citt\u00e0 di Bilbao e Portugalete.Scopri tutte le informazioni e pianifica la tua tappa.\",\"breadcrumb\":{\"@id\":\"https:\\\/\\\/www.pilgrim.es\\\/it\\\/cammino-nord\\\/tappa-8-bilbao-portugalete\\\/#breadcrumb\"},\"inLanguage\":\"it-IT\",\"potentialAction\":[{\"@type\":\"ReadAction\",\"target\":[\"https:\\\/\\\/www.pilgrim.es\\\/it\\\/cammino-nord\\\/tappa-8-bilbao-portugalete\\\/\"]}]},{\"@type\":\"ImageObject\",\"inLanguage\":\"it-IT\",\"@id\":\"https:\\\/\\\/www.pilgrim.es\\\/it\\\/cammino-nord\\\/tappa-8-bilbao-portugalete\\\/#primaryimage\",\"url\":\"https:\\\/\\\/www.pilgrim.es\\\/wp-content\\\/uploads\\\/2019\\\/02\\\/camino_norte_etapa_8.jpg\",\"contentUrl\":\"https:\\\/\\\/www.pilgrim.es\\\/wp-content\\\/uploads\\\/2019\\\/02\\\/camino_norte_etapa_8.jpg\",\"width\":1633,\"height\":547,\"caption\":\"Mappa Tappa 8 Cammino del Nord\"},{\"@type\":\"BreadcrumbList\",\"@id\":\"https:\\\/\\\/www.pilgrim.es\\\/it\\\/cammino-nord\\\/tappa-8-bilbao-portugalete\\\/#breadcrumb\",\"itemListElement\":[{\"@type\":\"ListItem\",\"position\":1,\"name\":\"Camino de Santiago\",\"item\":\"https:\\\/\\\/www.pilgrim.es\\\/it\\\/\"},{\"@type\":\"ListItem\",\"position\":2,\"name\":\"Cammino del Nord | Tappa 8: Bilbao &#8211; Portugalete\"}]},{\"@type\":\"WebSite\",\"@id\":\"https:\\\/\\\/www.pilgrim.es\\\/it\\\/#website\",\"url\":\"https:\\\/\\\/www.pilgrim.es\\\/it\\\/\",\"name\":\"Pilgrim\",\"description\":\"Camino de Santiago | Caminamos Contigo\",\"publisher\":{\"@id\":\"https:\\\/\\\/www.pilgrim.es\\\/it\\\/#organization\"},\"potentialAction\":[{\"@type\":\"SearchAction\",\"target\":{\"@type\":\"EntryPoint\",\"urlTemplate\":\"https:\\\/\\\/www.pilgrim.es\\\/it\\\/?s={search_term_string}\"},\"query-input\":{\"@type\":\"PropertyValueSpecification\",\"valueRequired\":true,\"valueName\":\"search_term_string\"}}],\"inLanguage\":\"it-IT\"},{\"@type\":\"Organization\",\"@id\":\"https:\\\/\\\/www.pilgrim.es\\\/it\\\/#organization\",\"name\":\"Pilgrim Camino de Santiago\",\"url\":\"https:\\\/\\\/www.pilgrim.es\\\/it\\\/\",\"logo\":{\"@type\":\"ImageObject\",\"inLanguage\":\"it-IT\",\"@id\":\"https:\\\/\\\/www.pilgrim.es\\\/it\\\/#\\\/schema\\\/logo\\\/image\\\/\",\"url\":\"https:\\\/\\\/www.pilgrim.es\\\/wp-content\\\/uploads\\\/2019\\\/04\\\/logo_pilgrim.png\",\"contentUrl\":\"https:\\\/\\\/www.pilgrim.es\\\/wp-content\\\/uploads\\\/2019\\\/04\\\/logo_pilgrim.png\",\"width\":512,\"height\":512,\"caption\":\"Pilgrim Camino de Santiago\"},\"image\":{\"@id\":\"https:\\\/\\\/www.pilgrim.es\\\/it\\\/#\\\/schema\\\/logo\\\/image\\\/\"},\"sameAs\":[\"https:\\\/\\\/www.facebook.com\\\/pilgrim.es\\\/\",\"https:\\\/\\\/x.com\\\/pilgrim_es\",\"https:\\\/\\\/www.instagram.com\\\/pilgrim.es\\\/\",\"https:\\\/\\\/www.linkedin.com\\\/company\\\/pilgrim-camino-de-santiago\\\/\",\"https:\\\/\\\/www.pinterest.es\\\/pilgrimcaminodesantiago\\\/\",\"https:\\\/\\\/www.youtube.com\\\/channel\\\/UCIv2ZzFLXVqthkNF32rKedw\\\/featured\"]}]}<\/script>\n<!-- \/ Yoast SEO plugin. -->","yoast_head_json":{"title":"Cammino del Nord da Bilbao a Portugalete | Cammino di Santiago | Pilgrim","description":"Cammino del Nord: Tappa 8 del Cammino di Santiago che passa tra la citt\u00e0 di Bilbao e Portugalete.Scopri tutte le informazioni e pianifica la tua tappa.","robots":{"index":"index","follow":"follow","max-snippet":"max-snippet:-1","max-image-preview":"max-image-preview:large","max-video-preview":"max-video-preview:-1"},"canonical":"https:\/\/www.pilgrim.es\/it\/cammino-nord\/tappa-8-bilbao-portugalete\/","og_locale":"it_IT","og_type":"article","og_title":"Cammino del Nord da Bilbao a Portugalete | Cammino di Santiago | Pilgrim","og_description":"Cammino del Nord: Tappa 8 del Cammino di Santiago che passa tra la citt\u00e0 di Bilbao e Portugalete.Scopri tutte le informazioni e pianifica la tua tappa.","og_url":"https:\/\/www.pilgrim.es\/it\/cammino-nord\/tappa-8-bilbao-portugalete\/","og_site_name":"Pilgrim","article_publisher":"https:\/\/www.facebook.com\/pilgrim.es\/","article_modified_time":"2025-04-14T14:05:45+00:00","og_image":[{"width":1633,"height":547,"url":"https:\/\/www.pilgrim.es\/wp-content\/uploads\/2019\/02\/camino_norte_etapa_8.jpg","type":"image\/jpeg"}],"twitter_card":"summary_large_image","twitter_site":"@pilgrim_es","twitter_misc":{"Tempo di lettura stimato":"5 minuti"},"schema":{"@context":"https:\/\/schema.org","@graph":[{"@type":"WebPage","@id":"https:\/\/www.pilgrim.es\/it\/cammino-nord\/tappa-8-bilbao-portugalete\/","url":"https:\/\/www.pilgrim.es\/it\/cammino-nord\/tappa-8-bilbao-portugalete\/","name":"Cammino del Nord da Bilbao a Portugalete | Cammino di Santiago | Pilgrim","isPartOf":{"@id":"https:\/\/www.pilgrim.es\/it\/#website"},"primaryImageOfPage":{"@id":"https:\/\/www.pilgrim.es\/it\/cammino-nord\/tappa-8-bilbao-portugalete\/#primaryimage"},"image":{"@id":"https:\/\/www.pilgrim.es\/it\/cammino-nord\/tappa-8-bilbao-portugalete\/#primaryimage"},"thumbnailUrl":"https:\/\/www.pilgrim.es\/wp-content\/uploads\/2019\/02\/camino_norte_etapa_8.jpg","datePublished":"2019-10-21T10:37:22+00:00","dateModified":"2025-04-14T14:05:45+00:00","description":"Cammino del Nord: Tappa 8 del Cammino di Santiago che passa tra la citt\u00e0 di Bilbao e Portugalete.Scopri tutte le informazioni e pianifica la tua tappa.","breadcrumb":{"@id":"https:\/\/www.pilgrim.es\/it\/cammino-nord\/tappa-8-bilbao-portugalete\/#breadcrumb"},"inLanguage":"it-IT","potentialAction":[{"@type":"ReadAction","target":["https:\/\/www.pilgrim.es\/it\/cammino-nord\/tappa-8-bilbao-portugalete\/"]}]},{"@type":"ImageObject","inLanguage":"it-IT","@id":"https:\/\/www.pilgrim.es\/it\/cammino-nord\/tappa-8-bilbao-portugalete\/#primaryimage","url":"https:\/\/www.pilgrim.es\/wp-content\/uploads\/2019\/02\/camino_norte_etapa_8.jpg","contentUrl":"https:\/\/www.pilgrim.es\/wp-content\/uploads\/2019\/02\/camino_norte_etapa_8.jpg","width":1633,"height":547,"caption":"Mappa Tappa 8 Cammino del Nord"},{"@type":"BreadcrumbList","@id":"https:\/\/www.pilgrim.es\/it\/cammino-nord\/tappa-8-bilbao-portugalete\/#breadcrumb","itemListElement":[{"@type":"ListItem","position":1,"name":"Camino de Santiago","item":"https:\/\/www.pilgrim.es\/it\/"},{"@type":"ListItem","position":2,"name":"Cammino del Nord | Tappa 8: Bilbao &#8211; Portugalete"}]},{"@type":"WebSite","@id":"https:\/\/www.pilgrim.es\/it\/#website","url":"https:\/\/www.pilgrim.es\/it\/","name":"Pilgrim","description":"Camino de Santiago | Caminamos Contigo","publisher":{"@id":"https:\/\/www.pilgrim.es\/it\/#organization"},"potentialAction":[{"@type":"SearchAction","target":{"@type":"EntryPoint","urlTemplate":"https:\/\/www.pilgrim.es\/it\/?s={search_term_string}"},"query-input":{"@type":"PropertyValueSpecification","valueRequired":true,"valueName":"search_term_string"}}],"inLanguage":"it-IT"},{"@type":"Organization","@id":"https:\/\/www.pilgrim.es\/it\/#organization","name":"Pilgrim Camino de Santiago","url":"https:\/\/www.pilgrim.es\/it\/","logo":{"@type":"ImageObject","inLanguage":"it-IT","@id":"https:\/\/www.pilgrim.es\/it\/#\/schema\/logo\/image\/","url":"https:\/\/www.pilgrim.es\/wp-content\/uploads\/2019\/04\/logo_pilgrim.png","contentUrl":"https:\/\/www.pilgrim.es\/wp-content\/uploads\/2019\/04\/logo_pilgrim.png","width":512,"height":512,"caption":"Pilgrim Camino de Santiago"},"image":{"@id":"https:\/\/www.pilgrim.es\/it\/#\/schema\/logo\/image\/"},"sameAs":["https:\/\/www.facebook.com\/pilgrim.es\/","https:\/\/x.com\/pilgrim_es","https:\/\/www.instagram.com\/pilgrim.es\/","https:\/\/www.linkedin.com\/company\/pilgrim-camino-de-santiago\/","https:\/\/www.pinterest.es\/pilgrimcaminodesantiago\/","https:\/\/www.youtube.com\/channel\/UCIv2ZzFLXVqthkNF32rKedw\/featured"]}]}},"_links":{"self":[{"href":"https:\/\/www.pilgrim.es\/it\/wp-json\/wp\/v2\/pages\/48356","targetHints":{"allow":["GET"]}}],"collection":[{"href":"https:\/\/www.pilgrim.es\/it\/wp-json\/wp\/v2\/pages"}],"about":[{"href":"https:\/\/www.pilgrim.es\/it\/wp-json\/wp\/v2\/types\/page"}],"author":[{"embeddable":true,"href":"https:\/\/www.pilgrim.es\/it\/wp-json\/wp\/v2\/users\/4"}],"replies":[{"embeddable":true,"href":"https:\/\/www.pilgrim.es\/it\/wp-json\/wp\/v2\/comments?post=48356"}],"version-history":[{"count":3,"href":"https:\/\/www.pilgrim.es\/it\/wp-json\/wp\/v2\/pages\/48356\/revisions"}],"predecessor-version":[{"id":127053,"href":"https:\/\/www.pilgrim.es\/it\/wp-json\/wp\/v2\/pages\/48356\/revisions\/127053"}],"up":[{"embeddable":true,"href":"https:\/\/www.pilgrim.es\/it\/wp-json\/wp\/v2\/pages\/10817"}],"wp:featuredmedia":[{"embeddable":true,"href":"https:\/\/www.pilgrim.es\/it\/wp-json\/wp\/v2\/media\/11551"}],"wp:attachment":[{"href":"https:\/\/www.pilgrim.es\/it\/wp-json\/wp\/v2\/media?parent=48356"}],"wp:term":[{"taxonomy":"category","embeddable":true,"href":"https:\/\/www.pilgrim.es\/it\/wp-json\/wp\/v2\/categories?post=48356"},{"taxonomy":"post_tag","embeddable":true,"href":"https:\/\/www.pilgrim.es\/it\/wp-json\/wp\/v2\/tags?post=48356"}],"curies":[{"name":"wp","href":"https:\/\/api.w.org\/{rel}","templated":true}]}}