{"id":48354,"date":"2019-10-21T10:10:56","date_gmt":"2019-10-21T10:10:56","guid":{"rendered":"https:\/\/prod.pilgrim.es\/cammino-nord\/tappa-9-portugalete-pobenacastro-urdiales\/"},"modified":"2025-04-14T14:05:49","modified_gmt":"2025-04-14T14:05:49","slug":"tappa-9-portugalete-pobenacastro-urdiales","status":"publish","type":"page","link":"https:\/\/www.pilgrim.es\/it\/cammino-nord\/tappa-9-portugalete-pobenacastro-urdiales\/","title":{"rendered":"Cammino del Nord | Tappa 9: Portugalete &#8211; Castro Urdiales"},"content":{"rendered":" <section id=\"heroStage\">\n  <h1>Cammino del Nord: tappa 9<\/h1>\n  <div>\n    <div class=\"hero\" data-background=\"https:\/\/cdn.pilgrim.es\/web\/caminos\/camino-norte\/pueblos\/portugalete.jpg\">\n      <div class=\"hero__container\">\n        <div class=\"hero__container__labels\">\n          <p>A piedi<\/p>\n          <p>35 Tappe \/ 804 Kms<\/p>\n        <\/div>\n        <div class=\"hero__container__stage-name\">\n          <h2>\n            Portugalete <br \/>\n            <span>&#10093;<\/span>\n            Castro Urdiales\n          <\/h2>\n          <p>25.4 Km<\/p>\n        <\/div>\n        <div class=\"hero__container__stage-changer\">\n            <div class=\"stage-control\">\n              <a class=\"stage-control__link\" href=\"\/it\/cammino-nord\/tappa-8-bilbao-portugalete\/\"><span>&#10094;<\/span> Tappa 8<\/a>\n            <\/div>\n          <div class=\"stage-control\">\n            <a class=\"stage-control__link\" href=\"\/it\/cammino-nord\/tappa-10-castro-urdiales-laredo\/\">Tappa 10 <span>&#10095;<\/span><\/a>\n          <\/div>\n        <\/div>\n      <\/div>\n    <\/div>\n    <div class=\"planner\"><div\r\n  class=\"p-col-span-1 p-rounded-lg p-px-5 p-h-full\"\r\n  style=\"background-image: url('https:\/\/cdn.pilgrim.es\/web\/pilgrim-planner\/bg-plugin-planificador.webp')\"\r\n  rel=\"preload\"\r\n  fetchpriority=\"high\"\r\n  >\r\n    <div class=\"p-text-center p-pt-5 p-text-white p-text-2xl p-font-semibold\">\r\n      Pianifica il tuo cammino    <\/div>\r\n    <div\r\n            id='primary-app'\r\n            data-name='banner'\r\n            data-api='https:\/\/pathfinder.pilgrim.es\/api\/pathfinder\/v2'\r\n            data-mode='normal'\r\n            data-lang='it'\r\n            data-route='1'\r\n            data-destiny='https:\/\/planificador.pilgrim.es'\r\n            data-modality='1'\r\n            data-inline=''\r\n        ><\/div><\/div><\/div>\n  <\/div>\n<\/section>\n\n<section id=\"scoreBarsStage\">\n  <section>\r\n  <div class=\"p-flex p-flex-nowrap p-space-x-4 p-py-5 p-overflow-x-auto md:p-grid md:p-grid-cols-3 lg:p-grid-cols-5 md:p-gap-8 md:p-space-x-0 md:p-overflow-hidden scrollbar-thin\">\r\n    <div class=\"p-grid p-grid-cols-4 p-shrink-0 p-w-72 p-snap-start md:p-w-full\">\r\n        <div class=\"p-col-span-1 p-self-center p-text-center p-text-3xl\">\r\n            <i class=\"icon-influx\"><\/i>\r\n        <\/div>\r\n        <div class=\"p-col-span-3 p-flex p-flex-col p-items-start\">\r\n            <div class=\"p-text-start p-text-secondary p-mb-1 p-bold\"> Afflusso <\/div>\r\n            <div class=\"p-w-full p-bg-light p-rounded-full p-h-2 p-relative\">\r\n                <div class=\"p-bg-primary p-h-2 p-rounded-full p-absolute\" style=\"width: 60%;\"><\/div>\r\n            <\/div>\r\n        <\/div>\r\n    <\/div>\r\n\r\n    <div class=\"p-grid p-grid-cols-4 p-shrink-0 p-w-72 p-snap-start md:p-w-full\">\r\n        <div class=\"p-col-span-1 p-self-center p-text-center p-text-3xl\">\r\n            <i class=\"icon-difficulty\"><\/i>\r\n        <\/div>\r\n        <div class=\"p-col-span-3 p-flex p-flex-col p-items-start\">\r\n            <div class=\"p-text-start p-text-secondary p-mb-1 p-bold\"> Difficolt\u00e0 <\/div>\r\n            <div class=\"p-w-full p-bg-light p-rounded-full p-h-2 p-relative\">\r\n                <div class=\"p-bg-primary p-h-2 p-rounded-full p-absolute\" style=\"width: 40%;\"><\/div>\r\n            <\/div>\r\n        <\/div>\r\n    <\/div>\r\n\r\n    <div class=\"p-grid p-grid-cols-4 p-shrink-0 p-w-72 p-snap-start md:p-w-full\">\r\n        <div class=\"p-col-span-1 p-self-center p-text-center p-text-3xl\">\r\n            <i class=\"icon-patrimony\"><\/i>\r\n        <\/div>\r\n        <div class=\"p-col-span-3 p-flex p-flex-col p-items-start\">\r\n            <div class=\"p-text-start p-text-secondary p-mb-1 p-bold\"> Arte\/Storia <\/div>\r\n            <div class=\"p-w-full p-bg-light p-rounded-full p-h-2 p-relative\">\r\n                <div class=\"p-bg-primary p-h-2 p-rounded-full p-absolute\" style=\"width: 20%;\"><\/div>\r\n            <\/div>\r\n        <\/div>\r\n    <\/div>\r\n\r\n    <div class=\"p-grid p-grid-cols-4 p-shrink-0 p-w-72 p-snap-start md:p-w-full\">\r\n        <div class=\"p-col-span-1 p-self-center p-text-center p-text-3xl\">\r\n            <i class=\"icon-nature\"><\/i>\r\n        <\/div>\r\n        <div class=\"p-col-span-3 p-flex p-flex-col p-items-start\">\r\n            <div class=\"p-text-start p-text-secondary p-mb-1 p-bold\"> Natura <\/div>\r\n            <div class=\"p-w-full p-bg-light p-rounded-full p-h-2 p-relative\">\r\n                <div class=\"p-bg-primary p-h-2 p-rounded-full p-absolute\" style=\"width: 60%;\"><\/div>\r\n            <\/div>\r\n        <\/div>\r\n    <\/div>\r\n\r\n    <div class=\"p-grid p-grid-cols-4 p-shrink-0 p-w-72 p-snap-start md:p-w-full\">\r\n        <div class=\"p-col-span-1 p-self-center p-text-center p-text-3xl\">\r\n            <i class=\"icon-urban\"><\/i>\r\n        <\/div>\r\n        <div class=\"p-col-span-3 p-flex p-flex-col p-items-start\">\r\n            <div class=\"p-text-start p-text-secondary p-mb-1 p-bold\"> Cammino Francese <\/div>\r\n            <div class=\"p-w-full p-bg-light p-rounded-full p-h-2 p-relative\">\r\n                <div class=\"p-bg-primary p-h-2 p-rounded-full p-absolute\" style=\"width: 20%;\"><\/div>\r\n            <\/div>\r\n        <\/div>\r\n    <\/div>\r\n  <\/div>\r\n<\/section>\n<\/section>\n\n<div id=\"stage-list-section\"><div class=\"stage-list\">\n    <div class='stage-list__map-card'>\n        <div class='stage-list__map-card__map'>\n            <div class='stage-list__map-card__map__text'>\n                <h2> Pages <\/h2>\n                <p> A piedi<\/p>\n                <p> 0tappe<\/p>\n            <\/div>\n            <div class='stage-list__map-card__map__img'>\n                <img decoding=\"async\" src=\"\" alt=\" mapa \" \/>\n            <\/div>\n        <\/div>\n    <\/div>\n\n    <\/div>\n<\/div>\n\n<section id=\"navStage\">\n  <div>\n    <nav id=\"tab-navigation-section\" class=\"tab-navigation-section--cols-5\">\n      <a href=\"#infoSection\" class=\"active\">Informazioni<\/a>\n      <a href=\"#profileSection\">Profilo<\/a>\n      <a href=\"#itinerarySection\">Itinerario<\/a>\n      \n      <a href=\"#locationsSection\">Paesi<\/a>\n    <\/nav>\n\n    <div id=\"infoSection\">\n      <!-- Title Section with Orange Line -->\n      <div>\n        <h2 class=\"p-h2-stage\">Informazioni<\/h2>\n        <hr class=\"orange-bar\" \/>\n        <h3 class=\"p-h3-stage\">Informazioni su questa tappa<\/h3>\n      <\/div>\n\n      \n        <div aria-labelledby=\"nav-info-tab\" class=\"tab-pane fade show active\" id=\"Info\" role=\"tabpanel\">\n\n\t\tQuesta tappa si pu\u00f3 dividere in due\u00a0 fasi, rimanendo la notte a Pobe\u00f1a, poco prima di Castro Urdiales. Passeremo\n\t\tper villaggi con una chiara tradizione minerale, camminando su vecchi binari ferroviari che servivano a\n\t\ttrasportare il ferro estratto dai depositi vicini. Anche se ci libereremo della freschezza del Mar Cantabrico\n\t\tnon fatevi prendere dal panico, lo incontreremo prima di arrivare a Castro Urdiales.\n\n\t<\/div>\n      \n\n      <div class=\"recomendation-card\">\n        <div>\n          <i class=\"icon-logo-pilgrim\"><\/i>\n          <h5>Raccomandazione Pilgrim<\/h5>\n        <\/div>\n\n        \n      <\/div>\n    <\/div>\n\n    <div id=\"profileSection\">\n      <div>\n        <h2 class=\"p-h2-stage\">Distanza e altitudine<\/h2>\n        <hr class=\"orange-bar\" \/>\n        <h3 class=\"p-h3-stage\">Profilo<\/h3>\n        <img decoding=\"async\" src=\"https:\/\/cdn.pilgrim.es\/web\/caminos\/camino-norte\/etapas\/etapa-9\/etapa9_perfil-portugalete-castro-urdiales.jpg\" alt=\"Perfil de la etapa tappa-9-portugalete-pobenacastro-urdiales\" \/>\n      <\/div>\n    <\/div>\n\n    <div id=\"itinerarySection\">\n      <h2 class=\"p-h2-stage\">Itinerario<\/h2>\n      <hr \/>\n      <h3 class=\"p-h3-stage\">Percorso<\/h3>\n\n      \n        <div>\n          <h4><\/h4>\n\n          \n            <div aria-labelledby=\"nav-itinerary-tab\" class=\"tab-pane fade\" id=\"Itinerario\" role=\"tabpanel\">\n\n\t\tIniciamos esta nueva jornada partiendo desde donde lo dejamos en el d\u00eda de ayer, la iglesia de Santa Mar\u00eda.\n\t\tContinuamos por las calles Sotier de la Mier, Gregorio Uzquiano y por la avenida Carlos VII donde enlazamos con\n\t\tun carril bici que seguiremos pr\u00e1cticamente en su totalidad hasta alcanzar Pobe\u00f1a. Tras superar un peque\u00f1o\n\t\tescollo sobre la autov\u00eda volvemos al carril bici, donde m\u00e1s adelante una se\u00f1alizaci\u00f3n nos muestra la distancia\n\t\trestante hasta la playa de La Arena, unos diez kil\u00f3metros. Por la mon\u00f3tona v\u00eda asfaltada continuaremos bajo la\n\t\tatenta mirada del monte Serantes, en cuya cima se encuentra un fuerte creado bajo el mandato de Felipe V en\n\t\tplena Guerra de Sucesi\u00f3n, hasta el barrio de Gallarta. Un museo dedicado a la miner\u00eda nos recuerda que todo este\n\t\tterritorio fue una importante zona de extracci\u00f3n, principalmente de hierro. Un poco m\u00e1s adelante tendremos que\n\t\tsortear de nuevo la autov\u00eda por un paso subterr\u00e1neo, abandonando moment\u00e1neamente el bidegorri (carril bici en\n\t\tvasco) para retomarlo unos metros m\u00e1s adelante en pleno descenso por el valle de Somorrostro.\n\n\t\tFinalmente alcanzaremos la tan ansiada playa de La Arena y para llegar al n\u00facleo poblacional de Pobe\u00f1a deberemos\n\t\tcontinuar por la izquierda, a trav\u00e9s de un merendero, en busca de la ermita de Nuestra Se\u00f1ora del Socorro. Este\n\t\tpeque\u00f1o templo data del siglo XVIII y seg\u00fan la tradici\u00f3n fue construido en honor a una promesa realizada por el\n\t\tcapit\u00e1n Pedro de Llano al salir indemne de una gran tempestad entre la Habana y A Coru\u00f1a. Muchos peregrinos\n\t\toptan por pernoctar aqu\u00ed, en el albergue (el cual s\u00f3lo permanece abierto en los meses de verano) o en otro tipo\n\t\tde alojamientos. Si decidimos continuar hasta Castro Urdiales a\u00fan tenemos otros veintitr\u00e9s kil\u00f3metros por\n\t\tdelante. Para ello deberemos volver a las escaleras de acceso que bajamos en la jornada de ayer y proseguir\n\t\thasta las antiguas v\u00edas del ferrocarril minero, a orillas del acantilado y el cual transportaba el hierro\n\t\textra\u00eddo de las inmediaciones a distintos puntos de Europa. Un poco m\u00e1s adelante nos encontraremos ante una\n\t\tencrucijada, los ciclistas deber\u00e1n desviarse por la izquierda y los peregrinos a pie por la derecha. Tras\n\t\tsuperar un merendero y un aparcamiento seguimos por una pista en direcci\u00f3n al barrio de El Hoyo. Oficialmente\n\t\testaremos pisando ya tierras c\u00e1ntabras, cuya primera toma de contacto ser\u00e1 el t\u00fanel del Piquillo y un paso bajo\n\t\tla autov\u00eda. Nada m\u00e1s cruzarlo giramos a la derecha en direcci\u00f3n al r\u00edo Sabiote, en donde de nuevo nos desviamos\n\t\ten este caso a mano izquierda para alcanzar el n\u00facleo de Ont\u00f3n. Siguiendo el Camino subimos por una pista hasta\n\t\tBaltezana y Ota\u00f1es, ruta oficial pero algo m\u00e1s larga que la otra alternativa: continuar por la nacional tras\n\t\tsubir unas escaleras para alcanzar Castro Urdiales en apenas otros diez kil\u00f3metros. Si continuamos por el\n\t\ttrazado original tendremos que sumar otros siete kil\u00f3metros m\u00e1s. Si nos mantenemos fieles a la ruta original,\n\t\tcontinuaremos por la carretera comarcal hasta toparnos con el r\u00edo Sabiote y acerc\u00e1ndonos a Baltezana.\n\n\t\tMoment\u00e1neamente, tras dejar el pueblo, dejamos de nuevo la carretera para descender por un camino a mano derecha\n\t\tal r\u00edo y luego otra vez a la CA-523. En pleno ascenso y tras dar una curva abandonamos el asfalto a mano\n\t\tizquierda por un camino entre eucaliptos. En este punto, de nuevo, los bicigrinos continuar\u00e1n por carretera para\n\t\tencontrarse con el resto de peregrinos un poco m\u00e1s adelante, en el Alto de la Helguera. Como siempre, ahora toca\n\t\tdescender por la ladera del monte, en este caso por carretera y con la mirada puesta ya en el valle de Ota\u00f1es y\n\t\tsu r\u00edo. Unos kil\u00f3metros m\u00e1s adelante tomamos la conocida como senda verde de Castro-Traslavi\u00f1a, antigua l\u00ednea de\n\t\tferrocarril que un\u00eda Castro Urdiales con Traslavi\u00f1a, punto de enlace con la l\u00ednea de Santander y Bilbao.\n\t\tSiguiendo esta v\u00eda podremos observar a nuestra izquierda el barrio de Ota\u00f1es, municipio famoso por sus montes,\n\t\ten los cuales se encontr\u00f3 una importante pieza de orfebrer\u00eda: la P\u00e1tera de Ota\u00f1es (p\u00e1tera o plato usado para\n\t\tpara realizar ritos religiosos en la antig\u00fcedad, sobre todo en la \u00e9poca del Imperio Romano). El siguiente barrio\n\t\tpor el que transcurriremos ser\u00e1 el de Los Corrales, antes de llegar a Santull\u00e1n y girar a la izquierda en busca\n\t\tde nuevo de la carretera comarcal. Una vez alcanzada pasaremos por delante de la iglesia de San Juli\u00e1n, en cuyo\n\t\tinterior se encuentra la escultura funeraria de Juan de Garay, virrey de Catalu\u00f1a. Justo paralela al templo nace\n\t\tuna calle que va a dar a la carretera comarcal, donde posteriormente tendremos que girar a la izquierda en busca\n\t\tde otro r\u00edo, en este caso el Suma. Ascendemos luego a S\u00e1mano, localidad perteneciente a Castro Urdiales que\n\t\tdestaca por la cueva de Juan G\u00f3mez. En este yacimiento se descubrieron en los a\u00f1os 70 una serie de figuras\n\t\tdatadas en la \u00e9poca paleol\u00edtica. Tambi\u00e9n cuenta con un castro declarado Bien de Inter\u00e9s Cultural. En el centro\n\t\turbano y tras superar la iglesia de San Nicol\u00e1s torcemos a la derecha rumbo al barrio de Llantada, donde\n\t\ttraspasaremos de nuevo el r\u00edo y cruzaremos por una urbanizaci\u00f3n. Siempre siguiendo el curso de la CA-520 nos\n\t\tiremos aproximando a Castro Urdiales, tras superar un paso bajo la autov\u00eda y varias rotondas. A la altura de una\n\t\tgasolinera giramos a la izquierda y tan s\u00f3lo unos metros m\u00e1s adelante cruzaremos el r\u00edo para seguir de frente\n\t\tpor el paseo fluvial de Ocharan Mazas. Alcanzaremos as\u00ed el puerto deportivo y la iglesia de Santa Mar\u00eda de la\n\t\tAsunci\u00f3n, templo del siglo XIII de estilo g\u00f3tico y con vistas al mar Cant\u00e1brico. Desgraciadamente sufre el\n\t\tconocido como \u201cmal de la piedra\u201d, sufriendo la piedra de su construcci\u00f3n el riesgo de ir erosoni\u00e1ndose y\n\t\tconvirtiendose en arena. Adem\u00e1s de su espectacular exterior destaca la imagen policromada de Santa Mar\u00eda la\n\t\tBlanca en su interior, as\u00ed como el lienzo del Cristo de la Agon\u00eda y un cristo crucificado en madera del XIV.\n\t\tQuienes decidan pernoctar en el albergue municipal a\u00fan tendr\u00e1n que caminar otra media hora aproximadamente ya\n\t\tque este se encuentra a algo m\u00e1s de kil\u00f3metro y medio del casco urbano.\n\n\t<\/div>\n          \n\n          \n        <\/div>\n        <hr \/>\n      \n      <div>\n        <h4>Km 25.4 &#8231; Castro Urdiales<\/h4>\n\n        \n          <a class=\"town-link\" href=\"\/it\/cammino-nord\/castro-urdiales\/\">\n            <div class=\"town-link__link-content\">\n              <div class=\"town-link__link-content__text\">\n                <p>Informazioni locali<\/p>\n                <p>Polizia, Assistenza medica, Cosa vedere, Dove mangiare&#8230;<\/p>\n              <\/div>\n              <div class=\"town-link__link-content__town-btn\">\n                <i class=\"icon-arrow\"><\/i>\n              <\/div>\n            <\/div>\n          <\/a>\n        \n      <\/div>\n    <\/div>\n\n    \n\n  <div id=\"locationsSection\">\n      <h2 class=\"p-h2-stage\">Paesi<\/h2>\n      <hr \/>\n      <h3 class=\"p-h3-stage\">Villaggi<\/h3>\n      <div class=\"grid-container\">\n\n        <div class=\"p-group card-stage p-max-w-full\">\n          <a href=\"\/it\/cammino-nord\/portugalete\/\" class=\"town-card\">\n            <div class=\"card-stage__header\">\n              <img decoding=\"async\" src=\"https:\/\/cdn.pilgrim.es\/web\/caminos\/camino-norte\/pueblos\/portugalete.jpg\" alt=\"Portugalete\" class=\"group-hover:p-scale-110\" \/>\n              <div class=\"card-overlay group-hover:p-opacity-50\"><\/div>\n            <\/div>\n            <div class=\"town-card__flex-container\">\n              <div class=\"town-card__flex-container__info\">\n                <h4>Portugalete<\/h4>\n                <p>Provincia: Vizcaya<\/p>\n              <\/div>\n              \n              <div class=\"town-card__flex-container__btn\">\n                <i class=\"icon-arrow\"><\/i>\n              <\/div>\n              \n            <\/div>\n          <\/a>\n        <\/div>\n        <div class=\"p-group card-stage p-max-w-full\">\n          <a href=\"\/it\/cammino-nord\/castro-urdiales\/\" class=\"town-card\">\n            <div class=\"card-stage__header\">\n              <img decoding=\"async\" src=\"https:\/\/cdn.pilgrim.es\/web\/caminos\/camino-norte\/pueblos\/castro-urdiales.jpg\" alt=\"Castro Urdiales\" class=\"group-hover:p-scale-110\" \/>\n              <div class=\"card-overlay group-hover:p-opacity-50\"><\/div>\n            <\/div>\n            <div class=\"town-card__flex-container\">\n              <div class=\"town-card__flex-container__info\">\n                <h4>Castro Urdiales<\/h4>\n                <p>Provincia: Cantabria<\/p>\n              <\/div>\n              \n                <div class=\"town-card__flex-container__btn\">\n                  <i class=\"icon-arrow\"><\/i>\n                <\/div>\n              \n            <\/div>\n          <\/a>\n        <\/div>\n      <\/div>\n    <\/div>\n    <hr class=\"single-bar\" \/>\n  <\/div>\n<\/section>\n\n<section id=\"stageChange\">\n  <div>\n    <a href=\"\/it\/cammino-nord\/tappa-8-bilbao-portugalete\/\" class=\"change-btn\">\n    <div class=\"change-btn\">\n      <div class=\"btn-arrow previous\">\n        <i class=\"icon-arrow\"><\/i>\n      <\/div>\n      <div class=\"change-btn__info\">\n        <div>Tappa 8<\/div>\n        <p>\n          Bilbao \u276f <br> Portugalete\n        <\/p>\n      <\/div>\n    <\/div>\n    <\/a>\n    <a href=\"\/it\/cammino-nord\/tappa-10-castro-urdiales-laredo\/\" class=\"change-btn\">\n      <div class=\"change-btn__info\">\n        <div>Tappa 10<\/div>\n        <p>\n          Castro Urdiales \u276f <br> Laredo\n        <\/p>\n      <\/div>\n      <div class=\"btn-arrow\">\n        <i class=\"icon-arrow\"><\/i>\n      <\/div>\n    <\/a>\n  <\/div>\n<\/section> ","protected":false},"excerpt":{"rendered":"<p>Cammino del Nord: tappa 9 A piedi 35 Tappe \/ 804 Kms Portugalete &#10093; Castro Urdiales 25.4 Km &#10094; Tappa 8 Tappa 10 &#10095; Informazioni Profilo Itinerario Paesi Informazioni Informazioni su questa tappa Questa tappa si pu\u00f3 dividere in due\u00a0 fasi, rimanendo la notte a Pobe\u00f1a, poco prima di Castro Urdiales. Passeremo per villaggi con &hellip; <\/p>\n<p class=\"read_more\"><a href=\"https:\/\/www.pilgrim.es\/it\/cammino-nord\/tappa-9-portugalete-pobenacastro-urdiales\/\">Leer m\u00e1s<\/a><\/p>\n","protected":false},"author":4,"featured_media":11559,"parent":10817,"menu_order":0,"comment_status":"closed","ping_status":"closed","template":"views\/template-new-web-design.blade.php","meta":{"footnotes":""},"categories":[],"tags":[],"class_list":["post-48354","page","type-page","status-publish","has-post-thumbnail","hentry"],"yoast_head":"<!-- This site is optimized with the Yoast SEO plugin v27.4 - https:\/\/yoast.com\/product\/yoast-seo-wordpress\/ -->\n<title>Cammino del Nord da Portugalete a Castro Urdiales | Cammino di Santiago<\/title>\n<meta name=\"description\" content=\"Cammino del Nord: Tappa 9 del Cammino di Santiago che passa tra Portugalete e Castro Urdiales. Scopri tutte le informazioni e pianifica la tua tappa.\" \/>\n<meta name=\"robots\" content=\"index, follow, max-snippet:-1, max-image-preview:large, max-video-preview:-1\" \/>\n<link rel=\"canonical\" href=\"https:\/\/www.pilgrim.es\/it\/cammino-nord\/tappa-9-portugalete-pobenacastro-urdiales\/\" \/>\n<meta property=\"og:locale\" content=\"it_IT\" \/>\n<meta property=\"og:type\" content=\"article\" \/>\n<meta property=\"og:title\" content=\"Cammino del Nord da Portugalete a Castro Urdiales | Cammino di Santiago\" \/>\n<meta property=\"og:description\" content=\"Cammino del Nord: Tappa 9 del Cammino di Santiago che passa tra Portugalete e Castro Urdiales. Scopri tutte le informazioni e pianifica la tua tappa.\" \/>\n<meta property=\"og:url\" content=\"https:\/\/www.pilgrim.es\/it\/cammino-nord\/tappa-9-portugalete-pobenacastro-urdiales\/\" \/>\n<meta property=\"og:site_name\" content=\"Pilgrim\" \/>\n<meta property=\"article:publisher\" content=\"https:\/\/www.facebook.com\/pilgrim.es\/\" \/>\n<meta property=\"article:modified_time\" content=\"2025-04-14T14:05:49+00:00\" \/>\n<meta property=\"og:image\" content=\"https:\/\/www.pilgrim.es\/wp-content\/uploads\/2019\/02\/camino_norte_etapa_9.jpg\" \/>\n\t<meta property=\"og:image:width\" content=\"1636\" \/>\n\t<meta property=\"og:image:height\" content=\"547\" \/>\n\t<meta property=\"og:image:type\" content=\"image\/jpeg\" \/>\n<meta name=\"twitter:card\" content=\"summary_large_image\" \/>\n<meta name=\"twitter:site\" content=\"@pilgrim_es\" \/>\n<meta name=\"twitter:label1\" content=\"Tempo di lettura stimato\" \/>\n\t<meta name=\"twitter:data1\" content=\"6 minuti\" \/>\n<script type=\"application\/ld+json\" class=\"yoast-schema-graph\">{\"@context\":\"https:\\\/\\\/schema.org\",\"@graph\":[{\"@type\":\"WebPage\",\"@id\":\"https:\\\/\\\/www.pilgrim.es\\\/it\\\/cammino-nord\\\/tappa-9-portugalete-pobenacastro-urdiales\\\/\",\"url\":\"https:\\\/\\\/www.pilgrim.es\\\/it\\\/cammino-nord\\\/tappa-9-portugalete-pobenacastro-urdiales\\\/\",\"name\":\"Cammino del Nord da Portugalete a Castro Urdiales | Cammino di Santiago\",\"isPartOf\":{\"@id\":\"https:\\\/\\\/www.pilgrim.es\\\/it\\\/#website\"},\"primaryImageOfPage\":{\"@id\":\"https:\\\/\\\/www.pilgrim.es\\\/it\\\/cammino-nord\\\/tappa-9-portugalete-pobenacastro-urdiales\\\/#primaryimage\"},\"image\":{\"@id\":\"https:\\\/\\\/www.pilgrim.es\\\/it\\\/cammino-nord\\\/tappa-9-portugalete-pobenacastro-urdiales\\\/#primaryimage\"},\"thumbnailUrl\":\"https:\\\/\\\/www.pilgrim.es\\\/wp-content\\\/uploads\\\/2019\\\/02\\\/camino_norte_etapa_9.jpg\",\"datePublished\":\"2019-10-21T10:10:56+00:00\",\"dateModified\":\"2025-04-14T14:05:49+00:00\",\"description\":\"Cammino del Nord: Tappa 9 del Cammino di Santiago che passa tra Portugalete e Castro Urdiales. Scopri tutte le informazioni e pianifica la tua tappa.\",\"breadcrumb\":{\"@id\":\"https:\\\/\\\/www.pilgrim.es\\\/it\\\/cammino-nord\\\/tappa-9-portugalete-pobenacastro-urdiales\\\/#breadcrumb\"},\"inLanguage\":\"it-IT\",\"potentialAction\":[{\"@type\":\"ReadAction\",\"target\":[\"https:\\\/\\\/www.pilgrim.es\\\/it\\\/cammino-nord\\\/tappa-9-portugalete-pobenacastro-urdiales\\\/\"]}]},{\"@type\":\"ImageObject\",\"inLanguage\":\"it-IT\",\"@id\":\"https:\\\/\\\/www.pilgrim.es\\\/it\\\/cammino-nord\\\/tappa-9-portugalete-pobenacastro-urdiales\\\/#primaryimage\",\"url\":\"https:\\\/\\\/www.pilgrim.es\\\/wp-content\\\/uploads\\\/2019\\\/02\\\/camino_norte_etapa_9.jpg\",\"contentUrl\":\"https:\\\/\\\/www.pilgrim.es\\\/wp-content\\\/uploads\\\/2019\\\/02\\\/camino_norte_etapa_9.jpg\",\"width\":1636,\"height\":547,\"caption\":\"Mappa Tappa 9 Cammino del Nord\"},{\"@type\":\"BreadcrumbList\",\"@id\":\"https:\\\/\\\/www.pilgrim.es\\\/it\\\/cammino-nord\\\/tappa-9-portugalete-pobenacastro-urdiales\\\/#breadcrumb\",\"itemListElement\":[{\"@type\":\"ListItem\",\"position\":1,\"name\":\"Camino de Santiago\",\"item\":\"https:\\\/\\\/www.pilgrim.es\\\/it\\\/\"},{\"@type\":\"ListItem\",\"position\":2,\"name\":\"Cammino del Nord | Tappa 9: Portugalete &#8211; Castro Urdiales\"}]},{\"@type\":\"WebSite\",\"@id\":\"https:\\\/\\\/www.pilgrim.es\\\/it\\\/#website\",\"url\":\"https:\\\/\\\/www.pilgrim.es\\\/it\\\/\",\"name\":\"Pilgrim\",\"description\":\"Camino de Santiago | Caminamos Contigo\",\"publisher\":{\"@id\":\"https:\\\/\\\/www.pilgrim.es\\\/it\\\/#organization\"},\"potentialAction\":[{\"@type\":\"SearchAction\",\"target\":{\"@type\":\"EntryPoint\",\"urlTemplate\":\"https:\\\/\\\/www.pilgrim.es\\\/it\\\/?s={search_term_string}\"},\"query-input\":{\"@type\":\"PropertyValueSpecification\",\"valueRequired\":true,\"valueName\":\"search_term_string\"}}],\"inLanguage\":\"it-IT\"},{\"@type\":\"Organization\",\"@id\":\"https:\\\/\\\/www.pilgrim.es\\\/it\\\/#organization\",\"name\":\"Pilgrim Camino de Santiago\",\"url\":\"https:\\\/\\\/www.pilgrim.es\\\/it\\\/\",\"logo\":{\"@type\":\"ImageObject\",\"inLanguage\":\"it-IT\",\"@id\":\"https:\\\/\\\/www.pilgrim.es\\\/it\\\/#\\\/schema\\\/logo\\\/image\\\/\",\"url\":\"https:\\\/\\\/www.pilgrim.es\\\/wp-content\\\/uploads\\\/2019\\\/04\\\/logo_pilgrim.png\",\"contentUrl\":\"https:\\\/\\\/www.pilgrim.es\\\/wp-content\\\/uploads\\\/2019\\\/04\\\/logo_pilgrim.png\",\"width\":512,\"height\":512,\"caption\":\"Pilgrim Camino de Santiago\"},\"image\":{\"@id\":\"https:\\\/\\\/www.pilgrim.es\\\/it\\\/#\\\/schema\\\/logo\\\/image\\\/\"},\"sameAs\":[\"https:\\\/\\\/www.facebook.com\\\/pilgrim.es\\\/\",\"https:\\\/\\\/x.com\\\/pilgrim_es\",\"https:\\\/\\\/www.instagram.com\\\/pilgrim.es\\\/\",\"https:\\\/\\\/www.linkedin.com\\\/company\\\/pilgrim-camino-de-santiago\\\/\",\"https:\\\/\\\/www.pinterest.es\\\/pilgrimcaminodesantiago\\\/\",\"https:\\\/\\\/www.youtube.com\\\/channel\\\/UCIv2ZzFLXVqthkNF32rKedw\\\/featured\"]}]}<\/script>\n<!-- \/ Yoast SEO plugin. -->","yoast_head_json":{"title":"Cammino del Nord da Portugalete a Castro Urdiales | Cammino di Santiago","description":"Cammino del Nord: Tappa 9 del Cammino di Santiago che passa tra Portugalete e Castro Urdiales. Scopri tutte le informazioni e pianifica la tua tappa.","robots":{"index":"index","follow":"follow","max-snippet":"max-snippet:-1","max-image-preview":"max-image-preview:large","max-video-preview":"max-video-preview:-1"},"canonical":"https:\/\/www.pilgrim.es\/it\/cammino-nord\/tappa-9-portugalete-pobenacastro-urdiales\/","og_locale":"it_IT","og_type":"article","og_title":"Cammino del Nord da Portugalete a Castro Urdiales | Cammino di Santiago","og_description":"Cammino del Nord: Tappa 9 del Cammino di Santiago che passa tra Portugalete e Castro Urdiales. Scopri tutte le informazioni e pianifica la tua tappa.","og_url":"https:\/\/www.pilgrim.es\/it\/cammino-nord\/tappa-9-portugalete-pobenacastro-urdiales\/","og_site_name":"Pilgrim","article_publisher":"https:\/\/www.facebook.com\/pilgrim.es\/","article_modified_time":"2025-04-14T14:05:49+00:00","og_image":[{"width":1636,"height":547,"url":"https:\/\/www.pilgrim.es\/wp-content\/uploads\/2019\/02\/camino_norte_etapa_9.jpg","type":"image\/jpeg"}],"twitter_card":"summary_large_image","twitter_site":"@pilgrim_es","twitter_misc":{"Tempo di lettura stimato":"6 minuti"},"schema":{"@context":"https:\/\/schema.org","@graph":[{"@type":"WebPage","@id":"https:\/\/www.pilgrim.es\/it\/cammino-nord\/tappa-9-portugalete-pobenacastro-urdiales\/","url":"https:\/\/www.pilgrim.es\/it\/cammino-nord\/tappa-9-portugalete-pobenacastro-urdiales\/","name":"Cammino del Nord da Portugalete a Castro Urdiales | Cammino di Santiago","isPartOf":{"@id":"https:\/\/www.pilgrim.es\/it\/#website"},"primaryImageOfPage":{"@id":"https:\/\/www.pilgrim.es\/it\/cammino-nord\/tappa-9-portugalete-pobenacastro-urdiales\/#primaryimage"},"image":{"@id":"https:\/\/www.pilgrim.es\/it\/cammino-nord\/tappa-9-portugalete-pobenacastro-urdiales\/#primaryimage"},"thumbnailUrl":"https:\/\/www.pilgrim.es\/wp-content\/uploads\/2019\/02\/camino_norte_etapa_9.jpg","datePublished":"2019-10-21T10:10:56+00:00","dateModified":"2025-04-14T14:05:49+00:00","description":"Cammino del Nord: Tappa 9 del Cammino di Santiago che passa tra Portugalete e Castro Urdiales. Scopri tutte le informazioni e pianifica la tua tappa.","breadcrumb":{"@id":"https:\/\/www.pilgrim.es\/it\/cammino-nord\/tappa-9-portugalete-pobenacastro-urdiales\/#breadcrumb"},"inLanguage":"it-IT","potentialAction":[{"@type":"ReadAction","target":["https:\/\/www.pilgrim.es\/it\/cammino-nord\/tappa-9-portugalete-pobenacastro-urdiales\/"]}]},{"@type":"ImageObject","inLanguage":"it-IT","@id":"https:\/\/www.pilgrim.es\/it\/cammino-nord\/tappa-9-portugalete-pobenacastro-urdiales\/#primaryimage","url":"https:\/\/www.pilgrim.es\/wp-content\/uploads\/2019\/02\/camino_norte_etapa_9.jpg","contentUrl":"https:\/\/www.pilgrim.es\/wp-content\/uploads\/2019\/02\/camino_norte_etapa_9.jpg","width":1636,"height":547,"caption":"Mappa Tappa 9 Cammino del Nord"},{"@type":"BreadcrumbList","@id":"https:\/\/www.pilgrim.es\/it\/cammino-nord\/tappa-9-portugalete-pobenacastro-urdiales\/#breadcrumb","itemListElement":[{"@type":"ListItem","position":1,"name":"Camino de Santiago","item":"https:\/\/www.pilgrim.es\/it\/"},{"@type":"ListItem","position":2,"name":"Cammino del Nord | Tappa 9: Portugalete &#8211; Castro Urdiales"}]},{"@type":"WebSite","@id":"https:\/\/www.pilgrim.es\/it\/#website","url":"https:\/\/www.pilgrim.es\/it\/","name":"Pilgrim","description":"Camino de Santiago | Caminamos Contigo","publisher":{"@id":"https:\/\/www.pilgrim.es\/it\/#organization"},"potentialAction":[{"@type":"SearchAction","target":{"@type":"EntryPoint","urlTemplate":"https:\/\/www.pilgrim.es\/it\/?s={search_term_string}"},"query-input":{"@type":"PropertyValueSpecification","valueRequired":true,"valueName":"search_term_string"}}],"inLanguage":"it-IT"},{"@type":"Organization","@id":"https:\/\/www.pilgrim.es\/it\/#organization","name":"Pilgrim Camino de Santiago","url":"https:\/\/www.pilgrim.es\/it\/","logo":{"@type":"ImageObject","inLanguage":"it-IT","@id":"https:\/\/www.pilgrim.es\/it\/#\/schema\/logo\/image\/","url":"https:\/\/www.pilgrim.es\/wp-content\/uploads\/2019\/04\/logo_pilgrim.png","contentUrl":"https:\/\/www.pilgrim.es\/wp-content\/uploads\/2019\/04\/logo_pilgrim.png","width":512,"height":512,"caption":"Pilgrim Camino de Santiago"},"image":{"@id":"https:\/\/www.pilgrim.es\/it\/#\/schema\/logo\/image\/"},"sameAs":["https:\/\/www.facebook.com\/pilgrim.es\/","https:\/\/x.com\/pilgrim_es","https:\/\/www.instagram.com\/pilgrim.es\/","https:\/\/www.linkedin.com\/company\/pilgrim-camino-de-santiago\/","https:\/\/www.pinterest.es\/pilgrimcaminodesantiago\/","https:\/\/www.youtube.com\/channel\/UCIv2ZzFLXVqthkNF32rKedw\/featured"]}]}},"_links":{"self":[{"href":"https:\/\/www.pilgrim.es\/it\/wp-json\/wp\/v2\/pages\/48354","targetHints":{"allow":["GET"]}}],"collection":[{"href":"https:\/\/www.pilgrim.es\/it\/wp-json\/wp\/v2\/pages"}],"about":[{"href":"https:\/\/www.pilgrim.es\/it\/wp-json\/wp\/v2\/types\/page"}],"author":[{"embeddable":true,"href":"https:\/\/www.pilgrim.es\/it\/wp-json\/wp\/v2\/users\/4"}],"replies":[{"embeddable":true,"href":"https:\/\/www.pilgrim.es\/it\/wp-json\/wp\/v2\/comments?post=48354"}],"version-history":[{"count":3,"href":"https:\/\/www.pilgrim.es\/it\/wp-json\/wp\/v2\/pages\/48354\/revisions"}],"predecessor-version":[{"id":127056,"href":"https:\/\/www.pilgrim.es\/it\/wp-json\/wp\/v2\/pages\/48354\/revisions\/127056"}],"up":[{"embeddable":true,"href":"https:\/\/www.pilgrim.es\/it\/wp-json\/wp\/v2\/pages\/10817"}],"wp:featuredmedia":[{"embeddable":true,"href":"https:\/\/www.pilgrim.es\/it\/wp-json\/wp\/v2\/media\/11559"}],"wp:attachment":[{"href":"https:\/\/www.pilgrim.es\/it\/wp-json\/wp\/v2\/media?parent=48354"}],"wp:term":[{"taxonomy":"category","embeddable":true,"href":"https:\/\/www.pilgrim.es\/it\/wp-json\/wp\/v2\/categories?post=48354"},{"taxonomy":"post_tag","embeddable":true,"href":"https:\/\/www.pilgrim.es\/it\/wp-json\/wp\/v2\/tags?post=48354"}],"curies":[{"name":"wp","href":"https:\/\/api.w.org\/{rel}","templated":true}]}}