{"id":48352,"date":"2019-10-21T09:45:47","date_gmt":"2019-10-21T09:45:47","guid":{"rendered":"https:\/\/prod.pilgrim.es\/cammino-nord\/tappa-10-castro-urdiales-laredo\/"},"modified":"2025-04-14T14:05:53","modified_gmt":"2025-04-14T14:05:53","slug":"tappa-10-castro-urdiales-laredo","status":"publish","type":"page","link":"https:\/\/www.pilgrim.es\/it\/cammino-nord\/tappa-10-castro-urdiales-laredo\/","title":{"rendered":"Cammino del Nord | Tappa 10: Castro Urdiales &#8211; Laredo"},"content":{"rendered":" <section id=\"heroStage\">\n  <h1>Cammino del Nord: tappa 10<\/h1>\n  <div>\n    <div class=\"hero\" data-background=\"https:\/\/cdn.pilgrim.es\/web\/caminos\/camino-norte\/pueblos\/castro-urdiales.jpg\">\n      <div class=\"hero__container\">\n        <div class=\"hero__container__labels\">\n          <p>A piedi<\/p>\n          <p>35 Tappe \/ 804 Kms<\/p>\n        <\/div>\n        <div class=\"hero__container__stage-name\">\n          <h2>\n            Castro Urdiales <br \/>\n            <span>&#10093;<\/span>\n            Laredo\n          <\/h2>\n          <p>25.7 Km<\/p>\n        <\/div>\n        <div class=\"hero__container__stage-changer\">\n            <div class=\"stage-control\">\n              <a class=\"stage-control__link\" href=\"\/it\/cammino-nord\/tappa-9-portugalete-pobenacastro-urdiales\/\"><span>&#10094;<\/span> Tappa 9<\/a>\n            <\/div>\n          <div class=\"stage-control\">\n            <a class=\"stage-control__link\" href=\"\/it\/cammino-nord\/tappa-11-laredo-guemes\/\">Tappa 11 <span>&#10095;<\/span><\/a>\n          <\/div>\n        <\/div>\n      <\/div>\n    <\/div>\n    <div class=\"planner\"><div\r\n  class=\"p-col-span-1 p-rounded-lg p-px-5 p-h-full\"\r\n  style=\"background-image: url('https:\/\/cdn.pilgrim.es\/web\/pilgrim-planner\/bg-plugin-planificador.webp')\"\r\n  rel=\"preload\"\r\n  fetchpriority=\"high\"\r\n  >\r\n    <div class=\"p-text-center p-pt-5 p-text-white p-text-2xl p-font-semibold\">\r\n      Pianifica il tuo cammino    <\/div>\r\n    <div\r\n            id='primary-app'\r\n            data-name='banner'\r\n            data-api='https:\/\/pathfinder.pilgrim.es\/api\/pathfinder\/v2'\r\n            data-mode='normal'\r\n            data-lang='it'\r\n            data-route='1'\r\n            data-destiny='https:\/\/planificador.pilgrim.es'\r\n            data-modality='1'\r\n            data-inline=''\r\n        ><\/div><\/div><\/div>\n  <\/div>\n<\/section>\n\n<section id=\"scoreBarsStage\">\n  <section>\r\n  <div class=\"p-flex p-flex-nowrap p-space-x-4 p-py-5 p-overflow-x-auto md:p-grid md:p-grid-cols-3 lg:p-grid-cols-5 md:p-gap-8 md:p-space-x-0 md:p-overflow-hidden scrollbar-thin\">\r\n    <div class=\"p-grid p-grid-cols-4 p-shrink-0 p-w-72 p-snap-start md:p-w-full\">\r\n        <div class=\"p-col-span-1 p-self-center p-text-center p-text-3xl\">\r\n            <i class=\"icon-influx\"><\/i>\r\n        <\/div>\r\n        <div class=\"p-col-span-3 p-flex p-flex-col p-items-start\">\r\n            <div class=\"p-text-start p-text-secondary p-mb-1 p-bold\"> Afflusso <\/div>\r\n            <div class=\"p-w-full p-bg-light p-rounded-full p-h-2 p-relative\">\r\n                <div class=\"p-bg-primary p-h-2 p-rounded-full p-absolute\" style=\"width: 60%;\"><\/div>\r\n            <\/div>\r\n        <\/div>\r\n    <\/div>\r\n\r\n    <div class=\"p-grid p-grid-cols-4 p-shrink-0 p-w-72 p-snap-start md:p-w-full\">\r\n        <div class=\"p-col-span-1 p-self-center p-text-center p-text-3xl\">\r\n            <i class=\"icon-difficulty\"><\/i>\r\n        <\/div>\r\n        <div class=\"p-col-span-3 p-flex p-flex-col p-items-start\">\r\n            <div class=\"p-text-start p-text-secondary p-mb-1 p-bold\"> Difficolt\u00e0 <\/div>\r\n            <div class=\"p-w-full p-bg-light p-rounded-full p-h-2 p-relative\">\r\n                <div class=\"p-bg-primary p-h-2 p-rounded-full p-absolute\" style=\"width: 40%;\"><\/div>\r\n            <\/div>\r\n        <\/div>\r\n    <\/div>\r\n\r\n    <div class=\"p-grid p-grid-cols-4 p-shrink-0 p-w-72 p-snap-start md:p-w-full\">\r\n        <div class=\"p-col-span-1 p-self-center p-text-center p-text-3xl\">\r\n            <i class=\"icon-patrimony\"><\/i>\r\n        <\/div>\r\n        <div class=\"p-col-span-3 p-flex p-flex-col p-items-start\">\r\n            <div class=\"p-text-start p-text-secondary p-mb-1 p-bold\"> Arte\/Storia <\/div>\r\n            <div class=\"p-w-full p-bg-light p-rounded-full p-h-2 p-relative\">\r\n                <div class=\"p-bg-primary p-h-2 p-rounded-full p-absolute\" style=\"width: 40%;\"><\/div>\r\n            <\/div>\r\n        <\/div>\r\n    <\/div>\r\n\r\n    <div class=\"p-grid p-grid-cols-4 p-shrink-0 p-w-72 p-snap-start md:p-w-full\">\r\n        <div class=\"p-col-span-1 p-self-center p-text-center p-text-3xl\">\r\n            <i class=\"icon-nature\"><\/i>\r\n        <\/div>\r\n        <div class=\"p-col-span-3 p-flex p-flex-col p-items-start\">\r\n            <div class=\"p-text-start p-text-secondary p-mb-1 p-bold\"> Natura <\/div>\r\n            <div class=\"p-w-full p-bg-light p-rounded-full p-h-2 p-relative\">\r\n                <div class=\"p-bg-primary p-h-2 p-rounded-full p-absolute\" style=\"width: 60%;\"><\/div>\r\n            <\/div>\r\n        <\/div>\r\n    <\/div>\r\n\r\n    <div class=\"p-grid p-grid-cols-4 p-shrink-0 p-w-72 p-snap-start md:p-w-full\">\r\n        <div class=\"p-col-span-1 p-self-center p-text-center p-text-3xl\">\r\n            <i class=\"icon-urban\"><\/i>\r\n        <\/div>\r\n        <div class=\"p-col-span-3 p-flex p-flex-col p-items-start\">\r\n            <div class=\"p-text-start p-text-secondary p-mb-1 p-bold\"> Cammino Francese <\/div>\r\n            <div class=\"p-w-full p-bg-light p-rounded-full p-h-2 p-relative\">\r\n                <div class=\"p-bg-primary p-h-2 p-rounded-full p-absolute\" style=\"width: 20%;\"><\/div>\r\n            <\/div>\r\n        <\/div>\r\n    <\/div>\r\n  <\/div>\r\n<\/section>\n<\/section>\n\n<div id=\"stage-list-section\"><div class=\"stage-list\">\n    <div class='stage-list__map-card'>\n        <div class='stage-list__map-card__map'>\n            <div class='stage-list__map-card__map__text'>\n                <h2> Pages <\/h2>\n                <p> A piedi<\/p>\n                <p> 0tappe<\/p>\n            <\/div>\n            <div class='stage-list__map-card__map__img'>\n                <img decoding=\"async\" src=\"\" alt=\" mapa \" \/>\n            <\/div>\n        <\/div>\n    <\/div>\n\n    <\/div>\n<\/div>\n\n<section id=\"navStage\">\n  <div>\n    <nav id=\"tab-navigation-section\" class=\"tab-navigation-section--cols-5\">\n      <a href=\"#infoSection\" class=\"active\">Informazioni<\/a>\n      <a href=\"#profileSection\">Profilo<\/a>\n      <a href=\"#itinerarySection\">Itinerario<\/a>\n      \n      <a href=\"#locationsSection\">Paesi<\/a>\n    <\/nav>\n\n    <div id=\"infoSection\">\n      <!-- Title Section with Orange Line -->\n      <div>\n        <h2 class=\"p-h2-stage\">Informazioni<\/h2>\n        <hr class=\"orange-bar\" \/>\n        <h3 class=\"p-h3-stage\">Informazioni su questa tappa<\/h3>\n      <\/div>\n\n      \n        <div aria-labelledby=\"nav-info-tab\" class=\"tab-pane fade show active\" id=\"Info\" role=\"tabpanel\">\n\n\t\tAncora una volta attraversiamo\u00a0 luoghi interni,rimanendo ancora all&#8217;interno del dominio di\u00a0<span style=\"font-size: 1rem\">Castro Urdiales per finire in Laredo, antico territorio dello coniscos (antica trib\u00fa\n\t\t\tcantabrica). Dovremmo solo passare a Lugarejos, con poco pi\u00fa di 200 metri di altezza,\u00a0 \u00a0\u00e9 una salita\u00a0\n\t\t\tsemplice e l&#8217;unica che incontreremo nella nostra tappa di oggi.\u00a0<\/span>\n<\/div>\n      \n\n      <div class=\"recomendation-card\">\n        <div>\n          <i class=\"icon-logo-pilgrim\"><\/i>\n          <h5>Raccomandazione Pilgrim<\/h5>\n        <\/div>\n\n        \n      <\/div>\n    <\/div>\n\n    <div id=\"profileSection\">\n      <div>\n        <h2 class=\"p-h2-stage\">Distanza e altitudine<\/h2>\n        <hr class=\"orange-bar\" \/>\n        <h3 class=\"p-h3-stage\">Profilo<\/h3>\n        <img decoding=\"async\" src=\"https:\/\/cdn.pilgrim.es\/web\/caminos\/camino-norte\/etapas\/etapa-10\/etapa10_perfil-castro-urdiales-laredo.jpg\" alt=\"Perfil de la etapa tappa-10-castro-urdiales-laredo\" \/>\n      <\/div>\n    <\/div>\n\n    <div id=\"itinerarySection\">\n      <h2 class=\"p-h2-stage\">Itinerario<\/h2>\n      <hr \/>\n      <h3 class=\"p-h3-stage\">Percorso<\/h3>\n\n      \n        <div>\n          <h4><\/h4>\n\n          \n            <div aria-labelledby=\"nav-itinerary-tab\" class=\"tab-pane fade\" id=\"Itinerario\" role=\"tabpanel\">\n\n\t\tNos despedimos de Castro a lo grande, en la iglesia de Santa Mar\u00eda de la Asunci\u00f3n y a orillas del Cant\u00e1brico.\n\t\tPor las calles Arturo D\u00fao Vidal y Silvestre Ochoa salimos a la carretera nacional, donde torcemos a la derecha\n\t\tascendiendo al Campijo. En lo alto, a mano izquierda y en direcci\u00f3n a un camping salvamos la autov\u00eda por un paso\n\t\tsubterr\u00e1neo y al salir giramos a la derecha. En el siguiente cruce volvemos a girar en esa misma direcci\u00f3n rumbo\n\t\ta Allendelagua. En este pueblo perteneciente a Castro Urdiales se encuentran las ruinas de la Torre Medieval de\n\t\tlos Templarios, antiguo castillo del siglo XIV y cuya construcci\u00f3n se le atribuye a la Orden del Temple.\n\t\tContinuando por la ladera del monte de San Ant\u00f3n pasamos por el templo de San Marcos y nos acercamos a la\n\t\tautov\u00eda, recorriendo los pr\u00f3ximos metros por una v\u00eda paralela a esta hasta llegar a Cerdigo. Para acceder al\n\t\tn\u00facleo urbano deberemos de nuevo pasar bajo la A-8 y posteriormente cruzar la N-634. Por una pista asfaltada y\n\t\tluego por un camino nos iremos aproximando de nuevo a la costa y a la pr\u00f3xima Islares. El trayecto discurre por\n\t\tla calle Casal pero si queremos comprar algo tendremos que desviarnos a la carretera nacional, enlazando con el\n\t\ttrazado m\u00e1s all\u00e1 del camping de Arenillas, a partir del cual caminaremos por el arc\u00e9n de la misma. Caminamos\n\t\tdesde la desembocadura del r\u00edo Ag\u00fcera hacia el interior c\u00e1ntabro, rodeados de marismas. Tras un paso inferior\n\t\tbajo la autov\u00eda tendremos que valorar las dos opciones que se presentan ante nosotros: la primera es continuar\n\t\tpor el arc\u00e9n de la nacional bajando en primer t\u00e9rmino a Mollaneda y despu\u00e9s de Iseca Vieja reunirnos con la ruta\n\t\toriginal.\n\n\t\tLa v\u00eda tradicional discurre por una pista ascendente que nace nada m\u00e1s pasar el viaducto. Este camino nos\n\t\tllevar\u00e1 en primer lugar a Nocina, poblaci\u00f3n que cuenta con un albergue. Seguimos hacia la carretera comarcal\n\t\tCA-151, pasando por el barrio de Rioseco y observando a lo alto la iglesia de San Vicente de la Maza del siglo\n\t\tXVI y de estilo renacentista. Al entrar en Rioseco deberemos girar a la izquierda por el barrio Pomar y cruzar\n\t\tun arroyo. Nada m\u00e1s traspasarlo continuamos por el camino de la derecha que conduce a una urbanizaci\u00f3n y\n\t\tpasaremos por las ermitas de San Lorenzo y de San Blas, ya en el barrio Revilla.\n\n\t\tDe nuevo nos toparemos con la carretera comarcal hasta llegar a una rotonda, presagiando la cercan\u00eda de El\n\t\tPuente, donde encontraremos todo tipo de servicios. El trazado prosigue hacia el r\u00edo y al barrio de la\n\t\tMagdalena, donde antes de llegar a una iglesia dejamos de lado el asfalto para emprender el fuerte repecho hasta\n\t\tLugarejos. Acompa\u00f1ados de multitud de pinos caminaremos por el llamado Camino de Liendo, dej\u00e1ndolo a mano\n\t\tderecha en una bifurcaci\u00f3n para alcanzar la cumbre. El terreno nos da un respiro y tras recorrer unos cuantos\n\t\tmetros sobre llano comenzamos el igual de duro descenso por el valle de Liendo. Nos reencontraremos una vez m\u00e1s\n\t\tcon la autov\u00eda y con otro paso subterr\u00e1neo, tras el cual descendemos a mano derecha hacia los barrios de\n\t\tRocillo, Sope\u00f1a y Hazas, posible final de etapa para los que as\u00ed lo deseen. Si a\u00fan tenemos fuerzas continuamos\n\t\tpor carretera en busca de la N-634, con pendiente positiva de nuevo. Podemos continuar de frente o descender a\n\t\tTarrueza. Advertimos que luego habr\u00e1 que volver a subir a la nacional para seguir hasta Laredo. Si seguimos por\n\t\tla carretera tendremos que desviarnos m\u00e1s adelante hacia la derecha por La Arenosa, alcanzando el excelente\n\t\tmirador de La Torre, punto perfecto para sacar la c\u00e1mara de fotos y descansar un momento.\n\n\t\tEstamos muy cerca ya de Laredo, junto a un crucero descendemos a mano izquierda y cruzamos la carretera para\n\t\tcontinuar por unas escaleras de frente. As\u00ed de f\u00e1cil alcanzaremos la capilla del Esp\u00edritu Santo, a la cual\n\t\taccedemos por la puerta de San Lorenzo. Por la calle del mismo nombre alcanzaremos el albergue de peregrinos,\n\t\tdando por finalizada la etapa de hoy.\n\n\t<\/div>\n          \n\n          \n        <\/div>\n        <hr \/>\n      \n      <div>\n        <h4>Km 25.7 &#8231; Laredo<\/h4>\n\n        \n          <a class=\"town-link\" href=\"\/it\/cammino-nord\/laredo\/\">\n            <div class=\"town-link__link-content\">\n              <div class=\"town-link__link-content__text\">\n                <p>Informazioni locali<\/p>\n                <p>Polizia, Assistenza medica, Cosa vedere, Dove mangiare&#8230;<\/p>\n              <\/div>\n              <div class=\"town-link__link-content__town-btn\">\n                <i class=\"icon-arrow\"><\/i>\n              <\/div>\n            <\/div>\n          <\/a>\n        \n      <\/div>\n    <\/div>\n\n    \n\n  <div id=\"locationsSection\">\n      <h2 class=\"p-h2-stage\">Paesi<\/h2>\n      <hr \/>\n      <h3 class=\"p-h3-stage\">Villaggi<\/h3>\n      <div class=\"grid-container\">\n\n        <div class=\"p-group card-stage p-max-w-full\">\n          <a href=\"\/it\/cammino-nord\/castro-urdiales\/\" class=\"town-card\">\n            <div class=\"card-stage__header\">\n              <img decoding=\"async\" src=\"https:\/\/cdn.pilgrim.es\/web\/caminos\/camino-norte\/pueblos\/castro-urdiales.jpg\" alt=\"Castro Urdiales\" class=\"group-hover:p-scale-110\" \/>\n              <div class=\"card-overlay group-hover:p-opacity-50\"><\/div>\n            <\/div>\n            <div class=\"town-card__flex-container\">\n              <div class=\"town-card__flex-container__info\">\n                <h4>Castro Urdiales<\/h4>\n                <p>Provincia: Cantabria<\/p>\n              <\/div>\n              \n              <div class=\"town-card__flex-container__btn\">\n                <i class=\"icon-arrow\"><\/i>\n              <\/div>\n              \n            <\/div>\n          <\/a>\n        <\/div>\n        <div class=\"p-group card-stage p-max-w-full\">\n          <a href=\"\/it\/cammino-nord\/laredo\/\" class=\"town-card\">\n            <div class=\"card-stage__header\">\n              <img decoding=\"async\" src=\"https:\/\/cdn.pilgrim.es\/web\/caminos\/camino-norte\/pueblos\/laredo.jpg\" alt=\"Laredo\" class=\"group-hover:p-scale-110\" \/>\n              <div class=\"card-overlay group-hover:p-opacity-50\"><\/div>\n            <\/div>\n            <div class=\"town-card__flex-container\">\n              <div class=\"town-card__flex-container__info\">\n                <h4>Laredo<\/h4>\n                <p>Provincia: Cantabria<\/p>\n              <\/div>\n              \n                <div class=\"town-card__flex-container__btn\">\n                  <i class=\"icon-arrow\"><\/i>\n                <\/div>\n              \n            <\/div>\n          <\/a>\n        <\/div>\n      <\/div>\n    <\/div>\n    <hr class=\"single-bar\" \/>\n  <\/div>\n<\/section>\n\n<section id=\"stageChange\">\n  <div>\n    <a href=\"\/it\/cammino-nord\/tappa-9-portugalete-pobenacastro-urdiales\/\" class=\"change-btn\">\n    <div class=\"change-btn\">\n      <div class=\"btn-arrow previous\">\n        <i class=\"icon-arrow\"><\/i>\n      <\/div>\n      <div class=\"change-btn__info\">\n        <div>Tappa 9<\/div>\n        <p>\n          Portugalete \u276f <br> Castro Urdiales\n        <\/p>\n      <\/div>\n    <\/div>\n    <\/a>\n    <a href=\"\/it\/cammino-nord\/tappa-11-laredo-guemes\/\" class=\"change-btn\">\n      <div class=\"change-btn__info\">\n        <div>Tappa 11<\/div>\n        <p>\n          Laredo \u276f <br> G\u00fcemes\n        <\/p>\n      <\/div>\n      <div class=\"btn-arrow\">\n        <i class=\"icon-arrow\"><\/i>\n      <\/div>\n    <\/a>\n  <\/div>\n<\/section> ","protected":false},"excerpt":{"rendered":"<p>Cammino del Nord: tappa 10 A piedi 35 Tappe \/ 804 Kms Castro Urdiales &#10093; Laredo 25.7 Km &#10094; Tappa 9 Tappa 11 &#10095; Informazioni Profilo Itinerario Paesi Informazioni Informazioni su questa tappa Ancora una volta attraversiamo\u00a0 luoghi interni,rimanendo ancora all&#8217;interno del dominio di\u00a0Castro Urdiales per finire in Laredo, antico territorio dello coniscos (antica trib\u00fa &hellip; <\/p>\n<p class=\"read_more\"><a href=\"https:\/\/www.pilgrim.es\/it\/cammino-nord\/tappa-10-castro-urdiales-laredo\/\">Leer m\u00e1s<\/a><\/p>\n","protected":false},"author":4,"featured_media":11567,"parent":10817,"menu_order":0,"comment_status":"closed","ping_status":"closed","template":"views\/template-new-web-design.blade.php","meta":{"footnotes":""},"categories":[],"tags":[],"class_list":["post-48352","page","type-page","status-publish","has-post-thumbnail","hentry"],"yoast_head":"<!-- This site is optimized with the Yoast SEO plugin v27.4 - https:\/\/yoast.com\/product\/yoast-seo-wordpress\/ -->\n<title>Cammino del Nord da Castro Urdiales a Laredo | Cammino di Santiago<\/title>\n<meta name=\"description\" content=\"Cammino del Nord: Tappa 10 del Cammino di Santiago che passa tra Castro Urdiales e Laredo. Scopri tutte le informazioni e pianifica la tua tappa.\" \/>\n<meta name=\"robots\" content=\"index, follow, max-snippet:-1, max-image-preview:large, max-video-preview:-1\" \/>\n<link rel=\"canonical\" href=\"https:\/\/www.pilgrim.es\/it\/cammino-nord\/tappa-10-castro-urdiales-laredo\/\" \/>\n<meta property=\"og:locale\" content=\"it_IT\" \/>\n<meta property=\"og:type\" content=\"article\" \/>\n<meta property=\"og:title\" content=\"Cammino del Nord da Castro Urdiales a Laredo | Cammino di Santiago\" \/>\n<meta property=\"og:description\" content=\"Cammino del Nord: Tappa 10 del Cammino di Santiago che passa tra Castro Urdiales e Laredo. Scopri tutte le informazioni e pianifica la tua tappa.\" \/>\n<meta property=\"og:url\" content=\"https:\/\/www.pilgrim.es\/it\/cammino-nord\/tappa-10-castro-urdiales-laredo\/\" \/>\n<meta property=\"og:site_name\" content=\"Pilgrim\" \/>\n<meta property=\"article:publisher\" content=\"https:\/\/www.facebook.com\/pilgrim.es\/\" \/>\n<meta property=\"article:modified_time\" content=\"2025-04-14T14:05:53+00:00\" \/>\n<meta property=\"og:image\" content=\"https:\/\/www.pilgrim.es\/wp-content\/uploads\/2019\/02\/camino_norte_etapa_10.jpg\" \/>\n\t<meta property=\"og:image:width\" content=\"1637\" \/>\n\t<meta property=\"og:image:height\" content=\"548\" \/>\n\t<meta property=\"og:image:type\" content=\"image\/jpeg\" \/>\n<meta name=\"twitter:card\" content=\"summary_large_image\" \/>\n<meta name=\"twitter:site\" content=\"@pilgrim_es\" \/>\n<meta name=\"twitter:label1\" content=\"Tempo di lettura stimato\" \/>\n\t<meta name=\"twitter:data1\" content=\"4 minuti\" \/>\n<script type=\"application\/ld+json\" class=\"yoast-schema-graph\">{\"@context\":\"https:\\\/\\\/schema.org\",\"@graph\":[{\"@type\":\"WebPage\",\"@id\":\"https:\\\/\\\/www.pilgrim.es\\\/it\\\/cammino-nord\\\/tappa-10-castro-urdiales-laredo\\\/\",\"url\":\"https:\\\/\\\/www.pilgrim.es\\\/it\\\/cammino-nord\\\/tappa-10-castro-urdiales-laredo\\\/\",\"name\":\"Cammino del Nord da Castro Urdiales a Laredo | Cammino di Santiago\",\"isPartOf\":{\"@id\":\"https:\\\/\\\/www.pilgrim.es\\\/it\\\/#website\"},\"primaryImageOfPage\":{\"@id\":\"https:\\\/\\\/www.pilgrim.es\\\/it\\\/cammino-nord\\\/tappa-10-castro-urdiales-laredo\\\/#primaryimage\"},\"image\":{\"@id\":\"https:\\\/\\\/www.pilgrim.es\\\/it\\\/cammino-nord\\\/tappa-10-castro-urdiales-laredo\\\/#primaryimage\"},\"thumbnailUrl\":\"https:\\\/\\\/www.pilgrim.es\\\/wp-content\\\/uploads\\\/2019\\\/02\\\/camino_norte_etapa_10.jpg\",\"datePublished\":\"2019-10-21T09:45:47+00:00\",\"dateModified\":\"2025-04-14T14:05:53+00:00\",\"description\":\"Cammino del Nord: Tappa 10 del Cammino di Santiago che passa tra Castro Urdiales e Laredo. Scopri tutte le informazioni e pianifica la tua tappa.\",\"breadcrumb\":{\"@id\":\"https:\\\/\\\/www.pilgrim.es\\\/it\\\/cammino-nord\\\/tappa-10-castro-urdiales-laredo\\\/#breadcrumb\"},\"inLanguage\":\"it-IT\",\"potentialAction\":[{\"@type\":\"ReadAction\",\"target\":[\"https:\\\/\\\/www.pilgrim.es\\\/it\\\/cammino-nord\\\/tappa-10-castro-urdiales-laredo\\\/\"]}]},{\"@type\":\"ImageObject\",\"inLanguage\":\"it-IT\",\"@id\":\"https:\\\/\\\/www.pilgrim.es\\\/it\\\/cammino-nord\\\/tappa-10-castro-urdiales-laredo\\\/#primaryimage\",\"url\":\"https:\\\/\\\/www.pilgrim.es\\\/wp-content\\\/uploads\\\/2019\\\/02\\\/camino_norte_etapa_10.jpg\",\"contentUrl\":\"https:\\\/\\\/www.pilgrim.es\\\/wp-content\\\/uploads\\\/2019\\\/02\\\/camino_norte_etapa_10.jpg\",\"width\":1637,\"height\":548,\"caption\":\"Mappa Tappa 10 Cammino del Nord\"},{\"@type\":\"BreadcrumbList\",\"@id\":\"https:\\\/\\\/www.pilgrim.es\\\/it\\\/cammino-nord\\\/tappa-10-castro-urdiales-laredo\\\/#breadcrumb\",\"itemListElement\":[{\"@type\":\"ListItem\",\"position\":1,\"name\":\"Camino de Santiago\",\"item\":\"https:\\\/\\\/www.pilgrim.es\\\/it\\\/\"},{\"@type\":\"ListItem\",\"position\":2,\"name\":\"Cammino del Nord | Tappa 10: Castro Urdiales &#8211; Laredo\"}]},{\"@type\":\"WebSite\",\"@id\":\"https:\\\/\\\/www.pilgrim.es\\\/it\\\/#website\",\"url\":\"https:\\\/\\\/www.pilgrim.es\\\/it\\\/\",\"name\":\"Pilgrim\",\"description\":\"Camino de Santiago | Caminamos Contigo\",\"publisher\":{\"@id\":\"https:\\\/\\\/www.pilgrim.es\\\/it\\\/#organization\"},\"potentialAction\":[{\"@type\":\"SearchAction\",\"target\":{\"@type\":\"EntryPoint\",\"urlTemplate\":\"https:\\\/\\\/www.pilgrim.es\\\/it\\\/?s={search_term_string}\"},\"query-input\":{\"@type\":\"PropertyValueSpecification\",\"valueRequired\":true,\"valueName\":\"search_term_string\"}}],\"inLanguage\":\"it-IT\"},{\"@type\":\"Organization\",\"@id\":\"https:\\\/\\\/www.pilgrim.es\\\/it\\\/#organization\",\"name\":\"Pilgrim Camino de Santiago\",\"url\":\"https:\\\/\\\/www.pilgrim.es\\\/it\\\/\",\"logo\":{\"@type\":\"ImageObject\",\"inLanguage\":\"it-IT\",\"@id\":\"https:\\\/\\\/www.pilgrim.es\\\/it\\\/#\\\/schema\\\/logo\\\/image\\\/\",\"url\":\"https:\\\/\\\/www.pilgrim.es\\\/wp-content\\\/uploads\\\/2019\\\/04\\\/logo_pilgrim.png\",\"contentUrl\":\"https:\\\/\\\/www.pilgrim.es\\\/wp-content\\\/uploads\\\/2019\\\/04\\\/logo_pilgrim.png\",\"width\":512,\"height\":512,\"caption\":\"Pilgrim Camino de Santiago\"},\"image\":{\"@id\":\"https:\\\/\\\/www.pilgrim.es\\\/it\\\/#\\\/schema\\\/logo\\\/image\\\/\"},\"sameAs\":[\"https:\\\/\\\/www.facebook.com\\\/pilgrim.es\\\/\",\"https:\\\/\\\/x.com\\\/pilgrim_es\",\"https:\\\/\\\/www.instagram.com\\\/pilgrim.es\\\/\",\"https:\\\/\\\/www.linkedin.com\\\/company\\\/pilgrim-camino-de-santiago\\\/\",\"https:\\\/\\\/www.pinterest.es\\\/pilgrimcaminodesantiago\\\/\",\"https:\\\/\\\/www.youtube.com\\\/channel\\\/UCIv2ZzFLXVqthkNF32rKedw\\\/featured\"]}]}<\/script>\n<!-- \/ Yoast SEO plugin. -->","yoast_head_json":{"title":"Cammino del Nord da Castro Urdiales a Laredo | Cammino di Santiago","description":"Cammino del Nord: Tappa 10 del Cammino di Santiago che passa tra Castro Urdiales e Laredo. Scopri tutte le informazioni e pianifica la tua tappa.","robots":{"index":"index","follow":"follow","max-snippet":"max-snippet:-1","max-image-preview":"max-image-preview:large","max-video-preview":"max-video-preview:-1"},"canonical":"https:\/\/www.pilgrim.es\/it\/cammino-nord\/tappa-10-castro-urdiales-laredo\/","og_locale":"it_IT","og_type":"article","og_title":"Cammino del Nord da Castro Urdiales a Laredo | Cammino di Santiago","og_description":"Cammino del Nord: Tappa 10 del Cammino di Santiago che passa tra Castro Urdiales e Laredo. Scopri tutte le informazioni e pianifica la tua tappa.","og_url":"https:\/\/www.pilgrim.es\/it\/cammino-nord\/tappa-10-castro-urdiales-laredo\/","og_site_name":"Pilgrim","article_publisher":"https:\/\/www.facebook.com\/pilgrim.es\/","article_modified_time":"2025-04-14T14:05:53+00:00","og_image":[{"width":1637,"height":548,"url":"https:\/\/www.pilgrim.es\/wp-content\/uploads\/2019\/02\/camino_norte_etapa_10.jpg","type":"image\/jpeg"}],"twitter_card":"summary_large_image","twitter_site":"@pilgrim_es","twitter_misc":{"Tempo di lettura stimato":"4 minuti"},"schema":{"@context":"https:\/\/schema.org","@graph":[{"@type":"WebPage","@id":"https:\/\/www.pilgrim.es\/it\/cammino-nord\/tappa-10-castro-urdiales-laredo\/","url":"https:\/\/www.pilgrim.es\/it\/cammino-nord\/tappa-10-castro-urdiales-laredo\/","name":"Cammino del Nord da Castro Urdiales a Laredo | Cammino di Santiago","isPartOf":{"@id":"https:\/\/www.pilgrim.es\/it\/#website"},"primaryImageOfPage":{"@id":"https:\/\/www.pilgrim.es\/it\/cammino-nord\/tappa-10-castro-urdiales-laredo\/#primaryimage"},"image":{"@id":"https:\/\/www.pilgrim.es\/it\/cammino-nord\/tappa-10-castro-urdiales-laredo\/#primaryimage"},"thumbnailUrl":"https:\/\/www.pilgrim.es\/wp-content\/uploads\/2019\/02\/camino_norte_etapa_10.jpg","datePublished":"2019-10-21T09:45:47+00:00","dateModified":"2025-04-14T14:05:53+00:00","description":"Cammino del Nord: Tappa 10 del Cammino di Santiago che passa tra Castro Urdiales e Laredo. Scopri tutte le informazioni e pianifica la tua tappa.","breadcrumb":{"@id":"https:\/\/www.pilgrim.es\/it\/cammino-nord\/tappa-10-castro-urdiales-laredo\/#breadcrumb"},"inLanguage":"it-IT","potentialAction":[{"@type":"ReadAction","target":["https:\/\/www.pilgrim.es\/it\/cammino-nord\/tappa-10-castro-urdiales-laredo\/"]}]},{"@type":"ImageObject","inLanguage":"it-IT","@id":"https:\/\/www.pilgrim.es\/it\/cammino-nord\/tappa-10-castro-urdiales-laredo\/#primaryimage","url":"https:\/\/www.pilgrim.es\/wp-content\/uploads\/2019\/02\/camino_norte_etapa_10.jpg","contentUrl":"https:\/\/www.pilgrim.es\/wp-content\/uploads\/2019\/02\/camino_norte_etapa_10.jpg","width":1637,"height":548,"caption":"Mappa Tappa 10 Cammino del Nord"},{"@type":"BreadcrumbList","@id":"https:\/\/www.pilgrim.es\/it\/cammino-nord\/tappa-10-castro-urdiales-laredo\/#breadcrumb","itemListElement":[{"@type":"ListItem","position":1,"name":"Camino de Santiago","item":"https:\/\/www.pilgrim.es\/it\/"},{"@type":"ListItem","position":2,"name":"Cammino del Nord | Tappa 10: Castro Urdiales &#8211; Laredo"}]},{"@type":"WebSite","@id":"https:\/\/www.pilgrim.es\/it\/#website","url":"https:\/\/www.pilgrim.es\/it\/","name":"Pilgrim","description":"Camino de Santiago | Caminamos Contigo","publisher":{"@id":"https:\/\/www.pilgrim.es\/it\/#organization"},"potentialAction":[{"@type":"SearchAction","target":{"@type":"EntryPoint","urlTemplate":"https:\/\/www.pilgrim.es\/it\/?s={search_term_string}"},"query-input":{"@type":"PropertyValueSpecification","valueRequired":true,"valueName":"search_term_string"}}],"inLanguage":"it-IT"},{"@type":"Organization","@id":"https:\/\/www.pilgrim.es\/it\/#organization","name":"Pilgrim Camino de Santiago","url":"https:\/\/www.pilgrim.es\/it\/","logo":{"@type":"ImageObject","inLanguage":"it-IT","@id":"https:\/\/www.pilgrim.es\/it\/#\/schema\/logo\/image\/","url":"https:\/\/www.pilgrim.es\/wp-content\/uploads\/2019\/04\/logo_pilgrim.png","contentUrl":"https:\/\/www.pilgrim.es\/wp-content\/uploads\/2019\/04\/logo_pilgrim.png","width":512,"height":512,"caption":"Pilgrim Camino de Santiago"},"image":{"@id":"https:\/\/www.pilgrim.es\/it\/#\/schema\/logo\/image\/"},"sameAs":["https:\/\/www.facebook.com\/pilgrim.es\/","https:\/\/x.com\/pilgrim_es","https:\/\/www.instagram.com\/pilgrim.es\/","https:\/\/www.linkedin.com\/company\/pilgrim-camino-de-santiago\/","https:\/\/www.pinterest.es\/pilgrimcaminodesantiago\/","https:\/\/www.youtube.com\/channel\/UCIv2ZzFLXVqthkNF32rKedw\/featured"]}]}},"_links":{"self":[{"href":"https:\/\/www.pilgrim.es\/it\/wp-json\/wp\/v2\/pages\/48352","targetHints":{"allow":["GET"]}}],"collection":[{"href":"https:\/\/www.pilgrim.es\/it\/wp-json\/wp\/v2\/pages"}],"about":[{"href":"https:\/\/www.pilgrim.es\/it\/wp-json\/wp\/v2\/types\/page"}],"author":[{"embeddable":true,"href":"https:\/\/www.pilgrim.es\/it\/wp-json\/wp\/v2\/users\/4"}],"replies":[{"embeddable":true,"href":"https:\/\/www.pilgrim.es\/it\/wp-json\/wp\/v2\/comments?post=48352"}],"version-history":[{"count":3,"href":"https:\/\/www.pilgrim.es\/it\/wp-json\/wp\/v2\/pages\/48352\/revisions"}],"predecessor-version":[{"id":127059,"href":"https:\/\/www.pilgrim.es\/it\/wp-json\/wp\/v2\/pages\/48352\/revisions\/127059"}],"up":[{"embeddable":true,"href":"https:\/\/www.pilgrim.es\/it\/wp-json\/wp\/v2\/pages\/10817"}],"wp:featuredmedia":[{"embeddable":true,"href":"https:\/\/www.pilgrim.es\/it\/wp-json\/wp\/v2\/media\/11567"}],"wp:attachment":[{"href":"https:\/\/www.pilgrim.es\/it\/wp-json\/wp\/v2\/media?parent=48352"}],"wp:term":[{"taxonomy":"category","embeddable":true,"href":"https:\/\/www.pilgrim.es\/it\/wp-json\/wp\/v2\/categories?post=48352"},{"taxonomy":"post_tag","embeddable":true,"href":"https:\/\/www.pilgrim.es\/it\/wp-json\/wp\/v2\/tags?post=48352"}],"curies":[{"name":"wp","href":"https:\/\/api.w.org\/{rel}","templated":true}]}}