{"id":48342,"date":"2019-10-21T09:05:14","date_gmt":"2019-10-21T09:05:14","guid":{"rendered":"https:\/\/prod.pilgrim.es\/cammino-nord\/tappa-12-guemes-santander\/"},"modified":"2025-04-14T14:06:01","modified_gmt":"2025-04-14T14:06:01","slug":"tappa-12-guemes-santander","status":"publish","type":"page","link":"https:\/\/www.pilgrim.es\/it\/cammino-nord\/tappa-12-guemes-santander\/","title":{"rendered":"Cammino del Nord |Tappa 12: G\u00fcemes \u2013 Santander"},"content":{"rendered":" <section id=\"heroStage\">\n  <h1>Cammino del Nord: tappa 12<\/h1>\n  <div>\n    <div class=\"hero\" data-background=\"https:\/\/cdn.pilgrim.es\/web\/caminos\/camino-norte\/pueblos\/guemes.jpg\">\n      <div class=\"hero__container\">\n        <div class=\"hero__container__labels\">\n          <p>A piedi<\/p>\n          <p>35 Tappe \/ 804 Kms<\/p>\n        <\/div>\n        <div class=\"hero__container__stage-name\">\n          <h2>\n            G\u00fcemes <br \/>\n            <span>&#10093;<\/span>\n            Santander\n          <\/h2>\n          <p>15.3 Km<\/p>\n        <\/div>\n        <div class=\"hero__container__stage-changer\">\n            <div class=\"stage-control\">\n              <a class=\"stage-control__link\" href=\"\/it\/cammino-nord\/tappa-11-laredo-guemes\/\"><span>&#10094;<\/span> Tappa 11<\/a>\n            <\/div>\n          <div class=\"stage-control\">\n            <a class=\"stage-control__link\" href=\"\/it\/cammino-nord\/tappa-13-santander-santillana-del-mar\/\">Tappa 13 <span>&#10095;<\/span><\/a>\n          <\/div>\n        <\/div>\n      <\/div>\n    <\/div>\n    <div class=\"planner\"><div\r\n  class=\"p-col-span-1 p-rounded-lg p-px-5 p-h-full\"\r\n  style=\"background-image: url('https:\/\/cdn.pilgrim.es\/web\/pilgrim-planner\/bg-plugin-planificador.webp')\"\r\n  rel=\"preload\"\r\n  fetchpriority=\"high\"\r\n  >\r\n    <div class=\"p-text-center p-pt-5 p-text-white p-text-2xl p-font-semibold\">\r\n      Pianifica il tuo cammino    <\/div>\r\n    <div\r\n            id='primary-app'\r\n            data-name='banner'\r\n            data-api='https:\/\/pathfinder.pilgrim.es\/api\/pathfinder\/v2'\r\n            data-mode='normal'\r\n            data-lang='it'\r\n            data-route='1'\r\n            data-destiny='https:\/\/planificador.pilgrim.es'\r\n            data-modality='1'\r\n            data-inline=''\r\n        ><\/div><\/div><\/div>\n  <\/div>\n<\/section>\n\n<section id=\"scoreBarsStage\">\n  <section>\r\n  <div class=\"p-flex p-flex-nowrap p-space-x-4 p-py-5 p-overflow-x-auto md:p-grid md:p-grid-cols-3 lg:p-grid-cols-5 md:p-gap-8 md:p-space-x-0 md:p-overflow-hidden scrollbar-thin\">\r\n    <div class=\"p-grid p-grid-cols-4 p-shrink-0 p-w-72 p-snap-start md:p-w-full\">\r\n        <div class=\"p-col-span-1 p-self-center p-text-center p-text-3xl\">\r\n            <i class=\"icon-influx\"><\/i>\r\n        <\/div>\r\n        <div class=\"p-col-span-3 p-flex p-flex-col p-items-start\">\r\n            <div class=\"p-text-start p-text-secondary p-mb-1 p-bold\"> Afflusso <\/div>\r\n            <div class=\"p-w-full p-bg-light p-rounded-full p-h-2 p-relative\">\r\n                <div class=\"p-bg-primary p-h-2 p-rounded-full p-absolute\" style=\"width: 20%;\"><\/div>\r\n            <\/div>\r\n        <\/div>\r\n    <\/div>\r\n\r\n    <div class=\"p-grid p-grid-cols-4 p-shrink-0 p-w-72 p-snap-start md:p-w-full\">\r\n        <div class=\"p-col-span-1 p-self-center p-text-center p-text-3xl\">\r\n            <i class=\"icon-difficulty\"><\/i>\r\n        <\/div>\r\n        <div class=\"p-col-span-3 p-flex p-flex-col p-items-start\">\r\n            <div class=\"p-text-start p-text-secondary p-mb-1 p-bold\"> Difficolt\u00e0 <\/div>\r\n            <div class=\"p-w-full p-bg-light p-rounded-full p-h-2 p-relative\">\r\n                <div class=\"p-bg-primary p-h-2 p-rounded-full p-absolute\" style=\"width: 40%;\"><\/div>\r\n            <\/div>\r\n        <\/div>\r\n    <\/div>\r\n\r\n    <div class=\"p-grid p-grid-cols-4 p-shrink-0 p-w-72 p-snap-start md:p-w-full\">\r\n        <div class=\"p-col-span-1 p-self-center p-text-center p-text-3xl\">\r\n            <i class=\"icon-patrimony\"><\/i>\r\n        <\/div>\r\n        <div class=\"p-col-span-3 p-flex p-flex-col p-items-start\">\r\n            <div class=\"p-text-start p-text-secondary p-mb-1 p-bold\"> Arte\/Storia <\/div>\r\n            <div class=\"p-w-full p-bg-light p-rounded-full p-h-2 p-relative\">\r\n                <div class=\"p-bg-primary p-h-2 p-rounded-full p-absolute\" style=\"width: 60%;\"><\/div>\r\n            <\/div>\r\n        <\/div>\r\n    <\/div>\r\n\r\n    <div class=\"p-grid p-grid-cols-4 p-shrink-0 p-w-72 p-snap-start md:p-w-full\">\r\n        <div class=\"p-col-span-1 p-self-center p-text-center p-text-3xl\">\r\n            <i class=\"icon-nature\"><\/i>\r\n        <\/div>\r\n        <div class=\"p-col-span-3 p-flex p-flex-col p-items-start\">\r\n            <div class=\"p-text-start p-text-secondary p-mb-1 p-bold\"> Natura <\/div>\r\n            <div class=\"p-w-full p-bg-light p-rounded-full p-h-2 p-relative\">\r\n                <div class=\"p-bg-primary p-h-2 p-rounded-full p-absolute\" style=\"width: 60%;\"><\/div>\r\n            <\/div>\r\n        <\/div>\r\n    <\/div>\r\n\r\n    <div class=\"p-grid p-grid-cols-4 p-shrink-0 p-w-72 p-snap-start md:p-w-full\">\r\n        <div class=\"p-col-span-1 p-self-center p-text-center p-text-3xl\">\r\n            <i class=\"icon-urban\"><\/i>\r\n        <\/div>\r\n        <div class=\"p-col-span-3 p-flex p-flex-col p-items-start\">\r\n            <div class=\"p-text-start p-text-secondary p-mb-1 p-bold\"> Cammino Francese <\/div>\r\n            <div class=\"p-w-full p-bg-light p-rounded-full p-h-2 p-relative\">\r\n                <div class=\"p-bg-primary p-h-2 p-rounded-full p-absolute\" style=\"width: 20%;\"><\/div>\r\n            <\/div>\r\n        <\/div>\r\n    <\/div>\r\n  <\/div>\r\n<\/section>\n<\/section>\n\n<div id=\"stage-list-section\"><div class=\"stage-list\">\n    <div class='stage-list__map-card'>\n        <div class='stage-list__map-card__map'>\n            <div class='stage-list__map-card__map__text'>\n                <h2> Pages <\/h2>\n                <p> A piedi<\/p>\n                <p> 0tappe<\/p>\n            <\/div>\n            <div class='stage-list__map-card__map__img'>\n                <img decoding=\"async\" src=\"\" alt=\" mapa \" \/>\n            <\/div>\n        <\/div>\n    <\/div>\n\n    <\/div>\n<\/div>\n\n<section id=\"navStage\">\n  <div>\n    <nav id=\"tab-navigation-section\" class=\"tab-navigation-section--cols-5\">\n      <a href=\"#infoSection\" class=\"active\">Informazioni<\/a>\n      <a href=\"#profileSection\">Profilo<\/a>\n      <a href=\"#itinerarySection\">Itinerario<\/a>\n      \n      <a href=\"#locationsSection\">Paesi<\/a>\n    <\/nav>\n\n    <div id=\"infoSection\">\n      <!-- Title Section with Orange Line -->\n      <div>\n        <h2 class=\"p-h2-stage\">Informazioni<\/h2>\n        <hr class=\"orange-bar\" \/>\n        <h3 class=\"p-h3-stage\">Informazioni su questa tappa<\/h3>\n      <\/div>\n\n      \n        <div aria-labelledby=\"nav-info-tab\" class=\"tab-pane fade show active\" id=\"Info\" role=\"tabpanel\">\n\n\t\tAncora una volta troviamo diverse alternative per raggiungere la citt\u00e0 di Santander.La prima attraversa\n\t\tl&#8217;estuario dal molo di Pedre\u00f1a, il secondo lo attraversa ma prima\u00a0 fa una deviazione attraverso Galizano e\n\t\tLoredo. Per ultimo, una terza opzione potrebbe essere al confine con San Salvador e dividere la\u00a0 tappa in due.\n\n\t<\/div>\n      \n\n      <div class=\"recomendation-card\">\n        <div>\n          <i class=\"icon-logo-pilgrim\"><\/i>\n          <h5>Raccomandazione Pilgrim<\/h5>\n        <\/div>\n\n        \n      <\/div>\n    <\/div>\n\n    <div id=\"profileSection\">\n      <div>\n        <h2 class=\"p-h2-stage\">Distanza e altitudine<\/h2>\n        <hr class=\"orange-bar\" \/>\n        <h3 class=\"p-h3-stage\">Profilo<\/h3>\n        <img decoding=\"async\" src=\"https:\/\/cdn.pilgrim.es\/web\/caminos\/camino-norte\/etapas\/etapa-12\/etapa12_perfil_guemes-santander.jpg\" alt=\"Perfil de la etapa tappa-12-guemes-santander\" \/>\n      <\/div>\n    <\/div>\n\n    <div id=\"itinerarySection\">\n      <h2 class=\"p-h2-stage\">Itinerario<\/h2>\n      <hr \/>\n      <h3 class=\"p-h3-stage\">Percorso<\/h3>\n\n      \n        <div>\n          <h4><\/h4>\n\n          \n            <div aria-labelledby=\"nav-itinerary-tab\" class=\"tab-pane fade\" id=\"Itinerario\" role=\"tabpanel\">\n\n\t\tSalimos de G\u00fcemes buscando la CA-444 camino de Gargollo, donde enlazamos con la CA-443 durante un trecho hasta\n\t\tLinderrio. Un poco m\u00e1s delante de este barrio volvemos a la comarcal para alcanzar Galizano, repleto de\n\t\tservicios y donde podremos visitar la iglesia de Nuestra Se\u00f1ora de la Asunci\u00f3n del siglo XVI pero cuya\n\t\tconstrucci\u00f3n se demor\u00f3 hasta dos siglos m\u00e1s tarde. Es el exponente m\u00e1ximo del g\u00f3tico c\u00e1ntabro de todo el\n\t\tmunicipio, destacando de su interior el retablo mayor y otros dos de la capilla del Rosario. Es aqu\u00ed donde\n\t\ttendremos que desviarnos para tomar una u otra alternativa:\n\t\t<ul>\n<li>Si deseamos llegar lo antes posible a Santander la mejor opci\u00f3n es seguir por la costa hasta Loredo.\n\t\t\t\tContinuaremos por la derecha del templo rumbo a la playa y una vez all\u00ed seguimos nuestro camino en\n\t\t\t\tparalelo al mar hasta el barrio de San Miguel. Tras un breve desv\u00edo por el cual cruzamos un arroyo\n\t\t\t\tseguimos con la vista puesta en los acantilados. Las vistas desde un peque\u00f1o mirador a la playa de\n\t\t\t\tArnillas y la de Langre son espectaculares. Continuamos bordeando la costa para tomar un desv\u00edo justo\n\t\t\t\tdespu\u00e9s de una antena, intern\u00e1ndonos en una zona de casas. Al finalizar esta calle torcemos a la derecha\n\t\t\t\ty de seguido a la izquierda, desde donde ya podremos apreciar la peque\u00f1a playa de los Tranquilos o playa\n\t\t\t\tde Boo, dividida en dos por unos pedruscos. Justo al lado se encuentra ya Somo, a la cual accedemos tras\n\t\t\t\tun tranquilo paseo por la playa y dirigi\u00e9ndonos hacia el embarcadero. Ahora toca subirnos al barco que\n\t\t\t\tnos conducir\u00e1 a La Pereda, desde donde continuaremos por el paseo mar\u00edtimo y luego por la calle Calvo\n\t\t\t\tSotelo. El albergue se encuentra en la R\u00faa Mayor, muy cerca del ayuntamiento.<\/li>\n<li>La segunda opci\u00f3n m\u00e1s corta es la variante que discurre desde G\u00fcemes por Galizano, Somo y finalmente\n\t\t\t\tcruza hasta Santander. En total son poco m\u00e1s de veinte kil\u00f3metros. Desde la iglesia de la Asunci\u00f3n\n\t\t\t\tvolvemos hacia la carretera comarcal CA-141 sigui\u00e9ndola hasta Loredo durante aproximadamente un\n\t\t\t\tkil\u00f3metro y medio. Al llegar nos encontraremos con el Santuario de Santa Mar\u00eda de las Latas, construido\n\t\t\t\tsobre los cimientos de un antiguo monasterio del siglo VIII. Constituy\u00f3 un importante centro de\n\t\t\t\tadvocaci\u00f3n mariana y de su interior destaca su barroco retablo mayor y la imagen de estilo g\u00f3tico de la\n\t\t\t\tVirgen. A continuaci\u00f3n nos dirigimos hacia el embarcadero de Somo, a trav\u00e9s de varias urbanizaciones\n\t\t\t\tcosteras, y desde su puerto cruzaremos el puente hasta Pedre\u00f1a y su barrio de el Muelle. All\u00ed mismo\n\t\t\t\tpodremos tomar una embarcaci\u00f3n que nos conducir\u00e1 hasta Santander, concretamente al paseo mar\u00edtimo de la\n\t\t\t\tPereda.<\/li>\n<li>Por \u00faltimo, si nos decantamos por la variante de interior, en vez de continuar hasta Loredo tendremos\n\t\t\t\tque caminar hacia el sur, concretamente hacia Castanedo. Desde all\u00ed pasaremos por el barrio de Horna\n\t\t\t\tantes de pisar Villaverde de Pontones y de seguido Fuente del Franc\u00e9s, a la vera del r\u00edo Aguanaz. Unos\n\t\t\t\ttres kil\u00f3metros m\u00e1s adelante alcanzaremos Solares, en este caso ba\u00f1ado por las aguas del r\u00edo Miera y\n\t\t\t\tbordeando el pol\u00edgono industrial de el Bosque. Esta variante prosigue hasta Heras, pasando muy pr\u00f3ximos\n\t\t\t\tal embalse que recoge las aguas del arroyo Cub\u00f3n. Tambi\u00e9n pasaremos muy cerca del parque natural Macizo\n\t\t\t\tde Pe\u00f1a Cabarga, con un extenso encinar costero, robledales y tramos de bosque de ribera. Adem\u00e1s tambi\u00e9n\n\t\t\t\texisten vestigios de antiguas minas del siglo XVIII y XIX y de la primera siderurgia y f\u00e1brica de\n\t\t\t\tartiller\u00eda de todo el pa\u00eds. Los Altos Hornos de la Cavada estuvieron en funcionamiento algo m\u00e1s de dos\n\t\t\t\tsiglos produciendo armamento y municiones para el Imperio Espa\u00f1ol incluso atrayendo a multitud de\n\t\t\t\toperarios y especialistas de toda Europa, sobre todo de Flandes. Ya en el barrio de Socabarga tan s\u00f3lo\n\t\t\t\ttendremos que caminar un par de kil\u00f3metros m\u00e1s y cruzar el r\u00edo Sol\u00eda para alcanzar Astillero, punto\n\t\t\t\telegido por la mayor\u00eda de peregrinos que optan por esta variante para pernoctar y dividir la etapa en\n\t\t\t\tdos. Tras hacer noche lo mejor es continuar hasta Santander, aunque tambien podemos conectar con la ruta\n\t\t\t\tprincipal en el Puente Arce, evitando as\u00ed la capital c\u00e1ntabra. Sin embargo no recomendamos esquivar la\n\t\t\t\tciudad ya que esta alberga numerosos puntos de inter\u00e9s, los cuales resumimos en el apartado de \u201cno\n\t\t\t\tolvides pararte a ver\u201d.<\/li>\n<\/ul>\n<\/div>\n          \n\n          \n        <\/div>\n        <hr \/>\n      \n      <div>\n        <h4>Km 15.3 &#8231; Santander<\/h4>\n\n        \n          <a class=\"town-link\" href=\"\/it\/cammino-nord\/santander\/\">\n            <div class=\"town-link__link-content\">\n              <div class=\"town-link__link-content__text\">\n                <p>Informazioni locali<\/p>\n                <p>Polizia, Assistenza medica, Cosa vedere, Dove mangiare&#8230;<\/p>\n              <\/div>\n              <div class=\"town-link__link-content__town-btn\">\n                <i class=\"icon-arrow\"><\/i>\n              <\/div>\n            <\/div>\n          <\/a>\n        \n      <\/div>\n    <\/div>\n\n    \n\n  <div id=\"locationsSection\">\n      <h2 class=\"p-h2-stage\">Paesi<\/h2>\n      <hr \/>\n      <h3 class=\"p-h3-stage\">Villaggi<\/h3>\n      <div class=\"grid-container\">\n\n        <div class=\"p-group card-stage p-max-w-full\">\n          <a href=\"\/it\/cammino-nord\/guemes\/\" class=\"town-card\">\n            <div class=\"card-stage__header\">\n              <img decoding=\"async\" src=\"https:\/\/cdn.pilgrim.es\/web\/caminos\/camino-norte\/pueblos\/guemes.jpg\" alt=\"G\u00fcemes\" class=\"group-hover:p-scale-110\" \/>\n              <div class=\"card-overlay group-hover:p-opacity-50\"><\/div>\n            <\/div>\n            <div class=\"town-card__flex-container\">\n              <div class=\"town-card__flex-container__info\">\n                <h4>G\u00fcemes<\/h4>\n                <p>Provincia: Cantabria<\/p>\n              <\/div>\n              \n              <div class=\"town-card__flex-container__btn\">\n                <i class=\"icon-arrow\"><\/i>\n              <\/div>\n              \n            <\/div>\n          <\/a>\n        <\/div>\n        <div class=\"p-group card-stage p-max-w-full\">\n          <a href=\"\/it\/cammino-nord\/santander\/\" class=\"town-card\">\n            <div class=\"card-stage__header\">\n              <img decoding=\"async\" src=\"https:\/\/cdn.pilgrim.es\/web\/caminos\/camino-norte\/pueblos\/santander.jpg\" alt=\"Santander\" class=\"group-hover:p-scale-110\" \/>\n              <div class=\"card-overlay group-hover:p-opacity-50\"><\/div>\n            <\/div>\n            <div class=\"town-card__flex-container\">\n              <div class=\"town-card__flex-container__info\">\n                <h4>Santander<\/h4>\n                <p>Provincia: Cantabria<\/p>\n              <\/div>\n              \n                <div class=\"town-card__flex-container__btn\">\n                  <i class=\"icon-arrow\"><\/i>\n                <\/div>\n              \n            <\/div>\n          <\/a>\n        <\/div>\n      <\/div>\n    <\/div>\n    <hr class=\"single-bar\" \/>\n  <\/div>\n<\/section>\n\n<section id=\"stageChange\">\n  <div>\n    <a href=\"\/it\/cammino-nord\/tappa-11-laredo-guemes\/\" class=\"change-btn\">\n    <div class=\"change-btn\">\n      <div class=\"btn-arrow previous\">\n        <i class=\"icon-arrow\"><\/i>\n      <\/div>\n      <div class=\"change-btn__info\">\n        <div>Tappa 11<\/div>\n        <p>\n          Laredo \u276f <br> G\u00fcemes\n        <\/p>\n      <\/div>\n    <\/div>\n    <\/a>\n    <a href=\"\/it\/cammino-nord\/tappa-13-santander-santillana-del-mar\/\" class=\"change-btn\">\n      <div class=\"change-btn__info\">\n        <div>Tappa 13<\/div>\n        <p>\n          Santander \u276f <br> Santillana del Mar\n        <\/p>\n      <\/div>\n      <div class=\"btn-arrow\">\n        <i class=\"icon-arrow\"><\/i>\n      <\/div>\n    <\/a>\n  <\/div>\n<\/section> ","protected":false},"excerpt":{"rendered":"<p>Cammino del Nord: tappa 12 A piedi 35 Tappe \/ 804 Kms G\u00fcemes &#10093; Santander 15.3 Km &#10094; Tappa 11 Tappa 13 &#10095; Informazioni Profilo Itinerario Paesi Informazioni Informazioni su questa tappa Ancora una volta troviamo diverse alternative per raggiungere la citt\u00e0 di Santander.La prima attraversa l&#8217;estuario dal molo di Pedre\u00f1a, il secondo lo attraversa &hellip; <\/p>\n<p class=\"read_more\"><a href=\"https:\/\/www.pilgrim.es\/it\/cammino-nord\/tappa-12-guemes-santander\/\">Leer m\u00e1s<\/a><\/p>\n","protected":false},"author":4,"featured_media":11583,"parent":10817,"menu_order":0,"comment_status":"closed","ping_status":"closed","template":"views\/template-new-web-design.blade.php","meta":{"footnotes":""},"categories":[],"tags":[],"class_list":["post-48342","page","type-page","status-publish","has-post-thumbnail","hentry"],"yoast_head":"<!-- This site is optimized with the Yoast SEO plugin v27.4 - https:\/\/yoast.com\/product\/yoast-seo-wordpress\/ -->\n<title>Cammino del Nord da G\u00fcemes a Santander | Cammino di Santiago | Pilgrim<\/title>\n<meta name=\"description\" content=\"Cammino del Nord: Tappa 12 del Cammino di Santiago che passa tra G\u00fcemes e la citt\u00e0 di Santander. Scopri tutte le informazioni e pianifica la tua tappa.\" \/>\n<meta name=\"robots\" content=\"index, follow, max-snippet:-1, max-image-preview:large, max-video-preview:-1\" \/>\n<link rel=\"canonical\" href=\"https:\/\/www.pilgrim.es\/it\/cammino-nord\/tappa-12-guemes-santander\/\" \/>\n<meta property=\"og:locale\" content=\"it_IT\" \/>\n<meta property=\"og:type\" content=\"article\" \/>\n<meta property=\"og:title\" content=\"Cammino del Nord da G\u00fcemes a Santander | Cammino di Santiago | Pilgrim\" \/>\n<meta property=\"og:description\" content=\"Cammino del Nord: Tappa 12 del Cammino di Santiago che passa tra G\u00fcemes e la citt\u00e0 di Santander. Scopri tutte le informazioni e pianifica la tua tappa.\" \/>\n<meta property=\"og:url\" content=\"https:\/\/www.pilgrim.es\/it\/cammino-nord\/tappa-12-guemes-santander\/\" \/>\n<meta property=\"og:site_name\" content=\"Pilgrim\" \/>\n<meta property=\"article:publisher\" content=\"https:\/\/www.facebook.com\/pilgrim.es\/\" \/>\n<meta property=\"article:modified_time\" content=\"2025-04-14T14:06:01+00:00\" \/>\n<meta property=\"og:image\" content=\"https:\/\/www.pilgrim.es\/wp-content\/uploads\/2019\/02\/camino_norte_etapa_12.jpg\" \/>\n\t<meta property=\"og:image:width\" content=\"1635\" \/>\n\t<meta property=\"og:image:height\" content=\"551\" \/>\n\t<meta property=\"og:image:type\" content=\"image\/jpeg\" \/>\n<meta name=\"twitter:card\" content=\"summary_large_image\" \/>\n<meta name=\"twitter:site\" content=\"@pilgrim_es\" \/>\n<meta name=\"twitter:label1\" content=\"Tempo di lettura stimato\" \/>\n\t<meta name=\"twitter:data1\" content=\"5 minuti\" \/>\n<script type=\"application\/ld+json\" class=\"yoast-schema-graph\">{\"@context\":\"https:\\\/\\\/schema.org\",\"@graph\":[{\"@type\":\"WebPage\",\"@id\":\"https:\\\/\\\/www.pilgrim.es\\\/it\\\/cammino-nord\\\/tappa-12-guemes-santander\\\/\",\"url\":\"https:\\\/\\\/www.pilgrim.es\\\/it\\\/cammino-nord\\\/tappa-12-guemes-santander\\\/\",\"name\":\"Cammino del Nord da G\u00fcemes a Santander | Cammino di Santiago | Pilgrim\",\"isPartOf\":{\"@id\":\"https:\\\/\\\/www.pilgrim.es\\\/it\\\/#website\"},\"primaryImageOfPage\":{\"@id\":\"https:\\\/\\\/www.pilgrim.es\\\/it\\\/cammino-nord\\\/tappa-12-guemes-santander\\\/#primaryimage\"},\"image\":{\"@id\":\"https:\\\/\\\/www.pilgrim.es\\\/it\\\/cammino-nord\\\/tappa-12-guemes-santander\\\/#primaryimage\"},\"thumbnailUrl\":\"https:\\\/\\\/www.pilgrim.es\\\/wp-content\\\/uploads\\\/2019\\\/02\\\/camino_norte_etapa_12.jpg\",\"datePublished\":\"2019-10-21T09:05:14+00:00\",\"dateModified\":\"2025-04-14T14:06:01+00:00\",\"description\":\"Cammino del Nord: Tappa 12 del Cammino di Santiago che passa tra G\u00fcemes e la citt\u00e0 di Santander. Scopri tutte le informazioni e pianifica la tua tappa.\",\"breadcrumb\":{\"@id\":\"https:\\\/\\\/www.pilgrim.es\\\/it\\\/cammino-nord\\\/tappa-12-guemes-santander\\\/#breadcrumb\"},\"inLanguage\":\"it-IT\",\"potentialAction\":[{\"@type\":\"ReadAction\",\"target\":[\"https:\\\/\\\/www.pilgrim.es\\\/it\\\/cammino-nord\\\/tappa-12-guemes-santander\\\/\"]}]},{\"@type\":\"ImageObject\",\"inLanguage\":\"it-IT\",\"@id\":\"https:\\\/\\\/www.pilgrim.es\\\/it\\\/cammino-nord\\\/tappa-12-guemes-santander\\\/#primaryimage\",\"url\":\"https:\\\/\\\/www.pilgrim.es\\\/wp-content\\\/uploads\\\/2019\\\/02\\\/camino_norte_etapa_12.jpg\",\"contentUrl\":\"https:\\\/\\\/www.pilgrim.es\\\/wp-content\\\/uploads\\\/2019\\\/02\\\/camino_norte_etapa_12.jpg\",\"width\":1635,\"height\":551,\"caption\":\"Mappa Tappa 12 Cammino del Nord\"},{\"@type\":\"BreadcrumbList\",\"@id\":\"https:\\\/\\\/www.pilgrim.es\\\/it\\\/cammino-nord\\\/tappa-12-guemes-santander\\\/#breadcrumb\",\"itemListElement\":[{\"@type\":\"ListItem\",\"position\":1,\"name\":\"Camino de Santiago\",\"item\":\"https:\\\/\\\/www.pilgrim.es\\\/it\\\/\"},{\"@type\":\"ListItem\",\"position\":2,\"name\":\"Cammino del Nord |Tappa 12: G\u00fcemes \u2013 Santander\"}]},{\"@type\":\"WebSite\",\"@id\":\"https:\\\/\\\/www.pilgrim.es\\\/it\\\/#website\",\"url\":\"https:\\\/\\\/www.pilgrim.es\\\/it\\\/\",\"name\":\"Pilgrim\",\"description\":\"Camino de Santiago | Caminamos Contigo\",\"publisher\":{\"@id\":\"https:\\\/\\\/www.pilgrim.es\\\/it\\\/#organization\"},\"potentialAction\":[{\"@type\":\"SearchAction\",\"target\":{\"@type\":\"EntryPoint\",\"urlTemplate\":\"https:\\\/\\\/www.pilgrim.es\\\/it\\\/?s={search_term_string}\"},\"query-input\":{\"@type\":\"PropertyValueSpecification\",\"valueRequired\":true,\"valueName\":\"search_term_string\"}}],\"inLanguage\":\"it-IT\"},{\"@type\":\"Organization\",\"@id\":\"https:\\\/\\\/www.pilgrim.es\\\/it\\\/#organization\",\"name\":\"Pilgrim Camino de Santiago\",\"url\":\"https:\\\/\\\/www.pilgrim.es\\\/it\\\/\",\"logo\":{\"@type\":\"ImageObject\",\"inLanguage\":\"it-IT\",\"@id\":\"https:\\\/\\\/www.pilgrim.es\\\/it\\\/#\\\/schema\\\/logo\\\/image\\\/\",\"url\":\"https:\\\/\\\/www.pilgrim.es\\\/wp-content\\\/uploads\\\/2019\\\/04\\\/logo_pilgrim.png\",\"contentUrl\":\"https:\\\/\\\/www.pilgrim.es\\\/wp-content\\\/uploads\\\/2019\\\/04\\\/logo_pilgrim.png\",\"width\":512,\"height\":512,\"caption\":\"Pilgrim Camino de Santiago\"},\"image\":{\"@id\":\"https:\\\/\\\/www.pilgrim.es\\\/it\\\/#\\\/schema\\\/logo\\\/image\\\/\"},\"sameAs\":[\"https:\\\/\\\/www.facebook.com\\\/pilgrim.es\\\/\",\"https:\\\/\\\/x.com\\\/pilgrim_es\",\"https:\\\/\\\/www.instagram.com\\\/pilgrim.es\\\/\",\"https:\\\/\\\/www.linkedin.com\\\/company\\\/pilgrim-camino-de-santiago\\\/\",\"https:\\\/\\\/www.pinterest.es\\\/pilgrimcaminodesantiago\\\/\",\"https:\\\/\\\/www.youtube.com\\\/channel\\\/UCIv2ZzFLXVqthkNF32rKedw\\\/featured\"]}]}<\/script>\n<!-- \/ Yoast SEO plugin. -->","yoast_head_json":{"title":"Cammino del Nord da G\u00fcemes a Santander | Cammino di Santiago | Pilgrim","description":"Cammino del Nord: Tappa 12 del Cammino di Santiago che passa tra G\u00fcemes e la citt\u00e0 di Santander. Scopri tutte le informazioni e pianifica la tua tappa.","robots":{"index":"index","follow":"follow","max-snippet":"max-snippet:-1","max-image-preview":"max-image-preview:large","max-video-preview":"max-video-preview:-1"},"canonical":"https:\/\/www.pilgrim.es\/it\/cammino-nord\/tappa-12-guemes-santander\/","og_locale":"it_IT","og_type":"article","og_title":"Cammino del Nord da G\u00fcemes a Santander | Cammino di Santiago | Pilgrim","og_description":"Cammino del Nord: Tappa 12 del Cammino di Santiago che passa tra G\u00fcemes e la citt\u00e0 di Santander. Scopri tutte le informazioni e pianifica la tua tappa.","og_url":"https:\/\/www.pilgrim.es\/it\/cammino-nord\/tappa-12-guemes-santander\/","og_site_name":"Pilgrim","article_publisher":"https:\/\/www.facebook.com\/pilgrim.es\/","article_modified_time":"2025-04-14T14:06:01+00:00","og_image":[{"width":1635,"height":551,"url":"https:\/\/www.pilgrim.es\/wp-content\/uploads\/2019\/02\/camino_norte_etapa_12.jpg","type":"image\/jpeg"}],"twitter_card":"summary_large_image","twitter_site":"@pilgrim_es","twitter_misc":{"Tempo di lettura stimato":"5 minuti"},"schema":{"@context":"https:\/\/schema.org","@graph":[{"@type":"WebPage","@id":"https:\/\/www.pilgrim.es\/it\/cammino-nord\/tappa-12-guemes-santander\/","url":"https:\/\/www.pilgrim.es\/it\/cammino-nord\/tappa-12-guemes-santander\/","name":"Cammino del Nord da G\u00fcemes a Santander | Cammino di Santiago | Pilgrim","isPartOf":{"@id":"https:\/\/www.pilgrim.es\/it\/#website"},"primaryImageOfPage":{"@id":"https:\/\/www.pilgrim.es\/it\/cammino-nord\/tappa-12-guemes-santander\/#primaryimage"},"image":{"@id":"https:\/\/www.pilgrim.es\/it\/cammino-nord\/tappa-12-guemes-santander\/#primaryimage"},"thumbnailUrl":"https:\/\/www.pilgrim.es\/wp-content\/uploads\/2019\/02\/camino_norte_etapa_12.jpg","datePublished":"2019-10-21T09:05:14+00:00","dateModified":"2025-04-14T14:06:01+00:00","description":"Cammino del Nord: Tappa 12 del Cammino di Santiago che passa tra G\u00fcemes e la citt\u00e0 di Santander. Scopri tutte le informazioni e pianifica la tua tappa.","breadcrumb":{"@id":"https:\/\/www.pilgrim.es\/it\/cammino-nord\/tappa-12-guemes-santander\/#breadcrumb"},"inLanguage":"it-IT","potentialAction":[{"@type":"ReadAction","target":["https:\/\/www.pilgrim.es\/it\/cammino-nord\/tappa-12-guemes-santander\/"]}]},{"@type":"ImageObject","inLanguage":"it-IT","@id":"https:\/\/www.pilgrim.es\/it\/cammino-nord\/tappa-12-guemes-santander\/#primaryimage","url":"https:\/\/www.pilgrim.es\/wp-content\/uploads\/2019\/02\/camino_norte_etapa_12.jpg","contentUrl":"https:\/\/www.pilgrim.es\/wp-content\/uploads\/2019\/02\/camino_norte_etapa_12.jpg","width":1635,"height":551,"caption":"Mappa Tappa 12 Cammino del Nord"},{"@type":"BreadcrumbList","@id":"https:\/\/www.pilgrim.es\/it\/cammino-nord\/tappa-12-guemes-santander\/#breadcrumb","itemListElement":[{"@type":"ListItem","position":1,"name":"Camino de Santiago","item":"https:\/\/www.pilgrim.es\/it\/"},{"@type":"ListItem","position":2,"name":"Cammino del Nord |Tappa 12: G\u00fcemes \u2013 Santander"}]},{"@type":"WebSite","@id":"https:\/\/www.pilgrim.es\/it\/#website","url":"https:\/\/www.pilgrim.es\/it\/","name":"Pilgrim","description":"Camino de Santiago | Caminamos Contigo","publisher":{"@id":"https:\/\/www.pilgrim.es\/it\/#organization"},"potentialAction":[{"@type":"SearchAction","target":{"@type":"EntryPoint","urlTemplate":"https:\/\/www.pilgrim.es\/it\/?s={search_term_string}"},"query-input":{"@type":"PropertyValueSpecification","valueRequired":true,"valueName":"search_term_string"}}],"inLanguage":"it-IT"},{"@type":"Organization","@id":"https:\/\/www.pilgrim.es\/it\/#organization","name":"Pilgrim Camino de Santiago","url":"https:\/\/www.pilgrim.es\/it\/","logo":{"@type":"ImageObject","inLanguage":"it-IT","@id":"https:\/\/www.pilgrim.es\/it\/#\/schema\/logo\/image\/","url":"https:\/\/www.pilgrim.es\/wp-content\/uploads\/2019\/04\/logo_pilgrim.png","contentUrl":"https:\/\/www.pilgrim.es\/wp-content\/uploads\/2019\/04\/logo_pilgrim.png","width":512,"height":512,"caption":"Pilgrim Camino de Santiago"},"image":{"@id":"https:\/\/www.pilgrim.es\/it\/#\/schema\/logo\/image\/"},"sameAs":["https:\/\/www.facebook.com\/pilgrim.es\/","https:\/\/x.com\/pilgrim_es","https:\/\/www.instagram.com\/pilgrim.es\/","https:\/\/www.linkedin.com\/company\/pilgrim-camino-de-santiago\/","https:\/\/www.pinterest.es\/pilgrimcaminodesantiago\/","https:\/\/www.youtube.com\/channel\/UCIv2ZzFLXVqthkNF32rKedw\/featured"]}]}},"_links":{"self":[{"href":"https:\/\/www.pilgrim.es\/it\/wp-json\/wp\/v2\/pages\/48342","targetHints":{"allow":["GET"]}}],"collection":[{"href":"https:\/\/www.pilgrim.es\/it\/wp-json\/wp\/v2\/pages"}],"about":[{"href":"https:\/\/www.pilgrim.es\/it\/wp-json\/wp\/v2\/types\/page"}],"author":[{"embeddable":true,"href":"https:\/\/www.pilgrim.es\/it\/wp-json\/wp\/v2\/users\/4"}],"replies":[{"embeddable":true,"href":"https:\/\/www.pilgrim.es\/it\/wp-json\/wp\/v2\/comments?post=48342"}],"version-history":[{"count":3,"href":"https:\/\/www.pilgrim.es\/it\/wp-json\/wp\/v2\/pages\/48342\/revisions"}],"predecessor-version":[{"id":127065,"href":"https:\/\/www.pilgrim.es\/it\/wp-json\/wp\/v2\/pages\/48342\/revisions\/127065"}],"up":[{"embeddable":true,"href":"https:\/\/www.pilgrim.es\/it\/wp-json\/wp\/v2\/pages\/10817"}],"wp:featuredmedia":[{"embeddable":true,"href":"https:\/\/www.pilgrim.es\/it\/wp-json\/wp\/v2\/media\/11583"}],"wp:attachment":[{"href":"https:\/\/www.pilgrim.es\/it\/wp-json\/wp\/v2\/media?parent=48342"}],"wp:term":[{"taxonomy":"category","embeddable":true,"href":"https:\/\/www.pilgrim.es\/it\/wp-json\/wp\/v2\/categories?post=48342"},{"taxonomy":"post_tag","embeddable":true,"href":"https:\/\/www.pilgrim.es\/it\/wp-json\/wp\/v2\/tags?post=48342"}],"curies":[{"name":"wp","href":"https:\/\/api.w.org\/{rel}","templated":true}]}}