{"id":48340,"date":"2019-10-21T08:48:12","date_gmt":"2019-10-21T08:48:12","guid":{"rendered":"https:\/\/prod.pilgrim.es\/cammino-nord\/tappa-13-santander-santillana-del-mar\/"},"modified":"2025-04-14T14:06:05","modified_gmt":"2025-04-14T14:06:05","slug":"tappa-13-santander-santillana-del-mar","status":"publish","type":"page","link":"https:\/\/www.pilgrim.es\/it\/cammino-nord\/tappa-13-santander-santillana-del-mar\/","title":{"rendered":"Cammino del Nord | Tappa 13: Santander &#8211; Santillana del Mar"},"content":{"rendered":" <section id=\"heroStage\">\n  <h1>Cammino del Nord: tappa 13<\/h1>\n  <div>\n    <div class=\"hero\" data-background=\"https:\/\/cdn.pilgrim.es\/web\/caminos\/camino-norte\/pueblos\/santander.jpg\">\n      <div class=\"hero__container\">\n        <div class=\"hero__container__labels\">\n          <p>A piedi<\/p>\n          <p>35 Tappe \/ 804 Kms<\/p>\n        <\/div>\n        <div class=\"hero__container__stage-name\">\n          <h2>\n            Santander <br \/>\n            <span>&#10093;<\/span>\n            Santillana del Mar\n          <\/h2>\n          <p>36.3 Km<\/p>\n        <\/div>\n        <div class=\"hero__container__stage-changer\">\n            <div class=\"stage-control\">\n              <a class=\"stage-control__link\" href=\"\/it\/cammino-nord\/tappa-12-guemes-santander\/\"><span>&#10094;<\/span> Tappa 12<\/a>\n            <\/div>\n          <div class=\"stage-control\">\n            <a class=\"stage-control__link\" href=\"\/it\/cammino-nord\/tappa-14-santillana-del-mar-comillas\/\">Tappa 14 <span>&#10095;<\/span><\/a>\n          <\/div>\n        <\/div>\n      <\/div>\n    <\/div>\n    <div class=\"planner\"><div\r\n  class=\"p-col-span-1 p-rounded-lg p-px-5 p-h-full\"\r\n  style=\"background-image: url('https:\/\/cdn.pilgrim.es\/web\/pilgrim-planner\/bg-plugin-planificador.webp')\"\r\n  rel=\"preload\"\r\n  fetchpriority=\"high\"\r\n  >\r\n    <div class=\"p-text-center p-pt-5 p-text-white p-text-2xl p-font-semibold\">\r\n      Pianifica il tuo cammino    <\/div>\r\n    <div\r\n            id='primary-app'\r\n            data-name='banner'\r\n            data-api='https:\/\/pathfinder.pilgrim.es\/api\/pathfinder\/v2'\r\n            data-mode='normal'\r\n            data-lang='it'\r\n            data-route='1'\r\n            data-destiny='https:\/\/planificador.pilgrim.es'\r\n            data-modality='1'\r\n            data-inline=''\r\n        ><\/div><\/div><\/div>\n  <\/div>\n<\/section>\n\n<section id=\"scoreBarsStage\">\n  <section>\r\n  <div class=\"p-flex p-flex-nowrap p-space-x-4 p-py-5 p-overflow-x-auto md:p-grid md:p-grid-cols-3 lg:p-grid-cols-5 md:p-gap-8 md:p-space-x-0 md:p-overflow-hidden scrollbar-thin\">\r\n    <div class=\"p-grid p-grid-cols-4 p-shrink-0 p-w-72 p-snap-start md:p-w-full\">\r\n        <div class=\"p-col-span-1 p-self-center p-text-center p-text-3xl\">\r\n            <i class=\"icon-influx\"><\/i>\r\n        <\/div>\r\n        <div class=\"p-col-span-3 p-flex p-flex-col p-items-start\">\r\n            <div class=\"p-text-start p-text-secondary p-mb-1 p-bold\"> Afflusso <\/div>\r\n            <div class=\"p-w-full p-bg-light p-rounded-full p-h-2 p-relative\">\r\n                <div class=\"p-bg-primary p-h-2 p-rounded-full p-absolute\" style=\"width: 80%;\"><\/div>\r\n            <\/div>\r\n        <\/div>\r\n    <\/div>\r\n\r\n    <div class=\"p-grid p-grid-cols-4 p-shrink-0 p-w-72 p-snap-start md:p-w-full\">\r\n        <div class=\"p-col-span-1 p-self-center p-text-center p-text-3xl\">\r\n            <i class=\"icon-difficulty\"><\/i>\r\n        <\/div>\r\n        <div class=\"p-col-span-3 p-flex p-flex-col p-items-start\">\r\n            <div class=\"p-text-start p-text-secondary p-mb-1 p-bold\"> Difficolt\u00e0 <\/div>\r\n            <div class=\"p-w-full p-bg-light p-rounded-full p-h-2 p-relative\">\r\n                <div class=\"p-bg-primary p-h-2 p-rounded-full p-absolute\" style=\"width: 40%;\"><\/div>\r\n            <\/div>\r\n        <\/div>\r\n    <\/div>\r\n\r\n    <div class=\"p-grid p-grid-cols-4 p-shrink-0 p-w-72 p-snap-start md:p-w-full\">\r\n        <div class=\"p-col-span-1 p-self-center p-text-center p-text-3xl\">\r\n            <i class=\"icon-patrimony\"><\/i>\r\n        <\/div>\r\n        <div class=\"p-col-span-3 p-flex p-flex-col p-items-start\">\r\n            <div class=\"p-text-start p-text-secondary p-mb-1 p-bold\"> Arte\/Storia <\/div>\r\n            <div class=\"p-w-full p-bg-light p-rounded-full p-h-2 p-relative\">\r\n                <div class=\"p-bg-primary p-h-2 p-rounded-full p-absolute\" style=\"width: 40%;\"><\/div>\r\n            <\/div>\r\n        <\/div>\r\n    <\/div>\r\n\r\n    <div class=\"p-grid p-grid-cols-4 p-shrink-0 p-w-72 p-snap-start md:p-w-full\">\r\n        <div class=\"p-col-span-1 p-self-center p-text-center p-text-3xl\">\r\n            <i class=\"icon-nature\"><\/i>\r\n        <\/div>\r\n        <div class=\"p-col-span-3 p-flex p-flex-col p-items-start\">\r\n            <div class=\"p-text-start p-text-secondary p-mb-1 p-bold\"> Natura <\/div>\r\n            <div class=\"p-w-full p-bg-light p-rounded-full p-h-2 p-relative\">\r\n                <div class=\"p-bg-primary p-h-2 p-rounded-full p-absolute\" style=\"width: 40%;\"><\/div>\r\n            <\/div>\r\n        <\/div>\r\n    <\/div>\r\n\r\n    <div class=\"p-grid p-grid-cols-4 p-shrink-0 p-w-72 p-snap-start md:p-w-full\">\r\n        <div class=\"p-col-span-1 p-self-center p-text-center p-text-3xl\">\r\n            <i class=\"icon-urban\"><\/i>\r\n        <\/div>\r\n        <div class=\"p-col-span-3 p-flex p-flex-col p-items-start\">\r\n            <div class=\"p-text-start p-text-secondary p-mb-1 p-bold\"> Cammino Francese <\/div>\r\n            <div class=\"p-w-full p-bg-light p-rounded-full p-h-2 p-relative\">\r\n                <div class=\"p-bg-primary p-h-2 p-rounded-full p-absolute\" style=\"width: 60%;\"><\/div>\r\n            <\/div>\r\n        <\/div>\r\n    <\/div>\r\n  <\/div>\r\n<\/section>\n<\/section>\n\n<div id=\"stage-list-section\"><div class=\"stage-list\">\n    <div class='stage-list__map-card'>\n        <div class='stage-list__map-card__map'>\n            <div class='stage-list__map-card__map__text'>\n                <h2> Pages <\/h2>\n                <p> A piedi<\/p>\n                <p> 0tappe<\/p>\n            <\/div>\n            <div class='stage-list__map-card__map__img'>\n                <img decoding=\"async\" src=\"\" alt=\" mapa \" \/>\n            <\/div>\n        <\/div>\n    <\/div>\n\n    <\/div>\n<\/div>\n\n<section id=\"navStage\">\n  <div>\n    <nav id=\"tab-navigation-section\" class=\"tab-navigation-section--cols-5\">\n      <a href=\"#infoSection\" class=\"active\">Informazioni<\/a>\n      <a href=\"#profileSection\">Profilo<\/a>\n      <a href=\"#itinerarySection\">Itinerario<\/a>\n      \n      <a href=\"#locationsSection\">Paesi<\/a>\n    <\/nav>\n\n    <div id=\"infoSection\">\n      <!-- Title Section with Orange Line -->\n      <div>\n        <h2 class=\"p-h2-stage\">Informazioni<\/h2>\n        <hr class=\"orange-bar\" \/>\n        <h3 class=\"p-h3-stage\">Informazioni su questa tappa<\/h3>\n      <\/div>\n\n      \n        <div aria-labelledby=\"nav-info-tab\" class=\"tab-pane fade show active\" id=\"Info\" role=\"tabpanel\">\n\n\t\tTappa difficile, non tanto per l&#8217;orografia ma pi\u00fa che altro per un alto chilometraggio. Con la costante\n\t\tcompagnia del fiume Pas,il quale dovremmo passarlo pi\u00fa volte anche facendo deviazioni considerevoli per\n\t\tevitarlo,avanzeremo gradualmente verso Queveda e la vicina Santillana del Mar. Per coloro che non desiderano\n\t\tcamminare tanto esistono varie alternative che analizzeremo in profondit\u00e0 nella sezione dell&#8217;itinerario\n\n\t<\/div>\n      \n\n      <div class=\"recomendation-card\">\n        <div>\n          <i class=\"icon-logo-pilgrim\"><\/i>\n          <h5>Raccomandazione Pilgrim<\/h5>\n        <\/div>\n\n        \n      <\/div>\n    <\/div>\n\n    <div id=\"profileSection\">\n      <div>\n        <h2 class=\"p-h2-stage\">Distanza e altitudine<\/h2>\n        <hr class=\"orange-bar\" \/>\n        <h3 class=\"p-h3-stage\">Profilo<\/h3>\n        <img decoding=\"async\" src=\"https:\/\/cdn.pilgrim.es\/web\/caminos\/camino-norte\/etapas\/etapa-13\/etapa13_perfil-santander-santillana-del-mar.jpg\" alt=\"Perfil de la etapa tappa-13-santander-santillana-del-mar\" \/>\n      <\/div>\n    <\/div>\n\n    <div id=\"itinerarySection\">\n      <h2 class=\"p-h2-stage\">Itinerario<\/h2>\n      <hr \/>\n      <h3 class=\"p-h3-stage\">Percorso<\/h3>\n\n      \n        <div>\n          <h4><\/h4>\n\n          \n            <div aria-labelledby=\"nav-itinerary-tab\" class=\"tab-pane fade\" id=\"Itinerario\" role=\"tabpanel\">\n\n\t\tDe nuevo vamos en busca del paseo Pereda, una de las calles m\u00e1s antiguas de toda la ciudad y declarado Conjunto\n\t\tHist\u00f3rico-Art\u00edstico, a orillas del mar Cant\u00e1brico. Tras un agradable paseo cruz\u00e1mos la plaza de Cuatro Caminos,\n\t\tla avenida de Valdecilla y justo en frente seguimos por la calle Cajo, rumbo a los barrios de Campogiro y del\n\t\tCastro. Tendremos que cruzar por un puente sobre la v\u00eda ferroviaria para continuar a mano izquierda por un\n\t\tcamino paralelo a ella durante unos cuantos metros m\u00e1s. Antes de alcanzar el barrio de Santa Cruz de Bezana\n\t\tdeberemos cruzar por Lluja y cruzar bajo un t\u00fanel para as\u00ed acceder a \u00e9l por la avenida Jos\u00e9 Mar\u00eda de Pereda. El\n\t\tsiguiente n\u00facleo que alcanzaremos ser\u00e1 el de Momp\u00eda, pueblo perteneciente a Sana Cruz de Bezana, donde podremos\n\t\tapreciar la llamada \u201ccasa indiana\u201d en la avenida principal. Siguiendo el curso de la carretera, pasamos por un\n\t\tpuente y continuamos por la CA-304 en direcci\u00f3n a Bojar. Justo al entrar en este pueblo dejamos a un lado el\n\t\tasfalto, a mano derecha cogemos una pista en busca de nuevo de las v\u00edas del tren. Gracias a un paso subterr\u00e1neo\n\t\tnos ponemos r\u00e1pidamente en Boo de Pi\u00e9lagos. Antiguamente exist\u00eda desde aqu\u00ed un transporte acu\u00e1tico que permit\u00eda\n\t\tcruzar el r\u00edo Pas hasta Miengo, evitando el tener que dar un rodeo hasta Puente Arce. Hoy en d\u00eda tenemos la\n\t\tpeligrosa y poco recomendable opci\u00f3n de cruzar las v\u00edas del tren. Un truco para atajar estos casi diez\n\t\tkil\u00f3metros sin jugarse la vida es subirse al tren en la estaci\u00f3n de Boo y bajarse en Mogro. Si no queremos\n\t\tarriesgarnos deberemos de dar un rodeo hacia el Puente Arce, paso previo por un paso bajo la autov\u00eda y por la\n\t\turbanizaci\u00f3n de la Mina. Una vez en Arce seguimos el curso de la carretera nacional. Esta nos conducir\u00e1 por el\n\t\tbarrio de Monse\u00f1or y llegaremos por fin a un puente sobre el r\u00edo Pas.\n\n\t\tSea cual sea la opci\u00f3n elegida, ya en Oru\u00f1a continuamos por la carretera con la vista puesta en Mogro y en su\n\t\tsantuario de la Virgen del Monte. Esta ermita situada sobre una colina tuvo sus origenes en un primigenio\n\t\thumilladero construido un poco m\u00e1s abajo para honrar a la Virgen. En pleno ascenso alcanzamos la localidad de\n\t\tMogro, la m\u00e1s poblada del municipio y de una gran belleza paisajista dado su emplazamiento estrat\u00e9gico con\n\t\tvistas al mar Cant\u00e1brico. Adem\u00e1s de la advocaci\u00f3n a la Virgen tambi\u00e9n destaca la iglesia de San Mart\u00edn, cuya\n\t\tconstrucci\u00f3n se inici\u00f3 en el siglo XVI y emplazada en la parte m\u00e1s alta del municipio. Al llegar a una carretera\n\t\tdeberemos girar a la izquierda con la intenci\u00f3n de bordear B\u00e1rcena de Cud\u00f3n, desvi\u00e1ndonos antes de llegar a ella\n\t\ta la derecha y cogiendo la pista que nos acercar\u00e1 a Carriazo. Desde all\u00ed tan s\u00f3lo tendremos que cruzar m\u00e1s\n\t\tadelante la carretera y continuar por la izquierda hasta Cud\u00f3n. Tras haber cruzado esta peque\u00f1a localidad y el\n\t\tposterior pol\u00edgono industrial traspasamos un puente sobre las v\u00edas de tren y entramos en Requejada, ya en el\n\t\tmunicipio de Polanco. Seguiremos el curso de la carretera nacional hasta Santillana del Mar, paso previo por\n\t\tBarreda donde de nuevo tendremos que cruzar el r\u00edo. Antes de llegar tendremos que coger la CA-132 direcci\u00f3n\n\t\tSuances y desviarnos m\u00e1s adelante a mano izquierda por Camplengo, desde donde continuamos ascendiendo de frente\n\t\thasta encontrarnos con el desv\u00edo hacia el albergue de Queveda. Muchos peregrinos deciden finalizar aqu\u00ed la etapa\n\t\tpero para los que a\u00fan tengan fuerzas para recorrer los restantes kil\u00f3metros hasta Santillana, \u00a1permaneced\n\t\tatentos! Al salir de Camplengo tan s\u00f3lo deberemos descender hacia el barrio de la Fontanilla y pasar por la\n\t\tColegiata de Santa Juliana. Este monumento del siglo XII debe su origen a un antiguo monasterio y a la intenci\u00f3n\n\t\tde sus monjes de crear una ermita donde venerar las reliquias de la m\u00e1rtir Juliana. Actualmente no se conservan\n\t\trestos del templo primigenio pero s\u00ed destaca por su retablo mayor, del siglo XV, de estilos g\u00f3tico, flam\u00edgero y\n\t\tplateresco. Accederemos al centro urbano hasta la plaza del ayuntamiento, la de Ram\u00f3n Pelayo.\n\n\t<\/div>\n          \n\n          \n        <\/div>\n        <hr \/>\n      \n      <div>\n        <h4>Km 36.3 &#8231; Santillana del Mar<\/h4>\n\n        \n          <a class=\"town-link\" href=\"\/it\/cammino-nord\/santillana-del-mar\/\">\n            <div class=\"town-link__link-content\">\n              <div class=\"town-link__link-content__text\">\n                <p>Informazioni locali<\/p>\n                <p>Polizia, Assistenza medica, Cosa vedere, Dove mangiare&#8230;<\/p>\n              <\/div>\n              <div class=\"town-link__link-content__town-btn\">\n                <i class=\"icon-arrow\"><\/i>\n              <\/div>\n            <\/div>\n          <\/a>\n        \n      <\/div>\n    <\/div>\n\n    \n\n  <div id=\"locationsSection\">\n      <h2 class=\"p-h2-stage\">Paesi<\/h2>\n      <hr \/>\n      <h3 class=\"p-h3-stage\">Villaggi<\/h3>\n      <div class=\"grid-container\">\n\n        <div class=\"p-group card-stage p-max-w-full\">\n          <a href=\"\/it\/cammino-nord\/santander\/\" class=\"town-card\">\n            <div class=\"card-stage__header\">\n              <img decoding=\"async\" src=\"https:\/\/cdn.pilgrim.es\/web\/caminos\/camino-norte\/pueblos\/santander.jpg\" alt=\"Santander\" class=\"group-hover:p-scale-110\" \/>\n              <div class=\"card-overlay group-hover:p-opacity-50\"><\/div>\n            <\/div>\n            <div class=\"town-card__flex-container\">\n              <div class=\"town-card__flex-container__info\">\n                <h4>Santander<\/h4>\n                <p>Provincia: Cantabria<\/p>\n              <\/div>\n              \n              <div class=\"town-card__flex-container__btn\">\n                <i class=\"icon-arrow\"><\/i>\n              <\/div>\n              \n            <\/div>\n          <\/a>\n        <\/div>\n        <div class=\"p-group card-stage p-max-w-full\">\n          <a href=\"\/it\/cammino-nord\/santillana-del-mar\/\" class=\"town-card\">\n            <div class=\"card-stage__header\">\n              <img decoding=\"async\" src=\"https:\/\/cdn.pilgrim.es\/web\/caminos\/camino-norte\/pueblos\/santillana-del-mar.jpg\" alt=\"Santillana del Mar\" class=\"group-hover:p-scale-110\" \/>\n              <div class=\"card-overlay group-hover:p-opacity-50\"><\/div>\n            <\/div>\n            <div class=\"town-card__flex-container\">\n              <div class=\"town-card__flex-container__info\">\n                <h4>Santillana del Mar<\/h4>\n                <p>Provincia: Cantabria<\/p>\n              <\/div>\n              \n                <div class=\"town-card__flex-container__btn\">\n                  <i class=\"icon-arrow\"><\/i>\n                <\/div>\n              \n            <\/div>\n          <\/a>\n        <\/div>\n      <\/div>\n    <\/div>\n    <hr class=\"single-bar\" \/>\n  <\/div>\n<\/section>\n\n<section id=\"stageChange\">\n  <div>\n    <a href=\"\/it\/cammino-nord\/tappa-12-guemes-santander\/\" class=\"change-btn\">\n    <div class=\"change-btn\">\n      <div class=\"btn-arrow previous\">\n        <i class=\"icon-arrow\"><\/i>\n      <\/div>\n      <div class=\"change-btn__info\">\n        <div>Tappa 12<\/div>\n        <p>\n          G\u00fcemes \u276f <br> Santander\n        <\/p>\n      <\/div>\n    <\/div>\n    <\/a>\n    <a href=\"\/it\/cammino-nord\/tappa-14-santillana-del-mar-comillas\/\" class=\"change-btn\">\n      <div class=\"change-btn__info\">\n        <div>Tappa 14<\/div>\n        <p>\n          Santillana del Mar \u276f <br> Comillas\n        <\/p>\n      <\/div>\n      <div class=\"btn-arrow\">\n        <i class=\"icon-arrow\"><\/i>\n      <\/div>\n    <\/a>\n  <\/div>\n<\/section> ","protected":false},"excerpt":{"rendered":"<p>Cammino del Nord: tappa 13 A piedi 35 Tappe \/ 804 Kms Santander &#10093; Santillana del Mar 36.3 Km &#10094; Tappa 12 Tappa 14 &#10095; Informazioni Profilo Itinerario Paesi Informazioni Informazioni su questa tappa Tappa difficile, non tanto per l&#8217;orografia ma pi\u00fa che altro per un alto chilometraggio. Con la costante compagnia del fiume Pas,il &hellip; <\/p>\n<p class=\"read_more\"><a href=\"https:\/\/www.pilgrim.es\/it\/cammino-nord\/tappa-13-santander-santillana-del-mar\/\">Leer m\u00e1s<\/a><\/p>\n","protected":false},"author":4,"featured_media":11591,"parent":10817,"menu_order":0,"comment_status":"closed","ping_status":"closed","template":"views\/template-new-web-design.blade.php","meta":{"footnotes":""},"categories":[],"tags":[],"class_list":["post-48340","page","type-page","status-publish","has-post-thumbnail","hentry"],"yoast_head":"<!-- This site is optimized with the Yoast SEO plugin v27.4 - https:\/\/yoast.com\/product\/yoast-seo-wordpress\/ -->\n<title>Cammino del Nord da Santander a Santillana del Mar | Cammino di Santiago<\/title>\n<meta name=\"description\" content=\"Cammino del Nord: Tappa 13 del Cammino di Santiago che passa tra Santander e Santillana del Mar. Scopri tutte le informazioni e pianifica la tua tappa.\" \/>\n<meta name=\"robots\" content=\"index, follow, max-snippet:-1, max-image-preview:large, max-video-preview:-1\" \/>\n<link rel=\"canonical\" href=\"https:\/\/www.pilgrim.es\/it\/cammino-nord\/tappa-13-santander-santillana-del-mar\/\" \/>\n<meta property=\"og:locale\" content=\"it_IT\" \/>\n<meta property=\"og:type\" content=\"article\" \/>\n<meta property=\"og:title\" content=\"Cammino del Nord da Santander a Santillana del Mar | Cammino di Santiago\" \/>\n<meta property=\"og:description\" content=\"Cammino del Nord: Tappa 13 del Cammino di Santiago che passa tra Santander e Santillana del Mar. Scopri tutte le informazioni e pianifica la tua tappa.\" \/>\n<meta property=\"og:url\" content=\"https:\/\/www.pilgrim.es\/it\/cammino-nord\/tappa-13-santander-santillana-del-mar\/\" \/>\n<meta property=\"og:site_name\" content=\"Pilgrim\" \/>\n<meta property=\"article:publisher\" content=\"https:\/\/www.facebook.com\/pilgrim.es\/\" \/>\n<meta property=\"article:modified_time\" content=\"2025-04-14T14:06:05+00:00\" \/>\n<meta property=\"og:image\" content=\"https:\/\/www.pilgrim.es\/wp-content\/uploads\/2019\/02\/camino_norte_etapa_13.jpg\" \/>\n\t<meta property=\"og:image:width\" content=\"1631\" \/>\n\t<meta property=\"og:image:height\" content=\"547\" \/>\n\t<meta property=\"og:image:type\" content=\"image\/jpeg\" \/>\n<meta name=\"twitter:card\" content=\"summary_large_image\" \/>\n<meta name=\"twitter:site\" content=\"@pilgrim_es\" \/>\n<meta name=\"twitter:label1\" content=\"Tempo di lettura stimato\" \/>\n\t<meta name=\"twitter:data1\" content=\"4 minuti\" \/>\n<script type=\"application\/ld+json\" class=\"yoast-schema-graph\">{\"@context\":\"https:\\\/\\\/schema.org\",\"@graph\":[{\"@type\":\"WebPage\",\"@id\":\"https:\\\/\\\/www.pilgrim.es\\\/it\\\/cammino-nord\\\/tappa-13-santander-santillana-del-mar\\\/\",\"url\":\"https:\\\/\\\/www.pilgrim.es\\\/it\\\/cammino-nord\\\/tappa-13-santander-santillana-del-mar\\\/\",\"name\":\"Cammino del Nord da Santander a Santillana del Mar | Cammino di Santiago\",\"isPartOf\":{\"@id\":\"https:\\\/\\\/www.pilgrim.es\\\/it\\\/#website\"},\"primaryImageOfPage\":{\"@id\":\"https:\\\/\\\/www.pilgrim.es\\\/it\\\/cammino-nord\\\/tappa-13-santander-santillana-del-mar\\\/#primaryimage\"},\"image\":{\"@id\":\"https:\\\/\\\/www.pilgrim.es\\\/it\\\/cammino-nord\\\/tappa-13-santander-santillana-del-mar\\\/#primaryimage\"},\"thumbnailUrl\":\"https:\\\/\\\/www.pilgrim.es\\\/wp-content\\\/uploads\\\/2019\\\/02\\\/camino_norte_etapa_13.jpg\",\"datePublished\":\"2019-10-21T08:48:12+00:00\",\"dateModified\":\"2025-04-14T14:06:05+00:00\",\"description\":\"Cammino del Nord: Tappa 13 del Cammino di Santiago che passa tra Santander e Santillana del Mar. Scopri tutte le informazioni e pianifica la tua tappa.\",\"breadcrumb\":{\"@id\":\"https:\\\/\\\/www.pilgrim.es\\\/it\\\/cammino-nord\\\/tappa-13-santander-santillana-del-mar\\\/#breadcrumb\"},\"inLanguage\":\"it-IT\",\"potentialAction\":[{\"@type\":\"ReadAction\",\"target\":[\"https:\\\/\\\/www.pilgrim.es\\\/it\\\/cammino-nord\\\/tappa-13-santander-santillana-del-mar\\\/\"]}]},{\"@type\":\"ImageObject\",\"inLanguage\":\"it-IT\",\"@id\":\"https:\\\/\\\/www.pilgrim.es\\\/it\\\/cammino-nord\\\/tappa-13-santander-santillana-del-mar\\\/#primaryimage\",\"url\":\"https:\\\/\\\/www.pilgrim.es\\\/wp-content\\\/uploads\\\/2019\\\/02\\\/camino_norte_etapa_13.jpg\",\"contentUrl\":\"https:\\\/\\\/www.pilgrim.es\\\/wp-content\\\/uploads\\\/2019\\\/02\\\/camino_norte_etapa_13.jpg\",\"width\":1631,\"height\":547,\"caption\":\"Mappa Tappa 13 Cammino del Nord\"},{\"@type\":\"BreadcrumbList\",\"@id\":\"https:\\\/\\\/www.pilgrim.es\\\/it\\\/cammino-nord\\\/tappa-13-santander-santillana-del-mar\\\/#breadcrumb\",\"itemListElement\":[{\"@type\":\"ListItem\",\"position\":1,\"name\":\"Camino de Santiago\",\"item\":\"https:\\\/\\\/www.pilgrim.es\\\/it\\\/\"},{\"@type\":\"ListItem\",\"position\":2,\"name\":\"Cammino del Nord | Tappa 13: Santander &#8211; Santillana del Mar\"}]},{\"@type\":\"WebSite\",\"@id\":\"https:\\\/\\\/www.pilgrim.es\\\/it\\\/#website\",\"url\":\"https:\\\/\\\/www.pilgrim.es\\\/it\\\/\",\"name\":\"Pilgrim\",\"description\":\"Camino de Santiago | Caminamos Contigo\",\"publisher\":{\"@id\":\"https:\\\/\\\/www.pilgrim.es\\\/it\\\/#organization\"},\"potentialAction\":[{\"@type\":\"SearchAction\",\"target\":{\"@type\":\"EntryPoint\",\"urlTemplate\":\"https:\\\/\\\/www.pilgrim.es\\\/it\\\/?s={search_term_string}\"},\"query-input\":{\"@type\":\"PropertyValueSpecification\",\"valueRequired\":true,\"valueName\":\"search_term_string\"}}],\"inLanguage\":\"it-IT\"},{\"@type\":\"Organization\",\"@id\":\"https:\\\/\\\/www.pilgrim.es\\\/it\\\/#organization\",\"name\":\"Pilgrim Camino de Santiago\",\"url\":\"https:\\\/\\\/www.pilgrim.es\\\/it\\\/\",\"logo\":{\"@type\":\"ImageObject\",\"inLanguage\":\"it-IT\",\"@id\":\"https:\\\/\\\/www.pilgrim.es\\\/it\\\/#\\\/schema\\\/logo\\\/image\\\/\",\"url\":\"https:\\\/\\\/www.pilgrim.es\\\/wp-content\\\/uploads\\\/2019\\\/04\\\/logo_pilgrim.png\",\"contentUrl\":\"https:\\\/\\\/www.pilgrim.es\\\/wp-content\\\/uploads\\\/2019\\\/04\\\/logo_pilgrim.png\",\"width\":512,\"height\":512,\"caption\":\"Pilgrim Camino de Santiago\"},\"image\":{\"@id\":\"https:\\\/\\\/www.pilgrim.es\\\/it\\\/#\\\/schema\\\/logo\\\/image\\\/\"},\"sameAs\":[\"https:\\\/\\\/www.facebook.com\\\/pilgrim.es\\\/\",\"https:\\\/\\\/x.com\\\/pilgrim_es\",\"https:\\\/\\\/www.instagram.com\\\/pilgrim.es\\\/\",\"https:\\\/\\\/www.linkedin.com\\\/company\\\/pilgrim-camino-de-santiago\\\/\",\"https:\\\/\\\/www.pinterest.es\\\/pilgrimcaminodesantiago\\\/\",\"https:\\\/\\\/www.youtube.com\\\/channel\\\/UCIv2ZzFLXVqthkNF32rKedw\\\/featured\"]}]}<\/script>\n<!-- \/ Yoast SEO plugin. -->","yoast_head_json":{"title":"Cammino del Nord da Santander a Santillana del Mar | Cammino di Santiago","description":"Cammino del Nord: Tappa 13 del Cammino di Santiago che passa tra Santander e Santillana del Mar. Scopri tutte le informazioni e pianifica la tua tappa.","robots":{"index":"index","follow":"follow","max-snippet":"max-snippet:-1","max-image-preview":"max-image-preview:large","max-video-preview":"max-video-preview:-1"},"canonical":"https:\/\/www.pilgrim.es\/it\/cammino-nord\/tappa-13-santander-santillana-del-mar\/","og_locale":"it_IT","og_type":"article","og_title":"Cammino del Nord da Santander a Santillana del Mar | Cammino di Santiago","og_description":"Cammino del Nord: Tappa 13 del Cammino di Santiago che passa tra Santander e Santillana del Mar. Scopri tutte le informazioni e pianifica la tua tappa.","og_url":"https:\/\/www.pilgrim.es\/it\/cammino-nord\/tappa-13-santander-santillana-del-mar\/","og_site_name":"Pilgrim","article_publisher":"https:\/\/www.facebook.com\/pilgrim.es\/","article_modified_time":"2025-04-14T14:06:05+00:00","og_image":[{"width":1631,"height":547,"url":"https:\/\/www.pilgrim.es\/wp-content\/uploads\/2019\/02\/camino_norte_etapa_13.jpg","type":"image\/jpeg"}],"twitter_card":"summary_large_image","twitter_site":"@pilgrim_es","twitter_misc":{"Tempo di lettura stimato":"4 minuti"},"schema":{"@context":"https:\/\/schema.org","@graph":[{"@type":"WebPage","@id":"https:\/\/www.pilgrim.es\/it\/cammino-nord\/tappa-13-santander-santillana-del-mar\/","url":"https:\/\/www.pilgrim.es\/it\/cammino-nord\/tappa-13-santander-santillana-del-mar\/","name":"Cammino del Nord da Santander a Santillana del Mar | Cammino di Santiago","isPartOf":{"@id":"https:\/\/www.pilgrim.es\/it\/#website"},"primaryImageOfPage":{"@id":"https:\/\/www.pilgrim.es\/it\/cammino-nord\/tappa-13-santander-santillana-del-mar\/#primaryimage"},"image":{"@id":"https:\/\/www.pilgrim.es\/it\/cammino-nord\/tappa-13-santander-santillana-del-mar\/#primaryimage"},"thumbnailUrl":"https:\/\/www.pilgrim.es\/wp-content\/uploads\/2019\/02\/camino_norte_etapa_13.jpg","datePublished":"2019-10-21T08:48:12+00:00","dateModified":"2025-04-14T14:06:05+00:00","description":"Cammino del Nord: Tappa 13 del Cammino di Santiago che passa tra Santander e Santillana del Mar. Scopri tutte le informazioni e pianifica la tua tappa.","breadcrumb":{"@id":"https:\/\/www.pilgrim.es\/it\/cammino-nord\/tappa-13-santander-santillana-del-mar\/#breadcrumb"},"inLanguage":"it-IT","potentialAction":[{"@type":"ReadAction","target":["https:\/\/www.pilgrim.es\/it\/cammino-nord\/tappa-13-santander-santillana-del-mar\/"]}]},{"@type":"ImageObject","inLanguage":"it-IT","@id":"https:\/\/www.pilgrim.es\/it\/cammino-nord\/tappa-13-santander-santillana-del-mar\/#primaryimage","url":"https:\/\/www.pilgrim.es\/wp-content\/uploads\/2019\/02\/camino_norte_etapa_13.jpg","contentUrl":"https:\/\/www.pilgrim.es\/wp-content\/uploads\/2019\/02\/camino_norte_etapa_13.jpg","width":1631,"height":547,"caption":"Mappa Tappa 13 Cammino del Nord"},{"@type":"BreadcrumbList","@id":"https:\/\/www.pilgrim.es\/it\/cammino-nord\/tappa-13-santander-santillana-del-mar\/#breadcrumb","itemListElement":[{"@type":"ListItem","position":1,"name":"Camino de Santiago","item":"https:\/\/www.pilgrim.es\/it\/"},{"@type":"ListItem","position":2,"name":"Cammino del Nord | Tappa 13: Santander &#8211; Santillana del Mar"}]},{"@type":"WebSite","@id":"https:\/\/www.pilgrim.es\/it\/#website","url":"https:\/\/www.pilgrim.es\/it\/","name":"Pilgrim","description":"Camino de Santiago | Caminamos Contigo","publisher":{"@id":"https:\/\/www.pilgrim.es\/it\/#organization"},"potentialAction":[{"@type":"SearchAction","target":{"@type":"EntryPoint","urlTemplate":"https:\/\/www.pilgrim.es\/it\/?s={search_term_string}"},"query-input":{"@type":"PropertyValueSpecification","valueRequired":true,"valueName":"search_term_string"}}],"inLanguage":"it-IT"},{"@type":"Organization","@id":"https:\/\/www.pilgrim.es\/it\/#organization","name":"Pilgrim Camino de Santiago","url":"https:\/\/www.pilgrim.es\/it\/","logo":{"@type":"ImageObject","inLanguage":"it-IT","@id":"https:\/\/www.pilgrim.es\/it\/#\/schema\/logo\/image\/","url":"https:\/\/www.pilgrim.es\/wp-content\/uploads\/2019\/04\/logo_pilgrim.png","contentUrl":"https:\/\/www.pilgrim.es\/wp-content\/uploads\/2019\/04\/logo_pilgrim.png","width":512,"height":512,"caption":"Pilgrim Camino de Santiago"},"image":{"@id":"https:\/\/www.pilgrim.es\/it\/#\/schema\/logo\/image\/"},"sameAs":["https:\/\/www.facebook.com\/pilgrim.es\/","https:\/\/x.com\/pilgrim_es","https:\/\/www.instagram.com\/pilgrim.es\/","https:\/\/www.linkedin.com\/company\/pilgrim-camino-de-santiago\/","https:\/\/www.pinterest.es\/pilgrimcaminodesantiago\/","https:\/\/www.youtube.com\/channel\/UCIv2ZzFLXVqthkNF32rKedw\/featured"]}]}},"_links":{"self":[{"href":"https:\/\/www.pilgrim.es\/it\/wp-json\/wp\/v2\/pages\/48340","targetHints":{"allow":["GET"]}}],"collection":[{"href":"https:\/\/www.pilgrim.es\/it\/wp-json\/wp\/v2\/pages"}],"about":[{"href":"https:\/\/www.pilgrim.es\/it\/wp-json\/wp\/v2\/types\/page"}],"author":[{"embeddable":true,"href":"https:\/\/www.pilgrim.es\/it\/wp-json\/wp\/v2\/users\/4"}],"replies":[{"embeddable":true,"href":"https:\/\/www.pilgrim.es\/it\/wp-json\/wp\/v2\/comments?post=48340"}],"version-history":[{"count":3,"href":"https:\/\/www.pilgrim.es\/it\/wp-json\/wp\/v2\/pages\/48340\/revisions"}],"predecessor-version":[{"id":127068,"href":"https:\/\/www.pilgrim.es\/it\/wp-json\/wp\/v2\/pages\/48340\/revisions\/127068"}],"up":[{"embeddable":true,"href":"https:\/\/www.pilgrim.es\/it\/wp-json\/wp\/v2\/pages\/10817"}],"wp:featuredmedia":[{"embeddable":true,"href":"https:\/\/www.pilgrim.es\/it\/wp-json\/wp\/v2\/media\/11591"}],"wp:attachment":[{"href":"https:\/\/www.pilgrim.es\/it\/wp-json\/wp\/v2\/media?parent=48340"}],"wp:term":[{"taxonomy":"category","embeddable":true,"href":"https:\/\/www.pilgrim.es\/it\/wp-json\/wp\/v2\/categories?post=48340"},{"taxonomy":"post_tag","embeddable":true,"href":"https:\/\/www.pilgrim.es\/it\/wp-json\/wp\/v2\/tags?post=48340"}],"curies":[{"name":"wp","href":"https:\/\/api.w.org\/{rel}","templated":true}]}}