{"id":48335,"date":"2019-10-21T08:21:27","date_gmt":"2019-10-21T08:21:27","guid":{"rendered":"https:\/\/prod.pilgrim.es\/cammino-nord\/tappa-14-santillana-del-mar-comillas\/"},"modified":"2025-04-14T14:06:09","modified_gmt":"2025-04-14T14:06:09","slug":"tappa-14-santillana-del-mar-comillas","status":"publish","type":"page","link":"https:\/\/www.pilgrim.es\/it\/cammino-nord\/tappa-14-santillana-del-mar-comillas\/","title":{"rendered":"Cammino del Nord | Tappa 14: Santillana del Mar &#8211; Comillas"},"content":{"rendered":" <section id=\"heroStage\">\n  <h1>Cammino del Nord: tappa 14<\/h1>\n  <div>\n    <div class=\"hero\" data-background=\"https:\/\/cdn.pilgrim.es\/web\/caminos\/camino-norte\/pueblos\/santillana-del-mar.jpg\">\n      <div class=\"hero__container\">\n        <div class=\"hero__container__labels\">\n          <p>A piedi<\/p>\n          <p>35 Tappe \/ 804 Kms<\/p>\n        <\/div>\n        <div class=\"hero__container__stage-name\">\n          <h2>\n            Santillana del Mar <br \/>\n            <span>&#10093;<\/span>\n            Comillas\n          <\/h2>\n          <p>22.2 Km<\/p>\n        <\/div>\n        <div class=\"hero__container__stage-changer\">\n            <div class=\"stage-control\">\n              <a class=\"stage-control__link\" href=\"\/it\/cammino-nord\/tappa-13-santander-santillana-del-mar\/\"><span>&#10094;<\/span> Tappa 13<\/a>\n            <\/div>\n          <div class=\"stage-control\">\n            <a class=\"stage-control__link\" href=\"\/it\/cammino-nord\/tappa-15-comillas-colombres\/\">Tappa 15 <span>&#10095;<\/span><\/a>\n          <\/div>\n        <\/div>\n      <\/div>\n    <\/div>\n    <div class=\"planner\"><div\r\n  class=\"p-col-span-1 p-rounded-lg p-px-5 p-h-full\"\r\n  style=\"background-image: url('https:\/\/cdn.pilgrim.es\/web\/pilgrim-planner\/bg-plugin-planificador.webp')\"\r\n  rel=\"preload\"\r\n  fetchpriority=\"high\"\r\n  >\r\n    <div class=\"p-text-center p-pt-5 p-text-white p-text-2xl p-font-semibold\">\r\n      Pianifica il tuo cammino    <\/div>\r\n    <div\r\n            id='primary-app'\r\n            data-name='banner'\r\n            data-api='https:\/\/pathfinder.pilgrim.es\/api\/pathfinder\/v2'\r\n            data-mode='normal'\r\n            data-lang='it'\r\n            data-route='1'\r\n            data-destiny='https:\/\/planificador.pilgrim.es'\r\n            data-modality='1'\r\n            data-inline=''\r\n        ><\/div><\/div><\/div>\n  <\/div>\n<\/section>\n\n<section id=\"scoreBarsStage\">\n  <section>\r\n  <div class=\"p-flex p-flex-nowrap p-space-x-4 p-py-5 p-overflow-x-auto md:p-grid md:p-grid-cols-3 lg:p-grid-cols-5 md:p-gap-8 md:p-space-x-0 md:p-overflow-hidden scrollbar-thin\">\r\n    <div class=\"p-grid p-grid-cols-4 p-shrink-0 p-w-72 p-snap-start md:p-w-full\">\r\n        <div class=\"p-col-span-1 p-self-center p-text-center p-text-3xl\">\r\n            <i class=\"icon-influx\"><\/i>\r\n        <\/div>\r\n        <div class=\"p-col-span-3 p-flex p-flex-col p-items-start\">\r\n            <div class=\"p-text-start p-text-secondary p-mb-1 p-bold\"> Afflusso <\/div>\r\n            <div class=\"p-w-full p-bg-light p-rounded-full p-h-2 p-relative\">\r\n                <div class=\"p-bg-primary p-h-2 p-rounded-full p-absolute\" style=\"width: 40%;\"><\/div>\r\n            <\/div>\r\n        <\/div>\r\n    <\/div>\r\n\r\n    <div class=\"p-grid p-grid-cols-4 p-shrink-0 p-w-72 p-snap-start md:p-w-full\">\r\n        <div class=\"p-col-span-1 p-self-center p-text-center p-text-3xl\">\r\n            <i class=\"icon-difficulty\"><\/i>\r\n        <\/div>\r\n        <div class=\"p-col-span-3 p-flex p-flex-col p-items-start\">\r\n            <div class=\"p-text-start p-text-secondary p-mb-1 p-bold\"> Difficolt\u00e0 <\/div>\r\n            <div class=\"p-w-full p-bg-light p-rounded-full p-h-2 p-relative\">\r\n                <div class=\"p-bg-primary p-h-2 p-rounded-full p-absolute\" style=\"width: 40%;\"><\/div>\r\n            <\/div>\r\n        <\/div>\r\n    <\/div>\r\n\r\n    <div class=\"p-grid p-grid-cols-4 p-shrink-0 p-w-72 p-snap-start md:p-w-full\">\r\n        <div class=\"p-col-span-1 p-self-center p-text-center p-text-3xl\">\r\n            <i class=\"icon-patrimony\"><\/i>\r\n        <\/div>\r\n        <div class=\"p-col-span-3 p-flex p-flex-col p-items-start\">\r\n            <div class=\"p-text-start p-text-secondary p-mb-1 p-bold\"> Arte\/Storia <\/div>\r\n            <div class=\"p-w-full p-bg-light p-rounded-full p-h-2 p-relative\">\r\n                <div class=\"p-bg-primary p-h-2 p-rounded-full p-absolute\" style=\"width: 60%;\"><\/div>\r\n            <\/div>\r\n        <\/div>\r\n    <\/div>\r\n\r\n    <div class=\"p-grid p-grid-cols-4 p-shrink-0 p-w-72 p-snap-start md:p-w-full\">\r\n        <div class=\"p-col-span-1 p-self-center p-text-center p-text-3xl\">\r\n            <i class=\"icon-nature\"><\/i>\r\n        <\/div>\r\n        <div class=\"p-col-span-3 p-flex p-flex-col p-items-start\">\r\n            <div class=\"p-text-start p-text-secondary p-mb-1 p-bold\"> Natura <\/div>\r\n            <div class=\"p-w-full p-bg-light p-rounded-full p-h-2 p-relative\">\r\n                <div class=\"p-bg-primary p-h-2 p-rounded-full p-absolute\" style=\"width: 60%;\"><\/div>\r\n            <\/div>\r\n        <\/div>\r\n    <\/div>\r\n\r\n    <div class=\"p-grid p-grid-cols-4 p-shrink-0 p-w-72 p-snap-start md:p-w-full\">\r\n        <div class=\"p-col-span-1 p-self-center p-text-center p-text-3xl\">\r\n            <i class=\"icon-urban\"><\/i>\r\n        <\/div>\r\n        <div class=\"p-col-span-3 p-flex p-flex-col p-items-start\">\r\n            <div class=\"p-text-start p-text-secondary p-mb-1 p-bold\"> Cammino Francese <\/div>\r\n            <div class=\"p-w-full p-bg-light p-rounded-full p-h-2 p-relative\">\r\n                <div class=\"p-bg-primary p-h-2 p-rounded-full p-absolute\" style=\"width: 40%;\"><\/div>\r\n            <\/div>\r\n        <\/div>\r\n    <\/div>\r\n  <\/div>\r\n<\/section>\n<\/section>\n\n<div id=\"stage-list-section\"><div class=\"stage-list\">\n    <div class='stage-list__map-card'>\n        <div class='stage-list__map-card__map'>\n            <div class='stage-list__map-card__map__text'>\n                <h2> Pages <\/h2>\n                <p> A piedi<\/p>\n                <p> 0tappe<\/p>\n            <\/div>\n            <div class='stage-list__map-card__map__img'>\n                <img decoding=\"async\" src=\"\" alt=\" mapa \" \/>\n            <\/div>\n        <\/div>\n    <\/div>\n\n    <\/div>\n<\/div>\n\n<section id=\"navStage\">\n  <div>\n    <nav id=\"tab-navigation-section\" class=\"tab-navigation-section--cols-5\">\n      <a href=\"#infoSection\" class=\"active\">Informazioni<\/a>\n      <a href=\"#profileSection\">Profilo<\/a>\n      <a href=\"#itinerarySection\">Itinerario<\/a>\n      \n      <a href=\"#locationsSection\">Paesi<\/a>\n    <\/nav>\n\n    <div id=\"infoSection\">\n      <!-- Title Section with Orange Line -->\n      <div>\n        <h2 class=\"p-h2-stage\">Informazioni<\/h2>\n        <hr class=\"orange-bar\" \/>\n        <h3 class=\"p-h3-stage\">Informazioni su questa tappa<\/h3>\n      <\/div>\n\n      \n        <div aria-labelledby=\"nav-info-tab\" class=\"tab-pane fade show active\" id=\"Info\" role=\"tabpanel\">\n\n\t\tQuesta tappa,di nuovo con diversi punti intermedi dove si pu\u00f2 dividere la giornata,attraversa paesaggi come il\n\t\tparco naturale di Oyambre e per i numerosi punti dichiarati come Beni Culturali. Finiremo la tappa a Comillas o\n\t\tse desiderate a San Vincente della Barquera, dove avremo in entrambi i casi infinit\u00e0 di punti di interesse da\n\t\tvisitare.\n\n\t<\/div>\n      \n\n      <div class=\"recomendation-card\">\n        <div>\n          <i class=\"icon-logo-pilgrim\"><\/i>\n          <h5>Raccomandazione Pilgrim<\/h5>\n        <\/div>\n\n        \n      <\/div>\n    <\/div>\n\n    <div id=\"profileSection\">\n      <div>\n        <h2 class=\"p-h2-stage\">Distanza e altitudine<\/h2>\n        <hr class=\"orange-bar\" \/>\n        <h3 class=\"p-h3-stage\">Profilo<\/h3>\n        <img decoding=\"async\" src=\"https:\/\/cdn.pilgrim.es\/web\/caminos\/camino-norte\/etapas\/etapa-14\/etapa14_perfil-santillana-del-mar-comillas.jpg\" alt=\"Perfil de la etapa tappa-14-santillana-del-mar-comillas\" \/>\n      <\/div>\n    <\/div>\n\n    <div id=\"itinerarySection\">\n      <h2 class=\"p-h2-stage\">Itinerario<\/h2>\n      <hr \/>\n      <h3 class=\"p-h3-stage\">Percorso<\/h3>\n\n      \n        <div>\n          <h4><\/h4>\n\n          \n            <div aria-labelledby=\"nav-itinerary-tab\" class=\"tab-pane fade\" id=\"Itinerario\" role=\"tabpanel\">\n\n\t\tSi en el d\u00eda de ayer hemos optado por pernoctar en Queveda continuaremos en esta catorceava etapa hasta\n\t\tSantillana del Mar o Comillas. Para ello, tal y como se recoge en el itinerario de la etapa anterior, seguiremos\n\t\thacia Camplengo de frente, descendiendo por el barrio de la Fontanilla y en concreto por la antigua Colegiata de\n\t\tSanta Jualiana. Desde all\u00ed continuaremos sin problema alguno hacia el centro hist\u00f3rico y pasaremos por la plaza\n\t\tde Ram\u00f3n Pelayo. Los que salgan de esta localidad se reunir\u00e1n con el resto de peregrinos aqu\u00ed mismo,\n\t\tdespidi\u00e9ndose por lo tanto de Santillana todos juntos por la calle de los Hornos. Despu\u00e9s seguimos por la Tejera\n\t\ten direcci\u00f3n al camping Santillana del Mar, desde donde podremos disfrutar de unas excelentes vistas, el cual\n\t\tdejamos atr\u00e1s r\u00e1pidamente para descender hacia Ore\u00f1a por la conocida como Cuesta del Bosco. Ya en la localidad\n\t\tde Alfoz de Lloredo podremos divisar en lo alto de la colina la iglesia parroquial de San Pedro, templo\n\t\treformado en varias ocasiones desde el siglo XVIII y en cuyo interior se han encontrado vestigios de antiguos\n\t\tenterramientos. El trazado nos llevar\u00e1 en su busca y tras un peque\u00f1a parada para apreciar las vistas\n\t\tcontinuaremos descendiendo hasta Caborredondo, bello paraje que alberga varias casas rurales y restaurantes\n\t\tdonde degustar los platos t\u00edpicos de esta zona. Unos cuatro kil\u00f3metros m\u00e1s adelante sobre asfalto cruzaremos por\n\t\tel barrio de Caborredondo, siempre siguiendo el curso cercano de la carretera CA-131. Nada m\u00e1s pasar una casa\n\t\trural deberemos desviarnos a la derecha, abandonando la carretera e intern\u00e1ndonos en un camino rural a mano\n\t\tderecha que nos conducir\u00e1 hasta Cig\u00fcenza. Al entrar podremos visitar la iglesia barroca de San Mart\u00edn de Tours,\n\t\tconstruida en el siglo XVIII por orden del indiano y caballero de Calatrava Juan Antonio de Table-Bracho a su\n\t\tretorno de Per\u00fa. Su belleza salta a la vista, pero si ten\u00edamos dudas tan s\u00f3lo debemos saber que fue declarado\n\t\tBien de Inter\u00e9s Cultural en los noventa y adem\u00e1s de su construcci\u00f3n exterior de siller\u00eda destaca por sus\n\t\telementos ecl\u00e9cticos, combinando el estilo barroco tradicional con el barroco colonial, concretamente el\n\t\timportado desde Per\u00fa. Seguimos ahora rumbo a Novales, conocido como el pueblo de los Limones.\n\n\t\tEsta denominaci\u00f3n se la ha ido ganando a lo largo de los a\u00f1os ya que se encuentra emplazado en un valle\n\t\tcustodiado por monta\u00f1as, favoreciendo la creaci\u00f3n de un microclima y la consecuente proliferaci\u00f3n de cultivos de\n\t\ttipo mediterr\u00e1neo. Adem\u00e1s destaca la Cueva de Las Aguas, la cual alberga restos de pinturas y grabados\n\t\trupestres, declarada Bien de Inter\u00e9s Cultural. Para acceder a este municipio deberemos desviarnos a mano derecha\n\t\tpor un camino ascendente en busca de la CA-356. Tras visitar Novales retomamos esta carretera para continuar\n\t\thasta C\u00f3breles y su iglesia en honor a San Pedro. Este templo del siglo XIX de estilo g\u00f3tico y financiado por el\n\t\tempresario Pedro Jos\u00e9 de Villegas Ruiz destaca por unas bellas vidrieras, justo en el lado del coro enmarcado\n\t\tentre las dos torres. Adem\u00e1s, la abad\u00eda de Santa Mar\u00eda de Viaceli tambi\u00e9n supone un gran atractivo para este\n\t\tpueblo de Alfoz de Lloredo. En origen fue una abad\u00eda cirterciense pero hoy en d\u00eda acoje un monasterio trapense\n\t\tcon advocaci\u00f3n a Santa Mar\u00eda Viaceli. Justo al lado se encuentra la iglesia de \u00e1bside poligonal financiada por\n\t\tlos hermanos Quir\u00f3s Pomar, tambi\u00e9n de estilo neog\u00f3tico. Desde aqu\u00ed nos adentramos en un sendero repleto de\n\t\trobles que nos conducir\u00e1 de nuevo a la CA-131, justo en Venta del Tramal\u00f3n. Seguiremos intercalando tramos de\n\t\tasfalto con pistas agr\u00edcolas y forestales hasta alcanzar el pueblo de La Iglesia. Tras cruzarlo volvemos a la\n\t\tcarretera para cruzar posteriormente el arroyo del Barrio, antesala de Pando y de la iglesia de San Roque,\n\t\tpertenecientes al ayuntamiento de Ruiloba. Adem\u00e1s de la ermita, esta peque\u00f1a aldea de apenas unos cien\n\t\thabitantes tambi\u00e9n sobresale por el monasterio de San Jos\u00e9, convento del siglo XVIII bajo el amparo de la Orden\n\t\tde las Carmelitas Descalzas. Actualmente acoge a un grupo de religiosas que se dedican a realizar obras en\n\t\tporcelana. Abandonando finalmente el conjunto de pueblos que conforman Ruiloba estamos ya muy cerca de Comillas,\n\t\tpunto elegido para finalizar esta etapa por muchos peregrinos, sobre todo por los que en la etapa anterior\n\t\tpernoctaron en Queveda.\n\n\t\tLos que deseen continuar hasta San Vicente de la Barquera (sobre todo aquellos que partieron desde Santillana\n\t\tdel Mar) se dirigir\u00e1n al paseo de Solatorre, siempre en direcci\u00f3n a San Vicente. Por un camino paralelo a la\n\t\tCA-131 bordearemos el Palacio de Sobrellano por un carril especialmente dise\u00f1ado para ciclistas. Este magn\u00edfico\n\t\tedificio del siglo XIX recuerda a la arquitectura veneciana, con muebles en su interior dise\u00f1ados por Antonio\n\t\tGaud\u00ed, m\u00e1ximo exponente del modernismo catal\u00e1n. Actualmente pertenece al gobierno de Cantabria y ha sido\n\t\treconvertido en museo. Siguiendo siempre por esta v\u00eda continuamos hacia el Puente de la Rabia, sobre la r\u00eda que\n\t\tba\u00f1a el Parque Natural de Oyambre. Este rico ecosistema, perteneciente ya al municipio de San Vicente de la\n\t\tBarquera, acoje a multitud de especies tanto de fauna como de flora, siendo un enclave m\u00e1gico enmarcado entre\n\t\tlas r\u00edas de la Rabia y del Capit\u00e1n y los Picos de Europa. En sus ventosas playas han proliferado multitud de\n\t\tdunas, formadas por la vegetaci\u00f3n predominante en la zona, as\u00ed como acantilados de entre los diez y cincuenta\n\t\tmetros de altura. Por una pista asfaltada y ascendente y varios desvios a la izquierda llegamos a la iglesia de\n\t\tSanta Mar\u00eda del Tejo. Esta peque\u00f1a localidad se cree que naci\u00f3 al amparo de un peque\u00f1o monasterio del siglo XII,\n\t\tsobre cuyos cimientos se levant\u00f3 el actual templo. Actualmente tan s\u00f3lo se conservan una ventana rom\u00e1nica y\n\t\tvarios canecillos originales. De vuelta a la CA-363 accedemos al n\u00facleo de Tejo, rodeado por un campo de golf.\n\t\tEl camino discurre entre dicho complejo hasta toparse con el arroyo del Capit\u00e1n y m\u00e1s adelante por una capilla.\n\t\tAntes de dar por finalizada esta etapa a\u00fan tendremos que pasar por La Revilla, pueblo ya perteneciente a San\n\t\tVicente. Siguiendo las flechas amarillas saldremos a la N-634 a la salida de este pueblo, en la r\u00eda de San\n\t\tAndr\u00e9s. M\u00e1s adelante nos desviaremos por una pista para cruzar el puente de la Maza, el cual nos conducir\u00e1\n\t\tdirectamente hasta nuestro punto y final en el d\u00eda de hoy.\n\n\t<\/div>\n          \n\n          \n        <\/div>\n        <hr \/>\n      \n      <div>\n        <h4>Km 22.2 &#8231; Comillas<\/h4>\n\n        \n          <a class=\"town-link\" href=\"\/it\/cammino-nord\/comillas\/\">\n            <div class=\"town-link__link-content\">\n              <div class=\"town-link__link-content__text\">\n                <p>Informazioni locali<\/p>\n                <p>Polizia, Assistenza medica, Cosa vedere, Dove mangiare&#8230;<\/p>\n              <\/div>\n              <div class=\"town-link__link-content__town-btn\">\n                <i class=\"icon-arrow\"><\/i>\n              <\/div>\n            <\/div>\n          <\/a>\n        \n      <\/div>\n    <\/div>\n\n    \n\n  <div id=\"locationsSection\">\n      <h2 class=\"p-h2-stage\">Paesi<\/h2>\n      <hr \/>\n      <h3 class=\"p-h3-stage\">Villaggi<\/h3>\n      <div class=\"grid-container\">\n\n        <div class=\"p-group card-stage p-max-w-full\">\n          <a href=\"\/it\/cammino-nord\/santillana-del-mar\/\" class=\"town-card\">\n            <div class=\"card-stage__header\">\n              <img decoding=\"async\" src=\"https:\/\/cdn.pilgrim.es\/web\/caminos\/camino-norte\/pueblos\/santillana-del-mar.jpg\" alt=\"Santillana del Mar\" class=\"group-hover:p-scale-110\" \/>\n              <div class=\"card-overlay group-hover:p-opacity-50\"><\/div>\n            <\/div>\n            <div class=\"town-card__flex-container\">\n              <div class=\"town-card__flex-container__info\">\n                <h4>Santillana del Mar<\/h4>\n                <p>Provincia: Cantabria<\/p>\n              <\/div>\n              \n              <div class=\"town-card__flex-container__btn\">\n                <i class=\"icon-arrow\"><\/i>\n              <\/div>\n              \n            <\/div>\n          <\/a>\n        <\/div>\n        <div class=\"p-group card-stage p-max-w-full\">\n          <a href=\"\/it\/cammino-nord\/comillas\/\" class=\"town-card\">\n            <div class=\"card-stage__header\">\n              <img decoding=\"async\" src=\"https:\/\/cdn.pilgrim.es\/web\/caminos\/camino-norte\/pueblos\/comillas.jpg\" alt=\"Comillas\" class=\"group-hover:p-scale-110\" \/>\n              <div class=\"card-overlay group-hover:p-opacity-50\"><\/div>\n            <\/div>\n            <div class=\"town-card__flex-container\">\n              <div class=\"town-card__flex-container__info\">\n                <h4>Comillas<\/h4>\n                <p>Provincia: Cantabria<\/p>\n              <\/div>\n              \n                <div class=\"town-card__flex-container__btn\">\n                  <i class=\"icon-arrow\"><\/i>\n                <\/div>\n              \n            <\/div>\n          <\/a>\n        <\/div>\n      <\/div>\n    <\/div>\n    <hr class=\"single-bar\" \/>\n  <\/div>\n<\/section>\n\n<section id=\"stageChange\">\n  <div>\n    <a href=\"\/it\/cammino-nord\/tappa-13-santander-santillana-del-mar\/\" class=\"change-btn\">\n    <div class=\"change-btn\">\n      <div class=\"btn-arrow previous\">\n        <i class=\"icon-arrow\"><\/i>\n      <\/div>\n      <div class=\"change-btn__info\">\n        <div>Tappa 13<\/div>\n        <p>\n          Santander \u276f <br> Santillana del Mar\n        <\/p>\n      <\/div>\n    <\/div>\n    <\/a>\n    <a href=\"\/it\/cammino-nord\/tappa-15-comillas-colombres\/\" class=\"change-btn\">\n      <div class=\"change-btn__info\">\n        <div>Tappa 15<\/div>\n        <p>\n          Comillas \u276f <br> Colombres\n        <\/p>\n      <\/div>\n      <div class=\"btn-arrow\">\n        <i class=\"icon-arrow\"><\/i>\n      <\/div>\n    <\/a>\n  <\/div>\n<\/section> ","protected":false},"excerpt":{"rendered":"<p>Cammino del Nord: tappa 14 A piedi 35 Tappe \/ 804 Kms Santillana del Mar &#10093; Comillas 22.2 Km &#10094; Tappa 13 Tappa 15 &#10095; Informazioni Profilo Itinerario Paesi Informazioni Informazioni su questa tappa Questa tappa,di nuovo con diversi punti intermedi dove si pu\u00f2 dividere la giornata,attraversa paesaggi come il parco naturale di Oyambre e &hellip; <\/p>\n<p class=\"read_more\"><a href=\"https:\/\/www.pilgrim.es\/it\/cammino-nord\/tappa-14-santillana-del-mar-comillas\/\">Leer m\u00e1s<\/a><\/p>\n","protected":false},"author":4,"featured_media":11601,"parent":10817,"menu_order":0,"comment_status":"closed","ping_status":"closed","template":"views\/template-new-web-design.blade.php","meta":{"footnotes":""},"categories":[],"tags":[],"class_list":["post-48335","page","type-page","status-publish","has-post-thumbnail","hentry"],"yoast_head":"<!-- This site is optimized with the Yoast SEO plugin v27.4 - https:\/\/yoast.com\/product\/yoast-seo-wordpress\/ -->\n<title>Cammino del Nord da Santillana del Mar a Comillas | Cammino di Santiago<\/title>\n<meta name=\"description\" content=\"Cammino del Nord: Tappa 14 del Cammino di Santiago che passa tra Santillana del Mar e Comillas. Scopri tutte le informazioni e pianifica la tua tappa.\" \/>\n<meta name=\"robots\" content=\"index, follow, max-snippet:-1, max-image-preview:large, max-video-preview:-1\" \/>\n<link rel=\"canonical\" href=\"https:\/\/www.pilgrim.es\/it\/cammino-nord\/tappa-14-santillana-del-mar-comillas\/\" \/>\n<meta property=\"og:locale\" content=\"it_IT\" \/>\n<meta property=\"og:type\" content=\"article\" \/>\n<meta property=\"og:title\" content=\"Cammino del Nord da Santillana del Mar a Comillas | Cammino di Santiago\" \/>\n<meta property=\"og:description\" content=\"Cammino del Nord: Tappa 14 del Cammino di Santiago che passa tra Santillana del Mar e Comillas. Scopri tutte le informazioni e pianifica la tua tappa.\" \/>\n<meta property=\"og:url\" content=\"https:\/\/www.pilgrim.es\/it\/cammino-nord\/tappa-14-santillana-del-mar-comillas\/\" \/>\n<meta property=\"og:site_name\" content=\"Pilgrim\" \/>\n<meta property=\"article:publisher\" content=\"https:\/\/www.facebook.com\/pilgrim.es\/\" \/>\n<meta property=\"article:modified_time\" content=\"2025-04-14T14:06:09+00:00\" \/>\n<meta property=\"og:image\" content=\"https:\/\/www.pilgrim.es\/wp-content\/uploads\/2019\/02\/camino_norte_etapa_14.jpg\" \/>\n\t<meta property=\"og:image:width\" content=\"1636\" \/>\n\t<meta property=\"og:image:height\" content=\"547\" \/>\n\t<meta property=\"og:image:type\" content=\"image\/jpeg\" \/>\n<meta name=\"twitter:card\" content=\"summary_large_image\" \/>\n<meta name=\"twitter:site\" content=\"@pilgrim_es\" \/>\n<meta name=\"twitter:label1\" content=\"Tempo di lettura stimato\" \/>\n\t<meta name=\"twitter:data1\" content=\"6 minuti\" \/>\n<script type=\"application\/ld+json\" class=\"yoast-schema-graph\">{\"@context\":\"https:\\\/\\\/schema.org\",\"@graph\":[{\"@type\":\"WebPage\",\"@id\":\"https:\\\/\\\/www.pilgrim.es\\\/it\\\/cammino-nord\\\/tappa-14-santillana-del-mar-comillas\\\/\",\"url\":\"https:\\\/\\\/www.pilgrim.es\\\/it\\\/cammino-nord\\\/tappa-14-santillana-del-mar-comillas\\\/\",\"name\":\"Cammino del Nord da Santillana del Mar a Comillas | Cammino di Santiago\",\"isPartOf\":{\"@id\":\"https:\\\/\\\/www.pilgrim.es\\\/it\\\/#website\"},\"primaryImageOfPage\":{\"@id\":\"https:\\\/\\\/www.pilgrim.es\\\/it\\\/cammino-nord\\\/tappa-14-santillana-del-mar-comillas\\\/#primaryimage\"},\"image\":{\"@id\":\"https:\\\/\\\/www.pilgrim.es\\\/it\\\/cammino-nord\\\/tappa-14-santillana-del-mar-comillas\\\/#primaryimage\"},\"thumbnailUrl\":\"https:\\\/\\\/www.pilgrim.es\\\/wp-content\\\/uploads\\\/2019\\\/02\\\/camino_norte_etapa_14.jpg\",\"datePublished\":\"2019-10-21T08:21:27+00:00\",\"dateModified\":\"2025-04-14T14:06:09+00:00\",\"description\":\"Cammino del Nord: Tappa 14 del Cammino di Santiago che passa tra Santillana del Mar e Comillas. Scopri tutte le informazioni e pianifica la tua tappa.\",\"breadcrumb\":{\"@id\":\"https:\\\/\\\/www.pilgrim.es\\\/it\\\/cammino-nord\\\/tappa-14-santillana-del-mar-comillas\\\/#breadcrumb\"},\"inLanguage\":\"it-IT\",\"potentialAction\":[{\"@type\":\"ReadAction\",\"target\":[\"https:\\\/\\\/www.pilgrim.es\\\/it\\\/cammino-nord\\\/tappa-14-santillana-del-mar-comillas\\\/\"]}]},{\"@type\":\"ImageObject\",\"inLanguage\":\"it-IT\",\"@id\":\"https:\\\/\\\/www.pilgrim.es\\\/it\\\/cammino-nord\\\/tappa-14-santillana-del-mar-comillas\\\/#primaryimage\",\"url\":\"https:\\\/\\\/www.pilgrim.es\\\/wp-content\\\/uploads\\\/2019\\\/02\\\/camino_norte_etapa_14.jpg\",\"contentUrl\":\"https:\\\/\\\/www.pilgrim.es\\\/wp-content\\\/uploads\\\/2019\\\/02\\\/camino_norte_etapa_14.jpg\",\"width\":1636,\"height\":547,\"caption\":\"Mappa Tappa 14 Cammino del Nord\"},{\"@type\":\"BreadcrumbList\",\"@id\":\"https:\\\/\\\/www.pilgrim.es\\\/it\\\/cammino-nord\\\/tappa-14-santillana-del-mar-comillas\\\/#breadcrumb\",\"itemListElement\":[{\"@type\":\"ListItem\",\"position\":1,\"name\":\"Camino de Santiago\",\"item\":\"https:\\\/\\\/www.pilgrim.es\\\/it\\\/\"},{\"@type\":\"ListItem\",\"position\":2,\"name\":\"Cammino del Nord | Tappa 14: Santillana del Mar &#8211; Comillas\"}]},{\"@type\":\"WebSite\",\"@id\":\"https:\\\/\\\/www.pilgrim.es\\\/it\\\/#website\",\"url\":\"https:\\\/\\\/www.pilgrim.es\\\/it\\\/\",\"name\":\"Pilgrim\",\"description\":\"Camino de Santiago | Caminamos Contigo\",\"publisher\":{\"@id\":\"https:\\\/\\\/www.pilgrim.es\\\/it\\\/#organization\"},\"potentialAction\":[{\"@type\":\"SearchAction\",\"target\":{\"@type\":\"EntryPoint\",\"urlTemplate\":\"https:\\\/\\\/www.pilgrim.es\\\/it\\\/?s={search_term_string}\"},\"query-input\":{\"@type\":\"PropertyValueSpecification\",\"valueRequired\":true,\"valueName\":\"search_term_string\"}}],\"inLanguage\":\"it-IT\"},{\"@type\":\"Organization\",\"@id\":\"https:\\\/\\\/www.pilgrim.es\\\/it\\\/#organization\",\"name\":\"Pilgrim Camino de Santiago\",\"url\":\"https:\\\/\\\/www.pilgrim.es\\\/it\\\/\",\"logo\":{\"@type\":\"ImageObject\",\"inLanguage\":\"it-IT\",\"@id\":\"https:\\\/\\\/www.pilgrim.es\\\/it\\\/#\\\/schema\\\/logo\\\/image\\\/\",\"url\":\"https:\\\/\\\/www.pilgrim.es\\\/wp-content\\\/uploads\\\/2019\\\/04\\\/logo_pilgrim.png\",\"contentUrl\":\"https:\\\/\\\/www.pilgrim.es\\\/wp-content\\\/uploads\\\/2019\\\/04\\\/logo_pilgrim.png\",\"width\":512,\"height\":512,\"caption\":\"Pilgrim Camino de Santiago\"},\"image\":{\"@id\":\"https:\\\/\\\/www.pilgrim.es\\\/it\\\/#\\\/schema\\\/logo\\\/image\\\/\"},\"sameAs\":[\"https:\\\/\\\/www.facebook.com\\\/pilgrim.es\\\/\",\"https:\\\/\\\/x.com\\\/pilgrim_es\",\"https:\\\/\\\/www.instagram.com\\\/pilgrim.es\\\/\",\"https:\\\/\\\/www.linkedin.com\\\/company\\\/pilgrim-camino-de-santiago\\\/\",\"https:\\\/\\\/www.pinterest.es\\\/pilgrimcaminodesantiago\\\/\",\"https:\\\/\\\/www.youtube.com\\\/channel\\\/UCIv2ZzFLXVqthkNF32rKedw\\\/featured\"]}]}<\/script>\n<!-- \/ Yoast SEO plugin. -->","yoast_head_json":{"title":"Cammino del Nord da Santillana del Mar a Comillas | Cammino di Santiago","description":"Cammino del Nord: Tappa 14 del Cammino di Santiago che passa tra Santillana del Mar e Comillas. Scopri tutte le informazioni e pianifica la tua tappa.","robots":{"index":"index","follow":"follow","max-snippet":"max-snippet:-1","max-image-preview":"max-image-preview:large","max-video-preview":"max-video-preview:-1"},"canonical":"https:\/\/www.pilgrim.es\/it\/cammino-nord\/tappa-14-santillana-del-mar-comillas\/","og_locale":"it_IT","og_type":"article","og_title":"Cammino del Nord da Santillana del Mar a Comillas | Cammino di Santiago","og_description":"Cammino del Nord: Tappa 14 del Cammino di Santiago che passa tra Santillana del Mar e Comillas. Scopri tutte le informazioni e pianifica la tua tappa.","og_url":"https:\/\/www.pilgrim.es\/it\/cammino-nord\/tappa-14-santillana-del-mar-comillas\/","og_site_name":"Pilgrim","article_publisher":"https:\/\/www.facebook.com\/pilgrim.es\/","article_modified_time":"2025-04-14T14:06:09+00:00","og_image":[{"width":1636,"height":547,"url":"https:\/\/www.pilgrim.es\/wp-content\/uploads\/2019\/02\/camino_norte_etapa_14.jpg","type":"image\/jpeg"}],"twitter_card":"summary_large_image","twitter_site":"@pilgrim_es","twitter_misc":{"Tempo di lettura stimato":"6 minuti"},"schema":{"@context":"https:\/\/schema.org","@graph":[{"@type":"WebPage","@id":"https:\/\/www.pilgrim.es\/it\/cammino-nord\/tappa-14-santillana-del-mar-comillas\/","url":"https:\/\/www.pilgrim.es\/it\/cammino-nord\/tappa-14-santillana-del-mar-comillas\/","name":"Cammino del Nord da Santillana del Mar a Comillas | Cammino di Santiago","isPartOf":{"@id":"https:\/\/www.pilgrim.es\/it\/#website"},"primaryImageOfPage":{"@id":"https:\/\/www.pilgrim.es\/it\/cammino-nord\/tappa-14-santillana-del-mar-comillas\/#primaryimage"},"image":{"@id":"https:\/\/www.pilgrim.es\/it\/cammino-nord\/tappa-14-santillana-del-mar-comillas\/#primaryimage"},"thumbnailUrl":"https:\/\/www.pilgrim.es\/wp-content\/uploads\/2019\/02\/camino_norte_etapa_14.jpg","datePublished":"2019-10-21T08:21:27+00:00","dateModified":"2025-04-14T14:06:09+00:00","description":"Cammino del Nord: Tappa 14 del Cammino di Santiago che passa tra Santillana del Mar e Comillas. Scopri tutte le informazioni e pianifica la tua tappa.","breadcrumb":{"@id":"https:\/\/www.pilgrim.es\/it\/cammino-nord\/tappa-14-santillana-del-mar-comillas\/#breadcrumb"},"inLanguage":"it-IT","potentialAction":[{"@type":"ReadAction","target":["https:\/\/www.pilgrim.es\/it\/cammino-nord\/tappa-14-santillana-del-mar-comillas\/"]}]},{"@type":"ImageObject","inLanguage":"it-IT","@id":"https:\/\/www.pilgrim.es\/it\/cammino-nord\/tappa-14-santillana-del-mar-comillas\/#primaryimage","url":"https:\/\/www.pilgrim.es\/wp-content\/uploads\/2019\/02\/camino_norte_etapa_14.jpg","contentUrl":"https:\/\/www.pilgrim.es\/wp-content\/uploads\/2019\/02\/camino_norte_etapa_14.jpg","width":1636,"height":547,"caption":"Mappa Tappa 14 Cammino del Nord"},{"@type":"BreadcrumbList","@id":"https:\/\/www.pilgrim.es\/it\/cammino-nord\/tappa-14-santillana-del-mar-comillas\/#breadcrumb","itemListElement":[{"@type":"ListItem","position":1,"name":"Camino de Santiago","item":"https:\/\/www.pilgrim.es\/it\/"},{"@type":"ListItem","position":2,"name":"Cammino del Nord | Tappa 14: Santillana del Mar &#8211; Comillas"}]},{"@type":"WebSite","@id":"https:\/\/www.pilgrim.es\/it\/#website","url":"https:\/\/www.pilgrim.es\/it\/","name":"Pilgrim","description":"Camino de Santiago | Caminamos Contigo","publisher":{"@id":"https:\/\/www.pilgrim.es\/it\/#organization"},"potentialAction":[{"@type":"SearchAction","target":{"@type":"EntryPoint","urlTemplate":"https:\/\/www.pilgrim.es\/it\/?s={search_term_string}"},"query-input":{"@type":"PropertyValueSpecification","valueRequired":true,"valueName":"search_term_string"}}],"inLanguage":"it-IT"},{"@type":"Organization","@id":"https:\/\/www.pilgrim.es\/it\/#organization","name":"Pilgrim Camino de Santiago","url":"https:\/\/www.pilgrim.es\/it\/","logo":{"@type":"ImageObject","inLanguage":"it-IT","@id":"https:\/\/www.pilgrim.es\/it\/#\/schema\/logo\/image\/","url":"https:\/\/www.pilgrim.es\/wp-content\/uploads\/2019\/04\/logo_pilgrim.png","contentUrl":"https:\/\/www.pilgrim.es\/wp-content\/uploads\/2019\/04\/logo_pilgrim.png","width":512,"height":512,"caption":"Pilgrim Camino de Santiago"},"image":{"@id":"https:\/\/www.pilgrim.es\/it\/#\/schema\/logo\/image\/"},"sameAs":["https:\/\/www.facebook.com\/pilgrim.es\/","https:\/\/x.com\/pilgrim_es","https:\/\/www.instagram.com\/pilgrim.es\/","https:\/\/www.linkedin.com\/company\/pilgrim-camino-de-santiago\/","https:\/\/www.pinterest.es\/pilgrimcaminodesantiago\/","https:\/\/www.youtube.com\/channel\/UCIv2ZzFLXVqthkNF32rKedw\/featured"]}]}},"_links":{"self":[{"href":"https:\/\/www.pilgrim.es\/it\/wp-json\/wp\/v2\/pages\/48335","targetHints":{"allow":["GET"]}}],"collection":[{"href":"https:\/\/www.pilgrim.es\/it\/wp-json\/wp\/v2\/pages"}],"about":[{"href":"https:\/\/www.pilgrim.es\/it\/wp-json\/wp\/v2\/types\/page"}],"author":[{"embeddable":true,"href":"https:\/\/www.pilgrim.es\/it\/wp-json\/wp\/v2\/users\/4"}],"replies":[{"embeddable":true,"href":"https:\/\/www.pilgrim.es\/it\/wp-json\/wp\/v2\/comments?post=48335"}],"version-history":[{"count":3,"href":"https:\/\/www.pilgrim.es\/it\/wp-json\/wp\/v2\/pages\/48335\/revisions"}],"predecessor-version":[{"id":127071,"href":"https:\/\/www.pilgrim.es\/it\/wp-json\/wp\/v2\/pages\/48335\/revisions\/127071"}],"up":[{"embeddable":true,"href":"https:\/\/www.pilgrim.es\/it\/wp-json\/wp\/v2\/pages\/10817"}],"wp:featuredmedia":[{"embeddable":true,"href":"https:\/\/www.pilgrim.es\/it\/wp-json\/wp\/v2\/media\/11601"}],"wp:attachment":[{"href":"https:\/\/www.pilgrim.es\/it\/wp-json\/wp\/v2\/media?parent=48335"}],"wp:term":[{"taxonomy":"category","embeddable":true,"href":"https:\/\/www.pilgrim.es\/it\/wp-json\/wp\/v2\/categories?post=48335"},{"taxonomy":"post_tag","embeddable":true,"href":"https:\/\/www.pilgrim.es\/it\/wp-json\/wp\/v2\/tags?post=48335"}],"curies":[{"name":"wp","href":"https:\/\/api.w.org\/{rel}","templated":true}]}}