{"id":48323,"date":"2019-10-18T10:59:34","date_gmt":"2019-10-18T10:59:34","guid":{"rendered":"https:\/\/prod.pilgrim.es\/cammino-nord\/tappa-20-gijon-aviles\/"},"modified":"2025-04-24T12:38:17","modified_gmt":"2025-04-24T12:38:17","slug":"tappa-21-gijon-aviles","status":"publish","type":"page","link":"https:\/\/www.pilgrim.es\/it\/cammino-nord\/tappa-21-gijon-aviles\/","title":{"rendered":"Cammino del Nord | Tappa 21: Gij\u00f3n &#8211; Avil\u00e9s"},"content":{"rendered":"\n<section id=\"heroStage\">\n  <h1>Cammino del Nord &#8231; Tappa 21<\/h1>\n  <div>\n    <div\n      class=\"hero\"\n      data-background=\"https:\/\/cdn.pilgrim.es\/web\/caminos\/camino-norte\/pueblos\/gijon.jpg\"\n    >\n      <div class=\"hero__container\">\n        <div class=\"hero__container__labels\">\n          <p>A piedi<\/p>\n          <p>35 Tappe \/ 824 kms<\/p>\n        <\/div>\n        <div class=\"hero__container__stage-name\">\n          <h2>Gij\u00f3n<br \/><span>\u276d<\/span> Avil\u00e9s<\/h2>\n          <p>24,2 Km<\/p>\n        <\/div>\n        <div class=\"hero__container__stage-changer\">\n          <div class=\"stage-control\">\n            <a\n              class=\"stage-control__link\"\n              href=\"https:\/\/www.pilgrim.es\/it\/cammino-nord\/tappa-20-villaviciosa-gijon\/\"\n              ><span>&#10094;<\/span>Tappa 20\n            <\/a>\n          <\/div>\n          <div class=\"stage-control\">\n            <a\n              class=\"stage-control__link\"\n              href=\"https:\/\/www.pilgrim.es\/it\/cammino-nord\/tappa-22-aviles-muros-de-nalon\/\"\n              >Tappa 22 <span>&#10095;<\/span><\/a\n            >\n          <\/div>\n        <\/div>\n      <\/div>\n    <\/div>\n    <div class=\"planner\"><div\r\n  class=\"p-col-span-1 p-rounded-lg p-px-5 p-h-full\"\r\n  style=\"background-image: url('https:\/\/cdn.pilgrim.es\/web\/pilgrim-planner\/bg-plugin-planificador.webp')\"\r\n  rel=\"preload\"\r\n  fetchpriority=\"high\"\r\n  >\r\n    <div class=\"p-text-center p-pt-5 p-text-white p-text-2xl p-font-semibold\">\r\n      Pianifica il tuo cammino    <\/div>\r\n    <div\r\n            id='primary-app'\r\n            data-name='banner'\r\n            data-api='https:\/\/pathfinder.pilgrim.es\/api\/pathfinder\/v2'\r\n            data-mode='normal'\r\n            data-lang='it'\r\n            data-route='1'\r\n            data-destiny='https:\/\/planificador.pilgrim.es'\r\n            data-modality='1'\r\n            data-inline=''\r\n        ><\/div><\/div><\/div>\n  <\/div>\n<\/section>\n<section id=\"scoreBarsStage\">\n  <section>\r\n  <div class=\"p-flex p-flex-nowrap p-space-x-4 p-py-5 p-overflow-x-auto md:p-grid md:p-grid-cols-3 lg:p-grid-cols-5 md:p-gap-8 md:p-space-x-0 md:p-overflow-hidden scrollbar-thin\">\r\n    <div class=\"p-grid p-grid-cols-4 p-shrink-0 p-w-72 p-snap-start md:p-w-full\">\r\n        <div class=\"p-col-span-1 p-self-center p-text-center p-text-3xl\">\r\n            <i class=\"icon-influx\"><\/i>\r\n        <\/div>\r\n        <div class=\"p-col-span-3 p-flex p-flex-col p-items-start\">\r\n            <div class=\"p-text-start p-text-secondary p-mb-1 p-bold\"> Afflusso <\/div>\r\n            <div class=\"p-w-full p-bg-light p-rounded-full p-h-2 p-relative\">\r\n                <div class=\"p-bg-primary p-h-2 p-rounded-full p-absolute\" style=\"width: 40%;\"><\/div>\r\n            <\/div>\r\n        <\/div>\r\n    <\/div>\r\n\r\n    <div class=\"p-grid p-grid-cols-4 p-shrink-0 p-w-72 p-snap-start md:p-w-full\">\r\n        <div class=\"p-col-span-1 p-self-center p-text-center p-text-3xl\">\r\n            <i class=\"icon-difficulty\"><\/i>\r\n        <\/div>\r\n        <div class=\"p-col-span-3 p-flex p-flex-col p-items-start\">\r\n            <div class=\"p-text-start p-text-secondary p-mb-1 p-bold\"> Difficolt\u00e0 <\/div>\r\n            <div class=\"p-w-full p-bg-light p-rounded-full p-h-2 p-relative\">\r\n                <div class=\"p-bg-primary p-h-2 p-rounded-full p-absolute\" style=\"width: 40%;\"><\/div>\r\n            <\/div>\r\n        <\/div>\r\n    <\/div>\r\n\r\n    <div class=\"p-grid p-grid-cols-4 p-shrink-0 p-w-72 p-snap-start md:p-w-full\">\r\n        <div class=\"p-col-span-1 p-self-center p-text-center p-text-3xl\">\r\n            <i class=\"icon-patrimony\"><\/i>\r\n        <\/div>\r\n        <div class=\"p-col-span-3 p-flex p-flex-col p-items-start\">\r\n            <div class=\"p-text-start p-text-secondary p-mb-1 p-bold\"> Arte\/Storia <\/div>\r\n            <div class=\"p-w-full p-bg-light p-rounded-full p-h-2 p-relative\">\r\n                <div class=\"p-bg-primary p-h-2 p-rounded-full p-absolute\" style=\"width: 60%;\"><\/div>\r\n            <\/div>\r\n        <\/div>\r\n    <\/div>\r\n\r\n    <div class=\"p-grid p-grid-cols-4 p-shrink-0 p-w-72 p-snap-start md:p-w-full\">\r\n        <div class=\"p-col-span-1 p-self-center p-text-center p-text-3xl\">\r\n            <i class=\"icon-nature\"><\/i>\r\n        <\/div>\r\n        <div class=\"p-col-span-3 p-flex p-flex-col p-items-start\">\r\n            <div class=\"p-text-start p-text-secondary p-mb-1 p-bold\"> Natura <\/div>\r\n            <div class=\"p-w-full p-bg-light p-rounded-full p-h-2 p-relative\">\r\n                <div class=\"p-bg-primary p-h-2 p-rounded-full p-absolute\" style=\"width: 40%;\"><\/div>\r\n            <\/div>\r\n        <\/div>\r\n    <\/div>\r\n\r\n    <div class=\"p-grid p-grid-cols-4 p-shrink-0 p-w-72 p-snap-start md:p-w-full\">\r\n        <div class=\"p-col-span-1 p-self-center p-text-center p-text-3xl\">\r\n            <i class=\"icon-urban\"><\/i>\r\n        <\/div>\r\n        <div class=\"p-col-span-3 p-flex p-flex-col p-items-start\">\r\n            <div class=\"p-text-start p-text-secondary p-mb-1 p-bold\"> Cammino Francese <\/div>\r\n            <div class=\"p-w-full p-bg-light p-rounded-full p-h-2 p-relative\">\r\n                <div class=\"p-bg-primary p-h-2 p-rounded-full p-absolute\" style=\"width: 40%;\"><\/div>\r\n            <\/div>\r\n        <\/div>\r\n    <\/div>\r\n  <\/div>\r\n<\/section>\n<\/section>\n<div id=\"stage-list-section\"><div class=\"stage-list\">\n    <div class='stage-list__map-card'>\n        <div class='stage-list__map-card__map'>\n            <div class='stage-list__map-card__map__text'>\n                <h2> Pages <\/h2>\n                <p> A piedi<\/p>\n                <p> 0tappe<\/p>\n            <\/div>\n            <div class='stage-list__map-card__map__img'>\n                <img decoding=\"async\" src=\"\" alt=\" mapa \" \/>\n            <\/div>\n        <\/div>\n    <\/div>\n\n    <\/div>\n<\/div>\n<section id=\"navStage\">\n  <div>\n    <nav class=\"tab-navigation-section--cols-4\" id=\"tab-navigation-section\">\n      <a class=\"active\" href=\"#infoSection\">Informazioni<\/a>\n      <a href=\"#profileSection\">Profilo<\/a>\n      <a href=\"#itinerarySection\">Itinerario<\/a>\n      <a href=\"#locationsSection\">Paesi<\/a>\n    <\/nav>\n    <div id=\"infoSection\">\n      <div>\n        <h2 class=\"p-h2-stage\">Informazioni<\/h2>\n        <hr class=\"orange-bar\" \/>\n        <h3 class=\"p-h3\">Informazioni su questa tappa<\/h3>\n      <\/div>\n      <p>\n        Ci avvicineremo alla citt\u00e0 di Avil\u00e9s passando per la montagna di Areo e\n        attraversando diversi fiumi. Il centro storico di Avil\u00e9s \u00e8 stato\n        riconosciuto come zona di interesse artistico e monumentale. Oltre alla\n        moltitudine di costruzioni religiose e civili, si distingue per le sue\n        vie porticate, dove \u00e8 possibile perdersi e lasciarsi trasportare dalla\n        bellezza dei suoi edifici e delle sue strade acciottolate. Inoltre,\n        possiede alcune delle pi\u00f9 grandi spiagge delle Asturie, come Sabl\u00f3n,\n        Bayas e Salinas.\n      <\/p>\n      <div class=\"recomendation-card\">\n        <div>\n          <i class=\"icon-logo-pilgrim\"><\/i>\n          <h5>Raccomandazione di Pilgrim<\/h5>\n        <\/div>\n        <p>\n          Con un profilo praticamente piatto, questa tappa sar\u00e0 come una\n          passeggiata fino alle le rive dell&#8217;estuario di Gij\u00f3n. L&#8217;unico\n          inconveniente \u00e8 la presenza sempre pesante dell&#8217;autostrada. Questa\n          tappa non presenta difficolt\u00e0 per i ciclisti o per le persone a\n          mobilit\u00e0 ridotta. mobilit\u00e0.\n        <\/p>\n      <\/div>\n    <\/div>\n    <div id=\"profileSection\">\n      <div>\n        <h2 class=\"p-h2-stage\">Distanza e altitudine<\/h2>\n        <hr class=\"orange-bar\" \/>\n        <h3 class=\"p-h3\">Profilo<\/h3>\n        <img decoding=\"async\"\n          alt=\"Profilo\"\n          src=\"https:\/\/cdn.pilgrim.es\/web\/caminos\/camino-norte\/etapas\/etapa-21\/etapa21-perfil-gijon-aviles.jpg\"\n        \/>\n      <\/div>\n    <\/div>\n    <div id=\"itinerarySection\">\n      <h2 class=\"p-h2-stage\">Percorso<\/h2>\n      <hr \/>\n      <h3 class=\"p-h3\">Itinerario<\/h3>\n      <div>\n        <h4>Km 0 &#8231; Gij\u00f3n<\/h4>\n        <p>\n          Seguiamo il lungomare, accanto al porto turistico, e proseguiamo\n          dritti lungo Avenida Rodr\u00edguez San Pedro fino alla rotonda di Plaza\n          Padre M\u00e1ximo.\n        <\/p>\n        <p>\n          Seguiamo sulla destra le conchiglie incastrate nel terreno dei viali\n          Mariano Pola, Galicia e Rep\u00fablica Argentina, che si estende sulla\n          strada AS-19 all&#8217;uscita di Gij\u00f3n. Lungo questa strada attraversiamo\n          una linea ferroviaria, poi una rotatoria e, passando sotto un&#8217;altra\n          linea ferroviaria, arriviamo ad una seconda rotatoria.\n        <\/p>\n        <p>\n          Poco prima di arrivare alla rotatoria prendiamo un piccolo sentiero\n          sulla destra che conduce a una strada locale poco trafficata. Proprio\n          sotto un nastro trasportatore industriale \u00e8 meglio proseguire dritto e\n          attraversare il villaggio di Veri\u00f1a piuttosto che andare a sinistra\n          sotto il viadotto della AS-19; in entrambi i casi, si attraversa il\n          viadotto e la vecchia strada per Avil\u00e9s per poi prendere la strada\n          locale per Poago.\n        <\/p>\n        <p>\n          Attraversiamo un&#8217;altra linea ferroviaria e iniziamo la salita al Monte\n          Areo: 185 metri di dislivello in tre chilometri, la maggior parte dei\n          quali si affronta nel tratto iniziale. Attraversiamo il paese di Poago\n          su strada; dopo averlo superato, giriamo a destra su una strada\n          asfaltata e, dopo 100 metri, giriamo a sinistra su un&#8217;altra strada\n          asfaltata. Poco dopo arriviamo sulla precedente strada asfaltata che\n          percorriamo a sinistra fino ad arrivare a Pavierna.\n        <\/p>\n        <a class=\"town-link\" href=\"https:\/\/www.pilgrim.es\/it\/cammino-nord\/gijon\/\">\n          <div class=\"town-link__link-content\">\n            <div class=\"town-link__link-content__text\">\n              <p>Informazioni Local<\/p>\n              <p>Polizia, Assistenza medica, Cosa vedere, Dove mangiare&#8230;<\/p>\n            <\/div>\n            <div class=\"town-link__link-content__town-btn\">\n              <i class=\"icon-arrow\"><\/i>\n            <\/div>\n          <\/div>\n        <\/a>\n      <\/div>\n      <hr \/>\n      <div>\n        <h4>Km 7,6 &#8231; Pavierna<\/h4>\n        <p>\n          Continuiamo la nostra salita lungo sentieri che attraversano boschi di\n          eucalipti e che diventer\u00e0 gradualmente pi\u00f9 moderata: questo \u00e8 Monte\n          Area, dichiarato Parco Archeologico per il ritrovamento di numerosi\n          dolmen e tumuli risalenti al periodo neolitico. Giungiamo su un\n          sentiero che percorriamo sulla sinistra. Pi\u00f9 avanti ci imbattiamo in\n          una strada asfaltata che percorriamo sulla destra, iniziando la\n          discesa verso la valle del Carre\u00f1o. Arriviamo alla chiesa di Santa\n          Eulalia, ai piedi della strada CE-6; accanto ad essa c&#8217;\u00e8 una piacevole\n          area di sosta.\n        <\/p>\n      <\/div>\n      <hr \/>\n      <div>\n        <h4>Km 12,0 &#8231; Santa Eulalia (Carre\u00f1o)<\/h4>\n        <p>\n          Dopo aver attraversato la strada CE-6 proseguiamo nella stessa\n          direzione; dopo 400 metri prendiamo una pista asfaltata sulla sinistra\n          che, pi\u00f9 avanti, diventa sterrata. Attraversiamo un modesto valico e\n          proseguiamo in leggera discesa fino a prendere una deviazione sulla\n          destra per attraversare una galleria e immetterci sulla strada AS-326,\n          molto trafficata.Passiamo davanti alla chiesa di San Juan de Tam\u00f3n.\n          Seguiamo la strada AS-326 sulla destra, attraversiamo una zona\n          industriale e arriviamo in prossimit\u00e0 di una grande rotatoria;\n          lasciandola sulla destra attraversiamo una delle sue strade di accesso\n          e prendiamo un sentiero. Lungo la strada AS-19 per Avil\u00e9s si raggiunge\n          Tabaza.\n        <\/p>\n      <\/div>\n      <hr \/>\n      <div>\n        <h4>Km 16,9 &#8231; Tabaza<\/h4>\n        <p>\n          Continuiamo a percorrere la banchina della strada AS-19. Pi\u00f9 avanti\n          raggiungiamo una zona urbana, dove c&#8217;\u00e8 un marciapiede e possiamo\n          camminare con maggiore sicurezza; poco dopo attraversiamo una\n          rotatoria in corrispondenza di una sottostazione elettrica. Passiamo\n          davanti alla chiesa di Trasona.\n        <\/p>\n      <\/div>\n      <hr \/>\n      <div>\n        <h4>Km 20,6 &#8231; Trasona<\/h4>\n        <p>\n          Continuiamo a percorrere la stessa strada AS-19. Giriamo a destra in\n          corrispondenza di un campo da calcio; attraversiamo la linea\n          ferroviaria e l&#8217;estuario di Avil\u00e9s su una passarella e proseguiamo\n          parallelamente all&#8217;estuario. Attraversiamo di nuovo l&#8217;estuario su un\n          ponte pedonale, lo costeggiamo e poco dopo raggiungiamo un parco\n          urbano. Prendiamo una passarella per raggiungere la strada AS-238; la\n          percorriamo sulla destra e, dopo 100 metri, giriamo a destra in\n          Avenida Marqu\u00e9s de Suances, attraversiamo una rotonda e, seguendo la\n          stessa direzione, proseguiamo in Avenida Cervantes. Presso l&#8217;ostello\n          municipale giriamo a destra nella pedonale Calle Rivero che ci porta\n          nel centro storico.\n        <\/p>\n      <\/div>\n      <hr \/>\n      <div>\n        <h4>Km 25,4 &#8231; Avil\u00e9s<\/h4>\n        <a class=\"town-link\" href=\"https:\/\/www.pilgrim.es\/it\/cammino-nord\/aviles\/\">\n          <div class=\"town-link__link-content\">\n            <div class=\"town-link__link-content__text\">\n              <p>Informazioni Local<\/p>\n              <p>Polizia, Assistenza medica, Cosa vedere, Dove mangiare&#8230;<\/p>\n            <\/div>\n            <div class=\"town-link__link-content__town-btn\">\n              <i class=\"icon-arrow\"><\/i>\n            <\/div>\n          <\/div>\n        <\/a>\n      <\/div>\n    <\/div>\n    <div id=\"locationsSection\">\n      <h2 class=\"p-h2-stage\">Paesi<\/h2>\n      <hr \/>\n      <h3 class=\"p-h3\">Villaggi<\/h3>\n      <div class=\"grid-container\">\n        <div class=\"p-group card-stage p-max-w-full\">\n          <a class=\"town-card\" href=\"https:\/\/www.pilgrim.es\/it\/cammino-nord\/gijon\/\">\n            <div class=\"card-stage__header\">\n              <img decoding=\"async\"\n                alt=\"Gijon\"\n                class=\"group-hover:p-scale-110\"\n                src=\"https:\/\/cdn.pilgrim.es\/web\/caminos\/camino-norte\/pueblos\/gijon.jpg\"\n              \/>\n              <div class=\"card-overlay group-hover:p-opacity-50\"><\/div>\n            <\/div>\n            <div class=\"town-card__flex-container\">\n              <div class=\"town-card__flex-container__info\">\n                <h3>Gij\u00f3n<\/h3>\n                <p>Provincia: Asturias<\/p>\n              <\/div>\n              <div class=\"town-card__flex-container__btn\">\n                <i class=\"icon-arrow\"><\/i>\n              <\/div>\n            <\/div>\n          <\/a>\n        <\/div>\n        <div class=\"p-group card-stage p-max-w-full\">\n          <a class=\"town-card\" href=\"https:\/\/www.pilgrim.es\/it\/cammino-nord\/aviles\/\">\n            <div class=\"card-stage__header\">\n              <img decoding=\"async\"\n                alt=\"Avil\u00e9s\"\n                class=\"group-hover:p-scale-110\"\n                src=\"https:\/\/cdn.pilgrim.es\/web\/caminos\/camino-norte\/pueblos\/aviles.jpg\"\n              \/>\n              <div class=\"card-overlay group-hover:p-opacity-50\"><\/div>\n            <\/div>\n            <div class=\"town-card__flex-container\">\n              <div class=\"town-card__flex-container__info\">\n                <h3>Avil\u00e9s<\/h3>\n                <p>Provincia: Asturias<\/p>\n              <\/div>\n              <div class=\"town-card__flex-container__btn\">\n                <i class=\"icon-arrow\"><\/i>\n              <\/div>\n            <\/div>\n          <\/a>\n        <\/div>\n      <\/div>\n    <\/div>\n    <hr class=\"single-bar\" \/>\n  <\/div>\n<\/section>\n<section id=\"stageChange\">\n  <div>\n    <a class=\"change-btn\" href=\"https:\/\/www.pilgrim.es\/it\/cammino-nord\/tappa-20-villaviciosa-gijon\/\">\n      <div class=\"change-btn\">\n        <div class=\"btn-arrow previous\">\n          <i class=\"icon-arrow\"><\/i>\n        <\/div>\n        <div class=\"change-btn__info\">\n          <div>Tappa 20<\/div>\n          <p>Villaviciosa &#10095; <br \/>Gij\u00f3n<\/p>\n        <\/div>\n      <\/div>\n    <\/a>\n    <a\n      class=\"change-btn\"\n      href=\"https:\/\/www.pilgrim.es\/it\/cammino-nord\/tappa-22-aviles-muros-de-nalon\/\"\n    >\n      <div class=\"change-btn__info\">\n        <div>Tappa 22<\/div>\n        <p>Avil\u00e9s &#10095; <br \/>Muros de Nal\u00f3n<\/p>\n      <\/div>\n      <div class=\"btn-arrow\">\n        <i class=\"icon-arrow\"><\/i>\n      <\/div>\n    <\/a>\n  <\/div>\n<\/section>\n","protected":false},"excerpt":{"rendered":"<p>Cammino del Nord &#8231; Tappa 21 A piedi 35 Tappe \/ 824 kms Gij\u00f3n\u276d Avil\u00e9s 24,2 Km &#10094;Tappa 20 Tappa 22 &#10095; Informazioni Profilo Itinerario Paesi Informazioni Informazioni su questa tappa Ci avvicineremo alla citt\u00e0 di Avil\u00e9s passando per la montagna di Areo e attraversando diversi fiumi. Il centro storico di Avil\u00e9s \u00e8 stato riconosciuto &hellip; <\/p>\n<p class=\"read_more\"><a href=\"https:\/\/www.pilgrim.es\/it\/cammino-nord\/tappa-21-gijon-aviles\/\">Leer m\u00e1s<\/a><\/p>\n","protected":false},"author":4,"featured_media":11651,"parent":10817,"menu_order":0,"comment_status":"closed","ping_status":"closed","template":"views\/template-new-web-design.blade.php","meta":{"footnotes":""},"categories":[],"tags":[],"class_list":["post-48323","page","type-page","status-publish","has-post-thumbnail","hentry"],"yoast_head":"<!-- This site is optimized with the Yoast SEO plugin v27.4 - https:\/\/yoast.com\/product\/yoast-seo-wordpress\/ -->\n<title>Cammino del Nord da Gij\u00f3n a Avil\u00e9s | Cammino di Santiago | Pilgrim<\/title>\n<meta name=\"description\" content=\"Cammino del Nord: Tappa 20 del Cammino di Santiago che passa tra la citt\u00e0 di Gij\u00f3n e Avil\u00e9s. Scopri tutte le informazioni e pianifica la tua tappa.\" \/>\n<meta name=\"robots\" content=\"index, follow, max-snippet:-1, max-image-preview:large, max-video-preview:-1\" \/>\n<link rel=\"canonical\" href=\"https:\/\/www.pilgrim.es\/it\/cammino-nord\/tappa-21-gijon-aviles\/\" \/>\n<meta property=\"og:locale\" content=\"it_IT\" \/>\n<meta property=\"og:type\" content=\"article\" \/>\n<meta property=\"og:title\" content=\"Cammino del Nord da Gij\u00f3n a Avil\u00e9s | Cammino di Santiago | Pilgrim\" \/>\n<meta property=\"og:description\" content=\"Cammino del Nord: Tappa 20 del Cammino di Santiago che passa tra la citt\u00e0 di Gij\u00f3n e Avil\u00e9s. Scopri tutte le informazioni e pianifica la tua tappa.\" \/>\n<meta property=\"og:url\" content=\"https:\/\/www.pilgrim.es\/it\/cammino-nord\/tappa-21-gijon-aviles\/\" \/>\n<meta property=\"og:site_name\" content=\"Pilgrim\" \/>\n<meta property=\"article:publisher\" content=\"https:\/\/www.facebook.com\/pilgrim.es\/\" \/>\n<meta property=\"article:modified_time\" content=\"2025-04-24T12:38:17+00:00\" \/>\n<meta property=\"og:image\" content=\"https:\/\/www.pilgrim.es\/wp-content\/uploads\/2019\/02\/camino_norte_etapa_20.png\" \/>\n\t<meta property=\"og:image:width\" content=\"1633\" \/>\n\t<meta property=\"og:image:height\" content=\"549\" \/>\n\t<meta property=\"og:image:type\" content=\"image\/png\" \/>\n<meta name=\"twitter:card\" content=\"summary_large_image\" \/>\n<meta name=\"twitter:site\" content=\"@pilgrim_es\" \/>\n<meta name=\"twitter:label1\" content=\"Tempo di lettura stimato\" \/>\n\t<meta name=\"twitter:data1\" content=\"4 minuti\" \/>\n<script type=\"application\/ld+json\" class=\"yoast-schema-graph\">{\"@context\":\"https:\\\/\\\/schema.org\",\"@graph\":[{\"@type\":\"WebPage\",\"@id\":\"https:\\\/\\\/www.pilgrim.es\\\/it\\\/cammino-nord\\\/tappa-21-gijon-aviles\\\/\",\"url\":\"https:\\\/\\\/www.pilgrim.es\\\/it\\\/cammino-nord\\\/tappa-21-gijon-aviles\\\/\",\"name\":\"Cammino del Nord da Gij\u00f3n a Avil\u00e9s | Cammino di Santiago | Pilgrim\",\"isPartOf\":{\"@id\":\"https:\\\/\\\/www.pilgrim.es\\\/it\\\/#website\"},\"primaryImageOfPage\":{\"@id\":\"https:\\\/\\\/www.pilgrim.es\\\/it\\\/cammino-nord\\\/tappa-21-gijon-aviles\\\/#primaryimage\"},\"image\":{\"@id\":\"https:\\\/\\\/www.pilgrim.es\\\/it\\\/cammino-nord\\\/tappa-21-gijon-aviles\\\/#primaryimage\"},\"thumbnailUrl\":\"https:\\\/\\\/www.pilgrim.es\\\/wp-content\\\/uploads\\\/2019\\\/02\\\/camino_norte_etapa_20.png\",\"datePublished\":\"2019-10-18T10:59:34+00:00\",\"dateModified\":\"2025-04-24T12:38:17+00:00\",\"description\":\"Cammino del Nord: Tappa 20 del Cammino di Santiago che passa tra la citt\u00e0 di Gij\u00f3n e Avil\u00e9s. Scopri tutte le informazioni e pianifica la tua tappa.\",\"breadcrumb\":{\"@id\":\"https:\\\/\\\/www.pilgrim.es\\\/it\\\/cammino-nord\\\/tappa-21-gijon-aviles\\\/#breadcrumb\"},\"inLanguage\":\"it-IT\",\"potentialAction\":[{\"@type\":\"ReadAction\",\"target\":[\"https:\\\/\\\/www.pilgrim.es\\\/it\\\/cammino-nord\\\/tappa-21-gijon-aviles\\\/\"]}]},{\"@type\":\"ImageObject\",\"inLanguage\":\"it-IT\",\"@id\":\"https:\\\/\\\/www.pilgrim.es\\\/it\\\/cammino-nord\\\/tappa-21-gijon-aviles\\\/#primaryimage\",\"url\":\"https:\\\/\\\/www.pilgrim.es\\\/wp-content\\\/uploads\\\/2019\\\/02\\\/camino_norte_etapa_20.png\",\"contentUrl\":\"https:\\\/\\\/www.pilgrim.es\\\/wp-content\\\/uploads\\\/2019\\\/02\\\/camino_norte_etapa_20.png\",\"width\":1633,\"height\":549,\"caption\":\"Mappa Tappa 20 Cammino del Nord\"},{\"@type\":\"BreadcrumbList\",\"@id\":\"https:\\\/\\\/www.pilgrim.es\\\/it\\\/cammino-nord\\\/tappa-21-gijon-aviles\\\/#breadcrumb\",\"itemListElement\":[{\"@type\":\"ListItem\",\"position\":1,\"name\":\"Camino de Santiago\",\"item\":\"https:\\\/\\\/www.pilgrim.es\\\/it\\\/\"},{\"@type\":\"ListItem\",\"position\":2,\"name\":\"Cammino del Nord\",\"item\":\"https:\\\/\\\/www.pilgrim.es\\\/it\\\/cammino-nord\\\/\"},{\"@type\":\"ListItem\",\"position\":3,\"name\":\"Cammino del Nord | Tappa 21: Gij\u00f3n &#8211; Avil\u00e9s\"}]},{\"@type\":\"WebSite\",\"@id\":\"https:\\\/\\\/www.pilgrim.es\\\/it\\\/#website\",\"url\":\"https:\\\/\\\/www.pilgrim.es\\\/it\\\/\",\"name\":\"Pilgrim\",\"description\":\"Camino de Santiago | Caminamos Contigo\",\"publisher\":{\"@id\":\"https:\\\/\\\/www.pilgrim.es\\\/it\\\/#organization\"},\"potentialAction\":[{\"@type\":\"SearchAction\",\"target\":{\"@type\":\"EntryPoint\",\"urlTemplate\":\"https:\\\/\\\/www.pilgrim.es\\\/it\\\/?s={search_term_string}\"},\"query-input\":{\"@type\":\"PropertyValueSpecification\",\"valueRequired\":true,\"valueName\":\"search_term_string\"}}],\"inLanguage\":\"it-IT\"},{\"@type\":\"Organization\",\"@id\":\"https:\\\/\\\/www.pilgrim.es\\\/it\\\/#organization\",\"name\":\"Pilgrim Camino de Santiago\",\"url\":\"https:\\\/\\\/www.pilgrim.es\\\/it\\\/\",\"logo\":{\"@type\":\"ImageObject\",\"inLanguage\":\"it-IT\",\"@id\":\"https:\\\/\\\/www.pilgrim.es\\\/it\\\/#\\\/schema\\\/logo\\\/image\\\/\",\"url\":\"https:\\\/\\\/www.pilgrim.es\\\/wp-content\\\/uploads\\\/2019\\\/04\\\/logo_pilgrim.png\",\"contentUrl\":\"https:\\\/\\\/www.pilgrim.es\\\/wp-content\\\/uploads\\\/2019\\\/04\\\/logo_pilgrim.png\",\"width\":512,\"height\":512,\"caption\":\"Pilgrim Camino de Santiago\"},\"image\":{\"@id\":\"https:\\\/\\\/www.pilgrim.es\\\/it\\\/#\\\/schema\\\/logo\\\/image\\\/\"},\"sameAs\":[\"https:\\\/\\\/www.facebook.com\\\/pilgrim.es\\\/\",\"https:\\\/\\\/x.com\\\/pilgrim_es\",\"https:\\\/\\\/www.instagram.com\\\/pilgrim.es\\\/\",\"https:\\\/\\\/www.linkedin.com\\\/company\\\/pilgrim-camino-de-santiago\\\/\",\"https:\\\/\\\/www.pinterest.es\\\/pilgrimcaminodesantiago\\\/\",\"https:\\\/\\\/www.youtube.com\\\/channel\\\/UCIv2ZzFLXVqthkNF32rKedw\\\/featured\"]}]}<\/script>\n<!-- \/ Yoast SEO plugin. -->","yoast_head_json":{"title":"Cammino del Nord da Gij\u00f3n a Avil\u00e9s | Cammino di Santiago | Pilgrim","description":"Cammino del Nord: Tappa 20 del Cammino di Santiago che passa tra la citt\u00e0 di Gij\u00f3n e Avil\u00e9s. Scopri tutte le informazioni e pianifica la tua tappa.","robots":{"index":"index","follow":"follow","max-snippet":"max-snippet:-1","max-image-preview":"max-image-preview:large","max-video-preview":"max-video-preview:-1"},"canonical":"https:\/\/www.pilgrim.es\/it\/cammino-nord\/tappa-21-gijon-aviles\/","og_locale":"it_IT","og_type":"article","og_title":"Cammino del Nord da Gij\u00f3n a Avil\u00e9s | Cammino di Santiago | Pilgrim","og_description":"Cammino del Nord: Tappa 20 del Cammino di Santiago che passa tra la citt\u00e0 di Gij\u00f3n e Avil\u00e9s. Scopri tutte le informazioni e pianifica la tua tappa.","og_url":"https:\/\/www.pilgrim.es\/it\/cammino-nord\/tappa-21-gijon-aviles\/","og_site_name":"Pilgrim","article_publisher":"https:\/\/www.facebook.com\/pilgrim.es\/","article_modified_time":"2025-04-24T12:38:17+00:00","og_image":[{"width":1633,"height":549,"url":"https:\/\/www.pilgrim.es\/wp-content\/uploads\/2019\/02\/camino_norte_etapa_20.png","type":"image\/png"}],"twitter_card":"summary_large_image","twitter_site":"@pilgrim_es","twitter_misc":{"Tempo di lettura stimato":"4 minuti"},"schema":{"@context":"https:\/\/schema.org","@graph":[{"@type":"WebPage","@id":"https:\/\/www.pilgrim.es\/it\/cammino-nord\/tappa-21-gijon-aviles\/","url":"https:\/\/www.pilgrim.es\/it\/cammino-nord\/tappa-21-gijon-aviles\/","name":"Cammino del Nord da Gij\u00f3n a Avil\u00e9s | Cammino di Santiago | Pilgrim","isPartOf":{"@id":"https:\/\/www.pilgrim.es\/it\/#website"},"primaryImageOfPage":{"@id":"https:\/\/www.pilgrim.es\/it\/cammino-nord\/tappa-21-gijon-aviles\/#primaryimage"},"image":{"@id":"https:\/\/www.pilgrim.es\/it\/cammino-nord\/tappa-21-gijon-aviles\/#primaryimage"},"thumbnailUrl":"https:\/\/www.pilgrim.es\/wp-content\/uploads\/2019\/02\/camino_norte_etapa_20.png","datePublished":"2019-10-18T10:59:34+00:00","dateModified":"2025-04-24T12:38:17+00:00","description":"Cammino del Nord: Tappa 20 del Cammino di Santiago che passa tra la citt\u00e0 di Gij\u00f3n e Avil\u00e9s. Scopri tutte le informazioni e pianifica la tua tappa.","breadcrumb":{"@id":"https:\/\/www.pilgrim.es\/it\/cammino-nord\/tappa-21-gijon-aviles\/#breadcrumb"},"inLanguage":"it-IT","potentialAction":[{"@type":"ReadAction","target":["https:\/\/www.pilgrim.es\/it\/cammino-nord\/tappa-21-gijon-aviles\/"]}]},{"@type":"ImageObject","inLanguage":"it-IT","@id":"https:\/\/www.pilgrim.es\/it\/cammino-nord\/tappa-21-gijon-aviles\/#primaryimage","url":"https:\/\/www.pilgrim.es\/wp-content\/uploads\/2019\/02\/camino_norte_etapa_20.png","contentUrl":"https:\/\/www.pilgrim.es\/wp-content\/uploads\/2019\/02\/camino_norte_etapa_20.png","width":1633,"height":549,"caption":"Mappa Tappa 20 Cammino del Nord"},{"@type":"BreadcrumbList","@id":"https:\/\/www.pilgrim.es\/it\/cammino-nord\/tappa-21-gijon-aviles\/#breadcrumb","itemListElement":[{"@type":"ListItem","position":1,"name":"Camino de Santiago","item":"https:\/\/www.pilgrim.es\/it\/"},{"@type":"ListItem","position":2,"name":"Cammino del Nord","item":"https:\/\/www.pilgrim.es\/it\/cammino-nord\/"},{"@type":"ListItem","position":3,"name":"Cammino del Nord | Tappa 21: Gij\u00f3n &#8211; Avil\u00e9s"}]},{"@type":"WebSite","@id":"https:\/\/www.pilgrim.es\/it\/#website","url":"https:\/\/www.pilgrim.es\/it\/","name":"Pilgrim","description":"Camino de Santiago | Caminamos Contigo","publisher":{"@id":"https:\/\/www.pilgrim.es\/it\/#organization"},"potentialAction":[{"@type":"SearchAction","target":{"@type":"EntryPoint","urlTemplate":"https:\/\/www.pilgrim.es\/it\/?s={search_term_string}"},"query-input":{"@type":"PropertyValueSpecification","valueRequired":true,"valueName":"search_term_string"}}],"inLanguage":"it-IT"},{"@type":"Organization","@id":"https:\/\/www.pilgrim.es\/it\/#organization","name":"Pilgrim Camino de Santiago","url":"https:\/\/www.pilgrim.es\/it\/","logo":{"@type":"ImageObject","inLanguage":"it-IT","@id":"https:\/\/www.pilgrim.es\/it\/#\/schema\/logo\/image\/","url":"https:\/\/www.pilgrim.es\/wp-content\/uploads\/2019\/04\/logo_pilgrim.png","contentUrl":"https:\/\/www.pilgrim.es\/wp-content\/uploads\/2019\/04\/logo_pilgrim.png","width":512,"height":512,"caption":"Pilgrim Camino de Santiago"},"image":{"@id":"https:\/\/www.pilgrim.es\/it\/#\/schema\/logo\/image\/"},"sameAs":["https:\/\/www.facebook.com\/pilgrim.es\/","https:\/\/x.com\/pilgrim_es","https:\/\/www.instagram.com\/pilgrim.es\/","https:\/\/www.linkedin.com\/company\/pilgrim-camino-de-santiago\/","https:\/\/www.pinterest.es\/pilgrimcaminodesantiago\/","https:\/\/www.youtube.com\/channel\/UCIv2ZzFLXVqthkNF32rKedw\/featured"]}]}},"_links":{"self":[{"href":"https:\/\/www.pilgrim.es\/it\/wp-json\/wp\/v2\/pages\/48323","targetHints":{"allow":["GET"]}}],"collection":[{"href":"https:\/\/www.pilgrim.es\/it\/wp-json\/wp\/v2\/pages"}],"about":[{"href":"https:\/\/www.pilgrim.es\/it\/wp-json\/wp\/v2\/types\/page"}],"author":[{"embeddable":true,"href":"https:\/\/www.pilgrim.es\/it\/wp-json\/wp\/v2\/users\/4"}],"replies":[{"embeddable":true,"href":"https:\/\/www.pilgrim.es\/it\/wp-json\/wp\/v2\/comments?post=48323"}],"version-history":[{"count":22,"href":"https:\/\/www.pilgrim.es\/it\/wp-json\/wp\/v2\/pages\/48323\/revisions"}],"predecessor-version":[{"id":129549,"href":"https:\/\/www.pilgrim.es\/it\/wp-json\/wp\/v2\/pages\/48323\/revisions\/129549"}],"up":[{"embeddable":true,"href":"https:\/\/www.pilgrim.es\/it\/wp-json\/wp\/v2\/pages\/10817"}],"wp:featuredmedia":[{"embeddable":true,"href":"https:\/\/www.pilgrim.es\/it\/wp-json\/wp\/v2\/media\/11651"}],"wp:attachment":[{"href":"https:\/\/www.pilgrim.es\/it\/wp-json\/wp\/v2\/media?parent=48323"}],"wp:term":[{"taxonomy":"category","embeddable":true,"href":"https:\/\/www.pilgrim.es\/it\/wp-json\/wp\/v2\/categories?post=48323"},{"taxonomy":"post_tag","embeddable":true,"href":"https:\/\/www.pilgrim.es\/it\/wp-json\/wp\/v2\/tags?post=48323"}],"curies":[{"name":"wp","href":"https:\/\/api.w.org\/{rel}","templated":true}]}}