{"id":48321,"date":"2019-10-18T10:37:40","date_gmt":"2019-10-18T10:37:40","guid":{"rendered":"https:\/\/prod.pilgrim.es\/cammino-nord\/tappa-21-aviles-muros-de-nalon\/"},"modified":"2025-04-24T12:38:27","modified_gmt":"2025-04-24T12:38:27","slug":"tappa-22-aviles-muros-de-nalon","status":"publish","type":"page","link":"https:\/\/www.pilgrim.es\/it\/cammino-nord\/tappa-22-aviles-muros-de-nalon\/","title":{"rendered":"Cammino del Nord | Tappa 22: Avil\u00e9s &#8211; Muros de Nal\u00f3n"},"content":{"rendered":"\n<section id=\"heroStage\">\n  <h1>Cammino del Nord &#8231; Tappa 22<\/h1>\n  <div>\n    <div\n      class=\"hero\"\n      data-background=\"https:\/\/cdn.pilgrim.es\/web\/caminos\/camino-norte\/pueblos\/aviles.jpg\"\n    >\n      <div class=\"hero__container\">\n        <div class=\"hero__container__labels\">\n          <p>A piedi<\/p>\n          <p>35 Tappe \/ 824 kms<\/p>\n        <\/div>\n        <div class=\"hero__container__stage-name\">\n          <h2>Avil\u00e9s<br \/><span>\u276d<\/span> Muros de Nal\u00f3n<\/h2>\n          <p>23,2 Km<\/p>\n        <\/div>\n        <div class=\"hero__container__stage-changer\">\n          <div class=\"stage-control\">\n            <a\n              class=\"stage-control__link\"\n              href=\"https:\/\/www.pilgrim.es\/it\/cammino-nord\/tappa-21-gijon-aviles\/\"\n              ><span>&#10094;<\/span> Tappa 21\n            <\/a>\n          <\/div>\n          <div class=\"stage-control\">\n            <a\n              class=\"stage-control__link\"\n              href=\"https:\/\/www.pilgrim.es\/it\/cammino-nord\/tappa-23-muros-de-nalon-soto-de-luina\/\"\n              >Tappa 23 <span>&#10095;<\/span><\/a\n            >\n          <\/div>\n        <\/div>\n      <\/div>\n    <\/div>\n    <div class=\"planner\"><div\r\n  class=\"p-col-span-1 p-rounded-lg p-px-5 p-h-full\"\r\n  style=\"background-image: url('https:\/\/cdn.pilgrim.es\/web\/pilgrim-planner\/bg-plugin-planificador.webp')\"\r\n  rel=\"preload\"\r\n  fetchpriority=\"high\"\r\n  >\r\n    <div class=\"p-text-center p-pt-5 p-text-white p-text-2xl p-font-semibold\">\r\n      Pianifica il tuo cammino    <\/div>\r\n    <div\r\n            id='primary-app'\r\n            data-name='banner'\r\n            data-api='https:\/\/pathfinder.pilgrim.es\/api\/pathfinder\/v2'\r\n            data-mode='normal'\r\n            data-lang='it'\r\n            data-route='1'\r\n            data-destiny='https:\/\/planificador.pilgrim.es'\r\n            data-modality='1'\r\n            data-inline=''\r\n        ><\/div><\/div><\/div>\n  <\/div>\n<\/section>\n<section id=\"scoreBarsStage\">\n  <section>\r\n  <div class=\"p-flex p-flex-nowrap p-space-x-4 p-py-5 p-overflow-x-auto md:p-grid md:p-grid-cols-3 lg:p-grid-cols-5 md:p-gap-8 md:p-space-x-0 md:p-overflow-hidden scrollbar-thin\">\r\n    <div class=\"p-grid p-grid-cols-4 p-shrink-0 p-w-72 p-snap-start md:p-w-full\">\r\n        <div class=\"p-col-span-1 p-self-center p-text-center p-text-3xl\">\r\n            <i class=\"icon-influx\"><\/i>\r\n        <\/div>\r\n        <div class=\"p-col-span-3 p-flex p-flex-col p-items-start\">\r\n            <div class=\"p-text-start p-text-secondary p-mb-1 p-bold\"> Afflusso <\/div>\r\n            <div class=\"p-w-full p-bg-light p-rounded-full p-h-2 p-relative\">\r\n                <div class=\"p-bg-primary p-h-2 p-rounded-full p-absolute\" style=\"width: 40%;\"><\/div>\r\n            <\/div>\r\n        <\/div>\r\n    <\/div>\r\n\r\n    <div class=\"p-grid p-grid-cols-4 p-shrink-0 p-w-72 p-snap-start md:p-w-full\">\r\n        <div class=\"p-col-span-1 p-self-center p-text-center p-text-3xl\">\r\n            <i class=\"icon-difficulty\"><\/i>\r\n        <\/div>\r\n        <div class=\"p-col-span-3 p-flex p-flex-col p-items-start\">\r\n            <div class=\"p-text-start p-text-secondary p-mb-1 p-bold\"> Difficolt\u00e0 <\/div>\r\n            <div class=\"p-w-full p-bg-light p-rounded-full p-h-2 p-relative\">\r\n                <div class=\"p-bg-primary p-h-2 p-rounded-full p-absolute\" style=\"width: 40%;\"><\/div>\r\n            <\/div>\r\n        <\/div>\r\n    <\/div>\r\n\r\n    <div class=\"p-grid p-grid-cols-4 p-shrink-0 p-w-72 p-snap-start md:p-w-full\">\r\n        <div class=\"p-col-span-1 p-self-center p-text-center p-text-3xl\">\r\n            <i class=\"icon-patrimony\"><\/i>\r\n        <\/div>\r\n        <div class=\"p-col-span-3 p-flex p-flex-col p-items-start\">\r\n            <div class=\"p-text-start p-text-secondary p-mb-1 p-bold\"> Arte\/Storia <\/div>\r\n            <div class=\"p-w-full p-bg-light p-rounded-full p-h-2 p-relative\">\r\n                <div class=\"p-bg-primary p-h-2 p-rounded-full p-absolute\" style=\"width: 40%;\"><\/div>\r\n            <\/div>\r\n        <\/div>\r\n    <\/div>\r\n\r\n    <div class=\"p-grid p-grid-cols-4 p-shrink-0 p-w-72 p-snap-start md:p-w-full\">\r\n        <div class=\"p-col-span-1 p-self-center p-text-center p-text-3xl\">\r\n            <i class=\"icon-nature\"><\/i>\r\n        <\/div>\r\n        <div class=\"p-col-span-3 p-flex p-flex-col p-items-start\">\r\n            <div class=\"p-text-start p-text-secondary p-mb-1 p-bold\"> Natura <\/div>\r\n            <div class=\"p-w-full p-bg-light p-rounded-full p-h-2 p-relative\">\r\n                <div class=\"p-bg-primary p-h-2 p-rounded-full p-absolute\" style=\"width: 60%;\"><\/div>\r\n            <\/div>\r\n        <\/div>\r\n    <\/div>\r\n\r\n    <div class=\"p-grid p-grid-cols-4 p-shrink-0 p-w-72 p-snap-start md:p-w-full\">\r\n        <div class=\"p-col-span-1 p-self-center p-text-center p-text-3xl\">\r\n            <i class=\"icon-urban\"><\/i>\r\n        <\/div>\r\n        <div class=\"p-col-span-3 p-flex p-flex-col p-items-start\">\r\n            <div class=\"p-text-start p-text-secondary p-mb-1 p-bold\"> Cammino Francese <\/div>\r\n            <div class=\"p-w-full p-bg-light p-rounded-full p-h-2 p-relative\">\r\n                <div class=\"p-bg-primary p-h-2 p-rounded-full p-absolute\" style=\"width: 20%;\"><\/div>\r\n            <\/div>\r\n        <\/div>\r\n    <\/div>\r\n  <\/div>\r\n<\/section>\n<\/section>\n<div id=\"stage-list-section\"><div class=\"stage-list\">\n    <div class='stage-list__map-card'>\n        <div class='stage-list__map-card__map'>\n            <div class='stage-list__map-card__map__text'>\n                <h2> Pages <\/h2>\n                <p> A piedi<\/p>\n                <p> 0tappe<\/p>\n            <\/div>\n            <div class='stage-list__map-card__map__img'>\n                <img decoding=\"async\" src=\"\" alt=\" mapa \" \/>\n            <\/div>\n        <\/div>\n    <\/div>\n\n    <\/div>\n<\/div>\n<section id=\"navStage\">\n  <div>\n    <nav class=\"tab-navigation-section--cols-4\" id=\"tab-navigation-section\">\n      <a class=\"active\" href=\"#infoSection\">Informazioni<\/a>\n      <a href=\"#profileSection\">Profilo<\/a>\n      <a href=\"#itinerarySection\">Itinerario<\/a>\n      <a href=\"#locationsSection\">Paesi<\/a>\n    <\/nav>\n    <div id=\"infoSection\">\n      <div>\n        <h2 class=\"p-h2-stage\">Informazioni<\/h2>\n        <hr class=\"orange-bar\" \/>\n        <h3 class=\"p-h3\">Informazioni su questa tappa<\/h3>\n      <\/div>\n      <p>\n        Questa fase non ha nulla a che fare con la precedente. Possiamo\n        definirla come un rompi-gambe dato che saliremo e scenderemo in molte\n        occasioni per attraversare fiumi, torrenti, autostrade, acquedotti,\n        spiagge e una moltitudine di paesi e quartieri.\n      <\/p>\n      <div class=\"recomendation-card\">\n        <div>\n          <i class=\"icon-logo-pilgrim\"><\/i>\n          <h5>Raccomandazione di Pilgrim<\/h5>\n        <\/div>\n        <p>\n          A questo punto ci sono due possibili alternative al percorso\n          originale. La prima consiste nel deviare dal belvedere di Espiritu\n          Santo verso El Pito, costeggiando la costa e passando per la spiaggia\n          di Aguilar. di Espiritu Santo a El Pito, lungo la costa e passando per\n          la spiaggia di Aguilar. La seconda, che inizia subito dopo aver\n          attraversato il fiume Nal\u00f3n attraversando il fiume Nal\u00f3n e passando\n          per San Esteban de Pravia, da dove prosegue fino a Muros de Nal\u00f3n. I\n          ciclisti e le persone a mobilit\u00e0 ridotta devono prestare la massima\n          attenzione in questa tappa.\n        <\/p>\n      <\/div>\n    <\/div>\n    <div id=\"profileSection\">\n      <div>\n        <h2 class=\"p-h2-stage\">Distanza e altitudine<\/h2>\n        <hr class=\"orange-bar\" \/>\n        <h3 class=\"p-h3\">Profilo<\/h3>\n        <img decoding=\"async\"\n          alt=\"Profilo\"\n          src=\"https:\/\/cdn.pilgrim.es\/web\/caminos\/camino-norte\/etapas\/etapa-22\/etapa22-perfil-aviles-muros-de-nalon.jpg\"\n        \/>\n      <\/div>\n    <\/div>\n    <div id=\"itinerarySection\">\n      <h2 class=\"p-h2-stage\">Percorso<\/h2>\n      <hr \/>\n      <h3 class=\"p-h3\">Itinerario<\/h3>\n      <div>\n        <h4>Km 0 &#8231; Avil\u00e9s<\/h4>\n        <p>\n          Da Plaza Espa\u00f1a prendiamo Calle la Ferrer\u00eda fino al parco Muelle che\n          costeggiamo sulla sinistra; dietro la rotonda con una fontana d&#8217;acqua\n          prendiamo la pedonale Calle Estaci\u00f3n fino all&#8217;antica chiesa di Sabugo.\n          Passiamo davanti a questa chiesa sulla sinistra e alla fine\n          zigzaghiamo a destra e a sinistra per imboccare il viale della\n          Germania che ci porter\u00e0 fuori dalla citt\u00e0. Questo viale prosegue su\n          una strada locale in costante salita. Raggiunta la zona residenziale\n          di Campo del Conde imbocchiamo la strada a destra verso la citt\u00e0 di\n          Salinas. Completiamo la discesa lungo un sentiero sterrato che inizia\n          a sinistra; poi attraversiamo la strada nazionale N-632 e lungo Ra\u00edces\n          Avenue attraversiamo l&#8217;omonimo fiume per imboccare Doctor Fleming\n          Street a sinistra fino alla fine.\n        <\/p>\n        <a class=\"town-link\" href=\"https:\/\/www.pilgrim.es\/it\/cammino-nord\/aviles\/\">\n          <div class=\"town-link__link-content\">\n            <div class=\"town-link__link-content__text\">\n              <p>Informazioni Local<\/p>\n              <p>Polizia, Assistenza medica, Cosa vedere, Dove mangiare&#8230;<\/p>\n            <\/div>\n            <div class=\"town-link__link-content__town-btn\">\n              <i class=\"icon-arrow\"><\/i>\n            <\/div>\n          <\/div>\n        <\/a>\n      <\/div>\n      <hr \/>\n      <div>\n        <h4>Km 5,4 &#8231; Salinas<\/h4>\n        <p>\n          Attraversiamo la via Niconar Pi\u00f1ola e proseguiamo nella stessa\n          direzione lungo la via Ram\u00f3n y Cajal; alla fine di questa strada\n          giriamo a sinistra in via Pr\u00edncipe de Asturias e, dopo 70 metri,\n          giriamo a destra a pi\u00f9 di 90 gradi in via Torner che prosegue in\n          salita lungo l&#8217;avenida San Mart\u00edn. Pi\u00f9 avanti svoltiamo a sinistra su\n          una strada sterrata e proseguiamo per le strade del paese di El Cueto.\n          Passiamo davanti alla chiesa di San Mart\u00edn de Laspra.\n        <\/p>\n      <\/div>\n      <hr \/>\n      <div>\n        <h4>Km 6,9 &#8231; San Mart\u00edn de Laspra<\/h4>\n        <p>\n          Proseguiamo in costante discesa, attraversando il quartiere di\n          Casta\u00f1alona. Attraversiamo la strada per Piedras Blancas, una citt\u00e0\n          che vedremo sulla sinistra. Proseguiamo nella stessa direzione,\n          attraversiamo la frazione di El Villar e giriamo a destra su un\n          sentiero asfaltato in salita.\n        <\/p>\n        <p>\n          Usciamo su una strada locale in corrispondenza del paese di El Muro e\n          la percorriamo a sinistra. Da qui inizia un lungo tratto di comodi\n          sentieri sterrati e asfaltati che si snodano in un ambiente rurale e\n          boschivo. Infine, una strada sterrata in discesa ci porta al prossimo\n          villaggio: Santiago del Monte.\n        <\/p>\n      <\/div>\n      <hr \/>\n      <div>\n        <h4>Km 12,7 &#8231; Santiago del Monte<\/h4>\n        <p>\n          Attraversiamo la strada CT-1, saliamo passando davanti alla bella\n          chiesa di Santiago del Monte e poco dopo attraversiamo la strada\n          nazionale N-643, imboccando la strada locale verso La Arena e Ran\u00f3n\n          (AS-318).\n        <\/p>\n        <p>\n          Attraversiamo poi l&#8217;autostrada A-81 nella parte inferiore. Dopo 500\n          metri imbocchiamo una strada boscosa sulla sinistra; \u00e8 l&#8217;inizio di un\n          lungo percorso nel bosco, con un primo breve tratto in salita e un\n          secondo lungo tratto in discesa. Arrivati alla fine, attraversiamo la\n          strada AS-318 per salire a El Castillo che prende il nome dal castello\n          di San Mart\u00edn. Percorrendo una piacevole strada asfaltata con una\n          buona vista sul castello e sull&#8217;estuario del Nal\u00f3n raggiungeremo la\n          grande rotonda alle porte di Soto del Barco.\n        <\/p>\n      <\/div>\n      <hr \/>\n      <div>\n        <h4>Km 19,0 &#8231; Soto del Barco<\/h4>\n        <p>\n          Partendo dalla rotatoria svoltiamo a destra in Calle de la Magdalena.\n          Si tratta della vecchia strada nazionale lungo la quale si scende fino\n          al ponte sull&#8217;estuario della nuova strada nazionale.\n        <\/p>\n        <p>\n          Attraversiamo l&#8217;estuario di Nal\u00f3n sul ponte della strada nazionale\n          N-632. Proseguiamo poi per un altro tratto lungo la banchina della\n          strada nazionale. Lasciamo la strada nazionale per imboccare sulla\n          sinistra un sentiero sterrato che sale ripidamente. Arriviamo poco\n          dopo ad una strada, attraversiamo il quartiere Era, raggiungiamo di\n          nuovo la strada nazionale N-632, la percorriamo per soli 70 metri e\n          sulla destra imbocchiamo un piccolo sentiero erboso; attraversiamo poi\n          una stradina e, attraverso vie strette saliamo fino al centro di Muros\n          de Nal\u00f3n.\n        <\/p>\n      <\/div>\n      <hr \/>\n      <div>\n        <h4>Km 23,2 &#8231; Muros de Nal\u00f3n<\/h4>\n        <a class=\"town-link\" href=\"https:\/\/www.pilgrim.es\/it\/cammino-nord\/muros-de-nalon\/\">\n          <div class=\"town-link__link-content\">\n            <div class=\"town-link__link-content__text\">\n              <p>Informazioni Local<\/p>\n              <p>Polizia, Assistenza medica, Cosa vedere, Dove mangiare&#8230;<\/p>\n            <\/div>\n            <div class=\"town-link__link-content__town-btn\">\n              <i class=\"icon-arrow\"><\/i>\n            <\/div>\n          <\/div>\n        <\/a>\n      <\/div>\n    <\/div>\n    <div id=\"locationsSection\">\n      <h2 class=\"p-h2-stage\">Paesi<\/h2>\n      <hr \/>\n      <h3 class=\"p-h3\">Villaggi<\/h3>\n      <div class=\"grid-container\">\n        <div class=\"p-group card-stage p-max-w-full\">\n          <a class=\"town-card\" href=\"https:\/\/www.pilgrim.es\/it\/cammino-nord\/gijon\/\">\n            <div class=\"card-stage__header\">\n              <img decoding=\"async\"\n                alt=\"Avil\u00e9s\"\n                class=\"group-hover:p-scale-110\"\n                src=\"https:\/\/cdn.pilgrim.es\/web\/caminos\/camino-norte\/pueblos\/aviles.jpg\"\n              \/>\n              <div class=\"card-overlay group-hover:p-opacity-50\"><\/div>\n            <\/div>\n            <div class=\"town-card__flex-container\">\n              <div class=\"town-card__flex-container__info\">\n                <h3>Avil\u00e9s<\/h3>\n                <p>Provincia: Asturias<\/p>\n              <\/div>\n              <div class=\"town-card__flex-container__btn\">\n                <i class=\"icon-arrow\"><\/i>\n              <\/div>\n            <\/div>\n          <\/a>\n        <\/div>\n        <div class=\"p-group card-stage p-max-w-full\">\n          <a class=\"town-card\" href=\"https:\/\/www.pilgrim.es\/it\/cammino-nord\/muros-de-nalon\/\">\n            <div class=\"card-stage__header\">\n              <img decoding=\"async\"\n                alt=\"Muros de nalon\"\n                class=\"group-hover:p-scale-110\"\n                src=\"https:\/\/cdn.pilgrim.es\/web\/caminos\/camino-norte\/pueblos\/muros-de-nalon.jpg\"\n              \/>\n              <div class=\"card-overlay group-hover:p-opacity-50\"><\/div>\n            <\/div>\n            <div class=\"town-card__flex-container\">\n              <div class=\"town-card__flex-container__info\">\n                <h3>Muros de Nal\u00f3n<\/h3>\n                <p>Provincia: Asturias<\/p>\n              <\/div>\n              <div class=\"town-card__flex-container__btn\">\n                <i class=\"icon-arrow\"><\/i>\n              <\/div>\n            <\/div>\n          <\/a>\n        <\/div>\n      <\/div>\n    <\/div>\n    <hr class=\"single-bar\" \/>\n  <\/div>\n<\/section>\n<section id=\"stageChange\">\n  <div>\n    <a class=\"change-btn\" href=\"https:\/\/www.pilgrim.es\/it\/cammino-nord\/tappa-21-gijon-aviles\/\">\n      <div class=\"change-btn\">\n        <div class=\"btn-arrow previous\">\n          <i class=\"icon-arrow\"><\/i>\n        <\/div>\n        <div class=\"change-btn__info\">\n          <div>Tappa 21<\/div>\n          <p>Gij\u00f3n &#10095;<br \/>Avil\u00e9s<\/p>\n        <\/div>\n      <\/div>\n    <\/a>\n    <a\n      class=\"change-btn\"\n      href=\"https:\/\/www.pilgrim.es\/it\/cammino-nord\/tappa-23-muros-de-nalon-soto-de-luina\/\"\n    >\n      <div class=\"change-btn__info\">\n        <div>Tappa 23<\/div>\n        <p>Muros de Nal\u00f3n &#10095;<br \/>Soto de Lui\u00f1a<\/p>\n      <\/div>\n      <div class=\"btn-arrow\">\n        <i class=\"icon-arrow\"><\/i>\n      <\/div>\n    <\/a>\n  <\/div>\n<\/section>\n\n\n\n<p><\/p>\n","protected":false},"excerpt":{"rendered":"<p>Cammino del Nord &#8231; Tappa 22 A piedi 35 Tappe \/ 824 kms Avil\u00e9s\u276d Muros de Nal\u00f3n 23,2 Km &#10094; Tappa 21 Tappa 23 &#10095; Informazioni Profilo Itinerario Paesi Informazioni Informazioni su questa tappa Questa fase non ha nulla a che fare con la precedente. Possiamo definirla come un rompi-gambe dato che saliremo e scenderemo &hellip; <\/p>\n<p class=\"read_more\"><a href=\"https:\/\/www.pilgrim.es\/it\/cammino-nord\/tappa-22-aviles-muros-de-nalon\/\">Leer m\u00e1s<\/a><\/p>\n","protected":false},"author":4,"featured_media":11661,"parent":10817,"menu_order":0,"comment_status":"closed","ping_status":"closed","template":"views\/template-new-web-design.blade.php","meta":{"footnotes":""},"categories":[],"tags":[],"class_list":["post-48321","page","type-page","status-publish","has-post-thumbnail","hentry"],"yoast_head":"<!-- This site is optimized with the Yoast SEO plugin v27.4 - https:\/\/yoast.com\/product\/yoast-seo-wordpress\/ -->\n<title>Cammino del Nord da Avil\u00e9s a Muros de Nal\u00f3n | Cammino di Santiago | Pilgrim<\/title>\n<meta name=\"description\" content=\"Cammino del Nord: Tappa 21 del Cammino di Santiago che passa tra Avil\u00e9s e Muros de Nal\u00f3n. Scopri tutte le informazioni e pianifica la tua tappa.\" \/>\n<meta name=\"robots\" content=\"index, follow, max-snippet:-1, max-image-preview:large, max-video-preview:-1\" \/>\n<link rel=\"canonical\" href=\"https:\/\/www.pilgrim.es\/it\/cammino-nord\/tappa-22-aviles-muros-de-nalon\/\" \/>\n<meta property=\"og:locale\" content=\"it_IT\" \/>\n<meta property=\"og:type\" content=\"article\" \/>\n<meta property=\"og:title\" content=\"Cammino del Nord da Avil\u00e9s a Muros de Nal\u00f3n | Cammino di Santiago | Pilgrim\" \/>\n<meta property=\"og:description\" content=\"Cammino del Nord: Tappa 21 del Cammino di Santiago che passa tra Avil\u00e9s e Muros de Nal\u00f3n. Scopri tutte le informazioni e pianifica la tua tappa.\" \/>\n<meta property=\"og:url\" content=\"https:\/\/www.pilgrim.es\/it\/cammino-nord\/tappa-22-aviles-muros-de-nalon\/\" \/>\n<meta property=\"og:site_name\" content=\"Pilgrim\" \/>\n<meta property=\"article:publisher\" content=\"https:\/\/www.facebook.com\/pilgrim.es\/\" \/>\n<meta property=\"article:modified_time\" content=\"2025-04-24T12:38:27+00:00\" \/>\n<meta property=\"og:image\" content=\"https:\/\/www.pilgrim.es\/wp-content\/uploads\/2019\/02\/camino_norte_etapa_21.jpg\" \/>\n\t<meta property=\"og:image:width\" content=\"1631\" \/>\n\t<meta property=\"og:image:height\" content=\"552\" \/>\n\t<meta property=\"og:image:type\" content=\"image\/jpeg\" \/>\n<meta name=\"twitter:card\" content=\"summary_large_image\" \/>\n<meta name=\"twitter:site\" content=\"@pilgrim_es\" \/>\n<meta name=\"twitter:label1\" content=\"Tempo di lettura stimato\" \/>\n\t<meta name=\"twitter:data1\" content=\"4 minuti\" \/>\n<script type=\"application\/ld+json\" class=\"yoast-schema-graph\">{\"@context\":\"https:\\\/\\\/schema.org\",\"@graph\":[{\"@type\":\"WebPage\",\"@id\":\"https:\\\/\\\/www.pilgrim.es\\\/it\\\/cammino-nord\\\/tappa-22-aviles-muros-de-nalon\\\/\",\"url\":\"https:\\\/\\\/www.pilgrim.es\\\/it\\\/cammino-nord\\\/tappa-22-aviles-muros-de-nalon\\\/\",\"name\":\"Cammino del Nord da Avil\u00e9s a Muros de Nal\u00f3n | Cammino di Santiago | Pilgrim\",\"isPartOf\":{\"@id\":\"https:\\\/\\\/www.pilgrim.es\\\/it\\\/#website\"},\"primaryImageOfPage\":{\"@id\":\"https:\\\/\\\/www.pilgrim.es\\\/it\\\/cammino-nord\\\/tappa-22-aviles-muros-de-nalon\\\/#primaryimage\"},\"image\":{\"@id\":\"https:\\\/\\\/www.pilgrim.es\\\/it\\\/cammino-nord\\\/tappa-22-aviles-muros-de-nalon\\\/#primaryimage\"},\"thumbnailUrl\":\"https:\\\/\\\/www.pilgrim.es\\\/wp-content\\\/uploads\\\/2019\\\/02\\\/camino_norte_etapa_21.jpg\",\"datePublished\":\"2019-10-18T10:37:40+00:00\",\"dateModified\":\"2025-04-24T12:38:27+00:00\",\"description\":\"Cammino del Nord: Tappa 21 del Cammino di Santiago che passa tra Avil\u00e9s e Muros de Nal\u00f3n. Scopri tutte le informazioni e pianifica la tua tappa.\",\"breadcrumb\":{\"@id\":\"https:\\\/\\\/www.pilgrim.es\\\/it\\\/cammino-nord\\\/tappa-22-aviles-muros-de-nalon\\\/#breadcrumb\"},\"inLanguage\":\"it-IT\",\"potentialAction\":[{\"@type\":\"ReadAction\",\"target\":[\"https:\\\/\\\/www.pilgrim.es\\\/it\\\/cammino-nord\\\/tappa-22-aviles-muros-de-nalon\\\/\"]}]},{\"@type\":\"ImageObject\",\"inLanguage\":\"it-IT\",\"@id\":\"https:\\\/\\\/www.pilgrim.es\\\/it\\\/cammino-nord\\\/tappa-22-aviles-muros-de-nalon\\\/#primaryimage\",\"url\":\"https:\\\/\\\/www.pilgrim.es\\\/wp-content\\\/uploads\\\/2019\\\/02\\\/camino_norte_etapa_21.jpg\",\"contentUrl\":\"https:\\\/\\\/www.pilgrim.es\\\/wp-content\\\/uploads\\\/2019\\\/02\\\/camino_norte_etapa_21.jpg\",\"width\":1631,\"height\":552,\"caption\":\"Mappa Tappa 21 Cammino del Nord\"},{\"@type\":\"BreadcrumbList\",\"@id\":\"https:\\\/\\\/www.pilgrim.es\\\/it\\\/cammino-nord\\\/tappa-22-aviles-muros-de-nalon\\\/#breadcrumb\",\"itemListElement\":[{\"@type\":\"ListItem\",\"position\":1,\"name\":\"Camino de Santiago\",\"item\":\"https:\\\/\\\/www.pilgrim.es\\\/it\\\/\"},{\"@type\":\"ListItem\",\"position\":2,\"name\":\"Cammino del Nord\",\"item\":\"https:\\\/\\\/www.pilgrim.es\\\/it\\\/cammino-nord\\\/\"},{\"@type\":\"ListItem\",\"position\":3,\"name\":\"Cammino del Nord | Tappa 22: Avil\u00e9s &#8211; Muros de Nal\u00f3n\"}]},{\"@type\":\"WebSite\",\"@id\":\"https:\\\/\\\/www.pilgrim.es\\\/it\\\/#website\",\"url\":\"https:\\\/\\\/www.pilgrim.es\\\/it\\\/\",\"name\":\"Pilgrim\",\"description\":\"Camino de Santiago | Caminamos Contigo\",\"publisher\":{\"@id\":\"https:\\\/\\\/www.pilgrim.es\\\/it\\\/#organization\"},\"potentialAction\":[{\"@type\":\"SearchAction\",\"target\":{\"@type\":\"EntryPoint\",\"urlTemplate\":\"https:\\\/\\\/www.pilgrim.es\\\/it\\\/?s={search_term_string}\"},\"query-input\":{\"@type\":\"PropertyValueSpecification\",\"valueRequired\":true,\"valueName\":\"search_term_string\"}}],\"inLanguage\":\"it-IT\"},{\"@type\":\"Organization\",\"@id\":\"https:\\\/\\\/www.pilgrim.es\\\/it\\\/#organization\",\"name\":\"Pilgrim Camino de Santiago\",\"url\":\"https:\\\/\\\/www.pilgrim.es\\\/it\\\/\",\"logo\":{\"@type\":\"ImageObject\",\"inLanguage\":\"it-IT\",\"@id\":\"https:\\\/\\\/www.pilgrim.es\\\/it\\\/#\\\/schema\\\/logo\\\/image\\\/\",\"url\":\"https:\\\/\\\/www.pilgrim.es\\\/wp-content\\\/uploads\\\/2019\\\/04\\\/logo_pilgrim.png\",\"contentUrl\":\"https:\\\/\\\/www.pilgrim.es\\\/wp-content\\\/uploads\\\/2019\\\/04\\\/logo_pilgrim.png\",\"width\":512,\"height\":512,\"caption\":\"Pilgrim Camino de Santiago\"},\"image\":{\"@id\":\"https:\\\/\\\/www.pilgrim.es\\\/it\\\/#\\\/schema\\\/logo\\\/image\\\/\"},\"sameAs\":[\"https:\\\/\\\/www.facebook.com\\\/pilgrim.es\\\/\",\"https:\\\/\\\/x.com\\\/pilgrim_es\",\"https:\\\/\\\/www.instagram.com\\\/pilgrim.es\\\/\",\"https:\\\/\\\/www.linkedin.com\\\/company\\\/pilgrim-camino-de-santiago\\\/\",\"https:\\\/\\\/www.pinterest.es\\\/pilgrimcaminodesantiago\\\/\",\"https:\\\/\\\/www.youtube.com\\\/channel\\\/UCIv2ZzFLXVqthkNF32rKedw\\\/featured\"]}]}<\/script>\n<!-- \/ Yoast SEO plugin. -->","yoast_head_json":{"title":"Cammino del Nord da Avil\u00e9s a Muros de Nal\u00f3n | Cammino di Santiago | Pilgrim","description":"Cammino del Nord: Tappa 21 del Cammino di Santiago che passa tra Avil\u00e9s e Muros de Nal\u00f3n. Scopri tutte le informazioni e pianifica la tua tappa.","robots":{"index":"index","follow":"follow","max-snippet":"max-snippet:-1","max-image-preview":"max-image-preview:large","max-video-preview":"max-video-preview:-1"},"canonical":"https:\/\/www.pilgrim.es\/it\/cammino-nord\/tappa-22-aviles-muros-de-nalon\/","og_locale":"it_IT","og_type":"article","og_title":"Cammino del Nord da Avil\u00e9s a Muros de Nal\u00f3n | Cammino di Santiago | Pilgrim","og_description":"Cammino del Nord: Tappa 21 del Cammino di Santiago che passa tra Avil\u00e9s e Muros de Nal\u00f3n. Scopri tutte le informazioni e pianifica la tua tappa.","og_url":"https:\/\/www.pilgrim.es\/it\/cammino-nord\/tappa-22-aviles-muros-de-nalon\/","og_site_name":"Pilgrim","article_publisher":"https:\/\/www.facebook.com\/pilgrim.es\/","article_modified_time":"2025-04-24T12:38:27+00:00","og_image":[{"width":1631,"height":552,"url":"https:\/\/www.pilgrim.es\/wp-content\/uploads\/2019\/02\/camino_norte_etapa_21.jpg","type":"image\/jpeg"}],"twitter_card":"summary_large_image","twitter_site":"@pilgrim_es","twitter_misc":{"Tempo di lettura stimato":"4 minuti"},"schema":{"@context":"https:\/\/schema.org","@graph":[{"@type":"WebPage","@id":"https:\/\/www.pilgrim.es\/it\/cammino-nord\/tappa-22-aviles-muros-de-nalon\/","url":"https:\/\/www.pilgrim.es\/it\/cammino-nord\/tappa-22-aviles-muros-de-nalon\/","name":"Cammino del Nord da Avil\u00e9s a Muros de Nal\u00f3n | Cammino di Santiago | Pilgrim","isPartOf":{"@id":"https:\/\/www.pilgrim.es\/it\/#website"},"primaryImageOfPage":{"@id":"https:\/\/www.pilgrim.es\/it\/cammino-nord\/tappa-22-aviles-muros-de-nalon\/#primaryimage"},"image":{"@id":"https:\/\/www.pilgrim.es\/it\/cammino-nord\/tappa-22-aviles-muros-de-nalon\/#primaryimage"},"thumbnailUrl":"https:\/\/www.pilgrim.es\/wp-content\/uploads\/2019\/02\/camino_norte_etapa_21.jpg","datePublished":"2019-10-18T10:37:40+00:00","dateModified":"2025-04-24T12:38:27+00:00","description":"Cammino del Nord: Tappa 21 del Cammino di Santiago che passa tra Avil\u00e9s e Muros de Nal\u00f3n. Scopri tutte le informazioni e pianifica la tua tappa.","breadcrumb":{"@id":"https:\/\/www.pilgrim.es\/it\/cammino-nord\/tappa-22-aviles-muros-de-nalon\/#breadcrumb"},"inLanguage":"it-IT","potentialAction":[{"@type":"ReadAction","target":["https:\/\/www.pilgrim.es\/it\/cammino-nord\/tappa-22-aviles-muros-de-nalon\/"]}]},{"@type":"ImageObject","inLanguage":"it-IT","@id":"https:\/\/www.pilgrim.es\/it\/cammino-nord\/tappa-22-aviles-muros-de-nalon\/#primaryimage","url":"https:\/\/www.pilgrim.es\/wp-content\/uploads\/2019\/02\/camino_norte_etapa_21.jpg","contentUrl":"https:\/\/www.pilgrim.es\/wp-content\/uploads\/2019\/02\/camino_norte_etapa_21.jpg","width":1631,"height":552,"caption":"Mappa Tappa 21 Cammino del Nord"},{"@type":"BreadcrumbList","@id":"https:\/\/www.pilgrim.es\/it\/cammino-nord\/tappa-22-aviles-muros-de-nalon\/#breadcrumb","itemListElement":[{"@type":"ListItem","position":1,"name":"Camino de Santiago","item":"https:\/\/www.pilgrim.es\/it\/"},{"@type":"ListItem","position":2,"name":"Cammino del Nord","item":"https:\/\/www.pilgrim.es\/it\/cammino-nord\/"},{"@type":"ListItem","position":3,"name":"Cammino del Nord | Tappa 22: Avil\u00e9s &#8211; Muros de Nal\u00f3n"}]},{"@type":"WebSite","@id":"https:\/\/www.pilgrim.es\/it\/#website","url":"https:\/\/www.pilgrim.es\/it\/","name":"Pilgrim","description":"Camino de Santiago | Caminamos Contigo","publisher":{"@id":"https:\/\/www.pilgrim.es\/it\/#organization"},"potentialAction":[{"@type":"SearchAction","target":{"@type":"EntryPoint","urlTemplate":"https:\/\/www.pilgrim.es\/it\/?s={search_term_string}"},"query-input":{"@type":"PropertyValueSpecification","valueRequired":true,"valueName":"search_term_string"}}],"inLanguage":"it-IT"},{"@type":"Organization","@id":"https:\/\/www.pilgrim.es\/it\/#organization","name":"Pilgrim Camino de Santiago","url":"https:\/\/www.pilgrim.es\/it\/","logo":{"@type":"ImageObject","inLanguage":"it-IT","@id":"https:\/\/www.pilgrim.es\/it\/#\/schema\/logo\/image\/","url":"https:\/\/www.pilgrim.es\/wp-content\/uploads\/2019\/04\/logo_pilgrim.png","contentUrl":"https:\/\/www.pilgrim.es\/wp-content\/uploads\/2019\/04\/logo_pilgrim.png","width":512,"height":512,"caption":"Pilgrim Camino de Santiago"},"image":{"@id":"https:\/\/www.pilgrim.es\/it\/#\/schema\/logo\/image\/"},"sameAs":["https:\/\/www.facebook.com\/pilgrim.es\/","https:\/\/x.com\/pilgrim_es","https:\/\/www.instagram.com\/pilgrim.es\/","https:\/\/www.linkedin.com\/company\/pilgrim-camino-de-santiago\/","https:\/\/www.pinterest.es\/pilgrimcaminodesantiago\/","https:\/\/www.youtube.com\/channel\/UCIv2ZzFLXVqthkNF32rKedw\/featured"]}]}},"_links":{"self":[{"href":"https:\/\/www.pilgrim.es\/it\/wp-json\/wp\/v2\/pages\/48321","targetHints":{"allow":["GET"]}}],"collection":[{"href":"https:\/\/www.pilgrim.es\/it\/wp-json\/wp\/v2\/pages"}],"about":[{"href":"https:\/\/www.pilgrim.es\/it\/wp-json\/wp\/v2\/types\/page"}],"author":[{"embeddable":true,"href":"https:\/\/www.pilgrim.es\/it\/wp-json\/wp\/v2\/users\/4"}],"replies":[{"embeddable":true,"href":"https:\/\/www.pilgrim.es\/it\/wp-json\/wp\/v2\/comments?post=48321"}],"version-history":[{"count":12,"href":"https:\/\/www.pilgrim.es\/it\/wp-json\/wp\/v2\/pages\/48321\/revisions"}],"predecessor-version":[{"id":129552,"href":"https:\/\/www.pilgrim.es\/it\/wp-json\/wp\/v2\/pages\/48321\/revisions\/129552"}],"up":[{"embeddable":true,"href":"https:\/\/www.pilgrim.es\/it\/wp-json\/wp\/v2\/pages\/10817"}],"wp:featuredmedia":[{"embeddable":true,"href":"https:\/\/www.pilgrim.es\/it\/wp-json\/wp\/v2\/media\/11661"}],"wp:attachment":[{"href":"https:\/\/www.pilgrim.es\/it\/wp-json\/wp\/v2\/media?parent=48321"}],"wp:term":[{"taxonomy":"category","embeddable":true,"href":"https:\/\/www.pilgrim.es\/it\/wp-json\/wp\/v2\/categories?post=48321"},{"taxonomy":"post_tag","embeddable":true,"href":"https:\/\/www.pilgrim.es\/it\/wp-json\/wp\/v2\/tags?post=48321"}],"curies":[{"name":"wp","href":"https:\/\/api.w.org\/{rel}","templated":true}]}}