{"id":48319,"date":"2019-10-18T10:21:13","date_gmt":"2019-10-18T10:21:13","guid":{"rendered":"https:\/\/prod.pilgrim.es\/cammino-nord\/tappa-22-muros-de-nalon-soto-de-luina\/"},"modified":"2025-04-24T12:38:41","modified_gmt":"2025-04-24T12:38:41","slug":"tappa-23-muros-de-nalon-soto-de-luina","status":"publish","type":"page","link":"https:\/\/www.pilgrim.es\/it\/cammino-nord\/tappa-23-muros-de-nalon-soto-de-luina\/","title":{"rendered":"Cammino del Nord | Tappa 23: Muros de Nal\u00f3n &#8211; Soto de Lui\u00f1a"},"content":{"rendered":"\n<section id=\"heroStage\">\n  <h1>Cammino del Nord &#8231; Tappa 23<\/h1>\n  <div>\n    <div\n      class=\"hero\"\n      data-background=\"https:\/\/cdn.pilgrim.es\/web\/caminos\/camino-norte\/pueblos\/gijon.jpg\"\n    >\n      <div class=\"hero__container\">\n        <div class=\"hero__container__labels\">\n          <p>A piedi<\/p>\n          <p>35 tappe \/ 824 kms<\/p>\n        <\/div>\n        <div class=\"hero__container__stage-name\">\n          <h2>Muros de Nal\u00f3n<br \/><span>\u276d<\/span> Soto de Lui\u00f1a<\/h2>\n          <p>24,2 Km<\/p>\n        <\/div>\n        <div class=\"hero__container__stage-changer\">\n          <div class=\"stage-control\">\n            <a\n              class=\"stage-control__link\"\n              href=\"https:\/\/www.pilgrim.es\/it\/cammino-nord\/tappa-22-aviles-muros-de-nalon\/\"\n              ><span>&#10094;<\/span> Tappa 22\n            <\/a>\n          <\/div>\n          <div class=\"stage-control\">\n            <a\n              class=\"stage-control__link\"\n              href=\"https:\/\/www.pilgrim.es\/it\/cammino-nord\/tappa-24-soto-de-luina-cadavedo\/\"\n              >Tappa 24 <span>&#10095;<\/span><\/a\n            >\n          <\/div>\n        <\/div>\n      <\/div>\n    <\/div>\n    <div class=\"planner\"><div\r\n  class=\"p-col-span-1 p-rounded-lg p-px-5 p-h-full\"\r\n  style=\"background-image: url('https:\/\/cdn.pilgrim.es\/web\/pilgrim-planner\/bg-plugin-planificador.webp')\"\r\n  rel=\"preload\"\r\n  fetchpriority=\"high\"\r\n  >\r\n    <div class=\"p-text-center p-pt-5 p-text-white p-text-2xl p-font-semibold\">\r\n      Pianifica il tuo cammino    <\/div>\r\n    <div\r\n            id='primary-app'\r\n            data-name='banner'\r\n            data-api='https:\/\/pathfinder.pilgrim.es\/api\/pathfinder\/v2'\r\n            data-mode='normal'\r\n            data-lang='it'\r\n            data-route='1'\r\n            data-destiny='https:\/\/planificador.pilgrim.es'\r\n            data-modality='1'\r\n            data-inline=''\r\n        ><\/div><\/div><\/div>\n  <\/div>\n<\/section>\n<section id=\"scoreBarsStage\">\n  <section>\r\n  <div class=\"p-flex p-flex-nowrap p-space-x-4 p-py-5 p-overflow-x-auto md:p-grid md:p-grid-cols-3 lg:p-grid-cols-5 md:p-gap-8 md:p-space-x-0 md:p-overflow-hidden scrollbar-thin\">\r\n    <div class=\"p-grid p-grid-cols-4 p-shrink-0 p-w-72 p-snap-start md:p-w-full\">\r\n        <div class=\"p-col-span-1 p-self-center p-text-center p-text-3xl\">\r\n            <i class=\"icon-influx\"><\/i>\r\n        <\/div>\r\n        <div class=\"p-col-span-3 p-flex p-flex-col p-items-start\">\r\n            <div class=\"p-text-start p-text-secondary p-mb-1 p-bold\"> Afflusso <\/div>\r\n            <div class=\"p-w-full p-bg-light p-rounded-full p-h-2 p-relative\">\r\n                <div class=\"p-bg-primary p-h-2 p-rounded-full p-absolute\" style=\"width: 40%;\"><\/div>\r\n            <\/div>\r\n        <\/div>\r\n    <\/div>\r\n\r\n    <div class=\"p-grid p-grid-cols-4 p-shrink-0 p-w-72 p-snap-start md:p-w-full\">\r\n        <div class=\"p-col-span-1 p-self-center p-text-center p-text-3xl\">\r\n            <i class=\"icon-difficulty\"><\/i>\r\n        <\/div>\r\n        <div class=\"p-col-span-3 p-flex p-flex-col p-items-start\">\r\n            <div class=\"p-text-start p-text-secondary p-mb-1 p-bold\"> Difficolt\u00e0 <\/div>\r\n            <div class=\"p-w-full p-bg-light p-rounded-full p-h-2 p-relative\">\r\n                <div class=\"p-bg-primary p-h-2 p-rounded-full p-absolute\" style=\"width: 40%;\"><\/div>\r\n            <\/div>\r\n        <\/div>\r\n    <\/div>\r\n\r\n    <div class=\"p-grid p-grid-cols-4 p-shrink-0 p-w-72 p-snap-start md:p-w-full\">\r\n        <div class=\"p-col-span-1 p-self-center p-text-center p-text-3xl\">\r\n            <i class=\"icon-patrimony\"><\/i>\r\n        <\/div>\r\n        <div class=\"p-col-span-3 p-flex p-flex-col p-items-start\">\r\n            <div class=\"p-text-start p-text-secondary p-mb-1 p-bold\"> Arte\/Storia <\/div>\r\n            <div class=\"p-w-full p-bg-light p-rounded-full p-h-2 p-relative\">\r\n                <div class=\"p-bg-primary p-h-2 p-rounded-full p-absolute\" style=\"width: 20%;\"><\/div>\r\n            <\/div>\r\n        <\/div>\r\n    <\/div>\r\n\r\n    <div class=\"p-grid p-grid-cols-4 p-shrink-0 p-w-72 p-snap-start md:p-w-full\">\r\n        <div class=\"p-col-span-1 p-self-center p-text-center p-text-3xl\">\r\n            <i class=\"icon-nature\"><\/i>\r\n        <\/div>\r\n        <div class=\"p-col-span-3 p-flex p-flex-col p-items-start\">\r\n            <div class=\"p-text-start p-text-secondary p-mb-1 p-bold\"> Natura <\/div>\r\n            <div class=\"p-w-full p-bg-light p-rounded-full p-h-2 p-relative\">\r\n                <div class=\"p-bg-primary p-h-2 p-rounded-full p-absolute\" style=\"width: 60%;\"><\/div>\r\n            <\/div>\r\n        <\/div>\r\n    <\/div>\r\n\r\n    <div class=\"p-grid p-grid-cols-4 p-shrink-0 p-w-72 p-snap-start md:p-w-full\">\r\n        <div class=\"p-col-span-1 p-self-center p-text-center p-text-3xl\">\r\n            <i class=\"icon-urban\"><\/i>\r\n        <\/div>\r\n        <div class=\"p-col-span-3 p-flex p-flex-col p-items-start\">\r\n            <div class=\"p-text-start p-text-secondary p-mb-1 p-bold\"> Cammino Francese <\/div>\r\n            <div class=\"p-w-full p-bg-light p-rounded-full p-h-2 p-relative\">\r\n                <div class=\"p-bg-primary p-h-2 p-rounded-full p-absolute\" style=\"width: 20%;\"><\/div>\r\n            <\/div>\r\n        <\/div>\r\n    <\/div>\r\n  <\/div>\r\n<\/section>\n<\/section>\n<div id=\"stage-list-section\"><div class=\"stage-list\">\n    <div class='stage-list__map-card'>\n        <div class='stage-list__map-card__map'>\n            <div class='stage-list__map-card__map__text'>\n                <h2> Pages <\/h2>\n                <p> A piedi<\/p>\n                <p> 0tappe<\/p>\n            <\/div>\n            <div class='stage-list__map-card__map__img'>\n                <img decoding=\"async\" src=\"\" alt=\" mapa \" \/>\n            <\/div>\n        <\/div>\n    <\/div>\n\n    <\/div>\n<\/div>\n<section id=\"navStage\">\n  <div>\n    <nav class=\"tab-navigation-section--cols-4\" id=\"tab-navigation-section\">\n      <a class=\"active\" href=\"#infoSection\">Informazioni<\/a>\n      <a href=\"#profileSection\">Profilo<\/a>\n      <a href=\"#itinerarySection\">Itinerario<\/a>\n      <a href=\"#locationsSection\">Paesi<\/a>\n    <\/nav>\n    <div id=\"infoSection\">\n      <div>\n        <h2 class=\"p-h2-stage\">Informazioni<\/h2>\n        <hr class=\"orange-bar\" \/>\n        <h3 class=\"p-h3\">Informazioni su questa tappa<\/h3>\n      <\/div>\n      <p>\n        Il ridotto chilometraggio di questa tappa ci permetter\u00e0 di rilassare un\n        po&#8217; le gambe e di fermarci ad ammirare impressionanti gioielli\n        architettonici come il palazzo di La Quinta de Selgas e a passeggiare\n        per le tranquille strade di Soto de Lui\u00f1a.\n      <\/p>\n      <div class=\"recomendation-card\">\n        <div>\n          <i class=\"icon-logo-pilgrim\"><\/i>\n          <h5>Raccomandazione di Pilgrim<\/h5>\n        <\/div>\n        <p>\n          l Cammino non passa da Cudillero, ma consigliamo vivamente una\n          deviazione una deviazione e visitare questo caratteristico villaggio\n          di pescatori conosciuto come Villa Pixueta. come Villa Pixueta. Questa\n          tappa non presenta alcuna difficolt\u00e0 aggiuntiva per i ciclisti o i\n          ciclisti o persone a mobilit\u00e0 ridotta.\n        <\/p>\n      <\/div>\n    <\/div>\n    <div id=\"profileSection\">\n      <div>\n        <h2 class=\"p-h2-stage\">Distanza e altitudine<\/h2>\n        <hr class=\"orange-bar\" \/>\n        <h3 class=\"p-h3\">Profilo<\/h3>\n        <img decoding=\"async\"\n          alt=\"Profilo\"\n          src=\"https:\/\/cdn.pilgrim.es\/web\/caminos\/camino-norte\/etapas\/etapa-23\/etapa23-perfil-muros-de-nalon-soto-de-luina.jpg\"\n        \/>\n      <\/div>\n    <\/div>\n    <div id=\"itinerarySection\">\n      <h2 class=\"p-h2-stage\">Percorso<\/h2>\n      <hr \/>\n      <h3 class=\"p-h3\">Itinerario<\/h3>\n      <div>\n        <h4>Km 0 &#8231; Muros de Nal\u00f3n<\/h4>\n        <p>\n          Partendo dalla piazza della chiesa imbocchiamo la strada in direzione\n          dell&#8217;Ufficio del Turismo; subito dopo aver attraversato i binari della\n          ferrovia giriamo a destra in via Francisco Cabal e, dopo 100 metri,\n          giriamo a sinistra in un&#8217;altra strada.\n        <\/p>\n        <p>\n          Pi\u00f9 avanti, attraversiamo di nuovo la ferrovia su un ponte e, lungo un\n          sentiero sterrato, entriamo in un bosco.Scendendo a zig zag per poter\n          attraversare un ruscello, poco pi\u00f9 avanti attraversiamo la linea\n          ferroviaria attraverso un tunnel e giungiamo su una strada locale che\n          imbocchiamo a destra; questa ci conduce alla strada CU-2, ora a El\n          Pito, una piccola localit\u00e0 del comune di Cudillero.\n        <\/p>\n        <a class=\"town-link\" href=\"https:\/\/www.pilgrim.es\/it\/cammino-nord\/muros-de-nalon\/\">\n          <div class=\"town-link__link-content\">\n            <div class=\"town-link__link-content__text\">\n              <p>Informazioni Local<\/p>\n              <p>Polizia, Assistenza medica, Cosa vedere, Dove mangiare&#8230;<\/p>\n            <\/div>\n            <div class=\"town-link__link-content__town-btn\">\n              <i class=\"icon-arrow\"><\/i>\n            <\/div>\n          <\/div>\n        <\/a>\n      <\/div>\n      <hr \/>\n      <div>\n        <h4>Km 4,0 &#8231; El Pito<\/h4>\n        <p>\n          Pi\u00f9 avanti arriviamo sulla strada di accesso alla stazione ferroviaria\n          di Cudillero, che lascieremo sulla sinistra, attraverseremo il\n          sottopassaggio ferroviario e dopo 400 metri gireremo a destra.\n          Arrivati al villaggio di El Pe\u00f1edo, si attraversa la strada nazionale\n          N632. Attraversiamo l&#8217;autostrada A-8 attraverso un sottopassaggio.\n          Percorriamo la strada asfaltata, prima in salita e poi in discesa.\n          Attraversiamo nuovamente l&#8217;autostrada A-8 attraverso un altro\n          sottopassaggio fino a raggiungere El Rellayo.\n        <\/p>\n      <\/div>\n      <hr \/>\n      <div>\n        <h4>Km 8,6 &#8231; El Rellayo<\/h4>\n        <p>\n          All&#8217;uscita, percorrendo una strada sterrata, passiamo due volte sotto\n          un viadotto della A8, attraversiamo la N-632 e scendiamo verso la\n          spiaggia di La Concha de Artedo che lasceremo alla nostra destra 400\n          metri pi\u00f9 avanti. Il nostro percorso prosegue lungo il sentiero sul\n          lato opposto, in salita, avvicinandosi ai due imponenti viadotti (a\n          due livelli) della strada nazionale e della superstrada. Passiamo\n          sotto i viadotti della N-632 e della A-8, lungo una strada sterrata, e\n          dopo un paio di chilometri raggiungiamo Mumayor.\n        <\/p>\n      <\/div>\n      <hr \/>\n      <div>\n        <h4>Km 12,4 &#8231; Mumayor<\/h4>\n        <p>\n          Attraversiamo il paese di Mumayor per poi girare a destra su una\n          stradina in salita: la seguiamo per 250 metri fino a imboccare un\n          sentiero erboso sulla sinistra che scende attraverso un fitto bosco.\n        <\/p>\n        <p>\n          Arriviamo sulla strada nazionale N-632a: la seguiamo a destra fino a\n          Soto de Lui\u00f1a.\n        <\/p>\n      <\/div>\n      <hr \/>\n      <div>\n        <h4>Km 23,2 &#8231; Soto de Lui\u00f1a<\/h4>\n        <a class=\"town-link\" href=\"https:\/\/www.pilgrim.es\/it\/cammino-nord\/soto-de-luina\/\">\n          <div class=\"town-link__link-content\">\n            <div class=\"town-link__link-content__text\">\n              <p>Informazioni Local<\/p>\n              <p>Polizia, Assistenza medica, Cosa vedere, Dove mangiare&#8230;<\/p>\n            <\/div>\n            <div class=\"town-link__link-content__town-btn\">\n              <i class=\"icon-arrow\"><\/i>\n            <\/div>\n          <\/div>\n        <\/a>\n      <\/div>\n    <\/div>\n\n    <div id=\"locationsSection\">\n      <h2 class=\"p-h2-stage\">Paesi<\/h2>\n      <hr \/>\n      <h3 class=\"p-h3\">Villaggi<\/h3>\n      <div class=\"grid-container\">\n        <div class=\"p-group card-stage p-max-w-full\">\n          <a class=\"town-card\" href=\"https:\/\/www.pilgrim.es\/it\/cammino-nord\/muros-de-nalon\/\">\n            <div class=\"card-stage__header\">\n              <img decoding=\"async\"\n                alt=\"Muros de nal\u00f3n\"\n                class=\"group-hover:p-scale-110\"\n                src=\"https:\/\/cdn.pilgrim.es\/web\/caminos\/camino-norte\/pueblos\/muros-de-nalon.jpg\"\n              \/>\n              <div class=\"card-overlay group-hover:p-opacity-50\"><\/div>\n            <\/div>\n            <div class=\"town-card__flex-container\">\n              <div class=\"town-card__flex-container__info\">\n                <h3>Muros de nal\u00f3n<\/h3>\n                <p>Provincia: Asturias<\/p>\n              <\/div>\n              <div class=\"town-card__flex-container__btn\">\n                <i class=\"icon-arrow\"><\/i>\n              <\/div>\n            <\/div>\n          <\/a>\n        <\/div>\n        <div class=\"p-group card-stage p-max-w-full\">\n          <a class=\"town-card\" href=\"https:\/\/www.pilgrim.es\/it\/cammino-nord\/soto-de-luina\/\">\n            <div class=\"card-stage__header\">\n              <img decoding=\"async\"\n                alt=\"Soto de Lui\u00f1a\"\n                class=\"group-hover:p-scale-110\"\n                src=\"https:\/\/cdn.pilgrim.es\/web\/caminos\/camino-norte\/pueblos\/soto-de-luina.jpg\"\n              \/>\n              <div class=\"card-overlay group-hover:p-opacity-50\"><\/div>\n            <\/div>\n            <div class=\"town-card__flex-container\">\n              <div class=\"town-card__flex-container__info\">\n                <h3>Soto de Lui\u00f1a<\/h3>\n                <p>Provincia: Asturias<\/p>\n              <\/div>\n              <div class=\"town-card__flex-container__btn\">\n                <i class=\"icon-arrow\"><\/i>\n              <\/div>\n            <\/div>\n          <\/a>\n        <\/div>\n      <\/div>\n    <\/div>\n    <hr class=\"single-bar\" \/>\n  <\/div>\n<\/section>\n<section id=\"stageChange\">\n  <div>\n    <a\n      class=\"change-btn\"\n      href=\"https:\/\/www.pilgrim.es\/it\/cammino-nord\/tappa-22-aviles-muros-de-nalon\/\"\n    >\n      <div class=\"change-btn\">\n        <div class=\"btn-arrow previous\">\n          <i class=\"icon-arrow\"><\/i>\n        <\/div>\n        <div class=\"change-btn__info\">\n          <div>Tappa 22<\/div>\n          <p>Avil\u00e9s &#10095; <br \/>Muros de Nal\u00f3n<\/p>\n        <\/div>\n      <\/div>\n    <\/a>\n    <a\n      class=\"change-btn\"\n      href=\"https:\/\/www.pilgrim.es\/it\/cammino-nord\/tappa-24-soto-de-luina-cadavedo\/\"\n    >\n      <div class=\"change-btn__info\">\n        <div>Tappa 24<\/div>\n        <p>Soto de Lui\u00f1a &#10095; <br \/>Cadavedo<\/p>\n      <\/div>\n      <div class=\"btn-arrow\">\n        <i class=\"icon-arrow\"><\/i>\n      <\/div>\n    <\/a>\n  <\/div>\n<\/section>\n\n\n\n<p><\/p>\n","protected":false},"excerpt":{"rendered":"<p>Cammino del Nord &#8231; Tappa 23 A piedi 35 tappe \/ 824 kms Muros de Nal\u00f3n\u276d Soto de Lui\u00f1a 24,2 Km &#10094; Tappa 22 Tappa 24 &#10095; Informazioni Profilo Itinerario Paesi Informazioni Informazioni su questa tappa Il ridotto chilometraggio di questa tappa ci permetter\u00e0 di rilassare un po&#8217; le gambe e di fermarci ad ammirare &hellip; <\/p>\n<p class=\"read_more\"><a href=\"https:\/\/www.pilgrim.es\/it\/cammino-nord\/tappa-23-muros-de-nalon-soto-de-luina\/\">Leer m\u00e1s<\/a><\/p>\n","protected":false},"author":4,"featured_media":11671,"parent":10817,"menu_order":0,"comment_status":"closed","ping_status":"closed","template":"views\/template-new-web-design.blade.php","meta":{"footnotes":""},"categories":[],"tags":[],"class_list":["post-48319","page","type-page","status-publish","has-post-thumbnail","hentry"],"yoast_head":"<!-- This site is optimized with the Yoast SEO plugin v27.4 - https:\/\/yoast.com\/product\/yoast-seo-wordpress\/ -->\n<title>Cammino del Nord da Muros de Nal\u00f3n a Soto de Lui\u00f1a | Cammino di Santiago<\/title>\n<meta name=\"description\" content=\"Cammino del Nord: Tappa 22 del Cammino di Santiago che passa tra Muros de Nal\u00f3n e Soto de Lui\u00f1a. Scopri tutte le informazioni e pianifica la tua tappa.\" \/>\n<meta name=\"robots\" content=\"index, follow, max-snippet:-1, max-image-preview:large, max-video-preview:-1\" \/>\n<link rel=\"canonical\" href=\"https:\/\/www.pilgrim.es\/it\/cammino-nord\/tappa-23-muros-de-nalon-soto-de-luina\/\" \/>\n<meta property=\"og:locale\" content=\"it_IT\" \/>\n<meta property=\"og:type\" content=\"article\" \/>\n<meta property=\"og:title\" content=\"Cammino del Nord da Muros de Nal\u00f3n a Soto de Lui\u00f1a | Cammino di Santiago\" \/>\n<meta property=\"og:description\" content=\"Cammino del Nord: Tappa 22 del Cammino di Santiago che passa tra Muros de Nal\u00f3n e Soto de Lui\u00f1a. Scopri tutte le informazioni e pianifica la tua tappa.\" \/>\n<meta property=\"og:url\" content=\"https:\/\/www.pilgrim.es\/it\/cammino-nord\/tappa-23-muros-de-nalon-soto-de-luina\/\" \/>\n<meta property=\"og:site_name\" content=\"Pilgrim\" \/>\n<meta property=\"article:publisher\" content=\"https:\/\/www.facebook.com\/pilgrim.es\/\" \/>\n<meta property=\"article:modified_time\" content=\"2025-04-24T12:38:41+00:00\" \/>\n<meta property=\"og:image\" content=\"https:\/\/www.pilgrim.es\/wp-content\/uploads\/2019\/02\/camino_norte_etapa_22.jpg\" \/>\n\t<meta property=\"og:image:width\" content=\"1634\" \/>\n\t<meta property=\"og:image:height\" content=\"547\" \/>\n\t<meta property=\"og:image:type\" content=\"image\/jpeg\" \/>\n<meta name=\"twitter:card\" content=\"summary_large_image\" \/>\n<meta name=\"twitter:site\" content=\"@pilgrim_es\" \/>\n<meta name=\"twitter:label1\" content=\"Tempo di lettura stimato\" \/>\n\t<meta name=\"twitter:data1\" content=\"3 minuti\" \/>\n<script type=\"application\/ld+json\" class=\"yoast-schema-graph\">{\"@context\":\"https:\\\/\\\/schema.org\",\"@graph\":[{\"@type\":\"WebPage\",\"@id\":\"https:\\\/\\\/www.pilgrim.es\\\/it\\\/cammino-nord\\\/tappa-23-muros-de-nalon-soto-de-luina\\\/\",\"url\":\"https:\\\/\\\/www.pilgrim.es\\\/it\\\/cammino-nord\\\/tappa-23-muros-de-nalon-soto-de-luina\\\/\",\"name\":\"Cammino del Nord da Muros de Nal\u00f3n a Soto de Lui\u00f1a | Cammino di Santiago\",\"isPartOf\":{\"@id\":\"https:\\\/\\\/www.pilgrim.es\\\/it\\\/#website\"},\"primaryImageOfPage\":{\"@id\":\"https:\\\/\\\/www.pilgrim.es\\\/it\\\/cammino-nord\\\/tappa-23-muros-de-nalon-soto-de-luina\\\/#primaryimage\"},\"image\":{\"@id\":\"https:\\\/\\\/www.pilgrim.es\\\/it\\\/cammino-nord\\\/tappa-23-muros-de-nalon-soto-de-luina\\\/#primaryimage\"},\"thumbnailUrl\":\"https:\\\/\\\/www.pilgrim.es\\\/wp-content\\\/uploads\\\/2019\\\/02\\\/camino_norte_etapa_22.jpg\",\"datePublished\":\"2019-10-18T10:21:13+00:00\",\"dateModified\":\"2025-04-24T12:38:41+00:00\",\"description\":\"Cammino del Nord: Tappa 22 del Cammino di Santiago che passa tra Muros de Nal\u00f3n e Soto de Lui\u00f1a. Scopri tutte le informazioni e pianifica la tua tappa.\",\"breadcrumb\":{\"@id\":\"https:\\\/\\\/www.pilgrim.es\\\/it\\\/cammino-nord\\\/tappa-23-muros-de-nalon-soto-de-luina\\\/#breadcrumb\"},\"inLanguage\":\"it-IT\",\"potentialAction\":[{\"@type\":\"ReadAction\",\"target\":[\"https:\\\/\\\/www.pilgrim.es\\\/it\\\/cammino-nord\\\/tappa-23-muros-de-nalon-soto-de-luina\\\/\"]}]},{\"@type\":\"ImageObject\",\"inLanguage\":\"it-IT\",\"@id\":\"https:\\\/\\\/www.pilgrim.es\\\/it\\\/cammino-nord\\\/tappa-23-muros-de-nalon-soto-de-luina\\\/#primaryimage\",\"url\":\"https:\\\/\\\/www.pilgrim.es\\\/wp-content\\\/uploads\\\/2019\\\/02\\\/camino_norte_etapa_22.jpg\",\"contentUrl\":\"https:\\\/\\\/www.pilgrim.es\\\/wp-content\\\/uploads\\\/2019\\\/02\\\/camino_norte_etapa_22.jpg\",\"width\":1634,\"height\":547,\"caption\":\"Mappa Tappa 22 Cammino del Nord\"},{\"@type\":\"BreadcrumbList\",\"@id\":\"https:\\\/\\\/www.pilgrim.es\\\/it\\\/cammino-nord\\\/tappa-23-muros-de-nalon-soto-de-luina\\\/#breadcrumb\",\"itemListElement\":[{\"@type\":\"ListItem\",\"position\":1,\"name\":\"Camino de Santiago\",\"item\":\"https:\\\/\\\/www.pilgrim.es\\\/it\\\/\"},{\"@type\":\"ListItem\",\"position\":2,\"name\":\"Cammino del Nord\",\"item\":\"https:\\\/\\\/www.pilgrim.es\\\/it\\\/cammino-nord\\\/\"},{\"@type\":\"ListItem\",\"position\":3,\"name\":\"Cammino del Nord | Tappa 23: Muros de Nal\u00f3n &#8211; Soto de Lui\u00f1a\"}]},{\"@type\":\"WebSite\",\"@id\":\"https:\\\/\\\/www.pilgrim.es\\\/it\\\/#website\",\"url\":\"https:\\\/\\\/www.pilgrim.es\\\/it\\\/\",\"name\":\"Pilgrim\",\"description\":\"Camino de Santiago | Caminamos Contigo\",\"publisher\":{\"@id\":\"https:\\\/\\\/www.pilgrim.es\\\/it\\\/#organization\"},\"potentialAction\":[{\"@type\":\"SearchAction\",\"target\":{\"@type\":\"EntryPoint\",\"urlTemplate\":\"https:\\\/\\\/www.pilgrim.es\\\/it\\\/?s={search_term_string}\"},\"query-input\":{\"@type\":\"PropertyValueSpecification\",\"valueRequired\":true,\"valueName\":\"search_term_string\"}}],\"inLanguage\":\"it-IT\"},{\"@type\":\"Organization\",\"@id\":\"https:\\\/\\\/www.pilgrim.es\\\/it\\\/#organization\",\"name\":\"Pilgrim Camino de Santiago\",\"url\":\"https:\\\/\\\/www.pilgrim.es\\\/it\\\/\",\"logo\":{\"@type\":\"ImageObject\",\"inLanguage\":\"it-IT\",\"@id\":\"https:\\\/\\\/www.pilgrim.es\\\/it\\\/#\\\/schema\\\/logo\\\/image\\\/\",\"url\":\"https:\\\/\\\/www.pilgrim.es\\\/wp-content\\\/uploads\\\/2019\\\/04\\\/logo_pilgrim.png\",\"contentUrl\":\"https:\\\/\\\/www.pilgrim.es\\\/wp-content\\\/uploads\\\/2019\\\/04\\\/logo_pilgrim.png\",\"width\":512,\"height\":512,\"caption\":\"Pilgrim Camino de Santiago\"},\"image\":{\"@id\":\"https:\\\/\\\/www.pilgrim.es\\\/it\\\/#\\\/schema\\\/logo\\\/image\\\/\"},\"sameAs\":[\"https:\\\/\\\/www.facebook.com\\\/pilgrim.es\\\/\",\"https:\\\/\\\/x.com\\\/pilgrim_es\",\"https:\\\/\\\/www.instagram.com\\\/pilgrim.es\\\/\",\"https:\\\/\\\/www.linkedin.com\\\/company\\\/pilgrim-camino-de-santiago\\\/\",\"https:\\\/\\\/www.pinterest.es\\\/pilgrimcaminodesantiago\\\/\",\"https:\\\/\\\/www.youtube.com\\\/channel\\\/UCIv2ZzFLXVqthkNF32rKedw\\\/featured\"]}]}<\/script>\n<!-- \/ Yoast SEO plugin. -->","yoast_head_json":{"title":"Cammino del Nord da Muros de Nal\u00f3n a Soto de Lui\u00f1a | Cammino di Santiago","description":"Cammino del Nord: Tappa 22 del Cammino di Santiago che passa tra Muros de Nal\u00f3n e Soto de Lui\u00f1a. Scopri tutte le informazioni e pianifica la tua tappa.","robots":{"index":"index","follow":"follow","max-snippet":"max-snippet:-1","max-image-preview":"max-image-preview:large","max-video-preview":"max-video-preview:-1"},"canonical":"https:\/\/www.pilgrim.es\/it\/cammino-nord\/tappa-23-muros-de-nalon-soto-de-luina\/","og_locale":"it_IT","og_type":"article","og_title":"Cammino del Nord da Muros de Nal\u00f3n a Soto de Lui\u00f1a | Cammino di Santiago","og_description":"Cammino del Nord: Tappa 22 del Cammino di Santiago che passa tra Muros de Nal\u00f3n e Soto de Lui\u00f1a. Scopri tutte le informazioni e pianifica la tua tappa.","og_url":"https:\/\/www.pilgrim.es\/it\/cammino-nord\/tappa-23-muros-de-nalon-soto-de-luina\/","og_site_name":"Pilgrim","article_publisher":"https:\/\/www.facebook.com\/pilgrim.es\/","article_modified_time":"2025-04-24T12:38:41+00:00","og_image":[{"width":1634,"height":547,"url":"https:\/\/www.pilgrim.es\/wp-content\/uploads\/2019\/02\/camino_norte_etapa_22.jpg","type":"image\/jpeg"}],"twitter_card":"summary_large_image","twitter_site":"@pilgrim_es","twitter_misc":{"Tempo di lettura stimato":"3 minuti"},"schema":{"@context":"https:\/\/schema.org","@graph":[{"@type":"WebPage","@id":"https:\/\/www.pilgrim.es\/it\/cammino-nord\/tappa-23-muros-de-nalon-soto-de-luina\/","url":"https:\/\/www.pilgrim.es\/it\/cammino-nord\/tappa-23-muros-de-nalon-soto-de-luina\/","name":"Cammino del Nord da Muros de Nal\u00f3n a Soto de Lui\u00f1a | Cammino di Santiago","isPartOf":{"@id":"https:\/\/www.pilgrim.es\/it\/#website"},"primaryImageOfPage":{"@id":"https:\/\/www.pilgrim.es\/it\/cammino-nord\/tappa-23-muros-de-nalon-soto-de-luina\/#primaryimage"},"image":{"@id":"https:\/\/www.pilgrim.es\/it\/cammino-nord\/tappa-23-muros-de-nalon-soto-de-luina\/#primaryimage"},"thumbnailUrl":"https:\/\/www.pilgrim.es\/wp-content\/uploads\/2019\/02\/camino_norte_etapa_22.jpg","datePublished":"2019-10-18T10:21:13+00:00","dateModified":"2025-04-24T12:38:41+00:00","description":"Cammino del Nord: Tappa 22 del Cammino di Santiago che passa tra Muros de Nal\u00f3n e Soto de Lui\u00f1a. Scopri tutte le informazioni e pianifica la tua tappa.","breadcrumb":{"@id":"https:\/\/www.pilgrim.es\/it\/cammino-nord\/tappa-23-muros-de-nalon-soto-de-luina\/#breadcrumb"},"inLanguage":"it-IT","potentialAction":[{"@type":"ReadAction","target":["https:\/\/www.pilgrim.es\/it\/cammino-nord\/tappa-23-muros-de-nalon-soto-de-luina\/"]}]},{"@type":"ImageObject","inLanguage":"it-IT","@id":"https:\/\/www.pilgrim.es\/it\/cammino-nord\/tappa-23-muros-de-nalon-soto-de-luina\/#primaryimage","url":"https:\/\/www.pilgrim.es\/wp-content\/uploads\/2019\/02\/camino_norte_etapa_22.jpg","contentUrl":"https:\/\/www.pilgrim.es\/wp-content\/uploads\/2019\/02\/camino_norte_etapa_22.jpg","width":1634,"height":547,"caption":"Mappa Tappa 22 Cammino del Nord"},{"@type":"BreadcrumbList","@id":"https:\/\/www.pilgrim.es\/it\/cammino-nord\/tappa-23-muros-de-nalon-soto-de-luina\/#breadcrumb","itemListElement":[{"@type":"ListItem","position":1,"name":"Camino de Santiago","item":"https:\/\/www.pilgrim.es\/it\/"},{"@type":"ListItem","position":2,"name":"Cammino del Nord","item":"https:\/\/www.pilgrim.es\/it\/cammino-nord\/"},{"@type":"ListItem","position":3,"name":"Cammino del Nord | Tappa 23: Muros de Nal\u00f3n &#8211; Soto de Lui\u00f1a"}]},{"@type":"WebSite","@id":"https:\/\/www.pilgrim.es\/it\/#website","url":"https:\/\/www.pilgrim.es\/it\/","name":"Pilgrim","description":"Camino de Santiago | Caminamos Contigo","publisher":{"@id":"https:\/\/www.pilgrim.es\/it\/#organization"},"potentialAction":[{"@type":"SearchAction","target":{"@type":"EntryPoint","urlTemplate":"https:\/\/www.pilgrim.es\/it\/?s={search_term_string}"},"query-input":{"@type":"PropertyValueSpecification","valueRequired":true,"valueName":"search_term_string"}}],"inLanguage":"it-IT"},{"@type":"Organization","@id":"https:\/\/www.pilgrim.es\/it\/#organization","name":"Pilgrim Camino de Santiago","url":"https:\/\/www.pilgrim.es\/it\/","logo":{"@type":"ImageObject","inLanguage":"it-IT","@id":"https:\/\/www.pilgrim.es\/it\/#\/schema\/logo\/image\/","url":"https:\/\/www.pilgrim.es\/wp-content\/uploads\/2019\/04\/logo_pilgrim.png","contentUrl":"https:\/\/www.pilgrim.es\/wp-content\/uploads\/2019\/04\/logo_pilgrim.png","width":512,"height":512,"caption":"Pilgrim Camino de Santiago"},"image":{"@id":"https:\/\/www.pilgrim.es\/it\/#\/schema\/logo\/image\/"},"sameAs":["https:\/\/www.facebook.com\/pilgrim.es\/","https:\/\/x.com\/pilgrim_es","https:\/\/www.instagram.com\/pilgrim.es\/","https:\/\/www.linkedin.com\/company\/pilgrim-camino-de-santiago\/","https:\/\/www.pinterest.es\/pilgrimcaminodesantiago\/","https:\/\/www.youtube.com\/channel\/UCIv2ZzFLXVqthkNF32rKedw\/featured"]}]}},"_links":{"self":[{"href":"https:\/\/www.pilgrim.es\/it\/wp-json\/wp\/v2\/pages\/48319","targetHints":{"allow":["GET"]}}],"collection":[{"href":"https:\/\/www.pilgrim.es\/it\/wp-json\/wp\/v2\/pages"}],"about":[{"href":"https:\/\/www.pilgrim.es\/it\/wp-json\/wp\/v2\/types\/page"}],"author":[{"embeddable":true,"href":"https:\/\/www.pilgrim.es\/it\/wp-json\/wp\/v2\/users\/4"}],"replies":[{"embeddable":true,"href":"https:\/\/www.pilgrim.es\/it\/wp-json\/wp\/v2\/comments?post=48319"}],"version-history":[{"count":14,"href":"https:\/\/www.pilgrim.es\/it\/wp-json\/wp\/v2\/pages\/48319\/revisions"}],"predecessor-version":[{"id":129555,"href":"https:\/\/www.pilgrim.es\/it\/wp-json\/wp\/v2\/pages\/48319\/revisions\/129555"}],"up":[{"embeddable":true,"href":"https:\/\/www.pilgrim.es\/it\/wp-json\/wp\/v2\/pages\/10817"}],"wp:featuredmedia":[{"embeddable":true,"href":"https:\/\/www.pilgrim.es\/it\/wp-json\/wp\/v2\/media\/11671"}],"wp:attachment":[{"href":"https:\/\/www.pilgrim.es\/it\/wp-json\/wp\/v2\/media?parent=48319"}],"wp:term":[{"taxonomy":"category","embeddable":true,"href":"https:\/\/www.pilgrim.es\/it\/wp-json\/wp\/v2\/categories?post=48319"},{"taxonomy":"post_tag","embeddable":true,"href":"https:\/\/www.pilgrim.es\/it\/wp-json\/wp\/v2\/tags?post=48319"}],"curies":[{"name":"wp","href":"https:\/\/api.w.org\/{rel}","templated":true}]}}